{"id":874,"date":"2022-07-20T17:14:46","date_gmt":"2022-07-20T20:14:46","guid":{"rendered":"https:\/\/www.ufsm.br\/pet\/ciencia-da-computacao\/?page_id=874"},"modified":"2022-09-23T02:52:05","modified_gmt":"2022-09-23T05:52:05","slug":"monitoramento-2","status":"publish","type":"page","link":"https:\/\/www.ufsm.br\/pet\/ciencia-da-computacao\/monitoramento-2","title":{"rendered":"Monitoramento"},"content":{"rendered":"\n<p>O monitoramento com teste n\u00e3o trepon\u00eamico em gestante deve ser mantido mensalmente at\u00e9 o parto, e de prefer\u00eancia com o mesmo m\u00e9todo diagn\u00f3stico (ex.: se o diagn\u00f3stico foi realizado com VDRL, manter acompanhamento com VDRL). Ap\u00f3s o parto, o seguimento \u00e9 trimestral at\u00e9 o 12\u00ba m\u00eas (3, 6, 9 e 12 meses).<\/p>\n\n\n\n<hr class=\"wp-block-separator aligncenter has-text-color has-vivid-cyan-blue-color has-alpha-channel-opacity has-vivid-cyan-blue-background-color has-background is-style-dots\" \/>\n\n\n<div class=\"wp-block-image\">\n<figure class=\"alignleft size-full is-resized\"><img decoding=\"async\" src=\"https:\/\/www.ufsm.br\/app\/uploads\/sites\/786\/2022\/09\/atenc\u0327a\u0303o.jpg\" alt=\"\" class=\"wp-image-1071\" width=\"50\" height=\"50\" srcset=\"https:\/\/www.ufsm.br\/app\/uploads\/sites\/786\/2022\/09\/atenc\u0327a\u0303o.jpg 612w, https:\/\/www.ufsm.br\/app\/uploads\/sites\/786\/2022\/09\/atenc\u0327a\u0303o-300x300.jpg 300w, https:\/\/www.ufsm.br\/app\/uploads\/sites\/786\/2022\/09\/atenc\u0327a\u0303o-150x150.jpg 150w\" sizes=\"(max-width: 50px) 100vw, 50px\" \/><\/figure>\n<\/div>\n\n\n<p><em>O monitoramento mensal com VDRL ap\u00f3s o tratamento \u00e9 importante n\u00e3o s\u00f3 para avaliar a queda de t\u00edtulos, mas, especialmente, para descartar a possibilidade de reinfec\u00e7\u00e3o ou reativa\u00e7\u00e3o (indicada pelo aumento da titula\u00e7\u00e3o em 2 ou mais dilui\u00e7\u00f5es), o que levaria \u00e0 necessidade de retratamento da pessoa gestante e das parcerias sexuais.<\/em><\/p>\n\n\n\n<hr class=\"wp-block-separator aligncenter has-text-color has-vivid-cyan-blue-color has-alpha-channel-opacity has-vivid-cyan-blue-background-color has-background is-style-dots\" \/>\n\n\n<div class=\"wp-block-image\">\n<figure class=\"alignleft size-full is-resized\"><img decoding=\"async\" src=\"https:\/\/www.ufsm.br\/app\/uploads\/sites\/786\/2022\/09\/atenc\u0327a\u0303o.jpg\" alt=\"\" class=\"wp-image-1071\" width=\"50\" height=\"50\" srcset=\"https:\/\/www.ufsm.br\/app\/uploads\/sites\/786\/2022\/09\/atenc\u0327a\u0303o.jpg 612w, https:\/\/www.ufsm.br\/app\/uploads\/sites\/786\/2022\/09\/atenc\u0327a\u0303o-300x300.jpg 300w, https:\/\/www.ufsm.br\/app\/uploads\/sites\/786\/2022\/09\/atenc\u0327a\u0303o-150x150.jpg 150w\" sizes=\"(max-width: 50px) 100vw, 50px\" \/><\/figure>\n<\/div>\n\n\n<p><em>Deve-se coletar o VDRL, sempre que possi\u0301vel, no in\u00edcio do tratamento (idealmente, no primeiro dia), uma vez que os t\u00edtulos podem aumentar significativamente se a medica\u00e7\u00e3o s\u00f3 for iniciada ap\u00f3s alguns dias do diagn\u00f3stico. Isso e\u0301 importante para documentar a titula\u00e7\u00e3o no momento do in\u00edcio do tratamento e servira\u0301 como base para o monitoramento cli\u0301nico.<\/em><\/p>\n\n\n\n<hr class=\"wp-block-separator aligncenter has-text-color has-vivid-cyan-blue-color has-alpha-channel-opacity has-vivid-cyan-blue-background-color has-background is-style-dots\" \/>\n\n\n\n<h2 class=\"has-text-color has-medium-font-size wp-block-heading\" style=\"color:#00649f;font-style:italic;font-weight:700\">Quando come\u00e7a e quando termina o monitoramento?<\/h2>\n\n\n\n<p>O monitoramento come\u00e7a a partir dos primeiros 30 dias de tratamento. A pessoa tratada com sucesso pode ser liberada de novas coletas ap\u00f3s um ano de seguimento.<\/p>\n\n\n\n<hr class=\"wp-block-separator aligncenter has-text-color has-vivid-cyan-blue-color has-alpha-channel-opacity has-vivid-cyan-blue-background-color has-background is-style-dots\" \/>\n\n\n\n<h2 class=\"has-text-color has-medium-font-size wp-block-heading\" style=\"color:#00649f;font-style:italic;font-weight:700\">Resposta ao tratamento<\/h2>\n\n\n\n<p>Considera-se sucesso de tratamento para s\u00edfilis em gestante, ap\u00f3s a \u00faltima dose de penicilina:<\/p>\n\n\n\n<ul class=\"wp-block-list\"><li>a diminui\u00e7\u00e3o da titula\u00e7\u00e3o do VDRL em 2 dilui\u00e7\u00f5es (ex.: de 1:64 para 1:16) em ate\u0301 3 meses e 4 dilui\u00e7\u00f5es (ex.: de 1:64 para 1:4) em ate\u0301 6 meses, com evolu\u00e7\u00e3o ate\u0301 a sororrevers\u00e3o (teste n\u00e3o reagente); <strong><em><span style=\"color:#00649f\" class=\"tadv-color\">OU<\/span><\/em><\/strong><\/li><li>a diminui\u00e7\u00e3o na titula\u00e7\u00e3o em 2 dilui\u00e7\u00f5es em ate\u0301 6 meses para s\u00edfilis recente ou em ate\u0301 12 meses para s\u00edfilis tardia.<\/li><\/ul>\n\n\n\n<hr class=\"wp-block-separator aligncenter has-text-color has-vivid-cyan-blue-color has-alpha-channel-opacity has-vivid-cyan-blue-background-color has-background is-style-dots\" \/>\n\n\n<div class=\"wp-block-image is-style-rounded\">\n<figure class=\"alignleft size-full is-resized\"><img decoding=\"async\" src=\"https:\/\/www.ufsm.br\/app\/uploads\/sites\/786\/2022\/09\/Captura-de-Tela-2022-09-20-a\u0300s-23.10.31-1.jpg\" alt=\"\" class=\"wp-image-1083\" width=\"50\" height=\"50\" srcset=\"https:\/\/www.ufsm.br\/app\/uploads\/sites\/786\/2022\/09\/Captura-de-Tela-2022-09-20-a\u0300s-23.10.31-1.jpg 860w, https:\/\/www.ufsm.br\/app\/uploads\/sites\/786\/2022\/09\/Captura-de-Tela-2022-09-20-a\u0300s-23.10.31-1-300x300.jpg 300w, https:\/\/www.ufsm.br\/app\/uploads\/sites\/786\/2022\/09\/Captura-de-Tela-2022-09-20-a\u0300s-23.10.31-1-150x150.jpg 150w, https:\/\/www.ufsm.br\/app\/uploads\/sites\/786\/2022\/09\/Captura-de-Tela-2022-09-20-a\u0300s-23.10.31-1-768x767.jpg 768w\" sizes=\"(max-width: 50px) 100vw, 50px\" \/><\/figure>\n<\/div>\n\n\n<p><em>A resposta imunol\u00f3gica adequada mais r\u00e1pida pode n\u00e3o ser obtida durante a gesta\u00e7\u00e3o, a depender do momento em que o tratamento foi realizado, sendo essa resposta mais comum quando os t\u00edtulos n\u00e3o trepon\u00eamicos s\u00e3o mais altos no in\u00edcio do tratamento e em est\u00e1gios mais recentes da infec\u00e7\u00e3o (s\u00edfilis prim\u00e1ria, secund\u00e1ria e latente recente). <strong>A resposta imunol\u00f3gica pode ser mais lenta, sem caracterizar falha de tratamento<\/strong>.<\/em><\/p>\n\n\n\n<hr class=\"wp-block-separator aligncenter has-text-color has-vivid-cyan-blue-color has-alpha-channel-opacity has-vivid-cyan-blue-background-color has-background is-style-dots\" \/>\n\n\n\n<h2 class=\"has-text-color has-medium-font-size wp-block-heading\" style=\"color:#00649f;font-style:italic;font-weight:700\">Crit\u00e9rios de retratamento de s\u00edfilis<\/h2>\n\n\n\n<p>Geralmente se torna dif\u00edcil identificar a diferen\u00e7a entre reinfec\u00e7\u00e3o, reativa\u00e7\u00e3o e cicatriz sorol\u00f3gica, sendo fundamental a avalia\u00e7\u00e3o da presen\u00e7a de sinais e sintomas cl\u00ednicos novos, da epidemiologia (reexposi\u00e7\u00e3o), do hist\u00f3rico de tratamento (dura\u00e7\u00e3o, ades\u00e3o e medica\u00e7\u00e3o utilizada) e dos exames laboratoriais pr\u00e9vios, para facilitar a elucida\u00e7\u00e3o diagn\u00f3stica.<\/p>\n\n\n\n<p>S\u00e3o crit\u00e9rios de retratamento e necessitam de conduta ativa do profissional de sa\u00fade:<\/p>\n\n\n\n<ul class=\"wp-block-list\"><li>aus\u00eancia de redu\u00e7\u00e3o da titula\u00e7\u00e3o em 2 dilui\u00e7\u00f5es no intervalo de 6 meses (s\u00edfilis recente) ou 12 meses (s\u00edfilis tardia) ap\u00f3s o tratamento adequado (ex.: de 1:32 para &gt;1:8; ou de 1:128 para &gt;1:32); <strong><em><span style=\"color:#00649f\" class=\"tadv-color\">OU<\/span><\/em><\/strong><\/li><li>aumento da titula\u00e7\u00e3o em 2 dilui\u00e7\u00f5es ou mais (ex.: de 1:16 para 1:64; ou de 1:4 para 1:16); <strong><em><span style=\"color:#00649f\" class=\"tadv-color\">OU<\/span><\/em><\/strong><\/li><li>persist\u00eancia ou recorr\u00eancia de sinais e sintomas cl\u00ednicos.<\/li><\/ul>\n\n\n\n<hr class=\"wp-block-separator aligncenter has-text-color has-vivid-cyan-blue-color has-alpha-channel-opacity has-vivid-cyan-blue-background-color has-background is-style-dots\" \/>\n\n\n<div class=\"wp-block-image\">\n<figure class=\"alignleft size-full is-resized\"><img decoding=\"async\" src=\"https:\/\/www.ufsm.br\/app\/uploads\/sites\/786\/2022\/09\/atenc\u0327a\u0303o.jpg\" alt=\"\" class=\"wp-image-1071\" width=\"50\" height=\"50\" srcset=\"https:\/\/www.ufsm.br\/app\/uploads\/sites\/786\/2022\/09\/atenc\u0327a\u0303o.jpg 612w, https:\/\/www.ufsm.br\/app\/uploads\/sites\/786\/2022\/09\/atenc\u0327a\u0303o-300x300.jpg 300w, https:\/\/www.ufsm.br\/app\/uploads\/sites\/786\/2022\/09\/atenc\u0327a\u0303o-150x150.jpg 150w\" sizes=\"(max-width: 50px) 100vw, 50px\" \/><\/figure>\n<\/div>\n\n\n<p class=\"has-text-align-left\"><em>A investiga\u00e7\u00e3o de neuross\u00edfilis por meio de pun\u00e7\u00e3o lombar esta\u0301 indicada na popula\u00e7\u00e3o geral quando n\u00e3o houver exposi\u00e7\u00e3o sexual no per\u00edodo que justifique uma reinfec\u00e7\u00e3o.<\/em><\/p>\n\n\n\n<hr class=\"wp-block-separator aligncenter has-text-color has-vivid-cyan-blue-color has-alpha-channel-opacity has-vivid-cyan-blue-background-color has-background is-style-dots\" \/>\n\n\n\n<figure class=\"wp-block-table\" style=\"font-size:16px\"><table class=\"has-white-color has-text-color has-background has-fixed-layout\" style=\"background-color:#00649f\"><tbody><tr><td class=\"has-text-align-center\" data-align=\"center\"><strong><em><a href=\"https:\/\/www.ufsm.br\/pet\/ciencia-da-computacao\/projeto-prevencao-da-sifilis-na-gestacao\/\" data-type=\"page\" data-id=\"990\"><span style=\"color:#ffffff\" class=\"tadv-color\">In\u00edcio<\/span><\/a><\/em><\/strong><\/td><td class=\"has-text-align-center\" data-align=\"center\"><strong><em><a href=\"https:\/\/www.ufsm.br\/pet\/ciencia-da-computacao\/diagnostico\/\"><span style=\"color:#ffffff\" class=\"tadv-color\">Diagn\u00f3stico<\/span><\/a><\/em><\/strong><\/td><td class=\"has-text-align-center\" data-align=\"center\"><em><a href=\"https:\/\/www.ufsm.br\/pet\/ciencia-da-computacao\/monitoramento-2\/\"><strong><span style=\"color:#ffffff\" class=\"tadv-color\">Tratamento<\/span><\/strong><\/a><\/em><\/td><\/tr><\/tbody><\/table><\/figure>\n\n\n\n<hr class=\"wp-block-separator aligncenter has-text-color has-vivid-cyan-blue-color has-alpha-channel-opacity has-vivid-cyan-blue-background-color has-background is-style-wide\" \/>\n\n\n\n<h3 class=\"has-text-align-center has-text-color wp-block-heading\" style=\"color:#00649f;font-size:24px;font-style:normal;font-weight:700\">ORIENTA\u00c7\u00c3O CENTRADA NA PESSOA E NAS SUAS PR\u00c1TICAS SEXUAIS<\/h3>\n\n\n\n<p>Identifique as <span style=\"color: #0000ff\"><span style=\"color:#000000\" class=\"tadv-color\"><strong>vulnerabilidades<\/strong><\/span><\/span> da pessoa para o risco de infec\u00e7\u00e3o por ISTs e converse para que ela reconhe\u00e7a o pr\u00f3prio risco (aconselhamento).<\/p>\n\n\n\n<div class=\"wp-block-media-text alignwide is-stacked-on-mobile\" style=\"grid-template-columns:15% auto\"><figure class=\"wp-block-media-text__media\"><img decoding=\"async\" width=\"172\" height=\"177\" src=\"https:\/\/www.ufsm.br\/app\/uploads\/sites\/786\/2022\/08\/Screenshot_562.png\" alt=\"\" class=\"wp-image-988 size-full\" \/><\/figure><div class=\"wp-block-media-text__content\">\n<p style=\"font-size:16px\"><strong><span style=\"color:#00649f\" class=\"tadv-color\">Vulnerabilidade individual e social<\/span> <\/strong>abrange as quest\u00f5es relacionadas \u00e0 pessoa gestante: gravidez na adolesc\u00eancia; uso de drogas l\u00edcitas\/il\u00edcitas; situa\u00e7\u00e3o de imigra\u00e7\u00e3o e refugiadas; profissionais do sexo; privadas de liberdade e com parcerias privadas de liberdade; situa\u00e7\u00e3o de rua; fam\u00edlia de baixa renda; baixa escolaridade; dentre outras.<\/p>\n<\/div><\/div>\n\n\n\n<div class=\"wp-block-media-text alignwide has-media-on-the-right is-stacked-on-mobile\" style=\"grid-template-columns:auto 15%\"><figure class=\"wp-block-media-text__media\"><img loading=\"lazy\" decoding=\"async\" width=\"173\" height=\"178\" src=\"https:\/\/www.ufsm.br\/app\/uploads\/sites\/786\/2022\/08\/Screenshot_563.png\" alt=\"\" class=\"wp-image-991 size-full\" \/><\/figure><div class=\"wp-block-media-text__content\">\n<p style=\"font-size:16px\"><strong><span style=\"color:#00649f\" class=\"tadv-color\">Eixo servi\u00e7o: vulnerabilidade program\u00e1tica<\/span><\/strong> abrange as quest\u00f5es de diagn\u00f3stico, tratamento e processos nos servi\u00e7os, como: falha na organiza\u00e7\u00e3o do processo de trabalho do pr\u00e9-natal (n\u00e3o realiza\u00e7\u00e3o de busca de usu\u00e1rios faltosos, em abandono de seguimento, com perda de exames etc.); falha no entendimento dos protocolos vigentes pelo profissional de sa\u00fade; falha no entendimento dos resultados dos exames (\u201ccicatriz sorol\u00f3gica\u201d); falha no tratamento prescrito ou erro de prescri\u00e7\u00e3o (medica\u00e7\u00e3o com dose n\u00e3o apropriada para a forma cl\u00ednica da s\u00edfilis); problemas com a parceria sexual (busca\/identifica\u00e7\u00e3o da parceria, falta de oferta de pr\u00e9-natal da parceria); encaminhamentos; dentre outras.<\/p>\n<\/div><\/div>\n\n\n\n<div class=\"wp-block-media-text alignwide is-stacked-on-mobile\" style=\"grid-template-columns:15% auto\"><figure class=\"wp-block-media-text__media\"><img loading=\"lazy\" decoding=\"async\" width=\"182\" height=\"198\" src=\"https:\/\/www.ufsm.br\/app\/uploads\/sites\/786\/2022\/08\/Screenshot_564.png\" alt=\"\" class=\"wp-image-992 size-full\" \/><\/figure><div class=\"wp-block-media-text__content\">\n<p style=\"font-size:16px\"><span style=\"color:#00649f\" class=\"tadv-color\"><strong>Eixo gest\u00e3o: vulnerabilidade program\u00e1tica<\/strong><\/span> abrange problemas relacionados \u00e0 gest\u00e3o de inst\u00e2ncias local, municipal, estadual e\/ou federal, como: falta ou m\u00e1 distribui\u00e7\u00e3o de insumos (ex.: exames, medicamentos etc.); falta de servi\u00e7os com atendimento laboratorial; complexidade do algoritmo para diagn\u00f3stico, tratamento e monitoramento da s\u00edfilis; particularidades da rede privada\/sa\u00fade suplementar (laborat\u00f3rios, consult\u00f3rios, maternidades, conv\u00eanios); defici\u00eancias de refer\u00eancia\/contrarrefer\u00eancia de informa\u00e7\u00f5es; oferta de capacita\u00e7\u00f5es; dentre outras.<\/p>\n<\/div><\/div>\n\n\n\n<div class=\"wp-block-media-text alignwide has-media-on-the-right is-stacked-on-mobile\" style=\"grid-template-columns:auto 25%\"><figure class=\"wp-block-media-text__media\"><img loading=\"lazy\" decoding=\"async\" width=\"301\" height=\"298\" src=\"https:\/\/www.ufsm.br\/app\/uploads\/sites\/786\/2022\/08\/Screenshot_565.png\" alt=\"\" class=\"wp-image-993 size-full\" srcset=\"https:\/\/www.ufsm.br\/app\/uploads\/sites\/786\/2022\/08\/Screenshot_565.png 301w, https:\/\/www.ufsm.br\/app\/uploads\/sites\/786\/2022\/08\/Screenshot_565-150x150.png 150w\" sizes=\"(max-width: 301px) 100vw, 301px\" \/><\/figure><div class=\"wp-block-media-text__content\">\n<p style=\"font-size:16px\">A partir de uma boa anamnese \u00e9 poss\u00edvel identificar as vulnerabilidades da pessoa gestante e das suas parcerias sexuais com a finalidade de tratar e acompanhar. Quando houver sobreposi\u00e7\u00e3o de problemas que indicam as vulnerabilidades das pessoas envolvidas, acione a equipe multiprofissional para atuar no caso.<\/p>\n<\/div><\/div>\n\n\n\n<hr class=\"wp-block-separator aligncenter has-text-color has-vivid-cyan-blue-color has-alpha-channel-opacity has-vivid-cyan-blue-background-color has-background is-style-wide\" \/>\n\n\n\n<h3 class=\"has-text-align-center has-text-color wp-block-heading\" style=\"color:#00649f;font-size:24px;font-style:normal;font-weight:700\">COMUNICA\u00c7\u00c3O DAS PARCERIAS SEXUAIS<\/h3>\n\n\n\n<p>Quando de um resultado reagente para s\u00edfilis em gestante, deve-se <strong>sempre comunicar as parcerias sexuais<\/strong> para que busquem avalia\u00e7\u00e3o e tratamento. Uma estrat\u00e9gia que as equipes de sa\u00fade podem usar para isso \u00e9 o <strong>cart\u00e3o de comunica\u00e7\u00e3o<\/strong>, sugerido pelo Minist\u00e9rio da Sa\u00fade, que a pessoa com diagn\u00f3stico poder\u00e1 entregar \u00e0s suas parcerias sexuais:&nbsp; &nbsp; &nbsp; &nbsp; &nbsp; &nbsp; &nbsp; &nbsp; &nbsp;<\/p>\n\n\n<div class=\"wp-block-image\">\n<figure class=\"aligncenter size-full is-resized\"><img loading=\"lazy\" decoding=\"async\" src=\"https:\/\/www.ufsm.br\/app\/uploads\/sites\/786\/2022\/08\/cartao-comunicacao.png\" alt=\"\" class=\"wp-image-994\" width=\"453\" height=\"395\" srcset=\"https:\/\/www.ufsm.br\/app\/uploads\/sites\/786\/2022\/08\/cartao-comunicacao.png 905w, https:\/\/www.ufsm.br\/app\/uploads\/sites\/786\/2022\/08\/cartao-comunicacao-300x262.png 300w, https:\/\/www.ufsm.br\/app\/uploads\/sites\/786\/2022\/08\/cartao-comunicacao-768x670.png 768w\" sizes=\"(max-width: 453px) 100vw, 453px\" \/><\/figure>\n<\/div>\n\n\n<hr class=\"wp-block-separator aligncenter has-text-color has-vivid-cyan-blue-color has-alpha-channel-opacity has-vivid-cyan-blue-background-color has-background is-style-wide\" \/>\n\n\n\n<p class=\"has-text-align-center\"><span style=\"color: #0000ff\"><em><span style=\"color:#00649f\" class=\"tadv-color\">Em caso de d\u00favidas sobre o material deste site, consulte os documentos citados na apresenta\u00e7\u00e3o.<\/span><\/em><\/span><\/p>\n\n\n\n<hr class=\"wp-block-separator aligncenter has-text-color has-vivid-cyan-blue-color has-alpha-channel-opacity has-vivid-cyan-blue-background-color has-background is-style-wide\" \/>\n\n\n\n<figure class=\"wp-block-table\" style=\"font-size:16px\"><table class=\"has-white-color has-text-color has-background has-fixed-layout\" style=\"background-color:#00649f\"><tbody><tr><td class=\"has-text-align-center\" data-align=\"center\"><strong><em><a href=\"https:\/\/www.ufsm.br\/pet\/ciencia-da-computacao\/projeto-prevencao-da-sifilis-na-gestacao\/\" data-type=\"page\" data-id=\"990\"><span style=\"color:#ffffff\" class=\"tadv-color\">In\u00edcio<\/span><\/a><\/em><\/strong><\/td><td class=\"has-text-align-center\" data-align=\"center\"><strong><em><a href=\"https:\/\/www.ufsm.br\/pet\/ciencia-da-computacao\/diagnostico\/\"><span style=\"color:#ffffff\" class=\"tadv-color\">Diagn\u00f3stico<\/span><\/a><\/em><\/strong><\/td><td class=\"has-text-align-center\" data-align=\"center\"><em><a href=\"https:\/\/www.ufsm.br\/pet\/ciencia-da-computacao\/monitoramento-2\/\"><strong><span style=\"color:#ffffff\" class=\"tadv-color\">Tratamento<\/span><\/strong><\/a><\/em><\/td><\/tr><\/tbody><\/table><\/figure>\n","protected":false},"excerpt":{"rendered":"<p>O monitoramento com teste n\u00e3o trepon\u00eamico em gestante deve ser mantido mensalmente at\u00e9 o parto, e de prefer\u00eancia com o mesmo m\u00e9todo diagn\u00f3stico (ex.: se o diagn\u00f3stico foi realizado com VDRL, manter acompanhamento com VDRL). Ap\u00f3s o parto, o seguimento \u00e9 trimestral at\u00e9 o 12\u00ba m\u00eas (3, 6, 9 e 12 meses). O monitoramento mensal [&hellip;]<\/p>\n","protected":false},"author":6056,"featured_media":0,"parent":0,"menu_order":0,"comment_status":"closed","ping_status":"closed","template":"","meta":{"footnotes":""},"categories":[63],"tags":[],"class_list":["post-874","page","type-page","status-publish","hentry","category-projeto-sifilis"],"acf":[],"_links":{"self":[{"href":"https:\/\/www.ufsm.br\/pet\/ciencia-da-computacao\/wp-json\/wp\/v2\/pages\/874","targetHints":{"allow":["GET"]}}],"collection":[{"href":"https:\/\/www.ufsm.br\/pet\/ciencia-da-computacao\/wp-json\/wp\/v2\/pages"}],"about":[{"href":"https:\/\/www.ufsm.br\/pet\/ciencia-da-computacao\/wp-json\/wp\/v2\/types\/page"}],"author":[{"embeddable":true,"href":"https:\/\/www.ufsm.br\/pet\/ciencia-da-computacao\/wp-json\/wp\/v2\/users\/6056"}],"replies":[{"embeddable":true,"href":"https:\/\/www.ufsm.br\/pet\/ciencia-da-computacao\/wp-json\/wp\/v2\/comments?post=874"}],"version-history":[{"count":0,"href":"https:\/\/www.ufsm.br\/pet\/ciencia-da-computacao\/wp-json\/wp\/v2\/pages\/874\/revisions"}],"wp:attachment":[{"href":"https:\/\/www.ufsm.br\/pet\/ciencia-da-computacao\/wp-json\/wp\/v2\/media?parent=874"}],"wp:term":[{"taxonomy":"category","embeddable":true,"href":"https:\/\/www.ufsm.br\/pet\/ciencia-da-computacao\/wp-json\/wp\/v2\/categories?post=874"},{"taxonomy":"post_tag","embeddable":true,"href":"https:\/\/www.ufsm.br\/pet\/ciencia-da-computacao\/wp-json\/wp\/v2\/tags?post=874"}],"curies":[{"name":"wp","href":"https:\/\/api.w.org\/{rel}","templated":true}]}}