{"id":989,"date":"2022-08-19T18:08:48","date_gmt":"2022-08-19T21:08:48","guid":{"rendered":"https:\/\/www.ufsm.br\/pet\/ciencia-da-computacao\/?page_id=989"},"modified":"2024-11-05T19:38:06","modified_gmt":"2024-11-05T22:38:06","slug":"tratamento","status":"publish","type":"page","link":"https:\/\/www.ufsm.br\/pet\/ciencia-da-computacao\/tratamento","title":{"rendered":"Tratamento"},"content":{"rendered":"\n<p>Neste espa\u00e7o s\u00e3o apresentados os esquemas terap\u00eauticos utilizados para s\u00edfilis, que s\u00e3o institu\u00eddos de acordo com a classifica\u00e7\u00e3o cl\u00ednica da doen\u00e7a.<\/p>\n\n\n\n<hr class=\"wp-block-separator aligncenter has-text-color has-vivid-cyan-blue-color has-alpha-channel-opacity has-vivid-cyan-blue-background-color has-background is-style-dots\" \/>\n\n\n<div class=\"wp-block-image\">\n<figure class=\"alignleft size-full is-resized\"><img fetchpriority=\"high\" decoding=\"async\" width=\"612\" height=\"612\" src=\"https:\/\/www.ufsm.br\/app\/uploads\/sites\/786\/2022\/09\/atenc\u0327a\u0303o.jpg\" alt=\"\" class=\"wp-image-1071\" style=\"width:50px;height:50px\" srcset=\"https:\/\/www.ufsm.br\/app\/uploads\/sites\/786\/2022\/09\/atenc\u0327a\u0303o.jpg 612w, https:\/\/www.ufsm.br\/app\/uploads\/sites\/786\/2022\/09\/atenc\u0327a\u0303o-300x300.jpg 300w, https:\/\/www.ufsm.br\/app\/uploads\/sites\/786\/2022\/09\/atenc\u0327a\u0303o-150x150.jpg 150w\" sizes=\"(max-width: 612px) 100vw, 612px\" \/><\/figure>\n<\/div>\n\n\n<p><em>Para evitar a s\u00edfilis cong\u00eanita, o tratamento da pessoa gestante ap\u00f3s apenas um teste reagente \u00e9 fundamental. Cada semana sem tratamento \u00e9 mais tempo de exposi\u00e7\u00e3o e risco de infec\u00e7\u00e3o para o concepto. Na s\u00edfilis gestacional, a benzilpenicilina benzatina \u00e9 segura e a melhor op\u00e7\u00e3o para o tratamento, o qual deve ser garantido com celeridade e adequadamente registrado no prontu\u00e1rio e na caderneta de pr\u00e9-natal. Essas a\u00e7\u00f5es oportunas ajudam a impedir que a crian\u00e7a rec\u00e9m-nascida passe por interven\u00e7\u00f5es biom\u00e9dicas desnecess\u00e1rias que podem coloc\u00e1-la em risco, al\u00e9m de comprometer a rela\u00e7\u00e3o genitor-beb\u00ea.<\/em><\/p>\n\n\n\n<hr class=\"wp-block-separator aligncenter has-text-color has-vivid-cyan-blue-color has-alpha-channel-opacity has-vivid-cyan-blue-background-color has-background is-style-dots\" \/>\n\n\n\n<h2 class=\"wp-block-heading has-text-color has-medium-font-size\" style=\"color:#00649f;font-style:italic;font-weight:700\">Classifica\u00e7\u00e3o de s\u00edfilis adquirida e s\u00edfilis em gestante<\/h2>\n\n\n\n<table style=\"width: 121.177%;height: 953px\">\n<tbody>\n<tr style=\"background-color: #00649f\">\n<td style=\"text-align: center;height: 40px;width: 24.5305%\" colspan=\"2\" width=\"160\">\n<p><span style=\"color: #ffffff\"><strong>Est\u00e1gios da s\u00edfilis<\/strong><\/span><\/p>\n<\/td>\n<td style=\"text-align: center;height: 40px;width: 22.1016%\" width=\"151\">\n<p><span style=\"color: #ffffff\"><strong>Tempo ap\u00f3s a exposi\u00e7\u00e3o<\/strong><\/span><\/p>\n<\/td>\n<td style=\"text-align: center;height: 40px;width: 55.995%\" width=\"330\">\n<p><span style=\"color: #ffffff\"><strong>Manifesta\u00e7\u00f5es cl\u00ednicas<\/strong><\/span><\/p>\n<\/td>\n<\/tr>\n<tr style=\"height: 104px\">\n<td style=\"height: 479px;width: 10.5634%\" rowspan=\"3\" width=\"69\">\n<p style=\"text-align: center\"><strong>Recente<\/strong><\/p>\n<\/td>\n<td style=\"height: 104px;width: 13.9671%\" width=\"91\">\n<p>Prim\u00e1ria<\/p>\n<\/td>\n<td style=\"height: 104px;width: 22.1016%\" width=\"151\">\n<p>10 a 90 dias (m\u00e9dia de 3 semanas)<\/p>\n<\/td>\n<td style=\"height: 104px;width: 55.995%\" width=\"330\">\n<p>Cancro duro (\u00falcera genital).<\/p>\n<p>Linfonodos regionais<\/p>\n<\/td>\n<\/tr>\n<tr style=\"height: 338px\">\n<td style=\"height: 338px;width: 13.9671%\" width=\"91\">\n<p>Secund\u00e1ria<\/p>\n<\/td>\n<td style=\"height: 338px;width: 22.1016%\" width=\"151\">\n<p>6 semanas a 6 meses ap\u00f3s a cicatriza\u00e7\u00e3o do cancro duro*<\/p>\n<\/td>\n<td style=\"height: 338px;width: 55.995%\" width=\"330\">\n<p>Les\u00f5es cutaneomucosas (ros\u00e9ola, placas mucosas, sif\u00edlides papulosas, sif\u00edlides palmoplantares, candiloma plano, alopecia em clareira, madarose).<\/p>\n<p>Micropoliadenopatia.<\/p>\n<p>Linfadenopatia generalizada.<\/p>\n<p>Sinais constitucionais.<\/p>\n<p>Quadros neurol\u00f3gicos, oculares e hep\u00e1ticos.<\/p>\n<\/td>\n<\/tr>\n<tr style=\"height: 104px\">\n<td style=\"height: 37px;width: 13.9671%\" width=\"91\">\n<p>Latente recente<\/p>\n<\/td>\n<td style=\"height: 37px;width: 22.1016%\" width=\"151\">\n<p>At\u00e9 1 ano de dura\u00e7\u00e3o<\/p>\n<\/td>\n<td style=\"height: 37px;width: 55.995%\" width=\"330\">\n<p>Assintom\u00e1tica.<\/p>\n<\/td>\n<\/tr>\n<tr style=\"height: 71px\">\n<td style=\"height: 299px;width: 10.5634%\" rowspan=\"2\" width=\"69\">\n<p style=\"text-align: center\"><strong>Tardia<\/strong><\/p>\n<\/td>\n<td style=\"height: 10px;width: 13.9671%\" width=\"91\">\n<p>Latente tardia<\/p>\n<\/td>\n<td style=\"height: 10px;width: 22.1016%\" width=\"151\">\n<p>Mais de 1 ano de dura\u00e7\u00e3o**<\/p>\n<\/td>\n<td style=\"height: 10px;width: 55.995%\" width=\"330\">\n<p>Assintom\u00e1tica.<\/p>\n<\/td>\n<\/tr>\n<tr style=\"height: 450px\">\n<td style=\"height: 289px;width: 13.9671%\" width=\"91\">\n<p>Terci\u00e1ria<\/p>\n<\/td>\n<td style=\"height: 289px;width: 22.1016%\" width=\"151\">\n<p>Entre 1 e 40 anos<\/p>\n<\/td>\n<td style=\"height: 289px;width: 55.995%\" width=\"330\">\n<p>Cut\u00e2neas: les\u00f5es gomosas e nodulares, de car\u00e1ter destrutivo.<\/p>\n<p>\u00d3sseas: periostite, oste\u00edte gomosa ou esclerosante, artrites, sinovites e n\u00f3dulos justa-articulares.<\/p>\n<p>Cardiovasculares: estenose de coron\u00e1rias, aortite e aneurisma da aorta, especialmente da por\u00e7\u00e3o tor\u00e1cica.<\/p>\n<p>Neurol\u00f3gicas: meningite, gomas do c\u00e9rebro ou da medula, atrofia do nervo \u00f3ptico, les\u00e3o do s\u00e9timo par craniano, manifesta\u00e7\u00f5es psiqui\u00e1tricas, <em>tabes dorsalis<\/em> e quadros demenciais, como o da paralisia geral.<\/p>\n<\/td>\n<\/tr>\n<tr style=\"height: 135px\">\n<td style=\"height: 135px;width: 102.627%\" colspan=\"4\" width=\"642\">\n<p>*Manifesta\u00e7\u00f5es iniciais, recorrentes ou subentrantes do secundarismo podem ocorrer em um per\u00edodo de at\u00e9 1 ano. Excepcionalmente, as les\u00f5es podem surgir em concomit\u00e2ncia com a manifesta\u00e7\u00e3o prim\u00e1ria. Aproximadamente 25% dos pacientes n\u00e3o tratados intercalam les\u00f5es de secundarismo com per\u00edodos de lat\u00eancia.<\/p>\n<p>**Em caso de aus\u00eancia de sinais e sintomas e tempo de infec\u00e7\u00e3o desconhecido, classificar como s\u00edfilis latente tardia.<\/p>\n<p style=\"text-align: right\"><sub>(Fluxogramas IST, 2021, pg 15)<\/sub><\/p>\n<\/td>\n<\/tr>\n<\/tbody>\n<\/table>\n\n\n\n<hr class=\"wp-block-separator aligncenter has-text-color has-vivid-cyan-blue-color has-alpha-channel-opacity has-vivid-cyan-blue-background-color has-background is-style-dots\" \/>\n\n\n\n<h2 class=\"wp-block-heading has-text-color has-medium-font-size\" style=\"color:#00649f;font-style:italic;font-weight:700\">Como tratar<\/h2>\n\n\n<table style=\"height: 172px;width: 104%\" width=\"90.3412%\">\n<tbody>\n<tr style=\"background-color: #00649f\">\n<td style=\"height: 10px;width: 49.5708%\" width=\"320\">\n<p style=\"text-align: center\"><span style=\"color: #ffffff\"><strong>Estadiamento<\/strong><\/span><\/p>\n<\/td>\n<td style=\"height: 10px;width: 64.0429%\" width=\"320\">\n<p style=\"text-align: center\"><span style=\"color: #ffffff\"><strong>Esquema terap\u00eautico<\/strong><\/span><\/p>\n<\/td>\n<\/tr>\n<tr style=\"height: 104px\">\n<td style=\"height: 104px;width: 49.5708%\" width=\"320\">\n<p><strong>S\u00edfilis recente<\/strong>: s\u00edfilis prim\u00e1ria, secund\u00e1ria e latente recente (com at\u00e9 1 ano de evolu\u00e7\u00e3o)<\/p>\n<\/td>\n<td style=\"height: 104px;width: 64.0429%\" width=\"320\">\n<p>Benzilpenicilina benzatina 2,4 milh\u00f5es UI, via IM, <strong>dose \u00fanica<\/strong> (1,2 milh\u00e3o UI em cada gl\u00fateo).<\/p>\n<\/td>\n<\/tr>\n<tr style=\"height: 187px\">\n<td style=\"height: 58px;width: 49.5708%\" width=\"320\">\n<p><strong>S\u00edfilis tardia<\/strong>: s\u00edfilis latente tardia (com mais de 1 ano de evolu\u00e7\u00e3o) ou latente com dura\u00e7\u00e3o ignorada e s\u00edfilis terci\u00e1ria<\/p>\n<\/td>\n<td style=\"height: 58px;width: 64.0429%\" width=\"320\">\n<p>Benzilpenicilina benzatina 2,4 milh\u00f5es UI, via IM, <strong>1x\/semana<\/strong> (1,2 milh\u00e3o UI em cada gl\u00fateo), <strong>por 3 semanas<\/strong>.<\/p>\n<p>Dose total: 7,2 milh\u00f5es UI, IM.<\/p>\n<\/td>\n<\/tr>\n<\/tbody>\n<\/table>\n\n\n<hr class=\"wp-block-separator aligncenter has-text-color has-vivid-cyan-blue-color has-alpha-channel-opacity has-vivid-cyan-blue-background-color has-background is-style-dots\" \/>\n\n\n<div class=\"wp-block-image\">\n<figure class=\"alignleft size-full is-resized\"><img fetchpriority=\"high\" decoding=\"async\" width=\"612\" height=\"612\" src=\"https:\/\/www.ufsm.br\/app\/uploads\/sites\/786\/2022\/09\/atenc\u0327a\u0303o.jpg\" alt=\"\" class=\"wp-image-1071\" style=\"width:50px;height:50px\" srcset=\"https:\/\/www.ufsm.br\/app\/uploads\/sites\/786\/2022\/09\/atenc\u0327a\u0303o.jpg 612w, https:\/\/www.ufsm.br\/app\/uploads\/sites\/786\/2022\/09\/atenc\u0327a\u0303o-300x300.jpg 300w, https:\/\/www.ufsm.br\/app\/uploads\/sites\/786\/2022\/09\/atenc\u0327a\u0303o-150x150.jpg 150w\" sizes=\"(max-width: 612px) 100vw, 612px\" \/><\/figure>\n<\/div>\n\n\n<p><em>Em gestantes, o <strong>intervalo de aplica\u00e7\u00e3o entre as doses n\u00e3o deve ultrapassar 9 dias<\/strong>. Caso isso ocorra, o esquema deve ser reiniciado.<\/em><\/p>\n\n\n\n<hr class=\"wp-block-separator aligncenter has-text-color has-vivid-cyan-blue-color has-alpha-channel-opacity has-vivid-cyan-blue-background-color has-background is-style-dots\" \/>\n\n\n<div class=\"wp-block-image is-style-rounded\">\n<figure class=\"alignleft size-full is-resized\"><img decoding=\"async\" width=\"860\" height=\"859\" src=\"https:\/\/www.ufsm.br\/app\/uploads\/sites\/786\/2022\/09\/Captura-de-Tela-2022-09-20-a\u0300s-23.10.31-1.jpg\" alt=\"\" class=\"wp-image-1083\" style=\"width:50px;height:50px\" srcset=\"https:\/\/www.ufsm.br\/app\/uploads\/sites\/786\/2022\/09\/Captura-de-Tela-2022-09-20-a\u0300s-23.10.31-1.jpg 860w, https:\/\/www.ufsm.br\/app\/uploads\/sites\/786\/2022\/09\/Captura-de-Tela-2022-09-20-a\u0300s-23.10.31-1-300x300.jpg 300w, https:\/\/www.ufsm.br\/app\/uploads\/sites\/786\/2022\/09\/Captura-de-Tela-2022-09-20-a\u0300s-23.10.31-1-150x150.jpg 150w, https:\/\/www.ufsm.br\/app\/uploads\/sites\/786\/2022\/09\/Captura-de-Tela-2022-09-20-a\u0300s-23.10.31-1-768x767.jpg 768w\" sizes=\"(max-width: 860px) 100vw, 860px\" \/><\/figure>\n<\/div>\n\n\n<p><em>O in\u00edcio do tratamento com apenas um teste reagente n\u00e3o exclui a necessidade da realiza\u00e7\u00e3o do segundo teste (melhor an\u00e1lise diagn\u00f3stica), do monitoramento laboratorial (controle de cura) e do tratamento das parcerias sexuais (interrup\u00e7\u00e3o da cadeia de transmiss\u00e3o).<\/em><\/p>\n\n\n\n<hr class=\"wp-block-separator aligncenter has-text-color has-vivid-cyan-blue-color has-alpha-channel-opacity has-vivid-cyan-blue-background-color has-background is-style-dots\" \/>\n\n\n<div class=\"wp-block-image\">\n<figure class=\"alignleft size-full is-resized\"><img fetchpriority=\"high\" decoding=\"async\" width=\"612\" height=\"612\" src=\"https:\/\/www.ufsm.br\/app\/uploads\/sites\/786\/2022\/09\/atenc\u0327a\u0303o.jpg\" alt=\"\" class=\"wp-image-1071\" style=\"width:50px;height:50px\" srcset=\"https:\/\/www.ufsm.br\/app\/uploads\/sites\/786\/2022\/09\/atenc\u0327a\u0303o.jpg 612w, https:\/\/www.ufsm.br\/app\/uploads\/sites\/786\/2022\/09\/atenc\u0327a\u0303o-300x300.jpg 300w, https:\/\/www.ufsm.br\/app\/uploads\/sites\/786\/2022\/09\/atenc\u0327a\u0303o-150x150.jpg 150w\" sizes=\"(max-width: 612px) 100vw, 612px\" \/><\/figure>\n<\/div>\n\n\n<p><em>A benzilpenicilina benzatina \u00e9 a \u00fanica op\u00e7\u00e3o segura e eficaz para o tratamento adequado de s\u00edfilis em gestantes. Qualquer outro tratamento realizado durante a gesta\u00e7\u00e3o \u00e9 considerado <strong>tratamento n\u00e3o adequado<\/strong>. Nesse caso, a crian\u00e7a RN dever\u00e1 ser notificada como caso de s\u00edfilis cong\u00eanita e submetida \u00e0 avalia\u00e7\u00e3o cl\u00ednica e laboratorial.<\/em><\/p>\n\n\n\n<hr class=\"wp-block-separator aligncenter has-text-color has-vivid-cyan-blue-color has-alpha-channel-opacity has-vivid-cyan-blue-background-color has-background is-style-dots\" \/>\n\n\n<div class=\"wp-block-image is-style-rounded\">\n<figure class=\"alignleft size-full is-resized\"><img decoding=\"async\" width=\"860\" height=\"859\" src=\"https:\/\/www.ufsm.br\/app\/uploads\/sites\/786\/2022\/09\/Captura-de-Tela-2022-09-20-a\u0300s-23.10.31-1.jpg\" alt=\"\" class=\"wp-image-1083\" style=\"width:50px;height:50px\" srcset=\"https:\/\/www.ufsm.br\/app\/uploads\/sites\/786\/2022\/09\/Captura-de-Tela-2022-09-20-a\u0300s-23.10.31-1.jpg 860w, https:\/\/www.ufsm.br\/app\/uploads\/sites\/786\/2022\/09\/Captura-de-Tela-2022-09-20-a\u0300s-23.10.31-1-300x300.jpg 300w, https:\/\/www.ufsm.br\/app\/uploads\/sites\/786\/2022\/09\/Captura-de-Tela-2022-09-20-a\u0300s-23.10.31-1-150x150.jpg 150w, https:\/\/www.ufsm.br\/app\/uploads\/sites\/786\/2022\/09\/Captura-de-Tela-2022-09-20-a\u0300s-23.10.31-1-768x767.jpg 768w\" sizes=\"(max-width: 860px) 100vw, 860px\" \/><\/figure>\n<\/div>\n\n\n<p><em>A administra\u00e7\u00e3o de benzilpenicilina benzatina pode ser feita com seguran\u00e7a na Aten\u00e7\u00e3o Prim\u00e1ria \u00e0 Sa\u00fade (APS), tanto para a pessoa com s\u00edfilis quanto para as suas parcerias sexuais.<\/em><\/p>\n\n\n\n<hr class=\"wp-block-separator aligncenter has-text-color has-vivid-cyan-blue-color has-alpha-channel-opacity has-vivid-cyan-blue-background-color has-background is-style-dots\" \/>\n\n\n<div class=\"wp-block-image\">\n<figure class=\"alignleft size-full is-resized\"><img fetchpriority=\"high\" decoding=\"async\" width=\"612\" height=\"612\" src=\"https:\/\/www.ufsm.br\/app\/uploads\/sites\/786\/2022\/09\/atenc\u0327a\u0303o.jpg\" alt=\"\" class=\"wp-image-1071\" style=\"width:50px;height:50px\" srcset=\"https:\/\/www.ufsm.br\/app\/uploads\/sites\/786\/2022\/09\/atenc\u0327a\u0303o.jpg 612w, https:\/\/www.ufsm.br\/app\/uploads\/sites\/786\/2022\/09\/atenc\u0327a\u0303o-300x300.jpg 300w, https:\/\/www.ufsm.br\/app\/uploads\/sites\/786\/2022\/09\/atenc\u0327a\u0303o-150x150.jpg 150w\" sizes=\"(max-width: 612px) 100vw, 612px\" \/><\/figure>\n<\/div>\n\n\n<p><em>Recomenda-se a oferta de <strong>tratamento presuntivo<\/strong> (independentemente do est\u00e1gio cl\u00ednico ou de sinais e sintomas) para parcerias sexuais de gestantes com s\u00edfilis com dose \u00fanica de benzilpenicilina benzatina 2,4 milh\u00f5es UI, IM (1,2 milh\u00f5es UI em cada gl\u00fateo). Todas as parceiras devem ser testadas; quando o teste de s\u00edfilis for reagente, recomenda-se tratamento de s\u00edfilis adquirida no adulto de acordo com o est\u00e1gio cl\u00ednico.<\/em><\/p>\n\n\n\n<hr class=\"wp-block-separator aligncenter has-text-color has-vivid-cyan-blue-color has-alpha-channel-opacity has-vivid-cyan-blue-background-color has-background is-style-dots\" \/>\n\n\n\n<h2 class=\"wp-block-heading has-text-color has-medium-font-size\" style=\"color:#00649f;font-style:italic;font-weight:700\">Rea\u00e7\u00e3o de Jarisch-Herxheimer<\/h2>\n\n\n\n<p>Evento que cursa com febre, cefaleia, artralgia e rash, com exacerba\u00e7\u00e3o das les\u00f5es cut\u00e2neas, e que pode ocorrer logo ap\u00f3s a primeira dose de penicilina. Os sintomas melhoram em 1 a 2 dias, espontaneamente, e podem ser aliviados com sintom\u00e1ticos comuns, caso necess\u00e1rio.<\/p>\n\n\n\n<hr class=\"wp-block-separator aligncenter has-text-color has-vivid-cyan-blue-color has-alpha-channel-opacity has-vivid-cyan-blue-background-color has-background is-style-dots\" \/>\n\n\n<div class=\"wp-block-image\">\n<figure class=\"alignleft size-full is-resized\"><img fetchpriority=\"high\" decoding=\"async\" width=\"612\" height=\"612\" src=\"https:\/\/www.ufsm.br\/app\/uploads\/sites\/786\/2022\/09\/atenc\u0327a\u0303o.jpg\" alt=\"\" class=\"wp-image-1071\" style=\"width:50px;height:50px\" srcset=\"https:\/\/www.ufsm.br\/app\/uploads\/sites\/786\/2022\/09\/atenc\u0327a\u0303o.jpg 612w, https:\/\/www.ufsm.br\/app\/uploads\/sites\/786\/2022\/09\/atenc\u0327a\u0303o-300x300.jpg 300w, https:\/\/www.ufsm.br\/app\/uploads\/sites\/786\/2022\/09\/atenc\u0327a\u0303o-150x150.jpg 150w\" sizes=\"(max-width: 612px) 100vw, 612px\" \/><\/figure>\n<\/div>\n\n\n<p><em>Gestantes que apresentam essa rea\u00e7\u00e3o podem ter risco de trabalho de parto prematuro, pela libera\u00e7\u00e3o de prostaglandinas em altas doses. Entretanto, caso n\u00e3o seja feito o tratamento adequado, o risco de abortamento ou morte fetal \u00e9 maior que os riscos potenciais da rea\u00e7\u00e3o.<\/em><\/p>\n\n\n\n<hr class=\"wp-block-separator aligncenter has-text-color has-vivid-cyan-blue-color has-alpha-channel-opacity has-vivid-cyan-blue-background-color has-background is-style-dots\" \/>\n\n\n\n<h2 class=\"wp-block-heading has-text-color has-medium-font-size\" style=\"color:#00649f;font-style:italic;font-weight:700\">O que \u00e9 tratamento adequado para s\u00edfilis durante a gesta\u00e7\u00e3o?<\/h2>\n\n\n\n<p>\u00c9 o tratamento que respeita os seguintes fatores, al\u00e9m de estar adequadamente registrado no prontu\u00e1rio e na caderneta de pr\u00e9-natal:<\/p>\n\n\n\n<ul class=\"wp-block-list\">\n<li>administra\u00e7\u00e3o de benzilpenicilina benzatina;<\/li>\n\n\n\n<li>in\u00edcio do tratamento ate\u0301 30 dias antes do parto;<\/li>\n\n\n\n<li>tratamento finalizado antes do parto;<\/li>\n\n\n\n<li>esquema terape\u0302utico de acordo com o esta\u0301gio cli\u0301nico da infecc\u0327a\u0303o;<\/li>\n\n\n\n<li>respeito ao intervalo recomendado entre as doses.<\/li>\n<\/ul>\n\n\n\n<p>Tratamentos que n\u00e3o se enquadram nesses crit\u00e9rios s\u00e3o considerados <strong>n\u00e3o adequados<\/strong>.<\/p>\n\n\n\n<hr class=\"wp-block-separator aligncenter has-text-color has-vivid-cyan-blue-color has-alpha-channel-opacity has-vivid-cyan-blue-background-color has-background is-style-dots\" \/>\n\n\n<div class=\"wp-block-image\">\n<figure class=\"alignleft size-full is-resized\"><img fetchpriority=\"high\" decoding=\"async\" width=\"612\" height=\"612\" src=\"https:\/\/www.ufsm.br\/app\/uploads\/sites\/786\/2022\/09\/atenc\u0327a\u0303o.jpg\" alt=\"\" class=\"wp-image-1071\" style=\"width:50px;height:50px\" srcset=\"https:\/\/www.ufsm.br\/app\/uploads\/sites\/786\/2022\/09\/atenc\u0327a\u0303o.jpg 612w, https:\/\/www.ufsm.br\/app\/uploads\/sites\/786\/2022\/09\/atenc\u0327a\u0303o-300x300.jpg 300w, https:\/\/www.ufsm.br\/app\/uploads\/sites\/786\/2022\/09\/atenc\u0327a\u0303o-150x150.jpg 150w\" sizes=\"(max-width: 612px) 100vw, 612px\" \/><\/figure>\n<\/div>\n\n\n<p><em>Gestantes com <strong>alergia comprovada<\/strong> \u00e0 penicilina devem passar por <strong>dessensibiliza\u00e7\u00e3o em ambiente hospitalar<\/strong>. As manifesta\u00e7\u00f5es cl\u00ednicas que justificam esse encaminhamento s\u00e3o rea\u00e7\u00e3o anafil\u00e1tica pr\u00e9via e les\u00f5es cut\u00e2neas graves, como a s\u00edndrome de Stevens-Johnson. <strong>Dor \u00e0 aplica\u00e7\u00e3o, exantema maculopapular, prurido, cefaleia, n\u00e1usea, v\u00f4mito e mal estar, isoladamente, n\u00e3o configuram alergia \u00e0 penicilina<\/strong>.<\/em><\/p>\n\n\n\n<hr class=\"wp-block-separator aligncenter has-text-color has-vivid-cyan-blue-color has-alpha-channel-opacity has-vivid-cyan-blue-background-color has-background is-style-dots\" \/>\n\n\n<div class=\"wp-block-image\">\n<figure class=\"alignleft size-full is-resized\"><img fetchpriority=\"high\" decoding=\"async\" width=\"612\" height=\"612\" src=\"https:\/\/www.ufsm.br\/app\/uploads\/sites\/786\/2022\/09\/atenc\u0327a\u0303o.jpg\" alt=\"\" class=\"wp-image-1071\" style=\"width:50px;height:50px\" srcset=\"https:\/\/www.ufsm.br\/app\/uploads\/sites\/786\/2022\/09\/atenc\u0327a\u0303o.jpg 612w, https:\/\/www.ufsm.br\/app\/uploads\/sites\/786\/2022\/09\/atenc\u0327a\u0303o-300x300.jpg 300w, https:\/\/www.ufsm.br\/app\/uploads\/sites\/786\/2022\/09\/atenc\u0327a\u0303o-150x150.jpg 150w\" sizes=\"(max-width: 612px) 100vw, 612px\" \/><\/figure>\n<\/div>\n\n\n<p><em>Quanto mais precoce o diagn\u00f3stico e o tratamento, mais rapidamente haver\u00e1 diminui\u00e7\u00e3o dos anticorpos circulantes e consequente negativa\u00e7\u00e3o do VDRL (ou ent\u00e3o sua estabiliza\u00e7\u00e3o em t\u00edtulos baixos).<\/em><\/p>\n\n\n\n<hr class=\"wp-block-separator aligncenter has-text-color has-vivid-cyan-blue-color has-alpha-channel-opacity has-vivid-cyan-blue-background-color has-background is-style-dots\" \/>\n\n\n\n<figure style=\"font-size:16px\" class=\"wp-block-table\"><table class=\"has-white-color has-text-color has-background has-fixed-layout\" style=\"background-color:#00649f\"><tbody><tr><td class=\"has-text-align-center\" data-align=\"center\"><strong><em><a href=\"https:\/\/www.ufsm.br\/pet\/ciencia-da-computacao\/projeto-prevencao-da-sifilis-na-gestacao\/\" data-type=\"page\" data-id=\"990\"><span style=\"color:#ffffff\" class=\"tadv-color\">In\u00edcio<\/span><\/a><\/em><\/strong><\/td><td class=\"has-text-align-center\" data-align=\"center\"><strong><em><a href=\"https:\/\/www.ufsm.br\/pet\/ciencia-da-computacao\/diagnostico\/\"><span style=\"color:#ffffff\" class=\"tadv-color\">Diagn\u00f3stico<\/span><\/a><\/em><\/strong><\/td><td class=\"has-text-align-center\" data-align=\"center\"><em><a href=\"https:\/\/www.ufsm.br\/pet\/ciencia-da-computacao\/monitoramento-2\/\"><strong><span style=\"color:#ffffff\" class=\"tadv-color\">Monitoramento<\/span><\/strong><\/a><\/em><\/td><\/tr><\/tbody><\/table><\/figure>\n","protected":false},"excerpt":{"rendered":"<p>Neste espa\u00e7o s\u00e3o apresentados os esquemas terap\u00eauticos utilizados para s\u00edfilis, que s\u00e3o institu\u00eddos de acordo com a classifica\u00e7\u00e3o cl\u00ednica da doen\u00e7a. Para evitar a s\u00edfilis cong\u00eanita, o tratamento da pessoa gestante ap\u00f3s apenas um teste reagente \u00e9 fundamental. Cada semana sem tratamento \u00e9 mais tempo de exposi\u00e7\u00e3o e risco de infec\u00e7\u00e3o para o concepto. Na [&hellip;]<\/p>\n","protected":false},"author":6056,"featured_media":0,"parent":0,"menu_order":0,"comment_status":"closed","ping_status":"closed","template":"","meta":{"footnotes":""},"categories":[63],"tags":[],"class_list":["post-989","page","type-page","status-publish","hentry","category-projeto-sifilis"],"acf":[],"_links":{"self":[{"href":"https:\/\/www.ufsm.br\/pet\/ciencia-da-computacao\/wp-json\/wp\/v2\/pages\/989","targetHints":{"allow":["GET"]}}],"collection":[{"href":"https:\/\/www.ufsm.br\/pet\/ciencia-da-computacao\/wp-json\/wp\/v2\/pages"}],"about":[{"href":"https:\/\/www.ufsm.br\/pet\/ciencia-da-computacao\/wp-json\/wp\/v2\/types\/page"}],"author":[{"embeddable":true,"href":"https:\/\/www.ufsm.br\/pet\/ciencia-da-computacao\/wp-json\/wp\/v2\/users\/6056"}],"replies":[{"embeddable":true,"href":"https:\/\/www.ufsm.br\/pet\/ciencia-da-computacao\/wp-json\/wp\/v2\/comments?post=989"}],"version-history":[{"count":0,"href":"https:\/\/www.ufsm.br\/pet\/ciencia-da-computacao\/wp-json\/wp\/v2\/pages\/989\/revisions"}],"wp:attachment":[{"href":"https:\/\/www.ufsm.br\/pet\/ciencia-da-computacao\/wp-json\/wp\/v2\/media?parent=989"}],"wp:term":[{"taxonomy":"category","embeddable":true,"href":"https:\/\/www.ufsm.br\/pet\/ciencia-da-computacao\/wp-json\/wp\/v2\/categories?post=989"},{"taxonomy":"post_tag","embeddable":true,"href":"https:\/\/www.ufsm.br\/pet\/ciencia-da-computacao\/wp-json\/wp\/v2\/tags?post=989"}],"curies":[{"name":"wp","href":"https:\/\/api.w.org\/{rel}","templated":true}]}}