{"id":43,"date":"2020-01-07T10:36:12","date_gmt":"2020-01-07T13:36:12","guid":{"rendered":"https:\/\/www.ufsm.br\/pro-reitorias\/prograd\/pet\/fisica\/?page_id=43"},"modified":"2020-01-30T10:26:17","modified_gmt":"2020-01-30T13:26:17","slug":"atividades","status":"publish","type":"page","link":"https:\/\/www.ufsm.br\/pet\/fisica\/atividades","title":{"rendered":"Atividades"},"content":{"rendered":"\t\t<div data-elementor-type=\"wp-page\" data-elementor-id=\"43\" class=\"elementor elementor-43\">\n\t\t\t\t\t\t<section class=\"elementor-section elementor-top-section elementor-element elementor-element-09854c7 elementor-section-boxed elementor-section-height-default elementor-section-height-default\" data-id=\"09854c7\" data-element_type=\"section\">\n\t\t\t\t\t\t<div class=\"elementor-container elementor-column-gap-default\">\n\t\t\t\t\t<div class=\"elementor-column elementor-col-100 elementor-top-column elementor-element elementor-element-33e68c9\" data-id=\"33e68c9\" data-element_type=\"column\">\n\t\t\t<div class=\"elementor-widget-wrap elementor-element-populated\">\n\t\t\t\t\t\t<div class=\"elementor-element elementor-element-abdb952 elementor-widget elementor-widget-toggle\" data-id=\"abdb952\" data-element_type=\"widget\" data-widget_type=\"toggle.default\">\n\t\t\t\t<div class=\"elementor-widget-container\">\n\t\t\t\t\t<div class=\"elementor-toggle\">\n\t\t\t\t\t\t\t<div class=\"elementor-toggle-item\">\n\t\t\t\t\t<div id=\"elementor-tab-title-1801\" class=\"elementor-tab-title\" data-tab=\"1\" role=\"button\" aria-controls=\"elementor-tab-content-1801\" aria-expanded=\"false\">\n\t\t\t\t\t\t\t\t\t\t\t\t<span class=\"elementor-toggle-icon elementor-toggle-icon-left\" aria-hidden=\"true\">\n\t\t\t\t\t\t\t\t\t\t\t\t\t\t\t<span class=\"elementor-toggle-icon-closed\"><i class=\"fas fa-caret-right\"><\/i><\/span>\n\t\t\t\t\t\t\t\t<span class=\"elementor-toggle-icon-opened\"><i class=\"elementor-toggle-icon-opened fas fa-caret-up\"><\/i><\/span>\n\t\t\t\t\t\t\t\t\t\t\t\t\t<\/span>\n\t\t\t\t\t\t\t\t\t\t\t\t<a class=\"elementor-toggle-title\" tabindex=\"0\">Ensino<\/a>\n\t\t\t\t\t<\/div>\n\n\t\t\t\t\t<div id=\"elementor-tab-content-1801\" class=\"elementor-tab-content elementor-clearfix\" data-tab=\"1\" role=\"region\" aria-labelledby=\"elementor-tab-title-1801\"><\/div>\n\t\t\t\t<\/div>\n\t\t\t\t\t\t\t<div class=\"elementor-toggle-item\">\n\t\t\t\t\t<div id=\"elementor-tab-title-1802\" class=\"elementor-tab-title\" data-tab=\"2\" role=\"button\" aria-controls=\"elementor-tab-content-1802\" aria-expanded=\"false\">\n\t\t\t\t\t\t\t\t\t\t\t\t<span class=\"elementor-toggle-icon elementor-toggle-icon-left\" aria-hidden=\"true\">\n\t\t\t\t\t\t\t\t\t\t\t\t\t\t\t<span class=\"elementor-toggle-icon-closed\"><i class=\"fas fa-caret-right\"><\/i><\/span>\n\t\t\t\t\t\t\t\t<span class=\"elementor-toggle-icon-opened\"><i class=\"elementor-toggle-icon-opened fas fa-caret-up\"><\/i><\/span>\n\t\t\t\t\t\t\t\t\t\t\t\t\t<\/span>\n\t\t\t\t\t\t\t\t\t\t\t\t<a class=\"elementor-toggle-title\" tabindex=\"0\">Pesquisa<\/a>\n\t\t\t\t\t<\/div>\n\n\t\t\t\t\t<div id=\"elementor-tab-content-1802\" class=\"elementor-tab-content elementor-clearfix\" data-tab=\"2\" role=\"region\" aria-labelledby=\"elementor-tab-title-1802\"><\/div>\n\t\t\t\t<\/div>\n\t\t\t\t\t\t\t<div class=\"elementor-toggle-item\">\n\t\t\t\t\t<div id=\"elementor-tab-title-1803\" class=\"elementor-tab-title\" data-tab=\"3\" role=\"button\" aria-controls=\"elementor-tab-content-1803\" aria-expanded=\"false\">\n\t\t\t\t\t\t\t\t\t\t\t\t<span class=\"elementor-toggle-icon elementor-toggle-icon-left\" aria-hidden=\"true\">\n\t\t\t\t\t\t\t\t\t\t\t\t\t\t\t<span class=\"elementor-toggle-icon-closed\"><i class=\"fas fa-caret-right\"><\/i><\/span>\n\t\t\t\t\t\t\t\t<span class=\"elementor-toggle-icon-opened\"><i class=\"elementor-toggle-icon-opened fas fa-caret-up\"><\/i><\/span>\n\t\t\t\t\t\t\t\t\t\t\t\t\t<\/span>\n\t\t\t\t\t\t\t\t\t\t\t\t<a class=\"elementor-toggle-title\" tabindex=\"0\">Extens\u00e3o<\/a>\n\t\t\t\t\t<\/div>\n\n\t\t\t\t\t<div id=\"elementor-tab-content-1803\" class=\"elementor-tab-content elementor-clearfix\" data-tab=\"3\" role=\"region\" aria-labelledby=\"elementor-tab-title-1803\"><p><strong>MINICURSO DE ASTRONOMIA PARA ESCOLAS\u00a0<\/strong><\/p><p>O Minicurso de Astronomia \u00e9 um projeto de extens\u00e3o promovido pelo PET voltado para estudantes do ensino m\u00e9dio. A edi\u00e7\u00e3o de 2019\u00a0teve mais de 30 estudantes inscritos de 5 escolas de ensino m\u00e9dio da rede p\u00fablica estadual da cidade de Santa Maria\/RS. No minicurso foram ministradas aulas com tem\u00e1ticas voltadas \u00e0 introdu\u00e7\u00e3o aos conceitos fundamentais e populariza\u00e7\u00e3o da astronomia, bem como gincanas e oficinas.\u00a0<\/p><p><img fetchpriority=\"high\" decoding=\"async\" class=\"alignnone size-medium wp-image-64 aligncenter\" src=\"https:\/\/www.ufsm.br\/pro-reitorias\/prograd\/pet\/fisica\/wp-content\/uploads\/sites\/787\/2020\/01\/46493736_502631963573460_4107909586084691968_n-300x225.jpg\" alt=\"\" width=\"300\" height=\"225\" srcset=\"https:\/\/www.ufsm.br\/app\/uploads\/sites\/787\/2020\/01\/46493736_502631963573460_4107909586084691968_n-300x225.jpg 300w, https:\/\/www.ufsm.br\/app\/uploads\/sites\/787\/2020\/01\/46493736_502631963573460_4107909586084691968_n-768x576.jpg 768w, https:\/\/www.ufsm.br\/app\/uploads\/sites\/787\/2020\/01\/46493736_502631963573460_4107909586084691968_n.jpg 960w\" sizes=\"(max-width: 300px) 100vw, 300px\" \/><\/p><\/div>\n\t\t\t\t<\/div>\n\t\t\t\t\t\t\t\t<\/div>\n\t\t\t\t<\/div>\n\t\t\t\t<\/div>\n\t\t\t\t<div class=\"elementor-element elementor-element-68ab23f elementor-widget-divider--view-line elementor-widget elementor-widget-divider\" data-id=\"68ab23f\" data-element_type=\"widget\" data-widget_type=\"divider.default\">\n\t\t\t\t<div class=\"elementor-widget-container\">\n\t\t\t\t\t<div class=\"elementor-divider\">\n\t\t\t<span class=\"elementor-divider-separator\">\n\t\t\t\t\t\t<\/span>\n\t\t<\/div>\n\t\t\t\t<\/div>\n\t\t\t\t<\/div>\n\t\t\t\t\t<\/div>\n\t\t<\/div>\n\t\t\t\t\t<\/div>\n\t\t<\/section>\n\t\t\t\t<section class=\"elementor-section elementor-top-section elementor-element elementor-element-99fdefc elementor-section-boxed elementor-section-height-default elementor-section-height-default\" data-id=\"99fdefc\" data-element_type=\"section\">\n\t\t\t\t\t\t<div class=\"elementor-container elementor-column-gap-default\">\n\t\t\t\t\t<div class=\"elementor-column elementor-col-100 elementor-top-column elementor-element elementor-element-78d4571\" data-id=\"78d4571\" data-element_type=\"column\">\n\t\t\t<div class=\"elementor-widget-wrap elementor-element-populated\">\n\t\t\t\t\t\t<div class=\"elementor-element elementor-element-d769826 elementor-widget elementor-widget-text-editor\" data-id=\"d769826\" data-element_type=\"widget\" data-widget_type=\"text-editor.default\">\n\t\t\t\t<div class=\"elementor-widget-container\">\n\t\t\t\t\t\t\t<p style=\"margin-right: 0px;margin-bottom: 10px;margin-left: 0px;color: #666666;font-family: Helvetica, Arial, sans-serif;font-size: 13px;text-align: justify\"><span style=\"color: #0000ff;font-size: 12pt\"><span style=\"font-weight: bold;color: #004074\">MINICURSO DE PR\u00c9-C\u00c1LCULO E PR\u00c9-F\u00cdSICA<\/span><\/span><\/p><p style=\"margin-right: 0px;margin-bottom: 10px;margin-left: 0px;color: #666666;font-family: Helvetica, Arial, sans-serif;font-size: 13px;text-align: justify\"><span style=\"font-size: 12pt\">O minicurso \u00e9 uma a\u00e7\u00e3o desenvolvida pelo PET F\u00edsica visando promover uma oportunidade de nivelamento de conte\u00fados de f\u00edsica e matem\u00e1tica a alunos ingressantes nos cursos de ci\u00eancias exatas e tecnol\u00f3gicas da UFSM. Petianos e convidados ministram aulas sobre t\u00f3picos fundamentais de matem\u00e1tica e f\u00edsica do ensino m\u00e9dio em aulas expositivas, usando amplamente recursos did\u00e1ticos adicionais, como filmes, gr\u00e1ficos e softwares. As aulas normalmente ocorrem no final do per\u00edodo da tarde, de modo a possibilitar a participa\u00e7\u00e3o de estudantes de cursos dos turnos diurno e noturno da Institui\u00e7\u00e3o.<\/span><\/p><p style=\"margin-right: 0px;margin-bottom: 10px;margin-left: 0px;color: #666666;font-family: Helvetica, Arial, sans-serif;font-size: 13px;text-align: justify\"><span style=\"font-size: 12pt\">\u00a0<\/span><\/p><p style=\"margin-right: 0px;margin-bottom: 10px;margin-left: 0px;color: #666666;font-family: Helvetica, Arial, sans-serif;font-size: 13px;text-align: justify\"><span style=\"color: #0000ff;font-size: 12pt\"><span style=\"font-weight: bold;color: #004074\">SALA ABERTA<\/span><\/span><\/p><p style=\"margin-right: 0px;margin-bottom: 10px;margin-left: 0px;color: #666666;font-family: Helvetica, Arial, sans-serif;font-size: 13px;text-align: justify\"><span style=\"font-size: 12pt\">O Sala aberta \u00e9 um programa de suporte acad\u00eamico a estudantes das disciplinas de F\u00edsica dos cursos da UFSM. Em car\u00e1ter permanente, os estudantes petianos prestam atendimento na sala do PET para tirar d\u00favidas sobre conte\u00fados e exerc\u00edcios de alunos dos cursos de Ci\u00eancias Exatas, Tecnol\u00f3gicas e afins da UFSM. Essa a\u00e7\u00e3o visa\u00a0contribuir para melhoria do desempenho acad\u00eamico do corpo discente e atuar na redu\u00e7\u00e3o dos \u00edndices de reprova\u00e7\u00e3o e evas\u00e3o da Institui\u00e7\u00e3o.<\/span><\/p><p style=\"margin-right: 0px;margin-bottom: 10px;margin-left: 0px;color: #666666;font-family: Helvetica, Arial, sans-serif;font-size: 13px;text-align: justify\"><span style=\"color: #666666;font-family: Helvetica, Arial, sans-serif;font-size: 16px\">\u00a0<\/span><span style=\"font-family: Helvetica, Arial, sans-serif;font-size: 16px;color: #0000ff\"><span style=\"font-weight: bold;color: #004074\">MINICURSO DE ASTROF\u00cdSICA PARA O ENSINO SUPERIOR<\/span><\/span><\/p><p style=\"margin-right: 0px;margin-bottom: 10px;margin-left: 0px;color: #666666;font-family: Helvetica, Arial, sans-serif;font-size: 13px;text-align: justify\"><span style=\"font-family: Helvetica, Arial, sans-serif;font-size: 16px;color: #0000ff\"><span style=\"font-weight: bold;color: #004074\"><img decoding=\"async\" class=\"size-medium wp-image-65 alignleft\" src=\"https:\/\/www.ufsm.br\/pro-reitorias\/prograd\/pet\/fisica\/wp-content\/uploads\/sites\/787\/2020\/01\/45558774_496054240897899_2505966872931860480_o-300x225.jpg\" alt=\"\" width=\"300\" height=\"225\" srcset=\"https:\/\/www.ufsm.br\/app\/uploads\/sites\/787\/2020\/01\/45558774_496054240897899_2505966872931860480_o-300x225.jpg 300w, https:\/\/www.ufsm.br\/app\/uploads\/sites\/787\/2020\/01\/45558774_496054240897899_2505966872931860480_o-1024x768.jpg 1024w, https:\/\/www.ufsm.br\/app\/uploads\/sites\/787\/2020\/01\/45558774_496054240897899_2505966872931860480_o-768x576.jpg 768w, https:\/\/www.ufsm.br\/app\/uploads\/sites\/787\/2020\/01\/45558774_496054240897899_2505966872931860480_o.jpg 1280w\" sizes=\"(max-width: 300px) 100vw, 300px\" \/><\/span><\/span><\/p><p>O Minicurso \u00e9 uma realiza\u00e7\u00e3o do PET F\u00edsica que visa apresentar ao p\u00fablico universit\u00e1rio temas fundamentais dos campos de Astronomia e Astrof\u00edsica, na forma de palestras e aulas. S\u00e3o explorados assuntos como forma\u00e7\u00e3o e evolu\u00e7\u00e3o estelar, gal\u00e1xias, planetas e exoplanetas, cosmologia, dentre outros. A programa\u00e7\u00e3o conta com uma oficina de Stellarium e uma sess\u00e3o de observa\u00e7\u00e3o do c\u00e9u noturno no Observat\u00f3rio da UFSM!<\/p><p>\u00a0A edi\u00e7\u00e3o de 2018 contou com a presen\u00e7a especial da professora Thaisa Storchi Bergmann, da UFRGS, que falou sobre n\u00facleos gal\u00e1ticos ativos e buracos negros supermassivos.<\/p><p>\u00a0<\/p><p>\u00a0<\/p><p><strong>T.A.R.D.I.S. DE CI\u00caNCIA<\/strong><\/p><p><img decoding=\"async\" class=\"size-medium wp-image-66 alignleft\" src=\"https:\/\/www.ufsm.br\/pro-reitorias\/prograd\/pet\/fisica\/wp-content\/uploads\/sites\/787\/2020\/01\/tardis-300x111.jpg\" alt=\"\" width=\"300\" height=\"111\" srcset=\"https:\/\/www.ufsm.br\/app\/uploads\/sites\/787\/2020\/01\/tardis-300x111.jpg 300w, https:\/\/www.ufsm.br\/app\/uploads\/sites\/787\/2020\/01\/tardis-1024x380.jpg 1024w, https:\/\/www.ufsm.br\/app\/uploads\/sites\/787\/2020\/01\/tardis-768x285.jpg 768w, https:\/\/www.ufsm.br\/app\/uploads\/sites\/787\/2020\/01\/tardis.jpg 1195w\" sizes=\"(max-width: 300px) 100vw, 300px\" \/><\/p><p>A atividade, cujo nome foi livremente inspirado na s\u00e9rie televisiva &#8220;Dr. Who&#8221;, constitui em um ciclo de apresenta\u00e7\u00f5es sobre temas interdisciplinares, por especialistas em F\u00edsica e em outras \u00e1reas do conhecimento, seguido de uma rodada de debates com os presentes. A escolha do formato foi feita de modo a promover debates que v\u00e3o al\u00e9m da divulga\u00e7\u00e3o direta de saberes cient\u00edficos de cada \u00e1rea do conhecimento, mas privilegiando as interconex\u00f5es entre as distintas formas de conhecimento, com a expectativa de promover um processo de integra\u00e7\u00e3o de distintos saberes e a forma\u00e7\u00e3o de uma base de conhecimento plural e multidisciplinar.<\/p><p>Dentre os temas discutidos tivemos\u00a0mudan\u00e7as clim\u00e1ticas e seus impactos nos ecossistemas,\u00a0\u00e9tica na pesquisa cient\u00edfica e an\u00e1lise de dados, ci\u00eancia e filosofia, pseudoci\u00eancias na Biologia e evolu\u00e7\u00e3o e entropia.\u00a0<\/p><p><strong>OFICINAS ACAD\u00caMICAS<\/strong>\u00a0<\/p><p><img loading=\"lazy\" decoding=\"async\" class=\"size-medium wp-image-67 alignleft\" src=\"https:\/\/www.ufsm.br\/pro-reitorias\/prograd\/pet\/fisica\/wp-content\/uploads\/sites\/787\/2020\/01\/22769698_289763911526934_7987875107958973626_o-300x169.jpg\" alt=\"\" width=\"300\" height=\"169\" srcset=\"https:\/\/www.ufsm.br\/app\/uploads\/sites\/787\/2020\/01\/22769698_289763911526934_7987875107958973626_o-300x169.jpg 300w, https:\/\/www.ufsm.br\/app\/uploads\/sites\/787\/2020\/01\/22769698_289763911526934_7987875107958973626_o-1024x576.jpg 1024w, https:\/\/www.ufsm.br\/app\/uploads\/sites\/787\/2020\/01\/22769698_289763911526934_7987875107958973626_o-768x432.jpg 768w, https:\/\/www.ufsm.br\/app\/uploads\/sites\/787\/2020\/01\/22769698_289763911526934_7987875107958973626_o.jpg 1280w\" sizes=\"(max-width: 300px) 100vw, 300px\" \/><\/p><p>No decorrer do ano letivo, o PET F\u00edsica promove um conjunto de oficinas ministradas por estudantes de gradua\u00e7\u00e3o e p\u00f3s-gradua\u00e7\u00e3o, bem como por professores do curso, visando o aprendizado de ferramentas \u00fateis para a pr\u00e1tica acad\u00eamica. J\u00e1 foram oferecidas oficinas de LaTex, calculadora cient\u00edfica, preenchimento de Curriculum Lattes, software de plotagem de gr\u00e1ficos e ajustes de dados, ferramentas do Google, dentre outras. As oficinas ocorrem em calend\u00e1rio pr\u00f3rprio ou em conjunto com outras atividades institucionais, como Semanas Acad\u00eamicas, sempre abertas ao p\u00fablico.<\/p><p>\u00a0<\/p><p><strong>DESCUBRA &#8211; UFSM<\/strong>\u00a0<\/p><p><img loading=\"lazy\" decoding=\"async\" class=\"size-medium wp-image-68 alignleft\" src=\"https:\/\/www.ufsm.br\/pro-reitorias\/prograd\/pet\/fisica\/wp-content\/uploads\/sites\/787\/2020\/01\/20181005_155601-300x225.jpg\" alt=\"\" width=\"300\" height=\"225\" srcset=\"https:\/\/www.ufsm.br\/app\/uploads\/sites\/787\/2020\/01\/20181005_155601-300x225.jpg 300w, https:\/\/www.ufsm.br\/app\/uploads\/sites\/787\/2020\/01\/20181005_155601-768x576.jpg 768w, https:\/\/www.ufsm.br\/app\/uploads\/sites\/787\/2020\/01\/20181005_155601.jpg 826w\" sizes=\"(max-width: 300px) 100vw, 300px\" \/><\/p><p>\u00a0O Descubra \u00e9 um evento promovido anualmente pela PROGRAD\/UFSM aberto \u00e0 comunidade no qual o p\u00fablico tem a oportunidade de conhecer e tirar d\u00favidas sobre os cursos e servi\u00e7os oferevidos pela Institui\u00e7\u00e3o. O PET F\u00edsica \u00e9 um grande parceiro da Coordena\u00e7\u00e3o do Curso de F\u00edsica, trabalhando nos estandes e auxiliando na operacionaliza\u00e7\u00e3o da participa\u00e7\u00e3o do curso, recepcionando os visitantes e prestando esclarecimentos sobre a vida acad\u00eamica e, em particular, do curso de F\u00edsica.<\/p><p>\u00a0<\/p><p>\u00a0<\/p><p>\u00a0<\/p><p><strong>INTERPET<\/strong><\/p><p>O InterPET \u00e9 um encontro mensal de todos os grupos PET da Institui\u00e7\u00e3o, no qual uma pauta espec\u00edfica \u00e9 cumprida em cumprimento a um cronograma pr\u00e9-estabelecido. A cada m\u00eas, dois grupos PET ficam encarregados da organiza\u00e7\u00e3o do evento. O formato consiste normalmente na apresenta\u00e7\u00e3o de uma palestra de tema relacionado \u00e0 \u00e1rea dos PET organizadores, seguida de uma rodada de discuss\u00f5es sobre assuntos de interesse comum. O InterPET \u00e9 um evento de car\u00e1ter integrador, destinado \u00e0 discuss\u00e3o e planejamento de todas as atividades conjuntas e de prepara\u00e7\u00e3o a eventos regionais e nacionais (SULPET e ENAPET).\u00a0<\/p><p><strong>PET DIVULGA<\/strong>\u00a0<\/p><p><img loading=\"lazy\" decoding=\"async\" class=\"size-medium wp-image-69 alignleft\" src=\"https:\/\/www.ufsm.br\/pro-reitorias\/prograd\/pet\/fisica\/wp-content\/uploads\/sites\/787\/2020\/01\/divulga-300x181.jpg\" alt=\"\" width=\"300\" height=\"181\" srcset=\"https:\/\/www.ufsm.br\/app\/uploads\/sites\/787\/2020\/01\/divulga-300x181.jpg 300w, https:\/\/www.ufsm.br\/app\/uploads\/sites\/787\/2020\/01\/divulga-768x462.jpg 768w, https:\/\/www.ufsm.br\/app\/uploads\/sites\/787\/2020\/01\/divulga.jpg 942w\" sizes=\"(max-width: 300px) 100vw, 300px\" \/><\/p><p>O programa \u00e9 uma atividade que visa divulgar o trabalho cient\u00edfico realizado por pesquisadores do Departamento de F\u00edsica, tanto professores quanto estudantes de inicia\u00e7\u00e3o cient\u00edfica e p\u00f3s-gradua\u00e7\u00e3o. A convite do PET, os autores concedem uma breve entrevista na qual explanam os resultados mais importantes de seu trabalho de forma simples, visando o grande p\u00fablico.<\/p><p>Os v\u00eddeos j\u00e1 produzidos podem ser conferidos na fanpage do\u00a0<a href=\"https:\/\/www.facebook.com\/petfisicaufsm\">PET F\u00edsica<\/a>\u00a0no facebook!<\/p>\t\t\t\t\t\t<\/div>\n\t\t\t\t<\/div>\n\t\t\t\t\t<\/div>\n\t\t<\/div>\n\t\t\t\t\t<\/div>\n\t\t<\/section>\n\t\t\t\t<\/div>\n\t\t","protected":false},"excerpt":{"rendered":"<p>Ensino Pesquisa Extens\u00e3o MINICURSO DE ASTRONOMIA PARA ESCOLAS\u00a0 O Minicurso de Astronomia \u00e9 um projeto de extens\u00e3o promovido pelo PET voltado para estudantes do ensino m\u00e9dio. A edi\u00e7\u00e3o de 2019\u00a0teve mais de 30 estudantes inscritos de 5 escolas de ensino m\u00e9dio da rede p\u00fablica estadual da cidade de Santa Maria\/RS. No minicurso foram ministradas aulas [&hellip;]<\/p>\n","protected":false},"author":2223,"featured_media":0,"parent":0,"menu_order":0,"comment_status":"closed","ping_status":"closed","template":"","meta":{"footnotes":""},"categories":[],"tags":[],"class_list":["post-43","page","type-page","status-publish","hentry"],"acf":[],"_links":{"self":[{"href":"https:\/\/www.ufsm.br\/pet\/fisica\/wp-json\/wp\/v2\/pages\/43","targetHints":{"allow":["GET"]}}],"collection":[{"href":"https:\/\/www.ufsm.br\/pet\/fisica\/wp-json\/wp\/v2\/pages"}],"about":[{"href":"https:\/\/www.ufsm.br\/pet\/fisica\/wp-json\/wp\/v2\/types\/page"}],"author":[{"embeddable":true,"href":"https:\/\/www.ufsm.br\/pet\/fisica\/wp-json\/wp\/v2\/users\/2223"}],"replies":[{"embeddable":true,"href":"https:\/\/www.ufsm.br\/pet\/fisica\/wp-json\/wp\/v2\/comments?post=43"}],"version-history":[{"count":0,"href":"https:\/\/www.ufsm.br\/pet\/fisica\/wp-json\/wp\/v2\/pages\/43\/revisions"}],"wp:attachment":[{"href":"https:\/\/www.ufsm.br\/pet\/fisica\/wp-json\/wp\/v2\/media?parent=43"}],"wp:term":[{"taxonomy":"category","embeddable":true,"href":"https:\/\/www.ufsm.br\/pet\/fisica\/wp-json\/wp\/v2\/categories?post=43"},{"taxonomy":"post_tag","embeddable":true,"href":"https:\/\/www.ufsm.br\/pet\/fisica\/wp-json\/wp\/v2\/tags?post=43"}],"curies":[{"name":"wp","href":"https:\/\/api.w.org\/{rel}","templated":true}]}}