{"id":5,"date":"2018-01-18T08:39:17","date_gmt":"2018-01-18T10:39:17","guid":{"rendered":"https:\/\/www.ufsm.br\/cursos\/graduacao\/nutricao\/12352\/?page_id=5"},"modified":"2026-09-02T14:50:26","modified_gmt":"2026-09-02T17:50:26","slug":"pagina-inicial","status":"publish","type":"page","link":"https:\/\/www.ufsm.br\/pro-reitorias\/pre\/incubadora-social\/","title":{"rendered":"Hub IS P\u00e1gina Inicial"},"content":{"rendered":"\t\t<div data-elementor-type=\"wp-post\" data-elementor-id=\"5\" class=\"elementor elementor-5\">\n\t\t\t\t\t\t<section class=\"elementor-section elementor-top-section elementor-element elementor-element-ae174ae elementor-section-boxed elementor-section-height-default elementor-section-height-default\" data-id=\"ae174ae\" data-element_type=\"section\">\n\t\t\t\t\t\t<div class=\"elementor-container elementor-column-gap-default\">\n\t\t\t\t\t<div class=\"elementor-column elementor-col-100 elementor-top-column elementor-element elementor-element-48450b6\" data-id=\"48450b6\" data-element_type=\"column\">\n\t\t\t<div class=\"elementor-widget-wrap elementor-element-populated\">\n\t\t\t\t\t\t<div class=\"elementor-element elementor-element-fdfcb79 elementor-widget elementor-widget-wp-widget-ufsm_slider_widget\" data-id=\"fdfcb79\" data-element_type=\"widget\" data-settings=\"{&quot;_animation&quot;:&quot;none&quot;}\" data-widget_type=\"wp-widget-ufsm_slider_widget.default\">\n\t\t\t\t<div class=\"elementor-widget-container\">\n\t\t\t<style>\n.ufsm-slider-progress-bar {\n    position: absolute;\n    left: 0; right: 0; bottom: 0;\n    height: 5px;\n    background: #e6b800; \/* ocre *\/\n    width: 0;\n    transition: none;\n    z-index: 10;\n    border-radius: 0 0 4px 4px;\n    opacity: 0.85;\n}\n.carousel-item {\n    position: relative;\n}\n<\/style>\n<div id='ufsm-slider-1788668704-138886880' class='carousel slide carousel-ufsm' data-bs-ride='carousel' aria-hidden='true' style=\"\">\n    <div class='carousel-inner'>\n                                <div class='carousel-item active' data-bs-interval='5000'>\n                                    <a href='https:\/\/vitrinehubis.ufsm.br\/' target=\"_blank\" rel=\"noopener\">\n                        <img decoding=\"async\" class='h-100 w-100' style='max-height:320px; object-fit:cover;' alt=\"\" title=\"\" src=\"https:\/\/www.ufsm.br\/app\/uploads\/sites\/570\/2026\/08\/posters-site-1.jpg\" >\n                    <\/a>\n                \n                <!-- Barra de progresso (apenas se houver mais de uma imagem) -->\n                                    <div class=\"ufsm-slider-progress-bar\"><\/div>\n                \n                            <\/div>\n                                <div class='carousel-item ' data-bs-interval='5000'>\n                                    <a href='https:\/\/www.ufsm.br\/pro-reitorias\/pre\/incubadora-social\/sobre' >\n                        <img decoding=\"async\" class='h-100 w-100' style='max-height:320px; object-fit:cover;' alt=\"Imagem retangular com fundo claro texturizado, semelhante a um papel amassado. Na metade esquerda, alinhado \u00e0 esquerda, est\u00e1 o texto em letras grandes e pretas: &quot;CONHE\u00c7A OS ESPA\u00c7OS DO HUB IS! E como agendar o uso deles&quot;. Na metade direita, h\u00e1 uma grade com seis fotos menores de bordas arredondadas, mostrando diferentes ambientes do Hub, como salas com computadores, audit\u00f3rio com pufes coloridos, sala de costura e \u00e1reas de coworking com paredes grafitadas.\" title=\"\" src=\"https:\/\/www.ufsm.br\/app\/uploads\/sites\/570\/2026\/07\/Capa-materia-site-1.jpg\" >\n                    <\/a>\n                \n                <!-- Barra de progresso (apenas se houver mais de uma imagem) -->\n                                    <div class=\"ufsm-slider-progress-bar\"><\/div>\n                \n                            <\/div>\n                                <div class='carousel-item ' data-bs-interval='5000'>\n                                    <a href='https:\/\/www.ufsm.br\/pro-reitorias\/pre\/incubadora-social\/espacos' >\n                        <img decoding=\"async\" class='h-100 w-100' style='max-height:320px; object-fit:cover;' alt=\"\" title=\"\" src=\"https:\/\/www.ufsm.br\/app\/uploads\/sites\/570\/2026\/08\/2.jpg\" >\n                    <\/a>\n                \n                <!-- Barra de progresso (apenas se houver mais de uma imagem) -->\n                                    <div class=\"ufsm-slider-progress-bar\"><\/div>\n                \n                            <\/div>\n                                <div class='carousel-item ' data-bs-interval='5000'>\n                                    <a href='https:\/\/www.ufsm.br\/pro-reitorias\/pre\/incubadora-social\/solicitacoes-e-formularios' >\n                        <img decoding=\"async\" class='h-100 w-100' style='max-height:320px; object-fit:cover;' alt=\"\" title=\"\" src=\"https:\/\/www.ufsm.br\/app\/uploads\/sites\/570\/2026\/08\/3.jpg\" >\n                    <\/a>\n                \n                <!-- Barra de progresso (apenas se houver mais de uma imagem) -->\n                                    <div class=\"ufsm-slider-progress-bar\"><\/div>\n                \n                            <\/div>\n                                <div class='carousel-item ' data-bs-interval='5000'>\n                                    <a href='https:\/\/www.ufsm.br\/pro-reitorias\/pre\/incubadora-social\/nossos-resultados' >\n                        <img decoding=\"async\" class='h-100 w-100' style='max-height:320px; object-fit:cover;' alt=\"\" title=\"\" src=\"https:\/\/www.ufsm.br\/app\/uploads\/sites\/570\/2026\/08\/1-1.jpg\" >\n                    <\/a>\n                \n                <!-- Barra de progresso (apenas se houver mais de uma imagem) -->\n                                    <div class=\"ufsm-slider-progress-bar\"><\/div>\n                \n                            <\/div>\n                                <div class='carousel-item ' data-bs-interval='5000'>\n                                    <a href='https:\/\/www.ufsm.br\/pro-reitorias\/pre\/incubadora-social\/empreendimentos-pre-incubacao-2024' >\n                        <img decoding=\"async\" class='h-100 w-100' style='max-height:320px; object-fit:cover;' alt=\"\" title=\"\" src=\"https:\/\/www.ufsm.br\/app\/uploads\/sites\/570\/2026\/08\/4-1.jpg\" >\n                    <\/a>\n                \n                <!-- Barra de progresso (apenas se houver mais de uma imagem) -->\n                                    <div class=\"ufsm-slider-progress-bar\"><\/div>\n                \n                            <\/div>\n                            <ol class='carousel-indicators carousel-indicators-numbers d-none d-md-flex align-self-end m-0'>\n                <li data-bs-target='#ufsm-slider-1788668704-138886880' data-bs-slide-to='0' class='d-flex rounded-circle active'><span class='m-auto fw-bold'>1<\/span><\/li><li data-bs-target='#ufsm-slider-1788668704-138886880' data-bs-slide-to='1' class='d-flex rounded-circle '><span class='m-auto fw-bold'>2<\/span><\/li><li data-bs-target='#ufsm-slider-1788668704-138886880' data-bs-slide-to='2' class='d-flex rounded-circle '><span class='m-auto fw-bold'>3<\/span><\/li><li data-bs-target='#ufsm-slider-1788668704-138886880' data-bs-slide-to='3' class='d-flex rounded-circle '><span class='m-auto fw-bold'>4<\/span><\/li><li data-bs-target='#ufsm-slider-1788668704-138886880' data-bs-slide-to='4' class='d-flex rounded-circle '><span class='m-auto fw-bold'>5<\/span><\/li><li data-bs-target='#ufsm-slider-1788668704-138886880' data-bs-slide-to='5' class='d-flex rounded-circle '><span class='m-auto fw-bold'>6<\/span><\/li>            <\/ol>\n            <a class='carousel-control-prev' href='#ufsm-slider-1788668704-138886880' role='button' data-bs-slide='prev'>\n                <span class='carousel-control-prev-icon' aria-hidden='true'><\/span>\n                <span class='visually-hidden'>Anterior<\/span>\n            <\/a>\n            <a class='carousel-control-next' href='#ufsm-slider-1788668704-138886880' role='button' data-bs-slide='next'>\n                <span class='carousel-control-next-icon' aria-hidden='true'><\/span>\n                <span class='visually-hidden'>Pr\u00f3ximo<\/span>\n            <\/a>\n            <\/div>\n<\/div>\n<script>\n(function(){\n    var carousel = document.getElementById('ufsm-slider-1788668704-138886880');\n    if (!carousel) return;\n    var tempo = 5000;\n    var bars = carousel.querySelectorAll('.ufsm-slider-progress-bar');\n    var items = carousel.querySelectorAll('.carousel-item');\n    var intervalId = null;\n\n    \/\/ S\u00f3 ativa barra se houver mais de uma imagem\n    if (bars.length < 1) return;\n\n    function resetBars() {\n        bars.forEach(function(bar){ bar.style.width = '0'; bar.style.transition = 'none'; });\n    }\n    function animateBar(idx) {\n        resetBars();\n        var bar = bars[idx];\n        if (!bar) return;\n        \/\/ For\u00e7a reflow para reiniciar a anima\u00e7\u00e3o\n        void bar.offsetWidth;\n        bar.style.transition = 'width ' + (tempo\/1000) + 's linear';\n        bar.style.width = '100%';\n    }\n    function getActiveIdx() {\n        for (var i=0; i<items.length; i++) {\n            if (items[i].classList.contains('active')) return i;\n        }\n        return 0;\n    }\n    function onSlide() {\n        setTimeout(function(){\n            animateBar(getActiveIdx());\n        }, 50);\n    }\n    \/\/ Bootstrap 5: evento 'slid.bs.carousel'\n    carousel.addEventListener('slid.bs.carousel', onSlide);\n    \/\/ Inicializa na primeira imagem\n    animateBar(getActiveIdx());\n    \/\/ Se o usu\u00e1rio interagir manualmente, reinicia a barra\n    carousel.addEventListener('slide.bs.carousel', function(){ resetBars(); });\n})();\n<\/script>\n<ul class='visually-hidden'>\n    <\/ul>\n\t\t<\/div>\n\t\t\t\t<\/div>\n\t\t\t\t\t<\/div>\n\t\t<\/div>\n\t\t\t\t\t<\/div>\n\t\t<\/section>\n\t\t\t\t<section class=\"elementor-section elementor-top-section elementor-element elementor-element-b7482a5 elementor-section-boxed elementor-section-height-default elementor-section-height-default\" data-id=\"b7482a5\" data-element_type=\"section\">\n\t\t\t\t\t\t<div class=\"elementor-container elementor-column-gap-default\">\n\t\t\t\t\t<div class=\"elementor-column elementor-col-33 elementor-top-column elementor-element elementor-element-0d34d58\" data-id=\"0d34d58\" data-element_type=\"column\">\n\t\t\t<div class=\"elementor-widget-wrap elementor-element-populated\">\n\t\t\t\t\t\t<div class=\"elementor-element elementor-element-3ad1715 elementor-widget elementor-widget-image\" data-id=\"3ad1715\" data-element_type=\"widget\" data-widget_type=\"image.default\">\n\t\t\t\t<div class=\"elementor-widget-container\">\n\t\t\t\t\t\t\t\t\t\t\t\t\t<img fetchpriority=\"high\" decoding=\"async\" width=\"540\" height=\"512\" src=\"https:\/\/www.ufsm.br\/app\/uploads\/sites\/570\/2026\/09\/IS-e1788371000390.jpg\" class=\"attachment-large size-large wp-image-1654\" alt=\"\" srcset=\"https:\/\/www.ufsm.br\/app\/uploads\/sites\/570\/2026\/09\/IS-e1788371000390.jpg 540w, https:\/\/www.ufsm.br\/app\/uploads\/sites\/570\/2026\/09\/IS-e1788371000390-300x284.jpg 300w\" sizes=\"(max-width: 540px) 100vw, 540px\" \/>\t\t\t\t\t\t\t\t\t\t\t\t\t<\/div>\n\t\t\t\t<\/div>\n\t\t\t\t\t<\/div>\n\t\t<\/div>\n\t\t\t\t<div class=\"elementor-column elementor-col-66 elementor-top-column elementor-element elementor-element-bb5e68e\" data-id=\"bb5e68e\" data-element_type=\"column\">\n\t\t\t<div class=\"elementor-widget-wrap elementor-element-populated\">\n\t\t\t\t\t\t<div class=\"elementor-element elementor-element-e6c5ca8 elementor-widget elementor-widget-text-editor\" data-id=\"e6c5ca8\" data-element_type=\"widget\" data-widget_type=\"text-editor.default\">\n\t\t\t\t<div class=\"elementor-widget-container\">\n\t\t\t\t\t\t\t<p class=\"cvGsUA direction-ltr align-start para-style-body\"><strong>SOMOS O ECOSSISTEMA DE INOVA\u00c7\u00c3O SOCIAL DA UFSM<\/strong><\/p><p class=\"cvGsUA direction-ltr align-start para-style-body\"><span class=\"a_GcMg font-feature-liga-off font-feature-clig-off font-feature-calt-off text-decoration-none text-strikethrough-none\">A Incubadora Social da UFSM (IS-UFSM) e o\u00a0<\/span><span class=\"a_GcMg font-feature-liga-off font-feature-clig-off font-feature-calt-off text-decoration-none text-strikethrough-none\">Hub de Inova\u00e7\u00e3o Social (Hub IS) atuam como um organismo \u00fanico dedicado ao desenvolvimento\u00a0<\/span>humano e \u00e0 sustentabilidade.<\/p><p class=\"cvGsUA direction-ltr align-start para-style-body\"><span class=\"a_GcMg font-feature-liga-off font-feature-clig-off font-feature-calt-off text-decoration-none text-strikethrough-none\">Desde 2012, a Incubadora Social serve como o alicerce metodol\u00f3gico, oferecendo suporte t\u00e9cnico e fomento \u00e0 economia solid\u00e1ria. Em 2024, esse trabalho ganhou uma nova dimens\u00e3o com a cria\u00e7\u00e3o do Hub IS: um ambiente vivo de articula\u00e7\u00e3o que conecta a universidade, o poder p\u00fablico e a comunidade. Juntos, n\u00e3o oferecemos apenas um espa\u00e7o f\u00edsico, mas uma jornada completa de transforma\u00e7\u00e3o social.<\/span><\/p><p><strong>COMO FUNCIONAMOS<\/strong><\/p><p>Nossa atua\u00e7\u00e3o \u00e9 guiada pela Trilha de Inova\u00e7\u00e3o Social, uma metodologia desenhada para impulsionar empreendimentos em diferentes est\u00e1gios de maturidade. Todo o nosso trabalho se sustenta em tr\u00eas frentes estrat\u00e9gicas:<\/p>\t\t\t\t\t\t<\/div>\n\t\t\t\t<\/div>\n\t\t\t\t\t<\/div>\n\t\t<\/div>\n\t\t\t\t\t<\/div>\n\t\t<\/section>\n\t\t\t\t<section class=\"elementor-section elementor-top-section elementor-element elementor-element-6a825b7 elementor-section-boxed elementor-section-height-default elementor-section-height-default\" data-id=\"6a825b7\" data-element_type=\"section\">\n\t\t\t\t\t\t<div class=\"elementor-container elementor-column-gap-default\">\n\t\t\t\t\t<div class=\"elementor-column elementor-col-33 elementor-top-column elementor-element elementor-element-f2c4126\" data-id=\"f2c4126\" data-element_type=\"column\">\n\t\t\t<div class=\"elementor-widget-wrap elementor-element-populated\">\n\t\t\t\t\t\t<div class=\"elementor-element elementor-element-6512cc8 elementor-widget elementor-widget-text-editor\" data-id=\"6512cc8\" data-element_type=\"widget\" data-widget_type=\"text-editor.default\">\n\t\t\t\t<div class=\"elementor-widget-container\">\n\t\t\t\t\t\t\t<p><span style=\"color: #2d74c4\"><strong>CONECTAR<\/strong><\/span><\/p><p><span class=\"a_GcMg font-feature-liga-off font-feature-clig-off font-feature-calt-off text-decoration-none text-strikethrough-none\">Rede \u00fanica de colabora\u00e7\u00e3o entre a UFSM e a comunidade.<\/span> <span class=\"a_GcMg font-feature-liga-off font-feature-clig-off font-feature-calt-off text-decoration-none text-strikethrough-none\">Articulamos uma rede colaborativa entre projetos de extens\u00e3o, parceiros externos e a comunidade. \u00c9 aqui que o ensino encontra a pr\u00e1tica, unindo saberes acad\u00eamicos e populares para fortalecer iniciativas de impacto.<\/span><\/p>\t\t\t\t\t\t<\/div>\n\t\t\t\t<\/div>\n\t\t\t\t\t<\/div>\n\t\t<\/div>\n\t\t\t\t<div class=\"elementor-column elementor-col-33 elementor-top-column elementor-element elementor-element-c9cd0d7\" data-id=\"c9cd0d7\" data-element_type=\"column\">\n\t\t\t<div class=\"elementor-widget-wrap elementor-element-populated\">\n\t\t\t\t\t\t<div class=\"elementor-element elementor-element-88d29f0 elementor-widget elementor-widget-text-editor\" data-id=\"88d29f0\" data-element_type=\"widget\" data-widget_type=\"text-editor.default\">\n\t\t\t\t<div class=\"elementor-widget-container\">\n\t\t\t\t\t\t\t<p><span style=\"color: #662480\"><strong>INOVAR<\/strong><\/span><\/p><p><span class=\"a_GcMg font-feature-liga-off font-feature-clig-off font-feature-calt-off text-decoration-none text-strikethrough-none\">O cora\u00e7\u00e3o da nossa metodologia e casa da Incubadora Social UFSM. Transformamos desafios comunit\u00e1rios em solu\u00e7\u00f5es sustent\u00e1veis atrav\u00e9s de ciclos de pr\u00e9-incuba\u00e7\u00e3o e incuba\u00e7\u00e3o. Oferecemos mentoria t\u00e9cnica, modelagem de neg\u00f3cios e suporte para que ideias virem empreendimentos aut\u00f4nomos.<\/span><\/p>\t\t\t\t\t\t<\/div>\n\t\t\t\t<\/div>\n\t\t\t\t\t<\/div>\n\t\t<\/div>\n\t\t\t\t<div class=\"elementor-column elementor-col-33 elementor-top-column elementor-element elementor-element-d03896b\" data-id=\"d03896b\" data-element_type=\"column\">\n\t\t\t<div class=\"elementor-widget-wrap elementor-element-populated\">\n\t\t\t\t\t\t<div class=\"elementor-element elementor-element-dd7e198 elementor-widget elementor-widget-text-editor\" data-id=\"dd7e198\" data-element_type=\"widget\" data-widget_type=\"text-editor.default\">\n\t\t\t\t<div class=\"elementor-widget-container\">\n\t\t\t\t\t\t\t<p><span style=\"color: #ed924d\"><strong>COMPARTILHAR<\/strong><\/span><\/p><p><span class=\"a_GcMg font-feature-liga-off font-feature-clig-off font-feature-calt-off text-decoration-none text-strikethrough-none\">Esp<span style=\"font-size: 10pt\">a\u00e7os de Colabora\u00e7\u00e3o para Transforma\u00e7\u00e3o Social.<\/span><\/span><span class=\"a_GcMg font-feature-liga-off font-feature-clig-off font-feature-calt-off text-decoration-none text-strikethrough-none\" style=\"font-size: 10pt\"> Acreditamos na troca de saberes. Promovemos feiras, workshops, eventos, cuidarmos de toda a comunica\u00e7\u00e3o nas m\u00eddias sociais e gerenciamos espa\u00e7os de coworking que d\u00e3o visibilidade aos incubados e disseminam a cultura da inova\u00e7\u00e3o social para al\u00e9m dos muros da universidade.<\/span><\/p>\t\t\t\t\t\t<\/div>\n\t\t\t\t<\/div>\n\t\t\t\t\t<\/div>\n\t\t<\/div>\n\t\t\t\t\t<\/div>\n\t\t<\/section>\n\t\t\t\t<section class=\"elementor-section elementor-top-section elementor-element elementor-element-6e8ca0a elementor-section-boxed elementor-section-height-default elementor-section-height-default\" data-id=\"6e8ca0a\" data-element_type=\"section\">\n\t\t\t\t\t\t<div class=\"elementor-container elementor-column-gap-default\">\n\t\t\t\t\t<div class=\"elementor-column elementor-col-100 elementor-top-column elementor-element elementor-element-11ab30b\" data-id=\"11ab30b\" data-element_type=\"column\">\n\t\t\t<div class=\"elementor-widget-wrap elementor-element-populated\">\n\t\t\t\t\t\t<div class=\"elementor-element elementor-element-466aedc elementor-widget elementor-widget-text-editor\" data-id=\"466aedc\" data-element_type=\"widget\" data-widget_type=\"text-editor.default\">\n\t\t\t\t<div class=\"elementor-widget-container\">\n\t\t\t\t\t\t\t<p class=\"cvGsUA direction-ltr align-start para-style-body\" style=\"text-align: left\"><span class=\"a_GcMg font-feature-liga-off font-feature-clig-off font-feature-calt-off text-decoration-none text-strikethrough-none\">O presente ciclo de incuba\u00e7\u00e3o da IS-UFSM iniciou-se em 2024 com previs\u00e3o para fim em 2026, um edital que contemplou 22 empreendimentos sociais, dos quais 9 seguem trabalhando em conjunto com a IS, sendo eles: Cia Di\u00e1cono, Conecta, Costurando Sonhos, Del\u00edcias da Ana Gourmet, Harmonia Preta, Mimos e Artesanatos da Jura, Raquel Dellinghausen, Vedome Co e Vitrine Sustent\u00e1vel.<\/span><\/p>\t\t\t\t\t\t<\/div>\n\t\t\t\t<\/div>\n\t\t\t\t\t<\/div>\n\t\t<\/div>\n\t\t\t\t\t<\/div>\n\t\t<\/section>\n\t\t\t\t<section class=\"elementor-section elementor-top-section elementor-element elementor-element-16ad48b elementor-section-boxed elementor-section-height-default elementor-section-height-default\" data-id=\"16ad48b\" data-element_type=\"section\">\n\t\t\t\t\t\t<div class=\"elementor-container elementor-column-gap-default\">\n\t\t\t\t\t<div class=\"elementor-column elementor-col-16 elementor-top-column elementor-element elementor-element-01229f8\" data-id=\"01229f8\" data-element_type=\"column\">\n\t\t\t<div class=\"elementor-widget-wrap elementor-element-populated\">\n\t\t\t\t\t\t<div class=\"elementor-element elementor-element-6e81116 elementor-view-default elementor-widget elementor-widget-icon\" data-id=\"6e81116\" data-element_type=\"widget\" data-widget_type=\"icon.default\">\n\t\t\t\t<div class=\"elementor-widget-container\">\n\t\t\t\t\t<div class=\"elementor-icon-wrapper\">\n\t\t\t<a class=\"elementor-icon\" href=\"https:\/\/www.ufsm.br\/pro-reitorias\/pre\/incubadora-social\/busca?q=&#038;area=editais&#038;orderby=date&#038;sites%5B%5D=346&#038;tags=incubadora%20social\">\n\t\t\t<i aria-hidden=\"true\" class=\"far fa-copy\"><\/i>\t\t\t<\/a>\n\t\t<\/div>\n\t\t\t\t<\/div>\n\t\t\t\t<\/div>\n\t\t\t\t<div class=\"elementor-element elementor-element-ee1b481 elementor-widget elementor-widget-heading\" data-id=\"ee1b481\" data-element_type=\"widget\" data-widget_type=\"heading.default\">\n\t\t\t\t<div class=\"elementor-widget-container\">\n\t\t\t<h4 class=\"elementor-heading-title elementor-size-default\"><a href=\"https:\/\/www.ufsm.br\/pro-reitorias\/pre\/incubadora-social\/busca?q=&#038;area=editais&#038;orderby=date&#038;sites%5B%5D=346&#038;tags=incubadora%20social\">Editais<\/a><\/h4>\t\t<\/div>\n\t\t\t\t<\/div>\n\t\t\t\t\t<\/div>\n\t\t<\/div>\n\t\t\t\t<div class=\"elementor-column elementor-col-16 elementor-top-column elementor-element elementor-element-ec2c571\" data-id=\"ec2c571\" data-element_type=\"column\">\n\t\t\t<div class=\"elementor-widget-wrap elementor-element-populated\">\n\t\t\t\t\t\t<div class=\"elementor-element elementor-element-6f1af11 elementor-view-default elementor-widget elementor-widget-icon\" data-id=\"6f1af11\" data-element_type=\"widget\" data-widget_type=\"icon.default\">\n\t\t\t\t<div class=\"elementor-widget-container\">\n\t\t\t\t\t<div class=\"elementor-icon-wrapper\">\n\t\t\t<a class=\"elementor-icon\" href=\"https:\/\/www.ufsm.br\/pro-reitorias\/pre\/incubadora-social\/agenda-hub-is\">\n\t\t\t<i aria-hidden=\"true\" class=\"far fa-calendar-alt\"><\/i>\t\t\t<\/a>\n\t\t<\/div>\n\t\t\t\t<\/div>\n\t\t\t\t<\/div>\n\t\t\t\t<div class=\"elementor-element elementor-element-5559e95 elementor-widget__width-initial elementor-widget elementor-widget-heading\" data-id=\"5559e95\" data-element_type=\"widget\" data-widget_type=\"heading.default\">\n\t\t\t\t<div class=\"elementor-widget-container\">\n\t\t\t<h4 class=\"elementor-heading-title elementor-size-default\"><a href=\"https:\/\/www.ufsm.br\/pro-reitorias\/pre\/incubadora-social\/agenda-hub-is\">Agenda Hub IS<\/a><\/h4>\t\t<\/div>\n\t\t\t\t<\/div>\n\t\t\t\t\t<\/div>\n\t\t<\/div>\n\t\t\t\t<div class=\"elementor-column elementor-col-16 elementor-top-column elementor-element elementor-element-9c233a1\" data-id=\"9c233a1\" data-element_type=\"column\">\n\t\t\t<div class=\"elementor-widget-wrap elementor-element-populated\">\n\t\t\t\t\t\t<div class=\"elementor-element elementor-element-3384d8a elementor-view-default elementor-widget elementor-widget-icon\" data-id=\"3384d8a\" data-element_type=\"widget\" data-widget_type=\"icon.default\">\n\t\t\t\t<div class=\"elementor-widget-container\">\n\t\t\t\t\t<div class=\"elementor-icon-wrapper\">\n\t\t\t<a class=\"elementor-icon\" href=\"https:\/\/www.ufsm.br\/pro-reitorias\/pre\/incubadora-social\/espacos\">\n\t\t\t<i aria-hidden=\"true\" class=\"far fa-building\"><\/i>\t\t\t<\/a>\n\t\t<\/div>\n\t\t\t\t<\/div>\n\t\t\t\t<\/div>\n\t\t\t\t<div class=\"elementor-element elementor-element-5b46653 elementor-widget elementor-widget-heading\" data-id=\"5b46653\" data-element_type=\"widget\" data-widget_type=\"heading.default\">\n\t\t\t\t<div class=\"elementor-widget-container\">\n\t\t\t<h4 class=\"elementor-heading-title elementor-size-default\"><a href=\"https:\/\/www.ufsm.br\/pro-reitorias\/pre\/incubadora-social\/espacos\">Nossos Espa\u00e7os<\/a><\/h4>\t\t<\/div>\n\t\t\t\t<\/div>\n\t\t\t\t\t<\/div>\n\t\t<\/div>\n\t\t\t\t<div class=\"elementor-column elementor-col-16 elementor-top-column elementor-element elementor-element-32c7892\" data-id=\"32c7892\" data-element_type=\"column\">\n\t\t\t<div class=\"elementor-widget-wrap elementor-element-populated\">\n\t\t\t\t\t\t<div class=\"elementor-element elementor-element-faf9b8c elementor-view-default elementor-widget elementor-widget-icon\" data-id=\"faf9b8c\" data-element_type=\"widget\" data-widget_type=\"icon.default\">\n\t\t\t\t<div class=\"elementor-widget-container\">\n\t\t\t\t\t<div class=\"elementor-icon-wrapper\">\n\t\t\t<a class=\"elementor-icon\" href=\"https:\/\/www.ufsm.br\/pro-reitorias\/pre\/incubadora-social\/solicitacoes-e-formularios\">\n\t\t\t<i aria-hidden=\"true\" class=\"far fa-list-alt\"><\/i>\t\t\t<\/a>\n\t\t<\/div>\n\t\t\t\t<\/div>\n\t\t\t\t<\/div>\n\t\t\t\t<div class=\"elementor-element elementor-element-3c4af26 elementor-widget elementor-widget-heading\" data-id=\"3c4af26\" data-element_type=\"widget\" data-widget_type=\"heading.default\">\n\t\t\t\t<div class=\"elementor-widget-container\">\n\t\t\t<h4 class=\"elementor-heading-title elementor-size-default\"><a href=\"https:\/\/www.ufsm.br\/pro-reitorias\/pre\/incubadora-social\/solicitacoes-e-formularios\">Solicita\u00e7\u00f5es de agendamentos<\/a><\/h4>\t\t<\/div>\n\t\t\t\t<\/div>\n\t\t\t\t\t<\/div>\n\t\t<\/div>\n\t\t\t\t<div class=\"elementor-column elementor-col-16 elementor-top-column elementor-element elementor-element-0c2e40c\" data-id=\"0c2e40c\" data-element_type=\"column\">\n\t\t\t<div class=\"elementor-widget-wrap elementor-element-populated\">\n\t\t\t\t\t\t<div class=\"elementor-element elementor-element-d8cf4e5 elementor-view-default elementor-widget elementor-widget-icon\" data-id=\"d8cf4e5\" data-element_type=\"widget\" data-widget_type=\"icon.default\">\n\t\t\t\t<div class=\"elementor-widget-container\">\n\t\t\t\t\t<div class=\"elementor-icon-wrapper\">\n\t\t\t<a class=\"elementor-icon\" href=\"https:\/\/www.ufsm.br\/pro-reitorias\/pre\/incubadora-social\/contato\">\n\t\t\t<i aria-hidden=\"true\" class=\"far fa-comment-dots\"><\/i>\t\t\t<\/a>\n\t\t<\/div>\n\t\t\t\t<\/div>\n\t\t\t\t<\/div>\n\t\t\t\t<div class=\"elementor-element elementor-element-bc11e0d elementor-widget__width-initial elementor-widget elementor-widget-heading\" data-id=\"bc11e0d\" data-element_type=\"widget\" data-widget_type=\"heading.default\">\n\t\t\t\t<div class=\"elementor-widget-container\">\n\t\t\t<h4 class=\"elementor-heading-title elementor-size-default\">Fale conosco<\/h4>\t\t<\/div>\n\t\t\t\t<\/div>\n\t\t\t\t\t<\/div>\n\t\t<\/div>\n\t\t\t\t<div class=\"elementor-column elementor-col-16 elementor-top-column elementor-element elementor-element-1cda3ef\" data-id=\"1cda3ef\" data-element_type=\"column\">\n\t\t\t<div class=\"elementor-widget-wrap elementor-element-populated\">\n\t\t\t\t\t\t<div class=\"elementor-element elementor-element-39cfd47 elementor-view-default elementor-widget elementor-widget-icon\" data-id=\"39cfd47\" data-element_type=\"widget\" data-widget_type=\"icon.default\">\n\t\t\t\t<div class=\"elementor-widget-container\">\n\t\t\t\t\t<div class=\"elementor-icon-wrapper\">\n\t\t\t<a class=\"elementor-icon\" href=\"https:\/\/www.ufsm.br\/pro-reitorias\/pre\/incubadora-social\/coordenacao-geral\">\n\t\t\t<i aria-hidden=\"true\" class=\"fas fa-users\"><\/i>\t\t\t<\/a>\n\t\t<\/div>\n\t\t\t\t<\/div>\n\t\t\t\t<\/div>\n\t\t\t\t<div class=\"elementor-element elementor-element-3284ce2 elementor-widget__width-initial elementor-widget elementor-widget-heading\" data-id=\"3284ce2\" data-element_type=\"widget\" data-widget_type=\"heading.default\">\n\t\t\t\t<div class=\"elementor-widget-container\">\n\t\t\t<h4 class=\"elementor-heading-title elementor-size-default\"><a href=\"https:\/\/www.ufsm.br\/pro-reitorias\/pre\/incubadora-social\/coordenacao-geral\">Equipe<\/a><\/h4>\t\t<\/div>\n\t\t\t\t<\/div>\n\t\t\t\t\t<\/div>\n\t\t<\/div>\n\t\t\t\t\t<\/div>\n\t\t<\/section>\n\t\t\t\t<section class=\"elementor-section elementor-top-section elementor-element elementor-element-b10d387 elementor-section-boxed elementor-section-height-default elementor-section-height-default\" data-id=\"b10d387\" data-element_type=\"section\">\n\t\t\t\t\t\t<div class=\"elementor-container elementor-column-gap-default\">\n\t\t\t\t\t<div class=\"elementor-column elementor-col-16 elementor-top-column elementor-element elementor-element-2133fbe\" data-id=\"2133fbe\" data-element_type=\"column\">\n\t\t\t<div class=\"elementor-widget-wrap elementor-element-populated\">\n\t\t\t\t\t\t<div class=\"elementor-element elementor-element-b2d2dcb elementor-view-default elementor-widget elementor-widget-icon\" data-id=\"b2d2dcb\" data-element_type=\"widget\" data-widget_type=\"icon.default\">\n\t\t\t\t<div class=\"elementor-widget-container\">\n\t\t\t\t\t<div class=\"elementor-icon-wrapper\">\n\t\t\t<a class=\"elementor-icon\" href=\"https:\/\/www.ufsm.br\/pro-reitorias\/pre\/incubadora-social\/empreendimentos-pre-incubacao-2024\">\n\t\t\t<i aria-hidden=\"true\" class=\"far fa-star\"><\/i>\t\t\t<\/a>\n\t\t<\/div>\n\t\t\t\t<\/div>\n\t\t\t\t<\/div>\n\t\t\t\t<div class=\"elementor-element elementor-element-a38fa3e elementor-widget elementor-widget-heading\" data-id=\"a38fa3e\" data-element_type=\"widget\" data-widget_type=\"heading.default\">\n\t\t\t\t<div class=\"elementor-widget-container\">\n\t\t\t<h2 class=\"elementor-heading-title elementor-size-default\"><a href=\"https:\/\/www.ufsm.br\/pro-reitorias\/pre\/incubadora-social\/empreendimentos-pre-incubacao-2024\">Empreendimentos Incubados<\/a><\/h2>\t\t<\/div>\n\t\t\t\t<\/div>\n\t\t\t\t\t<\/div>\n\t\t<\/div>\n\t\t\t\t<div class=\"elementor-column elementor-col-16 elementor-top-column elementor-element elementor-element-cd44dd1\" data-id=\"cd44dd1\" data-element_type=\"column\">\n\t\t\t<div class=\"elementor-widget-wrap elementor-element-populated\">\n\t\t\t\t\t\t<div class=\"elementor-element elementor-element-b064972 elementor-view-default elementor-widget elementor-widget-icon\" data-id=\"b064972\" data-element_type=\"widget\" data-widget_type=\"icon.default\">\n\t\t\t\t<div class=\"elementor-widget-container\">\n\t\t\t\t\t<div class=\"elementor-icon-wrapper\">\n\t\t\t<a class=\"elementor-icon\" href=\"https:\/\/www.ufsm.br\/pro-reitorias\/pre\/incubadora-social\/nossos-resultados\">\n\t\t\t<i aria-hidden=\"true\" class=\"far fa-thumbs-up\"><\/i>\t\t\t<\/a>\n\t\t<\/div>\n\t\t\t\t<\/div>\n\t\t\t\t<\/div>\n\t\t\t\t<div class=\"elementor-element elementor-element-22829d8 elementor-widget elementor-widget-heading\" data-id=\"22829d8\" data-element_type=\"widget\" data-widget_type=\"heading.default\">\n\t\t\t\t<div class=\"elementor-widget-container\">\n\t\t\t<h2 class=\"elementor-heading-title elementor-size-default\"><a href=\"https:\/\/www.ufsm.br\/pro-reitorias\/pre\/incubadora-social\/nossos-resultados\">Nossos Resultados<\/a><\/h2>\t\t<\/div>\n\t\t\t\t<\/div>\n\t\t\t\t\t<\/div>\n\t\t<\/div>\n\t\t\t\t<div class=\"elementor-column elementor-col-16 elementor-top-column elementor-element elementor-element-5705027\" data-id=\"5705027\" data-element_type=\"column\">\n\t\t\t<div class=\"elementor-widget-wrap elementor-element-populated\">\n\t\t\t\t\t\t<div class=\"elementor-element elementor-element-70f9141 elementor-view-default elementor-widget elementor-widget-icon\" data-id=\"70f9141\" data-element_type=\"widget\" data-widget_type=\"icon.default\">\n\t\t\t\t<div class=\"elementor-widget-container\">\n\t\t\t\t\t<div class=\"elementor-icon-wrapper\">\n\t\t\t<a class=\"elementor-icon\" href=\"https:\/\/www.ufsm.br\/pro-reitorias\/pre\/incubadora-social\/conteudos-2\">\n\t\t\t<i aria-hidden=\"true\" class=\"far fa-folder-open\"><\/i>\t\t\t<\/a>\n\t\t<\/div>\n\t\t\t\t<\/div>\n\t\t\t\t<\/div>\n\t\t\t\t<div class=\"elementor-element elementor-element-2b24adc elementor-widget elementor-widget-heading\" data-id=\"2b24adc\" data-element_type=\"widget\" data-widget_type=\"heading.default\">\n\t\t\t\t<div class=\"elementor-widget-container\">\n\t\t\t<h2 class=\"elementor-heading-title elementor-size-default\"><a href=\"https:\/\/www.ufsm.br\/pro-reitorias\/pre\/incubadora-social\/conteudos-2\">Conte\u00fados<\/a><\/h2>\t\t<\/div>\n\t\t\t\t<\/div>\n\t\t\t\t\t<\/div>\n\t\t<\/div>\n\t\t\t\t<div class=\"elementor-column elementor-col-16 elementor-top-column elementor-element elementor-element-98906d0\" data-id=\"98906d0\" data-element_type=\"column\">\n\t\t\t<div class=\"elementor-widget-wrap elementor-element-populated\">\n\t\t\t\t\t\t<div class=\"elementor-element elementor-element-4f6d7e2 elementor-view-default elementor-widget elementor-widget-icon\" data-id=\"4f6d7e2\" data-element_type=\"widget\" data-widget_type=\"icon.default\">\n\t\t\t\t<div class=\"elementor-widget-container\">\n\t\t\t\t\t<div class=\"elementor-icon-wrapper\">\n\t\t\t<a class=\"elementor-icon\" href=\"https:\/\/www.ufsm.br\/pro-reitorias\/pre\/incubadora-social\/progredir-santa-maria\">\n\t\t\t<i aria-hidden=\"true\" class=\"fas fa-hands-helping\"><\/i>\t\t\t<\/a>\n\t\t<\/div>\n\t\t\t\t<\/div>\n\t\t\t\t<\/div>\n\t\t\t\t<div class=\"elementor-element elementor-element-85e7fd0 elementor-widget elementor-widget-heading\" data-id=\"85e7fd0\" data-element_type=\"widget\" data-widget_type=\"heading.default\">\n\t\t\t\t<div class=\"elementor-widget-container\">\n\t\t\t<h2 class=\"elementor-heading-title elementor-size-default\"><a href=\"https:\/\/www.ufsm.br\/pro-reitorias\/pre\/incubadora-social\/progredir-santa-maria\">Progredir Santa Maria<\/a><\/h2>\t\t<\/div>\n\t\t\t\t<\/div>\n\t\t\t\t\t<\/div>\n\t\t<\/div>\n\t\t\t\t<div class=\"elementor-column elementor-col-16 elementor-top-column elementor-element elementor-element-6dd81f8\" data-id=\"6dd81f8\" data-element_type=\"column\">\n\t\t\t<div class=\"elementor-widget-wrap elementor-element-populated\">\n\t\t\t\t\t\t<div class=\"elementor-element elementor-element-5bd5687 elementor-view-default elementor-widget elementor-widget-icon\" data-id=\"5bd5687\" data-element_type=\"widget\" data-widget_type=\"icon.default\">\n\t\t\t\t<div class=\"elementor-widget-container\">\n\t\t\t\t\t<div class=\"elementor-icon-wrapper\">\n\t\t\t<a class=\"elementor-icon\" href=\"https:\/\/www.ufsm.br\/pro-reitorias\/pre\/incubadora-social\/projetos-de-extensao-3\">\n\t\t\t<i aria-hidden=\"true\" class=\"fas fa-people-arrows\"><\/i>\t\t\t<\/a>\n\t\t<\/div>\n\t\t\t\t<\/div>\n\t\t\t\t<\/div>\n\t\t\t\t<div class=\"elementor-element elementor-element-d2744e4 elementor-widget elementor-widget-heading\" data-id=\"d2744e4\" data-element_type=\"widget\" data-widget_type=\"heading.default\">\n\t\t\t\t<div class=\"elementor-widget-container\">\n\t\t\t<h2 class=\"elementor-heading-title elementor-size-default\"><a href=\"https:\/\/www.ufsm.br\/pro-reitorias\/pre\/incubadora-social\/projetos-de-extensao-3\">Projetos de extens\u00e3o<\/a><\/h2>\t\t<\/div>\n\t\t\t\t<\/div>\n\t\t\t\t\t<\/div>\n\t\t<\/div>\n\t\t\t\t<div class=\"elementor-column elementor-col-16 elementor-top-column elementor-element elementor-element-5a77991\" data-id=\"5a77991\" data-element_type=\"column\">\n\t\t\t<div class=\"elementor-widget-wrap elementor-element-populated\">\n\t\t\t\t\t\t<div class=\"elementor-element elementor-element-a37b912 elementor-view-default elementor-widget elementor-widget-icon\" data-id=\"a37b912\" data-element_type=\"widget\" data-widget_type=\"icon.default\">\n\t\t\t\t<div class=\"elementor-widget-container\">\n\t\t\t\t\t<div class=\"elementor-icon-wrapper\">\n\t\t\t<a class=\"elementor-icon\" href=\"https:\/\/www.ufsm.br\/pro-reitorias\/pre\/incubadora-social\/lab-commerce\">\n\t\t\t<i aria-hidden=\"true\" class=\"fas fa-shopping-bag\"><\/i>\t\t\t<\/a>\n\t\t<\/div>\n\t\t\t\t<\/div>\n\t\t\t\t<\/div>\n\t\t\t\t<div class=\"elementor-element elementor-element-586e62b elementor-widget elementor-widget-heading\" data-id=\"586e62b\" data-element_type=\"widget\" data-widget_type=\"heading.default\">\n\t\t\t\t<div class=\"elementor-widget-container\">\n\t\t\t<h2 class=\"elementor-heading-title elementor-size-default\"><a href=\"https:\/\/www.ufsm.br\/pro-reitorias\/pre\/incubadora-social\/lab-commerce\">Lab Commerce<\/a><\/h2>\t\t<\/div>\n\t\t\t\t<\/div>\n\t\t\t\t\t<\/div>\n\t\t<\/div>\n\t\t\t\t\t<\/div>\n\t\t<\/section>\n\t\t\t\t<section class=\"elementor-section elementor-top-section elementor-element elementor-element-d2f2924 elementor-section-boxed elementor-section-height-default elementor-section-height-default\" data-id=\"d2f2924\" data-element_type=\"section\">\n\t\t\t\t\t\t<div class=\"elementor-container elementor-column-gap-default\">\n\t\t\t\t\t<div class=\"elementor-column elementor-col-100 elementor-top-column elementor-element elementor-element-68f91d1\" data-id=\"68f91d1\" data-element_type=\"column\">\n\t\t\t<div class=\"elementor-widget-wrap elementor-element-populated\">\n\t\t\t\t\t\t<div class=\"elementor-element elementor-element-5779cbd elementor-widget elementor-widget-wp-widget-ufsm_slider_widget\" data-id=\"5779cbd\" data-element_type=\"widget\" data-widget_type=\"wp-widget-ufsm_slider_widget.default\">\n\t\t\t\t<div class=\"elementor-widget-container\">\n\t\t\t<style>\n.ufsm-slider-progress-bar {\n    position: absolute;\n    left: 0; right: 0; bottom: 0;\n    height: 5px;\n    background: #e6b800; \/* ocre *\/\n    width: 0;\n    transition: none;\n    z-index: 10;\n    border-radius: 0 0 4px 4px;\n    opacity: 0.85;\n}\n.carousel-item {\n    position: relative;\n}\n<\/style>\n<div id='ufsm-slider-1788668704-163034474' class='carousel slide carousel-ufsm' data-bs-ride='carousel' aria-hidden='true' style=\"\">\n    <div class='carousel-inner'>\n                                <div class='carousel-item active' data-bs-interval='5000'>\n                                    <img decoding=\"async\" class='h-100 w-100' style='max-height:280px; object-fit:cover;' alt=\"\" title=\"\" src=\"https:\/\/www.ufsm.br\/app\/uploads\/sites\/570\/2026\/07\/5.jpg\" >\n                \n                <!-- Barra de progresso (apenas se houver mais de uma imagem) -->\n                                    <div class=\"ufsm-slider-progress-bar\"><\/div>\n                \n                            <\/div>\n                                <div class='carousel-item ' data-bs-interval='5000'>\n                                    <img decoding=\"async\" class='h-100 w-100' style='max-height:280px; object-fit:cover;' alt=\"\" title=\"\" src=\"https:\/\/www.ufsm.br\/app\/uploads\/sites\/570\/2026\/07\/6.jpg\" >\n                \n                <!-- Barra de progresso (apenas se houver mais de uma imagem) -->\n                                    <div class=\"ufsm-slider-progress-bar\"><\/div>\n                \n                            <\/div>\n                                <div class='carousel-item ' data-bs-interval='5000'>\n                                    <img decoding=\"async\" class='h-100 w-100' style='max-height:280px; object-fit:cover;' alt=\"\" title=\"\" src=\"https:\/\/www.ufsm.br\/app\/uploads\/sites\/570\/2026\/07\/7.jpg\" >\n                \n                <!-- Barra de progresso (apenas se houver mais de uma imagem) -->\n                                    <div class=\"ufsm-slider-progress-bar\"><\/div>\n                \n                            <\/div>\n                                <div class='carousel-item ' data-bs-interval='5000'>\n                                    <img decoding=\"async\" class='h-100 w-100' style='max-height:280px; object-fit:cover;' alt=\"\" title=\"\" src=\"https:\/\/www.ufsm.br\/app\/uploads\/sites\/570\/2026\/07\/8.jpg\" >\n                \n                <!-- Barra de progresso (apenas se houver mais de uma imagem) -->\n                                    <div class=\"ufsm-slider-progress-bar\"><\/div>\n                \n                            <\/div>\n                                <div class='carousel-item ' data-bs-interval='5000'>\n                                    <img decoding=\"async\" class='h-100 w-100' style='max-height:280px; object-fit:cover;' alt=\"\" title=\"\" src=\"https:\/\/www.ufsm.br\/app\/uploads\/sites\/570\/2026\/07\/9.jpg\" >\n                \n                <!-- Barra de progresso (apenas se houver mais de uma imagem) -->\n                                    <div class=\"ufsm-slider-progress-bar\"><\/div>\n                \n                            <\/div>\n                                <div class='carousel-item ' data-bs-interval='5000'>\n                                    <img decoding=\"async\" class='h-100 w-100' style='max-height:280px; object-fit:cover;' alt=\"\" title=\"\" src=\"https:\/\/www.ufsm.br\/app\/uploads\/sites\/570\/2026\/07\/10.jpg\" >\n                \n                <!-- Barra de progresso (apenas se houver mais de uma imagem) -->\n                                    <div class=\"ufsm-slider-progress-bar\"><\/div>\n                \n                            <\/div>\n                            <ol class='carousel-indicators carousel-indicators-numbers d-none d-md-flex align-self-end m-0'>\n                <li data-bs-target='#ufsm-slider-1788668704-163034474' data-bs-slide-to='0' class='d-flex rounded-circle active'><span class='m-auto fw-bold'>1<\/span><\/li><li data-bs-target='#ufsm-slider-1788668704-163034474' data-bs-slide-to='1' class='d-flex rounded-circle '><span class='m-auto fw-bold'>2<\/span><\/li><li data-bs-target='#ufsm-slider-1788668704-163034474' data-bs-slide-to='2' class='d-flex rounded-circle '><span class='m-auto fw-bold'>3<\/span><\/li><li data-bs-target='#ufsm-slider-1788668704-163034474' data-bs-slide-to='3' class='d-flex rounded-circle '><span class='m-auto fw-bold'>4<\/span><\/li><li data-bs-target='#ufsm-slider-1788668704-163034474' data-bs-slide-to='4' class='d-flex rounded-circle '><span class='m-auto fw-bold'>5<\/span><\/li><li data-bs-target='#ufsm-slider-1788668704-163034474' data-bs-slide-to='5' class='d-flex rounded-circle '><span class='m-auto fw-bold'>6<\/span><\/li>            <\/ol>\n            <a class='carousel-control-prev' href='#ufsm-slider-1788668704-163034474' role='button' data-bs-slide='prev'>\n                <span class='carousel-control-prev-icon' aria-hidden='true'><\/span>\n                <span class='visually-hidden'>Anterior<\/span>\n            <\/a>\n            <a class='carousel-control-next' href='#ufsm-slider-1788668704-163034474' role='button' data-bs-slide='next'>\n                <span class='carousel-control-next-icon' aria-hidden='true'><\/span>\n                <span class='visually-hidden'>Pr\u00f3ximo<\/span>\n            <\/a>\n            <\/div>\n<\/div>\n<script>\n(function(){\n    var carousel = document.getElementById('ufsm-slider-1788668704-163034474');\n    if (!carousel) return;\n    var tempo = 5000;\n    var bars = carousel.querySelectorAll('.ufsm-slider-progress-bar');\n    var items = carousel.querySelectorAll('.carousel-item');\n    var intervalId = null;\n\n    \/\/ S\u00f3 ativa barra se houver mais de uma imagem\n    if (bars.length < 1) return;\n\n    function resetBars() {\n        bars.forEach(function(bar){ bar.style.width = '0'; bar.style.transition = 'none'; });\n    }\n    function animateBar(idx) {\n        resetBars();\n        var bar = bars[idx];\n        if (!bar) return;\n        \/\/ For\u00e7a reflow para reiniciar a anima\u00e7\u00e3o\n        void bar.offsetWidth;\n        bar.style.transition = 'width ' + (tempo\/1000) + 's linear';\n        bar.style.width = '100%';\n    }\n    function getActiveIdx() {\n        for (var i=0; i<items.length; i++) {\n            if (items[i].classList.contains('active')) return i;\n        }\n        return 0;\n    }\n    function onSlide() {\n        setTimeout(function(){\n            animateBar(getActiveIdx());\n        }, 50);\n    }\n    \/\/ Bootstrap 5: evento 'slid.bs.carousel'\n    carousel.addEventListener('slid.bs.carousel', onSlide);\n    \/\/ Inicializa na primeira imagem\n    animateBar(getActiveIdx());\n    \/\/ Se o usu\u00e1rio interagir manualmente, reinicia a barra\n    carousel.addEventListener('slide.bs.carousel', function(){ resetBars(); });\n})();\n<\/script>\n<ul class='visually-hidden'>\n    <\/ul>\n\t\t<\/div>\n\t\t\t\t<\/div>\n\t\t\t\t\t<\/div>\n\t\t<\/div>\n\t\t\t\t\t<\/div>\n\t\t<\/section>\n\t\t\t\t<section class=\"elementor-section elementor-top-section elementor-element elementor-element-5d57508 elementor-section-boxed elementor-section-height-default elementor-section-height-default\" data-id=\"5d57508\" data-element_type=\"section\">\n\t\t\t\t\t\t<div class=\"elementor-container elementor-column-gap-default\">\n\t\t\t\t\t<div class=\"elementor-column elementor-col-100 elementor-top-column elementor-element elementor-element-f67ee9a\" data-id=\"f67ee9a\" data-element_type=\"column\">\n\t\t\t<div class=\"elementor-widget-wrap elementor-element-populated\">\n\t\t\t\t\t\t<div class=\"elementor-element elementor-element-76960d8 elementor-widget__width-initial elementor-widget elementor-widget-wp-widget-ufsm_noticias_widget\" data-id=\"76960d8\" data-element_type=\"widget\" data-widget_type=\"wp-widget-ufsm_noticias_widget.default\">\n\t\t\t\t<div class=\"elementor-widget-container\">\n\t\t\t<h5 class='titulo-conteudos'>Not\u00edcias<\/h5><div class='widget-noticias-inside'>\n                        <div class=\"row\">\n                                    <div class=\"col-12 col-lg-3 pb-4\">\n                                            <div class=\"noticias-widget-wrap\" style=\"height: 130px; overflow: hidden;\">\n                            <a title=\"\" href=\"https:\/\/www.ufsm.br\/pro-reitorias\/pre\/incubadora-social\/2026\/09\/03\/workshop-precificacao-de-a-a-z-promove-conhecimentos-para-uma-gestao-mais-sustentavel\">\n                                <span class=\"visually-hidden\">\n                                    Workshop \u201cPrecifica\u00e7\u00e3o de A a Z\u201d promove conhecimentos para uma gest\u00e3o mais sustent\u00e1vel                                <\/span>\n                                <div class=\"noticias-widget-thumbs h-100\">\n                                    <img decoding=\"async\" class=\"object-fit-cover h-100 w-100\" alt=\"\" srcset=\"https:\/\/www.ufsm.br\/app\/uploads\/sites\/570\/2026\/09\/Capa-materia-site-300x169.jpg 300w, https:\/\/www.ufsm.br\/app\/uploads\/sites\/570\/2026\/09\/Capa-materia-site-768x432.jpg 768w, https:\/\/www.ufsm.br\/app\/uploads\/sites\/570\/2026\/09\/Capa-materia-site.jpg 960w\" src=\"https:\/\/www.ufsm.br\/app\/uploads\/sites\/570\/2026\/09\/Capa-materia-site.jpg\"><\/img>\n                                <\/div>\n                            <\/a>\n                        <\/div>\n                                        \n                                        \n                    \n                    <a class=\"noticias-widget-title d-block  m-0 \"  title=\"Workshop \u201cPrecifica\u00e7\u00e3o de A a Z\u201d promove conhecimentos para uma gest\u00e3o mais sustent\u00e1vel\" href=\"https:\/\/www.ufsm.br\/pro-reitorias\/pre\/incubadora-social\/2026\/09\/03\/workshop-precificacao-de-a-a-z-promove-conhecimentos-para-uma-gestao-mais-sustentavel\">\n                                                Workshop \u201cPrecifica\u00e7\u00e3o de A a Z\u201d promove conhecimentos para uma gest\u00e3o mais sustent\u00e1vel                    <\/a>\n                    \n                                            <div class=\"noticias-widget-introtext\">\n                            O workshop \u201cPrecifica\u00e7\u00e3o de A a Z\u201d\u00a0 realizado pelo SESC Santa Maria, no audit\u00f3rio 309&hellip;                        <\/div>\n                    \n                                        \n                                            <div class=\"small\" title=\"Publicado no s\u00edtio: \"><\/div>\n                                        \n                                            \n                                                    <div title=\"Publicado em 03\/09\/2026 \" class=\"data-publicacao-widget\">\n                                <i  class=\"far fa-clock\"><\/i>\n                                03\/09\/2026                             <\/div>\n                                                                <\/div>\n                                    <div class=\"col-12 col-lg-3 pb-4\">\n                                            <div class=\"noticias-widget-wrap\" style=\"height: 130px; overflow: hidden;\">\n                            <a title=\"\" href=\"https:\/\/www.ufsm.br\/pro-reitorias\/pre\/incubadora-social\/2026\/09\/03\/resumo-da-semana-de-inovacao-e-impacto-social-no-hub-is-24-a-28-de-agosto\">\n                                <span class=\"visually-hidden\">\n                                    Resumo da Semana de Inova\u00e7\u00e3o e Impacto Social no Hub IS (24 a 28 de agosto)                                <\/span>\n                                <div class=\"noticias-widget-thumbs h-100\">\n                                    <img decoding=\"async\" class=\"object-fit-cover h-100 w-100\" alt=\"\" srcset=\"https:\/\/www.ufsm.br\/app\/uploads\/sites\/570\/2026\/07\/Capa-geral-materia-TBT-site-3-300x169.jpg 300w, https:\/\/www.ufsm.br\/app\/uploads\/sites\/570\/2026\/07\/Capa-geral-materia-TBT-site-3-1024x576.jpg 1024w, https:\/\/www.ufsm.br\/app\/uploads\/sites\/570\/2026\/07\/Capa-geral-materia-TBT-site-3-768x432.jpg 768w, https:\/\/www.ufsm.br\/app\/uploads\/sites\/570\/2026\/07\/Capa-geral-materia-TBT-site-3-1536x864.jpg 1536w, https:\/\/www.ufsm.br\/app\/uploads\/sites\/570\/2026\/07\/Capa-geral-materia-TBT-site-3.jpg 1920w\" src=\"https:\/\/www.ufsm.br\/app\/uploads\/sites\/570\/2026\/07\/Capa-geral-materia-TBT-site-3-1024x576.jpg\"><\/img>\n                                <\/div>\n                            <\/a>\n                        <\/div>\n                                        \n                                        \n                    \n                    <a class=\"noticias-widget-title d-block  m-0 \"  title=\"Resumo da Semana de Inova\u00e7\u00e3o e Impacto Social no Hub IS (24 a 28 de agosto)\" href=\"https:\/\/www.ufsm.br\/pro-reitorias\/pre\/incubadora-social\/2026\/09\/03\/resumo-da-semana-de-inovacao-e-impacto-social-no-hub-is-24-a-28-de-agosto\">\n                                                Resumo da Semana de Inova\u00e7\u00e3o e Impacto Social no Hub IS (24 a 28 de agosto)                    <\/a>\n                    \n                                            <div class=\"noticias-widget-introtext\">\n                            Hub IS promove programa\u00e7\u00e3o com oficinas, a\u00e7\u00f5es de voluntariado e iniciativas de impacto social. Entre&hellip;                        <\/div>\n                    \n                                        \n                                            <div class=\"small\" title=\"Publicado no s\u00edtio: \"><\/div>\n                                        \n                                            \n                                                    <div title=\"Publicado em 03\/09\/2026 \" class=\"data-publicacao-widget\">\n                                <i  class=\"far fa-clock\"><\/i>\n                                03\/09\/2026                             <\/div>\n                                                                <\/div>\n                                    <div class=\"col-12 col-lg-3 pb-4\">\n                                            <div class=\"noticias-widget-wrap\" style=\"height: 130px; overflow: hidden;\">\n                            <a title=\"\" href=\"https:\/\/www.ufsm.br\/pro-reitorias\/pre\/incubadora-social\/2026\/08\/28\/cia-diacono-inicia-oficinas-de-danca-no-em-parceria-com-hub-is-aproximando-cultura-educacao-e-comunidade\">\n                                <span class=\"visually-hidden\">\n                                    Cia Di\u00e1cono inicia oficinas de dan\u00e7a no em parceria com Hub IS, aproximando\u00a0 cultura, educa\u00e7\u00e3o e comunidade                                <\/span>\n                                <div class=\"noticias-widget-thumbs h-100\">\n                                    <img decoding=\"async\" class=\"object-fit-cover h-100 w-100\" alt=\"\" srcset=\"https:\/\/www.ufsm.br\/app\/uploads\/sites\/570\/2026\/08\/Capa-materia-site-2-2-300x169.jpg 300w, https:\/\/www.ufsm.br\/app\/uploads\/sites\/570\/2026\/08\/Capa-materia-site-2-2-768x432.jpg 768w, https:\/\/www.ufsm.br\/app\/uploads\/sites\/570\/2026\/08\/Capa-materia-site-2-2.jpg 960w\" src=\"https:\/\/www.ufsm.br\/app\/uploads\/sites\/570\/2026\/08\/Capa-materia-site-2-2.jpg\"><\/img>\n                                <\/div>\n                            <\/a>\n                        <\/div>\n                                        \n                                        \n                    \n                    <a class=\"noticias-widget-title d-block  m-0 \"  title=\"Cia Di\u00e1cono inicia oficinas de dan\u00e7a no em parceria com Hub IS, aproximando\u00a0 cultura, educa\u00e7\u00e3o e comunidade\" href=\"https:\/\/www.ufsm.br\/pro-reitorias\/pre\/incubadora-social\/2026\/08\/28\/cia-diacono-inicia-oficinas-de-danca-no-em-parceria-com-hub-is-aproximando-cultura-educacao-e-comunidade\">\n                                                Cia Di\u00e1cono inicia oficinas de dan\u00e7a no em parceria com Hub IS, aproximando\u00a0 cultura, educa\u00e7\u00e3o e comunidade                    <\/a>\n                    \n                                            <div class=\"noticias-widget-introtext\">\n                            Evento reuniu crian\u00e7as, adolescentes, fam\u00edlias e parceiros para marcar o in\u00edcio das atividades da Cia&hellip;                        <\/div>\n                    \n                                        \n                                            <div class=\"small\" title=\"Publicado no s\u00edtio: \"><\/div>\n                                        \n                                            \n                                                    <div title=\"Publicado em 28\/08\/2026 \" class=\"data-publicacao-widget\">\n                                <i  class=\"far fa-clock\"><\/i>\n                                28\/08\/2026                             <\/div>\n                                                                <\/div>\n                                    <div class=\"col-12 col-lg-3 pb-4\">\n                                            <div class=\"noticias-widget-wrap\" style=\"height: 130px; overflow: hidden;\">\n                            <a title=\"\" href=\"https:\/\/www.ufsm.br\/pro-reitorias\/pre\/incubadora-social\/2026\/08\/27\/resumo-da-semana-de-inovacao-e-impacto-social-no-hub-is-17-a-21-de-agosto\">\n                                <span class=\"visually-hidden\">\n                                    Resumo da Semana de Inova\u00e7\u00e3o e Impacto Social no Hub IS (17 a 21 de agosto)                                <\/span>\n                                <div class=\"noticias-widget-thumbs h-100\">\n                                    <img decoding=\"async\" class=\"object-fit-cover h-100 w-100\" alt=\"\" srcset=\"https:\/\/www.ufsm.br\/app\/uploads\/sites\/570\/2026\/06\/Capa-geral-materia-TBT-site-300x169.jpg 300w, https:\/\/www.ufsm.br\/app\/uploads\/sites\/570\/2026\/06\/Capa-geral-materia-TBT-site-1024x576.jpg 1024w, https:\/\/www.ufsm.br\/app\/uploads\/sites\/570\/2026\/06\/Capa-geral-materia-TBT-site-768x432.jpg 768w, https:\/\/www.ufsm.br\/app\/uploads\/sites\/570\/2026\/06\/Capa-geral-materia-TBT-site-1536x864.jpg 1536w, https:\/\/www.ufsm.br\/app\/uploads\/sites\/570\/2026\/06\/Capa-geral-materia-TBT-site.jpg 1920w\" src=\"https:\/\/www.ufsm.br\/app\/uploads\/sites\/570\/2026\/06\/Capa-geral-materia-TBT-site-1024x576.jpg\"><\/img>\n                                <\/div>\n                            <\/a>\n                        <\/div>\n                                        \n                                        \n                    \n                    <a class=\"noticias-widget-title d-block  m-0 \"  title=\"Resumo da Semana de Inova\u00e7\u00e3o e Impacto Social no Hub IS (17 a 21 de agosto)\" href=\"https:\/\/www.ufsm.br\/pro-reitorias\/pre\/incubadora-social\/2026\/08\/27\/resumo-da-semana-de-inovacao-e-impacto-social-no-hub-is-17-a-21-de-agosto\">\n                                                Resumo da Semana de Inova\u00e7\u00e3o e Impacto Social no Hub IS (17 a 21 de agosto)                    <\/a>\n                    \n                                            <div class=\"noticias-widget-introtext\">\n                            Entre os dias 17 e 21 de agosto, o Hub de Inova\u00e7\u00e3o Social recebeu e&hellip;                        <\/div>\n                    \n                                        \n                                            <div class=\"small\" title=\"Publicado no s\u00edtio: \"><\/div>\n                                        \n                                            \n                                                    <div title=\"Publicado em 27\/08\/2026 \" class=\"data-publicacao-widget\">\n                                <i  class=\"far fa-clock\"><\/i>\n                                27\/08\/2026                             <\/div>\n                                                                <\/div>\n                            <\/div>\n                    <div class=\"row\">\n                                    <div class=\"col-12 col-lg-3 pb-4\">\n                                            <div class=\"noticias-widget-wrap\" style=\"height: 130px; overflow: hidden;\">\n                            <a title=\"\" href=\"https:\/\/www.ufsm.br\/pro-reitorias\/pre\/incubadora-social\/2026\/08\/24\/curso-de-boas-praticas-de-fabricacao-de-alimentos-promove-formacao-para-producao-segura-de-alimentos\">\n                                <span class=\"visually-hidden\">\n                                    Curso de Boas Pr\u00e1ticas de Fabrica\u00e7\u00e3o de Alimentos promove forma\u00e7\u00e3o para produ\u00e7\u00e3o segura de alimentos                                <\/span>\n                                <div class=\"noticias-widget-thumbs h-100\">\n                                    <img decoding=\"async\" class=\"object-fit-cover h-100 w-100\" alt=\"\" srcset=\"https:\/\/www.ufsm.br\/app\/uploads\/sites\/570\/2026\/08\/1-300x169.jpg 300w, https:\/\/www.ufsm.br\/app\/uploads\/sites\/570\/2026\/08\/1-1024x576.jpg 1024w, https:\/\/www.ufsm.br\/app\/uploads\/sites\/570\/2026\/08\/1-768x432.jpg 768w, https:\/\/www.ufsm.br\/app\/uploads\/sites\/570\/2026\/08\/1-1536x864.jpg 1536w, https:\/\/www.ufsm.br\/app\/uploads\/sites\/570\/2026\/08\/1.jpg 1920w\" src=\"https:\/\/www.ufsm.br\/app\/uploads\/sites\/570\/2026\/08\/1-1024x576.jpg\"><\/img>\n                                <\/div>\n                            <\/a>\n                        <\/div>\n                                        \n                                        \n                    \n                    <a class=\"noticias-widget-title d-block  m-0 \"  title=\"Curso de Boas Pr\u00e1ticas de Fabrica\u00e7\u00e3o de Alimentos promove forma\u00e7\u00e3o para produ\u00e7\u00e3o segura de alimentos\" href=\"https:\/\/www.ufsm.br\/pro-reitorias\/pre\/incubadora-social\/2026\/08\/24\/curso-de-boas-praticas-de-fabricacao-de-alimentos-promove-formacao-para-producao-segura-de-alimentos\">\n                                                Curso de Boas Pr\u00e1ticas de Fabrica\u00e7\u00e3o de Alimentos promove forma\u00e7\u00e3o para produ\u00e7\u00e3o segura de alimentos                    <\/a>\n                    \n                                            <div class=\"noticias-widget-introtext\">\n                            Entre os dias 10 e 17 de agosto, a Qualieq, parceira do Hub IS, promoveu&hellip;                        <\/div>\n                    \n                                        \n                                            <div class=\"small\" title=\"Publicado no s\u00edtio: \"><\/div>\n                                        \n                                            \n                                                    <div title=\"Publicado em 24\/08\/2026 \" class=\"data-publicacao-widget\">\n                                <i  class=\"far fa-clock\"><\/i>\n                                24\/08\/2026                             <\/div>\n                                                                <\/div>\n                                    <div class=\"col-12 col-lg-3 pb-4\">\n                                            <div class=\"noticias-widget-wrap\" style=\"height: 130px; overflow: hidden;\">\n                            <a title=\"\" href=\"https:\/\/www.ufsm.br\/pro-reitorias\/pre\/incubadora-social\/2026\/08\/20\/resumo-da-semana-de-inovacao-e-impacto-social-no-hub-is-10-a-14-de-agosto\">\n                                <span class=\"visually-hidden\">\n                                    Resumo da Semana de Inova\u00e7\u00e3o e Impacto Social no Hub IS (10 a 14 de agosto)                                <\/span>\n                                <div class=\"noticias-widget-thumbs h-100\">\n                                    <img decoding=\"async\" class=\"object-fit-cover h-100 w-100\" alt=\"\" srcset=\"https:\/\/www.ufsm.br\/app\/uploads\/sites\/570\/2026\/07\/Capa-geral-materia-TBT-site-1-300x169.jpg 300w, https:\/\/www.ufsm.br\/app\/uploads\/sites\/570\/2026\/07\/Capa-geral-materia-TBT-site-1-1024x576.jpg 1024w, https:\/\/www.ufsm.br\/app\/uploads\/sites\/570\/2026\/07\/Capa-geral-materia-TBT-site-1-768x432.jpg 768w, https:\/\/www.ufsm.br\/app\/uploads\/sites\/570\/2026\/07\/Capa-geral-materia-TBT-site-1-1536x864.jpg 1536w, https:\/\/www.ufsm.br\/app\/uploads\/sites\/570\/2026\/07\/Capa-geral-materia-TBT-site-1.jpg 1920w\" src=\"https:\/\/www.ufsm.br\/app\/uploads\/sites\/570\/2026\/07\/Capa-geral-materia-TBT-site-1-1024x576.jpg\"><\/img>\n                                <\/div>\n                            <\/a>\n                        <\/div>\n                                        \n                                        \n                    \n                    <a class=\"noticias-widget-title d-block  m-0 \"  title=\"Resumo da Semana de Inova\u00e7\u00e3o e Impacto Social no Hub IS (10 a 14 de agosto)\" href=\"https:\/\/www.ufsm.br\/pro-reitorias\/pre\/incubadora-social\/2026\/08\/20\/resumo-da-semana-de-inovacao-e-impacto-social-no-hub-is-10-a-14-de-agosto\">\n                                                Resumo da Semana de Inova\u00e7\u00e3o e Impacto Social no Hub IS (10 a 14 de agosto)                    <\/a>\n                    \n                                            <div class=\"noticias-widget-introtext\">\n                            Curso de Boas Pr\u00e1ticas de Fabrica\u00e7\u00e3o de Alimentos De 10 a 17 de agosto, foi&hellip;                        <\/div>\n                    \n                                        \n                                            <div class=\"small\" title=\"Publicado no s\u00edtio: \"><\/div>\n                                        \n                                            \n                                                    <div title=\"Publicado em 20\/08\/2026 \" class=\"data-publicacao-widget\">\n                                <i  class=\"far fa-clock\"><\/i>\n                                20\/08\/2026                             <\/div>\n                                                                <\/div>\n                                    <div class=\"col-12 col-lg-3 pb-4\">\n                                            <div class=\"noticias-widget-wrap\" style=\"height: 130px; overflow: hidden;\">\n                            <a title=\"\" href=\"https:\/\/www.ufsm.br\/pro-reitorias\/pre\/incubadora-social\/2026\/08\/13\/resumo-da-semana-de-inovacao-e-impacto-social-no-hub-is-03-a-07-de-agosto\">\n                                <span class=\"visually-hidden\">\n                                    Resumo da Semana de Inova\u00e7\u00e3o e Impacto Social no Hub IS (03 a 07 de agosto)                                <\/span>\n                                <div class=\"noticias-widget-thumbs h-100\">\n                                    <img decoding=\"async\" class=\"object-fit-cover h-100 w-100\" alt=\"\" srcset=\"https:\/\/www.ufsm.br\/app\/uploads\/sites\/570\/2026\/07\/Capa-geral-materia-TBT-site-300x169.jpg 300w, https:\/\/www.ufsm.br\/app\/uploads\/sites\/570\/2026\/07\/Capa-geral-materia-TBT-site-1024x576.jpg 1024w, https:\/\/www.ufsm.br\/app\/uploads\/sites\/570\/2026\/07\/Capa-geral-materia-TBT-site-768x432.jpg 768w, https:\/\/www.ufsm.br\/app\/uploads\/sites\/570\/2026\/07\/Capa-geral-materia-TBT-site-1536x864.jpg 1536w, https:\/\/www.ufsm.br\/app\/uploads\/sites\/570\/2026\/07\/Capa-geral-materia-TBT-site.jpg 1920w\" src=\"https:\/\/www.ufsm.br\/app\/uploads\/sites\/570\/2026\/07\/Capa-geral-materia-TBT-site-1024x576.jpg\"><\/img>\n                                <\/div>\n                            <\/a>\n                        <\/div>\n                                        \n                                        \n                    \n                    <a class=\"noticias-widget-title d-block  m-0 \"  title=\"Resumo da Semana de Inova\u00e7\u00e3o e Impacto Social no Hub IS (03 a 07 de agosto)\" href=\"https:\/\/www.ufsm.br\/pro-reitorias\/pre\/incubadora-social\/2026\/08\/13\/resumo-da-semana-de-inovacao-e-impacto-social-no-hub-is-03-a-07-de-agosto\">\n                                                Resumo da Semana de Inova\u00e7\u00e3o e Impacto Social no Hub IS (03 a 07 de agosto)                    <\/a>\n                    \n                                            <div class=\"noticias-widget-introtext\">\n                            Ensacolarte promove oficinas de corte e costura com foco em gera\u00e7\u00e3o de rendaNa segunda-feira (03)&hellip;                        <\/div>\n                    \n                                        \n                                            <div class=\"small\" title=\"Publicado no s\u00edtio: \"><\/div>\n                                        \n                                            \n                                                    <div title=\"Publicado em 13\/08\/2026 \" class=\"data-publicacao-widget\">\n                                <i  class=\"far fa-clock\"><\/i>\n                                13\/08\/2026                             <\/div>\n                                                                <\/div>\n                                    <div class=\"col-12 col-lg-3 pb-4\">\n                                            <div class=\"noticias-widget-wrap\" style=\"height: 130px; overflow: hidden;\">\n                            <a title=\"\" href=\"https:\/\/www.ufsm.br\/pro-reitorias\/pre\/incubadora-social\/2026\/08\/11\/sustentabilidade-e-acao-climatica-hub-is-realiza-plantio-na-ufsm\">\n                                <span class=\"visually-hidden\">\n                                    Sustentabilidade e a\u00e7\u00e3o clim\u00e1tica: Hub IS realiza plantio na UFSM                                <\/span>\n                                <div class=\"noticias-widget-thumbs h-100\">\n                                    <img decoding=\"async\" class=\"object-fit-cover h-100 w-100\" alt=\"\" srcset=\"https:\/\/www.ufsm.br\/app\/uploads\/sites\/570\/2026\/08\/Capa-materia-site-meio-ambiente-mudinha-300x169.jpg 300w, https:\/\/www.ufsm.br\/app\/uploads\/sites\/570\/2026\/08\/Capa-materia-site-meio-ambiente-mudinha-1024x576.jpg 1024w, https:\/\/www.ufsm.br\/app\/uploads\/sites\/570\/2026\/08\/Capa-materia-site-meio-ambiente-mudinha-768x432.jpg 768w, https:\/\/www.ufsm.br\/app\/uploads\/sites\/570\/2026\/08\/Capa-materia-site-meio-ambiente-mudinha-1536x864.jpg 1536w, https:\/\/www.ufsm.br\/app\/uploads\/sites\/570\/2026\/08\/Capa-materia-site-meio-ambiente-mudinha.jpg 1920w\" src=\"https:\/\/www.ufsm.br\/app\/uploads\/sites\/570\/2026\/08\/Capa-materia-site-meio-ambiente-mudinha-1024x576.jpg\"><\/img>\n                                <\/div>\n                            <\/a>\n                        <\/div>\n                                        \n                                        \n                    \n                    <a class=\"noticias-widget-title d-block  m-0 \"  title=\"Sustentabilidade e a\u00e7\u00e3o clim\u00e1tica: Hub IS realiza plantio na UFSM\" href=\"https:\/\/www.ufsm.br\/pro-reitorias\/pre\/incubadora-social\/2026\/08\/11\/sustentabilidade-e-acao-climatica-hub-is-realiza-plantio-na-ufsm\">\n                                                Sustentabilidade e a\u00e7\u00e3o clim\u00e1tica: Hub IS realiza plantio na UFSM                    <\/a>\n                    \n                                            <div class=\"noticias-widget-introtext\">\n                            A\u00e7\u00e3o Clim\u00e1tica ganha ra\u00edzes no Campus da UFSM Em junho, o Hub de Inova\u00e7\u00e3o Social&hellip;                        <\/div>\n                    \n                                        \n                                            <div class=\"small\" title=\"Publicado no s\u00edtio: \"><\/div>\n                                        \n                                            \n                                                    <div title=\"Publicado em 11\/08\/2026 \" class=\"data-publicacao-widget\">\n                                <i  class=\"far fa-clock\"><\/i>\n                                11\/08\/2026                             <\/div>\n                                                                <\/div>\n                            <\/div>\n            <\/div>\n<div class=\"leia-mais p-1\">\n                <a href=\"https:\/\/www.ufsm.br\/pro-reitorias\/pre\/incubadora-social\/busca\/?q=&area=post&orderby=date&sites%5B%5D=570\">\n            LEIA MAIS            <span class=\"icon-box\">\n                <span class=\"bg-ufsm-widget-icon\">\n                    <i class=\"fas fa-chevron-right\" aria-hidden=\"true\"><\/i>\n                <\/span>\n            <\/span>\n        <\/a>\n    <\/div>\n\t\t<\/div>\n\t\t\t\t<\/div>\n\t\t\t\t\t<\/div>\n\t\t<\/div>\n\t\t\t\t\t<\/div>\n\t\t<\/section>\n\t\t\t\t<section class=\"elementor-section elementor-top-section elementor-element elementor-element-21f9640 elementor-section-boxed elementor-section-height-default elementor-section-height-default\" data-id=\"21f9640\" data-element_type=\"section\">\n\t\t\t\t\t\t<div class=\"elementor-container elementor-column-gap-default\">\n\t\t\t\t\t<div class=\"elementor-column elementor-col-100 elementor-top-column elementor-element elementor-element-5dd7470\" data-id=\"5dd7470\" data-element_type=\"column\">\n\t\t\t<div class=\"elementor-widget-wrap elementor-element-populated\">\n\t\t\t\t\t\t<div class=\"elementor-element elementor-element-51b2476 elementor-widget elementor-widget-wp-widget-ufsm_editais_widget\" data-id=\"51b2476\" data-element_type=\"widget\" data-widget_type=\"wp-widget-ufsm_editais_widget.default\">\n\t\t\t\t<div class=\"elementor-widget-container\">\n\t\t\t<h2 class='titulo-conteudos'>Editais<\/h2><div class='row'>\n            <div class=\"col-lg-12 px-3 pb-3\">\n            \n                            <span class='categoria-publicacao-widget'>Geral<\/span>\n                <br>\n                        \n            <a title=\"094\/2026 - CHAMADA INTERNA - Edital de Sele\u00e7\u00e3o de bolsista para Incubadora Social da UFSM\" href=\"https:\/\/www.ufsm.br\/pro-reitorias\/pre\/editais\/094-2026\">\n                <span class=\"titulo-publicacao-widget\">094\/2026 - CHAMADA INTERNA - Edital de Sele\u00e7\u00e3o de bolsista para Incubadora Social da UFSM<\/span>\n                <br>\n            <\/a>\n\n                        \n                \n        <\/div>\n            <div class=\"col-lg-12 px-3 pb-3\">\n            \n                            <span class='categoria-publicacao-widget'>Geral<\/span>\n                <br>\n                        \n            <a title=\"03\/2026 - EDITAL DE SELE\u00c7\u00c3O DE BOLSISTAS Projeto \u201cPlataforma Integrada de Pr\u00e9-Incuba\u00e7\u00e3o da UFSM para Desenvolvimento, Transforma\u00e7\u00e3o e Escala de Startups e Empreendimentos Inovadores\u201d\" href=\"https:\/\/www.ufsm.br\/pro-reitorias\/pre\/editais\/003-2026\">\n                <span class=\"titulo-publicacao-widget\">03\/2026 - EDITAL DE SELE\u00c7\u00c3O DE BOLSISTAS Projeto \u201cPlataforma Integrada de Pr\u00e9-Incuba\u00e7\u00e3o da UFSM para Desenvolvimento, Transforma\u00e7\u00e3o e Escala de Startups e Empreendimentos Inovadores\u201d<\/span>\n                <br>\n            <\/a>\n\n                        \n                \n        <\/div>\n            <div class=\"col-lg-12 px-3 pb-3\">\n            \n                            <span class='categoria-publicacao-widget'>Geral<\/span>\n                <br>\n                        \n            <a title=\"039\/2026 - SELE\u00c7\u00c3O INTERNA PARA A\u00c7\u00d5ES DE INOVA\u00c7\u00c3O SOCIAL DO HUB IS\" href=\"https:\/\/www.ufsm.br\/pro-reitorias\/pre\/editais\/039-2026\">\n                <span class=\"titulo-publicacao-widget\">039\/2026 - SELE\u00c7\u00c3O INTERNA PARA A\u00c7\u00d5ES DE INOVA\u00c7\u00c3O SOCIAL DO HUB IS<\/span>\n                <br>\n            <\/a>\n\n                        \n                \n        <\/div>\n            <div class=\"col-lg-12 px-3 pb-3\">\n            \n                            <span class='categoria-publicacao-widget'>Geral<\/span>\n                <br>\n                        \n            <a title=\"026\/2026 - CHAMADA INTERNA - Edital de Sele\u00e7\u00e3o de bolsista para Incubadora Social da UFSM\" href=\"https:\/\/www.ufsm.br\/pro-reitorias\/pre\/editais\/026-2026\">\n                <span class=\"titulo-publicacao-widget\">026\/2026 - CHAMADA INTERNA - Edital de Sele\u00e7\u00e3o de bolsista para Incubadora Social da UFSM<\/span>\n                <br>\n            <\/a>\n\n                        \n                \n        <\/div>\n            <div class=\"col-lg-12 px-3 pb-3\">\n            \n                            <span class='categoria-publicacao-widget'>Geral<\/span>\n                <br>\n                        \n            <a title=\"091\/2025 - CHAMADA INTERNA - Edital de Sele\u00e7\u00e3o de bolsista para Incubadora Social da UFSM\" href=\"https:\/\/www.ufsm.br\/pro-reitorias\/pre\/editais\/091-2025\">\n                <span class=\"titulo-publicacao-widget\">091\/2025 - CHAMADA INTERNA - Edital de Sele\u00e7\u00e3o de bolsista para Incubadora Social da UFSM<\/span>\n                <br>\n            <\/a>\n\n                        \n                \n        <\/div>\n    <\/div>\n\t\t<\/div>\n\t\t\t\t<\/div>\n\t\t\t\t\t<\/div>\n\t\t<\/div>\n\t\t\t\t\t<\/div>\n\t\t<\/section>\n\t\t\t\t<\/div>\n\t\t","protected":false},"excerpt":{"rendered":"<p>SOMOS O ECOSSISTEMA DE INOVA\u00c7\u00c3O SOCIAL DA UFSM A Incubadora Social da UFSM (IS-UFSM) e o\u00a0Hub de Inova\u00e7\u00e3o Social (Hub IS) atuam como um organismo \u00fanico dedicado ao desenvolvimento\u00a0humano e \u00e0 sustentabilidade. Desde 2012, a Incubadora Social serve como o alicerce metodol\u00f3gico, oferecendo suporte t\u00e9cnico e fomento \u00e0 economia solid\u00e1ria. Em 2024, esse trabalho ganhou [&hellip;]<\/p>\n","protected":false},"author":8,"featured_media":0,"parent":0,"menu_order":0,"comment_status":"closed","ping_status":"closed","template":"","meta":{"footnotes":""},"categories":[2],"tags":[],"class_list":["post-5","page","type-page","status-publish","hentry","category-noticias"],"acf":[],"_links":{"self":[{"href":"https:\/\/www.ufsm.br\/pro-reitorias\/pre\/incubadora-social\/wp-json\/wp\/v2\/pages\/5","targetHints":{"allow":["GET"]}}],"collection":[{"href":"https:\/\/www.ufsm.br\/pro-reitorias\/pre\/incubadora-social\/wp-json\/wp\/v2\/pages"}],"about":[{"href":"https:\/\/www.ufsm.br\/pro-reitorias\/pre\/incubadora-social\/wp-json\/wp\/v2\/types\/page"}],"author":[{"embeddable":true,"href":"https:\/\/www.ufsm.br\/pro-reitorias\/pre\/incubadora-social\/wp-json\/wp\/v2\/users\/8"}],"replies":[{"embeddable":true,"href":"https:\/\/www.ufsm.br\/pro-reitorias\/pre\/incubadora-social\/wp-json\/wp\/v2\/comments?post=5"}],"version-history":[{"count":0,"href":"https:\/\/www.ufsm.br\/pro-reitorias\/pre\/incubadora-social\/wp-json\/wp\/v2\/pages\/5\/revisions"}],"wp:attachment":[{"href":"https:\/\/www.ufsm.br\/pro-reitorias\/pre\/incubadora-social\/wp-json\/wp\/v2\/media?parent=5"}],"wp:term":[{"taxonomy":"category","embeddable":true,"href":"https:\/\/www.ufsm.br\/pro-reitorias\/pre\/incubadora-social\/wp-json\/wp\/v2\/categories?post=5"},{"taxonomy":"post_tag","embeddable":true,"href":"https:\/\/www.ufsm.br\/pro-reitorias\/pre\/incubadora-social\/wp-json\/wp\/v2\/tags?post=5"}],"curies":[{"name":"wp","href":"https:\/\/api.w.org\/{rel}","templated":true}]}}