{"id":2143,"date":"2023-12-29T11:33:20","date_gmt":"2023-12-29T14:33:20","guid":{"rendered":"https:\/\/www.ufsm.br\/orgaos-de-apoio\/silveira-martins\/?page_id=2143"},"modified":"2025-06-10T09:15:17","modified_gmt":"2025-06-10T12:15:17","slug":"republica-das-mulheres","status":"publish","type":"page","link":"https:\/\/www.ufsm.br\/pro-reitorias\/pre\/silveira-martins\/republica-das-mulheres","title":{"rendered":"Rep\u00fablica das Mulheres"},"content":{"rendered":"\t\t<div data-elementor-type=\"wp-page\" data-elementor-id=\"2143\" class=\"elementor elementor-2143\">\n\t\t\t\t\t\t<section class=\"elementor-section elementor-top-section elementor-element elementor-element-bd7b2df elementor-section-boxed elementor-section-height-default elementor-section-height-default\" data-id=\"bd7b2df\" data-element_type=\"section\">\n\t\t\t\t\t\t<div class=\"elementor-container elementor-column-gap-default\">\n\t\t\t\t\t<div class=\"elementor-column elementor-col-100 elementor-top-column elementor-element elementor-element-1f31071\" data-id=\"1f31071\" data-element_type=\"column\">\n\t\t\t<div class=\"elementor-widget-wrap elementor-element-populated\">\n\t\t\t\t\t\t<div class=\"elementor-element elementor-element-fcb0702 elementor-widget elementor-widget-image\" data-id=\"fcb0702\" data-element_type=\"widget\" data-widget_type=\"image.default\">\n\t\t\t\t<div class=\"elementor-widget-container\">\n\t\t\t\t\t\t\t\t\t\t\t\t\t<img fetchpriority=\"high\" decoding=\"async\" width=\"1162\" height=\"298\" src=\"https:\/\/www.ufsm.br\/app\/uploads\/sites\/821\/2023\/12\/banner_2.jpg\" class=\"attachment-1536x1536 size-1536x1536 wp-image-2144\" alt=\"\" srcset=\"https:\/\/www.ufsm.br\/app\/uploads\/sites\/821\/2023\/12\/banner_2.jpg 1162w, https:\/\/www.ufsm.br\/app\/uploads\/sites\/821\/2023\/12\/banner_2-300x77.jpg 300w, https:\/\/www.ufsm.br\/app\/uploads\/sites\/821\/2023\/12\/banner_2-1024x263.jpg 1024w, https:\/\/www.ufsm.br\/app\/uploads\/sites\/821\/2023\/12\/banner_2-768x197.jpg 768w\" sizes=\"(max-width: 1162px) 100vw, 1162px\" \/>\t\t\t\t\t\t\t\t\t\t\t\t\t<\/div>\n\t\t\t\t<\/div>\n\t\t\t\t\t<\/div>\n\t\t<\/div>\n\t\t\t\t\t<\/div>\n\t\t<\/section>\n\t\t\t\t<section class=\"elementor-section elementor-top-section elementor-element elementor-element-3549c70 elementor-section-boxed elementor-section-height-default elementor-section-height-default\" data-id=\"3549c70\" data-element_type=\"section\">\n\t\t\t\t\t\t<div class=\"elementor-container elementor-column-gap-default\">\n\t\t\t\t\t<div class=\"elementor-column elementor-col-100 elementor-top-column elementor-element elementor-element-39ebbd8\" data-id=\"39ebbd8\" data-element_type=\"column\">\n\t\t\t<div class=\"elementor-widget-wrap elementor-element-populated\">\n\t\t\t\t\t\t<div class=\"elementor-element elementor-element-92b867a elementor-widget elementor-widget-spacer\" data-id=\"92b867a\" data-element_type=\"widget\" data-widget_type=\"spacer.default\">\n\t\t\t\t<div class=\"elementor-widget-container\">\n\t\t\t\t\t<div class=\"elementor-spacer\">\n\t\t\t<div class=\"elementor-spacer-inner\"><\/div>\n\t\t<\/div>\n\t\t\t\t<\/div>\n\t\t\t\t<\/div>\n\t\t\t\t\t<\/div>\n\t\t<\/div>\n\t\t\t\t\t<\/div>\n\t\t<\/section>\n\t\t\t\t<section class=\"elementor-section elementor-top-section elementor-element elementor-element-ae370eb elementor-section-boxed elementor-section-height-default elementor-section-height-default\" data-id=\"ae370eb\" data-element_type=\"section\">\n\t\t\t\t\t\t<div class=\"elementor-container elementor-column-gap-default\">\n\t\t\t\t\t<div class=\"elementor-column elementor-col-100 elementor-top-column elementor-element elementor-element-6f62421\" data-id=\"6f62421\" data-element_type=\"column\">\n\t\t\t<div class=\"elementor-widget-wrap elementor-element-populated\">\n\t\t\t\t\t\t<div class=\"elementor-element elementor-element-261515c elementor-widget elementor-widget-image\" data-id=\"261515c\" data-element_type=\"widget\" data-widget_type=\"image.default\">\n\t\t\t\t<div class=\"elementor-widget-container\">\n\t\t\t\t\t\t\t\t\t\t\t\t\t<img decoding=\"async\" width=\"300\" height=\"82\" src=\"https:\/\/www.ufsm.br\/app\/uploads\/sites\/821\/2024\/01\/1.png\" class=\"attachment-medium_large size-medium_large wp-image-2145\" alt=\"\" \/>\t\t\t\t\t\t\t\t\t\t\t\t\t<\/div>\n\t\t\t\t<\/div>\n\t\t\t\t\t<\/div>\n\t\t<\/div>\n\t\t\t\t\t<\/div>\n\t\t<\/section>\n\t\t\t\t<section class=\"elementor-section elementor-top-section elementor-element elementor-element-86220e5 elementor-section-boxed elementor-section-height-default elementor-section-height-default\" data-id=\"86220e5\" data-element_type=\"section\">\n\t\t\t\t\t\t<div class=\"elementor-container elementor-column-gap-default\">\n\t\t\t\t\t<div class=\"elementor-column elementor-col-100 elementor-top-column elementor-element elementor-element-a9f094c\" data-id=\"a9f094c\" data-element_type=\"column\">\n\t\t\t<div class=\"elementor-widget-wrap elementor-element-populated\">\n\t\t\t\t\t\t<div class=\"elementor-element elementor-element-ff46fc0 elementor-widget elementor-widget-text-editor\" data-id=\"ff46fc0\" data-element_type=\"widget\" data-widget_type=\"text-editor.default\">\n\t\t\t\t<div class=\"elementor-widget-container\">\n\t\t\t\t\t\t\t<p>O Projeto <em>Rep\u00fablica das Mulheres <\/em>\u00e9 uma iniciativa pedag\u00f3gica que tem como objetivo apresentar a literatura escrita por mulheres, que muitas vezes foram silenciadas e almejaram uma sociedade mais justa. Um recurso educacional que prop\u00f5e a valoriza\u00e7\u00e3o da literatura feminina e dos processos hist\u00f3ricos vividos. O prop\u00f3sito do projeto \u00e9 levar para as escolas essas vozes silenciadas por tantos anos. Atuamos distribuindo Kits liter\u00e1rios, realizando palestras e aulas de escrita criativa nas escolas do Munic\u00edpio e Estado com o objetivo de fomentar a leitura de obras escritas por mulheres.<\/p>\t\t\t\t\t\t<\/div>\n\t\t\t\t<\/div>\n\t\t\t\t\t<\/div>\n\t\t<\/div>\n\t\t\t\t\t<\/div>\n\t\t<\/section>\n\t\t\t\t<section class=\"elementor-section elementor-top-section elementor-element elementor-element-1f293ca elementor-section-boxed elementor-section-height-default elementor-section-height-default\" data-id=\"1f293ca\" data-element_type=\"section\">\n\t\t\t\t\t\t<div class=\"elementor-container elementor-column-gap-default\">\n\t\t\t\t\t<div class=\"elementor-column elementor-col-100 elementor-top-column elementor-element elementor-element-9b6e762\" data-id=\"9b6e762\" data-element_type=\"column\">\n\t\t\t<div class=\"elementor-widget-wrap elementor-element-populated\">\n\t\t\t\t\t\t<div class=\"elementor-element elementor-element-eaf48f2 elementor-widget elementor-widget-image\" data-id=\"eaf48f2\" data-element_type=\"widget\" data-widget_type=\"image.default\">\n\t\t\t\t<div class=\"elementor-widget-container\">\n\t\t\t\t\t\t\t\t\t\t\t\t\t<img decoding=\"async\" width=\"300\" height=\"82\" src=\"https:\/\/www.ufsm.br\/app\/uploads\/sites\/821\/2024\/01\/2.png\" class=\"attachment-medium_large size-medium_large wp-image-2146\" alt=\"\" \/>\t\t\t\t\t\t\t\t\t\t\t\t\t<\/div>\n\t\t\t\t<\/div>\n\t\t\t\t\t<\/div>\n\t\t<\/div>\n\t\t\t\t\t<\/div>\n\t\t<\/section>\n\t\t\t\t<section class=\"elementor-section elementor-top-section elementor-element elementor-element-1737893 elementor-section-boxed elementor-section-height-default elementor-section-height-default\" data-id=\"1737893\" data-element_type=\"section\">\n\t\t\t\t\t\t<div class=\"elementor-container elementor-column-gap-default\">\n\t\t\t\t\t<div class=\"elementor-column elementor-col-100 elementor-top-column elementor-element elementor-element-0f329c9\" data-id=\"0f329c9\" data-element_type=\"column\">\n\t\t\t<div class=\"elementor-widget-wrap elementor-element-populated\">\n\t\t\t\t\t\t<section class=\"elementor-section elementor-inner-section elementor-element elementor-element-8ad98f3 elementor-section-boxed elementor-section-height-default elementor-section-height-default\" data-id=\"8ad98f3\" data-element_type=\"section\">\n\t\t\t\t\t\t<div class=\"elementor-container elementor-column-gap-default\">\n\t\t\t\t\t<div class=\"elementor-column elementor-col-50 elementor-inner-column elementor-element elementor-element-1b2b951\" data-id=\"1b2b951\" data-element_type=\"column\">\n\t\t\t<div class=\"elementor-widget-wrap elementor-element-populated\">\n\t\t\t\t\t\t<div class=\"elementor-element elementor-element-97d9ee7 elementor-widget elementor-widget-image\" data-id=\"97d9ee7\" data-element_type=\"widget\" data-widget_type=\"image.default\">\n\t\t\t\t<div class=\"elementor-widget-container\">\n\t\t\t\t\t\t\t\t\t\t\t\t\t<img loading=\"lazy\" decoding=\"async\" width=\"240\" height=\"300\" src=\"https:\/\/www.ufsm.br\/app\/uploads\/sites\/821\/2024\/01\/imagem_1-240x300.jpg\" class=\"attachment-medium size-medium wp-image-2147\" alt=\"\" srcset=\"https:\/\/www.ufsm.br\/app\/uploads\/sites\/821\/2024\/01\/imagem_1-240x300.jpg 240w, https:\/\/www.ufsm.br\/app\/uploads\/sites\/821\/2024\/01\/imagem_1-819x1024.jpg 819w, https:\/\/www.ufsm.br\/app\/uploads\/sites\/821\/2024\/01\/imagem_1-768x960.jpg 768w, https:\/\/www.ufsm.br\/app\/uploads\/sites\/821\/2024\/01\/imagem_1.jpg 1080w\" sizes=\"(max-width: 240px) 100vw, 240px\" \/>\t\t\t\t\t\t\t\t\t\t\t\t\t<\/div>\n\t\t\t\t<\/div>\n\t\t\t\t\t<\/div>\n\t\t<\/div>\n\t\t\t\t<div class=\"elementor-column elementor-col-50 elementor-inner-column elementor-element elementor-element-c5fbf64\" data-id=\"c5fbf64\" data-element_type=\"column\">\n\t\t\t<div class=\"elementor-widget-wrap elementor-element-populated\">\n\t\t\t\t\t\t<div class=\"elementor-element elementor-element-3a8983e elementor-widget__width-initial elementor-widget elementor-widget-text-editor\" data-id=\"3a8983e\" data-element_type=\"widget\" data-widget_type=\"text-editor.default\">\n\t\t\t\t<div class=\"elementor-widget-container\">\n\t\t\t\t\t\t\t<p>\u00a0<\/p><p>A primeira mulher que apresentamos \u00e9 a madrilenha Luisa Carn\u00e9s (1905-1964), esquecida por mais de oitenta anos nos por\u00f5es da ditadura franquista. Luisa Carn\u00e9s foi uma audaciosa jornalista que contou a sua vida e o que ela via em seu entorno. Luisa Carn\u00e9s nasceu em Madri no dia 03 de janeiro de 1905 e morreu em um acidente automobil\u00edstico no dia 08 de mar\u00e7o de 1964 no M\u00e9xico, pa\u00eds que a acolheu durante o ex\u00edlio. Ela entrela\u00e7ou com palavras em amarelo, vermelho e roxo as cores que simbolizavam a bandeira da Espanha e da Rep\u00fablica perdida. Suas obras liter\u00e1rias compreendem seu compromisso social e pol\u00edtico, assim como a sua preocupa\u00e7\u00e3o com as classes desfavorecidas.<\/p>\t\t\t\t\t\t<\/div>\n\t\t\t\t<\/div>\n\t\t\t\t\t<\/div>\n\t\t<\/div>\n\t\t\t\t\t<\/div>\n\t\t<\/section>\n\t\t\t\t\t<\/div>\n\t\t<\/div>\n\t\t\t\t\t<\/div>\n\t\t<\/section>\n\t\t\t\t<section class=\"elementor-section elementor-top-section elementor-element elementor-element-226e4be elementor-section-boxed elementor-section-height-default elementor-section-height-default\" data-id=\"226e4be\" data-element_type=\"section\">\n\t\t\t\t\t\t<div class=\"elementor-container elementor-column-gap-default\">\n\t\t\t\t\t<div class=\"elementor-column elementor-col-100 elementor-top-column elementor-element elementor-element-2d8687a\" data-id=\"2d8687a\" data-element_type=\"column\">\n\t\t\t<div class=\"elementor-widget-wrap elementor-element-populated\">\n\t\t\t\t\t\t<div class=\"elementor-element elementor-element-da2d817 elementor-widget elementor-widget-image\" data-id=\"da2d817\" data-element_type=\"widget\" data-widget_type=\"image.default\">\n\t\t\t\t<div class=\"elementor-widget-container\">\n\t\t\t\t\t\t\t\t\t\t\t\t\t<img loading=\"lazy\" decoding=\"async\" width=\"300\" height=\"82\" src=\"https:\/\/www.ufsm.br\/app\/uploads\/sites\/821\/2024\/01\/3.png\" class=\"attachment-large size-large wp-image-2149\" alt=\"\" \/>\t\t\t\t\t\t\t\t\t\t\t\t\t<\/div>\n\t\t\t\t<\/div>\n\t\t\t\t\t<\/div>\n\t\t<\/div>\n\t\t\t\t\t<\/div>\n\t\t<\/section>\n\t\t\t\t<section class=\"elementor-section elementor-top-section elementor-element elementor-element-7a826e2 elementor-section-boxed elementor-section-height-default elementor-section-height-default\" data-id=\"7a826e2\" data-element_type=\"section\">\n\t\t\t\t\t\t<div class=\"elementor-container elementor-column-gap-default\">\n\t\t\t\t\t<div class=\"elementor-column elementor-col-100 elementor-top-column elementor-element elementor-element-4c363ac\" data-id=\"4c363ac\" data-element_type=\"column\">\n\t\t\t<div class=\"elementor-widget-wrap elementor-element-populated\">\n\t\t\t\t\t\t<div class=\"elementor-element elementor-element-8c6cfb6 elementor-widget elementor-widget-text-editor\" data-id=\"8c6cfb6\" data-element_type=\"widget\" data-widget_type=\"text-editor.default\">\n\t\t\t\t<div class=\"elementor-widget-container\">\n\t\t\t\t\t\t\t<p>As ilustra\u00e7\u00f5es destas obras foram recriadas pelas alunas do curso de desenho industrial da UFSM:\u00a0 Beatriz Lima Mattos, Daniela Nunes Flores , Heloisa Falqueto Caliman.<\/p>\t\t\t\t\t\t<\/div>\n\t\t\t\t<\/div>\n\t\t\t\t\t<\/div>\n\t\t<\/div>\n\t\t\t\t\t<\/div>\n\t\t<\/section>\n\t\t\t\t<section class=\"elementor-section elementor-top-section elementor-element elementor-element-66925e6 elementor-section-boxed elementor-section-height-default elementor-section-height-default\" data-id=\"66925e6\" data-element_type=\"section\">\n\t\t\t\t\t\t<div class=\"elementor-container elementor-column-gap-default\">\n\t\t\t\t\t<div class=\"elementor-column elementor-col-100 elementor-top-column elementor-element elementor-element-807820b\" data-id=\"807820b\" data-element_type=\"column\">\n\t\t\t<div class=\"elementor-widget-wrap elementor-element-populated\">\n\t\t\t\t\t\t<section class=\"elementor-section elementor-inner-section elementor-element elementor-element-1265b05 elementor-section-boxed elementor-section-height-default elementor-section-height-default\" data-id=\"1265b05\" data-element_type=\"section\">\n\t\t\t\t\t\t<div class=\"elementor-container elementor-column-gap-default\">\n\t\t\t\t\t<div class=\"elementor-column elementor-col-50 elementor-inner-column elementor-element elementor-element-c89736c\" data-id=\"c89736c\" data-element_type=\"column\">\n\t\t\t<div class=\"elementor-widget-wrap elementor-element-populated\">\n\t\t\t\t\t\t<div class=\"elementor-element elementor-element-124e338 elementor-widget elementor-widget-image\" data-id=\"124e338\" data-element_type=\"widget\" data-widget_type=\"image.default\">\n\t\t\t\t<div class=\"elementor-widget-container\">\n\t\t\t\t\t\t\t\t\t\t\t\t\t<img loading=\"lazy\" decoding=\"async\" width=\"240\" height=\"300\" src=\"https:\/\/www.ufsm.br\/app\/uploads\/sites\/821\/2024\/01\/imagem_3-240x300.jpg\" class=\"attachment-medium size-medium wp-image-2150\" alt=\"\" srcset=\"https:\/\/www.ufsm.br\/app\/uploads\/sites\/821\/2024\/01\/imagem_3-240x300.jpg 240w, https:\/\/www.ufsm.br\/app\/uploads\/sites\/821\/2024\/01\/imagem_3-819x1024.jpg 819w, https:\/\/www.ufsm.br\/app\/uploads\/sites\/821\/2024\/01\/imagem_3-768x960.jpg 768w, https:\/\/www.ufsm.br\/app\/uploads\/sites\/821\/2024\/01\/imagem_3.jpg 1080w\" sizes=\"(max-width: 240px) 100vw, 240px\" \/>\t\t\t\t\t\t\t\t\t\t\t\t\t<\/div>\n\t\t\t\t<\/div>\n\t\t\t\t\t<\/div>\n\t\t<\/div>\n\t\t\t\t<div class=\"elementor-column elementor-col-50 elementor-inner-column elementor-element elementor-element-8779a11\" data-id=\"8779a11\" data-element_type=\"column\">\n\t\t\t<div class=\"elementor-widget-wrap elementor-element-populated\">\n\t\t\t\t\t\t<div class=\"elementor-element elementor-element-a5cf04b elementor-widget__width-initial elementor-widget elementor-widget-text-editor\" data-id=\"a5cf04b\" data-element_type=\"widget\" data-widget_type=\"text-editor.default\">\n\t\t\t\t<div class=\"elementor-widget-container\">\n\t\t\t\t\t\t\t<p><br><\/p><p>Durante o per\u00edodo que viveu na Espanha Luisa Carn\u00e9s publicou tr\u00eas romances. <em>Peregrinos de Calvario<\/em> (1928) \u00e9 o primeiro e marca a entrada da escritora no mundo liter\u00e1rio. Esta obra permanece sem reedi\u00e7\u00e3o. O romance re\u00fane tr\u00eas relatos: \u201cEl pintor de los bellos horrores\u201d; \u201cEl otro amor\u201d e \u201cLa ciudad dormida\u201d. A escritora nos mostra a&nbsp; felicidade como um ideal imposs\u00edvel principalmente para os pobres. Os personagens femininos desses relatos carregam o fardo ideol\u00f3gico imposto as mulheres. Luisa Carn\u00e9s reconhece a palavra popular como uma ferramenta de proximidade com o leitor, seus personagens explicam o mundo com sua pr\u00f3pria voz.<\/p>\t\t\t\t\t\t<\/div>\n\t\t\t\t<\/div>\n\t\t\t\t\t<\/div>\n\t\t<\/div>\n\t\t\t\t\t<\/div>\n\t\t<\/section>\n\t\t\t\t\t<\/div>\n\t\t<\/div>\n\t\t\t\t\t<\/div>\n\t\t<\/section>\n\t\t\t\t<section class=\"elementor-section elementor-top-section elementor-element elementor-element-f1bf85f elementor-section-boxed elementor-section-height-default elementor-section-height-default\" data-id=\"f1bf85f\" data-element_type=\"section\">\n\t\t\t\t\t\t<div class=\"elementor-container elementor-column-gap-default\">\n\t\t\t\t\t<div class=\"elementor-column elementor-col-100 elementor-top-column elementor-element elementor-element-cc1c8b5\" data-id=\"cc1c8b5\" data-element_type=\"column\">\n\t\t\t<div class=\"elementor-widget-wrap elementor-element-populated\">\n\t\t\t\t\t\t<section class=\"elementor-section elementor-inner-section elementor-element elementor-element-8d7eaed elementor-section-boxed elementor-section-height-default elementor-section-height-default\" data-id=\"8d7eaed\" data-element_type=\"section\">\n\t\t\t\t\t\t<div class=\"elementor-container elementor-column-gap-default\">\n\t\t\t\t\t<div class=\"elementor-column elementor-col-50 elementor-inner-column elementor-element elementor-element-5f08cdf\" data-id=\"5f08cdf\" data-element_type=\"column\">\n\t\t\t<div class=\"elementor-widget-wrap elementor-element-populated\">\n\t\t\t\t\t\t<div class=\"elementor-element elementor-element-1969d7f elementor-widget elementor-widget-image\" data-id=\"1969d7f\" data-element_type=\"widget\" data-widget_type=\"image.default\">\n\t\t\t\t<div class=\"elementor-widget-container\">\n\t\t\t\t\t\t\t\t\t\t\t\t\t<img loading=\"lazy\" decoding=\"async\" width=\"240\" height=\"300\" src=\"https:\/\/www.ufsm.br\/app\/uploads\/sites\/821\/2024\/01\/imagem_4-240x300.png\" class=\"attachment-medium size-medium wp-image-2156\" alt=\"\" srcset=\"https:\/\/www.ufsm.br\/app\/uploads\/sites\/821\/2024\/01\/imagem_4-240x300.png 240w, https:\/\/www.ufsm.br\/app\/uploads\/sites\/821\/2024\/01\/imagem_4-819x1024.png 819w, https:\/\/www.ufsm.br\/app\/uploads\/sites\/821\/2024\/01\/imagem_4-768x960.png 768w, https:\/\/www.ufsm.br\/app\/uploads\/sites\/821\/2024\/01\/imagem_4.png 1080w\" sizes=\"(max-width: 240px) 100vw, 240px\" \/>\t\t\t\t\t\t\t\t\t\t\t\t\t<\/div>\n\t\t\t\t<\/div>\n\t\t\t\t\t<\/div>\n\t\t<\/div>\n\t\t\t\t<div class=\"elementor-column elementor-col-50 elementor-inner-column elementor-element elementor-element-ba840d5\" data-id=\"ba840d5\" data-element_type=\"column\">\n\t\t\t<div class=\"elementor-widget-wrap elementor-element-populated\">\n\t\t\t\t\t\t<div class=\"elementor-element elementor-element-8180f64 elementor-widget__width-initial elementor-widget elementor-widget-text-editor\" data-id=\"8180f64\" data-element_type=\"widget\" data-widget_type=\"text-editor.default\">\n\t\t\t\t<div class=\"elementor-widget-container\">\n\t\t\t\t\t\t\t<p>\u00a0<\/p><p>Em <em>Natacha<\/em> (1930) a escritora recria a dif\u00edcil situa\u00e7\u00e3o da mulher trabalhadora na Madrid pr\u00e9-industrial do come\u00e7o do s\u00e9culo XX. Na narrativa o desejo feminino \u00e9 contradit\u00f3rio e a personagem Natacha se sente culpada por ter um corpo que \u00e9 definido desde o olhar masculino. A escritora nos apresenta o corpo como um lugar onde acontece a opress\u00e3o, em um per\u00edodo em que o tema da viol\u00eancia contra a mulher n\u00e3o era explorado. Enfatiza o estado de submiss\u00e3o das personagens e apresenta a figura paterna como representante do patriarcado que causa danos \u00e0s mulheres, que sofrem com a viol\u00eancia dom\u00e9stica.<\/p>\t\t\t\t\t\t<\/div>\n\t\t\t\t<\/div>\n\t\t\t\t\t<\/div>\n\t\t<\/div>\n\t\t\t\t\t<\/div>\n\t\t<\/section>\n\t\t\t\t\t<\/div>\n\t\t<\/div>\n\t\t\t\t\t<\/div>\n\t\t<\/section>\n\t\t\t\t<section class=\"elementor-section elementor-top-section elementor-element elementor-element-c1bf187 elementor-section-boxed elementor-section-height-default elementor-section-height-default\" data-id=\"c1bf187\" data-element_type=\"section\">\n\t\t\t\t\t\t<div class=\"elementor-container elementor-column-gap-default\">\n\t\t\t\t\t<div class=\"elementor-column elementor-col-50 elementor-top-column elementor-element elementor-element-dc477ac\" data-id=\"dc477ac\" data-element_type=\"column\">\n\t\t\t<div class=\"elementor-widget-wrap elementor-element-populated\">\n\t\t\t\t\t\t<div class=\"elementor-element elementor-element-04db51e elementor-widget__width-initial elementor-widget elementor-widget-image\" data-id=\"04db51e\" data-element_type=\"widget\" data-widget_type=\"image.default\">\n\t\t\t\t<div class=\"elementor-widget-container\">\n\t\t\t\t\t\t\t\t\t\t\t\t\t<img loading=\"lazy\" decoding=\"async\" width=\"240\" height=\"300\" src=\"https:\/\/www.ufsm.br\/app\/uploads\/sites\/821\/2024\/01\/imagem_5-240x300.jpg\" class=\"attachment-medium size-medium wp-image-2152\" alt=\"\" srcset=\"https:\/\/www.ufsm.br\/app\/uploads\/sites\/821\/2024\/01\/imagem_5-240x300.jpg 240w, https:\/\/www.ufsm.br\/app\/uploads\/sites\/821\/2024\/01\/imagem_5-819x1024.jpg 819w, https:\/\/www.ufsm.br\/app\/uploads\/sites\/821\/2024\/01\/imagem_5-768x960.jpg 768w, https:\/\/www.ufsm.br\/app\/uploads\/sites\/821\/2024\/01\/imagem_5.jpg 1080w\" sizes=\"(max-width: 240px) 100vw, 240px\" \/>\t\t\t\t\t\t\t\t\t\t\t\t\t<\/div>\n\t\t\t\t<\/div>\n\t\t\t\t\t<\/div>\n\t\t<\/div>\n\t\t\t\t<div class=\"elementor-column elementor-col-50 elementor-top-column elementor-element elementor-element-9c7b264\" data-id=\"9c7b264\" data-element_type=\"column\">\n\t\t\t<div class=\"elementor-widget-wrap elementor-element-populated\">\n\t\t\t\t\t\t<div class=\"elementor-element elementor-element-e6a05ba elementor-widget__width-initial elementor-widget elementor-widget-text-editor\" data-id=\"e6a05ba\" data-element_type=\"widget\" data-widget_type=\"text-editor.default\">\n\t\t\t\t<div class=\"elementor-widget-container\">\n\t\t\t\t\t\t\t<p><em>\u00a0<\/em><\/p><p><em>Tea- Rooms: mujeres obreras<\/em> (1934) \u00e9 o romance que consolida seu posicionamento pessoal e social. Uma reflex\u00e3o contra a desigualdade, a pol\u00edtica, o governo e os direitos das mulheres. A escritora exp\u00f5e a realidade e os problemas que a classe trabalhadora enfrenta. Critica o casamento, a tradi\u00e7\u00e3o, a religi\u00e3o e a hipocrisia social em rela\u00e7\u00e3o a temas como a prostitui\u00e7\u00e3o e\u00a0 a pr\u00e1tica do aborto. Constr\u00f3i uma personalidade baseada em sua experi\u00eancia e assim, se aproxima do romance autobiogr\u00e1fico. Exp\u00f5e problemas coletivos que afetam a sociedade como um todo. Um romance que mostra a realidade social nele refletida e que resulta de um processo hist\u00f3rico concreto gerado pela mudan\u00e7a social da posi\u00e7\u00e3o feminina.<\/p>\t\t\t\t\t\t<\/div>\n\t\t\t\t<\/div>\n\t\t\t\t\t<\/div>\n\t\t<\/div>\n\t\t\t\t\t<\/div>\n\t\t<\/section>\n\t\t\t\t<section class=\"elementor-section elementor-top-section elementor-element elementor-element-fa86126 elementor-section-boxed elementor-section-height-default elementor-section-height-default\" data-id=\"fa86126\" data-element_type=\"section\">\n\t\t\t\t\t\t<div class=\"elementor-container elementor-column-gap-default\">\n\t\t\t\t\t<div class=\"elementor-column elementor-col-100 elementor-top-column elementor-element elementor-element-a420618\" data-id=\"a420618\" data-element_type=\"column\">\n\t\t\t<div class=\"elementor-widget-wrap elementor-element-populated\">\n\t\t\t\t\t\t<section class=\"elementor-section elementor-inner-section elementor-element elementor-element-ff13eda elementor-section-boxed elementor-section-height-default elementor-section-height-default\" data-id=\"ff13eda\" data-element_type=\"section\">\n\t\t\t\t\t\t<div class=\"elementor-container elementor-column-gap-default\">\n\t\t\t\t\t<div class=\"elementor-column elementor-col-50 elementor-inner-column elementor-element elementor-element-e0c9332\" data-id=\"e0c9332\" data-element_type=\"column\">\n\t\t\t<div class=\"elementor-widget-wrap elementor-element-populated\">\n\t\t\t\t\t\t<div class=\"elementor-element elementor-element-3745ba3 elementor-widget elementor-widget-image\" data-id=\"3745ba3\" data-element_type=\"widget\" data-widget_type=\"image.default\">\n\t\t\t\t<div class=\"elementor-widget-container\">\n\t\t\t\t\t\t\t\t\t\t\t\t\t<img loading=\"lazy\" decoding=\"async\" width=\"240\" height=\"300\" src=\"https:\/\/www.ufsm.br\/app\/uploads\/sites\/821\/2024\/01\/imagem_6-240x300.jpg\" class=\"attachment-medium size-medium wp-image-2157\" alt=\"\" srcset=\"https:\/\/www.ufsm.br\/app\/uploads\/sites\/821\/2024\/01\/imagem_6-240x300.jpg 240w, https:\/\/www.ufsm.br\/app\/uploads\/sites\/821\/2024\/01\/imagem_6-819x1024.jpg 819w, https:\/\/www.ufsm.br\/app\/uploads\/sites\/821\/2024\/01\/imagem_6-768x960.jpg 768w, https:\/\/www.ufsm.br\/app\/uploads\/sites\/821\/2024\/01\/imagem_6.jpg 1080w\" sizes=\"(max-width: 240px) 100vw, 240px\" \/>\t\t\t\t\t\t\t\t\t\t\t\t\t<\/div>\n\t\t\t\t<\/div>\n\t\t\t\t\t<\/div>\n\t\t<\/div>\n\t\t\t\t<div class=\"elementor-column elementor-col-50 elementor-inner-column elementor-element elementor-element-52f5da6\" data-id=\"52f5da6\" data-element_type=\"column\">\n\t\t\t<div class=\"elementor-widget-wrap elementor-element-populated\">\n\t\t\t\t\t\t<div class=\"elementor-element elementor-element-fea30de elementor-widget__width-initial elementor-widget elementor-widget-text-editor\" data-id=\"fea30de\" data-element_type=\"widget\" data-widget_type=\"text-editor.default\">\n\t\t\t\t<div class=\"elementor-widget-container\">\n\t\t\t\t\t\t\t<p>\u00a0<\/p><p>Carn\u00e9s segue rumo ao ex\u00edlio no M\u00e9xico. No ex\u00edlio termina seu romance <em>De Barcelona a la Breta\u00f1a Francesa<\/em> (1939) que descreve os \u00faltimos meses da Guerra Civil Espanhola, al\u00e9m de um testemunho pessoal de sua fuga da Espanha, sua pris\u00e3o em um campo de concentra\u00e7\u00e3o franquista na Fran\u00e7a at\u00e9 a sua chegada no M\u00e9xico.\u00a0 S\u00e3o contos que formam parte de uma rede em que o social, o cultural e o pol\u00edtico se entrela\u00e7am. Carn\u00e9s apresenta a dimens\u00e3o testemunhal da guerra, descreve as condi\u00e7\u00f5es do ex\u00edlio e suas dram\u00e1ticas circunst\u00e2ncias marcadas pela precariedade e medo.<\/p>\t\t\t\t\t\t<\/div>\n\t\t\t\t<\/div>\n\t\t\t\t\t<\/div>\n\t\t<\/div>\n\t\t\t\t\t<\/div>\n\t\t<\/section>\n\t\t\t\t\t<\/div>\n\t\t<\/div>\n\t\t\t\t\t<\/div>\n\t\t<\/section>\n\t\t\t\t<section class=\"elementor-section elementor-top-section elementor-element elementor-element-136cefd elementor-section-boxed elementor-section-height-default elementor-section-height-default\" data-id=\"136cefd\" data-element_type=\"section\">\n\t\t\t\t\t\t<div class=\"elementor-container elementor-column-gap-default\">\n\t\t\t\t\t<div class=\"elementor-column elementor-col-100 elementor-top-column elementor-element elementor-element-d97f242\" data-id=\"d97f242\" data-element_type=\"column\">\n\t\t\t<div class=\"elementor-widget-wrap elementor-element-populated\">\n\t\t\t\t\t\t<section class=\"elementor-section elementor-inner-section elementor-element elementor-element-fddb9a6 elementor-section-boxed elementor-section-height-default elementor-section-height-default\" data-id=\"fddb9a6\" data-element_type=\"section\">\n\t\t\t\t\t\t<div class=\"elementor-container elementor-column-gap-default\">\n\t\t\t\t\t<div class=\"elementor-column elementor-col-50 elementor-inner-column elementor-element elementor-element-512d30e\" data-id=\"512d30e\" data-element_type=\"column\">\n\t\t\t<div class=\"elementor-widget-wrap elementor-element-populated\">\n\t\t\t\t\t\t<div class=\"elementor-element elementor-element-924a087 elementor-widget elementor-widget-image\" data-id=\"924a087\" data-element_type=\"widget\" data-widget_type=\"image.default\">\n\t\t\t\t<div class=\"elementor-widget-container\">\n\t\t\t\t\t\t\t\t\t\t\t\t\t<img loading=\"lazy\" decoding=\"async\" width=\"240\" height=\"300\" src=\"https:\/\/www.ufsm.br\/app\/uploads\/sites\/821\/2024\/01\/imagem_7-240x300.jpg\" class=\"attachment-medium size-medium wp-image-2158\" alt=\"\" srcset=\"https:\/\/www.ufsm.br\/app\/uploads\/sites\/821\/2024\/01\/imagem_7-240x300.jpg 240w, https:\/\/www.ufsm.br\/app\/uploads\/sites\/821\/2024\/01\/imagem_7-819x1024.jpg 819w, https:\/\/www.ufsm.br\/app\/uploads\/sites\/821\/2024\/01\/imagem_7-768x960.jpg 768w, https:\/\/www.ufsm.br\/app\/uploads\/sites\/821\/2024\/01\/imagem_7.jpg 1080w\" sizes=\"(max-width: 240px) 100vw, 240px\" \/>\t\t\t\t\t\t\t\t\t\t\t\t\t<\/div>\n\t\t\t\t<\/div>\n\t\t\t\t\t<\/div>\n\t\t<\/div>\n\t\t\t\t<div class=\"elementor-column elementor-col-50 elementor-inner-column elementor-element elementor-element-c168300\" data-id=\"c168300\" data-element_type=\"column\">\n\t\t\t<div class=\"elementor-widget-wrap elementor-element-populated\">\n\t\t\t\t\t\t<div class=\"elementor-element elementor-element-3e2a209 elementor-widget__width-initial elementor-widget elementor-widget-text-editor\" data-id=\"3e2a209\" data-element_type=\"widget\" data-widget_type=\"text-editor.default\">\n\t\t\t\t<div class=\"elementor-widget-container\">\n\t\t\t\t\t\t\t<p>\u00a0<\/p><p>No mesmo ano escreve <em>La hora del \u00f3dio<\/em> (1939) um romance que apresenta uma ampla reflex\u00e3o sobre a guerra e seus efeitos, no qual descreve a presen\u00e7a e a press\u00e3o dos agentes franquistas ao redor dos <em>campos de reclusi\u00f3n<\/em> franquista na Fran\u00e7a, a partir do momento que se produz o reconhecimento do governo do General Francisco Franco por parte das autoridades francesas e brit\u00e2nicas no final de fevereiro de 1939.<\/p>\t\t\t\t\t\t<\/div>\n\t\t\t\t<\/div>\n\t\t\t\t\t<\/div>\n\t\t<\/div>\n\t\t\t\t\t<\/div>\n\t\t<\/section>\n\t\t\t\t\t<\/div>\n\t\t<\/div>\n\t\t\t\t\t<\/div>\n\t\t<\/section>\n\t\t\t\t<section class=\"elementor-section elementor-top-section elementor-element elementor-element-f679459 elementor-section-boxed elementor-section-height-default elementor-section-height-default\" data-id=\"f679459\" data-element_type=\"section\">\n\t\t\t\t\t\t<div class=\"elementor-container elementor-column-gap-default\">\n\t\t\t\t\t<div class=\"elementor-column elementor-col-100 elementor-top-column elementor-element elementor-element-5f803c5\" data-id=\"5f803c5\" data-element_type=\"column\">\n\t\t\t<div class=\"elementor-widget-wrap elementor-element-populated\">\n\t\t\t\t\t\t<section class=\"elementor-section elementor-inner-section elementor-element elementor-element-b1a2683 elementor-section-boxed elementor-section-height-default elementor-section-height-default\" data-id=\"b1a2683\" data-element_type=\"section\">\n\t\t\t\t\t\t<div class=\"elementor-container elementor-column-gap-default\">\n\t\t\t\t\t<div class=\"elementor-column elementor-col-50 elementor-inner-column elementor-element elementor-element-fd5c382\" data-id=\"fd5c382\" data-element_type=\"column\">\n\t\t\t<div class=\"elementor-widget-wrap elementor-element-populated\">\n\t\t\t\t\t\t<div class=\"elementor-element elementor-element-1623bab elementor-widget elementor-widget-image\" data-id=\"1623bab\" data-element_type=\"widget\" data-widget_type=\"image.default\">\n\t\t\t\t<div class=\"elementor-widget-container\">\n\t\t\t\t\t\t\t\t\t\t\t\t\t<img loading=\"lazy\" decoding=\"async\" width=\"240\" height=\"300\" src=\"https:\/\/www.ufsm.br\/app\/uploads\/sites\/821\/2024\/01\/imagem_8-240x300.jpg\" class=\"attachment-medium size-medium wp-image-2159\" alt=\"\" srcset=\"https:\/\/www.ufsm.br\/app\/uploads\/sites\/821\/2024\/01\/imagem_8-240x300.jpg 240w, https:\/\/www.ufsm.br\/app\/uploads\/sites\/821\/2024\/01\/imagem_8-819x1024.jpg 819w, https:\/\/www.ufsm.br\/app\/uploads\/sites\/821\/2024\/01\/imagem_8-768x960.jpg 768w, https:\/\/www.ufsm.br\/app\/uploads\/sites\/821\/2024\/01\/imagem_8.jpg 1080w\" sizes=\"(max-width: 240px) 100vw, 240px\" \/>\t\t\t\t\t\t\t\t\t\t\t\t\t<\/div>\n\t\t\t\t<\/div>\n\t\t\t\t\t<\/div>\n\t\t<\/div>\n\t\t\t\t<div class=\"elementor-column elementor-col-50 elementor-inner-column elementor-element elementor-element-387edda\" data-id=\"387edda\" data-element_type=\"column\">\n\t\t\t<div class=\"elementor-widget-wrap elementor-element-populated\">\n\t\t\t\t\t\t<div class=\"elementor-element elementor-element-d4ac9ca elementor-widget__width-initial elementor-widget elementor-widget-text-editor\" data-id=\"d4ac9ca\" data-element_type=\"widget\" data-widget_type=\"text-editor.default\">\n\t\t\t\t<div class=\"elementor-widget-container\">\n\t\t\t\t\t\t\t<p>\u00a0<\/p><p><span style=\"font-size: 14.0pt;line-height: 107%;font-family: 'Calibri',sans-serif\">Em 1945, escreve sua \u00fanica biografia <i>Rosal\u00eda de Castro: ra\u00edz <\/i>que representa a identidade espanhola e que, assim como os republicanos exilados, ama a sua terra. A poetisa Rosal\u00eda de Castro assim como Luisa Carn\u00e9s cria um nexo aut\u00eantico entre o escritor e o povo que \u00e9 vivido atrav\u00e9s das recorda\u00e7\u00f5es e pensamentos dedicados \u00e0queles que precisam abandonar a sua terra.<\/span><\/p>\t\t\t\t\t\t<\/div>\n\t\t\t\t<\/div>\n\t\t\t\t\t<\/div>\n\t\t<\/div>\n\t\t\t\t\t<\/div>\n\t\t<\/section>\n\t\t\t\t\t<\/div>\n\t\t<\/div>\n\t\t\t\t\t<\/div>\n\t\t<\/section>\n\t\t\t\t<section class=\"elementor-section elementor-top-section elementor-element elementor-element-edd1ebd elementor-section-boxed elementor-section-height-default elementor-section-height-default\" data-id=\"edd1ebd\" data-element_type=\"section\">\n\t\t\t\t\t\t<div class=\"elementor-container elementor-column-gap-default\">\n\t\t\t\t\t<div class=\"elementor-column elementor-col-100 elementor-top-column elementor-element elementor-element-ef7e1af\" data-id=\"ef7e1af\" data-element_type=\"column\">\n\t\t\t<div class=\"elementor-widget-wrap elementor-element-populated\">\n\t\t\t\t\t\t<section class=\"elementor-section elementor-inner-section elementor-element elementor-element-b23d9d6 elementor-section-boxed elementor-section-height-default elementor-section-height-default\" data-id=\"b23d9d6\" data-element_type=\"section\">\n\t\t\t\t\t\t<div class=\"elementor-container elementor-column-gap-default\">\n\t\t\t\t\t<div class=\"elementor-column elementor-col-50 elementor-inner-column elementor-element elementor-element-216432f\" data-id=\"216432f\" data-element_type=\"column\">\n\t\t\t<div class=\"elementor-widget-wrap elementor-element-populated\">\n\t\t\t\t\t\t<div class=\"elementor-element elementor-element-7fb999d elementor-widget elementor-widget-image\" data-id=\"7fb999d\" data-element_type=\"widget\" data-widget_type=\"image.default\">\n\t\t\t\t<div class=\"elementor-widget-container\">\n\t\t\t\t\t\t\t\t\t\t\t\t\t<img loading=\"lazy\" decoding=\"async\" width=\"240\" height=\"300\" src=\"https:\/\/www.ufsm.br\/app\/uploads\/sites\/821\/2024\/01\/imagem_9-1-240x300.jpg\" class=\"attachment-medium size-medium wp-image-2169\" alt=\"\" srcset=\"https:\/\/www.ufsm.br\/app\/uploads\/sites\/821\/2024\/01\/imagem_9-1-240x300.jpg 240w, https:\/\/www.ufsm.br\/app\/uploads\/sites\/821\/2024\/01\/imagem_9-1-819x1024.jpg 819w, https:\/\/www.ufsm.br\/app\/uploads\/sites\/821\/2024\/01\/imagem_9-1-768x960.jpg 768w, https:\/\/www.ufsm.br\/app\/uploads\/sites\/821\/2024\/01\/imagem_9-1.jpg 1080w\" sizes=\"(max-width: 240px) 100vw, 240px\" \/>\t\t\t\t\t\t\t\t\t\t\t\t\t<\/div>\n\t\t\t\t<\/div>\n\t\t\t\t\t<\/div>\n\t\t<\/div>\n\t\t\t\t<div class=\"elementor-column elementor-col-50 elementor-inner-column elementor-element elementor-element-fd1b874\" data-id=\"fd1b874\" data-element_type=\"column\">\n\t\t\t<div class=\"elementor-widget-wrap elementor-element-populated\">\n\t\t\t\t\t\t<div class=\"elementor-element elementor-element-a0ed885 elementor-widget__width-initial elementor-widget elementor-widget-text-editor\" data-id=\"a0ed885\" data-element_type=\"widget\" data-widget_type=\"text-editor.default\">\n\t\t\t\t<div class=\"elementor-widget-container\">\n\t\t\t\t\t\t\t<p>\u00a0<\/p><p>Escrito durante os anos quarenta, o romance <em>Juan Caballero<\/em> (1956) foi publicado nove anos depois. Carn\u00e9s queria mostrar aos leitores mexicanos os combatentes republicanos que lutaram contra o regime franquista atrav\u00e9s das guerrilhas. Esta obra representa a resist\u00eancia e a for\u00e7a do povo que se rebelou contra as injusti\u00e7as. A escritora se vale da fic\u00e7\u00e3o para criar uma alternativa historiogr\u00e1fica e estabelecer a origem da guerrilha como uma modalidade de luta dos rebeldes que se negam a aceitar a derrota.<\/p>\t\t\t\t\t\t<\/div>\n\t\t\t\t<\/div>\n\t\t\t\t\t<\/div>\n\t\t<\/div>\n\t\t\t\t\t<\/div>\n\t\t<\/section>\n\t\t\t\t\t<\/div>\n\t\t<\/div>\n\t\t\t\t\t<\/div>\n\t\t<\/section>\n\t\t\t\t<section class=\"elementor-section elementor-top-section elementor-element elementor-element-4f25219 elementor-section-boxed elementor-section-height-default elementor-section-height-default\" data-id=\"4f25219\" data-element_type=\"section\">\n\t\t\t\t\t\t<div class=\"elementor-container elementor-column-gap-default\">\n\t\t\t\t\t<div class=\"elementor-column elementor-col-100 elementor-top-column elementor-element elementor-element-5457f75\" data-id=\"5457f75\" data-element_type=\"column\">\n\t\t\t<div class=\"elementor-widget-wrap elementor-element-populated\">\n\t\t\t\t\t\t<section class=\"elementor-section elementor-inner-section elementor-element elementor-element-3d5c5e4 elementor-section-boxed elementor-section-height-default elementor-section-height-default\" data-id=\"3d5c5e4\" data-element_type=\"section\">\n\t\t\t\t\t\t<div class=\"elementor-container elementor-column-gap-default\">\n\t\t\t\t\t<div class=\"elementor-column elementor-col-50 elementor-inner-column elementor-element elementor-element-2f446c8\" data-id=\"2f446c8\" data-element_type=\"column\">\n\t\t\t<div class=\"elementor-widget-wrap elementor-element-populated\">\n\t\t\t\t\t\t<div class=\"elementor-element elementor-element-c7bc33a elementor-widget elementor-widget-image\" data-id=\"c7bc33a\" data-element_type=\"widget\" data-widget_type=\"image.default\">\n\t\t\t\t<div class=\"elementor-widget-container\">\n\t\t\t\t\t\t\t\t\t\t\t\t\t<img loading=\"lazy\" decoding=\"async\" width=\"240\" height=\"300\" src=\"https:\/\/www.ufsm.br\/app\/uploads\/sites\/821\/2024\/01\/imagem_10-1-240x300.jpg\" class=\"attachment-medium size-medium wp-image-2170\" alt=\"\" srcset=\"https:\/\/www.ufsm.br\/app\/uploads\/sites\/821\/2024\/01\/imagem_10-1-240x300.jpg 240w, https:\/\/www.ufsm.br\/app\/uploads\/sites\/821\/2024\/01\/imagem_10-1-819x1024.jpg 819w, https:\/\/www.ufsm.br\/app\/uploads\/sites\/821\/2024\/01\/imagem_10-1-768x960.jpg 768w, https:\/\/www.ufsm.br\/app\/uploads\/sites\/821\/2024\/01\/imagem_10-1.jpg 1080w\" sizes=\"(max-width: 240px) 100vw, 240px\" \/>\t\t\t\t\t\t\t\t\t\t\t\t\t<\/div>\n\t\t\t\t<\/div>\n\t\t\t\t\t<\/div>\n\t\t<\/div>\n\t\t\t\t<div class=\"elementor-column elementor-col-50 elementor-inner-column elementor-element elementor-element-99798ee\" data-id=\"99798ee\" data-element_type=\"column\">\n\t\t\t<div class=\"elementor-widget-wrap elementor-element-populated\">\n\t\t\t\t\t\t<div class=\"elementor-element elementor-element-4547ef4 elementor-widget elementor-widget-text-editor\" data-id=\"4547ef4\" data-element_type=\"widget\" data-widget_type=\"text-editor.default\">\n\t\t\t\t<div class=\"elementor-widget-container\">\n\t\t\t\t\t\t\t<p>\u00a0romance <em>El eslab\u00f3n perdido<\/em> (1962) escrito no M\u00e9xico, permaneceu in\u00e9dito at\u00e9 a sua edi\u00e7\u00e3o publicada na Espanha em 2002 pelo professor e historiador Antonio Plaza. Esse romance demonstra a incapacidade humana de reconciliar o passado e o presente. Luisa Carn\u00e9s nos apresenta o conflito de duas gera\u00e7\u00f5es (pais e filhos) diante da realidade do ex\u00edlio e da vida. Confronta a Espanha de 1939 com o presente no M\u00e9xico por meio de uma descri\u00e7\u00e3o contempor\u00e2nea de seu universo.<\/p>\t\t\t\t\t\t<\/div>\n\t\t\t\t<\/div>\n\t\t\t\t\t<\/div>\n\t\t<\/div>\n\t\t\t\t\t<\/div>\n\t\t<\/section>\n\t\t\t\t\t<\/div>\n\t\t<\/div>\n\t\t\t\t\t<\/div>\n\t\t<\/section>\n\t\t\t\t<section class=\"elementor-section elementor-top-section elementor-element elementor-element-2f762b0 elementor-section-boxed elementor-section-height-default elementor-section-height-default\" data-id=\"2f762b0\" data-element_type=\"section\">\n\t\t\t\t\t\t<div class=\"elementor-container elementor-column-gap-default\">\n\t\t\t\t\t<div class=\"elementor-column elementor-col-100 elementor-top-column elementor-element elementor-element-7936c4d\" data-id=\"7936c4d\" data-element_type=\"column\">\n\t\t\t<div class=\"elementor-widget-wrap elementor-element-populated\">\n\t\t\t\t\t\t<section class=\"elementor-section elementor-inner-section elementor-element elementor-element-b0e8bbc elementor-section-boxed elementor-section-height-default elementor-section-height-default\" data-id=\"b0e8bbc\" data-element_type=\"section\">\n\t\t\t\t\t\t<div class=\"elementor-container elementor-column-gap-default\">\n\t\t\t\t\t<div class=\"elementor-column elementor-col-50 elementor-inner-column elementor-element elementor-element-244b9dd\" data-id=\"244b9dd\" data-element_type=\"column\">\n\t\t\t<div class=\"elementor-widget-wrap elementor-element-populated\">\n\t\t\t\t\t\t<div class=\"elementor-element elementor-element-24fc756 elementor-widget elementor-widget-image\" data-id=\"24fc756\" data-element_type=\"widget\" data-widget_type=\"image.default\">\n\t\t\t\t<div class=\"elementor-widget-container\">\n\t\t\t\t\t\t\t\t\t\t\t\t\t<img loading=\"lazy\" decoding=\"async\" width=\"240\" height=\"300\" src=\"https:\/\/www.ufsm.br\/app\/uploads\/sites\/821\/2024\/01\/imagem_11-1-240x300.jpg\" class=\"attachment-medium size-medium wp-image-2171\" alt=\"\" srcset=\"https:\/\/www.ufsm.br\/app\/uploads\/sites\/821\/2024\/01\/imagem_11-1-240x300.jpg 240w, https:\/\/www.ufsm.br\/app\/uploads\/sites\/821\/2024\/01\/imagem_11-1-819x1024.jpg 819w, https:\/\/www.ufsm.br\/app\/uploads\/sites\/821\/2024\/01\/imagem_11-1-768x960.jpg 768w, https:\/\/www.ufsm.br\/app\/uploads\/sites\/821\/2024\/01\/imagem_11-1.jpg 1080w\" sizes=\"(max-width: 240px) 100vw, 240px\" \/>\t\t\t\t\t\t\t\t\t\t\t\t\t<\/div>\n\t\t\t\t<\/div>\n\t\t\t\t\t<\/div>\n\t\t<\/div>\n\t\t\t\t<div class=\"elementor-column elementor-col-50 elementor-inner-column elementor-element elementor-element-9bd2833\" data-id=\"9bd2833\" data-element_type=\"column\">\n\t\t\t<div class=\"elementor-widget-wrap elementor-element-populated\">\n\t\t\t\t\t\t<div class=\"elementor-element elementor-element-5466363 elementor-widget elementor-widget-text-editor\" data-id=\"5466363\" data-element_type=\"widget\" data-widget_type=\"text-editor.default\">\n\t\t\t\t<div class=\"elementor-widget-container\">\n\t\t\t\t\t\t\t<p>\u00a0O seu \u00faltimo romance escrito no M\u00e9xico ainda permanece in\u00e9dito: <em>La puerta cerrada<\/em> (1964). O tema apresentado \u00e9 a Revolu\u00e7\u00e3o Mexicana, retratada por meio dos sentimentos de Manuel em rela\u00e7\u00e3o a esse conflito b\u00e9lico. A escritora come\u00e7ou a escrever esse romance em 1956 e n\u00e3o teve tempo de publicar o romance uma vez que faleceu dois meses depois. O romance come\u00e7ou a ser convertido pela escritora em uma pe\u00e7a de teatro, por\u00e9m a adapta\u00e7\u00e3o n\u00e3o foi conclu\u00edda.<\/p>\t\t\t\t\t\t<\/div>\n\t\t\t\t<\/div>\n\t\t\t\t\t<\/div>\n\t\t<\/div>\n\t\t\t\t\t<\/div>\n\t\t<\/section>\n\t\t\t\t\t<\/div>\n\t\t<\/div>\n\t\t\t\t\t<\/div>\n\t\t<\/section>\n\t\t\t\t<section class=\"elementor-section elementor-top-section elementor-element elementor-element-491dab8 elementor-section-boxed elementor-section-height-default elementor-section-height-default\" data-id=\"491dab8\" data-element_type=\"section\">\n\t\t\t\t\t\t<div class=\"elementor-container elementor-column-gap-default\">\n\t\t\t\t\t<div class=\"elementor-column elementor-col-100 elementor-top-column elementor-element elementor-element-e5896c9\" data-id=\"e5896c9\" data-element_type=\"column\">\n\t\t\t<div class=\"elementor-widget-wrap elementor-element-populated\">\n\t\t\t\t\t\t<section class=\"elementor-section elementor-inner-section elementor-element elementor-element-2ed4b30 elementor-section-boxed elementor-section-height-default elementor-section-height-default\" data-id=\"2ed4b30\" data-element_type=\"section\">\n\t\t\t\t\t\t<div class=\"elementor-container elementor-column-gap-default\">\n\t\t\t\t\t<div class=\"elementor-column elementor-col-50 elementor-inner-column elementor-element elementor-element-1f7379a\" data-id=\"1f7379a\" data-element_type=\"column\">\n\t\t\t<div class=\"elementor-widget-wrap elementor-element-populated\">\n\t\t\t\t\t\t<div class=\"elementor-element elementor-element-7125428 elementor-widget elementor-widget-image\" data-id=\"7125428\" data-element_type=\"widget\" data-widget_type=\"image.default\">\n\t\t\t\t<div class=\"elementor-widget-container\">\n\t\t\t\t\t\t\t\t\t\t\t\t\t<img loading=\"lazy\" decoding=\"async\" width=\"240\" height=\"300\" src=\"https:\/\/www.ufsm.br\/app\/uploads\/sites\/821\/2024\/01\/imagem_12-1-240x300.jpg\" class=\"attachment-medium size-medium wp-image-2172\" alt=\"\" srcset=\"https:\/\/www.ufsm.br\/app\/uploads\/sites\/821\/2024\/01\/imagem_12-1-240x300.jpg 240w, https:\/\/www.ufsm.br\/app\/uploads\/sites\/821\/2024\/01\/imagem_12-1-819x1024.jpg 819w, https:\/\/www.ufsm.br\/app\/uploads\/sites\/821\/2024\/01\/imagem_12-1-768x960.jpg 768w, https:\/\/www.ufsm.br\/app\/uploads\/sites\/821\/2024\/01\/imagem_12-1.jpg 1080w\" sizes=\"(max-width: 240px) 100vw, 240px\" \/>\t\t\t\t\t\t\t\t\t\t\t\t\t<\/div>\n\t\t\t\t<\/div>\n\t\t\t\t\t<\/div>\n\t\t<\/div>\n\t\t\t\t<div class=\"elementor-column elementor-col-50 elementor-inner-column elementor-element elementor-element-3cc9f0a\" data-id=\"3cc9f0a\" data-element_type=\"column\">\n\t\t\t<div class=\"elementor-widget-wrap elementor-element-populated\">\n\t\t\t\t\t\t<div class=\"elementor-element elementor-element-8539450 elementor-widget elementor-widget-text-editor\" data-id=\"8539450\" data-element_type=\"widget\" data-widget_type=\"text-editor.default\">\n\t\t\t\t<div class=\"elementor-widget-container\">\n\t\t\t\t\t\t\t<p>\u00a0A obra dram\u00e1tica de Luisa Carn\u00e9s ficou esquecida por muitos anos. Foi editada em 2002. Composta\u00a0 por tr\u00eas pe\u00e7as:\u00a0 <em>Cumplea\u00f1os, Los bancos de Prado <\/em>e<em> Los vendedores del miedo<\/em>, esta obra serve de den\u00fancia dos pactos realizados entre Estados Unidos e Espanha. Carn\u00e9s exp\u00f5e publicamente a atitude dos governantes espanh\u00f3is que cedem parte da soberania do pa\u00eds para garantir a perman\u00eancia do regime ditatorial imposto com a vit\u00f3ria de Franco.<\/p>\t\t\t\t\t\t<\/div>\n\t\t\t\t<\/div>\n\t\t\t\t\t<\/div>\n\t\t<\/div>\n\t\t\t\t\t<\/div>\n\t\t<\/section>\n\t\t\t\t\t<\/div>\n\t\t<\/div>\n\t\t\t\t\t<\/div>\n\t\t<\/section>\n\t\t\t\t<section class=\"elementor-section elementor-top-section elementor-element elementor-element-332e037 elementor-section-boxed elementor-section-height-default elementor-section-height-default\" data-id=\"332e037\" data-element_type=\"section\">\n\t\t\t\t\t\t<div class=\"elementor-container elementor-column-gap-default\">\n\t\t\t\t\t<div class=\"elementor-column elementor-col-100 elementor-top-column elementor-element elementor-element-394bf2d\" data-id=\"394bf2d\" data-element_type=\"column\">\n\t\t\t<div class=\"elementor-widget-wrap elementor-element-populated\">\n\t\t\t\t\t\t<section class=\"elementor-section elementor-inner-section elementor-element elementor-element-86cf811 elementor-section-boxed elementor-section-height-default elementor-section-height-default\" data-id=\"86cf811\" data-element_type=\"section\">\n\t\t\t\t\t\t<div class=\"elementor-container elementor-column-gap-default\">\n\t\t\t\t\t<div class=\"elementor-column elementor-col-50 elementor-inner-column elementor-element elementor-element-e785a4b\" data-id=\"e785a4b\" data-element_type=\"column\">\n\t\t\t<div class=\"elementor-widget-wrap elementor-element-populated\">\n\t\t\t\t\t\t<div class=\"elementor-element elementor-element-887491d elementor-widget elementor-widget-image\" data-id=\"887491d\" data-element_type=\"widget\" data-widget_type=\"image.default\">\n\t\t\t\t<div class=\"elementor-widget-container\">\n\t\t\t\t\t\t\t\t\t\t\t\t\t<img loading=\"lazy\" decoding=\"async\" width=\"240\" height=\"300\" src=\"https:\/\/www.ufsm.br\/app\/uploads\/sites\/821\/2024\/01\/imagem_14-1-240x300.jpg\" class=\"attachment-medium size-medium wp-image-2173\" alt=\"\" srcset=\"https:\/\/www.ufsm.br\/app\/uploads\/sites\/821\/2024\/01\/imagem_14-1-240x300.jpg 240w, https:\/\/www.ufsm.br\/app\/uploads\/sites\/821\/2024\/01\/imagem_14-1-819x1024.jpg 819w, https:\/\/www.ufsm.br\/app\/uploads\/sites\/821\/2024\/01\/imagem_14-1-768x960.jpg 768w, https:\/\/www.ufsm.br\/app\/uploads\/sites\/821\/2024\/01\/imagem_14-1.jpg 1080w\" sizes=\"(max-width: 240px) 100vw, 240px\" \/>\t\t\t\t\t\t\t\t\t\t\t\t\t<\/div>\n\t\t\t\t<\/div>\n\t\t\t\t\t<\/div>\n\t\t<\/div>\n\t\t\t\t<div class=\"elementor-column elementor-col-50 elementor-inner-column elementor-element elementor-element-0ebeb2c\" data-id=\"0ebeb2c\" data-element_type=\"column\">\n\t\t\t<div class=\"elementor-widget-wrap elementor-element-populated\">\n\t\t\t\t\t\t<div class=\"elementor-element elementor-element-d96e3f5 elementor-widget elementor-widget-text-editor\" data-id=\"d96e3f5\" data-element_type=\"widget\" data-widget_type=\"text-editor.default\">\n\t\t\t\t<div class=\"elementor-widget-container\">\n\t\t\t\t\t\t\t<p><em>Trece Cuentos<\/em> \u00a0\u00e9 a primeira antologia de contos compilada pela fam\u00edlia de Luisa Carn\u00e9s em 2017. Re\u00fane alguns relatos biogr\u00e1ficos em que a escritora segue enfatizando o papel da mulher. A colet\u00e2nea foi dividida em quatro blocos tem\u00e1ticos que apresentam os relatos da juventude, da Rep\u00fablica, da Guerra Civil Espanhola e do p\u00f3s-guerra, seguidos dos\u00a0 contos mexicanos e dos que representam a atualidade pol\u00edtica da Espanha no per\u00edodo. Os contos de Luisa Carn\u00e9s nos mostram a falta de recursos da mulher espanhola, as crueldades da guerra e a repress\u00e3o do per\u00edodo ditatorial al\u00e9m da nova realidade dos exilados no M\u00e9xico, e sua nostalgia.<\/p>\t\t\t\t\t\t<\/div>\n\t\t\t\t<\/div>\n\t\t\t\t\t<\/div>\n\t\t<\/div>\n\t\t\t\t\t<\/div>\n\t\t<\/section>\n\t\t\t\t<div class=\"elementor-element elementor-element-c49fe1e elementor-widget elementor-widget-spacer\" data-id=\"c49fe1e\" data-element_type=\"widget\" data-widget_type=\"spacer.default\">\n\t\t\t\t<div class=\"elementor-widget-container\">\n\t\t\t\t\t<div class=\"elementor-spacer\">\n\t\t\t<div class=\"elementor-spacer-inner\"><\/div>\n\t\t<\/div>\n\t\t\t\t<\/div>\n\t\t\t\t<\/div>\n\t\t\t\t\t<\/div>\n\t\t<\/div>\n\t\t\t\t\t<\/div>\n\t\t<\/section>\n\t\t\t\t<section class=\"elementor-section elementor-top-section elementor-element elementor-element-ab3a3b8 elementor-section-boxed elementor-section-height-default elementor-section-height-default\" data-id=\"ab3a3b8\" data-element_type=\"section\">\n\t\t\t\t\t\t<div class=\"elementor-container elementor-column-gap-default\">\n\t\t\t\t\t<div class=\"elementor-column elementor-col-100 elementor-top-column elementor-element elementor-element-6d4a188\" data-id=\"6d4a188\" data-element_type=\"column\">\n\t\t\t<div class=\"elementor-widget-wrap elementor-element-populated\">\n\t\t\t\t\t\t<div class=\"elementor-element elementor-element-3809a56 elementor-widget elementor-widget-image\" data-id=\"3809a56\" data-element_type=\"widget\" data-widget_type=\"image.default\">\n\t\t\t\t<div class=\"elementor-widget-container\">\n\t\t\t\t\t\t\t\t\t\t\t\t\t<img loading=\"lazy\" decoding=\"async\" width=\"300\" height=\"82\" src=\"https:\/\/www.ufsm.br\/app\/uploads\/sites\/821\/2024\/01\/4.png\" class=\"attachment-large size-large wp-image-2165\" alt=\"\" \/>\t\t\t\t\t\t\t\t\t\t\t\t\t<\/div>\n\t\t\t\t<\/div>\n\t\t\t\t\t<\/div>\n\t\t<\/div>\n\t\t\t\t\t<\/div>\n\t\t<\/section>\n\t\t\t\t<section class=\"elementor-section elementor-top-section elementor-element elementor-element-2d93096 elementor-section-boxed elementor-section-height-default elementor-section-height-default\" data-id=\"2d93096\" data-element_type=\"section\">\n\t\t\t\t\t\t<div class=\"elementor-container elementor-column-gap-default\">\n\t\t\t\t\t<div class=\"elementor-column elementor-col-100 elementor-top-column elementor-element elementor-element-8a1e404\" data-id=\"8a1e404\" data-element_type=\"column\">\n\t\t\t<div class=\"elementor-widget-wrap elementor-element-populated\">\n\t\t\t\t\t\t<section class=\"elementor-section elementor-inner-section elementor-element elementor-element-3ec09e2 elementor-section-boxed elementor-section-height-default elementor-section-height-default\" data-id=\"3ec09e2\" data-element_type=\"section\">\n\t\t\t\t\t\t<div class=\"elementor-container elementor-column-gap-default\">\n\t\t\t\t\t<div class=\"elementor-column elementor-col-50 elementor-inner-column elementor-element elementor-element-3185175\" data-id=\"3185175\" data-element_type=\"column\">\n\t\t\t<div class=\"elementor-widget-wrap elementor-element-populated\">\n\t\t\t\t\t\t<div class=\"elementor-element elementor-element-893982f elementor-widget elementor-widget-image\" data-id=\"893982f\" data-element_type=\"widget\" data-widget_type=\"image.default\">\n\t\t\t\t<div class=\"elementor-widget-container\">\n\t\t\t\t\t\t\t\t\t\t\t\t\t<img loading=\"lazy\" decoding=\"async\" width=\"1024\" height=\"819\" src=\"https:\/\/www.ufsm.br\/app\/uploads\/sites\/821\/2024\/01\/imagem_13-1024x819.jpg\" class=\"attachment-large size-large wp-image-2166\" alt=\"\" srcset=\"https:\/\/www.ufsm.br\/app\/uploads\/sites\/821\/2024\/01\/imagem_13-1024x819.jpg 1024w, https:\/\/www.ufsm.br\/app\/uploads\/sites\/821\/2024\/01\/imagem_13-300x240.jpg 300w, https:\/\/www.ufsm.br\/app\/uploads\/sites\/821\/2024\/01\/imagem_13-768x614.jpg 768w, https:\/\/www.ufsm.br\/app\/uploads\/sites\/821\/2024\/01\/imagem_13.jpg 1350w\" sizes=\"(max-width: 1024px) 100vw, 1024px\" \/>\t\t\t\t\t\t\t\t\t\t\t\t\t<\/div>\n\t\t\t\t<\/div>\n\t\t\t\t\t<\/div>\n\t\t<\/div>\n\t\t\t\t<div class=\"elementor-column elementor-col-50 elementor-inner-column elementor-element elementor-element-7cc7f58\" data-id=\"7cc7f58\" data-element_type=\"column\">\n\t\t\t<div class=\"elementor-widget-wrap elementor-element-populated\">\n\t\t\t\t\t\t<div class=\"elementor-element elementor-element-54eece3 elementor-widget__width-initial elementor-widget elementor-widget-text-editor\" data-id=\"54eece3\" data-element_type=\"widget\" data-widget_type=\"text-editor.default\">\n\t\t\t\t<div class=\"elementor-widget-container\">\n\t\t\t\t\t\t\t<p><span style=\"color: #000000;font-size: 1rem;font-weight: var( --e-global-typography-text-font-weight );text-align: var(--bs-body-text-align)\">\u00a0<\/span><\/p><p>\u00a0<\/p><p><span style=\"color: #000000;font-size: 1rem;font-weight: var( --e-global-typography-text-font-weight );text-align: var(--bs-body-text-align)\">O projeto \u00e9 composto por fichas ilustradas impressas em papel especial que narram a vida e a obra da escritora, bem como o contexto pol\u00edtico no qual ela estava inserida. As fichas podem ser utilizadas para trabalhos com alunos do ensino fundamental anos finais e m\u00e9dio, e alunos de inclus\u00e3o alfabetizados.<\/span><\/p>\t\t\t\t\t\t<\/div>\n\t\t\t\t<\/div>\n\t\t\t\t\t<\/div>\n\t\t<\/div>\n\t\t\t\t\t<\/div>\n\t\t<\/section>\n\t\t\t\t<div class=\"elementor-element elementor-element-811f2f7 elementor-widget elementor-widget-spacer\" data-id=\"811f2f7\" data-element_type=\"widget\" data-widget_type=\"spacer.default\">\n\t\t\t\t<div class=\"elementor-widget-container\">\n\t\t\t\t\t<div class=\"elementor-spacer\">\n\t\t\t<div class=\"elementor-spacer-inner\"><\/div>\n\t\t<\/div>\n\t\t\t\t<\/div>\n\t\t\t\t<\/div>\n\t\t\t\t\t<\/div>\n\t\t<\/div>\n\t\t\t\t\t<\/div>\n\t\t<\/section>\n\t\t\t\t<section class=\"elementor-section elementor-top-section elementor-element elementor-element-97198dd elementor-section-boxed elementor-section-height-default elementor-section-height-default\" data-id=\"97198dd\" data-element_type=\"section\">\n\t\t\t\t\t\t<div class=\"elementor-container elementor-column-gap-default\">\n\t\t\t\t\t<div class=\"elementor-column elementor-col-100 elementor-top-column elementor-element elementor-element-3953528\" data-id=\"3953528\" data-element_type=\"column\">\n\t\t\t<div class=\"elementor-widget-wrap elementor-element-populated\">\n\t\t\t\t\t\t<div class=\"elementor-element elementor-element-e258720 elementor-widget elementor-widget-image-gallery\" data-id=\"e258720\" data-element_type=\"widget\" data-widget_type=\"image-gallery.default\">\n\t\t\t\t<div class=\"elementor-widget-container\">\n\t\t\t\t\t<div class=\"elementor-image-gallery\">\n\t\t\t<div id='gallery-1' class='gallery galleryid-2143 gallery-columns-4 gallery-size-thumbnail'><figure class='gallery-item'>\n\t\t\t<div class='gallery-icon portrait'>\n\t\t\t\t<a data-elementor-open-lightbox=\"yes\" data-elementor-lightbox-slideshow=\"e258720\" data-elementor-lightbox-title=\"1\" data-e-action-hash=\"#elementor-action%3Aaction%3Dlightbox%26settings%3DeyJpZCI6MjE5NSwidXJsIjoiaHR0cHM6XC9cL3d3dy51ZnNtLmJyXC9hcHBcL3VwbG9hZHNcL3NpdGVzXC84MjFcLzIwMjRcLzAxXC8xLTEuanBnIiwic2xpZGVzaG93IjoiZTI1ODcyMCJ9\" href='https:\/\/www.ufsm.br\/app\/uploads\/sites\/821\/2024\/01\/1-1.jpg'><img loading=\"lazy\" decoding=\"async\" width=\"150\" height=\"150\" src=\"https:\/\/www.ufsm.br\/app\/uploads\/sites\/821\/2024\/01\/1-1-150x150.jpg\" class=\"attachment-thumbnail size-thumbnail\" alt=\"\" \/><\/a>\n\t\t\t<\/div><\/figure><figure class='gallery-item'>\n\t\t\t<div class='gallery-icon portrait'>\n\t\t\t\t<a data-elementor-open-lightbox=\"yes\" data-elementor-lightbox-slideshow=\"e258720\" data-elementor-lightbox-title=\"2\" data-e-action-hash=\"#elementor-action%3Aaction%3Dlightbox%26settings%3DeyJpZCI6MjE5NCwidXJsIjoiaHR0cHM6XC9cL3d3dy51ZnNtLmJyXC9hcHBcL3VwbG9hZHNcL3NpdGVzXC84MjFcLzIwMjRcLzAxXC8yLmpwZyIsInNsaWRlc2hvdyI6ImUyNTg3MjAifQ%3D%3D\" href='https:\/\/www.ufsm.br\/app\/uploads\/sites\/821\/2024\/01\/2.jpg'><img loading=\"lazy\" decoding=\"async\" width=\"150\" height=\"150\" src=\"https:\/\/www.ufsm.br\/app\/uploads\/sites\/821\/2024\/01\/2-150x150.jpg\" class=\"attachment-thumbnail size-thumbnail\" alt=\"\" \/><\/a>\n\t\t\t<\/div><\/figure><figure class='gallery-item'>\n\t\t\t<div class='gallery-icon portrait'>\n\t\t\t\t<a data-elementor-open-lightbox=\"yes\" data-elementor-lightbox-slideshow=\"e258720\" data-elementor-lightbox-title=\"3\" data-e-action-hash=\"#elementor-action%3Aaction%3Dlightbox%26settings%3DeyJpZCI6MjE5MywidXJsIjoiaHR0cHM6XC9cL3d3dy51ZnNtLmJyXC9hcHBcL3VwbG9hZHNcL3NpdGVzXC84MjFcLzIwMjRcLzAxXC8zLmpwZyIsInNsaWRlc2hvdyI6ImUyNTg3MjAifQ%3D%3D\" href='https:\/\/www.ufsm.br\/app\/uploads\/sites\/821\/2024\/01\/3.jpg'><img loading=\"lazy\" decoding=\"async\" width=\"150\" height=\"150\" src=\"https:\/\/www.ufsm.br\/app\/uploads\/sites\/821\/2024\/01\/3-150x150.jpg\" class=\"attachment-thumbnail size-thumbnail\" alt=\"\" \/><\/a>\n\t\t\t<\/div><\/figure><figure class='gallery-item'>\n\t\t\t<div class='gallery-icon portrait'>\n\t\t\t\t<a data-elementor-open-lightbox=\"yes\" data-elementor-lightbox-slideshow=\"e258720\" data-elementor-lightbox-title=\"4\" data-e-action-hash=\"#elementor-action%3Aaction%3Dlightbox%26settings%3DeyJpZCI6MjE5MiwidXJsIjoiaHR0cHM6XC9cL3d3dy51ZnNtLmJyXC9hcHBcL3VwbG9hZHNcL3NpdGVzXC84MjFcLzIwMjRcLzAxXC80LmpwZyIsInNsaWRlc2hvdyI6ImUyNTg3MjAifQ%3D%3D\" href='https:\/\/www.ufsm.br\/app\/uploads\/sites\/821\/2024\/01\/4.jpg'><img loading=\"lazy\" decoding=\"async\" width=\"150\" height=\"150\" src=\"https:\/\/www.ufsm.br\/app\/uploads\/sites\/821\/2024\/01\/4-150x150.jpg\" class=\"attachment-thumbnail size-thumbnail\" alt=\"\" \/><\/a>\n\t\t\t<\/div><\/figure><figure class='gallery-item'>\n\t\t\t<div class='gallery-icon portrait'>\n\t\t\t\t<a data-elementor-open-lightbox=\"yes\" data-elementor-lightbox-slideshow=\"e258720\" data-elementor-lightbox-title=\"5\" data-e-action-hash=\"#elementor-action%3Aaction%3Dlightbox%26settings%3DeyJpZCI6MjE5MSwidXJsIjoiaHR0cHM6XC9cL3d3dy51ZnNtLmJyXC9hcHBcL3VwbG9hZHNcL3NpdGVzXC84MjFcLzIwMjRcLzAxXC81LmpwZyIsInNsaWRlc2hvdyI6ImUyNTg3MjAifQ%3D%3D\" href='https:\/\/www.ufsm.br\/app\/uploads\/sites\/821\/2024\/01\/5.jpg'><img loading=\"lazy\" decoding=\"async\" width=\"150\" height=\"150\" src=\"https:\/\/www.ufsm.br\/app\/uploads\/sites\/821\/2024\/01\/5-150x150.jpg\" class=\"attachment-thumbnail size-thumbnail\" alt=\"\" \/><\/a>\n\t\t\t<\/div><\/figure><figure class='gallery-item'>\n\t\t\t<div class='gallery-icon portrait'>\n\t\t\t\t<a data-elementor-open-lightbox=\"yes\" data-elementor-lightbox-slideshow=\"e258720\" data-elementor-lightbox-title=\"6\" data-e-action-hash=\"#elementor-action%3Aaction%3Dlightbox%26settings%3DeyJpZCI6MjE5MCwidXJsIjoiaHR0cHM6XC9cL3d3dy51ZnNtLmJyXC9hcHBcL3VwbG9hZHNcL3NpdGVzXC84MjFcLzIwMjRcLzAxXC82LmpwZyIsInNsaWRlc2hvdyI6ImUyNTg3MjAifQ%3D%3D\" href='https:\/\/www.ufsm.br\/app\/uploads\/sites\/821\/2024\/01\/6.jpg'><img loading=\"lazy\" decoding=\"async\" width=\"150\" height=\"150\" src=\"https:\/\/www.ufsm.br\/app\/uploads\/sites\/821\/2024\/01\/6-150x150.jpg\" class=\"attachment-thumbnail size-thumbnail\" alt=\"\" \/><\/a>\n\t\t\t<\/div><\/figure><figure class='gallery-item'>\n\t\t\t<div class='gallery-icon portrait'>\n\t\t\t\t<a data-elementor-open-lightbox=\"yes\" data-elementor-lightbox-slideshow=\"e258720\" data-elementor-lightbox-title=\"7\" data-e-action-hash=\"#elementor-action%3Aaction%3Dlightbox%26settings%3DeyJpZCI6MjE4OSwidXJsIjoiaHR0cHM6XC9cL3d3dy51ZnNtLmJyXC9hcHBcL3VwbG9hZHNcL3NpdGVzXC84MjFcLzIwMjRcLzAxXC83LmpwZyIsInNsaWRlc2hvdyI6ImUyNTg3MjAifQ%3D%3D\" href='https:\/\/www.ufsm.br\/app\/uploads\/sites\/821\/2024\/01\/7.jpg'><img loading=\"lazy\" decoding=\"async\" width=\"150\" height=\"150\" src=\"https:\/\/www.ufsm.br\/app\/uploads\/sites\/821\/2024\/01\/7-150x150.jpg\" class=\"attachment-thumbnail size-thumbnail\" alt=\"\" \/><\/a>\n\t\t\t<\/div><\/figure><figure class='gallery-item'>\n\t\t\t<div class='gallery-icon portrait'>\n\t\t\t\t<a data-elementor-open-lightbox=\"yes\" data-elementor-lightbox-slideshow=\"e258720\" data-elementor-lightbox-title=\"8\" data-e-action-hash=\"#elementor-action%3Aaction%3Dlightbox%26settings%3DeyJpZCI6MjE4OCwidXJsIjoiaHR0cHM6XC9cL3d3dy51ZnNtLmJyXC9hcHBcL3VwbG9hZHNcL3NpdGVzXC84MjFcLzIwMjRcLzAxXC84LTEuanBnIiwic2xpZGVzaG93IjoiZTI1ODcyMCJ9\" href='https:\/\/www.ufsm.br\/app\/uploads\/sites\/821\/2024\/01\/8-1.jpg'><img loading=\"lazy\" decoding=\"async\" width=\"150\" height=\"150\" src=\"https:\/\/www.ufsm.br\/app\/uploads\/sites\/821\/2024\/01\/8-1-150x150.jpg\" class=\"attachment-thumbnail size-thumbnail\" alt=\"\" \/><\/a>\n\t\t\t<\/div><\/figure><figure class='gallery-item'>\n\t\t\t<div class='gallery-icon portrait'>\n\t\t\t\t<a data-elementor-open-lightbox=\"yes\" data-elementor-lightbox-slideshow=\"e258720\" data-elementor-lightbox-title=\"9\" data-e-action-hash=\"#elementor-action%3Aaction%3Dlightbox%26settings%3DeyJpZCI6MjE4NywidXJsIjoiaHR0cHM6XC9cL3d3dy51ZnNtLmJyXC9hcHBcL3VwbG9hZHNcL3NpdGVzXC84MjFcLzIwMjRcLzAxXC85LmpwZyIsInNsaWRlc2hvdyI6ImUyNTg3MjAifQ%3D%3D\" href='https:\/\/www.ufsm.br\/app\/uploads\/sites\/821\/2024\/01\/9.jpg'><img loading=\"lazy\" decoding=\"async\" width=\"150\" height=\"150\" src=\"https:\/\/www.ufsm.br\/app\/uploads\/sites\/821\/2024\/01\/9-150x150.jpg\" class=\"attachment-thumbnail size-thumbnail\" alt=\"\" \/><\/a>\n\t\t\t<\/div><\/figure><figure class='gallery-item'>\n\t\t\t<div class='gallery-icon portrait'>\n\t\t\t\t<a data-elementor-open-lightbox=\"yes\" data-elementor-lightbox-slideshow=\"e258720\" data-elementor-lightbox-title=\"10\" data-e-action-hash=\"#elementor-action%3Aaction%3Dlightbox%26settings%3DeyJpZCI6MjE4NiwidXJsIjoiaHR0cHM6XC9cL3d3dy51ZnNtLmJyXC9hcHBcL3VwbG9hZHNcL3NpdGVzXC84MjFcLzIwMjRcLzAxXC8xMC0xLmpwZyIsInNsaWRlc2hvdyI6ImUyNTg3MjAifQ%3D%3D\" href='https:\/\/www.ufsm.br\/app\/uploads\/sites\/821\/2024\/01\/10-1.jpg'><img loading=\"lazy\" decoding=\"async\" width=\"150\" height=\"150\" src=\"https:\/\/www.ufsm.br\/app\/uploads\/sites\/821\/2024\/01\/10-1-150x150.jpg\" class=\"attachment-thumbnail size-thumbnail\" alt=\"\" \/><\/a>\n\t\t\t<\/div><\/figure><figure class='gallery-item'>\n\t\t\t<div class='gallery-icon portrait'>\n\t\t\t\t<a data-elementor-open-lightbox=\"yes\" data-elementor-lightbox-slideshow=\"e258720\" data-elementor-lightbox-title=\"11\" data-e-action-hash=\"#elementor-action%3Aaction%3Dlightbox%26settings%3DeyJpZCI6MjE4NSwidXJsIjoiaHR0cHM6XC9cL3d3dy51ZnNtLmJyXC9hcHBcL3VwbG9hZHNcL3NpdGVzXC84MjFcLzIwMjRcLzAxXC8xMS5qcGciLCJzbGlkZXNob3ciOiJlMjU4NzIwIn0%3D\" href='https:\/\/www.ufsm.br\/app\/uploads\/sites\/821\/2024\/01\/11.jpg'><img loading=\"lazy\" decoding=\"async\" width=\"150\" height=\"150\" src=\"https:\/\/www.ufsm.br\/app\/uploads\/sites\/821\/2024\/01\/11-150x150.jpg\" class=\"attachment-thumbnail size-thumbnail\" alt=\"\" \/><\/a>\n\t\t\t<\/div><\/figure><figure class='gallery-item'>\n\t\t\t<div class='gallery-icon portrait'>\n\t\t\t\t<a data-elementor-open-lightbox=\"yes\" data-elementor-lightbox-slideshow=\"e258720\" data-elementor-lightbox-title=\"12\" data-e-action-hash=\"#elementor-action%3Aaction%3Dlightbox%26settings%3DeyJpZCI6MjE4NCwidXJsIjoiaHR0cHM6XC9cL3d3dy51ZnNtLmJyXC9hcHBcL3VwbG9hZHNcL3NpdGVzXC84MjFcLzIwMjRcLzAxXC8xMi0yLmpwZyIsInNsaWRlc2hvdyI6ImUyNTg3MjAifQ%3D%3D\" href='https:\/\/www.ufsm.br\/app\/uploads\/sites\/821\/2024\/01\/12-2.jpg'><img loading=\"lazy\" decoding=\"async\" width=\"150\" height=\"150\" src=\"https:\/\/www.ufsm.br\/app\/uploads\/sites\/821\/2024\/01\/12-2-150x150.jpg\" class=\"attachment-thumbnail size-thumbnail\" alt=\"\" \/><\/a>\n\t\t\t<\/div><\/figure><figure class='gallery-item'>\n\t\t\t<div class='gallery-icon portrait'>\n\t\t\t\t<a data-elementor-open-lightbox=\"yes\" data-elementor-lightbox-slideshow=\"e258720\" data-elementor-lightbox-title=\"13\" data-e-action-hash=\"#elementor-action%3Aaction%3Dlightbox%26settings%3DeyJpZCI6MjE4MywidXJsIjoiaHR0cHM6XC9cL3d3dy51ZnNtLmJyXC9hcHBcL3VwbG9hZHNcL3NpdGVzXC84MjFcLzIwMjRcLzAxXC8xMy5qcGciLCJzbGlkZXNob3ciOiJlMjU4NzIwIn0%3D\" href='https:\/\/www.ufsm.br\/app\/uploads\/sites\/821\/2024\/01\/13.jpg'><img loading=\"lazy\" decoding=\"async\" width=\"150\" height=\"150\" src=\"https:\/\/www.ufsm.br\/app\/uploads\/sites\/821\/2024\/01\/13-150x150.jpg\" class=\"attachment-thumbnail size-thumbnail\" alt=\"\" \/><\/a>\n\t\t\t<\/div><\/figure><figure class='gallery-item'>\n\t\t\t<div class='gallery-icon portrait'>\n\t\t\t\t<a data-elementor-open-lightbox=\"yes\" data-elementor-lightbox-slideshow=\"e258720\" data-elementor-lightbox-title=\"14\" data-e-action-hash=\"#elementor-action%3Aaction%3Dlightbox%26settings%3DeyJpZCI6MjE4MiwidXJsIjoiaHR0cHM6XC9cL3d3dy51ZnNtLmJyXC9hcHBcL3VwbG9hZHNcL3NpdGVzXC84MjFcLzIwMjRcLzAxXC8xNC5qcGciLCJzbGlkZXNob3ciOiJlMjU4NzIwIn0%3D\" href='https:\/\/www.ufsm.br\/app\/uploads\/sites\/821\/2024\/01\/14.jpg'><img loading=\"lazy\" decoding=\"async\" width=\"150\" height=\"150\" src=\"https:\/\/www.ufsm.br\/app\/uploads\/sites\/821\/2024\/01\/14-150x150.jpg\" class=\"attachment-thumbnail size-thumbnail\" alt=\"\" \/><\/a>\n\t\t\t<\/div><\/figure><figure class='gallery-item'>\n\t\t\t<div class='gallery-icon portrait'>\n\t\t\t\t<a data-elementor-open-lightbox=\"yes\" data-elementor-lightbox-slideshow=\"e258720\" data-elementor-lightbox-title=\"15\" data-e-action-hash=\"#elementor-action%3Aaction%3Dlightbox%26settings%3DeyJpZCI6MjE4MSwidXJsIjoiaHR0cHM6XC9cL3d3dy51ZnNtLmJyXC9hcHBcL3VwbG9hZHNcL3NpdGVzXC84MjFcLzIwMjRcLzAxXC8xNS5qcGciLCJzbGlkZXNob3ciOiJlMjU4NzIwIn0%3D\" href='https:\/\/www.ufsm.br\/app\/uploads\/sites\/821\/2024\/01\/15.jpg'><img loading=\"lazy\" decoding=\"async\" width=\"150\" height=\"150\" src=\"https:\/\/www.ufsm.br\/app\/uploads\/sites\/821\/2024\/01\/15-150x150.jpg\" class=\"attachment-thumbnail size-thumbnail\" alt=\"\" \/><\/a>\n\t\t\t<\/div><\/figure><figure class='gallery-item'>\n\t\t\t<div class='gallery-icon portrait'>\n\t\t\t\t<a data-elementor-open-lightbox=\"yes\" data-elementor-lightbox-slideshow=\"e258720\" data-elementor-lightbox-title=\"16\" data-e-action-hash=\"#elementor-action%3Aaction%3Dlightbox%26settings%3DeyJpZCI6MjE4MCwidXJsIjoiaHR0cHM6XC9cL3d3dy51ZnNtLmJyXC9hcHBcL3VwbG9hZHNcL3NpdGVzXC84MjFcLzIwMjRcLzAxXC8xNi5qcGciLCJzbGlkZXNob3ciOiJlMjU4NzIwIn0%3D\" href='https:\/\/www.ufsm.br\/app\/uploads\/sites\/821\/2024\/01\/16.jpg'><img loading=\"lazy\" decoding=\"async\" width=\"150\" height=\"150\" src=\"https:\/\/www.ufsm.br\/app\/uploads\/sites\/821\/2024\/01\/16-150x150.jpg\" class=\"attachment-thumbnail size-thumbnail\" alt=\"\" \/><\/a>\n\t\t\t<\/div><\/figure><figure class='gallery-item'>\n\t\t\t<div class='gallery-icon portrait'>\n\t\t\t\t<a data-elementor-open-lightbox=\"yes\" data-elementor-lightbox-slideshow=\"e258720\" data-elementor-lightbox-title=\"17\" data-e-action-hash=\"#elementor-action%3Aaction%3Dlightbox%26settings%3DeyJpZCI6MjE3OSwidXJsIjoiaHR0cHM6XC9cL3d3dy51ZnNtLmJyXC9hcHBcL3VwbG9hZHNcL3NpdGVzXC84MjFcLzIwMjRcLzAxXC8xNy5qcGciLCJzbGlkZXNob3ciOiJlMjU4NzIwIn0%3D\" href='https:\/\/www.ufsm.br\/app\/uploads\/sites\/821\/2024\/01\/17.jpg'><img loading=\"lazy\" decoding=\"async\" width=\"150\" height=\"150\" src=\"https:\/\/www.ufsm.br\/app\/uploads\/sites\/821\/2024\/01\/17-150x150.jpg\" class=\"attachment-thumbnail size-thumbnail\" alt=\"\" \/><\/a>\n\t\t\t<\/div><\/figure><figure class='gallery-item'>\n\t\t\t<div class='gallery-icon portrait'>\n\t\t\t\t<a data-elementor-open-lightbox=\"yes\" data-elementor-lightbox-slideshow=\"e258720\" data-elementor-lightbox-title=\"18\" data-e-action-hash=\"#elementor-action%3Aaction%3Dlightbox%26settings%3DeyJpZCI6MjE3OCwidXJsIjoiaHR0cHM6XC9cL3d3dy51ZnNtLmJyXC9hcHBcL3VwbG9hZHNcL3NpdGVzXC84MjFcLzIwMjRcLzAxXC8xOC5qcGciLCJzbGlkZXNob3ciOiJlMjU4NzIwIn0%3D\" href='https:\/\/www.ufsm.br\/app\/uploads\/sites\/821\/2024\/01\/18.jpg'><img loading=\"lazy\" decoding=\"async\" width=\"150\" height=\"150\" src=\"https:\/\/www.ufsm.br\/app\/uploads\/sites\/821\/2024\/01\/18-150x150.jpg\" class=\"attachment-thumbnail size-thumbnail\" alt=\"\" \/><\/a>\n\t\t\t<\/div><\/figure><figure class='gallery-item'>\n\t\t\t<div class='gallery-icon portrait'>\n\t\t\t\t<a data-elementor-open-lightbox=\"yes\" data-elementor-lightbox-slideshow=\"e258720\" data-elementor-lightbox-title=\"19\" data-e-action-hash=\"#elementor-action%3Aaction%3Dlightbox%26settings%3DeyJpZCI6MjE3NywidXJsIjoiaHR0cHM6XC9cL3d3dy51ZnNtLmJyXC9hcHBcL3VwbG9hZHNcL3NpdGVzXC84MjFcLzIwMjRcLzAxXC8xOS5qcGciLCJzbGlkZXNob3ciOiJlMjU4NzIwIn0%3D\" href='https:\/\/www.ufsm.br\/app\/uploads\/sites\/821\/2024\/01\/19.jpg'><img loading=\"lazy\" decoding=\"async\" width=\"150\" height=\"150\" src=\"https:\/\/www.ufsm.br\/app\/uploads\/sites\/821\/2024\/01\/19-150x150.jpg\" class=\"attachment-thumbnail size-thumbnail\" alt=\"\" \/><\/a>\n\t\t\t<\/div><\/figure><figure class='gallery-item'>\n\t\t\t<div class='gallery-icon portrait'>\n\t\t\t\t<a data-elementor-open-lightbox=\"yes\" data-elementor-lightbox-slideshow=\"e258720\" data-elementor-lightbox-title=\"20\" data-e-action-hash=\"#elementor-action%3Aaction%3Dlightbox%26settings%3DeyJpZCI6MjE3NiwidXJsIjoiaHR0cHM6XC9cL3d3dy51ZnNtLmJyXC9hcHBcL3VwbG9hZHNcL3NpdGVzXC84MjFcLzIwMjRcLzAxXC8yMC5qcGciLCJzbGlkZXNob3ciOiJlMjU4NzIwIn0%3D\" href='https:\/\/www.ufsm.br\/app\/uploads\/sites\/821\/2024\/01\/20.jpg'><img loading=\"lazy\" decoding=\"async\" width=\"150\" height=\"150\" src=\"https:\/\/www.ufsm.br\/app\/uploads\/sites\/821\/2024\/01\/20-150x150.jpg\" class=\"attachment-thumbnail size-thumbnail\" alt=\"\" \/><\/a>\n\t\t\t<\/div><\/figure><figure class='gallery-item'>\n\t\t\t<div class='gallery-icon portrait'>\n\t\t\t\t<a data-elementor-open-lightbox=\"yes\" data-elementor-lightbox-slideshow=\"e258720\" data-elementor-lightbox-title=\"21\" data-e-action-hash=\"#elementor-action%3Aaction%3Dlightbox%26settings%3DeyJpZCI6MjE3NSwidXJsIjoiaHR0cHM6XC9cL3d3dy51ZnNtLmJyXC9hcHBcL3VwbG9hZHNcL3NpdGVzXC84MjFcLzIwMjRcLzAxXC8yMS5qcGciLCJzbGlkZXNob3ciOiJlMjU4NzIwIn0%3D\" href='https:\/\/www.ufsm.br\/app\/uploads\/sites\/821\/2024\/01\/21.jpg'><img loading=\"lazy\" decoding=\"async\" width=\"150\" height=\"150\" src=\"https:\/\/www.ufsm.br\/app\/uploads\/sites\/821\/2024\/01\/21-150x150.jpg\" class=\"attachment-thumbnail size-thumbnail\" alt=\"\" \/><\/a>\n\t\t\t<\/div><\/figure>\n\t\t<\/div>\n\t\t<\/div>\n\t\t\t\t<\/div>\n\t\t\t\t<\/div>\n\t\t\t\t<div class=\"elementor-element elementor-element-d3fa5d5 elementor-widget elementor-widget-spacer\" data-id=\"d3fa5d5\" data-element_type=\"widget\" data-widget_type=\"spacer.default\">\n\t\t\t\t<div class=\"elementor-widget-container\">\n\t\t\t\t\t<div class=\"elementor-spacer\">\n\t\t\t<div class=\"elementor-spacer-inner\"><\/div>\n\t\t<\/div>\n\t\t\t\t<\/div>\n\t\t\t\t<\/div>\n\t\t\t\t<div class=\"elementor-element elementor-element-111f364 elementor-widget elementor-widget-text-editor\" data-id=\"111f364\" data-element_type=\"widget\" data-widget_type=\"text-editor.default\">\n\t\t\t\t<div class=\"elementor-widget-container\">\n\t\t\t\t\t\t\t<p style=\"text-align: center\"><a href=\"https:\/\/drive.google.com\/drive\/u\/0\/folders\/15YHUb6uC6LPq6p8zdO1o_9LDKeQFyEGg\" target=\"_blank\" rel=\"noopener\">BAIXE AS FICHAS CLICANDO AQUI<\/a><\/p>\t\t\t\t\t\t<\/div>\n\t\t\t\t<\/div>\n\t\t\t\t\t<\/div>\n\t\t<\/div>\n\t\t\t\t\t<\/div>\n\t\t<\/section>\n\t\t\t\t<section class=\"elementor-section elementor-top-section elementor-element elementor-element-3a8f981 elementor-section-boxed elementor-section-height-default elementor-section-height-default\" data-id=\"3a8f981\" data-element_type=\"section\">\n\t\t\t\t\t\t<div class=\"elementor-container elementor-column-gap-default\">\n\t\t\t\t\t<div class=\"elementor-column elementor-col-100 elementor-top-column elementor-element elementor-element-038d7c6\" data-id=\"038d7c6\" data-element_type=\"column\">\n\t\t\t<div class=\"elementor-widget-wrap elementor-element-populated\">\n\t\t\t\t\t\t<div class=\"elementor-element elementor-element-92d935b elementor-widget elementor-widget-spacer\" data-id=\"92d935b\" data-element_type=\"widget\" data-widget_type=\"spacer.default\">\n\t\t\t\t<div class=\"elementor-widget-container\">\n\t\t\t\t\t<div class=\"elementor-spacer\">\n\t\t\t<div class=\"elementor-spacer-inner\"><\/div>\n\t\t<\/div>\n\t\t\t\t<\/div>\n\t\t\t\t<\/div>\n\t\t\t\t<div class=\"elementor-element elementor-element-994cba2 elementor-widget elementor-widget-text-editor\" data-id=\"994cba2\" data-element_type=\"widget\" data-widget_type=\"text-editor.default\">\n\t\t\t\t<div class=\"elementor-widget-container\">\n\t\t\t\t\t\t\t<p style=\"text-align: center\"><strong>HOMENAGENS \u00c0 LUISA CARN\u00c9S EM MADRID<\/strong><\/p>\t\t\t\t\t\t<\/div>\n\t\t\t\t<\/div>\n\t\t\t\t<div class=\"elementor-element elementor-element-cecfb8e elementor-widget__width-initial elementor-widget elementor-widget-image-gallery\" data-id=\"cecfb8e\" data-element_type=\"widget\" data-widget_type=\"image-gallery.default\">\n\t\t\t\t<div class=\"elementor-widget-container\">\n\t\t\t\t\t<div class=\"elementor-image-gallery\">\n\t\t\t<div id='gallery-2' class='gallery galleryid-2143 gallery-columns-4 gallery-size-thumbnail'><figure class='gallery-item'>\n\t\t\t<div class='gallery-icon portrait'>\n\t\t\t\t<a data-elementor-open-lightbox=\"yes\" data-elementor-lightbox-slideshow=\"cecfb8e\" data-elementor-lightbox-title=\"FACHADA DA CASA DE LUISA CARN\u00c9S\" data-e-action-hash=\"#elementor-action%3Aaction%3Dlightbox%26settings%3DeyJpZCI6MjQ2OCwidXJsIjoiaHR0cHM6XC9cL3d3dy51ZnNtLmJyXC9hcHBcL3VwbG9hZHNcL3NpdGVzXC84MjFcLzIwMjVcLzAyXC8xLTEuanBlZyIsInNsaWRlc2hvdyI6ImNlY2ZiOGUifQ%3D%3D\" href='https:\/\/www.ufsm.br\/app\/uploads\/sites\/821\/2025\/02\/1-1.jpeg'><img loading=\"lazy\" decoding=\"async\" width=\"150\" height=\"150\" src=\"https:\/\/www.ufsm.br\/app\/uploads\/sites\/821\/2025\/02\/1-1-150x150.jpeg\" class=\"attachment-thumbnail size-thumbnail\" alt=\"\" \/><\/a>\n\t\t\t<\/div><\/figure><figure class='gallery-item'>\n\t\t\t<div class='gallery-icon portrait'>\n\t\t\t\t<a data-elementor-open-lightbox=\"yes\" data-elementor-lightbox-slideshow=\"cecfb8e\" data-elementor-lightbox-title=\"PLACA EM HOMENAGEM A LUISA CARN\u00c9S NA CASA EM QUE ELA MOROU NO BAIRRO DE LAS LETRAS EM MADRID\" data-e-action-hash=\"#elementor-action%3Aaction%3Dlightbox%26settings%3DeyJpZCI6MjQ2OSwidXJsIjoiaHR0cHM6XC9cL3d3dy51ZnNtLmJyXC9hcHBcL3VwbG9hZHNcL3NpdGVzXC84MjFcLzIwMjVcLzAyXC9XaGF0c0FwcC1JbWFnZS0yMDI1LTAyLTA3LWF0LTE0LjM4LjU2LmpwZWciLCJzbGlkZXNob3ciOiJjZWNmYjhlIn0%3D\" href='https:\/\/www.ufsm.br\/app\/uploads\/sites\/821\/2025\/02\/WhatsApp-Image-2025-02-07-at-14.38.56.jpeg'><img loading=\"lazy\" decoding=\"async\" width=\"150\" height=\"150\" src=\"https:\/\/www.ufsm.br\/app\/uploads\/sites\/821\/2025\/02\/WhatsApp-Image-2025-02-07-at-14.38.56-150x150.jpeg\" class=\"attachment-thumbnail size-thumbnail\" alt=\"\" \/><\/a>\n\t\t\t<\/div><\/figure><figure class='gallery-item'>\n\t\t\t<div class='gallery-icon portrait'>\n\t\t\t\t<a data-elementor-open-lightbox=\"yes\" data-elementor-lightbox-slideshow=\"cecfb8e\" data-elementor-lightbox-title=\"BIBLIOTECA DE COSLADA QUE PASSOU A CHAMAR BIBLIOTECA MUNICIPAL LUISA CARN\u00c9S\" data-e-action-hash=\"#elementor-action%3Aaction%3Dlightbox%26settings%3DeyJpZCI6MjQ3MCwidXJsIjoiaHR0cHM6XC9cL3d3dy51ZnNtLmJyXC9hcHBcL3VwbG9hZHNcL3NpdGVzXC84MjFcLzIwMjVcLzAyXC9XaGF0c0FwcC1JbWFnZS0yMDI1LTAyLTA3LWF0LTE0LjQwLjE2LmpwZWciLCJzbGlkZXNob3ciOiJjZWNmYjhlIn0%3D\" href='https:\/\/www.ufsm.br\/app\/uploads\/sites\/821\/2025\/02\/WhatsApp-Image-2025-02-07-at-14.40.16.jpeg'><img loading=\"lazy\" decoding=\"async\" width=\"150\" height=\"150\" src=\"https:\/\/www.ufsm.br\/app\/uploads\/sites\/821\/2025\/02\/WhatsApp-Image-2025-02-07-at-14.40.16-150x150.jpeg\" class=\"attachment-thumbnail size-thumbnail\" alt=\"\" \/><\/a>\n\t\t\t<\/div><\/figure><figure class='gallery-item'>\n\t\t\t<div class='gallery-icon portrait'>\n\t\t\t\t<a data-elementor-open-lightbox=\"yes\" data-elementor-lightbox-slideshow=\"cecfb8e\" data-elementor-lightbox-title=\"BIBLIOTECA MUNICIPAL LUISA CARN\u00c9S- FOTO COM O NETO DE LUISA, JUAN RAM\u00d3N\" data-e-action-hash=\"#elementor-action%3Aaction%3Dlightbox%26settings%3DeyJpZCI6MjQ3MSwidXJsIjoiaHR0cHM6XC9cL3d3dy51ZnNtLmJyXC9hcHBcL3VwbG9hZHNcL3NpdGVzXC84MjFcLzIwMjVcLzAyXC9XaGF0c0FwcC1JbWFnZS0yMDI1LTAyLTA3LWF0LTE0LjQxLjIxLmpwZWciLCJzbGlkZXNob3ciOiJjZWNmYjhlIn0%3D\" href='https:\/\/www.ufsm.br\/app\/uploads\/sites\/821\/2025\/02\/WhatsApp-Image-2025-02-07-at-14.41.21.jpeg'><img loading=\"lazy\" decoding=\"async\" width=\"150\" height=\"150\" src=\"https:\/\/www.ufsm.br\/app\/uploads\/sites\/821\/2025\/02\/WhatsApp-Image-2025-02-07-at-14.41.21-150x150.jpeg\" class=\"attachment-thumbnail size-thumbnail\" alt=\"\" \/><\/a>\n\t\t\t<\/div><\/figure>\n\t\t<\/div>\n\t\t<\/div>\n\t\t\t\t<\/div>\n\t\t\t\t<\/div>\n\t\t\t\t<div class=\"elementor-element elementor-element-4d0468b elementor-widget elementor-widget-spacer\" data-id=\"4d0468b\" data-element_type=\"widget\" data-widget_type=\"spacer.default\">\n\t\t\t\t<div class=\"elementor-widget-container\">\n\t\t\t\t\t<div class=\"elementor-spacer\">\n\t\t\t<div class=\"elementor-spacer-inner\"><\/div>\n\t\t<\/div>\n\t\t\t\t<\/div>\n\t\t\t\t<\/div>\n\t\t\t\t<div class=\"elementor-element elementor-element-595c3b8 elementor-widget elementor-widget-text-editor\" data-id=\"595c3b8\" data-element_type=\"widget\" data-widget_type=\"text-editor.default\">\n\t\t\t\t<div class=\"elementor-widget-container\">\n\t\t\t\t\t\t\t<p style=\"text-align: center\"><strong>DIVULGA\u00c7\u00c3O DO PROJETO NA ESPANHA<\/strong><\/p><p style=\"text-align: center\"><strong>\u00a0<\/strong><\/p>\t\t\t\t\t\t<\/div>\n\t\t\t\t<\/div>\n\t\t\t\t<div class=\"elementor-element elementor-element-a27d34a elementor-widget elementor-widget-text-editor\" data-id=\"a27d34a\" data-element_type=\"widget\" data-widget_type=\"text-editor.default\">\n\t\t\t\t<div class=\"elementor-widget-container\">\n\t\t\t\t\t\t\t<p style=\"text-align: center\"><strong>UNIVERSIDADE DE C\u00c1DIZ<\/strong><\/p>\t\t\t\t\t\t<\/div>\n\t\t\t\t<\/div>\n\t\t\t\t<div class=\"elementor-element elementor-element-9dc39e9 elementor-widget elementor-widget-image-gallery\" data-id=\"9dc39e9\" data-element_type=\"widget\" data-widget_type=\"image-gallery.default\">\n\t\t\t\t<div class=\"elementor-widget-container\">\n\t\t\t\t\t<div class=\"elementor-image-gallery\">\n\t\t\t<div id='gallery-3' class='gallery galleryid-2143 gallery-columns-2 gallery-size-thumbnail'><figure class='gallery-item'>\n\t\t\t<div class='gallery-icon portrait'>\n\t\t\t\t<a data-elementor-open-lightbox=\"yes\" data-elementor-lightbox-slideshow=\"9dc39e9\" data-elementor-lightbox-title=\"UNIVERSIDAD DE C\u00c1DIZ\" data-e-action-hash=\"#elementor-action%3Aaction%3Dlightbox%26settings%3DeyJpZCI6MjQ3MiwidXJsIjoiaHR0cHM6XC9cL3d3dy51ZnNtLmJyXC9hcHBcL3VwbG9hZHNcL3NpdGVzXC84MjFcLzIwMjVcLzAyXC9XaGF0c0FwcC1JbWFnZS0yMDI1LTAyLTA3LWF0LTE0LjQzLjIyLmpwZWciLCJzbGlkZXNob3ciOiI5ZGMzOWU5In0%3D\" href='https:\/\/www.ufsm.br\/app\/uploads\/sites\/821\/2025\/02\/WhatsApp-Image-2025-02-07-at-14.43.22.jpeg'><img loading=\"lazy\" decoding=\"async\" width=\"150\" height=\"150\" src=\"https:\/\/www.ufsm.br\/app\/uploads\/sites\/821\/2025\/02\/WhatsApp-Image-2025-02-07-at-14.43.22-150x150.jpeg\" class=\"attachment-thumbnail size-thumbnail\" alt=\"\" \/><\/a>\n\t\t\t<\/div><\/figure><figure class='gallery-item'>\n\t\t\t<div class='gallery-icon portrait'>\n\t\t\t\t<a data-elementor-open-lightbox=\"yes\" data-elementor-lightbox-slideshow=\"9dc39e9\" data-elementor-lightbox-title=\"BIBLIOTECA DA UNIVERSIDAD DE C\u00c1DIZ (UCA)\" data-e-action-hash=\"#elementor-action%3Aaction%3Dlightbox%26settings%3DeyJpZCI6MjQ3MywidXJsIjoiaHR0cHM6XC9cL3d3dy51ZnNtLmJyXC9hcHBcL3VwbG9hZHNcL3NpdGVzXC84MjFcLzIwMjVcLzAyXC9XaGF0c0FwcC1JbWFnZS0yMDI1LTAyLTA3LWF0LTE0LjQ0LjA3LmpwZWciLCJzbGlkZXNob3ciOiI5ZGMzOWU5In0%3D\" href='https:\/\/www.ufsm.br\/app\/uploads\/sites\/821\/2025\/02\/WhatsApp-Image-2025-02-07-at-14.44.07.jpeg'><img loading=\"lazy\" decoding=\"async\" width=\"150\" height=\"150\" src=\"https:\/\/www.ufsm.br\/app\/uploads\/sites\/821\/2025\/02\/WhatsApp-Image-2025-02-07-at-14.44.07-150x150.jpeg\" class=\"attachment-thumbnail size-thumbnail\" alt=\"\" \/><\/a>\n\t\t\t<\/div><\/figure>\n\t\t<\/div>\n\t\t<\/div>\n\t\t\t\t<\/div>\n\t\t\t\t<\/div>\n\t\t\t\t<div class=\"elementor-element elementor-element-9606566 elementor-widget elementor-widget-text-editor\" data-id=\"9606566\" data-element_type=\"widget\" data-widget_type=\"text-editor.default\">\n\t\t\t\t<div class=\"elementor-widget-container\">\n\t\t\t\t\t\t\t<p style=\"text-align: center\"><strong>INSTITUTO DE INVESTIGACI\u00d3N ESTUDIOS DEL MUNDO HISP\u00c1NICO \u2013 In-EMHis \u2013 C\u00e1diz<\/strong><\/p>\t\t\t\t\t\t<\/div>\n\t\t\t\t<\/div>\n\t\t\t\t<div class=\"elementor-element elementor-element-09528ea elementor-widget elementor-widget-image-gallery\" data-id=\"09528ea\" data-element_type=\"widget\" data-widget_type=\"image-gallery.default\">\n\t\t\t\t<div class=\"elementor-widget-container\">\n\t\t\t\t\t<div class=\"elementor-image-gallery\">\n\t\t\t<div id='gallery-4' class='gallery galleryid-2143 gallery-columns-4 gallery-size-thumbnail'><figure class='gallery-item'>\n\t\t\t<div class='gallery-icon portrait'>\n\t\t\t\t<a data-elementor-open-lightbox=\"yes\" data-elementor-lightbox-slideshow=\"09528ea\" data-elementor-lightbox-title=\"SEMIN\u00c1RIO NA UNIVERSIDADE DE C\u00c1DIZ\" data-e-action-hash=\"#elementor-action%3Aaction%3Dlightbox%26settings%3DeyJpZCI6MjQ3NCwidXJsIjoiaHR0cHM6XC9cL3d3dy51ZnNtLmJyXC9hcHBcL3VwbG9hZHNcL3NpdGVzXC84MjFcLzIwMjVcLzAyXC9XaGF0c0FwcC1JbWFnZS0yMDI1LTAyLTA3LWF0LTE0LjQ3LjI1LmpwZWciLCJzbGlkZXNob3ciOiIwOTUyOGVhIn0%3D\" href='https:\/\/www.ufsm.br\/app\/uploads\/sites\/821\/2025\/02\/WhatsApp-Image-2025-02-07-at-14.47.25.jpeg'><img loading=\"lazy\" decoding=\"async\" width=\"150\" height=\"150\" src=\"https:\/\/www.ufsm.br\/app\/uploads\/sites\/821\/2025\/02\/WhatsApp-Image-2025-02-07-at-14.47.25-150x150.jpeg\" class=\"attachment-thumbnail size-thumbnail\" alt=\"\" \/><\/a>\n\t\t\t<\/div><\/figure><figure class='gallery-item'>\n\t\t\t<div class='gallery-icon landscape'>\n\t\t\t\t<a data-elementor-open-lightbox=\"yes\" data-elementor-lightbox-slideshow=\"09528ea\" data-elementor-lightbox-title=\"COM AS PROF. DRAS DO In-EMHis, MARIETA E MARIA ISABEL\" data-e-action-hash=\"#elementor-action%3Aaction%3Dlightbox%26settings%3DeyJpZCI6MjQ3NSwidXJsIjoiaHR0cHM6XC9cL3d3dy51ZnNtLmJyXC9hcHBcL3VwbG9hZHNcL3NpdGVzXC84MjFcLzIwMjVcLzAyXC9XaGF0c0FwcC1JbWFnZS0yMDI1LTAyLTA3LWF0LTE0LjQ4LjIzLmpwZWciLCJzbGlkZXNob3ciOiIwOTUyOGVhIn0%3D\" href='https:\/\/www.ufsm.br\/app\/uploads\/sites\/821\/2025\/02\/WhatsApp-Image-2025-02-07-at-14.48.23.jpeg'><img loading=\"lazy\" decoding=\"async\" width=\"150\" height=\"150\" src=\"https:\/\/www.ufsm.br\/app\/uploads\/sites\/821\/2025\/02\/WhatsApp-Image-2025-02-07-at-14.48.23-150x150.jpeg\" class=\"attachment-thumbnail size-thumbnail\" alt=\"\" srcset=\"https:\/\/www.ufsm.br\/app\/uploads\/sites\/821\/2025\/02\/WhatsApp-Image-2025-02-07-at-14.48.23-150x150.jpeg 150w, https:\/\/www.ufsm.br\/app\/uploads\/sites\/821\/2025\/02\/WhatsApp-Image-2025-02-07-at-14.48.23-300x300.jpeg 300w, https:\/\/www.ufsm.br\/app\/uploads\/sites\/821\/2025\/02\/WhatsApp-Image-2025-02-07-at-14.48.23-1024x1024.jpeg 1024w, https:\/\/www.ufsm.br\/app\/uploads\/sites\/821\/2025\/02\/WhatsApp-Image-2025-02-07-at-14.48.23-768x768.jpeg 768w, https:\/\/www.ufsm.br\/app\/uploads\/sites\/821\/2025\/02\/WhatsApp-Image-2025-02-07-at-14.48.23.jpeg 1496w\" sizes=\"(max-width: 150px) 100vw, 150px\" \/><\/a>\n\t\t\t<\/div><\/figure><figure class='gallery-item'>\n\t\t\t<div class='gallery-icon portrait'>\n\t\t\t\t<a data-elementor-open-lightbox=\"yes\" data-elementor-lightbox-slideshow=\"09528ea\" data-elementor-lightbox-title=\"SEMIN\u00c1RIO NO CURSO DE FILOLOG\u00cdA HISP\u00c1NICA DA UNIVERSIDAD DE C\u00c1DIZ COM A PROF. DRA MARIA ROM\u00c1N\" data-e-action-hash=\"#elementor-action%3Aaction%3Dlightbox%26settings%3DeyJpZCI6MjQ3NiwidXJsIjoiaHR0cHM6XC9cL3d3dy51ZnNtLmJyXC9hcHBcL3VwbG9hZHNcL3NpdGVzXC84MjFcLzIwMjVcLzAyXC9XaGF0c0FwcC1JbWFnZS0yMDI1LTAyLTA3LWF0LTE0LjQ5LjA2LmpwZWciLCJzbGlkZXNob3ciOiIwOTUyOGVhIn0%3D\" href='https:\/\/www.ufsm.br\/app\/uploads\/sites\/821\/2025\/02\/WhatsApp-Image-2025-02-07-at-14.49.06.jpeg'><img loading=\"lazy\" decoding=\"async\" width=\"150\" height=\"150\" src=\"https:\/\/www.ufsm.br\/app\/uploads\/sites\/821\/2025\/02\/WhatsApp-Image-2025-02-07-at-14.49.06-150x150.jpeg\" class=\"attachment-thumbnail size-thumbnail\" alt=\"\" \/><\/a>\n\t\t\t<\/div><\/figure><figure class='gallery-item'>\n\t\t\t<div class='gallery-icon portrait'>\n\t\t\t\t<a data-elementor-open-lightbox=\"yes\" data-elementor-lightbox-slideshow=\"09528ea\" data-elementor-lightbox-title=\"SEMIN\u00c1RIO NO CURSO DE FILOLOG\u00cdA HISP\u00c1NICA DA UNIVERSIDAD DE C\u00c1DIZ COM A PROF. DRA MARIA ROM\u00c1N\" data-e-action-hash=\"#elementor-action%3Aaction%3Dlightbox%26settings%3DeyJpZCI6MjQ3NywidXJsIjoiaHR0cHM6XC9cL3d3dy51ZnNtLmJyXC9hcHBcL3VwbG9hZHNcL3NpdGVzXC84MjFcLzIwMjVcLzAyXC9XaGF0c0FwcC1JbWFnZS0yMDI1LTAyLTA3LWF0LTE0LjQ5LjE5LmpwZWciLCJzbGlkZXNob3ciOiIwOTUyOGVhIn0%3D\" href='https:\/\/www.ufsm.br\/app\/uploads\/sites\/821\/2025\/02\/WhatsApp-Image-2025-02-07-at-14.49.19.jpeg'><img loading=\"lazy\" decoding=\"async\" width=\"150\" height=\"150\" src=\"https:\/\/www.ufsm.br\/app\/uploads\/sites\/821\/2025\/02\/WhatsApp-Image-2025-02-07-at-14.49.19-150x150.jpeg\" class=\"attachment-thumbnail size-thumbnail\" alt=\"\" \/><\/a>\n\t\t\t<\/div><\/figure><figure class='gallery-item'>\n\t\t\t<div class='gallery-icon portrait'>\n\t\t\t\t<a data-elementor-open-lightbox=\"yes\" data-elementor-lightbox-slideshow=\"09528ea\" data-elementor-lightbox-title=\"UNIVERSIDAD DE C\u00c1DIZ\" data-e-action-hash=\"#elementor-action%3Aaction%3Dlightbox%26settings%3DeyJpZCI6MjQ3OCwidXJsIjoiaHR0cHM6XC9cL3d3dy51ZnNtLmJyXC9hcHBcL3VwbG9hZHNcL3NpdGVzXC84MjFcLzIwMjVcLzAyXC9XaGF0c0FwcC1JbWFnZS0yMDI1LTAyLTA3LWF0LTE0LjQ5LjUzLmpwZWciLCJzbGlkZXNob3ciOiIwOTUyOGVhIn0%3D\" href='https:\/\/www.ufsm.br\/app\/uploads\/sites\/821\/2025\/02\/WhatsApp-Image-2025-02-07-at-14.49.53.jpeg'><img loading=\"lazy\" decoding=\"async\" width=\"150\" height=\"150\" src=\"https:\/\/www.ufsm.br\/app\/uploads\/sites\/821\/2025\/02\/WhatsApp-Image-2025-02-07-at-14.49.53-150x150.jpeg\" class=\"attachment-thumbnail size-thumbnail\" alt=\"\" \/><\/a>\n\t\t\t<\/div><\/figure><figure class='gallery-item'>\n\t\t\t<div class='gallery-icon portrait'>\n\t\t\t\t<a data-elementor-open-lightbox=\"yes\" data-elementor-lightbox-slideshow=\"09528ea\" data-elementor-lightbox-title=\"SEMIN\u00c1RIOS NO CURSO DE FILOLOG\u00cdA FRANCESA CON O PROF. DR. JUAN MANOEL\" data-e-action-hash=\"#elementor-action%3Aaction%3Dlightbox%26settings%3DeyJpZCI6MjQ4MCwidXJsIjoiaHR0cHM6XC9cL3d3dy51ZnNtLmJyXC9hcHBcL3VwbG9hZHNcL3NpdGVzXC84MjFcLzIwMjVcLzAyXC9XaGF0c0FwcC1JbWFnZS0yMDI1LTAyLTA3LWF0LTE0LjUwLjI1LmpwZWciLCJzbGlkZXNob3ciOiIwOTUyOGVhIn0%3D\" href='https:\/\/www.ufsm.br\/app\/uploads\/sites\/821\/2025\/02\/WhatsApp-Image-2025-02-07-at-14.50.25.jpeg'><img loading=\"lazy\" decoding=\"async\" width=\"150\" height=\"150\" src=\"https:\/\/www.ufsm.br\/app\/uploads\/sites\/821\/2025\/02\/WhatsApp-Image-2025-02-07-at-14.50.25-150x150.jpeg\" class=\"attachment-thumbnail size-thumbnail\" alt=\"\" \/><\/a>\n\t\t\t<\/div><\/figure><figure class='gallery-item'>\n\t\t\t<div class='gallery-icon landscape'>\n\t\t\t\t<a data-elementor-open-lightbox=\"yes\" data-elementor-lightbox-slideshow=\"09528ea\" data-elementor-lightbox-title=\"SEMIN\u00c1RIOS NO CURSO DE FILOLOG\u00cdA FRANCESA CON O PROF. DR. JUAN MANOEL\" data-e-action-hash=\"#elementor-action%3Aaction%3Dlightbox%26settings%3DeyJpZCI6MjQ4MSwidXJsIjoiaHR0cHM6XC9cL3d3dy51ZnNtLmJyXC9hcHBcL3VwbG9hZHNcL3NpdGVzXC84MjFcLzIwMjVcLzAyXC9XaGF0c0FwcC1JbWFnZS0yMDI1LTAyLTA3LWF0LTE0LjUwLjM1LmpwZWciLCJzbGlkZXNob3ciOiIwOTUyOGVhIn0%3D\" href='https:\/\/www.ufsm.br\/app\/uploads\/sites\/821\/2025\/02\/WhatsApp-Image-2025-02-07-at-14.50.35.jpeg'><img loading=\"lazy\" decoding=\"async\" width=\"150\" height=\"150\" src=\"https:\/\/www.ufsm.br\/app\/uploads\/sites\/821\/2025\/02\/WhatsApp-Image-2025-02-07-at-14.50.35-150x150.jpeg\" class=\"attachment-thumbnail size-thumbnail\" alt=\"\" \/><\/a>\n\t\t\t<\/div><\/figure><figure class='gallery-item'>\n\t\t\t<div class='gallery-icon landscape'>\n\t\t\t\t<a data-elementor-open-lightbox=\"yes\" data-elementor-lightbox-slideshow=\"09528ea\" data-elementor-lightbox-title=\"ENTREGA DO MATERIAL PARA LA PROF. DRA SUSAN PAUN DE GARC\u00cdA E O PROF. DR. SALVADOR DE GARC\u00cdA DA DENISON UNIVERSITY  DE OHIO - EUA\" data-e-action-hash=\"#elementor-action%3Aaction%3Dlightbox%26settings%3DeyJpZCI6MjQ4MywidXJsIjoiaHR0cHM6XC9cL3d3dy51ZnNtLmJyXC9hcHBcL3VwbG9hZHNcL3NpdGVzXC84MjFcLzIwMjVcLzAyXC9XaGF0c0FwcC1JbWFnZS0yMDI1LTAyLTA3LWF0LTE0LjUxLjQ3LmpwZWciLCJzbGlkZXNob3ciOiIwOTUyOGVhIn0%3D\" href='https:\/\/www.ufsm.br\/app\/uploads\/sites\/821\/2025\/02\/WhatsApp-Image-2025-02-07-at-14.51.47.jpeg'><img loading=\"lazy\" decoding=\"async\" width=\"150\" height=\"150\" src=\"https:\/\/www.ufsm.br\/app\/uploads\/sites\/821\/2025\/02\/WhatsApp-Image-2025-02-07-at-14.51.47-150x150.jpeg\" class=\"attachment-thumbnail size-thumbnail\" alt=\"\" \/><\/a>\n\t\t\t<\/div><\/figure><figure class='gallery-item'>\n\t\t\t<div class='gallery-icon portrait'>\n\t\t\t\t<a data-elementor-open-lightbox=\"yes\" data-elementor-lightbox-slideshow=\"09528ea\" data-elementor-lightbox-title=\"ENTREGA DO MATERIAL PARA DIRETORA DO In-EMHis , MARIETA CANTOS CASANAVE\" data-e-action-hash=\"#elementor-action%3Aaction%3Dlightbox%26settings%3DeyJpZCI6MjQ4MiwidXJsIjoiaHR0cHM6XC9cL3d3dy51ZnNtLmJyXC9hcHBcL3VwbG9hZHNcL3NpdGVzXC84MjFcLzIwMjVcLzAyXC9XaGF0c0FwcC1JbWFnZS0yMDI1LTAyLTA3LWF0LTE0LjUxLjA1LmpwZWciLCJzbGlkZXNob3ciOiIwOTUyOGVhIn0%3D\" href='https:\/\/www.ufsm.br\/app\/uploads\/sites\/821\/2025\/02\/WhatsApp-Image-2025-02-07-at-14.51.05.jpeg'><img loading=\"lazy\" decoding=\"async\" width=\"150\" height=\"150\" src=\"https:\/\/www.ufsm.br\/app\/uploads\/sites\/821\/2025\/02\/WhatsApp-Image-2025-02-07-at-14.51.05-150x150.jpeg\" class=\"attachment-thumbnail size-thumbnail\" alt=\"\" \/><\/a>\n\t\t\t<\/div><\/figure><figure class='gallery-item'>\n\t\t\t<div class='gallery-icon landscape'>\n\t\t\t\t<a data-elementor-open-lightbox=\"yes\" data-elementor-lightbox-slideshow=\"09528ea\" data-elementor-lightbox-title=\"ENTREGA DO MATERIAL NO SEMINARIO DEL CENTRO INTERNACIONAL DEL ROMANTICISMO HISPANICO, PARA REITORES E PROFESSORES DAS UNIVERSIDADES DA ANDALUC\u00cdA\" data-e-action-hash=\"#elementor-action%3Aaction%3Dlightbox%26settings%3DeyJpZCI6MjQ4NCwidXJsIjoiaHR0cHM6XC9cL3d3dy51ZnNtLmJyXC9hcHBcL3VwbG9hZHNcL3NpdGVzXC84MjFcLzIwMjVcLzAyXC9XaGF0c0FwcC1JbWFnZS0yMDI1LTAyLTA3LWF0LTE0LjU1LjM5LmpwZWciLCJzbGlkZXNob3ciOiIwOTUyOGVhIn0%3D\" href='https:\/\/www.ufsm.br\/app\/uploads\/sites\/821\/2025\/02\/WhatsApp-Image-2025-02-07-at-14.55.39.jpeg'><img loading=\"lazy\" decoding=\"async\" width=\"150\" height=\"150\" src=\"https:\/\/www.ufsm.br\/app\/uploads\/sites\/821\/2025\/02\/WhatsApp-Image-2025-02-07-at-14.55.39-150x150.jpeg\" class=\"attachment-thumbnail size-thumbnail\" alt=\"\" \/><\/a>\n\t\t\t<\/div><\/figure><figure class='gallery-item'>\n\t\t\t<div class='gallery-icon portrait'>\n\t\t\t\t<a data-elementor-open-lightbox=\"yes\" data-elementor-lightbox-slideshow=\"09528ea\" data-elementor-lightbox-title=\"SEMIN\u00c1RIOS NO CURSO DE FILOLOG\u00cdA FRANCESA CON O PROF. DR. JUAN MANOEL\" data-e-action-hash=\"#elementor-action%3Aaction%3Dlightbox%26settings%3DeyJpZCI6MjQ3OSwidXJsIjoiaHR0cHM6XC9cL3d3dy51ZnNtLmJyXC9hcHBcL3VwbG9hZHNcL3NpdGVzXC84MjFcLzIwMjVcLzAyXC9XaGF0c0FwcC1JbWFnZS0yMDI1LTAyLTA3LWF0LTE0LjUwLjE0LmpwZWciLCJzbGlkZXNob3ciOiIwOTUyOGVhIn0%3D\" href='https:\/\/www.ufsm.br\/app\/uploads\/sites\/821\/2025\/02\/WhatsApp-Image-2025-02-07-at-14.50.14.jpeg'><img loading=\"lazy\" decoding=\"async\" width=\"150\" height=\"150\" src=\"https:\/\/www.ufsm.br\/app\/uploads\/sites\/821\/2025\/02\/WhatsApp-Image-2025-02-07-at-14.50.14-150x150.jpeg\" class=\"attachment-thumbnail size-thumbnail\" alt=\"\" \/><\/a>\n\t\t\t<\/div><\/figure>\n\t\t<\/div>\n\t\t<\/div>\n\t\t\t\t<\/div>\n\t\t\t\t<\/div>\n\t\t\t\t<div class=\"elementor-element elementor-element-ab178f1 elementor-widget elementor-widget-text-editor\" data-id=\"ab178f1\" data-element_type=\"widget\" data-widget_type=\"text-editor.default\">\n\t\t\t\t<div class=\"elementor-widget-container\">\n\t\t\t\t\t\t\t<p style=\"text-align: center\"><strong>UNIVERSIDADE AUT\u00d3NOMA DE MADRID<\/strong><\/p>\t\t\t\t\t\t<\/div>\n\t\t\t\t<\/div>\n\t\t\t\t<div class=\"elementor-element elementor-element-a920411 elementor-widget elementor-widget-image-gallery\" data-id=\"a920411\" data-element_type=\"widget\" data-widget_type=\"image-gallery.default\">\n\t\t\t\t<div class=\"elementor-widget-container\">\n\t\t\t\t\t<div class=\"elementor-image-gallery\">\n\t\t\t<div id='gallery-5' class='gallery galleryid-2143 gallery-columns-5 gallery-size-thumbnail'><figure class='gallery-item'>\n\t\t\t<div class='gallery-icon portrait'>\n\t\t\t\t<a data-elementor-open-lightbox=\"yes\" data-elementor-lightbox-slideshow=\"a920411\" data-elementor-lightbox-title=\"IMAGEM DO MON\u00d3GR\u00c1FICO DE LUISA CARN\u00c9S\" data-e-action-hash=\"#elementor-action%3Aaction%3Dlightbox%26settings%3DeyJpZCI6MjQ5MSwidXJsIjoiaHR0cHM6XC9cL3d3dy51ZnNtLmJyXC9hcHBcL3VwbG9hZHNcL3NpdGVzXC84MjFcLzIwMjVcLzAyXC9TZW0tdGl0dWxvLmpwZyIsInNsaWRlc2hvdyI6ImE5MjA0MTEifQ%3D%3D\" href='https:\/\/www.ufsm.br\/app\/uploads\/sites\/821\/2025\/02\/Sem-titulo.jpg'><img loading=\"lazy\" decoding=\"async\" width=\"150\" height=\"150\" src=\"https:\/\/www.ufsm.br\/app\/uploads\/sites\/821\/2025\/02\/Sem-titulo-150x150.jpg\" class=\"attachment-thumbnail size-thumbnail\" alt=\"\" \/><\/a>\n\t\t\t<\/div><\/figure><figure class='gallery-item'>\n\t\t\t<div class='gallery-icon portrait'>\n\t\t\t\t<a data-elementor-open-lightbox=\"yes\" data-elementor-lightbox-slideshow=\"a920411\" data-elementor-lightbox-title=\"CICLO DE PALESTRAS NA UNIVERSIDAD AUT\u00d3NOMA DE MADRID  APRESENTA\u00c7\u00c3O DO MONOGR\u00c1FICO DE LUISA CARN\u00c9S\" data-e-action-hash=\"#elementor-action%3Aaction%3Dlightbox%26settings%3DeyJpZCI6MjQ5MiwidXJsIjoiaHR0cHM6XC9cL3d3dy51ZnNtLmJyXC9hcHBcL3VwbG9hZHNcL3NpdGVzXC84MjFcLzIwMjVcLzAyXC9XaGF0c0FwcC1JbWFnZS0yMDI1LTAyLTA3LWF0LTE1LjA0LjUxLmpwZWciLCJzbGlkZXNob3ciOiJhOTIwNDExIn0%3D\" href='https:\/\/www.ufsm.br\/app\/uploads\/sites\/821\/2025\/02\/WhatsApp-Image-2025-02-07-at-15.04.51.jpeg'><img loading=\"lazy\" decoding=\"async\" width=\"150\" height=\"150\" src=\"https:\/\/www.ufsm.br\/app\/uploads\/sites\/821\/2025\/02\/WhatsApp-Image-2025-02-07-at-15.04.51-150x150.jpeg\" class=\"attachment-thumbnail size-thumbnail\" alt=\"\" \/><\/a>\n\t\t\t<\/div><\/figure><figure class='gallery-item'>\n\t\t\t<div class='gallery-icon portrait'>\n\t\t\t\t<a data-elementor-open-lightbox=\"yes\" data-elementor-lightbox-slideshow=\"a920411\" data-elementor-lightbox-title=\"APRESENTA\u00c7\u00c3O  COM A PRESEN\u00c7A DA  FAM\u00cdLIA DE LUISA CARN\u00c9S ENTRE OUTROS ESTUDIOSOS\" data-e-action-hash=\"#elementor-action%3Aaction%3Dlightbox%26settings%3DeyJpZCI6MjQ5MywidXJsIjoiaHR0cHM6XC9cL3d3dy51ZnNtLmJyXC9hcHBcL3VwbG9hZHNcL3NpdGVzXC84MjFcLzIwMjVcLzAyXC9XaGF0c0FwcC1JbWFnZS0yMDI1LTAyLTA3LWF0LTE1LjA1LjMyLmpwZWciLCJzbGlkZXNob3ciOiJhOTIwNDExIn0%3D\" href='https:\/\/www.ufsm.br\/app\/uploads\/sites\/821\/2025\/02\/WhatsApp-Image-2025-02-07-at-15.05.32.jpeg'><img loading=\"lazy\" decoding=\"async\" width=\"150\" height=\"150\" src=\"https:\/\/www.ufsm.br\/app\/uploads\/sites\/821\/2025\/02\/WhatsApp-Image-2025-02-07-at-15.05.32-150x150.jpeg\" class=\"attachment-thumbnail size-thumbnail\" alt=\"\" \/><\/a>\n\t\t\t<\/div><\/figure><figure class='gallery-item'>\n\t\t\t<div class='gallery-icon landscape'>\n\t\t\t\t<a data-elementor-open-lightbox=\"yes\" data-elementor-lightbox-slideshow=\"a920411\" data-elementor-lightbox-title=\"MUSEO REINA SOFIA COM OS CARTAZES DE GUERRA DA REP\u00daBLICA. FOTO COM O NETO DE LUISA CARN\u00c9S  E A FILHA DE RAM\u00d3N PUYOL.\" data-e-action-hash=\"#elementor-action%3Aaction%3Dlightbox%26settings%3DeyJpZCI6MjQ5NCwidXJsIjoiaHR0cHM6XC9cL3d3dy51ZnNtLmJyXC9hcHBcL3VwbG9hZHNcL3NpdGVzXC84MjFcLzIwMjVcLzAyXC9XaGF0c0FwcC1JbWFnZS0yMDI1LTAyLTA3LWF0LTE1LjA2LjA1LmpwZWciLCJzbGlkZXNob3ciOiJhOTIwNDExIn0%3D\" href='https:\/\/www.ufsm.br\/app\/uploads\/sites\/821\/2025\/02\/WhatsApp-Image-2025-02-07-at-15.06.05.jpeg'><img loading=\"lazy\" decoding=\"async\" width=\"150\" height=\"150\" src=\"https:\/\/www.ufsm.br\/app\/uploads\/sites\/821\/2025\/02\/WhatsApp-Image-2025-02-07-at-15.06.05-150x150.jpeg\" class=\"attachment-thumbnail size-thumbnail\" alt=\"\" \/><\/a>\n\t\t\t<\/div><\/figure><figure class='gallery-item'>\n\t\t\t<div class='gallery-icon portrait'>\n\t\t\t\t<a data-elementor-open-lightbox=\"yes\" data-elementor-lightbox-slideshow=\"a920411\" data-elementor-lightbox-title=\"18:30 -\u2013 Sala Negra  (CC La Corrala)  Presentaci\u00f3n de Cultura de la Rep\u00fablica, n\u00famero 7. Monogr\u00e1fico sobre Luisa Carn\u00e9s, Prof. Dra. Ana Paula Cabrera\" data-e-action-hash=\"#elementor-action%3Aaction%3Dlightbox%26settings%3DeyJpZCI6MjQ5NSwidXJsIjoiaHR0cHM6XC9cL3d3dy51ZnNtLmJyXC9hcHBcL3VwbG9hZHNcL3NpdGVzXC84MjFcLzIwMjVcLzAyXC9XaGF0c0FwcC1JbWFnZS0yMDI1LTAyLTA3LWF0LTE1LjE5LjMyLmpwZWciLCJzbGlkZXNob3ciOiJhOTIwNDExIn0%3D\" href='https:\/\/www.ufsm.br\/app\/uploads\/sites\/821\/2025\/02\/WhatsApp-Image-2025-02-07-at-15.19.32.jpeg'><img loading=\"lazy\" decoding=\"async\" width=\"150\" height=\"150\" src=\"https:\/\/www.ufsm.br\/app\/uploads\/sites\/821\/2025\/02\/WhatsApp-Image-2025-02-07-at-15.19.32-150x150.jpeg\" class=\"attachment-thumbnail size-thumbnail\" alt=\"\" \/><\/a>\n\t\t\t<\/div><\/figure>\n\t\t<\/div>\n\t\t<\/div>\n\t\t\t\t<\/div>\n\t\t\t\t<\/div>\n\t\t\t\t<div class=\"elementor-element elementor-element-e22af60 elementor-widget elementor-widget-text-editor\" data-id=\"e22af60\" data-element_type=\"widget\" data-widget_type=\"text-editor.default\">\n\t\t\t\t<div class=\"elementor-widget-container\">\n\t\t\t\t\t\t\t<p style=\"text-align: center\"><strong>IES RAFAEL ALBERTI ENTREGA DE MATERIAL PARA BIBLIOTECA DA ESCOLA<\/strong><\/p>\t\t\t\t\t\t<\/div>\n\t\t\t\t<\/div>\n\t\t\t\t<div class=\"elementor-element elementor-element-518e342 elementor-widget elementor-widget-image-gallery\" data-id=\"518e342\" data-element_type=\"widget\" data-widget_type=\"image-gallery.default\">\n\t\t\t\t<div class=\"elementor-widget-container\">\n\t\t\t\t\t<div class=\"elementor-image-gallery\">\n\t\t\t<div id='gallery-6' class='gallery galleryid-2143 gallery-columns-4 gallery-size-thumbnail'><figure class='gallery-item'>\n\t\t\t<div class='gallery-icon portrait'>\n\t\t\t\t<a data-elementor-open-lightbox=\"yes\" data-elementor-lightbox-slideshow=\"518e342\" data-elementor-lightbox-title=\"IES RAFAEL ALBERTI - C\u00c1DIZ - ESPANHA  ENTREGA DE MATERIAL PARA BIBLIOTECA DA ESCOLA\" data-e-action-hash=\"#elementor-action%3Aaction%3Dlightbox%26settings%3DeyJpZCI6MjQ4NSwidXJsIjoiaHR0cHM6XC9cL3d3dy51ZnNtLmJyXC9hcHBcL3VwbG9hZHNcL3NpdGVzXC84MjFcLzIwMjVcLzAyXC9XaGF0c0FwcC1JbWFnZS0yMDI1LTAyLTA3LWF0LTE0LjU3LjEyLmpwZWciLCJzbGlkZXNob3ciOiI1MThlMzQyIn0%3D\" href='https:\/\/www.ufsm.br\/app\/uploads\/sites\/821\/2025\/02\/WhatsApp-Image-2025-02-07-at-14.57.12.jpeg'><img loading=\"lazy\" decoding=\"async\" width=\"150\" height=\"150\" src=\"https:\/\/www.ufsm.br\/app\/uploads\/sites\/821\/2025\/02\/WhatsApp-Image-2025-02-07-at-14.57.12-150x150.jpeg\" class=\"attachment-thumbnail size-thumbnail\" alt=\"\" \/><\/a>\n\t\t\t<\/div><\/figure><figure class='gallery-item'>\n\t\t\t<div class='gallery-icon portrait'>\n\t\t\t\t<a data-elementor-open-lightbox=\"yes\" data-elementor-lightbox-slideshow=\"518e342\" data-elementor-lightbox-title=\"ENTREGA DO MATERIAL PARA DIRETORIA CARMEN RAMOS SANTANA E PROFESSORAS DO INSTITUTO RAFAEL ALBERTI\" data-e-action-hash=\"#elementor-action%3Aaction%3Dlightbox%26settings%3DeyJpZCI6MjQ4NiwidXJsIjoiaHR0cHM6XC9cL3d3dy51ZnNtLmJyXC9hcHBcL3VwbG9hZHNcL3NpdGVzXC84MjFcLzIwMjVcLzAyXC9XaGF0c0FwcC1JbWFnZS0yMDI1LTAyLTA3LWF0LTE0LjU3LjI1LmpwZWciLCJzbGlkZXNob3ciOiI1MThlMzQyIn0%3D\" href='https:\/\/www.ufsm.br\/app\/uploads\/sites\/821\/2025\/02\/WhatsApp-Image-2025-02-07-at-14.57.25.jpeg'><img loading=\"lazy\" decoding=\"async\" width=\"150\" height=\"150\" src=\"https:\/\/www.ufsm.br\/app\/uploads\/sites\/821\/2025\/02\/WhatsApp-Image-2025-02-07-at-14.57.25-150x150.jpeg\" class=\"attachment-thumbnail size-thumbnail\" alt=\"\" \/><\/a>\n\t\t\t<\/div><\/figure><figure class='gallery-item'>\n\t\t\t<div class='gallery-icon landscape'>\n\t\t\t\t<a data-elementor-open-lightbox=\"yes\" data-elementor-lightbox-slideshow=\"518e342\" data-elementor-lightbox-title=\"ENTREGA DO MATERIAL PARA DIRETORIA CARMEN RAMOS SANTANA E PROFESSORAS DO INSTITUTO RAFAEL ALBERTI\" data-e-action-hash=\"#elementor-action%3Aaction%3Dlightbox%26settings%3DeyJpZCI6MjQ4NywidXJsIjoiaHR0cHM6XC9cL3d3dy51ZnNtLmJyXC9hcHBcL3VwbG9hZHNcL3NpdGVzXC84MjFcLzIwMjVcLzAyXC9XaGF0c0FwcC1JbWFnZS0yMDI1LTAyLTA3LWF0LTE0LjU4LjE4LmpwZWciLCJzbGlkZXNob3ciOiI1MThlMzQyIn0%3D\" href='https:\/\/www.ufsm.br\/app\/uploads\/sites\/821\/2025\/02\/WhatsApp-Image-2025-02-07-at-14.58.18.jpeg'><img loading=\"lazy\" decoding=\"async\" width=\"150\" height=\"150\" src=\"https:\/\/www.ufsm.br\/app\/uploads\/sites\/821\/2025\/02\/WhatsApp-Image-2025-02-07-at-14.58.18-150x150.jpeg\" class=\"attachment-thumbnail size-thumbnail\" alt=\"\" \/><\/a>\n\t\t\t<\/div><\/figure><figure class='gallery-item'>\n\t\t\t<div class='gallery-icon landscape'>\n\t\t\t\t<a data-elementor-open-lightbox=\"yes\" data-elementor-lightbox-slideshow=\"518e342\" data-elementor-lightbox-title=\"SEMIN\u00c1RIO NO IES RAFAEL ALBERTI\" data-e-action-hash=\"#elementor-action%3Aaction%3Dlightbox%26settings%3DeyJpZCI6MjQ4OCwidXJsIjoiaHR0cHM6XC9cL3d3dy51ZnNtLmJyXC9hcHBcL3VwbG9hZHNcL3NpdGVzXC84MjFcLzIwMjVcLzAyXC9XaGF0c0FwcC1JbWFnZS0yMDI1LTAyLTA3LWF0LTE0LjU5LjA4LmpwZWciLCJzbGlkZXNob3ciOiI1MThlMzQyIn0%3D\" href='https:\/\/www.ufsm.br\/app\/uploads\/sites\/821\/2025\/02\/WhatsApp-Image-2025-02-07-at-14.59.08.jpeg'><img loading=\"lazy\" decoding=\"async\" width=\"150\" height=\"150\" src=\"https:\/\/www.ufsm.br\/app\/uploads\/sites\/821\/2025\/02\/WhatsApp-Image-2025-02-07-at-14.59.08-150x150.jpeg\" class=\"attachment-thumbnail size-thumbnail\" alt=\"\" \/><\/a>\n\t\t\t<\/div><\/figure><figure class='gallery-item'>\n\t\t\t<div class='gallery-icon landscape'>\n\t\t\t\t<a data-elementor-open-lightbox=\"yes\" data-elementor-lightbox-slideshow=\"518e342\" data-elementor-lightbox-title=\"COM OS ALUNOS DO IES RAFAEL ALBERTI - C\u00c1DIZ - ESPANHA\" data-e-action-hash=\"#elementor-action%3Aaction%3Dlightbox%26settings%3DeyJpZCI6MjQ4OSwidXJsIjoiaHR0cHM6XC9cL3d3dy51ZnNtLmJyXC9hcHBcL3VwbG9hZHNcL3NpdGVzXC84MjFcLzIwMjVcLzAyXC9XaGF0c0FwcC1JbWFnZS0yMDI1LTAyLTA3LWF0LTE0LjU5LjU3LmpwZWciLCJzbGlkZXNob3ciOiI1MThlMzQyIn0%3D\" href='https:\/\/www.ufsm.br\/app\/uploads\/sites\/821\/2025\/02\/WhatsApp-Image-2025-02-07-at-14.59.57.jpeg'><img loading=\"lazy\" decoding=\"async\" width=\"150\" height=\"150\" src=\"https:\/\/www.ufsm.br\/app\/uploads\/sites\/821\/2025\/02\/WhatsApp-Image-2025-02-07-at-14.59.57-150x150.jpeg\" class=\"attachment-thumbnail size-thumbnail\" alt=\"\" \/><\/a>\n\t\t\t<\/div><\/figure><figure class='gallery-item'>\n\t\t\t<div class='gallery-icon portrait'>\n\t\t\t\t<a data-elementor-open-lightbox=\"yes\" data-elementor-lightbox-slideshow=\"518e342\" data-elementor-lightbox-title=\"APRESENTA\u00c7\u00c3O  COM A PRESEN\u00c7A DA  FAM\u00cdLIA DE LUISA CARN\u00c9S ENTRE OUTROS ESTUDIOSOS\" data-e-action-hash=\"#elementor-action%3Aaction%3Dlightbox%26settings%3DeyJpZCI6MjQ5MywidXJsIjoiaHR0cHM6XC9cL3d3dy51ZnNtLmJyXC9hcHBcL3VwbG9hZHNcL3NpdGVzXC84MjFcLzIwMjVcLzAyXC9XaGF0c0FwcC1JbWFnZS0yMDI1LTAyLTA3LWF0LTE1LjA1LjMyLmpwZWciLCJzbGlkZXNob3ciOiI1MThlMzQyIn0%3D\" href='https:\/\/www.ufsm.br\/app\/uploads\/sites\/821\/2025\/02\/WhatsApp-Image-2025-02-07-at-15.05.32.jpeg'><img loading=\"lazy\" decoding=\"async\" width=\"150\" height=\"150\" src=\"https:\/\/www.ufsm.br\/app\/uploads\/sites\/821\/2025\/02\/WhatsApp-Image-2025-02-07-at-15.05.32-150x150.jpeg\" class=\"attachment-thumbnail size-thumbnail\" alt=\"\" \/><\/a>\n\t\t\t<\/div><\/figure><figure class='gallery-item'>\n\t\t\t<div class='gallery-icon portrait'>\n\t\t\t\t<a data-elementor-open-lightbox=\"yes\" data-elementor-lightbox-slideshow=\"518e342\" data-elementor-lightbox-title=\"SEMIN\u00c1RIO NO IES RAFAEL ALBERTI -  COM A DIRETORA DO IES RAFAEL ALBERTI CARMEN RAMOS SANTANA (direita) E A PROF. ANABEL ROALES CERVANTES (esquerda). El teatro de Luisa Carn\u00e9s, la voz feminista desde una mirada ideol\u00f3gica Ana Paula Cabrera\" data-e-action-hash=\"#elementor-action%3Aaction%3Dlightbox%26settings%3DeyJpZCI6MjQ5MCwidXJsIjoiaHR0cHM6XC9cL3d3dy51ZnNtLmJyXC9hcHBcL3VwbG9hZHNcL3NpdGVzXC84MjFcLzIwMjVcLzAyXC9XaGF0c0FwcC1JbWFnZS0yMDI1LTAyLTA3LWF0LTE1LjAwLjQ3LmpwZWciLCJzbGlkZXNob3ciOiI1MThlMzQyIn0%3D\" href='https:\/\/www.ufsm.br\/app\/uploads\/sites\/821\/2025\/02\/WhatsApp-Image-2025-02-07-at-15.00.47.jpeg'><img loading=\"lazy\" decoding=\"async\" width=\"150\" height=\"150\" src=\"https:\/\/www.ufsm.br\/app\/uploads\/sites\/821\/2025\/02\/WhatsApp-Image-2025-02-07-at-15.00.47-150x150.jpeg\" class=\"attachment-thumbnail size-thumbnail\" alt=\"\" \/><\/a>\n\t\t\t<\/div><\/figure>\n\t\t<\/div>\n\t\t<\/div>\n\t\t\t\t<\/div>\n\t\t\t\t<\/div>\n\t\t\t\t<div class=\"elementor-element elementor-element-d72ff45 elementor-widget elementor-widget-spacer\" data-id=\"d72ff45\" data-element_type=\"widget\" data-widget_type=\"spacer.default\">\n\t\t\t\t<div class=\"elementor-widget-container\">\n\t\t\t\t\t<div class=\"elementor-spacer\">\n\t\t\t<div class=\"elementor-spacer-inner\"><\/div>\n\t\t<\/div>\n\t\t\t\t<\/div>\n\t\t\t\t<\/div>\n\t\t\t\t<div class=\"elementor-element elementor-element-7da1133 elementor-widget elementor-widget-image\" data-id=\"7da1133\" data-element_type=\"widget\" data-widget_type=\"image.default\">\n\t\t\t\t<div class=\"elementor-widget-container\">\n\t\t\t\t\t\t\t\t\t\t\t\t\t<img loading=\"lazy\" decoding=\"async\" width=\"300\" height=\"82\" src=\"https:\/\/www.ufsm.br\/app\/uploads\/sites\/821\/2024\/01\/5.png\" class=\"attachment-large size-large wp-image-2196\" alt=\"\" \/>\t\t\t\t\t\t\t\t\t\t\t\t\t<\/div>\n\t\t\t\t<\/div>\n\t\t\t\t\t<\/div>\n\t\t<\/div>\n\t\t\t\t\t<\/div>\n\t\t<\/section>\n\t\t\t\t<section class=\"elementor-section elementor-top-section elementor-element elementor-element-aa53108 elementor-section-boxed elementor-section-height-default elementor-section-height-default\" data-id=\"aa53108\" data-element_type=\"section\">\n\t\t\t\t\t\t<div class=\"elementor-container elementor-column-gap-default\">\n\t\t\t\t\t<div class=\"elementor-column elementor-col-100 elementor-top-column elementor-element elementor-element-6373f71\" data-id=\"6373f71\" data-element_type=\"column\">\n\t\t\t<div class=\"elementor-widget-wrap elementor-element-populated\">\n\t\t\t\t\t\t<div class=\"elementor-element elementor-element-894bca2 elementor-widget elementor-widget-image-gallery\" data-id=\"894bca2\" data-element_type=\"widget\" data-widget_type=\"image-gallery.default\">\n\t\t\t\t<div class=\"elementor-widget-container\">\n\t\t\t\t\t<div class=\"elementor-image-gallery\">\n\t\t\t<div id='gallery-7' class='gallery galleryid-2143 gallery-columns-4 gallery-size-thumbnail'><figure class='gallery-item'>\n\t\t\t<div class='gallery-icon portrait'>\n\t\t\t\t<a data-elementor-open-lightbox=\"yes\" data-elementor-lightbox-slideshow=\"894bca2\" data-elementor-lightbox-title=\"E.M. E. F REVERENDO ALFREDO WINDERLICH 1\" data-e-action-hash=\"#elementor-action%3Aaction%3Dlightbox%26settings%3DeyJpZCI6MjI0MiwidXJsIjoiaHR0cHM6XC9cL3d3dy51ZnNtLmJyXC9hcHBcL3VwbG9hZHNcL3NpdGVzXC84MjFcLzIwMjRcLzAxXC9FLk0uLUUuLUYtUkVWRVJFTkRPLUFMRlJFRE8tV0lOREVSTElDSC0xLmpwZyIsInNsaWRlc2hvdyI6Ijg5NGJjYTIifQ%3D%3D\" href='https:\/\/www.ufsm.br\/app\/uploads\/sites\/821\/2024\/01\/E.M.-E.-F-REVERENDO-ALFREDO-WINDERLICH-1.jpg'><img loading=\"lazy\" decoding=\"async\" width=\"150\" height=\"150\" src=\"https:\/\/www.ufsm.br\/app\/uploads\/sites\/821\/2024\/01\/E.M.-E.-F-REVERENDO-ALFREDO-WINDERLICH-1-150x150.jpg\" class=\"attachment-thumbnail size-thumbnail\" alt=\"\" \/><\/a>\n\t\t\t<\/div><\/figure><figure class='gallery-item'>\n\t\t\t<div class='gallery-icon landscape'>\n\t\t\t\t<a data-elementor-open-lightbox=\"yes\" data-elementor-lightbox-slideshow=\"894bca2\" data-elementor-lightbox-title=\"E.M.E.F REVERENDO ALFREDO WINDERLICH\" data-e-action-hash=\"#elementor-action%3Aaction%3Dlightbox%26settings%3DeyJpZCI6MjI0MSwidXJsIjoiaHR0cHM6XC9cL3d3dy51ZnNtLmJyXC9hcHBcL3VwbG9hZHNcL3NpdGVzXC84MjFcLzIwMjRcLzAxXC9FLk0uRS5GLVJFVkVSRU5ETy1BTEZSRURPLVdJTkRFUkxJQ0guanBnIiwic2xpZGVzaG93IjoiODk0YmNhMiJ9\" href='https:\/\/www.ufsm.br\/app\/uploads\/sites\/821\/2024\/01\/E.M.E.F-REVERENDO-ALFREDO-WINDERLICH.jpg'><img loading=\"lazy\" decoding=\"async\" width=\"150\" height=\"150\" src=\"https:\/\/www.ufsm.br\/app\/uploads\/sites\/821\/2024\/01\/E.M.E.F-REVERENDO-ALFREDO-WINDERLICH-150x150.jpg\" class=\"attachment-thumbnail size-thumbnail\" alt=\"\" \/><\/a>\n\t\t\t<\/div><\/figure><figure class='gallery-item'>\n\t\t\t<div class='gallery-icon portrait'>\n\t\t\t\t<a data-elementor-open-lightbox=\"yes\" data-elementor-lightbox-slideshow=\"894bca2\" data-elementor-lightbox-title=\"E.M.E F ALTINA TEIXEIRA 1\" data-e-action-hash=\"#elementor-action%3Aaction%3Dlightbox%26settings%3DeyJpZCI6MjI0MCwidXJsIjoiaHR0cHM6XC9cL3d3dy51ZnNtLmJyXC9hcHBcL3VwbG9hZHNcL3NpdGVzXC84MjFcLzIwMjRcLzAxXC9FLk0uRS1GLUFMVElOQS1URUlYRUlSQS0xLmpwZyIsInNsaWRlc2hvdyI6Ijg5NGJjYTIifQ%3D%3D\" href='https:\/\/www.ufsm.br\/app\/uploads\/sites\/821\/2024\/01\/E.M.E-F-ALTINA-TEIXEIRA-1.jpg'><img loading=\"lazy\" decoding=\"async\" width=\"150\" height=\"150\" src=\"https:\/\/www.ufsm.br\/app\/uploads\/sites\/821\/2024\/01\/E.M.E-F-ALTINA-TEIXEIRA-1-150x150.jpg\" class=\"attachment-thumbnail size-thumbnail\" alt=\"\" \/><\/a>\n\t\t\t<\/div><\/figure><figure class='gallery-item'>\n\t\t\t<div class='gallery-icon portrait'>\n\t\t\t\t<a data-elementor-open-lightbox=\"yes\" data-elementor-lightbox-slideshow=\"894bca2\" data-elementor-lightbox-title=\"E.M.E.F IRM\u00c3O QUINTINO\" data-e-action-hash=\"#elementor-action%3Aaction%3Dlightbox%26settings%3DeyJpZCI6MjIzOSwidXJsIjoiaHR0cHM6XC9cL3d3dy51ZnNtLmJyXC9hcHBcL3VwbG9hZHNcL3NpdGVzXC84MjFcLzIwMjRcLzAxXC9FLk0uRS5GLUlSTUFPLVFVSU5USU5PLmpwZyIsInNsaWRlc2hvdyI6Ijg5NGJjYTIifQ%3D%3D\" href='https:\/\/www.ufsm.br\/app\/uploads\/sites\/821\/2024\/01\/E.M.E.F-IRMAO-QUINTINO.jpg'><img loading=\"lazy\" decoding=\"async\" width=\"150\" height=\"150\" src=\"https:\/\/www.ufsm.br\/app\/uploads\/sites\/821\/2024\/01\/E.M.E.F-IRMAO-QUINTINO-150x150.jpg\" class=\"attachment-thumbnail size-thumbnail\" alt=\"\" \/><\/a>\n\t\t\t<\/div><\/figure><figure class='gallery-item'>\n\t\t\t<div class='gallery-icon landscape'>\n\t\t\t\t<a data-elementor-open-lightbox=\"yes\" data-elementor-lightbox-slideshow=\"894bca2\" data-elementor-lightbox-title=\"E.M.E.F S\u00c3O CARLOS\" data-e-action-hash=\"#elementor-action%3Aaction%3Dlightbox%26settings%3DeyJpZCI6MjIzOCwidXJsIjoiaHR0cHM6XC9cL3d3dy51ZnNtLmJyXC9hcHBcL3VwbG9hZHNcL3NpdGVzXC84MjFcLzIwMjRcLzAxXC9FLk0uRS5GLVNBTy1DQVJMT1MuanBnIiwic2xpZGVzaG93IjoiODk0YmNhMiJ9\" href='https:\/\/www.ufsm.br\/app\/uploads\/sites\/821\/2024\/01\/E.M.E.F-SAO-CARLOS.jpg'><img loading=\"lazy\" decoding=\"async\" width=\"150\" height=\"150\" src=\"https:\/\/www.ufsm.br\/app\/uploads\/sites\/821\/2024\/01\/E.M.E.F-SAO-CARLOS-150x150.jpg\" class=\"attachment-thumbnail size-thumbnail\" alt=\"\" \/><\/a>\n\t\t\t<\/div><\/figure><figure class='gallery-item'>\n\t\t\t<div class='gallery-icon landscape'>\n\t\t\t\t<a data-elementor-open-lightbox=\"yes\" data-elementor-lightbox-slideshow=\"894bca2\" data-elementor-lightbox-title=\"E.M.E.F S\u00c3O CARLOS 1\" data-e-action-hash=\"#elementor-action%3Aaction%3Dlightbox%26settings%3DeyJpZCI6MjIzNywidXJsIjoiaHR0cHM6XC9cL3d3dy51ZnNtLmJyXC9hcHBcL3VwbG9hZHNcL3NpdGVzXC84MjFcLzIwMjRcLzAxXC9FLk0uRS5GLVNBTy1DQVJMT1MtMS5qcGciLCJzbGlkZXNob3ciOiI4OTRiY2EyIn0%3D\" href='https:\/\/www.ufsm.br\/app\/uploads\/sites\/821\/2024\/01\/E.M.E.F-SAO-CARLOS-1.jpg'><img loading=\"lazy\" decoding=\"async\" width=\"150\" height=\"150\" src=\"https:\/\/www.ufsm.br\/app\/uploads\/sites\/821\/2024\/01\/E.M.E.F-SAO-CARLOS-1-150x150.jpg\" class=\"attachment-thumbnail size-thumbnail\" alt=\"\" \/><\/a>\n\t\t\t<\/div><\/figure><figure class='gallery-item'>\n\t\t\t<div class='gallery-icon landscape'>\n\t\t\t\t<a data-elementor-open-lightbox=\"yes\" data-elementor-lightbox-slideshow=\"894bca2\" data-elementor-lightbox-title=\"E.M.E.F PROF\u00aa EDY MAYA BERTOIA\" data-e-action-hash=\"#elementor-action%3Aaction%3Dlightbox%26settings%3DeyJpZCI6MjIzNiwidXJsIjoiaHR0cHM6XC9cL3d3dy51ZnNtLmJyXC9hcHBcL3VwbG9hZHNcL3NpdGVzXC84MjFcLzIwMjRcLzAxXC9FLk0uRS5GLVBST0ZhLUVEWS1NQVlBLUJFUlRPSUEuanBnIiwic2xpZGVzaG93IjoiODk0YmNhMiJ9\" href='https:\/\/www.ufsm.br\/app\/uploads\/sites\/821\/2024\/01\/E.M.E.F-PROFa-EDY-MAYA-BERTOIA.jpg'><img loading=\"lazy\" decoding=\"async\" width=\"150\" height=\"150\" src=\"https:\/\/www.ufsm.br\/app\/uploads\/sites\/821\/2024\/01\/E.M.E.F-PROFa-EDY-MAYA-BERTOIA-150x150.jpg\" class=\"attachment-thumbnail size-thumbnail\" alt=\"\" \/><\/a>\n\t\t\t<\/div><\/figure><figure class='gallery-item'>\n\t\t\t<div class='gallery-icon portrait'>\n\t\t\t\t<a data-elementor-open-lightbox=\"yes\" data-elementor-lightbox-slideshow=\"894bca2\" data-elementor-lightbox-title=\"E.M.E.F PROF\u00aa EDY MAYA BERTOIA 1\" data-e-action-hash=\"#elementor-action%3Aaction%3Dlightbox%26settings%3DeyJpZCI6MjIzNSwidXJsIjoiaHR0cHM6XC9cL3d3dy51ZnNtLmJyXC9hcHBcL3VwbG9hZHNcL3NpdGVzXC84MjFcLzIwMjRcLzAxXC9FLk0uRS5GLVBST0ZhLUVEWS1NQVlBLUJFUlRPSUEtMS5qcGciLCJzbGlkZXNob3ciOiI4OTRiY2EyIn0%3D\" href='https:\/\/www.ufsm.br\/app\/uploads\/sites\/821\/2024\/01\/E.M.E.F-PROFa-EDY-MAYA-BERTOIA-1.jpg'><img loading=\"lazy\" decoding=\"async\" width=\"150\" height=\"150\" src=\"https:\/\/www.ufsm.br\/app\/uploads\/sites\/821\/2024\/01\/E.M.E.F-PROFa-EDY-MAYA-BERTOIA-1-150x150.jpg\" class=\"attachment-thumbnail size-thumbnail\" alt=\"\" \/><\/a>\n\t\t\t<\/div><\/figure><figure class='gallery-item'>\n\t\t\t<div class='gallery-icon landscape'>\n\t\t\t\t<a data-elementor-open-lightbox=\"yes\" data-elementor-lightbox-slideshow=\"894bca2\" data-elementor-lightbox-title=\"E.M.E.F PERP\u00c9TUO SOCORRO\" data-e-action-hash=\"#elementor-action%3Aaction%3Dlightbox%26settings%3DeyJpZCI6MjIzNCwidXJsIjoiaHR0cHM6XC9cL3d3dy51ZnNtLmJyXC9hcHBcL3VwbG9hZHNcL3NpdGVzXC84MjFcLzIwMjRcLzAxXC9FLk0uRS5GLVBFUlBFVFVPLVNPQ09SUk8uanBnIiwic2xpZGVzaG93IjoiODk0YmNhMiJ9\" href='https:\/\/www.ufsm.br\/app\/uploads\/sites\/821\/2024\/01\/E.M.E.F-PERPETUO-SOCORRO.jpg'><img loading=\"lazy\" decoding=\"async\" width=\"150\" height=\"150\" src=\"https:\/\/www.ufsm.br\/app\/uploads\/sites\/821\/2024\/01\/E.M.E.F-PERPETUO-SOCORRO-150x150.jpg\" class=\"attachment-thumbnail size-thumbnail\" alt=\"\" \/><\/a>\n\t\t\t<\/div><\/figure><figure class='gallery-item'>\n\t\t\t<div class='gallery-icon landscape'>\n\t\t\t\t<a data-elementor-open-lightbox=\"yes\" data-elementor-lightbox-slideshow=\"894bca2\" data-elementor-lightbox-title=\"E.M.E.F PERP\u00c9TUO SOCORRO 1\" data-e-action-hash=\"#elementor-action%3Aaction%3Dlightbox%26settings%3DeyJpZCI6MjIzMywidXJsIjoiaHR0cHM6XC9cL3d3dy51ZnNtLmJyXC9hcHBcL3VwbG9hZHNcL3NpdGVzXC84MjFcLzIwMjRcLzAxXC9FLk0uRS5GLVBFUlBFVFVPLVNPQ09SUk8tMS5qcGciLCJzbGlkZXNob3ciOiI4OTRiY2EyIn0%3D\" href='https:\/\/www.ufsm.br\/app\/uploads\/sites\/821\/2024\/01\/E.M.E.F-PERPETUO-SOCORRO-1.jpg'><img loading=\"lazy\" decoding=\"async\" width=\"150\" height=\"150\" src=\"https:\/\/www.ufsm.br\/app\/uploads\/sites\/821\/2024\/01\/E.M.E.F-PERPETUO-SOCORRO-1-150x150.jpg\" class=\"attachment-thumbnail size-thumbnail\" alt=\"\" \/><\/a>\n\t\t\t<\/div><\/figure><figure class='gallery-item'>\n\t\t\t<div class='gallery-icon portrait'>\n\t\t\t\t<a data-elementor-open-lightbox=\"yes\" data-elementor-lightbox-slideshow=\"894bca2\" data-elementor-lightbox-title=\"E.M.E.F CELINA DE MORAES\" data-e-action-hash=\"#elementor-action%3Aaction%3Dlightbox%26settings%3DeyJpZCI6MjIzMiwidXJsIjoiaHR0cHM6XC9cL3d3dy51ZnNtLmJyXC9hcHBcL3VwbG9hZHNcL3NpdGVzXC84MjFcLzIwMjRcLzAxXC9FLk0uRS5GLUNFTElOQS1ERS1NT1JBRVMuanBnIiwic2xpZGVzaG93IjoiODk0YmNhMiJ9\" href='https:\/\/www.ufsm.br\/app\/uploads\/sites\/821\/2024\/01\/E.M.E.F-CELINA-DE-MORAES.jpg'><img loading=\"lazy\" decoding=\"async\" width=\"150\" height=\"150\" src=\"https:\/\/www.ufsm.br\/app\/uploads\/sites\/821\/2024\/01\/E.M.E.F-CELINA-DE-MORAES-150x150.jpg\" class=\"attachment-thumbnail size-thumbnail\" alt=\"\" \/><\/a>\n\t\t\t<\/div><\/figure><figure class='gallery-item'>\n\t\t\t<div class='gallery-icon portrait'>\n\t\t\t\t<a data-elementor-open-lightbox=\"yes\" data-elementor-lightbox-slideshow=\"894bca2\" data-elementor-lightbox-title=\"E.M.E.F CELINA DE MORAES 1\" data-e-action-hash=\"#elementor-action%3Aaction%3Dlightbox%26settings%3DeyJpZCI6MjIzMSwidXJsIjoiaHR0cHM6XC9cL3d3dy51ZnNtLmJyXC9hcHBcL3VwbG9hZHNcL3NpdGVzXC84MjFcLzIwMjRcLzAxXC9FLk0uRS5GLUNFTElOQS1ERS1NT1JBRVMtMS5qcGciLCJzbGlkZXNob3ciOiI4OTRiY2EyIn0%3D\" href='https:\/\/www.ufsm.br\/app\/uploads\/sites\/821\/2024\/01\/E.M.E.F-CELINA-DE-MORAES-1.jpg'><img loading=\"lazy\" decoding=\"async\" width=\"150\" height=\"150\" src=\"https:\/\/www.ufsm.br\/app\/uploads\/sites\/821\/2024\/01\/E.M.E.F-CELINA-DE-MORAES-1-150x150.jpg\" class=\"attachment-thumbnail size-thumbnail\" alt=\"\" \/><\/a>\n\t\t\t<\/div><\/figure><figure class='gallery-item'>\n\t\t\t<div class='gallery-icon portrait'>\n\t\t\t\t<a data-elementor-open-lightbox=\"yes\" data-elementor-lightbox-slideshow=\"894bca2\" data-elementor-lightbox-title=\"NEEJA M\u00c1RIO QUINTANA\" data-e-action-hash=\"#elementor-action%3Aaction%3Dlightbox%26settings%3DeyJpZCI6MjIzMCwidXJsIjoiaHR0cHM6XC9cL3d3dy51ZnNtLmJyXC9hcHBcL3VwbG9hZHNcL3NpdGVzXC84MjFcLzIwMjRcLzAxXC9ORUVKQS1NQVJJTy1RVUlOVEFOQS5qcGciLCJzbGlkZXNob3ciOiI4OTRiY2EyIn0%3D\" href='https:\/\/www.ufsm.br\/app\/uploads\/sites\/821\/2024\/01\/NEEJA-MARIO-QUINTANA.jpg'><img loading=\"lazy\" decoding=\"async\" width=\"150\" height=\"150\" src=\"https:\/\/www.ufsm.br\/app\/uploads\/sites\/821\/2024\/01\/NEEJA-MARIO-QUINTANA-150x150.jpg\" class=\"attachment-thumbnail size-thumbnail\" alt=\"\" \/><\/a>\n\t\t\t<\/div><\/figure><figure class='gallery-item'>\n\t\t\t<div class='gallery-icon landscape'>\n\t\t\t\t<a data-elementor-open-lightbox=\"yes\" data-elementor-lightbox-slideshow=\"894bca2\" data-elementor-lightbox-title=\"NEEJA M\u00c1RIO QUINTANA 1\" data-e-action-hash=\"#elementor-action%3Aaction%3Dlightbox%26settings%3DeyJpZCI6MjIyOSwidXJsIjoiaHR0cHM6XC9cL3d3dy51ZnNtLmJyXC9hcHBcL3VwbG9hZHNcL3NpdGVzXC84MjFcLzIwMjRcLzAxXC9ORUVKQS1NQVJJTy1RVUlOVEFOQS0xLmpwZyIsInNsaWRlc2hvdyI6Ijg5NGJjYTIifQ%3D%3D\" href='https:\/\/www.ufsm.br\/app\/uploads\/sites\/821\/2024\/01\/NEEJA-MARIO-QUINTANA-1.jpg'><img loading=\"lazy\" decoding=\"async\" width=\"150\" height=\"150\" src=\"https:\/\/www.ufsm.br\/app\/uploads\/sites\/821\/2024\/01\/NEEJA-MARIO-QUINTANA-1-150x150.jpg\" class=\"attachment-thumbnail size-thumbnail\" alt=\"\" \/><\/a>\n\t\t\t<\/div><\/figure><figure class='gallery-item'>\n\t\t\t<div class='gallery-icon portrait'>\n\t\t\t\t<a data-elementor-open-lightbox=\"yes\" data-elementor-lightbox-slideshow=\"894bca2\" data-elementor-lightbox-title=\"ESCOLA B\u00c1SICA ESTADUAL C\u00cdCERO BARRETO 1\" data-e-action-hash=\"#elementor-action%3Aaction%3Dlightbox%26settings%3DeyJpZCI6MjIyOCwidXJsIjoiaHR0cHM6XC9cL3d3dy51ZnNtLmJyXC9hcHBcL3VwbG9hZHNcL3NpdGVzXC84MjFcLzIwMjRcLzAxXC9FU0NPTEEtQkFTSUNBLUVTVEFEVUFMLUNJQ0VSTy1CQVJSRVRPLTEuanBnIiwic2xpZGVzaG93IjoiODk0YmNhMiJ9\" href='https:\/\/www.ufsm.br\/app\/uploads\/sites\/821\/2024\/01\/ESCOLA-BASICA-ESTADUAL-CICERO-BARRETO-1.jpg'><img loading=\"lazy\" decoding=\"async\" width=\"150\" height=\"150\" src=\"https:\/\/www.ufsm.br\/app\/uploads\/sites\/821\/2024\/01\/ESCOLA-BASICA-ESTADUAL-CICERO-BARRETO-1-150x150.jpg\" class=\"attachment-thumbnail size-thumbnail\" alt=\"\" \/><\/a>\n\t\t\t<\/div><\/figure><figure class='gallery-item'>\n\t\t\t<div class='gallery-icon portrait'>\n\t\t\t\t<a data-elementor-open-lightbox=\"yes\" data-elementor-lightbox-slideshow=\"894bca2\" data-elementor-lightbox-title=\"ESCOLA B\u00c1SICA ESTADUAL C\u00cdCERO BARRETO\" data-e-action-hash=\"#elementor-action%3Aaction%3Dlightbox%26settings%3DeyJpZCI6MjIyNywidXJsIjoiaHR0cHM6XC9cL3d3dy51ZnNtLmJyXC9hcHBcL3VwbG9hZHNcL3NpdGVzXC84MjFcLzIwMjRcLzAxXC9FU0NPTEEtQkFTSUNBLUVTVEFEVUFMLUNJQ0VSTy1CQVJSRVRPLmpwZyIsInNsaWRlc2hvdyI6Ijg5NGJjYTIifQ%3D%3D\" href='https:\/\/www.ufsm.br\/app\/uploads\/sites\/821\/2024\/01\/ESCOLA-BASICA-ESTADUAL-CICERO-BARRETO.jpg'><img loading=\"lazy\" decoding=\"async\" width=\"150\" height=\"150\" src=\"https:\/\/www.ufsm.br\/app\/uploads\/sites\/821\/2024\/01\/ESCOLA-BASICA-ESTADUAL-CICERO-BARRETO-150x150.jpg\" class=\"attachment-thumbnail size-thumbnail\" alt=\"\" \/><\/a>\n\t\t\t<\/div><\/figure><figure class='gallery-item'>\n\t\t\t<div class='gallery-icon portrait'>\n\t\t\t\t<a data-elementor-open-lightbox=\"yes\" data-elementor-lightbox-slideshow=\"894bca2\" data-elementor-lightbox-title=\"COL\u00c9GIO ESTADUAL MANOEL RIBAS (2)\" data-e-action-hash=\"#elementor-action%3Aaction%3Dlightbox%26settings%3DeyJpZCI6MjIyNiwidXJsIjoiaHR0cHM6XC9cL3d3dy51ZnNtLmJyXC9hcHBcL3VwbG9hZHNcL3NpdGVzXC84MjFcLzIwMjRcLzAxXC9DT0xFR0lPLUVTVEFEVUFMLU1BTk9FTC1SSUJBUy0yLmpwZyIsInNsaWRlc2hvdyI6Ijg5NGJjYTIifQ%3D%3D\" href='https:\/\/www.ufsm.br\/app\/uploads\/sites\/821\/2024\/01\/COLEGIO-ESTADUAL-MANOEL-RIBAS-2.jpg'><img loading=\"lazy\" decoding=\"async\" width=\"150\" height=\"150\" src=\"https:\/\/www.ufsm.br\/app\/uploads\/sites\/821\/2024\/01\/COLEGIO-ESTADUAL-MANOEL-RIBAS-2-150x150.jpg\" class=\"attachment-thumbnail size-thumbnail\" alt=\"\" \/><\/a>\n\t\t\t<\/div><\/figure><figure class='gallery-item'>\n\t\t\t<div class='gallery-icon portrait'>\n\t\t\t\t<a data-elementor-open-lightbox=\"yes\" data-elementor-lightbox-slideshow=\"894bca2\" data-elementor-lightbox-title=\"COL\u00c9GIO ESTADUAL MANOEL RIBAS 1\" data-e-action-hash=\"#elementor-action%3Aaction%3Dlightbox%26settings%3DeyJpZCI6MjIyNSwidXJsIjoiaHR0cHM6XC9cL3d3dy51ZnNtLmJyXC9hcHBcL3VwbG9hZHNcL3NpdGVzXC84MjFcLzIwMjRcLzAxXC9DT0xFR0lPLUVTVEFEVUFMLU1BTk9FTC1SSUJBUy0xLmpwZyIsInNsaWRlc2hvdyI6Ijg5NGJjYTIifQ%3D%3D\" href='https:\/\/www.ufsm.br\/app\/uploads\/sites\/821\/2024\/01\/COLEGIO-ESTADUAL-MANOEL-RIBAS-1.jpg'><img loading=\"lazy\" decoding=\"async\" width=\"150\" height=\"150\" src=\"https:\/\/www.ufsm.br\/app\/uploads\/sites\/821\/2024\/01\/COLEGIO-ESTADUAL-MANOEL-RIBAS-1-150x150.jpg\" class=\"attachment-thumbnail size-thumbnail\" alt=\"\" \/><\/a>\n\t\t\t<\/div><\/figure><figure class='gallery-item'>\n\t\t\t<div class='gallery-icon landscape'>\n\t\t\t\t<a data-elementor-open-lightbox=\"yes\" data-elementor-lightbox-slideshow=\"894bca2\" data-elementor-lightbox-title=\"E.M.E.F JO\u00c3O BEL\u00c9M 1\" data-e-action-hash=\"#elementor-action%3Aaction%3Dlightbox%26settings%3DeyJpZCI6MjIyNCwidXJsIjoiaHR0cHM6XC9cL3d3dy51ZnNtLmJyXC9hcHBcL3VwbG9hZHNcL3NpdGVzXC84MjFcLzIwMjRcLzAxXC9FLk0uRS5GLUpPQU8tQkVMRU0tMS5qcGciLCJzbGlkZXNob3ciOiI4OTRiY2EyIn0%3D\" href='https:\/\/www.ufsm.br\/app\/uploads\/sites\/821\/2024\/01\/E.M.E.F-JOAO-BELEM-1.jpg'><img loading=\"lazy\" decoding=\"async\" width=\"150\" height=\"150\" src=\"https:\/\/www.ufsm.br\/app\/uploads\/sites\/821\/2024\/01\/E.M.E.F-JOAO-BELEM-1-150x150.jpg\" class=\"attachment-thumbnail size-thumbnail\" alt=\"\" \/><\/a>\n\t\t\t<\/div><\/figure><figure class='gallery-item'>\n\t\t\t<div class='gallery-icon landscape'>\n\t\t\t\t<a data-elementor-open-lightbox=\"yes\" data-elementor-lightbox-slideshow=\"894bca2\" data-elementor-lightbox-title=\"E.M.E.F JO\u00c3O BEL\u00c9M\" data-e-action-hash=\"#elementor-action%3Aaction%3Dlightbox%26settings%3DeyJpZCI6MjIyMywidXJsIjoiaHR0cHM6XC9cL3d3dy51ZnNtLmJyXC9hcHBcL3VwbG9hZHNcL3NpdGVzXC84MjFcLzIwMjRcLzAxXC9FLk0uRS5GLUpPQU8tQkVMRU0uanBnIiwic2xpZGVzaG93IjoiODk0YmNhMiJ9\" href='https:\/\/www.ufsm.br\/app\/uploads\/sites\/821\/2024\/01\/E.M.E.F-JOAO-BELEM.jpg'><img loading=\"lazy\" decoding=\"async\" width=\"150\" height=\"150\" src=\"https:\/\/www.ufsm.br\/app\/uploads\/sites\/821\/2024\/01\/E.M.E.F-JOAO-BELEM-150x150.jpg\" class=\"attachment-thumbnail size-thumbnail\" alt=\"\" \/><\/a>\n\t\t\t<\/div><\/figure><figure class='gallery-item'>\n\t\t\t<div class='gallery-icon landscape'>\n\t\t\t\t<a data-elementor-open-lightbox=\"yes\" data-elementor-lightbox-slideshow=\"894bca2\" data-elementor-lightbox-title=\"COL\u00c9GIO ESTADUAL MANOEL RIBAS\" data-e-action-hash=\"#elementor-action%3Aaction%3Dlightbox%26settings%3DeyJpZCI6MjIyMiwidXJsIjoiaHR0cHM6XC9cL3d3dy51ZnNtLmJyXC9hcHBcL3VwbG9hZHNcL3NpdGVzXC84MjFcLzIwMjRcLzAxXC9DT0xFR0lPLUVTVEFEVUFMLU1BTk9FTC1SSUJBUy5qcGciLCJzbGlkZXNob3ciOiI4OTRiY2EyIn0%3D\" href='https:\/\/www.ufsm.br\/app\/uploads\/sites\/821\/2024\/01\/COLEGIO-ESTADUAL-MANOEL-RIBAS.jpg'><img loading=\"lazy\" decoding=\"async\" width=\"150\" height=\"150\" src=\"https:\/\/www.ufsm.br\/app\/uploads\/sites\/821\/2024\/01\/COLEGIO-ESTADUAL-MANOEL-RIBAS-150x150.jpg\" class=\"attachment-thumbnail size-thumbnail\" alt=\"\" \/><\/a>\n\t\t\t<\/div><\/figure><figure class='gallery-item'>\n\t\t\t<div class='gallery-icon landscape'>\n\t\t\t\t<a data-elementor-open-lightbox=\"yes\" data-elementor-lightbox-slideshow=\"894bca2\" data-elementor-lightbox-title=\"E.E.E.F MARIETA D&#039; AMBR\u00d3SIO\" data-e-action-hash=\"#elementor-action%3Aaction%3Dlightbox%26settings%3DeyJpZCI6MjIyMSwidXJsIjoiaHR0cHM6XC9cL3d3dy51ZnNtLmJyXC9hcHBcL3VwbG9hZHNcL3NpdGVzXC84MjFcLzIwMjRcLzAxXC9FLkUuRS5GLU1BUklFVEEtRC1BTUJST1NJTy5qcGciLCJzbGlkZXNob3ciOiI4OTRiY2EyIn0%3D\" href='https:\/\/www.ufsm.br\/app\/uploads\/sites\/821\/2024\/01\/E.E.E.F-MARIETA-D-AMBROSIO.jpg'><img loading=\"lazy\" decoding=\"async\" width=\"150\" height=\"150\" src=\"https:\/\/www.ufsm.br\/app\/uploads\/sites\/821\/2024\/01\/E.E.E.F-MARIETA-D-AMBROSIO-150x150.jpg\" class=\"attachment-thumbnail size-thumbnail\" alt=\"\" \/><\/a>\n\t\t\t<\/div><\/figure><figure class='gallery-item'>\n\t\t\t<div class='gallery-icon landscape'>\n\t\t\t\t<a data-elementor-open-lightbox=\"yes\" data-elementor-lightbox-slideshow=\"894bca2\" data-elementor-lightbox-title=\"E.E.E.F MARIETA D&#039; AMBR\u00d3SIO 1\" data-e-action-hash=\"#elementor-action%3Aaction%3Dlightbox%26settings%3DeyJpZCI6MjIyMCwidXJsIjoiaHR0cHM6XC9cL3d3dy51ZnNtLmJyXC9hcHBcL3VwbG9hZHNcL3NpdGVzXC84MjFcLzIwMjRcLzAxXC9FLkUuRS5GLU1BUklFVEEtRC1BTUJST1NJTy0xLmpwZyIsInNsaWRlc2hvdyI6Ijg5NGJjYTIifQ%3D%3D\" href='https:\/\/www.ufsm.br\/app\/uploads\/sites\/821\/2024\/01\/E.E.E.F-MARIETA-D-AMBROSIO-1.jpg'><img loading=\"lazy\" decoding=\"async\" width=\"150\" height=\"150\" src=\"https:\/\/www.ufsm.br\/app\/uploads\/sites\/821\/2024\/01\/E.E.E.F-MARIETA-D-AMBROSIO-1-150x150.jpg\" class=\"attachment-thumbnail size-thumbnail\" alt=\"\" \/><\/a>\n\t\t\t<\/div><\/figure><figure class='gallery-item'>\n\t\t\t<div class='gallery-icon portrait'>\n\t\t\t\t<a data-elementor-open-lightbox=\"yes\" data-elementor-lightbox-slideshow=\"894bca2\" data-elementor-lightbox-title=\"E.E.E.M. CILON ROSA 1\" data-e-action-hash=\"#elementor-action%3Aaction%3Dlightbox%26settings%3DeyJpZCI6MjIxOSwidXJsIjoiaHR0cHM6XC9cL3d3dy51ZnNtLmJyXC9hcHBcL3VwbG9hZHNcL3NpdGVzXC84MjFcLzIwMjRcLzAxXC9FLkUuRS5NLi1DSUxPTi1ST1NBLTEuanBnIiwic2xpZGVzaG93IjoiODk0YmNhMiJ9\" href='https:\/\/www.ufsm.br\/app\/uploads\/sites\/821\/2024\/01\/E.E.E.M.-CILON-ROSA-1.jpg'><img loading=\"lazy\" decoding=\"async\" width=\"150\" height=\"150\" src=\"https:\/\/www.ufsm.br\/app\/uploads\/sites\/821\/2024\/01\/E.E.E.M.-CILON-ROSA-1-150x150.jpg\" class=\"attachment-thumbnail size-thumbnail\" alt=\"\" \/><\/a>\n\t\t\t<\/div><\/figure><figure class='gallery-item'>\n\t\t\t<div class='gallery-icon portrait'>\n\t\t\t\t<a data-elementor-open-lightbox=\"yes\" data-elementor-lightbox-slideshow=\"894bca2\" data-elementor-lightbox-title=\"EN\u00c9IAS\" data-e-action-hash=\"#elementor-action%3Aaction%3Dlightbox%26settings%3DeyJpZCI6MjIxOCwidXJsIjoiaHR0cHM6XC9cL3d3dy51ZnNtLmJyXC9hcHBcL3VwbG9hZHNcL3NpdGVzXC84MjFcLzIwMjRcLzAxXC9FTkVJQVMuanBnIiwic2xpZGVzaG93IjoiODk0YmNhMiJ9\" href='https:\/\/www.ufsm.br\/app\/uploads\/sites\/821\/2024\/01\/ENEIAS.jpg'><img loading=\"lazy\" decoding=\"async\" width=\"150\" height=\"150\" src=\"https:\/\/www.ufsm.br\/app\/uploads\/sites\/821\/2024\/01\/ENEIAS-150x150.jpg\" class=\"attachment-thumbnail size-thumbnail\" alt=\"\" \/><\/a>\n\t\t\t<\/div><\/figure><figure class='gallery-item'>\n\t\t\t<div class='gallery-icon landscape'>\n\t\t\t\t<a data-elementor-open-lightbox=\"yes\" data-elementor-lightbox-slideshow=\"894bca2\" data-elementor-lightbox-title=\"E.E.E.M. CILON ROSA\" data-e-action-hash=\"#elementor-action%3Aaction%3Dlightbox%26settings%3DeyJpZCI6MjIxNywidXJsIjoiaHR0cHM6XC9cL3d3dy51ZnNtLmJyXC9hcHBcL3VwbG9hZHNcL3NpdGVzXC84MjFcLzIwMjRcLzAxXC9FLkUuRS5NLi1DSUxPTi1ST1NBLmpwZyIsInNsaWRlc2hvdyI6Ijg5NGJjYTIifQ%3D%3D\" href='https:\/\/www.ufsm.br\/app\/uploads\/sites\/821\/2024\/01\/E.E.E.M.-CILON-ROSA.jpg'><img loading=\"lazy\" decoding=\"async\" width=\"150\" height=\"150\" src=\"https:\/\/www.ufsm.br\/app\/uploads\/sites\/821\/2024\/01\/E.E.E.M.-CILON-ROSA-150x150.jpg\" class=\"attachment-thumbnail size-thumbnail\" alt=\"\" \/><\/a>\n\t\t\t<\/div><\/figure><figure class='gallery-item'>\n\t\t\t<div class='gallery-icon landscape'>\n\t\t\t\t<a data-elementor-open-lightbox=\"yes\" data-elementor-lightbox-slideshow=\"894bca2\" data-elementor-lightbox-title=\"INSTITUTO ESTADUAL DE EDUCA\u00c7\u00c3O OLAVO BILAC 2\" data-e-action-hash=\"#elementor-action%3Aaction%3Dlightbox%26settings%3DeyJpZCI6MjIxNiwidXJsIjoiaHR0cHM6XC9cL3d3dy51ZnNtLmJyXC9hcHBcL3VwbG9hZHNcL3NpdGVzXC84MjFcLzIwMjRcLzAxXC9JTlNUSVRVVE8tRVNUQURVQUwtREUtRURVQ0FDQU8tT0xBVk8tQklMQUMtMi5qcGciLCJzbGlkZXNob3ciOiI4OTRiY2EyIn0%3D\" href='https:\/\/www.ufsm.br\/app\/uploads\/sites\/821\/2024\/01\/INSTITUTO-ESTADUAL-DE-EDUCACAO-OLAVO-BILAC-2.jpg'><img loading=\"lazy\" decoding=\"async\" width=\"150\" height=\"150\" src=\"https:\/\/www.ufsm.br\/app\/uploads\/sites\/821\/2024\/01\/INSTITUTO-ESTADUAL-DE-EDUCACAO-OLAVO-BILAC-2-150x150.jpg\" class=\"attachment-thumbnail size-thumbnail\" alt=\"\" \/><\/a>\n\t\t\t<\/div><\/figure><figure class='gallery-item'>\n\t\t\t<div class='gallery-icon landscape'>\n\t\t\t\t<a data-elementor-open-lightbox=\"yes\" data-elementor-lightbox-slideshow=\"894bca2\" data-elementor-lightbox-title=\"INSTITUTO ESTADUAL DE EDUCA\u00c7\u00c3O OLAVO BILAC 1\" data-e-action-hash=\"#elementor-action%3Aaction%3Dlightbox%26settings%3DeyJpZCI6MjIxNSwidXJsIjoiaHR0cHM6XC9cL3d3dy51ZnNtLmJyXC9hcHBcL3VwbG9hZHNcL3NpdGVzXC84MjFcLzIwMjRcLzAxXC9JTlNUSVRVVE8tRVNUQURVQUwtREUtRURVQ0FDQU8tT0xBVk8tQklMQUMtMS5qcGciLCJzbGlkZXNob3ciOiI4OTRiY2EyIn0%3D\" href='https:\/\/www.ufsm.br\/app\/uploads\/sites\/821\/2024\/01\/INSTITUTO-ESTADUAL-DE-EDUCACAO-OLAVO-BILAC-1.jpg'><img loading=\"lazy\" decoding=\"async\" width=\"150\" height=\"150\" src=\"https:\/\/www.ufsm.br\/app\/uploads\/sites\/821\/2024\/01\/INSTITUTO-ESTADUAL-DE-EDUCACAO-OLAVO-BILAC-1-150x150.jpg\" class=\"attachment-thumbnail size-thumbnail\" alt=\"\" \/><\/a>\n\t\t\t<\/div><\/figure><figure class='gallery-item'>\n\t\t\t<div class='gallery-icon landscape'>\n\t\t\t\t<a data-elementor-open-lightbox=\"yes\" data-elementor-lightbox-slideshow=\"894bca2\" data-elementor-lightbox-title=\"INSTITUTO ESTADUAL DE EDUCA\u00c7\u00c3O OLAVO BILAC\" data-e-action-hash=\"#elementor-action%3Aaction%3Dlightbox%26settings%3DeyJpZCI6MjIxNCwidXJsIjoiaHR0cHM6XC9cL3d3dy51ZnNtLmJyXC9hcHBcL3VwbG9hZHNcL3NpdGVzXC84MjFcLzIwMjRcLzAxXC9JTlNUSVRVVE8tRVNUQURVQUwtREUtRURVQ0FDQU8tT0xBVk8tQklMQUMuanBnIiwic2xpZGVzaG93IjoiODk0YmNhMiJ9\" href='https:\/\/www.ufsm.br\/app\/uploads\/sites\/821\/2024\/01\/INSTITUTO-ESTADUAL-DE-EDUCACAO-OLAVO-BILAC.jpg'><img loading=\"lazy\" decoding=\"async\" width=\"150\" height=\"150\" src=\"https:\/\/www.ufsm.br\/app\/uploads\/sites\/821\/2024\/01\/INSTITUTO-ESTADUAL-DE-EDUCACAO-OLAVO-BILAC-150x150.jpg\" class=\"attachment-thumbnail size-thumbnail\" alt=\"\" \/><\/a>\n\t\t\t<\/div><\/figure><figure class='gallery-item'>\n\t\t\t<div class='gallery-icon landscape'>\n\t\t\t\t<a data-elementor-open-lightbox=\"yes\" data-elementor-lightbox-slideshow=\"894bca2\" data-elementor-lightbox-title=\"COL\u00c9GIO ESTADUAL EDNA MAY CARDOSO 1\" data-e-action-hash=\"#elementor-action%3Aaction%3Dlightbox%26settings%3DeyJpZCI6MjIxMywidXJsIjoiaHR0cHM6XC9cL3d3dy51ZnNtLmJyXC9hcHBcL3VwbG9hZHNcL3NpdGVzXC84MjFcLzIwMjRcLzAxXC9DT0xFR0lPLUVTVEFEVUFMLUVETkEtTUFZLUNBUkRPU08tMS5qcGciLCJzbGlkZXNob3ciOiI4OTRiY2EyIn0%3D\" href='https:\/\/www.ufsm.br\/app\/uploads\/sites\/821\/2024\/01\/COLEGIO-ESTADUAL-EDNA-MAY-CARDOSO-1.jpg'><img loading=\"lazy\" decoding=\"async\" width=\"150\" height=\"150\" src=\"https:\/\/www.ufsm.br\/app\/uploads\/sites\/821\/2024\/01\/COLEGIO-ESTADUAL-EDNA-MAY-CARDOSO-1-150x150.jpg\" class=\"attachment-thumbnail size-thumbnail\" alt=\"\" \/><\/a>\n\t\t\t<\/div><\/figure><figure class='gallery-item'>\n\t\t\t<div class='gallery-icon portrait'>\n\t\t\t\t<a data-elementor-open-lightbox=\"yes\" data-elementor-lightbox-slideshow=\"894bca2\" data-elementor-lightbox-title=\"COL\u00c9GIO ESTADUAL EDNA MAY CARDOSO\" data-e-action-hash=\"#elementor-action%3Aaction%3Dlightbox%26settings%3DeyJpZCI6MjIxMiwidXJsIjoiaHR0cHM6XC9cL3d3dy51ZnNtLmJyXC9hcHBcL3VwbG9hZHNcL3NpdGVzXC84MjFcLzIwMjRcLzAxXC9DT0xFR0lPLUVTVEFEVUFMLUVETkEtTUFZLUNBUkRPU08uanBnIiwic2xpZGVzaG93IjoiODk0YmNhMiJ9\" href='https:\/\/www.ufsm.br\/app\/uploads\/sites\/821\/2024\/01\/COLEGIO-ESTADUAL-EDNA-MAY-CARDOSO.jpg'><img loading=\"lazy\" decoding=\"async\" width=\"150\" height=\"150\" src=\"https:\/\/www.ufsm.br\/app\/uploads\/sites\/821\/2024\/01\/COLEGIO-ESTADUAL-EDNA-MAY-CARDOSO-150x150.jpg\" class=\"attachment-thumbnail size-thumbnail\" alt=\"\" \/><\/a>\n\t\t\t<\/div><\/figure><figure class='gallery-item'>\n\t\t\t<div class='gallery-icon portrait'>\n\t\t\t\t<a data-elementor-open-lightbox=\"yes\" data-elementor-lightbox-slideshow=\"894bca2\" data-elementor-lightbox-title=\"E.M.E.F ANTONIO GON\u00c7ALVES DO AMARAL 1\" data-e-action-hash=\"#elementor-action%3Aaction%3Dlightbox%26settings%3DeyJpZCI6MjIxMSwidXJsIjoiaHR0cHM6XC9cL3d3dy51ZnNtLmJyXC9hcHBcL3VwbG9hZHNcL3NpdGVzXC84MjFcLzIwMjRcLzAxXC9FLk0uRS5GLUFOVE9OSU8tR09OQ0FMVkVTLURPLUFNQVJBTC0xLmpwZyIsInNsaWRlc2hvdyI6Ijg5NGJjYTIifQ%3D%3D\" href='https:\/\/www.ufsm.br\/app\/uploads\/sites\/821\/2024\/01\/E.M.E.F-ANTONIO-GONCALVES-DO-AMARAL-1.jpg'><img loading=\"lazy\" decoding=\"async\" width=\"150\" height=\"150\" src=\"https:\/\/www.ufsm.br\/app\/uploads\/sites\/821\/2024\/01\/E.M.E.F-ANTONIO-GONCALVES-DO-AMARAL-1-150x150.jpg\" class=\"attachment-thumbnail size-thumbnail\" alt=\"\" \/><\/a>\n\t\t\t<\/div><\/figure><figure class='gallery-item'>\n\t\t\t<div class='gallery-icon landscape'>\n\t\t\t\t<a data-elementor-open-lightbox=\"yes\" data-elementor-lightbox-slideshow=\"894bca2\" data-elementor-lightbox-title=\"E.M.E.F JULIO DO CANTO\" data-e-action-hash=\"#elementor-action%3Aaction%3Dlightbox%26settings%3DeyJpZCI6MjIxMCwidXJsIjoiaHR0cHM6XC9cL3d3dy51ZnNtLmJyXC9hcHBcL3VwbG9hZHNcL3NpdGVzXC84MjFcLzIwMjRcLzAxXC9FLk0uRS5GLUpVTElPLURPLUNBTlRPLTEuanBnIiwic2xpZGVzaG93IjoiODk0YmNhMiJ9\" href='https:\/\/www.ufsm.br\/app\/uploads\/sites\/821\/2024\/01\/E.M.E.F-JULIO-DO-CANTO-1.jpg'><img loading=\"lazy\" decoding=\"async\" width=\"150\" height=\"150\" src=\"https:\/\/www.ufsm.br\/app\/uploads\/sites\/821\/2024\/01\/E.M.E.F-JULIO-DO-CANTO-1-150x150.jpg\" class=\"attachment-thumbnail size-thumbnail\" alt=\"\" \/><\/a>\n\t\t\t<\/div><\/figure><figure class='gallery-item'>\n\t\t\t<div class='gallery-icon portrait'>\n\t\t\t\t<a data-elementor-open-lightbox=\"yes\" data-elementor-lightbox-slideshow=\"894bca2\" data-elementor-lightbox-title=\"E.M.E.F J\u00daLIO DO CANTO\" data-e-action-hash=\"#elementor-action%3Aaction%3Dlightbox%26settings%3DeyJpZCI6MjIwOSwidXJsIjoiaHR0cHM6XC9cL3d3dy51ZnNtLmJyXC9hcHBcL3VwbG9hZHNcL3NpdGVzXC84MjFcLzIwMjRcLzAxXC9FLk0uRS5GLUpVTElPLURPLUNBTlRPLmpwZyIsInNsaWRlc2hvdyI6Ijg5NGJjYTIifQ%3D%3D\" href='https:\/\/www.ufsm.br\/app\/uploads\/sites\/821\/2024\/01\/E.M.E.F-JULIO-DO-CANTO.jpg'><img loading=\"lazy\" decoding=\"async\" width=\"150\" height=\"150\" src=\"https:\/\/www.ufsm.br\/app\/uploads\/sites\/821\/2024\/01\/E.M.E.F-JULIO-DO-CANTO-150x150.jpg\" class=\"attachment-thumbnail size-thumbnail\" alt=\"\" \/><\/a>\n\t\t\t<\/div><\/figure><figure class='gallery-item'>\n\t\t\t<div class='gallery-icon portrait'>\n\t\t\t\t<a data-elementor-open-lightbox=\"yes\" data-elementor-lightbox-slideshow=\"894bca2\" data-elementor-lightbox-title=\"E.M.E.F RENATO NOCCHI ZIMMERMANN 1\" data-e-action-hash=\"#elementor-action%3Aaction%3Dlightbox%26settings%3DeyJpZCI6MjIwOCwidXJsIjoiaHR0cHM6XC9cL3d3dy51ZnNtLmJyXC9hcHBcL3VwbG9hZHNcL3NpdGVzXC84MjFcLzIwMjRcLzAxXC9FLk0uRS5GLVJFTkFUTy1OT0NDSEktWklNTUVSTUFOTi0xLmpwZyIsInNsaWRlc2hvdyI6Ijg5NGJjYTIifQ%3D%3D\" href='https:\/\/www.ufsm.br\/app\/uploads\/sites\/821\/2024\/01\/E.M.E.F-RENATO-NOCCHI-ZIMMERMANN-1.jpg'><img loading=\"lazy\" decoding=\"async\" width=\"150\" height=\"150\" src=\"https:\/\/www.ufsm.br\/app\/uploads\/sites\/821\/2024\/01\/E.M.E.F-RENATO-NOCCHI-ZIMMERMANN-1-150x150.jpg\" class=\"attachment-thumbnail size-thumbnail\" alt=\"\" \/><\/a>\n\t\t\t<\/div><\/figure><figure class='gallery-item'>\n\t\t\t<div class='gallery-icon landscape'>\n\t\t\t\t<a data-elementor-open-lightbox=\"yes\" data-elementor-lightbox-slideshow=\"894bca2\" data-elementor-lightbox-title=\"E.M.E.F RENATO NOCCHI ZIMMERMANN\" data-e-action-hash=\"#elementor-action%3Aaction%3Dlightbox%26settings%3DeyJpZCI6MjIwNywidXJsIjoiaHR0cHM6XC9cL3d3dy51ZnNtLmJyXC9hcHBcL3VwbG9hZHNcL3NpdGVzXC84MjFcLzIwMjRcLzAxXC9FLk0uRS5GLVJFTkFUTy1OT0NDSEktWklNTUVSTUFOTi5qcGciLCJzbGlkZXNob3ciOiI4OTRiY2EyIn0%3D\" href='https:\/\/www.ufsm.br\/app\/uploads\/sites\/821\/2024\/01\/E.M.E.F-RENATO-NOCCHI-ZIMMERMANN.jpg'><img loading=\"lazy\" decoding=\"async\" width=\"150\" height=\"150\" src=\"https:\/\/www.ufsm.br\/app\/uploads\/sites\/821\/2024\/01\/E.M.E.F-RENATO-NOCCHI-ZIMMERMANN-150x150.jpg\" class=\"attachment-thumbnail size-thumbnail\" alt=\"\" \/><\/a>\n\t\t\t<\/div><\/figure><figure class='gallery-item'>\n\t\t\t<div class='gallery-icon landscape'>\n\t\t\t\t<a data-elementor-open-lightbox=\"yes\" data-elementor-lightbox-slideshow=\"894bca2\" data-elementor-lightbox-title=\"E.M.E.F GEN L\u00cdVIA MENNA BARRETO\" data-e-action-hash=\"#elementor-action%3Aaction%3Dlightbox%26settings%3DeyJpZCI6MjIwNiwidXJsIjoiaHR0cHM6XC9cL3d3dy51ZnNtLmJyXC9hcHBcL3VwbG9hZHNcL3NpdGVzXC84MjFcLzIwMjRcLzAxXC9FLk0uRS5GLUdFTi1MSVZJQS1NRU5OQS1CQVJSRVRPLmpwZyIsInNsaWRlc2hvdyI6Ijg5NGJjYTIifQ%3D%3D\" href='https:\/\/www.ufsm.br\/app\/uploads\/sites\/821\/2024\/01\/E.M.E.F-GEN-LIVIA-MENNA-BARRETO.jpg'><img loading=\"lazy\" decoding=\"async\" width=\"150\" height=\"150\" src=\"https:\/\/www.ufsm.br\/app\/uploads\/sites\/821\/2024\/01\/E.M.E.F-GEN-LIVIA-MENNA-BARRETO-150x150.jpg\" class=\"attachment-thumbnail size-thumbnail\" alt=\"\" \/><\/a>\n\t\t\t<\/div><\/figure><figure class='gallery-item'>\n\t\t\t<div class='gallery-icon portrait'>\n\t\t\t\t<a data-elementor-open-lightbox=\"yes\" data-elementor-lightbox-slideshow=\"894bca2\" data-elementor-lightbox-title=\"E.M.E.F GEN L\u00cdVIA MENNA BARRETO 1\" data-e-action-hash=\"#elementor-action%3Aaction%3Dlightbox%26settings%3DeyJpZCI6MjIwNSwidXJsIjoiaHR0cHM6XC9cL3d3dy51ZnNtLmJyXC9hcHBcL3VwbG9hZHNcL3NpdGVzXC84MjFcLzIwMjRcLzAxXC9FLk0uRS5GLUdFTi1MSVZJQS1NRU5OQS1CQVJSRVRPLTEuanBnIiwic2xpZGVzaG93IjoiODk0YmNhMiJ9\" href='https:\/\/www.ufsm.br\/app\/uploads\/sites\/821\/2024\/01\/E.M.E.F-GEN-LIVIA-MENNA-BARRETO-1.jpg'><img loading=\"lazy\" decoding=\"async\" width=\"150\" height=\"150\" src=\"https:\/\/www.ufsm.br\/app\/uploads\/sites\/821\/2024\/01\/E.M.E.F-GEN-LIVIA-MENNA-BARRETO-1-150x150.jpg\" class=\"attachment-thumbnail size-thumbnail\" alt=\"\" \/><\/a>\n\t\t\t<\/div><\/figure><figure class='gallery-item'>\n\t\t\t<div class='gallery-icon landscape'>\n\t\t\t\t<a data-elementor-open-lightbox=\"yes\" data-elementor-lightbox-slideshow=\"894bca2\" data-elementor-lightbox-title=\"MARGARIDA LOPES\" data-e-action-hash=\"#elementor-action%3Aaction%3Dlightbox%26settings%3DeyJpZCI6MjIwNCwidXJsIjoiaHR0cHM6XC9cL3d3dy51ZnNtLmJyXC9hcHBcL3VwbG9hZHNcL3NpdGVzXC84MjFcLzIwMjRcLzAxXC9NQVJHQVJJREEtTE9QRVMuanBnIiwic2xpZGVzaG93IjoiODk0YmNhMiJ9\" href='https:\/\/www.ufsm.br\/app\/uploads\/sites\/821\/2024\/01\/MARGARIDA-LOPES.jpg'><img loading=\"lazy\" decoding=\"async\" width=\"150\" height=\"150\" src=\"https:\/\/www.ufsm.br\/app\/uploads\/sites\/821\/2024\/01\/MARGARIDA-LOPES-150x150.jpg\" class=\"attachment-thumbnail size-thumbnail\" alt=\"\" \/><\/a>\n\t\t\t<\/div><\/figure><figure class='gallery-item'>\n\t\t\t<div class='gallery-icon landscape'>\n\t\t\t\t<a data-elementor-open-lightbox=\"yes\" data-elementor-lightbox-slideshow=\"894bca2\" data-elementor-lightbox-title=\"E.M.E.F ANTONIO GON\u00c7ALVES DO AMARAL\" data-e-action-hash=\"#elementor-action%3Aaction%3Dlightbox%26settings%3DeyJpZCI6MjIwMywidXJsIjoiaHR0cHM6XC9cL3d3dy51ZnNtLmJyXC9hcHBcL3VwbG9hZHNcL3NpdGVzXC84MjFcLzIwMjRcLzAxXC9FLk0uRS5GLUFOVE9OSU8tR09OQ0FMVkVTLURPLUFNQVJBTC5qcGciLCJzbGlkZXNob3ciOiI4OTRiY2EyIn0%3D\" href='https:\/\/www.ufsm.br\/app\/uploads\/sites\/821\/2024\/01\/E.M.E.F-ANTONIO-GONCALVES-DO-AMARAL.jpg'><img loading=\"lazy\" decoding=\"async\" width=\"150\" height=\"150\" src=\"https:\/\/www.ufsm.br\/app\/uploads\/sites\/821\/2024\/01\/E.M.E.F-ANTONIO-GONCALVES-DO-AMARAL-150x150.jpg\" class=\"attachment-thumbnail size-thumbnail\" alt=\"\" \/><\/a>\n\t\t\t<\/div><\/figure><figure class='gallery-item'>\n\t\t\t<div class='gallery-icon landscape'>\n\t\t\t\t<a data-elementor-open-lightbox=\"yes\" data-elementor-lightbox-slideshow=\"894bca2\" data-elementor-lightbox-title=\"ESCOLA ESTADUAL GEN GOMES CARNEIRO\" data-e-action-hash=\"#elementor-action%3Aaction%3Dlightbox%26settings%3DeyJpZCI6MjIwMiwidXJsIjoiaHR0cHM6XC9cL3d3dy51ZnNtLmJyXC9hcHBcL3VwbG9hZHNcL3NpdGVzXC84MjFcLzIwMjRcLzAxXC9FU0NPTEEtRVNUQURVQUwtR0VOLUdPTUVTLUNBUk5FSVJPLmpwZyIsInNsaWRlc2hvdyI6Ijg5NGJjYTIifQ%3D%3D\" href='https:\/\/www.ufsm.br\/app\/uploads\/sites\/821\/2024\/01\/ESCOLA-ESTADUAL-GEN-GOMES-CARNEIRO.jpg'><img loading=\"lazy\" decoding=\"async\" width=\"150\" height=\"150\" src=\"https:\/\/www.ufsm.br\/app\/uploads\/sites\/821\/2024\/01\/ESCOLA-ESTADUAL-GEN-GOMES-CARNEIRO-150x150.jpg\" class=\"attachment-thumbnail size-thumbnail\" alt=\"\" \/><\/a>\n\t\t\t<\/div><\/figure><figure class='gallery-item'>\n\t\t\t<div class='gallery-icon landscape'>\n\t\t\t\t<a data-elementor-open-lightbox=\"yes\" data-elementor-lightbox-slideshow=\"894bca2\" data-elementor-lightbox-title=\"E.M.EF FONTOURA DA ILHA\" data-e-action-hash=\"#elementor-action%3Aaction%3Dlightbox%26settings%3DeyJpZCI6MjIwMSwidXJsIjoiaHR0cHM6XC9cL3d3dy51ZnNtLmJyXC9hcHBcL3VwbG9hZHNcL3NpdGVzXC84MjFcLzIwMjRcLzAxXC9FLk0uRUYtRk9OVE9VUkEtREEtSUxIQS5qcGciLCJzbGlkZXNob3ciOiI4OTRiY2EyIn0%3D\" href='https:\/\/www.ufsm.br\/app\/uploads\/sites\/821\/2024\/01\/E.M.EF-FONTOURA-DA-ILHA.jpg'><img loading=\"lazy\" decoding=\"async\" width=\"150\" height=\"150\" src=\"https:\/\/www.ufsm.br\/app\/uploads\/sites\/821\/2024\/01\/E.M.EF-FONTOURA-DA-ILHA-150x150.jpg\" class=\"attachment-thumbnail size-thumbnail\" alt=\"\" \/><\/a>\n\t\t\t<\/div><\/figure><figure class='gallery-item'>\n\t\t\t<div class='gallery-icon landscape'>\n\t\t\t\t<a data-elementor-open-lightbox=\"yes\" data-elementor-lightbox-slideshow=\"894bca2\" data-elementor-lightbox-title=\"E.M.EF FONTOURA DA ILHA 1\" data-e-action-hash=\"#elementor-action%3Aaction%3Dlightbox%26settings%3DeyJpZCI6MjIwMCwidXJsIjoiaHR0cHM6XC9cL3d3dy51ZnNtLmJyXC9hcHBcL3VwbG9hZHNcL3NpdGVzXC84MjFcLzIwMjRcLzAxXC9FLk0uRUYtRk9OVE9VUkEtREEtSUxIQS0xLmpwZyIsInNsaWRlc2hvdyI6Ijg5NGJjYTIifQ%3D%3D\" href='https:\/\/www.ufsm.br\/app\/uploads\/sites\/821\/2024\/01\/E.M.EF-FONTOURA-DA-ILHA-1.jpg'><img loading=\"lazy\" decoding=\"async\" width=\"150\" height=\"150\" src=\"https:\/\/www.ufsm.br\/app\/uploads\/sites\/821\/2024\/01\/E.M.EF-FONTOURA-DA-ILHA-1-150x150.jpg\" class=\"attachment-thumbnail size-thumbnail\" alt=\"\" \/><\/a>\n\t\t\t<\/div><\/figure><figure class='gallery-item'>\n\t\t\t<div class='gallery-icon landscape'>\n\t\t\t\t<a data-elementor-open-lightbox=\"yes\" data-elementor-lightbox-slideshow=\"894bca2\" data-elementor-lightbox-title=\"E.M.E F ALTINA TEIXEIRA\" data-e-action-hash=\"#elementor-action%3Aaction%3Dlightbox%26settings%3DeyJpZCI6MjE5OSwidXJsIjoiaHR0cHM6XC9cL3d3dy51ZnNtLmJyXC9hcHBcL3VwbG9hZHNcL3NpdGVzXC84MjFcLzIwMjRcLzAxXC9FLk0uRS1GLUFMVElOQS1URUlYRUlSQS5qcGciLCJzbGlkZXNob3ciOiI4OTRiY2EyIn0%3D\" href='https:\/\/www.ufsm.br\/app\/uploads\/sites\/821\/2024\/01\/E.M.E-F-ALTINA-TEIXEIRA.jpg'><img loading=\"lazy\" decoding=\"async\" width=\"150\" height=\"150\" src=\"https:\/\/www.ufsm.br\/app\/uploads\/sites\/821\/2024\/01\/E.M.E-F-ALTINA-TEIXEIRA-150x150.jpg\" class=\"attachment-thumbnail size-thumbnail\" alt=\"\" \/><\/a>\n\t\t\t<\/div><\/figure><figure class='gallery-item'>\n\t\t\t<div class='gallery-icon landscape'>\n\t\t\t\t<a data-elementor-open-lightbox=\"yes\" data-elementor-lightbox-slideshow=\"894bca2\" data-elementor-lightbox-title=\"ENTREGA DO MATERIAL PARA A PROF. DRA AMANDA SCHERER \u2013 CDM\/ UFSM SILVEIRA\" data-e-action-hash=\"#elementor-action%3Aaction%3Dlightbox%26settings%3DeyJpZCI6MjQ2NiwidXJsIjoiaHR0cHM6XC9cL3d3dy51ZnNtLmJyXC9hcHBcL3VwbG9hZHNcL3NpdGVzXC84MjFcLzIwMjVcLzAyXC9XaGF0c0FwcC1JbWFnZS0yMDI1LTAyLTA3LWF0LTE0LjQyLjIwLmpwZWciLCJzbGlkZXNob3ciOiI4OTRiY2EyIn0%3D\" href='https:\/\/www.ufsm.br\/app\/uploads\/sites\/821\/2025\/02\/WhatsApp-Image-2025-02-07-at-14.42.20.jpeg'><img loading=\"lazy\" decoding=\"async\" width=\"150\" height=\"150\" src=\"https:\/\/www.ufsm.br\/app\/uploads\/sites\/821\/2025\/02\/WhatsApp-Image-2025-02-07-at-14.42.20-150x150.jpeg\" class=\"attachment-thumbnail size-thumbnail\" alt=\"\" \/><\/a>\n\t\t\t<\/div><\/figure>\n\t\t<\/div>\n\t\t<\/div>\n\t\t\t\t<\/div>\n\t\t\t\t<\/div>\n\t\t\t\t\t<\/div>\n\t\t<\/div>\n\t\t\t\t\t<\/div>\n\t\t<\/section>\n\t\t\t\t<section class=\"elementor-section elementor-top-section elementor-element elementor-element-047a27d elementor-section-boxed elementor-section-height-default elementor-section-height-default\" data-id=\"047a27d\" data-element_type=\"section\">\n\t\t\t\t\t\t<div class=\"elementor-container elementor-column-gap-default\">\n\t\t\t\t\t<div class=\"elementor-column elementor-col-100 elementor-top-column elementor-element elementor-element-5188be6\" data-id=\"5188be6\" data-element_type=\"column\">\n\t\t\t<div class=\"elementor-widget-wrap elementor-element-populated\">\n\t\t\t\t\t\t<div class=\"elementor-element elementor-element-1a58f2e elementor-widget elementor-widget-spacer\" data-id=\"1a58f2e\" data-element_type=\"widget\" data-widget_type=\"spacer.default\">\n\t\t\t\t<div class=\"elementor-widget-container\">\n\t\t\t\t\t<div class=\"elementor-spacer\">\n\t\t\t<div class=\"elementor-spacer-inner\"><\/div>\n\t\t<\/div>\n\t\t\t\t<\/div>\n\t\t\t\t<\/div>\n\t\t\t\t\t<\/div>\n\t\t<\/div>\n\t\t\t\t\t<\/div>\n\t\t<\/section>\n\t\t\t\t<section class=\"elementor-section elementor-top-section elementor-element elementor-element-913df74 elementor-section-boxed elementor-section-height-default elementor-section-height-default\" data-id=\"913df74\" data-element_type=\"section\">\n\t\t\t\t\t\t<div class=\"elementor-container elementor-column-gap-default\">\n\t\t\t\t\t<div class=\"elementor-column elementor-col-100 elementor-top-column elementor-element elementor-element-23c7a8e\" data-id=\"23c7a8e\" data-element_type=\"column\">\n\t\t\t<div class=\"elementor-widget-wrap elementor-element-populated\">\n\t\t\t\t\t\t<div class=\"elementor-element elementor-element-ab4ebf1 elementor-widget elementor-widget-image\" data-id=\"ab4ebf1\" data-element_type=\"widget\" data-widget_type=\"image.default\">\n\t\t\t\t<div class=\"elementor-widget-container\">\n\t\t\t\t\t\t\t\t\t\t\t\t\t<img loading=\"lazy\" decoding=\"async\" width=\"300\" height=\"82\" src=\"https:\/\/www.ufsm.br\/app\/uploads\/sites\/821\/2024\/01\/6.png\" class=\"attachment-large size-large wp-image-2197\" alt=\"\" \/>\t\t\t\t\t\t\t\t\t\t\t\t\t<\/div>\n\t\t\t\t<\/div>\n\t\t\t\t\t<\/div>\n\t\t<\/div>\n\t\t\t\t\t<\/div>\n\t\t<\/section>\n\t\t\t\t<section class=\"elementor-section elementor-top-section elementor-element elementor-element-3c75d23 elementor-section-boxed elementor-section-height-default elementor-section-height-default\" data-id=\"3c75d23\" data-element_type=\"section\">\n\t\t\t\t\t\t<div class=\"elementor-container elementor-column-gap-default\">\n\t\t\t\t\t<div class=\"elementor-column elementor-col-100 elementor-top-column elementor-element elementor-element-aa410ac\" data-id=\"aa410ac\" data-element_type=\"column\">\n\t\t\t<div class=\"elementor-widget-wrap elementor-element-populated\">\n\t\t\t\t\t\t<section class=\"elementor-section elementor-inner-section elementor-element elementor-element-aede8a4 elementor-section-boxed elementor-section-height-default elementor-section-height-default\" data-id=\"aede8a4\" data-element_type=\"section\">\n\t\t\t\t\t\t<div class=\"elementor-container elementor-column-gap-default\">\n\t\t\t\t\t<div class=\"elementor-column elementor-col-50 elementor-inner-column elementor-element elementor-element-f0a388f\" data-id=\"f0a388f\" data-element_type=\"column\">\n\t\t\t<div class=\"elementor-widget-wrap elementor-element-populated\">\n\t\t\t\t\t\t<div class=\"elementor-element elementor-element-fb4b8ca elementor-widget elementor-widget-image\" data-id=\"fb4b8ca\" data-element_type=\"widget\" data-widget_type=\"image.default\">\n\t\t\t\t<div class=\"elementor-widget-container\">\n\t\t\t\t\t\t\t\t\t\t\t\t\t<img loading=\"lazy\" decoding=\"async\" width=\"300\" height=\"225\" src=\"https:\/\/www.ufsm.br\/app\/uploads\/sites\/821\/2024\/01\/PAULA-E-ENEIAS-1-300x225.jpg\" class=\"attachment-medium size-medium wp-image-2244\" alt=\"\" srcset=\"https:\/\/www.ufsm.br\/app\/uploads\/sites\/821\/2024\/01\/PAULA-E-ENEIAS-1-300x225.jpg 300w, https:\/\/www.ufsm.br\/app\/uploads\/sites\/821\/2024\/01\/PAULA-E-ENEIAS-1-1024x768.jpg 1024w, https:\/\/www.ufsm.br\/app\/uploads\/sites\/821\/2024\/01\/PAULA-E-ENEIAS-1-768x576.jpg 768w, https:\/\/www.ufsm.br\/app\/uploads\/sites\/821\/2024\/01\/PAULA-E-ENEIAS-1.jpg 1280w\" sizes=\"(max-width: 300px) 100vw, 300px\" \/>\t\t\t\t\t\t\t\t\t\t\t\t\t<\/div>\n\t\t\t\t<\/div>\n\t\t\t\t\t<\/div>\n\t\t<\/div>\n\t\t\t\t<div class=\"elementor-column elementor-col-50 elementor-inner-column elementor-element elementor-element-738e1a9\" data-id=\"738e1a9\" data-element_type=\"column\">\n\t\t\t<div class=\"elementor-widget-wrap elementor-element-populated\">\n\t\t\t\t\t\t<div class=\"elementor-element elementor-element-3de5297 elementor-widget elementor-widget-text-editor\" data-id=\"3de5297\" data-element_type=\"widget\" data-widget_type=\"text-editor.default\">\n\t\t\t\t<div class=\"elementor-widget-container\">\n\t\t\t\t\t\t\t<p><strong>\u00a0<\/strong><\/p><p><strong>COORDENA\u00c7\u00c3O E PESQUISA<\/strong><\/p><p><strong>\u00a0<\/strong><strong>Prof.\u00aa Dr.\u00aa Ana Paula Cabrera <\/strong><\/p><p><strong>\u00a0<\/strong><strong>Prof. Dr. En\u00e9ias Tavares<\/strong><\/p>\t\t\t\t\t\t<\/div>\n\t\t\t\t<\/div>\n\t\t\t\t\t<\/div>\n\t\t<\/div>\n\t\t\t\t\t<\/div>\n\t\t<\/section>\n\t\t\t\t\t<\/div>\n\t\t<\/div>\n\t\t\t\t\t<\/div>\n\t\t<\/section>\n\t\t\t\t<section class=\"elementor-section elementor-top-section elementor-element elementor-element-b20b662 elementor-section-boxed elementor-section-height-default elementor-section-height-default\" data-id=\"b20b662\" data-element_type=\"section\">\n\t\t\t\t\t\t<div class=\"elementor-container elementor-column-gap-default\">\n\t\t\t\t\t<div class=\"elementor-column elementor-col-100 elementor-top-column elementor-element elementor-element-67e389e\" data-id=\"67e389e\" data-element_type=\"column\">\n\t\t\t<div class=\"elementor-widget-wrap elementor-element-populated\">\n\t\t\t\t\t\t<section class=\"elementor-section elementor-inner-section elementor-element elementor-element-c729582 elementor-section-boxed elementor-section-height-default elementor-section-height-default\" data-id=\"c729582\" data-element_type=\"section\">\n\t\t\t\t\t\t<div class=\"elementor-container elementor-column-gap-default\">\n\t\t\t\t\t<div class=\"elementor-column elementor-col-50 elementor-inner-column elementor-element elementor-element-2dcd071\" data-id=\"2dcd071\" data-element_type=\"column\">\n\t\t\t<div class=\"elementor-widget-wrap elementor-element-populated\">\n\t\t\t\t\t\t<div class=\"elementor-element elementor-element-a189c09 elementor-widget elementor-widget-image\" data-id=\"a189c09\" data-element_type=\"widget\" data-widget_type=\"image.default\">\n\t\t\t\t<div class=\"elementor-widget-container\">\n\t\t\t\t\t\t\t\t\t\t\t\t\t<img loading=\"lazy\" decoding=\"async\" width=\"300\" height=\"300\" src=\"https:\/\/www.ufsm.br\/app\/uploads\/sites\/821\/2024\/01\/foto_daniela-300x300.jpg\" class=\"attachment-medium size-medium wp-image-2245\" alt=\"\" srcset=\"https:\/\/www.ufsm.br\/app\/uploads\/sites\/821\/2024\/01\/foto_daniela-300x300.jpg 300w, https:\/\/www.ufsm.br\/app\/uploads\/sites\/821\/2024\/01\/foto_daniela-1024x1024.jpg 1024w, https:\/\/www.ufsm.br\/app\/uploads\/sites\/821\/2024\/01\/foto_daniela-150x150.jpg 150w, https:\/\/www.ufsm.br\/app\/uploads\/sites\/821\/2024\/01\/foto_daniela-768x768.jpg 768w, https:\/\/www.ufsm.br\/app\/uploads\/sites\/821\/2024\/01\/foto_daniela.jpg 1080w\" sizes=\"(max-width: 300px) 100vw, 300px\" \/>\t\t\t\t\t\t\t\t\t\t\t\t\t<\/div>\n\t\t\t\t<\/div>\n\t\t\t\t\t<\/div>\n\t\t<\/div>\n\t\t\t\t<div class=\"elementor-column elementor-col-50 elementor-inner-column elementor-element elementor-element-b279f47\" data-id=\"b279f47\" data-element_type=\"column\">\n\t\t\t<div class=\"elementor-widget-wrap elementor-element-populated\">\n\t\t\t\t\t\t<div class=\"elementor-element elementor-element-9a42131 elementor-widget elementor-widget-text-editor\" data-id=\"9a42131\" data-element_type=\"widget\" data-widget_type=\"text-editor.default\">\n\t\t\t\t<div class=\"elementor-widget-container\">\n\t\t\t\t\t\t\t<p><strong>\u00a0<\/strong><\/p><p><strong>\u00a0<\/strong><\/p><p><strong>DESENHO GR\u00c1FICO<\/strong><\/p><p>\u00a0<\/p><p><strong>Daniela Nunes\u00a0 Flores <\/strong><\/p>\t\t\t\t\t\t<\/div>\n\t\t\t\t<\/div>\n\t\t\t\t\t<\/div>\n\t\t<\/div>\n\t\t\t\t\t<\/div>\n\t\t<\/section>\n\t\t\t\t\t<\/div>\n\t\t<\/div>\n\t\t\t\t\t<\/div>\n\t\t<\/section>\n\t\t\t\t<section class=\"elementor-section elementor-top-section elementor-element elementor-element-208c7df elementor-section-boxed elementor-section-height-default elementor-section-height-default\" data-id=\"208c7df\" data-element_type=\"section\">\n\t\t\t\t\t\t<div class=\"elementor-container elementor-column-gap-default\">\n\t\t\t\t\t<div class=\"elementor-column elementor-col-100 elementor-top-column elementor-element elementor-element-1c9acee\" data-id=\"1c9acee\" data-element_type=\"column\">\n\t\t\t<div class=\"elementor-widget-wrap elementor-element-populated\">\n\t\t\t\t\t\t<div class=\"elementor-element elementor-element-b81cb75 elementor-widget elementor-widget-text-editor\" data-id=\"b81cb75\" data-element_type=\"widget\" data-widget_type=\"text-editor.default\">\n\t\t\t\t<div class=\"elementor-widget-container\">\n\t\t\t\t\t\t\t<p><strong>CONTATO: <\/strong><\/p><p><a href=\"mailto:CONTATO:  republicadasmulheres.ufsm@gmail.com\" target=\"_blank\" rel=\"noopener\">republicadasmulheres.ufsm@gmail.com<\/a><\/p>\t\t\t\t\t\t<\/div>\n\t\t\t\t<\/div>\n\t\t\t\t\t<\/div>\n\t\t<\/div>\n\t\t\t\t\t<\/div>\n\t\t<\/section>\n\t\t\t\t<section class=\"elementor-section elementor-top-section elementor-element elementor-element-88b8e10 elementor-section-boxed elementor-section-height-default elementor-section-height-default\" data-id=\"88b8e10\" data-element_type=\"section\">\n\t\t\t\t\t\t<div class=\"elementor-container elementor-column-gap-default\">\n\t\t\t\t\t<div class=\"elementor-column elementor-col-100 elementor-top-column elementor-element elementor-element-ea74e78\" data-id=\"ea74e78\" data-element_type=\"column\">\n\t\t\t<div class=\"elementor-widget-wrap elementor-element-populated\">\n\t\t\t\t\t\t<div class=\"elementor-element elementor-element-ba5e8a8 elementor-widget elementor-widget-spacer\" data-id=\"ba5e8a8\" data-element_type=\"widget\" data-widget_type=\"spacer.default\">\n\t\t\t\t<div class=\"elementor-widget-container\">\n\t\t\t\t\t<div class=\"elementor-spacer\">\n\t\t\t<div class=\"elementor-spacer-inner\"><\/div>\n\t\t<\/div>\n\t\t\t\t<\/div>\n\t\t\t\t<\/div>\n\t\t\t\t\t<\/div>\n\t\t<\/div>\n\t\t\t\t\t<\/div>\n\t\t<\/section>\n\t\t\t\t<section class=\"elementor-section elementor-top-section elementor-element elementor-element-a30e9d2 elementor-section-boxed elementor-section-height-default elementor-section-height-default\" data-id=\"a30e9d2\" data-element_type=\"section\">\n\t\t\t\t\t\t<div class=\"elementor-container elementor-column-gap-default\">\n\t\t\t\t\t<div class=\"elementor-column elementor-col-100 elementor-top-column elementor-element elementor-element-1890943\" data-id=\"1890943\" data-element_type=\"column\">\n\t\t\t<div class=\"elementor-widget-wrap elementor-element-populated\">\n\t\t\t\t\t\t<div class=\"elementor-element elementor-element-6066ab3 elementor-widget elementor-widget-image\" data-id=\"6066ab3\" data-element_type=\"widget\" data-widget_type=\"image.default\">\n\t\t\t\t<div class=\"elementor-widget-container\">\n\t\t\t\t\t\t\t\t\t\t\t\t\t<img loading=\"lazy\" decoding=\"async\" width=\"300\" height=\"82\" src=\"https:\/\/www.ufsm.br\/app\/uploads\/sites\/821\/2024\/01\/7.png\" class=\"attachment-large size-large wp-image-2198\" alt=\"\" \/>\t\t\t\t\t\t\t\t\t\t\t\t\t<\/div>\n\t\t\t\t<\/div>\n\t\t\t\t\t<\/div>\n\t\t<\/div>\n\t\t\t\t\t<\/div>\n\t\t<\/section>\n\t\t\t\t<section class=\"elementor-section elementor-top-section elementor-element elementor-element-00b56e9 elementor-section-boxed elementor-section-height-default elementor-section-height-default\" data-id=\"00b56e9\" data-element_type=\"section\">\n\t\t\t\t\t\t<div class=\"elementor-container elementor-column-gap-default\">\n\t\t\t\t\t<div class=\"elementor-column elementor-col-100 elementor-top-column elementor-element elementor-element-e0b85e7\" data-id=\"e0b85e7\" data-element_type=\"column\">\n\t\t\t<div class=\"elementor-widget-wrap elementor-element-populated\">\n\t\t\t\t\t\t<div class=\"elementor-element elementor-element-54f631a elementor-widget elementor-widget-spacer\" data-id=\"54f631a\" data-element_type=\"widget\" data-widget_type=\"spacer.default\">\n\t\t\t\t<div class=\"elementor-widget-container\">\n\t\t\t\t\t<div class=\"elementor-spacer\">\n\t\t\t<div class=\"elementor-spacer-inner\"><\/div>\n\t\t<\/div>\n\t\t\t\t<\/div>\n\t\t\t\t<\/div>\n\t\t\t\t<section class=\"elementor-section elementor-inner-section elementor-element elementor-element-654dcfe elementor-section-boxed elementor-section-height-default elementor-section-height-default\" data-id=\"654dcfe\" data-element_type=\"section\">\n\t\t\t\t\t\t<div class=\"elementor-container elementor-column-gap-default\">\n\t\t\t\t\t<div class=\"elementor-column elementor-col-50 elementor-inner-column elementor-element elementor-element-bd68755\" data-id=\"bd68755\" data-element_type=\"column\">\n\t\t\t<div class=\"elementor-widget-wrap elementor-element-populated\">\n\t\t\t\t\t\t<div class=\"elementor-element elementor-element-7c05b7a elementor-widget elementor-widget-image\" data-id=\"7c05b7a\" data-element_type=\"widget\" data-widget_type=\"image.default\">\n\t\t\t\t<div class=\"elementor-widget-container\">\n\t\t\t\t\t\t\t\t\t\t\t\t\t<img loading=\"lazy\" decoding=\"async\" width=\"204\" height=\"192\" src=\"https:\/\/www.ufsm.br\/app\/uploads\/sites\/821\/2024\/01\/CAL.jpg\" class=\"attachment-medium size-medium wp-image-2246\" alt=\"\" \/>\t\t\t\t\t\t\t\t\t\t\t\t\t<\/div>\n\t\t\t\t<\/div>\n\t\t\t\t\t<\/div>\n\t\t<\/div>\n\t\t\t\t<div class=\"elementor-column elementor-col-50 elementor-inner-column elementor-element elementor-element-27b60ef\" data-id=\"27b60ef\" data-element_type=\"column\">\n\t\t\t<div class=\"elementor-widget-wrap elementor-element-populated\">\n\t\t\t\t\t\t<div class=\"elementor-element elementor-element-e606681 elementor-widget elementor-widget-image\" data-id=\"e606681\" data-element_type=\"widget\" data-widget_type=\"image.default\">\n\t\t\t\t<div class=\"elementor-widget-container\">\n\t\t\t\t\t\t\t\t\t\t\t\t\t<img loading=\"lazy\" decoding=\"async\" width=\"175\" height=\"148\" src=\"https:\/\/www.ufsm.br\/app\/uploads\/sites\/821\/2024\/01\/UFSM.png\" class=\"attachment-large size-large wp-image-2247\" alt=\"\" \/>\t\t\t\t\t\t\t\t\t\t\t\t\t<\/div>\n\t\t\t\t<\/div>\n\t\t\t\t\t<\/div>\n\t\t<\/div>\n\t\t\t\t\t<\/div>\n\t\t<\/section>\n\t\t\t\t\t<\/div>\n\t\t<\/div>\n\t\t\t\t\t<\/div>\n\t\t<\/section>\n\t\t\t\t<section class=\"elementor-section elementor-top-section elementor-element elementor-element-0b04e3b elementor-section-boxed elementor-section-height-default elementor-section-height-default\" data-id=\"0b04e3b\" data-element_type=\"section\">\n\t\t\t\t\t\t<div class=\"elementor-container elementor-column-gap-default\">\n\t\t\t\t\t<div class=\"elementor-column elementor-col-100 elementor-top-column elementor-element elementor-element-5c7fb6d\" data-id=\"5c7fb6d\" data-element_type=\"column\">\n\t\t\t<div class=\"elementor-widget-wrap elementor-element-populated\">\n\t\t\t\t\t\t<section class=\"elementor-section elementor-inner-section elementor-element elementor-element-d037530 elementor-section-boxed elementor-section-height-default elementor-section-height-default\" data-id=\"d037530\" data-element_type=\"section\">\n\t\t\t\t\t\t<div class=\"elementor-container elementor-column-gap-default\">\n\t\t\t\t\t<div class=\"elementor-column elementor-col-50 elementor-inner-column elementor-element elementor-element-b6d25a7\" data-id=\"b6d25a7\" data-element_type=\"column\">\n\t\t\t<div class=\"elementor-widget-wrap elementor-element-populated\">\n\t\t\t\t\t\t<div class=\"elementor-element elementor-element-79ef6c3 elementor-widget elementor-widget-image\" data-id=\"79ef6c3\" data-element_type=\"widget\" data-widget_type=\"image.default\">\n\t\t\t\t<div class=\"elementor-widget-container\">\n\t\t\t\t\t\t\t\t\t\t\t\t\t<img loading=\"lazy\" decoding=\"async\" width=\"300\" height=\"138\" src=\"https:\/\/www.ufsm.br\/app\/uploads\/sites\/821\/2024\/01\/ORC-300x138.jpg\" class=\"attachment-medium size-medium wp-image-2248\" alt=\"\" srcset=\"https:\/\/www.ufsm.br\/app\/uploads\/sites\/821\/2024\/01\/ORC-300x138.jpg 300w, https:\/\/www.ufsm.br\/app\/uploads\/sites\/821\/2024\/01\/ORC.jpg 599w\" sizes=\"(max-width: 300px) 100vw, 300px\" \/>\t\t\t\t\t\t\t\t\t\t\t\t\t<\/div>\n\t\t\t\t<\/div>\n\t\t\t\t\t<\/div>\n\t\t<\/div>\n\t\t\t\t<div class=\"elementor-column elementor-col-50 elementor-inner-column elementor-element elementor-element-4752211\" data-id=\"4752211\" data-element_type=\"column\">\n\t\t\t<div class=\"elementor-widget-wrap elementor-element-populated\">\n\t\t\t\t\t\t<div class=\"elementor-element elementor-element-494be8e elementor-widget elementor-widget-image\" data-id=\"494be8e\" data-element_type=\"widget\" data-widget_type=\"image.default\">\n\t\t\t\t<div class=\"elementor-widget-container\">\n\t\t\t\t\t\t\t\t\t\t\t\t\t<img loading=\"lazy\" decoding=\"async\" width=\"305\" height=\"165\" src=\"https:\/\/www.ufsm.br\/app\/uploads\/sites\/821\/2024\/01\/SM.jpg\" class=\"attachment-large size-large wp-image-2249\" alt=\"\" srcset=\"https:\/\/www.ufsm.br\/app\/uploads\/sites\/821\/2024\/01\/SM.jpg 305w, https:\/\/www.ufsm.br\/app\/uploads\/sites\/821\/2024\/01\/SM-300x162.jpg 300w\" sizes=\"(max-width: 305px) 100vw, 305px\" \/>\t\t\t\t\t\t\t\t\t\t\t\t\t<\/div>\n\t\t\t\t<\/div>\n\t\t\t\t\t<\/div>\n\t\t<\/div>\n\t\t\t\t\t<\/div>\n\t\t<\/section>\n\t\t\t\t\t<\/div>\n\t\t<\/div>\n\t\t\t\t\t<\/div>\n\t\t<\/section>\n\t\t\t\t<\/div>\n\t\t","protected":false},"excerpt":{"rendered":"<p>O Projeto Rep\u00fablica das Mulheres \u00e9 uma iniciativa pedag\u00f3gica que tem como objetivo apresentar a literatura escrita por mulheres, que muitas vezes foram silenciadas e almejaram uma sociedade mais justa. Um recurso educacional que prop\u00f5e a valoriza\u00e7\u00e3o da literatura feminina e dos processos hist\u00f3ricos vividos. O prop\u00f3sito do projeto \u00e9 levar para as escolas essas [&hellip;]<\/p>\n","protected":false},"author":8855,"featured_media":0,"parent":0,"menu_order":0,"comment_status":"closed","ping_status":"closed","template":"","meta":{"footnotes":""},"categories":[],"tags":[],"class_list":["post-2143","page","type-page","status-publish","hentry"],"acf":[],"_links":{"self":[{"href":"https:\/\/www.ufsm.br\/pro-reitorias\/pre\/silveira-martins\/wp-json\/wp\/v2\/pages\/2143","targetHints":{"allow":["GET"]}}],"collection":[{"href":"https:\/\/www.ufsm.br\/pro-reitorias\/pre\/silveira-martins\/wp-json\/wp\/v2\/pages"}],"about":[{"href":"https:\/\/www.ufsm.br\/pro-reitorias\/pre\/silveira-martins\/wp-json\/wp\/v2\/types\/page"}],"author":[{"embeddable":true,"href":"https:\/\/www.ufsm.br\/pro-reitorias\/pre\/silveira-martins\/wp-json\/wp\/v2\/users\/8855"}],"replies":[{"embeddable":true,"href":"https:\/\/www.ufsm.br\/pro-reitorias\/pre\/silveira-martins\/wp-json\/wp\/v2\/comments?post=2143"}],"version-history":[{"count":0,"href":"https:\/\/www.ufsm.br\/pro-reitorias\/pre\/silveira-martins\/wp-json\/wp\/v2\/pages\/2143\/revisions"}],"wp:attachment":[{"href":"https:\/\/www.ufsm.br\/pro-reitorias\/pre\/silveira-martins\/wp-json\/wp\/v2\/media?parent=2143"}],"wp:term":[{"taxonomy":"category","embeddable":true,"href":"https:\/\/www.ufsm.br\/pro-reitorias\/pre\/silveira-martins\/wp-json\/wp\/v2\/categories?post=2143"},{"taxonomy":"post_tag","embeddable":true,"href":"https:\/\/www.ufsm.br\/pro-reitorias\/pre\/silveira-martins\/wp-json\/wp\/v2\/tags?post=2143"}],"curies":[{"name":"wp","href":"https:\/\/api.w.org\/{rel}","templated":true}]}}