{"id":118,"date":"2018-04-12T09:07:07","date_gmt":"2018-04-12T12:07:07","guid":{"rendered":"https:\/\/www.ufsm.br\/pro-reitorias\/pre\/?page_id=118"},"modified":"2026-03-31T15:42:01","modified_gmt":"2026-03-31T18:42:01","slug":"equipe","status":"publish","type":"page","link":"https:\/\/www.ufsm.br\/pro-reitorias\/pre\/equipe","title":{"rendered":"Equipe"},"content":{"rendered":"\t\t<div data-elementor-type=\"wp-post\" data-elementor-id=\"118\" class=\"elementor elementor-118\">\n\t\t\t\t\t\t<section class=\"elementor-section elementor-top-section elementor-element elementor-element-b8d65d2 elementor-section-boxed elementor-section-height-default elementor-section-height-default\" data-id=\"b8d65d2\" data-element_type=\"section\">\n\t\t\t\t\t\t<div class=\"elementor-container elementor-column-gap-default\">\n\t\t\t\t\t<div class=\"elementor-column elementor-col-100 elementor-top-column elementor-element elementor-element-29b7b86\" data-id=\"29b7b86\" data-element_type=\"column\">\n\t\t\t<div class=\"elementor-widget-wrap elementor-element-populated\">\n\t\t\t\t\t\t<div class=\"elementor-element elementor-element-089cb6e elementor-widget elementor-widget-heading\" data-id=\"089cb6e\" data-element_type=\"widget\" data-widget_type=\"heading.default\">\n\t\t\t\t<div class=\"elementor-widget-container\">\n\t\t\t<h5 class=\"elementor-heading-title elementor-size-default\">Pr\u00f3-Reitora de Extens\u00e3o<\/h5>\t\t<\/div>\n\t\t\t\t<\/div>\n\t\t\t\t<div class=\"elementor-element elementor-element-94330b7 elementor-widget elementor-widget-text-editor\" data-id=\"94330b7\" data-element_type=\"widget\" data-widget_type=\"text-editor.default\">\n\t\t\t\t<div class=\"elementor-widget-container\">\n\t\t\t\t\t\t\t<p style=\"text-align: center\">Milena Freire de Oliveira-Cruz<br \/><em><span style=\"color: #808080\">Professora Doutora<\/span><\/em><\/p>\t\t\t\t\t\t<\/div>\n\t\t\t\t<\/div>\n\t\t\t\t\t<\/div>\n\t\t<\/div>\n\t\t\t\t\t<\/div>\n\t\t<\/section>\n\t\t\t\t<section class=\"elementor-section elementor-top-section elementor-element elementor-element-0f2249d elementor-section-boxed elementor-section-height-default elementor-section-height-default\" data-id=\"0f2249d\" data-element_type=\"section\">\n\t\t\t\t\t\t<div class=\"elementor-container elementor-column-gap-default\">\n\t\t\t\t\t<div class=\"elementor-column elementor-col-100 elementor-top-column elementor-element elementor-element-be82075\" data-id=\"be82075\" data-element_type=\"column\">\n\t\t\t<div class=\"elementor-widget-wrap elementor-element-populated\">\n\t\t\t\t\t\t<div class=\"elementor-element elementor-element-c48126a elementor-widget elementor-widget-heading\" data-id=\"c48126a\" data-element_type=\"widget\" data-widget_type=\"heading.default\">\n\t\t\t\t<div class=\"elementor-widget-container\">\n\t\t\t<h5 class=\"elementor-heading-title elementor-size-default\">Pr\u00f3-Reitora Adjunta\n<\/h5>\t\t<\/div>\n\t\t\t\t<\/div>\n\t\t\t\t<div class=\"elementor-element elementor-element-ae9375b elementor-widget elementor-widget-text-editor\" data-id=\"ae9375b\" data-element_type=\"widget\" data-widget_type=\"text-editor.default\">\n\t\t\t\t<div class=\"elementor-widget-container\">\n\t\t\t\t\t\t\t<p style=\"text-align: center\">Angela Weber Righi<br \/><span style=\"color: #808080\"><em>Professora Doutora<\/em><\/span><\/p>\t\t\t\t\t\t<\/div>\n\t\t\t\t<\/div>\n\t\t\t\t\t<\/div>\n\t\t<\/div>\n\t\t\t\t\t<\/div>\n\t\t<\/section>\n\t\t\t\t<section class=\"elementor-section elementor-top-section elementor-element elementor-element-69f80ae elementor-section-boxed elementor-section-height-default elementor-section-height-default\" data-id=\"69f80ae\" data-element_type=\"section\">\n\t\t\t\t\t\t<div class=\"elementor-container elementor-column-gap-default\">\n\t\t\t\t\t<div class=\"elementor-column elementor-col-100 elementor-top-column elementor-element elementor-element-ce9414f\" data-id=\"ce9414f\" data-element_type=\"column\">\n\t\t\t<div class=\"elementor-widget-wrap elementor-element-populated\">\n\t\t\t\t\t\t<div class=\"elementor-element elementor-element-ef1ae08 elementor-widget elementor-widget-heading\" data-id=\"ef1ae08\" data-element_type=\"widget\" data-widget_type=\"heading.default\">\n\t\t\t\t<div class=\"elementor-widget-container\">\n\t\t\t<h5 class=\"elementor-heading-title elementor-size-default\">Apoio Or\u00e7ament\u00e1rio<\/h5>\t\t<\/div>\n\t\t\t\t<\/div>\n\t\t\t\t<div class=\"elementor-element elementor-element-a55c7fb elementor-widget elementor-widget-text-editor\" data-id=\"a55c7fb\" data-element_type=\"widget\" data-widget_type=\"text-editor.default\">\n\t\t\t\t<div class=\"elementor-widget-container\">\n\t\t\t\t\t\t\t<p style=\"text-align: center\"><span style=\"color: #000000;font-size: 16px;background-color: var(--bs-body-bg)\">\u00c1lisson Trevisan da Rosa<br \/><span style=\"color: #808080\"><em>Assistente em Administra\u00e7\u00e3o<\/em><\/span><\/span><\/p><p style=\"text-align: center\"><span style=\"color: #000000;font-size: 16px\">Ana Carolina Cherobini Bortolin<br \/><\/span><span style=\"color: #808080\"><em><span style=\"font-size: 16px;background-color: var(--bs-body-bg)\">Administradora<\/span><\/em><\/span><\/p>\t\t\t\t\t\t<\/div>\n\t\t\t\t<\/div>\n\t\t\t\t\t<\/div>\n\t\t<\/div>\n\t\t\t\t\t<\/div>\n\t\t<\/section>\n\t\t\t\t<section class=\"elementor-section elementor-top-section elementor-element elementor-element-4c9482c elementor-section-boxed elementor-section-height-default elementor-section-height-default\" data-id=\"4c9482c\" data-element_type=\"section\">\n\t\t\t\t\t\t<div class=\"elementor-container elementor-column-gap-default\">\n\t\t\t\t\t<div class=\"elementor-column elementor-col-100 elementor-top-column elementor-element elementor-element-5a3ea07\" data-id=\"5a3ea07\" data-element_type=\"column\">\n\t\t\t<div class=\"elementor-widget-wrap elementor-element-populated\">\n\t\t\t\t\t\t<div class=\"elementor-element elementor-element-0868f50 elementor-widget elementor-widget-heading\" data-id=\"0868f50\" data-element_type=\"widget\" data-widget_type=\"heading.default\">\n\t\t\t\t<div class=\"elementor-widget-container\">\n\t\t\t<h5 class=\"elementor-heading-title elementor-size-default\">Articula\u00e7\u00e3o e Fomento \u00e0 Extens\u00e3o<\/h5>\t\t<\/div>\n\t\t\t\t<\/div>\n\t\t\t\t\t<\/div>\n\t\t<\/div>\n\t\t\t\t\t<\/div>\n\t\t<\/section>\n\t\t\t\t<section class=\"elementor-section elementor-top-section elementor-element elementor-element-d624bc0 elementor-section-boxed elementor-section-height-default elementor-section-height-default\" data-id=\"d624bc0\" data-element_type=\"section\">\n\t\t\t\t\t\t<div class=\"elementor-container elementor-column-gap-default\">\n\t\t\t\t\t<div class=\"elementor-column elementor-col-50 elementor-top-column elementor-element elementor-element-f85b76b\" data-id=\"f85b76b\" data-element_type=\"column\">\n\t\t\t<div class=\"elementor-widget-wrap elementor-element-populated\">\n\t\t\t\t\t\t<div class=\"elementor-element elementor-element-a28ccf6 elementor-widget elementor-widget-text-editor\" data-id=\"a28ccf6\" data-element_type=\"widget\" data-widget_type=\"text-editor.default\">\n\t\t\t\t<div class=\"elementor-widget-container\">\n\t\t\t\t\t\t\t<p style=\"color: #000000;font-size: 16px;text-align: center\">Angela Weber Righi<br \/><span style=\"font-size: 12pt;color: #808080\"><em>Coordenadora<\/em><\/span><\/p><p style=\"color: #000000;font-size: 16px;text-align: center\"><span style=\"font-size: 12pt\">Ta\u00eds Drehmer Stein<br \/><span style=\"color: #808080\"><em>Administradora<\/em><\/span><\/span><\/p><p style=\"color: #000000;font-size: 16px;text-align: center\"><span style=\"color: #000000;font-size: 16px\">Lauren Kleinert Londero Saldanha<br \/><\/span><span style=\"font-size: 16px;color: #808080\"><em>Administradora<\/em><\/span><\/p>\t\t\t\t\t\t<\/div>\n\t\t\t\t<\/div>\n\t\t\t\t\t<\/div>\n\t\t<\/div>\n\t\t\t\t<div class=\"elementor-column elementor-col-50 elementor-top-column elementor-element elementor-element-39a3afd\" data-id=\"39a3afd\" data-element_type=\"column\">\n\t\t\t<div class=\"elementor-widget-wrap elementor-element-populated\">\n\t\t\t\t\t\t<div class=\"elementor-element elementor-element-2fe1f4b elementor-widget elementor-widget-text-editor\" data-id=\"2fe1f4b\" data-element_type=\"widget\" data-widget_type=\"text-editor.default\">\n\t\t\t\t<div class=\"elementor-widget-container\">\n\t\t\t\t\t\t\t<p style=\"color: #000000;font-size: 16px;text-align: center\"><strong><span style=\"background-color: transparent;color: #000000;font-family: georgia, palatino, serif;font-size: 12pt;text-align: var(--bs-body-text-align)\">Subdivis\u00e3o de Inser\u00e7\u00e3o da Extens\u00e3o nos Cursos<\/span><\/strong><\/p><p align=\"center\">Gis\u00e9li Duarte Bastos<br \/><span style=\"color: #808080\"><em>T\u00e9cnica em Assuntos Educacionais<\/em><\/span><\/p><p style=\"text-align: center\" align=\"center\"><span style=\"font-size: 12pt\">Alice Moro Neocatto<br \/><span style=\"color: #808080\"><em>Assistente em Administra\u00e7\u00e3o<\/em><\/span><br \/><\/span><\/p><p style=\"color: #000000;font-size: 16px;text-align: center\"><span style=\"font-size: 12pt\">\u00a0<\/span><strong><span style=\"background-color: transparent;color: #000000;font-family: georgia, palatino, serif;font-size: 12pt;text-align: var(--bs-body-text-align)\">Subdivis\u00e3o de Divulga\u00e7\u00e3o e Editora\u00e7\u00e3o<\/span><\/strong><\/p><p style=\"text-align: center\"><span style=\"color: #000000;font-size: 16px\">Giana Tondolo Bonilla<br \/><span style=\"font-size: 12pt;color: #808080\"><em>Assistente em Administra\u00e7\u00e3o<\/em><\/span><br \/><\/span><\/p><p style=\"text-align: center\"><span style=\"color: #000000;font-size: 16px\">Rone Maria Rachele<br \/><span style=\"color: #808080\"><em>T\u00e9cnica em Assuntos Educacionais<\/em><\/span><br \/><\/span><\/p>\t\t\t\t\t\t<\/div>\n\t\t\t\t<\/div>\n\t\t\t\t\t<\/div>\n\t\t<\/div>\n\t\t\t\t\t<\/div>\n\t\t<\/section>\n\t\t\t\t<section class=\"elementor-section elementor-top-section elementor-element elementor-element-44f5e49 elementor-section-boxed elementor-section-height-default elementor-section-height-default\" data-id=\"44f5e49\" data-element_type=\"section\">\n\t\t\t\t\t\t<div class=\"elementor-container elementor-column-gap-default\">\n\t\t\t\t\t<div class=\"elementor-column elementor-col-100 elementor-top-column elementor-element elementor-element-938a8f9\" data-id=\"938a8f9\" data-element_type=\"column\">\n\t\t\t<div class=\"elementor-widget-wrap elementor-element-populated\">\n\t\t\t\t\t\t<div class=\"elementor-element elementor-element-5b595d1 elementor-widget elementor-widget-heading\" data-id=\"5b595d1\" data-element_type=\"widget\" data-widget_type=\"heading.default\">\n\t\t\t\t<div class=\"elementor-widget-container\">\n\t\t\t<h5 class=\"elementor-heading-title elementor-size-default\">Cultura e Arte<\/h5>\t\t<\/div>\n\t\t\t\t<\/div>\n\t\t\t\t\t<\/div>\n\t\t<\/div>\n\t\t\t\t\t<\/div>\n\t\t<\/section>\n\t\t\t\t<section class=\"elementor-section elementor-top-section elementor-element elementor-element-93f9193 elementor-section-boxed elementor-section-height-default elementor-section-height-default\" data-id=\"93f9193\" data-element_type=\"section\">\n\t\t\t\t\t\t<div class=\"elementor-container elementor-column-gap-default\">\n\t\t\t\t\t<div class=\"elementor-column elementor-col-50 elementor-top-column elementor-element elementor-element-a46aaab\" data-id=\"a46aaab\" data-element_type=\"column\">\n\t\t\t<div class=\"elementor-widget-wrap elementor-element-populated\">\n\t\t\t\t\t\t<div class=\"elementor-element elementor-element-bdfcef1 elementor-widget elementor-widget-text-editor\" data-id=\"bdfcef1\" data-element_type=\"widget\" data-widget_type=\"text-editor.default\">\n\t\t\t\t<div class=\"elementor-widget-container\">\n\t\t\t\t\t\t\t<p style=\"text-align: center\">Raquel Guerra<br \/><span style=\"color: #808080\"><em>Coordenadora<\/em><\/span><\/p><p style=\"text-align: center\">Edison Luiz Pav\u00e3o Borges<br \/><span style=\"color: #808080\"><em>Assistente em Administra\u00e7\u00e3o<\/em><\/span><\/p><p style=\"text-align: center\"><b>N\u00facleo Gest\u00e3o Art\u00edstica e Cultural<\/b><\/p><p style=\"text-align: center\">Edison Luis Pav\u00e3o Borges<br \/><span style=\"color: #808080\"><em>Assistente em Administra\u00e7\u00e3o<\/em><\/span><\/p><p style=\"text-align: center\">Josieli Guidolin Rossi<br \/><span style=\"color: #808080\"><em>Administradora<\/em><\/span><\/p><p style=\"text-align: center\">Danusa Frazzon da Cunha<br \/><span style=\"color: #808080\"><em>Rela\u00e7\u00f5es-P\u00fablicas<\/em><\/span><\/p><p style=\"text-align: center\"><b>Divis\u00e3o de Museus<\/b><\/p><p style=\"text-align: center\">Aline Vargas de Vargas<br \/><span style=\"color: #808080\"><em>Muse\u00f3loga<\/em><\/span><\/p><p style=\"text-align: center\">Ronaldo Soares de Lima<br \/><span style=\"color: #808080\"><em>Administrador<\/em><\/span><\/p><p style=\"text-align: center\">\u00a0<b>Museu Gama D\u2019E\u00e7a<\/b><\/p><p style=\"text-align: center\">Bernardo Duque de Paula<br \/><span style=\"color: #808080\"><em>Muse\u00f3logo<\/em><\/span><\/p><p style=\"text-align: center\">Felipe Barchet Steffenel<br \/><span style=\"color: #808080\"><em>Assistente em Administra\u00e7\u00e3o<\/em><\/span><\/p><p style=\"text-align: center\">Christian Vargas Dias<br \/><span style=\"color: #808080\"><em>Auxiliar Administrativo<\/em><\/span><\/p>\t\t\t\t\t\t<\/div>\n\t\t\t\t<\/div>\n\t\t\t\t\t<\/div>\n\t\t<\/div>\n\t\t\t\t<div class=\"elementor-column elementor-col-50 elementor-top-column elementor-element elementor-element-7c573ec\" data-id=\"7c573ec\" data-element_type=\"column\">\n\t\t\t<div class=\"elementor-widget-wrap elementor-element-populated\">\n\t\t\t\t\t\t<div class=\"elementor-element elementor-element-6b66a35 elementor-widget elementor-widget-text-editor\" data-id=\"6b66a35\" data-element_type=\"widget\" data-widget_type=\"text-editor.default\">\n\t\t\t\t<div class=\"elementor-widget-container\">\n\t\t\t\t\t\t\t<p style=\"text-align: center\"><b>Planet\u00e1rio Professor Jos\u00e9 Mariano da Rocha Filho<\/b><\/p>\n<p style=\"text-align: center\"><span style=\"font-weight: 400\">Jaqueline Trentim Machado<br><span style=\"color: #808080\"><em>Secret\u00e1ria Executiva<\/em><\/span><\/span><\/p>\n<p style=\"text-align: center\"><span style=\"font-weight: 400\">Nisiael de Oliveira Kaufman<br><span style=\"color: #808080\"><em>T\u00e9cnica em Assuntos Educacionais<\/em><\/span><br><\/span><\/p>\n<p style=\"text-align: center\"><b>Acervo Art\u00edstico UFSM<\/b><\/p>\n<p style=\"text-align: center\"><span style=\"font-weight: 400\">Rafael Happke<br><span style=\"color: #808080\"><em>Administrador<\/em><\/span><\/span><\/p>\n<p style=\"text-align: center\"><b>Museu de Arte, Ci\u00eancia e Tecnologia<\/b><\/p>\n<p style=\"text-align: center\"><span style=\"font-weight: 400\">Evandro Bertol<br><em><span style=\"color: #808080\">Assistente em Administra\u00e7\u00e3o<\/span><\/em><br><\/span><\/p>\n<p style=\"text-align: center\"><b>Laborat\u00f3rio de Arqueologia, Sociedades e Culturas das Am\u00e9ricas<\/b><\/p>\n<p style=\"text-align: center\"><span style=\"font-weight: 400\">Aline Vargas de Vargas<br><span style=\"color: #808080\"><em>Muse\u00f3loga<\/em><\/span><br><\/span><\/p>\n<p style=\"text-align: center\"><b>Orquestra Sinf\u00f4nica de Santa Maria<\/b><\/p>\n<p style=\"text-align: center\"><span style=\"font-weight: 400\">Cl\u00e1udio Ant\u00f4nio Esteves<br><span style=\"color: #808080\"><em>Professor e Maestro&nbsp;<\/em><\/span><\/span><\/p>\n<p style=\"text-align: center\"><span style=\"font-weight: 400\">Suzete Gassen da Silveira<br><em><span style=\"color: #808080\">Assistente em Administra\u00e7\u00e3o<\/span><\/em><\/span><\/p>\t\t\t\t\t\t<\/div>\n\t\t\t\t<\/div>\n\t\t\t\t\t<\/div>\n\t\t<\/div>\n\t\t\t\t\t<\/div>\n\t\t<\/section>\n\t\t\t\t<section class=\"elementor-section elementor-top-section elementor-element elementor-element-8cb701f elementor-section-boxed elementor-section-height-default elementor-section-height-default\" data-id=\"8cb701f\" data-element_type=\"section\">\n\t\t\t\t\t\t<div class=\"elementor-container elementor-column-gap-default\">\n\t\t\t\t\t<div class=\"elementor-column elementor-col-100 elementor-top-column elementor-element elementor-element-607caaf\" data-id=\"607caaf\" data-element_type=\"column\">\n\t\t\t<div class=\"elementor-widget-wrap elementor-element-populated\">\n\t\t\t\t\t\t<div class=\"elementor-element elementor-element-6eeb850 elementor-widget elementor-widget-heading\" data-id=\"6eeb850\" data-element_type=\"widget\" data-widget_type=\"heading.default\">\n\t\t\t\t<div class=\"elementor-widget-container\">\n\t\t\t<h5 class=\"elementor-heading-title elementor-size-default\">Cidadania<\/h5>\t\t<\/div>\n\t\t\t\t<\/div>\n\t\t\t\t\t<\/div>\n\t\t<\/div>\n\t\t\t\t\t<\/div>\n\t\t<\/section>\n\t\t\t\t<section class=\"elementor-section elementor-top-section elementor-element elementor-element-19fc6a0 elementor-section-boxed elementor-section-height-default elementor-section-height-default\" data-id=\"19fc6a0\" data-element_type=\"section\">\n\t\t\t\t\t\t<div class=\"elementor-container elementor-column-gap-default\">\n\t\t\t\t\t<div class=\"elementor-column elementor-col-50 elementor-top-column elementor-element elementor-element-362128b\" data-id=\"362128b\" data-element_type=\"column\">\n\t\t\t<div class=\"elementor-widget-wrap elementor-element-populated\">\n\t\t\t\t\t\t<div class=\"elementor-element elementor-element-ac2f470 elementor-widget elementor-widget-text-editor\" data-id=\"ac2f470\" data-element_type=\"widget\" data-widget_type=\"text-editor.default\">\n\t\t\t\t<div class=\"elementor-widget-container\">\n\t\t\t\t\t\t\t<p style=\"color: #000000;font-size: 16px;text-align: center\"><span style=\"color: #000000;font-size: 16px;font-weight: var( --e-global-typography-text-font-weight )\">Cassiana Marques da Silva<br \/><span style=\"color: #808080\"><em>Coordenadora<\/em><\/span><br \/><\/span><\/p><p style=\"text-align: center\"><span style=\"color: #222222;font-family: georgia, palatino, serif;font-size: 16px;font-style: normal;font-weight: 400;letter-spacing: normal;text-align: start;text-indent: 0px;text-transform: none;background-color: #ffffff;float: none\">Ana Paula Perlin<br \/><span style=\"color: #808080\"><em>Administradora<\/em><\/span><\/span><\/p><p style=\"font-size: 16px;text-align: center\"><span style=\"font-weight: bolder\">Subdivis\u00e3o Incubadora Social\u00a0<\/span><\/p><p style=\"font-size: 16px;text-align: center\">Lucas Veiga \u00c1vila<br \/><span style=\"color: #808080\"><em>Professor<\/em><\/span><\/p><p style=\"font-size: 16px;text-align: center\">Nath\u00e1lia Rigui Trindade<br \/><span style=\"color: #808080\"><em>Administradora<\/em><\/span><\/p><p style=\"font-size: 16px;text-align: center\">Jorge Carlos Trindade Soares<br \/><span style=\"color: #000000;font-size: 16px;font-weight: var( --e-global-typography-text-font-weight )\"><span style=\"color: #808080\"><em>Assistente em Administra\u00e7\u00e3o<\/em><\/span><\/span><\/p><p style=\"font-size: 16px;text-align: center\"><strong>Subdivis\u00e3o\u00a0 Complexo Multicultural Antiga Reitoria<\/strong><\/p><p style=\"font-size: 16px;text-align: center\"><span style=\"font-size: 16px;text-align: justify\">Jeanne Margareth Mainardi<br \/><em><span style=\"color: #808080\">Administradora<\/span><\/em><\/span><\/p><p style=\"text-align: center\"><span style=\"font-size: 16px;text-align: justify\">Carolina Tonini Goulart<br \/><em><span style=\"color: #808080\">Auxiliar de Sa\u00fade\u00a0<\/span><\/em><\/span><\/p>\t\t\t\t\t\t<\/div>\n\t\t\t\t<\/div>\n\t\t\t\t\t<\/div>\n\t\t<\/div>\n\t\t\t\t<div class=\"elementor-column elementor-col-50 elementor-top-column elementor-element elementor-element-51074d9\" data-id=\"51074d9\" data-element_type=\"column\">\n\t\t\t<div class=\"elementor-widget-wrap elementor-element-populated\">\n\t\t\t\t\t\t<div class=\"elementor-element elementor-element-b1fd649 elementor-widget elementor-widget-text-editor\" data-id=\"b1fd649\" data-element_type=\"widget\" data-widget_type=\"text-editor.default\">\n\t\t\t\t<div class=\"elementor-widget-container\">\n\t\t\t\t\t\t\t<p style=\"font-size: 16px;text-align: center\"><span style=\"font-weight: bolder;font-family: georgia, palatino, serif\">Subdivis\u00e3o Observat\u00f3rio de Direitos Humanos<\/span><\/p><p style=\"font-size: 16px;text-align: center\"><span style=\"font-family: georgia, palatino, serif\">Jane Schumacher<\/span><br \/><span style=\"color: #808080\"><em><span style=\"font-family: georgia, palatino, serif\">Professora<\/span><\/em><\/span><\/p><p style=\"text-align: center\">Angela Maria Souza de Lima<br \/><span style=\"color: #808080\"><em><span style=\"font-family: georgia, palatino, serif\">Assistente Social<\/span><\/em><\/span><\/p><p style=\"font-size: 16px;text-align: center\"><span style=\"font-weight: bolder;font-family: georgia, palatino, serif\">Subdivis\u00e3o\u00a0 Espa\u00e7o Multiprofissional Casa Ver\u00f4nica<\/span><\/p><p style=\"font-size: 16px;text-align: center\"><span style=\"font-family: georgia, palatino, serif\">Bruna Loureiro Denkin<br \/><span style=\"color: #808080\"><em>Administradora<\/em><\/span><\/span><\/p><p style=\"font-size: 16px;text-align: center\"><span style=\"font-size: 16px;font-family: georgia, palatino, serif\">Ricardo Pereira de Felippe<br \/><span style=\"color: #808080\"><em>Assistente Social<\/em><\/span><\/span><\/p><p style=\"font-size: 16px;text-align: center\"><span style=\"font-family: georgia, palatino, serif\">Elizandra Rodrigues Tatsch<br \/><span style=\"color: #808080\"><em>Advogada<\/em><\/span><\/span><\/p><p style=\"font-size: 16px;text-align: center\"><span style=\"font-family: georgia, palatino, serif\">Fernanda de Oliveira Alves<br \/><span style=\"color: #808080\"><em><span style=\"font-size: 16px;font-weight: var( --e-global-typography-text-font-weight )\">Psic\u00f3loga<\/span><\/em><\/span><br \/><\/span><\/p>\t\t\t\t\t\t<\/div>\n\t\t\t\t<\/div>\n\t\t\t\t\t<\/div>\n\t\t<\/div>\n\t\t\t\t\t<\/div>\n\t\t<\/section>\n\t\t\t\t<section class=\"elementor-section elementor-top-section elementor-element elementor-element-4cd4c12 elementor-section-boxed elementor-section-height-default elementor-section-height-default\" data-id=\"4cd4c12\" data-element_type=\"section\">\n\t\t\t\t\t\t<div class=\"elementor-container elementor-column-gap-default\">\n\t\t\t\t\t<div class=\"elementor-column elementor-col-100 elementor-top-column elementor-element elementor-element-8bf5e61\" data-id=\"8bf5e61\" data-element_type=\"column\">\n\t\t\t<div class=\"elementor-widget-wrap elementor-element-populated\">\n\t\t\t\t\t\t<div class=\"elementor-element elementor-element-80b8988 elementor-widget elementor-widget-heading\" data-id=\"80b8988\" data-element_type=\"widget\" data-widget_type=\"heading.default\">\n\t\t\t\t<div class=\"elementor-widget-container\">\n\t\t\t<h5 class=\"elementor-heading-title elementor-size-default\">Desenvolvimento Regional<\/h5>\t\t<\/div>\n\t\t\t\t<\/div>\n\t\t\t\t\t<\/div>\n\t\t<\/div>\n\t\t\t\t\t<\/div>\n\t\t<\/section>\n\t\t\t\t<section class=\"elementor-section elementor-top-section elementor-element elementor-element-248001d elementor-section-boxed elementor-section-height-default elementor-section-height-default\" data-id=\"248001d\" data-element_type=\"section\">\n\t\t\t\t\t\t<div class=\"elementor-container elementor-column-gap-default\">\n\t\t\t\t\t<div class=\"elementor-column elementor-col-50 elementor-top-column elementor-element elementor-element-8bba11d\" data-id=\"8bba11d\" data-element_type=\"column\">\n\t\t\t<div class=\"elementor-widget-wrap elementor-element-populated\">\n\t\t\t\t\t\t<div class=\"elementor-element elementor-element-39759f2 elementor-widget elementor-widget-text-editor\" data-id=\"39759f2\" data-element_type=\"widget\" data-widget_type=\"text-editor.default\">\n\t\t\t\t<div class=\"elementor-widget-container\">\n\t\t\t\t\t\t\t<p style=\"text-align: center\">Leandro Nunes Gabbi<br \/><span style=\"color: #808080\"><em>Assistente em Administra\u00e7\u00e3o e Coordenador<\/em><\/span><\/p><p style=\"text-align: center\"><strong>Subdivis\u00e3o de Geoparques<\/strong><\/p><p style=\"text-align: center\">Patricia de Freitas Ferreira<br \/><span style=\"color: #808080\"><em>Administradora<\/em><\/span><\/p><p style=\"text-align: center\">Angelita Zimmermann<br \/><span style=\"color: #808080\"><em>T\u00e9cnica em Assunto Educacionais<\/em><\/span><\/p><p style=\"text-align: center\">Bibiana Schiavini Gon\u00e7alvez Toniazzo<br \/><span style=\"color: #808080\"><em>Turism\u00f3loga<\/em><\/span><\/p><p style=\"text-align: center\">Morgana Mello Bevilacqua<br \/><span style=\"color: #808080\"><em>Assistente em Administra\u00e7\u00e3o<\/em><\/span><\/p>\t\t\t\t\t\t<\/div>\n\t\t\t\t<\/div>\n\t\t\t\t\t<\/div>\n\t\t<\/div>\n\t\t\t\t<div class=\"elementor-column elementor-col-50 elementor-top-column elementor-element elementor-element-c16864e\" data-id=\"c16864e\" data-element_type=\"column\">\n\t\t\t<div class=\"elementor-widget-wrap elementor-element-populated\">\n\t\t\t\t\t\t<div class=\"elementor-element elementor-element-132b1dd elementor-widget elementor-widget-text-editor\" data-id=\"132b1dd\" data-element_type=\"widget\" data-widget_type=\"text-editor.default\">\n\t\t\t\t<div class=\"elementor-widget-container\">\n\t\t\t\t\t\t\t<p style=\"text-align: center\"><strong>Programa Progredir Geoparques<\/strong><\/p><p style=\"text-align: center\">Jaciele Carine Vidor Sell<br \/><span style=\"color: #808080\"><em>T\u00e9cnica em Assunto Educacionais<\/em><\/span><\/p><p style=\"text-align: center\">Angelita Zimmermann<br \/><span style=\"color: #808080\"><em>T\u00e9cnica em Assunto Educacionais<\/em><\/span><\/p>\t\t\t\t\t\t<\/div>\n\t\t\t\t<\/div>\n\t\t\t\t\t<\/div>\n\t\t<\/div>\n\t\t\t\t\t<\/div>\n\t\t<\/section>\n\t\t\t\t<section class=\"elementor-section elementor-top-section elementor-element elementor-element-a152e7e elementor-section-boxed elementor-section-height-default elementor-section-height-default\" data-id=\"a152e7e\" data-element_type=\"section\">\n\t\t\t\t\t\t<div class=\"elementor-container elementor-column-gap-default\">\n\t\t\t\t\t<div class=\"elementor-column elementor-col-100 elementor-top-column elementor-element elementor-element-a69d682\" data-id=\"a69d682\" data-element_type=\"column\">\n\t\t\t<div class=\"elementor-widget-wrap elementor-element-populated\">\n\t\t\t\t\t\t<div class=\"elementor-element elementor-element-de8eafb elementor-widget elementor-widget-heading\" data-id=\"de8eafb\" data-element_type=\"widget\" data-widget_type=\"heading.default\">\n\t\t\t\t<div class=\"elementor-widget-container\">\n\t\t\t<h5 class=\"elementor-heading-title elementor-size-default\">Links \u00dateis<\/h5>\t\t<\/div>\n\t\t\t\t<\/div>\n\t\t\t\t\t<\/div>\n\t\t<\/div>\n\t\t\t\t\t<\/div>\n\t\t<\/section>\n\t\t\t\t<section class=\"elementor-section elementor-top-section elementor-element elementor-element-30dccc9 elementor-section-boxed elementor-section-height-default elementor-section-height-default\" data-id=\"30dccc9\" data-element_type=\"section\">\n\t\t\t\t\t\t<div class=\"elementor-container elementor-column-gap-default\">\n\t\t\t\t\t<div class=\"elementor-column elementor-col-33 elementor-top-column elementor-element elementor-element-a0ccd89\" data-id=\"a0ccd89\" data-element_type=\"column\">\n\t\t\t<div class=\"elementor-widget-wrap elementor-element-populated\">\n\t\t\t\t\t\t<div class=\"elementor-element elementor-element-90fe203 elementor-view-default elementor-widget elementor-widget-icon\" data-id=\"90fe203\" data-element_type=\"widget\" data-widget_type=\"icon.default\">\n\t\t\t\t<div class=\"elementor-widget-container\">\n\t\t\t\t\t<div class=\"elementor-icon-wrapper\">\n\t\t\t<a class=\"elementor-icon\" href=\"https:\/\/www.ufsm.br\/pro-reitorias\/pre\/conheca-a-pre\/\">\n\t\t\t<i aria-hidden=\"true\" class=\"fas fa-users\"><\/i>\t\t\t<\/a>\n\t\t<\/div>\n\t\t\t\t<\/div>\n\t\t\t\t<\/div>\n\t\t\t\t<div class=\"elementor-element elementor-element-cd3e97e elementor-widget elementor-widget-heading\" data-id=\"cd3e97e\" data-element_type=\"widget\" data-widget_type=\"heading.default\">\n\t\t\t\t<div class=\"elementor-widget-container\">\n\t\t\t<h6 class=\"elementor-heading-title elementor-size-default\">Sobre a PRE<\/h6>\t\t<\/div>\n\t\t\t\t<\/div>\n\t\t\t\t\t<\/div>\n\t\t<\/div>\n\t\t\t\t<div class=\"elementor-column elementor-col-33 elementor-top-column elementor-element elementor-element-4a9477b\" data-id=\"4a9477b\" data-element_type=\"column\">\n\t\t\t<div class=\"elementor-widget-wrap elementor-element-populated\">\n\t\t\t\t\t\t<div class=\"elementor-element elementor-element-0214d89 elementor-view-default elementor-widget elementor-widget-icon\" data-id=\"0214d89\" data-element_type=\"widget\" data-widget_type=\"icon.default\">\n\t\t\t\t<div class=\"elementor-widget-container\">\n\t\t\t\t\t<div class=\"elementor-icon-wrapper\">\n\t\t\t<a class=\"elementor-icon\" href=\"https:\/\/www.ufsm.br\/pro-reitorias\/pre\/legislacao-2\/\">\n\t\t\t<i aria-hidden=\"true\" class=\"fas fa-file-signature\"><\/i>\t\t\t<\/a>\n\t\t<\/div>\n\t\t\t\t<\/div>\n\t\t\t\t<\/div>\n\t\t\t\t<div class=\"elementor-element elementor-element-a68c495 elementor-widget elementor-widget-heading\" data-id=\"a68c495\" data-element_type=\"widget\" data-widget_type=\"heading.default\">\n\t\t\t\t<div class=\"elementor-widget-container\">\n\t\t\t<h6 class=\"elementor-heading-title elementor-size-default\">Legisla\u00e7\u00e3o<\/h6>\t\t<\/div>\n\t\t\t\t<\/div>\n\t\t\t\t\t<\/div>\n\t\t<\/div>\n\t\t\t\t<div class=\"elementor-column elementor-col-33 elementor-top-column elementor-element elementor-element-c498b65\" data-id=\"c498b65\" data-element_type=\"column\">\n\t\t\t<div class=\"elementor-widget-wrap elementor-element-populated\">\n\t\t\t\t\t\t<div class=\"elementor-element elementor-element-e47ff01 elementor-view-default elementor-widget elementor-widget-icon\" data-id=\"e47ff01\" data-element_type=\"widget\" data-widget_type=\"icon.default\">\n\t\t\t\t<div class=\"elementor-widget-container\">\n\t\t\t\t\t<div class=\"elementor-icon-wrapper\">\n\t\t\t<a class=\"elementor-icon\" href=\"https:\/\/www.ufsm.br\/pro-reitorias\/pre\/contato\/\">\n\t\t\t<i aria-hidden=\"true\" class=\"far fa-comments\"><\/i>\t\t\t<\/a>\n\t\t<\/div>\n\t\t\t\t<\/div>\n\t\t\t\t<\/div>\n\t\t\t\t<div class=\"elementor-element elementor-element-f006633 elementor-widget elementor-widget-heading\" data-id=\"f006633\" data-element_type=\"widget\" data-widget_type=\"heading.default\">\n\t\t\t\t<div class=\"elementor-widget-container\">\n\t\t\t<h6 class=\"elementor-heading-title elementor-size-default\">Contatos<\/h6>\t\t<\/div>\n\t\t\t\t<\/div>\n\t\t\t\t\t<\/div>\n\t\t<\/div>\n\t\t\t\t\t<\/div>\n\t\t<\/section>\n\t\t\t\t<\/div>\n\t\t","protected":false},"excerpt":{"rendered":"<p>Pr\u00f3-Reitora de Extens\u00e3o Milena Freire de Oliveira-CruzProfessora Doutora Pr\u00f3-Reitora Adjunta Angela Weber RighiProfessora Doutora Apoio Or\u00e7ament\u00e1rio \u00c1lisson Trevisan da RosaAssistente em Administra\u00e7\u00e3o Ana Carolina Cherobini BortolinAdministradora Articula\u00e7\u00e3o e Fomento \u00e0 Extens\u00e3o Angela Weber RighiCoordenadora Ta\u00eds Drehmer SteinAdministradora Lauren Kleinert Londero SaldanhaAdministradora Subdivis\u00e3o de Inser\u00e7\u00e3o da Extens\u00e3o nos Cursos Gis\u00e9li Duarte BastosT\u00e9cnica em Assuntos Educacionais Alice [&hellip;]<\/p>\n","protected":false},"author":1452,"featured_media":0,"parent":0,"menu_order":0,"comment_status":"closed","ping_status":"closed","template":"","meta":{"footnotes":""},"categories":[],"tags":[],"class_list":["post-118","page","type-page","status-publish","hentry"],"acf":[],"_links":{"self":[{"href":"https:\/\/www.ufsm.br\/pro-reitorias\/pre\/wp-json\/wp\/v2\/pages\/118","targetHints":{"allow":["GET"]}}],"collection":[{"href":"https:\/\/www.ufsm.br\/pro-reitorias\/pre\/wp-json\/wp\/v2\/pages"}],"about":[{"href":"https:\/\/www.ufsm.br\/pro-reitorias\/pre\/wp-json\/wp\/v2\/types\/page"}],"author":[{"embeddable":true,"href":"https:\/\/www.ufsm.br\/pro-reitorias\/pre\/wp-json\/wp\/v2\/users\/1452"}],"replies":[{"embeddable":true,"href":"https:\/\/www.ufsm.br\/pro-reitorias\/pre\/wp-json\/wp\/v2\/comments?post=118"}],"version-history":[{"count":0,"href":"https:\/\/www.ufsm.br\/pro-reitorias\/pre\/wp-json\/wp\/v2\/pages\/118\/revisions"}],"wp:attachment":[{"href":"https:\/\/www.ufsm.br\/pro-reitorias\/pre\/wp-json\/wp\/v2\/media?parent=118"}],"wp:term":[{"taxonomy":"category","embeddable":true,"href":"https:\/\/www.ufsm.br\/pro-reitorias\/pre\/wp-json\/wp\/v2\/categories?post=118"},{"taxonomy":"post_tag","embeddable":true,"href":"https:\/\/www.ufsm.br\/pro-reitorias\/pre\/wp-json\/wp\/v2\/tags?post=118"}],"curies":[{"name":"wp","href":"https:\/\/api.w.org\/{rel}","templated":true}]}}