{"id":17431,"date":"2026-08-13T11:35:33","date_gmt":"2026-08-13T14:35:33","guid":{"rendered":"https:\/\/www.ufsm.br\/pro-reitorias\/pre\/?page_id=17431"},"modified":"2026-08-20T09:19:22","modified_gmt":"2026-08-20T12:19:22","slug":"equipe-de-implementacao","status":"publish","type":"page","link":"https:\/\/www.ufsm.br\/pro-reitorias\/pre\/geoparques\/progredir-geoparque-cacapava\/equipe-de-implementacao","title":{"rendered":"Equipe de implementa\u00e7\u00e3o"},"content":{"rendered":"\t\t<div data-elementor-type=\"wp-page\" data-elementor-id=\"17431\" class=\"elementor elementor-17431\">\n\t\t\t\t\t\t<section class=\"elementor-section elementor-top-section elementor-element elementor-element-858262e elementor-section-stretched elementor-section-boxed elementor-section-height-default elementor-section-height-default\" data-id=\"858262e\" data-element_type=\"section\" data-settings=\"{&quot;stretch_section&quot;:&quot;section-stretched&quot;,&quot;background_background&quot;:&quot;classic&quot;}\">\n\t\t\t\t\t\t<div class=\"elementor-container elementor-column-gap-default\">\n\t\t\t\t\t<div class=\"elementor-column elementor-col-100 elementor-top-column elementor-element elementor-element-52401c3\" data-id=\"52401c3\" data-element_type=\"column\">\n\t\t\t<div class=\"elementor-widget-wrap elementor-element-populated\">\n\t\t\t\t\t\t<div class=\"elementor-element elementor-element-41267be elementor-widget-divider--view-line elementor-widget elementor-widget-divider\" data-id=\"41267be\" data-element_type=\"widget\" data-widget_type=\"divider.default\">\n\t\t\t\t<div class=\"elementor-widget-container\">\n\t\t\t\t\t<div class=\"elementor-divider\">\n\t\t\t<span class=\"elementor-divider-separator\">\n\t\t\t\t\t\t<\/span>\n\t\t<\/div>\n\t\t\t\t<\/div>\n\t\t\t\t<\/div>\n\t\t\t\t<section class=\"elementor-section elementor-inner-section elementor-element elementor-element-4fbea64 elementor-section-boxed elementor-section-height-default elementor-section-height-default\" data-id=\"4fbea64\" data-element_type=\"section\">\n\t\t\t\t\t\t<div class=\"elementor-container elementor-column-gap-default\">\n\t\t\t\t\t<div class=\"elementor-column elementor-col-50 elementor-inner-column elementor-element elementor-element-181afe0\" data-id=\"181afe0\" data-element_type=\"column\">\n\t\t\t<div class=\"elementor-widget-wrap elementor-element-populated\">\n\t\t\t\t\t\t<div class=\"elementor-element elementor-element-745a74f elementor-widget elementor-widget-image\" data-id=\"745a74f\" data-element_type=\"widget\" data-widget_type=\"image.default\">\n\t\t\t\t<div class=\"elementor-widget-container\">\n\t\t\t\t\t\t\t\t\t\t\t\t\t<img fetchpriority=\"high\" decoding=\"async\" width=\"1024\" height=\"1024\" src=\"https:\/\/www.ufsm.br\/app\/uploads\/sites\/346\/2026\/08\/Design-sem-nome-2-1024x1024.jpg\" class=\"attachment-large size-large wp-image-17391\" alt=\"\" srcset=\"https:\/\/www.ufsm.br\/app\/uploads\/sites\/346\/2026\/08\/Design-sem-nome-2-1024x1024.jpg 1024w, https:\/\/www.ufsm.br\/app\/uploads\/sites\/346\/2026\/08\/Design-sem-nome-2-300x300.jpg 300w, https:\/\/www.ufsm.br\/app\/uploads\/sites\/346\/2026\/08\/Design-sem-nome-2-150x150.jpg 150w, https:\/\/www.ufsm.br\/app\/uploads\/sites\/346\/2026\/08\/Design-sem-nome-2-768x768.jpg 768w, https:\/\/www.ufsm.br\/app\/uploads\/sites\/346\/2026\/08\/Design-sem-nome-2-1536x1536.jpg 1536w, https:\/\/www.ufsm.br\/app\/uploads\/sites\/346\/2026\/08\/Design-sem-nome-2.jpg 1920w\" sizes=\"(max-width: 1024px) 100vw, 1024px\" \/>\t\t\t\t\t\t\t\t\t\t\t\t\t<\/div>\n\t\t\t\t<\/div>\n\t\t\t\t\t<\/div>\n\t\t<\/div>\n\t\t\t\t<div class=\"elementor-column elementor-col-50 elementor-inner-column elementor-element elementor-element-2d766b9\" data-id=\"2d766b9\" data-element_type=\"column\">\n\t\t\t<div class=\"elementor-widget-wrap elementor-element-populated\">\n\t\t\t\t\t\t<div class=\"elementor-element elementor-element-3fd0846 elementor-widget__width-initial elementor-widget elementor-widget-text-editor\" data-id=\"3fd0846\" data-element_type=\"widget\" data-widget_type=\"text-editor.default\">\n\t\t\t\t<div class=\"elementor-widget-container\">\n\t\t\t\t\t\t\t<p>O Progredir Geoparque Ca\u00e7apava conta com uma equipe multiprofissional para a sua implementa\u00e7\u00e3o no territ\u00f3rio. A execu\u00e7\u00e3o, na Universidade Federal de Santa Maria (UFSM), est\u00e1 sob responsabilidade da Subdivis\u00e3o de Geoparques, vinculada \u00e0 Pr\u00f3-Reitoria de Extens\u00e3o. A equipe institucional \u00e9 respons\u00e1vel pela parte administrativa do projeto.<\/p>\n<p>No munic\u00edpio, a equipe respons\u00e1vel pelo desenvolvimento do projeto \u00e9 constitu\u00edda pelos profissionais que integram os Centros de Refer\u00eancia da Assist\u00eancia Social (CRAS) e \u00f3rg\u00e3os municipais relacionados.<\/p>\n<p>Os recursos transferidos \u00e0 UFSM por meio do Minist\u00e9rio de Desenvolvimento e Assist\u00eancia Social, Fam\u00edlia e Combate \u00e0 Fome (Governo Federal), s\u00e3o executados via Funda\u00e7\u00e3o de Apoio \u00e0 Tecnologia e Ci\u00eancia (FATEC).<\/p>\t\t\t\t\t\t<\/div>\n\t\t\t\t<\/div>\n\t\t\t\t\t<\/div>\n\t\t<\/div>\n\t\t\t\t\t<\/div>\n\t\t<\/section>\n\t\t\t\t<div class=\"elementor-element elementor-element-c7cad4e elementor-widget-divider--view-line elementor-widget elementor-widget-divider\" data-id=\"c7cad4e\" data-element_type=\"widget\" data-widget_type=\"divider.default\">\n\t\t\t\t<div class=\"elementor-widget-container\">\n\t\t\t\t\t<div class=\"elementor-divider\">\n\t\t\t<span class=\"elementor-divider-separator\">\n\t\t\t\t\t\t<\/span>\n\t\t<\/div>\n\t\t\t\t<\/div>\n\t\t\t\t<\/div>\n\t\t\t\t\t<\/div>\n\t\t<\/div>\n\t\t\t\t\t<\/div>\n\t\t<\/section>\n\t\t\t\t<section class=\"elementor-section elementor-top-section elementor-element elementor-element-2c6d887 elementor-section-boxed elementor-section-height-default elementor-section-height-default\" data-id=\"2c6d887\" data-element_type=\"section\">\n\t\t\t\t\t\t<div class=\"elementor-container elementor-column-gap-default\">\n\t\t\t\t\t<div class=\"elementor-column elementor-col-100 elementor-top-column elementor-element elementor-element-60159d2\" data-id=\"60159d2\" data-element_type=\"column\">\n\t\t\t<div class=\"elementor-widget-wrap elementor-element-populated\">\n\t\t\t\t\t\t<div class=\"elementor-element elementor-element-f4db4ff elementor-widget elementor-widget-heading\" data-id=\"f4db4ff\" data-element_type=\"widget\" data-widget_type=\"heading.default\">\n\t\t\t\t<div class=\"elementor-widget-container\">\n\t\t\t<h5 class=\"elementor-heading-title elementor-size-default\">Equipe Progredir Geoparque Ca\u00e7apava | Universidade Federal de Santa Maria<\/h5>\t\t<\/div>\n\t\t\t\t<\/div>\n\t\t\t\t<div class=\"elementor-element elementor-element-07f285d elementor-widget elementor-widget-text-editor\" data-id=\"07f285d\" data-element_type=\"widget\" data-widget_type=\"text-editor.default\">\n\t\t\t\t<div class=\"elementor-widget-container\">\n\t\t\t\t\t\t\t<p>Dra. Jaciele Carine Vidor Sell | Coordenadora Institucional<\/p>\n<p>Dra. Angelita Zimmermann | Respons\u00e1vel t\u00e9cnica junto aos Geoparques UFSM<\/p>\n<p>Alice Melo Xavier | Tutora de Comunica\u00e7\u00e3o<\/p>\n<p>Vit\u00f3ria Moreira da Costa | Tutora de Educa\u00e7\u00e3o<\/p>\n<p>Beatriz Barbosa Bender | Tutora de Educa\u00e7\u00e3o<\/p>\t\t\t\t\t\t<\/div>\n\t\t\t\t<\/div>\n\t\t\t\t\t<\/div>\n\t\t<\/div>\n\t\t\t\t\t<\/div>\n\t\t<\/section>\n\t\t\t\t<section class=\"elementor-section elementor-top-section elementor-element elementor-element-9fba2c9 elementor-section-boxed elementor-section-height-default elementor-section-height-default\" data-id=\"9fba2c9\" data-element_type=\"section\">\n\t\t\t\t\t\t<div class=\"elementor-container elementor-column-gap-default\">\n\t\t\t\t\t<div class=\"elementor-column elementor-col-100 elementor-top-column elementor-element elementor-element-5acbc63\" data-id=\"5acbc63\" data-element_type=\"column\">\n\t\t\t<div class=\"elementor-widget-wrap elementor-element-populated\">\n\t\t\t\t\t\t<div class=\"elementor-element elementor-element-77ab46a elementor-widget elementor-widget-heading\" data-id=\"77ab46a\" data-element_type=\"widget\" data-widget_type=\"heading.default\">\n\t\t\t\t<div class=\"elementor-widget-container\">\n\t\t\t<h5 class=\"elementor-heading-title elementor-size-default\">Equipe Progredir Geoparque Ca\u00e7apava | Prefeitura de Ca\u00e7apava do Sul<\/h5>\t\t<\/div>\n\t\t\t\t<\/div>\n\t\t\t\t<div class=\"elementor-element elementor-element-fb7c1ad elementor-widget elementor-widget-text-editor\" data-id=\"fb7c1ad\" data-element_type=\"widget\" data-widget_type=\"text-editor.default\">\n\t\t\t\t<div class=\"elementor-widget-container\">\n\t\t\t\t\t\t\t<p class=\"PDq2pG_selectionAnchorContainer\" data-start=\"4426\" data-end=\"4443\"><strong data-start=\"4426\" data-end=\"4443\">CRAS Floresta<\/strong><\/p>\n<p>Silvia Let\u00edcia Neto | Coordenadora do CRAS Floresta<\/p>\n<p data-start=\"4499\" data-end=\"4511\"><strong data-start=\"4499\" data-end=\"4511\">CRAS Sul<\/strong><\/p>\n<p>Eva Moreira | Coordenadora do CRAS Sul<\/p>\n<p data-start=\"4554\" data-end=\"4597\"><strong data-start=\"4554\" data-end=\"4597\">Prefeitura Municipal de Ca\u00e7apava do Sul<\/strong><\/p>\n<p>Aline Oliveira | Secret\u00e1ria adjunta de Desenvolvimento Social e Trabalho<\/p>\n<p>Ana M\u00e1rcia Madrid | Secret\u00e1ria adjunta de Inova\u00e7\u00e3o, Cultura e Turismo<\/p>\n<p>Ign\u00e1cio Lemos | Secret\u00e1rio de Inova\u00e7\u00e3o, Cultura e Turismo<\/p>\n<p>Nauristela Cristina Spode | Secret\u00e1ria de Desenvolvimento Social e Trabalho<\/p>\t\t\t\t\t\t<\/div>\n\t\t\t\t<\/div>\n\t\t\t\t\t<\/div>\n\t\t<\/div>\n\t\t\t\t\t<\/div>\n\t\t<\/section>\n\t\t\t\t<section class=\"elementor-section elementor-top-section elementor-element elementor-element-3f06edd elementor-section-boxed elementor-section-height-default elementor-section-height-default\" data-id=\"3f06edd\" data-element_type=\"section\">\n\t\t\t\t\t\t<div class=\"elementor-container elementor-column-gap-default\">\n\t\t\t\t\t<div class=\"elementor-column elementor-col-100 elementor-top-column elementor-element elementor-element-21e2b45\" data-id=\"21e2b45\" data-element_type=\"column\">\n\t\t\t<div class=\"elementor-widget-wrap elementor-element-populated\">\n\t\t\t\t\t\t<div class=\"elementor-element elementor-element-1383f8e elementor-widget elementor-widget-heading\" data-id=\"1383f8e\" data-element_type=\"widget\" data-widget_type=\"heading.default\">\n\t\t\t\t<div class=\"elementor-widget-container\">\n\t\t\t<h5 class=\"elementor-heading-title elementor-size-default\">Cuidadoras de Crian\u00e7as<\/h5>\t\t<\/div>\n\t\t\t\t<\/div>\n\t\t\t\t<div class=\"elementor-element elementor-element-7ae4bb4 elementor-widget elementor-widget-text-editor\" data-id=\"7ae4bb4\" data-element_type=\"widget\" data-widget_type=\"text-editor.default\">\n\t\t\t\t<div class=\"elementor-widget-container\">\n\t\t\t\t\t\t\t<p><span style=\"font-weight: 400\">Celia de Assun\u00e7\u00e3o Oliveira Soares<\/span><\/p>\n<p><span style=\"font-weight: 400\">Gabriella Teixeira de Freitas<\/span><\/p>\n<p><span style=\"font-weight: 400\">Gabrielem Garcia<\/span><\/p>\n<p>Maria Vit\u00f3ria de Oliveira Machado<\/p>\n<p><span style=\"font-weight: 400\">Sandra Linhares Teixeira<\/span><\/p>\n<p><span style=\"font-weight: 400\">Sofia Lopez Dotto\u00a0<\/span><\/p>\n<p>Stefani Reck Dias<\/p>\n<p>Suzinara Loreto Nunes<\/p>\n<p>Veridiana da Silva Leal<\/p>\t\t\t\t\t\t<\/div>\n\t\t\t\t<\/div>\n\t\t\t\t\t<\/div>\n\t\t<\/div>\n\t\t\t\t\t<\/div>\n\t\t<\/section>\n\t\t\t\t<section class=\"elementor-section elementor-top-section elementor-element elementor-element-fc42322 elementor-section-boxed elementor-section-height-default elementor-section-height-default\" data-id=\"fc42322\" data-element_type=\"section\">\n\t\t\t\t\t\t<div class=\"elementor-container elementor-column-gap-default\">\n\t\t\t\t\t<div class=\"elementor-column elementor-col-100 elementor-top-column elementor-element elementor-element-5f9ac43\" data-id=\"5f9ac43\" data-element_type=\"column\">\n\t\t\t<div class=\"elementor-widget-wrap elementor-element-populated\">\n\t\t\t\t\t\t<div class=\"elementor-element elementor-element-5478b82 elementor-widget elementor-widget-heading\" data-id=\"5478b82\" data-element_type=\"widget\" data-widget_type=\"heading.default\">\n\t\t\t\t<div class=\"elementor-widget-container\">\n\t\t\t<h5 class=\"elementor-heading-title elementor-size-default\">Instrutores e proponentes dos cursos ofertados<\/h5>\t\t<\/div>\n\t\t\t\t<\/div>\n\t\t\t\t<div class=\"elementor-element elementor-element-8d8cf4b elementor-widget elementor-widget-text-editor\" data-id=\"8d8cf4b\" data-element_type=\"widget\" data-widget_type=\"text-editor.default\">\n\t\t\t\t<div class=\"elementor-widget-container\">\n\t\t\t\t\t\t\t<table style=\"width: 110.163%\"><tbody><tr><td style=\"width: 25.5144%\"><b>Nome<\/b><\/td><td style=\"width: 71.1934%\"><b>Enquadramento<\/b><\/td><\/tr><tr><td style=\"width: 25.5144%\">\u00a0<span id=\"docs-internal-guid-42d4f0a2-7fff-7712-36d1-243638dcc2e6\"><span style=\"font-size: 11pt;font-family: Arial, sans-serif;color: #000000;background-color: transparent;font-variant: normal;vertical-align: baseline;white-space: pre-wrap\">Alice Melo Xavier<\/span><\/span><\/td><td style=\"width: 71.1934%\">\u00a0Tutora<\/td><\/tr><tr><td style=\"width: 25.5144%\">Ana Paula Souza Corr\u00eaa<\/td><td style=\"width: 71.1934%\">Instrutora<\/td><\/tr><tr><td style=\"width: 25.5144%\">Andr\u00e9 Weissheimer de Borba\u00a0<\/td><td style=\"width: 71.1934%\">Docente<\/td><\/tr><tr><td style=\"width: 25.5144%\"><span style=\"font-size: 11pt;font-family: Arial, sans-serif;color: #000000;background-color: transparent;font-variant: normal;vertical-align: baseline;white-space: pre-wrap\">Beatriz Barbosa Bender<\/span><\/td><td style=\"width: 71.1934%\"><span style=\"color: #000000;font-size: 16px\">Tutora<\/span><\/td><\/tr><tr><td style=\"width: 25.5144%\"><span style=\"font-size: 11pt;font-family: Arial, sans-serif;color: #000000;background-color: transparent;font-variant: normal;vertical-align: baseline;white-space: pre-wrap\">Brunna Guedes da Silva<\/span><\/td><td style=\"width: 71.1934%\"><span style=\"color: #000000;font-size: 16px\">Instrutora<\/span><\/td><\/tr><tr><td style=\"width: 25.5144%\">Dagoberto Andr\u00e9 dos Santos J\u00fanior<span style=\"font-size: 11pt;font-family: Arial, sans-serif;color: #000000;background-color: transparent;font-variant: normal;vertical-align: baseline;white-space: pre-wrap\"><br \/><\/span><\/td><td style=\"width: 71.1934%\"><span style=\"color: #000000;font-size: 16px\">Tutor<\/span><\/td><\/tr><tr><td style=\"width: 25.5144%\"><span style=\"font-size: 11pt;font-family: Arial, sans-serif;color: #000000;background-color: transparent;font-variant: normal;vertical-align: baseline;white-space: pre-wrap\">Giovana Sit\u00f3 Alves<\/span><\/td><td style=\"width: 71.1934%\"><span style=\"color: #000000;font-size: 16px\">Instrutora<\/span><\/td><\/tr><tr><td style=\"width: 25.5144%\"><span style=\"font-size: 11pt;font-family: Arial, sans-serif;color: #000000;background-color: transparent;font-variant: normal;vertical-align: baseline;white-space: pre-wrap\">Karem Rodrigues Vieira<\/span><\/td><td style=\"width: 71.1934%\"><span style=\"color: #000000;font-size: 16px\">Instrutora<\/span><\/td><\/tr><tr><td style=\"width: 25.5144%\"><span style=\"font-size: 11pt;font-family: Arial, sans-serif;color: #000000;background-color: transparent;font-variant: normal;vertical-align: baseline;white-space: pre-wrap\">Magda Aita Monego<\/span><\/td><td style=\"width: 71.1934%\">Docente<\/td><\/tr><tr><td style=\"width: 25.5144%\"><span style=\"font-size: 11pt;font-family: Arial, sans-serif;color: #000000;background-color: transparent;font-variant: normal;vertical-align: baseline;white-space: pre-wrap\">Michele Hennig Vestena<\/span><\/td><td style=\"width: 71.1934%\">P\u00f3s-graduanda<\/td><\/tr><tr><td style=\"width: 25.5144%\"><span style=\"font-size: 11pt;font-family: Arial, sans-serif;color: #000000;background-color: transparent;font-variant: normal;vertical-align: baseline;white-space: pre-wrap\">Renan de Paula Binda<\/span><\/td><td style=\"width: 71.1934%\"><span style=\"color: #000000;font-size: 16px\">Instrutor<\/span><\/td><\/tr><tr><td style=\"width: 25.5144%\"><span style=\"font-size: 11pt;font-family: Arial, sans-serif;color: #000000;background-color: transparent;font-variant: normal;vertical-align: baseline;white-space: pre-wrap\">Suzane <\/span><span style=\"font-size: 12pt;font-family: Arial, sans-serif;color: #000000;background-color: transparent;font-variant: normal;vertical-align: baseline;white-space: pre-wrap\">Bevilacqua<\/span><span style=\"font-size: 11pt;font-family: Arial, sans-serif;color: #000000;background-color: transparent;font-variant: normal;vertical-align: baseline;white-space: pre-wrap\"> Marcuzzo<\/span><\/td><td style=\"width: 71.1934%\">Docente<\/td><\/tr><tr><td style=\"width: 25.5144%\"><span style=\"font-size: 11pt;font-family: Arial, sans-serif;color: #000000;background-color: transparent;font-variant: normal;vertical-align: baseline;white-space: pre-wrap\">Vit\u00f3ria Moreira da Costa<\/span><\/td><td style=\"width: 71.1934%\">Tutora<\/td><\/tr><\/tbody><\/table>\t\t\t\t\t\t<\/div>\n\t\t\t\t<\/div>\n\t\t\t\t\t<\/div>\n\t\t<\/div>\n\t\t\t\t\t<\/div>\n\t\t<\/section>\n\t\t\t\t<section class=\"elementor-section elementor-top-section elementor-element elementor-element-9d74420 elementor-section-boxed elementor-section-height-default elementor-section-height-default\" data-id=\"9d74420\" data-element_type=\"section\">\n\t\t\t\t\t\t<div class=\"elementor-container elementor-column-gap-default\">\n\t\t\t\t\t<div class=\"elementor-column elementor-col-100 elementor-top-column elementor-element elementor-element-a9816b5\" data-id=\"a9816b5\" data-element_type=\"column\">\n\t\t\t<div class=\"elementor-widget-wrap elementor-element-populated\">\n\t\t\t\t\t\t<div class=\"elementor-element elementor-element-db87737 elementor-widget-divider--view-line elementor-widget elementor-widget-divider\" data-id=\"db87737\" data-element_type=\"widget\" data-widget_type=\"divider.default\">\n\t\t\t\t<div class=\"elementor-widget-container\">\n\t\t\t\t\t<div class=\"elementor-divider\">\n\t\t\t<span class=\"elementor-divider-separator\">\n\t\t\t\t\t\t<\/span>\n\t\t<\/div>\n\t\t\t\t<\/div>\n\t\t\t\t<\/div>\n\t\t\t\t\t<\/div>\n\t\t<\/div>\n\t\t\t\t\t<\/div>\n\t\t<\/section>\n\t\t\t\t<section class=\"elementor-section elementor-top-section elementor-element elementor-element-3f17dc1 elementor-section-boxed elementor-section-height-default elementor-section-height-default\" data-id=\"3f17dc1\" data-element_type=\"section\">\n\t\t\t\t\t\t<div class=\"elementor-container elementor-column-gap-default\">\n\t\t\t\t\t<div class=\"elementor-column elementor-col-100 elementor-top-column elementor-element elementor-element-44fb758\" data-id=\"44fb758\" data-element_type=\"column\">\n\t\t\t<div class=\"elementor-widget-wrap elementor-element-populated\">\n\t\t\t\t\t\t<div class=\"elementor-element elementor-element-8b14c60 elementor-widget elementor-widget-heading\" data-id=\"8b14c60\" data-element_type=\"widget\" data-widget_type=\"heading.default\">\n\t\t\t\t<div class=\"elementor-widget-container\">\n\t\t\t<h5 class=\"elementor-heading-title elementor-size-default\">Editais de sele\u00e7\u00f5es p\u00fablicas e credenciamentos Progredir Geoparque Ca\u00e7apava<\/h5>\t\t<\/div>\n\t\t\t\t<\/div>\n\t\t\t\t<div class=\"elementor-element elementor-element-fe18bdf elementor-tabs-view-vertical elementor-widget elementor-widget-tabs\" data-id=\"fe18bdf\" data-element_type=\"widget\" data-widget_type=\"tabs.default\">\n\t\t\t\t<div class=\"elementor-widget-container\">\n\t\t\t\t\t<div class=\"elementor-tabs\">\n\t\t\t<div class=\"elementor-tabs-wrapper\" role=\"tablist\" >\n\t\t\t\t\t\t\t\t\t<div id=\"elementor-tab-title-2661\" class=\"elementor-tab-title elementor-tab-desktop-title\" aria-selected=\"true\" data-tab=\"1\" role=\"tab\" tabindex=\"0\" aria-controls=\"elementor-tab-content-2661\" aria-expanded=\"false\">Tutores<\/div>\n\t\t\t\t\t\t\t\t\t<div id=\"elementor-tab-title-2662\" class=\"elementor-tab-title elementor-tab-desktop-title\" aria-selected=\"false\" data-tab=\"2\" role=\"tab\" tabindex=\"-1\" aria-controls=\"elementor-tab-content-2662\" aria-expanded=\"false\">Cursos<\/div>\n\t\t\t\t\t\t\t\t\t<div id=\"elementor-tab-title-2663\" class=\"elementor-tab-title elementor-tab-desktop-title\" aria-selected=\"false\" data-tab=\"3\" role=\"tab\" tabindex=\"-1\" aria-controls=\"elementor-tab-content-2663\" aria-expanded=\"false\">Cuidadores<\/div>\n\t\t\t\t\t\t\t\t\t<div id=\"elementor-tab-title-2664\" class=\"elementor-tab-title elementor-tab-desktop-title\" aria-selected=\"false\" data-tab=\"4\" role=\"tab\" tabindex=\"-1\" aria-controls=\"elementor-tab-content-2664\" aria-expanded=\"false\">Impacto do Progredir<\/div>\n\t\t\t\t\t\t\t<\/div>\n\t\t\t<div class=\"elementor-tabs-content-wrapper\" role=\"tablist\" aria-orientation=\"vertical\">\n\t\t\t\t\t\t\t\t\t<div class=\"elementor-tab-title elementor-tab-mobile-title\" aria-selected=\"true\" data-tab=\"1\" role=\"tab\" tabindex=\"0\" aria-controls=\"elementor-tab-content-2661\" aria-expanded=\"false\">Tutores<\/div>\n\t\t\t\t\t<div id=\"elementor-tab-content-2661\" class=\"elementor-tab-content elementor-clearfix\" data-tab=\"1\" role=\"tabpanel\" aria-labelledby=\"elementor-tab-title-2661\" tabindex=\"0\" hidden=\"false\"><p class=\"my-2 py-2 editais-titulo\"><a href=\"https:\/\/www.ufsm.br\/pro-reitorias\/pre\/editais\/013-2024\">013\/2024 \u2013 Edital \u2013 Sele\u00e7\u00e3o de Bolsistas \u2013 Tutores para o Programa Progredir Geoparque Ca\u00e7apava<\/a><\/p><p class=\"my-2 py-2 editais-titulo\"><a href=\"https:\/\/www.ufsm.br\/pro-reitorias\/pre\/editais\/059-2024\">059\/2024 \u2013 Sele\u00e7\u00e3o de bolsistas \u2013 Tutores da Comunica\u00e7\u00e3o Progredir Geoparque Ca\u00e7apava<\/a><\/p><p class=\"my-2 py-2 editais-titulo\"><a href=\"https:\/\/www.ufsm.br\/pro-reitorias\/pre\/editais\/010-2025\">010\/2025 \u2013 SELE\u00c7\u00c3O DE BOLSISTAS \u2013 TUTORIA EM EDUCA\u00c7\u00c3O PROGREDIR GEOPARQUE CA\u00c7APAVA<\/a><\/p><\/div>\n\t\t\t\t\t\t\t\t\t<div class=\"elementor-tab-title elementor-tab-mobile-title\" aria-selected=\"false\" data-tab=\"2\" role=\"tab\" tabindex=\"-1\" aria-controls=\"elementor-tab-content-2662\" aria-expanded=\"false\">Cursos<\/div>\n\t\t\t\t\t<div id=\"elementor-tab-content-2662\" class=\"elementor-tab-content elementor-clearfix\" data-tab=\"2\" role=\"tabpanel\" aria-labelledby=\"elementor-tab-title-2662\" tabindex=\"0\" hidden=\"hidden\"><p class=\"my-2 py-2 editais-titulo\"><a href=\"https:\/\/www.ufsm.br\/pro-reitorias\/pre\/editais\/014-2024\">014\/2024 \u2013 Credenciamento de cursos Progredir Geoparque Ca\u00e7apava<\/a><\/p><\/div>\n\t\t\t\t\t\t\t\t\t<div class=\"elementor-tab-title elementor-tab-mobile-title\" aria-selected=\"false\" data-tab=\"3\" role=\"tab\" tabindex=\"-1\" aria-controls=\"elementor-tab-content-2663\" aria-expanded=\"false\">Cuidadores<\/div>\n\t\t\t\t\t<div id=\"elementor-tab-content-2663\" class=\"elementor-tab-content elementor-clearfix\" data-tab=\"3\" role=\"tabpanel\" aria-labelledby=\"elementor-tab-title-2663\" tabindex=\"0\" hidden=\"hidden\"><p class=\"my-2 py-2 editais-titulo\"><a href=\"https:\/\/www.ufsm.br\/pro-reitorias\/pre\/editais\/015-2024\">015\/2024 \u2013 Sele\u00e7\u00e3o de cuidadores de crian\u00e7as Progredir Geoparque Ca\u00e7apava<\/a><\/p><\/div>\n\t\t\t\t\t\t\t\t\t<div class=\"elementor-tab-title elementor-tab-mobile-title\" aria-selected=\"false\" data-tab=\"4\" role=\"tab\" tabindex=\"-1\" aria-controls=\"elementor-tab-content-2664\" aria-expanded=\"false\">Impacto do Progredir<\/div>\n\t\t\t\t\t<div id=\"elementor-tab-content-2664\" class=\"elementor-tab-content elementor-clearfix\" data-tab=\"4\" role=\"tabpanel\" aria-labelledby=\"elementor-tab-title-2664\" tabindex=\"0\" hidden=\"hidden\"><p class=\"my-2 py-2 editais-titulo\"><a href=\"https:\/\/www.ufsm.br\/pro-reitorias\/pre\/editais\/028-2026\">028\/2026 \u2013 Edital 028\/2026 \u2013 Impacto do Progredir Geoparque Ca\u00e7apava<\/a><\/p><\/div>\n\t\t\t\t\t\t\t<\/div>\n\t\t<\/div>\n\t\t\t\t<\/div>\n\t\t\t\t<\/div>\n\t\t\t\t\t<\/div>\n\t\t<\/div>\n\t\t\t\t\t<\/div>\n\t\t<\/section>\n\t\t\t\t<section class=\"elementor-section elementor-top-section elementor-element elementor-element-54eb095 elementor-section-boxed elementor-section-height-default elementor-section-height-default\" data-id=\"54eb095\" data-element_type=\"section\">\n\t\t\t\t\t\t<div class=\"elementor-container elementor-column-gap-default\">\n\t\t\t\t\t<div class=\"elementor-column elementor-col-100 elementor-top-column elementor-element elementor-element-9037e87\" data-id=\"9037e87\" data-element_type=\"column\">\n\t\t\t<div class=\"elementor-widget-wrap elementor-element-populated\">\n\t\t\t\t\t\t<div class=\"elementor-element elementor-element-ebf2ce2 elementor-widget-divider--view-line elementor-widget elementor-widget-divider\" data-id=\"ebf2ce2\" data-element_type=\"widget\" data-widget_type=\"divider.default\">\n\t\t\t\t<div class=\"elementor-widget-container\">\n\t\t\t\t\t<div class=\"elementor-divider\">\n\t\t\t<span class=\"elementor-divider-separator\">\n\t\t\t\t\t\t<\/span>\n\t\t<\/div>\n\t\t\t\t<\/div>\n\t\t\t\t<\/div>\n\t\t\t\t\t<\/div>\n\t\t<\/div>\n\t\t\t\t\t<\/div>\n\t\t<\/section>\n\t\t\t\t<section class=\"elementor-section elementor-top-section elementor-element elementor-element-e1ec164 elementor-section-boxed elementor-section-height-default elementor-section-height-default\" data-id=\"e1ec164\" data-element_type=\"section\">\n\t\t\t\t\t\t<div class=\"elementor-container elementor-column-gap-default\">\n\t\t\t\t\t<div class=\"elementor-column elementor-col-100 elementor-top-column elementor-element elementor-element-9169e78\" data-id=\"9169e78\" data-element_type=\"column\">\n\t\t\t<div class=\"elementor-widget-wrap elementor-element-populated\">\n\t\t\t\t\t\t<div class=\"elementor-element elementor-element-f1c6723 elementor-widget elementor-widget-heading\" data-id=\"f1c6723\" data-element_type=\"widget\" data-widget_type=\"heading.default\">\n\t\t\t\t<div class=\"elementor-widget-container\">\n\t\t\t<h5 class=\"elementor-heading-title elementor-size-default\">Plano Progredir | Minist\u00e9rio do Desenvolvimento e Assist\u00eancia Social, Fam\u00edlia e Combate \u00e0 Fome <\/h5>\t\t<\/div>\n\t\t\t\t<\/div>\n\t\t\t\t<div class=\"elementor-element elementor-element-85c2cea elementor-widget elementor-widget-text-editor\" data-id=\"85c2cea\" data-element_type=\"widget\" data-widget_type=\"text-editor.default\">\n\t\t\t\t<div class=\"elementor-widget-container\">\n\t\t\t\t\t\t\t<p style=\"text-align: center\">Para ter acesso aos respons\u00e1veis t\u00e9cnicos junto ao Governo Federal pelo Programa Progredir, acesse o site pelo link a seguir.<\/p>\t\t\t\t\t\t<\/div>\n\t\t\t\t<\/div>\n\t\t\t\t<div class=\"elementor-element elementor-element-721034b elementor-button-info elementor-align-center elementor-widget elementor-widget-button\" data-id=\"721034b\" data-element_type=\"widget\" data-widget_type=\"button.default\">\n\t\t\t\t<div class=\"elementor-widget-container\">\n\t\t\t\t\t\t\t<div class=\"elementor-button-wrapper\">\n\t\t\t\t\t<a class=\"elementor-button elementor-button-link elementor-size-sm\" href=\"https:\/\/www.gov.br\/mds\/acl_users\/credentials_cookie_auth\/require_login?came_from=https%3A\/\/www.gov.br\/mds\/pt-br\/acoes-e-programas\/outros\/progredir\">\n\t\t\t\t\t\t<span class=\"elementor-button-content-wrapper\">\n\t\t\t\t\t\t\t\t\t<span class=\"elementor-button-text\">Programa Progredir<\/span>\n\t\t\t\t\t<\/span>\n\t\t\t\t\t<\/a>\n\t\t\t\t<\/div>\n\t\t\t\t\t\t<\/div>\n\t\t\t\t<\/div>\n\t\t\t\t\t<\/div>\n\t\t<\/div>\n\t\t\t\t\t<\/div>\n\t\t<\/section>\n\t\t\t\t<\/div>\n\t\t","protected":false},"excerpt":{"rendered":"<p>O Progredir Geoparque Ca\u00e7apava conta com uma equipe multiprofissional para a sua implementa\u00e7\u00e3o no territ\u00f3rio. A execu\u00e7\u00e3o, na Universidade Federal de Santa Maria (UFSM), est\u00e1 sob responsabilidade da Subdivis\u00e3o de Geoparques, vinculada \u00e0 Pr\u00f3-Reitoria de Extens\u00e3o. A equipe institucional \u00e9 respons\u00e1vel pela parte administrativa do projeto. No munic\u00edpio, a equipe respons\u00e1vel pelo desenvolvimento do projeto [&hellip;]<\/p>\n","protected":false},"author":9699,"featured_media":0,"parent":17309,"menu_order":0,"comment_status":"closed","ping_status":"closed","template":"","meta":{"footnotes":""},"categories":[],"tags":[],"class_list":["post-17431","page","type-page","status-publish","hentry"],"acf":[],"_links":{"self":[{"href":"https:\/\/www.ufsm.br\/pro-reitorias\/pre\/wp-json\/wp\/v2\/pages\/17431","targetHints":{"allow":["GET"]}}],"collection":[{"href":"https:\/\/www.ufsm.br\/pro-reitorias\/pre\/wp-json\/wp\/v2\/pages"}],"about":[{"href":"https:\/\/www.ufsm.br\/pro-reitorias\/pre\/wp-json\/wp\/v2\/types\/page"}],"author":[{"embeddable":true,"href":"https:\/\/www.ufsm.br\/pro-reitorias\/pre\/wp-json\/wp\/v2\/users\/9699"}],"replies":[{"embeddable":true,"href":"https:\/\/www.ufsm.br\/pro-reitorias\/pre\/wp-json\/wp\/v2\/comments?post=17431"}],"version-history":[{"count":0,"href":"https:\/\/www.ufsm.br\/pro-reitorias\/pre\/wp-json\/wp\/v2\/pages\/17431\/revisions"}],"up":[{"embeddable":true,"href":"https:\/\/www.ufsm.br\/pro-reitorias\/pre\/wp-json\/wp\/v2\/pages\/17309"}],"wp:attachment":[{"href":"https:\/\/www.ufsm.br\/pro-reitorias\/pre\/wp-json\/wp\/v2\/media?parent=17431"}],"wp:term":[{"taxonomy":"category","embeddable":true,"href":"https:\/\/www.ufsm.br\/pro-reitorias\/pre\/wp-json\/wp\/v2\/categories?post=17431"},{"taxonomy":"post_tag","embeddable":true,"href":"https:\/\/www.ufsm.br\/pro-reitorias\/pre\/wp-json\/wp\/v2\/tags?post=17431"}],"curies":[{"name":"wp","href":"https:\/\/api.w.org\/{rel}","templated":true}]}}