{"id":17577,"date":"2026-08-28T09:32:55","date_gmt":"2026-08-28T12:32:55","guid":{"rendered":"https:\/\/www.ufsm.br\/pro-reitorias\/pre\/?page_id=17577"},"modified":"2026-08-28T09:40:00","modified_gmt":"2026-08-28T12:40:00","slug":"conheca-a-jai-mirim","status":"publish","type":"page","link":"https:\/\/www.ufsm.br\/pro-reitorias\/pre\/geoparques\/jornada-academica-integrada-mirim-jai-mirim\/conheca-a-jai-mirim","title":{"rendered":"Conhe\u00e7a a JAI Mirim!"},"content":{"rendered":"\t\t<div data-elementor-type=\"wp-page\" data-elementor-id=\"17577\" class=\"elementor elementor-17577\">\n\t\t\t\t\t\t<section class=\"elementor-section elementor-top-section elementor-element elementor-element-2363b7e elementor-section-boxed elementor-section-height-default elementor-section-height-default\" data-id=\"2363b7e\" data-element_type=\"section\">\n\t\t\t\t\t\t<div class=\"elementor-container elementor-column-gap-default\">\n\t\t\t\t\t<div class=\"elementor-column elementor-col-100 elementor-top-column elementor-element elementor-element-b4eaa40\" data-id=\"b4eaa40\" data-element_type=\"column\">\n\t\t\t<div class=\"elementor-widget-wrap elementor-element-populated\">\n\t\t\t\t\t\t<div class=\"elementor-element elementor-element-5442851 elementor-widget elementor-widget-image\" data-id=\"5442851\" data-element_type=\"widget\" data-widget_type=\"image.default\">\n\t\t\t\t<div class=\"elementor-widget-container\">\n\t\t\t\t\t\t\t\t\t\t\t\t\t<img fetchpriority=\"high\" decoding=\"async\" width=\"1024\" height=\"256\" src=\"https:\/\/www.ufsm.br\/app\/uploads\/sites\/346\/2026\/06\/Design-sem-nome-1024x256.jpg\" class=\"attachment-large size-large wp-image-16416\" alt=\"\" srcset=\"https:\/\/www.ufsm.br\/app\/uploads\/sites\/346\/2026\/06\/Design-sem-nome-1024x256.jpg 1024w, https:\/\/www.ufsm.br\/app\/uploads\/sites\/346\/2026\/06\/Design-sem-nome-300x75.jpg 300w, https:\/\/www.ufsm.br\/app\/uploads\/sites\/346\/2026\/06\/Design-sem-nome-768x192.jpg 768w, https:\/\/www.ufsm.br\/app\/uploads\/sites\/346\/2026\/06\/Design-sem-nome-1536x384.jpg 1536w, https:\/\/www.ufsm.br\/app\/uploads\/sites\/346\/2026\/06\/Design-sem-nome.jpg 1920w\" sizes=\"(max-width: 1024px) 100vw, 1024px\" \/>\t\t\t\t\t\t\t\t\t\t\t\t\t<\/div>\n\t\t\t\t<\/div>\n\t\t\t\t\t<\/div>\n\t\t<\/div>\n\t\t\t\t\t<\/div>\n\t\t<\/section>\n\t\t\t\t<section class=\"elementor-section elementor-top-section elementor-element elementor-element-1ef1ed5 elementor-section-boxed elementor-section-height-default elementor-section-height-default\" data-id=\"1ef1ed5\" data-element_type=\"section\">\n\t\t\t\t\t\t<div class=\"elementor-container elementor-column-gap-default\">\n\t\t\t\t\t<div class=\"elementor-column elementor-col-100 elementor-top-column elementor-element elementor-element-ebfae3f\" data-id=\"ebfae3f\" data-element_type=\"column\">\n\t\t\t<div class=\"elementor-widget-wrap elementor-element-populated\">\n\t\t\t\t\t\t<div class=\"elementor-element elementor-element-9311a6c elementor-widget elementor-widget-heading\" data-id=\"9311a6c\" data-element_type=\"widget\" data-widget_type=\"heading.default\">\n\t\t\t\t<div class=\"elementor-widget-container\">\n\t\t\t<h5 class=\"elementor-heading-title elementor-size-default\">Conhe\u00e7a a JAI Mirim<\/h5>\t\t<\/div>\n\t\t\t\t<\/div>\n\t\t\t\t\t<\/div>\n\t\t<\/div>\n\t\t\t\t\t<\/div>\n\t\t<\/section>\n\t\t\t\t<section class=\"elementor-section elementor-top-section elementor-element elementor-element-45df445 elementor-section-boxed elementor-section-height-default elementor-section-height-default\" data-id=\"45df445\" data-element_type=\"section\">\n\t\t\t\t\t\t<div class=\"elementor-container elementor-column-gap-default\">\n\t\t\t\t\t<div class=\"elementor-column elementor-col-50 elementor-top-column elementor-element elementor-element-d9393ab\" data-id=\"d9393ab\" data-element_type=\"column\">\n\t\t\t<div class=\"elementor-widget-wrap elementor-element-populated\">\n\t\t\t\t\t\t<div class=\"elementor-element elementor-element-640ea9f elementor-widget elementor-widget-text-editor\" data-id=\"640ea9f\" data-element_type=\"widget\" data-widget_type=\"text-editor.default\">\n\t\t\t\t<div class=\"elementor-widget-container\">\n\t\t\t\t\t\t\t<h1 data-section-id=\"fmp5qn\" data-start=\"1257\" data-end=\"1279\">O que \u00e9 a JAI Mirim?<\/h1><p data-start=\"1281\" data-end=\"1664\">A JAI Mirim foi criada com o prop\u00f3sito de estimular a cultura cient\u00edfica na Educa\u00e7\u00e3o B\u00e1sica e fortalecer a aproxima\u00e7\u00e3o entre a universidade e as institui\u00e7\u00f5es de ensino. A iniciativa reconhece que a constru\u00e7\u00e3o do conhecimento come\u00e7a muito antes do ingresso no ensino superior e que a curiosidade, a observa\u00e7\u00e3o e a investiga\u00e7\u00e3o fazem parte do processo de aprendizagem desde a inf\u00e2ncia.<\/p><p data-start=\"1666\" data-end=\"2155\">Nesse contexto, a JAI Mirim constitui um espa\u00e7o de compartilhamento de experi\u00eancias, no qual estudantes podem apresentar trabalhos desenvolvidos em sala de aula, projetos de pesquisa, a\u00e7\u00f5es de extens\u00e3o, atividades interdisciplinares e outras iniciativas educativas. Mais do que uma mostra de trabalhos, o evento busca valorizar os processos de aprendizagem, a criatividade e a capacidade dos estudantes de observar, questionar e propor solu\u00e7\u00f5es para desafios presentes em suas comunidades.<\/p>\t\t\t\t\t\t<\/div>\n\t\t\t\t<\/div>\n\t\t\t\t\t<\/div>\n\t\t<\/div>\n\t\t\t\t<div class=\"elementor-column elementor-col-50 elementor-top-column elementor-element elementor-element-ec29cf1\" data-id=\"ec29cf1\" data-element_type=\"column\">\n\t\t\t<div class=\"elementor-widget-wrap elementor-element-populated\">\n\t\t\t\t\t\t<div class=\"elementor-element elementor-element-8337a02 elementor-widget__width-initial elementor-widget elementor-widget-image\" data-id=\"8337a02\" data-element_type=\"widget\" data-widget_type=\"image.default\">\n\t\t\t\t<div class=\"elementor-widget-container\">\n\t\t\t\t\t\t\t\t\t\t\t\t\t<img decoding=\"async\" width=\"1867\" height=\"1365\" src=\"https:\/\/www.ufsm.br\/app\/uploads\/sites\/346\/2026\/06\/IMG_3197-1.jpg\" class=\"attachment-full size-full wp-image-16422\" alt=\"\" srcset=\"https:\/\/www.ufsm.br\/app\/uploads\/sites\/346\/2026\/06\/IMG_3197-1.jpg 1867w, https:\/\/www.ufsm.br\/app\/uploads\/sites\/346\/2026\/06\/IMG_3197-1-300x219.jpg 300w, https:\/\/www.ufsm.br\/app\/uploads\/sites\/346\/2026\/06\/IMG_3197-1-1024x749.jpg 1024w, https:\/\/www.ufsm.br\/app\/uploads\/sites\/346\/2026\/06\/IMG_3197-1-768x561.jpg 768w, https:\/\/www.ufsm.br\/app\/uploads\/sites\/346\/2026\/06\/IMG_3197-1-1536x1123.jpg 1536w\" sizes=\"(max-width: 1867px) 100vw, 1867px\" \/>\t\t\t\t\t\t\t\t\t\t\t\t\t<\/div>\n\t\t\t\t<\/div>\n\t\t\t\t\t<\/div>\n\t\t<\/div>\n\t\t\t\t\t<\/div>\n\t\t<\/section>\n\t\t\t\t<section class=\"elementor-section elementor-top-section elementor-element elementor-element-29c2f3f elementor-section-boxed elementor-section-height-default elementor-section-height-default\" data-id=\"29c2f3f\" data-element_type=\"section\">\n\t\t\t\t\t\t<div class=\"elementor-container elementor-column-gap-default\">\n\t\t\t\t\t<div class=\"elementor-column elementor-col-100 elementor-top-column elementor-element elementor-element-623699d\" data-id=\"623699d\" data-element_type=\"column\">\n\t\t\t<div class=\"elementor-widget-wrap elementor-element-populated\">\n\t\t\t\t\t\t<div class=\"elementor-element elementor-element-b7df038 elementor-widget-divider--view-line elementor-widget elementor-widget-divider\" data-id=\"b7df038\" data-element_type=\"widget\" data-widget_type=\"divider.default\">\n\t\t\t\t<div class=\"elementor-widget-container\">\n\t\t\t\t\t<div class=\"elementor-divider\">\n\t\t\t<span class=\"elementor-divider-separator\">\n\t\t\t\t\t\t<\/span>\n\t\t<\/div>\n\t\t\t\t<\/div>\n\t\t\t\t<\/div>\n\t\t\t\t\t<\/div>\n\t\t<\/div>\n\t\t\t\t\t<\/div>\n\t\t<\/section>\n\t\t\t\t<section class=\"elementor-section elementor-top-section elementor-element elementor-element-5504a26 elementor-section-boxed elementor-section-height-default elementor-section-height-default\" data-id=\"5504a26\" data-element_type=\"section\">\n\t\t\t\t\t\t<div class=\"elementor-container elementor-column-gap-default\">\n\t\t\t\t\t<div class=\"elementor-column elementor-col-50 elementor-top-column elementor-element elementor-element-77e84f5\" data-id=\"77e84f5\" data-element_type=\"column\">\n\t\t\t<div class=\"elementor-widget-wrap elementor-element-populated\">\n\t\t\t\t\t\t<div class=\"elementor-element elementor-element-dc417cb elementor-widget elementor-widget-image\" data-id=\"dc417cb\" data-element_type=\"widget\" data-widget_type=\"image.default\">\n\t\t\t\t<div class=\"elementor-widget-container\">\n\t\t\t\t\t\t\t\t\t\t\t\t\t<img decoding=\"async\" width=\"1024\" height=\"683\" src=\"https:\/\/www.ufsm.br\/app\/uploads\/sites\/346\/2026\/06\/IMG_3219-1024x683.jpg\" class=\"attachment-large size-large wp-image-16424\" alt=\"\" srcset=\"https:\/\/www.ufsm.br\/app\/uploads\/sites\/346\/2026\/06\/IMG_3219-1024x683.jpg 1024w, https:\/\/www.ufsm.br\/app\/uploads\/sites\/346\/2026\/06\/IMG_3219-300x200.jpg 300w, https:\/\/www.ufsm.br\/app\/uploads\/sites\/346\/2026\/06\/IMG_3219-768x512.jpg 768w, https:\/\/www.ufsm.br\/app\/uploads\/sites\/346\/2026\/06\/IMG_3219-1536x1024.jpg 1536w, https:\/\/www.ufsm.br\/app\/uploads\/sites\/346\/2026\/06\/IMG_3219-272x182.jpg 272w, https:\/\/www.ufsm.br\/app\/uploads\/sites\/346\/2026\/06\/IMG_3219.jpg 1920w\" sizes=\"(max-width: 1024px) 100vw, 1024px\" \/>\t\t\t\t\t\t\t\t\t\t\t\t\t<\/div>\n\t\t\t\t<\/div>\n\t\t\t\t\t<\/div>\n\t\t<\/div>\n\t\t\t\t<div class=\"elementor-column elementor-col-50 elementor-top-column elementor-element elementor-element-f157de2\" data-id=\"f157de2\" data-element_type=\"column\">\n\t\t\t<div class=\"elementor-widget-wrap elementor-element-populated\">\n\t\t\t\t\t\t<div class=\"elementor-element elementor-element-dd63601 elementor-widget elementor-widget-text-editor\" data-id=\"dd63601\" data-element_type=\"widget\" data-widget_type=\"text-editor.default\">\n\t\t\t\t<div class=\"elementor-widget-container\">\n\t\t\t\t\t\t\t<h1 data-section-id=\"yji0hn\" data-start=\"2162\" data-end=\"2202\">Uma ponte entre escolas e universidade<\/h1><p data-start=\"2204\" data-end=\"2536\">A JAI Mirim fortalece o di\u00e1logo entre a UFSM e as escolas, promovendo a troca de conhecimentos e experi\u00eancias entre diferentes n\u00edveis de ensino. Ao participar do evento, estudantes, professores e gestores t\u00eam a oportunidade de conhecer mais de perto o ambiente universit\u00e1rio, seus espa\u00e7os, suas atividades e sua produ\u00e7\u00e3o cient\u00edfica.<\/p><p data-start=\"2538\" data-end=\"2929\">Essa aproxima\u00e7\u00e3o contribui para ampliar horizontes educacionais e estimular o interesse pela continuidade dos estudos, ao mesmo tempo em que permite \u00e0 universidade estreitar sua rela\u00e7\u00e3o com a comunidade escolar. A iniciativa refor\u00e7a o compromisso da UFSM com a democratiza\u00e7\u00e3o do conhecimento e com a constru\u00e7\u00e3o de uma educa\u00e7\u00e3o p\u00fablica conectada \u00e0s demandas e potencialidades dos territ\u00f3rios.<\/p>\t\t\t\t\t\t<\/div>\n\t\t\t\t<\/div>\n\t\t\t\t\t<\/div>\n\t\t<\/div>\n\t\t\t\t\t<\/div>\n\t\t<\/section>\n\t\t\t\t<section class=\"elementor-section elementor-top-section elementor-element elementor-element-4209992 elementor-section-boxed elementor-section-height-default elementor-section-height-default\" data-id=\"4209992\" data-element_type=\"section\">\n\t\t\t\t\t\t<div class=\"elementor-container elementor-column-gap-default\">\n\t\t\t\t\t<div class=\"elementor-column elementor-col-100 elementor-top-column elementor-element elementor-element-105cb8a\" data-id=\"105cb8a\" data-element_type=\"column\">\n\t\t\t<div class=\"elementor-widget-wrap elementor-element-populated\">\n\t\t\t\t\t\t<div class=\"elementor-element elementor-element-5a05139 elementor-widget-divider--view-line elementor-widget elementor-widget-divider\" data-id=\"5a05139\" data-element_type=\"widget\" data-widget_type=\"divider.default\">\n\t\t\t\t<div class=\"elementor-widget-container\">\n\t\t\t\t\t<div class=\"elementor-divider\">\n\t\t\t<span class=\"elementor-divider-separator\">\n\t\t\t\t\t\t<\/span>\n\t\t<\/div>\n\t\t\t\t<\/div>\n\t\t\t\t<\/div>\n\t\t\t\t\t<\/div>\n\t\t<\/div>\n\t\t\t\t\t<\/div>\n\t\t<\/section>\n\t\t\t\t<section class=\"elementor-section elementor-top-section elementor-element elementor-element-8493da9 elementor-section-boxed elementor-section-height-default elementor-section-height-default\" data-id=\"8493da9\" data-element_type=\"section\">\n\t\t\t\t\t\t<div class=\"elementor-container elementor-column-gap-default\">\n\t\t\t\t\t<div class=\"elementor-column elementor-col-50 elementor-top-column elementor-element elementor-element-6401057\" data-id=\"6401057\" data-element_type=\"column\">\n\t\t\t<div class=\"elementor-widget-wrap elementor-element-populated\">\n\t\t\t\t\t\t<div class=\"elementor-element elementor-element-19217b3 elementor-widget elementor-widget-text-editor\" data-id=\"19217b3\" data-element_type=\"widget\" data-widget_type=\"text-editor.default\">\n\t\t\t\t<div class=\"elementor-widget-container\">\n\t\t\t\t\t\t\t<h1 data-section-id=\"1hl8hto\" data-start=\"2936\" data-end=\"2959\">Quem pode participar?<\/h1><p data-start=\"2961\" data-end=\"3375\">A JAI Mirim \u00e9 destinada a estudantes da Educa\u00e7\u00e3o Infantil, do Ensino Fundamental e do Ensino M\u00e9dio, vinculados a institui\u00e7\u00f5es de ensino p\u00fablicas ou privadas. Os trabalhos s\u00e3o desenvolvidos com o acompanhamento de professores orientadores e podem abordar temas relacionados \u00e0s diferentes \u00e1reas do conhecimento, contemplando desde investiga\u00e7\u00f5es cient\u00edficas at\u00e9 projetos culturais, ambientais, tecnol\u00f3gicos e sociais.<\/p><p data-start=\"3377\" data-end=\"3565\">A diversidade de participantes e de tem\u00e1ticas apresentadas torna o evento um espa\u00e7o rico de aprendizagem, interc\u00e2mbio e valoriza\u00e7\u00e3o das m\u00faltiplas formas de produzir conhecimento na escola.<\/p>\t\t\t\t\t\t<\/div>\n\t\t\t\t<\/div>\n\t\t\t\t\t<\/div>\n\t\t<\/div>\n\t\t\t\t<div class=\"elementor-column elementor-col-50 elementor-top-column elementor-element elementor-element-523dba4\" data-id=\"523dba4\" data-element_type=\"column\">\n\t\t\t<div class=\"elementor-widget-wrap elementor-element-populated\">\n\t\t\t\t\t\t<div class=\"elementor-element elementor-element-c36118a elementor-widget elementor-widget-image\" data-id=\"c36118a\" data-element_type=\"widget\" data-widget_type=\"image.default\">\n\t\t\t\t<div class=\"elementor-widget-container\">\n\t\t\t\t\t\t\t\t\t\t\t\t\t<img loading=\"lazy\" decoding=\"async\" width=\"1024\" height=\"768\" src=\"https:\/\/www.ufsm.br\/app\/uploads\/sites\/346\/2026\/06\/IMG-20221109-WA0022-1024x768.jpg\" class=\"attachment-large size-large wp-image-16429\" alt=\"\" srcset=\"https:\/\/www.ufsm.br\/app\/uploads\/sites\/346\/2026\/06\/IMG-20221109-WA0022-1024x768.jpg 1024w, https:\/\/www.ufsm.br\/app\/uploads\/sites\/346\/2026\/06\/IMG-20221109-WA0022-300x225.jpg 300w, https:\/\/www.ufsm.br\/app\/uploads\/sites\/346\/2026\/06\/IMG-20221109-WA0022-768x576.jpg 768w, https:\/\/www.ufsm.br\/app\/uploads\/sites\/346\/2026\/06\/IMG-20221109-WA0022-1536x1152.jpg 1536w, https:\/\/www.ufsm.br\/app\/uploads\/sites\/346\/2026\/06\/IMG-20221109-WA0022.jpg 1600w\" sizes=\"(max-width: 1024px) 100vw, 1024px\" \/>\t\t\t\t\t\t\t\t\t\t\t\t\t<\/div>\n\t\t\t\t<\/div>\n\t\t\t\t\t<\/div>\n\t\t<\/div>\n\t\t\t\t\t<\/div>\n\t\t<\/section>\n\t\t\t\t<section class=\"elementor-section elementor-top-section elementor-element elementor-element-e6d98fb elementor-section-boxed elementor-section-height-default elementor-section-height-default\" data-id=\"e6d98fb\" data-element_type=\"section\">\n\t\t\t\t\t\t<div class=\"elementor-container elementor-column-gap-default\">\n\t\t\t\t\t<div class=\"elementor-column elementor-col-100 elementor-top-column elementor-element elementor-element-e11937f\" data-id=\"e11937f\" data-element_type=\"column\">\n\t\t\t<div class=\"elementor-widget-wrap elementor-element-populated\">\n\t\t\t\t\t\t<div class=\"elementor-element elementor-element-e19b4cf elementor-widget-divider--view-line elementor-widget elementor-widget-divider\" data-id=\"e19b4cf\" data-element_type=\"widget\" data-widget_type=\"divider.default\">\n\t\t\t\t<div class=\"elementor-widget-container\">\n\t\t\t\t\t<div class=\"elementor-divider\">\n\t\t\t<span class=\"elementor-divider-separator\">\n\t\t\t\t\t\t<\/span>\n\t\t<\/div>\n\t\t\t\t<\/div>\n\t\t\t\t<\/div>\n\t\t\t\t\t<\/div>\n\t\t<\/div>\n\t\t\t\t\t<\/div>\n\t\t<\/section>\n\t\t\t\t<section class=\"elementor-section elementor-top-section elementor-element elementor-element-e682308 elementor-section-boxed elementor-section-height-default elementor-section-height-default\" data-id=\"e682308\" data-element_type=\"section\">\n\t\t\t\t\t\t<div class=\"elementor-container elementor-column-gap-default\">\n\t\t\t\t\t<div class=\"elementor-column elementor-col-50 elementor-top-column elementor-element elementor-element-28050a4\" data-id=\"28050a4\" data-element_type=\"column\">\n\t\t\t<div class=\"elementor-widget-wrap elementor-element-populated\">\n\t\t\t\t\t\t<div class=\"elementor-element elementor-element-0bc83a9 elementor-widget elementor-widget-image\" data-id=\"0bc83a9\" data-element_type=\"widget\" data-widget_type=\"image.default\">\n\t\t\t\t<div class=\"elementor-widget-container\">\n\t\t\t\t\t\t\t\t\t\t\t\t\t<img loading=\"lazy\" decoding=\"async\" width=\"1024\" height=\"768\" src=\"https:\/\/www.ufsm.br\/app\/uploads\/sites\/346\/2026\/06\/IMG-20221109-WA0004.jpg\" class=\"attachment-large size-large wp-image-16427\" alt=\"\" srcset=\"https:\/\/www.ufsm.br\/app\/uploads\/sites\/346\/2026\/06\/IMG-20221109-WA0004.jpg 1024w, https:\/\/www.ufsm.br\/app\/uploads\/sites\/346\/2026\/06\/IMG-20221109-WA0004-300x225.jpg 300w, https:\/\/www.ufsm.br\/app\/uploads\/sites\/346\/2026\/06\/IMG-20221109-WA0004-768x576.jpg 768w\" sizes=\"(max-width: 1024px) 100vw, 1024px\" \/>\t\t\t\t\t\t\t\t\t\t\t\t\t<\/div>\n\t\t\t\t<\/div>\n\t\t\t\t\t<\/div>\n\t\t<\/div>\n\t\t\t\t<div class=\"elementor-column elementor-col-50 elementor-top-column elementor-element elementor-element-c92bb97\" data-id=\"c92bb97\" data-element_type=\"column\">\n\t\t\t<div class=\"elementor-widget-wrap elementor-element-populated\">\n\t\t\t\t\t\t<div class=\"elementor-element elementor-element-12b1401 elementor-widget elementor-widget-text-editor\" data-id=\"12b1401\" data-element_type=\"widget\" data-widget_type=\"text-editor.default\">\n\t\t\t\t<div class=\"elementor-widget-container\">\n\t\t\t\t\t\t\t<h1 data-section-id=\"57mh02\" data-start=\"3572\" data-end=\"3600\">Como a JAI Mirim acontece?<\/h1><p data-start=\"3602\" data-end=\"3914\">As atividades da JAI Mirim s\u00e3o organizadas por meio de editais e regulamentos espec\u00edficos, que definem os crit\u00e9rios de inscri\u00e7\u00e3o, participa\u00e7\u00e3o e apresenta\u00e7\u00e3o dos trabalhos. Os estudantes compartilham seus projetos em sess\u00f5es especialmente planejadas para sua faixa et\u00e1ria, em um ambiente acolhedor e estimulante.<\/p><p data-start=\"3916\" data-end=\"4297\">Durante o evento, os participantes t\u00eam a oportunidade de apresentar suas ideias, dialogar com avaliadores e com outros estudantes, trocar experi\u00eancias e refletir sobre os resultados de seus projetos. Essa viv\u00eancia contribui para o desenvolvimento de habilidades de comunica\u00e7\u00e3o, argumenta\u00e7\u00e3o, trabalho em equipe e pensamento cr\u00edtico, fundamentais para a forma\u00e7\u00e3o acad\u00eamica e cidad\u00e3.<\/p>\t\t\t\t\t\t<\/div>\n\t\t\t\t<\/div>\n\t\t\t\t\t<\/div>\n\t\t<\/div>\n\t\t\t\t\t<\/div>\n\t\t<\/section>\n\t\t\t\t<section class=\"elementor-section elementor-top-section elementor-element elementor-element-c07975a elementor-section-boxed elementor-section-height-default elementor-section-height-default\" data-id=\"c07975a\" data-element_type=\"section\">\n\t\t\t\t\t\t<div class=\"elementor-container elementor-column-gap-default\">\n\t\t\t\t\t<div class=\"elementor-column elementor-col-100 elementor-top-column elementor-element elementor-element-a17bb56\" data-id=\"a17bb56\" data-element_type=\"column\">\n\t\t\t<div class=\"elementor-widget-wrap elementor-element-populated\">\n\t\t\t\t\t\t<div class=\"elementor-element elementor-element-cad70a8 elementor-widget-divider--view-line elementor-widget elementor-widget-divider\" data-id=\"cad70a8\" data-element_type=\"widget\" data-widget_type=\"divider.default\">\n\t\t\t\t<div class=\"elementor-widget-container\">\n\t\t\t\t\t<div class=\"elementor-divider\">\n\t\t\t<span class=\"elementor-divider-separator\">\n\t\t\t\t\t\t<\/span>\n\t\t<\/div>\n\t\t\t\t<\/div>\n\t\t\t\t<\/div>\n\t\t\t\t\t<\/div>\n\t\t<\/div>\n\t\t\t\t\t<\/div>\n\t\t<\/section>\n\t\t\t\t<section class=\"elementor-section elementor-top-section elementor-element elementor-element-824595d elementor-section-boxed elementor-section-height-default elementor-section-height-default\" data-id=\"824595d\" data-element_type=\"section\">\n\t\t\t\t\t\t<div class=\"elementor-container elementor-column-gap-default\">\n\t\t\t\t\t<div class=\"elementor-column elementor-col-50 elementor-top-column elementor-element elementor-element-0f6ffc2\" data-id=\"0f6ffc2\" data-element_type=\"column\">\n\t\t\t<div class=\"elementor-widget-wrap elementor-element-populated\">\n\t\t\t\t\t\t<div class=\"elementor-element elementor-element-82f3bcd elementor-widget elementor-widget-text-editor\" data-id=\"82f3bcd\" data-element_type=\"widget\" data-widget_type=\"text-editor.default\">\n\t\t\t\t<div class=\"elementor-widget-container\">\n\t\t\t\t\t\t\t<h1 data-section-id=\"5ayjfs\" data-start=\"4304\" data-end=\"4350\">Contribui\u00e7\u00f5es para a forma\u00e7\u00e3o dos estudantes<\/h1><p data-start=\"4352\" data-end=\"4720\">A participa\u00e7\u00e3o na JAI Mirim representa uma experi\u00eancia significativa no percurso educacional dos estudantes. Ao compartilhar seus trabalhos em um evento acad\u00eamico, crian\u00e7as e jovens desenvolvem autonomia, confian\u00e7a e habilidades de comunica\u00e7\u00e3o, al\u00e9m de fortalecerem sua capacidade de investigar, interpretar informa\u00e7\u00f5es e construir conhecimentos de forma colaborativa.<\/p><p data-start=\"4722\" data-end=\"5045\">O evento tamb\u00e9m contribui para a valoriza\u00e7\u00e3o do trabalho realizado nas escolas, dando visibilidade a projetos que dialogam com quest\u00f5es cient\u00edficas, sociais, culturais e ambientais. Dessa forma, a JAI Mirim incentiva a forma\u00e7\u00e3o de sujeitos curiosos, participativos e comprometidos com o desenvolvimento de suas comunidades.<\/p>\t\t\t\t\t\t<\/div>\n\t\t\t\t<\/div>\n\t\t\t\t\t<\/div>\n\t\t<\/div>\n\t\t\t\t<div class=\"elementor-column elementor-col-50 elementor-top-column elementor-element elementor-element-67d14c1\" data-id=\"67d14c1\" data-element_type=\"column\">\n\t\t\t<div class=\"elementor-widget-wrap elementor-element-populated\">\n\t\t\t\t\t\t<div class=\"elementor-element elementor-element-4a64cc4 elementor-widget elementor-widget-image\" data-id=\"4a64cc4\" data-element_type=\"widget\" data-widget_type=\"image.default\">\n\t\t\t\t<div class=\"elementor-widget-container\">\n\t\t\t\t\t\t\t\t\t\t\t\t\t<img loading=\"lazy\" decoding=\"async\" width=\"1024\" height=\"576\" src=\"https:\/\/www.ufsm.br\/app\/uploads\/sites\/346\/2026\/06\/IMG_20221109_092034516-1024x576.jpg\" class=\"attachment-large size-large wp-image-16425\" alt=\"\" srcset=\"https:\/\/www.ufsm.br\/app\/uploads\/sites\/346\/2026\/06\/IMG_20221109_092034516-1024x576.jpg 1024w, https:\/\/www.ufsm.br\/app\/uploads\/sites\/346\/2026\/06\/IMG_20221109_092034516-300x169.jpg 300w, https:\/\/www.ufsm.br\/app\/uploads\/sites\/346\/2026\/06\/IMG_20221109_092034516-768x432.jpg 768w, https:\/\/www.ufsm.br\/app\/uploads\/sites\/346\/2026\/06\/IMG_20221109_092034516-1536x864.jpg 1536w, https:\/\/www.ufsm.br\/app\/uploads\/sites\/346\/2026\/06\/IMG_20221109_092034516.jpg 1920w\" sizes=\"(max-width: 1024px) 100vw, 1024px\" \/>\t\t\t\t\t\t\t\t\t\t\t\t\t<\/div>\n\t\t\t\t<\/div>\n\t\t\t\t\t<\/div>\n\t\t<\/div>\n\t\t\t\t\t<\/div>\n\t\t<\/section>\n\t\t\t\t<section class=\"elementor-section elementor-top-section elementor-element elementor-element-bbd9750 elementor-section-boxed elementor-section-height-default elementor-section-height-default\" data-id=\"bbd9750\" data-element_type=\"section\">\n\t\t\t\t\t\t<div class=\"elementor-container elementor-column-gap-default\">\n\t\t\t\t\t<div class=\"elementor-column elementor-col-100 elementor-top-column elementor-element elementor-element-dffe428\" data-id=\"dffe428\" data-element_type=\"column\">\n\t\t\t<div class=\"elementor-widget-wrap elementor-element-populated\">\n\t\t\t\t\t\t<div class=\"elementor-element elementor-element-a31c2ad elementor-widget-divider--view-line elementor-widget elementor-widget-divider\" data-id=\"a31c2ad\" data-element_type=\"widget\" data-widget_type=\"divider.default\">\n\t\t\t\t<div class=\"elementor-widget-container\">\n\t\t\t\t\t<div class=\"elementor-divider\">\n\t\t\t<span class=\"elementor-divider-separator\">\n\t\t\t\t\t\t<\/span>\n\t\t<\/div>\n\t\t\t\t<\/div>\n\t\t\t\t<\/div>\n\t\t\t\t\t<\/div>\n\t\t<\/div>\n\t\t\t\t\t<\/div>\n\t\t<\/section>\n\t\t\t\t<section class=\"elementor-section elementor-top-section elementor-element elementor-element-bc93c01 elementor-section-boxed elementor-section-height-default elementor-section-height-default\" data-id=\"bc93c01\" data-element_type=\"section\">\n\t\t\t\t\t\t<div class=\"elementor-container elementor-column-gap-default\">\n\t\t\t\t\t<div class=\"elementor-column elementor-col-50 elementor-top-column elementor-element elementor-element-1094d68\" data-id=\"1094d68\" data-element_type=\"column\">\n\t\t\t<div class=\"elementor-widget-wrap elementor-element-populated\">\n\t\t\t\t\t\t<div class=\"elementor-element elementor-element-5da4489 elementor-widget elementor-widget-image\" data-id=\"5da4489\" data-element_type=\"widget\" data-widget_type=\"image.default\">\n\t\t\t\t<div class=\"elementor-widget-container\">\n\t\t\t\t\t\t\t\t\t\t\t\t\t<img loading=\"lazy\" decoding=\"async\" width=\"1024\" height=\"768\" src=\"https:\/\/www.ufsm.br\/app\/uploads\/sites\/346\/2026\/06\/IMG-20221109-WA0019-1024x768.jpg\" class=\"attachment-large size-large wp-image-16428\" alt=\"\" srcset=\"https:\/\/www.ufsm.br\/app\/uploads\/sites\/346\/2026\/06\/IMG-20221109-WA0019-1024x768.jpg 1024w, https:\/\/www.ufsm.br\/app\/uploads\/sites\/346\/2026\/06\/IMG-20221109-WA0019-300x225.jpg 300w, https:\/\/www.ufsm.br\/app\/uploads\/sites\/346\/2026\/06\/IMG-20221109-WA0019-768x576.jpg 768w, https:\/\/www.ufsm.br\/app\/uploads\/sites\/346\/2026\/06\/IMG-20221109-WA0019.jpg 1280w\" sizes=\"(max-width: 1024px) 100vw, 1024px\" \/>\t\t\t\t\t\t\t\t\t\t\t\t\t<\/div>\n\t\t\t\t<\/div>\n\t\t\t\t\t<\/div>\n\t\t<\/div>\n\t\t\t\t<div class=\"elementor-column elementor-col-50 elementor-top-column elementor-element elementor-element-0854aae\" data-id=\"0854aae\" data-element_type=\"column\">\n\t\t\t<div class=\"elementor-widget-wrap elementor-element-populated\">\n\t\t\t\t\t\t<div class=\"elementor-element elementor-element-3d20cdb elementor-widget elementor-widget-text-editor\" data-id=\"3d20cdb\" data-element_type=\"widget\" data-widget_type=\"text-editor.default\">\n\t\t\t\t<div class=\"elementor-widget-container\">\n\t\t\t\t\t\t\t<h1 data-section-id=\"18pou4i\" data-start=\"5052\" data-end=\"5106\">Compromisso com a educa\u00e7\u00e3o e a divulga\u00e7\u00e3o cient\u00edfica<\/h1><p data-start=\"5108\" data-end=\"5496\">Ao promover a inser\u00e7\u00e3o de estudantes da Educa\u00e7\u00e3o B\u00e1sica em um ambiente de compartilhamento de conhecimentos, a JAI Mirim reafirma o compromisso da UFSM com a educa\u00e7\u00e3o, a ci\u00eancia e a extens\u00e3o universit\u00e1ria. A iniciativa fortalece a divulga\u00e7\u00e3o cient\u00edfica, estimula voca\u00e7\u00f5es e contribui para a constru\u00e7\u00e3o de uma sociedade que reconhece o conhecimento como ferramenta de transforma\u00e7\u00e3o social.<\/p><p data-start=\"5498\" data-end=\"5684\">Mais do que um evento, a JAI Mirim \u00e9 um espa\u00e7o de encontro, descoberta e aprendizado, onde a curiosidade se transforma em investiga\u00e7\u00e3o e o conhecimento se torna uma experi\u00eancia coletiva.<\/p>\t\t\t\t\t\t<\/div>\n\t\t\t\t<\/div>\n\t\t\t\t\t<\/div>\n\t\t<\/div>\n\t\t\t\t\t<\/div>\n\t\t<\/section>\n\t\t\t\t<\/div>\n\t\t","protected":false},"excerpt":{"rendered":"<p>Conhe\u00e7a a JAI Mirim O que \u00e9 a JAI Mirim? A JAI Mirim foi criada com o prop\u00f3sito de estimular a cultura cient\u00edfica na Educa\u00e7\u00e3o B\u00e1sica e fortalecer a aproxima\u00e7\u00e3o entre a universidade e as institui\u00e7\u00f5es de ensino. A iniciativa reconhece que a constru\u00e7\u00e3o do conhecimento come\u00e7a muito antes do ingresso no ensino superior e [&hellip;]<\/p>\n","protected":false},"author":9699,"featured_media":16416,"parent":16420,"menu_order":0,"comment_status":"closed","ping_status":"closed","template":"","meta":{"footnotes":""},"categories":[],"tags":[],"class_list":["post-17577","page","type-page","status-publish","has-post-thumbnail","hentry"],"acf":[],"_links":{"self":[{"href":"https:\/\/www.ufsm.br\/pro-reitorias\/pre\/wp-json\/wp\/v2\/pages\/17577","targetHints":{"allow":["GET"]}}],"collection":[{"href":"https:\/\/www.ufsm.br\/pro-reitorias\/pre\/wp-json\/wp\/v2\/pages"}],"about":[{"href":"https:\/\/www.ufsm.br\/pro-reitorias\/pre\/wp-json\/wp\/v2\/types\/page"}],"author":[{"embeddable":true,"href":"https:\/\/www.ufsm.br\/pro-reitorias\/pre\/wp-json\/wp\/v2\/users\/9699"}],"replies":[{"embeddable":true,"href":"https:\/\/www.ufsm.br\/pro-reitorias\/pre\/wp-json\/wp\/v2\/comments?post=17577"}],"version-history":[{"count":0,"href":"https:\/\/www.ufsm.br\/pro-reitorias\/pre\/wp-json\/wp\/v2\/pages\/17577\/revisions"}],"up":[{"embeddable":true,"href":"https:\/\/www.ufsm.br\/pro-reitorias\/pre\/wp-json\/wp\/v2\/pages\/16420"}],"wp:featuredmedia":[{"embeddable":true,"href":"https:\/\/www.ufsm.br\/pro-reitorias\/pre\/wp-json\/wp\/v2\/media\/16416"}],"wp:attachment":[{"href":"https:\/\/www.ufsm.br\/pro-reitorias\/pre\/wp-json\/wp\/v2\/media?parent=17577"}],"wp:term":[{"taxonomy":"category","embeddable":true,"href":"https:\/\/www.ufsm.br\/pro-reitorias\/pre\/wp-json\/wp\/v2\/categories?post=17577"},{"taxonomy":"post_tag","embeddable":true,"href":"https:\/\/www.ufsm.br\/pro-reitorias\/pre\/wp-json\/wp\/v2\/tags?post=17577"}],"curies":[{"name":"wp","href":"https:\/\/api.w.org\/{rel}","templated":true}]}}