{"id":48,"date":"2018-04-09T10:33:05","date_gmt":"2018-04-09T13:33:05","guid":{"rendered":"https:\/\/www.ufsm.br\/pro-reitorias\/pre\/?page_id=48"},"modified":"2026-07-09T18:17:57","modified_gmt":"2026-07-09T21:17:57","slug":"pagina-inicial","status":"publish","type":"page","link":"https:\/\/www.ufsm.br\/pro-reitorias\/pre\/","title":{"rendered":"P\u00e1gina Inicial"},"content":{"rendered":"\t\t<div data-elementor-type=\"wp-post\" data-elementor-id=\"48\" class=\"elementor elementor-48\">\n\t\t\t\t\t\t<section class=\"elementor-section elementor-top-section elementor-element elementor-element-5a3f14e elementor-section-boxed elementor-section-height-default elementor-section-height-default\" data-id=\"5a3f14e\" data-element_type=\"section\">\n\t\t\t\t\t\t<div class=\"elementor-container elementor-column-gap-default\">\n\t\t\t\t\t<div class=\"elementor-column elementor-col-100 elementor-top-column elementor-element elementor-element-73a5805\" data-id=\"73a5805\" data-element_type=\"column\">\n\t\t\t<div class=\"elementor-widget-wrap elementor-element-populated\">\n\t\t\t\t\t\t<div class=\"elementor-element elementor-element-b2fc5ef elementor-widget elementor-widget-wp-widget-ufsm_noticias_widget\" data-id=\"b2fc5ef\" data-element_type=\"widget\" data-widget_type=\"wp-widget-ufsm_noticias_widget.default\">\n\t\t\t\t<div class=\"elementor-widget-container\">\n\t\t\t<div id='ufsm-carousel-1788673148-727723729' class='carousel slide carousel-ufsm' data-bs-ride='carousel' aria-hidden='true'>\n    <div class='carousel-inner'>\n                    \n\n            <div class='carousel-item active' data-bs-interval='4000'>\n                                    <!-- Link && Slider Image -->\n                    <a href='https:\/\/www.ufsm.br\/pro-reitorias\/pre\/exposicao-50-anos-pre'>\n                        <img class='w-100'  alt=\"\" srcset=\"https:\/\/www.ufsm.br\/app\/uploads\/sites\/346\/2025\/10\/banner-site-Exposicao-50-Anos-PRE-300x80.jpg 300w, https:\/\/www.ufsm.br\/app\/uploads\/sites\/346\/2025\/10\/banner-site-Exposicao-50-Anos-PRE-1024x273.jpg 1024w, https:\/\/www.ufsm.br\/app\/uploads\/sites\/346\/2025\/10\/banner-site-Exposicao-50-Anos-PRE-768x205.jpg 768w, https:\/\/www.ufsm.br\/app\/uploads\/sites\/346\/2025\/10\/banner-site-Exposicao-50-Anos-PRE.jpg 1500w\">\n                    <\/a>\n                \n                \n                                                            <\/div>\n                    \n\n            <div class='carousel-item ' data-bs-interval='4000'>\n                                    <!-- Link && Slider Image -->\n                    <a href='https:\/\/www.ufsm.br\/pro-reitorias\/pre\/cafe\/sde\/eventos'>\n                        <img class='w-100'  alt=\"\" srcset=\"https:\/\/www.ufsm.br\/app\/uploads\/sites\/346\/2023\/06\/Banner_Web_Agenda_CC_ufsm_1500x400px-300x80.jpg 300w, https:\/\/www.ufsm.br\/app\/uploads\/sites\/346\/2023\/06\/Banner_Web_Agenda_CC_ufsm_1500x400px-1024x273.jpg 1024w, https:\/\/www.ufsm.br\/app\/uploads\/sites\/346\/2023\/06\/Banner_Web_Agenda_CC_ufsm_1500x400px-768x205.jpg 768w, https:\/\/www.ufsm.br\/app\/uploads\/sites\/346\/2023\/06\/Banner_Web_Agenda_CC_ufsm_1500x400px.jpg 1500w\">\n                    <\/a>\n                \n                \n                                                            <\/div>\n                    <!-- Exibi Indicadores -->\n                    <ol class='carousel-indicators carousel-indicators-numbers d-none d-md-flex align-self-end m-0'>\n                <li data-bs-target='#ufsm-carousel-1788673148-727723729' data-bs-slide-to='0' class='d-flex rounded-circle active'><span class='m-auto fw-bold'>1<\/span><\/li><li data-bs-target='#ufsm-carousel-1788673148-727723729' data-bs-slide-to='1' class='d-flex rounded-circle '><span class='m-auto fw-bold'>2<\/span><\/li>            <\/ol>\n            <a class='carousel-control-prev' href='#ufsm-carousel-1788673148-727723729' role='button' data-bs-slide='prev'>\n                <span class='carousel-control-prev-icon' aria-hidden='true'><\/span>\n                <span class='visually-hidden'>Previous<\/span>\n            <\/a>\n            <a class='carousel-control-next' href='#ufsm-carousel-1788673148-727723729' role='button' data-bs-slide='next'>\n                <span class='carousel-control-next-icon' aria-hidden='true'><\/span>\n                <span class='visually-hidden'>Next<\/span>\n            <\/a>\n            <\/div>\n<\/div>\n<!-- Acessibilidade, apenas leitor de tela -->\n<ul class='visually-hidden'>\n    <li><a href='https:\/\/www.ufsm.br\/pro-reitorias\/pre\/exposicao-50-anos-pre'>Exposi\u00e7\u00e3o Conex\u00f5es que Transformam: 50 Anos da Pr\u00f3-Reitoria de Extens\u00e3o<\/a><\/li><li><a href='https:\/\/www.ufsm.br\/pro-reitorias\/pre\/cafe\/sde\/eventos'>Eventos<\/a><\/li><\/ul>\n\t\t<\/div>\n\t\t\t\t<\/div>\n\t\t\t\t\t<\/div>\n\t\t<\/div>\n\t\t\t\t\t<\/div>\n\t\t<\/section>\n\t\t\t\t<section class=\"elementor-section elementor-top-section elementor-element elementor-element-9d6dc60 elementor-section-boxed elementor-section-height-default elementor-section-height-default\" data-id=\"9d6dc60\" data-element_type=\"section\">\n\t\t\t\t\t\t<div class=\"elementor-container elementor-column-gap-default\">\n\t\t\t\t\t<div class=\"elementor-column elementor-col-100 elementor-top-column elementor-element elementor-element-cbdb98b\" data-id=\"cbdb98b\" data-element_type=\"column\">\n\t\t\t<div class=\"elementor-widget-wrap elementor-element-populated\">\n\t\t\t\t\t\t<div class=\"elementor-element elementor-element-7461b44 elementor-widget elementor-widget-text-editor\" data-id=\"7461b44\" data-element_type=\"widget\" data-widget_type=\"text-editor.default\">\n\t\t\t\t<div class=\"elementor-widget-container\">\n\t\t\t\t\t\t\t<p align=\"justify\"><span style=\"color: #000000\">A\u00a0<\/span><span style=\"color: #000000\"><strong>Pr\u00f3-Reitoria de Extens\u00e3o<\/strong> (<strong>PRE<\/strong>)<\/span><span style=\"color: #000000\"> visa ao fortalecimento da rela\u00e7\u00e3o Universidade-Comunidade e tem a miss\u00e3o de articular os diversos conhecimentos por meio de a\u00e7\u00f5es extensionistas junto \u00e0 popula\u00e7\u00e3o, gerando solu\u00e7\u00f5es inovadoras para o desenvolvimento regional sustent\u00e1vel.<\/span><\/p>\n<p align=\"justify\"><em>Seus princ\u00edpios s\u00e3o pluralidade, respeito, transpar\u00eancia, sustentabilidade, equidade e justi\u00e7a.<\/em><\/p>\t\t\t\t\t\t<\/div>\n\t\t\t\t<\/div>\n\t\t\t\t\t<\/div>\n\t\t<\/div>\n\t\t\t\t\t<\/div>\n\t\t<\/section>\n\t\t\t\t<section class=\"elementor-section elementor-top-section elementor-element elementor-element-2dd482a elementor-section-boxed elementor-section-height-default elementor-section-height-default\" data-id=\"2dd482a\" data-element_type=\"section\">\n\t\t\t\t\t\t<div class=\"elementor-container elementor-column-gap-default\">\n\t\t\t\t\t<div class=\"elementor-column elementor-col-100 elementor-top-column elementor-element elementor-element-abff57c\" data-id=\"abff57c\" data-element_type=\"column\">\n\t\t\t<div class=\"elementor-widget-wrap elementor-element-populated\">\n\t\t\t\t\t\t<div class=\"elementor-element elementor-element-f81cc15 elementor-widget__width-initial elementor-widget elementor-widget-heading\" data-id=\"f81cc15\" data-element_type=\"widget\" data-widget_type=\"heading.default\">\n\t\t\t\t<div class=\"elementor-widget-container\">\n\t\t\t<h5 class=\"elementor-heading-title elementor-size-default\">Destaques<\/h5>\t\t<\/div>\n\t\t\t\t<\/div>\n\t\t\t\t\t<\/div>\n\t\t<\/div>\n\t\t\t\t\t<\/div>\n\t\t<\/section>\n\t\t\t\t<section class=\"elementor-section elementor-top-section elementor-element elementor-element-4032a70 elementor-section-boxed elementor-section-height-default elementor-section-height-default\" data-id=\"4032a70\" data-element_type=\"section\">\n\t\t\t\t\t\t<div class=\"elementor-container elementor-column-gap-default\">\n\t\t\t\t\t<div class=\"elementor-column elementor-col-50 elementor-top-column elementor-element elementor-element-d69546b\" data-id=\"d69546b\" data-element_type=\"column\">\n\t\t\t<div class=\"elementor-widget-wrap elementor-element-populated\">\n\t\t\t\t\t\t<div class=\"elementor-element elementor-element-3b26895 elementor-view-default elementor-widget elementor-widget-icon\" data-id=\"3b26895\" data-element_type=\"widget\" data-widget_type=\"icon.default\">\n\t\t\t\t<div class=\"elementor-widget-container\">\n\t\t\t\t\t<div class=\"elementor-icon-wrapper\">\n\t\t\t<a class=\"elementor-icon\" href=\"https:\/\/repositorio.ufsm.br\/handle\/1\/35193\">\n\t\t\t<i aria-hidden=\"true\" class=\"fas fa-book\"><\/i>\t\t\t<\/a>\n\t\t<\/div>\n\t\t\t\t<\/div>\n\t\t\t\t<\/div>\n\t\t\t\t<div class=\"elementor-element elementor-element-1541c3a elementor-widget elementor-widget-heading\" data-id=\"1541c3a\" data-element_type=\"widget\" data-widget_type=\"heading.default\">\n\t\t\t\t<div class=\"elementor-widget-container\">\n\t\t\t<h6 class=\"elementor-heading-title elementor-size-medium\">Guia da Extens\u00e3o<\/h6>\t\t<\/div>\n\t\t\t\t<\/div>\n\t\t\t\t\t<\/div>\n\t\t<\/div>\n\t\t\t\t<div class=\"elementor-column elementor-col-50 elementor-top-column elementor-element elementor-element-18cb9ed\" data-id=\"18cb9ed\" data-element_type=\"column\">\n\t\t\t<div class=\"elementor-widget-wrap elementor-element-populated\">\n\t\t\t\t\t\t<div class=\"elementor-element elementor-element-e9e3011 elementor-view-default elementor-widget elementor-widget-icon\" data-id=\"e9e3011\" data-element_type=\"widget\" data-widget_type=\"icon.default\">\n\t\t\t\t<div class=\"elementor-widget-container\">\n\t\t\t\t\t<div class=\"elementor-icon-wrapper\">\n\t\t\t<a class=\"elementor-icon\" href=\"https:\/\/www.ufsm.br\/pro-reitorias\/pre\/exposicao-50-anos-pre\">\n\t\t\t<i aria-hidden=\"true\" class=\"far fa-images\"><\/i>\t\t\t<\/a>\n\t\t<\/div>\n\t\t\t\t<\/div>\n\t\t\t\t<\/div>\n\t\t\t\t<div class=\"elementor-element elementor-element-e760895 elementor-widget elementor-widget-heading\" data-id=\"e760895\" data-element_type=\"widget\" data-widget_type=\"heading.default\">\n\t\t\t\t<div class=\"elementor-widget-container\">\n\t\t\t<h6 class=\"elementor-heading-title elementor-size-medium\">Exposi\u00e7\u00e3o 50 Anos PRE<\/h6>\t\t<\/div>\n\t\t\t\t<\/div>\n\t\t\t\t\t<\/div>\n\t\t<\/div>\n\t\t\t\t\t<\/div>\n\t\t<\/section>\n\t\t\t\t<section class=\"elementor-section elementor-top-section elementor-element elementor-element-2bc3985 elementor-section-boxed elementor-section-height-default elementor-section-height-default\" data-id=\"2bc3985\" data-element_type=\"section\">\n\t\t\t\t\t\t<div class=\"elementor-container elementor-column-gap-default\">\n\t\t\t\t\t<div class=\"elementor-column elementor-col-33 elementor-top-column elementor-element elementor-element-fdbb165\" data-id=\"fdbb165\" data-element_type=\"column\">\n\t\t\t<div class=\"elementor-widget-wrap\">\n\t\t\t\t\t\t\t<\/div>\n\t\t<\/div>\n\t\t\t\t<div class=\"elementor-column elementor-col-33 elementor-top-column elementor-element elementor-element-a1726cf\" data-id=\"a1726cf\" data-element_type=\"column\">\n\t\t\t<div class=\"elementor-widget-wrap\">\n\t\t\t\t\t\t\t<\/div>\n\t\t<\/div>\n\t\t\t\t<div class=\"elementor-column elementor-col-33 elementor-top-column elementor-element elementor-element-4e07b0c\" data-id=\"4e07b0c\" data-element_type=\"column\">\n\t\t\t<div class=\"elementor-widget-wrap\">\n\t\t\t\t\t\t\t<\/div>\n\t\t<\/div>\n\t\t\t\t\t<\/div>\n\t\t<\/section>\n\t\t\t\t<section class=\"elementor-section elementor-top-section elementor-element elementor-element-c32cd8e elementor-section-boxed elementor-section-height-default elementor-section-height-default\" data-id=\"c32cd8e\" data-element_type=\"section\">\n\t\t\t\t\t\t<div class=\"elementor-container elementor-column-gap-default\">\n\t\t\t\t\t<div class=\"elementor-column elementor-col-50 elementor-top-column elementor-element elementor-element-8e1ad62\" data-id=\"8e1ad62\" data-element_type=\"column\">\n\t\t\t<div class=\"elementor-widget-wrap elementor-element-populated\">\n\t\t\t\t\t\t<div class=\"elementor-element elementor-element-0cef966 elementor-widget elementor-widget-heading\" data-id=\"0cef966\" data-element_type=\"widget\" data-widget_type=\"heading.default\">\n\t\t\t\t<div class=\"elementor-widget-container\">\n\t\t\t<h5 class=\"elementor-heading-title elementor-size-default\">Utilidades<\/h5>\t\t<\/div>\n\t\t\t\t<\/div>\n\t\t\t\t<section class=\"elementor-section elementor-inner-section elementor-element elementor-element-6802876 elementor-section-boxed elementor-section-height-default elementor-section-height-default\" data-id=\"6802876\" data-element_type=\"section\">\n\t\t\t\t\t\t<div class=\"elementor-container elementor-column-gap-default\">\n\t\t\t\t\t<div class=\"elementor-column elementor-col-50 elementor-inner-column elementor-element elementor-element-ce9b954\" data-id=\"ce9b954\" data-element_type=\"column\">\n\t\t\t<div class=\"elementor-widget-wrap elementor-element-populated\">\n\t\t\t\t\t\t<div class=\"elementor-element elementor-element-e808ece elementor-view-default elementor-widget elementor-widget-icon\" data-id=\"e808ece\" data-element_type=\"widget\" data-widget_type=\"icon.default\">\n\t\t\t\t<div class=\"elementor-widget-container\">\n\t\t\t\t\t<div class=\"elementor-icon-wrapper\">\n\t\t\t<a class=\"elementor-icon\" href=\"https:\/\/www.ufsm.br\/pro-reitorias\/pre\/instrucao-normativa-para-auxilios-financeiros-a-estudantes\">\n\t\t\t<i aria-hidden=\"true\" class=\"fas fa-file-alt\"><\/i>\t\t\t<\/a>\n\t\t<\/div>\n\t\t\t\t<\/div>\n\t\t\t\t<\/div>\n\t\t\t\t<div class=\"elementor-element elementor-element-e7333d8 elementor-widget elementor-widget-heading\" data-id=\"e7333d8\" data-element_type=\"widget\" data-widget_type=\"heading.default\">\n\t\t\t\t<div class=\"elementor-widget-container\">\n\t\t\t<h6 class=\"elementor-heading-title elementor-size-default\">Instru\u00e7\u00e3o Normativa para aux\u00edlios financeiros a estudantes<\/h6>\t\t<\/div>\n\t\t\t\t<\/div>\n\t\t\t\t\t<\/div>\n\t\t<\/div>\n\t\t\t\t<div class=\"elementor-column elementor-col-50 elementor-inner-column elementor-element elementor-element-7181189\" data-id=\"7181189\" data-element_type=\"column\">\n\t\t\t<div class=\"elementor-widget-wrap elementor-element-populated\">\n\t\t\t\t\t\t<div class=\"elementor-element elementor-element-419cddf elementor-view-default elementor-widget elementor-widget-icon\" data-id=\"419cddf\" data-element_type=\"widget\" data-widget_type=\"icon.default\">\n\t\t\t\t<div class=\"elementor-widget-container\">\n\t\t\t\t\t<div class=\"elementor-icon-wrapper\">\n\t\t\t<a class=\"elementor-icon\" href=\"https:\/\/www.ufsm.br\/pro-reitorias\/pre\/legislacao-2\/\">\n\t\t\t<i aria-hidden=\"true\" class=\"fas fa-file-contract\"><\/i>\t\t\t<\/a>\n\t\t<\/div>\n\t\t\t\t<\/div>\n\t\t\t\t<\/div>\n\t\t\t\t<div class=\"elementor-element elementor-element-92af514 elementor-widget elementor-widget-heading\" data-id=\"92af514\" data-element_type=\"widget\" data-widget_type=\"heading.default\">\n\t\t\t\t<div class=\"elementor-widget-container\">\n\t\t\t<h6 class=\"elementor-heading-title elementor-size-default\">Legisla\u00e7\u00e3o<\/h6>\t\t<\/div>\n\t\t\t\t<\/div>\n\t\t\t\t\t<\/div>\n\t\t<\/div>\n\t\t\t\t\t<\/div>\n\t\t<\/section>\n\t\t\t\t<section class=\"elementor-section elementor-inner-section elementor-element elementor-element-1b37dda elementor-section-boxed elementor-section-height-default elementor-section-height-default\" data-id=\"1b37dda\" data-element_type=\"section\">\n\t\t\t\t\t\t<div class=\"elementor-container elementor-column-gap-default\">\n\t\t\t\t\t<div class=\"elementor-column elementor-col-50 elementor-inner-column elementor-element elementor-element-e24e91a\" data-id=\"e24e91a\" data-element_type=\"column\">\n\t\t\t<div class=\"elementor-widget-wrap elementor-element-populated\">\n\t\t\t\t\t\t<div class=\"elementor-element elementor-element-190c8b7 elementor-view-default elementor-widget elementor-widget-icon\" data-id=\"190c8b7\" data-element_type=\"widget\" data-widget_type=\"icon.default\">\n\t\t\t\t<div class=\"elementor-widget-container\">\n\t\t\t\t\t<div class=\"elementor-icon-wrapper\">\n\t\t\t<a class=\"elementor-icon\" href=\"https:\/\/www.ufsm.br\/pro-reitorias\/pre\/cafe\/siec\/fiec-g\">\n\t\t\t<i aria-hidden=\"true\" class=\"fas fa-graduation-cap\"><\/i>\t\t\t<\/a>\n\t\t<\/div>\n\t\t\t\t<\/div>\n\t\t\t\t<\/div>\n\t\t\t\t<div class=\"elementor-element elementor-element-5a8d974 elementor-widget elementor-widget-heading\" data-id=\"5a8d974\" data-element_type=\"widget\" data-widget_type=\"heading.default\">\n\t\t\t\t<div class=\"elementor-widget-container\">\n\t\t\t<h6 class=\"elementor-heading-title elementor-size-default\">Inser\u00e7\u00e3o da Extens\u00e3o na Gradua\u00e7\u00e3o<\/h6>\t\t<\/div>\n\t\t\t\t<\/div>\n\t\t\t\t<div class=\"elementor-element elementor-element-054adc8 elementor-widget elementor-widget-spacer\" data-id=\"054adc8\" data-element_type=\"widget\" data-widget_type=\"spacer.default\">\n\t\t\t\t<div class=\"elementor-widget-container\">\n\t\t\t\t\t<div class=\"elementor-spacer\">\n\t\t\t<div class=\"elementor-spacer-inner\"><\/div>\n\t\t<\/div>\n\t\t\t\t<\/div>\n\t\t\t\t<\/div>\n\t\t\t\t\t<\/div>\n\t\t<\/div>\n\t\t\t\t<div class=\"elementor-column elementor-col-50 elementor-inner-column elementor-element elementor-element-d7e8cbd\" data-id=\"d7e8cbd\" data-element_type=\"column\">\n\t\t\t<div class=\"elementor-widget-wrap elementor-element-populated\">\n\t\t\t\t\t\t<div class=\"elementor-element elementor-element-27ec15c elementor-view-default elementor-widget elementor-widget-icon\" data-id=\"27ec15c\" data-element_type=\"widget\" data-widget_type=\"icon.default\">\n\t\t\t\t<div class=\"elementor-widget-container\">\n\t\t\t\t\t<div class=\"elementor-icon-wrapper\">\n\t\t\t<a class=\"elementor-icon\" href=\"https:\/\/www.ufsm.br\/app\/uploads\/sites\/346\/2025\/09\/Marca-50-Anos-PRE.zip\">\n\t\t\t<i aria-hidden=\"true\" class=\"fas fa-book\"><\/i>\t\t\t<\/a>\n\t\t<\/div>\n\t\t\t\t<\/div>\n\t\t\t\t<\/div>\n\t\t\t\t<div class=\"elementor-element elementor-element-b6b5668 elementor-widget elementor-widget-heading\" data-id=\"b6b5668\" data-element_type=\"widget\" data-widget_type=\"heading.default\">\n\t\t\t\t<div class=\"elementor-widget-container\">\n\t\t\t<h6 class=\"elementor-heading-title elementor-size-default\">50 Anos PRE - Identidade Visual<\/h6>\t\t<\/div>\n\t\t\t\t<\/div>\n\t\t\t\t\t<\/div>\n\t\t<\/div>\n\t\t\t\t\t<\/div>\n\t\t<\/section>\n\t\t\t\t<section class=\"elementor-section elementor-inner-section elementor-element elementor-element-65621d7 elementor-section-boxed elementor-section-height-default elementor-section-height-default\" data-id=\"65621d7\" data-element_type=\"section\">\n\t\t\t\t\t\t<div class=\"elementor-container elementor-column-gap-default\">\n\t\t\t\t\t<div class=\"elementor-column elementor-col-100 elementor-inner-column elementor-element elementor-element-b755394\" data-id=\"b755394\" data-element_type=\"column\">\n\t\t\t<div class=\"elementor-widget-wrap elementor-element-populated\">\n\t\t\t\t\t\t<div class=\"elementor-element elementor-element-a6216ce elementor-view-default elementor-widget elementor-widget-icon\" data-id=\"a6216ce\" data-element_type=\"widget\" data-widget_type=\"icon.default\">\n\t\t\t\t<div class=\"elementor-widget-container\">\n\t\t\t\t\t<div class=\"elementor-icon-wrapper\">\n\t\t\t<a class=\"elementor-icon\" href=\"https:\/\/www.ufsm.br\/pro-reitorias\/pre\/cafe\/siec\/camara-de-extensao\">\n\t\t\t<i aria-hidden=\"true\" class=\"fas fa-scroll\"><\/i>\t\t\t<\/a>\n\t\t<\/div>\n\t\t\t\t<\/div>\n\t\t\t\t<\/div>\n\t\t\t\t<div class=\"elementor-element elementor-element-ed8d7ff elementor-widget elementor-widget-heading\" data-id=\"ed8d7ff\" data-element_type=\"widget\" data-widget_type=\"heading.default\">\n\t\t\t\t<div class=\"elementor-widget-container\">\n\t\t\t<h6 class=\"elementor-heading-title elementor-size-default\"><a href=\"https:\/\/www.ufsm.br\/pro-reitorias\/pre\/cafe\/siec\/camara-de-extensao\">C\u00e2mara de Extens\u00e3o<\/a><\/h6>\t\t<\/div>\n\t\t\t\t<\/div>\n\t\t\t\t<div class=\"elementor-element elementor-element-cdc2a50 elementor-widget elementor-widget-spacer\" data-id=\"cdc2a50\" data-element_type=\"widget\" data-widget_type=\"spacer.default\">\n\t\t\t\t<div class=\"elementor-widget-container\">\n\t\t\t\t\t<div class=\"elementor-spacer\">\n\t\t\t<div class=\"elementor-spacer-inner\"><\/div>\n\t\t<\/div>\n\t\t\t\t<\/div>\n\t\t\t\t<\/div>\n\t\t\t\t\t<\/div>\n\t\t<\/div>\n\t\t\t\t\t<\/div>\n\t\t<\/section>\n\t\t\t\t\t<\/div>\n\t\t<\/div>\n\t\t\t\t<div class=\"elementor-column elementor-col-50 elementor-top-column elementor-element elementor-element-b2aaa6c\" data-id=\"b2aaa6c\" data-element_type=\"column\">\n\t\t\t<div class=\"elementor-widget-wrap elementor-element-populated\">\n\t\t\t\t\t\t<div class=\"elementor-element elementor-element-36d8d6b elementor-widget__width-initial elementor-widget elementor-widget-heading\" data-id=\"36d8d6b\" data-element_type=\"widget\" data-widget_type=\"heading.default\">\n\t\t\t\t<div class=\"elementor-widget-container\">\n\t\t\t<h5 class=\"elementor-heading-title elementor-size-default\">Oportunidades<\/h5>\t\t<\/div>\n\t\t\t\t<\/div>\n\t\t\t\t<section class=\"elementor-section elementor-inner-section elementor-element elementor-element-21b3674 elementor-section-boxed elementor-section-height-default elementor-section-height-default\" data-id=\"21b3674\" data-element_type=\"section\">\n\t\t\t\t\t\t<div class=\"elementor-container elementor-column-gap-default\">\n\t\t\t\t\t<div class=\"elementor-column elementor-col-100 elementor-inner-column elementor-element elementor-element-c7d1d7a\" data-id=\"c7d1d7a\" data-element_type=\"column\">\n\t\t\t<div class=\"elementor-widget-wrap elementor-element-populated\">\n\t\t\t\t\t\t<div class=\"elementor-element elementor-element-570ebb6 elementor-view-default elementor-widget elementor-widget-icon\" data-id=\"570ebb6\" data-element_type=\"widget\" data-widget_type=\"icon.default\">\n\t\t\t\t<div class=\"elementor-widget-container\">\n\t\t\t\t\t<div class=\"elementor-icon-wrapper\">\n\t\t\t<a class=\"elementor-icon\" href=\"https:\/\/www.ufsm.br\/pro-reitorias\/pre\/oportunidades-de-bolsas-de-extensao\">\n\t\t\t<i aria-hidden=\"true\" class=\"fas fa-door-open\"><\/i>\t\t\t<\/a>\n\t\t<\/div>\n\t\t\t\t<\/div>\n\t\t\t\t<\/div>\n\t\t\t\t<div class=\"elementor-element elementor-element-f67fc8c elementor-widget elementor-widget-heading\" data-id=\"f67fc8c\" data-element_type=\"widget\" data-widget_type=\"heading.default\">\n\t\t\t\t<div class=\"elementor-widget-container\">\n\t\t\t<h6 class=\"elementor-heading-title elementor-size-medium\">Bolsas de Extens\u00e3o <\/h6>\t\t<\/div>\n\t\t\t\t<\/div>\n\t\t\t\t\t<\/div>\n\t\t<\/div>\n\t\t\t\t\t<\/div>\n\t\t<\/section>\n\t\t\t\t<section class=\"elementor-section elementor-inner-section elementor-element elementor-element-3ddc0de elementor-section-boxed elementor-section-height-default elementor-section-height-default\" data-id=\"3ddc0de\" data-element_type=\"section\">\n\t\t\t\t\t\t<div class=\"elementor-container elementor-column-gap-default\">\n\t\t\t\t\t<div class=\"elementor-column elementor-col-100 elementor-inner-column elementor-element elementor-element-a103154\" data-id=\"a103154\" data-element_type=\"column\">\n\t\t\t<div class=\"elementor-widget-wrap elementor-element-populated\">\n\t\t\t\t\t\t<div class=\"elementor-element elementor-element-c6db20b elementor-view-default elementor-widget elementor-widget-icon\" data-id=\"c6db20b\" data-element_type=\"widget\" data-widget_type=\"icon.default\">\n\t\t\t\t<div class=\"elementor-widget-container\">\n\t\t\t\t\t<div class=\"elementor-icon-wrapper\">\n\t\t\t<a class=\"elementor-icon\" href=\"https:\/\/www.ufsm.br\/pro-reitorias\/pre\/voluntariado\">\n\t\t\t<i aria-hidden=\"true\" class=\"fas fa-exclamation\"><\/i>\t\t\t<\/a>\n\t\t<\/div>\n\t\t\t\t<\/div>\n\t\t\t\t<\/div>\n\t\t\t\t<div class=\"elementor-element elementor-element-b59070d elementor-widget elementor-widget-heading\" data-id=\"b59070d\" data-element_type=\"widget\" data-widget_type=\"heading.default\">\n\t\t\t\t<div class=\"elementor-widget-container\">\n\t\t\t<h6 class=\"elementor-heading-title elementor-size-medium\">Voluntariado<\/h6>\t\t<\/div>\n\t\t\t\t<\/div>\n\t\t\t\t\t<\/div>\n\t\t<\/div>\n\t\t\t\t\t<\/div>\n\t\t<\/section>\n\t\t\t\t<section class=\"elementor-section elementor-inner-section elementor-element elementor-element-7e9576d elementor-section-boxed elementor-section-height-default elementor-section-height-default\" data-id=\"7e9576d\" data-element_type=\"section\">\n\t\t\t\t\t\t<div class=\"elementor-container elementor-column-gap-default\">\n\t\t\t\t\t<div class=\"elementor-column elementor-col-100 elementor-inner-column elementor-element elementor-element-c7721a2\" data-id=\"c7721a2\" data-element_type=\"column\">\n\t\t\t<div class=\"elementor-widget-wrap elementor-element-populated\">\n\t\t\t\t\t\t<div class=\"elementor-element elementor-element-e12b4cd elementor-view-default elementor-position-top elementor-mobile-position-top elementor-widget elementor-widget-icon-box\" data-id=\"e12b4cd\" data-element_type=\"widget\" data-widget_type=\"icon-box.default\">\n\t\t\t\t<div class=\"elementor-widget-container\">\n\t\t\t\t\t<div class=\"elementor-icon-box-wrapper\">\n\n\t\t\t\t\t\t<div class=\"elementor-icon-box-icon\">\n\t\t\t\t<a href=\"https:\/\/www.ufsm.br\/pro-reitorias\/pre\/2026\/05\/21\/oportunidade-extra-de-financiamento\" class=\"elementor-icon elementor-animation-\" tabindex=\"-1\">\n\t\t\t\t<i aria-hidden=\"true\" class=\"far fa-handshake\"><\/i>\t\t\t\t<\/a>\n\t\t\t<\/div>\n\t\t\t\n\t\t\t\n\t\t<\/div>\n\t\t\t\t<\/div>\n\t\t\t\t<\/div>\n\t\t\t\t<div class=\"elementor-element elementor-element-e773622 elementor-widget elementor-widget-text-editor\" data-id=\"e773622\" data-element_type=\"widget\" data-widget_type=\"text-editor.default\">\n\t\t\t\t<div class=\"elementor-widget-container\">\n\t\t\t\t\t\t\t<p style=\"text-align: center\"><span style=\"font-size: 14pt;font-family: 'arial black', sans-serif\"><strong>Oportunidades extras de financiamento<\/strong><\/span><\/p>\t\t\t\t\t\t<\/div>\n\t\t\t\t<\/div>\n\t\t\t\t\t<\/div>\n\t\t<\/div>\n\t\t\t\t\t<\/div>\n\t\t<\/section>\n\t\t\t\t\t<\/div>\n\t\t<\/div>\n\t\t\t\t\t<\/div>\n\t\t<\/section>\n\t\t\t\t<section class=\"elementor-section elementor-top-section elementor-element elementor-element-2e060ad elementor-section-boxed elementor-section-height-default elementor-section-height-default\" data-id=\"2e060ad\" data-element_type=\"section\">\n\t\t\t\t\t\t<div class=\"elementor-container elementor-column-gap-default\">\n\t\t\t\t\t<div class=\"elementor-column elementor-col-100 elementor-top-column elementor-element elementor-element-ac3f2e1\" data-id=\"ac3f2e1\" data-element_type=\"column\">\n\t\t\t<div class=\"elementor-widget-wrap elementor-element-populated\">\n\t\t\t\t\t\t<div class=\"elementor-element elementor-element-d6cb3f7 elementor-widget elementor-widget-heading\" data-id=\"d6cb3f7\" data-element_type=\"widget\" data-widget_type=\"heading.default\">\n\t\t\t\t<div class=\"elementor-widget-container\">\n\t\t\t<h5 class=\"elementor-heading-title elementor-size-default\"><a href=\"https:\/\/www.ufsm.br\/pro-reitorias\/pre\/cafe\/\">Articula\u00e7\u00e3o e Fomento \u00e0 Extens\u00e3o<\/a><\/h5>\t\t<\/div>\n\t\t\t\t<\/div>\n\t\t\t\t<section class=\"elementor-section elementor-inner-section elementor-element elementor-element-d3311b8 elementor-section-boxed elementor-section-height-default elementor-section-height-default\" data-id=\"d3311b8\" data-element_type=\"section\">\n\t\t\t\t\t\t<div class=\"elementor-container elementor-column-gap-default\">\n\t\t\t\t\t<div class=\"elementor-column elementor-col-33 elementor-inner-column elementor-element elementor-element-7ee29d3\" data-id=\"7ee29d3\" data-element_type=\"column\">\n\t\t\t<div class=\"elementor-widget-wrap elementor-element-populated\">\n\t\t\t\t\t\t<div class=\"elementor-element elementor-element-43d4c92 elementor-view-default elementor-widget elementor-widget-icon\" data-id=\"43d4c92\" data-element_type=\"widget\" data-widget_type=\"icon.default\">\n\t\t\t\t<div class=\"elementor-widget-container\">\n\t\t\t\t\t<div class=\"elementor-icon-wrapper\">\n\t\t\t<a class=\"elementor-icon\" href=\"https:\/\/www.ufsm.br\/pro-reitorias\/pre\/cafe\/fiex\">\n\t\t\t<i aria-hidden=\"true\" class=\"fas fa-file-invoice-dollar\"><\/i>\t\t\t<\/a>\n\t\t<\/div>\n\t\t\t\t<\/div>\n\t\t\t\t<\/div>\n\t\t\t\t<div class=\"elementor-element elementor-element-d8887dc elementor-widget elementor-widget-heading\" data-id=\"d8887dc\" data-element_type=\"widget\" data-widget_type=\"heading.default\">\n\t\t\t\t<div class=\"elementor-widget-container\">\n\t\t\t<h6 class=\"elementor-heading-title elementor-size-default\">Fundo de Incentivo \u00e0 Extens\u00e3o - FIEX<\/h6>\t\t<\/div>\n\t\t\t\t<\/div>\n\t\t\t\t\t<\/div>\n\t\t<\/div>\n\t\t\t\t<div class=\"elementor-column elementor-col-33 elementor-inner-column elementor-element elementor-element-d310646\" data-id=\"d310646\" data-element_type=\"column\">\n\t\t\t<div class=\"elementor-widget-wrap elementor-element-populated\">\n\t\t\t\t\t\t<div class=\"elementor-element elementor-element-8bceb46 elementor-view-default elementor-widget elementor-widget-icon\" data-id=\"8bceb46\" data-element_type=\"widget\" data-widget_type=\"icon.default\">\n\t\t\t\t<div class=\"elementor-widget-container\">\n\t\t\t\t\t<div class=\"elementor-icon-wrapper\">\n\t\t\t<a class=\"elementor-icon\" href=\"https:\/\/www.ufsm.br\/pro-reitorias\/pre\/cafe\/siec\">\n\t\t\t<i aria-hidden=\"true\" class=\"fas fa-window-restore\"><\/i>\t\t\t<\/a>\n\t\t<\/div>\n\t\t\t\t<\/div>\n\t\t\t\t<\/div>\n\t\t\t\t<div class=\"elementor-element elementor-element-fa97434 elementor-widget elementor-widget-heading\" data-id=\"fa97434\" data-element_type=\"widget\" data-widget_type=\"heading.default\">\n\t\t\t\t<div class=\"elementor-widget-container\">\n\t\t\t<h6 class=\"elementor-heading-title elementor-size-default\">Subdivis\u00e3o de Inser\u00e7\u00e3o da Extens\u00e3o nos Cursos - SIEC<\/h6>\t\t<\/div>\n\t\t\t\t<\/div>\n\t\t\t\t\t<\/div>\n\t\t<\/div>\n\t\t\t\t<div class=\"elementor-column elementor-col-33 elementor-inner-column elementor-element elementor-element-e3af38f\" data-id=\"e3af38f\" data-element_type=\"column\">\n\t\t\t<div class=\"elementor-widget-wrap elementor-element-populated\">\n\t\t\t\t\t\t<div class=\"elementor-element elementor-element-fd9db65 elementor-view-default elementor-widget elementor-widget-icon\" data-id=\"fd9db65\" data-element_type=\"widget\" data-widget_type=\"icon.default\">\n\t\t\t\t<div class=\"elementor-widget-container\">\n\t\t\t\t\t<div class=\"elementor-icon-wrapper\">\n\t\t\t<a class=\"elementor-icon\" href=\"https:\/\/www.ufsm.br\/pro-reitorias\/pre\/cafe\/sde\">\n\t\t\t<i aria-hidden=\"true\" class=\"fas fa-bullhorn\"><\/i>\t\t\t<\/a>\n\t\t<\/div>\n\t\t\t\t<\/div>\n\t\t\t\t<\/div>\n\t\t\t\t<div class=\"elementor-element elementor-element-42abdcb elementor-widget elementor-widget-heading\" data-id=\"42abdcb\" data-element_type=\"widget\" data-widget_type=\"heading.default\">\n\t\t\t\t<div class=\"elementor-widget-container\">\n\t\t\t<h6 class=\"elementor-heading-title elementor-size-default\">Subdivis\u00e3o de Divulga\u00e7\u00e3o e Editora\u00e7\u00e3o - SDE<\/h6>\t\t<\/div>\n\t\t\t\t<\/div>\n\t\t\t\t\t<\/div>\n\t\t<\/div>\n\t\t\t\t\t<\/div>\n\t\t<\/section>\n\t\t\t\t\t<\/div>\n\t\t<\/div>\n\t\t\t\t\t<\/div>\n\t\t<\/section>\n\t\t\t\t<section class=\"elementor-section elementor-top-section elementor-element elementor-element-eaaf361 elementor-section-boxed elementor-section-height-default elementor-section-height-default\" data-id=\"eaaf361\" data-element_type=\"section\">\n\t\t\t\t\t\t<div class=\"elementor-container elementor-column-gap-default\">\n\t\t\t\t\t<div class=\"elementor-column elementor-col-100 elementor-top-column elementor-element elementor-element-4c11c06\" data-id=\"4c11c06\" data-element_type=\"column\">\n\t\t\t<div class=\"elementor-widget-wrap elementor-element-populated\">\n\t\t\t\t\t\t<div class=\"elementor-element elementor-element-c83ceba elementor-widget elementor-widget-heading\" data-id=\"c83ceba\" data-element_type=\"widget\" data-widget_type=\"heading.default\">\n\t\t\t\t<div class=\"elementor-widget-container\">\n\t\t\t<h5 class=\"elementor-heading-title elementor-size-default\"><a href=\"https:\/\/www.ufsm.br\/pro-reitorias\/pre\/cca\/\">Cultura e Arte<\/a><\/h5>\t\t<\/div>\n\t\t\t\t<\/div>\n\t\t\t\t\t<\/div>\n\t\t<\/div>\n\t\t\t\t\t<\/div>\n\t\t<\/section>\n\t\t\t\t<section class=\"elementor-section elementor-top-section elementor-element elementor-element-843bcc9 elementor-section-boxed elementor-section-height-default elementor-section-height-default\" data-id=\"843bcc9\" data-element_type=\"section\">\n\t\t\t\t\t\t<div class=\"elementor-container elementor-column-gap-default\">\n\t\t\t\t\t<div class=\"elementor-column elementor-col-50 elementor-top-column elementor-element elementor-element-612520e\" data-id=\"612520e\" data-element_type=\"column\">\n\t\t\t<div class=\"elementor-widget-wrap elementor-element-populated\">\n\t\t\t\t\t\t<div class=\"elementor-element elementor-element-bbaf882 elementor-view-default elementor-widget elementor-widget-icon\" data-id=\"bbaf882\" data-element_type=\"widget\" data-widget_type=\"icon.default\">\n\t\t\t\t<div class=\"elementor-widget-container\">\n\t\t\t\t\t<div class=\"elementor-icon-wrapper\">\n\t\t\t<a class=\"elementor-icon\" href=\"https:\/\/www.ufsm.br\/outros-orgaos\/cc\/\">\n\t\t\t<i aria-hidden=\"true\" class=\"fas fa-theater-masks\"><\/i>\t\t\t<\/a>\n\t\t<\/div>\n\t\t\t\t<\/div>\n\t\t\t\t<\/div>\n\t\t\t\t<div class=\"elementor-element elementor-element-650b4e2 elementor-widget elementor-widget-heading\" data-id=\"650b4e2\" data-element_type=\"widget\" data-widget_type=\"heading.default\">\n\t\t\t\t<div class=\"elementor-widget-container\">\n\t\t\t<h6 class=\"elementor-heading-title elementor-size-default\">Centro de Conven\u00e7\u00f5es<\/h6>\t\t<\/div>\n\t\t\t\t<\/div>\n\t\t\t\t\t<\/div>\n\t\t<\/div>\n\t\t\t\t<div class=\"elementor-column elementor-col-50 elementor-top-column elementor-element elementor-element-70d1c57\" data-id=\"70d1c57\" data-element_type=\"column\">\n\t\t\t<div class=\"elementor-widget-wrap elementor-element-populated\">\n\t\t\t\t\t\t<div class=\"elementor-element elementor-element-fb727f8 elementor-view-default elementor-widget elementor-widget-icon\" data-id=\"fb727f8\" data-element_type=\"widget\" data-widget_type=\"icon.default\">\n\t\t\t\t<div class=\"elementor-widget-container\">\n\t\t\t\t\t<div class=\"elementor-icon-wrapper\">\n\t\t\t<a class=\"elementor-icon\" href=\"https:\/\/www.ufsm.br\/pro-reitorias\/pre\/cca\/divisao-de-museus-ufsm\/\">\n\t\t\t<i aria-hidden=\"true\" class=\"fas fa-university\"><\/i>\t\t\t<\/a>\n\t\t<\/div>\n\t\t\t\t<\/div>\n\t\t\t\t<\/div>\n\t\t\t\t<div class=\"elementor-element elementor-element-4636c30 elementor-widget elementor-widget-heading\" data-id=\"4636c30\" data-element_type=\"widget\" data-widget_type=\"heading.default\">\n\t\t\t\t<div class=\"elementor-widget-container\">\n\t\t\t<h6 class=\"elementor-heading-title elementor-size-default\">Divis\u00e3o de Museus UFSM<\/h6>\t\t<\/div>\n\t\t\t\t<\/div>\n\t\t\t\t\t<\/div>\n\t\t<\/div>\n\t\t\t\t\t<\/div>\n\t\t<\/section>\n\t\t\t\t<section class=\"elementor-section elementor-top-section elementor-element elementor-element-1c0b6c0 elementor-section-boxed elementor-section-height-default elementor-section-height-default\" data-id=\"1c0b6c0\" data-element_type=\"section\">\n\t\t\t\t\t\t<div class=\"elementor-container elementor-column-gap-default\">\n\t\t\t\t\t<div class=\"elementor-column elementor-col-50 elementor-top-column elementor-element elementor-element-c8a8051\" data-id=\"c8a8051\" data-element_type=\"column\">\n\t\t\t<div class=\"elementor-widget-wrap elementor-element-populated\">\n\t\t\t\t\t\t<div class=\"elementor-element elementor-element-20bc725 elementor-view-default elementor-widget elementor-widget-icon\" data-id=\"20bc725\" data-element_type=\"widget\" data-widget_type=\"icon.default\">\n\t\t\t\t<div class=\"elementor-widget-container\">\n\t\t\t\t\t<div class=\"elementor-icon-wrapper\">\n\t\t\t<a class=\"elementor-icon\" href=\"https:\/\/www.ufsm.br\/orgaos-suplementares\/orquestra-sinfonica\/\">\n\t\t\t<i aria-hidden=\"true\" class=\"fas fa-music\"><\/i>\t\t\t<\/a>\n\t\t<\/div>\n\t\t\t\t<\/div>\n\t\t\t\t<\/div>\n\t\t\t\t<div class=\"elementor-element elementor-element-23eedf5 elementor-widget elementor-widget-heading\" data-id=\"23eedf5\" data-element_type=\"widget\" data-widget_type=\"heading.default\">\n\t\t\t\t<div class=\"elementor-widget-container\">\n\t\t\t<h6 class=\"elementor-heading-title elementor-size-default\">Orquestra Sinf\u00f4nica de Santa Maria<\/h6>\t\t<\/div>\n\t\t\t\t<\/div>\n\t\t\t\t\t<\/div>\n\t\t<\/div>\n\t\t\t\t<div class=\"elementor-column elementor-col-50 elementor-top-column elementor-element elementor-element-7e12b0f\" data-id=\"7e12b0f\" data-element_type=\"column\">\n\t\t\t<div class=\"elementor-widget-wrap elementor-element-populated\">\n\t\t\t\t\t\t<div class=\"elementor-element elementor-element-3891734 elementor-view-default elementor-widget elementor-widget-icon\" data-id=\"3891734\" data-element_type=\"widget\" data-widget_type=\"icon.default\">\n\t\t\t\t<div class=\"elementor-widget-container\">\n\t\t\t\t\t<div class=\"elementor-icon-wrapper\">\n\t\t\t<a class=\"elementor-icon\" href=\"https:\/\/www.ufsm.br\/pro-reitorias\/pre\/cca\/divisao-de-museus-ufsm\/rota-cultural-ufsm\/\">\n\t\t\t<i aria-hidden=\"true\" class=\"fas fa-map-marker-alt\"><\/i>\t\t\t<\/a>\n\t\t<\/div>\n\t\t\t\t<\/div>\n\t\t\t\t<\/div>\n\t\t\t\t<div class=\"elementor-element elementor-element-f82a344 elementor-widget elementor-widget-heading\" data-id=\"f82a344\" data-element_type=\"widget\" data-widget_type=\"heading.default\">\n\t\t\t\t<div class=\"elementor-widget-container\">\n\t\t\t<h6 class=\"elementor-heading-title elementor-size-default\">Programa Rota Cultural<\/h6>\t\t<\/div>\n\t\t\t\t<\/div>\n\t\t\t\t\t<\/div>\n\t\t<\/div>\n\t\t\t\t\t<\/div>\n\t\t<\/section>\n\t\t\t\t<section class=\"elementor-section elementor-top-section elementor-element elementor-element-fc44877 elementor-section-boxed elementor-section-height-default elementor-section-height-default\" data-id=\"fc44877\" data-element_type=\"section\">\n\t\t\t\t\t\t<div class=\"elementor-container elementor-column-gap-default\">\n\t\t\t\t\t<div class=\"elementor-column elementor-col-100 elementor-top-column elementor-element elementor-element-12dc04f\" data-id=\"12dc04f\" data-element_type=\"column\">\n\t\t\t<div class=\"elementor-widget-wrap elementor-element-populated\">\n\t\t\t\t\t\t<div class=\"elementor-element elementor-element-0bbd407 elementor-widget elementor-widget-heading\" data-id=\"0bbd407\" data-element_type=\"widget\" data-widget_type=\"heading.default\">\n\t\t\t\t<div class=\"elementor-widget-container\">\n\t\t\t<h5 class=\"elementor-heading-title elementor-size-default\"><a href=\"https:\/\/www.ufsm.br\/pro-reitorias\/pre\/coder\">Desenvolvimento Regional<\/a><\/h5>\t\t<\/div>\n\t\t\t\t<\/div>\n\t\t\t\t\t<\/div>\n\t\t<\/div>\n\t\t\t\t\t<\/div>\n\t\t<\/section>\n\t\t\t\t<section class=\"elementor-section elementor-top-section elementor-element elementor-element-090afb6 elementor-section-boxed elementor-section-height-default elementor-section-height-default\" data-id=\"090afb6\" data-element_type=\"section\">\n\t\t\t\t\t\t<div class=\"elementor-container elementor-column-gap-default\">\n\t\t\t\t\t<div class=\"elementor-column elementor-col-50 elementor-top-column elementor-element elementor-element-0917ed5\" data-id=\"0917ed5\" data-element_type=\"column\">\n\t\t\t<div class=\"elementor-widget-wrap elementor-element-populated\">\n\t\t\t\t\t\t<div class=\"elementor-element elementor-element-5f318f1 elementor-view-default elementor-widget elementor-widget-icon\" data-id=\"5f318f1\" data-element_type=\"widget\" data-widget_type=\"icon.default\">\n\t\t\t\t<div class=\"elementor-widget-container\">\n\t\t\t\t\t<div class=\"elementor-icon-wrapper\">\n\t\t\t<a class=\"elementor-icon\" href=\"https:\/\/www.ufsm.br\/pro-reitorias\/pre\/geoparques\/\">\n\t\t\t<i aria-hidden=\"true\" class=\"fas fa-map-signs\"><\/i>\t\t\t<\/a>\n\t\t<\/div>\n\t\t\t\t<\/div>\n\t\t\t\t<\/div>\n\t\t\t\t<div class=\"elementor-element elementor-element-2888da3 elementor-widget elementor-widget-heading\" data-id=\"2888da3\" data-element_type=\"widget\" data-widget_type=\"heading.default\">\n\t\t\t\t<div class=\"elementor-widget-container\">\n\t\t\t<h6 class=\"elementor-heading-title elementor-size-default\">Subdivis\u00e3o de Geoparques <\/h6>\t\t<\/div>\n\t\t\t\t<\/div>\n\t\t\t\t\t<\/div>\n\t\t<\/div>\n\t\t\t\t<div class=\"elementor-column elementor-col-50 elementor-top-column elementor-element elementor-element-d54f18a\" data-id=\"d54f18a\" data-element_type=\"column\">\n\t\t\t<div class=\"elementor-widget-wrap elementor-element-populated\">\n\t\t\t\t\t\t<div class=\"elementor-element elementor-element-d5e0819 elementor-view-default elementor-widget elementor-widget-icon\" data-id=\"d5e0819\" data-element_type=\"widget\" data-widget_type=\"icon.default\">\n\t\t\t\t<div class=\"elementor-widget-container\">\n\t\t\t\t\t<div class=\"elementor-icon-wrapper\">\n\t\t\t<a class=\"elementor-icon\" href=\"https:\/\/www.ufsm.br\/pro-reitorias\/pre\/silveira-martins\">\n\t\t\t<i aria-hidden=\"true\" class=\"far fa-map\"><\/i>\t\t\t<\/a>\n\t\t<\/div>\n\t\t\t\t<\/div>\n\t\t\t\t<\/div>\n\t\t\t\t<div class=\"elementor-element elementor-element-c9a0ff9 elementor-widget elementor-widget-heading\" data-id=\"c9a0ff9\" data-element_type=\"widget\" data-widget_type=\"heading.default\">\n\t\t\t\t<div class=\"elementor-widget-container\">\n\t\t\t<h6 class=\"elementor-heading-title elementor-size-default\">Espa\u00e7o Multidisciplinar Silveira Martins<\/h6>\t\t<\/div>\n\t\t\t\t<\/div>\n\t\t\t\t\t<\/div>\n\t\t<\/div>\n\t\t\t\t\t<\/div>\n\t\t<\/section>\n\t\t\t\t<section class=\"elementor-section elementor-top-section elementor-element elementor-element-586f504 elementor-section-boxed elementor-section-height-default elementor-section-height-default\" data-id=\"586f504\" data-element_type=\"section\">\n\t\t\t\t\t\t<div class=\"elementor-container elementor-column-gap-default\">\n\t\t\t\t\t<div class=\"elementor-column elementor-col-100 elementor-top-column elementor-element elementor-element-8211b90\" data-id=\"8211b90\" data-element_type=\"column\">\n\t\t\t<div class=\"elementor-widget-wrap elementor-element-populated\">\n\t\t\t\t\t\t<div class=\"elementor-element elementor-element-6112217 elementor-widget elementor-widget-heading\" data-id=\"6112217\" data-element_type=\"widget\" data-widget_type=\"heading.default\">\n\t\t\t\t<div class=\"elementor-widget-container\">\n\t\t\t<h5 class=\"elementor-heading-title elementor-size-default\"><a href=\"https:\/\/www.ufsm.br\/pro-reitorias\/pre\/cocid\">Cidadania<\/a><\/h5>\t\t<\/div>\n\t\t\t\t<\/div>\n\t\t\t\t\t<\/div>\n\t\t<\/div>\n\t\t\t\t\t<\/div>\n\t\t<\/section>\n\t\t\t\t<section class=\"elementor-section elementor-top-section elementor-element elementor-element-25312df elementor-section-boxed elementor-section-height-default elementor-section-height-default\" data-id=\"25312df\" data-element_type=\"section\">\n\t\t\t\t\t\t<div class=\"elementor-container elementor-column-gap-default\">\n\t\t\t\t\t<div class=\"elementor-column elementor-col-33 elementor-top-column elementor-element elementor-element-7344088\" data-id=\"7344088\" data-element_type=\"column\">\n\t\t\t<div class=\"elementor-widget-wrap elementor-element-populated\">\n\t\t\t\t\t\t<div class=\"elementor-element elementor-element-28434af elementor-view-default elementor-widget elementor-widget-icon\" data-id=\"28434af\" data-element_type=\"widget\" data-widget_type=\"icon.default\">\n\t\t\t\t<div class=\"elementor-widget-container\">\n\t\t\t\t\t<div class=\"elementor-icon-wrapper\">\n\t\t\t<a class=\"elementor-icon\" href=\"https:\/\/www.ufsm.br\/pro-reitorias\/pre\/complexo-multicultural-antiga-reitoria\">\n\t\t\t<i aria-hidden=\"true\" class=\"fas fa-building\"><\/i>\t\t\t<\/a>\n\t\t<\/div>\n\t\t\t\t<\/div>\n\t\t\t\t<\/div>\n\t\t\t\t<div class=\"elementor-element elementor-element-a20111f elementor-widget elementor-widget-heading\" data-id=\"a20111f\" data-element_type=\"widget\" data-widget_type=\"heading.default\">\n\t\t\t\t<div class=\"elementor-widget-container\">\n\t\t\t<h6 class=\"elementor-heading-title elementor-size-default\"><a href=\"https:\/\/www.ufsm.br\/pro-reitorias\/pre\/complexo-multicultural-antiga-reitoria\">Antiga Reitoria<\/a><\/h6>\t\t<\/div>\n\t\t\t\t<\/div>\n\t\t\t\t<div class=\"elementor-element elementor-element-3ae4076 elementor-widget elementor-widget-spacer\" data-id=\"3ae4076\" data-element_type=\"widget\" data-widget_type=\"spacer.default\">\n\t\t\t\t<div class=\"elementor-widget-container\">\n\t\t\t\t\t<div class=\"elementor-spacer\">\n\t\t\t<div class=\"elementor-spacer-inner\"><\/div>\n\t\t<\/div>\n\t\t\t\t<\/div>\n\t\t\t\t<\/div>\n\t\t\t\t<div class=\"elementor-element elementor-element-c71646b elementor-view-default elementor-widget elementor-widget-icon\" data-id=\"c71646b\" data-element_type=\"widget\" data-widget_type=\"icon.default\">\n\t\t\t\t<div class=\"elementor-widget-container\">\n\t\t\t\t\t<div class=\"elementor-icon-wrapper\">\n\t\t\t<a class=\"elementor-icon\" href=\"https:\/\/www.ufsm.br\/pro-reitorias\/pre\/incubadora-social\/\">\n\t\t\t<i aria-hidden=\"true\" class=\"fas fa-users\"><\/i>\t\t\t<\/a>\n\t\t<\/div>\n\t\t\t\t<\/div>\n\t\t\t\t<\/div>\n\t\t\t\t<div class=\"elementor-element elementor-element-483eb76 elementor-widget elementor-widget-heading\" data-id=\"483eb76\" data-element_type=\"widget\" data-widget_type=\"heading.default\">\n\t\t\t\t<div class=\"elementor-widget-container\">\n\t\t\t<h6 class=\"elementor-heading-title elementor-size-default\">Incubadora Social<\/h6>\t\t<\/div>\n\t\t\t\t<\/div>\n\t\t\t\t\t<\/div>\n\t\t<\/div>\n\t\t\t\t<div class=\"elementor-column elementor-col-33 elementor-top-column elementor-element elementor-element-835ca01\" data-id=\"835ca01\" data-element_type=\"column\">\n\t\t\t<div class=\"elementor-widget-wrap elementor-element-populated\">\n\t\t\t\t\t\t<div class=\"elementor-element elementor-element-f3da807 elementor-view-default elementor-widget elementor-widget-icon\" data-id=\"f3da807\" data-element_type=\"widget\" data-widget_type=\"icon.default\">\n\t\t\t\t<div class=\"elementor-widget-container\">\n\t\t\t\t\t<div class=\"elementor-icon-wrapper\">\n\t\t\t<a class=\"elementor-icon\" href=\"https:\/\/www.ufsm.br\/pro-reitorias\/pre\/observatorio-de-direitos-humanos\/casa-veronica\/\">\n\t\t\t<i aria-hidden=\"true\" class=\"fas fa-hand-holding-heart\"><\/i>\t\t\t<\/a>\n\t\t<\/div>\n\t\t\t\t<\/div>\n\t\t\t\t<\/div>\n\t\t\t\t<div class=\"elementor-element elementor-element-dc5a695 elementor-widget elementor-widget-heading\" data-id=\"dc5a695\" data-element_type=\"widget\" data-widget_type=\"heading.default\">\n\t\t\t\t<div class=\"elementor-widget-container\">\n\t\t\t<h6 class=\"elementor-heading-title elementor-size-default\">Casa Ver\u00f4nica<\/h6>\t\t<\/div>\n\t\t\t\t<\/div>\n\t\t\t\t<div class=\"elementor-element elementor-element-cfcfc7c elementor-widget elementor-widget-spacer\" data-id=\"cfcfc7c\" data-element_type=\"widget\" data-widget_type=\"spacer.default\">\n\t\t\t\t<div class=\"elementor-widget-container\">\n\t\t\t\t\t<div class=\"elementor-spacer\">\n\t\t\t<div class=\"elementor-spacer-inner\"><\/div>\n\t\t<\/div>\n\t\t\t\t<\/div>\n\t\t\t\t<\/div>\n\t\t\t\t<div class=\"elementor-element elementor-element-4767d69 elementor-view-default elementor-widget elementor-widget-icon\" data-id=\"4767d69\" data-element_type=\"widget\" data-widget_type=\"icon.default\">\n\t\t\t\t<div class=\"elementor-widget-container\">\n\t\t\t\t\t<div class=\"elementor-icon-wrapper\">\n\t\t\t<a class=\"elementor-icon\" href=\"https:\/\/www.ufsm.br\/pro-reitorias\/pre\/observatorio-de-direitos-humanos\">\n\t\t\t<i aria-hidden=\"true\" class=\"fas fa-balance-scale\"><\/i>\t\t\t<\/a>\n\t\t<\/div>\n\t\t\t\t<\/div>\n\t\t\t\t<\/div>\n\t\t\t\t<div class=\"elementor-element elementor-element-1ad4782 elementor-widget elementor-widget-heading\" data-id=\"1ad4782\" data-element_type=\"widget\" data-widget_type=\"heading.default\">\n\t\t\t\t<div class=\"elementor-widget-container\">\n\t\t\t<h6 class=\"elementor-heading-title elementor-size-default\">Observat\u00f3rio de Direitos Humanos<\/h6>\t\t<\/div>\n\t\t\t\t<\/div>\n\t\t\t\t\t<\/div>\n\t\t<\/div>\n\t\t\t\t<div class=\"elementor-column elementor-col-33 elementor-top-column elementor-element elementor-element-7ce1516\" data-id=\"7ce1516\" data-element_type=\"column\">\n\t\t\t<div class=\"elementor-widget-wrap elementor-element-populated\">\n\t\t\t\t\t\t<div class=\"elementor-element elementor-element-52238e2 elementor-view-default elementor-widget elementor-widget-icon\" data-id=\"52238e2\" data-element_type=\"widget\" data-widget_type=\"icon.default\">\n\t\t\t\t<div class=\"elementor-widget-container\">\n\t\t\t\t\t<div class=\"elementor-icon-wrapper\">\n\t\t\t<a class=\"elementor-icon\" href=\"https:\/\/www.ufsm.br\/pro-reitorias\/pre\/empresas-juniores\/\">\n\t\t\t<i aria-hidden=\"true\" class=\"fas fa-business-time\"><\/i>\t\t\t<\/a>\n\t\t<\/div>\n\t\t\t\t<\/div>\n\t\t\t\t<\/div>\n\t\t\t\t<div class=\"elementor-element elementor-element-404ab7a elementor-widget elementor-widget-heading\" data-id=\"404ab7a\" data-element_type=\"widget\" data-widget_type=\"heading.default\">\n\t\t\t\t<div class=\"elementor-widget-container\">\n\t\t\t<h6 class=\"elementor-heading-title elementor-size-default\">Empresas Juniores<\/h6>\t\t<\/div>\n\t\t\t\t<\/div>\n\t\t\t\t<div class=\"elementor-element elementor-element-4ad9e1d elementor-widget elementor-widget-spacer\" data-id=\"4ad9e1d\" data-element_type=\"widget\" data-widget_type=\"spacer.default\">\n\t\t\t\t<div class=\"elementor-widget-container\">\n\t\t\t\t\t<div class=\"elementor-spacer\">\n\t\t\t<div class=\"elementor-spacer-inner\"><\/div>\n\t\t<\/div>\n\t\t\t\t<\/div>\n\t\t\t\t<\/div>\n\t\t\t\t\t<\/div>\n\t\t<\/div>\n\t\t\t\t\t<\/div>\n\t\t<\/section>\n\t\t\t\t<section class=\"elementor-section elementor-top-section elementor-element elementor-element-e3cb13c elementor-section-boxed elementor-section-height-default elementor-section-height-default\" data-id=\"e3cb13c\" data-element_type=\"section\">\n\t\t\t\t\t\t<div class=\"elementor-container elementor-column-gap-default\">\n\t\t\t\t\t<div class=\"elementor-column elementor-col-100 elementor-top-column elementor-element elementor-element-771be19\" data-id=\"771be19\" data-element_type=\"column\">\n\t\t\t<div class=\"elementor-widget-wrap elementor-element-populated\">\n\t\t\t\t\t\t<div class=\"elementor-element elementor-element-3ee697d elementor-widget elementor-widget-wp-widget-ufsm_noticias_widget\" data-id=\"3ee697d\" data-element_type=\"widget\" data-widget_type=\"wp-widget-ufsm_noticias_widget.default\">\n\t\t\t\t<div class=\"elementor-widget-container\">\n\t\t\t<h5 class='titulo-conteudos'>Isso \u00e9 Extens\u00e3o UFSM<\/h5><div class='widget-noticias-inside'>\n                        <div class=\"row\">\n                                    <div class=\"col-12 col-lg-4 pb-4\">\n                                            <div class=\"noticias-widget-wrap\" style=\"height: 180px; overflow: hidden;\">\n                            <a title=\"\" href=\"https:\/\/www.ufsm.br\/pro-reitorias\/pre\/2026\/09\/02\/parceria-entre-ufsm-e-sesc-amplia-acesso-a-cultura-em-santa-maria\">\n                                <span class=\"visually-hidden\">\n                                    Parceria entre UFSM e Sesc amplia acesso \u00e0 cultura em Santa Maria                                <\/span>\n                                <div class=\"noticias-widget-thumbs h-100\">\n                                    <img decoding=\"async\" class=\"object-fit-cover h-100 w-100\" alt=\"\" srcset=\"https:\/\/www.ufsm.br\/app\/uploads\/sites\/346\/2026\/09\/Base-site-PRE-3-300x150.jpg 300w, https:\/\/www.ufsm.br\/app\/uploads\/sites\/346\/2026\/09\/Base-site-PRE-3-1024x512.jpg 1024w, https:\/\/www.ufsm.br\/app\/uploads\/sites\/346\/2026\/09\/Base-site-PRE-3-768x384.jpg 768w, https:\/\/www.ufsm.br\/app\/uploads\/sites\/346\/2026\/09\/Base-site-PRE-3.jpg 1041w\" src=\"https:\/\/www.ufsm.br\/app\/uploads\/sites\/346\/2026\/09\/Base-site-PRE-3-1024x512.jpg\"><\/img>\n                                <\/div>\n                            <\/a>\n                        <\/div>\n                                        \n                                        \n                    \n                    <a class=\"noticias-widget-title d-block  m-0 \"  title=\"Parceria entre UFSM e Sesc amplia acesso \u00e0 cultura em Santa Maria\" href=\"https:\/\/www.ufsm.br\/pro-reitorias\/pre\/2026\/09\/02\/parceria-entre-ufsm-e-sesc-amplia-acesso-a-cultura-em-santa-maria\">\n                                                Parceria entre UFSM e Sesc amplia acesso \u00e0 cultura em Santa Maria                    <\/a>\n                    \n                                            <div class=\"noticias-widget-introtext\">\n                            A parceria entre a Universidade Federal de Santa Maria e o Sesc Santa Maria segue ampliando a oferta de programa\u00e7\u00e3o&hellip;                        <\/div>\n                    \n                                        \n                                        \n                                        <\/div>\n                                    <div class=\"col-12 col-lg-4 pb-4\">\n                                            <div class=\"noticias-widget-wrap\" style=\"height: 180px; overflow: hidden;\">\n                            <a title=\"\" href=\"https:\/\/www.ufsm.br\/pro-reitorias\/pre\/2026\/09\/02\/sao-sepe-abre-inscricoes-para-a-24a-caminhada-internacional-na-natureza-na-regiao-central-do-rs\">\n                                <span class=\"visually-hidden\">\n                                    S\u00e3o Sep\u00e9 abre inscri\u00e7\u00f5es para a 24\u00aa Caminhada Internacional na Natureza na Regi\u00e3o Central do RS                                <\/span>\n                                <div class=\"noticias-widget-thumbs h-100\">\n                                    <img decoding=\"async\" class=\"object-fit-cover h-100 w-100\" alt=\"\" srcset=\"https:\/\/www.ufsm.br\/app\/uploads\/sites\/346\/2026\/09\/Base-site-PRE-1-300x150.jpg 300w, https:\/\/www.ufsm.br\/app\/uploads\/sites\/346\/2026\/09\/Base-site-PRE-1-1024x512.jpg 1024w, https:\/\/www.ufsm.br\/app\/uploads\/sites\/346\/2026\/09\/Base-site-PRE-1-768x384.jpg 768w, https:\/\/www.ufsm.br\/app\/uploads\/sites\/346\/2026\/09\/Base-site-PRE-1.jpg 1041w\" src=\"https:\/\/www.ufsm.br\/app\/uploads\/sites\/346\/2026\/09\/Base-site-PRE-1-1024x512.jpg\"><\/img>\n                                <\/div>\n                            <\/a>\n                        <\/div>\n                                        \n                                        \n                    \n                    <a class=\"noticias-widget-title d-block  m-0 \"  title=\"S\u00e3o Sep\u00e9 abre inscri\u00e7\u00f5es para a 24\u00aa Caminhada Internacional na Natureza na Regi\u00e3o Central do RS\" href=\"https:\/\/www.ufsm.br\/pro-reitorias\/pre\/2026\/09\/02\/sao-sepe-abre-inscricoes-para-a-24a-caminhada-internacional-na-natureza-na-regiao-central-do-rs\">\n                                                S\u00e3o Sep\u00e9 abre inscri\u00e7\u00f5es para a 24\u00aa Caminhada Internacional na Natureza na Regi\u00e3o Central do RS                    <\/a>\n                    \n                                            <div class=\"noticias-widget-introtext\">\n                            Evento gratuito re\u00fane caminhantes, agricultores, familiares e institui\u00e7\u00f5es parceiras em percurso de 8 km pela Rota Italiana na Localidade da&hellip;                        <\/div>\n                    \n                                        \n                                        \n                                        <\/div>\n                                    <div class=\"col-12 col-lg-4 pb-4\">\n                                            <div class=\"noticias-widget-wrap\" style=\"height: 180px; overflow: hidden;\">\n                            <a title=\"\" href=\"https:\/\/www.ufsm.br\/pro-reitorias\/pre\/2026\/08\/26\/formigueiro-realiza-primeira-caminhada-internacional-na-natureza-e-fortalece-turismo-rural-agricultura-familiar-e-identidade-comunitaria\">\n                                <span class=\"visually-hidden\">\n                                    Formigueiro realiza primeira Caminhada Internacional na Natureza e fortalece turismo rural, agricultura familiar e identidade comunit\u00e1ria                                <\/span>\n                                <div class=\"noticias-widget-thumbs h-100\">\n                                    <img decoding=\"async\" class=\"object-fit-cover h-100 w-100\" alt=\"\" srcset=\"https:\/\/www.ufsm.br\/app\/uploads\/sites\/346\/2026\/08\/Base-site-PRE-4-1-300x150.jpg 300w, https:\/\/www.ufsm.br\/app\/uploads\/sites\/346\/2026\/08\/Base-site-PRE-4-1-1024x512.jpg 1024w, https:\/\/www.ufsm.br\/app\/uploads\/sites\/346\/2026\/08\/Base-site-PRE-4-1-768x384.jpg 768w, https:\/\/www.ufsm.br\/app\/uploads\/sites\/346\/2026\/08\/Base-site-PRE-4-1.jpg 1041w\" src=\"https:\/\/www.ufsm.br\/app\/uploads\/sites\/346\/2026\/08\/Base-site-PRE-4-1-1024x512.jpg\"><\/img>\n                                <\/div>\n                            <\/a>\n                        <\/div>\n                                        \n                                        \n                    \n                    <a class=\"noticias-widget-title d-block  m-0 \"  title=\"Formigueiro realiza primeira Caminhada Internacional na Natureza e fortalece turismo rural, agricultura familiar e identidade comunit\u00e1ria\" href=\"https:\/\/www.ufsm.br\/pro-reitorias\/pre\/2026\/08\/26\/formigueiro-realiza-primeira-caminhada-internacional-na-natureza-e-fortalece-turismo-rural-agricultura-familiar-e-identidade-comunitaria\">\n                                                Formigueiro realiza primeira Caminhada Internacional na Natureza e fortalece turismo rural, agricultura familiar e identidade comunit\u00e1ria                    <\/a>\n                    \n                                            <div class=\"noticias-widget-introtext\">\n                            Primeira edi\u00e7\u00e3o da Caminhada Internacional na Natureza reuniu 185 caminhantes em percurso de 12 quil\u00f4metros, gerou R$ 12.329,00 em movimenta\u00e7\u00e3o&hellip;                        <\/div>\n                    \n                                        \n                                        \n                                        <\/div>\n                            <\/div>\n                    <div class=\"row\">\n                                    <div class=\"col-12 col-lg-4 pb-4\">\n                                            <div class=\"noticias-widget-wrap\" style=\"height: 180px; overflow: hidden;\">\n                            <a title=\"\" href=\"https:\/\/www.ufsm.br\/pro-reitorias\/pre\/2026\/08\/24\/editora-da-pro-reitoria-de-extensao-lanca-26-obras-durante-a-53a-feira-do-livro-de-santa-maria\">\n                                <span class=\"visually-hidden\">\n                                    Editora da Pr\u00f3-Reitoria de Extens\u00e3o lan\u00e7a 26 obras durante a 53\u00aa Feira do Livro de Santa Maria                                <\/span>\n                                <div class=\"noticias-widget-thumbs h-100\">\n                                    <img decoding=\"async\" class=\"object-fit-cover h-100 w-100\" alt=\"\" srcset=\"https:\/\/www.ufsm.br\/app\/uploads\/sites\/346\/2026\/08\/Base-site-PRE-14-300x150.jpg 300w, https:\/\/www.ufsm.br\/app\/uploads\/sites\/346\/2026\/08\/Base-site-PRE-14-1024x512.jpg 1024w, https:\/\/www.ufsm.br\/app\/uploads\/sites\/346\/2026\/08\/Base-site-PRE-14-768x384.jpg 768w, https:\/\/www.ufsm.br\/app\/uploads\/sites\/346\/2026\/08\/Base-site-PRE-14.jpg 1041w\" src=\"https:\/\/www.ufsm.br\/app\/uploads\/sites\/346\/2026\/08\/Base-site-PRE-14-1024x512.jpg\"><\/img>\n                                <\/div>\n                            <\/a>\n                        <\/div>\n                                        \n                                        \n                    \n                    <a class=\"noticias-widget-title d-block  m-0 \"  title=\"Editora da Pr\u00f3-Reitoria de Extens\u00e3o lan\u00e7a 26 obras durante a 53\u00aa Feira do Livro de Santa Maria\" href=\"https:\/\/www.ufsm.br\/pro-reitorias\/pre\/2026\/08\/24\/editora-da-pro-reitoria-de-extensao-lanca-26-obras-durante-a-53a-feira-do-livro-de-santa-maria\">\n                                                Editora da Pr\u00f3-Reitoria de Extens\u00e3o lan\u00e7a 26 obras durante a 53\u00aa Feira do Livro de Santa Maria                    <\/a>\n                    \n                                            <div class=\"noticias-widget-introtext\">\n                            A Editora da Pr\u00f3-Reitoria de Extens\u00e3o da UFSM lan\u00e7ou 26 obras durante a 53\u00aa Feira do Livro de Santa Maria,&hellip;                        <\/div>\n                    \n                                        \n                                        \n                                        <\/div>\n                                    <div class=\"col-12 col-lg-4 pb-4\">\n                                            <div class=\"noticias-widget-wrap\" style=\"height: 180px; overflow: hidden;\">\n                            <a title=\"\" href=\"https:\/\/www.ufsm.br\/pro-reitorias\/pre\/2026\/08\/21\/pro-reitoria-de-extensao-participa-da-recepcao-estudantil-2026-02\">\n                                <span class=\"visually-hidden\">\n                                    Pr\u00f3-Reitoria de Extens\u00e3o participa da Recep\u00e7\u00e3o Estudantil 2026\/02\u00a0                                <\/span>\n                                <div class=\"noticias-widget-thumbs h-100\">\n                                    <img decoding=\"async\" class=\"object-fit-cover h-100 w-100\" alt=\"\" srcset=\"https:\/\/www.ufsm.br\/app\/uploads\/sites\/346\/2026\/08\/Base-site-PRE-13-300x150.jpg 300w, https:\/\/www.ufsm.br\/app\/uploads\/sites\/346\/2026\/08\/Base-site-PRE-13-1024x512.jpg 1024w, https:\/\/www.ufsm.br\/app\/uploads\/sites\/346\/2026\/08\/Base-site-PRE-13-768x384.jpg 768w, https:\/\/www.ufsm.br\/app\/uploads\/sites\/346\/2026\/08\/Base-site-PRE-13.jpg 1041w\" src=\"https:\/\/www.ufsm.br\/app\/uploads\/sites\/346\/2026\/08\/Base-site-PRE-13-1024x512.jpg\"><\/img>\n                                <\/div>\n                            <\/a>\n                        <\/div>\n                                        \n                                        \n                    \n                    <a class=\"noticias-widget-title d-block  m-0 \"  title=\"Pr\u00f3-Reitoria de Extens\u00e3o participa da Recep\u00e7\u00e3o Estudantil 2026\/02\u00a0\" href=\"https:\/\/www.ufsm.br\/pro-reitorias\/pre\/2026\/08\/21\/pro-reitoria-de-extensao-participa-da-recepcao-estudantil-2026-02\">\n                                                Pr\u00f3-Reitoria de Extens\u00e3o participa da Recep\u00e7\u00e3o Estudantil 2026\/02\u00a0                    <\/a>\n                    \n                                            <div class=\"noticias-widget-introtext\">\n                            Os novos estudantes tiveram a oportunidade de conhecer mais sobre a extens\u00e3o universit\u00e1ria durante a Recep\u00e7\u00e3o Estudantil                        <\/div>\n                    \n                                        \n                                        \n                                        <\/div>\n                                    <div class=\"col-12 col-lg-4 pb-4\">\n                                            <div class=\"noticias-widget-wrap\" style=\"height: 180px; overflow: hidden;\">\n                            <a title=\"\" href=\"https:\/\/www.ufsm.br\/pro-reitorias\/pre\/2026\/08\/21\/o-evento-e-de-todos-ufsm-recebe-mocao-de-aplauso-da-camara-de-sao-francisco-de-assis-pela-realizacao-da-caminhada-internacional-na-natureza\">\n                                <span class=\"visually-hidden\">\n                                    \u201cO evento \u00e9 de todos\u201d: UFSM recebe Mo\u00e7\u00e3o de Aplauso da C\u00e2mara de S\u00e3o Francisco de Assis pela realiza\u00e7\u00e3o da Caminhada Internacional na Natureza                                <\/span>\n                                <div class=\"noticias-widget-thumbs h-100\">\n                                    <img decoding=\"async\" class=\"object-fit-cover h-100 w-100\" alt=\"\" srcset=\"https:\/\/www.ufsm.br\/app\/uploads\/sites\/346\/2026\/08\/Base-site-PRE-11-300x150.jpg 300w, https:\/\/www.ufsm.br\/app\/uploads\/sites\/346\/2026\/08\/Base-site-PRE-11-1024x512.jpg 1024w, https:\/\/www.ufsm.br\/app\/uploads\/sites\/346\/2026\/08\/Base-site-PRE-11-768x384.jpg 768w, https:\/\/www.ufsm.br\/app\/uploads\/sites\/346\/2026\/08\/Base-site-PRE-11.jpg 1041w\" src=\"https:\/\/www.ufsm.br\/app\/uploads\/sites\/346\/2026\/08\/Base-site-PRE-11-1024x512.jpg\"><\/img>\n                                <\/div>\n                            <\/a>\n                        <\/div>\n                                        \n                                        \n                    \n                    <a class=\"noticias-widget-title d-block  m-0 \"  title=\"\u201cO evento \u00e9 de todos\u201d: UFSM recebe Mo\u00e7\u00e3o de Aplauso da C\u00e2mara de S\u00e3o Francisco de Assis pela realiza\u00e7\u00e3o da Caminhada Internacional na Natureza\" href=\"https:\/\/www.ufsm.br\/pro-reitorias\/pre\/2026\/08\/21\/o-evento-e-de-todos-ufsm-recebe-mocao-de-aplauso-da-camara-de-sao-francisco-de-assis-pela-realizacao-da-caminhada-internacional-na-natureza\">\n                                                \u201cO evento \u00e9 de todos\u201d: UFSM recebe Mo\u00e7\u00e3o de Aplauso da C\u00e2mara de S\u00e3o Francisco de Assis pela realiza\u00e7\u00e3o da Caminhada Internacional na Natureza                    <\/a>\n                    \n                                            <div class=\"noticias-widget-introtext\">\n                            Of\u00edcio da Presid\u00eancia da C\u00e2mara Municipal formaliza o reconhecimento \u00e0 Universidade Federal de Santa Maria pela organiza\u00e7\u00e3o da 19\u00aa Eco&hellip;                        <\/div>\n                    \n                                        \n                                        \n                                        <\/div>\n                            <\/div>\n            <\/div>\n<div class=\"leia-mais p-1\">\n                <a href=\"https:\/\/www.ufsm.br\/pro-reitorias\/pre\/busca\/?q=&area=post&orderby=date&sites%5B%5D=346\">\n            Quer saber mais? Clique aqui!            <span class=\"icon-box\">\n                <span class=\"bg-ufsm-widget-icon\">\n                    <i class=\"fas fa-chevron-right\" aria-hidden=\"true\"><\/i>\n                <\/span>\n            <\/span>\n        <\/a>\n    <\/div>\n\t\t<\/div>\n\t\t\t\t<\/div>\n\t\t\t\t\t<\/div>\n\t\t<\/div>\n\t\t\t\t\t<\/div>\n\t\t<\/section>\n\t\t\t\t<section class=\"elementor-section elementor-top-section elementor-element elementor-element-08ff7cf elementor-section-boxed elementor-section-height-default elementor-section-height-default\" data-id=\"08ff7cf\" data-element_type=\"section\">\n\t\t\t\t\t\t<div class=\"elementor-container elementor-column-gap-default\">\n\t\t\t\t\t<div class=\"elementor-column elementor-col-100 elementor-top-column elementor-element elementor-element-4351f9e\" data-id=\"4351f9e\" data-element_type=\"column\">\n\t\t\t<div class=\"elementor-widget-wrap elementor-element-populated\">\n\t\t\t\t\t\t<div class=\"elementor-element elementor-element-e830d54 elementor-widget elementor-widget-heading\" data-id=\"e830d54\" data-element_type=\"widget\" data-widget_type=\"heading.default\">\n\t\t\t\t<div class=\"elementor-widget-container\">\n\t\t\t<h5 class=\"elementor-heading-title elementor-size-default\">Extens\u00e3o nos campi<\/h5>\t\t<\/div>\n\t\t\t\t<\/div>\n\t\t\t\t<div class=\"elementor-element elementor-element-2e5a8af elementor-widget elementor-widget-wp-widget-ufsm_noticias_widget\" data-id=\"2e5a8af\" data-element_type=\"widget\" data-widget_type=\"wp-widget-ufsm_noticias_widget.default\">\n\t\t\t\t<div class=\"elementor-widget-container\">\n\t\t\t<div class='widget-noticias-inside'>\n                        <div class=\"row\">\n                                    <div class=\"col-12 col-lg-4 pb-4\">\n                                        \n                                        \n                    \n                    <a class=\"noticias-widget-title d-block \"  title=\"Parceria entre UFSM e Sesc amplia acesso \u00e0 cultura em Santa Maria\" href=\"https:\/\/www.ufsm.br\/pro-reitorias\/pre\/2026\/09\/02\/parceria-entre-ufsm-e-sesc-amplia-acesso-a-cultura-em-santa-maria\">\n                                                Parceria entre UFSM e Sesc amplia acesso \u00e0 cultura em Santa Maria                    <\/a>\n                    \n                    \n                                        \n                                        \n                                            \n                                                    <div title=\"Publicado em 02\/09\/2026 \" class=\"data-publicacao-widget\">\n                                <i  class=\"far fa-clock\"><\/i>\n                                02\/09\/2026                             <\/div>\n                                                                <\/div>\n                                    <div class=\"col-12 col-lg-4 pb-4\">\n                                        \n                                        \n                    \n                    <a class=\"noticias-widget-title d-block \"  title=\"S\u00e3o Sep\u00e9 abre inscri\u00e7\u00f5es para a 24\u00aa Caminhada Internacional na Natureza na Regi\u00e3o Central do RS\" href=\"https:\/\/www.ufsm.br\/pro-reitorias\/pre\/2026\/09\/02\/sao-sepe-abre-inscricoes-para-a-24a-caminhada-internacional-na-natureza-na-regiao-central-do-rs\">\n                                                S\u00e3o Sep\u00e9 abre inscri\u00e7\u00f5es para a 24\u00aa Caminhada Internacional na Natureza na Regi\u00e3o Central do RS                    <\/a>\n                    \n                    \n                                        \n                                        \n                                            \n                                                    <div title=\"Publicado em 02\/09\/2026 \" class=\"data-publicacao-widget\">\n                                <i  class=\"far fa-clock\"><\/i>\n                                02\/09\/2026                             <\/div>\n                                                                <\/div>\n                                    <div class=\"col-12 col-lg-4 pb-4\">\n                                        \n                                        \n                    \n                    <a class=\"noticias-widget-title d-block \"  title=\"UFSM abre edital para empresas de erva-mate participarem do Viva o Campus Ga\u00facho 2026\" href=\"https:\/\/www.ufsm.br\/pro-reitorias\/pre\/2026\/08\/27\/ufsm-abre-edital-para-empresas-de-erva-mate-participarem-do-viva-o-campus-gaucho-2026\">\n                                                UFSM abre edital para empresas de erva-mate participarem do Viva o Campus Ga\u00facho 2026                    <\/a>\n                    \n                    \n                                        \n                                        \n                                            \n                                                    <div title=\"Publicado em 27\/08\/2026 \" class=\"data-publicacao-widget\">\n                                <i  class=\"far fa-clock\"><\/i>\n                                27\/08\/2026                             <\/div>\n                                                                <\/div>\n                            <\/div>\n                    <div class=\"row\">\n                                    <div class=\"col-12 col-lg-4 pb-4\">\n                                        \n                                        \n                    \n                    <a class=\"noticias-widget-title d-block \"  title=\"Formigueiro realiza primeira Caminhada Internacional na Natureza e fortalece turismo rural, agricultura familiar e identidade comunit\u00e1ria\" href=\"https:\/\/www.ufsm.br\/pro-reitorias\/pre\/2026\/08\/26\/formigueiro-realiza-primeira-caminhada-internacional-na-natureza-e-fortalece-turismo-rural-agricultura-familiar-e-identidade-comunitaria\">\n                                                Formigueiro realiza primeira Caminhada Internacional na Natureza e fortalece turismo rural, agricultura familiar e identidade comunit\u00e1ria                    <\/a>\n                    \n                    \n                                        \n                                        \n                                            \n                                                    <div title=\"Publicado em 26\/08\/2026 \" class=\"data-publicacao-widget\">\n                                <i  class=\"far fa-clock\"><\/i>\n                                26\/08\/2026                             <\/div>\n                                                                <\/div>\n                                    <div class=\"col-12 col-lg-4 pb-4\">\n                                        \n                                        \n                    \n                    <a class=\"noticias-widget-title d-block \"  title=\"Editora da Pr\u00f3-Reitoria de Extens\u00e3o lan\u00e7a 26 obras durante a 53\u00aa Feira do Livro de Santa Maria\" href=\"https:\/\/www.ufsm.br\/pro-reitorias\/pre\/2026\/08\/24\/editora-da-pro-reitoria-de-extensao-lanca-26-obras-durante-a-53a-feira-do-livro-de-santa-maria\">\n                                                Editora da Pr\u00f3-Reitoria de Extens\u00e3o lan\u00e7a 26 obras durante a 53\u00aa Feira do Livro de Santa Maria                    <\/a>\n                    \n                    \n                                        \n                                        \n                                            \n                                                    <div title=\"Publicado em 24\/08\/2026 \" class=\"data-publicacao-widget\">\n                                <i  class=\"far fa-clock\"><\/i>\n                                24\/08\/2026                             <\/div>\n                                                                <\/div>\n                                    <div class=\"col-12 col-lg-4 pb-4\">\n                                        \n                                        \n                    \n                    <a class=\"noticias-widget-title d-block \"  title=\"\u201cA aproxima\u00e7\u00e3o dos grupos de pesquisa da p\u00f3s-gradua\u00e7\u00e3o com as comunidade \u00e9 estrat\u00e9gica\u201d\" href=\"https:\/\/www.ufsm.br\/projetos\/extensao\/proext-pg\/2026\/08\/24\/a-aproximacao-dos-grupos-de-pesquisa-da-pos-graduacao-com-as-comunidade-e-estrategica\">\n                                                \u201cA aproxima\u00e7\u00e3o dos grupos de pesquisa da p\u00f3s-gradua\u00e7\u00e3o com as comunidade \u00e9 estrat\u00e9gica\u201d                    <\/a>\n                    \n                    \n                                        \n                                        \n                                            \n                                                    <div title=\"Publicado em 24\/08\/2026 \" class=\"data-publicacao-widget\">\n                                <i  class=\"far fa-clock\"><\/i>\n                                24\/08\/2026                             <\/div>\n                                                                <\/div>\n                            <\/div>\n            <\/div>\n<div class=\"leia-mais p-1\">\n                <a href=\"https:\/\/www.ufsm.br\/pro-reitorias\/pre\/busca\/?q=&area=post&orderby=date&sites%5B%5D=929&sites%5B%5D=346\">\n            Leia mais            <span class=\"icon-box\">\n                <span class=\"bg-ufsm-widget-icon\">\n                    <i class=\"fas fa-chevron-right\" aria-hidden=\"true\"><\/i>\n                <\/span>\n            <\/span>\n        <\/a>\n    <\/div>\n\t\t<\/div>\n\t\t\t\t<\/div>\n\t\t\t\t\t<\/div>\n\t\t<\/div>\n\t\t\t\t\t<\/div>\n\t\t<\/section>\n\t\t\t\t<section class=\"elementor-section elementor-top-section elementor-element elementor-element-67279a1 elementor-section-boxed elementor-section-height-default elementor-section-height-default\" data-id=\"67279a1\" data-element_type=\"section\">\n\t\t\t\t\t\t<div class=\"elementor-container elementor-column-gap-default\">\n\t\t\t\t\t<div class=\"elementor-column elementor-col-100 elementor-top-column elementor-element elementor-element-7b47c8b\" data-id=\"7b47c8b\" data-element_type=\"column\">\n\t\t\t<div class=\"elementor-widget-wrap elementor-element-populated\">\n\t\t\t\t\t\t<div class=\"elementor-element elementor-element-dda4c77 elementor-widget elementor-widget-wp-widget-ufsm_editais_widget\" data-id=\"dda4c77\" data-element_type=\"widget\" data-widget_type=\"wp-widget-ufsm_editais_widget.default\">\n\t\t\t\t<div class=\"elementor-widget-container\">\n\t\t\t<h2 class='titulo-conteudos'>Editais da Pr\u00f3-Reitoria de Extens\u00e3o<\/h2><div class='row'>\n            <div class=\"col-lg-6 px-3 pb-3\">\n            \n                        \n            <a title=\"089\/2026 - Sele\u00e7\u00e3o de Avaliadores(as) para a avalia\u00e7\u00e3o de trabalhos na 5\u00aa JAI Mirim\/UFSM\" href=\"https:\/\/www.ufsm.br\/pro-reitorias\/pre\/editais\/089-2026\">\n                <span class=\"titulo-publicacao-widget\">089\/2026 - Sele\u00e7\u00e3o de Avaliadores(as) para a avalia\u00e7\u00e3o de trabalhos na 5\u00aa JAI Mirim\/UFSM<\/span>\n                <br>\n            <\/a>\n\n                        \n                                            \n                                    <div title=\"Publicado em 03\/09\/2026 \" class=\"data-publicacao-widget\"><i  class=\"far fa-clock\"><\/i> 03\/09\/2026 <\/div>\n                                \n        <\/div>\n            <div class=\"col-lg-6 px-3 pb-3\">\n            \n                        \n            <a title=\"088\/2026 - Sele\u00e7\u00e3o de estudantes para desenvolver atividades de recrea\u00e7\u00e3o na 5\u00aa JAI Mirim\/UFSM\" href=\"https:\/\/www.ufsm.br\/pro-reitorias\/pre\/editais\/088-2026\">\n                <span class=\"titulo-publicacao-widget\">088\/2026 - Sele\u00e7\u00e3o de estudantes para desenvolver atividades de recrea\u00e7\u00e3o na 5\u00aa JAI Mirim\/UFSM<\/span>\n                <br>\n            <\/a>\n\n                        \n                                            \n                                    <div title=\"Publicado em 03\/09\/2026 \" class=\"data-publicacao-widget\"><i  class=\"far fa-clock\"><\/i> 03\/09\/2026 <\/div>\n                                \n        <\/div>\n            <div class=\"col-lg-6 px-3 pb-3\">\n            \n                        \n            <a title=\"094\/2026 - CHAMADA INTERNA - Edital de Sele\u00e7\u00e3o de bolsista para Incubadora Social da UFSM\" href=\"https:\/\/www.ufsm.br\/pro-reitorias\/pre\/editais\/094-2026\">\n                <span class=\"titulo-publicacao-widget\">094\/2026 - CHAMADA INTERNA - Edital de Sele\u00e7\u00e3o de bolsista para Incubadora Social da UFSM<\/span>\n                <br>\n            <\/a>\n\n                        \n                                            \n                                    <div title=\"Publicado em 02\/09\/2026 \" class=\"data-publicacao-widget\"><i  class=\"far fa-clock\"><\/i> 02\/09\/2026 <\/div>\n                                \n        <\/div>\n            <div class=\"col-lg-6 px-3 pb-3\">\n            \n                        \n            <a title=\"091\/2026 - Sele\u00e7\u00e3o interna para publica\u00e7\u00e3o de produtos editoriais pela Editora PRE\" href=\"https:\/\/www.ufsm.br\/pro-reitorias\/pre\/editais\/091-2026\">\n                <span class=\"titulo-publicacao-widget\">091\/2026 - Sele\u00e7\u00e3o interna para publica\u00e7\u00e3o de produtos editoriais pela Editora PRE<\/span>\n                <br>\n            <\/a>\n\n                        \n                                            \n                                    <div title=\"Publicado em 01\/09\/2026 \" class=\"data-publicacao-widget\"><i  class=\"far fa-clock\"><\/i> 01\/09\/2026 <\/div>\n                                \n        <\/div>\n            <div class=\"col-lg-6 px-3 pb-3\">\n            \n                        \n            <a title=\"093\/2026 - Sele\u00e7\u00e3o de proposta art\u00edstica para pintura em grafite da porta do Garaj\u00e3o - AR\/UFSM\" href=\"https:\/\/www.ufsm.br\/pro-reitorias\/pre\/editais\/093-2026\">\n                <span class=\"titulo-publicacao-widget\">093\/2026 - Sele\u00e7\u00e3o de proposta art\u00edstica para pintura em grafite da porta do Garaj\u00e3o - AR\/UFSM<\/span>\n                <br>\n            <\/a>\n\n                        \n                                            \n                                    <div title=\"Publicado em 01\/09\/2026 \" class=\"data-publicacao-widget\"><i  class=\"far fa-clock\"><\/i> 01\/09\/2026 <\/div>\n                                \n        <\/div>\n            <div class=\"col-lg-6 px-3 pb-3\">\n            \n                        \n            <a title=\"087\/2026 - Inscri\u00e7\u00e3o de Trabalhos na 5\u00aa JAI Mirim\" href=\"https:\/\/www.ufsm.br\/pro-reitorias\/pre\/editais\/087-2026\">\n                <span class=\"titulo-publicacao-widget\">087\/2026 - Inscri\u00e7\u00e3o de Trabalhos na 5\u00aa JAI Mirim<\/span>\n                <br>\n            <\/a>\n\n                        \n                                            \n                                    <div title=\"Publicado em 27\/08\/2026 \" class=\"data-publicacao-widget\"><i  class=\"far fa-clock\"><\/i> 27\/08\/2026 <\/div>\n                                \n        <\/div>\n            <div class=\"col-lg-6 px-3 pb-3\">\n            \n                        \n            <a title=\"90\/2026 - EDITAL DE CHAMADA P\u00daBLICA para EMPRESAS DE ERVA MATE para PARTICIPAR DO DO VIVA CAMPUS GA\u00daCHO 2026\" href=\"https:\/\/www.ufsm.br\/pro-reitorias\/pre\/editais\/090-2026\">\n                <span class=\"titulo-publicacao-widget\">90\/2026 - EDITAL DE CHAMADA P\u00daBLICA para EMPRESAS DE ERVA MATE para PARTICIPAR DO DO VIVA CAMPUS GA\u00daCHO 2026<\/span>\n                <br>\n            <\/a>\n\n                        \n                                            \n                                    <div title=\"Publicado em 26\/08\/2026 \" class=\"data-publicacao-widget\"><i  class=\"far fa-clock\"><\/i> 26\/08\/2026 <\/div>\n                                \n        <\/div>\n            <div class=\"col-lg-6 px-3 pb-3\">\n            \n                        \n            <a title=\"086\/2026 - SELE\u00c7\u00c3O DE BOLSISTA DE P\u00d3S-GRADUA\u00c7\u00c3O PARA APOIO \u00c0 AN\u00c1LISE DE  DADOS QUALITATIVOS\" href=\"https:\/\/www.ufsm.br\/pro-reitorias\/pre\/editais\/086-2026\">\n                <span class=\"titulo-publicacao-widget\">086\/2026 - SELE\u00c7\u00c3O DE BOLSISTA DE P\u00d3S-GRADUA\u00c7\u00c3O PARA APOIO \u00c0 AN\u00c1LISE DE DADOS QUALITATIVOS<\/span>\n                <br>\n            <\/a>\n\n                        \n                                            \n                                    <div title=\"Publicado em 24\/08\/2026 \" class=\"data-publicacao-widget\"><i  class=\"far fa-clock\"><\/i> 24\/08\/2026 <\/div>\n                                \n        <\/div>\n    <\/div>\n<div class=\"leia-mais p-1\">\n                <a href=\"https:\/\/www.ufsm.br\/pro-reitorias\/pre\/busca?q=&amp;sites%5B%5D=346&amp;area=editais&amp;orderby=modified&amp;order=DESC\">\n            Acesse editais anteriores            <span class=\"icon-box\">\n                <span class=\"bg-ufsm-widget-icon\">\n                    <i class=\"fas fa-chevron-right\" aria-hidden=\"true\"><\/i>\n                <\/span>\n            <\/span>\n        <\/a>\n    <\/div>\n\t\t<\/div>\n\t\t\t\t<\/div>\n\t\t\t\t\t<\/div>\n\t\t<\/div>\n\t\t\t\t\t<\/div>\n\t\t<\/section>\n\t\t\t\t<section class=\"elementor-section elementor-top-section elementor-element elementor-element-f57761f elementor-section-boxed elementor-section-height-default elementor-section-height-default\" data-id=\"f57761f\" data-element_type=\"section\">\n\t\t\t\t\t\t<div class=\"elementor-container elementor-column-gap-default\">\n\t\t\t\t\t<div class=\"elementor-column elementor-col-100 elementor-top-column elementor-element elementor-element-4e87fe6\" data-id=\"4e87fe6\" data-element_type=\"column\">\n\t\t\t<div class=\"elementor-widget-wrap elementor-element-populated\">\n\t\t\t\t\t\t<div class=\"elementor-element elementor-element-be4f7e1 elementor-widget elementor-widget-wp-widget-ufsm_eventos_widget\" data-id=\"be4f7e1\" data-element_type=\"widget\" data-widget_type=\"wp-widget-ufsm_eventos_widget.default\">\n\t\t\t\t<div class=\"elementor-widget-container\">\n\t\t\t<H2 class='titulo-conteudos'>Programa\u00e7\u00e3o Centro de Conven\u00e7\u00f5es UFSM<\/H2><div><div class=\"row\"><div class=\"mb-5 col-lg-4\"><a class='ufsm-bg-scale' title='' href='https:\/\/www.ufsm.br\/outros-orgaos\/cc\/eventos\/os-grandes-classicos-do-rock-com-banda-rocksane' ><div class='eventos-widget-wrap mb-2' style='height: 130px;overflow: hidden;background:url(\"https:\/\/www.ufsm.br\/app\/uploads\/sites\/403\/2026\/09\/Banner-site-Os-Grandes-Classico-do-Rock-1080-x-400-mm-1080-x-400-mm-4-1_page-0001-768x284.jpg\"); background-size:cover;background-repeat:no-repeat;background-color:white;background-position:center; '><span class='visually-hidden'>OS GRANDES CL\u00c1SSICOS DO ROCK COM BANDA ROCKSANE<\/span><div data-bs-toggle='lightbox' class='noticias-widget-thumbs'><\/div><\/div><\/a><span class='categoria-publicacao-widget'>ART\u00cdSTICOS<\/span><br><a class=\"d-block\" title=\"OS GRANDES CL\u00c1SSICOS DO ROCK COM BANDA ROCKSANE\" href=\"https:\/\/www.ufsm.br\/outros-orgaos\/cc\/eventos\/os-grandes-classicos-do-rock-com-banda-rocksane\"><span  title=\"\" class=\"titulo-publicacao-widget\">OS GRANDES CL\u00c1SSICOS DO ROCK COM BANDA ROCKSANE<\/span><\/a><div title=\"O Evento OS GRANDES CL\u00c1SSICOS DO ROCK COM BANDA ROCKSANE acontece em Centro de Conven\u00e7\u00f5es\" class=\"data-publicacao-widget text-break\"><i class=\"fas fa-map-marker-alt\"><\/i> Centro de Conven\u00e7\u00f5es<\/div><div title=\"O Evento OS GRANDES CL\u00c1SSICOS DO ROCK COM BANDA ROCKSANE acontece de 10\/09\/2026 20:00 \u00e0 10\/09\/2026 21:00\" class=\"data-publicacao-widget text-break\"><i  class=\"fas fa-calendar-alt\"><\/i> 10\/09\/2026 20:00 - 10\/09\/2026 21:00<\/div><\/div><div class=\"mb-5 col-lg-4\"><a class='ufsm-bg-scale' title='' href='https:\/\/www.ufsm.br\/outros-orgaos\/cc\/eventos\/xvi-reuniao-sul-brasileira-de-ciencia-do-solo-2026' ><div class='eventos-widget-wrap mb-2' style='height: 130px;overflow: hidden;background:url(\"https:\/\/www.ufsm.br\/app\/uploads\/sites\/403\/2026\/08\/758-768x288.jpg\"); background-size:cover;background-repeat:no-repeat;background-color:white;background-position:center; '><span class='visually-hidden'>XVI REUNI\u00c3O SUL-BRASILEIRA DE CI\u00caNCIA DO SOLO 2026<\/span><div data-bs-toggle='lightbox' class='noticias-widget-thumbs'><\/div><\/div><\/a><span class='categoria-publicacao-widget'>T\u00c9CNICO-CIENT\u00cdFICOS<\/span><br><a class=\"d-block\" title=\"XVI REUNI\u00c3O SUL-BRASILEIRA DE CI\u00caNCIA DO SOLO 2026\" href=\"https:\/\/www.ufsm.br\/outros-orgaos\/cc\/eventos\/xvi-reuniao-sul-brasileira-de-ciencia-do-solo-2026\"><span  title=\"\" class=\"titulo-publicacao-widget\">XVI REUNI\u00c3O SUL-BRASILEIRA DE CI\u00caNCIA DO SOLO 2026<\/span><\/a><div title=\"O Evento XVI REUNI\u00c3O SUL-BRASILEIRA DE CI\u00caNCIA DO SOLO 2026 acontece em Centro  de Conven\u00e7\u00f5es UFSM\" class=\"data-publicacao-widget text-break\"><i class=\"fas fa-map-marker-alt\"><\/i> Centro  de Conven\u00e7\u00f5es UFSM<\/div><div title=\"O Evento XVI REUNI\u00c3O SUL-BRASILEIRA DE CI\u00caNCIA DO SOLO 2026 acontece de 13\/09\/2026 16:00 \u00e0 15\/09\/2026 18:00\" class=\"data-publicacao-widget text-break\"><i  class=\"fas fa-calendar-alt\"><\/i> 13\/09\/2026 16:00 - 15\/09\/2026 18:00<\/div><\/div><div class=\"mb-5 col-lg-4\"><a class='ufsm-bg-scale' title='' href='https:\/\/www.ufsm.br\/outros-orgaos\/cc\/eventos\/bee-gees-alive-2026' ><div class='eventos-widget-wrap mb-2' style='height: 130px;overflow: hidden;background:url(\"https:\/\/www.ufsm.br\/app\/uploads\/sites\/403\/2026\/07\/WhatsApp-Image-2026-07-28-at-11.59.01-768x432.jpeg\"); background-size:cover;background-repeat:no-repeat;background-color:white;background-position:center; '><span class='visually-hidden'>BEE GEES ALIVE 2026<\/span><div data-bs-toggle='lightbox' class='noticias-widget-thumbs'><\/div><\/div><\/a><span class='categoria-publicacao-widget'>ART\u00cdSTICOS<\/span><br><a class=\"d-block\" title=\"BEE GEES ALIVE 2026\" href=\"https:\/\/www.ufsm.br\/outros-orgaos\/cc\/eventos\/bee-gees-alive-2026\"><span  title=\"\" class=\"titulo-publicacao-widget\">BEE GEES ALIVE 2026<\/span><\/a><div title=\"O Evento BEE GEES ALIVE 2026 acontece em Centro de Conven\u00e7\u00f5es\" class=\"data-publicacao-widget text-break\"><i class=\"fas fa-map-marker-alt\"><\/i> Centro de Conven\u00e7\u00f5es<\/div><div title=\"O Evento BEE GEES ALIVE 2026 acontece de 16\/09\/2026 20:00 \u00e0 28\/09\/2026 21:00\" class=\"data-publicacao-widget text-break\"><i  class=\"fas fa-calendar-alt\"><\/i> 16\/09\/2026 20:00 - 28\/09\/2026 21:00<\/div><\/div><\/div><div class=\"row\"><div class=\"mb-5 col-lg-4\"><a class='ufsm-bg-scale' title='' href='https:\/\/www.ufsm.br\/outros-orgaos\/cc\/eventos\/carmen-orquestra-ballet' ><div class='eventos-widget-wrap mb-2' style='height: 130px;overflow: hidden;background:url(\"https:\/\/www.ufsm.br\/app\/uploads\/sites\/403\/2026\/09\/WhatsApp-Image-2026-08-31-at-16.01.23-768x284.jpeg\"); background-size:cover;background-repeat:no-repeat;background-color:white;background-position:center; '><span class='visually-hidden'>CARMEN ORQUESTRA &amp; BALLET<\/span><div data-bs-toggle='lightbox' class='noticias-widget-thumbs'><\/div><\/div><\/a><span class='categoria-publicacao-widget'>ART\u00cdSTICOS<\/span><br><a class=\"d-block\" title=\"CARMEN ORQUESTRA &amp; BALLET\" href=\"https:\/\/www.ufsm.br\/outros-orgaos\/cc\/eventos\/carmen-orquestra-ballet\"><span  title=\"\" class=\"titulo-publicacao-widget\">CARMEN ORQUESTRA &amp; BALLET<\/span><\/a><div title=\"O Evento CARMEN ORQUESTRA &amp; BALLET acontece em Centro de Conven\u00e7\u00f5es\" class=\"data-publicacao-widget text-break\"><i class=\"fas fa-map-marker-alt\"><\/i> Centro de Conven\u00e7\u00f5es<\/div><div title=\"O Evento CARMEN ORQUESTRA &amp; BALLET acontece de 22\/09\/2026 19:00 \u00e0 22\/09\/2026 20:00\" class=\"data-publicacao-widget text-break\"><i  class=\"fas fa-calendar-alt\"><\/i> 22\/09\/2026 19:00 - 22\/09\/2026 20:00<\/div><\/div><div class=\"mb-5 col-lg-4\"><a class='ufsm-bg-scale' title='' href='https:\/\/www.ufsm.br\/outros-orgaos\/cc\/eventos\/gato-galatico-em-o-reino-magico' ><div class='eventos-widget-wrap mb-2' style='height: 130px;overflow: hidden;background:url(\"https:\/\/www.ufsm.br\/app\/uploads\/sites\/403\/2026\/07\/WhatsApp-Image-2026-07-28-at-12.26.10.jpeg\"); background-size:cover;background-repeat:no-repeat;background-color:white;background-position:center; '><span class='visually-hidden'>GATO GAL\u00c1TICO EM O REINO M\u00c1GICO<\/span><div data-bs-toggle='lightbox' class='noticias-widget-thumbs'><\/div><\/div><\/a><span class='categoria-publicacao-widget'>ART\u00cdSTICOS<\/span><br><a class=\"d-block\" title=\"GATO GAL\u00c1TICO EM O REINO M\u00c1GICO\" href=\"https:\/\/www.ufsm.br\/outros-orgaos\/cc\/eventos\/gato-galatico-em-o-reino-magico\"><span  title=\"\" class=\"titulo-publicacao-widget\">GATO GAL\u00c1TICO EM O REINO M\u00c1GICO<\/span><\/a><div title=\"O Evento GATO GAL\u00c1TICO EM O REINO M\u00c1GICO acontece em Centro de Conven\u00e7\u00f5es\" class=\"data-publicacao-widget text-break\"><i class=\"fas fa-map-marker-alt\"><\/i> Centro de Conven\u00e7\u00f5es<\/div><div title=\"O Evento GATO GAL\u00c1TICO EM O REINO M\u00c1GICO acontece de 26\/09\/2026 15:00 \u00e0 26\/09\/2026 16:00\" class=\"data-publicacao-widget text-break\"><i  class=\"fas fa-calendar-alt\"><\/i> 26\/09\/2026 15:00 - 26\/09\/2026 16:00<\/div><\/div><\/div><div class=\"leia-mais\"><a href=\"https:\/\/www.ufsm.br\/pro-reitorias\/pre\/divulgacao-eventos\/eventos\">Mais eventos<span class=\"icon-box\"><span class=\"bg-ufsm-widget-icon\"><i class=\"fas fa-chevron-right\" aria-hidden=\"true\"><\/i><\/span><\/span><\/a><\/div>\t\t<\/div>\n\t\t\t\t<\/div>\n\t\t\t\t\t<\/div>\n\t\t<\/div>\n\t\t\t\t\t<\/div>\n\t\t<\/section>\n\t\t\t\t<\/div>\n\t\t","protected":false},"excerpt":{"rendered":"<p>A\u00a0Pr\u00f3-Reitoria de Extens\u00e3o (PRE) visa ao fortalecimento da rela\u00e7\u00e3o Universidade-Comunidade e tem a miss\u00e3o de articular os diversos conhecimentos por meio de a\u00e7\u00f5es extensionistas junto \u00e0 popula\u00e7\u00e3o, gerando solu\u00e7\u00f5es inovadoras para o desenvolvimento regional sustent\u00e1vel. Seus princ\u00edpios s\u00e3o pluralidade, respeito, transpar\u00eancia, sustentabilidade, equidade e justi\u00e7a. Destaques Guia da Extens\u00e3o Exposi\u00e7\u00e3o 50 Anos PRE Utilidades Instru\u00e7\u00e3o [&hellip;]<\/p>\n","protected":false},"author":47,"featured_media":0,"parent":0,"menu_order":1,"comment_status":"closed","ping_status":"closed","template":"","meta":{"footnotes":""},"categories":[],"tags":[],"class_list":["post-48","page","type-page","status-publish","hentry"],"acf":[],"_links":{"self":[{"href":"https:\/\/www.ufsm.br\/pro-reitorias\/pre\/wp-json\/wp\/v2\/pages\/48","targetHints":{"allow":["GET"]}}],"collection":[{"href":"https:\/\/www.ufsm.br\/pro-reitorias\/pre\/wp-json\/wp\/v2\/pages"}],"about":[{"href":"https:\/\/www.ufsm.br\/pro-reitorias\/pre\/wp-json\/wp\/v2\/types\/page"}],"author":[{"embeddable":true,"href":"https:\/\/www.ufsm.br\/pro-reitorias\/pre\/wp-json\/wp\/v2\/users\/47"}],"replies":[{"embeddable":true,"href":"https:\/\/www.ufsm.br\/pro-reitorias\/pre\/wp-json\/wp\/v2\/comments?post=48"}],"version-history":[{"count":0,"href":"https:\/\/www.ufsm.br\/pro-reitorias\/pre\/wp-json\/wp\/v2\/pages\/48\/revisions"}],"wp:attachment":[{"href":"https:\/\/www.ufsm.br\/pro-reitorias\/pre\/wp-json\/wp\/v2\/media?parent=48"}],"wp:term":[{"taxonomy":"category","embeddable":true,"href":"https:\/\/www.ufsm.br\/pro-reitorias\/pre\/wp-json\/wp\/v2\/categories?post=48"},{"taxonomy":"post_tag","embeddable":true,"href":"https:\/\/www.ufsm.br\/pro-reitorias\/pre\/wp-json\/wp\/v2\/tags?post=48"}],"curies":[{"name":"wp","href":"https:\/\/api.w.org\/{rel}","templated":true}]}}