{"id":5191,"date":"2021-01-11T15:08:29","date_gmt":"2021-01-11T18:08:29","guid":{"rendered":"https:\/\/www.ufsm.br\/pro-reitorias\/pre\/?page_id=5191"},"modified":"2026-01-14T09:29:28","modified_gmt":"2026-01-14T12:29:28","slug":"forum-de-extensao","status":"publish","type":"page","link":"https:\/\/www.ufsm.br\/pro-reitorias\/pre\/cafe\/siec\/forum-de-extensao","title":{"rendered":"F\u00f3rum Regional Permanente de Extens\u00e3o"},"content":{"rendered":"\t\t<div data-elementor-type=\"wp-page\" data-elementor-id=\"5191\" class=\"elementor elementor-5191\">\n\t\t\t\t\t\t<section class=\"elementor-section elementor-top-section elementor-element elementor-element-dd5870d elementor-section-boxed elementor-section-height-default elementor-section-height-default\" data-id=\"dd5870d\" data-element_type=\"section\">\n\t\t\t\t\t\t<div class=\"elementor-container elementor-column-gap-default\">\n\t\t\t\t\t<div class=\"elementor-column elementor-col-100 elementor-top-column elementor-element elementor-element-2ea3b4d\" data-id=\"2ea3b4d\" data-element_type=\"column\">\n\t\t\t<div class=\"elementor-widget-wrap elementor-element-populated\">\n\t\t\t\t\t\t<div class=\"elementor-element elementor-element-002221e elementor-widget-divider--view-line elementor-widget elementor-widget-divider\" data-id=\"002221e\" data-element_type=\"widget\" data-widget_type=\"divider.default\">\n\t\t\t\t<div class=\"elementor-widget-container\">\n\t\t\t\t\t<div class=\"elementor-divider\">\n\t\t\t<span class=\"elementor-divider-separator\">\n\t\t\t\t\t\t<\/span>\n\t\t<\/div>\n\t\t\t\t<\/div>\n\t\t\t\t<\/div>\n\t\t\t\t<div class=\"elementor-element elementor-element-ccca6fc elementor-widget elementor-widget-text-editor\" data-id=\"ccca6fc\" data-element_type=\"widget\" data-widget_type=\"text-editor.default\">\n\t\t\t\t<div class=\"elementor-widget-container\">\n\t\t\t\t\t\t\t<p style=\"text-align: justify\">O\u00a0<strong>F\u00f3rum Regional Permanente de Extens\u00e3o<\/strong>, promovido pela Pr\u00f3-Reitoria de Extens\u00e3o (PRE) da Universidade Federal de Santa Maria (UFSM), tem por objetivo identificar as demandas sociais das comunidades nas quais a institui\u00e7\u00e3o se insere. Os resultados coletados servem de base para o direcionamento de recursos para apoio e cria\u00e7\u00e3o de novas a\u00e7\u00f5es de extens\u00e3o na UFSM. Para que a escuta das demandas aconte\u00e7a de forma ativa, o F\u00f3rum constitui-se de espa\u00e7os de di\u00e1logos entre a comunidade acad\u00eamcia e a comunidade externa.<\/p><p>O F\u00f3rum, em 2025, ser\u00e1 um momento para:<\/p><ul><li>Conhecer os resultados do Censo da Extens\u00e3o, um panorama in\u00e9dito sobre percep\u00e7\u00f5es da comunidade acad\u00eamica e da sociedade sobre a extens\u00e3o na UFSM e seus impactos;<\/li><li>Participar da roda de di\u00e1logo \u201cExtens\u00e3o em perspectiva: olhares e viv\u00eancias\u201d, reunindo coordenadores(as), estudantes e comunidade para compartilhar experi\u00eancias, aprendizados e tamb\u00e9m conhecer demandas de grupos e entidades parceiras, em busca de uma extens\u00e3o mais significativa;<\/li><li>Definir, de forma participativa, as prioridades para financiamento da PRE em 2026, com vota\u00e7\u00e3o das demandas que poder\u00e3o orientar os pr\u00f3ximos editais.<\/li><\/ul><p>Ser\u00e1 uma oportunidade de encontro, escuta e decis\u00e3o conjunta sobre os rumos da extens\u00e3o. Sua presen\u00e7a faz a diferen\u00e7a para fortalecermos esse movimento e ampliarmos o impacto da universidade junto \u00e0 sociedade.<\/p>\t\t\t\t\t\t<\/div>\n\t\t\t\t<\/div>\n\t\t\t\t<div class=\"elementor-element elementor-element-54288d3 elementor-widget-divider--view-line elementor-widget elementor-widget-divider\" data-id=\"54288d3\" data-element_type=\"widget\" data-widget_type=\"divider.default\">\n\t\t\t\t<div class=\"elementor-widget-container\">\n\t\t\t\t\t<div class=\"elementor-divider\">\n\t\t\t<span class=\"elementor-divider-separator\">\n\t\t\t\t\t\t<\/span>\n\t\t<\/div>\n\t\t\t\t<\/div>\n\t\t\t\t<\/div>\n\t\t\t\t\t<\/div>\n\t\t<\/div>\n\t\t\t\t\t<\/div>\n\t\t<\/section>\n\t\t\t\t<section class=\"elementor-section elementor-top-section elementor-element elementor-element-7205953 elementor-section-boxed elementor-section-height-default elementor-section-height-default\" data-id=\"7205953\" data-element_type=\"section\">\n\t\t\t\t\t\t<div class=\"elementor-container elementor-column-gap-default\">\n\t\t\t\t\t<div class=\"elementor-column elementor-col-100 elementor-top-column elementor-element elementor-element-bfb655c\" data-id=\"bfb655c\" data-element_type=\"column\">\n\t\t\t<div class=\"elementor-widget-wrap elementor-element-populated\">\n\t\t\t\t\t\t<div class=\"elementor-element elementor-element-4675a71 elementor-widget elementor-widget-text-editor\" data-id=\"4675a71\" data-element_type=\"widget\" data-widget_type=\"text-editor.default\">\n\t\t\t\t<div class=\"elementor-widget-container\">\n\t\t\t\t\t\t\t<h3>Edi\u00e7\u00e3o de 2025 &#8211; Campus Sede<\/h3><p>Inscri\u00e7\u00f5es via <span style=\"text-decoration: underline\"><a href=\"https:\/\/docs.google.com\/forms\/d\/e\/1FAIpQLSfOGxr8Vnxw9BaCU1OGZBju8g1qHAyQ_haLEbZ6zH7JCteNzQ\/viewform\">formul\u00e1rio eletr\u00f4nico<\/a>.<\/span><\/p><p>Data: <strong>16\/10<\/strong><br \/>Hor\u00e1rio: <strong>13h30min<\/strong><br \/>Local: <strong>Audit\u00f3rio Wilson Aita (CT, Campus da UFSM)<\/strong><\/p><h4>Programa\u00e7\u00e3o<\/h4><p>16\/10 &#8211; 13h30min<\/p><p><span style=\"color: #3366ff\"><strong>\u00bb Apresenta\u00e7\u00e3o dos Resultados do Censo da Extens\u00e3o<\/strong><\/span><br \/>Panorama dos resultados e percep\u00e7\u00f5es da comunidade acad\u00eamica e externa sobre a extens\u00e3o da UFSM e seu impacto.<\/p><p><span style=\"color: #3366ff\"><strong>\u00bb Roda de di\u00e1logo &#8211; Extens\u00e3o em perspectiva: olhares e viv\u00eancias<\/strong><\/span><br \/>Com coordenadores(as), estudantes e comunidade, para compartilhar experi\u00eancias e aprendizados sobre a extens\u00e3o.<\/p><p><span style=\"color: #3366ff\"><strong>\u00bb Defini\u00e7\u00e3o de prioridades para financiamento em 2026<\/strong><\/span><br \/>Vota\u00e7\u00e3o das demandas priorit\u00e1rias que poder\u00e3o fazer parte dos editais da PRE\/2026<\/p>\t\t\t\t\t\t<\/div>\n\t\t\t\t<\/div>\n\t\t\t\t<div class=\"elementor-element elementor-element-462bb05 elementor-widget-divider--view-line elementor-widget elementor-widget-divider\" data-id=\"462bb05\" data-element_type=\"widget\" data-widget_type=\"divider.default\">\n\t\t\t\t<div class=\"elementor-widget-container\">\n\t\t\t\t\t<div class=\"elementor-divider\">\n\t\t\t<span class=\"elementor-divider-separator\">\n\t\t\t\t\t\t<\/span>\n\t\t<\/div>\n\t\t\t\t<\/div>\n\t\t\t\t<\/div>\n\t\t\t\t\t<\/div>\n\t\t<\/div>\n\t\t\t\t\t<\/div>\n\t\t<\/section>\n\t\t\t\t<section class=\"elementor-section elementor-top-section elementor-element elementor-element-87d06d4 elementor-section-boxed elementor-section-height-default elementor-section-height-default\" data-id=\"87d06d4\" data-element_type=\"section\">\n\t\t\t\t\t\t<div class=\"elementor-container elementor-column-gap-default\">\n\t\t\t\t\t<div class=\"elementor-column elementor-col-100 elementor-top-column elementor-element elementor-element-1a5bc10\" data-id=\"1a5bc10\" data-element_type=\"column\">\n\t\t\t<div class=\"elementor-widget-wrap elementor-element-populated\">\n\t\t\t\t\t\t<div class=\"elementor-element elementor-element-be1cba4 elementor-widget elementor-widget-text-editor\" data-id=\"be1cba4\" data-element_type=\"widget\" data-widget_type=\"text-editor.default\">\n\t\t\t\t<div class=\"elementor-widget-container\">\n\t\t\t\t\t\t\t<h3>Edi\u00e7\u00e3o de 2025 &#8211; Cachoeira do Sul<\/h3><p>Inscri\u00e7\u00f5es em breve.<\/p><p>Data:\u00a0<strong><span style=\"color: #000000;font-size: 16px\"> 29\/10\/2025<\/span><\/strong><br \/>Hor\u00e1rio:\u00a0<strong><span style=\"color: #000000;font-size: 16px\"> 13h30min<\/span><\/strong><br \/>Local:<span style=\"color: #000000;font-size: 16px\">\u00a0<\/span><span style=\"color: #000000;font-size: 16px\">em breve.<\/span><\/p><h4>Programa\u00e7\u00e3o<\/h4><p>Em breve.<\/p>\t\t\t\t\t\t<\/div>\n\t\t\t\t<\/div>\n\t\t\t\t<div class=\"elementor-element elementor-element-46aaa9c elementor-widget-divider--view-line elementor-widget elementor-widget-divider\" data-id=\"46aaa9c\" data-element_type=\"widget\" data-widget_type=\"divider.default\">\n\t\t\t\t<div class=\"elementor-widget-container\">\n\t\t\t\t\t<div class=\"elementor-divider\">\n\t\t\t<span class=\"elementor-divider-separator\">\n\t\t\t\t\t\t<\/span>\n\t\t<\/div>\n\t\t\t\t<\/div>\n\t\t\t\t<\/div>\n\t\t\t\t\t<\/div>\n\t\t<\/div>\n\t\t\t\t\t<\/div>\n\t\t<\/section>\n\t\t\t\t<section class=\"elementor-section elementor-top-section elementor-element elementor-element-3b6bd78 elementor-section-boxed elementor-section-height-default elementor-section-height-default\" data-id=\"3b6bd78\" data-element_type=\"section\">\n\t\t\t\t\t\t<div class=\"elementor-container elementor-column-gap-default\">\n\t\t\t\t\t<div class=\"elementor-column elementor-col-100 elementor-top-column elementor-element elementor-element-d4f40b5\" data-id=\"d4f40b5\" data-element_type=\"column\">\n\t\t\t<div class=\"elementor-widget-wrap elementor-element-populated\">\n\t\t\t\t\t\t<div class=\"elementor-element elementor-element-fb2b782 elementor-widget elementor-widget-text-editor\" data-id=\"fb2b782\" data-element_type=\"widget\" data-widget_type=\"text-editor.default\">\n\t\t\t\t<div class=\"elementor-widget-container\">\n\t\t\t\t\t\t\t<h3>Edi\u00e7\u00e3o de 2025 &#8211; Frederico Westphalen<\/h3><p>Inscri\u00e7\u00f5es em breve.<\/p><p>Data:\u00a0<strong><span style=\"color: #000000;font-size: 16px\"> 23\/10\/2025<\/span><\/strong><br \/>Hor\u00e1rio:\u00a0<strong><span style=\"color: #000000;font-size: 16px\"> 8h30min<\/span><\/strong><br \/>Local:<strong><span style=\"color: #000000;font-size: 16px\"> Centro de Conviv\u00eancia<\/span><\/strong><\/p><h4>Programa\u00e7\u00e3o<\/h4><p>Em breve.<\/p>\t\t\t\t\t\t<\/div>\n\t\t\t\t<\/div>\n\t\t\t\t<div class=\"elementor-element elementor-element-fa2b25a elementor-widget-divider--view-line elementor-widget elementor-widget-divider\" data-id=\"fa2b25a\" data-element_type=\"widget\" data-widget_type=\"divider.default\">\n\t\t\t\t<div class=\"elementor-widget-container\">\n\t\t\t\t\t<div class=\"elementor-divider\">\n\t\t\t<span class=\"elementor-divider-separator\">\n\t\t\t\t\t\t<\/span>\n\t\t<\/div>\n\t\t\t\t<\/div>\n\t\t\t\t<\/div>\n\t\t\t\t\t<\/div>\n\t\t<\/div>\n\t\t\t\t\t<\/div>\n\t\t<\/section>\n\t\t\t\t<section class=\"elementor-section elementor-top-section elementor-element elementor-element-f862c48 elementor-section-boxed elementor-section-height-default elementor-section-height-default\" data-id=\"f862c48\" data-element_type=\"section\">\n\t\t\t\t\t\t<div class=\"elementor-container elementor-column-gap-default\">\n\t\t\t\t\t<div class=\"elementor-column elementor-col-100 elementor-top-column elementor-element elementor-element-bd20980\" data-id=\"bd20980\" data-element_type=\"column\">\n\t\t\t<div class=\"elementor-widget-wrap elementor-element-populated\">\n\t\t\t\t\t\t<div class=\"elementor-element elementor-element-9aec51b elementor-widget elementor-widget-text-editor\" data-id=\"9aec51b\" data-element_type=\"widget\" data-widget_type=\"text-editor.default\">\n\t\t\t\t<div class=\"elementor-widget-container\">\n\t\t\t\t\t\t\t<h3>Edi\u00e7\u00e3o de 2025 &#8211; Palmeira das Miss\u00f5es<\/h3><p>Inscri\u00e7\u00f5es em breve.<\/p><p>Data:\u00a0<strong><span style=\"color: #000000;font-size: 16px\"> 23\/10\/2025<\/span><\/strong><br \/>Hor\u00e1rio:\u00a0<strong><span style=\"color: #000000;font-size: 16px\"> 13h30min<\/span><\/strong><br \/>Local:<strong><span style=\"color: #000000;font-size: 16px\"> Audit\u00f3rio do Campus<\/span><\/strong><\/p><h4>Programa\u00e7\u00e3o<\/h4><p>Em breve.<\/p>\t\t\t\t\t\t<\/div>\n\t\t\t\t<\/div>\n\t\t\t\t<div class=\"elementor-element elementor-element-794f46b elementor-widget-divider--view-line elementor-widget elementor-widget-divider\" data-id=\"794f46b\" data-element_type=\"widget\" data-widget_type=\"divider.default\">\n\t\t\t\t<div class=\"elementor-widget-container\">\n\t\t\t\t\t<div class=\"elementor-divider\">\n\t\t\t<span class=\"elementor-divider-separator\">\n\t\t\t\t\t\t<\/span>\n\t\t<\/div>\n\t\t\t\t<\/div>\n\t\t\t\t<\/div>\n\t\t\t\t\t<\/div>\n\t\t<\/div>\n\t\t\t\t\t<\/div>\n\t\t<\/section>\n\t\t\t\t<section class=\"elementor-section elementor-top-section elementor-element elementor-element-3b01258 elementor-section-boxed elementor-section-height-default elementor-section-height-default\" data-id=\"3b01258\" data-element_type=\"section\">\n\t\t\t\t\t\t<div class=\"elementor-container elementor-column-gap-default\">\n\t\t\t\t\t<div class=\"elementor-column elementor-col-100 elementor-top-column elementor-element elementor-element-f33b317\" data-id=\"f33b317\" data-element_type=\"column\">\n\t\t\t<div class=\"elementor-widget-wrap elementor-element-populated\">\n\t\t\t\t\t\t<div class=\"elementor-element elementor-element-c801000 elementor-widget elementor-widget-heading\" data-id=\"c801000\" data-element_type=\"widget\" data-widget_type=\"heading.default\">\n\t\t\t\t<div class=\"elementor-widget-container\">\n\t\t\t<h5 class=\"elementor-heading-title elementor-size-default\">A\u00e7\u00f5es relacionadas ao F\u00f3rum<\/h5>\t\t<\/div>\n\t\t\t\t<\/div>\n\t\t\t\t\t<\/div>\n\t\t<\/div>\n\t\t\t\t\t<\/div>\n\t\t<\/section>\n\t\t\t\t<section class=\"elementor-section elementor-top-section elementor-element elementor-element-9308c97 elementor-section-boxed elementor-section-height-default elementor-section-height-default\" data-id=\"9308c97\" data-element_type=\"section\">\n\t\t\t\t\t\t<div class=\"elementor-container elementor-column-gap-default\">\n\t\t\t\t\t<div class=\"elementor-column elementor-col-33 elementor-top-column elementor-element elementor-element-bd4dec0\" data-id=\"bd4dec0\" data-element_type=\"column\">\n\t\t\t<div class=\"elementor-widget-wrap elementor-element-populated\">\n\t\t\t\t\t\t<div class=\"elementor-element elementor-element-cd67a54 elementor-view-default elementor-widget elementor-widget-icon\" data-id=\"cd67a54\" data-element_type=\"widget\" data-widget_type=\"icon.default\">\n\t\t\t\t<div class=\"elementor-widget-container\">\n\t\t\t\t\t<div class=\"elementor-icon-wrapper\">\n\t\t\t<a class=\"elementor-icon\" href=\"https:\/\/www.ufsm.br\/pro-reitorias\/pre\/\/app-ods\/\">\n\t\t\t<i aria-hidden=\"true\" class=\"fas fa-vote-yea\"><\/i>\t\t\t<\/a>\n\t\t<\/div>\n\t\t\t\t<\/div>\n\t\t\t\t<\/div>\n\t\t\t\t<div class=\"elementor-element elementor-element-7405499 elementor-widget elementor-widget-heading\" data-id=\"7405499\" data-element_type=\"widget\" data-widget_type=\"heading.default\">\n\t\t\t\t<div class=\"elementor-widget-container\">\n\t\t\t<h6 class=\"elementor-heading-title elementor-size-default\">Plataforma de coleta de dados<\/h6>\t\t<\/div>\n\t\t\t\t<\/div>\n\t\t\t\t\t<\/div>\n\t\t<\/div>\n\t\t\t\t<div class=\"elementor-column elementor-col-33 elementor-top-column elementor-element elementor-element-2ef3cf6\" data-id=\"2ef3cf6\" data-element_type=\"column\">\n\t\t\t<div class=\"elementor-widget-wrap elementor-element-populated\">\n\t\t\t\t\t\t<div class=\"elementor-element elementor-element-3173fee elementor-view-default elementor-widget elementor-widget-icon\" data-id=\"3173fee\" data-element_type=\"widget\" data-widget_type=\"icon.default\">\n\t\t\t\t<div class=\"elementor-widget-container\">\n\t\t\t\t\t<div class=\"elementor-icon-wrapper\">\n\t\t\t<a class=\"elementor-icon\" href=\"https:\/\/www.ufsm.br\/pro-reitorias\/pre\/forum-de-extensao-2\/cronograma-do-forum\">\n\t\t\t<i aria-hidden=\"true\" class=\"far fa-calendar-alt\"><\/i>\t\t\t<\/a>\n\t\t<\/div>\n\t\t\t\t<\/div>\n\t\t\t\t<\/div>\n\t\t\t\t<div class=\"elementor-element elementor-element-67e622f elementor-widget elementor-widget-heading\" data-id=\"67e622f\" data-element_type=\"widget\" data-widget_type=\"heading.default\">\n\t\t\t\t<div class=\"elementor-widget-container\">\n\t\t\t<h6 class=\"elementor-heading-title elementor-size-default\">Agenda dos F\u00f3runs 2025<\/h6>\t\t<\/div>\n\t\t\t\t<\/div>\n\t\t\t\t\t<\/div>\n\t\t<\/div>\n\t\t\t\t<div class=\"elementor-column elementor-col-33 elementor-top-column elementor-element elementor-element-13220b5\" data-id=\"13220b5\" data-element_type=\"column\">\n\t\t\t<div class=\"elementor-widget-wrap elementor-element-populated\">\n\t\t\t\t\t\t<div class=\"elementor-element elementor-element-f707b79 elementor-view-default elementor-widget elementor-widget-icon\" data-id=\"f707b79\" data-element_type=\"widget\" data-widget_type=\"icon.default\">\n\t\t\t\t<div class=\"elementor-widget-container\">\n\t\t\t\t\t<div class=\"elementor-icon-wrapper\">\n\t\t\t<a class=\"elementor-icon\" href=\"https:\/\/www.ufsm.br\/app\/uploads\/sites\/346\/2025\/04\/Dialogos-Extensionistas-Sistematizacao-paisagem-1.pdf\">\n\t\t\t<i aria-hidden=\"true\" class=\"far fa-file-pdf\"><\/i>\t\t\t<\/a>\n\t\t<\/div>\n\t\t\t\t<\/div>\n\t\t\t\t<\/div>\n\t\t\t\t<div class=\"elementor-element elementor-element-082ac5d elementor-widget elementor-widget-heading\" data-id=\"082ac5d\" data-element_type=\"widget\" data-widget_type=\"heading.default\">\n\t\t\t\t<div class=\"elementor-widget-container\">\n\t\t\t<h6 class=\"elementor-heading-title elementor-size-default\">Di\u00e1logos Extensionistas<\/h6>\t\t<\/div>\n\t\t\t\t<\/div>\n\t\t\t\t\t<\/div>\n\t\t<\/div>\n\t\t\t\t\t<\/div>\n\t\t<\/section>\n\t\t\t\t<section class=\"elementor-section elementor-top-section elementor-element elementor-element-77940c1 elementor-section-boxed elementor-section-height-default elementor-section-height-default\" data-id=\"77940c1\" data-element_type=\"section\">\n\t\t\t\t\t\t<div class=\"elementor-container elementor-column-gap-default\">\n\t\t\t\t\t<div class=\"elementor-column elementor-col-100 elementor-top-column elementor-element elementor-element-001ea59\" data-id=\"001ea59\" data-element_type=\"column\">\n\t\t\t<div class=\"elementor-widget-wrap elementor-element-populated\">\n\t\t\t\t\t\t<div class=\"elementor-element elementor-element-a7cc9fe elementor-widget elementor-widget-heading\" data-id=\"a7cc9fe\" data-element_type=\"widget\" data-widget_type=\"heading.default\">\n\t\t\t\t<div class=\"elementor-widget-container\">\n\t\t\t<h5 class=\"elementor-heading-title elementor-size-default\">Resultados Plataforma Agenda 2030<\/h5>\t\t<\/div>\n\t\t\t\t<\/div>\n\t\t\t\t\t<\/div>\n\t\t<\/div>\n\t\t\t\t\t<\/div>\n\t\t<\/section>\n\t\t\t\t<section class=\"elementor-section elementor-top-section elementor-element elementor-element-8cc1322 elementor-section-boxed elementor-section-height-default elementor-section-height-default\" data-id=\"8cc1322\" data-element_type=\"section\">\n\t\t\t\t\t\t<div class=\"elementor-container elementor-column-gap-default\">\n\t\t\t\t\t<div class=\"elementor-column elementor-col-33 elementor-top-column elementor-element elementor-element-b0d0013\" data-id=\"b0d0013\" data-element_type=\"column\">\n\t\t\t<div class=\"elementor-widget-wrap elementor-element-populated\">\n\t\t\t\t\t\t<div class=\"elementor-element elementor-element-e9e2334 elementor-view-default elementor-widget elementor-widget-icon\" data-id=\"e9e2334\" data-element_type=\"widget\" data-widget_type=\"icon.default\">\n\t\t\t\t<div class=\"elementor-widget-container\">\n\t\t\t\t\t<div class=\"elementor-icon-wrapper\">\n\t\t\t<a class=\"elementor-icon\" href=\"https:\/\/www.ufsm.br\/pro-reitorias\/pre\/resultado-forum-2020\/\">\n\t\t\t<i aria-hidden=\"true\" class=\"fas fa-users\"><\/i>\t\t\t<\/a>\n\t\t<\/div>\n\t\t\t\t<\/div>\n\t\t\t\t<\/div>\n\t\t\t\t<div class=\"elementor-element elementor-element-f87a446 elementor-widget elementor-widget-heading\" data-id=\"f87a446\" data-element_type=\"widget\" data-widget_type=\"heading.default\">\n\t\t\t\t<div class=\"elementor-widget-container\">\n\t\t\t<h6 class=\"elementor-heading-title elementor-size-default\">Resultado do F\u00f3rum 2020<\/h6>\t\t<\/div>\n\t\t\t\t<\/div>\n\t\t\t\t\t<\/div>\n\t\t<\/div>\n\t\t\t\t<div class=\"elementor-column elementor-col-33 elementor-top-column elementor-element elementor-element-bdb7c5f\" data-id=\"bdb7c5f\" data-element_type=\"column\">\n\t\t\t<div class=\"elementor-widget-wrap elementor-element-populated\">\n\t\t\t\t\t\t<div class=\"elementor-element elementor-element-ac82b58 elementor-view-default elementor-widget elementor-widget-icon\" data-id=\"ac82b58\" data-element_type=\"widget\" data-widget_type=\"icon.default\">\n\t\t\t\t<div class=\"elementor-widget-container\">\n\t\t\t\t\t<div class=\"elementor-icon-wrapper\">\n\t\t\t<a class=\"elementor-icon\" href=\"https:\/\/drive.google.com\/file\/d\/18xSgur43k0wGX45rMXklDJsvZlB_r36G\/view?usp=sharing\">\n\t\t\t<i aria-hidden=\"true\" class=\"fas fa-users\"><\/i>\t\t\t<\/a>\n\t\t<\/div>\n\t\t\t\t<\/div>\n\t\t\t\t<\/div>\n\t\t\t\t<div class=\"elementor-element elementor-element-de80880 elementor-widget elementor-widget-heading\" data-id=\"de80880\" data-element_type=\"widget\" data-widget_type=\"heading.default\">\n\t\t\t\t<div class=\"elementor-widget-container\">\n\t\t\t<h6 class=\"elementor-heading-title elementor-size-default\"><a href=\"https:\/\/drive.google.com\/file\/d\/18xSgur43k0wGX45rMXklDJsvZlB_r36G\/view?usp=sharing\">Resultado do F\u00f3rum 2021<\/a><\/h6>\t\t<\/div>\n\t\t\t\t<\/div>\n\t\t\t\t\t<\/div>\n\t\t<\/div>\n\t\t\t\t<div class=\"elementor-column elementor-col-33 elementor-top-column elementor-element elementor-element-b0b630e\" data-id=\"b0b630e\" data-element_type=\"column\">\n\t\t\t<div class=\"elementor-widget-wrap elementor-element-populated\">\n\t\t\t\t\t\t<div class=\"elementor-element elementor-element-6bbf279 elementor-view-default elementor-widget elementor-widget-icon\" data-id=\"6bbf279\" data-element_type=\"widget\" data-widget_type=\"icon.default\">\n\t\t\t\t<div class=\"elementor-widget-container\">\n\t\t\t\t\t<div class=\"elementor-icon-wrapper\">\n\t\t\t<a class=\"elementor-icon\" href=\"https:\/\/www.ufsm.br\/app\/uploads\/sites\/346\/2022\/12\/Forum_Regional_Permanente_de_Extensao_-_Agenda_2030_Edicao_2022.pdf\">\n\t\t\t<i aria-hidden=\"true\" class=\"fas fa-users\"><\/i>\t\t\t<\/a>\n\t\t<\/div>\n\t\t\t\t<\/div>\n\t\t\t\t<\/div>\n\t\t\t\t<div class=\"elementor-element elementor-element-6783aca elementor-widget elementor-widget-heading\" data-id=\"6783aca\" data-element_type=\"widget\" data-widget_type=\"heading.default\">\n\t\t\t\t<div class=\"elementor-widget-container\">\n\t\t\t<h6 class=\"elementor-heading-title elementor-size-default\"><a href=\"https:\/\/www.ufsm.br\/app\/uploads\/sites\/346\/2022\/12\/Forum_Regional_Permanente_de_Extensao_-_Agenda_2030_Edicao_2022.pdf\">Resultado do F\u00f3rum 2022<\/a><\/h6>\t\t<\/div>\n\t\t\t\t<\/div>\n\t\t\t\t\t<\/div>\n\t\t<\/div>\n\t\t\t\t\t<\/div>\n\t\t<\/section>\n\t\t\t\t<section class=\"elementor-section elementor-top-section elementor-element elementor-element-5947d38 elementor-section-boxed elementor-section-height-default elementor-section-height-default\" data-id=\"5947d38\" data-element_type=\"section\">\n\t\t\t\t\t\t<div class=\"elementor-container elementor-column-gap-default\">\n\t\t\t\t\t<div class=\"elementor-column elementor-col-100 elementor-top-column elementor-element elementor-element-79c87ee\" data-id=\"79c87ee\" data-element_type=\"column\">\n\t\t\t<div class=\"elementor-widget-wrap elementor-element-populated\">\n\t\t\t\t\t\t<div class=\"elementor-element elementor-element-d6f5e5e elementor-widget elementor-widget-wp-widget-ufsm_noticias_widget\" data-id=\"d6f5e5e\" data-element_type=\"widget\" data-widget_type=\"wp-widget-ufsm_noticias_widget.default\">\n\t\t\t\t<div class=\"elementor-widget-container\">\n\t\t\t<h5 class='titulo-conteudos'>Not\u00edcias<\/h5><div class='widget-noticias-inside'>\n                        <div class=\"row\">\n                                    <div class=\"col-12 col-lg-4 pb-4\">\n                                            <div class=\"noticias-widget-wrap\" style=\"height: 180px; overflow: hidden;\">\n                            <a title=\"\" href=\"https:\/\/www.ufsm.br\/pro-reitorias\/pre\/2025\/11\/10\/cop-ufsm-reune-universidade-e-comunidade-para-discutir-acoes-locais-diante-da-crise-climatica\">\n                                <span class=\"visually-hidden\">\n                                    COP UFSM re\u00fane universidade e comunidade para discutir a\u00e7\u00f5es locais diante da crise clim\u00e1tica                                <\/span>\n                                <div class=\"noticias-widget-thumbs h-100\">\n                                    <img decoding=\"async\" class=\"object-fit-cover h-100 w-100\" alt=\"\" srcset=\"https:\/\/www.ufsm.br\/app\/uploads\/sites\/346\/2025\/11\/Base-site-PRE-4-300x150.jpg 300w, https:\/\/www.ufsm.br\/app\/uploads\/sites\/346\/2025\/11\/Base-site-PRE-4-1024x512.jpg 1024w, https:\/\/www.ufsm.br\/app\/uploads\/sites\/346\/2025\/11\/Base-site-PRE-4-768x384.jpg 768w, https:\/\/www.ufsm.br\/app\/uploads\/sites\/346\/2025\/11\/Base-site-PRE-4.jpg 1041w\" src=\"https:\/\/www.ufsm.br\/app\/uploads\/sites\/346\/2025\/11\/Base-site-PRE-4-1024x512.jpg\"><\/img>\n                                <\/div>\n                            <\/a>\n                        <\/div>\n                                        \n                                            <span class='categoria-publicacao-widget'>\n                            COP UFSM, Destaques, Eventos, Extens\u00e3o, Extens\u00e3o, Not\u00edcias, Sem categoria, Sociedade                        <\/span>\n                        <br>\n                                        \n                    \n                    <a class=\"noticias-widget-title d-block  m-0 \"  title=\"COP UFSM re\u00fane universidade e comunidade para discutir a\u00e7\u00f5es locais diante da crise clim\u00e1tica\" href=\"https:\/\/www.ufsm.br\/pro-reitorias\/pre\/2025\/11\/10\/cop-ufsm-reune-universidade-e-comunidade-para-discutir-acoes-locais-diante-da-crise-climatica\">\n                                                COP UFSM re\u00fane universidade e comunidade para discutir a\u00e7\u00f5es locais diante da crise clim\u00e1tica                    <\/a>\n                    \n                    \n                                        \n                                        \n                                        <\/div>\n                                    <div class=\"col-12 col-lg-4 pb-4\">\n                                            <div class=\"noticias-widget-wrap\" style=\"height: 180px; overflow: hidden;\">\n                            <a title=\"\" href=\"https:\/\/www.ufsm.br\/pro-reitorias\/pre\/2025\/10\/17\/forum-regional-permanente-de-extensao-reune-quase-300-participantes-e-apresenta-acoes-extensionistas-de-destaque-em-2025\">\n                                <span class=\"visually-hidden\">\n                                    F\u00f3rum Regional Permanente de Extens\u00e3o re\u00fane quase 300 participantes e apresenta a\u00e7\u00f5es extensionistas de destaque em 2025                                <\/span>\n                                <div class=\"noticias-widget-thumbs h-100\">\n                                    <img decoding=\"async\" class=\"object-fit-cover h-100 w-100\" alt=\"\" srcset=\"https:\/\/www.ufsm.br\/app\/uploads\/sites\/346\/2025\/10\/WhatsApp-Image-2025-10-17-at-16.33.25-300x150.jpeg 300w, https:\/\/www.ufsm.br\/app\/uploads\/sites\/346\/2025\/10\/WhatsApp-Image-2025-10-17-at-16.33.25-1024x512.jpeg 1024w, https:\/\/www.ufsm.br\/app\/uploads\/sites\/346\/2025\/10\/WhatsApp-Image-2025-10-17-at-16.33.25-768x384.jpeg 768w, https:\/\/www.ufsm.br\/app\/uploads\/sites\/346\/2025\/10\/WhatsApp-Image-2025-10-17-at-16.33.25.jpeg 1041w\" src=\"https:\/\/www.ufsm.br\/app\/uploads\/sites\/346\/2025\/10\/WhatsApp-Image-2025-10-17-at-16.33.25-1024x512.jpeg\"><\/img>\n                                <\/div>\n                            <\/a>\n                        <\/div>\n                                        \n                                            <span class='categoria-publicacao-widget'>\n                            Di\u00e1logos Extensionistas, Eventos, Extens\u00e3o, Not\u00edcias                        <\/span>\n                        <br>\n                                        \n                    \n                    <a class=\"noticias-widget-title d-block  m-0 \"  title=\"F\u00f3rum Regional Permanente de Extens\u00e3o re\u00fane quase 300 participantes e apresenta a\u00e7\u00f5es extensionistas de destaque em 2025\" href=\"https:\/\/www.ufsm.br\/pro-reitorias\/pre\/2025\/10\/17\/forum-regional-permanente-de-extensao-reune-quase-300-participantes-e-apresenta-acoes-extensionistas-de-destaque-em-2025\">\n                                                F\u00f3rum Regional Permanente de Extens\u00e3o re\u00fane quase 300 participantes e apresenta a\u00e7\u00f5es extensionistas de destaque em 2025                    <\/a>\n                    \n                    \n                                        \n                                        \n                                        <\/div>\n                                    <div class=\"col-12 col-lg-4 pb-4\">\n                                            <div class=\"noticias-widget-wrap\" style=\"height: 180px; overflow: hidden;\">\n                            <a title=\"\" href=\"https:\/\/www.ufsm.br\/unidades-universitarias\/palmeira-das-missoes\/2025\/10\/24\/forum-regional-permanente-de-extensao-da-ufsm-pm-e-workshop-corede-rio-da-varzea-fortalecem-parcerias-e-valorizam-demandas-da-comunidade-de-palmeira-das-missoes-e-regiao\">\n                                <span class=\"visually-hidden\">\n                                    F\u00f3rum Regional Permanente de Extens\u00e3o da UFSM-PM e Workshop COREDE Rio da V\u00e1rzea fortalecem parcerias e valorizam demandas da comunidade de Palmeira das Miss\u00f5es e regi\u00e3o                                <\/span>\n                                <div class=\"noticias-widget-thumbs h-100\">\n                                    <img decoding=\"async\" class=\"object-fit-cover h-100 w-100\" alt=\"\" srcset=\"https:\/\/www.ufsm.br\/app\/uploads\/sites\/378\/2025\/10\/WhatsApp-Image-2025-10-23-at-16.45.23-300x225.jpeg 300w, https:\/\/www.ufsm.br\/app\/uploads\/sites\/378\/2025\/10\/WhatsApp-Image-2025-10-23-at-16.45.23-1024x768.jpeg 1024w, https:\/\/www.ufsm.br\/app\/uploads\/sites\/378\/2025\/10\/WhatsApp-Image-2025-10-23-at-16.45.23-768x576.jpeg 768w, https:\/\/www.ufsm.br\/app\/uploads\/sites\/378\/2025\/10\/WhatsApp-Image-2025-10-23-at-16.45.23-1536x1152.jpeg 1536w, https:\/\/www.ufsm.br\/app\/uploads\/sites\/378\/2025\/10\/WhatsApp-Image-2025-10-23-at-16.45.23.jpeg 1600w\" src=\"https:\/\/www.ufsm.br\/app\/uploads\/sites\/378\/2025\/10\/WhatsApp-Image-2025-10-23-at-16.45.23-1024x768.jpeg\"><\/img>\n                                <\/div>\n                            <\/a>\n                        <\/div>\n                                        \n                                            <span class='categoria-publicacao-widget'>\n                            Not\u00edcias                        <\/span>\n                        <br>\n                                        \n                    \n                    <a class=\"noticias-widget-title d-block  m-0 \"  title=\"F\u00f3rum Regional Permanente de Extens\u00e3o da UFSM-PM e Workshop COREDE Rio da V\u00e1rzea fortalecem parcerias e valorizam demandas da comunidade de Palmeira das Miss\u00f5es e regi\u00e3o\" href=\"https:\/\/www.ufsm.br\/unidades-universitarias\/palmeira-das-missoes\/2025\/10\/24\/forum-regional-permanente-de-extensao-da-ufsm-pm-e-workshop-corede-rio-da-varzea-fortalecem-parcerias-e-valorizam-demandas-da-comunidade-de-palmeira-das-missoes-e-regiao\">\n                                                F\u00f3rum Regional Permanente de Extens\u00e3o da UFSM-PM e Workshop COREDE Rio da V\u00e1rzea fortalecem parcerias e valorizam demandas da comunidade de Palmeira das Miss\u00f5es e regi\u00e3o                    <\/a>\n                    \n                    \n                                        \n                                        \n                                        <\/div>\n                            <\/div>\n                    <div class=\"row\">\n                                    <div class=\"col-12 col-lg-4 pb-4\">\n                                            <div class=\"noticias-widget-wrap\" style=\"height: 180px; overflow: hidden;\">\n                            <a title=\"\" href=\"https:\/\/www.ufsm.br\/unidades-universitarias\/palmeira-das-missoes\/2025\/10\/17\/forum-regional-permanente-de-extensao-sera-realizado-na-proxima-quinta-feira-23-de-outubro-na-ufsm-palmeira-das-missoes\">\n                                <span class=\"visually-hidden\">\n                                    F\u00f3rum Regional Permanente de Extens\u00e3o ser\u00e1 realizado na pr\u00f3xima quinta-feira, 23 de outubro, na UFSM Palmeira das Miss\u00f5es                                <\/span>\n                                <div class=\"noticias-widget-thumbs h-100\">\n                                    <img decoding=\"async\" class=\"object-fit-cover h-100 w-100\" alt=\"\" srcset=\"https:\/\/www.ufsm.br\/app\/uploads\/sites\/378\/2025\/10\/Forum-Regional-de-Extensao_page-0001-240x300.jpg 240w, https:\/\/www.ufsm.br\/app\/uploads\/sites\/378\/2025\/10\/Forum-Regional-de-Extensao_page-0001-819x1024.jpg 819w, https:\/\/www.ufsm.br\/app\/uploads\/sites\/378\/2025\/10\/Forum-Regional-de-Extensao_page-0001-768x960.jpg 768w, https:\/\/www.ufsm.br\/app\/uploads\/sites\/378\/2025\/10\/Forum-Regional-de-Extensao_page-0001-1229x1536.jpg 1229w, https:\/\/www.ufsm.br\/app\/uploads\/sites\/378\/2025\/10\/Forum-Regional-de-Extensao_page-0001-1638x2048.jpg 1638w, https:\/\/www.ufsm.br\/app\/uploads\/sites\/378\/2025\/10\/Forum-Regional-de-Extensao_page-0001.jpg 1688w\" src=\"https:\/\/www.ufsm.br\/app\/uploads\/sites\/378\/2025\/10\/Forum-Regional-de-Extensao_page-0001-819x1024.jpg\"><\/img>\n                                <\/div>\n                            <\/a>\n                        <\/div>\n                                        \n                                            <span class='categoria-publicacao-widget'>\n                            Not\u00edcias                        <\/span>\n                        <br>\n                                        \n                    \n                    <a class=\"noticias-widget-title d-block  m-0 \"  title=\"F\u00f3rum Regional Permanente de Extens\u00e3o ser\u00e1 realizado na pr\u00f3xima quinta-feira, 23 de outubro, na UFSM Palmeira das Miss\u00f5es\" href=\"https:\/\/www.ufsm.br\/unidades-universitarias\/palmeira-das-missoes\/2025\/10\/17\/forum-regional-permanente-de-extensao-sera-realizado-na-proxima-quinta-feira-23-de-outubro-na-ufsm-palmeira-das-missoes\">\n                                                F\u00f3rum Regional Permanente de Extens\u00e3o ser\u00e1 realizado na pr\u00f3xima quinta-feira, 23 de outubro, na UFSM Palmeira das Miss\u00f5es                    <\/a>\n                    \n                    \n                                        \n                                        \n                                        <\/div>\n                                    <div class=\"col-12 col-lg-4 pb-4\">\n                                            <div class=\"noticias-widget-wrap\" style=\"height: 180px; overflow: hidden;\">\n                            <a title=\"\" href=\"https:\/\/www.ufsm.br\/unidades-universitarias\/frederico-westphalen\/2025\/10\/23\/ufsm-fw-sedia-forum-regional-permanente-de-extensao\">\n                                <span class=\"visually-hidden\">\n                                    UFSM\/FW sedia F\u00f3rum Regional Permanente de Extens\u00e3o                                <\/span>\n                                <div class=\"noticias-widget-thumbs h-100\">\n                                    <img decoding=\"async\" class=\"object-fit-cover h-100 w-100\" alt=\"\" srcset=\"https:\/\/www.ufsm.br\/app\/uploads\/sites\/377\/2025\/10\/DSC_0006-1-300x200.jpg 300w, https:\/\/www.ufsm.br\/app\/uploads\/sites\/377\/2025\/10\/DSC_0006-1-1024x683.jpg 1024w, https:\/\/www.ufsm.br\/app\/uploads\/sites\/377\/2025\/10\/DSC_0006-1-768x512.jpg 768w, https:\/\/www.ufsm.br\/app\/uploads\/sites\/377\/2025\/10\/DSC_0006-1-1536x1024.jpg 1536w, https:\/\/www.ufsm.br\/app\/uploads\/sites\/377\/2025\/10\/DSC_0006-1-272x182.jpg 272w, https:\/\/www.ufsm.br\/app\/uploads\/sites\/377\/2025\/10\/DSC_0006-1.jpg 1920w\" src=\"https:\/\/www.ufsm.br\/app\/uploads\/sites\/377\/2025\/10\/DSC_0006-1-1024x683.jpg\"><\/img>\n                                <\/div>\n                            <\/a>\n                        <\/div>\n                                        \n                                            <span class='categoria-publicacao-widget'>\n                            Destaques, Not\u00edcias                        <\/span>\n                        <br>\n                                        \n                    \n                    <a class=\"noticias-widget-title d-block  m-0 \"  title=\"UFSM\/FW sedia F\u00f3rum Regional Permanente de Extens\u00e3o\" href=\"https:\/\/www.ufsm.br\/unidades-universitarias\/frederico-westphalen\/2025\/10\/23\/ufsm-fw-sedia-forum-regional-permanente-de-extensao\">\n                                                UFSM\/FW sedia F\u00f3rum Regional Permanente de Extens\u00e3o                    <\/a>\n                    \n                    \n                                        \n                                        \n                                        <\/div>\n                                    <div class=\"col-12 col-lg-4 pb-4\">\n                                            <div class=\"noticias-widget-wrap\" style=\"height: 180px; overflow: hidden;\">\n                            <a title=\"\" href=\"https:\/\/www.ufsm.br\/unidades-universitarias\/cachoeira-do-sul\/2025\/10\/15\/campus-cachoeira-do-sul-realiza-forum-regional-permanente-de-extensao-e-workshop-corede\">\n                                <span class=\"visually-hidden\">\n                                    Campus Cachoeira do Sul realiza F\u00f3rum Regional Permanente de Extens\u00e3o e Workshop COREDE                                <\/span>\n                                <div class=\"noticias-widget-thumbs h-100\">\n                                    <img decoding=\"async\" class=\"object-fit-cover h-100 w-100\" alt=\"\" srcset=\"https:\/\/www.ufsm.br\/app\/uploads\/sites\/376\/2025\/10\/Destaques-38-300x197.jpg 300w, https:\/\/www.ufsm.br\/app\/uploads\/sites\/376\/2025\/10\/Destaques-38-1024x673.jpg 1024w, https:\/\/www.ufsm.br\/app\/uploads\/sites\/376\/2025\/10\/Destaques-38-768x505.jpg 768w, https:\/\/www.ufsm.br\/app\/uploads\/sites\/376\/2025\/10\/Destaques-38.jpg 1080w\" src=\"https:\/\/www.ufsm.br\/app\/uploads\/sites\/376\/2025\/10\/Destaques-38-1024x673.jpg\"><\/img>\n                                <\/div>\n                            <\/a>\n                        <\/div>\n                                        \n                                            <span class='categoria-publicacao-widget'>\n                            not\u00edcias                        <\/span>\n                        <br>\n                                        \n                    \n                    <a class=\"noticias-widget-title d-block  m-0 \"  title=\"Campus Cachoeira do Sul realiza F\u00f3rum Regional Permanente de Extens\u00e3o e Workshop COREDE\" href=\"https:\/\/www.ufsm.br\/unidades-universitarias\/cachoeira-do-sul\/2025\/10\/15\/campus-cachoeira-do-sul-realiza-forum-regional-permanente-de-extensao-e-workshop-corede\">\n                                                Campus Cachoeira do Sul realiza F\u00f3rum Regional Permanente de Extens\u00e3o e Workshop COREDE                    <\/a>\n                    \n                    \n                                        \n                                        \n                                        <\/div>\n                            <\/div>\n            <\/div>\n<div class=\"leia-mais p-1\">\n                <a href=\"https:\/\/www.ufsm.br\/pro-reitorias\/pre\/busca\/?q=&area=post&orderby=date&sites%5B%5D=376&sites%5B%5D=377&sites%5B%5D=346&sites%5B%5D=378&sites%5B%5D=1\">\n            LEIA MAIS            <span class=\"icon-box\">\n                <span class=\"bg-ufsm-widget-icon\">\n                    <i class=\"fas fa-chevron-right\" aria-hidden=\"true\"><\/i>\n                <\/span>\n            <\/span>\n        <\/a>\n    <\/div>\n\t\t<\/div>\n\t\t\t\t<\/div>\n\t\t\t\t\t<\/div>\n\t\t<\/div>\n\t\t\t\t\t<\/div>\n\t\t<\/section>\n\t\t\t\t<section class=\"elementor-section elementor-top-section elementor-element elementor-element-1b99732 elementor-section-boxed elementor-section-height-default elementor-section-height-default\" data-id=\"1b99732\" data-element_type=\"section\">\n\t\t\t\t\t\t<div class=\"elementor-container elementor-column-gap-default\">\n\t\t\t\t\t<div class=\"elementor-column elementor-col-100 elementor-top-column elementor-element elementor-element-357e3db\" data-id=\"357e3db\" data-element_type=\"column\">\n\t\t\t<div class=\"elementor-widget-wrap elementor-element-populated\">\n\t\t\t\t\t\t<div class=\"elementor-element elementor-element-a4c1291 elementor-widget elementor-widget-spacer\" data-id=\"a4c1291\" data-element_type=\"widget\" data-widget_type=\"spacer.default\">\n\t\t\t\t<div class=\"elementor-widget-container\">\n\t\t\t\t\t<div class=\"elementor-spacer\">\n\t\t\t<div class=\"elementor-spacer-inner\"><\/div>\n\t\t<\/div>\n\t\t\t\t<\/div>\n\t\t\t\t<\/div>\n\t\t\t\t\t<\/div>\n\t\t<\/div>\n\t\t\t\t\t<\/div>\n\t\t<\/section>\n\t\t\t\t<section class=\"elementor-section elementor-top-section elementor-element elementor-element-1149d70 elementor-section-boxed elementor-section-height-default elementor-section-height-default\" data-id=\"1149d70\" data-element_type=\"section\">\n\t\t\t\t\t\t<div class=\"elementor-container elementor-column-gap-default\">\n\t\t\t\t\t<div class=\"elementor-column elementor-col-100 elementor-top-column elementor-element elementor-element-c94c50f\" data-id=\"c94c50f\" data-element_type=\"column\">\n\t\t\t<div class=\"elementor-widget-wrap elementor-element-populated\">\n\t\t\t\t\t\t<div class=\"elementor-element elementor-element-9263ec9 elementor-widget elementor-widget-heading\" data-id=\"9263ec9\" data-element_type=\"widget\" data-widget_type=\"heading.default\">\n\t\t\t\t<div class=\"elementor-widget-container\">\n\t\t\t<h5 class=\"elementor-heading-title elementor-size-default\">Links \u00dateis<\/h5>\t\t<\/div>\n\t\t\t\t<\/div>\n\t\t\t\t\t<\/div>\n\t\t<\/div>\n\t\t\t\t\t<\/div>\n\t\t<\/section>\n\t\t\t\t<section class=\"elementor-section elementor-top-section elementor-element elementor-element-07c4e8b elementor-section-boxed elementor-section-height-default elementor-section-height-default\" data-id=\"07c4e8b\" data-element_type=\"section\">\n\t\t\t\t\t\t<div class=\"elementor-container elementor-column-gap-default\">\n\t\t\t\t\t<div class=\"elementor-column elementor-col-33 elementor-top-column elementor-element elementor-element-95edd20\" data-id=\"95edd20\" data-element_type=\"column\">\n\t\t\t<div class=\"elementor-widget-wrap elementor-element-populated\">\n\t\t\t\t\t\t<div class=\"elementor-element elementor-element-c5144ab elementor-view-default elementor-widget elementor-widget-icon\" data-id=\"c5144ab\" data-element_type=\"widget\" data-widget_type=\"icon.default\">\n\t\t\t\t<div class=\"elementor-widget-container\">\n\t\t\t\t\t<div class=\"elementor-icon-wrapper\">\n\t\t\t<a class=\"elementor-icon\" href=\"https:\/\/www.ufsm.br\/pro-reitorias\/pre\/cafe\/\">\n\t\t\t<i aria-hidden=\"true\" class=\"fas fa-comments-dollar\"><\/i>\t\t\t<\/a>\n\t\t<\/div>\n\t\t\t\t<\/div>\n\t\t\t\t<\/div>\n\t\t\t\t<div class=\"elementor-element elementor-element-851995f elementor-widget elementor-widget-heading\" data-id=\"851995f\" data-element_type=\"widget\" data-widget_type=\"heading.default\">\n\t\t\t\t<div class=\"elementor-widget-container\">\n\t\t\t<h6 class=\"elementor-heading-title elementor-size-default\">Articula\u00e7\u00e3o e Fomento \u00e0 Extens\u00e3o<\/h6>\t\t<\/div>\n\t\t\t\t<\/div>\n\t\t\t\t\t<\/div>\n\t\t<\/div>\n\t\t\t\t<div class=\"elementor-column elementor-col-33 elementor-top-column elementor-element elementor-element-aa428e7\" data-id=\"aa428e7\" data-element_type=\"column\">\n\t\t\t<div class=\"elementor-widget-wrap elementor-element-populated\">\n\t\t\t\t\t\t<div class=\"elementor-element elementor-element-96d7535 elementor-view-default elementor-widget elementor-widget-icon\" data-id=\"96d7535\" data-element_type=\"widget\" data-widget_type=\"icon.default\">\n\t\t\t\t<div class=\"elementor-widget-container\">\n\t\t\t\t\t<div class=\"elementor-icon-wrapper\">\n\t\t\t<a class=\"elementor-icon\" href=\"https:\/\/www.ufsm.br\/pro-reitorias\/pre\/gabinete-do-pro-reitor\/\">\n\t\t\t<i aria-hidden=\"true\" class=\"fas fa-user-friends\"><\/i>\t\t\t<\/a>\n\t\t<\/div>\n\t\t\t\t<\/div>\n\t\t\t\t<\/div>\n\t\t\t\t<div class=\"elementor-element elementor-element-c02e713 elementor-widget elementor-widget-heading\" data-id=\"c02e713\" data-element_type=\"widget\" data-widget_type=\"heading.default\">\n\t\t\t\t<div class=\"elementor-widget-container\">\n\t\t\t<h6 class=\"elementor-heading-title elementor-size-default\">Gabinete do Pr\u00f3-Reitor<\/h6>\t\t<\/div>\n\t\t\t\t<\/div>\n\t\t\t\t\t<\/div>\n\t\t<\/div>\n\t\t\t\t<div class=\"elementor-column elementor-col-33 elementor-top-column elementor-element elementor-element-33a8901\" data-id=\"33a8901\" data-element_type=\"column\">\n\t\t\t<div class=\"elementor-widget-wrap elementor-element-populated\">\n\t\t\t\t\t\t<div class=\"elementor-element elementor-element-eded33c elementor-view-default elementor-widget elementor-widget-icon\" data-id=\"eded33c\" data-element_type=\"widget\" data-widget_type=\"icon.default\">\n\t\t\t\t<div class=\"elementor-widget-container\">\n\t\t\t\t\t<div class=\"elementor-icon-wrapper\">\n\t\t\t<a class=\"elementor-icon\" href=\"https:\/\/www.ufsm.br\/pro-reitorias\/pre\/contato\/\">\n\t\t\t<i aria-hidden=\"true\" class=\"far fa-comment-dots\"><\/i>\t\t\t<\/a>\n\t\t<\/div>\n\t\t\t\t<\/div>\n\t\t\t\t<\/div>\n\t\t\t\t<div class=\"elementor-element elementor-element-e15106d elementor-widget elementor-widget-heading\" data-id=\"e15106d\" data-element_type=\"widget\" data-widget_type=\"heading.default\">\n\t\t\t\t<div class=\"elementor-widget-container\">\n\t\t\t<h6 class=\"elementor-heading-title elementor-size-default\">Contatos<\/h6>\t\t<\/div>\n\t\t\t\t<\/div>\n\t\t\t\t\t<\/div>\n\t\t<\/div>\n\t\t\t\t\t<\/div>\n\t\t<\/section>\n\t\t\t\t<section class=\"elementor-section elementor-top-section elementor-element elementor-element-5c0418b elementor-section-boxed elementor-section-height-default elementor-section-height-default\" data-id=\"5c0418b\" data-element_type=\"section\">\n\t\t\t\t\t\t<div class=\"elementor-container elementor-column-gap-default\">\n\t\t\t\t\t<div class=\"elementor-column elementor-col-100 elementor-top-column elementor-element elementor-element-86c9cc4\" data-id=\"86c9cc4\" data-element_type=\"column\">\n\t\t\t<div class=\"elementor-widget-wrap elementor-element-populated\">\n\t\t\t\t\t\t<div class=\"elementor-element elementor-element-7cc9d84 elementor-view-default elementor-widget elementor-widget-icon\" data-id=\"7cc9d84\" data-element_type=\"widget\" data-widget_type=\"icon.default\">\n\t\t\t\t<div class=\"elementor-widget-container\">\n\t\t\t\t\t<div class=\"elementor-icon-wrapper\">\n\t\t\t<a class=\"elementor-icon\" href=\"https:\/\/www.ufsm.br\/pro-reitorias\/pre\/fiex\/\">\n\t\t\t<i aria-hidden=\"true\" class=\"fas fa-file-invoice-dollar\"><\/i>\t\t\t<\/a>\n\t\t<\/div>\n\t\t\t\t<\/div>\n\t\t\t\t<\/div>\n\t\t\t\t\t<\/div>\n\t\t<\/div>\n\t\t\t\t\t<\/div>\n\t\t<\/section>\n\t\t\t\t<\/div>\n\t\t","protected":false},"excerpt":{"rendered":"<p>O\u00a0F\u00f3rum Regional Permanente de Extens\u00e3o, promovido pela Pr\u00f3-Reitoria de Extens\u00e3o (PRE) da Universidade Federal de Santa Maria (UFSM), tem por objetivo identificar as demandas sociais das comunidades nas quais a institui\u00e7\u00e3o se insere. Os resultados coletados servem de base para o direcionamento de recursos para apoio e cria\u00e7\u00e3o de novas a\u00e7\u00f5es de extens\u00e3o na UFSM. [&hellip;]<\/p>\n","protected":false},"author":1452,"featured_media":0,"parent":13411,"menu_order":0,"comment_status":"closed","ping_status":"closed","template":"","meta":{"footnotes":""},"categories":[27],"tags":[],"class_list":["post-5191","page","type-page","status-publish","hentry","category-banner"],"acf":[],"_links":{"self":[{"href":"https:\/\/www.ufsm.br\/pro-reitorias\/pre\/wp-json\/wp\/v2\/pages\/5191","targetHints":{"allow":["GET"]}}],"collection":[{"href":"https:\/\/www.ufsm.br\/pro-reitorias\/pre\/wp-json\/wp\/v2\/pages"}],"about":[{"href":"https:\/\/www.ufsm.br\/pro-reitorias\/pre\/wp-json\/wp\/v2\/types\/page"}],"author":[{"embeddable":true,"href":"https:\/\/www.ufsm.br\/pro-reitorias\/pre\/wp-json\/wp\/v2\/users\/1452"}],"replies":[{"embeddable":true,"href":"https:\/\/www.ufsm.br\/pro-reitorias\/pre\/wp-json\/wp\/v2\/comments?post=5191"}],"version-history":[{"count":0,"href":"https:\/\/www.ufsm.br\/pro-reitorias\/pre\/wp-json\/wp\/v2\/pages\/5191\/revisions"}],"up":[{"embeddable":true,"href":"https:\/\/www.ufsm.br\/pro-reitorias\/pre\/wp-json\/wp\/v2\/pages\/13411"}],"wp:attachment":[{"href":"https:\/\/www.ufsm.br\/pro-reitorias\/pre\/wp-json\/wp\/v2\/media?parent=5191"}],"wp:term":[{"taxonomy":"category","embeddable":true,"href":"https:\/\/www.ufsm.br\/pro-reitorias\/pre\/wp-json\/wp\/v2\/categories?post=5191"},{"taxonomy":"post_tag","embeddable":true,"href":"https:\/\/www.ufsm.br\/pro-reitorias\/pre\/wp-json\/wp\/v2\/tags?post=5191"}],"curies":[{"name":"wp","href":"https:\/\/api.w.org\/{rel}","templated":true}]}}