{"id":6,"date":"2018-03-22T10:30:47","date_gmt":"2018-03-22T13:30:47","guid":{"rendered":"https:\/\/www.ufsm.br\/pro-reitorias\/pre\/?page_id=6"},"modified":"2018-08-03T17:39:49","modified_gmt":"2018-08-03T20:39:49","slug":"desenvolva","status":"publish","type":"page","link":"https:\/\/www.ufsm.br\/pro-reitorias\/pre\/desenvolva","title":{"rendered":"Desenvolva"},"content":{"rendered":"\t\t<div data-elementor-type=\"wp-post\" data-elementor-id=\"6\" class=\"elementor elementor-6 elementor-bc-flex-widget\">\n\t\t\t\t\t\t<section class=\"elementor-section elementor-top-section elementor-element elementor-element-2cd7cad elementor-section-boxed elementor-section-height-default elementor-section-height-default\" data-id=\"2cd7cad\" data-element_type=\"section\">\n\t\t\t\t\t\t<div class=\"elementor-container elementor-column-gap-default\">\n\t\t\t\t\t<div class=\"elementor-column elementor-col-100 elementor-top-column elementor-element elementor-element-ae3d4b8\" data-id=\"ae3d4b8\" data-element_type=\"column\">\n\t\t\t<div class=\"elementor-widget-wrap elementor-element-populated\">\n\t\t\t\t\t\t<div class=\"elementor-element elementor-element-6c83b52 elementor-widget elementor-widget-text-editor\" data-id=\"6c83b52\" data-element_type=\"widget\" data-widget_type=\"text-editor.default\">\n\t\t\t\t<div class=\"elementor-widget-container\">\n\t\t\t\t\t\t\t<p>O projeto consiste em organizar, articular e realizar a\u00e7\u00f5es de extens\u00e3o e presta\u00e7\u00e3o de servi\u00e7os que sejam estimuladoras do desenvolvimento regional.<br \/>O projeto se desenvolver\u00e1 nas quatro regi\u00f5es determinadas pelos COREDEs onde est\u00e3o instalados os campi da UFSM:<\/p><p>1. COREDE Central, composto de 19 munic\u00edpios, Campi Santa Maria e Silveira Martins;<br \/>2. COREDE Rio da V\u00e1rzea, composto por 17 munic\u00edpios, Campus Palmeira das Miss\u00f5es;<br \/>3. COREDE M\u00e9dio Alto Uruguai, composto por 23 munic\u00edpios, Campus Frederico Westphalen;<br \/>4. COREDE Jacu\u00ed Centro, composto por 7 munic\u00edpios, Campus Cachoeira do Sul.<br \/>Ser\u00e3o promovidos o desenvolvimento rural, urbano e a integra\u00e7\u00e3o regional, atrav\u00e9s da organiza\u00e7\u00e3o, articula\u00e7\u00e3o e realiza\u00e7\u00e3o de cursos de qualifica\u00e7\u00e3o e eventos relacionados com o desenvolvimento regional.<br \/>A organiza\u00e7\u00e3o, articula\u00e7\u00e3o e realiza\u00e7\u00e3o de projetos capazes de contribuir para o desenvolvimento regional do ponto de vista social, econ\u00f4mico e ambiental, juntamente com a assessoria e consultoria de entidades p\u00fablicas e privadas resultar\u00e3o em a\u00e7\u00f5es estimuladoras do desenvolvimento regional.<\/p>\t\t\t\t\t\t<\/div>\n\t\t\t\t<\/div>\n\t\t\t\t\t<\/div>\n\t\t<\/div>\n\t\t\t\t\t<\/div>\n\t\t<\/section>\n\t\t\t\t<section class=\"elementor-section elementor-top-section elementor-element elementor-element-2028e5e elementor-section-boxed elementor-section-height-default elementor-section-height-default\" data-id=\"2028e5e\" data-element_type=\"section\">\n\t\t\t\t\t\t<div class=\"elementor-container elementor-column-gap-default\">\n\t\t\t\t\t<div class=\"elementor-column elementor-col-100 elementor-top-column elementor-element elementor-element-a9deed6\" data-id=\"a9deed6\" data-element_type=\"column\">\n\t\t\t<div class=\"elementor-widget-wrap elementor-element-populated\">\n\t\t\t\t\t\t<div class=\"elementor-element elementor-element-74dc7c5 elementor-widget elementor-widget-toggle\" data-id=\"74dc7c5\" data-element_type=\"widget\" data-widget_type=\"toggle.default\">\n\t\t\t\t<div class=\"elementor-widget-container\">\n\t\t\t\t\t<div class=\"elementor-toggle\">\n\t\t\t\t\t\t\t<div class=\"elementor-toggle-item\">\n\t\t\t\t\t<div id=\"elementor-tab-title-1221\" class=\"elementor-tab-title\" data-tab=\"1\" role=\"button\" aria-controls=\"elementor-tab-content-1221\" aria-expanded=\"false\">\n\t\t\t\t\t\t\t\t\t\t\t\t<span class=\"elementor-toggle-icon elementor-toggle-icon-left\" aria-hidden=\"true\">\n\t\t\t\t\t\t\t\t\t\t\t\t\t\t\t<span class=\"elementor-toggle-icon-closed\"><i class=\"fas fa-caret-right\"><\/i><\/span>\n\t\t\t\t\t\t\t\t<span class=\"elementor-toggle-icon-opened\"><i class=\"elementor-toggle-icon-opened fas fa-caret-up\"><\/i><\/span>\n\t\t\t\t\t\t\t\t\t\t\t\t\t<\/span>\n\t\t\t\t\t\t\t\t\t\t\t\t<a class=\"elementor-toggle-title\" tabindex=\"0\">Plano de Gest\u00e3o<\/a>\n\t\t\t\t\t<\/div>\n\n\t\t\t\t\t<div id=\"elementor-tab-content-1221\" class=\"elementor-tab-content elementor-clearfix\" data-tab=\"1\" role=\"region\" aria-labelledby=\"elementor-tab-title-1221\"><p>Objetivos:<\/p><p>1.1- Promover o desenvolvimento da sociedade de modo inovador e sustent\u00e1vel<br \/>2.1 \u2013 Fortalecer a imagem da UFSM frente \u00e0s partes interessadas<br \/>2.4 \u2013 Buscar excel\u00eancia no Ensino, Pesquisa, Extens\u00e3o e Gest\u00e3o<br \/>3.1 \u2013 Intensificar atividades integradas de ensino, pesquisa e extens\u00e3o socialmente relevantes<\/p><\/div>\n\t\t\t\t<\/div>\n\t\t\t\t\t\t\t<div class=\"elementor-toggle-item\">\n\t\t\t\t\t<div id=\"elementor-tab-title-1222\" class=\"elementor-tab-title\" data-tab=\"2\" role=\"button\" aria-controls=\"elementor-tab-content-1222\" aria-expanded=\"false\">\n\t\t\t\t\t\t\t\t\t\t\t\t<span class=\"elementor-toggle-icon elementor-toggle-icon-left\" aria-hidden=\"true\">\n\t\t\t\t\t\t\t\t\t\t\t\t\t\t\t<span class=\"elementor-toggle-icon-closed\"><i class=\"fas fa-caret-right\"><\/i><\/span>\n\t\t\t\t\t\t\t\t<span class=\"elementor-toggle-icon-opened\"><i class=\"elementor-toggle-icon-opened fas fa-caret-up\"><\/i><\/span>\n\t\t\t\t\t\t\t\t\t\t\t\t\t<\/span>\n\t\t\t\t\t\t\t\t\t\t\t\t<a class=\"elementor-toggle-title\" tabindex=\"0\">Linha e A\u00e7\u00e3o (PDI)<\/a>\n\t\t\t\t\t<\/div>\n\n\t\t\t\t\t<div id=\"elementor-tab-content-1222\" class=\"elementor-tab-content elementor-clearfix\" data-tab=\"2\" role=\"region\" aria-labelledby=\"elementor-tab-title-1222\"><p>Eixo 1 \u2013 Foco na Inova\u00e7\u00e3o e na sustentabilidade: Promover a\u00e7\u00f5es para a difus\u00e3o e transfer\u00eancia de conhecimento com foco na inova\u00e7\u00e3o para a comunidade; Incentivar a intera\u00e7\u00e3o com \u00f3rg\u00e3os e gestores p\u00fablicos, na busca de solu\u00e7\u00f5es para a implementa\u00e7\u00e3o de pol\u00edticas p\u00fablicas; e, Estimular a busca de investimentos e empreendimentos para a regi\u00e3o, com foco na inova\u00e7\u00e3o e na sustentabilidade.<br \/>Eixo 2 \u2013 Inclus\u00e3o, acesso e acessibilidade, coopera\u00e7\u00e3o e inser\u00e7\u00e3o social: Apoiar as pr\u00e1ticas voltadas ao atendimento das necessidades sociais relacionadas \u00e0s diferentes \u00e1reas tem\u00e1ticas definidas pela PNE; e, Fomentar a qualifica\u00e7\u00e3o e a expans\u00e3o de a\u00e7\u00f5es de extens\u00e3o junto aos conv\u00eanios de coopera\u00e7\u00e3o t\u00e9cnica firmados entre a UFSM, poderes p\u00fablicos municipais, estaduais e federais, bem como organiza\u00e7\u00f5es n\u00e3o-governamentais e sociais de interesse p\u00fablico.<br \/>Eixo 3 \u2013 Qualifica\u00e7\u00e3o das atividades acad\u00eamicas: Estimular projetos que atendam as necessidades da sociedade e do mundo do trabalho para o direcionamento das a\u00e7\u00f5es de extens\u00e3o; Manter a adequa\u00e7\u00e3o das linhas de extens\u00e3o aos interesses da sociedade e do mundo do trabalho; Desenvolver projetos, parcerias e interc\u00e2mbios multidisciplinares em a\u00e7\u00f5es de ensino, pesquisa e extens\u00e3o no \u00e2mbito da UFSM; e, Qualificar os processos operacionais relativos \u00e0s a\u00e7\u00f5es de extens\u00e3o.<\/p><\/div>\n\t\t\t\t<\/div>\n\t\t\t\t\t\t\t<div class=\"elementor-toggle-item\">\n\t\t\t\t\t<div id=\"elementor-tab-title-1223\" class=\"elementor-tab-title\" data-tab=\"3\" role=\"button\" aria-controls=\"elementor-tab-content-1223\" aria-expanded=\"false\">\n\t\t\t\t\t\t\t\t\t\t\t\t<span class=\"elementor-toggle-icon elementor-toggle-icon-left\" aria-hidden=\"true\">\n\t\t\t\t\t\t\t\t\t\t\t\t\t\t\t<span class=\"elementor-toggle-icon-closed\"><i class=\"fas fa-caret-right\"><\/i><\/span>\n\t\t\t\t\t\t\t\t<span class=\"elementor-toggle-icon-opened\"><i class=\"elementor-toggle-icon-opened fas fa-caret-up\"><\/i><\/span>\n\t\t\t\t\t\t\t\t\t\t\t\t\t<\/span>\n\t\t\t\t\t\t\t\t\t\t\t\t<a class=\"elementor-toggle-title\" tabindex=\"0\">Objetivos<\/a>\n\t\t\t\t\t<\/div>\n\n\t\t\t\t\t<div id=\"elementor-tab-content-1223\" class=\"elementor-tab-content elementor-clearfix\" data-tab=\"3\" role=\"region\" aria-labelledby=\"elementor-tab-title-1223\"><p>Organizar, articular, mapear e realizar a\u00e7\u00f5es de extens\u00e3o que sejam estimuladoras do desenvolvimento local e regional.<\/p><\/div>\n\t\t\t\t<\/div>\n\t\t\t\t\t\t\t<div class=\"elementor-toggle-item\">\n\t\t\t\t\t<div id=\"elementor-tab-title-1224\" class=\"elementor-tab-title\" data-tab=\"4\" role=\"button\" aria-controls=\"elementor-tab-content-1224\" aria-expanded=\"false\">\n\t\t\t\t\t\t\t\t\t\t\t\t<span class=\"elementor-toggle-icon elementor-toggle-icon-left\" aria-hidden=\"true\">\n\t\t\t\t\t\t\t\t\t\t\t\t\t\t\t<span class=\"elementor-toggle-icon-closed\"><i class=\"fas fa-caret-right\"><\/i><\/span>\n\t\t\t\t\t\t\t\t<span class=\"elementor-toggle-icon-opened\"><i class=\"elementor-toggle-icon-opened fas fa-caret-up\"><\/i><\/span>\n\t\t\t\t\t\t\t\t\t\t\t\t\t<\/span>\n\t\t\t\t\t\t\t\t\t\t\t\t<a class=\"elementor-toggle-title\" tabindex=\"0\">Benef\u00edcios Esperados<\/a>\n\t\t\t\t\t<\/div>\n\n\t\t\t\t\t<div id=\"elementor-tab-content-1224\" class=\"elementor-tab-content elementor-clearfix\" data-tab=\"4\" role=\"region\" aria-labelledby=\"elementor-tab-title-1224\"><p>\u2022 Fortalecimento da imagem da UFSM como l\u00edder empreendedora, capaz de contribuir para o desenvolvimento local e regional;\u00a0<br \/>\u2022 Fomento da institucionaliza\u00e7\u00e3o de parcerias que propiciem o estabelecimento de um clima sin\u00e9rgico e empreendedor entre a UFSM e os diferentes setores da sociedade;<br \/>\u2022 Mapeamento das potencialidades inovadoras da UFSM;<br \/>\u2022 Representa\u00e7\u00e3o da UFSM, atrav\u00e9s da Coordenadoria de A\u00e7\u00f5es Regionais e Inova\u00e7\u00e3o, nas reuni\u00f5es de discuss\u00e3o, proposi\u00e7\u00e3o e encaminhamento de projetos de desenvolvimento local e regional, organizadas pelos diversos atores que fazem parte das estrat\u00e9gicas de desenvolvimento;<br \/>\u2022 Aumento da competitividade das empresas atendidas pelo projeto;<br \/>\u2022 Cria\u00e7\u00e3o de espa\u00e7o para incuba\u00e7\u00e3o social, com o apoio t\u00e9cnico das diferentes \u00e1reas de conhecimento da UFSM.<\/p><\/div>\n\t\t\t\t<\/div>\n\t\t\t\t\t\t\t<div class=\"elementor-toggle-item\">\n\t\t\t\t\t<div id=\"elementor-tab-title-1225\" class=\"elementor-tab-title\" data-tab=\"5\" role=\"button\" aria-controls=\"elementor-tab-content-1225\" aria-expanded=\"false\">\n\t\t\t\t\t\t\t\t\t\t\t\t<span class=\"elementor-toggle-icon elementor-toggle-icon-left\" aria-hidden=\"true\">\n\t\t\t\t\t\t\t\t\t\t\t\t\t\t\t<span class=\"elementor-toggle-icon-closed\"><i class=\"fas fa-caret-right\"><\/i><\/span>\n\t\t\t\t\t\t\t\t<span class=\"elementor-toggle-icon-opened\"><i class=\"elementor-toggle-icon-opened fas fa-caret-up\"><\/i><\/span>\n\t\t\t\t\t\t\t\t\t\t\t\t\t<\/span>\n\t\t\t\t\t\t\t\t\t\t\t\t<a class=\"elementor-toggle-title\" tabindex=\"0\">Execu\u00e7\u00e3o Or\u00e7ament\u00e1ria<\/a>\n\t\t\t\t\t<\/div>\n\n\t\t\t\t\t<div id=\"elementor-tab-content-1225\" class=\"elementor-tab-content elementor-clearfix\" data-tab=\"5\" role=\"region\" aria-labelledby=\"elementor-tab-title-1225\"><p>\u00a02016 \u2013 Acesse\u00a0<a href=\"http:\/\/w3.ufsm.br\/pre\/images\/Transparencia\/2016final\/Transparncia%20Desenvolva.pdf\">aqui<\/a>.<\/p><p>\u00a02017\u00a0 \u2013 Acesse\u00a0<a href=\"http:\/\/w3.ufsm.br\/pre\/images\/Transparencia\/2017-final\/Transparncia%20Projeto%20Desenvolva%20Ref%202017.pdf\" target=\"_blank\" rel=\"noopener\">aqui<\/a>.<\/p><\/div>\n\t\t\t\t<\/div>\n\t\t\t\t\t\t\t\t<\/div>\n\t\t\t\t<\/div>\n\t\t\t\t<\/div>\n\t\t\t\t\t<\/div>\n\t\t<\/div>\n\t\t\t\t\t<\/div>\n\t\t<\/section>\n\t\t\t\t<\/div>\n\t\t","protected":false},"excerpt":{"rendered":"<p>O projeto consiste em organizar, articular e realizar a\u00e7\u00f5es de extens\u00e3o e presta\u00e7\u00e3o de servi\u00e7os que sejam estimuladoras do desenvolvimento regional.O projeto se desenvolver\u00e1 nas quatro regi\u00f5es determinadas pelos COREDEs onde est\u00e3o instalados os campi da UFSM: 1. COREDE Central, composto de 19 munic\u00edpios, Campi Santa Maria e Silveira Martins;2. COREDE Rio da V\u00e1rzea, composto [&hellip;]<\/p>\n","protected":false},"author":74,"featured_media":0,"parent":0,"menu_order":0,"comment_status":"closed","ping_status":"closed","template":"","meta":{"footnotes":""},"categories":[],"tags":[],"class_list":["post-6","page","type-page","status-publish","hentry"],"acf":[],"_links":{"self":[{"href":"https:\/\/www.ufsm.br\/pro-reitorias\/pre\/wp-json\/wp\/v2\/pages\/6","targetHints":{"allow":["GET"]}}],"collection":[{"href":"https:\/\/www.ufsm.br\/pro-reitorias\/pre\/wp-json\/wp\/v2\/pages"}],"about":[{"href":"https:\/\/www.ufsm.br\/pro-reitorias\/pre\/wp-json\/wp\/v2\/types\/page"}],"author":[{"embeddable":true,"href":"https:\/\/www.ufsm.br\/pro-reitorias\/pre\/wp-json\/wp\/v2\/users\/74"}],"replies":[{"embeddable":true,"href":"https:\/\/www.ufsm.br\/pro-reitorias\/pre\/wp-json\/wp\/v2\/comments?post=6"}],"version-history":[{"count":0,"href":"https:\/\/www.ufsm.br\/pro-reitorias\/pre\/wp-json\/wp\/v2\/pages\/6\/revisions"}],"wp:attachment":[{"href":"https:\/\/www.ufsm.br\/pro-reitorias\/pre\/wp-json\/wp\/v2\/media?parent=6"}],"wp:term":[{"taxonomy":"category","embeddable":true,"href":"https:\/\/www.ufsm.br\/pro-reitorias\/pre\/wp-json\/wp\/v2\/categories?post=6"},{"taxonomy":"post_tag","embeddable":true,"href":"https:\/\/www.ufsm.br\/pro-reitorias\/pre\/wp-json\/wp\/v2\/tags?post=6"}],"curies":[{"name":"wp","href":"https:\/\/api.w.org\/{rel}","templated":true}]}}