{"id":7823,"date":"2023-06-21T11:53:18","date_gmt":"2023-06-21T14:53:18","guid":{"rendered":"https:\/\/www.ufsm.br\/pro-reitorias\/pre\/?page_id=7823"},"modified":"2025-02-25T10:01:16","modified_gmt":"2025-02-25T13:01:16","slug":"eventos","status":"publish","type":"page","link":"https:\/\/www.ufsm.br\/pro-reitorias\/pre\/cafe\/sde\/eventos","title":{"rendered":"Eventos"},"content":{"rendered":"\t\t<div data-elementor-type=\"wp-page\" data-elementor-id=\"7823\" class=\"elementor elementor-7823\">\n\t\t\t\t\t\t<section class=\"elementor-section elementor-top-section elementor-element elementor-element-df82e97 elementor-section-boxed elementor-section-height-default elementor-section-height-default\" data-id=\"df82e97\" data-element_type=\"section\">\n\t\t\t\t\t\t<div class=\"elementor-container elementor-column-gap-default\">\n\t\t\t\t\t<div class=\"elementor-column elementor-col-100 elementor-top-column elementor-element elementor-element-41824b77\" data-id=\"41824b77\" data-element_type=\"column\">\n\t\t\t<div class=\"elementor-widget-wrap elementor-element-populated\">\n\t\t\t\t\t\t<div class=\"elementor-element elementor-element-3eed4a6a elementor-widget elementor-widget-text-editor\" data-id=\"3eed4a6a\" data-element_type=\"widget\" data-widget_type=\"text-editor.default\">\n\t\t\t\t<div class=\"elementor-widget-container\">\n\t\t\t\t\t\t\t<!-- wp:tadv\/classic-paragraph \/-->\t\t\t\t\t\t<\/div>\n\t\t\t\t<\/div>\n\t\t\t\t<div class=\"elementor-element elementor-element-2ce7094 elementor-widget elementor-widget-wp-widget-ufsm_eventos_widget\" data-id=\"2ce7094\" data-element_type=\"widget\" data-widget_type=\"wp-widget-ufsm_eventos_widget.default\">\n\t\t\t\t<div class=\"elementor-widget-container\">\n\t\t\t<H2 class='titulo-conteudos'>Eventos PRE<\/H2>\n          <div class='d-flex flex-column align-items-center justify-content-center py-4'>\n        <span class='text-muted fs-5 mb-2 d-flex align-items-center'>\n          <i class='fas fa-calendar-times fa-2x me-2'><\/i>\n          Nenhum evento futuro encontrado.\n        <\/span>\n        <a class='btn btn-outline-primary mt-2' href='https:\/\/www.ufsm.br\/pro-reitorias\/pre\/busca\/?q=&orderby=date&order=DESC&perpage=15&area=eventos&sites%5B%5D=346'>\n          Confira os eventos j\u00e1 realizados\n          <i class='fas fa-arrow-right ms-2'><\/i>\n        <\/a>\n          <\/div>\n        \t\t<\/div>\n\t\t\t\t<\/div>\n\t\t\t\t\t<\/div>\n\t\t<\/div>\n\t\t\t\t\t<\/div>\n\t\t<\/section>\n\t\t\t\t<section class=\"elementor-section elementor-top-section elementor-element elementor-element-e91c0c3 elementor-section-boxed elementor-section-height-default elementor-section-height-default\" data-id=\"e91c0c3\" data-element_type=\"section\">\n\t\t\t\t\t\t<div class=\"elementor-container elementor-column-gap-default\">\n\t\t\t\t\t<div class=\"elementor-column elementor-col-100 elementor-top-column elementor-element elementor-element-7be81f2\" data-id=\"7be81f2\" data-element_type=\"column\">\n\t\t\t<div class=\"elementor-widget-wrap elementor-element-populated\">\n\t\t\t\t\t\t<div class=\"elementor-element elementor-element-30622b4 elementor-widget elementor-widget-text-editor\" data-id=\"30622b4\" data-element_type=\"widget\" data-widget_type=\"text-editor.default\">\n\t\t\t\t<div class=\"elementor-widget-container\">\n\t\t\t\t\t\t\t<!-- wp:tadv\/classic-paragraph \/-->\t\t\t\t\t\t<\/div>\n\t\t\t\t<\/div>\n\t\t\t\t<div class=\"elementor-element elementor-element-c0bd351 elementor-widget elementor-widget-wp-widget-ufsm_eventos_widget\" data-id=\"c0bd351\" data-element_type=\"widget\" data-widget_type=\"wp-widget-ufsm_eventos_widget.default\">\n\t\t\t\t<div class=\"elementor-widget-container\">\n\t\t\t<H2 class='titulo-conteudos'>Eventos Centro de Conven\u00e7\u00f5es<\/H2><div><div class=\"row\"><div class=\"mb-5 col-lg-6\"><a class='ufsm-bg-scale' title='' href='https:\/\/www.ufsm.br\/outros-orgaos\/cc\/eventos\/espetaculo-elvis-presley-abba' ><div class='eventos-widget-wrap mb-2' style='height: 130px;overflow: hidden;background:url(\"https:\/\/www.ufsm.br\/app\/uploads\/sites\/403\/2026\/04\/COMPRE-PELO-QRCODE-1080-x-400-px_page-0001-768x284.jpg\"); background-size:cover;background-repeat:no-repeat;background-color:white;background-position:center; '><span class='visually-hidden'>ESPET\u00c1CULO ELVIS PRESLEY &amp; ABBA<\/span><div data-bs-toggle='lightbox' class='noticias-widget-thumbs'><\/div><\/div><\/a><span class='categoria-publicacao-widget'>ART\u00cdSTICOS<\/span><br><a class=\"d-block\" title=\"ESPET\u00c1CULO ELVIS PRESLEY &amp; ABBA\" href=\"https:\/\/www.ufsm.br\/outros-orgaos\/cc\/eventos\/espetaculo-elvis-presley-abba\"><span  title=\"\" class=\"titulo-publicacao-widget\">ESPET\u00c1CULO ELVIS PRESLEY &amp; ABBA<\/span><\/a><div title=\"O Evento ESPET\u00c1CULO ELVIS PRESLEY &amp; ABBA acontece em Centro  de Conven\u00e7\u00f5es UFSM\" class=\"data-publicacao-widget text-break\"><i class=\"fas fa-map-marker-alt\"><\/i> Centro  de Conven\u00e7\u00f5es UFSM<\/div><div title=\"O Evento ESPET\u00c1CULO ELVIS PRESLEY &amp; ABBA acontece de 09\/05\/2026 \u00e0 09\/05\/2026\" class=\"data-publicacao-widget text-break\"><i  class=\"fas fa-calendar-alt\"><\/i> 09\/05\/2026 - 09\/05\/2026<\/div><\/div><div class=\"mb-5 col-lg-6\"><a class='ufsm-bg-scale' title='' href='https:\/\/www.ufsm.br\/outros-orgaos\/cc\/eventos\/k-pop-jovens-guerreiras-no-teatro' ><div class='eventos-widget-wrap mb-2' style='height: 130px;overflow: hidden;background:url(\"https:\/\/www.ufsm.br\/app\/uploads\/sites\/403\/2026\/04\/Banner-1080x400-1-768x284.jpg\"); background-size:cover;background-repeat:no-repeat;background-color:white;background-position:center; '><span class='visually-hidden'>K - POP JOVENS GUERREIRAS NO TEATRO<\/span><div data-bs-toggle='lightbox' class='noticias-widget-thumbs'><\/div><\/div><\/a><span class='categoria-publicacao-widget'>ART\u00cdSTICOS<\/span><br><a class=\"d-block\" title=\"K - POP JOVENS GUERREIRAS NO TEATRO\" href=\"https:\/\/www.ufsm.br\/outros-orgaos\/cc\/eventos\/k-pop-jovens-guerreiras-no-teatro\"><span  title=\"\" class=\"titulo-publicacao-widget\">K - POP JOVENS GUERREIRAS NO TEATRO<\/span><\/a><div title=\"O Evento K - POP JOVENS GUERREIRAS NO TEATRO acontece em Centro de Conven\u00e7\u00f5es\" class=\"data-publicacao-widget text-break\"><i class=\"fas fa-map-marker-alt\"><\/i> Centro de Conven\u00e7\u00f5es<\/div><div title=\"O Evento K - POP JOVENS GUERREIRAS NO TEATRO acontece de 22\/05\/2026 \u00e0 22\/05\/2026\" class=\"data-publicacao-widget text-break\"><i  class=\"fas fa-calendar-alt\"><\/i> 22\/05\/2026 - 22\/05\/2026<\/div><\/div><\/div><div class=\"row\"><div class=\"mb-5 col-lg-6\"><a class='ufsm-bg-scale' title='' href='https:\/\/www.ufsm.br\/outros-orgaos\/cc\/eventos\/broadway-nights-o-musical' ><div class='eventos-widget-wrap mb-2' style='height: 130px;overflow: hidden;background:url(\"https:\/\/www.ufsm.br\/app\/uploads\/sites\/403\/2026\/04\/IMG_0180-768x284.jpeg\"); background-size:cover;background-repeat:no-repeat;background-color:white;background-position:center; '><span class='visually-hidden'>BROADWAY Night's - O Musical<\/span><div data-bs-toggle='lightbox' class='noticias-widget-thumbs'><\/div><\/div><\/a><span class='categoria-publicacao-widget'>ART\u00cdSTICOS<\/span><br><a class=\"d-block\" title=\"BROADWAY Night's - O Musical\" href=\"https:\/\/www.ufsm.br\/outros-orgaos\/cc\/eventos\/broadway-nights-o-musical\"><span  title=\"\" class=\"titulo-publicacao-widget\">BROADWAY Night's - O Musical<\/span><\/a><div title=\"O Evento BROADWAY Night's - O Musical acontece em Centro  de Conven\u00e7\u00f5es UFSM\" class=\"data-publicacao-widget text-break\"><i class=\"fas fa-map-marker-alt\"><\/i> Centro  de Conven\u00e7\u00f5es UFSM<\/div><div title=\"O Evento BROADWAY Night's - O Musical acontece de 23\/05\/2026 \u00e0 23\/05\/2026\" class=\"data-publicacao-widget text-break\"><i  class=\"fas fa-calendar-alt\"><\/i> 23\/05\/2026 - 23\/05\/2026<\/div><\/div><div class=\"mb-5 col-lg-6\"><a class='ufsm-bg-scale' title='' href='https:\/\/www.ufsm.br\/outros-orgaos\/cc\/eventos\/rei-leao-o-musical' ><div class='eventos-widget-wrap mb-2' style='height: 130px;overflow: hidden;background:url(\"https:\/\/www.ufsm.br\/app\/uploads\/sites\/403\/2026\/04\/IMG_0178-768x284.jpeg\"); background-size:cover;background-repeat:no-repeat;background-color:white;background-position:center; '><span class='visually-hidden'>REI LE\u00c3O - O Musical<\/span><div data-bs-toggle='lightbox' class='noticias-widget-thumbs'><\/div><\/div><\/a><span class='categoria-publicacao-widget'>ART\u00cdSTICOS<\/span><br><a class=\"d-block\" title=\"REI LE\u00c3O - O Musical\" href=\"https:\/\/www.ufsm.br\/outros-orgaos\/cc\/eventos\/rei-leao-o-musical\"><span  title=\"\" class=\"titulo-publicacao-widget\">REI LE\u00c3O - O Musical<\/span><\/a><div title=\"O Evento REI LE\u00c3O - O Musical acontece em Centro  de Conven\u00e7\u00f5es UFSM\" class=\"data-publicacao-widget text-break\"><i class=\"fas fa-map-marker-alt\"><\/i> Centro  de Conven\u00e7\u00f5es UFSM<\/div><div title=\"O Evento REI LE\u00c3O - O Musical acontece de 23\/05\/2026 \u00e0 23\/05\/2026\" class=\"data-publicacao-widget text-break\"><i  class=\"fas fa-calendar-alt\"><\/i> 23\/05\/2026 - 23\/05\/2026<\/div><\/div><\/div><div class=\"row\"><div class=\"mb-5 col-lg-6\"><a class='ufsm-bg-scale' title='' href='https:\/\/www.ufsm.br\/outros-orgaos\/cc\/eventos\/troca-ou-nao-troca' ><div class='eventos-widget-wrap mb-2' style='height: 130px;overflow: hidden;background:url(\"https:\/\/www.ufsm.br\/app\/uploads\/sites\/403\/2026\/03\/1080X400-1-768x284.jpg\"); background-size:cover;background-repeat:no-repeat;background-color:white;background-position:center; '><span class='visually-hidden'>TROCA OU N\u00c3O TROCA<\/span><div data-bs-toggle='lightbox' class='noticias-widget-thumbs'><\/div><\/div><\/a><span class='categoria-publicacao-widget'>ART\u00cdSTICOS<\/span><br><a class=\"d-block\" title=\"TROCA OU N\u00c3O TROCA\" href=\"https:\/\/www.ufsm.br\/outros-orgaos\/cc\/eventos\/troca-ou-nao-troca\"><span  title=\"\" class=\"titulo-publicacao-widget\">TROCA OU N\u00c3O TROCA<\/span><\/a><div title=\"O Evento TROCA OU N\u00c3O TROCA acontece em Centro  de Conven\u00e7\u00f5es UFSM\" class=\"data-publicacao-widget text-break\"><i class=\"fas fa-map-marker-alt\"><\/i> Centro  de Conven\u00e7\u00f5es UFSM<\/div><div title=\"O Evento TROCA OU N\u00c3O TROCA acontece de 16\/05\/2026 \u00e0 19\/05\/2026\" class=\"data-publicacao-widget text-break\"><i  class=\"fas fa-calendar-alt\"><\/i> 16\/05\/2026 - 19\/05\/2026<\/div><\/div><\/div><div class=\"leia-mais\"><a href=\"https:\/\/www.ufsm.br\/outros-orgaos\/cc\/eventos\">MAIS EVENTOS<span class=\"icon-box\"><span class=\"bg-ufsm-widget-icon\"><i class=\"fas fa-chevron-right\" aria-hidden=\"true\"><\/i><\/span><\/span><\/a><\/div>\t\t<\/div>\n\t\t\t\t<\/div>\n\t\t\t\t\t<\/div>\n\t\t<\/div>\n\t\t\t\t\t<\/div>\n\t\t<\/section>\n\t\t\t\t<section class=\"elementor-section elementor-top-section elementor-element elementor-element-5b996ea elementor-section-boxed elementor-section-height-default elementor-section-height-default\" data-id=\"5b996ea\" data-element_type=\"section\">\n\t\t\t\t\t\t<div class=\"elementor-container elementor-column-gap-default\">\n\t\t\t\t\t<div class=\"elementor-column elementor-col-100 elementor-top-column elementor-element elementor-element-6dd5c8f\" data-id=\"6dd5c8f\" data-element_type=\"column\">\n\t\t\t<div class=\"elementor-widget-wrap\">\n\t\t\t\t\t\t\t<\/div>\n\t\t<\/div>\n\t\t\t\t\t<\/div>\n\t\t<\/section>\n\t\t\t\t<\/div>\n\t\t","protected":false},"excerpt":{"rendered":"","protected":false},"author":5576,"featured_media":7875,"parent":3971,"menu_order":0,"comment_status":"closed","ping_status":"closed","template":"","meta":{"footnotes":""},"categories":[27],"tags":[466],"class_list":["post-7823","page","type-page","status-publish","has-post-thumbnail","hentry","category-banner","tag-banner-home"],"acf":[],"_links":{"self":[{"href":"https:\/\/www.ufsm.br\/pro-reitorias\/pre\/wp-json\/wp\/v2\/pages\/7823","targetHints":{"allow":["GET"]}}],"collection":[{"href":"https:\/\/www.ufsm.br\/pro-reitorias\/pre\/wp-json\/wp\/v2\/pages"}],"about":[{"href":"https:\/\/www.ufsm.br\/pro-reitorias\/pre\/wp-json\/wp\/v2\/types\/page"}],"author":[{"embeddable":true,"href":"https:\/\/www.ufsm.br\/pro-reitorias\/pre\/wp-json\/wp\/v2\/users\/5576"}],"replies":[{"embeddable":true,"href":"https:\/\/www.ufsm.br\/pro-reitorias\/pre\/wp-json\/wp\/v2\/comments?post=7823"}],"version-history":[{"count":0,"href":"https:\/\/www.ufsm.br\/pro-reitorias\/pre\/wp-json\/wp\/v2\/pages\/7823\/revisions"}],"up":[{"embeddable":true,"href":"https:\/\/www.ufsm.br\/pro-reitorias\/pre\/wp-json\/wp\/v2\/pages\/3971"}],"wp:featuredmedia":[{"embeddable":true,"href":"https:\/\/www.ufsm.br\/pro-reitorias\/pre\/wp-json\/wp\/v2\/media\/7875"}],"wp:attachment":[{"href":"https:\/\/www.ufsm.br\/pro-reitorias\/pre\/wp-json\/wp\/v2\/media?parent=7823"}],"wp:term":[{"taxonomy":"category","embeddable":true,"href":"https:\/\/www.ufsm.br\/pro-reitorias\/pre\/wp-json\/wp\/v2\/categories?post=7823"},{"taxonomy":"post_tag","embeddable":true,"href":"https:\/\/www.ufsm.br\/pro-reitorias\/pre\/wp-json\/wp\/v2\/tags?post=7823"}],"curies":[{"name":"wp","href":"https:\/\/api.w.org\/{rel}","templated":true}]}}