{"id":7829,"date":"2023-06-22T10:34:27","date_gmt":"2023-06-22T13:34:27","guid":{"rendered":"https:\/\/www.ufsm.br\/pro-reitorias\/pre\/?page_id=7829"},"modified":"2023-09-22T09:36:12","modified_gmt":"2023-09-22T12:36:12","slug":"divulgue-aqui-seu-projeto-de-extensao","status":"publish","type":"page","link":"https:\/\/www.ufsm.br\/pro-reitorias\/pre\/cafe\/sde\/divulgue-aqui-seu-projeto-de-extensao","title":{"rendered":"Divulgue aqui seu projeto de extens\u00e3o!"},"content":{"rendered":"\t\t<div data-elementor-type=\"wp-page\" data-elementor-id=\"7829\" class=\"elementor elementor-7829\">\n\t\t\t\t\t\t<section class=\"elementor-section elementor-top-section elementor-element elementor-element-49b5116 elementor-section-boxed elementor-section-height-default elementor-section-height-default\" data-id=\"49b5116\" data-element_type=\"section\">\n\t\t\t\t\t\t<div class=\"elementor-container elementor-column-gap-default\">\n\t\t\t\t\t<div class=\"elementor-column elementor-col-100 elementor-top-column elementor-element elementor-element-cac9a67\" data-id=\"cac9a67\" data-element_type=\"column\">\n\t\t\t<div class=\"elementor-widget-wrap elementor-element-populated\">\n\t\t\t\t\t\t<div class=\"elementor-element elementor-element-fb4da5c elementor-widget elementor-widget-text-editor\" data-id=\"fb4da5c\" data-element_type=\"widget\" data-widget_type=\"text-editor.default\">\n\t\t\t\t<div class=\"elementor-widget-container\">\n\t\t\t\t\t\t\t<p style=\"text-align: left\">A Subdivis\u00e3o de Divulga\u00e7\u00e3o e Eventos (SDE) oferece servi\u00e7os de divulga\u00e7\u00e3o dos projetos de extens\u00e3o desenvolvidos nos campi da Universidade Federal de Santa Maria.&nbsp;<span style=\"background-color: transparent;font-family: Arial;font-size: 12pt;font-weight: var( --e-global-typography-text-font-weight );text-align: var(--bs-body-text-align)\">A divulga\u00e7\u00e3o tem o objetivo de ajudar o projeto a ganhar mais reconhecimento e visibilidade na comunidade em que est\u00e1 inserido, al\u00e9m de atrair o p\u00fablico-alvo das a\u00e7\u00f5es. <\/span><span style=\"font-weight: var( --e-global-typography-text-font-weight )\">Qualquer participante do projeto pode fazer a solicita\u00e7\u00e3o, sendo servidor, docente ou discente. A<\/span><span style=\"font-family: Arial;font-size: 12pt;font-weight: var( --e-global-typography-text-font-weight );background-color: transparent;text-align: justify\">baixo, est\u00e3o listados as divulga\u00e7\u00f5es oferecidas pela SDE:&nbsp;<\/span><\/p>\n<ol style=\"margin-top: 0;margin-bottom: 0;padding-inline-start: 48px\">\n<li dir=\"ltr\" style=\"list-style-type: decimal;font-size: 12pt;font-family: Arial;color: #202124;background-color: transparent;font-weight: 400;font-style: normal;font-variant: normal;text-decoration: none;vertical-align: baseline\">\n<p dir=\"ltr\" style=\"line-height: 1.7999999999999998;text-align: justify;background-color: #ffffff;margin-top: 0pt;margin-bottom: 0pt;padding: 0pt 0pt 10pt 0pt\" role=\"presentation\"><span style=\"font-size: 12pt;font-family: Arial;color: #202124;background-color: transparent;font-weight: 400;font-style: normal;font-variant: normal;text-decoration: none;vertical-align: baseline\">Divulga\u00e7\u00e3o do Projeto de Extens\u00e3o: divulga\u00e7\u00e3o do que \u00e9 o projeto e quais s\u00e3o as atividades desenvolvidas atrav\u00e9s de reportagem publicada no site e divulga\u00e7\u00e3o nas redes sociais da PRE (aproximadamente 3 semanas para produ\u00e7\u00e3o, solicita\u00e7\u00e3o deve ser realizada com um m\u00eas de anteced\u00eancia da publica\u00e7\u00e3o)<\/span><\/p>\n<\/li>\n<li dir=\"ltr\" style=\"list-style-type: decimal;font-size: 12pt;font-family: Arial;background-color: transparent;font-style: normal;font-variant: normal;text-decoration: none;vertical-align: baseline\"><span style=\"font-weight: var( --e-global-typography-text-font-weight );font-family: Arial;font-size: 12pt;text-align: var(--bs-body-text-align);background-color: transparent;vertical-align: baseline\">Divulga\u00e7\u00e3o de Eventos, Cursos ou Palestras: divulga\u00e7\u00e3o de atividades que s\u00e3o desenvolvidas eventualmente pela equipe do projeto na p\u00e1gina de eventos no site da PRE. (solicita\u00e7\u00e3o deve ser feita, no m\u00ednimo, com 7 dias de anteced\u00eancia <\/span><span style=\"font-weight: bold;font-family: Arial;font-size: 12pt;text-align: var(--bs-body-text-align);background-color: transparent;vertical-align: baseline\">do evento<\/span><span style=\"font-family: Arial;font-size: 12pt;text-align: var(--bs-body-text-align);background-color: transparent;vertical-align: baseline\">;<\/span><span style=\"font-weight: bold;font-family: Arial;font-size: 12pt;text-align: var(--bs-body-text-align);background-color: transparent;vertical-align: baseline\"> <\/span><span style=\"font-family: Arial;font-size: 12pt;text-align: var(--bs-body-text-align);background-color: transparent;vertical-align: baseline\">a SDE tem<\/span><span style=\"font-weight: var( --e-global-typography-text-font-weight );font-family: Arial;font-size: 12pt;text-align: var(--bs-body-text-align);background-color: transparent;vertical-align: baseline\"> 2 dias de prazo pra publica\u00e7\u00e3o do evento no site)<\/span><br><p dir=\"ltr\" style=\"font-weight: 400;line-height: 1.8;text-align: justify;margin-top: 0pt;margin-bottom: 0pt;padding: 0pt 0pt 10pt\" role=\"presentation\">\n<\/p><\/li>\n<\/ol>\t\t\t\t\t\t<\/div>\n\t\t\t\t<\/div>\n\t\t\t\t<div class=\"elementor-element elementor-element-5b7c702 elementor-button-info elementor-align-center elementor-widget elementor-widget-button\" data-id=\"5b7c702\" data-element_type=\"widget\" data-widget_type=\"button.default\">\n\t\t\t\t<div class=\"elementor-widget-container\">\n\t\t\t\t\t\t\t<div class=\"elementor-button-wrapper\">\n\t\t\t\t\t<a class=\"elementor-button elementor-button-link elementor-size-sm\" href=\"#\">\n\t\t\t\t\t\t<span class=\"elementor-button-content-wrapper\">\n\t\t\t\t\t\t\t\t\t<span class=\"elementor-button-text\">Solicite a divulga\u00e7\u00e3o aqui!<\/span>\n\t\t\t\t\t<\/span>\n\t\t\t\t\t<\/a>\n\t\t\t\t<\/div>\n\t\t\t\t\t\t<\/div>\n\t\t\t\t<\/div>\n\t\t\t\t\t<\/div>\n\t\t<\/div>\n\t\t\t\t\t<\/div>\n\t\t<\/section>\n\t\t\t\t<section class=\"elementor-section elementor-top-section elementor-element elementor-element-b29ab94 elementor-section-boxed elementor-section-height-default elementor-section-height-default\" data-id=\"b29ab94\" data-element_type=\"section\">\n\t\t\t\t\t\t<div class=\"elementor-container elementor-column-gap-default\">\n\t\t\t\t\t<div class=\"elementor-column elementor-col-100 elementor-top-column elementor-element elementor-element-157e85e\" data-id=\"157e85e\" data-element_type=\"column\">\n\t\t\t<div class=\"elementor-widget-wrap elementor-element-populated\">\n\t\t\t\t\t\t<div class=\"elementor-element elementor-element-ae88c7a elementor-widget-divider--view-line elementor-widget elementor-widget-divider\" data-id=\"ae88c7a\" data-element_type=\"widget\" data-widget_type=\"divider.default\">\n\t\t\t\t<div class=\"elementor-widget-container\">\n\t\t\t\t\t<div class=\"elementor-divider\">\n\t\t\t<span class=\"elementor-divider-separator\">\n\t\t\t\t\t\t<\/span>\n\t\t<\/div>\n\t\t\t\t<\/div>\n\t\t\t\t<\/div>\n\t\t\t\t\t<\/div>\n\t\t<\/div>\n\t\t\t\t\t<\/div>\n\t\t<\/section>\n\t\t\t\t<section class=\"elementor-section elementor-top-section elementor-element elementor-element-34a7c3e elementor-section-boxed elementor-section-height-default elementor-section-height-default\" data-id=\"34a7c3e\" data-element_type=\"section\">\n\t\t\t\t\t\t<div class=\"elementor-container elementor-column-gap-default\">\n\t\t\t\t\t<div class=\"elementor-column elementor-col-100 elementor-top-column elementor-element elementor-element-ca1a7ca\" data-id=\"ca1a7ca\" data-element_type=\"column\">\n\t\t\t<div class=\"elementor-widget-wrap elementor-element-populated\">\n\t\t\t\t\t\t<div class=\"elementor-element elementor-element-e77793f elementor-widget elementor-widget-wp-widget-ufsm_noticias_widget\" data-id=\"e77793f\" data-element_type=\"widget\" data-widget_type=\"wp-widget-ufsm_noticias_widget.default\">\n\t\t\t\t<div class=\"elementor-widget-container\">\n\t\t\t<h5 class='titulo-conteudos'>Extens\u00e3o nas Redes<\/h5><div class='widget-noticias-inside'>\n                        <div class=\"row\">\n                                    <div class=\"col-12 col-lg-4 pb-4\">\n                                            <div class=\"noticias-widget-wrap\" style=\"height: 180px; overflow: hidden;\">\n                            <a title=\"\" href=\"https:\/\/www.ufsm.br\/pro-reitorias\/pre\/2026\/04\/17\/projetos-de-extensao-da-ufsm-colaboram-com-a-seguranca-cibernetica-de-prefeituras-gauchas\">\n                                <span class=\"visually-hidden\">\n                                    Projetos de extens\u00e3o da UFSM colaboram com a seguran\u00e7a cibern\u00e9tica de prefeituras ga\u00fachas                                <\/span>\n                                <div class=\"noticias-widget-thumbs h-100\">\n                                    <img decoding=\"async\" class=\"object-fit-cover h-100 w-100\" alt=\"\" srcset=\"https:\/\/www.ufsm.br\/app\/uploads\/sites\/346\/2026\/04\/Base-site-PRE-7-300x150.jpg 300w, https:\/\/www.ufsm.br\/app\/uploads\/sites\/346\/2026\/04\/Base-site-PRE-7-1024x512.jpg 1024w, https:\/\/www.ufsm.br\/app\/uploads\/sites\/346\/2026\/04\/Base-site-PRE-7-768x384.jpg 768w, https:\/\/www.ufsm.br\/app\/uploads\/sites\/346\/2026\/04\/Base-site-PRE-7.jpg 1041w\" src=\"https:\/\/www.ufsm.br\/app\/uploads\/sites\/346\/2026\/04\/Base-site-PRE-7-1024x512.jpg\"><\/img>\n                                <\/div>\n                            <\/a>\n                        <\/div>\n                                        \n                                        \n                    \n                    <a class=\"noticias-widget-title d-block  m-0 \"  title=\"Projetos de extens\u00e3o da UFSM colaboram com a seguran\u00e7a cibern\u00e9tica de prefeituras ga\u00fachas\" href=\"https:\/\/www.ufsm.br\/pro-reitorias\/pre\/2026\/04\/17\/projetos-de-extensao-da-ufsm-colaboram-com-a-seguranca-cibernetica-de-prefeituras-gauchas\">\n                                                Projetos de extens\u00e3o da UFSM colaboram com a seguran\u00e7a cibern\u00e9tica de prefeituras ga\u00fachas                    <\/a>\n                    \n                    \n                                        \n                                        \n                                        <\/div>\n                                    <div class=\"col-12 col-lg-4 pb-4\">\n                                            <div class=\"noticias-widget-wrap\" style=\"height: 180px; overflow: hidden;\">\n                            <a title=\"\" href=\"https:\/\/www.ufsm.br\/pro-reitorias\/pre\/2026\/03\/27\/viva-o-campus-edicao-especial-dia-das-mulheres-mobiliza-a-comunidade-e-celebra-o-protagonismo-feminino-na-ufsm\">\n                                <span class=\"visually-hidden\">\n                                    Viva o Campus, edi\u00e7\u00e3o especial Dia das Mulheres, mobiliza a comunidade e celebra o protagonismo feminino na UFSM                                <\/span>\n                                <div class=\"noticias-widget-thumbs h-100\">\n                                    <img decoding=\"async\" class=\"object-fit-cover h-100 w-100\" alt=\"\" srcset=\"https:\/\/www.ufsm.br\/app\/uploads\/sites\/346\/2026\/03\/Base-site-PRE-1-2-300x150.jpg 300w, https:\/\/www.ufsm.br\/app\/uploads\/sites\/346\/2026\/03\/Base-site-PRE-1-2-1024x512.jpg 1024w, https:\/\/www.ufsm.br\/app\/uploads\/sites\/346\/2026\/03\/Base-site-PRE-1-2-768x384.jpg 768w, https:\/\/www.ufsm.br\/app\/uploads\/sites\/346\/2026\/03\/Base-site-PRE-1-2.jpg 1041w\" src=\"https:\/\/www.ufsm.br\/app\/uploads\/sites\/346\/2026\/03\/Base-site-PRE-1-2-1024x512.jpg\"><\/img>\n                                <\/div>\n                            <\/a>\n                        <\/div>\n                                        \n                                        \n                    \n                    <a class=\"noticias-widget-title d-block  m-0 \"  title=\"Viva o Campus, edi\u00e7\u00e3o especial Dia das Mulheres, mobiliza a comunidade e celebra o protagonismo feminino na UFSM\" href=\"https:\/\/www.ufsm.br\/pro-reitorias\/pre\/2026\/03\/27\/viva-o-campus-edicao-especial-dia-das-mulheres-mobiliza-a-comunidade-e-celebra-o-protagonismo-feminino-na-ufsm\">\n                                                Viva o Campus, edi\u00e7\u00e3o especial Dia das Mulheres, mobiliza a comunidade e celebra o protagonismo feminino na UFSM                    <\/a>\n                    \n                    \n                                        \n                                        \n                                        <\/div>\n                                    <div class=\"col-12 col-lg-4 pb-4\">\n                                            <div class=\"noticias-widget-wrap\" style=\"height: 180px; overflow: hidden;\">\n                            <a title=\"\" href=\"https:\/\/www.ufsm.br\/pro-reitorias\/pre\/2026\/03\/27\/ufsm-abre-ano-letivo-com-edicao-do-viva-o-campus-e-reune-comunidade\">\n                                <span class=\"visually-hidden\">\n                                    UFSM abre ano letivo com edi\u00e7\u00e3o do Viva o Campus e re\u00fane comunidade                                <\/span>\n                                <div class=\"noticias-widget-thumbs h-100\">\n                                    <img decoding=\"async\" class=\"object-fit-cover h-100 w-100\" alt=\"\" srcset=\"https:\/\/www.ufsm.br\/app\/uploads\/sites\/346\/2026\/03\/Base-site-PRE-300x150.jpg 300w, https:\/\/www.ufsm.br\/app\/uploads\/sites\/346\/2026\/03\/Base-site-PRE-1024x512.jpg 1024w, https:\/\/www.ufsm.br\/app\/uploads\/sites\/346\/2026\/03\/Base-site-PRE-768x384.jpg 768w, https:\/\/www.ufsm.br\/app\/uploads\/sites\/346\/2026\/03\/Base-site-PRE.jpg 1041w\" src=\"https:\/\/www.ufsm.br\/app\/uploads\/sites\/346\/2026\/03\/Base-site-PRE-1024x512.jpg\"><\/img>\n                                <\/div>\n                            <\/a>\n                        <\/div>\n                                        \n                                        \n                    \n                    <a class=\"noticias-widget-title d-block  m-0 \"  title=\"UFSM abre ano letivo com edi\u00e7\u00e3o do Viva o Campus e re\u00fane comunidade\" href=\"https:\/\/www.ufsm.br\/pro-reitorias\/pre\/2026\/03\/27\/ufsm-abre-ano-letivo-com-edicao-do-viva-o-campus-e-reune-comunidade\">\n                                                UFSM abre ano letivo com edi\u00e7\u00e3o do Viva o Campus e re\u00fane comunidade                    <\/a>\n                    \n                    \n                                        \n                                        \n                                        <\/div>\n                            <\/div>\n                    <div class=\"row\">\n                                    <div class=\"col-12 col-lg-4 pb-4\">\n                                            <div class=\"noticias-widget-wrap\" style=\"height: 180px; overflow: hidden;\">\n                            <a title=\"\" href=\"https:\/\/www.ufsm.br\/pro-reitorias\/pre\/2026\/03\/17\/municipios-sao-selecionados-para-realizar-a-caminhada-internacional-na-natureza-na-regiao-central-do-rs-em-2026\">\n                                <span class=\"visually-hidden\">\n                                    Munic\u00edpios s\u00e3o selecionados para realizar a Caminhada Internacional na Natureza na Regi\u00e3o Central do RS em 2026                                <\/span>\n                                <div class=\"noticias-widget-thumbs h-100\">\n                                    <img decoding=\"async\" class=\"object-fit-cover h-100 w-100\" alt=\"\" srcset=\"https:\/\/www.ufsm.br\/app\/uploads\/sites\/346\/2026\/03\/Base-site-PRE-6-1-300x150.jpg 300w, https:\/\/www.ufsm.br\/app\/uploads\/sites\/346\/2026\/03\/Base-site-PRE-6-1-1024x512.jpg 1024w, https:\/\/www.ufsm.br\/app\/uploads\/sites\/346\/2026\/03\/Base-site-PRE-6-1-768x384.jpg 768w, https:\/\/www.ufsm.br\/app\/uploads\/sites\/346\/2026\/03\/Base-site-PRE-6-1.jpg 1041w\" src=\"https:\/\/www.ufsm.br\/app\/uploads\/sites\/346\/2026\/03\/Base-site-PRE-6-1-1024x512.jpg\"><\/img>\n                                <\/div>\n                            <\/a>\n                        <\/div>\n                                        \n                                        \n                    \n                    <a class=\"noticias-widget-title d-block  m-0 \"  title=\"Munic\u00edpios s\u00e3o selecionados para realizar a Caminhada Internacional na Natureza na Regi\u00e3o Central do RS em 2026\" href=\"https:\/\/www.ufsm.br\/pro-reitorias\/pre\/2026\/03\/17\/municipios-sao-selecionados-para-realizar-a-caminhada-internacional-na-natureza-na-regiao-central-do-rs-em-2026\">\n                                                Munic\u00edpios s\u00e3o selecionados para realizar a Caminhada Internacional na Natureza na Regi\u00e3o Central do RS em 2026                    <\/a>\n                    \n                    \n                                        \n                                        \n                                        <\/div>\n                                    <div class=\"col-12 col-lg-4 pb-4\">\n                                            <div class=\"noticias-widget-wrap\" style=\"height: 180px; overflow: hidden;\">\n                            <a title=\"\" href=\"https:\/\/www.ufsm.br\/pro-reitorias\/pre\/2026\/03\/03\/ufsm-promove-viva-o-campus-especial-dia-das-mulheres-8\">\n                                <span class=\"visually-hidden\">\n                                    UFSM promove Viva o Campus Especial Dia das Mulheres (8)                                <\/span>\n                                <div class=\"noticias-widget-thumbs h-100\">\n                                    <img decoding=\"async\" class=\"object-fit-cover h-100 w-100\" alt=\"\" srcset=\"https:\/\/www.ufsm.br\/app\/uploads\/sites\/346\/2026\/03\/Confira-meu-design-do-Canva-300x150.jpg 300w, https:\/\/www.ufsm.br\/app\/uploads\/sites\/346\/2026\/03\/Confira-meu-design-do-Canva-1024x512.jpg 1024w, https:\/\/www.ufsm.br\/app\/uploads\/sites\/346\/2026\/03\/Confira-meu-design-do-Canva-768x384.jpg 768w, https:\/\/www.ufsm.br\/app\/uploads\/sites\/346\/2026\/03\/Confira-meu-design-do-Canva.jpg 1041w\" src=\"https:\/\/www.ufsm.br\/app\/uploads\/sites\/346\/2026\/03\/Confira-meu-design-do-Canva-1024x512.jpg\"><\/img>\n                                <\/div>\n                            <\/a>\n                        <\/div>\n                                        \n                                        \n                    \n                    <a class=\"noticias-widget-title d-block  m-0 \"  title=\"UFSM promove Viva o Campus Especial Dia das Mulheres (8)\" href=\"https:\/\/www.ufsm.br\/pro-reitorias\/pre\/2026\/03\/03\/ufsm-promove-viva-o-campus-especial-dia-das-mulheres-8\">\n                                                UFSM promove Viva o Campus Especial Dia das Mulheres (8)                    <\/a>\n                    \n                    \n                                        \n                                        \n                                        <\/div>\n                                    <div class=\"col-12 col-lg-4 pb-4\">\n                                            <div class=\"noticias-widget-wrap\" style=\"height: 180px; overflow: hidden;\">\n                            <a title=\"\" href=\"https:\/\/www.ufsm.br\/pro-reitorias\/pre\/2026\/02\/20\/seminario-de-integracao-da-pro-reitoria-de-extensao\">\n                                <span class=\"visually-hidden\">\n                                    Semin\u00e1rio de Integra\u00e7\u00e3o da Pr\u00f3-Reitoria de Extens\u00e3o                                <\/span>\n                                <div class=\"noticias-widget-thumbs h-100\">\n                                    <img decoding=\"async\" class=\"object-fit-cover h-100 w-100\" alt=\"\" srcset=\"https:\/\/www.ufsm.br\/app\/uploads\/sites\/346\/2026\/02\/Base-site-PRE_20260220_134758_0000-2-300x150.jpg 300w, https:\/\/www.ufsm.br\/app\/uploads\/sites\/346\/2026\/02\/Base-site-PRE_20260220_134758_0000-2-1024x512.jpg 1024w, https:\/\/www.ufsm.br\/app\/uploads\/sites\/346\/2026\/02\/Base-site-PRE_20260220_134758_0000-2-768x384.jpg 768w, https:\/\/www.ufsm.br\/app\/uploads\/sites\/346\/2026\/02\/Base-site-PRE_20260220_134758_0000-2.jpg 1041w\" src=\"https:\/\/www.ufsm.br\/app\/uploads\/sites\/346\/2026\/02\/Base-site-PRE_20260220_134758_0000-2-1024x512.jpg\"><\/img>\n                                <\/div>\n                            <\/a>\n                        <\/div>\n                                        \n                                        \n                    \n                    <a class=\"noticias-widget-title d-block  m-0 \"  title=\"Semin\u00e1rio de Integra\u00e7\u00e3o da Pr\u00f3-Reitoria de Extens\u00e3o\" href=\"https:\/\/www.ufsm.br\/pro-reitorias\/pre\/2026\/02\/20\/seminario-de-integracao-da-pro-reitoria-de-extensao\">\n                                                Semin\u00e1rio de Integra\u00e7\u00e3o da Pr\u00f3-Reitoria de Extens\u00e3o                    <\/a>\n                    \n                    \n                                        \n                                        \n                                        <\/div>\n                            <\/div>\n            <\/div>\n<div class=\"leia-mais p-1\">\n                <a href=\"https:\/\/www.ufsm.br\/pro-reitorias\/pre\/busca\/?q=&area=post&orderby=date&sites%5B%5D=346\">\n            LEIA MAIS            <span class=\"icon-box\">\n                <span class=\"bg-ufsm-widget-icon\">\n                    <i class=\"fas fa-chevron-right\" aria-hidden=\"true\"><\/i>\n                <\/span>\n            <\/span>\n        <\/a>\n    <\/div>\n\t\t<\/div>\n\t\t\t\t<\/div>\n\t\t\t\t\t<\/div>\n\t\t<\/div>\n\t\t\t\t\t<\/div>\n\t\t<\/section>\n\t\t\t\t<\/div>\n\t\t","protected":false},"excerpt":{"rendered":"<p>A Subdivis\u00e3o de Divulga\u00e7\u00e3o e Eventos (SDE) oferece servi\u00e7os de divulga\u00e7\u00e3o dos projetos de extens\u00e3o desenvolvidos nos campi da Universidade Federal de Santa Maria.&nbsp;A divulga\u00e7\u00e3o tem o objetivo de ajudar o projeto a ganhar mais reconhecimento e visibilidade na comunidade em que est\u00e1 inserido, al\u00e9m de atrair o p\u00fablico-alvo das a\u00e7\u00f5es. Qualquer participante do projeto [&hellip;]<\/p>\n","protected":false},"author":5576,"featured_media":0,"parent":3971,"menu_order":0,"comment_status":"closed","ping_status":"closed","template":"","meta":{"footnotes":""},"categories":[],"tags":[],"class_list":["post-7829","page","type-page","status-publish","hentry"],"acf":[],"_links":{"self":[{"href":"https:\/\/www.ufsm.br\/pro-reitorias\/pre\/wp-json\/wp\/v2\/pages\/7829","targetHints":{"allow":["GET"]}}],"collection":[{"href":"https:\/\/www.ufsm.br\/pro-reitorias\/pre\/wp-json\/wp\/v2\/pages"}],"about":[{"href":"https:\/\/www.ufsm.br\/pro-reitorias\/pre\/wp-json\/wp\/v2\/types\/page"}],"author":[{"embeddable":true,"href":"https:\/\/www.ufsm.br\/pro-reitorias\/pre\/wp-json\/wp\/v2\/users\/5576"}],"replies":[{"embeddable":true,"href":"https:\/\/www.ufsm.br\/pro-reitorias\/pre\/wp-json\/wp\/v2\/comments?post=7829"}],"version-history":[{"count":0,"href":"https:\/\/www.ufsm.br\/pro-reitorias\/pre\/wp-json\/wp\/v2\/pages\/7829\/revisions"}],"up":[{"embeddable":true,"href":"https:\/\/www.ufsm.br\/pro-reitorias\/pre\/wp-json\/wp\/v2\/pages\/3971"}],"wp:attachment":[{"href":"https:\/\/www.ufsm.br\/pro-reitorias\/pre\/wp-json\/wp\/v2\/media?parent=7829"}],"wp:term":[{"taxonomy":"category","embeddable":true,"href":"https:\/\/www.ufsm.br\/pro-reitorias\/pre\/wp-json\/wp\/v2\/categories?post=7829"},{"taxonomy":"post_tag","embeddable":true,"href":"https:\/\/www.ufsm.br\/pro-reitorias\/pre\/wp-json\/wp\/v2\/tags?post=7829"}],"curies":[{"name":"wp","href":"https:\/\/api.w.org\/{rel}","templated":true}]}}