{"id":906,"date":"2018-07-09T11:10:42","date_gmt":"2018-07-09T14:10:42","guid":{"rendered":"https:\/\/www.ufsm.br\/pro-reitorias\/pre\/?page_id=906"},"modified":"2026-01-16T10:30:48","modified_gmt":"2026-01-16T13:30:48","slug":"cafe","status":"publish","type":"page","link":"https:\/\/www.ufsm.br\/pro-reitorias\/pre\/cafe","title":{"rendered":"Coordenadoria de Articula\u00e7\u00e3o e Fomento \u00e0 Extens\u00e3o"},"content":{"rendered":"\t\t<div data-elementor-type=\"wp-page\" data-elementor-id=\"906\" class=\"elementor elementor-906\">\n\t\t\t\t\t\t<section class=\"elementor-section elementor-top-section elementor-element elementor-element-f752dff elementor-section-boxed elementor-section-height-default elementor-section-height-default\" data-id=\"f752dff\" data-element_type=\"section\">\n\t\t\t\t\t\t<div class=\"elementor-container elementor-column-gap-default\">\n\t\t\t\t\t<div class=\"elementor-column elementor-col-100 elementor-top-column elementor-element elementor-element-847e33e\" data-id=\"847e33e\" data-element_type=\"column\">\n\t\t\t<div class=\"elementor-widget-wrap elementor-element-populated\">\n\t\t\t\t\t\t<div class=\"elementor-element elementor-element-8afda0a elementor-widget-divider--view-line elementor-widget elementor-widget-divider\" data-id=\"8afda0a\" data-element_type=\"widget\" data-widget_type=\"divider.default\">\n\t\t\t\t<div class=\"elementor-widget-container\">\n\t\t\t\t\t<div class=\"elementor-divider\">\n\t\t\t<span class=\"elementor-divider-separator\">\n\t\t\t\t\t\t<\/span>\n\t\t<\/div>\n\t\t\t\t<\/div>\n\t\t\t\t<\/div>\n\t\t\t\t\t<\/div>\n\t\t<\/div>\n\t\t\t\t\t<\/div>\n\t\t<\/section>\n\t\t\t\t<section class=\"elementor-section elementor-top-section elementor-element elementor-element-0cf6803 elementor-section-boxed elementor-section-height-default elementor-section-height-default\" data-id=\"0cf6803\" data-element_type=\"section\">\n\t\t\t\t\t\t<div class=\"elementor-container elementor-column-gap-default\">\n\t\t\t\t\t<div class=\"elementor-column elementor-col-100 elementor-top-column elementor-element elementor-element-ea353a2\" data-id=\"ea353a2\" data-element_type=\"column\">\n\t\t\t<div class=\"elementor-widget-wrap elementor-element-populated\">\n\t\t\t\t\t\t<div class=\"elementor-element elementor-element-7a984ed elementor-widget elementor-widget-text-editor\" data-id=\"7a984ed\" data-element_type=\"widget\" data-widget_type=\"text-editor.default\">\n\t\t\t\t<div class=\"elementor-widget-container\">\n\t\t\t\t\t\t\t<p align=\"justify\">A <b>Coordenadoria de Articula\u00e7\u00e3o e Fomento \u00e0 Extens\u00e3o<\/b> (CAFE-PRE), criada pela <a href=\"https:\/\/www.ufsm.br\/pro-reitorias\/pre\/wp-content\/uploads\/sites\/346\/2020\/07\/RES_GR_2020_016.pdf\">Resolu\u00e7\u00e3o N. 016\/2020<\/a>, \u00e9 respons\u00e1vel por mapear demandas da comunidade local e regional, articular agentes de extens\u00e3o, visibilizar e fomentar as a\u00e7\u00f5es extensionistas via Fundo(s) de Incentivo \u00e0 Extens\u00e3o e editais espec\u00edficos, com vistas \u00e0 promo\u00e7\u00e3o do desenvolvimento sustent\u00e1vel.<\/p>\n<p align=\"justify\"><i>S<\/i><i>\u00e3o<\/i><i> suas compet\u00eancias:<\/i><\/p>\n<p align=\"justify\">I &#8211; gerenciar o(s) Fundo(s) de Incentivo \u00e0 Extens\u00e3o;<\/p>\n<p align=\"justify\">II &#8211; promover e coordenar a realiza\u00e7\u00e3o do F\u00f3rum Regional Permanente de Extens\u00e3o em todos os campi da UFSM;<\/p>\n<p align=\"justify\">III &#8211; coletar informa\u00e7\u00f5es em reuni\u00f5es ordin\u00e1rias e extraordin\u00e1rias com a comunidade, avaliar e encaminhar as demandas identificadas, promovendo solu\u00e7\u00f5es atrav\u00e9s de editais pr\u00f3prios;<\/p>\n<p align=\"justify\">IV &#8211; identificar, integrar, potencializar e dar visibilidade a grupos de extens\u00e3o que impactem positivamente na comunidade e estimulem o desenvolvimento sustent\u00e1vel;<\/p>\n<p align=\"justify\">V &#8211; articular e fomentar as a\u00e7\u00f5es extensionistas com potencial para capta\u00e7\u00e3o de recursos externos, atrav\u00e9s de parcerias, conv\u00eanios, contratos, com a iniciativa privada, institui\u00e7\u00f5es p\u00fablicas e terceiro setor;<\/p>\n<p align=\"justify\">VI &#8211; articula\u00e7\u00e3o com institui\u00e7\u00f5es externas para a consecu\u00e7\u00e3o de Conv\u00eanios, Acordos, Protocolos e instrumentos cong\u00eaneres que demandem a participa\u00e7\u00e3o ampliada de diferentes \u00e1reas, programas e projetos de extens\u00e3o da UFSM;<\/p>\n<p align=\"justify\">VII \u2013 subsidiar a inser\u00e7\u00e3o da extens\u00e3o nos curr\u00edculos;<\/p>\n<p align=\"justify\">VIII \u2013 gerenciar as atividades referentes \u00e0s opera\u00e7\u00f5es do projeto Rondon, ou outro que venha a substituir ou equivaler-se, no \u00e2mbito da UFSM; e<\/p>\n<p align=\"justify\">IX &#8211; apoiar e dar suporte para demandas da C\u00e2mara de Extens\u00e3o relacionadas com as atividades da Coordenadoria.<\/p>\t\t\t\t\t\t<\/div>\n\t\t\t\t<\/div>\n\t\t\t\t<div class=\"elementor-element elementor-element-24910c1 elementor-widget-divider--view-line elementor-widget elementor-widget-divider\" data-id=\"24910c1\" data-element_type=\"widget\" data-widget_type=\"divider.default\">\n\t\t\t\t<div class=\"elementor-widget-container\">\n\t\t\t\t\t<div class=\"elementor-divider\">\n\t\t\t<span class=\"elementor-divider-separator\">\n\t\t\t\t\t\t<\/span>\n\t\t<\/div>\n\t\t\t\t<\/div>\n\t\t\t\t<\/div>\n\t\t\t\t\t<\/div>\n\t\t<\/div>\n\t\t\t\t\t<\/div>\n\t\t<\/section>\n\t\t\t\t<section class=\"elementor-section elementor-top-section elementor-element elementor-element-4571560 elementor-section-boxed elementor-section-height-default elementor-section-height-default\" data-id=\"4571560\" data-element_type=\"section\">\n\t\t\t\t\t\t<div class=\"elementor-container elementor-column-gap-default\">\n\t\t\t\t\t<div class=\"elementor-column elementor-col-100 elementor-top-column elementor-element elementor-element-173d448\" data-id=\"173d448\" data-element_type=\"column\">\n\t\t\t<div class=\"elementor-widget-wrap elementor-element-populated\">\n\t\t\t\t\t\t<div class=\"elementor-element elementor-element-9f9bdff elementor-widget elementor-widget-heading\" data-id=\"9f9bdff\" data-element_type=\"widget\" data-widget_type=\"heading.default\">\n\t\t\t\t<div class=\"elementor-widget-container\">\n\t\t\t<h5 class=\"elementor-heading-title elementor-size-default\">Equipe<\/h5>\t\t<\/div>\n\t\t\t\t<\/div>\n\t\t\t\t<div class=\"elementor-element elementor-element-05a2f76 elementor-widget elementor-widget-text-editor\" data-id=\"05a2f76\" data-element_type=\"widget\" data-widget_type=\"text-editor.default\">\n\t\t\t\t<div class=\"elementor-widget-container\">\n\t\t\t\t\t\t\t<table style=\"border-collapse: collapse;width: 100%;height: 91px\"><tbody><tr style=\"height: 56px\" valign=\"top\"><td style=\"height: 10px;width: 55.7915%\"><p align=\"center\"><b>Nome<\/b><\/p><\/td><td style=\"height: 10px;width: 44.0154%\"><p align=\"center\"><b>Cargo<\/b><\/p><\/td><\/tr><tr style=\"height: 56px\" valign=\"top\"><td style=\"height: 38px;width: 55.7915%\"><p align=\"center\">Angela Weber Righi <i>(coordenadora)<\/i><\/p><\/td><td style=\"height: 38px;width: 44.0154%\"><p align=\"center\">Professora<\/p><\/td><\/tr><tr style=\"height: 56px\" valign=\"top\"><td style=\"height: 43px;width: 55.7915%\"><p align=\"center\"><span style=\"font-size: 16px\">Ta\u00eds Drehmer Stein<\/span><\/p><\/td><td style=\"height: 43px;width: 44.0154%\"><p align=\"center\">Administradora<\/p><\/td><\/tr><tr style=\"height: 56px\" valign=\"top\"><td style=\"height: 43px;width: 55.7915%\"><p align=\"center\"><span style=\"font-size: 16px\">Lauren Kleinert Londero Saldanha<\/span><\/p><\/td><td style=\"height: 43px;width: 44.0154%\"><p align=\"center\">Administradora<\/p><\/td><\/tr><\/tbody><\/table><h6 align=\"center\">\u00a0<\/h6><h6 align=\"center\"><b>Subdivis\u00e3o de Inser\u00e7\u00e3o da Extens\u00e3o nos Cursos (SIEC-PRE)<\/b><\/h6><table style=\"border-collapse: collapse;width: 100%\"><tbody><tr valign=\"top\"><td style=\"width: 53%\" width=\"53%\"><p align=\"center\"><span style=\"font-size: 16px\">Gis\u00e9li Duarte Bastos <\/span><em>(chefe)<\/em><\/p><\/td><td style=\"width: 47%\" width=\"47%\"><p align=\"center\">T\u00e9cnica em Assuntos Educacionais<\/p><\/td><\/tr><\/tbody><\/table><table style=\"border-collapse: collapse;width: 100%\"><tbody><tr valign=\"top\"><td style=\"width: 53%\" width=\"53%\"><p align=\"center\">Alice Moro Neocatto<\/p><\/td><td style=\"width: 47%\" width=\"47%\"><p align=\"center\">Assistente em administra\u00e7\u00e3o<\/p><\/td><\/tr><\/tbody><\/table><h6 align=\"center\">\u00a0<\/h6><h6 align=\"center\"><b>Subdivis\u00e3o de Divulga\u00e7\u00e3o e Editora\u00e7\u00e3o (SDE-PRE)<\/b><\/h6><table><tbody><tr valign=\"top\"><td width=\"53%\"><p align=\"center\">Giana Tondolo Bonilla <em>(chefe)<\/em><\/p><\/td><td width=\"47%\"><p align=\"center\">Assistente em administra\u00e7\u00e3o<\/p><\/td><\/tr><\/tbody><\/table><table style=\"width: 94.7072%\"><tbody><tr valign=\"top\"><td style=\"width: 53%\" width=\"53%\"><p align=\"center\">Rone Maria Rachele<\/p><\/td><td style=\"width: 47%\" width=\"47%\"><p align=\"center\">T\u00e9cnica em Assuntos Educacionais<\/p><\/td><\/tr><\/tbody><\/table>\t\t\t\t\t\t<\/div>\n\t\t\t\t<\/div>\n\t\t\t\t<div class=\"elementor-element elementor-element-622bbda elementor-widget elementor-widget-spacer\" data-id=\"622bbda\" data-element_type=\"widget\" data-widget_type=\"spacer.default\">\n\t\t\t\t<div class=\"elementor-widget-container\">\n\t\t\t\t\t<div class=\"elementor-spacer\">\n\t\t\t<div class=\"elementor-spacer-inner\"><\/div>\n\t\t<\/div>\n\t\t\t\t<\/div>\n\t\t\t\t<\/div>\n\t\t\t\t\t<\/div>\n\t\t<\/div>\n\t\t\t\t\t<\/div>\n\t\t<\/section>\n\t\t\t\t<section class=\"elementor-section elementor-top-section elementor-element elementor-element-e9b668a elementor-section-boxed elementor-section-height-default elementor-section-height-default\" data-id=\"e9b668a\" data-element_type=\"section\">\n\t\t\t\t\t\t<div class=\"elementor-container elementor-column-gap-default\">\n\t\t\t\t\t<div class=\"elementor-column elementor-col-100 elementor-top-column elementor-element elementor-element-d8fbca5\" data-id=\"d8fbca5\" data-element_type=\"column\">\n\t\t\t<div class=\"elementor-widget-wrap elementor-element-populated\">\n\t\t\t\t\t\t<div class=\"elementor-element elementor-element-c66382f elementor-widget elementor-widget-heading\" data-id=\"c66382f\" data-element_type=\"widget\" data-widget_type=\"heading.default\">\n\t\t\t\t<div class=\"elementor-widget-container\">\n\t\t\t<h5 class=\"elementor-heading-title elementor-size-default\">Contato<\/h5>\t\t<\/div>\n\t\t\t\t<\/div>\n\t\t\t\t<div class=\"elementor-element elementor-element-2013ed0 elementor-widget elementor-widget-text-editor\" data-id=\"2013ed0\" data-element_type=\"widget\" data-widget_type=\"text-editor.default\">\n\t\t\t\t<div class=\"elementor-widget-container\">\n\t\t\t\t\t\t\t<p style=\"text-align: center\"><strong>Pr\u00e9dio da Reitoria UFSM, 9\u00ba andar, sala 942. Cidade Universit\u00e1ria UFSM. Santa Maria (RS).<\/strong><\/p><p style=\"text-align: center\">Telefone: 55 3220 8218<\/p><p style=\"text-align: center\">Celular: 55 9 9169 4894<\/p><p style=\"text-align: center\">E-mail: <a href=\"mailto:acoesregionais.pre@ufsm.br\">cafe.pre@ufsm.br<\/a><\/p><p style=\"text-align: center\"><strong>Atendimento:<\/strong>\u00a0segunda a sexta, das 08h \u00e0s 17h<\/p><p style=\"text-align: center\"><strong><span style=\"color: #ff6600\">*Durante o per\u00edodo de f\u00e9rias letivas, de 12\/12\/2025 a 27\/02\/2026, o hor\u00e1rio de atendimento \u00e9 das 8h \u00e0s 14h.<\/span><\/strong><\/p>\t\t\t\t\t\t<\/div>\n\t\t\t\t<\/div>\n\t\t\t\t\t<\/div>\n\t\t<\/div>\n\t\t\t\t\t<\/div>\n\t\t<\/section>\n\t\t\t\t<section class=\"elementor-section elementor-top-section elementor-element elementor-element-d8e33cb elementor-section-boxed elementor-section-height-default elementor-section-height-default\" data-id=\"d8e33cb\" data-element_type=\"section\">\n\t\t\t\t\t\t<div class=\"elementor-container elementor-column-gap-default\">\n\t\t\t\t\t<div class=\"elementor-column elementor-col-100 elementor-top-column elementor-element elementor-element-4402328\" data-id=\"4402328\" data-element_type=\"column\">\n\t\t\t<div class=\"elementor-widget-wrap elementor-element-populated\">\n\t\t\t\t\t\t<div class=\"elementor-element elementor-element-083e8f3 elementor-widget elementor-widget-spacer\" data-id=\"083e8f3\" data-element_type=\"widget\" data-widget_type=\"spacer.default\">\n\t\t\t\t<div class=\"elementor-widget-container\">\n\t\t\t\t\t<div class=\"elementor-spacer\">\n\t\t\t<div class=\"elementor-spacer-inner\"><\/div>\n\t\t<\/div>\n\t\t\t\t<\/div>\n\t\t\t\t<\/div>\n\t\t\t\t\t<\/div>\n\t\t<\/div>\n\t\t\t\t\t<\/div>\n\t\t<\/section>\n\t\t\t\t<section class=\"elementor-section elementor-top-section elementor-element elementor-element-8ba873a elementor-section-boxed elementor-section-height-default elementor-section-height-default\" data-id=\"8ba873a\" data-element_type=\"section\">\n\t\t\t\t\t\t<div class=\"elementor-container elementor-column-gap-default\">\n\t\t\t\t\t<div class=\"elementor-column elementor-col-100 elementor-top-column elementor-element elementor-element-0fb480f\" data-id=\"0fb480f\" data-element_type=\"column\">\n\t\t\t<div class=\"elementor-widget-wrap elementor-element-populated\">\n\t\t\t\t\t\t<div class=\"elementor-element elementor-element-d0d2cd4 elementor-widget elementor-widget-heading\" data-id=\"d0d2cd4\" data-element_type=\"widget\" data-widget_type=\"heading.default\">\n\t\t\t\t<div class=\"elementor-widget-container\">\n\t\t\t<h5 class=\"elementor-heading-title elementor-size-default\">Links \u00dateis<\/h5>\t\t<\/div>\n\t\t\t\t<\/div>\n\t\t\t\t\t<\/div>\n\t\t<\/div>\n\t\t\t\t\t<\/div>\n\t\t<\/section>\n\t\t\t\t<section class=\"elementor-section elementor-top-section elementor-element elementor-element-4964fff elementor-section-boxed elementor-section-height-default elementor-section-height-default\" data-id=\"4964fff\" data-element_type=\"section\">\n\t\t\t\t\t\t<div class=\"elementor-container elementor-column-gap-default\">\n\t\t\t\t\t<div class=\"elementor-column elementor-col-33 elementor-top-column elementor-element elementor-element-57fb2a2\" data-id=\"57fb2a2\" data-element_type=\"column\">\n\t\t\t<div class=\"elementor-widget-wrap elementor-element-populated\">\n\t\t\t\t\t\t<div class=\"elementor-element elementor-element-042d6a2 elementor-view-default elementor-widget elementor-widget-icon\" data-id=\"042d6a2\" data-element_type=\"widget\" data-widget_type=\"icon.default\">\n\t\t\t\t<div class=\"elementor-widget-container\">\n\t\t\t\t\t<div class=\"elementor-icon-wrapper\">\n\t\t\t<a class=\"elementor-icon\" href=\"https:\/\/www.ufsm.br\/pro-reitorias\/pre\/forum\/\">\n\t\t\t<i aria-hidden=\"true\" class=\"fas fa-comments\"><\/i>\t\t\t<\/a>\n\t\t<\/div>\n\t\t\t\t<\/div>\n\t\t\t\t<\/div>\n\t\t\t\t<div class=\"elementor-element elementor-element-68ab5ac elementor-widget elementor-widget-heading\" data-id=\"68ab5ac\" data-element_type=\"widget\" data-widget_type=\"heading.default\">\n\t\t\t\t<div class=\"elementor-widget-container\">\n\t\t\t<h6 class=\"elementor-heading-title elementor-size-default\">F\u00f3rum Regional Permanente de Extens\u00e3o<\/h6>\t\t<\/div>\n\t\t\t\t<\/div>\n\t\t\t\t<div class=\"elementor-element elementor-element-9e1c4a3 elementor-widget elementor-widget-spacer\" data-id=\"9e1c4a3\" data-element_type=\"widget\" data-widget_type=\"spacer.default\">\n\t\t\t\t<div class=\"elementor-widget-container\">\n\t\t\t\t\t<div class=\"elementor-spacer\">\n\t\t\t<div class=\"elementor-spacer-inner\"><\/div>\n\t\t<\/div>\n\t\t\t\t<\/div>\n\t\t\t\t<\/div>\n\t\t\t\t\t<\/div>\n\t\t<\/div>\n\t\t\t\t<div class=\"elementor-column elementor-col-33 elementor-top-column elementor-element elementor-element-0356b2b\" data-id=\"0356b2b\" data-element_type=\"column\">\n\t\t\t<div class=\"elementor-widget-wrap elementor-element-populated\">\n\t\t\t\t\t\t<div class=\"elementor-element elementor-element-7bd5d57 elementor-view-default elementor-widget elementor-widget-icon\" data-id=\"7bd5d57\" data-element_type=\"widget\" data-widget_type=\"icon.default\">\n\t\t\t\t<div class=\"elementor-widget-container\">\n\t\t\t\t\t<div class=\"elementor-icon-wrapper\">\n\t\t\t<a class=\"elementor-icon\" href=\"https:\/\/www.ufsm.br\/pro-reitorias\/pre\/fiex\/\">\n\t\t\t<i aria-hidden=\"true\" class=\"fas fa-file-invoice-dollar\"><\/i>\t\t\t<\/a>\n\t\t<\/div>\n\t\t\t\t<\/div>\n\t\t\t\t<\/div>\n\t\t\t\t<div class=\"elementor-element elementor-element-e1ef27f elementor-widget elementor-widget-heading\" data-id=\"e1ef27f\" data-element_type=\"widget\" data-widget_type=\"heading.default\">\n\t\t\t\t<div class=\"elementor-widget-container\">\n\t\t\t<h6 class=\"elementor-heading-title elementor-size-default\">Fundo de Incentivo \u00e0 Extens\u00e3o - FIEX<\/h6>\t\t<\/div>\n\t\t\t\t<\/div>\n\t\t\t\t\t<\/div>\n\t\t<\/div>\n\t\t\t\t<div class=\"elementor-column elementor-col-33 elementor-top-column elementor-element elementor-element-9f4519a\" data-id=\"9f4519a\" data-element_type=\"column\">\n\t\t\t<div class=\"elementor-widget-wrap elementor-element-populated\">\n\t\t\t\t\t\t<div class=\"elementor-element elementor-element-040cb5b elementor-view-default elementor-widget elementor-widget-icon\" data-id=\"040cb5b\" data-element_type=\"widget\" data-widget_type=\"icon.default\">\n\t\t\t\t<div class=\"elementor-widget-container\">\n\t\t\t\t\t<div class=\"elementor-icon-wrapper\">\n\t\t\t<a class=\"elementor-icon\" href=\"https:\/\/www.ufsm.br\/pro-reitorias\/pre\/projeto-rondon-ufsm\">\n\t\t\t<i aria-hidden=\"true\" class=\"fas fa-paper-plane\"><\/i>\t\t\t<\/a>\n\t\t<\/div>\n\t\t\t\t<\/div>\n\t\t\t\t<\/div>\n\t\t\t\t<div class=\"elementor-element elementor-element-629e161 elementor-widget elementor-widget-heading\" data-id=\"629e161\" data-element_type=\"widget\" data-widget_type=\"heading.default\">\n\t\t\t\t<div class=\"elementor-widget-container\">\n\t\t\t<h6 class=\"elementor-heading-title elementor-size-default\">Projeto RONDON<\/h6>\t\t<\/div>\n\t\t\t\t<\/div>\n\t\t\t\t\t<\/div>\n\t\t<\/div>\n\t\t\t\t\t<\/div>\n\t\t<\/section>\n\t\t\t\t<section class=\"elementor-section elementor-top-section elementor-element elementor-element-a650f3d elementor-section-boxed elementor-section-height-default elementor-section-height-default\" data-id=\"a650f3d\" data-element_type=\"section\">\n\t\t\t\t\t\t<div class=\"elementor-container elementor-column-gap-default\">\n\t\t\t\t\t<div class=\"elementor-column elementor-col-33 elementor-top-column elementor-element elementor-element-1a4ca77\" data-id=\"1a4ca77\" data-element_type=\"column\">\n\t\t\t<div class=\"elementor-widget-wrap elementor-element-populated\">\n\t\t\t\t\t\t<div class=\"elementor-element elementor-element-3019456 elementor-view-default elementor-widget elementor-widget-icon\" data-id=\"3019456\" data-element_type=\"widget\" data-widget_type=\"icon.default\">\n\t\t\t\t<div class=\"elementor-widget-container\">\n\t\t\t\t\t<div class=\"elementor-icon-wrapper\">\n\t\t\t<a class=\"elementor-icon\" href=\"https:\/\/www.ufsm.br\/pro-reitorias\/pre\/agenda-2030\/\">\n\t\t\t<i aria-hidden=\"true\" class=\"fas fa-handshake\"><\/i>\t\t\t<\/a>\n\t\t<\/div>\n\t\t\t\t<\/div>\n\t\t\t\t<\/div>\n\t\t\t\t<div class=\"elementor-element elementor-element-fa285b6 elementor-widget elementor-widget-heading\" data-id=\"fa285b6\" data-element_type=\"widget\" data-widget_type=\"heading.default\">\n\t\t\t\t<div class=\"elementor-widget-container\">\n\t\t\t<h6 class=\"elementor-heading-title elementor-size-default\">Agenda 2030<\/h6>\t\t<\/div>\n\t\t\t\t<\/div>\n\t\t\t\t<div class=\"elementor-element elementor-element-b281dc1 elementor-widget elementor-widget-spacer\" data-id=\"b281dc1\" data-element_type=\"widget\" data-widget_type=\"spacer.default\">\n\t\t\t\t<div class=\"elementor-widget-container\">\n\t\t\t\t\t<div class=\"elementor-spacer\">\n\t\t\t<div class=\"elementor-spacer-inner\"><\/div>\n\t\t<\/div>\n\t\t\t\t<\/div>\n\t\t\t\t<\/div>\n\t\t\t\t\t<\/div>\n\t\t<\/div>\n\t\t\t\t<div class=\"elementor-column elementor-col-33 elementor-top-column elementor-element elementor-element-4a67383\" data-id=\"4a67383\" data-element_type=\"column\">\n\t\t\t<div class=\"elementor-widget-wrap elementor-element-populated\">\n\t\t\t\t\t\t<div class=\"elementor-element elementor-element-1ad1dbd elementor-view-default elementor-widget elementor-widget-icon\" data-id=\"1ad1dbd\" data-element_type=\"widget\" data-widget_type=\"icon.default\">\n\t\t\t\t<div class=\"elementor-widget-container\">\n\t\t\t\t\t<div class=\"elementor-icon-wrapper\">\n\t\t\t<a class=\"elementor-icon\" href=\"https:\/\/www.ufsm.br\/pro-reitorias\/pre\/busca\/?q=&#038;sites%5B%5D=346&#038;area=editais&#038;orderby=modified&#038;order=DESC\">\n\t\t\t<i aria-hidden=\"true\" class=\"fas fa-comment-dollar\"><\/i>\t\t\t<\/a>\n\t\t<\/div>\n\t\t\t\t<\/div>\n\t\t\t\t<\/div>\n\t\t\t\t<div class=\"elementor-element elementor-element-0464ba1 elementor-widget elementor-widget-heading\" data-id=\"0464ba1\" data-element_type=\"widget\" data-widget_type=\"heading.default\">\n\t\t\t\t<div class=\"elementor-widget-container\">\n\t\t\t<h6 class=\"elementor-heading-title elementor-size-default\">Editais de fomento \u00e0 Extens\u00e3o<\/h6>\t\t<\/div>\n\t\t\t\t<\/div>\n\t\t\t\t\t<\/div>\n\t\t<\/div>\n\t\t\t\t<div class=\"elementor-column elementor-col-33 elementor-top-column elementor-element elementor-element-6b8739d\" data-id=\"6b8739d\" data-element_type=\"column\">\n\t\t\t<div class=\"elementor-widget-wrap elementor-element-populated\">\n\t\t\t\t\t\t<div class=\"elementor-element elementor-element-f443fe0 elementor-view-default elementor-widget elementor-widget-icon\" data-id=\"f443fe0\" data-element_type=\"widget\" data-widget_type=\"icon.default\">\n\t\t\t\t<div class=\"elementor-widget-container\">\n\t\t\t\t\t<div class=\"elementor-icon-wrapper\">\n\t\t\t<a class=\"elementor-icon\" href=\"https:\/\/www.ufsm.br\/pro-reitorias\/pre\/formularios\/\">\n\t\t\t<i aria-hidden=\"true\" class=\"fas fa-user-edit\"><\/i>\t\t\t<\/a>\n\t\t<\/div>\n\t\t\t\t<\/div>\n\t\t\t\t<\/div>\n\t\t\t\t<div class=\"elementor-element elementor-element-c1e1ba6 elementor-widget elementor-widget-heading\" data-id=\"c1e1ba6\" data-element_type=\"widget\" data-widget_type=\"heading.default\">\n\t\t\t\t<div class=\"elementor-widget-container\">\n\t\t\t<h6 class=\"elementor-heading-title elementor-size-default\">Formul\u00e1rios<\/h6>\t\t<\/div>\n\t\t\t\t<\/div>\n\t\t\t\t\t<\/div>\n\t\t<\/div>\n\t\t\t\t\t<\/div>\n\t\t<\/section>\n\t\t\t\t<section class=\"elementor-section elementor-top-section elementor-element elementor-element-9b0ca18 elementor-section-boxed elementor-section-height-default elementor-section-height-default\" data-id=\"9b0ca18\" data-element_type=\"section\">\n\t\t\t\t\t\t<div class=\"elementor-container elementor-column-gap-default\">\n\t\t\t\t\t<div class=\"elementor-column elementor-col-33 elementor-top-column elementor-element elementor-element-dac1c0a\" data-id=\"dac1c0a\" data-element_type=\"column\">\n\t\t\t<div class=\"elementor-widget-wrap\">\n\t\t\t\t\t\t\t<\/div>\n\t\t<\/div>\n\t\t\t\t<div class=\"elementor-column elementor-col-33 elementor-top-column elementor-element elementor-element-ff37f2f\" data-id=\"ff37f2f\" data-element_type=\"column\">\n\t\t\t<div class=\"elementor-widget-wrap elementor-element-populated\">\n\t\t\t\t\t\t<div class=\"elementor-element elementor-element-3ffba0f elementor-view-default elementor-widget elementor-widget-icon\" data-id=\"3ffba0f\" data-element_type=\"widget\" data-widget_type=\"icon.default\">\n\t\t\t\t<div class=\"elementor-widget-container\">\n\t\t\t\t\t<div class=\"elementor-icon-wrapper\">\n\t\t\t<a class=\"elementor-icon\" href=\"https:\/\/portal.ufsm.br\/projetos\/index.html\">\n\t\t\t<i aria-hidden=\"true\" class=\"fas fa-laptop\"><\/i>\t\t\t<\/a>\n\t\t<\/div>\n\t\t\t\t<\/div>\n\t\t\t\t<\/div>\n\t\t\t\t<div class=\"elementor-element elementor-element-a0b178d elementor-widget elementor-widget-heading\" data-id=\"a0b178d\" data-element_type=\"widget\" data-widget_type=\"heading.default\">\n\t\t\t\t<div class=\"elementor-widget-container\">\n\t\t\t<h6 class=\"elementor-heading-title elementor-size-default\">Portal de Projetos<\/h6>\t\t<\/div>\n\t\t\t\t<\/div>\n\t\t\t\t\t<\/div>\n\t\t<\/div>\n\t\t\t\t<div class=\"elementor-column elementor-col-33 elementor-top-column elementor-element elementor-element-b4ddbe3\" data-id=\"b4ddbe3\" data-element_type=\"column\">\n\t\t\t<div class=\"elementor-widget-wrap\">\n\t\t\t\t\t\t\t<\/div>\n\t\t<\/div>\n\t\t\t\t\t<\/div>\n\t\t<\/section>\n\t\t\t\t<\/div>\n\t\t","protected":false},"excerpt":{"rendered":"<p>A Coordenadoria de Articula\u00e7\u00e3o e Fomento \u00e0 Extens\u00e3o (CAFE-PRE), criada pela Resolu\u00e7\u00e3o N. 016\/2020, \u00e9 respons\u00e1vel por mapear demandas da comunidade local e regional, articular agentes de extens\u00e3o, visibilizar e fomentar as a\u00e7\u00f5es extensionistas via Fundo(s) de Incentivo \u00e0 Extens\u00e3o e editais espec\u00edficos, com vistas \u00e0 promo\u00e7\u00e3o do desenvolvimento sustent\u00e1vel. S\u00e3o suas compet\u00eancias: I &#8211; [&hellip;]<\/p>\n","protected":false},"author":1452,"featured_media":0,"parent":0,"menu_order":0,"comment_status":"closed","ping_status":"closed","template":"","meta":{"footnotes":""},"categories":[],"tags":[],"class_list":["post-906","page","type-page","status-publish","hentry"],"acf":[],"_links":{"self":[{"href":"https:\/\/www.ufsm.br\/pro-reitorias\/pre\/wp-json\/wp\/v2\/pages\/906","targetHints":{"allow":["GET"]}}],"collection":[{"href":"https:\/\/www.ufsm.br\/pro-reitorias\/pre\/wp-json\/wp\/v2\/pages"}],"about":[{"href":"https:\/\/www.ufsm.br\/pro-reitorias\/pre\/wp-json\/wp\/v2\/types\/page"}],"author":[{"embeddable":true,"href":"https:\/\/www.ufsm.br\/pro-reitorias\/pre\/wp-json\/wp\/v2\/users\/1452"}],"replies":[{"embeddable":true,"href":"https:\/\/www.ufsm.br\/pro-reitorias\/pre\/wp-json\/wp\/v2\/comments?post=906"}],"version-history":[{"count":0,"href":"https:\/\/www.ufsm.br\/pro-reitorias\/pre\/wp-json\/wp\/v2\/pages\/906\/revisions"}],"wp:attachment":[{"href":"https:\/\/www.ufsm.br\/pro-reitorias\/pre\/wp-json\/wp\/v2\/media?parent=906"}],"wp:term":[{"taxonomy":"category","embeddable":true,"href":"https:\/\/www.ufsm.br\/pro-reitorias\/pre\/wp-json\/wp\/v2\/categories?post=906"},{"taxonomy":"post_tag","embeddable":true,"href":"https:\/\/www.ufsm.br\/pro-reitorias\/pre\/wp-json\/wp\/v2\/tags?post=906"}],"curies":[{"name":"wp","href":"https:\/\/api.w.org\/{rel}","templated":true}]}}