{"id":9167,"date":"2024-04-16T09:13:46","date_gmt":"2024-04-16T12:13:46","guid":{"rendered":"https:\/\/www.ufsm.br\/pro-reitorias\/pre\/?page_id=9167"},"modified":"2025-02-26T10:53:19","modified_gmt":"2025-02-26T13:53:19","slug":"bolsas-de-extensao-territorio-imembuy-2024","status":"publish","type":"page","link":"https:\/\/www.ufsm.br\/pro-reitorias\/pre\/oportunidades-de-bolsas-de-extensao\/bolsas-de-extensao-territorio-imembuy\/bolsas-de-extensao-territorio-imembuy-2024","title":{"rendered":"Bolsas de Extens\u00e3o Territ\u00f3rio Imembuy &#8211; 2024"},"content":{"rendered":"\t\t<div data-elementor-type=\"wp-page\" data-elementor-id=\"9167\" class=\"elementor elementor-9167\">\n\t\t\t\t\t\t<section class=\"elementor-section elementor-top-section elementor-element elementor-element-5bd6b1a elementor-section-boxed elementor-section-height-default elementor-section-height-default\" data-id=\"5bd6b1a\" data-element_type=\"section\">\n\t\t\t\t\t\t<div class=\"elementor-container elementor-column-gap-default\">\n\t\t\t\t\t<div class=\"elementor-column elementor-col-100 elementor-top-column elementor-element elementor-element-18c8108\" data-id=\"18c8108\" data-element_type=\"column\">\n\t\t\t<div class=\"elementor-widget-wrap elementor-element-populated\">\n\t\t\t\t\t\t<div class=\"elementor-element elementor-element-32a3d84 elementor-widget__width-initial elementor-widget elementor-widget-text-editor\" data-id=\"32a3d84\" data-element_type=\"widget\" data-widget_type=\"text-editor.default\">\n\t\t\t\t<div class=\"elementor-widget-container\">\n\t\t\t\t\t\t\t<table style=\"border-collapse: collapse;width: 101.684%;height: 1845px\"><tbody><tr style=\"height: 27px\"><td style=\"width: 1.94932%;height: 27px\" align=\"center\" valign=\"middle\" height=\"28\"><b>Projeto<\/b><\/td><td style=\"width: 22.4299%;height: 27px\" align=\"center\" valign=\"middle\"><b>T\u00edtulo<\/b><\/td><td style=\"width: 30.2987%;height: 27px\" align=\"center\" valign=\"middle\"><b>Coordenador\/a<\/b><\/td><td style=\"width: 6.90511%;height: 27px\" align=\"center\" valign=\"middle\"><b>Bolsas<\/b><\/td><td style=\"width: 20.0486%;height: 27px\" align=\"center\" valign=\"middle\"><b>Edital<\/b><\/td><td style=\"width: 23.1208%;height: 27px\" align=\"center\" valign=\"middle\"><b>Resultado<\/b><\/td><\/tr><tr style=\"height: 18px\"><td style=\"width: 1.94932%;height: 18px\" align=\"center\" valign=\"middle\" height=\"29\"><span style=\"font-family: Liberation Serif\">043256<\/span><\/td><td style=\"width: 22.4299%;height: 18px\" align=\"left\" valign=\"middle\"><span style=\"font-family: Liberation Serif\">Divulga\u00e7\u00e3o do uso da l\u00e3 ovina atrav\u00e9s do artesanato<\/span><\/td><td style=\"width: 30.2987%;height: 18px\" align=\"left\" valign=\"middle\">Simone De David Ant\u00f4nio<\/td><td style=\"width: 6.90511%;height: 18px\" align=\"center\" valign=\"middle\">2<\/td><td style=\"width: 20.0486%;height: 18px\" align=\"center\" valign=\"middle\"><a href=\"https:\/\/www.ufsm.br\/app\/uploads\/sites\/346\/2024\/04\/Edital-Projeto-043256-Simone-De-David-Antonio.pdf\">Edital Projeto 043256<\/a><\/td><td style=\"width: 23.1208%;height: 18px\" align=\"center\" valign=\"middle\"><a href=\"https:\/\/www.ufsm.br\/app\/uploads\/sites\/346\/2024\/04\/Resulado-Final-Edital-Projeto-043256-Simone-De-David-Antonio.pdf\">Resulado Final<\/a><\/td><\/tr><tr style=\"height: 0,1\"><td style=\"width: 1.94932%;height: 32px\" align=\"center\" valign=\"middle\" height=\"29\"><span style=\"font-family: Liberation Serif\">044267<\/span><\/td><td style=\"width: 22.4299%;height: 32px\" align=\"left\" valign=\"middle\"><span style=\"font-family: Liberation Serif\">A\u00e7\u00f5es de extens\u00e3o no CAPPA\/UFSM: cursos, est\u00e1gios e outras atividades para a comunidade acad\u00eamica e regional <\/span><\/td><td style=\"width: 30.2987%;height: 32px\" align=\"left\" valign=\"middle\"><span style=\"font-family: Liberation Serif\">Leonardo Rodrigo Tumeleiro Kerber<\/span><\/td><td style=\"width: 6.90511%;height: 32px\" align=\"center\" valign=\"middle\"><p><span style=\"font-family: Liberation Serif\">2<\/span><\/p><p>1<\/p><\/td><td style=\"width: 20.0486%;height: 32px\" align=\"center\" valign=\"middle\"><p><span style=\"font-family: Liberation Serif\"><a href=\"https:\/\/www.ufsm.br\/app\/uploads\/sites\/346\/2024\/04\/Edital-Projeto-044267-Leonardo-Kerber.pdf\">Edital 01 Projeto 044267<\/a><\/span><\/p><p><a href=\"https:\/\/www.ufsm.br\/app\/uploads\/sites\/346\/2024\/08\/Edital-02-Projeto-044267-Leonardo-Kerber.pdf\">Edital 02 &#8211; Projeto 044267<\/a><\/p><\/td><td style=\"width: 23.1208%;height: 32px\" align=\"center\" valign=\"middle\"><p><a href=\"https:\/\/www.ufsm.br\/app\/uploads\/sites\/346\/2024\/04\/Resultado-Final-Edital-Projeto-044267-Leonardo-Kerber-1.pdf\">Resultado Final Edital 01<\/a><\/p><\/td><\/tr><tr style=\"height: 55px\"><td style=\"width: 1.94932%;height: 55px\" align=\"center\" valign=\"middle\" height=\"29\"><span style=\"font-family: Liberation Serif\">048130<\/span><\/td><td style=\"width: 22.4299%;height: 55px\" align=\"left\" valign=\"middle\"><span style=\"font-family: Liberation Serif\">PACTO: Programa de Apoio aos Cuidadores da Terapia Ocupacional <\/span><\/td><td style=\"width: 30.2987%;height: 55px\" align=\"left\" valign=\"middle\"><span style=\"font-family: Liberation Serif\">Silvani Vargas Vieira<\/span><\/td><td style=\"width: 6.90511%;height: 55px\" align=\"center\" valign=\"middle\"><span style=\"font-family: Liberation Serif\">2<\/span><\/td><td style=\"width: 20.0486%;height: 55px\" align=\"center\" valign=\"middle\"><p><span style=\"font-family: Liberation Serif\"><a href=\"https:\/\/www.ufsm.br\/app\/uploads\/sites\/346\/2024\/04\/Edital-Projeto-048130-Silvani-Vargas-Vieria.pdf\">Edital Projeto 048130<br \/><\/a><\/span><\/p><p><a href=\"https:\/\/www.ufsm.br\/app\/uploads\/sites\/346\/2024\/07\/Edital-02-Projeto-048130.pdf\">Edital 02 &#8211; Projeto 048130<\/a><\/p><\/td><td style=\"width: 23.1208%;height: 55px\" align=\"center\" valign=\"middle\"><p><a href=\"https:\/\/www.ufsm.br\/app\/uploads\/sites\/346\/2024\/04\/Resultado-Final-Edital-Projeto-048130-Silvani-Vargas-Vieira.pdf\">Resultado Final<\/a><\/p><p><a href=\"https:\/\/www.ufsm.br\/app\/uploads\/sites\/346\/2024\/07\/Resultado-Final-Edital-02-Projeto-048130.pdf\">Resultado Final &#8211; Edital 02<\/a><\/p><\/td><\/tr><tr style=\"height: 10px\"><td style=\"width: 1.94932%;height: 10px\" align=\"center\" valign=\"middle\" height=\"29\"><span style=\"font-family: Liberation Serif\">051149<\/span><\/td><td style=\"width: 22.4299%;height: 10px\" align=\"left\" valign=\"middle\"><span style=\"font-family: Liberation Serif\">Interpreta\u00e7\u00e3o e promo\u00e7\u00e3o do patrim\u00f4nio natural do Projeto Geoparque Ca\u00e7apava<\/span><\/td><td style=\"width: 30.2987%;height: 10px\" align=\"left\" valign=\"middle\">Andr\u00e9 Weissheimer de Borba<\/td><td style=\"width: 6.90511%;height: 10px\" align=\"center\" valign=\"middle\">2<\/td><td style=\"width: 20.0486%;height: 10px\" align=\"center\" valign=\"middle\"><a href=\"https:\/\/www.ufsm.br\/app\/uploads\/sites\/346\/2024\/04\/Edital-Projeto-051149-Andre-Borba.pdf\">Edital Projeto 051149<\/a><\/td><td style=\"width: 23.1208%;height: 10px\" align=\"center\" valign=\"middle\"><a href=\"https:\/\/www.ufsm.br\/app\/uploads\/sites\/346\/2024\/04\/Resultado-Final-Projeto-051149-Andre-Borba.pdf\">Resultado Final<\/a><\/td><\/tr><tr style=\"height: 103px\"><td style=\"width: 1.94932%;height: 103px\" align=\"center\" valign=\"middle\" height=\"29\"><span style=\"font-family: Liberation Serif\">051225<\/span><\/td><td style=\"width: 22.4299%;height: 103px\" align=\"left\" valign=\"middle\"><span style=\"font-family: Liberation Serif\">Manuten\u00e7\u00e3o, estrutura\u00e7\u00e3o de a\u00e7\u00f5es e programas do Comit\u00ea de Gerenciamento da Bacia Hidrogr\u00e1fica dos Rios Vacaca\u00ed e Vacaca\u00ed Mirim <\/span><\/td><td style=\"width: 30.2987%;height: 103px\" align=\"left\" valign=\"middle\"><span style=\"font-family: Liberation Serif\">Alexandre Swarowsky<\/span><\/td><td style=\"width: 6.90511%;height: 103px\" align=\"center\" valign=\"middle\"><span style=\"font-family: Liberation Serif\">1<\/span><\/td><td style=\"width: 20.0486%;height: 103px\" align=\"center\" valign=\"middle\"><span style=\"font-family: Liberation Serif\"><a href=\"https:\/\/www.ufsm.br\/app\/uploads\/sites\/346\/2024\/04\/Edital-Projeto-051225-Alexandre-Swarowsky.pdf\">Edital Projeto 051225<\/a><\/span><\/td><td style=\"width: 23.1208%;height: 103px\" align=\"center\" valign=\"middle\"><a href=\"https:\/\/www.ufsm.br\/app\/uploads\/sites\/346\/2024\/04\/Resultado-Final-Edital-051225-0-Alexandre-Swarowsky.pdf\">Resultado Final<\/a><\/td><\/tr><tr style=\"height: 10px\"><td style=\"width: 1.94932%;height: 10px\" align=\"center\" valign=\"middle\" height=\"29\"><span style=\"font-family: Liberation Serif\">052202<\/span><\/td><td style=\"width: 22.4299%;height: 10px\" align=\"left\" valign=\"middle\"><span style=\"font-family: Liberation Serif\">Flores para todos na regi\u00e3o da depress\u00e3o central do Rio Grande do Sul <\/span><\/td><td style=\"width: 30.2987%;height: 10px\" align=\"left\" valign=\"middle\"><span style=\"font-family: Liberation Serif\">Lilian Osmari Uhlmann<\/span><\/td><td style=\"width: 6.90511%;height: 10px\" align=\"center\" valign=\"middle\"><span style=\"font-family: Liberation Serif\">1<\/span><\/td><td style=\"width: 20.0486%;height: 10px\" align=\"center\" valign=\"middle\"><span style=\"font-family: Liberation Serif\"><a href=\"https:\/\/www.ufsm.br\/app\/uploads\/sites\/346\/2024\/04\/Chamada-Interna-para-Selecao-de-Bolsistas-Edital-017_2024_profa.-Lilian.pdf\">Edital Projeto 052202<\/a><\/span><\/td><td style=\"width: 23.1208%;height: 10px\" align=\"center\" valign=\"middle\"><a href=\"https:\/\/www.ufsm.br\/app\/uploads\/sites\/346\/2024\/04\/Resultado-Final-Edital-052202-Lilian-Osmari-Uhlmann.pdf\">Resultado Final<\/a><\/td><\/tr><tr style=\"height: 30px\"><td style=\"width: 1.94932%;height: 30px\" align=\"center\" valign=\"middle\" height=\"29\"><span style=\"font-family: Liberation Serif\">052763<\/span><\/td><td style=\"width: 22.4299%;height: 30px\" align=\"left\" valign=\"middle\"><span style=\"font-family: Liberation Serif\">Planejamento ambiental da Quarta Col\u00f4nia: motivando a comunidade pela implanta\u00e7\u00e3o de um Geoparque <\/span><\/td><td style=\"width: 30.2987%;height: 30px\" align=\"left\" valign=\"middle\"><span style=\"font-family: Liberation Serif\">Edson Bortoluzzi da Silva<\/span><\/td><td style=\"width: 6.90511%;height: 30px\" align=\"center\" valign=\"middle\"><span style=\"font-family: Liberation Serif\">1<\/span><\/td><td style=\"width: 20.0486%;height: 30px\" align=\"center\" valign=\"middle\"><span style=\"font-family: Liberation Serif\"><a href=\"https:\/\/www.ufsm.br\/app\/uploads\/sites\/346\/2024\/04\/Edital-Projeto-052763-Edson-Bortoluzzi.pdf\">Edital Projeto 052763<\/a><\/span><\/td><td style=\"width: 23.1208%;height: 30px\" align=\"center\" valign=\"middle\"><a href=\"https:\/\/www.ufsm.br\/app\/uploads\/sites\/346\/2024\/04\/Resulado-Final-Edital-Projeto-052763-Edson-bortoluzzi.pdf\">Resulado Final<\/a><\/td><\/tr><tr style=\"height: 10px\"><td style=\"width: 1.94932%;height: 10px\" align=\"center\" valign=\"middle\" height=\"29\"><span style=\"font-family: Liberation Serif\">052943<\/span><\/td><td style=\"width: 22.4299%;height: 10px\" align=\"left\" valign=\"middle\"><span style=\"font-family: Liberation Serif\">ARTE E LUZES: aprendendo com cinema, m\u00fasica e literatura <\/span><\/td><td style=\"width: 30.2987%;height: 10px\" align=\"left\" valign=\"middle\"><span style=\"font-family: Liberation Serif\">Ivana Ferigolo Melo<\/span><\/td><td style=\"width: 6.90511%;height: 10px\" align=\"center\" valign=\"middle\"><span style=\"font-family: Liberation Serif\">1<\/span><\/td><td style=\"width: 20.0486%;height: 10px\" align=\"center\" valign=\"middle\"><span style=\"font-family: Liberation Serif\"><a href=\"https:\/\/www.ufsm.br\/app\/uploads\/sites\/346\/2024\/04\/Edital-Projeto-052943-Ivana-Ferigolo-Melo-1.pdf\">Edital Projeto 052943 <\/a><\/span><\/td><td style=\"width: 23.1208%;height: 10px\" align=\"center\" valign=\"middle\"><a href=\"https:\/\/www.ufsm.br\/app\/uploads\/sites\/346\/2024\/04\/Resultado-Final-Projeto-052943-Ivana-Ferigolo-Melo.pdf\">Resultado Final<\/a><\/td><\/tr><tr style=\"height: 54px\"><td style=\"width: 1.94932%;height: 54px\" align=\"center\" valign=\"middle\" height=\"29\"><span style=\"font-family: Liberation Serif\">053424<\/span><\/td><td style=\"width: 22.4299%;height: 54px\" align=\"left\" valign=\"middle\"><span style=\"font-family: Liberation Serif\">&#8220;Olha o Passarinho!&#8221;: despertando o interesse pela avifauna em alunos do ensino fundamental<\/span><\/td><td style=\"width: 30.2987%;height: 54px\" align=\"left\" valign=\"middle\">Everton Rodolfo Behr<\/td><td style=\"width: 6.90511%;height: 54px\" align=\"center\" valign=\"middle\">2<\/td><td style=\"width: 20.0486%;height: 54px\" align=\"center\" valign=\"middle\"><a href=\"https:\/\/www.ufsm.br\/app\/uploads\/sites\/346\/2024\/04\/Edital-Projeto-053424-Everton-Rodolfo-Behr.pdf\">Edital Projeto 053424<\/a><\/td><td style=\"width: 23.1208%;height: 54px\" align=\"center\" valign=\"middle\"><a href=\"https:\/\/www.ufsm.br\/app\/uploads\/sites\/346\/2024\/04\/Resulado-Final-Projeto-053424-Everton-Behr.pdf\">Resulado Final<\/a><\/td><\/tr><tr style=\"height: 69px\"><td style=\"width: 1.94932%;height: 69px\" align=\"center\" valign=\"middle\" height=\"29\"><span style=\"font-family: Liberation Serif\">053446<\/span><\/td><td style=\"width: 22.4299%;height: 69px\" align=\"left\" valign=\"middle\"><span style=\"font-family: Liberation Serif\">Atendimento Psicol\u00f3gico cl\u00ednico especializado voltado para as demandas do acolhimento institucional para crian\u00e7as e adolescentes<\/span><\/td><td style=\"width: 30.2987%;height: 69px\" align=\"left\" valign=\"middle\">Aline Cardoso Siqueira<\/td><td style=\"width: 6.90511%;height: 69px\" align=\"center\" valign=\"middle\">1<\/td><td style=\"width: 20.0486%;height: 69px\" align=\"center\" valign=\"middle\"><a href=\"https:\/\/www.ufsm.br\/app\/uploads\/sites\/346\/2024\/04\/Edital-Projeto-053446-Aline-Cardoso-Siqueira.pdf\">Edital Projeto 053446<\/a><\/td><td style=\"width: 23.1208%;height: 69px\" align=\"center\" valign=\"middle\"><a href=\"https:\/\/www.ufsm.br\/app\/uploads\/sites\/346\/2024\/04\/Resultado-Final-Edital-Projeto-053446-Aline-Siqueira.pdf\">Resultado Final<\/a><\/td><\/tr><tr style=\"height: 61px\"><td style=\"width: 1.94932%;height: 61px\" align=\"center\" valign=\"middle\" height=\"29\"><span style=\"font-family: Liberation Serif\">053608<\/span><\/td><td style=\"width: 22.4299%;height: 61px\" align=\"left\" valign=\"middle\"><span style=\"font-family: Liberation Serif\">Meliponicultura: uma forma de valorizar a fam\u00edlia do campo da regi\u00e3o central do Rio Grande do Sul e da baixada maranhense<\/span><\/td><td style=\"width: 30.2987%;height: 61px\" align=\"left\" valign=\"middle\">Mari Silvia Rodrigues de Oliveira<\/td><td style=\"width: 6.90511%;height: 61px\" align=\"center\" valign=\"middle\">1<\/td><td style=\"width: 20.0486%;height: 61px\" align=\"center\" valign=\"middle\"><p><a href=\"https:\/\/www.ufsm.br\/app\/uploads\/sites\/346\/2024\/04\/Edital-Projeto-053608-Mari-Silvia-Rodrigues-de-Oliveira.pdf\">Edital Projeto 053608<\/a><\/p><p><a href=\"https:\/\/www.ufsm.br\/app\/uploads\/sites\/346\/2024\/09\/017-2024-ANEXO-V-Modelo-de-Chamada-Interna-para-Selecao-de-Bolsistas-Edital-017_2024_29_arrumado.pdf\">Edital 02 &#8211; Projeto 053608<\/a><\/p><\/td><td style=\"width: 23.1208%;height: 61px\" align=\"center\" valign=\"middle\"><p><a href=\"https:\/\/www.ufsm.br\/app\/uploads\/sites\/346\/2024\/04\/Resultado-Final-Edital-Projeto-053608-Mari-Silvia.pdf\">Resultado Final<\/a><\/p><p><a href=\"https:\/\/www.ufsm.br\/app\/uploads\/sites\/346\/2024\/09\/CHAMADA_TERRITORIO_IMEMBUY_edital-02_resultado-final.pdf\">Resultado Final Edital 02 &#8211; Projeto 053608<\/a><\/p><\/td><\/tr><tr style=\"height: 10px\"><td style=\"width: 1.94932%;height: 10px\" align=\"center\" valign=\"middle\" height=\"29\"><span style=\"font-family: Liberation Serif\">053674<\/span><\/td><td style=\"width: 22.4299%;height: 10px\" align=\"left\" valign=\"middle\"><span style=\"font-family: Liberation Serif\">Adote uma les\u00e3o: um projeto interdisciplinar de aten\u00e7\u00e3o em sa\u00fade<\/span><\/td><td style=\"width: 30.2987%;height: 10px\" align=\"left\" valign=\"middle\">Neida Luiza Kaspary Pellenz<\/td><td style=\"width: 6.90511%;height: 10px\" align=\"center\" valign=\"middle\">2<\/td><td style=\"width: 20.0486%;height: 10px\" align=\"center\" valign=\"middle\"><a href=\"https:\/\/www.ufsm.br\/app\/uploads\/sites\/346\/2024\/04\/Edital-Projeto-053674-Neida-Luiza-Kaspary-Pellenz.pdf\">Edital Projeto 053674<\/a><\/td><td style=\"width: 23.1208%;height: 10px\" align=\"center\" valign=\"middle\"><a href=\"https:\/\/www.ufsm.br\/app\/uploads\/sites\/346\/2024\/04\/Resultado-Final-Projeto-053674-Neida-Pellenz.pdf\">Resultado Final<\/a><\/td><\/tr><tr style=\"height: 10px\"><td style=\"width: 1.94932%;height: 10px\" align=\"center\" valign=\"middle\" height=\"29\"><span style=\"font-family: Liberation Serif\">053764<\/span><\/td><td style=\"width: 22.4299%;height: 10px\" align=\"left\" valign=\"middle\"><span style=\"font-family: Liberation Serif\">Plantas aliment\u00edcias n\u00e3o convencionais (PANC): cultivo, identifica\u00e7\u00e3o e usos alimentares e medicinais<\/span><\/td><td style=\"width: 30.2987%;height: 10px\" align=\"left\" valign=\"middle\"><span style=\"font-family: Liberation Serif\">Aline Sobreira Bezerra<\/span><\/td><td style=\"width: 6.90511%;height: 10px\" align=\"center\" valign=\"middle\"><span style=\"font-family: Liberation Serif\">1<\/span><\/td><td style=\"width: 20.0486%;height: 10px\" align=\"center\" valign=\"middle\"><p><span style=\"font-family: Liberation Serif\"><a href=\"https:\/\/www.ufsm.br\/app\/uploads\/sites\/346\/2024\/04\/Chamada-Interna-para-Selecao-de-Bolsistas-Edital-017_2024-Prof.-Aline-Sobreira-Bezerra.pdf\">Edital Projeto 053764<\/a><\/span><\/p><p><a href=\"https:\/\/www.ufsm.br\/app\/uploads\/sites\/346\/2024\/10\/Edital-02-Projeto-053764.pdf\">Edital 02 &#8211; Projeto 053764<\/a><\/p><\/td><td style=\"width: 23.1208%;height: 10px\" align=\"center\" valign=\"middle\"><p><a href=\"https:\/\/www.ufsm.br\/app\/uploads\/sites\/346\/2024\/04\/Resultado-Final-Edital-Projeto-053764-Aline-Bezerra.pdf\">Resultado Final<\/a><\/p><p><a href=\"https:\/\/www.ufsm.br\/app\/uploads\/sites\/346\/2024\/10\/RESULTADO-FINAL-PRE_Imembuy-2024.pdf\">Resultado Final &#8211; Edital 02 &#8211; Projeto 053764<\/a><\/p><\/td><\/tr><tr style=\"height: 10px\"><td style=\"width: 1.94932%;height: 10px\" align=\"center\" valign=\"middle\" height=\"29\"><span style=\"font-family: Liberation Serif\">053779<\/span><\/td><td style=\"width: 22.4299%;height: 10px\" align=\"left\" valign=\"middle\"><span style=\"font-family: Liberation Serif\">Ateli\u00ea de Tecelagem<\/span><\/td><td style=\"width: 30.2987%;height: 10px\" align=\"left\" valign=\"middle\">Alzira Gabriela da Silva Pause<\/td><td style=\"width: 6.90511%;height: 10px\" align=\"center\" valign=\"middle\">1<\/td><td style=\"width: 20.0486%;height: 10px\" align=\"center\" valign=\"middle\"><a href=\"https:\/\/www.ufsm.br\/app\/uploads\/sites\/346\/2024\/04\/Edital-Projeto-053779-Alzira-Gabriela-da-Silva-Pause.pdf\">Edital Projeto 053779<\/a><\/td><td style=\"width: 23.1208%;height: 10px\" align=\"center\" valign=\"middle\"><a href=\"https:\/\/www.ufsm.br\/app\/uploads\/sites\/346\/2024\/04\/Resultado-Final-Edital-053779-Alzira-Pause.pdf\">Resultado Final<\/a><\/td><\/tr><tr style=\"height: 10px\"><td style=\"width: 1.94932%;height: 10px\" align=\"center\" valign=\"middle\" height=\"29\"><span style=\"font-family: Liberation Serif\">053835<\/span><\/td><td style=\"width: 22.4299%;height: 10px\" align=\"left\" valign=\"middle\"><span style=\"font-family: Liberation Serif\">Projeto de gest\u00e3o de custos e forma\u00e7\u00e3o de pre\u00e7os<\/span><\/td><td style=\"width: 30.2987%;height: 10px\" align=\"left\" valign=\"middle\">Roberto de Gregori<\/td><td style=\"width: 6.90511%;height: 10px\" align=\"center\" valign=\"middle\">1<\/td><td style=\"width: 20.0486%;height: 10px\" align=\"center\" valign=\"middle\"><a href=\"https:\/\/www.ufsm.br\/app\/uploads\/sites\/346\/2024\/04\/Edital-Projeto-053835-Roberto-de-Gregori.pdf\">Edital Projeto 053835<\/a><\/td><td style=\"width: 23.1208%;height: 10px\" align=\"center\" valign=\"middle\"><a href=\"https:\/\/www.ufsm.br\/app\/uploads\/sites\/346\/2024\/04\/Resultado-Final-Projeto-053835-Roberto-de-Gregori.pdf\">Resultado Final<\/a><\/td><\/tr><tr style=\"height: 10px\"><td style=\"width: 1.94932%;height: 10px\" align=\"center\" valign=\"middle\" height=\"29\"><span style=\"font-family: Liberation Serif\">053873<\/span><\/td><td style=\"width: 22.4299%;height: 10px\" align=\"left\" valign=\"middle\"><span style=\"font-family: Liberation Serif\">Festa Liter\u00e1ria de Santa Maria &#8211; FLISM<\/span><\/td><td style=\"width: 30.2987%;height: 10px\" align=\"left\" valign=\"middle\">Gerson Luis Werlang<\/td><td style=\"width: 6.90511%;height: 10px\" align=\"center\" valign=\"middle\">1<\/td><td style=\"width: 20.0486%;height: 10px\" align=\"center\" valign=\"middle\"><a href=\"https:\/\/www.ufsm.br\/app\/uploads\/sites\/346\/2024\/04\/Projeto-Edital-053876-Gerson-Luis-Werlang.pdf\">Projeto Edital 053873<\/a><\/td><td style=\"width: 23.1208%;height: 10px\" align=\"center\" valign=\"middle\"><a href=\"https:\/\/www.ufsm.br\/app\/uploads\/sites\/346\/2024\/04\/Resultado-Final-Projeto-053873-Gerson-Werlang.pdf\">Resultado Final<\/a><\/td><\/tr><tr style=\"height: 10px\"><td style=\"width: 1.94932%;height: 10px\" align=\"center\" valign=\"middle\" height=\"29\"><span style=\"font-family: Liberation Serif\">055277<\/span><\/td><td style=\"width: 22.4299%;height: 10px\" align=\"left\" valign=\"middle\"><span style=\"font-family: Liberation Serif\">Programa: ambulat\u00f3rio de pr\u00e1ticas integrativas e complementares<\/span><\/td><td style=\"width: 30.2987%;height: 10px\" align=\"left\" valign=\"middle\">\u00c2ngela Kemel Zanella<\/td><td style=\"width: 6.90511%;height: 10px\" align=\"center\" valign=\"middle\">2<\/td><td style=\"width: 20.0486%;height: 10px\" align=\"center\" valign=\"middle\"><a href=\"https:\/\/www.ufsm.br\/app\/uploads\/sites\/346\/2024\/04\/Edital-Projeto-055277-Angela-Kemel-Zanella.pdf\">Edital Projeto 055277<\/a><\/td><td style=\"width: 23.1208%;height: 10px\" align=\"center\" valign=\"middle\"><a href=\"https:\/\/www.ufsm.br\/app\/uploads\/sites\/346\/2024\/04\/Resulado-Final-Projeto-055277-Angela-Zanella.pdf\">Resulado Final<\/a><\/td><\/tr><tr style=\"height: 12px\"><td style=\"width: 1.94932%;height: 12px\" align=\"center\" valign=\"middle\" height=\"29\"><span style=\"font-family: Liberation Serif\">055372<\/span><\/td><td style=\"width: 22.4299%;height: 12px\" align=\"left\" valign=\"middle\"><span style=\"font-family: Liberation Serif\">Reabilita\u00e7\u00e3o, educa\u00e7\u00e3o e promo\u00e7\u00e3o \u00e0 sa\u00fade para popula\u00e7\u00f5es especiais<\/span><\/td><td style=\"width: 30.2987%;height: 12px\" align=\"left\" valign=\"middle\"><span style=\"font-family: Liberation Serif\">Michele Forgiarini Saccol<\/span><\/td><td style=\"width: 6.90511%;height: 12px\" align=\"center\" valign=\"middle\"><span style=\"font-family: Liberation Serif\">1<\/span><\/td><td style=\"width: 20.0486%;height: 12px\" align=\"center\" valign=\"middle\"><span style=\"font-family: Liberation Serif\"><a href=\"https:\/\/www.ufsm.br\/app\/uploads\/sites\/346\/2024\/04\/Projeto-055372-Rabilitacao-educacao-e-promocao-a-saude-para-populacoes-especiais-Michele-Forgiarini-Sacol.pdf\">Edital Projeto 055372<\/a><\/span><\/td><td style=\"width: 23.1208%;height: 12px\" align=\"center\" valign=\"middle\"><a href=\"https:\/\/www.ufsm.br\/app\/uploads\/sites\/346\/2024\/04\/Resulado-Final-Edital-Projeto-055372-Michele-Forgiarini-Saccol.pdf\">Resultado Final<\/a><\/td><\/tr><tr style=\"height: 22px\"><td style=\"width: 1.94932%;height: 22px\" align=\"center\" valign=\"middle\" height=\"29\"><span style=\"font-family: Liberation Serif\">055625<\/span><\/td><td style=\"width: 22.4299%;height: 22px\" align=\"left\" valign=\"middle\"><span style=\"font-family: Liberation Serif\">Projeto Sentinela: etnobiologia e educa\u00e7\u00e3o ambiental para a conserva\u00e7\u00e3o dos bugios e de seu habitat<\/span><\/td><td style=\"width: 30.2987%;height: 22px\" align=\"left\" valign=\"middle\">Vanessa Barbisan Fortes<\/td><td style=\"width: 6.90511%;height: 22px\" align=\"center\" valign=\"middle\">1<\/td><td style=\"width: 20.0486%;height: 22px\" align=\"center\" valign=\"middle\"><a href=\"https:\/\/www.ufsm.br\/app\/uploads\/sites\/346\/2024\/04\/Edital-Projeto-Vanessa-Barbisan-Fortes.pdf\">Edital Projeto 055625<\/a><\/td><td style=\"width: 23.1208%;height: 22px\" align=\"center\" valign=\"middle\"><a href=\"https:\/\/www.ufsm.br\/app\/uploads\/sites\/346\/2024\/05\/Resulado_Final-Edital-Projeto-055625-Vanessa-Barbisan-Fortes.pdf\">Resulado Final<\/a><\/td><\/tr><tr style=\"height: 10px\"><td style=\"width: 1.94932%;height: 10px\" align=\"center\" valign=\"middle\" height=\"29\"><span style=\"font-family: Liberation Serif\">055666<\/span><\/td><td style=\"width: 22.4299%;height: 10px\" align=\"left\" valign=\"middle\"><span style=\"font-family: Liberation Serif\">Diagn\u00f3stico e evolu\u00e7\u00e3o da fertilidade do solo no Rio Grande do Sul e Santa Catarina<\/span><\/td><td style=\"width: 30.2987%;height: 10px\" align=\"left\" valign=\"middle\"><span style=\"font-family: Liberation Serif\">F\u00e1bio Joel Kochem Mallmann<\/span><\/td><td style=\"width: 6.90511%;height: 10px\" align=\"center\" valign=\"middle\"><span style=\"font-family: Liberation Serif\">2<\/span><\/td><td style=\"width: 20.0486%;height: 10px\" align=\"center\" valign=\"middle\"><span style=\"font-family: Liberation Serif\"><a href=\"https:\/\/www.ufsm.br\/app\/uploads\/sites\/346\/2024\/04\/Edital-Projeto-055666-Fabio-Joel-Kochem-Mallmann.pdf\">Edital Projeto 055666 <\/a><\/span><\/td><td style=\"width: 23.1208%;height: 10px\" align=\"center\" valign=\"middle\"><a href=\"https:\/\/www.ufsm.br\/app\/uploads\/sites\/346\/2024\/04\/Resulado-Final-Projeto-055666-Fabio-Mallmann.pdf\">Resulado Final<\/a><\/td><\/tr><tr style=\"height: 10px\"><td style=\"width: 1.94932%;height: 10px\" align=\"center\" valign=\"middle\" height=\"45\"><span style=\"font-family: Liberation Serif\">055689<\/span><\/td><td style=\"width: 22.4299%;height: 10px\" align=\"left\" valign=\"middle\"><span style=\"font-family: Liberation Serif\">Educa\u00e7\u00e3o Empreendedora e Neg\u00f3cios de Impacto no Novo Ensino M\u00e9dio<\/span><\/td><td style=\"width: 30.2987%;height: 10px\" align=\"left\" valign=\"middle\"><span style=\"font-family: Liberation Serif\">D\u00e9bora Bobsin<\/span><\/td><td style=\"width: 6.90511%;height: 10px\" align=\"center\" valign=\"middle\"><span style=\"font-family: Liberation Serif\">1<\/span><\/td><td style=\"width: 20.0486%;height: 10px\" align=\"center\" valign=\"middle\"><p><span style=\"font-family: Liberation Serif\"><a href=\"https:\/\/www.ufsm.br\/app\/uploads\/sites\/346\/2024\/04\/Edital-Projeto-055689-Debora-Bobsin.pdf\">Edital Projeto 055689<\/a><\/span><\/p><p><a href=\"https:\/\/www.ufsm.br\/app\/uploads\/sites\/346\/2024\/10\/Chamada-Interna-para-Selecao-de-Bolsistas-Edital-017_2024_Debora_Bobsin_2_assinado.pdf\">Edital 02 &#8211; Projeto 055689<\/a><\/p><p><a href=\"https:\/\/www.ufsm.br\/app\/uploads\/sites\/346\/2024\/10\/Retificacao-Edital-02-Projeto-055689.pdf\">Retifica\u00e7\u00e3o Edital 02 &#8211; Projeto 055689<\/a><\/p><\/td><td style=\"width: 23.1208%;height: 10px\" align=\"center\" valign=\"middle\"><p><a href=\"https:\/\/www.ufsm.br\/app\/uploads\/sites\/346\/2024\/04\/Resultado-Final-Projeto-055869-Debora-Bosbsin.pdf\">Resultado Final<\/a><\/p><p><a href=\"https:\/\/www.ufsm.br\/app\/uploads\/sites\/346\/2024\/10\/resultado_edital_-_bolsista_Territorio_Imembuy_2_assinado.pdf\">Resultado Final &#8211; Edital 02 &#8211; Projeto 055689<\/a><\/p><\/td><\/tr><tr style=\"height: 10px\"><td style=\"width: 1.94932%;height: 10px\" align=\"center\" valign=\"middle\" height=\"28\"><span style=\"font-family: Liberation Serif\">055803<\/span><\/td><td style=\"width: 22.4299%;height: 10px\" align=\"left\" valign=\"middle\"><span style=\"font-family: Liberation Serif\">Observat\u00f3rio e Laborat\u00f3rio de Marcas da Quarta Col\u00f4nia<\/span><\/td><td style=\"width: 30.2987%;height: 10px\" align=\"left\" valign=\"middle\">Juliana Petermann<\/td><td style=\"width: 6.90511%;height: 10px\" align=\"center\" valign=\"middle\">1<\/td><td style=\"width: 20.0486%;height: 10px\" align=\"center\" valign=\"middle\"><p><a href=\"https:\/\/www.ufsm.br\/app\/uploads\/sites\/346\/2024\/04\/Projeto-Edital-055803-Juliana-Petermann.pdf\">Projeto Edital 055803<\/a><\/p><p><a href=\"https:\/\/www.ufsm.br\/app\/uploads\/sites\/346\/2024\/04\/Retificacao-Edital-Projeto-055803-Juliana-Petermann.pdf\">Retifica\u00e7\u00e3o Edital Projeto 055803<\/a><\/p><p><a href=\"https:\/\/www.ufsm.br\/app\/uploads\/sites\/346\/2024\/06\/Edital-02_-2024-Juliana-Petermann-Selecao-Bolsista-4C-Lab_pos-graduacao.pdf\">Edital 02_ 2024 &#8211; Projeto 055803<\/a><\/p><p><a href=\"https:\/\/www.ufsm.br\/app\/uploads\/sites\/346\/2024\/08\/Edital-03-Projeto-055803-Juliana-Pettermann.pdf\">Edital 03 &#8211; Projeto 055803<\/a><\/p><\/td><td style=\"width: 23.1208%;height: 10px\" align=\"center\" valign=\"middle\"><p><a href=\"https:\/\/www.ufsm.br\/app\/uploads\/sites\/346\/2024\/04\/Resultado-Final-Edital-Projeto-055803-Juliana-Petermann.pdf\">Resultado Final<\/a><\/p><p><a href=\"https:\/\/www.ufsm.br\/app\/uploads\/sites\/346\/2024\/06\/Resultado-dital-02_2024.pdf\">Resultado Edital 02_2024<\/a><\/p><p><a href=\"https:\/\/www.ufsm.br\/app\/uploads\/sites\/346\/2024\/09\/Resultado-Final-Edital-03-4c.pdf\">Resultado Final &#8211; Edital 03 &#8211; Projeto 055803<\/a><\/p><\/td><\/tr><tr style=\"height: 10px\"><td style=\"width: 1.94932%;height: 10px\" align=\"center\" valign=\"middle\" height=\"28\"><span style=\"font-family: Liberation Serif\">056513<\/span><\/td><td style=\"width: 22.4299%;height: 10px\" align=\"left\" valign=\"middle\"><span style=\"font-family: Liberation Serif\">Geoprodotto: valorando saberes e sabores da Quarta Col\u00f4nia<\/span><\/td><td style=\"width: 30.2987%;height: 10px\" align=\"left\" valign=\"middle\">Neila Silvia Pereira dos Santos Richards<\/td><td style=\"width: 6.90511%;height: 10px\" align=\"center\" valign=\"middle\"><p>2<\/p><p>\u00a0<\/p><p>1<\/p><\/td><td style=\"width: 20.0486%;height: 10px\" align=\"center\" valign=\"middle\"><p><a href=\"https:\/\/www.ufsm.br\/app\/uploads\/sites\/346\/2024\/04\/Edital-Projeto-056513-Neila-Richards.pdf\">Edital 01 Projeto 056513<\/a><\/p><p>\u00a0<\/p><p><a href=\"https:\/\/www.ufsm.br\/app\/uploads\/sites\/346\/2024\/10\/Edital-02-Projeto-056513.pdf\">Edital 02 Projeto 056513<\/a><\/p><\/td><td style=\"width: 23.1208%;height: 10px\" align=\"center\" valign=\"middle\"><p><a href=\"https:\/\/www.ufsm.br\/app\/uploads\/sites\/346\/2024\/04\/Resultado-Final-Edital-Projeto-056513-Neila-Richards.pdf\">Resultado Final Edital 01<\/a><\/p><p><a href=\"https:\/\/www.ufsm.br\/app\/uploads\/sites\/346\/2024\/10\/Resultado-Final-Edital-02.pdf\">Resultado Final Edital 02<\/a><\/p><\/td><\/tr><tr style=\"height: 10px\"><td style=\"width: 1.94932%;height: 10px\" align=\"center\" valign=\"middle\" height=\"28\"><span style=\"font-family: Liberation Serif\">057179<\/span><\/td><td style=\"width: 22.4299%;height: 10px\" align=\"left\" valign=\"middle\"><span style=\"font-family: Liberation Serif\">Hist\u00f3ria, l\u00edngua e cultura de imigra\u00e7\u00e3o italiana na Quarta Col\u00f4nia<\/span><\/td><td style=\"width: 30.2987%;height: 10px\" align=\"left\" valign=\"middle\"><span style=\"font-family: Liberation Serif\">Marcos Daniel Zancan<\/span><\/td><td style=\"width: 6.90511%;height: 10px\" align=\"center\" valign=\"middle\"><span style=\"font-family: Liberation Serif\">1<\/span><\/td><td style=\"width: 20.0486%;height: 10px\" align=\"center\" valign=\"middle\"><span style=\"font-family: Liberation Serif\"><a href=\"https:\/\/www.ufsm.br\/app\/uploads\/sites\/346\/2024\/04\/Edital-Marcos-Daniel-Zancan-projeto-057179.pdf\">Edital Projeto 057179<\/a><\/span><\/td><td style=\"width: 23.1208%;height: 10px\" align=\"center\" valign=\"middle\"><a href=\"https:\/\/www.ufsm.br\/app\/uploads\/sites\/346\/2024\/04\/Resultado-Final-Projeto-057179.pdf\">Resultado Final<\/a><\/td><\/tr><tr style=\"height: 109px\"><td style=\"width: 1.94932%;height: 109px\" align=\"center\" valign=\"middle\" height=\"28\"><span style=\"font-family: Liberation Serif\">057431<\/span><\/td><td style=\"width: 22.4299%;height: 109px\" align=\"left\" valign=\"middle\"><span style=\"font-family: Liberation Serif\">Projeto Geoparques: Educa\u00e7\u00e3o Patrimonial e Arqueologia nos territ\u00f3rios dos Geoparques apoiados pela UFSM<\/span><\/td><td style=\"width: 30.2987%;height: 109px\" align=\"left\" valign=\"middle\"><span style=\"font-family: Liberation Serif\">Andr\u00e9 Luis Ramos Soares<\/span><\/td><td style=\"width: 6.90511%;height: 109px\" align=\"center\" valign=\"middle\"><span style=\"font-family: Liberation Serif\">1<\/span><\/td><td style=\"width: 20.0486%;height: 109px\" align=\"center\" valign=\"middle\"><span style=\"font-family: Liberation Serif\"><a href=\"https:\/\/www.ufsm.br\/app\/uploads\/sites\/346\/2024\/04\/Edital-Projeto-057431-Andre-Soares.pdf\">Edital Projeto 057431<\/a><\/span><\/td><td style=\"width: 23.1208%;height: 109px\" align=\"center\" valign=\"middle\"><a href=\"https:\/\/www.ufsm.br\/app\/uploads\/sites\/346\/2024\/05\/Resultado-Final-Edital-Projeto-057431-Andre-Ramos-Soares.pdf\">Resultado Final<\/a><\/td><\/tr><tr style=\"height: 95px\"><td style=\"width: 1.94932%;height: 95px\" align=\"center\" valign=\"middle\" height=\"28\"><span style=\"font-family: Liberation Serif\">057554<\/span><\/td><td style=\"width: 22.4299%;height: 95px\" align=\"left\" valign=\"middle\"><span style=\"font-family: Liberation Serif\">arte#ocupaSM &#8211; Resid\u00eancias art\u00edsticas (presencial\/online)<\/span><\/td><td style=\"width: 30.2987%;height: 95px\" align=\"left\" valign=\"middle\">Rebeca Lenize Stumm<\/td><td style=\"width: 6.90511%;height: 95px\" align=\"center\" valign=\"middle\">1<\/td><td style=\"width: 20.0486%;height: 95px\" align=\"center\" valign=\"middle\"><a href=\"https:\/\/www.ufsm.br\/app\/uploads\/sites\/346\/2024\/04\/Edital-Projeto-057554-Rebeca-Lenize-Stumm.pdf\">Edital Projeto 057554<\/a><\/td><td style=\"width: 23.1208%;height: 95px\" align=\"center\" valign=\"middle\"><a href=\"https:\/\/www.ufsm.br\/app\/uploads\/sites\/346\/2024\/04\/Resultado-Final-Edital-Projeto-057554-Rebeca-Lenize-Stumm.pdf\">Resultado Final<\/a><\/td><\/tr><tr style=\"height: 10px\"><td style=\"width: 1.94932%;height: 10px\" align=\"center\" valign=\"middle\" height=\"28\"><span style=\"font-family: Liberation Serif\">057661<\/span><\/td><td style=\"width: 22.4299%;height: 10px\" align=\"left\" valign=\"middle\"><span style=\"font-family: Liberation Serif\">Quarta Col\u00f4nia Em Cine: Professores, Cinema e Escola<\/span><\/td><td style=\"width: 30.2987%;height: 10px\" align=\"left\" valign=\"middle\"><span style=\"font-family: Liberation Serif\">Valeska Maria Fortes de Oliveira<\/span><\/td><td style=\"width: 6.90511%;height: 10px\" align=\"center\" valign=\"middle\"><span style=\"font-family: Liberation Serif\">1<\/span><\/td><td style=\"width: 20.0486%;height: 10px\" align=\"center\" valign=\"middle\"><span style=\"font-family: Liberation Serif\"><a href=\"https:\/\/www.ufsm.br\/app\/uploads\/sites\/346\/2024\/04\/Edital-Projeto-057661-Valeska-Fortes-de-Oliveira.pdf\">Edital Projeto 057661<\/a><\/span><\/td><td style=\"width: 23.1208%;height: 10px\" align=\"center\" valign=\"middle\"><a href=\"https:\/\/www.ufsm.br\/app\/uploads\/sites\/346\/2024\/04\/Resultado-Final-Projeto-057661-Valeska-Maria-Fortes-de-Oliveira.pdf\">Resultado Final<\/a><\/td><\/tr><tr style=\"height: 10px\"><td style=\"width: 1.94932%;height: 10px\" align=\"center\" valign=\"middle\" height=\"28\"><span style=\"font-family: Liberation Serif\">057728<\/span><\/td><td style=\"width: 22.4299%;height: 10px\" align=\"left\" valign=\"middle\"><span style=\"font-family: Liberation Serif\">Paleodia da Quarta Col\u00f4nia<\/span><\/td><td style=\"width: 30.2987%;height: 10px\" align=\"left\" valign=\"middle\"><span style=\"font-family: Liberation Serif\">Gisela Sartori Farencena<\/span><\/td><td style=\"width: 6.90511%;height: 10px\" align=\"center\" valign=\"middle\"><span style=\"font-family: Liberation Serif\">1<\/span><\/td><td style=\"width: 20.0486%;height: 10px\" align=\"center\" valign=\"middle\"><span style=\"font-family: Liberation Serif\"><a href=\"https:\/\/www.ufsm.br\/app\/uploads\/sites\/346\/2024\/04\/Edital-Projeto-057728-Gisela-Farencena.pdf\">Edital Projeto 057728<\/a><\/span><\/td><td style=\"width: 23.1208%;height: 10px\" align=\"center\" valign=\"middle\"><a href=\"https:\/\/www.ufsm.br\/app\/uploads\/sites\/346\/2024\/04\/Resultado-Final-Projeto-057728-Gisela.pdf\">Resultado Final<\/a><\/td><\/tr><tr style=\"height: 10px\"><td style=\"width: 1.94932%;height: 10px\" align=\"center\" valign=\"middle\" height=\"28\"><span style=\"font-family: Liberation Serif\">058342<\/span><\/td><td style=\"width: 22.4299%;height: 10px\" align=\"left\" valign=\"middle\"><span style=\"font-family: Liberation Serif\">Juca nas Escolas<\/span><\/td><td style=\"width: 30.2987%;height: 10px\" align=\"left\" valign=\"middle\">G\u00fcnther Richter Mors<\/td><td style=\"width: 6.90511%;height: 10px\" align=\"center\" valign=\"middle\">2<\/td><td style=\"width: 20.0486%;height: 10px\" align=\"center\" valign=\"middle\"><a href=\"https:\/\/www.ufsm.br\/app\/uploads\/sites\/346\/2024\/04\/Edital-Projeto-058342-Gunther-Mors.pdf\">Edital Projeto 058342 <\/a><\/td><td style=\"width: 23.1208%;height: 10px\" align=\"center\" valign=\"middle\"><a href=\"https:\/\/www.ufsm.br\/app\/uploads\/sites\/346\/2024\/04\/Resultado-Final-Projeto-058342-Gunther-Mros.pdf\">Resultado Final<\/a><\/td><\/tr><tr style=\"height: 10px\"><td style=\"width: 1.94932%;height: 10px\" align=\"center\" valign=\"middle\" height=\"28\"><span style=\"font-family: Liberation Serif\">058549<\/span><\/td><td style=\"width: 22.4299%;height: 10px\" align=\"left\" valign=\"middle\"><span style=\"font-family: Liberation Serif\">Na Bagagem: conhecendo Santa Maria<\/span><\/td><td style=\"width: 30.2987%;height: 10px\" align=\"left\" valign=\"middle\">Leonora Romano<\/td><td style=\"width: 6.90511%;height: 10px\" align=\"center\" valign=\"middle\">1<\/td><td style=\"width: 20.0486%;height: 10px\" align=\"center\" valign=\"middle\"><a href=\"https:\/\/www.ufsm.br\/app\/uploads\/sites\/346\/2024\/04\/Projeto-058549-Leonora-Romano.pdf\">Edital Projeto 058549 <\/a><\/td><td style=\"width: 23.1208%;height: 10px\" align=\"center\" valign=\"middle\"><a href=\"https:\/\/www.ufsm.br\/app\/uploads\/sites\/346\/2024\/04\/Resultado-Final-Projeto-058549-Leonora-Romano.pdf\">Resultado Final<\/a><\/td><\/tr><tr style=\"height: 34px\"><td style=\"width: 1.94932%;height: 34px\" align=\"center\" valign=\"middle\" height=\"28\"><span style=\"font-family: Liberation Serif\">058645<\/span><\/td><td style=\"width: 22.4299%;height: 34px\" align=\"left\" valign=\"middle\"><span style=\"font-family: Liberation Serif\">Pol\u00edtica de L\u00ednguas na Quarta Col\u00f4nia\/RS: forma\u00e7\u00e3o de comit\u00ea gestor e educa\u00e7\u00e3o para a alteridade<\/span><\/td><td style=\"width: 30.2987%;height: 34px\" align=\"left\" valign=\"middle\"><span style=\"font-family: Liberation Serif\">Larissa Montagner Cervo<\/span><\/td><td style=\"width: 6.90511%;height: 34px\" align=\"center\" valign=\"middle\"><span style=\"font-family: Liberation Serif\">2<\/span><\/td><td style=\"width: 20.0486%;height: 34px\" align=\"center\" valign=\"middle\"><span style=\"font-family: Liberation Serif\"><a href=\"https:\/\/www.ufsm.br\/app\/uploads\/sites\/346\/2024\/04\/Edital-Projeto-058645-Larissa-Montagner-Cervo.pdf\">Edital Projeto 058645<\/a><\/span><\/td><td style=\"width: 23.1208%;height: 34px\" align=\"center\" valign=\"middle\"><p><a href=\"https:\/\/www.ufsm.br\/app\/uploads\/sites\/346\/2024\/04\/Resultado-preliminar-Edital-Projeto-058645-Larissa-Montagner-Cervo.pdf\">Resultado Preliminar<\/a><\/p><p><a href=\"https:\/\/www.ufsm.br\/app\/uploads\/sites\/346\/2024\/04\/Resultado-Final-Edital-Projeto-058645-Larissa-Montagner-Cervo.pdf\">Resultado Final<\/a><\/p><\/td><\/tr><tr style=\"height: 46px\"><td style=\"width: 1.94932%;height: 46px\" align=\"center\" valign=\"middle\" height=\"28\"><span style=\"font-family: Liberation Serif\">059264<\/span><\/td><td style=\"width: 22.4299%;height: 46px\" align=\"left\" valign=\"middle\"><span style=\"font-family: Liberation Serif\">Equil\u00edbrio Sist\u00eamico: fisioterapia e PICS na APS\/UFSM <\/span><\/td><td style=\"width: 30.2987%;height: 46px\" align=\"left\" valign=\"middle\"><span style=\"font-family: Liberation Serif\">Fernanda Carvalho Colovini<\/span><\/td><td style=\"width: 6.90511%;height: 46px\" align=\"center\" valign=\"middle\"><span style=\"font-family: Liberation Serif\">2<\/span><\/td><td style=\"width: 20.0486%;height: 46px\" align=\"center\" valign=\"middle\"><p><span style=\"font-family: Liberation Serif\"><a href=\"https:\/\/www.ufsm.br\/app\/uploads\/sites\/346\/2024\/04\/Edital-Projeto-059264-Fernanda-Carvalho-Colovini.pdf\">Edital Projeto 059264<\/a><\/span><\/p><p><a href=\"https:\/\/www.ufsm.br\/app\/uploads\/sites\/346\/2024\/04\/Retificacao-Edtital-Projeto-059264-Fernanda-Carvalho-Colovini.pdf\">Retifica\u00e7\u00e3o Edital Projeto 059264<\/a><\/p><\/td><td style=\"width: 23.1208%;height: 46px\" align=\"center\" valign=\"middle\"><a href=\"https:\/\/www.ufsm.br\/app\/uploads\/sites\/346\/2024\/04\/Resultado-Final-Projeto-059264-Fernanda-Carvalho-Colovini.pdf\">Resultado Final<\/a><\/td><\/tr><tr style=\"height: 10px\"><td style=\"width: 1.94932%;height: 10px\" align=\"center\" valign=\"middle\" height=\"28\"><span style=\"font-family: Liberation Serif\">059383<\/span><\/td><td style=\"width: 22.4299%;height: 10px\" align=\"left\" valign=\"middle\"><span style=\"font-family: Liberation Serif\">Encruzilhadas de Saberes e Fazeres: Cirandas e Partilhas<\/span><\/td><td style=\"width: 30.2987%;height: 10px\" align=\"left\" valign=\"middle\">Fl\u00e1vio Campos Braga<\/td><td style=\"width: 6.90511%;height: 10px\" align=\"center\" valign=\"middle\">2<\/td><td style=\"width: 20.0486%;height: 10px\" align=\"center\" valign=\"middle\"><a href=\"https:\/\/www.ufsm.br\/app\/uploads\/sites\/346\/2024\/04\/Edital-Projeto-059383-Flavio-Campos-Braga.pdf\">Edital Projeto 059383<\/a><\/td><td style=\"width: 23.1208%;height: 10px\" align=\"center\" valign=\"middle\"><a href=\"https:\/\/www.ufsm.br\/app\/uploads\/sites\/346\/2024\/04\/Resultado-Final-Edital-Projeto-059383-Flavio-de-Campos-Braga.pdf\">Resultado Final<\/a><\/td><\/tr><tr style=\"height: 75px\"><td style=\"width: 1.94932%;height: 75px\" align=\"center\" valign=\"middle\" height=\"28\"><span style=\"font-family: Liberation Serif\">059418<\/span><\/td><td style=\"width: 22.4299%;height: 75px\" align=\"left\" valign=\"middle\"><span style=\"font-family: Liberation Serif\">Avalia\u00e7\u00e3o de sistemas de irriga\u00e7\u00e3o localizada e apoio ao manejo da irriga\u00e7\u00e3o em pomares<\/span><\/td><td style=\"width: 30.2987%;height: 75px\" align=\"left\" valign=\"middle\"><span style=\"font-family: Liberation Serif\">Juliano Dalcin Martins<\/span><\/td><td style=\"width: 6.90511%;height: 75px\" align=\"center\" valign=\"middle\"><span style=\"font-family: Liberation Serif\">2<\/span><\/td><td style=\"width: 20.0486%;height: 75px\" align=\"center\" valign=\"middle\"><span style=\"font-family: Liberation Serif\"><a href=\"https:\/\/www.ufsm.br\/app\/uploads\/sites\/346\/2024\/04\/Edital-Juliano-Dalcin-Martins-Projeto-059418.pdf\">Edital Projeto 059418<\/a><\/span><\/td><td style=\"width: 23.1208%;height: 75px\" align=\"center\" valign=\"middle\"><a href=\"https:\/\/www.ufsm.br\/app\/uploads\/sites\/346\/2024\/04\/Resultado-Final-Projeto-059418-Juliano-Dalcin-Martins.pdf\">Resultado Final<\/a><\/td><\/tr><tr style=\"height: 11px\"><td style=\"width: 1.94932%;height: 11px\" align=\"center\" valign=\"middle\" height=\"28\"><span style=\"font-family: Liberation Serif\">059760<\/span><\/td><td style=\"width: 22.4299%;height: 11px\" align=\"left\" valign=\"middle\"><span style=\"font-family: Liberation Serif\">Programa do Geoparque de Assist\u00eancia T\u00e9cnica e Extens\u00e3o Rural (PROGEATER)<\/span><\/td><td style=\"width: 30.2987%;height: 11px\" align=\"left\" valign=\"middle\"><span style=\"font-family: Liberation Serif\">Ezequiel Redin<\/span><\/td><td style=\"width: 6.90511%;height: 11px\" align=\"center\" valign=\"middle\"><span style=\"font-family: Liberation Serif\">2<\/span><\/td><td style=\"width: 20.0486%;height: 11px\" align=\"center\" valign=\"middle\"><span style=\"font-family: Liberation Serif\"><a href=\"https:\/\/www.ufsm.br\/app\/uploads\/sites\/346\/2024\/04\/Edital-Projeto-059760-Ezequiel-Redin.pdf\">Edital Projeto 059760 <\/a><\/span><\/td><td style=\"width: 23.1208%;height: 11px\" align=\"center\" valign=\"middle\"><a href=\"https:\/\/www.ufsm.br\/app\/uploads\/sites\/346\/2024\/04\/Resultado-Final-Edital-Projeto-059760-Ezequiel-Redin.pdf\">Resultado Final<\/a><\/td><\/tr><tr style=\"height: 10px\"><td style=\"width: 1.94932%;height: 10px\" align=\"center\" valign=\"middle\" height=\"28\"><span style=\"font-family: Liberation Serif\">059831<\/span><\/td><td style=\"width: 22.4299%;height: 10px\" align=\"left\" valign=\"middle\"><span style=\"font-family: Liberation Serif\">Desenvolvimento de Atlas Geoambiental Municipal<\/span><\/td><td style=\"width: 30.2987%;height: 10px\" align=\"left\" valign=\"middle\">Luis Eduardo de Souza Robaina<\/td><td style=\"width: 6.90511%;height: 10px\" align=\"center\" valign=\"middle\">1<\/td><td style=\"width: 20.0486%;height: 10px\" align=\"center\" valign=\"middle\"><a href=\"https:\/\/www.ufsm.br\/app\/uploads\/sites\/346\/2024\/04\/Edital-Projeto-059831-Luis-Eduardo-de-Sousa-Robaina.pdf\">Edital Projeto 059831<\/a><\/td><td style=\"width: 23.1208%;height: 10px\" align=\"center\" valign=\"middle\"><a href=\"https:\/\/www.ufsm.br\/app\/uploads\/sites\/346\/2024\/04\/Resultado-Final-Edital-Projeto-059831-Luis-Eduardo-Robaina.pdf\">Resultado Final<\/a><\/td><\/tr><tr style=\"height: 10px\"><td style=\"width: 1.94932%;height: 10px\" align=\"center\" valign=\"middle\" height=\"28\"><span style=\"font-family: Liberation Serif\">059854<\/span><\/td><td style=\"width: 22.4299%;height: 10px\" align=\"left\" valign=\"middle\"><span style=\"font-family: Liberation Serif\">Se gerou, separou: compostou oe reciclou? se sobrou, caminh\u00e3o coletou<\/span><\/td><td style=\"width: 30.2987%;height: 10px\" align=\"left\" valign=\"middle\"><span style=\"font-family: Liberation Serif\">Ana Beatris de Deus Brusa<\/span><\/td><td style=\"width: 6.90511%;height: 10px\" align=\"center\" valign=\"middle\"><span style=\"font-family: Liberation Serif\">2<\/span><\/td><td style=\"width: 20.0486%;height: 10px\" align=\"center\" valign=\"middle\"><p><a href=\"https:\/\/www.ufsm.br\/app\/uploads\/sites\/346\/2024\/04\/Edital-Projeto-059854-Ana-Beatris-1.pdf\">Edital Projeto 059854<\/a><\/p><p><a href=\"https:\/\/www.ufsm.br\/app\/uploads\/sites\/346\/2024\/04\/Retificacao-Edital-Projeto-059854-Ana-Beatris-de-Deus-Brusa.pdf\">Retifica\u00e7\u00e3o Edital Projeto 059854<\/a><\/p><\/td><td style=\"width: 23.1208%;height: 10px\" align=\"center\" valign=\"middle\"><a href=\"https:\/\/www.ufsm.br\/app\/uploads\/sites\/346\/2024\/04\/Resultado-Final-Edital-059854-Ana-Beatri-Brusa.pdf\">Resultado Final<\/a><\/td><\/tr><tr style=\"height: 10px\"><td style=\"width: 1.94932%;height: 10px\" align=\"center\" valign=\"middle\" height=\"28\"><span style=\"font-family: Liberation Serif\">059882<\/span><\/td><td style=\"width: 22.4299%;height: 10px\" align=\"left\" valign=\"middle\"><span style=\"font-family: Liberation Serif\">Consolida\u00e7\u00e3o do Monumento Natural da Alemoa<\/span><\/td><td style=\"width: 30.2987%;height: 10px\" align=\"left\" valign=\"middle\"><span style=\"font-family: Liberation Serif\">\u00c1tila Augusto Stock da Rosa<\/span><\/td><td style=\"width: 6.90511%;height: 10px\" align=\"center\" valign=\"middle\"><span style=\"font-family: Liberation Serif\">1<\/span><\/td><td style=\"width: 20.0486%;height: 10px\" align=\"center\" valign=\"middle\"><span style=\"font-family: Liberation Serif\"><a href=\"https:\/\/www.ufsm.br\/app\/uploads\/sites\/346\/2024\/04\/Edital-Projeto-059882-Atila-Augusto-Stock-da-Rosa.pdf\">Edital Projeto 059882<\/a><\/span><\/td><td style=\"width: 23.1208%;height: 10px\" align=\"center\" valign=\"middle\"><a href=\"https:\/\/www.ufsm.br\/app\/uploads\/sites\/346\/2024\/04\/Resultado-Final-Edital-Projeto-059882-Atila-Rosa.pdf\">Resultado Final<\/a><\/td><\/tr><tr style=\"height: 10px\"><td style=\"width: 1.94932%;height: 10px\" align=\"center\" valign=\"middle\" height=\"28\"><span style=\"font-family: Liberation Serif\">059887<\/span><\/td><td style=\"width: 22.4299%;height: 10px\" align=\"left\" valign=\"middle\"><span style=\"font-family: Liberation Serif\">Valoriza\u00e7\u00e3o ambiental e social por um vi\u00e9s educativo sensorial<\/span><\/td><td style=\"width: 30.2987%;height: 10px\" align=\"left\" valign=\"middle\"><span style=\"font-family: Liberation Serif\">Cadidja Coutinho<\/span><\/td><td style=\"width: 6.90511%;height: 10px\" align=\"center\" valign=\"middle\"><span style=\"font-family: Liberation Serif\">2<\/span><\/td><td style=\"width: 20.0486%;height: 10px\" align=\"center\" valign=\"middle\"><span style=\"font-family: Liberation Serif\"><a href=\"https:\/\/www.ufsm.br\/app\/uploads\/sites\/346\/2024\/04\/Edital-Projeto-059887-Cadidja-Coutinho.pdf\">Edital Projeto 059887<\/a><\/span><\/td><td style=\"width: 23.1208%;height: 10px\" align=\"center\" valign=\"middle\"><a href=\"https:\/\/www.ufsm.br\/app\/uploads\/sites\/346\/2024\/04\/Resultado-Final-Edital-Projeto-059887-Cadidja-Coutinho.pdf\">Resultado Final<\/a><\/td><\/tr><tr style=\"height: 11px\"><td style=\"width: 1.94932%;height: 11px\" align=\"center\" valign=\"middle\" height=\"28\"><span style=\"font-family: Liberation Serif\">060711<\/span><\/td><td style=\"width: 22.4299%;height: 11px\" align=\"left\" valign=\"middle\"><span style=\"font-family: Liberation Serif\">Eventos para capacita\u00e7\u00e3o de pecuaristas na regi\u00e3o central do Estado do Rio Grande do Sul<\/span><\/td><td style=\"width: 30.2987%;height: 11px\" align=\"left\" valign=\"middle\">Tiago Jo\u00e3o Tonin<\/td><td style=\"width: 6.90511%;height: 11px\" align=\"center\" valign=\"middle\">2<\/td><td style=\"width: 20.0486%;height: 11px\" align=\"center\" valign=\"middle\"><p><a href=\"https:\/\/www.ufsm.br\/app\/uploads\/sites\/346\/2024\/04\/Edital-Projeto-060711-Tiago-Joao-Tonin-1.pdf\">Edital Projeto 060711<\/a><\/p><p><a href=\"https:\/\/www.ufsm.br\/app\/uploads\/sites\/346\/2024\/04\/Retificacao-Edital-Proje-060711-Tiago-Joao-Tonin.pdf\">Retifica\u00e7\u00e3o Edital Projeto 060711<\/a><\/p><\/td><td style=\"width: 23.1208%;height: 11px\" align=\"center\" valign=\"middle\"><a href=\"https:\/\/www.ufsm.br\/app\/uploads\/sites\/346\/2024\/04\/Resulado-Final-Edital-Projeto-060711-Tiago-Joao-Tonin.pdf\">Resulado Final<\/a><\/td><\/tr><tr style=\"height: 50px\"><td style=\"width: 1.94932%;height: 50px\" align=\"center\" valign=\"middle\" height=\"28\"><span style=\"font-family: Liberation Serif\">061502<\/span><\/td><td style=\"width: 22.4299%;height: 50px\" align=\"left\" valign=\"middle\"><span style=\"font-family: Liberation Serif\">Pr\u00f3-Sa\u00fade &#8211; Avalia\u00e7\u00e3o, reabilita\u00e7\u00e3o e exerc\u00edcios f\u00edsicos para a comunidade de Santa Maria \u2013 RS<\/span><\/td><td style=\"width: 30.2987%;height: 50px\" align=\"left\" valign=\"middle\"><span style=\"font-family: Liberation Serif\">Luciane Sanchotene Etchepare<\/span><\/td><td style=\"width: 6.90511%;height: 50px\" align=\"center\" valign=\"middle\"><span style=\"font-family: Liberation Serif\">2<\/span><\/td><td style=\"width: 20.0486%;height: 50px\" align=\"center\" valign=\"middle\"><span style=\"font-family: Liberation Serif\"><a href=\"https:\/\/www.ufsm.br\/app\/uploads\/sites\/346\/2024\/04\/Edital-Projeto-061502-Luciane-Sanchotene-Etchepare.pdf\">Edital Projeto 061502 <\/a><\/span><\/td><td style=\"width: 23.1208%;height: 50px\" align=\"center\" valign=\"middle\"><a href=\"https:\/\/www.ufsm.br\/app\/uploads\/sites\/346\/2024\/04\/Resultado-Final-Projeto-061502-Luciane-Sanchotene-Etchepare.pdf\">Resultado Final<\/a><\/td><\/tr><tr style=\"height: 10px\"><td style=\"width: 1.94932%;height: 10px\" align=\"center\" valign=\"middle\" height=\"28\"><span style=\"font-family: Liberation Serif\">061517<\/span><\/td><td style=\"width: 22.4299%;height: 10px\" align=\"left\" valign=\"middle\"><span style=\"font-family: Liberation Serif\">Dinopra\u00e7a: populariza\u00e7\u00e3o da Ci\u00eancia Paleontol\u00f3gica no Geoparque Quarta Col\u00f4nia Aspirante UNESCO<\/span><\/td><td style=\"width: 30.2987%;height: 10px\" align=\"left\" valign=\"middle\"><span style=\"font-family: Liberation Serif\">Fl\u00e1vio Augusto Pretto<\/span><\/td><td style=\"width: 6.90511%;height: 10px\" align=\"center\" valign=\"middle\"><span style=\"font-family: Liberation Serif\">1<\/span><\/td><td style=\"width: 20.0486%;height: 10px\" align=\"center\" valign=\"middle\"><span style=\"font-family: Liberation Serif\"><a href=\"https:\/\/www.ufsm.br\/app\/uploads\/sites\/346\/2024\/04\/Edital-Projeto-061517-Flavio-Augusto-Pretto.pdf\">Edital Projeto 061517 <\/a><\/span><\/td><td style=\"width: 23.1208%;height: 10px\" align=\"center\" valign=\"middle\"><a href=\"https:\/\/www.ufsm.br\/app\/uploads\/sites\/346\/2024\/05\/Resultado-Final-Edital-Projeto-061517-Flavio-Augusto-Pretto.pdf\">Resultado Final<\/a><\/td><\/tr><tr style=\"height: 168px\"><td style=\"width: 1.94932%;height: 168px\" align=\"center\" valign=\"middle\" height=\"43\"><span style=\"font-family: Liberation Serif\">061553<\/span><\/td><td style=\"width: 22.4299%;height: 168px\" align=\"left\" valign=\"middle\"><span style=\"font-family: Liberation Serif\">A\u00e7\u00f5es de divulga\u00e7\u00e3o da ci\u00eancia hidrogeol\u00f3gica: compreendendo os aqu\u00edferos da regi\u00e3o de Santa Maria atrav\u00e9s de pr\u00e1ticas did\u00e1ticas e modelos f\u00edsicos de f\u00e1cil confec\u00e7\u00e3o e baixo custo<\/span><\/td><td style=\"width: 30.2987%;height: 168px\" align=\"left\" valign=\"middle\"><span style=\"font-family: Liberation Serif\">Luciano Marquetto<\/span><\/td><td style=\"width: 6.90511%;height: 168px\" align=\"center\" valign=\"middle\"><span style=\"font-family: Liberation Serif\">2<\/span><\/td><td style=\"width: 20.0486%;height: 168px\" align=\"center\" valign=\"middle\"><span style=\"font-family: Liberation Serif\"><a href=\"https:\/\/www.ufsm.br\/app\/uploads\/sites\/346\/2024\/04\/Edital-Projeto-Luciano-Marquetto.pdf\">Edital Projeto 061553<\/a><\/span><\/td><td style=\"width: 23.1208%;height: 168px\" align=\"center\" valign=\"middle\"><a href=\"https:\/\/www.ufsm.br\/app\/uploads\/sites\/346\/2024\/04\/Resultado-Final-Luciano-Marquetto.pdf\">Resultado Final<\/a><\/td><\/tr><tr style=\"height: 63px\"><td style=\"width: 1.94932%;height: 63px\" align=\"center\" valign=\"middle\" height=\"28\"><span style=\"font-family: Liberation Serif\">061684<\/span><\/td><td style=\"width: 22.4299%;height: 63px\" align=\"left\" valign=\"middle\"><span style=\"font-family: Liberation Serif\">A mem\u00f3ria escolar no distrito de Silveira Martins entre 1935 a 1978: o caso das escolas municipais rurais<\/span><\/td><td style=\"width: 30.2987%;height: 63px\" align=\"left\" valign=\"middle\">Amanda Eloina Scherer<\/td><td style=\"width: 6.90511%;height: 63px\" align=\"center\" valign=\"middle\">2<\/td><td style=\"width: 20.0486%;height: 63px\" align=\"center\" valign=\"middle\"><a href=\"https:\/\/www.ufsm.br\/app\/uploads\/sites\/346\/2024\/04\/Edital-Projeto-061687-Amanda-Scherer.pdf\">Edital Projeto 061687 <\/a><\/td><td style=\"width: 23.1208%;height: 63px\" align=\"center\" valign=\"middle\"><a href=\"https:\/\/www.ufsm.br\/app\/uploads\/sites\/346\/2024\/04\/Resultado-Final-Edital-Projeto-061684-Amanda-Scherer.pdf\">Resultado Final<\/a><\/td><\/tr><tr style=\"height: 47px\"><td style=\"width: 1.94932%;height: 47px\" align=\"center\" valign=\"middle\" height=\"28\"><span style=\"font-family: Liberation Serif\">061698<\/span><\/td><td style=\"width: 22.4299%;height: 47px\" align=\"left\" valign=\"middle\"><span style=\"font-family: Liberation Serif\">Rock&amp;RI: M\u00fasica, Contra-Hegemonia e Rela\u00e7\u00f5es Internacionais<\/span><\/td><td style=\"width: 30.2987%;height: 47px\" align=\"left\" valign=\"middle\"><span style=\"font-family: Liberation Serif\">Igor Castellano da Silva<\/span><\/td><td style=\"width: 6.90511%;height: 47px\" align=\"center\" valign=\"middle\"><span style=\"font-family: Liberation Serif\">3<\/span><\/td><td style=\"width: 20.0486%;height: 47px\" align=\"center\" valign=\"middle\"><span style=\"font-family: Liberation Serif\"><a href=\"https:\/\/www.ufsm.br\/app\/uploads\/sites\/346\/2024\/04\/Edital-Projeto-061698-Igor-Castellano-da-Silva.pdf\">Edital Projeto 061698<\/a><\/span><\/td><td style=\"width: 23.1208%;height: 47px\" align=\"center\" valign=\"middle\"><a href=\"https:\/\/www.ufsm.br\/app\/uploads\/sites\/346\/2024\/04\/Resultado-Final-Edital-Projeto-061698-Igor-Castellano-da-Silva.pdf\">Resultado Final<\/a><\/td><\/tr><tr style=\"height: 10px\"><td style=\"width: 1.94932%;height: 10px\" align=\"center\" valign=\"middle\" height=\"28\"><span style=\"font-family: Liberation Serif\">061789<\/span><\/td><td style=\"width: 22.4299%;height: 10px\" align=\"left\" valign=\"middle\"><span style=\"font-family: Liberation Serif\">Topon\u00edmias da Quarta Col\u00f4nia: valoriza\u00e7\u00e3o dos v\u00ednculos territoriais a partir da escola<\/span><\/td><td style=\"width: 30.2987%;height: 10px\" align=\"left\" valign=\"middle\"><span style=\"font-family: Liberation Serif\">Marcelo Cervo Chelotti<\/span><\/td><td style=\"width: 6.90511%;height: 10px\" align=\"center\" valign=\"middle\"><span style=\"font-family: Liberation Serif\">1<\/span><\/td><td style=\"width: 20.0486%;height: 10px\" align=\"center\" valign=\"middle\"><span style=\"font-family: Liberation Serif\"><a href=\"https:\/\/www.ufsm.br\/app\/uploads\/sites\/346\/2024\/04\/Edital-Projeto-061789-Marcelo-Cervo-Chelotti.pdf\">Edital Projeto 061789<\/a><\/span><\/td><td style=\"width: 23.1208%;height: 10px\" align=\"center\" valign=\"middle\"><a href=\"https:\/\/www.ufsm.br\/app\/uploads\/sites\/346\/2024\/04\/Resulado-Final-Edital-061789-Marcelo-Cervo-Chelotti.pdf\">Resultado Final<\/a><\/td><\/tr><tr style=\"height: 56px\"><td style=\"width: 1.94932%;height: 56px\" align=\"center\" valign=\"middle\" height=\"28\"><span style=\"font-family: Liberation Serif\">061876<\/span><\/td><td style=\"width: 22.4299%;height: 56px\" align=\"left\" valign=\"middle\"><span style=\"font-family: Liberation Serif\">Casa de Cultura Juarez Teixeira: capacita\u00e7\u00e3o em gest\u00e3o e conserva\u00e7\u00e3o de documentos<\/span><\/td><td style=\"width: 30.2987%;height: 56px\" align=\"left\" valign=\"middle\"><span style=\"font-family: Liberation Serif\">S\u00f4nia Elisabete Constante<\/span><\/td><td style=\"width: 6.90511%;height: 56px\" align=\"center\" valign=\"middle\"><span style=\"font-family: Liberation Serif\">1<\/span><\/td><td style=\"width: 20.0486%;height: 56px\" align=\"center\" valign=\"middle\"><span style=\"font-family: Liberation Serif\"><a href=\"https:\/\/www.ufsm.br\/app\/uploads\/sites\/346\/2024\/04\/Edital-Projeto-061876-Sonia-Elisabete-Constante.pdf\">Edital Projeto 061876<\/a><\/span><\/td><td style=\"width: 23.1208%;height: 56px\" align=\"center\" valign=\"middle\"><a href=\"https:\/\/www.ufsm.br\/app\/uploads\/sites\/346\/2024\/04\/Resulado-Final-Edital-Projeto-061876-Sonia-Constante.pdf\">Resultado Final<\/a><\/td><\/tr><tr style=\"height: 66px\"><td style=\"width: 1.94932%;height: 66px\" align=\"center\" valign=\"middle\" height=\"28\"><span style=\"font-family: Liberation Serif\">061884<\/span><\/td><td style=\"width: 22.4299%;height: 66px\" align=\"left\" valign=\"middle\"><span style=\"font-family: Liberation Serif\">Semeando saberes: Integrando Natureza e Educa\u00e7\u00e3o atrav\u00e9s do Modelo Pedag\u00f3gico Escola Floresta no Cora\u00e7\u00e3o do RS<\/span><\/td><td style=\"width: 30.2987%;height: 66px\" align=\"left\" valign=\"middle\"><span style=\"font-family: Liberation Serif\">Suzane Bevilacqua Marcuzzo<\/span><\/td><td style=\"width: 6.90511%;height: 66px\" align=\"center\" valign=\"middle\"><p><span style=\"font-family: Liberation Serif\">2<\/span><\/p><p>1<\/p><\/td><td style=\"width: 20.0486%;height: 66px\" align=\"center\" valign=\"middle\"><p><span style=\"font-family: Liberation Serif\"><a href=\"https:\/\/www.ufsm.br\/app\/uploads\/sites\/346\/2024\/04\/Edital-Projeto-061884-Suzane-Bevilacqua-Marcuzzo.pdf\">Edital 01 &#8211; Projeto 061884<\/a><\/span><\/p><p><a href=\"https:\/\/www.ufsm.br\/app\/uploads\/sites\/346\/2024\/10\/Edital-02-Projeto-061884.pdf\">Edital 02 &#8211; Projeto 061884<\/a><\/p><\/td><td style=\"width: 23.1208%;height: 66px\" align=\"center\" valign=\"middle\"><p><a href=\"https:\/\/www.ufsm.br\/app\/uploads\/sites\/346\/2024\/04\/Resultado-Final-Edital-Projeto-061884-Suzane-Marcuzzo.pdf\">Resultado Edital 01<\/a><\/p><p><a href=\"https:\/\/www.ufsm.br\/app\/uploads\/sites\/346\/2024\/10\/Final-Selecao-de-Bolsistas_edital-02.pdf\">Resultado Final &#8211; Edital 02<\/a><\/p><\/td><\/tr><tr style=\"height: 20px\"><td style=\"width: 1.94932%;height: 20px\" align=\"center\" valign=\"middle\" height=\"28\"><span style=\"font-family: Liberation Serif\">061887<\/span><\/td><td style=\"width: 22.4299%;height: 20px\" align=\"left\" valign=\"middle\"><span style=\"font-family: Liberation Serif\">Paisagens da Col\u00f4nia: Cartografias do tempo e dos lugares<\/span><\/td><td style=\"width: 30.2987%;height: 20px\" align=\"left\" valign=\"middle\"><span style=\"font-family: Liberation Serif\">C\u00e9sar De David<\/span><\/td><td style=\"width: 6.90511%;height: 20px\" align=\"center\" valign=\"middle\"><span style=\"font-family: Liberation Serif\">1<\/span><\/td><td style=\"width: 20.0486%;height: 20px\" align=\"center\" valign=\"middle\"><span style=\"font-family: Liberation Serif\"><a href=\"https:\/\/www.ufsm.br\/app\/uploads\/sites\/346\/2024\/04\/Edital-Projeto-061887.pdf\">Edital Projeto 061887<\/a><\/span><\/td><td style=\"width: 23.1208%;height: 20px\" align=\"center\" valign=\"middle\"><a href=\"https:\/\/www.ufsm.br\/app\/uploads\/sites\/346\/2024\/04\/Resultado-Final-Projeto-061887-Cesar-De-David.pdf\">Resultado Final<\/a><\/td><\/tr><tr style=\"height: 121px\"><td style=\"width: 1.94932%;height: 121px\" align=\"center\" valign=\"middle\" height=\"28\"><span style=\"font-family: Liberation Serif\">061948<\/span><\/td><td style=\"width: 22.4299%;height: 121px\" align=\"left\" valign=\"middle\"><span style=\"font-family: Liberation Serif\">A\u00e7\u00f5es extensionistas para assessorar redes de ensino e institui\u00e7\u00f5es educativas na gest\u00e3o do trabalho escolar e em processo de forma\u00e7\u00e3o continuada de professores em servi\u00e7o<\/span><\/td><td style=\"width: 30.2987%;height: 121px\" align=\"left\" valign=\"middle\"><span style=\"font-family: Liberation Serif\">Maria Eliza Rosa Gama<\/span><\/td><td style=\"width: 6.90511%;height: 121px\" align=\"center\" valign=\"middle\"><span style=\"font-family: Liberation Serif\">3<\/span><\/td><td style=\"width: 20.0486%;height: 121px\" align=\"center\" valign=\"middle\"><p><span style=\"font-family: Liberation Serif\"><a href=\"https:\/\/www.ufsm.br\/app\/uploads\/sites\/346\/2024\/04\/Edital-Projeto-061948-Maria-Eliza-Gama.pdf\">Edital Projeto 061948<\/a><\/span><\/p><p><a href=\"https:\/\/www.ufsm.br\/app\/uploads\/sites\/346\/2024\/09\/Novo_Edital-Selecao-Bolsita-Cadastro-Reserva-Chamada-Interna-Edital-017_2024.pdf\">Edital 02 &#8211; Projeto 061948<\/a><\/p><\/td><td style=\"width: 23.1208%;height: 121px\" align=\"center\" valign=\"middle\"><p><a href=\"https:\/\/www.ufsm.br\/app\/uploads\/sites\/346\/2024\/05\/Resulado-Final-Edital-Projeo-061948-Maria-Eliza-Gama.pdf\">Resultado Final<\/a><\/p><p><a href=\"https:\/\/www.ufsm.br\/app\/uploads\/sites\/346\/2024\/09\/Resulado_Final_Selecao_de_Bolsistas1.pdf\">Resultado Final &#8211; Edital 02 \u2013 Projeto 061948<\/a><\/p><\/td><\/tr><tr style=\"height: 73px\"><td style=\"width: 1.94932%;height: 73px\" align=\"center\" valign=\"middle\" height=\"28\"><span style=\"font-family: Liberation Serif\">062008<\/span><\/td><td style=\"width: 22.4299%;height: 73px\" align=\"left\" valign=\"middle\"><span style=\"font-family: Liberation Serif\">Promovendo o desenvolvimento econ\u00f4mico local por meio dos Geoparques Mundias da UNESCO<\/span><\/td><td style=\"width: 30.2987%;height: 73px\" align=\"left\" valign=\"middle\">Mauri Leodir L\u00f6bler<\/td><td style=\"width: 6.90511%;height: 73px\" align=\"center\" valign=\"middle\">1<\/td><td style=\"width: 20.0486%;height: 73px\" align=\"center\" valign=\"middle\"><a href=\"https:\/\/www.ufsm.br\/app\/uploads\/sites\/346\/2024\/04\/Edital-Projeto-062008-Mauri-Leodir-Lobler.pdf\">Edital Projeto 062008<\/a><\/td><td style=\"width: 23.1208%;height: 73px\" align=\"center\" valign=\"middle\"><a href=\"https:\/\/www.ufsm.br\/app\/uploads\/sites\/346\/2024\/04\/Resultado-Final-Projeto-062008-Mauri-Leodir-Lobler.pdf\">Resultado Final<\/a><\/td><\/tr><tr style=\"height: 25px\"><td style=\"width: 1.94932%;height: 25px\" align=\"center\" valign=\"middle\" height=\"28\"><span style=\"font-family: Liberation Serif\">062021<\/span><\/td><td style=\"width: 22.4299%;height: 25px\" align=\"left\" valign=\"middle\"><span style=\"font-family: Liberation Serif\">ORC Studio &#8211; Laborat\u00f3rio de Economia Criativa e Produ\u00e7\u00e3o Transm\u00eddia Fase II 2024-2028<\/span><\/td><td style=\"width: 30.2987%;height: 25px\" align=\"left\" valign=\"middle\">En\u00e9ias Farias Tavares<\/td><td style=\"width: 6.90511%;height: 25px\" align=\"center\" valign=\"middle\">2<\/td><td style=\"width: 20.0486%;height: 25px\" align=\"center\" valign=\"middle\"><a href=\"https:\/\/www.ufsm.br\/app\/uploads\/sites\/346\/2024\/04\/Edital-Projeto-062021-Eneias-Farias-Tavares-1.pdf\">Edital Projeto 062021 <\/a><\/td><td style=\"width: 23.1208%;height: 25px\" align=\"center\" valign=\"middle\"><a href=\"https:\/\/www.ufsm.br\/app\/uploads\/sites\/346\/2024\/05\/Resulado-Final-Edital-Projeto-062021-Eneias-Tavares.pdf\">Resultado Final<\/a><\/td><\/tr><tr style=\"height: 10px\"><td style=\"width: 1.94932%;height: 10px\" align=\"center\" valign=\"middle\" height=\"28\"><span style=\"font-family: Liberation Serif\">062025<\/span><\/td><td style=\"width: 22.4299%;height: 10px\" align=\"left\" valign=\"middle\"><span style=\"font-family: Liberation Serif\">Viticultura Ecol\u00f3gica na Quarta Col\u00f4nia<\/span><\/td><td style=\"width: 30.2987%;height: 10px\" align=\"left\" valign=\"middle\">R\u00f3berson Macedo de Oliveira<\/td><td style=\"width: 6.90511%;height: 10px\" align=\"center\" valign=\"middle\">2<\/td><td style=\"width: 20.0486%;height: 10px\" align=\"center\" valign=\"middle\"><a href=\"https:\/\/www.ufsm.br\/app\/uploads\/sites\/346\/2024\/04\/Edital-Projeto-062025-Roberson-Oliveira.pdf\">Edital Projeto 062025<\/a><\/td><td style=\"width: 23.1208%;height: 10px\" align=\"center\" valign=\"middle\"><a href=\"https:\/\/www.ufsm.br\/app\/uploads\/sites\/346\/2024\/04\/Resulado-Final-Edital-Projeto-062025-Roberson.pdf\">Resultado Final<\/a><\/td><\/tr><\/tbody><\/table>\t\t\t\t\t\t<\/div>\n\t\t\t\t<\/div>\n\t\t\t\t\t<\/div>\n\t\t<\/div>\n\t\t\t\t\t<\/div>\n\t\t<\/section>\n\t\t\t\t<\/div>\n\t\t","protected":false},"excerpt":{"rendered":"<p>Projeto T\u00edtulo Coordenador\/a Bolsas Edital Resultado 043256 Divulga\u00e7\u00e3o do uso da l\u00e3 ovina atrav\u00e9s do artesanato Simone De David Ant\u00f4nio 2 Edital Projeto 043256 Resulado Final 044267 A\u00e7\u00f5es de extens\u00e3o no CAPPA\/UFSM: cursos, est\u00e1gios e outras atividades para a comunidade acad\u00eamica e regional Leonardo Rodrigo Tumeleiro Kerber 2 1 Edital 01 Projeto 044267 Edital 02 [&hellip;]<\/p>\n","protected":false},"author":2813,"featured_media":0,"parent":11180,"menu_order":0,"comment_status":"closed","ping_status":"closed","template":"","meta":{"footnotes":""},"categories":[],"tags":[600,587,290,250,538,683,726],"class_list":["post-9167","page","type-page","status-publish","hentry","tag-distrito-criativo","tag-geoparque-cacapava","tag-geoparque-quarta-colonia","tag-geoparques","tag-ods","tag-territorio-imembuy","tag-ufsm-silveira-martins"],"acf":[],"_links":{"self":[{"href":"https:\/\/www.ufsm.br\/pro-reitorias\/pre\/wp-json\/wp\/v2\/pages\/9167","targetHints":{"allow":["GET"]}}],"collection":[{"href":"https:\/\/www.ufsm.br\/pro-reitorias\/pre\/wp-json\/wp\/v2\/pages"}],"about":[{"href":"https:\/\/www.ufsm.br\/pro-reitorias\/pre\/wp-json\/wp\/v2\/types\/page"}],"author":[{"embeddable":true,"href":"https:\/\/www.ufsm.br\/pro-reitorias\/pre\/wp-json\/wp\/v2\/users\/2813"}],"replies":[{"embeddable":true,"href":"https:\/\/www.ufsm.br\/pro-reitorias\/pre\/wp-json\/wp\/v2\/comments?post=9167"}],"version-history":[{"count":0,"href":"https:\/\/www.ufsm.br\/pro-reitorias\/pre\/wp-json\/wp\/v2\/pages\/9167\/revisions"}],"up":[{"embeddable":true,"href":"https:\/\/www.ufsm.br\/pro-reitorias\/pre\/wp-json\/wp\/v2\/pages\/11180"}],"wp:attachment":[{"href":"https:\/\/www.ufsm.br\/pro-reitorias\/pre\/wp-json\/wp\/v2\/media?parent=9167"}],"wp:term":[{"taxonomy":"category","embeddable":true,"href":"https:\/\/www.ufsm.br\/pro-reitorias\/pre\/wp-json\/wp\/v2\/categories?post=9167"},{"taxonomy":"post_tag","embeddable":true,"href":"https:\/\/www.ufsm.br\/pro-reitorias\/pre\/wp-json\/wp\/v2\/tags?post=9167"}],"curies":[{"name":"wp","href":"https:\/\/api.w.org\/{rel}","templated":true}]}}