{"id":945,"date":"2018-07-11T15:56:01","date_gmt":"2018-07-11T18:56:01","guid":{"rendered":"https:\/\/www.ufsm.br\/pro-reitorias\/pre\/?page_id=945"},"modified":"2026-01-16T10:41:02","modified_gmt":"2026-01-16T13:41:02","slug":"coder","status":"publish","type":"page","link":"https:\/\/www.ufsm.br\/pro-reitorias\/pre\/coder","title":{"rendered":"Coordenadoria de Desenvolvimento Regional"},"content":{"rendered":"\t\t<div data-elementor-type=\"wp-post\" data-elementor-id=\"945\" class=\"elementor elementor-945\">\n\t\t\t\t\t\t<section class=\"elementor-section elementor-top-section elementor-element elementor-element-1b8491f elementor-section-boxed elementor-section-height-default elementor-section-height-default\" data-id=\"1b8491f\" data-element_type=\"section\">\n\t\t\t\t\t\t<div class=\"elementor-container elementor-column-gap-default\">\n\t\t\t\t\t<div class=\"elementor-column elementor-col-100 elementor-top-column elementor-element elementor-element-a817e92\" data-id=\"a817e92\" data-element_type=\"column\">\n\t\t\t<div class=\"elementor-widget-wrap elementor-element-populated\">\n\t\t\t\t\t\t<div class=\"elementor-element elementor-element-8aa3a99 elementor-widget-divider--view-line elementor-widget elementor-widget-divider\" data-id=\"8aa3a99\" data-element_type=\"widget\" data-widget_type=\"divider.default\">\n\t\t\t\t<div class=\"elementor-widget-container\">\n\t\t\t\t\t<div class=\"elementor-divider\">\n\t\t\t<span class=\"elementor-divider-separator\">\n\t\t\t\t\t\t<\/span>\n\t\t<\/div>\n\t\t\t\t<\/div>\n\t\t\t\t<\/div>\n\t\t\t\t\t<\/div>\n\t\t<\/div>\n\t\t\t\t\t<\/div>\n\t\t<\/section>\n\t\t\t\t<section class=\"elementor-section elementor-top-section elementor-element elementor-element-3c834ed elementor-section-boxed elementor-section-height-default elementor-section-height-default\" data-id=\"3c834ed\" data-element_type=\"section\">\n\t\t\t\t\t\t<div class=\"elementor-container elementor-column-gap-default\">\n\t\t\t\t\t<div class=\"elementor-column elementor-col-100 elementor-top-column elementor-element elementor-element-db2c954\" data-id=\"db2c954\" data-element_type=\"column\">\n\t\t\t<div class=\"elementor-widget-wrap elementor-element-populated\">\n\t\t\t\t\t\t<div class=\"elementor-element elementor-element-25dad47 elementor-widget elementor-widget-text-editor\" data-id=\"25dad47\" data-element_type=\"widget\" data-widget_type=\"text-editor.default\">\n\t\t\t\t<div class=\"elementor-widget-container\">\n\t\t\t\t\t\t\t<p align=\"justify\">A <b>Coordenadoria de Desenvolvimento Regional <\/b>(CODER-PRE), criada pela <a href=\"https:\/\/www.ufsm.br\/app\/uploads\/sites\/346\/2025\/07\/RES_UFSM_2025_208.pdf\">Resolu\u00e7\u00e3o N. 208\/2025<\/a>, \u00e9 respons\u00e1vel por fomentar, estimular, acompanhar e assessorar os processos que promovam o desenvolvimento territorial e a conserva\u00e7\u00e3o do patrim\u00f4nio natural e cultural.<\/p><p align=\"justify\"><em>S\u00e3o suas compet\u00eancias:<\/em><\/p><p align=\"justify\">I &#8211; estimular a\u00e7\u00f5es empreendedoras que promovam o desenvolvimento local e regional que valorizem a hist\u00f3ria, a identidade e o patrim\u00f4nio cultural e natural;<\/p><p align=\"justify\">II &#8211; fomentar, acompanhar e manter projetos em todos os Campi da Universidade Federal de Santa Maria, com o prop\u00f3sito de estimular o desenvolvimento local e regional, atrav\u00e9s de potencialidades naturais e culturais, respeitando saberes, pr\u00e1ticas e hist\u00f3ria das comunidades;<\/p><p align=\"justify\">III &#8211; apoiar e fomentar a\u00e7\u00f5es de extens\u00e3o que estejam alinhadas com os objetivos do desenvolvimento sustent\u00e1vel das agendas internacionais da ONU, Desafios do Plano de Desenvolvimento Institucional (PDI) da Universidade Federal da Santa Maria e suas metas, observando os respectivos planos de desenvolvimento regionais j\u00e1 existentes, a exemplo dos Conselhos Regionais de Desenvolvimento (COREDE);<\/p><p align=\"justify\">IV &#8211; articular e fomentar a\u00e7\u00f5es de extens\u00e3o nos Geoparques Mundiais da UNESCO e no Territ\u00f3rio Imembuy;<\/p><p align=\"justify\">V \u2013 gerir o Espa\u00e7o Multidisciplinar Silveira Martins a fim de viabilizar e promover a\u00e7\u00f5es de extens\u00e3o no \u00e2mbito educacional, cultural, tur\u00edstico, social, empresarial e cient\u00edfico, voltados \u00e0 comunidade do munic\u00edpio e regi\u00e3o; e<\/p><p align=\"justify\">VI &#8211; apoiar e dar suporte para demandas da C\u00e2mara de Extens\u00e3o relacionadas com as atividades da Coordenadoria.<\/p>\t\t\t\t\t\t<\/div>\n\t\t\t\t<\/div>\n\t\t\t\t\t<\/div>\n\t\t<\/div>\n\t\t\t\t\t<\/div>\n\t\t<\/section>\n\t\t\t\t<section class=\"elementor-section elementor-top-section elementor-element elementor-element-76b56be elementor-section-boxed elementor-section-height-default elementor-section-height-default\" data-id=\"76b56be\" data-element_type=\"section\">\n\t\t\t\t\t\t<div class=\"elementor-container elementor-column-gap-default\">\n\t\t\t\t\t<div class=\"elementor-column elementor-col-100 elementor-top-column elementor-element elementor-element-0f77d17\" data-id=\"0f77d17\" data-element_type=\"column\">\n\t\t\t<div class=\"elementor-widget-wrap elementor-element-populated\">\n\t\t\t\t\t\t<div class=\"elementor-element elementor-element-980b17d elementor-widget elementor-widget-heading\" data-id=\"980b17d\" data-element_type=\"widget\" data-widget_type=\"heading.default\">\n\t\t\t\t<div class=\"elementor-widget-container\">\n\t\t\t<h5 class=\"elementor-heading-title elementor-size-default\">Equipe<\/h5>\t\t<\/div>\n\t\t\t\t<\/div>\n\t\t\t\t<div class=\"elementor-element elementor-element-8842f9d elementor-widget-divider--view-line elementor-widget elementor-widget-divider\" data-id=\"8842f9d\" data-element_type=\"widget\" data-widget_type=\"divider.default\">\n\t\t\t\t<div class=\"elementor-widget-container\">\n\t\t\t\t\t<div class=\"elementor-divider\">\n\t\t\t<span class=\"elementor-divider-separator\">\n\t\t\t\t\t\t<\/span>\n\t\t<\/div>\n\t\t\t\t<\/div>\n\t\t\t\t<\/div>\n\t\t\t\t<div class=\"elementor-element elementor-element-b904d8b elementor-widget elementor-widget-text-editor\" data-id=\"b904d8b\" data-element_type=\"widget\" data-widget_type=\"text-editor.default\">\n\t\t\t\t<div class=\"elementor-widget-container\">\n\t\t\t\t\t\t\t<p style=\"text-align: center\"><span style=\"font-size: 12pt;font-family: Arial,sans-serif;color: #000000;background-color: transparent;font-weight: bold;font-style: normal;font-variant: normal;text-decoration: none;vertical-align: baseline\">Coordenadoria de Desenvolvimento Regional<\/span><\/p><p style=\"text-align: center\">Leandro Gabbi Nunes<br \/><em><span style=\"font-size: 10pt\">Coordenador<\/span><\/em><\/p>\t\t\t\t\t\t<\/div>\n\t\t\t\t<\/div>\n\t\t\t\t\t<\/div>\n\t\t<\/div>\n\t\t\t\t\t<\/div>\n\t\t<\/section>\n\t\t\t\t<section class=\"elementor-section elementor-top-section elementor-element elementor-element-41ded31 elementor-section-boxed elementor-section-height-default elementor-section-height-default\" data-id=\"41ded31\" data-element_type=\"section\">\n\t\t\t\t\t\t<div class=\"elementor-container elementor-column-gap-default\">\n\t\t\t\t\t<div class=\"elementor-column elementor-col-100 elementor-top-column elementor-element elementor-element-bbb459d\" data-id=\"bbb459d\" data-element_type=\"column\">\n\t\t\t<div class=\"elementor-widget-wrap elementor-element-populated\">\n\t\t\t\t\t\t<div class=\"elementor-element elementor-element-d5048a0 elementor-widget elementor-widget-text-editor\" data-id=\"d5048a0\" data-element_type=\"widget\" data-widget_type=\"text-editor.default\">\n\t\t\t\t<div class=\"elementor-widget-container\">\n\t\t\t\t\t\t\t<p dir=\"ltr\" style=\"margin-bottom: 0pt;margin-top: 0pt;font-size: 16px;text-align: center;line-height: 1.38;padding: 0pt 0pt 12pt\"><span style=\"font-family: Arial, sans-serif;font-size: 12pt;background-color: transparent;font-weight: bold;vertical-align: baseline\">Subdivis\u00e3o de Geoparques<\/span><\/p><p dir=\"ltr\" style=\"margin-bottom: 0pt;margin-top: 0pt;font-size: 16px;text-align: center;line-height: 1.38;padding: 0pt 0pt 12pt\"><span style=\"font-family: Arial, sans-serif;font-size: 12pt;background-color: transparent;font-style: italic;vertical-align: baseline\">Chefe:<\/span><span style=\"font-family: Arial, sans-serif;font-size: 12pt;background-color: transparent;vertical-align: baseline\">\u00a0Adm. Patricia de Freitas Ferreira<\/span><\/p><p dir=\"ltr\" style=\"margin-bottom: 0pt;margin-top: 0pt;font-size: 16px;text-align: center;line-height: 1.38;padding: 0pt 0pt 12pt\"><span style=\"font-family: Arial, sans-serif;font-size: 12pt;background-color: transparent;vertical-align: baseline\">Tecn. Ass. Educ. Angelita Zimmermann<\/span><\/p><p dir=\"ltr\" style=\"margin-bottom: 0pt;margin-top: 0pt;font-size: 16px;text-align: center;line-height: 1.38;padding: 0pt 0pt 12pt\"><span style=\"font-family: Arial, sans-serif;font-size: 12pt;background-color: transparent;vertical-align: baseline\">Tecn. Lab. Turismo Bibiana Schiavini Gon\u00e7alvez Toniazzo<\/span><\/p><p dir=\"ltr\" style=\"margin-bottom: 0pt;margin-top: 0pt;font-size: 16px;text-align: center;line-height: 1.38;padding: 0pt 0pt 12pt\"><span style=\"font-family: Arial, sans-serif;font-size: 12pt;background-color: transparent;vertical-align: baseline\">Prof. Ezequiel Redin<\/span><\/p>\t\t\t\t\t\t<\/div>\n\t\t\t\t<\/div>\n\t\t\t\t\t<\/div>\n\t\t<\/div>\n\t\t\t\t\t<\/div>\n\t\t<\/section>\n\t\t\t\t<section class=\"elementor-section elementor-top-section elementor-element elementor-element-fa313e1 elementor-section-boxed elementor-section-height-default elementor-section-height-default\" data-id=\"fa313e1\" data-element_type=\"section\">\n\t\t\t\t\t\t<div class=\"elementor-container elementor-column-gap-default\">\n\t\t\t\t\t<div class=\"elementor-column elementor-col-100 elementor-top-column elementor-element elementor-element-75889ff\" data-id=\"75889ff\" data-element_type=\"column\">\n\t\t\t<div class=\"elementor-widget-wrap elementor-element-populated\">\n\t\t\t\t\t\t<div class=\"elementor-element elementor-element-6683c75 elementor-widget elementor-widget-heading\" data-id=\"6683c75\" data-element_type=\"widget\" data-widget_type=\"heading.default\">\n\t\t\t\t<div class=\"elementor-widget-container\">\n\t\t\t<h5 class=\"elementor-heading-title elementor-size-default\">Links \u00dateis<\/h5>\t\t<\/div>\n\t\t\t\t<\/div>\n\t\t\t\t\t<\/div>\n\t\t<\/div>\n\t\t\t\t\t<\/div>\n\t\t<\/section>\n\t\t\t\t<section class=\"elementor-section elementor-top-section elementor-element elementor-element-eb4abfb elementor-section-boxed elementor-section-height-default elementor-section-height-default\" data-id=\"eb4abfb\" data-element_type=\"section\">\n\t\t\t\t\t\t<div class=\"elementor-container elementor-column-gap-default\">\n\t\t\t\t\t<div class=\"elementor-column elementor-col-33 elementor-top-column elementor-element elementor-element-b315798\" data-id=\"b315798\" data-element_type=\"column\">\n\t\t\t<div class=\"elementor-widget-wrap elementor-element-populated\">\n\t\t\t\t\t\t<div class=\"elementor-element elementor-element-93ceb77 elementor-view-default elementor-widget elementor-widget-icon\" data-id=\"93ceb77\" data-element_type=\"widget\" data-widget_type=\"icon.default\">\n\t\t\t\t<div class=\"elementor-widget-container\">\n\t\t\t\t\t<div class=\"elementor-icon-wrapper\">\n\t\t\t<a class=\"elementor-icon\" href=\"https:\/\/www.ufsm.br\/pro-reitorias\/pre\/complexo-multicultural-antiga-reitoria-ufsm\">\n\t\t\t<i aria-hidden=\"true\" class=\"fas fa-building\"><\/i>\t\t\t<\/a>\n\t\t<\/div>\n\t\t\t\t<\/div>\n\t\t\t\t<\/div>\n\t\t\t\t<div class=\"elementor-element elementor-element-1c3a416 elementor-widget elementor-widget-heading\" data-id=\"1c3a416\" data-element_type=\"widget\" data-widget_type=\"heading.default\">\n\t\t\t\t<div class=\"elementor-widget-container\">\n\t\t\t<h6 class=\"elementor-heading-title elementor-size-default\">Antiga Reitoria<\/h6>\t\t<\/div>\n\t\t\t\t<\/div>\n\t\t\t\t<div class=\"elementor-element elementor-element-2d019bf elementor-widget elementor-widget-spacer\" data-id=\"2d019bf\" data-element_type=\"widget\" data-widget_type=\"spacer.default\">\n\t\t\t\t<div class=\"elementor-widget-container\">\n\t\t\t\t\t<div class=\"elementor-spacer\">\n\t\t\t<div class=\"elementor-spacer-inner\"><\/div>\n\t\t<\/div>\n\t\t\t\t<\/div>\n\t\t\t\t<\/div>\n\t\t\t\t\t<\/div>\n\t\t<\/div>\n\t\t\t\t<div class=\"elementor-column elementor-col-33 elementor-top-column elementor-element elementor-element-6518ecd\" data-id=\"6518ecd\" data-element_type=\"column\">\n\t\t\t<div class=\"elementor-widget-wrap elementor-element-populated\">\n\t\t\t\t\t\t<div class=\"elementor-element elementor-element-e6db6fc elementor-view-default elementor-widget elementor-widget-icon\" data-id=\"e6db6fc\" data-element_type=\"widget\" data-widget_type=\"icon.default\">\n\t\t\t\t<div class=\"elementor-widget-container\">\n\t\t\t\t\t<div class=\"elementor-icon-wrapper\">\n\t\t\t<a class=\"elementor-icon\" href=\"https:\/\/www.ufsm.br\/pro-reitorias\/pre\/incubadora-social\/\">\n\t\t\t<i aria-hidden=\"true\" class=\"fas fa-users\"><\/i>\t\t\t<\/a>\n\t\t<\/div>\n\t\t\t\t<\/div>\n\t\t\t\t<\/div>\n\t\t\t\t<div class=\"elementor-element elementor-element-08fb838 elementor-widget elementor-widget-heading\" data-id=\"08fb838\" data-element_type=\"widget\" data-widget_type=\"heading.default\">\n\t\t\t\t<div class=\"elementor-widget-container\">\n\t\t\t<h6 class=\"elementor-heading-title elementor-size-default\">Incubadora Social<\/h6>\t\t<\/div>\n\t\t\t\t<\/div>\n\t\t\t\t\t<\/div>\n\t\t<\/div>\n\t\t\t\t<div class=\"elementor-column elementor-col-33 elementor-top-column elementor-element elementor-element-f3a4cd2\" data-id=\"f3a4cd2\" data-element_type=\"column\">\n\t\t\t<div class=\"elementor-widget-wrap elementor-element-populated\">\n\t\t\t\t\t\t<div class=\"elementor-element elementor-element-54bbe39 elementor-view-default elementor-widget elementor-widget-icon\" data-id=\"54bbe39\" data-element_type=\"widget\" data-widget_type=\"icon.default\">\n\t\t\t\t<div class=\"elementor-widget-container\">\n\t\t\t\t\t<div class=\"elementor-icon-wrapper\">\n\t\t\t<a class=\"elementor-icon\" href=\"https:\/\/www.ufsm.br\/pro-reitorias\/pre\/observatorio-de-direitos-humanos\">\n\t\t\t<i aria-hidden=\"true\" class=\"fas fa-balance-scale\"><\/i>\t\t\t<\/a>\n\t\t<\/div>\n\t\t\t\t<\/div>\n\t\t\t\t<\/div>\n\t\t\t\t<div class=\"elementor-element elementor-element-7ec398e elementor-widget elementor-widget-heading\" data-id=\"7ec398e\" data-element_type=\"widget\" data-widget_type=\"heading.default\">\n\t\t\t\t<div class=\"elementor-widget-container\">\n\t\t\t<h6 class=\"elementor-heading-title elementor-size-default\">Observat\u00f3rio de Direitos Humanos<\/h6>\t\t<\/div>\n\t\t\t\t<\/div>\n\t\t\t\t\t<\/div>\n\t\t<\/div>\n\t\t\t\t\t<\/div>\n\t\t<\/section>\n\t\t\t\t<section class=\"elementor-section elementor-top-section elementor-element elementor-element-48daff9 elementor-section-boxed elementor-section-height-default elementor-section-height-default\" data-id=\"48daff9\" data-element_type=\"section\">\n\t\t\t\t\t\t<div class=\"elementor-container elementor-column-gap-default\">\n\t\t\t\t\t<div class=\"elementor-column elementor-col-33 elementor-top-column elementor-element elementor-element-b5eb542\" data-id=\"b5eb542\" data-element_type=\"column\">\n\t\t\t<div class=\"elementor-widget-wrap elementor-element-populated\">\n\t\t\t\t\t\t<div class=\"elementor-element elementor-element-9b9abb4 elementor-view-default elementor-widget elementor-widget-icon\" data-id=\"9b9abb4\" data-element_type=\"widget\" data-widget_type=\"icon.default\">\n\t\t\t\t<div class=\"elementor-widget-container\">\n\t\t\t\t\t<div class=\"elementor-icon-wrapper\">\n\t\t\t<a class=\"elementor-icon\" href=\"https:\/\/www.ufsm.br\/pro-reitorias\/pre\/observatorio-de-direitos-humanos\/casa-veronica\">\n\t\t\t<i aria-hidden=\"true\" class=\"fas fa-hand-holding-heart\"><\/i>\t\t\t<\/a>\n\t\t<\/div>\n\t\t\t\t<\/div>\n\t\t\t\t<\/div>\n\t\t\t\t<div class=\"elementor-element elementor-element-3f5be80 elementor-widget elementor-widget-heading\" data-id=\"3f5be80\" data-element_type=\"widget\" data-widget_type=\"heading.default\">\n\t\t\t\t<div class=\"elementor-widget-container\">\n\t\t\t<h6 class=\"elementor-heading-title elementor-size-default\">Casa Ver\u00f4nica<\/h6>\t\t<\/div>\n\t\t\t\t<\/div>\n\t\t\t\t\t<\/div>\n\t\t<\/div>\n\t\t\t\t<div class=\"elementor-column elementor-col-33 elementor-top-column elementor-element elementor-element-17e90f0\" data-id=\"17e90f0\" data-element_type=\"column\">\n\t\t\t<div class=\"elementor-widget-wrap elementor-element-populated\">\n\t\t\t\t\t\t<div class=\"elementor-element elementor-element-b30bc0a elementor-view-default elementor-widget elementor-widget-icon\" data-id=\"b30bc0a\" data-element_type=\"widget\" data-widget_type=\"icon.default\">\n\t\t\t\t<div class=\"elementor-widget-container\">\n\t\t\t\t\t<div class=\"elementor-icon-wrapper\">\n\t\t\t<a class=\"elementor-icon\" href=\"https:\/\/www.ufsm.br\/pro-reitorias\/pre\/geoparques\/\">\n\t\t\t<i aria-hidden=\"true\" class=\"fas fa-globe-americas\"><\/i>\t\t\t<\/a>\n\t\t<\/div>\n\t\t\t\t<\/div>\n\t\t\t\t<\/div>\n\t\t\t\t<div class=\"elementor-element elementor-element-2c46b5f elementor-widget elementor-widget-heading\" data-id=\"2c46b5f\" data-element_type=\"widget\" data-widget_type=\"heading.default\">\n\t\t\t\t<div class=\"elementor-widget-container\">\n\t\t\t<h6 class=\"elementor-heading-title elementor-size-default\">Projeto Geoparques\u200b<\/h6>\t\t<\/div>\n\t\t\t\t<\/div>\n\t\t\t\t\t<\/div>\n\t\t<\/div>\n\t\t\t\t<div class=\"elementor-column elementor-col-33 elementor-top-column elementor-element elementor-element-5454e7d\" data-id=\"5454e7d\" data-element_type=\"column\">\n\t\t\t<div class=\"elementor-widget-wrap elementor-element-populated\">\n\t\t\t\t\t\t<div class=\"elementor-element elementor-element-fbc12f5 elementor-view-default elementor-widget elementor-widget-icon\" data-id=\"fbc12f5\" data-element_type=\"widget\" data-widget_type=\"icon.default\">\n\t\t\t\t<div class=\"elementor-widget-container\">\n\t\t\t\t\t<div class=\"elementor-icon-wrapper\">\n\t\t\t<a class=\"elementor-icon\" href=\"https:\/\/www.ufsm.br\/pro-reitorias\/pre\/empresas-juniores\/\">\n\t\t\t<i aria-hidden=\"true\" class=\"fas fa-building\"><\/i>\t\t\t<\/a>\n\t\t<\/div>\n\t\t\t\t<\/div>\n\t\t\t\t<\/div>\n\t\t\t\t<div class=\"elementor-element elementor-element-af0b006 elementor-widget elementor-widget-heading\" data-id=\"af0b006\" data-element_type=\"widget\" data-widget_type=\"heading.default\">\n\t\t\t\t<div class=\"elementor-widget-container\">\n\t\t\t<h6 class=\"elementor-heading-title elementor-size-default\">Empresas Juniores UFSM<\/h6>\t\t<\/div>\n\t\t\t\t<\/div>\n\t\t\t\t\t<\/div>\n\t\t<\/div>\n\t\t\t\t\t<\/div>\n\t\t<\/section>\n\t\t\t\t<\/div>\n\t\t","protected":false},"excerpt":{"rendered":"<p>A Coordenadoria de Desenvolvimento Regional (CODER-PRE), criada pela Resolu\u00e7\u00e3o N. 208\/2025, \u00e9 respons\u00e1vel por fomentar, estimular, acompanhar e assessorar os processos que promovam o desenvolvimento territorial e a conserva\u00e7\u00e3o do patrim\u00f4nio natural e cultural. S\u00e3o suas compet\u00eancias: I &#8211; estimular a\u00e7\u00f5es empreendedoras que promovam o desenvolvimento local e regional que valorizem a hist\u00f3ria, a identidade [&hellip;]<\/p>\n","protected":false},"author":1452,"featured_media":0,"parent":0,"menu_order":0,"comment_status":"closed","ping_status":"closed","template":"","meta":{"footnotes":""},"categories":[],"tags":[],"class_list":["post-945","page","type-page","status-publish","hentry"],"acf":[],"_links":{"self":[{"href":"https:\/\/www.ufsm.br\/pro-reitorias\/pre\/wp-json\/wp\/v2\/pages\/945","targetHints":{"allow":["GET"]}}],"collection":[{"href":"https:\/\/www.ufsm.br\/pro-reitorias\/pre\/wp-json\/wp\/v2\/pages"}],"about":[{"href":"https:\/\/www.ufsm.br\/pro-reitorias\/pre\/wp-json\/wp\/v2\/types\/page"}],"author":[{"embeddable":true,"href":"https:\/\/www.ufsm.br\/pro-reitorias\/pre\/wp-json\/wp\/v2\/users\/1452"}],"replies":[{"embeddable":true,"href":"https:\/\/www.ufsm.br\/pro-reitorias\/pre\/wp-json\/wp\/v2\/comments?post=945"}],"version-history":[{"count":0,"href":"https:\/\/www.ufsm.br\/pro-reitorias\/pre\/wp-json\/wp\/v2\/pages\/945\/revisions"}],"wp:attachment":[{"href":"https:\/\/www.ufsm.br\/pro-reitorias\/pre\/wp-json\/wp\/v2\/media?parent=945"}],"wp:term":[{"taxonomy":"category","embeddable":true,"href":"https:\/\/www.ufsm.br\/pro-reitorias\/pre\/wp-json\/wp\/v2\/categories?post=945"},{"taxonomy":"post_tag","embeddable":true,"href":"https:\/\/www.ufsm.br\/pro-reitorias\/pre\/wp-json\/wp\/v2\/tags?post=945"}],"curies":[{"name":"wp","href":"https:\/\/api.w.org\/{rel}","templated":true}]}}