{"id":4235,"date":"2021-05-24T14:29:36","date_gmt":"2021-05-24T17:29:36","guid":{"rendered":"https:\/\/www.ufsm.br\/orgaos-executivos\/caed\/?post_type=eventos&#038;p=4235"},"modified":"2021-05-24T14:41:15","modified_gmt":"2021-05-24T17:41:15","slug":"minicurso-perspectivas-e-desafios-da-educacao-no-contexto-pandemico-espacos-tempos-e-possibilidades-de-aprendizagem","status":"publish","type":"eventos","link":"https:\/\/www.ufsm.br\/pro-reitorias\/prograd\/caed\/eventos\/minicurso-perspectivas-e-desafios-da-educacao-no-contexto-pandemico-espacos-tempos-e-possibilidades-de-aprendizagem","parent":0,"template":"","tags":[],"class_list":["post-4235","eventos","type-eventos","status-publish","has-post-thumbnail","hentry"],"acf":{"evento_nome":"Minicurso Perspectivas e desafios da educa\u00e7\u00e3o no contexto pand\u00eamico: espa\u00e7os, tempos e possibilidades de aprendizagem","evento_inicio":"01\/06\/2021 19:00","evento_termino":"01\/06\/2021 21:00","evento_banner":{"ID":4241,"id":4241,"title":"Imagem para evento Perspectivas e desafios2","filename":"Imagem-para-evento-Perspectivas-e-desafios2.jpg","filesize":269083,"url":"https:\/\/www.ufsm.br\/app\/uploads\/sites\/391\/2021\/05\/Imagem-para-evento-Perspectivas-e-desafios2.jpg","link":"https:\/\/www.ufsm.br\/pro-reitorias\/prograd\/caed\/eventos\/minicurso-perspectivas-e-desafios-da-educacao-no-contexto-pandemico-espacos-tempos-e-possibilidades-de-aprendizagem\/imagem-para-evento-perspectivas-e-desafios2","alt":"","author":"281","description":"","caption":"","name":"imagem-para-evento-perspectivas-e-desafios2","status":"inherit","uploaded_to":4235,"date":"2021-05-24 17:40:56","modified":"2021-05-24 17:40:56","menu_order":0,"mime_type":"image\/jpeg","type":"image","subtype":"jpeg","icon":"https:\/\/www.ufsm.br\/pro-reitorias\/prograd\/caed\/wp-includes\/images\/media\/default.png","width":1725,"height":543,"sizes":{"thumbnail":"https:\/\/www.ufsm.br\/app\/uploads\/sites\/391\/2021\/05\/Imagem-para-evento-Perspectivas-e-desafios2-150x150.jpg","thumbnail-width":150,"thumbnail-height":150,"medium":"https:\/\/www.ufsm.br\/app\/uploads\/sites\/391\/2021\/05\/Imagem-para-evento-Perspectivas-e-desafios2-300x94.jpg","medium-width":300,"medium-height":94,"medium_large":"https:\/\/www.ufsm.br\/app\/uploads\/sites\/391\/2021\/05\/Imagem-para-evento-Perspectivas-e-desafios2-768x242.jpg","medium_large-width":768,"medium_large-height":242,"large":"https:\/\/www.ufsm.br\/app\/uploads\/sites\/391\/2021\/05\/Imagem-para-evento-Perspectivas-e-desafios2-1024x322.jpg","large-width":1024,"large-height":322,"1536x1536":"https:\/\/www.ufsm.br\/app\/uploads\/sites\/391\/2021\/05\/Imagem-para-evento-Perspectivas-e-desafios2-1536x484.jpg","1536x1536-width":1536,"1536x1536-height":484,"2048x2048":"https:\/\/www.ufsm.br\/app\/uploads\/sites\/391\/2021\/05\/Imagem-para-evento-Perspectivas-e-desafios2.jpg","2048x2048-width":1725,"2048x2048-height":543,"sow-carousel-default":"https:\/\/www.ufsm.br\/app\/uploads\/sites\/391\/2021\/05\/Imagem-para-evento-Perspectivas-e-desafios2-272x182.jpg","sow-carousel-default-width":272,"sow-carousel-default-height":182}},"endereco_url":"minicurso-perspectivas-e-desafios-da-educacao-no-contexto-pandemico-espacos-tempos-e-possibilidades-de-aprendizagem","evento_categoria":"T\u00c9CNICO-CIENT\u00cdFICOS","evento_descricao":"<p>A Subdivis\u00e3o de Apoio \u00e0 Aprendizagem da Coordenadoria de A\u00e7\u00f5es Educacionais divulga a abertura de inscri\u00e7\u00f5es para o Minicurso \u201cPerspectivas e desafios da educa\u00e7\u00e3o no contexto pand\u00eamico: espa\u00e7os, tempos e possibilidades de aprendizagem\u201d.<\/p>\n<p>O minicurso, via Google Meet, ser\u00e1 ministrado pela Psic\u00f3loga e Pedagoga Mar\u00edlia Rodrigues Lopes Heman e pela Educadora Especial Gabriela Barichello Mello, no dia 1\u00ba de Junho de 2021, \u00e0s 19h.<\/p>\n<p><img fetchpriority=\"high\" decoding=\"async\" class=\"aligncenter wp-image-4222 size-large\" src=\"https:\/\/www.ufsm.br\/app\/uploads\/sites\/391\/2021\/05\/Perspectivas-e-desafios-da-educacao-no-contexto-pandemico-espacos-tempos-e-possibilidades-de-aprendizagem-5-724x1024.jpg\" alt=\"Descri\u00e7\u00e3o da imagem: Imagem retangular, na vertical. O fundo \u00e9 uma fotografia colorida com a imagem central de uma mesa com um notebook aberto em cima, e o bra\u00e7o esquerdo de um homem sobre a mesa. Na parte inferior da imagem aparece um caderno aberto com uma caneta em cima. No canto superior direito da imagem est\u00e3o dois livros sobrepostos. Na parte superior do cartaz, sobre um fundo na cor verde \u00e1gua, h\u00e1 o bras\u00e3o da UFSM e abaixo \u201cCoordenadoria de A\u00e7\u00f5es Educacionais\u201d. Mais abaixo, em letras maiores e na cor branca, o t\u00edtulo \u201cMinicurso Perspectivas e desafios da educa\u00e7\u00e3o no contexto pand\u00eamico: espa\u00e7os, tempos e possibilidades de aprendizagem\u201d. Seguindo abaixo, em letras na cor preta e branca \u201cMinistrantes: psic\u00f3loga e pedagoga Mar\u00edlia R. Lopes Heman, Educadora Especial Gabriela Barichello Mello\u201d. Na parte inferior do cartaz, em letras na cor verde \u00e1gua \u201c1\u00b0 de Junho 19h\u201d. Abaixo, em letras na cor preta, \u201cInscri\u00e7\u00f5es at\u00e9 31\/05 na p\u00e1gina da CAED, evento pelo Google Meet\u201d.\" width=\"724\" height=\"1024\" srcset=\"https:\/\/www.ufsm.br\/app\/uploads\/sites\/391\/2021\/05\/Perspectivas-e-desafios-da-educacao-no-contexto-pandemico-espacos-tempos-e-possibilidades-de-aprendizagem-5-724x1024.jpg 724w, https:\/\/www.ufsm.br\/app\/uploads\/sites\/391\/2021\/05\/Perspectivas-e-desafios-da-educacao-no-contexto-pandemico-espacos-tempos-e-possibilidades-de-aprendizagem-5-212x300.jpg 212w, https:\/\/www.ufsm.br\/app\/uploads\/sites\/391\/2021\/05\/Perspectivas-e-desafios-da-educacao-no-contexto-pandemico-espacos-tempos-e-possibilidades-de-aprendizagem-5-768x1086.jpg 768w, https:\/\/www.ufsm.br\/app\/uploads\/sites\/391\/2021\/05\/Perspectivas-e-desafios-da-educacao-no-contexto-pandemico-espacos-tempos-e-possibilidades-de-aprendizagem-5-1086x1536.jpg 1086w, https:\/\/www.ufsm.br\/app\/uploads\/sites\/391\/2021\/05\/Perspectivas-e-desafios-da-educacao-no-contexto-pandemico-espacos-tempos-e-possibilidades-de-aprendizagem-5-1448x2048.jpg 1448w, https:\/\/www.ufsm.br\/app\/uploads\/sites\/391\/2021\/05\/Perspectivas-e-desafios-da-educacao-no-contexto-pandemico-espacos-tempos-e-possibilidades-de-aprendizagem-5.jpg 1587w\" sizes=\"(max-width: 724px) 100vw, 724px\" \/><\/p>\n","evento_programacao":null,"evento_inscricao":"<p>Inscri\u00e7\u00f5es gratuitas at\u00e9 31\/05.<\/p>\n<p>Vagas limitadas!<\/p>\n","evento_local":"Google Meet","evento_contato":"<p>Informa\u00e7\u00f5es pelo e-mail do setor.<\/p>\n"},"_links":{"self":[{"href":"https:\/\/www.ufsm.br\/pro-reitorias\/prograd\/caed\/wp-json\/wp\/v2\/eventos\/4235","targetHints":{"allow":["GET"]}}],"collection":[{"href":"https:\/\/www.ufsm.br\/pro-reitorias\/prograd\/caed\/wp-json\/wp\/v2\/eventos"}],"about":[{"href":"https:\/\/www.ufsm.br\/pro-reitorias\/prograd\/caed\/wp-json\/wp\/v2\/types\/eventos"}],"wp:featuredmedia":[{"embeddable":true,"href":"https:\/\/www.ufsm.br\/pro-reitorias\/prograd\/caed\/wp-json\/wp\/v2\/media\/4241"}],"wp:attachment":[{"href":"https:\/\/www.ufsm.br\/pro-reitorias\/prograd\/caed\/wp-json\/wp\/v2\/media?parent=4235"}],"wp:term":[{"taxonomy":"post_tag","embeddable":true,"href":"https:\/\/www.ufsm.br\/pro-reitorias\/prograd\/caed\/wp-json\/wp\/v2\/tags?post=4235"}],"curies":[{"name":"wp","href":"https:\/\/api.w.org\/{rel}","templated":true}]}}