{"id":144,"date":"2018-07-09T10:13:08","date_gmt":"2018-07-09T13:13:08","guid":{"rendered":"https:\/\/www.ufsm.br\/orgaos-executivos\/caed\/?page_id=144"},"modified":"2026-07-20T12:43:06","modified_gmt":"2026-07-20T15:43:06","slug":"home","status":"publish","type":"page","link":"https:\/\/www.ufsm.br\/pro-reitorias\/prograd\/caed\/","title":{"rendered":"P\u00e1gina Inicial"},"content":{"rendered":"\t\t<div data-elementor-type=\"wp-post\" data-elementor-id=\"144\" class=\"elementor elementor-144\">\n\t\t\t\t\t\t<section class=\"elementor-section elementor-top-section elementor-element elementor-element-edb7b88 elementor-section-boxed elementor-section-height-default elementor-section-height-default\" data-id=\"edb7b88\" data-element_type=\"section\">\n\t\t\t\t\t\t<div class=\"elementor-container elementor-column-gap-default\">\n\t\t\t\t\t<div class=\"elementor-column elementor-col-100 elementor-top-column elementor-element elementor-element-866b937\" data-id=\"866b937\" data-element_type=\"column\">\n\t\t\t<div class=\"elementor-widget-wrap elementor-element-populated\">\n\t\t\t\t\t\t<div class=\"elementor-element elementor-element-aaaf0ef elementor-widget elementor-widget-image\" data-id=\"aaaf0ef\" data-element_type=\"widget\" data-widget_type=\"image.default\">\n\t\t\t\t<div class=\"elementor-widget-container\">\n\t\t\t\t\t\t\t\t\t\t\t\t\t<img fetchpriority=\"high\" decoding=\"async\" width=\"1536\" height=\"614\" src=\"https:\/\/www.ufsm.br\/app\/uploads\/sites\/391\/2026\/07\/ChatGPT-Image-20-de-jul.-de-2026-12_19_39-1536x614.jpg\" class=\"attachment-1536x1536 size-1536x1536 wp-image-7305\" alt=\"Descri\u00e7\u00e3o da imagem: fotografia de um pr\u00e9dio t\u00e9rreo, na cor azul com detalhes na cor branca. No canto superior esquerdo: &quot;Pr\u00e9dio 67, Coordenadoria de A\u00e7\u00f5es Educacionais UFSM&quot;. No canto superior direito: &quot;Acessibilidade, Apoio \u00e0 Aprendizagem, A\u00e7\u00f5es Afirmativas, Educa\u00e7\u00e3o-sa\u00fade e Acolhimento&quot;. No canto inferior esquerdo: &quot;Educa\u00e7\u00e3o que acolhe, a\u00e7\u00f5es que transformam!&quot;. No canto inferior direito, \u00edcone de localiza\u00e7\u00e3o seguido de &quot;Pr\u00e9dio 67, coordenadoria de A\u00e7\u00f5es educacionais UFSM&quot;.\" srcset=\"https:\/\/www.ufsm.br\/app\/uploads\/sites\/391\/2026\/07\/ChatGPT-Image-20-de-jul.-de-2026-12_19_39-1536x614.jpg 1536w, https:\/\/www.ufsm.br\/app\/uploads\/sites\/391\/2026\/07\/ChatGPT-Image-20-de-jul.-de-2026-12_19_39-300x120.jpg 300w, https:\/\/www.ufsm.br\/app\/uploads\/sites\/391\/2026\/07\/ChatGPT-Image-20-de-jul.-de-2026-12_19_39-1024x410.jpg 1024w, https:\/\/www.ufsm.br\/app\/uploads\/sites\/391\/2026\/07\/ChatGPT-Image-20-de-jul.-de-2026-12_19_39-768x307.jpg 768w, https:\/\/www.ufsm.br\/app\/uploads\/sites\/391\/2026\/07\/ChatGPT-Image-20-de-jul.-de-2026-12_19_39.jpg 1920w\" sizes=\"(max-width: 1536px) 100vw, 1536px\" \/>\t\t\t\t\t\t\t\t\t\t\t\t\t<\/div>\n\t\t\t\t<\/div>\n\t\t\t\t\t<\/div>\n\t\t<\/div>\n\t\t\t\t\t<\/div>\n\t\t<\/section>\n\t\t\t\t<section class=\"elementor-section elementor-top-section elementor-element elementor-element-b211f45 elementor-section-boxed elementor-section-height-default elementor-section-height-default\" data-id=\"b211f45\" data-element_type=\"section\">\n\t\t\t\t\t\t<div class=\"elementor-container elementor-column-gap-default\">\n\t\t\t\t\t<div class=\"elementor-column elementor-col-50 elementor-top-column elementor-element elementor-element-329ddff\" data-id=\"329ddff\" data-element_type=\"column\">\n\t\t\t<div class=\"elementor-widget-wrap elementor-element-populated\">\n\t\t\t\t\t\t<div class=\"elementor-element elementor-element-aac7d27 elementor-widget elementor-widget-heading\" data-id=\"aac7d27\" data-element_type=\"widget\" data-widget_type=\"heading.default\">\n\t\t\t\t<div class=\"elementor-widget-container\">\n\t\t\t<h5 class=\"elementor-heading-title elementor-size-default\">Apresenta\u00e7\u00e3o<\/h5>\t\t<\/div>\n\t\t\t\t<\/div>\n\t\t\t\t<div class=\"elementor-element elementor-element-4404ed5 elementor-widget elementor-widget-text-editor\" data-id=\"4404ed5\" data-element_type=\"widget\" data-widget_type=\"text-editor.default\">\n\t\t\t\t<div class=\"elementor-widget-container\">\n\t\t\t\t\t\t\t<p>\u00a0<\/p>\n<p><span style=\"color: #000000;font-family: verdana, geneva, sans-serif;font-size: 12pt\">A <strong>Coordenadoria de A\u00e7\u00f5es Educacionais (CAED) ,<\/strong> subunidade administrativa vinculada \u00e0 Pr\u00f3-Reitoria de Gradua\u00e7\u00e3o, desenvolve a\u00e7\u00f5es de apoio junto ao p\u00fablico\u00a0 da UFSM. O trabalho desenvolvido visa, de modo geral, o acesso e a perman\u00eancia\u00a0dos estudantes na Institui\u00e7\u00e3o, a promo\u00e7\u00e3o da aprendizagem, a acessibilidade,\u00a0as a\u00e7\u00f5es afirmativas\u00a0e a promo\u00e7\u00e3o de a\u00e7\u00f5es na \u00e1rea da\u00a0educa\u00e7\u00e3o-sa\u00fade.<\/span><\/p>\t\t\t\t\t\t<\/div>\n\t\t\t\t<\/div>\n\t\t\t\t\t<\/div>\n\t\t<\/div>\n\t\t\t\t<div class=\"elementor-column elementor-col-50 elementor-top-column elementor-element elementor-element-bc4e794\" data-id=\"bc4e794\" data-element_type=\"column\">\n\t\t\t<div class=\"elementor-widget-wrap elementor-element-populated\">\n\t\t\t\t\t\t<div class=\"elementor-element elementor-element-0aea815 elementor-widget elementor-widget-heading\" data-id=\"0aea815\" data-element_type=\"widget\" data-widget_type=\"heading.default\">\n\t\t\t\t<div class=\"elementor-widget-container\">\n\t\t\t<h5 class=\"elementor-heading-title elementor-size-default\">Localiza\u00e7\u00e3o - Pr\u00e9dio 67<\/h5>\t\t<\/div>\n\t\t\t\t<\/div>\n\t\t\t\t<div class=\"elementor-element elementor-element-6ca2357 elementor-widget elementor-widget-google_maps\" data-id=\"6ca2357\" data-element_type=\"widget\" data-widget_type=\"google_maps.default\">\n\t\t\t\t<div class=\"elementor-widget-container\">\n\t\t\t\t\t<div class=\"elementor-custom-embed\">\n\t\t\t<iframe loading=\"lazy\"\n\t\t\t\t\tsrc=\"https:\/\/maps.google.com\/maps?q=CAED%2C%20Avenida%20roraima%2C%201000%2C%20pr%C3%A9dio%2067&#038;t=m&#038;z=10&#038;output=embed&#038;iwloc=near\"\n\t\t\t\t\ttitle=\"CAED, Avenida roraima, 1000, pr\u00e9dio 67\"\n\t\t\t\t\taria-label=\"CAED, Avenida roraima, 1000, pr\u00e9dio 67\"\n\t\t\t><\/iframe>\n\t\t<\/div>\n\t\t\t\t<\/div>\n\t\t\t\t<\/div>\n\t\t\t\t\t<\/div>\n\t\t<\/div>\n\t\t\t\t\t<\/div>\n\t\t<\/section>\n\t\t\t\t<section class=\"elementor-section elementor-top-section elementor-element elementor-element-7703885 elementor-section-boxed elementor-section-height-default elementor-section-height-default\" data-id=\"7703885\" data-element_type=\"section\">\n\t\t\t\t\t\t<div class=\"elementor-container elementor-column-gap-default\">\n\t\t\t\t\t<div class=\"elementor-column elementor-col-100 elementor-top-column elementor-element elementor-element-f1a230f\" data-id=\"f1a230f\" data-element_type=\"column\">\n\t\t\t<div class=\"elementor-widget-wrap elementor-element-populated\">\n\t\t\t\t\t\t<div class=\"elementor-element elementor-element-ec4f6c6 elementor-widget elementor-widget-heading\" data-id=\"ec4f6c6\" data-element_type=\"widget\" data-widget_type=\"heading.default\">\n\t\t\t\t<div class=\"elementor-widget-container\">\n\t\t\t<h5 class=\"elementor-heading-title elementor-size-default\">Subdivis\u00f5es<\/h5>\t\t<\/div>\n\t\t\t\t<\/div>\n\t\t\t\t\t<\/div>\n\t\t<\/div>\n\t\t\t\t\t<\/div>\n\t\t<\/section>\n\t\t\t\t<section class=\"elementor-section elementor-top-section elementor-element elementor-element-bbb22ff elementor-section-boxed elementor-section-height-default elementor-section-height-default\" data-id=\"bbb22ff\" data-element_type=\"section\">\n\t\t\t\t\t\t<div class=\"elementor-container elementor-column-gap-default\">\n\t\t\t\t\t<div class=\"elementor-column elementor-col-20 elementor-top-column elementor-element elementor-element-13e7b20\" data-id=\"13e7b20\" data-element_type=\"column\">\n\t\t\t<div class=\"elementor-widget-wrap elementor-element-populated\">\n\t\t\t\t\t\t<div class=\"elementor-element elementor-element-2a21578 elementor-view-default elementor-position-top elementor-mobile-position-top elementor-widget elementor-widget-icon-box\" data-id=\"2a21578\" data-element_type=\"widget\" data-widget_type=\"icon-box.default\">\n\t\t\t\t<div class=\"elementor-widget-container\">\n\t\t\t\t\t<div class=\"elementor-icon-box-wrapper\">\n\n\t\t\t\t\t\t<div class=\"elementor-icon-box-icon\">\n\t\t\t\t<a href=\"https:\/\/www.ufsm.br\/orgaos-executivos\/caed\/nucleo-de-acessibilidade\/\" class=\"elementor-icon elementor-animation-bounce-in\" tabindex=\"-1\">\n\t\t\t\t<i aria-hidden=\"true\" class=\"fas fa-universal-access\"><\/i>\t\t\t\t<\/a>\n\t\t\t<\/div>\n\t\t\t\n\t\t\t\t\t\t<div class=\"elementor-icon-box-content\">\n\n\t\t\t\t\t\t\t\t\t<h3 class=\"elementor-icon-box-title\">\n\t\t\t\t\t\t<a href=\"https:\/\/www.ufsm.br\/orgaos-executivos\/caed\/nucleo-de-acessibilidade\/\" >\n\t\t\t\t\t\t\tAcessibilidade\t\t\t\t\t\t<\/a>\n\t\t\t\t\t<\/h3>\n\t\t\t\t\n\t\t\t\t\n\t\t\t<\/div>\n\t\t\t\n\t\t<\/div>\n\t\t\t\t<\/div>\n\t\t\t\t<\/div>\n\t\t\t\t\t<\/div>\n\t\t<\/div>\n\t\t\t\t<div class=\"elementor-column elementor-col-20 elementor-top-column elementor-element elementor-element-12b577a\" data-id=\"12b577a\" data-element_type=\"column\">\n\t\t\t<div class=\"elementor-widget-wrap elementor-element-populated\">\n\t\t\t\t\t\t<div class=\"elementor-element elementor-element-84c68a3 elementor-view-default elementor-position-top elementor-mobile-position-top elementor-widget elementor-widget-icon-box\" data-id=\"84c68a3\" data-element_type=\"widget\" data-widget_type=\"icon-box.default\">\n\t\t\t\t<div class=\"elementor-widget-container\">\n\t\t\t\t\t<div class=\"elementor-icon-box-wrapper\">\n\n\t\t\t\t\t\t<div class=\"elementor-icon-box-icon\">\n\t\t\t\t<a href=\"https:\/\/www.ufsm.br\/orgaos-executivos\/caed\/nucleo-de-aprendizagem\/\" class=\"elementor-icon elementor-animation-bounce-in\" tabindex=\"-1\">\n\t\t\t\t<i aria-hidden=\"true\" class=\"fas fa-pencil-alt\"><\/i>\t\t\t\t<\/a>\n\t\t\t<\/div>\n\t\t\t\n\t\t\t\t\t\t<div class=\"elementor-icon-box-content\">\n\n\t\t\t\t\t\t\t\t\t<h3 class=\"elementor-icon-box-title\">\n\t\t\t\t\t\t<a href=\"https:\/\/www.ufsm.br\/orgaos-executivos\/caed\/nucleo-de-aprendizagem\/\" >\n\t\t\t\t\t\t\tApoio \u00e0 Aprendizagem - \u00c2nima\t\t\t\t\t\t<\/a>\n\t\t\t\t\t<\/h3>\n\t\t\t\t\n\t\t\t\t\n\t\t\t<\/div>\n\t\t\t\n\t\t<\/div>\n\t\t\t\t<\/div>\n\t\t\t\t<\/div>\n\t\t\t\t\t<\/div>\n\t\t<\/div>\n\t\t\t\t<div class=\"elementor-column elementor-col-20 elementor-top-column elementor-element elementor-element-3b13e87\" data-id=\"3b13e87\" data-element_type=\"column\">\n\t\t\t<div class=\"elementor-widget-wrap elementor-element-populated\">\n\t\t\t\t\t\t<div class=\"elementor-element elementor-element-061ba33 elementor-view-default elementor-position-top elementor-mobile-position-top elementor-widget elementor-widget-icon-box\" data-id=\"061ba33\" data-element_type=\"widget\" data-widget_type=\"icon-box.default\">\n\t\t\t\t<div class=\"elementor-widget-container\">\n\t\t\t\t\t<div class=\"elementor-icon-box-wrapper\">\n\n\t\t\t\t\t\t<div class=\"elementor-icon-box-icon\">\n\t\t\t\t<a href=\"https:\/\/www.ufsm.br\/orgaos-executivos\/caed\/nucleo-de-acoes-afirmativas-sociais-etnico-raciais-e-indigenas\/\" class=\"elementor-icon elementor-animation-bounce-in\" tabindex=\"-1\">\n\t\t\t\t<i aria-hidden=\"true\" class=\"fas fa-child\"><\/i>\t\t\t\t<\/a>\n\t\t\t<\/div>\n\t\t\t\n\t\t\t\t\t\t<div class=\"elementor-icon-box-content\">\n\n\t\t\t\t\t\t\t\t\t<h3 class=\"elementor-icon-box-title\">\n\t\t\t\t\t\t<a href=\"https:\/\/www.ufsm.br\/orgaos-executivos\/caed\/nucleo-de-acoes-afirmativas-sociais-etnico-raciais-e-indigenas\/\" >\n\t\t\t\t\t\t\tA\u00e7\u00f5es Afirmativas Sociais, \u00c9tnico-Raciais e Ind\u00edgenas\t\t\t\t\t\t<\/a>\n\t\t\t\t\t<\/h3>\n\t\t\t\t\n\t\t\t\t\n\t\t\t<\/div>\n\t\t\t\n\t\t<\/div>\n\t\t\t\t<\/div>\n\t\t\t\t<\/div>\n\t\t\t\t\t<\/div>\n\t\t<\/div>\n\t\t\t\t<div class=\"elementor-column elementor-col-20 elementor-top-column elementor-element elementor-element-ab70a2c\" data-id=\"ab70a2c\" data-element_type=\"column\">\n\t\t\t<div class=\"elementor-widget-wrap elementor-element-populated\">\n\t\t\t\t\t\t<div class=\"elementor-element elementor-element-83fba8e elementor-view-default elementor-position-top elementor-mobile-position-top elementor-widget elementor-widget-icon-box\" data-id=\"83fba8e\" data-element_type=\"widget\" data-widget_type=\"icon-box.default\">\n\t\t\t\t<div class=\"elementor-widget-container\">\n\t\t\t\t\t<div class=\"elementor-icon-box-wrapper\">\n\n\t\t\t\t\t\t<div class=\"elementor-icon-box-icon\">\n\t\t\t\t<a href=\"https:\/\/www.ufsm.br\/orgaos-executivos\/caed\/saude-mental\/\" class=\"elementor-icon elementor-animation-bounce-in\" tabindex=\"-1\">\n\t\t\t\t<i aria-hidden=\"true\" class=\"fas fa-comment-medical\"><\/i>\t\t\t\t<\/a>\n\t\t\t<\/div>\n\t\t\t\n\t\t\t\t\t\t<div class=\"elementor-icon-box-content\">\n\n\t\t\t\t\t\t\t\t\t<h3 class=\"elementor-icon-box-title\">\n\t\t\t\t\t\t<a href=\"https:\/\/www.ufsm.br\/orgaos-executivos\/caed\/saude-mental\/\" >\n\t\t\t\t\t\t\tEduca\u00e7\u00e3o-sa\u00fade\t\t\t\t\t\t<\/a>\n\t\t\t\t\t<\/h3>\n\t\t\t\t\n\t\t\t\t\n\t\t\t<\/div>\n\t\t\t\n\t\t<\/div>\n\t\t\t\t<\/div>\n\t\t\t\t<\/div>\n\t\t\t\t\t<\/div>\n\t\t<\/div>\n\t\t\t\t<div class=\"elementor-column elementor-col-20 elementor-top-column elementor-element elementor-element-ec5b131\" data-id=\"ec5b131\" data-element_type=\"column\">\n\t\t\t<div class=\"elementor-widget-wrap elementor-element-populated\">\n\t\t\t\t\t\t<div class=\"elementor-element elementor-element-54f22ca elementor-view-default elementor-position-top elementor-mobile-position-top elementor-widget elementor-widget-icon-box\" data-id=\"54f22ca\" data-element_type=\"widget\" data-widget_type=\"icon-box.default\">\n\t\t\t\t<div class=\"elementor-widget-container\">\n\t\t\t\t\t<div class=\"elementor-icon-box-wrapper\">\n\n\t\t\t\t\t\t<div class=\"elementor-icon-box-icon\">\n\t\t\t\t<a href=\"https:\/\/www.ufsm.br\/pro-reitorias\/prograd\/caed\/acolhimento\" class=\"elementor-icon elementor-animation-\" tabindex=\"-1\">\n\t\t\t\t<i aria-hidden=\"true\" class=\"fas fa-hand-holding-heart\"><\/i>\t\t\t\t<\/a>\n\t\t\t<\/div>\n\t\t\t\n\t\t\t\t\t\t<div class=\"elementor-icon-box-content\">\n\n\t\t\t\t\t\t\t\t\t<h3 class=\"elementor-icon-box-title\">\n\t\t\t\t\t\t<a href=\"https:\/\/www.ufsm.br\/pro-reitorias\/prograd\/caed\/acolhimento\" >\n\t\t\t\t\t\t\tAcolhimento\t\t\t\t\t\t<\/a>\n\t\t\t\t\t<\/h3>\n\t\t\t\t\n\t\t\t\t\n\t\t\t<\/div>\n\t\t\t\n\t\t<\/div>\n\t\t\t\t<\/div>\n\t\t\t\t<\/div>\n\t\t\t\t\t<\/div>\n\t\t<\/div>\n\t\t\t\t\t<\/div>\n\t\t<\/section>\n\t\t\t\t<section class=\"elementor-section elementor-top-section elementor-element elementor-element-99b63d4 elementor-section-boxed elementor-section-height-default elementor-section-height-default\" data-id=\"99b63d4\" data-element_type=\"section\">\n\t\t\t\t\t\t<div class=\"elementor-container elementor-column-gap-default\">\n\t\t\t\t\t<div class=\"elementor-column elementor-col-100 elementor-top-column elementor-element elementor-element-d6d022a\" data-id=\"d6d022a\" data-element_type=\"column\">\n\t\t\t<div class=\"elementor-widget-wrap elementor-element-populated\">\n\t\t\t\t\t\t<div class=\"elementor-element elementor-element-e0584d1 elementor-widget elementor-widget-heading\" data-id=\"e0584d1\" data-element_type=\"widget\" data-widget_type=\"heading.default\">\n\t\t\t\t<div class=\"elementor-widget-container\">\n\t\t\t<h5 class=\"elementor-heading-title elementor-size-default\">Servi\u00e7os<\/h5>\t\t<\/div>\n\t\t\t\t<\/div>\n\t\t\t\t\t<\/div>\n\t\t<\/div>\n\t\t\t\t\t<\/div>\n\t\t<\/section>\n\t\t\t\t<section class=\"elementor-section elementor-top-section elementor-element elementor-element-7c3fa59 elementor-section-boxed elementor-section-height-default elementor-section-height-default\" data-id=\"7c3fa59\" data-element_type=\"section\">\n\t\t\t\t\t\t<div class=\"elementor-container elementor-column-gap-default\">\n\t\t\t\t\t<div class=\"elementor-column elementor-col-20 elementor-top-column elementor-element elementor-element-a421f48\" data-id=\"a421f48\" data-element_type=\"column\">\n\t\t\t<div class=\"elementor-widget-wrap elementor-element-populated\">\n\t\t\t\t\t\t<div class=\"elementor-element elementor-element-eab88ac elementor-view-default elementor-position-top elementor-mobile-position-top elementor-widget elementor-widget-icon-box\" data-id=\"eab88ac\" data-element_type=\"widget\" data-widget_type=\"icon-box.default\">\n\t\t\t\t<div class=\"elementor-widget-container\">\n\t\t\t\t\t<div class=\"elementor-icon-box-wrapper\">\n\n\t\t\t\t\t\t<div class=\"elementor-icon-box-icon\">\n\t\t\t\t<a href=\"https:\/\/www.ufsm.br\/pro-reitorias\/prograd\/caed\/servicos\" class=\"elementor-icon elementor-animation-\" tabindex=\"-1\">\n\t\t\t\t<i aria-hidden=\"true\" class=\"fas fa-mouse-pointer\"><\/i>\t\t\t\t<\/a>\n\t\t\t<\/div>\n\t\t\t\n\t\t\t\t\t\t<div class=\"elementor-icon-box-content\">\n\n\t\t\t\t\t\t\t\t\t<h3 class=\"elementor-icon-box-title\">\n\t\t\t\t\t\t<a href=\"https:\/\/www.ufsm.br\/pro-reitorias\/prograd\/caed\/servicos\" >\n\t\t\t\t\t\t\tServi\u00e7os CAED\t\t\t\t\t\t<\/a>\n\t\t\t\t\t<\/h3>\n\t\t\t\t\n\t\t\t\t\n\t\t\t<\/div>\n\t\t\t\n\t\t<\/div>\n\t\t\t\t<\/div>\n\t\t\t\t<\/div>\n\t\t\t\t\t<\/div>\n\t\t<\/div>\n\t\t\t\t<div class=\"elementor-column elementor-col-20 elementor-top-column elementor-element elementor-element-671c1b4\" data-id=\"671c1b4\" data-element_type=\"column\">\n\t\t\t<div class=\"elementor-widget-wrap elementor-element-populated\">\n\t\t\t\t\t\t<div class=\"elementor-element elementor-element-9f997c6 elementor-view-default elementor-position-top elementor-mobile-position-top elementor-widget elementor-widget-icon-box\" data-id=\"9f997c6\" data-element_type=\"widget\" data-widget_type=\"icon-box.default\">\n\t\t\t\t<div class=\"elementor-widget-container\">\n\t\t\t\t\t<div class=\"elementor-icon-box-wrapper\">\n\n\t\t\t\t\t\t<div class=\"elementor-icon-box-icon\">\n\t\t\t\t<a href=\"https:\/\/www.ufsm.br\/pro-reitorias\/prograd\/caed\/resolucao-33-2015\" class=\"elementor-icon elementor-animation-\" tabindex=\"-1\">\n\t\t\t\t<i aria-hidden=\"true\" class=\"far fa-edit\"><\/i>\t\t\t\t<\/a>\n\t\t\t<\/div>\n\t\t\t\n\t\t\t\t\t\t<div class=\"elementor-icon-box-content\">\n\n\t\t\t\t\t\t\t\t\t<h3 class=\"elementor-icon-box-title\">\n\t\t\t\t\t\t<a href=\"https:\/\/www.ufsm.br\/pro-reitorias\/prograd\/caed\/resolucao-33-2015\" >\n\t\t\t\t\t\t\tProcesso de acompanhamento pedag\u00f3gico Resolu\u00e7\u00e3o 33\/2015\t\t\t\t\t\t<\/a>\n\t\t\t\t\t<\/h3>\n\t\t\t\t\n\t\t\t\t\n\t\t\t<\/div>\n\t\t\t\n\t\t<\/div>\n\t\t\t\t<\/div>\n\t\t\t\t<\/div>\n\t\t\t\t\t<\/div>\n\t\t<\/div>\n\t\t\t\t<div class=\"elementor-column elementor-col-20 elementor-top-column elementor-element elementor-element-64cef78\" data-id=\"64cef78\" data-element_type=\"column\">\n\t\t\t<div class=\"elementor-widget-wrap elementor-element-populated\">\n\t\t\t\t\t\t<div class=\"elementor-element elementor-element-9f9c442 elementor-view-default elementor-position-top elementor-mobile-position-top elementor-widget elementor-widget-icon-box\" data-id=\"9f9c442\" data-element_type=\"widget\" data-widget_type=\"icon-box.default\">\n\t\t\t\t<div class=\"elementor-widget-container\">\n\t\t\t\t\t<div class=\"elementor-icon-box-wrapper\">\n\n\t\t\t\t\t\t<div class=\"elementor-icon-box-icon\">\n\t\t\t\t<a href=\"https:\/\/www.ufsm.br\/pro-reitorias\/prograd\/caed\/6398-2\" class=\"elementor-icon elementor-animation-bounce-in\" tabindex=\"-1\">\n\t\t\t\t<i aria-hidden=\"true\" class=\"fas fa-house-user\"><\/i>\t\t\t\t<\/a>\n\t\t\t<\/div>\n\t\t\t\n\t\t\t\t\t\t<div class=\"elementor-icon-box-content\">\n\n\t\t\t\t\t\t\t\t\t<h3 class=\"elementor-icon-box-title\">\n\t\t\t\t\t\t<a href=\"https:\/\/www.ufsm.br\/pro-reitorias\/prograd\/caed\/6398-2\" >\n\t\t\t\t\t\t\tRegime de Exerc\u00edcios Domiciliares\t\t\t\t\t\t<\/a>\n\t\t\t\t\t<\/h3>\n\t\t\t\t\n\t\t\t\t\n\t\t\t<\/div>\n\t\t\t\n\t\t<\/div>\n\t\t\t\t<\/div>\n\t\t\t\t<\/div>\n\t\t\t\t\t<\/div>\n\t\t<\/div>\n\t\t\t\t<div class=\"elementor-column elementor-col-20 elementor-top-column elementor-element elementor-element-11547bb\" data-id=\"11547bb\" data-element_type=\"column\">\n\t\t\t<div class=\"elementor-widget-wrap elementor-element-populated\">\n\t\t\t\t\t\t<div class=\"elementor-element elementor-element-149adb0 elementor-view-default elementor-position-top elementor-mobile-position-top elementor-widget elementor-widget-icon-box\" data-id=\"149adb0\" data-element_type=\"widget\" data-widget_type=\"icon-box.default\">\n\t\t\t\t<div class=\"elementor-widget-container\">\n\t\t\t\t\t<div class=\"elementor-icon-box-wrapper\">\n\n\t\t\t\t\t\t<div class=\"elementor-icon-box-icon\">\n\t\t\t\t<a href=\"https:\/\/forms.gle\/vhyHBb8FTA7VMFFt6\" class=\"elementor-icon elementor-animation-bounce-in\" tabindex=\"-1\">\n\t\t\t\t<i aria-hidden=\"true\" class=\"fas fa-hands\"><\/i>\t\t\t\t<\/a>\n\t\t\t<\/div>\n\t\t\t\n\t\t\t\t\t\t<div class=\"elementor-icon-box-content\">\n\n\t\t\t\t\t\t\t\t\t<h3 class=\"elementor-icon-box-title\">\n\t\t\t\t\t\t<a href=\"https:\/\/forms.gle\/vhyHBb8FTA7VMFFt6\" >\n\t\t\t\t\t\t\tPr\u00e1ticas Integrativas e Complementares em Sa\u00fade (PICS)\t\t\t\t\t\t<\/a>\n\t\t\t\t\t<\/h3>\n\t\t\t\t\n\t\t\t\t\n\t\t\t<\/div>\n\t\t\t\n\t\t<\/div>\n\t\t\t\t<\/div>\n\t\t\t\t<\/div>\n\t\t\t\t\t<\/div>\n\t\t<\/div>\n\t\t\t\t<div class=\"elementor-column elementor-col-20 elementor-top-column elementor-element elementor-element-31ab90f\" data-id=\"31ab90f\" data-element_type=\"column\">\n\t\t\t<div class=\"elementor-widget-wrap elementor-element-populated\">\n\t\t\t\t\t\t<div class=\"elementor-element elementor-element-961bd00 elementor-view-default elementor-position-top elementor-mobile-position-top elementor-widget elementor-widget-icon-box\" data-id=\"961bd00\" data-element_type=\"widget\" data-widget_type=\"icon-box.default\">\n\t\t\t\t<div class=\"elementor-widget-container\">\n\t\t\t\t\t<div class=\"elementor-icon-box-wrapper\">\n\n\t\t\t\t\t\t<div class=\"elementor-icon-box-icon\">\n\t\t\t\t<a href=\"https:\/\/www.ufsm.br\/pro-reitorias\/prograd\/caed\/cursos-ofertados-pela-caed\" class=\"elementor-icon elementor-animation-\" tabindex=\"-1\">\n\t\t\t\t<i aria-hidden=\"true\" class=\"fas fa-user-graduate\"><\/i>\t\t\t\t<\/a>\n\t\t\t<\/div>\n\t\t\t\n\t\t\t\t\t\t<div class=\"elementor-icon-box-content\">\n\n\t\t\t\t\t\t\t\t\t<h3 class=\"elementor-icon-box-title\">\n\t\t\t\t\t\t<a href=\"https:\/\/www.ufsm.br\/pro-reitorias\/prograd\/caed\/cursos-ofertados-pela-caed\" >\n\t\t\t\t\t\t\tCursos promovidos pela CAEd\t\t\t\t\t\t<\/a>\n\t\t\t\t\t<\/h3>\n\t\t\t\t\n\t\t\t\t\n\t\t\t<\/div>\n\t\t\t\n\t\t<\/div>\n\t\t\t\t<\/div>\n\t\t\t\t<\/div>\n\t\t\t\t\t<\/div>\n\t\t<\/div>\n\t\t\t\t\t<\/div>\n\t\t<\/section>\n\t\t\t\t<section class=\"elementor-section elementor-top-section elementor-element elementor-element-26fd143 elementor-section-boxed elementor-section-height-default elementor-section-height-default\" data-id=\"26fd143\" data-element_type=\"section\">\n\t\t\t\t\t\t<div class=\"elementor-container elementor-column-gap-default\">\n\t\t\t\t\t<div class=\"elementor-column elementor-col-100 elementor-top-column elementor-element elementor-element-492de29\" data-id=\"492de29\" data-element_type=\"column\">\n\t\t\t<div class=\"elementor-widget-wrap elementor-element-populated\">\n\t\t\t\t\t\t<div class=\"elementor-element elementor-element-6d12a0c elementor-widget elementor-widget-heading\" data-id=\"6d12a0c\" data-element_type=\"widget\" data-widget_type=\"heading.default\">\n\t\t\t\t<div class=\"elementor-widget-container\">\n\t\t\t<h5 class=\"elementor-heading-title elementor-size-default\">Utilizadades<\/h5>\t\t<\/div>\n\t\t\t\t<\/div>\n\t\t\t\t\t<\/div>\n\t\t<\/div>\n\t\t\t\t\t<\/div>\n\t\t<\/section>\n\t\t\t\t<section class=\"elementor-section elementor-top-section elementor-element elementor-element-36a8a76 elementor-section-boxed elementor-section-height-default elementor-section-height-default\" data-id=\"36a8a76\" data-element_type=\"section\">\n\t\t\t\t\t\t<div class=\"elementor-container elementor-column-gap-default\">\n\t\t\t\t\t<div class=\"elementor-column elementor-col-20 elementor-top-column elementor-element elementor-element-53ec4fe\" data-id=\"53ec4fe\" data-element_type=\"column\">\n\t\t\t<div class=\"elementor-widget-wrap elementor-element-populated\">\n\t\t\t\t\t\t<div class=\"elementor-element elementor-element-8e1e5f5 elementor-view-default elementor-position-top elementor-mobile-position-top elementor-widget elementor-widget-icon-box\" data-id=\"8e1e5f5\" data-element_type=\"widget\" data-widget_type=\"icon-box.default\">\n\t\t\t\t<div class=\"elementor-widget-container\">\n\t\t\t\t\t<div class=\"elementor-icon-box-wrapper\">\n\n\t\t\t\t\t\t<div class=\"elementor-icon-box-icon\">\n\t\t\t\t<a href=\"https:\/\/www.ufsm.br\/orgaos-executivos\/caed\/sobre-a-caed\/\" class=\"elementor-icon elementor-animation-bounce-in\" tabindex=\"-1\">\n\t\t\t\t<i aria-hidden=\"true\" class=\"fas fa-landmark\"><\/i>\t\t\t\t<\/a>\n\t\t\t<\/div>\n\t\t\t\n\t\t\t\t\t\t<div class=\"elementor-icon-box-content\">\n\n\t\t\t\t\t\t\t\t\t<h3 class=\"elementor-icon-box-title\">\n\t\t\t\t\t\t<a href=\"https:\/\/www.ufsm.br\/orgaos-executivos\/caed\/sobre-a-caed\/\" >\n\t\t\t\t\t\t\tSobre a CAED\t\t\t\t\t\t<\/a>\n\t\t\t\t\t<\/h3>\n\t\t\t\t\n\t\t\t\t\n\t\t\t<\/div>\n\t\t\t\n\t\t<\/div>\n\t\t\t\t<\/div>\n\t\t\t\t<\/div>\n\t\t\t\t\t<\/div>\n\t\t<\/div>\n\t\t\t\t<div class=\"elementor-column elementor-col-20 elementor-top-column elementor-element elementor-element-917bbb4\" data-id=\"917bbb4\" data-element_type=\"column\">\n\t\t\t<div class=\"elementor-widget-wrap elementor-element-populated\">\n\t\t\t\t\t\t<div class=\"elementor-element elementor-element-a68061e elementor-view-default elementor-position-top elementor-mobile-position-top elementor-widget elementor-widget-icon-box\" data-id=\"a68061e\" data-element_type=\"widget\" data-widget_type=\"icon-box.default\">\n\t\t\t\t<div class=\"elementor-widget-container\">\n\t\t\t\t\t<div class=\"elementor-icon-box-wrapper\">\n\n\t\t\t\t\t\t<div class=\"elementor-icon-box-icon\">\n\t\t\t\t<a href=\"https:\/\/www.ufsm.br\/orgaos-executivos\/caed\/observatorio-de-inclusao\/\" class=\"elementor-icon elementor-animation-bounce-in\" tabindex=\"-1\">\n\t\t\t\t<i aria-hidden=\"true\" class=\"fas fa-spinner\"><\/i>\t\t\t\t<\/a>\n\t\t\t<\/div>\n\t\t\t\n\t\t\t\t\t\t<div class=\"elementor-icon-box-content\">\n\n\t\t\t\t\t\t\t\t\t<h3 class=\"elementor-icon-box-title\">\n\t\t\t\t\t\t<a href=\"https:\/\/www.ufsm.br\/orgaos-executivos\/caed\/observatorio-de-inclusao\/\" >\n\t\t\t\t\t\t\tObservat\u00f3rio de A\u00e7\u00f5es Afirmativas e Inclus\u00e3o - Afirme\t\t\t\t\t\t<\/a>\n\t\t\t\t\t<\/h3>\n\t\t\t\t\n\t\t\t\t\n\t\t\t<\/div>\n\t\t\t\n\t\t<\/div>\n\t\t\t\t<\/div>\n\t\t\t\t<\/div>\n\t\t\t\t\t<\/div>\n\t\t<\/div>\n\t\t\t\t<div class=\"elementor-column elementor-col-20 elementor-top-column elementor-element elementor-element-7bf2111\" data-id=\"7bf2111\" data-element_type=\"column\">\n\t\t\t<div class=\"elementor-widget-wrap elementor-element-populated\">\n\t\t\t\t\t\t<div class=\"elementor-element elementor-element-bf73d61 elementor-view-default elementor-position-top elementor-mobile-position-top elementor-widget elementor-widget-icon-box\" data-id=\"bf73d61\" data-element_type=\"widget\" data-widget_type=\"icon-box.default\">\n\t\t\t\t<div class=\"elementor-widget-container\">\n\t\t\t\t\t<div class=\"elementor-icon-box-wrapper\">\n\n\t\t\t\t\t\t<div class=\"elementor-icon-box-icon\">\n\t\t\t\t<a href=\"https:\/\/www.ufsm.br\/pro-reitorias\/prograd\/caed\/acervo-bibliografico\" class=\"elementor-icon elementor-animation-\" tabindex=\"-1\">\n\t\t\t\t<i aria-hidden=\"true\" class=\"fas fa-book\"><\/i>\t\t\t\t<\/a>\n\t\t\t<\/div>\n\t\t\t\n\t\t\t\t\t\t<div class=\"elementor-icon-box-content\">\n\n\t\t\t\t\t\t\t\t\t<h3 class=\"elementor-icon-box-title\">\n\t\t\t\t\t\t<a href=\"https:\/\/www.ufsm.br\/pro-reitorias\/prograd\/caed\/acervo-bibliografico\" >\n\t\t\t\t\t\t\tAcervo bibliogr\u00e1fico\t\t\t\t\t\t<\/a>\n\t\t\t\t\t<\/h3>\n\t\t\t\t\n\t\t\t\t\n\t\t\t<\/div>\n\t\t\t\n\t\t<\/div>\n\t\t\t\t<\/div>\n\t\t\t\t<\/div>\n\t\t\t\t\t<\/div>\n\t\t<\/div>\n\t\t\t\t<div class=\"elementor-column elementor-col-20 elementor-top-column elementor-element elementor-element-ef10ecb\" data-id=\"ef10ecb\" data-element_type=\"column\">\n\t\t\t<div class=\"elementor-widget-wrap elementor-element-populated\">\n\t\t\t\t\t\t<div class=\"elementor-element elementor-element-46bdac2 elementor-view-default elementor-position-top elementor-mobile-position-top elementor-widget elementor-widget-icon-box\" data-id=\"46bdac2\" data-element_type=\"widget\" data-widget_type=\"icon-box.default\">\n\t\t\t\t<div class=\"elementor-widget-container\">\n\t\t\t\t\t<div class=\"elementor-icon-box-wrapper\">\n\n\t\t\t\t\t\t<div class=\"elementor-icon-box-icon\">\n\t\t\t\t<a href=\"https:\/\/www.ufsm.br\/pro-reitorias\/prograd\/caed\/documentos\" class=\"elementor-icon elementor-animation-\" tabindex=\"-1\">\n\t\t\t\t<i aria-hidden=\"true\" class=\"fas fa-copy\"><\/i>\t\t\t\t<\/a>\n\t\t\t<\/div>\n\t\t\t\n\t\t\t\t\t\t<div class=\"elementor-icon-box-content\">\n\n\t\t\t\t\t\t\t\t\t<h3 class=\"elementor-icon-box-title\">\n\t\t\t\t\t\t<a href=\"https:\/\/www.ufsm.br\/pro-reitorias\/prograd\/caed\/documentos\" >\n\t\t\t\t\t\t\tResolu\u00e7\u00f5es, IN, Portarias e Relat\u00f3rios CAEd\t\t\t\t\t\t<\/a>\n\t\t\t\t\t<\/h3>\n\t\t\t\t\n\t\t\t\t\n\t\t\t<\/div>\n\t\t\t\n\t\t<\/div>\n\t\t\t\t<\/div>\n\t\t\t\t<\/div>\n\t\t\t\t\t<\/div>\n\t\t<\/div>\n\t\t\t\t<div class=\"elementor-column elementor-col-20 elementor-top-column elementor-element elementor-element-1861ca2\" data-id=\"1861ca2\" data-element_type=\"column\">\n\t\t\t<div class=\"elementor-widget-wrap elementor-element-populated\">\n\t\t\t\t\t\t<div class=\"elementor-element elementor-element-089b6d5 elementor-view-default elementor-position-top elementor-mobile-position-top elementor-widget elementor-widget-icon-box\" data-id=\"089b6d5\" data-element_type=\"widget\" data-widget_type=\"icon-box.default\">\n\t\t\t\t<div class=\"elementor-widget-container\">\n\t\t\t\t\t<div class=\"elementor-icon-box-wrapper\">\n\n\t\t\t\t\t\t<div class=\"elementor-icon-box-icon\">\n\t\t\t\t<a href=\"https:\/\/forms.gle\/1VdEEBaa7J1pHAYv8\" class=\"elementor-icon elementor-animation-bounce-in\" tabindex=\"-1\">\n\t\t\t\t<i aria-hidden=\"true\" class=\"fas fa-question\"><\/i>\t\t\t\t<\/a>\n\t\t\t<\/div>\n\t\t\t\n\t\t\t\t\t\t<div class=\"elementor-icon-box-content\">\n\n\t\t\t\t\t\t\t\t\t<h3 class=\"elementor-icon-box-title\">\n\t\t\t\t\t\t<a href=\"https:\/\/forms.gle\/1VdEEBaa7J1pHAYv8\" >\n\t\t\t\t\t\t\tPesquisa de Satisfa\u00e7\u00e3o - Servi\u00e7os da CAEd\t\t\t\t\t\t<\/a>\n\t\t\t\t\t<\/h3>\n\t\t\t\t\n\t\t\t\t\n\t\t\t<\/div>\n\t\t\t\n\t\t<\/div>\n\t\t\t\t<\/div>\n\t\t\t\t<\/div>\n\t\t\t\t\t<\/div>\n\t\t<\/div>\n\t\t\t\t\t<\/div>\n\t\t<\/section>\n\t\t\t\t<section class=\"elementor-section elementor-top-section elementor-element elementor-element-f4a9623 elementor-section-boxed elementor-section-height-default elementor-section-height-default\" data-id=\"f4a9623\" data-element_type=\"section\">\n\t\t\t\t\t\t<div class=\"elementor-container elementor-column-gap-default\">\n\t\t\t\t\t<div class=\"elementor-column elementor-col-100 elementor-top-column elementor-element elementor-element-e00f50b\" data-id=\"e00f50b\" data-element_type=\"column\">\n\t\t\t<div class=\"elementor-widget-wrap elementor-element-populated\">\n\t\t\t\t\t\t<div class=\"elementor-element elementor-element-e415785 elementor-widget elementor-widget-wp-widget-ufsm_noticias_widget\" data-id=\"e415785\" data-element_type=\"widget\" data-widget_type=\"wp-widget-ufsm_noticias_widget.default\">\n\t\t\t\t<div class=\"elementor-widget-container\">\n\t\t\t<h5 class='titulo-conteudos'>Not\u00edcias CAEd<\/h5><div class='widget-noticias-inside'>\n                        <div class=\"row\">\n                                    <div class=\"col-12 col-lg-4 pb-4\">\n                                        \n                                        \n                    \n                    <a class=\"noticias-widget-title d-block \"  title=\"Convite para participar do Grupo \u201cConex\u00f5es no espectro no ambiente acad\u00eamico\u201d\" href=\"https:\/\/www.ufsm.br\/pro-reitorias\/prograd\/caed\/2026\/08\/27\/convite-para-participar-do-grupo-conexoes-no-espectro-no-ambiente-academico-2\">\n                                                Convite para participar do Grupo \u201cConex\u00f5es no espectro no ambiente acad\u00eamico\u201d                    <\/a>\n                    \n                                            <div class=\"noticias-widget-introtext\">\n                            PROPOSTA:\u00a0Estudantes com TEA frequentemente enfrentam desafios relacionados \u00e0 adapta\u00e7\u00e3o no ambiente universit\u00e1rio, intera\u00e7\u00e3o social, organiza\u00e7\u00e3o acad\u00eamica e manejo de demandas&hellip;                        <\/div>\n                    \n                                        \n                                        \n                                            \n                                                    <div title=\"Publicado em 27\/08\/2026 - 12:09\" class=\"data-publicacao-widget\">\n                                <i  class=\"far fa-clock\"><\/i>\n                                27\/08\/2026 - 12:09                            <\/div>\n                                                                <\/div>\n                                    <div class=\"col-12 col-lg-4 pb-4\">\n                                        \n                                        \n                    \n                    <a class=\"noticias-widget-title d-block \"  title=\"EDITAL 022\/2026 \u2013 BOLSISTA DO CURSO T\u00c9CNICO EM PAISAGISMO\" href=\"https:\/\/www.ufsm.br\/pro-reitorias\/prograd\/caed\/2026\/08\/25\/edital-022-2026-bolsista-do-curso-tecnico-em-paisagismo\">\n                                                EDITAL 022\/2026 \u2013 BOLSISTA DO CURSO T\u00c9CNICO EM PAISAGISMO                    <\/a>\n                    \n                                            <div class=\"noticias-widget-introtext\">\n                            A Coordenadoria de A\u00e7\u00f5es Educacionais (CAEd\/PROGRAD\/UFSM) divulga a abertura de inscri\u00e7\u00f5es para o Edital 022\/2026, que visa selecionar bolsista do&hellip;                        <\/div>\n                    \n                                        \n                                        \n                                            \n                                                    <div title=\"Publicado em 25\/08\/2026 - 15:04\" class=\"data-publicacao-widget\">\n                                <i  class=\"far fa-clock\"><\/i>\n                                25\/08\/2026 - 15:04                            <\/div>\n                                                                <\/div>\n                                    <div class=\"col-12 col-lg-4 pb-4\">\n                                        \n                                        \n                    \n                    <a class=\"noticias-widget-title d-block \"  title=\"PRORROGA\u00c7\u00c3O DO EDITAL 021\/2026 \u2013 BOLSISTAS DE P\u00d3S-GRADUA\u00c7\u00c3O \u2013 CURSOS DE TERAPIA OCUPACIONAL, PSICOLOGIA, EDUCA\u00c7\u00c3O ESPECIAL, FONOAUDIOLOGIA E ESTUDANTE P\u00d3S-GRADUANDO NEGRO (PRETO OU PARDO), COM FORMA\u00c7\u00c3O EM HIST\u00d3RIA, PEDAGOGIA, PSICOLOGIA OU EDUCA\u00c7\u00c3O ESPECIAL\" href=\"https:\/\/www.ufsm.br\/pro-reitorias\/prograd\/caed\/2026\/08\/21\/prorrogacao-do-edital-021-2026-bolsistas-de-pos-graduacao-cursos-de-terapia-ocupacional-psicologia-educacao-especial-fonoaudiologia-e-estudante-pos-graduando-negro-preto-ou-par\">\n                                                PRORROGA\u00c7\u00c3O DO EDITAL 021\/2026 \u2013 BOLSISTAS DE P\u00d3S-GRADUA\u00c7\u00c3O \u2013 CURSOS DE TERAPIA OCUPACIONAL, PSICOLOGIA, EDUCA\u00c7\u00c3O ESPECIAL, FONOAUDIOLOGIA E ESTUDANTE P\u00d3S-GRADUANDO NEGRO (PRETO OU PARDO), COM FORMA\u00c7\u00c3O EM HIST\u00d3RIA, PEDAGOGIA, PSICOLOGIA OU EDUCA\u00c7\u00c3O ESPECIAL                    <\/a>\n                    \n                                            <div class=\"noticias-widget-introtext\">\n                            A Coordenadoria de A\u00e7\u00f5es Educacionais (CAEd\/PROGRAD\/UFSM) divulga a prorroga\u00e7\u00e3o das inscri\u00e7\u00f5es para o Edital 021\/2026, que visa selecionar bolsistas de&hellip;                        <\/div>\n                    \n                                        \n                                        \n                                            \n                                                    <div title=\"Publicado em 21\/08\/2026 - 17:18\" class=\"data-publicacao-widget\">\n                                <i  class=\"far fa-clock\"><\/i>\n                                21\/08\/2026 - 17:18                            <\/div>\n                                                                <\/div>\n                            <\/div>\n                    <div class=\"row\">\n                                    <div class=\"col-12 col-lg-4 pb-4\">\n                                        \n                                        \n                    \n                    <a class=\"noticias-widget-title d-block \"  title=\"Orienta\u00e7\u00f5es para estudantes com TDAH\" href=\"https:\/\/www.ufsm.br\/pro-reitorias\/prograd\/caed\/2026\/08\/13\/orientacoes-para-estudantes-com-tdah\">\n                                                Orienta\u00e7\u00f5es para estudantes com TDAH                    <\/a>\n                    \n                                            <div class=\"noticias-widget-introtext\">\n                            A vida universit\u00e1ria envolve in\u00fameras demandas: aulas, estudos, prazos, comunica\u00e7\u00e3o e organiza\u00e7\u00e3o da rotina pessoal. Para estudantes com TDAH, esses&hellip;                        <\/div>\n                    \n                                        \n                                        \n                                            \n                                                    <div title=\"Publicado em 13\/08\/2026 - 18:14\" class=\"data-publicacao-widget\">\n                                <i  class=\"far fa-clock\"><\/i>\n                                13\/08\/2026 - 18:14                            <\/div>\n                                                                <\/div>\n                                    <div class=\"col-12 col-lg-4 pb-4\">\n                                        \n                                        \n                    \n                    <a class=\"noticias-widget-title d-block \"  title=\"Orienta\u00e7\u00f5es sobre TDAH para professores\" href=\"https:\/\/www.ufsm.br\/pro-reitorias\/prograd\/caed\/2026\/08\/13\/orientacoes-sobre-tdah-para-professores\">\n                                                Orienta\u00e7\u00f5es sobre TDAH para professores                    <\/a>\n                    \n                                            <div class=\"noticias-widget-introtext\">\n                            Ol\u00e1, professor(a)! O Transtorno do D\u00e9ficit de Aten\u00e7\u00e3o com Hiperatividade (TDAH) \u00e9 um transtorno do neurodesenvolvimento caracterizado por padr\u00f5es persistentes&hellip;                        <\/div>\n                    \n                                        \n                                        \n                                            \n                                                    <div title=\"Publicado em 13\/08\/2026 - 14:51\" class=\"data-publicacao-widget\">\n                                <i  class=\"far fa-clock\"><\/i>\n                                13\/08\/2026 - 14:51                            <\/div>\n                                                                <\/div>\n                                    <div class=\"col-12 col-lg-4 pb-4\">\n                                        \n                                        \n                    \n                    <a class=\"noticias-widget-title d-block \"  title=\"EDITAL 021\/2026 &#8211; BOLSISTAS DE P\u00d3S-GRADUA\u00c7\u00c3O &#8211; CURSOS DE TERAPIA OCUPACIONAL, PSICOLOGIA, EDUCA\u00c7\u00c3O ESPECIAL, FONOAUDIOLOGIA E ESTUDANTE P\u00d3S-GRADUANDO NEGRO (PRETO OU PARDO), COM FORMA\u00c7\u00c3O EM HIST\u00d3RIA, PEDAGOGIA, PSICOLOGIA OU EDUCA\u00c7\u00c3O ESPECIAL\" href=\"https:\/\/www.ufsm.br\/pro-reitorias\/prograd\/caed\/2026\/08\/07\/edital-021-2026-bolsistas-de-pos-graduacao-cursos-de-terapia-ocupacional-psicologia-educacao-especial-fonoaudiologia-e-estudante-pos-graduando-negro-preto-ou-pardo-com-formacao-em-historia\">\n                                                EDITAL 021\/2026 &#8211; BOLSISTAS DE P\u00d3S-GRADUA\u00c7\u00c3O &#8211; CURSOS DE TERAPIA OCUPACIONAL, PSICOLOGIA, EDUCA\u00c7\u00c3O ESPECIAL, FONOAUDIOLOGIA E ESTUDANTE P\u00d3S-GRADUANDO NEGRO (PRETO OU PARDO), COM FORMA\u00c7\u00c3O EM HIST\u00d3RIA, PEDAGOGIA, PSICOLOGIA OU EDUCA\u00c7\u00c3O ESPECIAL                    <\/a>\n                    \n                                            <div class=\"noticias-widget-introtext\">\n                            A Coordenadoria de A\u00e7\u00f5es Educacionais (CAEd\/PROGRAD\/UFSM) divulga a abertura de inscri\u00e7\u00f5es para o Edital 021\/2026, que visa selecionar bolsistas de&hellip;                        <\/div>\n                    \n                                        \n                                        \n                                            \n                                                    <div title=\"Publicado em 07\/08\/2026 - 17:51\" class=\"data-publicacao-widget\">\n                                <i  class=\"far fa-clock\"><\/i>\n                                07\/08\/2026 - 17:51                            <\/div>\n                                                                <\/div>\n                            <\/div>\n            <\/div>\n<div class=\"leia-mais p-1\">\n                <a href=\"https:\/\/www.ufsm.br\/pro-reitorias\/prograd\/caed\/busca\/?q=&area=post&orderby=date&sites%5B%5D=391\">\n            LEIA MAIS            <span class=\"icon-box\">\n                <span class=\"bg-ufsm-widget-icon\">\n                    <i class=\"fas fa-chevron-right\" aria-hidden=\"true\"><\/i>\n                <\/span>\n            <\/span>\n        <\/a>\n    <\/div>\n\t\t<\/div>\n\t\t\t\t<\/div>\n\t\t\t\t\t<\/div>\n\t\t<\/div>\n\t\t\t\t\t<\/div>\n\t\t<\/section>\n\t\t\t\t<section class=\"elementor-section elementor-top-section elementor-element elementor-element-0b324c2 elementor-section-boxed elementor-section-height-default elementor-section-height-default\" data-id=\"0b324c2\" data-element_type=\"section\">\n\t\t\t\t\t\t<div class=\"elementor-container elementor-column-gap-default\">\n\t\t\t\t\t<div class=\"elementor-column elementor-col-100 elementor-top-column elementor-element elementor-element-a553ac8\" data-id=\"a553ac8\" data-element_type=\"column\">\n\t\t\t<div class=\"elementor-widget-wrap elementor-element-populated\">\n\t\t\t\t\t\t<div class=\"elementor-element elementor-element-6df88e2 elementor-widget elementor-widget-wp-widget-ufsm_noticias_widget\" data-id=\"6df88e2\" data-element_type=\"widget\" data-widget_type=\"wp-widget-ufsm_noticias_widget.default\">\n\t\t\t\t<div class=\"elementor-widget-container\">\n\t\t\t<h5 class='titulo-conteudos'>\u00daltimas not\u00edcias - UFSM<\/h5><div class='widget-noticias-inside'>\n                        <div class=\"row\">\n                                    <div class=\"col-12 col-lg-3 pb-4\">\n                                        \n                                        \n                    \n                    <a class=\"noticias-widget-title d-block \"  title=\"Curta-metragem \u201cA Travessia de Maria\u201d estreia na quarta-feira (9) no Cineclube da Boca\" href=\"https:\/\/www.ufsm.br\/2026\/09\/04\/curta-metragem-a-travessia-de-maria-estreia-na-quarta-feira-9-no-cineclube-da-boca\">\n                                                Curta-metragem \u201cA Travessia de Maria\u201d estreia na quarta-feira (9) no Cineclube da Boca                    <\/a>\n                    \n                                            <div class=\"noticias-widget-introtext\">\n                            O filme de estreia de Victor Mascarenhas prop\u00f5e um olhar sens\u00edvel sobre mem\u00f3ria, envelhecimento e&hellip;                        <\/div>\n                    \n                                        \n                                        \n                                            \n                                                    <div title=\"Publicado em 04\/09\/2026 \" class=\"data-publicacao-widget\">\n                                <i  class=\"far fa-clock\"><\/i>\n                                04\/09\/2026                             <\/div>\n                                                                <\/div>\n                                    <div class=\"col-12 col-lg-3 pb-4\">\n                                        \n                                        \n                    \n                    <a class=\"noticias-widget-title d-block \"  title=\"Desapego: espet\u00e1culo\u00a0questiona press\u00f5es impostas pelos pap\u00e9is sociais\" href=\"https:\/\/www.ufsm.br\/2026\/09\/04\/desapego\">\n                                                Desapego: espet\u00e1culo\u00a0questiona press\u00f5es impostas pelos pap\u00e9is sociais                    <\/a>\n                    \n                                            <div class=\"noticias-widget-introtext\">\n                            Cia L\u00e1pis de Seda tamb\u00e9m ofereceu oficina de dan\u00e7a inclusiva para pessoas com defici\u00eancia                        <\/div>\n                    \n                                        \n                                        \n                                            \n                                                    <div title=\"Publicado em 04\/09\/2026 \" class=\"data-publicacao-widget\">\n                                <i  class=\"far fa-clock\"><\/i>\n                                04\/09\/2026                             <\/div>\n                                                                <\/div>\n                                    <div class=\"col-12 col-lg-3 pb-4\">\n                                        \n                                        \n                    \n                    <a class=\"noticias-widget-title d-block \"  title=\"Nota de Pesar \u2013 Carmen Bender\" href=\"https:\/\/www.ufsm.br\/2026\/09\/04\/nota-de-pesar-carmen-bender\">\n                                                Nota de Pesar \u2013 Carmen Bender                    <\/a>\n                    \n                                            <div class=\"noticias-widget-introtext\">\n                            Com pesar, comunicamos o falecimento da professora aposentada Carmen Bender, ocorrido nesta quinta-feira (3). Carmen&hellip;                        <\/div>\n                    \n                                        \n                                        \n                                            \n                                                    <div title=\"Publicado em 04\/09\/2026 \" class=\"data-publicacao-widget\">\n                                <i  class=\"far fa-clock\"><\/i>\n                                04\/09\/2026                             <\/div>\n                                                                <\/div>\n                                    <div class=\"col-12 col-lg-3 pb-4\">\n                                        \n                                        \n                    \n                    <a class=\"noticias-widget-title d-block \"  title=\"Projeto \u201cConversando sobre Teoria Pol\u00edtica\u201d realiza encontros sobre comportamento eleitoral\" href=\"https:\/\/www.ufsm.br\/2026\/09\/03\/projeto-conversando-sobre-teoria-politica-realiza-encontros-sobre-comportamento-eleitoral\">\n                                                Projeto \u201cConversando sobre Teoria Pol\u00edtica\u201d realiza encontros sobre comportamento eleitoral                    <\/a>\n                    \n                                            <div class=\"noticias-widget-introtext\">\n                            Nesta edi\u00e7\u00e3o, o projeto vai analisar o comportamento dos brasileiros nas elei\u00e7\u00f5es de 2026                        <\/div>\n                    \n                                        \n                                        \n                                            \n                                                    <div title=\"Publicado em 03\/09\/2026 \" class=\"data-publicacao-widget\">\n                                <i  class=\"far fa-clock\"><\/i>\n                                03\/09\/2026                             <\/div>\n                                                                <\/div>\n                            <\/div>\n            <\/div>\n\t\t<\/div>\n\t\t\t\t<\/div>\n\t\t\t\t\t<\/div>\n\t\t<\/div>\n\t\t\t\t\t<\/div>\n\t\t<\/section>\n\t\t\t\t<\/div>\n\t\t","protected":false},"excerpt":{"rendered":"<p>Apresenta\u00e7\u00e3o \u00a0 A Coordenadoria de A\u00e7\u00f5es Educacionais (CAED) , subunidade administrativa vinculada \u00e0 Pr\u00f3-Reitoria de Gradua\u00e7\u00e3o, desenvolve a\u00e7\u00f5es de apoio junto ao p\u00fablico\u00a0 da UFSM. O trabalho desenvolvido visa, de modo geral, o acesso e a perman\u00eancia\u00a0dos estudantes na Institui\u00e7\u00e3o, a promo\u00e7\u00e3o da aprendizagem, a acessibilidade,\u00a0as a\u00e7\u00f5es afirmativas\u00a0e a promo\u00e7\u00e3o de a\u00e7\u00f5es na \u00e1rea da\u00a0educa\u00e7\u00e3o-sa\u00fade. [&hellip;]<\/p>\n","protected":false},"author":47,"featured_media":764,"parent":0,"menu_order":0,"comment_status":"closed","ping_status":"closed","template":"","meta":{"footnotes":""},"categories":[],"tags":[],"class_list":["post-144","page","type-page","status-publish","has-post-thumbnail","hentry"],"acf":[],"_links":{"self":[{"href":"https:\/\/www.ufsm.br\/pro-reitorias\/prograd\/caed\/wp-json\/wp\/v2\/pages\/144","targetHints":{"allow":["GET"]}}],"collection":[{"href":"https:\/\/www.ufsm.br\/pro-reitorias\/prograd\/caed\/wp-json\/wp\/v2\/pages"}],"about":[{"href":"https:\/\/www.ufsm.br\/pro-reitorias\/prograd\/caed\/wp-json\/wp\/v2\/types\/page"}],"author":[{"embeddable":true,"href":"https:\/\/www.ufsm.br\/pro-reitorias\/prograd\/caed\/wp-json\/wp\/v2\/users\/47"}],"replies":[{"embeddable":true,"href":"https:\/\/www.ufsm.br\/pro-reitorias\/prograd\/caed\/wp-json\/wp\/v2\/comments?post=144"}],"version-history":[{"count":0,"href":"https:\/\/www.ufsm.br\/pro-reitorias\/prograd\/caed\/wp-json\/wp\/v2\/pages\/144\/revisions"}],"wp:featuredmedia":[{"embeddable":true,"href":"https:\/\/www.ufsm.br\/pro-reitorias\/prograd\/caed\/wp-json\/wp\/v2\/media\/764"}],"wp:attachment":[{"href":"https:\/\/www.ufsm.br\/pro-reitorias\/prograd\/caed\/wp-json\/wp\/v2\/media?parent=144"}],"wp:term":[{"taxonomy":"category","embeddable":true,"href":"https:\/\/www.ufsm.br\/pro-reitorias\/prograd\/caed\/wp-json\/wp\/v2\/categories?post=144"},{"taxonomy":"post_tag","embeddable":true,"href":"https:\/\/www.ufsm.br\/pro-reitorias\/prograd\/caed\/wp-json\/wp\/v2\/tags?post=144"}],"curies":[{"name":"wp","href":"https:\/\/api.w.org\/{rel}","templated":true}]}}