{"id":27001,"date":"2026-06-08T10:24:54","date_gmt":"2026-06-08T13:24:54","guid":{"rendered":"https:\/\/www.ufsm.br\/pro-reitorias\/prograd\/?page_id=27001"},"modified":"2026-08-31T10:31:00","modified_gmt":"2026-08-31T13:31:00","slug":"sobre-o-ingresso","status":"publish","type":"page","link":"https:\/\/www.ufsm.br\/pro-reitorias\/prograd\/ingresse-na-ufsm\/sobre-o-ingresso","title":{"rendered":"Sobre o Ingresso"},"content":{"rendered":"\t\t<div data-elementor-type=\"wp-page\" data-elementor-id=\"27001\" class=\"elementor elementor-27001\">\n\t\t\t\t\t\t<section class=\"elementor-section elementor-top-section elementor-element elementor-element-f491c41 elementor-section-boxed elementor-section-height-default elementor-section-height-default\" data-id=\"f491c41\" data-element_type=\"section\">\n\t\t\t\t\t\t<div class=\"elementor-container elementor-column-gap-default\">\n\t\t\t\t\t<div class=\"elementor-column elementor-col-100 elementor-top-column elementor-element elementor-element-a8d6c74\" data-id=\"a8d6c74\" data-element_type=\"column\">\n\t\t\t<div class=\"elementor-widget-wrap elementor-element-populated\">\n\t\t\t\t\t\t<div class=\"elementor-element elementor-element-f249868 elementor-widget elementor-widget-text-editor\" data-id=\"f249868\" data-element_type=\"widget\" data-widget_type=\"text-editor.default\">\n\t\t\t\t<div class=\"elementor-widget-container\">\n\t\t\t\t\t\t\t<p>Os processos seletivos de ingresso nos cursos de gradua\u00e7\u00e3o da UFSM s\u00e3o regulamentados pela Resolu\u00e7\u00e3o UFSM n. 125, de 19 de abril de 2023, e organizados a partir de 4 (quatro) tipos de vagas: origin\u00e1rias, complementares, suplementares e n\u00e3o origin\u00e1rias.<\/p><ul><li><strong>Vagas Origin\u00e1rias:<\/strong> \u00c9 a oferta principal da universidade, autorizada pelo MEC. Dependendo do curso, a entrada pode ser anual ou semestral.<\/li><li><strong>Vagas Complementares<\/strong>: Sabe as vagas regulares que sobram depois de todas as chamadas do Vestibular, PSS e SiSU? Elas viram &#8220;vagas complementares&#8221; e s\u00e3o ofertadas semestralmente por meio de edital pr\u00f3prio.<\/li><li><strong>Vagas Suplementares (P\u00fablicos Espec\u00edficos)<\/strong>: Vagas extras que n\u00e3o alteram a oferta regular. S\u00e3o voltadas para p\u00fablicos espec\u00edficos e limitadas a at\u00e9 5% do total de cada curso, dependendo de aprova\u00e7\u00e3o do Colegiado.<\/li><li><strong>Vagas N\u00e3o Origin\u00e1rias<\/strong>: S\u00e3o vagas que surgem ao longo de cada ano decorrentes de desvincula\u00e7\u00f5es ou transfer\u00eancias. O edital relacionado sai todo semestre e \u00e9 voltado para quem quer voltar a estudar ou mudar de curso.<\/li><\/ul>\t\t\t\t\t\t<\/div>\n\t\t\t\t<\/div>\n\t\t\t\t<div class=\"elementor-element elementor-element-acb15db elementor-widget elementor-widget-text-editor\" data-id=\"acb15db\" data-element_type=\"widget\" data-widget_type=\"text-editor.default\">\n\t\t\t\t<div class=\"elementor-widget-container\">\n\t\t\t\t\t\t\t<p><span style=\"color: #000000; font-size: 1rem;\">Confira o funcionamento dos processos seletivos nos cards que seguem.<\/span><\/p>\t\t\t\t\t\t<\/div>\n\t\t\t\t<\/div>\n\t\t\t\t\t<\/div>\n\t\t<\/div>\n\t\t\t\t\t<\/div>\n\t\t<\/section>\n\t\t\t\t<section class=\"elementor-section elementor-top-section elementor-element elementor-element-91e0a85 elementor-section-boxed elementor-section-height-default elementor-section-height-default\" data-id=\"91e0a85\" data-element_type=\"section\">\n\t\t\t\t\t\t<div class=\"elementor-container elementor-column-gap-default\">\n\t\t\t\t\t<div class=\"elementor-column elementor-col-100 elementor-top-column elementor-element elementor-element-aed13f4\" data-id=\"aed13f4\" data-element_type=\"column\">\n\t\t\t<div class=\"elementor-widget-wrap elementor-element-populated\">\n\t\t\t\t\t\t<section class=\"elementor-section elementor-inner-section elementor-element elementor-element-2b10cf2 elementor-section-boxed elementor-section-height-default elementor-section-height-default\" data-id=\"2b10cf2\" data-element_type=\"section\">\n\t\t\t\t\t\t<div class=\"elementor-container elementor-column-gap-default\">\n\t\t\t\t\t<div class=\"elementor-column elementor-col-25 elementor-inner-column elementor-element elementor-element-06bee06\" data-id=\"06bee06\" data-element_type=\"column\">\n\t\t\t<div class=\"elementor-widget-wrap elementor-element-populated\">\n\t\t\t\t\t\t<div class=\"elementor-element elementor-element-0fba0a1 elementor-widget elementor-widget-heading\" data-id=\"0fba0a1\" data-element_type=\"widget\" data-widget_type=\"heading.default\">\n\t\t\t\t<div class=\"elementor-widget-container\">\n\t\t\t<h1 class=\"elementor-heading-title elementor-size-default\">Vagas Origin\u00e1rias<\/h1>\t\t<\/div>\n\t\t\t\t<\/div>\n\t\t\t\t<div class=\"elementor-element elementor-element-d16383b elementor-widget elementor-widget-text-editor\" data-id=\"d16383b\" data-element_type=\"widget\" data-widget_type=\"text-editor.default\">\n\t\t\t\t<div class=\"elementor-widget-container\">\n\t\t\t\t\t\t\t<ul><li>Seriado<\/li><li>Vestibular<\/li><li>SiSU \u2013 Sistema de Sele\u00e7\u00e3o Unificado<\/li><li>PEG \u2013 Programa Especial de Gradua\u00e7\u00e3o de Forma\u00e7\u00e3o de Professores para a Educa\u00e7\u00e3o Profissional<\/li><li>M\u00fasica *<\/li><\/ul>\t\t\t\t\t\t<\/div>\n\t\t\t\t<\/div>\n\t\t\t\t<div class=\"elementor-element elementor-element-1788507 elementor-widget elementor-widget-text-editor\" data-id=\"1788507\" data-element_type=\"widget\" data-widget_type=\"text-editor.default\">\n\t\t\t\t<div class=\"elementor-widget-container\">\n\t\t\t\t\t\t\t<p><i style=\"font-size: 12px !important; color: #666;\">* Candidatos(as) aos cursos de M\u00fasica Bacharelado, M\u00fasica Licenciatura e M\u00fasica e Tecnologia participam tamb\u00e9m de uma Prova de Conhecimentos Espec\u00edficos, de forma complementar ao processo seletivo em que se inscreveram.<\/i><\/p>\t\t\t\t\t\t<\/div>\n\t\t\t\t<\/div>\n\t\t\t\t\t<\/div>\n\t\t<\/div>\n\t\t\t\t<div class=\"elementor-column elementor-col-25 elementor-inner-column elementor-element elementor-element-0805e06\" data-id=\"0805e06\" data-element_type=\"column\">\n\t\t\t<div class=\"elementor-widget-wrap elementor-element-populated\">\n\t\t\t\t\t\t<div class=\"elementor-element elementor-element-31fe44a elementor-widget elementor-widget-heading\" data-id=\"31fe44a\" data-element_type=\"widget\" data-widget_type=\"heading.default\">\n\t\t\t\t<div class=\"elementor-widget-container\">\n\t\t\t<h1 class=\"elementor-heading-title elementor-size-default\">Vagas Complementares<\/h1>\t\t<\/div>\n\t\t\t\t<\/div>\n\t\t\t\t<div class=\"elementor-element elementor-element-5724380 elementor-widget elementor-widget-text-editor\" data-id=\"5724380\" data-element_type=\"widget\" data-widget_type=\"text-editor.default\">\n\t\t\t\t<div class=\"elementor-widget-container\">\n\t\t\t\t\t\t\t<p>Edital de vagas complementares (vagas que n\u00e3o foram preenchidas nas chamadas regulares e orais da lista de espera do Seriado, do Vestibular e do SiSU).<\/p>\t\t\t\t\t\t<\/div>\n\t\t\t\t<\/div>\n\t\t\t\t\t<\/div>\n\t\t<\/div>\n\t\t\t\t<div class=\"elementor-column elementor-col-25 elementor-inner-column elementor-element elementor-element-f13197e\" data-id=\"f13197e\" data-element_type=\"column\">\n\t\t\t<div class=\"elementor-widget-wrap elementor-element-populated\">\n\t\t\t\t\t\t<div class=\"elementor-element elementor-element-fc1c5a4 elementor-widget elementor-widget-heading\" data-id=\"fc1c5a4\" data-element_type=\"widget\" data-widget_type=\"heading.default\">\n\t\t\t\t<div class=\"elementor-widget-container\">\n\t\t\t<h1 class=\"elementor-heading-title elementor-size-default\">Vagas Suplementares<\/h1>\t\t<\/div>\n\t\t\t\t<\/div>\n\t\t\t\t<div class=\"elementor-element elementor-element-19431b3 elementor-widget elementor-widget-text-editor\" data-id=\"19431b3\" data-element_type=\"widget\" data-widget_type=\"text-editor.default\">\n\t\t\t\t<div class=\"elementor-widget-container\">\n\t\t\t\t\t\t\t<ul><li>Ind\u00edgena<\/li><li>Pessoas de Comunidades Quilombolas<\/li><li>Refugiados e Imigrantes em Situa\u00e7\u00e3o de Vulnerabilidade<\/li><li>Pessoas com Defici\u00eancia<\/li><li>Pessoas Transg\u00eanero<\/li><li>Medalhistas em Competi\u00e7\u00f5es de Conhecimento<\/li><li>Atletas de Alto Rendimento<\/li><li>Pessoas de 60 anos ou Mais<\/li><\/ul>\t\t\t\t\t\t<\/div>\n\t\t\t\t<\/div>\n\t\t\t\t\t<\/div>\n\t\t<\/div>\n\t\t\t\t<div class=\"elementor-column elementor-col-25 elementor-inner-column elementor-element elementor-element-24bab51\" data-id=\"24bab51\" data-element_type=\"column\">\n\t\t\t<div class=\"elementor-widget-wrap elementor-element-populated\">\n\t\t\t\t\t\t<div class=\"elementor-element elementor-element-e2bd549 elementor-widget elementor-widget-heading\" data-id=\"e2bd549\" data-element_type=\"widget\" data-widget_type=\"heading.default\">\n\t\t\t\t<div class=\"elementor-widget-container\">\n\t\t\t<p class=\"elementor-heading-title elementor-size-default\">Vagas N\u00e3o Origin\u00e1rias<\/p>\t\t<\/div>\n\t\t\t\t<\/div>\n\t\t\t\t<div class=\"elementor-element elementor-element-7679eab elementor-widget elementor-widget-text-editor\" data-id=\"7679eab\" data-element_type=\"widget\" data-widget_type=\"text-editor.default\">\n\t\t\t\t<div class=\"elementor-widget-container\">\n\t\t\t\t\t\t\t<div>Ingresso e Reingresso nas seguintes modalidades:<\/div><ul><li>Reingresso<\/li><li>Transfer\u00eancia Interna<\/li><li>Transfer\u00eancia Externa<\/li><li>Portador de Diploma<\/li><li>Reingresso com Transfer\u00eancia Interna<\/li><\/ul>\t\t\t\t\t\t<\/div>\n\t\t\t\t<\/div>\n\t\t\t\t\t<\/div>\n\t\t<\/div>\n\t\t\t\t\t<\/div>\n\t\t<\/section>\n\t\t\t\t\t<\/div>\n\t\t<\/div>\n\t\t\t\t\t<\/div>\n\t\t<\/section>\n\t\t\t\t<section class=\"elementor-section elementor-top-section elementor-element elementor-element-dacf64c elementor-hidden-desktop elementor-hidden-tablet elementor-hidden-mobile elementor-section-boxed elementor-section-height-default elementor-section-height-default\" data-id=\"dacf64c\" data-element_type=\"section\">\n\t\t\t\t\t\t<div class=\"elementor-container elementor-column-gap-default\">\n\t\t\t\t\t<div class=\"elementor-column elementor-col-100 elementor-top-column elementor-element elementor-element-b8d3329\" data-id=\"b8d3329\" data-element_type=\"column\">\n\t\t\t<div class=\"elementor-widget-wrap elementor-element-populated\">\n\t\t\t\t\t\t<div class=\"elementor-element elementor-element-ba9ee19 elementor-widget elementor-widget-image\" data-id=\"ba9ee19\" data-element_type=\"widget\" data-widget_type=\"image.default\">\n\t\t\t\t<div class=\"elementor-widget-container\">\n\t\t\t\t\t\t\t\t\t\t\t\t\t<img fetchpriority=\"high\" decoding=\"async\" width=\"1024\" height=\"576\" src=\"https:\/\/www.ufsm.br\/app\/uploads\/sites\/342\/2026\/07\/1-5-1024x576.jpg\" class=\"attachment-large size-large wp-image-27197\" alt=\"\" srcset=\"https:\/\/www.ufsm.br\/app\/uploads\/sites\/342\/2026\/07\/1-5-1024x576.jpg 1024w, https:\/\/www.ufsm.br\/app\/uploads\/sites\/342\/2026\/07\/1-5-300x169.jpg 300w, https:\/\/www.ufsm.br\/app\/uploads\/sites\/342\/2026\/07\/1-5-768x432.jpg 768w, https:\/\/www.ufsm.br\/app\/uploads\/sites\/342\/2026\/07\/1-5-1536x864.jpg 1536w, https:\/\/www.ufsm.br\/app\/uploads\/sites\/342\/2026\/07\/1-5.jpg 1920w\" sizes=\"(max-width: 1024px) 100vw, 1024px\" \/>\t\t\t\t\t\t\t\t\t\t\t\t\t<\/div>\n\t\t\t\t<\/div>\n\t\t\t\t\t<\/div>\n\t\t<\/div>\n\t\t\t\t\t<\/div>\n\t\t<\/section>\n\t\t\t\t<section class=\"elementor-section elementor-top-section elementor-element elementor-element-5fddce6 elementor-section-boxed elementor-section-height-default elementor-section-height-default\" data-id=\"5fddce6\" data-element_type=\"section\">\n\t\t\t\t\t\t<div class=\"elementor-container elementor-column-gap-default\">\n\t\t\t\t\t<div class=\"elementor-column elementor-col-100 elementor-top-column elementor-element elementor-element-75599e5\" data-id=\"75599e5\" data-element_type=\"column\">\n\t\t\t<div class=\"elementor-widget-wrap elementor-element-populated\">\n\t\t\t\t\t\t<div class=\"elementor-element elementor-element-538f590 elementor-widget elementor-widget-text-editor\" data-id=\"538f590\" data-element_type=\"widget\" data-widget_type=\"text-editor.default\">\n\t\t\t\t<div class=\"elementor-widget-container\">\n\t\t\t\t\t\t\t<p><span style=\"color: #000000; font-size: 16px;\">A maior parte das vagas da UFSM (vagas origin\u00e1rias) \u00e9 dividida em tr\u00eas grandes sele\u00e7\u00f5es:<\/span><\/p>\t\t\t\t\t\t<\/div>\n\t\t\t\t<\/div>\n\t\t\t\t\t<\/div>\n\t\t<\/div>\n\t\t\t\t\t<\/div>\n\t\t<\/section>\n\t\t\t\t<section class=\"elementor-section elementor-top-section elementor-element elementor-element-4973201 elementor-section-boxed elementor-section-height-default elementor-section-height-default\" data-id=\"4973201\" data-element_type=\"section\" data-settings=\"{&quot;background_background&quot;:&quot;classic&quot;}\">\n\t\t\t\t\t\t<div class=\"elementor-container elementor-column-gap-default\">\n\t\t\t\t\t<div class=\"elementor-column elementor-col-50 elementor-top-column elementor-element elementor-element-f8a39b1\" data-id=\"f8a39b1\" data-element_type=\"column\">\n\t\t\t<div class=\"elementor-widget-wrap elementor-element-populated\">\n\t\t\t\t\t\t<div class=\"elementor-element elementor-element-bf8b90d elementor-widget__width-initial elementor-widget elementor-widget-image\" data-id=\"bf8b90d\" data-element_type=\"widget\" data-widget_type=\"image.default\">\n\t\t\t\t<div class=\"elementor-widget-container\">\n\t\t\t\t\t\t\t\t\t\t\t\t\t<img decoding=\"async\" width=\"284\" height=\"284\" src=\"https:\/\/www.ufsm.br\/app\/uploads\/sites\/342\/2026\/08\/chart.png\" class=\"attachment-medium_large size-medium_large wp-image-27457\" alt=\"\" srcset=\"https:\/\/www.ufsm.br\/app\/uploads\/sites\/342\/2026\/08\/chart.png 284w, https:\/\/www.ufsm.br\/app\/uploads\/sites\/342\/2026\/08\/chart-150x150.png 150w\" sizes=\"(max-width: 284px) 100vw, 284px\" \/>\t\t\t\t\t\t\t\t\t\t\t\t\t<\/div>\n\t\t\t\t<\/div>\n\t\t\t\t\t<\/div>\n\t\t<\/div>\n\t\t\t\t<div class=\"elementor-column elementor-col-50 elementor-top-column elementor-element elementor-element-05c9830\" data-id=\"05c9830\" data-element_type=\"column\">\n\t\t\t<div class=\"elementor-widget-wrap elementor-element-populated\">\n\t\t\t\t\t\t<div class=\"elementor-element elementor-element-cc0ba38 elementor-widget elementor-widget-text-editor\" data-id=\"cc0ba38\" data-element_type=\"widget\" data-widget_type=\"text-editor.default\">\n\t\t\t\t<div class=\"elementor-widget-container\">\n\t\t\t\t\t\t\t<ul><li><b>30% via SiSU (utilizando a nota do ENEM)<\/b><\/li><li><b>30% via Vestibular<\/b><\/li><li><b>40% via PSS (Processo Seletivo Seriado)<\/b><\/li><\/ul>\t\t\t\t\t\t<\/div>\n\t\t\t\t<\/div>\n\t\t\t\t\t<\/div>\n\t\t<\/div>\n\t\t\t\t\t<\/div>\n\t\t<\/section>\n\t\t\t\t<section class=\"elementor-section elementor-top-section elementor-element elementor-element-63200c4 elementor-section-boxed elementor-section-height-default elementor-section-height-default\" data-id=\"63200c4\" data-element_type=\"section\">\n\t\t\t\t\t\t<div class=\"elementor-container elementor-column-gap-default\">\n\t\t\t\t\t<div class=\"elementor-column elementor-col-100 elementor-top-column elementor-element elementor-element-b5c1e57\" data-id=\"b5c1e57\" data-element_type=\"column\">\n\t\t\t<div class=\"elementor-widget-wrap elementor-element-populated\">\n\t\t\t\t\t\t<div class=\"elementor-element elementor-element-fb45837 elementor-widget elementor-widget-text-editor\" data-id=\"fb45837\" data-element_type=\"widget\" data-widget_type=\"text-editor.default\">\n\t\t\t\t<div class=\"elementor-widget-container\">\n\t\t\t\t\t\t\t<p><span style=\"color: #000000; font-size: 16px;\">Sobrou vaga? Se essas sele\u00e7\u00f5es n\u00e3o preencherem todas as vagas ap\u00f3s as chamadas orais, a UFSM lan\u00e7a semestralmente o Edital de Vagas Complementares. Fique atento ao site, se voc\u00ea participou de alguns destes processos seletivos!<\/span><\/p>\t\t\t\t\t\t<\/div>\n\t\t\t\t<\/div>\n\t\t\t\t\t<\/div>\n\t\t<\/div>\n\t\t\t\t\t<\/div>\n\t\t<\/section>\n\t\t\t\t<section class=\"elementor-section elementor-top-section elementor-element elementor-element-1b4da91 elementor-hidden-mobile elementor-section-boxed elementor-section-height-default elementor-section-height-default\" data-id=\"1b4da91\" data-element_type=\"section\">\n\t\t\t\t\t\t<div class=\"elementor-container elementor-column-gap-default\">\n\t\t\t\t\t<div class=\"elementor-column elementor-col-100 elementor-top-column elementor-element elementor-element-17e2f31\" data-id=\"17e2f31\" data-element_type=\"column\">\n\t\t\t<div class=\"elementor-widget-wrap elementor-element-populated\">\n\t\t\t\t\t\t<div class=\"elementor-element elementor-element-5b4714e elementor-widget__width-initial elementor-widget elementor-widget-image\" data-id=\"5b4714e\" data-element_type=\"widget\" data-widget_type=\"image.default\">\n\t\t\t\t<div class=\"elementor-widget-container\">\n\t\t\t\t\t\t\t\t\t\t\t\t\t<img decoding=\"async\" width=\"1672\" height=\"941\" src=\"https:\/\/www.ufsm.br\/app\/uploads\/sites\/342\/2026\/08\/32145dd3-f9e0-4976-b1ba-e1312da541c0.jpg\" class=\"attachment-full size-full wp-image-27508\" alt=\"\" srcset=\"https:\/\/www.ufsm.br\/app\/uploads\/sites\/342\/2026\/08\/32145dd3-f9e0-4976-b1ba-e1312da541c0.jpg 1672w, https:\/\/www.ufsm.br\/app\/uploads\/sites\/342\/2026\/08\/32145dd3-f9e0-4976-b1ba-e1312da541c0-300x169.jpg 300w, https:\/\/www.ufsm.br\/app\/uploads\/sites\/342\/2026\/08\/32145dd3-f9e0-4976-b1ba-e1312da541c0-1024x576.jpg 1024w, https:\/\/www.ufsm.br\/app\/uploads\/sites\/342\/2026\/08\/32145dd3-f9e0-4976-b1ba-e1312da541c0-768x432.jpg 768w, https:\/\/www.ufsm.br\/app\/uploads\/sites\/342\/2026\/08\/32145dd3-f9e0-4976-b1ba-e1312da541c0-1536x864.jpg 1536w\" sizes=\"(max-width: 1672px) 100vw, 1672px\" \/>\t\t\t\t\t\t\t\t\t\t\t\t\t<\/div>\n\t\t\t\t<\/div>\n\t\t\t\t\t<\/div>\n\t\t<\/div>\n\t\t\t\t\t<\/div>\n\t\t<\/section>\n\t\t\t\t<section class=\"elementor-section elementor-top-section elementor-element elementor-element-5f78eee elementor-hidden-desktop elementor-hidden-tablet elementor-section-boxed elementor-section-height-default elementor-section-height-default\" data-id=\"5f78eee\" data-element_type=\"section\">\n\t\t\t\t\t\t<div class=\"elementor-container elementor-column-gap-default\">\n\t\t\t\t\t<div class=\"elementor-column elementor-col-100 elementor-top-column elementor-element elementor-element-fb236eb\" data-id=\"fb236eb\" data-element_type=\"column\">\n\t\t\t<div class=\"elementor-widget-wrap elementor-element-populated\">\n\t\t\t\t\t\t<div class=\"elementor-element elementor-element-2b01062 elementor-widget__width-initial elementor-widget elementor-widget-image\" data-id=\"2b01062\" data-element_type=\"widget\" data-widget_type=\"image.default\">\n\t\t\t\t<div class=\"elementor-widget-container\">\n\t\t\t\t\t\t\t\t\t\t\t\t\t<img loading=\"lazy\" decoding=\"async\" width=\"862\" height=\"1824\" src=\"https:\/\/www.ufsm.br\/app\/uploads\/sites\/342\/2026\/08\/Frame-37-1.jpg\" class=\"attachment-full size-full wp-image-27570\" alt=\"\" srcset=\"https:\/\/www.ufsm.br\/app\/uploads\/sites\/342\/2026\/08\/Frame-37-1.jpg 862w, https:\/\/www.ufsm.br\/app\/uploads\/sites\/342\/2026\/08\/Frame-37-1-142x300.jpg 142w, https:\/\/www.ufsm.br\/app\/uploads\/sites\/342\/2026\/08\/Frame-37-1-484x1024.jpg 484w, https:\/\/www.ufsm.br\/app\/uploads\/sites\/342\/2026\/08\/Frame-37-1-768x1625.jpg 768w, https:\/\/www.ufsm.br\/app\/uploads\/sites\/342\/2026\/08\/Frame-37-1-726x1536.jpg 726w\" sizes=\"(max-width: 862px) 100vw, 862px\" \/>\t\t\t\t\t\t\t\t\t\t\t\t\t<\/div>\n\t\t\t\t<\/div>\n\t\t\t\t\t<\/div>\n\t\t<\/div>\n\t\t\t\t\t<\/div>\n\t\t<\/section>\n\t\t\t\t<section class=\"elementor-section elementor-top-section elementor-element elementor-element-93d0a17 elementor-section-boxed elementor-section-height-default elementor-section-height-default\" data-id=\"93d0a17\" data-element_type=\"section\">\n\t\t\t\t\t\t<div class=\"elementor-container elementor-column-gap-default\">\n\t\t\t\t\t<div class=\"elementor-column elementor-col-100 elementor-top-column elementor-element elementor-element-b540de7\" data-id=\"b540de7\" data-element_type=\"column\">\n\t\t\t<div class=\"elementor-widget-wrap elementor-element-populated\">\n\t\t\t\t\t\t<div class=\"elementor-element elementor-element-edb7d2b elementor-widget elementor-widget-text-editor\" data-id=\"edb7d2b\" data-element_type=\"widget\" data-widget_type=\"text-editor.default\">\n\t\t\t\t<div class=\"elementor-widget-container\">\n\t\t\t\t\t\t\t<p><strong>Contato<\/strong><\/p><p>N\u00facleo de Ingresso e Sele\u00e7\u00e3o Acad\u00eamicos (NISA)<br \/><strong>E-mail<\/strong>: falecom@nisa.ufsm.br<br \/><strong>Fone<\/strong>: (55) 3220-8170 <\/p>\t\t\t\t\t\t<\/div>\n\t\t\t\t<\/div>\n\t\t\t\t\t<\/div>\n\t\t<\/div>\n\t\t\t\t\t<\/div>\n\t\t<\/section>\n\t\t\t\t<\/div>\n\t\t","protected":false},"excerpt":{"rendered":"<p>Os processos seletivos de ingresso nos cursos de gradua\u00e7\u00e3o da UFSM s\u00e3o regulamentados pela Resolu\u00e7\u00e3o UFSM n. 125, de 19 de abril de 2023, e organizados a partir de 4 (quatro) tipos de vagas: origin\u00e1rias, complementares, suplementares e n\u00e3o origin\u00e1rias. Vagas Origin\u00e1rias: \u00c9 a oferta principal da universidade, autorizada pelo MEC. Dependendo do curso, a [&hellip;]<\/p>\n","protected":false},"author":8586,"featured_media":0,"parent":17491,"menu_order":0,"comment_status":"closed","ping_status":"closed","template":"","meta":{"footnotes":""},"categories":[],"tags":[],"class_list":["post-27001","page","type-page","status-publish","hentry"],"acf":[],"_links":{"self":[{"href":"https:\/\/www.ufsm.br\/pro-reitorias\/prograd\/wp-json\/wp\/v2\/pages\/27001","targetHints":{"allow":["GET"]}}],"collection":[{"href":"https:\/\/www.ufsm.br\/pro-reitorias\/prograd\/wp-json\/wp\/v2\/pages"}],"about":[{"href":"https:\/\/www.ufsm.br\/pro-reitorias\/prograd\/wp-json\/wp\/v2\/types\/page"}],"author":[{"embeddable":true,"href":"https:\/\/www.ufsm.br\/pro-reitorias\/prograd\/wp-json\/wp\/v2\/users\/8586"}],"replies":[{"embeddable":true,"href":"https:\/\/www.ufsm.br\/pro-reitorias\/prograd\/wp-json\/wp\/v2\/comments?post=27001"}],"version-history":[{"count":0,"href":"https:\/\/www.ufsm.br\/pro-reitorias\/prograd\/wp-json\/wp\/v2\/pages\/27001\/revisions"}],"up":[{"embeddable":true,"href":"https:\/\/www.ufsm.br\/pro-reitorias\/prograd\/wp-json\/wp\/v2\/pages\/17491"}],"wp:attachment":[{"href":"https:\/\/www.ufsm.br\/pro-reitorias\/prograd\/wp-json\/wp\/v2\/media?parent=27001"}],"wp:term":[{"taxonomy":"category","embeddable":true,"href":"https:\/\/www.ufsm.br\/pro-reitorias\/prograd\/wp-json\/wp\/v2\/categories?post=27001"},{"taxonomy":"post_tag","embeddable":true,"href":"https:\/\/www.ufsm.br\/pro-reitorias\/prograd\/wp-json\/wp\/v2\/tags?post=27001"}],"curies":[{"name":"wp","href":"https:\/\/api.w.org\/{rel}","templated":true}]}}