{"id":27016,"date":"2026-06-08T10:40:53","date_gmt":"2026-06-08T13:40:53","guid":{"rendered":"https:\/\/www.ufsm.br\/pro-reitorias\/prograd\/?page_id=27016"},"modified":"2026-08-27T14:10:22","modified_gmt":"2026-08-27T17:10:22","slug":"processos-seletivos","status":"publish","type":"page","link":"https:\/\/www.ufsm.br\/pro-reitorias\/prograd\/ingresse-na-ufsm\/processos-seletivos","title":{"rendered":"Processos Seletivos"},"content":{"rendered":"\t\t<div data-elementor-type=\"wp-page\" data-elementor-id=\"27016\" class=\"elementor elementor-27016\">\n\t\t\t\t\t\t<section class=\"elementor-section elementor-top-section elementor-element elementor-element-37fed6d elementor-section-boxed elementor-section-height-default elementor-section-height-default\" data-id=\"37fed6d\" data-element_type=\"section\">\n\t\t\t\t\t\t<div class=\"elementor-container elementor-column-gap-default\">\n\t\t\t\t\t<div class=\"elementor-column elementor-col-100 elementor-top-column elementor-element elementor-element-da8aa78\" data-id=\"da8aa78\" data-element_type=\"column\">\n\t\t\t<div class=\"elementor-widget-wrap elementor-element-populated\">\n\t\t\t\t\t\t<div class=\"elementor-element elementor-element-81ebc5d elementor-widget elementor-widget-html\" data-id=\"81ebc5d\" data-element_type=\"widget\" data-widget_type=\"html.default\">\n\t\t\t\t<div class=\"elementor-widget-container\">\n\t\t\t<details class=\"nisa-processos-seletivos\">\n    <summary>Processo Seletivo Seriado (PSS)<\/summary>\n    <div class=\"nisa-processos-seletivos__accordeon\">\n        <p>O Processo Seletivo Seriado (PSS) consiste em uma avalia\u00e7\u00e3o multidisciplinar anual, aplicada ao final de cada ano do ensino m\u00e9dio, em tr\u00eas etapas consecutivas (PSS1, PSS2, PSS3). Corresponde a um total de 40% (quarenta por cento) das vagas origin\u00e1rias dos cursos de gradua\u00e7\u00e3o. As provas s\u00e3o aplicadas em Santa Maria e em diversos outros munic\u00edpios do Rio Grande do Sul, al\u00e9m de Curitiba (PR) e Florian\u00f3polis (SC).<\/p>\n        <div class=\"nisa-processos-seletivos__accordeon__links\">\n            <a><i class=\"far fa-file-alt\"><\/i>Editais (em breve)<\/a>\n            <a href=\"https:\/\/www.ufsm.br\/pro-reitorias\/prograd\/ingresse-na-ufsm\/central-de-ajuda\"><i class=\"far fa-question-circle\"><\/i>Central de Ajuda<\/a>\n        <\/div>\n        <div class=\"nisa-processos-seletivos__accordeon__contato\">\n            <h6>Contato<\/h6>\n            <a href=\"mailto:falecom@nisa.ufsm.br\">falecom@nisa.ufsm.br<\/a>\n            <p class=\"nisa-processos-seletivos__accordeon__nome\">N\u00facleo de Ingresso e Sele\u00e7\u00e3o Acad\u00eamicos (NISA)<\/p>  \n        <\/div>\n        <div class=\"nisa-processos-seletivos__accordeon__contato\">\n            <h6>Provas e Editais Anteriores<\/h6>\n            <ul>\n \t<li><a href=\"https:\/\/www.ufsm.br\/pro-reitorias\/prograd\/editais\/050-2025\" rel=\"bookmark\">Processo Seletivo Seriado UFSM 2026<\/a><\/li>\n \t<li><a href=\"https:\/\/www.ufsm.br\/pro-reitorias\/prograd\/editais\/083-2024\" rel=\"bookmark\">Processo Seletivo Seriado UFSM 2025<\/a><\/li>\n \t<li><a href=\"https:\/\/www.ufsm.br\/pro-reitorias\/prograd\/editais\/130-2023\" rel=\"bookmark\">Processo Seletivo Seriado UFSM 2024\u00a0<\/a><\/li>\n<\/ul>\n        <\/div>\n    <\/div>\n<\/details>\n\n<details class=\"nisa-processos-seletivos\">\n    <summary>Vestibular<\/summary>\n    <div class=\"nisa-processos-seletivos__accordeon\">\n        <p>O Vestibular da UFSM consiste em uma avalia\u00e7\u00e3o multidisciplinar anual, que abrange conte\u00fados aplicados ao ensino m\u00e9dio. Corresponde a um total de 30% (trinta por cento) das vagas origin\u00e1rias dos cursos de gradua\u00e7\u00e3o. As provas s\u00e3o aplicadas em Santa Maria e em diversos outros munic\u00edpios do Rio Grande do Sul, al\u00e9m de Curitiba (PR) e Florian\u00f3polis (SC).<\/p>\n        \n        <div class=\"nisa-processos-seletivos__accordeon__links\">\n            <a><i class=\"far fa-file-alt\"><\/i>Editais (em breve)<\/a>\n            <a href=\"https:\/\/www.ufsm.br\/pro-reitorias\/prograd\/ingresse-na-ufsm\/central-de-ajuda\"><i class=\"far fa-question-circle\"><\/i>Central de Ajuda<\/a>\n        <\/div>\n        <div class=\"nisa-processos-seletivos__accordeon__contato\">\n            <h6>Contato<\/h6>\n            <a href=\"mailto:falecom@nisa.ufsm.br\">falecom@nisa.ufsm.br<\/a>\n            <p class=\"nisa-processos-seletivos__accordeon__nome\">N\u00facleo de Ingresso e Sele\u00e7\u00e3o Acad\u00eamicos (NISA)<\/p>\n        <\/div>\n        <div class=\"nisa-processos-seletivos__accordeon__contato\">\n            <h6>Provas e Editais Anteriores<\/h6>\n            <ul>\n \t<li><a href=\"https:\/\/www.ufsm.br\/pro-reitorias\/prograd\/editais\/049-2025\">Vestibular UFSM 2026<\/a><\/li>\n \t<li><a href=\"https:\/\/www.ufsm.br\/pro-reitorias\/prograd\/editais\/082-2024\">Vestibular UFSM 2025<\/a><\/li>\n \t<li><a href=\"https:\/\/www.ufsm.br\/pro-reitorias\/prograd\/editais\/131-2023\">Vestibular UFSM 2024<\/a><\/li>\n \t<li><a href=\"https:\/\/www.ufsm.br\/pro-reitorias\/prograd\/editais\/057-2023\">Vestibular Extraordin\u00e1rio UFSM 2023<\/a><\/li>\n<\/ul>\n        <\/div>\n    <\/div>\n<\/details>\n\n<details class=\"nisa-processos-seletivos\">\n    <summary>Sistema de Sele\u00e7\u00e3o Unificado (SiSU)<\/summary>\n    <div class=\"nisa-processos-seletivos__accordeon\">\n        <p>O Sistema de Sele\u00e7\u00e3o Unificado (SiSU) \u00e9 uma plataforma online e gratuita, gerenciada pelo Minist\u00e9rio da Educa\u00e7\u00e3o (MEC), que seleciona candidatos(as) aos cursos de gradua\u00e7\u00e3o das institui\u00e7\u00f5es federais p\u00fablicas valendo-se da nota das tr\u00eas \u00faltimas edi\u00e7\u00f5es do Exame Nacional do Ensino M\u00e9dio (ENEM). Na UFSM, o SISU corresponde a um total de 30% (trinta por cento) das vagas origin\u00e1rias dos cursos de gradua\u00e7\u00e3o, observados os semestres de ingresso definidos nos projetos pedag\u00f3gicos.<\/p>\n        <div class=\"nisa-processos-seletivos__accordeon__links\">\n            <a><i class=\"far fa-file-alt\"><\/i>Editais (em breve)<\/a>\n            <a href=\"https:\/\/www.ufsm.br\/pro-reitorias\/prograd\/ingresse-na-ufsm\/central-de-ajuda\"><i class=\"far fa-question-circle\"><\/i>Central de Ajuda<\/a>\n            <a href=\"https:\/\/www.ufsm.br\/pro-reitorias\/prograd\/sisu\/termos-de-adesao\"><i class=\"fas fa-clipboard-check\"><\/i>Termo de Ades\u00e3o<\/a>\n        <\/div>\n        <div class=\"nisa-processos-seletivos__accordeon__contato\">\n            <h6>Contato<\/h6>\n            <a href=\"mailto:falecom@nisa.ufsm.br\">falecom@nisa.ufsm.br<\/a>\n            <p class=\"nisa-processos-seletivos__accordeon__nome\">N\u00facleo de Ingresso e Sele\u00e7\u00e3o Acad\u00eamicos (NISA)<\/p>\n        <\/div>\n    <\/div>\n<\/details>\n\n<details class=\"nisa-processos-seletivos\">\n    <summary>Vagas Complementares<\/summary>\n    <div class=\"nisa-processos-seletivos__accordeon\">\n        <p>O processo seletivo de Vagas Complementares tem o objetivo de preencher vagas n\u00e3o ocupadas pelos principais processos seletivos da UFSM: SiSU, Processo Seriado e Vestibular.<\/p>\n        <div class=\"nisa-processos-seletivos__accordeon__links\">\n            <a><i class=\"far fa-file-alt\"><\/i>Editais (em breve)<\/a>\n            <a href=\"https:\/\/www.ufsm.br\/pro-reitorias\/prograd\/ingresse-na-ufsm\/central-de-ajuda\"><i class=\"far fa-question-circle\"><\/i>Central de Ajuda<\/a>\n        <\/div>\n        <div class=\"nisa-processos-seletivos__accordeon__contato\">\n            <h6>Contato<\/h6>\n            <a href=\"mailto:falecom@nisa.ufsm.br\">falecom@nisa.ufsm.br<\/a>\n            <p class=\"nisa-processos-seletivos__accordeon__nome\">N\u00facleo de Ingresso e Sele\u00e7\u00e3o Acad\u00eamicos (NISA)<\/p>\n        <\/div>\n        <div class=\"nisa-processos-seletivos__accordeon__contato\">\n            <h6>Provas e Editais Anteriores<\/h6>\n            <ul>\n<li><a href=\"https:\/\/www.ufsm.br\/pro-reitorias\/prograd\/editais\/013-2026\">Processo Seletivo Vagas Complementares UFSM 2026<\/a><\/li>\n<li><a href=\"https:\/\/www.ufsm.br\/pro-reitorias\/prograd\/editais\/045-2025\">Processo Seletivo Vagas Complementares UFSM 2\u00ba\/2025<\/a><\/li>\n<li><a href=\"https:\/\/www.ufsm.br\/pro-reitorias\/prograd\/editais\/017-2025\">Processo Seletivo Vagas Complementares UFSM\/2025<\/a><\/li>\n<li><a href=\"https:\/\/www.ufsm.br\/pro-reitorias\/prograd\/editais\/013-2025\">Vagas Complementares para Ingresso no Curso de Ci\u00eancia de Dados e Intelig\u00eancia Artificial \u2013 Bacharelao - Campus UFSM Cachoeira do Sul<\/a><\/li>\n<li class=\"my-2 py-2 editais-titulo\"><a href=\"https:\/\/www.ufsm.br\/pro-reitorias\/prograd\/editais\/062-2024\">Processo Seletivo Vagas Complementares UFSM 2\u00ba\/2024<\/a><\/li>\n<li><a href=\"https:\/\/www.ufsm.br\/pro-reitorias\/prograd\/editais\/032-2024\">Vagas Complementares dos Cursos Presenciais de Gradua\u00e7\u00e3o<\/a><\/li>\n<li><a href=\"https:\/\/www.ufsm.br\/pro-reitorias\/prograd\/editais\/039-2024\" target=\"_blank\" rel=\"noopener\">Vagas Complementares para Cursos EaD<\/a><\/li>\n<\/ul>\n        <\/div>\n    <\/div>\n<\/details>\n\n<details class=\"nisa-processos-seletivos\">\n    <summary>Processo Seletivo M\u00fasica e demais formas de ingresso nos cursos de M\u00fasica<\/summary>\n    <div class=\"nisa-processos-seletivos__accordeon\">\n        <p>O Processo Seletivo M\u00fasica \u00e9 um processo seletivo complementar \u00e0s demais formas de ingresso da UFSM, destinado exclusivamente ao preenchimento de vagas dos cursos de M\u00fasica Bacharelado, M\u00fasica Licenciatura e M\u00fasica e Tecnologia (Bacharelado). A classifica\u00e7\u00e3o dos(as) candidatos(as) \u00e9 realizada com base nas notas obtidas no Exame Nacional do Ensino M\u00e9dio (ENEM) e na Prova de Conhecimento Espec\u00edfico, conforme os crit\u00e9rios estabelecidos no edital.\nAl\u00e9m do Processo Seletivo M\u00fasica, a UFSM oferece outras formas de ingresso para esses cursos, conforme o curso e o per\u00edodo de oferta, como Vestibular, SiSU, Vagas Complementares e Ingresso e Reingresso. Cada processo possui edital pr\u00f3prio, com regras, cronograma e crit\u00e9rios de sele\u00e7\u00e3o espec\u00edficos.\n<\/p>\n        <div class=\"nisa-processos-seletivos__accordeon__links\">\n            <a><i class=\"far fa-file-alt\"><\/i>Editais (em breve)<\/a>\n            <a href=\"https:\/\/www.ufsm.br\/pro-reitorias\/prograd\/ingresse-na-ufsm\/central-de-ajuda\"><i class=\"far fa-question-circle\"><\/i>Central de Ajuda<\/a>\n            <a href=\"https:\/\/www.ufsm.br\/pro-reitorias\/prograd\/ingresse-na-ufsm\/musica\"><i class=\"fas fa-list\"><\/i>Mais Informa\u00e7\u00f5es<\/a>\n        <\/div>\n        <div class=\"nisa-processos-seletivos__accordeon__contato\">\n            <h6>Contato<\/h6>\n            <a href=\"mailto:coord.musica@ufsm.br\">falecom@nisa.ufsm.br<\/a>\n            <p class=\"nisa-processos-seletivos__accordeon__nome\">Informa\u00e7\u00f5es sobre o Processo Seletivo<\/p>\n            <a href=\"mailto:coord.musitec@ufsm.br\">coord.musitec@ufsm.br<\/a>\n            <p class=\"nisa-processos-seletivos__accordeon__nome\">Informa\u00e7\u00f5es sobre M\u00fasica \u2013 M\u00fasica e Tecnologia<\/p>\n            <a href=\"mailto:coord.musitec@ufsm.br\">coord.musitec@ufsm.br<\/a>\n            <p class=\"nisa-processos-seletivos__accordeon__nome\">Informa\u00e7\u00f5es sobre M\u00fasica \u2013 M\u00fasica e Tecnologia<\/p>\n        <\/div>\n    <\/div>\n<\/details>\n\n<details class=\"nisa-processos-seletivos\">\n    <summary>Vestibular EaD<\/summary>\n    <div class=\"nisa-processos-seletivos__accordeon\">\n        <p>O Vestibular EAD destina-se ao preenchimento exclusivo de vagas origin\u00e1rias dos cursos de gradua\u00e7\u00e3o semipresenciais. A periodicidade deste processo seletivo n\u00e3o \u00e9 regular, pois os cursos s\u00e3o vinculados \u00e0 Universidade Aberta do Brasil (UAB) e a abertura de novas turmas \u00e9 condicionada a editais externos do Minist\u00e9rio da Educa\u00e7\u00e3o (MEC). Quando realizado, pode consistir em uma prova de reda\u00e7\u00e3o ou considerar somente notas do Exame Nacional do Ensino M\u00e9dio (ENEM) ou do Exame Nacional para Certifica\u00e7\u00e3o de Compet\u00eancias de Jovens e Adultos (Encceja).<\/p>\n        <div class=\"nisa-processos-seletivos__accordeon__links\">\n            <a><i class=\"far fa-file-alt\"><\/i>Editais (em breve)<\/a>\n            <a href=\"https:\/\/www.ufsm.br\/pro-reitorias\/prograd\/ingresse-na-ufsm\/central-de-ajuda\"><i class=\"far fa-question-circle\"><\/i>Central de Ajuda<\/a>\n        <\/div>\n        <div class=\"nisa-processos-seletivos__accordeon__contato\">\n            <h6>Contato<\/h6>\n            <a href=\"mailto:falecom@nisa.ufsm.br\">falecom@nisa.ufsm.br<\/a>\n            <p class=\"nisa-processos-seletivos__accordeon__nome\">N\u00facleo de Ingresso e Sele\u00e7\u00e3o Acad\u00eamicos (NISA)<\/p>\n        <\/div>\n        <div class=\"nisa-processos-seletivos__accordeon__contato\">\n            <h6>Provas e Editais Anteriores<\/h6>\n            <ul>\n \t<li><a href=\"https:\/\/www.ufsm.br\/pro-reitorias\/prograd\/editais\/132-2023\" target=\"_blank\" rel=\"noopener\">Edital 132\/2023-PROGRAD - RETIFICADO EM 06\/12\/2023<\/a><\/li>\n \t<li><a href=\"https:\/\/www.ufsm.br\/pro-reitorias\/prograd\/editais\/031-2022\/\">EDITAL RETIFICADO N. 031\/2022 \u2013 PROGRAD\/UAB\/UFSM VESTIBULAR EaD 2022 \u2013 UAB\/UFSM (Terceira Retifica\u00e7\u00e3o em 15\/08\/22)<\/a><\/li>\n \t<li><a href=\"https:\/\/www.ufsm.br\/pro-reitorias\/prograd\/editais\/031-2022\/\">EDITAL N. 049\/2022 \u2013 PROGRAD\/UAB\/UFSM VESTIBULAR EaD 2022 \u2013 Chamada Oral de Suplentes por Classifica\u00e7\u00e3o Geral (30\/09\/22)<\/a>\n \t<\/li>\n<\/ul>\n        <\/div>\n    <\/div>\n<\/details>\n\n<details class=\"nisa-processos-seletivos\">\n    <summary>Programa Especial de Gradua\u00e7\u00e3o de Forma\u00e7\u00e3o de Professores para a Educa\u00e7\u00e3o Profissional (PEG)<\/summary>\n    <div class=\"nisa-processos-seletivos__accordeon\">\n        <p>O processo seletivo destina-se ao preenchimento exclusivo de vagas origin\u00e1rias do Programa Especial de Gradua\u00e7\u00e3o de Forma\u00e7\u00e3o de Professores para a Educa\u00e7\u00e3o Profissional (PEG), curso destinado a profissionais graduados(as) n\u00e3o licenciados(as), interessados(as) em dedicar-se \u00e0 doc\u00eancia na Educa\u00e7\u00e3o Profissional e Tecnol\u00f3gica (EPT). O processo seletivo ocorre semestralmente, envolvendo uma prova de reda\u00e7\u00e3o.<\/p>\n        <div class=\"nisa-processos-seletivos__accordeon__links\">\n            <a><i class=\"far fa-file-alt\"><\/i>Editais (em breve)<\/a>\n            <a href=\"https:\/\/www.ufsm.br\/pro-reitorias\/prograd\/ingresse-na-ufsm\/central-de-ajuda\"><i class=\"far fa-question-circle\"><\/i>Central de Ajuda<\/a>\n        <\/div>\n        <div class=\"nisa-processos-seletivos__accordeon__contato\">\n            <h6>Contato<\/h6>\n            <a href=\"mailto:falecom@nisa.ufsm.br\">falecom@nisa.ufsm.br<\/a>\n            <p class=\"nisa-processos-seletivos__accordeon__nome\">N\u00facleo de Ingresso e Sele\u00e7\u00e3o Acad\u00eamicos (NISA)<\/p>\n        <\/div>\n        <div class=\"nisa-processos-seletivos__accordeon__contato\">\n            <h6>Provas e Editais Anteriores<\/h6>\n            <ul>\n \t<li><a href=\"https:\/\/www.ufsm.br\/pro-reitorias\/prograd\/editais\/098-2025\" target=\"_blank\" rel=\"noopener\">Edital 098\/2025 - PEG 2026\/1\u00ba semestre<\/a><\/li>\n \t<li><a href=\"https:\/\/www.ufsm.br\/pro-reitorias\/prograd\/editais\/039-2025\" target=\"_blank\" rel=\"noopener\">Edital 039\/2025 - PEG 2025\/2\u00ba semestre<\/a><\/li>\n \t<li><a href=\"https:\/\/www.ufsm.br\/pro-reitorias\/prograd\/editais\/119-2024\" target=\"_blank\" rel=\"noopener\">Edital 119\/2024 - PEG 2025\/1\u00ba semestre<\/a><\/li>\n \t<li><a href=\"https:\/\/www.ufsm.br\/pro-reitorias\/prograd\/editais\/051-2024\">Edital 051\/2024 - PEG 2024\/2\u00ba semestre<\/a>\n \t<\/li>\n<\/ul>\n        <\/div>\n    <\/div>\n<\/details>\n\n<details class=\"nisa-processos-seletivos\">\n    <summary>Processo Seletivo Ind\u00edgena<\/summary>\n    <div class=\"nisa-processos-seletivos__accordeon\">\n        <p>O Processo Seletivo Ind\u00edgena consiste em uma avalia\u00e7\u00e3o multidisciplinar anual, destinada exclusivamente a estudantes ind\u00edgenas aldeados residentes no territ\u00f3rio nacional. O processo seletivo envolve vagas suplementares, definidas em comum acordo entre a UFSM e lideran\u00e7as ind\u00edgenas, visando atender \u00e0s necessidades das comunidades implicadas. As provas abrangem quest\u00f5es de m\u00faltipla escolha e reda\u00e7\u00e3o, considerando-se conte\u00fados do ensino m\u00e9dio e tem\u00e1ticas que envolvem a linguagem e a cultura ind\u00edgenas. A aplica\u00e7\u00e3o das provas acontece em Santa Maria, Passo Fundo e Frederico Westphalen.<\/p>\n        <div class=\"nisa-processos-seletivos__accordeon__links\">\n            <a><i class=\"far fa-file-alt\"><\/i>Editais (em breve)<\/a>\n            <a href=\"https:\/\/www.ufsm.br\/pro-reitorias\/prograd\/ingresse-na-ufsm\/central-de-ajuda\"><i class=\"far fa-question-circle\"><\/i>Central de Ajuda<\/a>\n        <\/div>\n        <div class=\"nisa-processos-seletivos__accordeon__contato\">\n            <h6>Contato<\/h6>\n            <a href=\"mailto:falecom@nisa.ufsm.br\">falecom@nisa.ufsm.br<\/a>\n            <p class=\"nisa-processos-seletivos__accordeon__nome\">N\u00facleo de Ingresso e Sele\u00e7\u00e3o Acad\u00eamicos (NISA)<\/p>\n        <\/div>\n        <div class=\"nisa-processos-seletivos__accordeon__contato\">\n            <h6>Provas e Editais Anteriores<\/h6>\n            <ul>\n \t<li><a href=\"https:\/\/www.ufsm.br\/pro-reitorias\/prograd\/editais\/091-2025\">2026<\/a><\/li>\n \t<li><a href=\"https:\/\/www.ufsm.br\/pro-reitorias\/prograd\/editais\/079-2024\">2025<\/a><\/li>\n \t<li><a href=\"https:\/\/www.ufsm.br\/pro-reitorias\/prograd\/editais\/133-2023\">2024<\/a><\/li>\n \t<li><a href=\"https:\/\/www.ufsm.br\/pro-reitorias\/prograd\/editais\/001-2023\">2023<\/a><\/li>\n \t<li><a href=\"https:\/\/www.ufsm.br\/pro-reitorias\/prograd\/editais\/002-2022\">2022<\/a><\/li>\n<\/ul>\n        <\/div>\n    <\/div>\n<\/details>\n\n<details class=\"nisa-processos-seletivos\">\n    <summary>Processo Seletivo para Refugiados e Imigrantes em Situa\u00e7\u00e3o de Vulnerabilidade<\/summary>\n    <div class=\"nisa-processos-seletivos__accordeon\">\n        <p>Edital anual voltado ao preenchimento de um percentual m\u00e1ximo de at\u00e9 5% (cinco por cento) do total de vagas origin\u00e1rias dos cursos de gradua\u00e7\u00e3o para refugiados(as) e imigrantes em situa\u00e7\u00e3o de vulnerabilidade. As vagas a serem preenchidas s\u00e3o de car\u00e1ter suplementar e podem ser ofertadas somente mediante an\u00e1lise e autoriza\u00e7\u00e3o dos Colegiados de Curso. O processo seletivo envolve an\u00e1lise documental e obedece \u00e0s defini\u00e7\u00f5es de semestre de ingresso previstas nos projetos pedag\u00f3gicos.<\/p>\n        <div class=\"nisa-processos-seletivos__accordeon__links\">\n            <a><i class=\"far fa-file-alt\"><\/i>Editais (em breve)<\/a>\n            <a href=\"https:\/\/www.ufsm.br\/pro-reitorias\/prograd\/ingresse-na-ufsm\/central-de-ajuda\"><i class=\"far fa-question-circle\"><\/i>Central de Ajuda<\/a>\n        <\/div>\n        <div class=\"nisa-processos-seletivos__accordeon__contato\">\n            <h6>Contato<\/h6>\n            <a href=\"mailto:falecom@nisa.ufsm.br\">falecom@nisa.ufsm.br<\/a>\n            <p class=\"nisa-processos-seletivos__accordeon__nome\">N\u00facleo de Ingresso e Sele\u00e7\u00e3o Acad\u00eamicos (NISA)<\/p>\n        <\/div>\n        <div class=\"nisa-processos-seletivos__accordeon__contato\">\n            <h6>Provas e Editais Anteriores<\/h6>\n            <ul>\n \t<li><a href=\"https:\/\/www.ufsm.br\/pro-reitorias\/prograd\/editais\/092-2025\">Edital 092\/2025<\/a><\/li>\n \t<li><a href=\"https:\/\/www.ufsm.br\/pro-reitorias\/prograd\/editais\/101-2024\">Edital 101\/2024<\/a><\/li>\n \t<li><a href=\"https:\/\/www.ufsm.br\/pro-reitorias\/prograd\/editais\/009-2023\/\">Edital 009\/2023<\/a><\/li>\n \t<li><a href=\"https:\/\/www.ufsm.br\/pro-reitorias\/prograd\/editais\/009-2022\/\">Edital 009\/2022<\/a><\/li>\n<\/ul>\n        <\/div>\n    <\/div>\n<\/details>\n\n<details class=\"nisa-processos-seletivos\">\n    <summary>Processo Seletivo para Pessoas com Defici\u00eancia<\/summary>\n    <div class=\"nisa-processos-seletivos__accordeon\">\n        <p>Edital anual voltado ao preenchimento de um percentual m\u00e1ximo de at\u00e9 5% (cinco por cento) do total de vagas origin\u00e1rias dos cursos de gradua\u00e7\u00e3o para pessoas com defici\u00eancia que realizaram o ensino m\u00e9dio em escolas p\u00fablicas e privadas, parcial ou integralmente. As vagas a serem preenchidas s\u00e3o de car\u00e1ter suplementar e podem ser ofertadas somente mediante an\u00e1lise e autoriza\u00e7\u00e3o dos Colegiados de Curso. O processo seletivo considera a nota do Exame Nacional do Ensino M\u00e9dio (ENEM), bem como obedece \u00e0s defini\u00e7\u00f5es de semestre de ingresso previstas nos projetos pedag\u00f3gicos.<\/p>\n        <div class=\"nisa-processos-seletivos__accordeon__links\">\n            <a><i class=\"far fa-file-alt\"><\/i>Editais (em breve)<\/a>\n            <a href=\"https:\/\/www.ufsm.br\/pro-reitorias\/prograd\/ingresse-na-ufsm\/central-de-ajuda\"><i class=\"far fa-question-circle\"><\/i>Central de Ajuda<\/a>\n        <\/div>\n        <div class=\"nisa-processos-seletivos__accordeon__contato\">\n            <h6>Contato<\/h6>\n            <a href=\"mailto:falecom@nisa.ufsm.br\">falecom@nisa.ufsm.br<\/a>\n            <p class=\"nisa-processos-seletivos__accordeon__nome\">N\u00facleo de Ingresso e Sele\u00e7\u00e3o Acad\u00eamicos (NISA)<\/p>\n        <\/div>\n        <div class=\"nisa-processos-seletivos__accordeon__contato\">\n            <h6>Provas e Editais Anteriores<\/h6>\n            <ul>\n \t<li><a href=\"https:\/\/www.ufsm.br\/pro-reitorias\/prograd\/editais\/078-2025\">Edital 078\/2025<\/a><\/li>\n \t<li><a href=\"https:\/\/www.ufsm.br\/pro-reitorias\/prograd\/editais\/073-2024\">Edital 073\/2024<\/a><\/li>\n \t<li><a href=\"https:\/\/www.ufsm.br\/pro-reitorias\/prograd\/editais\/129-2023\" target=\"_blank\" rel=\"noopener\">Edital 129\/2023<\/a><\/li>\n<\/ul>\n        <\/div>\n    <\/div>\n<\/details>\n\n<details class=\"nisa-processos-seletivos\">\n    <summary>Processo Seletivo para Pessoas Transg\u00eanero<\/summary>\n    <div class=\"nisa-processos-seletivos__accordeon\">\n        <p>Edital anual voltado ao preenchimento de um percentual m\u00e1ximo de at\u00e9 5% (cinco por cento) do total de vagas origin\u00e1rias dos cursos de gradua\u00e7\u00e3o para travestis, transexuais e pessoas transg\u00eanero. As vagas a serem preenchidas s\u00e3o de car\u00e1ter suplementar e podem ser ofertadas somente mediante an\u00e1lise e autoriza\u00e7\u00e3o dos Colegiados de Curso. O processo seletivo considera a nota do Exame Nacional do Ensino M\u00e9dio (ENEM), bem como obedece \u00e0s defini\u00e7\u00f5es de semestre de ingresso previstas nos projetos pedag\u00f3gicos.<\/p>\n        <div class=\"nisa-processos-seletivos__accordeon__links\">\n            <a><i class=\"far fa-file-alt\"><\/i>Editais (em breve)<\/a>\n            <a href=\"https:\/\/www.ufsm.br\/pro-reitorias\/prograd\/ingresse-na-ufsm\/central-de-ajuda\"><i class=\"far fa-question-circle\"><\/i>Central de Ajuda<\/a>\n        <\/div>\n        <div class=\"nisa-processos-seletivos__accordeon__contato\">\n            <h6>Contato<\/h6>\n            <a href=\"mailto:falecom@nisa.ufsm.br\">falecom@nisa.ufsm.br<\/a>\n            <p class=\"nisa-processos-seletivos__accordeon__nome\">N\u00facleo de Ingresso e Sele\u00e7\u00e3o Acad\u00eamicos (NISA)<\/p>\n        <\/div>\n        <div class=\"nisa-processos-seletivos__accordeon__contato\">\n            <h6>Provas e Editais Anteriores<\/h6>\n            <ul>\n \t<li><a href=\"https:\/\/www.ufsm.br\/pro-reitorias\/prograd\/editais\/077-2025\" target=\"_self\">Edital N. 077\/2025<\/a><\/li>\n \t<li><a href=\"https:\/\/www.ufsm.br\/pro-reitorias\/prograd\/editais\/081-2024\" target=\"_self\">Edital N. 081\/2024<\/a><\/li>\n \t<li><a href=\"https:\/\/www.ufsm.br\/pro-reitorias\/prograd\/editais\/127-2023\">Edital 127\/2024<\/a><\/li>\n<\/ul>\n        <\/div>\n    <\/div>\n<\/details>\n\n<details class=\"nisa-processos-seletivos\">\n    <summary>Processo Seletivo para Pessoas de Comunidades Quilombolas<\/summary>\n    <div class=\"nisa-processos-seletivos__accordeon\">\n        <p>Edital anual voltado ao preenchimento de um percentual m\u00e1ximo de at\u00e9 5% (cinco por cento) do total de vagas origin\u00e1rias dos cursos de gradua\u00e7\u00e3o para pessoas de comunidades quilombolas. As vagas a serem preenchidas s\u00e3o de car\u00e1ter suplementar e podem ser ofertadas somente mediante an\u00e1lise e autoriza\u00e7\u00e3o dos Colegiados de Curso. As provas abrangem quest\u00f5es de m\u00faltipla escolha e reda\u00e7\u00e3o, considerando-se conte\u00fados do ensino m\u00e9dio e tem\u00e1ticas que envolvem a linguagem e a cultura quilombolas. A aplica\u00e7\u00e3o das provas acontece em Santa Maria, Passo Fundo e Frederico Westphalen.<\/p>\n        <div class=\"nisa-processos-seletivos__accordeon__links\">\n            <a><i class=\"far fa-file-alt\"><\/i>Editais (em breve)<\/a>\n            <a href=\"https:\/\/www.ufsm.br\/pro-reitorias\/prograd\/ingresse-na-ufsm\/central-de-ajuda\"><i class=\"far fa-question-circle\"><\/i>Central de Ajuda<\/a>\n        <\/div>\n        <div class=\"nisa-processos-seletivos__accordeon__contato\">\n            <h6>Contato<\/h6>\n            <a href=\"mailto:falecom@nisa.ufsm.br\">falecom@nisa.ufsm.br<\/a>\n            <p class=\"nisa-processos-seletivos__accordeon__nome\">N\u00facleo de Ingresso e Sele\u00e7\u00e3o Acad\u00eamicos (NISA)<\/p>\n        <\/div>\n        <div class=\"nisa-processos-seletivos__accordeon__contato\">\n            <h6>Provas e Editais Anteriores<\/h6>\n            <ul>\n \t<li><a href=\"https:\/\/www.ufsm.br\/pro-reitorias\/prograd\/editais\/088-2025\">2026<\/a><\/li>\n \t<li><a href=\"https:\/\/www.ufsm.br\/pro-reitorias\/prograd\/editais\/084-2024\">2025<\/a><\/li>\n \t<li><a href=\"https:\/\/www.ufsm.br\/pro-reitorias\/prograd\/editais\/009-2024\">2024<\/a><\/li>\n<\/ul>\n        <\/div>\n    <\/div>\n<\/details>\n\n<details class=\"nisa-processos-seletivos\">\n    <summary>Processo Seletivo para Atletas de Alto Rendimento<\/summary>\n    <div class=\"nisa-processos-seletivos__accordeon\">\n        <p>Edital anual voltado ao preenchimento de um percentual m\u00e1ximo de at\u00e9 5% (cinco por cento) do total de vagas origin\u00e1rias dos cursos de gradua\u00e7\u00e3o para atletas de alto rendimento. As vagas a serem preenchidas s\u00e3o de car\u00e1ter suplementar e podem ser ofertadas somente mediante an\u00e1lise e autoriza\u00e7\u00e3o dos Colegiados de Curso. O processo seletivo considera o \u00edndice de desempenho esportivo e a nota do Exame Nacional do Ensino M\u00e9dio (ENEM), bem como obedece \u00e0s defini\u00e7\u00f5es de semestre de ingresso previstas nos projetos pedag\u00f3gicos.<\/p>\n        <div class=\"nisa-processos-seletivos__accordeon__links\">\n            <a><i class=\"far fa-file-alt\"><\/i>Editais (em breve)<\/a>\n            <a href=\"https:\/\/www.ufsm.br\/pro-reitorias\/prograd\/ingresse-na-ufsm\/central-de-ajuda\"><i class=\"far fa-question-circle\"><\/i>Central de Ajuda<\/a>\n        <\/div>\n        <div class=\"nisa-processos-seletivos__accordeon__contato\">\n            <h6>Contato<\/h6>\n            <a href=\"mailto:falecom@nisa.ufsm.br\">falecom@nisa.ufsm.br<\/a>\n            <p class=\"nisa-processos-seletivos__accordeon__nome\">N\u00facleo de Ingresso e Sele\u00e7\u00e3o Acad\u00eamicos (NISA)<\/p>\n        <\/div>\n        <div class=\"nisa-processos-seletivos__accordeon__contato\">\n            <h6>Provas e Editais Anteriores<\/h6>\n            <ul>\n \t<li><a href=\"https:\/\/www.ufsm.br\/pro-reitorias\/prograd\/editais\/074-2024\">Edital\u00a0074\/2024<\/a><\/li>\n \t<li><a href=\"https:\/\/www.ufsm.br\/pro-reitorias\/prograd\/editais\/015-2024\">Edital 015\/2024 Prograd\/UFSM<\/a><\/li>\n<\/ul>\n        <\/div>\n    <\/div>\n<\/details>\n\n<details class=\"nisa-processos-seletivos\">\n    <summary>Processo Seletivo para Pessoas Medalhistas em Competi\u00e7\u00f5es de Conhecimento<\/summary>\n    <div class=\"nisa-processos-seletivos__accordeon\">\n        <p>Processo seletivo voltado ao preenchimento de um percentual m\u00e1ximo de at\u00e9 5% (cinco por cento) do total de vagas origin\u00e1rias dos cursos de gradua\u00e7\u00e3o para pessoas medalhistas em competi\u00e7\u00f5es de conhecimento. As vagas a serem preenchidas s\u00e3o de car\u00e1ter suplementar e podem ser ofertadas somente mediante an\u00e1lise e autoriza\u00e7\u00e3o dos Colegiados de Curso. O processo seletivo acontece de forma integrada ao Vestibular, anualmente, e obedece \u00e0s defini\u00e7\u00f5es de semestre de ingresso previstas nos projetos pedag\u00f3gicos.<\/p>\n        <div class=\"nisa-processos-seletivos__accordeon__links\">\n            <a><i class=\"far fa-file-alt\"><\/i>Editais (em breve)<\/a>\n            <a href=\"https:\/\/www.ufsm.br\/pro-reitorias\/prograd\/ingresse-na-ufsm\/central-de-ajuda\"><i class=\"far fa-question-circle\"><\/i>Central de Ajuda<\/a>\n        <\/div>\n        <div class=\"nisa-processos-seletivos__accordeon__contato\">\n            <h6>Contato<\/h6>\n            <a href=\"mailto:falecom@nisa.ufsm.br\">falecom@nisa.ufsm.br<\/a>\n            <p class=\"nisa-processos-seletivos__accordeon__nome\">N\u00facleo de Ingresso e Sele\u00e7\u00e3o Acad\u00eamicos (NISA)<\/p>\n        <\/div>\n    <\/div>\n<\/details>\n\n<details class=\"nisa-processos-seletivos\">\n    <summary>Ingresso e Reingresso<\/summary>\n    <div class=\"nisa-processos-seletivos__accordeon\">\n        <p>O Edital de Ingresso e Reingresso consiste em um processo seletivo anual, que contempla as modalidades Reingresso, Transfer\u00eancia Interna, Transfer\u00eancia Externa, Portador de Diploma e Reingresso com Transfer\u00eancia Interna. As vagas disponibilizadas s\u00e3o oriundas da rela\u00e7\u00e3o entre a popula\u00e7\u00e3o ideal de cada curso de gradua\u00e7\u00e3o e o n\u00famero total de estudantes regularmente matriculados(as). A classifica\u00e7\u00e3o de candidatos(as) envolve an\u00e1lise documental.\n\n<\/p>\n        <div class=\"nisa-processos-seletivos__accordeon__links\">\n            <a href=\"https:\/\/www.ufsm.br\/pro-reitorias\/prograd\/ingresse-na-ufsm\/edital-de-ingresso-reingresso\"><i class=\"fas fa-list\"><\/i>Mais Informa\u00e7\u00f5es<\/a>\n            <a href=\"https:\/\/www.ufsm.br\/pro-reitorias\/prograd\/ingresse-na-ufsm\/central-de-ajuda\"><i class=\"far fa-question-circle\"><\/i>Central de Ajuda<\/a>\n        <\/div>\n        <div class=\"nisa-processos-seletivos__accordeon__contato\">\n            <h6>Para outras d\u00favidas<\/h6>\n            <a href=\"mailto:cofre.prograd@ufsm.br\">cofre.prograd@ufsm.br<\/a> | \n            <a href=\"https:\/\/www.ufsm.br\/pro-reitorias\/prograd\/cofre-corem\">P\u00e1gina da COFRE\/COREM<\/a>\n            <p>(55) 3220 8371<\/p>\n            <p class=\"nisa-processos-seletivos__accordeon__nome\">Coordenadoria de Oferta e Relacionamento (COFRE\/PROGRAD)\/N\u00facleo de Relacionamento Acad\u00eamico (NRA)<\/p>\n            \n            \n        <\/div>\n    <\/div>\n<\/details>\n\n<style>\n\n.nisa-processos-seletivos {\n  margin-bottom: 16px;\n  border: 1px solid #eee;\n  border-radius: 6px;\n  overflow: hidden;\n}\n\n.nisa-processos-seletivos summary {\n  padding: 16px;\n  cursor: pointer;\n  font-weight: 600;\n  font-size: 20px;\n  background: #fafafa;\n}\n\n.nisa-processos-seletivos__accordeon {\n    padding: 20px;\n}\n\n.nisa-processos-seletivos__accordeon__links {\n    display: flex;\n    align-items: center;\n    gap: 24px;\n    margin: 32px 0;\n}\n\n.nisa-processos-seletivos__accordeon__links a {\n    width: 100%;\n    flex: 1;\n    border-radius: 8px;\n    padding: 12px 12px;\n    display: flex;\n    align-items: center;\n    justify-content: center;\n    background: #21376b;\n    color: #FFF !important;\n    font-weight: 600;\n    gap: 8px;\n}\n\n.nisa-processos-seletivos__accordeon__contato {\n    padding: 24px;\n    border-radius: 8px;\n    border: 1px solid #eee;\n    margin-bottom: 20px\n}\n\n.nisa-processos-seletivos__accordeon__contato * {\n    margin: 0 !important;\n}\n\n.nisa-processos-seletivos__accordeon__contato h6 {\n    font-weight: 600;\n    margin-bottom: 12px !important;\n}\n\n.nisa-processos-seletivos__accordeon__contato a {\n    font-size: 16px;\n    font-weight: 600;\n}\n\n.nisa-processos-seletivos__accordeon__nome {\n    font-size: 12px;\n    color: #666;\n    margin-top: -4px !important;\n    font-weight: 500;\n}\n\n\n<\/style>\n\t\t<\/div>\n\t\t\t\t<\/div>\n\t\t\t\t\t<\/div>\n\t\t<\/div>\n\t\t\t\t\t<\/div>\n\t\t<\/section>\n\t\t\t\t<\/div>\n\t\t","protected":false},"excerpt":{"rendered":"<p>Processo Seletivo Seriado (PSS) O Processo Seletivo Seriado (PSS) consiste em uma avalia\u00e7\u00e3o multidisciplinar anual, aplicada ao final de cada ano do ensino m\u00e9dio, em tr\u00eas etapas consecutivas (PSS1, PSS2, PSS3). Corresponde a um total de 40% (quarenta por cento) das vagas origin\u00e1rias dos cursos de gradua\u00e7\u00e3o. As provas s\u00e3o aplicadas em Santa Maria e [&hellip;]<\/p>\n","protected":false},"author":8586,"featured_media":0,"parent":17491,"menu_order":0,"comment_status":"closed","ping_status":"closed","template":"","meta":{"footnotes":""},"categories":[],"tags":[],"class_list":["post-27016","page","type-page","status-publish","hentry"],"acf":[],"_links":{"self":[{"href":"https:\/\/www.ufsm.br\/pro-reitorias\/prograd\/wp-json\/wp\/v2\/pages\/27016","targetHints":{"allow":["GET"]}}],"collection":[{"href":"https:\/\/www.ufsm.br\/pro-reitorias\/prograd\/wp-json\/wp\/v2\/pages"}],"about":[{"href":"https:\/\/www.ufsm.br\/pro-reitorias\/prograd\/wp-json\/wp\/v2\/types\/page"}],"author":[{"embeddable":true,"href":"https:\/\/www.ufsm.br\/pro-reitorias\/prograd\/wp-json\/wp\/v2\/users\/8586"}],"replies":[{"embeddable":true,"href":"https:\/\/www.ufsm.br\/pro-reitorias\/prograd\/wp-json\/wp\/v2\/comments?post=27016"}],"version-history":[{"count":0,"href":"https:\/\/www.ufsm.br\/pro-reitorias\/prograd\/wp-json\/wp\/v2\/pages\/27016\/revisions"}],"up":[{"embeddable":true,"href":"https:\/\/www.ufsm.br\/pro-reitorias\/prograd\/wp-json\/wp\/v2\/pages\/17491"}],"wp:attachment":[{"href":"https:\/\/www.ufsm.br\/pro-reitorias\/prograd\/wp-json\/wp\/v2\/media?parent=27016"}],"wp:term":[{"taxonomy":"category","embeddable":true,"href":"https:\/\/www.ufsm.br\/pro-reitorias\/prograd\/wp-json\/wp\/v2\/categories?post=27016"},{"taxonomy":"post_tag","embeddable":true,"href":"https:\/\/www.ufsm.br\/pro-reitorias\/prograd\/wp-json\/wp\/v2\/tags?post=27016"}],"curies":[{"name":"wp","href":"https:\/\/api.w.org\/{rel}","templated":true}]}}