{"id":4133,"date":"2018-05-03T14:01:53","date_gmt":"2018-05-03T17:01:53","guid":{"rendered":"https:\/\/www.ufsm.br\/pro-reitorias\/prograd\/?page_id=4133"},"modified":"2026-09-01T21:21:15","modified_gmt":"2026-09-02T00:21:15","slug":"pagina-inicial","status":"publish","type":"page","link":"https:\/\/www.ufsm.br\/pro-reitorias\/prograd\/","title":{"rendered":"P\u00e1gina Inicial"},"content":{"rendered":"\t\t<div data-elementor-type=\"wp-post\" data-elementor-id=\"4133\" class=\"elementor elementor-4133\">\n\t\t\t\t\t\t<section class=\"elementor-section elementor-top-section elementor-element elementor-element-d8b9bde elementor-section-boxed elementor-section-height-default elementor-section-height-default\" data-id=\"d8b9bde\" data-element_type=\"section\">\n\t\t\t\t\t\t<div class=\"elementor-container elementor-column-gap-default\">\n\t\t\t\t\t<div class=\"elementor-column elementor-col-100 elementor-top-column elementor-element elementor-element-145a002\" data-id=\"145a002\" data-element_type=\"column\">\n\t\t\t<div class=\"elementor-widget-wrap elementor-element-populated\">\n\t\t\t\t\t\t<div class=\"elementor-element elementor-element-00026dd elementor-widget elementor-widget-wp-widget-ufsm_noticias_widget\" data-id=\"00026dd\" data-element_type=\"widget\" data-widget_type=\"wp-widget-ufsm_noticias_widget.default\">\n\t\t\t\t<div class=\"elementor-widget-container\">\n\t\t\t<h5 class='titulo-conteudos'>DESTAQUES<\/h5><div id='ufsm-carousel-1788352469-1281638480' class='carousel slide carousel-ufsm' data-bs-ride='carousel' aria-hidden='true'>\n    <div class='carousel-inner'>\n                    \n\n            <div class='carousel-item active' data-bs-interval='4000'>\n                                    <!-- Link && Slider Image -->\n                    <a href='https:\/\/www.ufsm.br\/pro-reitorias\/prograd\/2026\/08\/31\/imersao-nos-predios-dos-cursos-e-a-novidade-do-descubra-ufsm-2026'>\n                        <img class='w-100'  alt=\"Evento acontecer\u00e1 nos dias 12 e 13 de novembro; caravanas de escolas j\u00e1 podem agendar visitas\" srcset=\"https:\/\/www.ufsm.br\/app\/uploads\/sites\/342\/2026\/08\/ufsm-prograd-descubra-2026-em-breve-banner-300x79.jpg 300w, https:\/\/www.ufsm.br\/app\/uploads\/sites\/342\/2026\/08\/ufsm-prograd-descubra-2026-em-breve-banner-768x203.jpg 768w, https:\/\/www.ufsm.br\/app\/uploads\/sites\/342\/2026\/08\/ufsm-prograd-descubra-2026-em-breve-banner.jpg 1024w\">\n                    <\/a>\n                \n                \n                                    <!-- Slider caption -->\n                    <h5 class='mt-2 mb-0'>\n                        <a href='https:\/\/www.ufsm.br\/pro-reitorias\/prograd\/2026\/08\/31\/imersao-nos-predios-dos-cursos-e-a-novidade-do-descubra-ufsm-2026' aria-hidden='true'>Imers\u00e3o nos pr\u00e9dios dos cursos \u00e9 a novidade do Descubra UFSM 2026<\/a>\n                                            <\/h5>\n                                                            <\/div>\n                    \n\n            <div class='carousel-item ' data-bs-interval='4000'>\n                                    <!-- Link && Slider Image -->\n                    <a href='https:\/\/www.ufsm.br\/pro-reitorias\/prograd\/2026\/08\/28\/prorrogado-jornada-academica-integrada-vai-receber-inscricoes-de-trabalhos-ate-04-de-setembro-as-17-horas'>\n                        <img class='w-100'  alt=\"\u00a0 A Jornada Acad\u00eamica Integrada da UFSM em 2026 j\u00e1 tem data marcada: de 09 a 13 de novembro. A quadrag\u00e9sima-primeira edi\u00e7\u00e3o da JAI pretende reunir trabalhos e atividades nas \u00e1reas de ensino, pesquisa, extens\u00e3o e inova\u00e7\u00e3o e \u00e9 aberta&hellip;\" srcset=\"https:\/\/www.ufsm.br\/app\/uploads\/sites\/342\/2026\/08\/ufsm-prograd-jai-2026-jornada-academica-integrada-banner-300x79.jpg 300w, https:\/\/www.ufsm.br\/app\/uploads\/sites\/342\/2026\/08\/ufsm-prograd-jai-2026-jornada-academica-integrada-banner-768x203.jpg 768w, https:\/\/www.ufsm.br\/app\/uploads\/sites\/342\/2026\/08\/ufsm-prograd-jai-2026-jornada-academica-integrada-banner.jpg 1024w\">\n                    <\/a>\n                \n                \n                                    <!-- Slider caption -->\n                    <h5 class='mt-2 mb-0'>\n                        <a href='https:\/\/www.ufsm.br\/pro-reitorias\/prograd\/2026\/08\/28\/prorrogado-jornada-academica-integrada-vai-receber-inscricoes-de-trabalhos-ate-04-de-setembro-as-17-horas' aria-hidden='true'>PRORROGADO: Jornada Acad\u00eamica Integrada vai receber inscri\u00e7\u00f5es de trabalhos at\u00e9 04 de setembro \u00e0s 17 horas<\/a>\n                                            <\/h5>\n                                                            <\/div>\n                    \n\n            <div class='carousel-item ' data-bs-interval='4000'>\n                                    <!-- Link && Slider Image -->\n                    <a href='https:\/\/www.ufsm.br\/pro-reitorias\/prograd\/2026\/08\/24\/ufsm-debate-plano-de-desenvolvimento-institucional-no-evento-pdi-em-dialogo-construindo-a-universidade-que-desejamos'>\n                        <img class='w-100'  alt=\"A programa\u00e7\u00e3o inclui palestras com os professores Greg\u00f3rio Durlo Grisa e Maria Beatriz Luce\" srcset=\"https:\/\/www.ufsm.br\/app\/uploads\/sites\/342\/2026\/08\/ufsm-prograd-pdi-em-dialogo-31ago-1set-2026-banner-300x79.jpg 300w, https:\/\/www.ufsm.br\/app\/uploads\/sites\/342\/2026\/08\/ufsm-prograd-pdi-em-dialogo-31ago-1set-2026-banner-768x203.jpg 768w, https:\/\/www.ufsm.br\/app\/uploads\/sites\/342\/2026\/08\/ufsm-prograd-pdi-em-dialogo-31ago-1set-2026-banner.jpg 1024w\">\n                    <\/a>\n                \n                \n                                    <!-- Slider caption -->\n                    <h5 class='mt-2 mb-0'>\n                        <a href='https:\/\/www.ufsm.br\/pro-reitorias\/prograd\/2026\/08\/24\/ufsm-debate-plano-de-desenvolvimento-institucional-no-evento-pdi-em-dialogo-construindo-a-universidade-que-desejamos' aria-hidden='true'>UFSM debate Plano de Desenvolvimento Institucional no evento \u201cPDI em Di\u00e1logo: Construindo a Universidade que Desejamos\u201d<\/a>\n                                            <\/h5>\n                                                            <\/div>\n                    \n\n            <div class='carousel-item ' data-bs-interval='4000'>\n                                    <!-- Link && Slider Image -->\n                    <a href='https:\/\/www.ufsm.br\/pro-reitorias\/prograd\/2026\/08\/17\/ufsm-divulga-calendario-2026-2-das-colacoes-de-grau'>\n                        <img class='w-100'  alt=\"A Universidade Federal de Santa Maria, por meio da Pr\u00f3-Reitoria de Gradua\u00e7\u00e3o (Prograd), divulgou seu calend\u00e1rio de solenidades de Cola\u00e7\u00e3o de Grau 2026 para o 2\u00ba Semestre. As solenidades ocorrer\u00e3o de 15\/01 a 05\/03\/2027. As datas e hor\u00e1rios das sess\u00f5es&hellip;\" srcset=\"https:\/\/www.ufsm.br\/app\/uploads\/sites\/342\/2018\/12\/formaturas_ufsm-300x79.jpg 300w, https:\/\/www.ufsm.br\/app\/uploads\/sites\/342\/2018\/12\/formaturas_ufsm-768x203.jpg 768w, https:\/\/www.ufsm.br\/app\/uploads\/sites\/342\/2018\/12\/formaturas_ufsm.jpg 1024w\">\n                    <\/a>\n                \n                \n                                    <!-- Slider caption -->\n                    <h5 class='mt-2 mb-0'>\n                        <a href='https:\/\/www.ufsm.br\/pro-reitorias\/prograd\/2026\/08\/17\/ufsm-divulga-calendario-2026-2-das-colacoes-de-grau' aria-hidden='true'>UFSM divulga calend\u00e1rio 2026\/2 das cola\u00e7\u00f5es de grau<\/a>\n                                            <\/h5>\n                                                            <\/div>\n                    \n\n            <div class='carousel-item ' data-bs-interval='4000'>\n                                    <!-- Link && Slider Image -->\n                    <a href='https:\/\/www.ufsm.br\/pro-reitorias\/prograd\/2026\/08\/10\/grupo-terapeutico-experiencias-conectadas-estimula-troca-de-vivencias-entre-estudantes-de-graduacao-do-1o-e-2o-semestres'>\n                        <img class='w-100'  alt=\"A iniciativa aceita novos participantes toda semana, mediante inscri\u00e7\u00e3o pr\u00e9via\" srcset=\"https:\/\/www.ufsm.br\/app\/uploads\/sites\/342\/2026\/08\/ufsm-prograd-caed-acolhimento-emocional-alunos-primeiro-e-segundo-semestres-da-graduacao-banner-300x79.jpg 300w, https:\/\/www.ufsm.br\/app\/uploads\/sites\/342\/2026\/08\/ufsm-prograd-caed-acolhimento-emocional-alunos-primeiro-e-segundo-semestres-da-graduacao-banner-768x203.jpg 768w, https:\/\/www.ufsm.br\/app\/uploads\/sites\/342\/2026\/08\/ufsm-prograd-caed-acolhimento-emocional-alunos-primeiro-e-segundo-semestres-da-graduacao-banner.jpg 1024w\">\n                    <\/a>\n                \n                \n                                    <!-- Slider caption -->\n                    <h5 class='mt-2 mb-0'>\n                        <a href='https:\/\/www.ufsm.br\/pro-reitorias\/prograd\/2026\/08\/10\/grupo-terapeutico-experiencias-conectadas-estimula-troca-de-vivencias-entre-estudantes-de-graduacao-do-1o-e-2o-semestres' aria-hidden='true'>Grupo terap\u00eautico \u201cExperi\u00eancias Conectadas\u201d estimula troca de viv\u00eancias entre estudantes de gradua\u00e7\u00e3o do 1\u00ba e 2\u00ba semestres<\/a>\n                                            <\/h5>\n                                                            <\/div>\n                    \n\n            <div class='carousel-item ' data-bs-interval='4000'>\n                                    <!-- Link && Slider Image -->\n                    <a href='https:\/\/www.ufsm.br\/pro-reitorias\/prograd\/2026\/07\/28\/passei-na-ufsm-e-agora-o-guia-completo-para-calouros-e-calouras-ufsmers'>\n                        <img class='w-100'  alt=\"\u00a0 Parab\u00e9ns pela aprova\u00e7\u00e3o! A partir de agora, voc\u00ea faz parte da UFSM. Sabemos que o in\u00edcio da vida universit\u00e1ria traz muitas d\u00favidas: Onde comer? Como chegar ao campus? Como fazer a carteirinha digital? Como acessar o Sistema de Bibliotecas?&hellip;\" srcset=\"https:\/\/www.ufsm.br\/app\/uploads\/sites\/342\/2026\/07\/ufsm-prograd-calourada-recepcao-dicas-guia-calouros-passei-na-ufsm-e-agora-banner-300x79.jpg 300w, https:\/\/www.ufsm.br\/app\/uploads\/sites\/342\/2026\/07\/ufsm-prograd-calourada-recepcao-dicas-guia-calouros-passei-na-ufsm-e-agora-banner-768x203.jpg 768w, https:\/\/www.ufsm.br\/app\/uploads\/sites\/342\/2026\/07\/ufsm-prograd-calourada-recepcao-dicas-guia-calouros-passei-na-ufsm-e-agora-banner.jpg 1024w\">\n                    <\/a>\n                \n                \n                                    <!-- Slider caption -->\n                    <h5 class='mt-2 mb-0'>\n                        <a href='https:\/\/www.ufsm.br\/pro-reitorias\/prograd\/2026\/07\/28\/passei-na-ufsm-e-agora-o-guia-completo-para-calouros-e-calouras-ufsmers' aria-hidden='true'>&#8220;Passei na UFSM, e agora?&#8221; O Guia Completo para Calouros e Calouras UFSMers<\/a>\n                                            <\/h5>\n                                                            <\/div>\n                    \n\n            <div class='carousel-item ' data-bs-interval='4000'>\n                                    <!-- Link && Slider Image -->\n                    <a href='https:\/\/www.ufsm.br\/pro-reitorias\/prograd\/2026\/07\/27\/inscricoes-ate-28-8-para-conteudista-regente-e-tutora-no-sistema-universidade-aberta-do-brasil'>\n                        <img class='w-100'  alt=\"\u00a0 A Universidade Federal de Santa Maria, por meio da Coordenadoria de Tecnologia Educacional (CTE\/Prograd) e da Coordena\u00e7\u00e3o Geral do Programa Universidade Aberta do Brasil nessa institui\u00e7\u00e3o, informa que est\u00e3o abertas as inscri\u00e7\u00f5es para cadastro reserva, referente a atua\u00e7\u00e3o de&hellip;\" srcset=\"https:\/\/www.ufsm.br\/app\/uploads\/sites\/342\/2026\/08\/ufsm-prograd-ead-uab-cte-selecao-tutores-conteudistas-regentes-ago-2026-banner-300x79.jpg 300w, https:\/\/www.ufsm.br\/app\/uploads\/sites\/342\/2026\/08\/ufsm-prograd-ead-uab-cte-selecao-tutores-conteudistas-regentes-ago-2026-banner-768x203.jpg 768w, https:\/\/www.ufsm.br\/app\/uploads\/sites\/342\/2026\/08\/ufsm-prograd-ead-uab-cte-selecao-tutores-conteudistas-regentes-ago-2026-banner.jpg 1024w\">\n                    <\/a>\n                \n                \n                                    <!-- Slider caption -->\n                    <h5 class='mt-2 mb-0'>\n                        <a href='https:\/\/www.ufsm.br\/pro-reitorias\/prograd\/2026\/07\/27\/inscricoes-ate-28-8-para-conteudista-regente-e-tutora-no-sistema-universidade-aberta-do-brasil' aria-hidden='true'>PRORROGADO: Inscri\u00e7\u00f5es at\u00e9 9\/9 para conteudista, regente e tutor(a) no Sistema Universidade Aberta do Brasil<\/a>\n                                            <\/h5>\n                                                            <\/div>\n                    \n\n            <div class='carousel-item ' data-bs-interval='4000'>\n                                    <!-- Link && Slider Image -->\n                    <a href='https:\/\/www.ufsm.br\/pro-reitorias\/prograd\/2026\/01\/06\/coordenadoria-de-tecnologia-educacional-divulga-cursos-semipresenciais-previstos-para-2026'>\n                        <img class='w-100'  alt=\"Cursos preveem avalia\u00e7\u00f5es e algumas atividades de ensino-aprendizagem em formato presencial\" srcset=\"https:\/\/www.ufsm.br\/app\/uploads\/sites\/342\/2026\/03\/ufsm-prograd-cte-cursos-semimpresenciais-a-distancia-previstos-2026-banner-300x79.jpg 300w, https:\/\/www.ufsm.br\/app\/uploads\/sites\/342\/2026\/03\/ufsm-prograd-cte-cursos-semimpresenciais-a-distancia-previstos-2026-banner-768x203.jpg 768w, https:\/\/www.ufsm.br\/app\/uploads\/sites\/342\/2026\/03\/ufsm-prograd-cte-cursos-semimpresenciais-a-distancia-previstos-2026-banner.jpg 1024w\">\n                    <\/a>\n                \n                \n                                    <!-- Slider caption -->\n                    <h5 class='mt-2 mb-0'>\n                        <a href='https:\/\/www.ufsm.br\/pro-reitorias\/prograd\/2026\/01\/06\/coordenadoria-de-tecnologia-educacional-divulga-cursos-semipresenciais-previstos-para-2026' aria-hidden='true'>Coordenadoria de Tecnologia Educacional divulga cursos semipresenciais previstos para 2026<\/a>\n                                            <\/h5>\n                                                            <\/div>\n                    \n\n            <div class='carousel-item ' data-bs-interval='4000'>\n                                    <!-- Link && Slider Image -->\n                    <a href='https:\/\/www.ufsm.br\/pro-reitorias\/prograd\/2025\/10\/16\/ufsm-lanca-novo-sistema-de-estagios-de-graduacao'>\n                        <img class='w-100'  alt=\"A Universidade Federal de Santa Maria (UFSM) acaba de lan\u00e7ar uma nova forma de solicitar e acompanhar os est\u00e1gios de gradua\u00e7\u00e3o. A novidade chega para tornar o processo mais simples, \u00e1gil e totalmente digital, concentrando todas as etapas em um&hellip;\" srcset=\"https:\/\/www.ufsm.br\/app\/uploads\/sites\/342\/2025\/10\/Banner-novo-sistema-de-estagio-300x80.jpg 300w, https:\/\/www.ufsm.br\/app\/uploads\/sites\/342\/2025\/10\/Banner-novo-sistema-de-estagio-1024x273.jpg 1024w, https:\/\/www.ufsm.br\/app\/uploads\/sites\/342\/2025\/10\/Banner-novo-sistema-de-estagio-768x205.jpg 768w, https:\/\/www.ufsm.br\/app\/uploads\/sites\/342\/2025\/10\/Banner-novo-sistema-de-estagio.jpg 1500w\">\n                    <\/a>\n                \n                \n                                    <!-- Slider caption -->\n                    <h5 class='mt-2 mb-0'>\n                        <a href='https:\/\/www.ufsm.br\/pro-reitorias\/prograd\/2025\/10\/16\/ufsm-lanca-novo-sistema-de-estagios-de-graduacao' aria-hidden='true'>UFSM lan\u00e7a novo sistema de est\u00e1gio de gradua\u00e7\u00e3o<\/a>\n                                            <\/h5>\n                                                            <\/div>\n                    \n\n            <div class='carousel-item ' data-bs-interval='4000'>\n                                    <!-- Link && Slider Image -->\n                    <a href='https:\/\/www.ufsm.br\/pro-reitorias\/prograd\/2025\/04\/09\/portal-de-cursos-livres-e-abertos-da-ufsm-oferece-cursos-de-curta-duracao-a-distancia-e-com-certificacao'>\n                        <img class='w-100'  alt=\"O Portal de Cursos Livres e Abertos da Universidade Federal de Santa Maria oferece cursos de curta dura\u00e7\u00e3o, \u00e0 dist\u00e2ncia e com certifica\u00e7\u00e3o.\u00a0 \u00c9 poss\u00edvel escolher uma das seguintes modalidades: a dist\u00e2ncia: s\u00e3o auto-instrucionais, sem atividades presenciais obrigat\u00f3rias presencial: ocorrem&hellip;\" srcset=\"https:\/\/www.ufsm.br\/app\/uploads\/sites\/342\/2025\/04\/UFSM-PROGRAD-CTE-EaD-Cursos-Livres-e-Abertos-MOOC-banner-300x79.jpg 300w, https:\/\/www.ufsm.br\/app\/uploads\/sites\/342\/2025\/04\/UFSM-PROGRAD-CTE-EaD-Cursos-Livres-e-Abertos-MOOC-banner-768x203.jpg 768w, https:\/\/www.ufsm.br\/app\/uploads\/sites\/342\/2025\/04\/UFSM-PROGRAD-CTE-EaD-Cursos-Livres-e-Abertos-MOOC-banner.jpg 1024w\">\n                    <\/a>\n                \n                \n                                    <!-- Slider caption -->\n                    <h5 class='mt-2 mb-0'>\n                        <a href='https:\/\/www.ufsm.br\/pro-reitorias\/prograd\/2025\/04\/09\/portal-de-cursos-livres-e-abertos-da-ufsm-oferece-cursos-de-curta-duracao-a-distancia-e-com-certificacao' aria-hidden='true'>Portal de Cursos Livres e Abertos da UFSM oferece cursos de curta dura\u00e7\u00e3o, \u00e0 dist\u00e2ncia e com certifica\u00e7\u00e3o<\/a>\n                                            <\/h5>\n                                                            <\/div>\n                    <!-- Exibi Indicadores -->\n                    <ol class='carousel-indicators carousel-indicators-numbers d-none d-md-flex align-self-end m-0'>\n                <li data-bs-target='#ufsm-carousel-1788352469-1281638480' data-bs-slide-to='0' class='d-flex rounded-circle active'><span class='m-auto fw-bold'>1<\/span><\/li><li data-bs-target='#ufsm-carousel-1788352469-1281638480' data-bs-slide-to='1' class='d-flex rounded-circle '><span class='m-auto fw-bold'>2<\/span><\/li><li data-bs-target='#ufsm-carousel-1788352469-1281638480' data-bs-slide-to='2' class='d-flex rounded-circle '><span class='m-auto fw-bold'>3<\/span><\/li><li data-bs-target='#ufsm-carousel-1788352469-1281638480' data-bs-slide-to='3' class='d-flex rounded-circle '><span class='m-auto fw-bold'>4<\/span><\/li><li data-bs-target='#ufsm-carousel-1788352469-1281638480' data-bs-slide-to='4' class='d-flex rounded-circle '><span class='m-auto fw-bold'>5<\/span><\/li><li data-bs-target='#ufsm-carousel-1788352469-1281638480' data-bs-slide-to='5' class='d-flex rounded-circle '><span class='m-auto fw-bold'>6<\/span><\/li><li data-bs-target='#ufsm-carousel-1788352469-1281638480' data-bs-slide-to='6' class='d-flex rounded-circle '><span class='m-auto fw-bold'>7<\/span><\/li><li data-bs-target='#ufsm-carousel-1788352469-1281638480' data-bs-slide-to='7' class='d-flex rounded-circle '><span class='m-auto fw-bold'>8<\/span><\/li><li data-bs-target='#ufsm-carousel-1788352469-1281638480' data-bs-slide-to='8' class='d-flex rounded-circle '><span class='m-auto fw-bold'>9<\/span><\/li><li data-bs-target='#ufsm-carousel-1788352469-1281638480' data-bs-slide-to='9' class='d-flex rounded-circle '><span class='m-auto fw-bold'>10<\/span><\/li>            <\/ol>\n            <a class='carousel-control-prev' href='#ufsm-carousel-1788352469-1281638480' role='button' data-bs-slide='prev'>\n                <span class='carousel-control-prev-icon' aria-hidden='true'><\/span>\n                <span class='visually-hidden'>Previous<\/span>\n            <\/a>\n            <a class='carousel-control-next' href='#ufsm-carousel-1788352469-1281638480' role='button' data-bs-slide='next'>\n                <span class='carousel-control-next-icon' aria-hidden='true'><\/span>\n                <span class='visually-hidden'>Next<\/span>\n            <\/a>\n            <\/div>\n<\/div>\n<!-- Acessibilidade, apenas leitor de tela -->\n<ul class='visually-hidden'>\n    <li><a href='https:\/\/www.ufsm.br\/pro-reitorias\/prograd\/2026\/08\/31\/imersao-nos-predios-dos-cursos-e-a-novidade-do-descubra-ufsm-2026'>Imers\u00e3o nos pr\u00e9dios dos cursos \u00e9 a novidade do Descubra UFSM 2026<\/a><\/li><li><a href='https:\/\/www.ufsm.br\/pro-reitorias\/prograd\/2026\/08\/28\/prorrogado-jornada-academica-integrada-vai-receber-inscricoes-de-trabalhos-ate-04-de-setembro-as-17-horas'>PRORROGADO: Jornada Acad\u00eamica Integrada vai receber inscri\u00e7\u00f5es de trabalhos at\u00e9 04 de setembro \u00e0s 17 horas<\/a><\/li><li><a href='https:\/\/www.ufsm.br\/pro-reitorias\/prograd\/2026\/08\/24\/ufsm-debate-plano-de-desenvolvimento-institucional-no-evento-pdi-em-dialogo-construindo-a-universidade-que-desejamos'>UFSM debate Plano de Desenvolvimento Institucional no evento \u201cPDI em Di\u00e1logo: Construindo a Universidade que Desejamos\u201d<\/a><\/li><li><a href='https:\/\/www.ufsm.br\/pro-reitorias\/prograd\/2026\/08\/17\/ufsm-divulga-calendario-2026-2-das-colacoes-de-grau'>UFSM divulga calend\u00e1rio 2026\/2 das cola\u00e7\u00f5es de grau<\/a><\/li><li><a href='https:\/\/www.ufsm.br\/pro-reitorias\/prograd\/2026\/08\/10\/grupo-terapeutico-experiencias-conectadas-estimula-troca-de-vivencias-entre-estudantes-de-graduacao-do-1o-e-2o-semestres'>Grupo terap\u00eautico \u201cExperi\u00eancias Conectadas\u201d estimula troca de viv\u00eancias entre estudantes de gradua\u00e7\u00e3o do 1\u00ba e 2\u00ba semestres<\/a><\/li><li><a href='https:\/\/www.ufsm.br\/pro-reitorias\/prograd\/2026\/07\/28\/passei-na-ufsm-e-agora-o-guia-completo-para-calouros-e-calouras-ufsmers'>&#8220;Passei na UFSM, e agora?&#8221; O Guia Completo para Calouros e Calouras UFSMers<\/a><\/li><li><a href='https:\/\/www.ufsm.br\/pro-reitorias\/prograd\/2026\/07\/27\/inscricoes-ate-28-8-para-conteudista-regente-e-tutora-no-sistema-universidade-aberta-do-brasil'>PRORROGADO: Inscri\u00e7\u00f5es at\u00e9 9\/9 para conteudista, regente e tutor(a) no Sistema Universidade Aberta do Brasil<\/a><\/li><li><a href='https:\/\/www.ufsm.br\/pro-reitorias\/prograd\/2026\/01\/06\/coordenadoria-de-tecnologia-educacional-divulga-cursos-semipresenciais-previstos-para-2026'>Coordenadoria de Tecnologia Educacional divulga cursos semipresenciais previstos para 2026<\/a><\/li><li><a href='https:\/\/www.ufsm.br\/pro-reitorias\/prograd\/2025\/10\/16\/ufsm-lanca-novo-sistema-de-estagios-de-graduacao'>UFSM lan\u00e7a novo sistema de est\u00e1gio de gradua\u00e7\u00e3o<\/a><\/li><li><a href='https:\/\/www.ufsm.br\/pro-reitorias\/prograd\/2025\/04\/09\/portal-de-cursos-livres-e-abertos-da-ufsm-oferece-cursos-de-curta-duracao-a-distancia-e-com-certificacao'>Portal de Cursos Livres e Abertos da UFSM oferece cursos de curta dura\u00e7\u00e3o, \u00e0 dist\u00e2ncia e com certifica\u00e7\u00e3o<\/a><\/li><\/ul>\n\t\t<\/div>\n\t\t\t\t<\/div>\n\t\t\t\t\t<\/div>\n\t\t<\/div>\n\t\t\t\t\t<\/div>\n\t\t<\/section>\n\t\t\t\t<section class=\"elementor-section elementor-top-section elementor-element elementor-element-4f36e6b elementor-section-boxed elementor-section-height-default elementor-section-height-default\" data-id=\"4f36e6b\" data-element_type=\"section\">\n\t\t\t\t\t\t<div class=\"elementor-container elementor-column-gap-default\">\n\t\t\t\t\t<div class=\"elementor-column elementor-col-20 elementor-top-column elementor-element elementor-element-8d7e9d9\" data-id=\"8d7e9d9\" data-element_type=\"column\">\n\t\t\t<div class=\"elementor-widget-wrap elementor-element-populated\">\n\t\t\t\t\t\t<div class=\"elementor-element elementor-element-d4184b1 elementor-view-default elementor-position-top elementor-mobile-position-top elementor-widget elementor-widget-icon-box\" data-id=\"d4184b1\" data-element_type=\"widget\" data-widget_type=\"icon-box.default\">\n\t\t\t\t<div class=\"elementor-widget-container\">\n\t\t\t\t\t<div class=\"elementor-icon-box-wrapper\">\n\n\t\t\t\t\t\t<div class=\"elementor-icon-box-icon\">\n\t\t\t\t<a href=\"http:\/\/ufsm.br\/graduacao\" class=\"elementor-icon elementor-animation-\" tabindex=\"-1\">\n\t\t\t\t<i aria-hidden=\"true\" class=\"fas fa-university\"><\/i>\t\t\t\t<\/a>\n\t\t\t<\/div>\n\t\t\t\n\t\t\t\t\t\t<div class=\"elementor-icon-box-content\">\n\n\t\t\t\t\t\t\t\t\t<h6 class=\"elementor-icon-box-title\">\n\t\t\t\t\t\t<a href=\"http:\/\/ufsm.br\/graduacao\" >\n\t\t\t\t\t\t\tCURSOS DA UFSM\t\t\t\t\t\t<\/a>\n\t\t\t\t\t<\/h6>\n\t\t\t\t\n\t\t\t\t\n\t\t\t<\/div>\n\t\t\t\n\t\t<\/div>\n\t\t\t\t<\/div>\n\t\t\t\t<\/div>\n\t\t\t\t\t<\/div>\n\t\t<\/div>\n\t\t\t\t<div class=\"elementor-column elementor-col-20 elementor-top-column elementor-element elementor-element-308b688\" data-id=\"308b688\" data-element_type=\"column\">\n\t\t\t<div class=\"elementor-widget-wrap elementor-element-populated\">\n\t\t\t\t\t\t<div class=\"elementor-element elementor-element-a2a4a4b elementor-widget__width-initial elementor-view-default elementor-position-top elementor-mobile-position-top elementor-widget elementor-widget-icon-box\" data-id=\"a2a4a4b\" data-element_type=\"widget\" data-widget_type=\"icon-box.default\">\n\t\t\t\t<div class=\"elementor-widget-container\">\n\t\t\t\t\t<div class=\"elementor-icon-box-wrapper\">\n\n\t\t\t\t\t\t<div class=\"elementor-icon-box-icon\">\n\t\t\t\t<a href=\"https:\/\/www.ufsm.br\/pro-reitorias\/prograd\/ingresse-na-ufsm\" class=\"elementor-icon elementor-animation-\" tabindex=\"-1\">\n\t\t\t\t<i aria-hidden=\"true\" class=\"fas fa-door-open\"><\/i>\t\t\t\t<\/a>\n\t\t\t<\/div>\n\t\t\t\n\t\t\t\t\t\t<div class=\"elementor-icon-box-content\">\n\n\t\t\t\t\t\t\t\t\t<h6 class=\"elementor-icon-box-title\">\n\t\t\t\t\t\t<a href=\"https:\/\/www.ufsm.br\/pro-reitorias\/prograd\/ingresse-na-ufsm\" >\n\t\t\t\t\t\t\tINGRESSO NA UFSM\t\t\t\t\t\t<\/a>\n\t\t\t\t\t<\/h6>\n\t\t\t\t\n\t\t\t\t\n\t\t\t<\/div>\n\t\t\t\n\t\t<\/div>\n\t\t\t\t<\/div>\n\t\t\t\t<\/div>\n\t\t\t\t\t<\/div>\n\t\t<\/div>\n\t\t\t\t<div class=\"elementor-column elementor-col-20 elementor-top-column elementor-element elementor-element-66325ac\" data-id=\"66325ac\" data-element_type=\"column\">\n\t\t\t<div class=\"elementor-widget-wrap elementor-element-populated\">\n\t\t\t\t\t\t<div class=\"elementor-element elementor-element-f5b82c6 elementor-widget__width-initial elementor-view-default elementor-position-top elementor-mobile-position-top elementor-widget elementor-widget-icon-box\" data-id=\"f5b82c6\" data-element_type=\"widget\" data-widget_type=\"icon-box.default\">\n\t\t\t\t<div class=\"elementor-widget-container\">\n\t\t\t\t\t<div class=\"elementor-icon-box-wrapper\">\n\n\t\t\t\t\t\t<div class=\"elementor-icon-box-icon\">\n\t\t\t\t<a href=\"https:\/\/www.ufsm.br\/pro-reitorias\/prograd\/processos-seletivos-internos\" class=\"elementor-icon elementor-animation-\" tabindex=\"-1\">\n\t\t\t\t<i aria-hidden=\"true\" class=\"fas fa-exchange-alt\"><\/i>\t\t\t\t<\/a>\n\t\t\t<\/div>\n\t\t\t\n\t\t\t\t\t\t<div class=\"elementor-icon-box-content\">\n\n\t\t\t\t\t\t\t\t\t<h6 class=\"elementor-icon-box-title\">\n\t\t\t\t\t\t<a href=\"https:\/\/www.ufsm.br\/pro-reitorias\/prograd\/processos-seletivos-internos\" >\n\t\t\t\t\t\t\tSELE\u00c7\u00d5ES INTERNAS\t\t\t\t\t\t<\/a>\n\t\t\t\t\t<\/h6>\n\t\t\t\t\n\t\t\t\t\n\t\t\t<\/div>\n\t\t\t\n\t\t<\/div>\n\t\t\t\t<\/div>\n\t\t\t\t<\/div>\n\t\t\t\t\t<\/div>\n\t\t<\/div>\n\t\t\t\t<div class=\"elementor-column elementor-col-20 elementor-top-column elementor-element elementor-element-7017832\" data-id=\"7017832\" data-element_type=\"column\">\n\t\t\t<div class=\"elementor-widget-wrap elementor-element-populated\">\n\t\t\t\t\t\t<div class=\"elementor-element elementor-element-c6604d0 elementor-view-default elementor-position-top elementor-mobile-position-top elementor-widget elementor-widget-icon-box\" data-id=\"c6604d0\" data-element_type=\"widget\" data-widget_type=\"icon-box.default\">\n\t\t\t\t<div class=\"elementor-widget-container\">\n\t\t\t\t\t<div class=\"elementor-icon-box-wrapper\">\n\n\t\t\t\t\t\t<div class=\"elementor-icon-box-icon\">\n\t\t\t\t<a href=\"https:\/\/www.ufsm.br\/pro-reitorias\/prograd\/busca?q=&#038;sites%5B%5D=362&#038;sites%5B%5D=391&#038;sites%5B%5D=358&#038;sites%5B%5D=51&#038;sites%5B%5D=499&#038;sites%5B%5D=858&#038;sites%5B%5D=779&#038;sites%5B%5D=786&#038;sites%5B%5D=788&#038;sites%5B%5D=859&#038;sites%5B%5D=781&#038;sites%5B%5D=784&#038;sites%5B%5D=840&#038;sites%5B%5D=778&#038;sites%5B%5D=787&#038;sites%5B%5D=777&#038;sites%5B%5D=783&#038;sites%5B%5D=785&#038;sites%5B%5D=791&#038;sites%5B%5D=782&#038;sites%5B%5D=879&#038;sites%5B%5D=342&#038;sites%5B%5D=501&#038;sites%5B%5D=822&#038;tags=&#038;orderby=modified&#038;order=DESC&#038;perpage=50&#038;area=editais&#038;tipo_edital=&#038;licitacao_edital=&#038;concurso_edital_mod=&#038;concurso_edital_cat=&#038;outro_edital=\" class=\"elementor-icon elementor-animation-\" tabindex=\"-1\">\n\t\t\t\t<i aria-hidden=\"true\" class=\"fas fa-bullhorn\"><\/i>\t\t\t\t<\/a>\n\t\t\t<\/div>\n\t\t\t\n\t\t\t\t\t\t<div class=\"elementor-icon-box-content\">\n\n\t\t\t\t\t\t\t\t\t<h6 class=\"elementor-icon-box-title\">\n\t\t\t\t\t\t<a href=\"https:\/\/www.ufsm.br\/pro-reitorias\/prograd\/busca?q=&#038;sites%5B%5D=362&#038;sites%5B%5D=391&#038;sites%5B%5D=358&#038;sites%5B%5D=51&#038;sites%5B%5D=499&#038;sites%5B%5D=858&#038;sites%5B%5D=779&#038;sites%5B%5D=786&#038;sites%5B%5D=788&#038;sites%5B%5D=859&#038;sites%5B%5D=781&#038;sites%5B%5D=784&#038;sites%5B%5D=840&#038;sites%5B%5D=778&#038;sites%5B%5D=787&#038;sites%5B%5D=777&#038;sites%5B%5D=783&#038;sites%5B%5D=785&#038;sites%5B%5D=791&#038;sites%5B%5D=782&#038;sites%5B%5D=879&#038;sites%5B%5D=342&#038;sites%5B%5D=501&#038;sites%5B%5D=822&#038;tags=&#038;orderby=modified&#038;order=DESC&#038;perpage=50&#038;area=editais&#038;tipo_edital=&#038;licitacao_edital=&#038;concurso_edital_mod=&#038;concurso_edital_cat=&#038;outro_edital=\" >\n\t\t\t\t\t\t\tEDITAIS PROGRAD\t\t\t\t\t\t<\/a>\n\t\t\t\t\t<\/h6>\n\t\t\t\t\n\t\t\t\t\n\t\t\t<\/div>\n\t\t\t\n\t\t<\/div>\n\t\t\t\t<\/div>\n\t\t\t\t<\/div>\n\t\t\t\t\t<\/div>\n\t\t<\/div>\n\t\t\t\t<div class=\"elementor-column elementor-col-20 elementor-top-column elementor-element elementor-element-34b9433\" data-id=\"34b9433\" data-element_type=\"column\">\n\t\t\t<div class=\"elementor-widget-wrap elementor-element-populated\">\n\t\t\t\t\t\t<div class=\"elementor-element elementor-element-df9b34c elementor-widget__width-initial elementor-view-default elementor-position-top elementor-mobile-position-top elementor-widget elementor-widget-icon-box\" data-id=\"df9b34c\" data-element_type=\"widget\" data-widget_type=\"icon-box.default\">\n\t\t\t\t<div class=\"elementor-widget-container\">\n\t\t\t\t\t<div class=\"elementor-icon-box-wrapper\">\n\n\t\t\t\t\t\t<div class=\"elementor-icon-box-icon\">\n\t\t\t\t<a href=\"https:\/\/www.ufsm.br\/pro-reitorias\/prograd\/code\/estagios\" class=\"elementor-icon elementor-animation-\" tabindex=\"-1\">\n\t\t\t\t<i aria-hidden=\"true\" class=\"fas fa-briefcase\"><\/i>\t\t\t\t<\/a>\n\t\t\t<\/div>\n\t\t\t\n\t\t\t\t\t\t<div class=\"elementor-icon-box-content\">\n\n\t\t\t\t\t\t\t\t\t<h6 class=\"elementor-icon-box-title\">\n\t\t\t\t\t\t<a href=\"https:\/\/www.ufsm.br\/pro-reitorias\/prograd\/code\/estagios\" >\n\t\t\t\t\t\t\tEST\u00c1GIOS\t\t\t\t\t\t<\/a>\n\t\t\t\t\t<\/h6>\n\t\t\t\t\n\t\t\t\t\n\t\t\t<\/div>\n\t\t\t\n\t\t<\/div>\n\t\t\t\t<\/div>\n\t\t\t\t<\/div>\n\t\t\t\t\t<\/div>\n\t\t<\/div>\n\t\t\t\t\t<\/div>\n\t\t<\/section>\n\t\t\t\t<section class=\"elementor-section elementor-top-section elementor-element elementor-element-3cc9986 elementor-section-boxed elementor-section-height-default elementor-section-height-default\" data-id=\"3cc9986\" data-element_type=\"section\">\n\t\t\t\t\t\t<div class=\"elementor-container elementor-column-gap-default\">\n\t\t\t\t\t<div class=\"elementor-column elementor-col-20 elementor-top-column elementor-element elementor-element-837933f\" data-id=\"837933f\" data-element_type=\"column\">\n\t\t\t<div class=\"elementor-widget-wrap elementor-element-populated\">\n\t\t\t\t\t\t<div class=\"elementor-element elementor-element-eb07d91 elementor-view-default elementor-position-top elementor-mobile-position-top elementor-widget elementor-widget-icon-box\" data-id=\"eb07d91\" data-element_type=\"widget\" data-widget_type=\"icon-box.default\">\n\t\t\t\t<div class=\"elementor-widget-container\">\n\t\t\t\t\t<div class=\"elementor-icon-box-wrapper\">\n\n\t\t\t\t\t\t<div class=\"elementor-icon-box-icon\">\n\t\t\t\t<a href=\"https:\/\/www.ufsm.br\/pro-reitorias\/prograd\/servicos\/verificacao-de-documentos-e-confirmacao-de-dados-de-estudantes\" class=\"elementor-icon elementor-animation-\" tabindex=\"-1\">\n\t\t\t\t<i aria-hidden=\"true\" class=\"fas fa-file-signature\"><\/i>\t\t\t\t<\/a>\n\t\t\t<\/div>\n\t\t\t\n\t\t\t\t\t\t<div class=\"elementor-icon-box-content\">\n\n\t\t\t\t\t\t\t\t\t<h6 class=\"elementor-icon-box-title\">\n\t\t\t\t\t\t<a href=\"https:\/\/www.ufsm.br\/pro-reitorias\/prograd\/servicos\/verificacao-de-documentos-e-confirmacao-de-dados-de-estudantes\" >\n\t\t\t\t\t\t\tAUTENTICIDADE DOCUMENTAL\t\t\t\t\t\t<\/a>\n\t\t\t\t\t<\/h6>\n\t\t\t\t\n\t\t\t\t\n\t\t\t<\/div>\n\t\t\t\n\t\t<\/div>\n\t\t\t\t<\/div>\n\t\t\t\t<\/div>\n\t\t\t\t\t<\/div>\n\t\t<\/div>\n\t\t\t\t<div class=\"elementor-column elementor-col-20 elementor-top-column elementor-element elementor-element-61043bd\" data-id=\"61043bd\" data-element_type=\"column\">\n\t\t\t<div class=\"elementor-widget-wrap elementor-element-populated\">\n\t\t\t\t\t\t<div class=\"elementor-element elementor-element-b96f1b8 elementor-view-default elementor-position-top elementor-mobile-position-top elementor-widget elementor-widget-icon-box\" data-id=\"b96f1b8\" data-element_type=\"widget\" data-widget_type=\"icon-box.default\">\n\t\t\t\t<div class=\"elementor-widget-container\">\n\t\t\t\t\t<div class=\"elementor-icon-box-wrapper\">\n\n\t\t\t\t\t\t<div class=\"elementor-icon-box-icon\">\n\t\t\t\t<a href=\"https:\/\/www.ufsm.br\/pro-reitorias\/prograd\/coordenacao-de-curso\" class=\"elementor-icon elementor-animation-\" tabindex=\"-1\">\n\t\t\t\t<i aria-hidden=\"true\" class=\"fas fa-user-tie\"><\/i>\t\t\t\t<\/a>\n\t\t\t<\/div>\n\t\t\t\n\t\t\t\t\t\t<div class=\"elementor-icon-box-content\">\n\n\t\t\t\t\t\t\t\t\t<h6 class=\"elementor-icon-box-title\">\n\t\t\t\t\t\t<a href=\"https:\/\/www.ufsm.br\/pro-reitorias\/prograd\/coordenacao-de-curso\" >\n\t\t\t\t\t\t\tCOORDENA\u00c7\u00d5ES E SECRETARIAS\t\t\t\t\t\t<\/a>\n\t\t\t\t\t<\/h6>\n\t\t\t\t\n\t\t\t\t\n\t\t\t<\/div>\n\t\t\t\n\t\t<\/div>\n\t\t\t\t<\/div>\n\t\t\t\t<\/div>\n\t\t\t\t\t<\/div>\n\t\t<\/div>\n\t\t\t\t<div class=\"elementor-column elementor-col-20 elementor-top-column elementor-element elementor-element-530f1b0\" data-id=\"530f1b0\" data-element_type=\"column\">\n\t\t\t<div class=\"elementor-widget-wrap elementor-element-populated\">\n\t\t\t\t\t\t<div class=\"elementor-element elementor-element-6e4f360 elementor-widget__width-initial elementor-view-default elementor-position-top elementor-mobile-position-top elementor-widget elementor-widget-icon-box\" data-id=\"6e4f360\" data-element_type=\"widget\" data-widget_type=\"icon-box.default\">\n\t\t\t\t<div class=\"elementor-widget-container\">\n\t\t\t\t\t<div class=\"elementor-icon-box-wrapper\">\n\n\t\t\t\t\t\t<div class=\"elementor-icon-box-icon\">\n\t\t\t\t<a href=\"https:\/\/www.ufsm.br\/pro-reitorias\/prograd\/estudante-da-ufsm\" class=\"elementor-icon elementor-animation-\" tabindex=\"-1\">\n\t\t\t\t<i aria-hidden=\"true\" class=\"fas fa-user\"><\/i>\t\t\t\t<\/a>\n\t\t\t<\/div>\n\t\t\t\n\t\t\t\t\t\t<div class=\"elementor-icon-box-content\">\n\n\t\t\t\t\t\t\t\t\t<h6 class=\"elementor-icon-box-title\">\n\t\t\t\t\t\t<a href=\"https:\/\/www.ufsm.br\/pro-reitorias\/prograd\/estudante-da-ufsm\" >\n\t\t\t\t\t\t\tESTUDANTES DA UFSM\t\t\t\t\t\t<\/a>\n\t\t\t\t\t<\/h6>\n\t\t\t\t\n\t\t\t\t\n\t\t\t<\/div>\n\t\t\t\n\t\t<\/div>\n\t\t\t\t<\/div>\n\t\t\t\t<\/div>\n\t\t\t\t\t<\/div>\n\t\t<\/div>\n\t\t\t\t<div class=\"elementor-column elementor-col-20 elementor-top-column elementor-element elementor-element-c50b611\" data-id=\"c50b611\" data-element_type=\"column\">\n\t\t\t<div class=\"elementor-widget-wrap elementor-element-populated\">\n\t\t\t\t\t\t<div class=\"elementor-element elementor-element-44e91ec elementor-view-default elementor-position-top elementor-mobile-position-top elementor-widget elementor-widget-icon-box\" data-id=\"44e91ec\" data-element_type=\"widget\" data-widget_type=\"icon-box.default\">\n\t\t\t\t<div class=\"elementor-widget-container\">\n\t\t\t\t\t<div class=\"elementor-icon-box-wrapper\">\n\n\t\t\t\t\t\t<div class=\"elementor-icon-box-icon\">\n\t\t\t\t<a href=\"https:\/\/www.ufsm.br\/pro-reitorias\/prograd\/instrucoes-normativas-prograd\" class=\"elementor-icon elementor-animation-\" tabindex=\"-1\">\n\t\t\t\t<i aria-hidden=\"true\" class=\"fas fa-book\"><\/i>\t\t\t\t<\/a>\n\t\t\t<\/div>\n\t\t\t\n\t\t\t\t\t\t<div class=\"elementor-icon-box-content\">\n\n\t\t\t\t\t\t\t\t\t<h6 class=\"elementor-icon-box-title\">\n\t\t\t\t\t\t<a href=\"https:\/\/www.ufsm.br\/pro-reitorias\/prograd\/instrucoes-normativas-prograd\" >\n\t\t\t\t\t\t\tINSTRU\u00c7\u00d5ES NORMATIVAS\t\t\t\t\t\t<\/a>\n\t\t\t\t\t<\/h6>\n\t\t\t\t\n\t\t\t\t\n\t\t\t<\/div>\n\t\t\t\n\t\t<\/div>\n\t\t\t\t<\/div>\n\t\t\t\t<\/div>\n\t\t\t\t\t<\/div>\n\t\t<\/div>\n\t\t\t\t<div class=\"elementor-column elementor-col-20 elementor-top-column elementor-element elementor-element-e3a6b7c\" data-id=\"e3a6b7c\" data-element_type=\"column\">\n\t\t\t<div class=\"elementor-widget-wrap elementor-element-populated\">\n\t\t\t\t\t\t<div class=\"elementor-element elementor-element-fc2d2b8 elementor-view-default elementor-position-top elementor-mobile-position-top elementor-widget elementor-widget-icon-box\" data-id=\"fc2d2b8\" data-element_type=\"widget\" data-widget_type=\"icon-box.default\">\n\t\t\t\t<div class=\"elementor-widget-container\">\n\t\t\t\t\t<div class=\"elementor-icon-box-wrapper\">\n\n\t\t\t\t\t\t<div class=\"elementor-icon-box-icon\">\n\t\t\t\t<a href=\"https:\/\/www.ufsm.br\/pro-reitorias\/prograd\/tutoriais\" class=\"elementor-icon elementor-animation-\" tabindex=\"-1\">\n\t\t\t\t<i aria-hidden=\"true\" class=\"fas fa-book-open\"><\/i>\t\t\t\t<\/a>\n\t\t\t<\/div>\n\t\t\t\n\t\t\t\t\t\t<div class=\"elementor-icon-box-content\">\n\n\t\t\t\t\t\t\t\t\t<h6 class=\"elementor-icon-box-title\">\n\t\t\t\t\t\t<a href=\"https:\/\/www.ufsm.br\/pro-reitorias\/prograd\/tutoriais\" >\n\t\t\t\t\t\t\tGUIAS E TUTORIAIS\t\t\t\t\t\t<\/a>\n\t\t\t\t\t<\/h6>\n\t\t\t\t\n\t\t\t\t\n\t\t\t<\/div>\n\t\t\t\n\t\t<\/div>\n\t\t\t\t<\/div>\n\t\t\t\t<\/div>\n\t\t\t\t\t<\/div>\n\t\t<\/div>\n\t\t\t\t\t<\/div>\n\t\t<\/section>\n\t\t\t\t<section class=\"elementor-section elementor-top-section elementor-element elementor-element-edd51f0 elementor-section-boxed elementor-section-height-default elementor-section-height-default\" data-id=\"edd51f0\" data-element_type=\"section\">\n\t\t\t\t\t\t<div class=\"elementor-container elementor-column-gap-default\">\n\t\t\t\t\t<div class=\"elementor-column elementor-col-100 elementor-top-column elementor-element elementor-element-e3016b4\" data-id=\"e3016b4\" data-element_type=\"column\">\n\t\t\t<div class=\"elementor-widget-wrap elementor-element-populated\">\n\t\t\t\t\t\t<div class=\"elementor-element elementor-element-afe3414 elementor-widget-divider--view-line elementor-widget elementor-widget-divider\" data-id=\"afe3414\" data-element_type=\"widget\" data-widget_type=\"divider.default\">\n\t\t\t\t<div class=\"elementor-widget-container\">\n\t\t\t\t\t<div class=\"elementor-divider\">\n\t\t\t<span class=\"elementor-divider-separator\">\n\t\t\t\t\t\t<\/span>\n\t\t<\/div>\n\t\t\t\t<\/div>\n\t\t\t\t<\/div>\n\t\t\t\t<div class=\"elementor-element elementor-element-7d10569 elementor-widget elementor-widget-wp-widget-ufsm_noticias_widget\" data-id=\"7d10569\" data-element_type=\"widget\" data-widget_type=\"wp-widget-ufsm_noticias_widget.default\">\n\t\t\t\t<div class=\"elementor-widget-container\">\n\t\t\t<h5 class='titulo-conteudos'>Not\u00edcias Prograd<\/h5><div class='widget-noticias-inside'>\n                        <div class=\"row\">\n                                    <div class=\"col-12 col-lg-3 pb-4\">\n                                        \n                                        \n                    \n                    <a class=\"noticias-widget-title d-block \"  title=\"PRORROGADO: Jornada Acad\u00eamica Integrada vai receber inscri\u00e7\u00f5es de trabalhos at\u00e9 04 de setembro \u00e0s 17 horas\" href=\"https:\/\/www.ufsm.br\/pro-reitorias\/prograd\/2026\/08\/28\/prorrogado-jornada-academica-integrada-vai-receber-inscricoes-de-trabalhos-ate-04-de-setembro-as-17-horas\">\n                                                PRORROGADO: Jornada Acad\u00eamica Integrada vai receber inscri\u00e7\u00f5es de trabalhos at\u00e9 04 de setembro \u00e0s 17 horas                    <\/a>\n                    \n                                            <div class=\"noticias-widget-introtext\">\n                            \u00a0 A Jornada Acad\u00eamica Integrada da UFSM em 2026 j\u00e1 tem data marcada: de 09&hellip;                        <\/div>\n                    \n                                        \n                                        \n                                            \n                                                    <div title=\"Publicado em 28\/08\/2026 \" class=\"data-publicacao-widget\">\n                                <i  class=\"far fa-clock\"><\/i>\n                                28\/08\/2026                             <\/div>\n                                                                <\/div>\n                                    <div class=\"col-12 col-lg-3 pb-4\">\n                                        \n                                        \n                    \n                    <a class=\"noticias-widget-title d-block \"  title=\"UFSM divulga calend\u00e1rio 2026\/2 das cola\u00e7\u00f5es de grau\" href=\"https:\/\/www.ufsm.br\/pro-reitorias\/prograd\/2026\/08\/17\/ufsm-divulga-calendario-2026-2-das-colacoes-de-grau\">\n                                                UFSM divulga calend\u00e1rio 2026\/2 das cola\u00e7\u00f5es de grau                    <\/a>\n                    \n                                            <div class=\"noticias-widget-introtext\">\n                            A Universidade Federal de Santa Maria, por meio da Pr\u00f3-Reitoria de Gradua\u00e7\u00e3o (Prograd), divulgou seu&hellip;                        <\/div>\n                    \n                                        \n                                        \n                                            \n                                                    <div title=\"Publicado em 17\/08\/2026 \" class=\"data-publicacao-widget\">\n                                <i  class=\"far fa-clock\"><\/i>\n                                17\/08\/2026                             <\/div>\n                                                                <\/div>\n                                    <div class=\"col-12 col-lg-3 pb-4\">\n                                        \n                                        \n                    \n                    <a class=\"noticias-widget-title d-block \"  title=\"Descubra UFSM 2026 ser\u00e1 realizado no m\u00eas de novembro\" href=\"https:\/\/www.ufsm.br\/pro-reitorias\/prograd\/2026\/08\/11\/descubra-ufsm-2026-sera-realizado-no-mes-de-novembro\">\n                                                Descubra UFSM 2026 ser\u00e1 realizado no m\u00eas de novembro                    <\/a>\n                    \n                                            <div class=\"noticias-widget-introtext\">\n                            Evento acontecer\u00e1 nos dias 12 e 13 de novembro; caravanas de escolas j\u00e1 podem agendar&hellip;                        <\/div>\n                    \n                                        \n                                        \n                                            \n                                                    <div title=\"Publicado em 11\/08\/2026 \" class=\"data-publicacao-widget\">\n                                <i  class=\"far fa-clock\"><\/i>\n                                11\/08\/2026                             <\/div>\n                                                                <\/div>\n                                    <div class=\"col-12 col-lg-3 pb-4\">\n                                        \n                                        \n                    \n                    <a class=\"noticias-widget-title d-block \"  title=\"Grupo terap\u00eautico \u201cExperi\u00eancias Conectadas\u201d estimula troca de viv\u00eancias entre estudantes de gradua\u00e7\u00e3o do 1\u00ba e 2\u00ba semestres\" href=\"https:\/\/www.ufsm.br\/pro-reitorias\/prograd\/2026\/08\/10\/grupo-terapeutico-experiencias-conectadas-estimula-troca-de-vivencias-entre-estudantes-de-graduacao-do-1o-e-2o-semestres\">\n                                                Grupo terap\u00eautico \u201cExperi\u00eancias Conectadas\u201d estimula troca de viv\u00eancias entre estudantes de gradua\u00e7\u00e3o do 1\u00ba e 2\u00ba semestres                    <\/a>\n                    \n                                            <div class=\"noticias-widget-introtext\">\n                            A iniciativa aceita novos participantes toda semana, mediante inscri\u00e7\u00e3o pr\u00e9via                        <\/div>\n                    \n                                        \n                                        \n                                            \n                                                    <div title=\"Publicado em 10\/08\/2026 \" class=\"data-publicacao-widget\">\n                                <i  class=\"far fa-clock\"><\/i>\n                                10\/08\/2026                             <\/div>\n                                                                <\/div>\n                            <\/div>\n            <\/div>\n<div class=\"leia-mais p-1\">\n                <a href=\"https:\/\/www.ufsm.br\/pro-reitorias\/prograd\/busca\/?q=&amp;sites%5B%5D=362&amp;sites%5B%5D=391&amp;sites%5B%5D=358&amp;sites%5B%5D=51&amp;sites%5B%5D=499&amp;sites%5B%5D=858&amp;sites%5B%5D=779&amp;sites%5B%5D=786&amp;sites%5B%5D=788&amp;sites%5B%5D=859&amp;sites%5B%5D=781&amp;sites%5B%5D=784&amp;sites%5B%5D=840&amp;sites%5B%5D=778&amp;sites%5B%5D=787&amp;sites%5B%5D=777&amp;sites%5B%5D=783&amp;sites%5B%5D=785&amp;sites%5B%5D=791&amp;sites%5B%5D=782&amp;sites%5B%5D=879&amp;sites%5B%5D=342&amp;sites%5B%5D=501&amp;tags=&amp;orderby=date&amp;order=DESC&amp;perpage=50&amp;area=post&amp;tipo_edital=&amp;licitacao_edital=&amp;concurso_edital_mod=&amp;concurso_edital_cat=&amp;outro_edital=\">\n            LEIA MAIS NOT\u00cdCIAS DA PROGRAD            <span class=\"icon-box\">\n                <span class=\"bg-ufsm-widget-icon\">\n                    <i class=\"fas fa-chevron-right\" aria-hidden=\"true\"><\/i>\n                <\/span>\n            <\/span>\n        <\/a>\n    <\/div>\n\t\t<\/div>\n\t\t\t\t<\/div>\n\t\t\t\t\t<\/div>\n\t\t<\/div>\n\t\t\t\t\t<\/div>\n\t\t<\/section>\n\t\t\t\t<section class=\"elementor-section elementor-top-section elementor-element elementor-element-1352777 elementor-section-boxed elementor-section-height-default elementor-section-height-default\" data-id=\"1352777\" data-element_type=\"section\">\n\t\t\t\t\t\t<div class=\"elementor-container elementor-column-gap-default\">\n\t\t\t\t\t<div class=\"elementor-column elementor-col-100 elementor-top-column elementor-element elementor-element-0126aa3\" data-id=\"0126aa3\" data-element_type=\"column\">\n\t\t\t<div class=\"elementor-widget-wrap elementor-element-populated\">\n\t\t\t\t\t\t<div class=\"elementor-element elementor-element-fc8863d elementor-widget elementor-widget-wp-widget-ufsm_noticias_widget\" data-id=\"fc8863d\" data-element_type=\"widget\" data-widget_type=\"wp-widget-ufsm_noticias_widget.default\">\n\t\t\t\t<div class=\"elementor-widget-container\">\n\t\t\t<h5 class='titulo-conteudos'>Destaques das Coordenadorias da PROGRAD<\/h5><div class='widget-noticias-inside'>\n                        <div class=\"row\">\n                                    <div class=\"col-12 col-lg-3 pb-4\">\n                                        \n                                        \n                    \n                    <a class=\"noticias-widget-title d-block \"  title=\"PRORROGADO: Inscri\u00e7\u00f5es at\u00e9 9\/9 para conteudista, regente e tutor(a) no Sistema Universidade Aberta do Brasil\" href=\"https:\/\/www.ufsm.br\/pro-reitorias\/prograd\/2026\/07\/27\/inscricoes-ate-28-8-para-conteudista-regente-e-tutora-no-sistema-universidade-aberta-do-brasil\">\n                                                PRORROGADO: Inscri\u00e7\u00f5es at\u00e9 9\/9 para conteudista, regente e tutor(a) no Sistema Universidade Aberta do Brasil                    <\/a>\n                    \n                                            <div class=\"noticias-widget-introtext\">\n                            \u00a0 A Universidade Federal de Santa Maria, por meio da Coordenadoria de Tecnologia Educacional (CTE\/Prograd)&hellip;                        <\/div>\n                    \n                                        \n                                            <div class=\"small\" title=\"Publicado no s\u00edtio: PROGRAD\">PROGRAD<\/div>\n                                        \n                                            \n                                                    <div title=\"Publicado em 27\/07\/2026 \" class=\"data-publicacao-widget\">\n                                <i  class=\"far fa-clock\"><\/i>\n                                27\/07\/2026                             <\/div>\n                                                                <\/div>\n                                    <div class=\"col-12 col-lg-3 pb-4\">\n                                        \n                                        \n                    \n                    <a class=\"noticias-widget-title d-block \"  title=\"CAEd prorroga editais de sele\u00e7\u00e3o de bolsistas de gradua\u00e7\u00e3o e p\u00f3s-gradua\u00e7\u00e3o, destinados a dez \u00e1reas\" href=\"https:\/\/www.ufsm.br\/pro-reitorias\/prograd\/2026\/07\/16\/caed-prorroga-editais-de-selecao-de-bolsistas-de-graduacao-e-pos-graduacao-destinados-a-dez-areas\">\n                                                CAEd prorroga editais de sele\u00e7\u00e3o de bolsistas de gradua\u00e7\u00e3o e p\u00f3s-gradua\u00e7\u00e3o, destinados a dez \u00e1reas                    <\/a>\n                    \n                                            <div class=\"noticias-widget-introtext\">\n                            \u00a0 A Coordenadoria de A\u00e7\u00f5es Educacionais (CAEd\/Prograd) da UFSM est\u00e1 com inscri\u00e7\u00f5es abertas para sele\u00e7\u00e3o&hellip;                        <\/div>\n                    \n                                        \n                                            <div class=\"small\" title=\"Publicado no s\u00edtio: PROGRAD\">PROGRAD<\/div>\n                                        \n                                            \n                                                    <div title=\"Publicado em 16\/07\/2026 \" class=\"data-publicacao-widget\">\n                                <i  class=\"far fa-clock\"><\/i>\n                                16\/07\/2026                             <\/div>\n                                                                <\/div>\n                                    <div class=\"col-12 col-lg-3 pb-4\">\n                                        \n                                        \n                    \n                    <a class=\"noticias-widget-title d-block \"  title=\"Cursos B\u00e1sicos de L\u00edngua Guarani e Kaingang est\u00e3o com inscri\u00e7\u00f5es abertas at\u00e9 dia 31 de julho\" href=\"https:\/\/www.ufsm.br\/pro-reitorias\/prograd\/2026\/07\/16\/cursos-basicos-de-lingua-guarani-e-kaingang-estao-com-inscricoes-abertas-ate-dia-31-de-julho\">\n                                                Cursos B\u00e1sicos de L\u00edngua Guarani e Kaingang est\u00e3o com inscri\u00e7\u00f5es abertas at\u00e9 dia 31 de julho                    <\/a>\n                    \n                                            <div class=\"noticias-widget-introtext\">\n                            \u00a0 A Universidade Federal de Santa Maria, por meio da Coordenadoria de A\u00e7\u00f5es Educacionais (CAEd\/Prograd),&hellip;                        <\/div>\n                    \n                                        \n                                            <div class=\"small\" title=\"Publicado no s\u00edtio: PROGRAD\">PROGRAD<\/div>\n                                        \n                                            \n                                                    <div title=\"Publicado em 16\/07\/2026 \" class=\"data-publicacao-widget\">\n                                <i  class=\"far fa-clock\"><\/i>\n                                16\/07\/2026                             <\/div>\n                                                                <\/div>\n                                    <div class=\"col-12 col-lg-3 pb-4\">\n                                        \n                                        \n                    \n                    <a class=\"noticias-widget-title d-block \"  title=\"Coordenadoria de Tecnologia Educacional divulga cursos semipresenciais previstos para 2026\" href=\"https:\/\/www.ufsm.br\/pro-reitorias\/prograd\/2026\/01\/06\/coordenadoria-de-tecnologia-educacional-divulga-cursos-semipresenciais-previstos-para-2026\">\n                                                Coordenadoria de Tecnologia Educacional divulga cursos semipresenciais previstos para 2026                    <\/a>\n                    \n                                            <div class=\"noticias-widget-introtext\">\n                            Cursos preveem avalia\u00e7\u00f5es e algumas atividades de ensino-aprendizagem em formato presencial                        <\/div>\n                    \n                                        \n                                            <div class=\"small\" title=\"Publicado no s\u00edtio: PROGRAD\">PROGRAD<\/div>\n                                        \n                                            \n                                                    <div title=\"Publicado em 06\/01\/2026 \" class=\"data-publicacao-widget\">\n                                <i  class=\"far fa-clock\"><\/i>\n                                06\/01\/2026                             <\/div>\n                                                                <\/div>\n                            <\/div>\n            <\/div>\n<div class=\"leia-mais p-1\">\n                <a href=\"https:\/\/www.ufsm.br\/pro-reitorias\/prograd\/busca\/?q=&area=post&orderby=date&sites%5B%5D=362&sites%5B%5D=391&sites%5B%5D=358&sites%5B%5D=342&sites%5B%5D=501&tags=coordenadoria-prograd\">\n            LEIA MAIS            <span class=\"icon-box\">\n                <span class=\"bg-ufsm-widget-icon\">\n                    <i class=\"fas fa-chevron-right\" aria-hidden=\"true\"><\/i>\n                <\/span>\n            <\/span>\n        <\/a>\n    <\/div>\n\t\t<\/div>\n\t\t\t\t<\/div>\n\t\t\t\t\t<\/div>\n\t\t<\/div>\n\t\t\t\t\t<\/div>\n\t\t<\/section>\n\t\t\t\t<section class=\"elementor-section elementor-top-section elementor-element elementor-element-2d88e29 elementor-section-boxed elementor-section-height-default elementor-section-height-default\" data-id=\"2d88e29\" data-element_type=\"section\">\n\t\t\t\t\t\t<div class=\"elementor-container elementor-column-gap-default\">\n\t\t\t\t\t<div class=\"elementor-column elementor-col-100 elementor-top-column elementor-element elementor-element-4d4c0a7\" data-id=\"4d4c0a7\" data-element_type=\"column\">\n\t\t\t<div class=\"elementor-widget-wrap elementor-element-populated\">\n\t\t\t\t\t\t<div class=\"elementor-element elementor-element-b3d04da elementor-widget elementor-widget-wp-widget-ufsm_editais_widget\" data-id=\"b3d04da\" data-element_type=\"widget\" data-widget_type=\"wp-widget-ufsm_editais_widget.default\">\n\t\t\t\t<div class=\"elementor-widget-container\">\n\t\t\t<h2 class='titulo-conteudos'>Editais Prograd<\/h2><div class='row'>\n            <div class=\"col-lg-6 px-3 pb-3\">\n            \n                        \n            <a title=\"051\/2026 - PARFOR\/UFSM\/PROGRAD -  SELE\u00c7\u00c3O DE PROFESSOR\/AFORMADOR\/A E FORMADOR\/A CONVIDADO\/A PARA ATUA\u00c7\u00c3O NO CURSO MBYA GUARANI EDUCA\u00c7\u00c3O INTERCULTURAL IND\u00cdGENA \u2013 CAMPUS SEDE DA UFSM\" href=\"https:\/\/www.ufsm.br\/pro-reitorias\/prograd\/editais\/051-2026\">\n                <span class=\"titulo-publicacao-widget\">051\/2026 - PARFOR\/UFSM\/PROGRAD - SELE\u00c7\u00c3O DE PROFESSOR\/AFORMADOR\/A E FORMADOR\/A CONVIDADO\/A PARA ATUA\u00c7\u00c3O NO CURSO MBYA GUARANI EDUCA\u00c7\u00c3O INTERCULTURAL IND\u00cdGENA \u2013&hellip;<\/span>\n                <br>\n            <\/a>\n\n                        \n                                            \n                                    <div title=\"Atualizado em 01\/09\/2026 \" class=\"data-publicacao-widget\"><i  class=\"fa fa-pencil-square-o\"><\/i> 01\/09\/2026 <\/div>\n                                \n        <\/div>\n            <div class=\"col-lg-6 px-3 pb-3\">\n            \n                        \n            <a title=\"048\/2026 - Processo Seletivo do Ensino M\u00e9dio do Col\u00e9gio Polit\u00e9cnico da UFSM e dos cursos t\u00e9cnicos integrados ao Ensino M\u00e9dio do Col\u00e9gio T\u00e9cnico Industrial de Santa Maria\/CTISM UFSM \u2013 Ingresso 2027\" href=\"https:\/\/www.ufsm.br\/pro-reitorias\/prograd\/editais\/048-2026\">\n                <span class=\"titulo-publicacao-widget\">048\/2026 - Processo Seletivo do Ensino M\u00e9dio do Col\u00e9gio Polit\u00e9cnico da UFSM e dos cursos t\u00e9cnicos integrados ao Ensino M\u00e9dio&hellip;<\/span>\n                <br>\n            <\/a>\n\n                        \n                                            \n                                    <div title=\"Atualizado em 01\/09\/2026 \" class=\"data-publicacao-widget\"><i  class=\"fa fa-pencil-square-o\"><\/i> 01\/09\/2026 <\/div>\n                                \n        <\/div>\n            <div class=\"col-lg-6 px-3 pb-3\">\n            \n                        \n            <a title=\"050\/2026 - UFSM\/PROGRAD - Chamada Interna para Sele\u00e7\u00e3o de Bolsistas para Atua\u00e7\u00e3o no Projeto de Design e Ambienta\u00e7\u00e3o do Descubra UFSM 2026\" href=\"https:\/\/www.ufsm.br\/pro-reitorias\/prograd\/editais\/050-2026\">\n                <span class=\"titulo-publicacao-widget\">050\/2026 - UFSM\/PROGRAD - Chamada Interna para Sele\u00e7\u00e3o de Bolsistas para Atua\u00e7\u00e3o no Projeto de Design e Ambienta\u00e7\u00e3o do Descubra&hellip;<\/span>\n                <br>\n            <\/a>\n\n                        \n                                            \n                                    <div title=\"Atualizado em 24\/08\/2026 \" class=\"data-publicacao-widget\"><i  class=\"fa fa-pencil-square-o\"><\/i> 24\/08\/2026 <\/div>\n                                \n        <\/div>\n            <div class=\"col-lg-6 px-3 pb-3\">\n            \n                        \n            <a title=\"021\/2026 -  021\/2026 \u2013 Ingresso e Reingresso em Cursos Presenciais de Gradua\u00e7\u00e3o da UFSM, para in\u00edcio das atividades acad\u00eamicas no 2\u00ba semestre letivo de 2026\" href=\"https:\/\/www.ufsm.br\/pro-reitorias\/prograd\/editais\/021-2026\">\n                <span class=\"titulo-publicacao-widget\">021\/2026 - 021\/2026 \u2013 Ingresso e Reingresso em Cursos Presenciais de Gradua\u00e7\u00e3o da UFSM, para in\u00edcio das atividades acad\u00eamicas no&hellip;<\/span>\n                <br>\n            <\/a>\n\n                        \n                                            \n                                    <div title=\"Atualizado em 24\/08\/2026 \" class=\"data-publicacao-widget\"><i  class=\"fa fa-pencil-square-o\"><\/i> 24\/08\/2026 <\/div>\n                                \n        <\/div>\n            <div class=\"col-lg-6 px-3 pb-3\">\n            \n                        \n            <a title=\"001\/2026 - Processo Seletivo de Ingresso no Programa de Resid\u00eancia em Microeletr\u00f4nica \u2013 CI Brasil Inova\u00e7\u00e3o 2 \u2013 Programa CI Brasil Inova\u00e7\u00e3o\" href=\"https:\/\/www.ufsm.br\/pro-reitorias\/prograd\/editais\/001-2026-2\">\n                <span class=\"titulo-publicacao-widget\">001\/2026 - Processo Seletivo de Ingresso no Programa de Resid\u00eancia em Microeletr\u00f4nica \u2013 CI Brasil Inova\u00e7\u00e3o 2 \u2013 Programa CI&hellip;<\/span>\n                <br>\n            <\/a>\n\n                        \n                                            \n                                    <div title=\"Atualizado em 21\/08\/2026 \" class=\"data-publicacao-widget\"><i  class=\"fa fa-pencil-square-o\"><\/i> 21\/08\/2026 <\/div>\n                                \n        <\/div>\n            <div class=\"col-lg-6 px-3 pb-3\">\n            \n                        \n            <a title=\"044\/2026 - Sele\u00e7\u00e3o de elaboradores(as) e revisores(as) de quest\u00f5es para Processo Seletivo dos Col\u00e9gios da UFSM\" href=\"https:\/\/www.ufsm.br\/pro-reitorias\/prograd\/editais\/044-2026\">\n                <span class=\"titulo-publicacao-widget\">044\/2026 - Sele\u00e7\u00e3o de elaboradores(as) e revisores(as) de quest\u00f5es para Processo Seletivo dos Col\u00e9gios da UFSM<\/span>\n                <br>\n            <\/a>\n\n                        \n                                            \n                                    <div title=\"Atualizado em 21\/08\/2026 \" class=\"data-publicacao-widget\"><i  class=\"fa fa-pencil-square-o\"><\/i> 21\/08\/2026 <\/div>\n                                \n        <\/div>\n            <div class=\"col-lg-6 px-3 pb-3\">\n            \n                        \n            <a title=\"38\/2026 - Processo Seletivo Vagas Complementares UFSM 2026\/2\" href=\"https:\/\/www.ufsm.br\/pro-reitorias\/prograd\/editais\/038-2026\">\n                <span class=\"titulo-publicacao-widget\">38\/2026 - Processo Seletivo Vagas Complementares UFSM 2026\/2<\/span>\n                <br>\n            <\/a>\n\n                        \n                                            \n                                    <div title=\"Atualizado em 20\/08\/2026 \" class=\"data-publicacao-widget\"><i  class=\"fa fa-pencil-square-o\"><\/i> 20\/08\/2026 <\/div>\n                                \n        <\/div>\n            <div class=\"col-lg-6 px-3 pb-3\">\n            \n                        \n            <a title=\"039\/2026 - ABERTURA DE INSCRI\u00c7\u00c3O \u00c0 CATEGORIA DE ESTUDANTE ESPECIAL EM DISCIPLINAS ISOLADAS OU TRILHAS DE GRADUA\u00c7\u00c3O PARA O 2\u00ba SEMESTRE LETIVO DE 2026\" href=\"https:\/\/www.ufsm.br\/pro-reitorias\/prograd\/editais\/039-2026\">\n                <span class=\"titulo-publicacao-widget\">039\/2026 - ABERTURA DE INSCRI\u00c7\u00c3O \u00c0 CATEGORIA DE ESTUDANTE ESPECIAL EM DISCIPLINAS ISOLADAS OU TRILHAS DE GRADUA\u00c7\u00c3O PARA O 2\u00ba&hellip;<\/span>\n                <br>\n            <\/a>\n\n                        \n                                            \n                                    <div title=\"Atualizado em 13\/08\/2026 \" class=\"data-publicacao-widget\"><i  class=\"fa fa-pencil-square-o\"><\/i> 13\/08\/2026 <\/div>\n                                \n        <\/div>\n            <div class=\"col-lg-6 px-3 pb-3\">\n            \n                        \n            <a title=\"049\/2026 - Processo Seletivo dos Cursos T\u00e9cnicos subsequentes ao Ensino M\u00e9dio do Col\u00e9gio Polit\u00e9cnico da UFSM e do Col\u00e9gio T\u00e9cnico Industrial de Santa Maria\/CTISM \u2013 Ingresso 2027\" href=\"https:\/\/www.ufsm.br\/pro-reitorias\/prograd\/editais\/049-2026\">\n                <span class=\"titulo-publicacao-widget\">049\/2026 - Processo Seletivo dos Cursos T\u00e9cnicos subsequentes ao Ensino M\u00e9dio do Col\u00e9gio Polit\u00e9cnico da UFSM e do Col\u00e9gio T\u00e9cnico&hellip;<\/span>\n                <br>\n            <\/a>\n\n                        \n                                            \n                                    <div title=\"Atualizado em 06\/08\/2026 \" class=\"data-publicacao-widget\"><i  class=\"fa fa-pencil-square-o\"><\/i> 06\/08\/2026 <\/div>\n                                \n        <\/div>\n            <div class=\"col-lg-6 px-3 pb-3\">\n            \n                        \n            <a title=\"046\/2026 - Sele\u00e7\u00e3o de Coordenador\/a de \u00c1rea - Dan\u00e7a - Programa Institucional de Bolsa de Inicia\u00e7\u00e3o \u00e0 Doc\u00eancia - PIBID\" href=\"https:\/\/www.ufsm.br\/pro-reitorias\/prograd\/editais\/046-2026\">\n                <span class=\"titulo-publicacao-widget\">046\/2026 - Sele\u00e7\u00e3o de Coordenador\/a de \u00c1rea - Dan\u00e7a - Programa Institucional de Bolsa de Inicia\u00e7\u00e3o \u00e0 Doc\u00eancia - PIBID<\/span>\n                <br>\n            <\/a>\n\n                        \n                                            \n                                    <div title=\"Atualizado em 05\/08\/2026 \" class=\"data-publicacao-widget\"><i  class=\"fa fa-pencil-square-o\"><\/i> 05\/08\/2026 <\/div>\n                                \n        <\/div>\n    <\/div>\n<div class=\"leia-mais p-1\">\n                <a href=\"https:\/\/www.ufsm.br\/pro-reitorias\/prograd\/busca\/?q=&amp;sites%5B%5D=362&amp;sites%5B%5D=391&amp;sites%5B%5D=358&amp;sites%5B%5D=51&amp;sites%5B%5D=499&amp;sites%5B%5D=858&amp;sites%5B%5D=779&amp;sites%5B%5D=786&amp;sites%5B%5D=788&amp;sites%5B%5D=859&amp;sites%5B%5D=781&amp;sites%5B%5D=784&amp;sites%5B%5D=840&amp;sites%5B%5D=778&amp;sites%5B%5D=787&amp;sites%5B%5D=777&amp;sites%5B%5D=783&amp;sites%5B%5D=785&amp;sites%5B%5D=791&amp;sites%5B%5D=782&amp;sites%5B%5D=879&amp;sites%5B%5D=342&amp;sites%5B%5D=501&amp;sites%5B%5D=822&amp;tags=&amp;orderby=modified&amp;order=DESC&amp;perpage=50&amp;area=editais&amp;tipo_edital=&amp;licitacao_edital=&amp;concurso_edital_mod=&amp;concurso_edital_cat=&amp;outro_edital=\">\n            Clique aqui para acessar todos os editais Prograd            <span class=\"icon-box\">\n                <span class=\"bg-ufsm-widget-icon\">\n                    <i class=\"fas fa-chevron-right\" aria-hidden=\"true\"><\/i>\n                <\/span>\n            <\/span>\n        <\/a>\n    <\/div>\n\t\t<\/div>\n\t\t\t\t<\/div>\n\t\t\t\t\t<\/div>\n\t\t<\/div>\n\t\t\t\t\t<\/div>\n\t\t<\/section>\n\t\t\t\t<section class=\"elementor-section elementor-top-section elementor-element elementor-element-f2a2a62 elementor-section-boxed elementor-section-height-default elementor-section-height-default\" data-id=\"f2a2a62\" data-element_type=\"section\">\n\t\t\t\t\t\t<div class=\"elementor-container elementor-column-gap-default\">\n\t\t\t\t\t<div class=\"elementor-column elementor-col-50 elementor-top-column elementor-element elementor-element-81d0b5e\" data-id=\"81d0b5e\" data-element_type=\"column\">\n\t\t\t<div class=\"elementor-widget-wrap elementor-element-populated\">\n\t\t\t\t\t\t<div class=\"elementor-element elementor-element-aba417d elementor-widget elementor-widget-wp-widget-ufsm_biblioteca_widget_portal\" data-id=\"aba417d\" data-element_type=\"widget\" data-widget_type=\"wp-widget-ufsm_biblioteca_widget_portal.default\">\n\t\t\t\t<div class=\"elementor-widget-container\">\n\t\t\t<H2 class='titulo-conteudos'>Busca Biblioteca<\/H2><form method=post target=\"_blank\" accept-charset=\"windows-1252\" action=\"https:\/\/portal.ufsm.br\/biblioteca\/pesquisa\/index.html\"><label class='mt-1 ms-2' for='uq'>Livros f\u00edsicos, peri\u00f3dicos, teses disserta\u00e7\u00f5es etc<\/label><div class=\"input-group mb-3\"><input type=\"text\" class=\"form-control\" placeholder=\"Exemplo: machado de assis dom casmurro\" name=\"pesquisaGeral\"\/><button id=\"subc\" class=\"btn btn-outline-primary\" value=\"Pesquisar\" type=\"submit\"><i class=\"fa fa-search\"><\/i><\/button><\/div><\/form>\t\t<\/div>\n\t\t\t\t<\/div>\n\t\t\t\t\t<\/div>\n\t\t<\/div>\n\t\t\t\t<div class=\"elementor-column elementor-col-50 elementor-top-column elementor-element elementor-element-f0060a1\" data-id=\"f0060a1\" data-element_type=\"column\">\n\t\t\t<div class=\"elementor-widget-wrap elementor-element-populated\">\n\t\t\t\t\t\t<div class=\"elementor-element elementor-element-c3f504e elementor-widget elementor-widget-wp-widget-ufsm_biblioteca_widget_sib\" data-id=\"c3f504e\" data-element_type=\"widget\" data-widget_type=\"wp-widget-ufsm_biblioteca_widget_sib.default\">\n\t\t\t\t<div class=\"elementor-widget-container\">\n\t\t\t<H2 class='titulo-conteudos'>Busca Biblioteca (Servi\u00e7o de Descoberta)<\/H2><label class='mt-1 ms-2' for='uq'>Cole\u00e7\u00f5es f\u00edsicas e digitais das Bibliotecas UFSM<\/label><form action=\"\/\/search.ebscohost.com\/login.aspx\" method=\"get\" data-js=\"form-search\" target=\"_blank\">\n\t<div class=\"\">\n\t\t<div class=\"input-group mb-3\">\n\t\t\t<select class=\"form-select\" data-js=\"select\">\n\t\t\t\t<option selected=\"selected\" value=\"\">Livre<\/option>\n\t\t\t\t<option value=\"SU \">Assunto<\/option>\n\t\t\t\t<option value=\"AU \">Autor<\/option>\n\t\t\t\t<option value=\"TI \">T\u00edtulo<\/option>\n\t\t\t<\/select>\n\t\t\t<input type=\"hidden\" data-js=\"myfilterselected\" value=\"\" \/>\n\t\t\t<input type=\"hidden\" name=\"direct\" value=\"true\" \/>\n\t\t\t<input type=\"hidden\" name=\"scope\" value=\"site\" \/>\n\t\t\t<input type=\"hidden\" name=\"site\" value=\"eds-live\" \/>\n\t\t\t<input type=\"hidden\" name=\"authtype\" value=\"ip,guest\">\n\t\t\t<input type=\"hidden\" name=\"custid\" value=\"s5350922\" \/>\n\t\t\t<input type=\"hidden\" name=\"groupid\" value=\"main\" \/>\n\t\t\t<input type=\"hidden\" name=\"profile\" value=\"eds\" \/>\n\t\t\t<input type=\"hidden\" name=\"cli0\" value=\"FT1\" \/>\n\t\t\t<input type=\"hidden\" name=\"clv0\" value=\"Y\" \/>\n\t\t\t<input type=\"hidden\" name=\"cli1\" value=\"RV\" \/>\n\t\t\t<input type=\"hidden\" name=\"clv1\" value=\"N\" \/>\n\t\t\t<input type=\"hidden\" name=\"bquery\" data-js=\"bquery\" value=\"\" \/>\n\t\t\t<input type=\"text\" data-js=\"uquery\" name=\"uquery\" class=\"form-control w-50\" alt=\"Pesquisa Integrada\"\n\t\t\ttitle=\"Pesquisa Integrada\" autocomplete=\"off\" placeholder=\"Autor, T\u00ectulo, Assunto...\" value=\"\">\n\t\t\t<button class=\"btn btn-outline-primary\" type=\"submit\"><i class=\"fas fa-search\"><\/i><\/button>\n\t\t<\/div>\n\t<\/div>\n<\/form>\n\t\t<\/div>\n\t\t\t\t<\/div>\n\t\t\t\t\t<\/div>\n\t\t<\/div>\n\t\t\t\t\t<\/div>\n\t\t<\/section>\n\t\t\t\t<section class=\"elementor-section elementor-top-section elementor-element elementor-element-9447ab4 elementor-section-boxed elementor-section-height-default elementor-section-height-default\" data-id=\"9447ab4\" data-element_type=\"section\">\n\t\t\t\t\t\t<div class=\"elementor-container elementor-column-gap-default\">\n\t\t\t\t\t<div class=\"elementor-column elementor-col-100 elementor-top-column elementor-element elementor-element-5675d87\" data-id=\"5675d87\" data-element_type=\"column\">\n\t\t\t<div class=\"elementor-widget-wrap elementor-element-populated\">\n\t\t\t\t\t\t<div class=\"elementor-element elementor-element-1e351bb elementor-widget elementor-widget-wp-widget-ufsm_eventos_widget\" data-id=\"1e351bb\" data-element_type=\"widget\" data-widget_type=\"wp-widget-ufsm_eventos_widget.default\">\n\t\t\t\t<div class=\"elementor-widget-container\">\n\t\t\t<H2 class='titulo-conteudos'>Eventos UFSM<\/H2><div><div class=\"row\"><div class=\"mb-5 col-lg-4\"><a class='ufsm-bg-scale' title='' href='https:\/\/www.ufsm.br\/orgaos-suplementares\/inovatec\/eventos\/eleva-start-powered-by-inova-centro-4a-edicao' ><div class='eventos-widget-wrap mb-2' style='height: 130px;overflow: hidden;background:url(\"https:\/\/www.ufsm.br\/app\/uploads\/sites\/884\/2026\/06\/BANNER-Pagina-Eleva-2026-1-1-768x213.jpg\"); background-size:cover;background-repeat:no-repeat;background-color:white;background-position:center; '><span class='visually-hidden'>Eleva Start powered by Inova Centro - 4\u00aa Edi\u00e7\u00e3o<\/span><div data-bs-toggle='lightbox' class='noticias-widget-thumbs'><\/div><\/div><\/a><a class=\"d-block\" title=\"Eleva Start powered by Inova Centro - 4\u00aa Edi\u00e7\u00e3o\" href=\"https:\/\/www.ufsm.br\/orgaos-suplementares\/inovatec\/eventos\/eleva-start-powered-by-inova-centro-4a-edicao\"><span  title=\"\" class=\"titulo-publicacao-widget\">Eleva Start powered by Inova Centro - 4\u00aa Edi\u00e7\u00e3o<\/span><\/a><div title=\"O Evento Eleva Start powered by Inova Centro - 4\u00aa Edi\u00e7\u00e3o acontece em Universidade Federal de Santa Maria\" class=\"data-publicacao-widget text-break\"><i class=\"fas fa-map-marker-alt\"><\/i> Universidade Federal de Santa Maria<\/div><div title=\"O Evento Eleva Start powered by Inova Centro - 4\u00aa Edi\u00e7\u00e3o acontece de 18\/06\/2026 \u00e0 10\/11\/2026\" class=\"data-publicacao-widget text-break\"><i  class=\"fas fa-calendar-alt\"><\/i> 18\/06\/2026 - 10\/11\/2026<\/div><\/div><div class=\"mb-5 col-lg-4\"><a class='ufsm-bg-scale' title='' href='https:\/\/www.ufsm.br\/orgaos-suplementares\/dri\/eventos\/ciclo-oficinas-emi' ><div class='eventos-widget-wrap mb-2' style='height: 130px;overflow: hidden;background:url(\"https:\/\/www.ufsm.br\/app\/uploads\/sites\/402\/2026\/08\/Banner-EMI-OLMI-768x205.jpg\"); background-size:cover;background-repeat:no-repeat;background-color:white;background-position:center; '><span class='visually-hidden'>Ciclo de Oficinas sobre o uso do Ingl\u00eas como Meio de Instru\u00e7\u00e3o (EMI)<\/span><div data-bs-toggle='lightbox' class='noticias-widget-thumbs'><\/div><\/div><\/a><a class=\"d-block\" title=\"Ciclo de Oficinas sobre o uso do Ingl\u00eas como Meio de Instru\u00e7\u00e3o (EMI)\" href=\"https:\/\/www.ufsm.br\/orgaos-suplementares\/dri\/eventos\/ciclo-oficinas-emi\"><span  title=\"\" class=\"titulo-publicacao-widget\">Ciclo de Oficinas sobre o uso do Ingl\u00eas como Meio de Instru\u00e7\u00e3o (EMI)<\/span><\/a><div title=\"O Evento Ciclo de Oficinas sobre o uso do Ingl\u00eas como Meio de Instru\u00e7\u00e3o (EMI) acontece em Universidade Federal de Santa Maria\" class=\"data-publicacao-widget text-break\"><i class=\"fas fa-map-marker-alt\"><\/i> Universidade Federal de Santa Maria<\/div><div title=\"O Evento Ciclo de Oficinas sobre o uso do Ingl\u00eas como Meio de Instru\u00e7\u00e3o (EMI) acontece de 04\/09\/2026 \u00e0 06\/11\/2026\" class=\"data-publicacao-widget text-break\"><i  class=\"fas fa-calendar-alt\"><\/i> 04\/09\/2026 - 06\/11\/2026<\/div><\/div><div class=\"mb-5 col-lg-4\"><a class='ufsm-bg-scale' title='' href='https:\/\/www.ufsm.br\/cursos\/pos-graduacao\/santa-maria\/ppgh\/eventos\/seminario-saude-saberes-tradicionais-patrimonio' ><div class='eventos-widget-wrap mb-2' style='height: 130px;overflow: hidden;background:url(\"https:\/\/www.ufsm.br\/app\/uploads\/sites\/510\/2026\/08\/Seminario-divulgacao-1024x270-banner-para-site-768x203.jpg\"); background-size:cover;background-repeat:no-repeat;background-color:white;background-position:center; '><span class='visually-hidden'>Segunda Edi\u00e7\u00e3o do Semin\u00e1rio Sa\u00fade, Saberes Tradicionais e Patrim\u00f4nio<\/span><div data-bs-toggle='lightbox' class='noticias-widget-thumbs'><\/div><\/div><\/a><a class=\"d-block\" title=\"Segunda Edi\u00e7\u00e3o do Semin\u00e1rio Sa\u00fade, Saberes Tradicionais e Patrim\u00f4nio\" href=\"https:\/\/www.ufsm.br\/cursos\/pos-graduacao\/santa-maria\/ppgh\/eventos\/seminario-saude-saberes-tradicionais-patrimonio\"><span  title=\"\" class=\"titulo-publicacao-widget\">Segunda Edi\u00e7\u00e3o do Semin\u00e1rio Sa\u00fade, Saberes Tradicionais e Patrim\u00f4nio<\/span><\/a><div title=\"O Evento Segunda Edi\u00e7\u00e3o do Semin\u00e1rio Sa\u00fade, Saberes Tradicionais e Patrim\u00f4nio acontece em Semin\u00e1rios Online - (evento virtual)\" class=\"data-publicacao-widget text-break\"><i class=\"fas fa-map-marker-alt\"><\/i> Semin\u00e1rios Online - (evento virtual)<\/div><div title=\"O Evento Segunda Edi\u00e7\u00e3o do Semin\u00e1rio Sa\u00fade, Saberes Tradicionais e Patrim\u00f4nio acontece de 08\/09\/2026 \u00e0 23\/09\/2026\" class=\"data-publicacao-widget text-break\"><i  class=\"fas fa-calendar-alt\"><\/i> 08\/09\/2026 - 23\/09\/2026<\/div><\/div><\/div><div class=\"row\"><div class=\"mb-5 col-lg-4\"><a class='ufsm-bg-scale' title='' href='https:\/\/www.ufsm.br\/unidades-universitarias\/ccr\/eventos\/x-simposio-de-producao-animal-e-agronegocio' ><div class='eventos-widget-wrap mb-2' style='height: 130px;overflow: hidden;background:url(\"https:\/\/www.ufsm.br\/app\/uploads\/sites\/370\/2026\/08\/imagem-simposio-768x228.jpg\"); background-size:cover;background-repeat:no-repeat;background-color:white;background-position:center; '><span class='visually-hidden'>X Simp\u00f3sio de Produ\u00e7\u00e3o Animal e Agroneg\u00f3cio<\/span><div data-bs-toggle='lightbox' class='noticias-widget-thumbs'><\/div><\/div><\/a><a class=\"d-block\" title=\"X Simp\u00f3sio de Produ\u00e7\u00e3o Animal e Agroneg\u00f3cio\" href=\"https:\/\/www.ufsm.br\/unidades-universitarias\/ccr\/eventos\/x-simposio-de-producao-animal-e-agronegocio\"><span  title=\"\" class=\"titulo-publicacao-widget\">X Simp\u00f3sio de Produ\u00e7\u00e3o Animal e Agroneg\u00f3cio<\/span><\/a><div title=\"O Evento X Simp\u00f3sio de Produ\u00e7\u00e3o Animal e Agroneg\u00f3cio acontece em Audit\u00f3rio Flavio Miguel Schneider\" class=\"data-publicacao-widget text-break\"><i class=\"fas fa-map-marker-alt\"><\/i> Audit\u00f3rio Flavio Miguel Schneider<\/div><div title=\"O Evento X Simp\u00f3sio de Produ\u00e7\u00e3o Animal e Agroneg\u00f3cio acontece de 09\/09\/2026 \u00e0 09\/09\/2026\" class=\"data-publicacao-widget text-break\"><i  class=\"fas fa-calendar-alt\"><\/i> 09\/09\/2026 - 09\/09\/2026<\/div><\/div><div class=\"mb-5 col-lg-4\"><a class='ufsm-bg-scale' title='' href='https:\/\/www.ufsm.br\/outros-orgaos\/cc\/eventos\/xvi-reuniao-sul-brasileira-de-ciencia-do-solo-2026' ><div class='eventos-widget-wrap mb-2' style='height: 130px;overflow: hidden;background:url(\"https:\/\/www.ufsm.br\/app\/uploads\/sites\/403\/2026\/08\/758-768x288.jpg\"); background-size:cover;background-repeat:no-repeat;background-color:white;background-position:center; '><span class='visually-hidden'>XVI REUNI\u00c3O SUL-BRASILEIRA DE CI\u00caNCIA DO SOLO 2026<\/span><div data-bs-toggle='lightbox' class='noticias-widget-thumbs'><\/div><\/div><\/a><a class=\"d-block\" title=\"XVI REUNI\u00c3O SUL-BRASILEIRA DE CI\u00caNCIA DO SOLO 2026\" href=\"https:\/\/www.ufsm.br\/outros-orgaos\/cc\/eventos\/xvi-reuniao-sul-brasileira-de-ciencia-do-solo-2026\"><span  title=\"\" class=\"titulo-publicacao-widget\">XVI REUNI\u00c3O SUL-BRASILEIRA DE CI\u00caNCIA DO SOLO 2026<\/span><\/a><div title=\"O Evento XVI REUNI\u00c3O SUL-BRASILEIRA DE CI\u00caNCIA DO SOLO 2026 acontece em Centro  de Conven\u00e7\u00f5es UFSM\" class=\"data-publicacao-widget text-break\"><i class=\"fas fa-map-marker-alt\"><\/i> Centro  de Conven\u00e7\u00f5es UFSM<\/div><div title=\"O Evento XVI REUNI\u00c3O SUL-BRASILEIRA DE CI\u00caNCIA DO SOLO 2026 acontece de 13\/09\/2026 \u00e0 15\/09\/2026\" class=\"data-publicacao-widget text-break\"><i  class=\"fas fa-calendar-alt\"><\/i> 13\/09\/2026 - 15\/09\/2026<\/div><\/div><div class=\"mb-5 col-lg-4\"><a class='ufsm-bg-scale' title='' href='https:\/\/www.ufsm.br\/outros-orgaos\/cc\/eventos\/bee-gees-alive-2026' ><div class='eventos-widget-wrap mb-2' style='height: 130px;overflow: hidden;background:url(\"https:\/\/www.ufsm.br\/app\/uploads\/sites\/403\/2026\/07\/WhatsApp-Image-2026-07-28-at-11.59.01-768x432.jpeg\"); background-size:cover;background-repeat:no-repeat;background-color:white;background-position:center; '><span class='visually-hidden'>BEE GEES ALIVE 2026<\/span><div data-bs-toggle='lightbox' class='noticias-widget-thumbs'><\/div><\/div><\/a><a class=\"d-block\" title=\"BEE GEES ALIVE 2026\" href=\"https:\/\/www.ufsm.br\/outros-orgaos\/cc\/eventos\/bee-gees-alive-2026\"><span  title=\"\" class=\"titulo-publicacao-widget\">BEE GEES ALIVE 2026<\/span><\/a><div title=\"O Evento BEE GEES ALIVE 2026 acontece em Centro de Conven\u00e7\u00f5es\" class=\"data-publicacao-widget text-break\"><i class=\"fas fa-map-marker-alt\"><\/i> Centro de Conven\u00e7\u00f5es<\/div><div title=\"O Evento BEE GEES ALIVE 2026 acontece de 16\/09\/2026 \u00e0 28\/09\/2026\" class=\"data-publicacao-widget text-break\"><i  class=\"fas fa-calendar-alt\"><\/i> 16\/09\/2026 - 28\/09\/2026<\/div><\/div><\/div><div class=\"row\"><div class=\"mb-5 col-lg-4\"><a class='ufsm-bg-scale' title='' href='https:\/\/www.ufsm.br\/unidades-universitarias\/ccr\/eventos\/simposio-de-sanidade-equina' ><div class='eventos-widget-wrap mb-2' style='height: 130px;overflow: hidden;background:url(\"https:\/\/www.ufsm.br\/app\/uploads\/sites\/370\/2026\/08\/capa-setembro-2026-equinos-768x228.jpg\"); background-size:cover;background-repeat:no-repeat;background-color:white;background-position:center; '><span class='visually-hidden'>Simp\u00f3sio de Sanidade Equina<\/span><div data-bs-toggle='lightbox' class='noticias-widget-thumbs'><\/div><\/div><\/a><a class=\"d-block\" title=\"Simp\u00f3sio de Sanidade Equina\" href=\"https:\/\/www.ufsm.br\/unidades-universitarias\/ccr\/eventos\/simposio-de-sanidade-equina\"><span  title=\"\" class=\"titulo-publicacao-widget\">Simp\u00f3sio de Sanidade Equina<\/span><\/a><div title=\"O Evento Simp\u00f3sio de Sanidade Equina acontece em Audit\u00f3rio do Col\u00e9gio Polit\u00e9cnico\" class=\"data-publicacao-widget text-break\"><i class=\"fas fa-map-marker-alt\"><\/i> Audit\u00f3rio do Col\u00e9gio Polit\u00e9cnico<\/div><div title=\"O Evento Simp\u00f3sio de Sanidade Equina acontece de 17\/09\/2026 \u00e0 18\/09\/2026\" class=\"data-publicacao-widget text-break\"><i  class=\"fas fa-calendar-alt\"><\/i> 17\/09\/2026 - 18\/09\/2026<\/div><\/div><div class=\"mb-5 col-lg-4\"><a class='ufsm-bg-scale' title='Banner horizontal, com fundo branco e elementos gr\u00e1ficos geom\u00e9tricos em vermelho, amarelo, azul e verde, formando linhas e setas ao redor do conte\u00fado. \u00c0 esquerda, aparece em destaque o texto \u201cVIII\u201d. Ao centro, em letras pretas e mai\u00fasculas, est\u00e1 escrito: \u201cSEMIN\u00c1RIO INSTITUCIONAL DE AVALIA\u00c7\u00c3O E PLANEJAMENTO DA P\u00d3S-GRADUA\u00c7\u00c3O DA UFSM 2026\u201d. \u00c0 direita, informa: \u201c17 e 18 de setembro\u201d e, abaixo, \u201cLocal: Espa\u00e7o Collab (sala 12, pr\u00e9dio 61H)\u201d.' href='https:\/\/www.ufsm.br\/pro-reitorias\/prpgp\/eventos\/viii-seminario-institucional-de-avaliacao-e-planejamento-da-pos-graduacao-da-ufsm-2026' ><div class='eventos-widget-wrap mb-2' style='height: 130px;overflow: hidden;background:url(\"https:\/\/www.ufsm.br\/app\/uploads\/sites\/345\/2026\/08\/Banner-VIII-Seminario-Institucional-da-PG-2026-768x205.png\"); background-size:cover;background-repeat:no-repeat;background-color:white;background-position:center; '><span class='visually-hidden'>Banner horizontal, com fundo branco e elementos gr\u00e1ficos geom\u00e9tricos em vermelho, amarelo, azul e verde, formando linhas e setas ao redor do conte\u00fado. \u00c0 esquerda, aparece em destaque o texto \u201cVIII\u201d. Ao centro, em letras pretas e mai\u00fasculas, est\u00e1 escrito: \u201cSEMIN\u00c1RIO INSTITUCIONAL DE AVALIA\u00c7\u00c3O E PLANEJAMENTO DA P\u00d3S-GRADUA\u00c7\u00c3O DA UFSM 2026\u201d. \u00c0 direita, informa: \u201c17 e 18 de setembro\u201d e, abaixo, \u201cLocal: Espa\u00e7o Collab (sala 12, pr\u00e9dio 61H)\u201d.<\/span><div data-bs-toggle='lightbox' class='noticias-widget-thumbs'><\/div><\/div><\/a><a class=\"d-block\" title=\"VIII Semin\u00e1rio Institucional de Avalia\u00e7\u00e3o e Planejamento da P\u00f3s-gradua\u00e7\u00e3o da UFSM\" href=\"https:\/\/www.ufsm.br\/pro-reitorias\/prpgp\/eventos\/viii-seminario-institucional-de-avaliacao-e-planejamento-da-pos-graduacao-da-ufsm-2026\"><span  title=\"\" class=\"titulo-publicacao-widget\">VIII Semin\u00e1rio Institucional de Avalia\u00e7\u00e3o e Planejamento da P\u00f3s-gradua\u00e7\u00e3o da UFSM<\/span><\/a><div title=\"O Evento VIII Semin\u00e1rio Institucional de Avalia\u00e7\u00e3o e Planejamento da P\u00f3s-gradua\u00e7\u00e3o da UFSM acontece em Espa\u00e7o Collab - sala 12, pr\u00e9dio 61H\" class=\"data-publicacao-widget text-break\"><i class=\"fas fa-map-marker-alt\"><\/i> Espa\u00e7o Collab - sala 12, pr\u00e9dio 61H<\/div><div title=\"O Evento VIII Semin\u00e1rio Institucional de Avalia\u00e7\u00e3o e Planejamento da P\u00f3s-gradua\u00e7\u00e3o da UFSM acontece de 17\/09\/2026 \u00e0 18\/09\/2026\" class=\"data-publicacao-widget text-break\"><i  class=\"fas fa-calendar-alt\"><\/i> 17\/09\/2026 - 18\/09\/2026<\/div><\/div><div class=\"mb-5 col-lg-4\"><a class='ufsm-bg-scale' title='' href='https:\/\/www.ufsm.br\/outros-orgaos\/cc\/eventos\/gato-galatico-em-o-reino-magico' ><div class='eventos-widget-wrap mb-2' style='height: 130px;overflow: hidden;background:url(\"https:\/\/www.ufsm.br\/app\/uploads\/sites\/403\/2026\/07\/WhatsApp-Image-2026-07-28-at-12.26.10.jpeg\"); background-size:cover;background-repeat:no-repeat;background-color:white;background-position:center; '><span class='visually-hidden'>GATO GAL\u00c1TICO EM O REINO M\u00c1GICO<\/span><div data-bs-toggle='lightbox' class='noticias-widget-thumbs'><\/div><\/div><\/a><a class=\"d-block\" title=\"GATO GAL\u00c1TICO EM O REINO M\u00c1GICO\" href=\"https:\/\/www.ufsm.br\/outros-orgaos\/cc\/eventos\/gato-galatico-em-o-reino-magico\"><span  title=\"\" class=\"titulo-publicacao-widget\">GATO GAL\u00c1TICO EM O REINO M\u00c1GICO<\/span><\/a><div title=\"O Evento GATO GAL\u00c1TICO EM O REINO M\u00c1GICO acontece em Centro de Conven\u00e7\u00f5es\" class=\"data-publicacao-widget text-break\"><i class=\"fas fa-map-marker-alt\"><\/i> Centro de Conven\u00e7\u00f5es<\/div><div title=\"O Evento GATO GAL\u00c1TICO EM O REINO M\u00c1GICO acontece de 26\/09\/2026 \u00e0 26\/09\/2026\" class=\"data-publicacao-widget text-break\"><i  class=\"fas fa-calendar-alt\"><\/i> 26\/09\/2026 - 26\/09\/2026<\/div><\/div><\/div><\/div><div class=\"leia-mais\"><a href=\"https:\/\/www.ufsm.br\/eventos\">MAIS EVENTOS UFSM<span class=\"icon-box\"><span class=\"bg-ufsm-widget-icon\"><i class=\"fas fa-chevron-right\" aria-hidden=\"true\"><\/i><\/span><\/span><\/a><\/div>\t\t<\/div>\n\t\t\t\t<\/div>\n\t\t\t\t\t<\/div>\n\t\t<\/div>\n\t\t\t\t\t<\/div>\n\t\t<\/section>\n\t\t\t\t<section class=\"elementor-section elementor-top-section elementor-element elementor-element-9417cc0 elementor-section-boxed elementor-section-height-default elementor-section-height-default\" data-id=\"9417cc0\" data-element_type=\"section\">\n\t\t\t\t\t\t<div class=\"elementor-container elementor-column-gap-default\">\n\t\t\t\t\t<div class=\"elementor-column elementor-col-33 elementor-top-column elementor-element elementor-element-de5d83b\" data-id=\"de5d83b\" data-element_type=\"column\">\n\t\t\t<div class=\"elementor-widget-wrap elementor-element-populated\">\n\t\t\t\t\t\t<div class=\"elementor-element elementor-element-bee2f5e elementor-widget elementor-widget-image\" data-id=\"bee2f5e\" data-element_type=\"widget\" data-widget_type=\"image.default\">\n\t\t\t\t<div class=\"elementor-widget-container\">\n\t\t\t\t\t\t\t\t\t\t\t\t\t\t<a href=\"https:\/\/emec.mec.gov.br\/emec\/consulta-cadastro\/detalhamento\/d96957f455f6405d14c6542552b0f6eb\/NTgy\" target=\"_blank\">\n\t\t\t\t\t\t\t<img decoding=\"async\" src=\"https:\/\/www.ufsm.br\/app\/uploads\/2022\/11\/banner_qrcode_ufsm-1.jpg\" title=\"\" alt=\"Imagem com QR Code do cadastro da institui\u00e7\u00e3o no sistem e-MEC\" loading=\"lazy\" \/>\t\t\t\t\t\t\t\t<\/a>\n\t\t\t\t\t\t\t\t\t\t\t\t\t<\/div>\n\t\t\t\t<\/div>\n\t\t\t\t\t<\/div>\n\t\t<\/div>\n\t\t\t\t<div class=\"elementor-column elementor-col-33 elementor-top-column elementor-element elementor-element-d2a4a36\" data-id=\"d2a4a36\" data-element_type=\"column\">\n\t\t\t<div class=\"elementor-widget-wrap\">\n\t\t\t\t\t\t\t<\/div>\n\t\t<\/div>\n\t\t\t\t<div class=\"elementor-column elementor-col-33 elementor-top-column elementor-element elementor-element-483a284\" data-id=\"483a284\" data-element_type=\"column\">\n\t\t\t<div class=\"elementor-widget-wrap\">\n\t\t\t\t\t\t\t<\/div>\n\t\t<\/div>\n\t\t\t\t\t<\/div>\n\t\t<\/section>\n\t\t\t\t<\/div>\n\t\t","protected":false},"excerpt":{"rendered":"<p>CURSOS DA UFSM INGRESSO NA UFSM SELE\u00c7\u00d5ES INTERNAS EDITAIS PROGRAD EST\u00c1GIOS AUTENTICIDADE DOCUMENTAL COORDENA\u00c7\u00d5ES E SECRETARIAS ESTUDANTES DA UFSM INSTRU\u00c7\u00d5ES NORMATIVAS GUIAS E TUTORIAIS<\/p>\n","protected":false},"author":74,"featured_media":0,"parent":0,"menu_order":0,"comment_status":"closed","ping_status":"closed","template":"","meta":{"footnotes":""},"categories":[],"tags":[],"class_list":["post-4133","page","type-page","status-publish","hentry"],"acf":[],"_links":{"self":[{"href":"https:\/\/www.ufsm.br\/pro-reitorias\/prograd\/wp-json\/wp\/v2\/pages\/4133","targetHints":{"allow":["GET"]}}],"collection":[{"href":"https:\/\/www.ufsm.br\/pro-reitorias\/prograd\/wp-json\/wp\/v2\/pages"}],"about":[{"href":"https:\/\/www.ufsm.br\/pro-reitorias\/prograd\/wp-json\/wp\/v2\/types\/page"}],"author":[{"embeddable":true,"href":"https:\/\/www.ufsm.br\/pro-reitorias\/prograd\/wp-json\/wp\/v2\/users\/74"}],"replies":[{"embeddable":true,"href":"https:\/\/www.ufsm.br\/pro-reitorias\/prograd\/wp-json\/wp\/v2\/comments?post=4133"}],"version-history":[{"count":0,"href":"https:\/\/www.ufsm.br\/pro-reitorias\/prograd\/wp-json\/wp\/v2\/pages\/4133\/revisions"}],"wp:attachment":[{"href":"https:\/\/www.ufsm.br\/pro-reitorias\/prograd\/wp-json\/wp\/v2\/media?parent=4133"}],"wp:term":[{"taxonomy":"category","embeddable":true,"href":"https:\/\/www.ufsm.br\/pro-reitorias\/prograd\/wp-json\/wp\/v2\/categories?post=4133"},{"taxonomy":"post_tag","embeddable":true,"href":"https:\/\/www.ufsm.br\/pro-reitorias\/prograd\/wp-json\/wp\/v2\/tags?post=4133"}],"curies":[{"name":"wp","href":"https:\/\/api.w.org\/{rel}","templated":true}]}}