{"id":53,"date":"2018-04-23T09:26:28","date_gmt":"2018-04-23T12:26:28","guid":{"rendered":"https:\/\/www.ufsm.br\/pro-reitorias\/prograd\/?page_id=53"},"modified":"2026-03-20T14:51:59","modified_gmt":"2026-03-20T17:51:59","slug":"code","status":"publish","type":"page","link":"https:\/\/www.ufsm.br\/pro-reitorias\/prograd\/code","title":{"rendered":"Coordenadoria de Desenvolvimento do Ensino (CODE)"},"content":{"rendered":"\t\t<div data-elementor-type=\"wp-post\" data-elementor-id=\"53\" class=\"elementor elementor-53\">\n\t\t\t\t\t\t<section class=\"elementor-section elementor-top-section elementor-element elementor-element-2d51e3e elementor-section-boxed elementor-section-height-default elementor-section-height-default\" data-id=\"2d51e3e\" data-element_type=\"section\" data-settings=\"{&quot;background_background&quot;:&quot;classic&quot;}\">\n\t\t\t\t\t\t<div class=\"elementor-container elementor-column-gap-default\">\n\t\t\t\t\t<div class=\"elementor-column elementor-col-100 elementor-top-column elementor-element elementor-element-fb6003c\" data-id=\"fb6003c\" data-element_type=\"column\">\n\t\t\t<div class=\"elementor-widget-wrap elementor-element-populated\">\n\t\t\t\t\t\t<div class=\"elementor-element elementor-element-ac5482f elementor-widget elementor-widget-heading\" data-id=\"ac5482f\" data-element_type=\"widget\" data-widget_type=\"heading.default\">\n\t\t\t\t<div class=\"elementor-widget-container\">\n\t\t\t<h1 class=\"elementor-heading-title elementor-size-default\">Coordenadoria de Desenvolvimento do Ensino (CODE)<\/h1>\t\t<\/div>\n\t\t\t\t<\/div>\n\t\t\t\t\t<\/div>\n\t\t<\/div>\n\t\t\t\t\t<\/div>\n\t\t<\/section>\n\t\t\t\t<section class=\"elementor-section elementor-top-section elementor-element elementor-element-213f032 elementor-section-boxed elementor-section-height-default elementor-section-height-default\" data-id=\"213f032\" data-element_type=\"section\">\n\t\t\t\t\t\t<div class=\"elementor-container elementor-column-gap-default\">\n\t\t\t\t\t<div class=\"elementor-column elementor-col-100 elementor-top-column elementor-element elementor-element-53502ae\" data-id=\"53502ae\" data-element_type=\"column\">\n\t\t\t<div class=\"elementor-widget-wrap elementor-element-populated\">\n\t\t\t\t\t\t<div class=\"elementor-element elementor-element-cf8247b elementor-widget elementor-widget-text-editor\" data-id=\"cf8247b\" data-element_type=\"widget\" data-widget_type=\"text-editor.default\">\n\t\t\t\t<div class=\"elementor-widget-container\">\n\t\t\t\t\t\t\t<p dir=\"ltr\" style=\"line-height: 1.7999999999999998;text-align: justify;margin-top: 0pt;margin-bottom: 0pt\"><span style=\"font-size: 12pt;font-family: Arial;color: #000000;background-color: transparent;font-weight: 400;font-style: normal;font-variant: normal;text-decoration: none;vertical-align: baseline\">A <\/span><span style=\"font-size: 12pt;font-family: Arial;color: #000000;background-color: transparent;font-style: normal;font-variant: normal;text-decoration: none;vertical-align: baseline\"><b>Coordenadoria de Desenvolvimento de Ensino (CODE)<\/b><\/span><span style=\"font-size: 12pt;font-family: Arial;color: #000000;background-color: transparent;font-weight: 400;font-style: normal;font-variant: normal;text-decoration: none;vertical-align: baseline\"> \u00e9 respons\u00e1vel por orientar o processo de ensino de gradua\u00e7\u00e3o, na modalidade presencial e a dist\u00e2ncia, auxiliando na promo\u00e7\u00e3o de programas especiais do ensino superior ligados ao Minist\u00e9rio da Educa\u00e7\u00e3o e no desenvolvimento de estrat\u00e9gias para o aprimoramento das a\u00e7\u00f5es did\u00e1tico-pedag\u00f3gicas no \u00e2mbito do ensino de gradua\u00e7\u00e3o. A CODE se subdivide em dois n\u00facleos: N\u00facleo de Projetos Pedag\u00f3gicos (NUPROPE) e N\u00facleo de Forma\u00e7\u00e3o Inicial e Continuada e Est\u00e1gios (NUFIC).<\/span><\/p>\t\t\t\t\t\t<\/div>\n\t\t\t\t<\/div>\n\t\t\t\t\t<\/div>\n\t\t<\/div>\n\t\t\t\t\t<\/div>\n\t\t<\/section>\n\t\t\t\t<section class=\"elementor-section elementor-top-section elementor-element elementor-element-f7ed2e2 elementor-section-boxed elementor-section-height-default elementor-section-height-default\" data-id=\"f7ed2e2\" data-element_type=\"section\" data-settings=\"{&quot;background_background&quot;:&quot;classic&quot;}\">\n\t\t\t\t\t\t<div class=\"elementor-container elementor-column-gap-default\">\n\t\t\t\t\t<div class=\"elementor-column elementor-col-100 elementor-top-column elementor-element elementor-element-2ebf186\" data-id=\"2ebf186\" data-element_type=\"column\">\n\t\t\t<div class=\"elementor-widget-wrap elementor-element-populated\">\n\t\t\t\t\t\t<div class=\"elementor-element elementor-element-63ae097 elementor-widget elementor-widget-heading\" data-id=\"63ae097\" data-element_type=\"widget\" data-widget_type=\"heading.default\">\n\t\t\t\t<div class=\"elementor-widget-container\">\n\t\t\t<h2 class=\"elementor-heading-title elementor-size-default\">N\u00facleos CODE<\/h2>\t\t<\/div>\n\t\t\t\t<\/div>\n\t\t\t\t\t<\/div>\n\t\t<\/div>\n\t\t\t\t\t<\/div>\n\t\t<\/section>\n\t\t\t\t<section class=\"elementor-section elementor-top-section elementor-element elementor-element-d7bda81 elementor-section-boxed elementor-section-height-default elementor-section-height-default\" data-id=\"d7bda81\" data-element_type=\"section\">\n\t\t\t\t\t\t<div class=\"elementor-container elementor-column-gap-default\">\n\t\t\t\t\t<div class=\"elementor-column elementor-col-100 elementor-top-column elementor-element elementor-element-53e28f3\" data-id=\"53e28f3\" data-element_type=\"column\">\n\t\t\t<div class=\"elementor-widget-wrap elementor-element-populated\">\n\t\t\t\t\t\t<div class=\"elementor-element elementor-element-984088d elementor-widget elementor-widget-spacer\" data-id=\"984088d\" data-element_type=\"widget\" data-widget_type=\"spacer.default\">\n\t\t\t\t<div class=\"elementor-widget-container\">\n\t\t\t\t\t<div class=\"elementor-spacer\">\n\t\t\t<div class=\"elementor-spacer-inner\"><\/div>\n\t\t<\/div>\n\t\t\t\t<\/div>\n\t\t\t\t<\/div>\n\t\t\t\t\t<\/div>\n\t\t<\/div>\n\t\t\t\t\t<\/div>\n\t\t<\/section>\n\t\t\t\t<section class=\"elementor-section elementor-top-section elementor-element elementor-element-de41bee elementor-section-boxed elementor-section-height-default elementor-section-height-default\" data-id=\"de41bee\" data-element_type=\"section\">\n\t\t\t\t\t\t<div class=\"elementor-container elementor-column-gap-default\">\n\t\t\t\t\t<div class=\"elementor-column elementor-col-50 elementor-top-column elementor-element elementor-element-e5908ce\" data-id=\"e5908ce\" data-element_type=\"column\">\n\t\t\t<div class=\"elementor-widget-wrap elementor-element-populated\">\n\t\t\t\t\t\t<div class=\"elementor-element elementor-element-fb4a3d0 elementor-widget elementor-widget-heading\" data-id=\"fb4a3d0\" data-element_type=\"widget\" data-widget_type=\"heading.default\">\n\t\t\t\t<div class=\"elementor-widget-container\">\n\t\t\t<h2 class=\"elementor-heading-title elementor-size-default\">NUPROPE<\/h2>\t\t<\/div>\n\t\t\t\t<\/div>\n\t\t\t\t\t<\/div>\n\t\t<\/div>\n\t\t\t\t<div class=\"elementor-column elementor-col-50 elementor-top-column elementor-element elementor-element-1b33ba4\" data-id=\"1b33ba4\" data-element_type=\"column\">\n\t\t\t<div class=\"elementor-widget-wrap elementor-element-populated\">\n\t\t\t\t\t\t<div class=\"elementor-element elementor-element-5e57725 elementor-icon-list--layout-traditional elementor-list-item-link-full_width elementor-widget elementor-widget-icon-list\" data-id=\"5e57725\" data-element_type=\"widget\" data-widget_type=\"icon-list.default\">\n\t\t\t\t<div class=\"elementor-widget-container\">\n\t\t\t\t\t<ul class=\"elementor-icon-list-items\">\n\t\t\t\t\t\t\t<li class=\"elementor-icon-list-item\">\n\t\t\t\t\t\t\t\t\t\t\t<a href=\"https:\/\/www.ufsm.br\/pro-reitorias\/prograd\/code\/criacao-ajuste-e-reforma-de-de-projetos-pedagogicos-de-curso-ppc\/\">\n\n\t\t\t\t\t\t\t\t\t\t\t\t<span class=\"elementor-icon-list-icon\">\n\t\t\t\t\t\t\t<i aria-hidden=\"true\" class=\"fas fa-chevron-right\"><\/i>\t\t\t\t\t\t<\/span>\n\t\t\t\t\t\t\t\t\t\t<span class=\"elementor-icon-list-text\">Cria\u00e7\u00e3o de Cursos e Altera\u00e7\u00e3o de PPCs<\/span>\n\t\t\t\t\t\t\t\t\t\t\t<\/a>\n\t\t\t\t\t\t\t\t\t<\/li>\n\t\t\t\t\t\t\t\t<li class=\"elementor-icon-list-item\">\n\t\t\t\t\t\t\t\t\t\t\t<a href=\"https:\/\/www.ufsm.br\/pro-reitorias\/prograd\/code\/plano-de-ensino\/\">\n\n\t\t\t\t\t\t\t\t\t\t\t\t<span class=\"elementor-icon-list-icon\">\n\t\t\t\t\t\t\t<i aria-hidden=\"true\" class=\"fas fa-chevron-right\"><\/i>\t\t\t\t\t\t<\/span>\n\t\t\t\t\t\t\t\t\t\t<span class=\"elementor-icon-list-text\">Plano de Ensino<\/span>\n\t\t\t\t\t\t\t\t\t\t\t<\/a>\n\t\t\t\t\t\t\t\t\t<\/li>\n\t\t\t\t\t\t\t\t<li class=\"elementor-icon-list-item\">\n\t\t\t\t\t\t\t\t\t\t\t<a href=\"https:\/\/www.ufsm.br\/pro-reitorias\/prograd\/servicos\/criacao-de-disciplinas-complementares-dcg-e-dcex\/\">\n\n\t\t\t\t\t\t\t\t\t\t\t\t<span class=\"elementor-icon-list-icon\">\n\t\t\t\t\t\t\t<i aria-hidden=\"true\" class=\"fas fa-chevron-right\"><\/i>\t\t\t\t\t\t<\/span>\n\t\t\t\t\t\t\t\t\t\t<span class=\"elementor-icon-list-text\">Cadastro de disciplinas complementares de gradua\u00e7\u00e3o (DCG)<\/span>\n\t\t\t\t\t\t\t\t\t\t\t<\/a>\n\t\t\t\t\t\t\t\t\t<\/li>\n\t\t\t\t\t\t<\/ul>\n\t\t\t\t<\/div>\n\t\t\t\t<\/div>\n\t\t\t\t\t<\/div>\n\t\t<\/div>\n\t\t\t\t\t<\/div>\n\t\t<\/section>\n\t\t\t\t<section class=\"elementor-section elementor-top-section elementor-element elementor-element-237be0f elementor-section-boxed elementor-section-height-default elementor-section-height-default\" data-id=\"237be0f\" data-element_type=\"section\">\n\t\t\t\t\t\t<div class=\"elementor-container elementor-column-gap-default\">\n\t\t\t\t\t<div class=\"elementor-column elementor-col-100 elementor-top-column elementor-element elementor-element-09a8bb7\" data-id=\"09a8bb7\" data-element_type=\"column\">\n\t\t\t<div class=\"elementor-widget-wrap elementor-element-populated\">\n\t\t\t\t\t\t<div class=\"elementor-element elementor-element-77e8768 elementor-widget elementor-widget-text-editor\" data-id=\"77e8768\" data-element_type=\"widget\" data-widget_type=\"text-editor.default\">\n\t\t\t\t<div class=\"elementor-widget-container\">\n\t\t\t\t\t\t\t<p>\u00c9 respons\u00e1vel pela regula\u00e7\u00e3o dos processos de cria\u00e7\u00e3o, reforma e ajuste de projetos pedag\u00f3gicos de curso (PPCs) no \u00e2mbito do ensino de gradua\u00e7\u00e3o, em termos de orienta\u00e7\u00e3o t\u00e9cnica com base na legisla\u00e7\u00e3o educacional vigente, defini\u00e7\u00e3o de estrutura m\u00ednima e revis\u00e3o t\u00e9cnica de PPCs e cadastro de disciplinas no Sistema Integrado para o Ensino (SIE). Tamb\u00e9m \u00e9 atribui\u00e7\u00e3o do NUPROPE a implementa\u00e7\u00e3o de pol\u00edticas e diretrizes relacionadas \u00e0s a\u00e7\u00f5es did\u00e1tico-pedag\u00f3gicas dos cursos, como \u00e9 o caso do plano de ensino.<\/p>\t\t\t\t\t\t<\/div>\n\t\t\t\t<\/div>\n\t\t\t\t\t<\/div>\n\t\t<\/div>\n\t\t\t\t\t<\/div>\n\t\t<\/section>\n\t\t\t\t<section class=\"elementor-section elementor-top-section elementor-element elementor-element-e6a5d47 elementor-section-boxed elementor-section-height-default elementor-section-height-default\" data-id=\"e6a5d47\" data-element_type=\"section\">\n\t\t\t\t\t\t<div class=\"elementor-container elementor-column-gap-default\">\n\t\t\t\t\t<div class=\"elementor-column elementor-col-50 elementor-top-column elementor-element elementor-element-d29c8e0\" data-id=\"d29c8e0\" data-element_type=\"column\">\n\t\t\t<div class=\"elementor-widget-wrap elementor-element-populated\">\n\t\t\t\t\t\t<div class=\"elementor-element elementor-element-2aa9339 elementor-widget elementor-widget-heading\" data-id=\"2aa9339\" data-element_type=\"widget\" data-widget_type=\"heading.default\">\n\t\t\t\t<div class=\"elementor-widget-container\">\n\t\t\t<h2 class=\"elementor-heading-title elementor-size-default\">NUFIC<\/h2>\t\t<\/div>\n\t\t\t\t<\/div>\n\t\t\t\t\t<\/div>\n\t\t<\/div>\n\t\t\t\t<div class=\"elementor-column elementor-col-50 elementor-top-column elementor-element elementor-element-d9cf009\" data-id=\"d9cf009\" data-element_type=\"column\">\n\t\t\t<div class=\"elementor-widget-wrap elementor-element-populated\">\n\t\t\t\t\t\t<div class=\"elementor-element elementor-element-7f9e82f elementor-icon-list--layout-traditional elementor-list-item-link-full_width elementor-widget elementor-widget-icon-list\" data-id=\"7f9e82f\" data-element_type=\"widget\" data-widget_type=\"icon-list.default\">\n\t\t\t\t<div class=\"elementor-widget-container\">\n\t\t\t\t\t<ul class=\"elementor-icon-list-items\">\n\t\t\t\t\t\t\t<li class=\"elementor-icon-list-item\">\n\t\t\t\t\t\t\t\t\t\t\t<a href=\"https:\/\/www.ufsm.br\/pro-reitorias\/prograd\/code\/estagios\">\n\n\t\t\t\t\t\t\t\t\t\t\t\t<span class=\"elementor-icon-list-icon\">\n\t\t\t\t\t\t\t<i aria-hidden=\"true\" class=\"fas fa-chevron-right\"><\/i>\t\t\t\t\t\t<\/span>\n\t\t\t\t\t\t\t\t\t\t<span class=\"elementor-icon-list-text\">Est\u00e1gios na UFSM<\/span>\n\t\t\t\t\t\t\t\t\t\t\t<\/a>\n\t\t\t\t\t\t\t\t\t<\/li>\n\t\t\t\t\t\t<\/ul>\n\t\t\t\t<\/div>\n\t\t\t\t<\/div>\n\t\t\t\t<div class=\"elementor-element elementor-element-e44ac29 elementor-icon-list--layout-traditional elementor-list-item-link-full_width elementor-widget elementor-widget-icon-list\" data-id=\"e44ac29\" data-element_type=\"widget\" data-widget_type=\"icon-list.default\">\n\t\t\t\t<div class=\"elementor-widget-container\">\n\t\t\t\t\t<ul class=\"elementor-icon-list-items\">\n\t\t\t\t\t\t\t<li class=\"elementor-icon-list-item\">\n\t\t\t\t\t\t\t\t\t\t\t<a href=\"https:\/\/www.ufsm.br\/pro-reitorias\/prograd\/descricao-dos-programas\">\n\n\t\t\t\t\t\t\t\t\t\t\t\t<span class=\"elementor-icon-list-icon\">\n\t\t\t\t\t\t\t<i aria-hidden=\"true\" class=\"fas fa-chevron-right\"><\/i>\t\t\t\t\t\t<\/span>\n\t\t\t\t\t\t\t\t\t\t<span class=\"elementor-icon-list-text\">A\u00e7\u00f5es Integradas de Forma\u00e7\u00e3o<\/span>\n\t\t\t\t\t\t\t\t\t\t\t<\/a>\n\t\t\t\t\t\t\t\t\t<\/li>\n\t\t\t\t\t\t<\/ul>\n\t\t\t\t<\/div>\n\t\t\t\t<\/div>\n\t\t\t\t\t<\/div>\n\t\t<\/div>\n\t\t\t\t\t<\/div>\n\t\t<\/section>\n\t\t\t\t<section class=\"elementor-section elementor-top-section elementor-element elementor-element-7dc3373 elementor-section-boxed elementor-section-height-default elementor-section-height-default\" data-id=\"7dc3373\" data-element_type=\"section\">\n\t\t\t\t\t\t<div class=\"elementor-container elementor-column-gap-default\">\n\t\t\t\t\t<div class=\"elementor-column elementor-col-100 elementor-top-column elementor-element elementor-element-2efc4fd\" data-id=\"2efc4fd\" data-element_type=\"column\">\n\t\t\t<div class=\"elementor-widget-wrap elementor-element-populated\">\n\t\t\t\t\t\t<div class=\"elementor-element elementor-element-91fe5c2 elementor-widget elementor-widget-text-editor\" data-id=\"91fe5c2\" data-element_type=\"widget\" data-widget_type=\"text-editor.default\">\n\t\t\t\t<div class=\"elementor-widget-container\">\n\t\t\t\t\t\t\t<p>O NUFIC \u00e9 respons\u00e1vel pela implementa\u00e7\u00e3o de pol\u00edticas e diretrizes a respeito dos est\u00e1gios no \u00e2mbito do ensino de gradua\u00e7\u00e3o, bem como pela proposi\u00e7\u00e3o e constru\u00e7\u00e3o de diretrizes relacionadas \u00e0 pol\u00edtica de forma\u00e7\u00e3o inicial e continuada.<\/p>\t\t\t\t\t\t<\/div>\n\t\t\t\t<\/div>\n\t\t\t\t\t<\/div>\n\t\t<\/div>\n\t\t\t\t\t<\/div>\n\t\t<\/section>\n\t\t\t\t<section class=\"elementor-section elementor-top-section elementor-element elementor-element-31154dd elementor-section-boxed elementor-section-height-default elementor-section-height-default\" data-id=\"31154dd\" data-element_type=\"section\" data-settings=\"{&quot;background_background&quot;:&quot;classic&quot;}\">\n\t\t\t\t\t\t<div class=\"elementor-container elementor-column-gap-default\">\n\t\t\t\t\t<div class=\"elementor-column elementor-col-100 elementor-top-column elementor-element elementor-element-02a52fb\" data-id=\"02a52fb\" data-element_type=\"column\">\n\t\t\t<div class=\"elementor-widget-wrap elementor-element-populated\">\n\t\t\t\t\t\t<div class=\"elementor-element elementor-element-52b760c elementor-widget elementor-widget-heading\" data-id=\"52b760c\" data-element_type=\"widget\" data-widget_type=\"heading.default\">\n\t\t\t\t<div class=\"elementor-widget-container\">\n\t\t\t<h3 class=\"elementor-heading-title elementor-size-default\">Equipe e contatos<\/h3>\t\t<\/div>\n\t\t\t\t<\/div>\n\t\t\t\t\t<\/div>\n\t\t<\/div>\n\t\t\t\t\t<\/div>\n\t\t<\/section>\n\t\t\t\t<section class=\"elementor-section elementor-top-section elementor-element elementor-element-e97c4fa elementor-section-boxed elementor-section-height-default elementor-section-height-default\" data-id=\"e97c4fa\" data-element_type=\"section\">\n\t\t\t\t\t\t<div class=\"elementor-container elementor-column-gap-default\">\n\t\t\t\t\t<div class=\"elementor-column elementor-col-100 elementor-top-column elementor-element elementor-element-7fbca78\" data-id=\"7fbca78\" data-element_type=\"column\">\n\t\t\t<div class=\"elementor-widget-wrap elementor-element-populated\">\n\t\t\t\t\t\t<div class=\"elementor-element elementor-element-4e2235b elementor-widget elementor-widget-text-editor\" data-id=\"4e2235b\" data-element_type=\"widget\" data-widget_type=\"text-editor.default\">\n\t\t\t\t<div class=\"elementor-widget-container\">\n\t\t\t\t\t\t\t<p><strong>E-mail\/ Chat Institucional:<\/strong> code.prograd@ufsm.br<\/p><p><strong>Endere\u00e7o:<\/strong> Prograd, pr\u00e9dio 48-D, salas 204, 205 e 207<\/p><p><strong>Coordena\u00e7\u00e3o (sala 205)<\/strong><\/p><p><span style=\"font-weight: 400\">Coordenadora &#8211; Rita de Cacia Borges Liberalesso<\/span><\/p><p><b>N\u00facleo de Projetos Pedag\u00f3gicos (sala 207)<\/b><\/p><p><span style=\"font-weight: 400\">Chefe de N\u00facleo &#8211;\u00a0<\/span><span style=\"font-weight: 400\">Juliane Paprosqui\u00a0\u00a0<\/span><\/p><p><span style=\"font-weight: 400\">T\u00e9cnica em Assuntos Educacionais &#8211;\u00a0<\/span><span style=\"font-weight: 400\">Deborah Karla Calegari Alves<\/span><\/p><p><span style=\"font-weight: 400\">Assistente em Administra\u00e7\u00e3o &#8211;\u00a0<\/span><span style=\"font-weight: 400\">Mathias Rafael Henckes dos Santos<\/span><\/p><p><strong>Ramal: <span style=\"font-weight: 400\">3220-9586<\/span><\/strong><\/p><p><b>N\u00facleo de Forma\u00e7\u00e3o Inicial e Continuada e Est\u00e1gios (sala 204)<\/b><\/p><p><span style=\"font-weight: 400\">Chefe de N\u00facleo &#8211;<\/span><span style=\"font-size: 16px\">\u00a0Joseane Angela Pasqualli do Amaral<\/span><\/p><p><b>Ramal<\/b>: 3220-9573; <b>Whatsapp Est\u00e1gios<\/b>: (55) 991680038<\/p>\t\t\t\t\t\t<\/div>\n\t\t\t\t<\/div>\n\t\t\t\t\t<\/div>\n\t\t<\/div>\n\t\t\t\t\t<\/div>\n\t\t<\/section>\n\t\t\t\t<\/div>\n\t\t","protected":false},"excerpt":{"rendered":"<p>Coordenadoria de Desenvolvimento do Ensino (CODE) A Coordenadoria de Desenvolvimento de Ensino (CODE) \u00e9 respons\u00e1vel por orientar o processo de ensino de gradua\u00e7\u00e3o, na modalidade presencial e a dist\u00e2ncia, auxiliando na promo\u00e7\u00e3o de programas especiais do ensino superior ligados ao Minist\u00e9rio da Educa\u00e7\u00e3o e no desenvolvimento de estrat\u00e9gias para o aprimoramento das a\u00e7\u00f5es did\u00e1tico-pedag\u00f3gicas no [&hellip;]<\/p>\n","protected":false},"author":74,"featured_media":0,"parent":0,"menu_order":0,"comment_status":"closed","ping_status":"closed","template":"","meta":{"footnotes":""},"categories":[],"tags":[],"class_list":["post-53","page","type-page","status-publish","hentry"],"acf":[],"_links":{"self":[{"href":"https:\/\/www.ufsm.br\/pro-reitorias\/prograd\/wp-json\/wp\/v2\/pages\/53","targetHints":{"allow":["GET"]}}],"collection":[{"href":"https:\/\/www.ufsm.br\/pro-reitorias\/prograd\/wp-json\/wp\/v2\/pages"}],"about":[{"href":"https:\/\/www.ufsm.br\/pro-reitorias\/prograd\/wp-json\/wp\/v2\/types\/page"}],"author":[{"embeddable":true,"href":"https:\/\/www.ufsm.br\/pro-reitorias\/prograd\/wp-json\/wp\/v2\/users\/74"}],"replies":[{"embeddable":true,"href":"https:\/\/www.ufsm.br\/pro-reitorias\/prograd\/wp-json\/wp\/v2\/comments?post=53"}],"version-history":[{"count":0,"href":"https:\/\/www.ufsm.br\/pro-reitorias\/prograd\/wp-json\/wp\/v2\/pages\/53\/revisions"}],"wp:attachment":[{"href":"https:\/\/www.ufsm.br\/pro-reitorias\/prograd\/wp-json\/wp\/v2\/media?parent=53"}],"wp:term":[{"taxonomy":"category","embeddable":true,"href":"https:\/\/www.ufsm.br\/pro-reitorias\/prograd\/wp-json\/wp\/v2\/categories?post=53"},{"taxonomy":"post_tag","embeddable":true,"href":"https:\/\/www.ufsm.br\/pro-reitorias\/prograd\/wp-json\/wp\/v2\/tags?post=53"}],"curies":[{"name":"wp","href":"https:\/\/api.w.org\/{rel}","templated":true}]}}