{"id":1256,"date":"2018-08-03T11:22:26","date_gmt":"2018-08-03T14:22:26","guid":{"rendered":"https:\/\/www.ufsm.br\/pro-reitorias\/proplan\/?page_id=1256"},"modified":"2023-04-25T15:36:53","modified_gmt":"2023-04-25T18:36:53","slug":"orientacoes","status":"publish","type":"page","link":"https:\/\/www.ufsm.br\/pro-reitorias\/proplan\/orientacoes","title":{"rendered":"Orienta\u00e7\u00f5es"},"content":{"rendered":"\t\t<div data-elementor-type=\"wp-post\" data-elementor-id=\"1256\" class=\"elementor elementor-1256\">\n\t\t\t\t\t\t<section class=\"elementor-section elementor-top-section elementor-element elementor-element-cdf18d3 elementor-section-boxed elementor-section-height-default elementor-section-height-default\" data-id=\"cdf18d3\" data-element_type=\"section\">\n\t\t\t\t\t\t<div class=\"elementor-container elementor-column-gap-default\">\n\t\t\t\t\t<div class=\"elementor-column elementor-col-100 elementor-top-column elementor-element elementor-element-7a19eac\" data-id=\"7a19eac\" data-element_type=\"column\">\n\t\t\t<div class=\"elementor-widget-wrap elementor-element-populated\">\n\t\t\t\t\t\t<div class=\"elementor-element elementor-element-2cb44d8 elementor-widget elementor-widget-text-editor\" data-id=\"2cb44d8\" data-element_type=\"widget\" data-widget_type=\"text-editor.default\">\n\t\t\t\t<div class=\"elementor-widget-container\">\n\t\t\t\t\t\t\t<p>As orienta\u00e7\u00f5es para o planejamento e a execu\u00e7\u00e3o or\u00e7ament\u00e1ria do exerc\u00edcio de 2023 s\u00e3o:<\/p>\t\t\t\t\t\t<\/div>\n\t\t\t\t<\/div>\n\t\t\t\t<div class=\"elementor-element elementor-element-9a55ded elementor-widget elementor-widget-toggle\" data-id=\"9a55ded\" data-element_type=\"widget\" data-widget_type=\"toggle.default\">\n\t\t\t\t<div class=\"elementor-widget-container\">\n\t\t\t\t\t<div class=\"elementor-toggle\">\n\t\t\t\t\t\t\t<div class=\"elementor-toggle-item\">\n\t\t\t\t\t<div id=\"elementor-tab-title-1611\" class=\"elementor-tab-title\" data-tab=\"1\" role=\"button\" aria-controls=\"elementor-tab-content-1611\" aria-expanded=\"false\">\n\t\t\t\t\t\t\t\t\t\t\t\t<span class=\"elementor-toggle-icon elementor-toggle-icon-left\" aria-hidden=\"true\">\n\t\t\t\t\t\t\t\t\t\t\t\t\t\t\t<span class=\"elementor-toggle-icon-closed\"><i class=\"fas fa-caret-right\"><\/i><\/span>\n\t\t\t\t\t\t\t\t<span class=\"elementor-toggle-icon-opened\"><i class=\"elementor-toggle-icon-opened fas fa-caret-up\"><\/i><\/span>\n\t\t\t\t\t\t\t\t\t\t\t\t\t<\/span>\n\t\t\t\t\t\t\t\t\t\t\t\t<a class=\"elementor-toggle-title\" tabindex=\"0\">Plano Interno<\/a>\n\t\t\t\t\t<\/div>\n\n\t\t\t\t\t<div id=\"elementor-tab-content-1611\" class=\"elementor-tab-content elementor-clearfix\" data-tab=\"1\" role=\"region\" aria-labelledby=\"elementor-tab-title-1611\"><p>Em atendimento a&nbsp;Portaria n. 04\/2014 da SPO\/MEC&nbsp;e com vistas a ado\u00e7\u00e3o da suba\u00e7\u00e3o or\u00e7ament\u00e1ria identificando \u201cprojetos\u201d e \u201catividades\u201d, adotou-se a sistem\u00e1tica de utiliza\u00e7\u00e3o de Planos Internos, cujas mudan\u00e7as foram comunicadas pelo&nbsp;<a href=\"https:\/\/www.ufsm.br\/app\/uploads\/sites\/344\/2023\/02\/Memorando-circular_001.2023_Alteracoes_de_PI_assinado.pdf\">Memorando-circular &#8211; COPLEC\/PROPLAN n. 01\/2023<\/a>.<\/p>\n<p>Para acessar a rela\u00e7\u00e3o de Planos Internos do exerc\u00edcio,&nbsp;<a href=\"https:\/\/www.ufsm.br\/app\/uploads\/sites\/344\/2023\/02\/PIs_2023-site.xlsx\" target=\"_blank\" rel=\"noopener\">clique aqui<\/a>.<\/p><\/div>\n\t\t\t\t<\/div>\n\t\t\t\t\t\t\t<div class=\"elementor-toggle-item\">\n\t\t\t\t\t<div id=\"elementor-tab-title-1612\" class=\"elementor-tab-title\" data-tab=\"2\" role=\"button\" aria-controls=\"elementor-tab-content-1612\" aria-expanded=\"false\">\n\t\t\t\t\t\t\t\t\t\t\t\t<span class=\"elementor-toggle-icon elementor-toggle-icon-left\" aria-hidden=\"true\">\n\t\t\t\t\t\t\t\t\t\t\t\t\t\t\t<span class=\"elementor-toggle-icon-closed\"><i class=\"fas fa-caret-right\"><\/i><\/span>\n\t\t\t\t\t\t\t\t<span class=\"elementor-toggle-icon-opened\"><i class=\"elementor-toggle-icon-opened fas fa-caret-up\"><\/i><\/span>\n\t\t\t\t\t\t\t\t\t\t\t\t\t<\/span>\n\t\t\t\t\t\t\t\t\t\t\t\t<a class=\"elementor-toggle-title\" tabindex=\"0\">Unid. Gestoras Resp. (UGR)<\/a>\n\t\t\t\t\t<\/div>\n\n\t\t\t\t\t<div id=\"elementor-tab-content-1612\" class=\"elementor-tab-content elementor-clearfix\" data-tab=\"2\" role=\"region\" aria-labelledby=\"elementor-tab-title-1612\"><p>Toda execu\u00e7\u00e3o or\u00e7ament\u00e1ria est\u00e1 vinculada a uma UGR, integrando codifica\u00e7\u00f5es de centros de custos do SIE \u00e0s UGRs do SIAFI, o Memorando-circular &#8211; PROPLAN n. 01\/2019 comunicou as altera\u00e7\u00f5es, bem como o novo c\u00f3digo das unidades.<\/p><p>Toda execu\u00e7\u00e3o a rela\u00e7\u00e3o de UGRs,\u00a0<a href=\"https:\/\/www.ufsm.br\/app\/uploads\/sites\/344\/2023\/02\/UGR-Site-atualizada.xlsx\" target=\"_blank\" rel=\"noopener\">Clique aqui<\/a><a href=\"https:\/\/www.ufsm.br\/pro-reitorias\/proplan\/wp-content\/uploads\/sites\/344\/2019\/04\/UGR-Site-atualizada.xlsx\">.<\/a><\/p><\/div>\n\t\t\t\t<\/div>\n\t\t\t\t\t\t\t<div class=\"elementor-toggle-item\">\n\t\t\t\t\t<div id=\"elementor-tab-title-1613\" class=\"elementor-tab-title\" data-tab=\"3\" role=\"button\" aria-controls=\"elementor-tab-content-1613\" aria-expanded=\"false\">\n\t\t\t\t\t\t\t\t\t\t\t\t<span class=\"elementor-toggle-icon elementor-toggle-icon-left\" aria-hidden=\"true\">\n\t\t\t\t\t\t\t\t\t\t\t\t\t\t\t<span class=\"elementor-toggle-icon-closed\"><i class=\"fas fa-caret-right\"><\/i><\/span>\n\t\t\t\t\t\t\t\t<span class=\"elementor-toggle-icon-opened\"><i class=\"elementor-toggle-icon-opened fas fa-caret-up\"><\/i><\/span>\n\t\t\t\t\t\t\t\t\t\t\t\t\t<\/span>\n\t\t\t\t\t\t\t\t\t\t\t\t<a class=\"elementor-toggle-title\" tabindex=\"0\">Iniciativas Estrat\u00e9gicas<\/a>\n\t\t\t\t\t<\/div>\n\n\t\t\t\t\t<div id=\"elementor-tab-content-1613\" class=\"elementor-tab-content elementor-clearfix\" data-tab=\"3\" role=\"region\" aria-labelledby=\"elementor-tab-title-1613\"><p>A PROPLAN est\u00e1 fomentando a elabora\u00e7\u00e3o dos projetos estrat\u00e9gicos da UFSM no ano de 2023 no \u00e2mbito das unidades vinculadas \u00e0 Reitoria (Administra\u00e7\u00e3o Central), com vistas a integra\u00e7\u00e3o do planejamento (PDI, Plano de Gest\u00e3o) ao or\u00e7amento p\u00fablico anual (LOA), favorecendo o acompanhamento e ado\u00e7\u00e3o de medidas gerenciais. O produto desta sistem\u00e1tica compor\u00e1 o IDR do ano corrente.\u00a0<\/p><p>Os Planos Internos das iniciativas s\u00e3o identificados com os c\u00f3digos &#8220;IEST&#8221;. Rela\u00e7\u00e3o de Planos Internos pode ser acessada\u00a0<a href=\"https:\/\/www.ufsm.br\/app\/uploads\/sites\/344\/2023\/02\/PIs_2023-site.xlsx\" target=\"_blank\" rel=\"noopener\">aqui<\/a>.<\/p><\/div>\n\t\t\t\t<\/div>\n\t\t\t\t\t\t\t<div class=\"elementor-toggle-item\">\n\t\t\t\t\t<div id=\"elementor-tab-title-1614\" class=\"elementor-tab-title\" data-tab=\"4\" role=\"button\" aria-controls=\"elementor-tab-content-1614\" aria-expanded=\"false\">\n\t\t\t\t\t\t\t\t\t\t\t\t<span class=\"elementor-toggle-icon elementor-toggle-icon-left\" aria-hidden=\"true\">\n\t\t\t\t\t\t\t\t\t\t\t\t\t\t\t<span class=\"elementor-toggle-icon-closed\"><i class=\"fas fa-caret-right\"><\/i><\/span>\n\t\t\t\t\t\t\t\t<span class=\"elementor-toggle-icon-opened\"><i class=\"elementor-toggle-icon-opened fas fa-caret-up\"><\/i><\/span>\n\t\t\t\t\t\t\t\t\t\t\t\t\t<\/span>\n\t\t\t\t\t\t\t\t\t\t\t\t<a class=\"elementor-toggle-title\" tabindex=\"0\">Lista de Informa\u00e7\u00f5es Or\u00e7ament\u00e1rias<\/a>\n\t\t\t\t\t<\/div>\n\n\t\t\t\t\t<div id=\"elementor-tab-content-1614\" class=\"elementor-tab-content elementor-clearfix\" data-tab=\"4\" role=\"region\" aria-labelledby=\"elementor-tab-title-1614\"><p><a href=\"https:\/\/www.ufsm.br\/app\/uploads\/sites\/344\/2023\/02\/PIs_2023-site.xlsx\" target=\"_blank\">Planos Internos<\/a><br><\/p>\n<p><a href=\"https:\/\/www.ufsm.br\/app\/uploads\/sites\/344\/2023\/02\/UGR-Site-atualizada.xlsx\" target=\"_blank\">UGRs<\/a><\/p><\/div>\n\t\t\t\t<\/div>\n\t\t\t\t\t\t\t<div class=\"elementor-toggle-item\">\n\t\t\t\t\t<div id=\"elementor-tab-title-1615\" class=\"elementor-tab-title\" data-tab=\"5\" role=\"button\" aria-controls=\"elementor-tab-content-1615\" aria-expanded=\"false\">\n\t\t\t\t\t\t\t\t\t\t\t\t<span class=\"elementor-toggle-icon elementor-toggle-icon-left\" aria-hidden=\"true\">\n\t\t\t\t\t\t\t\t\t\t\t\t\t\t\t<span class=\"elementor-toggle-icon-closed\"><i class=\"fas fa-caret-right\"><\/i><\/span>\n\t\t\t\t\t\t\t\t<span class=\"elementor-toggle-icon-opened\"><i class=\"elementor-toggle-icon-opened fas fa-caret-up\"><\/i><\/span>\n\t\t\t\t\t\t\t\t\t\t\t\t\t<\/span>\n\t\t\t\t\t\t\t\t\t\t\t\t<a class=\"elementor-toggle-title\" tabindex=\"0\">Execu\u00e7\u00e3o Geral Or\u00e7ament\u00e1ria de 2022<\/a>\n\t\t\t\t\t<\/div>\n\n\t\t\t\t\t<div id=\"elementor-tab-content-1615\" class=\"elementor-tab-content elementor-clearfix\" data-tab=\"5\" role=\"region\" aria-labelledby=\"elementor-tab-title-1615\"><p><span style=\"font-weight: var( --e-global-typography-text-font-weight )\">As informa\u00e7\u00f5es or\u00e7ament\u00e1rias detalhadas por unidade gestora respons\u00e1vel, PTRES, planos internos, natureza de despesas, fontes, entre outras informa\u00e7\u00f5es or\u00e7ament\u00e1rias podem ser acessadas\u00a0<\/span><strong><a href=\"https:\/\/www.ufsm.br\/app\/uploads\/sites\/344\/2023\/02\/01-EXECUCAO_GERAL_2022.xlsx\" target=\"_blank\" rel=\"noopener\">aqui<\/a><\/strong><span style=\"font-weight: var( --e-global-typography-text-font-weight )\">.<\/span><\/p><\/div>\n\t\t\t\t<\/div>\n\t\t\t\t\t\t\t<div class=\"elementor-toggle-item\">\n\t\t\t\t\t<div id=\"elementor-tab-title-1616\" class=\"elementor-tab-title\" data-tab=\"6\" role=\"button\" aria-controls=\"elementor-tab-content-1616\" aria-expanded=\"false\">\n\t\t\t\t\t\t\t\t\t\t\t\t<span class=\"elementor-toggle-icon elementor-toggle-icon-left\" aria-hidden=\"true\">\n\t\t\t\t\t\t\t\t\t\t\t\t\t\t\t<span class=\"elementor-toggle-icon-closed\"><i class=\"fas fa-caret-right\"><\/i><\/span>\n\t\t\t\t\t\t\t\t<span class=\"elementor-toggle-icon-opened\"><i class=\"elementor-toggle-icon-opened fas fa-caret-up\"><\/i><\/span>\n\t\t\t\t\t\t\t\t\t\t\t\t\t<\/span>\n\t\t\t\t\t\t\t\t\t\t\t\t<a class=\"elementor-toggle-title\" tabindex=\"0\">Memorandos Circulares<\/a>\n\t\t\t\t\t<\/div>\n\n\t\t\t\t\t<div id=\"elementor-tab-content-1616\" class=\"elementor-tab-content elementor-clearfix\" data-tab=\"6\" role=\"region\" aria-labelledby=\"elementor-tab-title-1616\"><table style=\"border-collapse: collapse;width: 100%\">\n<tbody>\n<tr>\n<td style=\"width: 50%\"><a href=\"https:\/\/www.ufsm.br\/app\/uploads\/sites\/344\/2023\/02\/Memorando-circular_001.2023_Alteracoes_de_PI_assinado.pdf\"><span style=\"color: #000080\"><strong>Documento<\/strong><\/span><\/a><\/td>\n<td style=\"width: 50%\"><span style=\"color: #000080\"><strong>Assunto<\/strong><\/span><\/td>\n<\/tr>\n<tr>\n<td style=\"width: 50%\"><a href=\"https:\/\/www.ufsm.br\/app\/uploads\/sites\/344\/2023\/02\/Memorando-circular_001.2023_Alteracoes_de_PI_assinado.pdf\">Memorando Circular n. 01\/2023 \u2013 COPLEC \/ PROPLAN<\/a><\/td>\n<td style=\"width: 50%\">A composi\u00e7\u00e3o dos planos internos (PI\u2019s) para exerc\u00edcio de 2023<\/td>\n<\/tr>\n<tr>\n<td style=\"width: 50%\"><a href=\"https:\/\/www.ufsm.br\/app\/uploads\/sites\/344\/2023\/02\/Memorando-circular_002.2023_Orientacoes_liberacoes_de_recursos_assinado.pdf\">Memorando Circular n. 02\/2023 \u2013 COPLEC \/ PROPLAN<\/a><\/td>\n<td style=\"width: 50%\">Orienta\u00e7\u00f5es para o exerc\u00edcio de 2023 &#8211; Solicita\u00e7\u00f5es e Libera\u00e7\u00f5es<\/td>\n<\/tr>\n<\/tbody>\n<\/table>\n<table style=\"color: #1c1c1c;width: 1146px;font-size: 16px\">\n<tbody>\n<tr>\n<td style=\"width: 572.5px\"><a href=\"https:\/\/www.ufsm.br\/app\/uploads\/sites\/344\/2023\/04\/Memorando-circular_003.2023_Anuidades_assinado.pdf\" target=\"_blank\">Memorando Circular n. 03\/2023 \u2013 COPLEC \/ PROPLAN<\/a><br><\/td>\n<td style=\"width: 572.5px\"><span style=\"font-size: 10.0pt;font-family: 'Times New Roman',serif\">Pagamento de anuidade ou de participa\u00e7\u00e3o em entidades nacionais e organismos internacionais \u2013 Exerc\u00edcio 2023<\/span><\/td>\n<\/tr>\n<\/tbody>\n<\/table><\/div>\n\t\t\t\t<\/div>\n\t\t\t\t\t\t\t\t<\/div>\n\t\t\t\t<\/div>\n\t\t\t\t<\/div>\n\t\t\t\t\t<\/div>\n\t\t<\/div>\n\t\t\t\t\t<\/div>\n\t\t<\/section>\n\t\t\t\t<\/div>\n\t\t","protected":false},"excerpt":{"rendered":"<p>As orienta\u00e7\u00f5es para o planejamento e a execu\u00e7\u00e3o or\u00e7ament\u00e1ria do exerc\u00edcio de 2023 s\u00e3o: Plano Interno Em atendimento a&nbsp;Portaria n. 04\/2014 da SPO\/MEC&nbsp;e com vistas a ado\u00e7\u00e3o da suba\u00e7\u00e3o or\u00e7ament\u00e1ria identificando \u201cprojetos\u201d e \u201catividades\u201d, adotou-se a sistem\u00e1tica de utiliza\u00e7\u00e3o de Planos Internos, cujas mudan\u00e7as foram comunicadas pelo&nbsp;Memorando-circular &#8211; COPLEC\/PROPLAN n. 01\/2023. Para acessar a rela\u00e7\u00e3o [&hellip;]<\/p>\n","protected":false},"author":119,"featured_media":0,"parent":0,"menu_order":0,"comment_status":"closed","ping_status":"closed","template":"","meta":{"footnotes":""},"categories":[],"tags":[],"class_list":["post-1256","page","type-page","status-publish","hentry"],"acf":[],"_links":{"self":[{"href":"https:\/\/www.ufsm.br\/pro-reitorias\/proplan\/wp-json\/wp\/v2\/pages\/1256","targetHints":{"allow":["GET"]}}],"collection":[{"href":"https:\/\/www.ufsm.br\/pro-reitorias\/proplan\/wp-json\/wp\/v2\/pages"}],"about":[{"href":"https:\/\/www.ufsm.br\/pro-reitorias\/proplan\/wp-json\/wp\/v2\/types\/page"}],"author":[{"embeddable":true,"href":"https:\/\/www.ufsm.br\/pro-reitorias\/proplan\/wp-json\/wp\/v2\/users\/119"}],"replies":[{"embeddable":true,"href":"https:\/\/www.ufsm.br\/pro-reitorias\/proplan\/wp-json\/wp\/v2\/comments?post=1256"}],"version-history":[{"count":0,"href":"https:\/\/www.ufsm.br\/pro-reitorias\/proplan\/wp-json\/wp\/v2\/pages\/1256\/revisions"}],"wp:attachment":[{"href":"https:\/\/www.ufsm.br\/pro-reitorias\/proplan\/wp-json\/wp\/v2\/media?parent=1256"}],"wp:term":[{"taxonomy":"category","embeddable":true,"href":"https:\/\/www.ufsm.br\/pro-reitorias\/proplan\/wp-json\/wp\/v2\/categories?post=1256"},{"taxonomy":"post_tag","embeddable":true,"href":"https:\/\/www.ufsm.br\/pro-reitorias\/proplan\/wp-json\/wp\/v2\/tags?post=1256"}],"curies":[{"name":"wp","href":"https:\/\/api.w.org\/{rel}","templated":true}]}}