{"id":1617,"date":"2018-09-11T11:21:23","date_gmt":"2018-09-11T14:21:23","guid":{"rendered":"https:\/\/www.ufsm.br\/pro-reitorias\/proplan\/?page_id=1617"},"modified":"2026-03-16T09:26:52","modified_gmt":"2026-03-16T12:26:52","slug":"equipe-proplan","status":"publish","type":"page","link":"https:\/\/www.ufsm.br\/pro-reitorias\/proplan\/equipe-proplan","title":{"rendered":"Equipe PROPLAN"},"content":{"rendered":"\t\t<div data-elementor-type=\"wp-post\" data-elementor-id=\"1617\" class=\"elementor elementor-1617\">\n\t\t\t\t\t\t<section class=\"elementor-section elementor-top-section elementor-element elementor-element-22072ce1 elementor-section-boxed elementor-section-height-default elementor-section-height-default\" data-id=\"22072ce1\" data-element_type=\"section\">\n\t\t\t\t\t\t<div class=\"elementor-container elementor-column-gap-default\">\n\t\t\t\t\t<div class=\"elementor-column elementor-col-100 elementor-top-column elementor-element elementor-element-56d5490c\" data-id=\"56d5490c\" data-element_type=\"column\">\n\t\t\t<div class=\"elementor-widget-wrap elementor-element-populated\">\n\t\t\t\t\t\t<div class=\"elementor-element elementor-element-75797af elementor-widget elementor-widget-heading\" data-id=\"75797af\" data-element_type=\"widget\" data-widget_type=\"heading.default\">\n\t\t\t\t<div class=\"elementor-widget-container\">\n\t\t\t<h5 class=\"elementor-heading-title elementor-size-default\">Pr\u00f3-Reitor de Planejamento<\/h5>\t\t<\/div>\n\t\t\t\t<\/div>\n\t\t\t\t<div class=\"elementor-element elementor-element-63ca983e elementor-widget elementor-widget-text-editor\" data-id=\"63ca983e\" data-element_type=\"widget\" data-widget_type=\"text-editor.default\">\n\t\t\t\t<div class=\"elementor-widget-container\">\n\t\t\t\t\t\t\t<p><span style=\"font-size: 12pt\">Prof. Vin\u00edcius Jacques Garcia<\/span><\/p>\t\t\t\t\t\t<\/div>\n\t\t\t\t<\/div>\n\t\t\t\t\t<\/div>\n\t\t<\/div>\n\t\t\t\t\t<\/div>\n\t\t<\/section>\n\t\t\t\t<section class=\"elementor-section elementor-top-section elementor-element elementor-element-88f88cc elementor-section-boxed elementor-section-height-default elementor-section-height-default\" data-id=\"88f88cc\" data-element_type=\"section\">\n\t\t\t\t\t\t<div class=\"elementor-container elementor-column-gap-default\">\n\t\t\t\t\t<div class=\"elementor-column elementor-col-100 elementor-top-column elementor-element elementor-element-dc34179\" data-id=\"dc34179\" data-element_type=\"column\">\n\t\t\t<div class=\"elementor-widget-wrap elementor-element-populated\">\n\t\t\t\t\t\t<div class=\"elementor-element elementor-element-057aa0a elementor-widget elementor-widget-heading\" data-id=\"057aa0a\" data-element_type=\"widget\" data-widget_type=\"heading.default\">\n\t\t\t\t<div class=\"elementor-widget-container\">\n\t\t\t<h5 class=\"elementor-heading-title elementor-size-default\">Pr\u00f3-Reitor Substituto<\/h5>\t\t<\/div>\n\t\t\t\t<\/div>\n\t\t\t\t<div class=\"elementor-element elementor-element-75b25b5 elementor-widget elementor-widget-text-editor\" data-id=\"75b25b5\" data-element_type=\"widget\" data-widget_type=\"text-editor.default\">\n\t\t\t\t<div class=\"elementor-widget-container\">\n\t\t\t\t\t\t\t<p>Adm.\u00a0<span style=\"color: #000000;font-size: 16px\">Carlo Alessandro Castellanelli<\/span><\/p>\t\t\t\t\t\t<\/div>\n\t\t\t\t<\/div>\n\t\t\t\t\t<\/div>\n\t\t<\/div>\n\t\t\t\t\t<\/div>\n\t\t<\/section>\n\t\t\t\t<section class=\"elementor-section elementor-top-section elementor-element elementor-element-7ce85f9 elementor-section-boxed elementor-section-height-default elementor-section-height-default\" data-id=\"7ce85f9\" data-element_type=\"section\">\n\t\t\t\t\t\t<div class=\"elementor-container elementor-column-gap-default\">\n\t\t\t\t\t<div class=\"elementor-column elementor-col-100 elementor-top-column elementor-element elementor-element-e17d56b\" data-id=\"e17d56b\" data-element_type=\"column\">\n\t\t\t<div class=\"elementor-widget-wrap elementor-element-populated\">\n\t\t\t\t\t\t<div class=\"elementor-element elementor-element-c14492b elementor-widget elementor-widget-heading\" data-id=\"c14492b\" data-element_type=\"widget\" data-widget_type=\"heading.default\">\n\t\t\t\t<div class=\"elementor-widget-container\">\n\t\t\t<h5 class=\"elementor-heading-title elementor-size-default\">Secretaria Apoio Administrativo<\/h5>\t\t<\/div>\n\t\t\t\t<\/div>\n\t\t\t\t<div class=\"elementor-element elementor-element-7a06f6b elementor-widget elementor-widget-text-editor\" data-id=\"7a06f6b\" data-element_type=\"widget\" data-widget_type=\"text-editor.default\">\n\t\t\t\t<div class=\"elementor-widget-container\">\n\t\t\t\t\t\t\t<p><span style=\"font-size: 12pt;background-color: var(--bs-body-bg);text-align: var(--bs-body-text-align)\">Assist. Adm.\u00a0<\/span><span style=\"text-align: var(--bs-body-text-align);background-color: var(--bs-body-bg)\">Cristina Izabel Moraes Bolzan<\/span><\/p><p><span style=\"background-color: var(--bs-body-bg);font-size: 12pt;text-align: var(--bs-body-text-align)\">Recepcionista Gerson Zimmermann<\/span><\/p>\t\t\t\t\t\t<\/div>\n\t\t\t\t<\/div>\n\t\t\t\t\t<\/div>\n\t\t<\/div>\n\t\t\t\t\t<\/div>\n\t\t<\/section>\n\t\t\t\t<section class=\"elementor-section elementor-top-section elementor-element elementor-element-aa6ce4d elementor-section-boxed elementor-section-height-default elementor-section-height-default\" data-id=\"aa6ce4d\" data-element_type=\"section\">\n\t\t\t\t\t\t<div class=\"elementor-container elementor-column-gap-default\">\n\t\t\t\t\t<div class=\"elementor-column elementor-col-100 elementor-top-column elementor-element elementor-element-8f9a853\" data-id=\"8f9a853\" data-element_type=\"column\">\n\t\t\t<div class=\"elementor-widget-wrap elementor-element-populated\">\n\t\t\t\t\t\t<div class=\"elementor-element elementor-element-4fc174d elementor-widget elementor-widget-heading\" data-id=\"4fc174d\" data-element_type=\"widget\" data-widget_type=\"heading.default\">\n\t\t\t\t<div class=\"elementor-widget-container\">\n\t\t\t<h5 class=\"elementor-heading-title elementor-size-default\">Unidade de Comunica\u00e7\u00e3o Integrada (UNICOM)<\/h5>\t\t<\/div>\n\t\t\t\t<\/div>\n\t\t\t\t<div class=\"elementor-element elementor-element-5ff227e elementor-widget elementor-widget-text-editor\" data-id=\"5ff227e\" data-element_type=\"widget\" data-widget_type=\"text-editor.default\">\n\t\t\t\t<div class=\"elementor-widget-container\">\n\t\t\t\t\t\t\t<p><span style=\"font-family: verdana, geneva, sans-serif\"><strong style=\"font-size: 12pt\">Chefe<br \/><\/strong>Administrador Ron\u00ed Storti de Barros<\/span><\/p><p><span style=\"font-weight: bold;font-size: 16px;font-family: verdana, geneva, sans-serif\">Equipe<\/span><\/p><p><span style=\"font-family: verdana, geneva, sans-serif\">Rela\u00e7\u00f5es P\u00fablicas\u00a0<span class=\"il\">Carla<\/span>\u00a0Isa Costa<\/span><\/p><p><span style=\"font-size: 16px;font-family: verdana, geneva, sans-serif\">Programador visual Estevan Garcia Poll<\/span><\/p><p><span style=\"font-size: 16px;font-family: verdana, geneva, sans-serif\">Revisora de textos Fabiana Perrando Coradini<\/span><\/p><p><span style=\"font-family: verdana, geneva, sans-serif\"><span style=\"color: #000000;font-size: 16px\">Rela\u00e7\u00f5es P\u00fablicas Laura Beatriz Hartmann<\/span><\/span><\/p><p><span style=\"font-size: 16px;font-family: verdana, geneva, sans-serif\">Programador visual Vin\u00edcius Gumisson Motta\u00a0<\/span><\/p><p><span style=\"color: #000000;font-size: 16px\"><span style=\"font-family: verdana, geneva, sans-serif\">Rela\u00e7\u00f5es P\u00fablicas Sendi Chiapinotto Spiazzi (licen\u00e7a qualifica\u00e7\u00e3o)<\/span><br \/><\/span><\/p>\t\t\t\t\t\t<\/div>\n\t\t\t\t<\/div>\n\t\t\t\t\t<\/div>\n\t\t<\/div>\n\t\t\t\t\t<\/div>\n\t\t<\/section>\n\t\t\t\t<section class=\"elementor-section elementor-top-section elementor-element elementor-element-2cdab73 elementor-section-boxed elementor-section-height-default elementor-section-height-default\" data-id=\"2cdab73\" data-element_type=\"section\">\n\t\t\t\t\t\t<div class=\"elementor-container elementor-column-gap-default\">\n\t\t\t\t\t<div class=\"elementor-column elementor-col-100 elementor-top-column elementor-element elementor-element-8b11d6b\" data-id=\"8b11d6b\" data-element_type=\"column\">\n\t\t\t<div class=\"elementor-widget-wrap elementor-element-populated\">\n\t\t\t\t\t\t<div class=\"elementor-element elementor-element-af26c63 elementor-widget elementor-widget-heading\" data-id=\"af26c63\" data-element_type=\"widget\" data-widget_type=\"heading.default\">\n\t\t\t\t<div class=\"elementor-widget-container\">\n\t\t\t<h5 class=\"elementor-heading-title elementor-size-default\">Coordenadoria de Planejamento Administrativo (COPLAD)<\/h5>\t\t<\/div>\n\t\t\t\t<\/div>\n\t\t\t\t<div class=\"elementor-element elementor-element-14560d6 elementor-widget elementor-widget-text-editor\" data-id=\"14560d6\" data-element_type=\"widget\" data-widget_type=\"text-editor.default\">\n\t\t\t\t<div class=\"elementor-widget-container\">\n\t\t\t\t\t\t\t<p><span style=\"font-family: verdana, geneva, sans-serif;font-size: 12pt\"><strong>Coordenador<\/strong><b><br><\/b><\/span><span style=\"font-family: verdana, geneva, sans-serif;font-size: 12pt\">Adm. Carlo Alessandro Castellanelli<\/span><\/p>\n<p><span style=\"font-family: verdana, geneva, sans-serif\"><b>Equipe<\/b><\/span><\/p>\n<p><span style=\"color: #000000;font-size: 16px;font-weight: var( --e-global-typography-text-font-weight );text-align: var(--bs-body-text-align)\">Assis. Adm. Desir\u00e9e Prati Ribeiro<\/span><span style=\"font-family: verdana, geneva, sans-serif\"><b><br><\/b><\/span><\/p><p><span style=\"color: #000000;font-size: 16px;font-weight: var( --e-global-typography-text-font-weight );text-align: var(--bs-body-text-align)\">Assis. Adm. Glaucia Ghesti Pivetta<\/span><\/p>\n<p><span style=\"background-color: var(--bs-body-bg);color: #000000;font-size: 16px;text-align: var(--bs-body-text-align);font-weight: var( --e-global-typography-text-font-weight )\">Adm. Litieli Tadiello Bedinoto Farias&nbsp;<\/span><\/p>\t\t\t\t\t\t<\/div>\n\t\t\t\t<\/div>\n\t\t\t\t\t<\/div>\n\t\t<\/div>\n\t\t\t\t\t<\/div>\n\t\t<\/section>\n\t\t\t\t<section class=\"elementor-section elementor-top-section elementor-element elementor-element-b994624 elementor-section-boxed elementor-section-height-default elementor-section-height-default\" data-id=\"b994624\" data-element_type=\"section\">\n\t\t\t\t\t\t<div class=\"elementor-container elementor-column-gap-default\">\n\t\t\t\t\t<div class=\"elementor-column elementor-col-100 elementor-top-column elementor-element elementor-element-9d9097b\" data-id=\"9d9097b\" data-element_type=\"column\">\n\t\t\t<div class=\"elementor-widget-wrap elementor-element-populated\">\n\t\t\t\t\t\t<div class=\"elementor-element elementor-element-6e5f849 elementor-widget elementor-widget-heading\" data-id=\"6e5f849\" data-element_type=\"widget\" data-widget_type=\"heading.default\">\n\t\t\t\t<div class=\"elementor-widget-container\">\n\t\t\t<h5 class=\"elementor-heading-title elementor-size-default\">Coordenadoria de Planejamento e Avalia\u00e7\u00e3o Institucional (COPLAI)<\/h5>\t\t<\/div>\n\t\t\t\t<\/div>\n\t\t\t\t<div class=\"elementor-element elementor-element-142917c elementor-widget elementor-widget-text-editor\" data-id=\"142917c\" data-element_type=\"widget\" data-widget_type=\"text-editor.default\">\n\t\t\t\t<div class=\"elementor-widget-container\">\n\t\t\t\t\t\t\t<p><span style=\"font-family: verdana, geneva, sans-serif;font-size: 12pt;background-color: var(--bs-body-bg);text-align: var(--bs-body-text-align)\"><b>Coordenadora<br><\/b><\/span><span style=\"background-color: var(--bs-body-bg);text-align: var(--bs-body-text-align)\">Adm. Gustavo Scaramussa<\/span><\/p>\n<p><span style=\"font-family: verdana, geneva, sans-serif\"><b>Equipe<\/b><\/span><\/p>\n<p><span style=\"background-color: var(--bs-body-bg);text-align: var(--bs-body-text-align)\">Adm. Lucas de Andrade<\/span><\/p>\n<p><span style=\"background-color: var(--bs-body-bg);text-align: var(--bs-body-text-align)\">Assis. Adm. Lorenzo Dotto<\/span><\/p>\t\t\t\t\t\t<\/div>\n\t\t\t\t<\/div>\n\t\t\t\t\t<\/div>\n\t\t<\/div>\n\t\t\t\t\t<\/div>\n\t\t<\/section>\n\t\t\t\t<section class=\"elementor-section elementor-top-section elementor-element elementor-element-60d48b9 elementor-section-boxed elementor-section-height-default elementor-section-height-default\" data-id=\"60d48b9\" data-element_type=\"section\">\n\t\t\t\t\t\t<div class=\"elementor-container elementor-column-gap-default\">\n\t\t\t\t\t<div class=\"elementor-column elementor-col-100 elementor-top-column elementor-element elementor-element-a09df6f\" data-id=\"a09df6f\" data-element_type=\"column\">\n\t\t\t<div class=\"elementor-widget-wrap elementor-element-populated\">\n\t\t\t\t\t\t<div class=\"elementor-element elementor-element-1dd2e1b elementor-widget elementor-widget-heading\" data-id=\"1dd2e1b\" data-element_type=\"widget\" data-widget_type=\"heading.default\">\n\t\t\t\t<div class=\"elementor-widget-container\">\n\t\t\t<h5 class=\"elementor-heading-title elementor-size-default\">Coordenadoria de Planejamento Econ\u00f4mico (COPLEC)<\/h5>\t\t<\/div>\n\t\t\t\t<\/div>\n\t\t\t\t<div class=\"elementor-element elementor-element-1d6e894 elementor-widget elementor-widget-text-editor\" data-id=\"1d6e894\" data-element_type=\"widget\" data-widget_type=\"text-editor.default\">\n\t\t\t\t<div class=\"elementor-widget-container\">\n\t\t\t\t\t\t\t<p><span style=\"font-size: 12pt;font-family: verdana, geneva, sans-serif\"><strong>Coordenador<\/strong><b><br \/><\/b>Adm. Ricardo da Silva Barcelos<\/span><\/p><p><span style=\"font-size: 12pt;font-family: verdana, geneva, sans-serif\"><b>Equipe<br \/><\/b><\/span><span style=\"font-size: 16px\">T\u00e9c. Contabilidade F\u00e1bio Fachin Penz<\/span><\/p><p><span style=\"font-size: 12pt;font-family: verdana, geneva, sans-serif\"><span style=\"color: #000000;background-color: var(--bs-body-bg);text-align: var(--bs-body-text-align)\">Adm. Jos\u00e9 Orion Martins Ribeiro<\/span><\/span><\/p><p><span style=\"font-size: 12pt;font-family: verdana, geneva, sans-serif\"><span style=\"color: #000000;background-color: var(--bs-body-bg);text-align: var(--bs-body-text-align)\">Adm.\u00a0<\/span><\/span><span style=\"font-size: 16px;font-weight: var( --e-global-typography-text-font-weight );text-align: var(--bs-body-text-align)\">Patr\u00edcia Batt\u00fa Dellamora Mello (licen\u00e7a gestante)<\/span><\/p><p><span style=\"font-size: 16px\">Adm. Priscilla Westphalen Berneira Teixeira<\/span><\/p><p><span style=\"font-size: 16px\">Adm. Rafael Felin Neves<\/span><\/p>\t\t\t\t\t\t<\/div>\n\t\t\t\t<\/div>\n\t\t\t\t\t<\/div>\n\t\t<\/div>\n\t\t\t\t\t<\/div>\n\t\t<\/section>\n\t\t\t\t<section class=\"elementor-section elementor-top-section elementor-element elementor-element-f24d5ca elementor-section-boxed elementor-section-height-default elementor-section-height-default\" data-id=\"f24d5ca\" data-element_type=\"section\">\n\t\t\t\t\t\t<div class=\"elementor-container elementor-column-gap-default\">\n\t\t\t\t\t<div class=\"elementor-column elementor-col-100 elementor-top-column elementor-element elementor-element-f079d17\" data-id=\"f079d17\" data-element_type=\"column\">\n\t\t\t<div class=\"elementor-widget-wrap elementor-element-populated\">\n\t\t\t\t\t\t<div class=\"elementor-element elementor-element-39b2667 elementor-widget elementor-widget-heading\" data-id=\"39b2667\" data-element_type=\"widget\" data-widget_type=\"heading.default\">\n\t\t\t\t<div class=\"elementor-widget-container\">\n\t\t\t<h5 class=\"elementor-heading-title elementor-size-default\">Coordenadoria de Planejamento Informacional (COPLIN)<\/h5>\t\t<\/div>\n\t\t\t\t<\/div>\n\t\t\t\t<div class=\"elementor-element elementor-element-dbf74a2 elementor-widget elementor-widget-text-editor\" data-id=\"dbf74a2\" data-element_type=\"widget\" data-widget_type=\"text-editor.default\">\n\t\t\t\t<div class=\"elementor-widget-container\">\n\t\t\t\t\t\t\t<p><span style=\"font-family: verdana, geneva, sans-serif;font-size: 12pt\"><strong>Coordenador<\/strong><b><br \/><\/b><\/span><span style=\"color: #000000;font-size: 16px\">Analista TI Marcelo Lopes Kroth<\/span><span style=\"font-family: verdana, geneva, sans-serif;font-size: 12pt\"><br \/><\/span><\/p><p><span style=\"font-family: verdana, geneva, sans-serif\"><b>Equipe<\/b><\/span><\/p><p><span style=\"color: #000000;font-size: 16px\">Econ. Diego Brenner dos Reis<\/span><\/p><p><span style=\"font-size: 16px\">Analista TI Douglas Pereira Pasqualin<\/span><span style=\"font-family: arial, helvetica, sans-serif\"><span style=\"color: #000000;font-size: 16px;text-align: var(--bs-body-text-align);background-color: var(--bs-body-bg)\"><span style=\"background-color: var(--bs-body-bg);text-align: var(--bs-body-text-align)\"><br \/><\/span><\/span><\/span><\/p><p><span style=\"color: #000000;font-size: 16px\">Assist. Adm. Fernando Lima Rivas<\/span><\/p><p><span style=\"font-family: arial, helvetica, sans-serif\"><span style=\"color: #000000;font-size: 16px;text-align: var(--bs-body-text-align);background-color: var(--bs-body-bg)\"><span style=\"background-color: var(--bs-body-bg);text-align: var(--bs-body-text-align)\">Analista TI Henry Emanuel Leal Cagnini<\/span><\/span><\/span><\/p><p><span style=\"color: #1c1c1c;font-size: 16px\">Analista TI J\u00e1der Adi\u00e9l Schmitt<\/span><\/p><p><span style=\"font-family: arial, helvetica, sans-serif\"><span style=\"text-align: var(--bs-body-text-align);background-color: var(--bs-body-bg)\">T\u00e9c. TI Nathale Cadaval Kraetzig<\/span><\/span><\/p>\t\t\t\t\t\t<\/div>\n\t\t\t\t<\/div>\n\t\t\t\t\t<\/div>\n\t\t<\/div>\n\t\t\t\t\t<\/div>\n\t\t<\/section>\n\t\t\t\t<section class=\"elementor-section elementor-top-section elementor-element elementor-element-a5d377b elementor-section-boxed elementor-section-height-default elementor-section-height-default\" data-id=\"a5d377b\" data-element_type=\"section\">\n\t\t\t\t\t\t<div class=\"elementor-container elementor-column-gap-default\">\n\t\t\t\t\t<div class=\"elementor-column elementor-col-100 elementor-top-column elementor-element elementor-element-78ac8cf\" data-id=\"78ac8cf\" data-element_type=\"column\">\n\t\t\t<div class=\"elementor-widget-wrap elementor-element-populated\">\n\t\t\t\t\t\t<div class=\"elementor-element elementor-element-ee51446 elementor-widget elementor-widget-heading\" data-id=\"ee51446\" data-element_type=\"widget\" data-widget_type=\"heading.default\">\n\t\t\t\t<div class=\"elementor-widget-container\">\n\t\t\t<h5 class=\"elementor-heading-title elementor-size-default\">Coordenadoria de Projetos e Conv\u00eanios (COPROC)<\/h5>\t\t<\/div>\n\t\t\t\t<\/div>\n\t\t\t\t<div class=\"elementor-element elementor-element-436223a elementor-widget elementor-widget-text-editor\" data-id=\"436223a\" data-element_type=\"widget\" data-widget_type=\"text-editor.default\">\n\t\t\t\t<div class=\"elementor-widget-container\">\n\t\t\t\t\t\t\t<p><span style=\"font-family: verdana, geneva, sans-serif\"><strong>Coordenador<\/strong><span style=\"font-size: 12pt\"><b><br \/><\/b><\/span><span style=\"font-size: 12pt\">Adm. Silvana Bortoluzzi Balconi<\/span><\/span><\/p><p><span style=\"font-family: verdana, geneva, sans-serif\"><strong>Equipe<br \/><\/strong><span style=\"font-size: 12pt\">Assist. Adm. Ana Celina Quevedo Salles<\/span><\/span><\/p><p><span style=\"font-family: verdana, geneva, sans-serif\">Adm. <span style=\"font-size: 12pt\">Carmen Cristina Suptitz<\/span><\/span><\/p><p><span style=\"font-family: verdana, geneva, sans-serif\"><span style=\"font-size: 12pt\">Econ. Hermes Rogerio Gall de Siqueira<\/span><\/span><\/p><p><span style=\"font-family: verdana, geneva, sans-serif;font-size: 12pt\">Assist. Adm. Karina Parcianello Bordin<\/span><\/p><p><span style=\"font-family: verdana, geneva, sans-serif;font-size: 12pt\">Assist. Adm. Luciane da Veiga Cunha<\/span><\/p><p><span style=\"font-family: verdana, geneva, sans-serif;font-size: 12pt\">Aux. Adm. Luise Medina Cunha Castellanelli<\/span><\/p>\t\t\t\t\t\t<\/div>\n\t\t\t\t<\/div>\n\t\t\t\t\t<\/div>\n\t\t<\/div>\n\t\t\t\t\t<\/div>\n\t\t<\/section>\n\t\t\t\t<\/div>\n\t\t","protected":false},"excerpt":{"rendered":"<p>Pr\u00f3-Reitor de Planejamento Prof. Vin\u00edcius Jacques Garcia Pr\u00f3-Reitor Substituto Adm.\u00a0Carlo Alessandro Castellanelli Secretaria Apoio Administrativo Assist. Adm.\u00a0Cristina Izabel Moraes Bolzan Recepcionista Gerson Zimmermann Unidade de Comunica\u00e7\u00e3o Integrada (UNICOM) ChefeAdministrador Ron\u00ed Storti de Barros Equipe Rela\u00e7\u00f5es P\u00fablicas\u00a0Carla\u00a0Isa Costa Programador visual Estevan Garcia Poll Revisora de textos Fabiana Perrando Coradini Rela\u00e7\u00f5es P\u00fablicas Laura Beatriz Hartmann Programador visual [&hellip;]<\/p>\n","protected":false},"author":118,"featured_media":0,"parent":0,"menu_order":0,"comment_status":"closed","ping_status":"closed","template":"","meta":{"footnotes":""},"categories":[],"tags":[],"class_list":["post-1617","page","type-page","status-publish","hentry"],"acf":[],"_links":{"self":[{"href":"https:\/\/www.ufsm.br\/pro-reitorias\/proplan\/wp-json\/wp\/v2\/pages\/1617","targetHints":{"allow":["GET"]}}],"collection":[{"href":"https:\/\/www.ufsm.br\/pro-reitorias\/proplan\/wp-json\/wp\/v2\/pages"}],"about":[{"href":"https:\/\/www.ufsm.br\/pro-reitorias\/proplan\/wp-json\/wp\/v2\/types\/page"}],"author":[{"embeddable":true,"href":"https:\/\/www.ufsm.br\/pro-reitorias\/proplan\/wp-json\/wp\/v2\/users\/118"}],"replies":[{"embeddable":true,"href":"https:\/\/www.ufsm.br\/pro-reitorias\/proplan\/wp-json\/wp\/v2\/comments?post=1617"}],"version-history":[{"count":0,"href":"https:\/\/www.ufsm.br\/pro-reitorias\/proplan\/wp-json\/wp\/v2\/pages\/1617\/revisions"}],"wp:attachment":[{"href":"https:\/\/www.ufsm.br\/pro-reitorias\/proplan\/wp-json\/wp\/v2\/media?parent=1617"}],"wp:term":[{"taxonomy":"category","embeddable":true,"href":"https:\/\/www.ufsm.br\/pro-reitorias\/proplan\/wp-json\/wp\/v2\/categories?post=1617"},{"taxonomy":"post_tag","embeddable":true,"href":"https:\/\/www.ufsm.br\/pro-reitorias\/proplan\/wp-json\/wp\/v2\/tags?post=1617"}],"curies":[{"name":"wp","href":"https:\/\/api.w.org\/{rel}","templated":true}]}}