{"id":2827,"date":"2019-11-28T14:58:26","date_gmt":"2019-11-28T17:58:26","guid":{"rendered":"https:\/\/www.ufsm.br\/pro-reitorias\/proplan\/?page_id=2827"},"modified":"2020-05-19T07:44:32","modified_gmt":"2020-05-19T10:44:32","slug":"resolucao-n-014-2012","status":"publish","type":"page","link":"https:\/\/www.ufsm.br\/pro-reitorias\/proplan\/resolucao-n-014-2012","title":{"rendered":"Resolu\u00e7\u00e3o N. 014\/2012"},"content":{"rendered":"\t\t<div data-elementor-type=\"wp-page\" data-elementor-id=\"2827\" class=\"elementor elementor-2827\">\n\t\t\t\t\t\t<section class=\"elementor-section elementor-top-section elementor-element elementor-element-282839a elementor-section-boxed elementor-section-height-default elementor-section-height-default\" data-id=\"282839a\" data-element_type=\"section\">\n\t\t\t\t\t\t<div class=\"elementor-container elementor-column-gap-default\">\n\t\t\t\t\t<div class=\"elementor-column elementor-col-100 elementor-top-column elementor-element elementor-element-1661abb\" data-id=\"1661abb\" data-element_type=\"column\">\n\t\t\t<div class=\"elementor-widget-wrap elementor-element-populated\">\n\t\t\t\t\t\t<div class=\"elementor-element elementor-element-7d34648 elementor-widget elementor-widget-html\" data-id=\"7d34648\" data-element_type=\"widget\" data-widget_type=\"html.default\">\n\t\t\t\t<div class=\"elementor-widget-container\">\n\t\t\t\r\n\r\n\r\n<title><b>RESOLU\u00c7\u00c3O N. 014\/2012<\/b><\/title>\r\n\r\n\r\n<div align=\"center\"><img decoding=\"async\" src=\"https:\/\/www.ufsm.br\/pro-reitorias\/proplan\/wp-content\/uploads\/sites\/344\/2019\/09\/brasao-da-republica-do-brasil-logo.png\" alt=\"Bras\u00e3o Rep\u00fablica Federativa do Brasil\" width=\"6%\" height=\"6%\"><\/div>    \r\n<h1><font color=\"blue\"><font size=\"5\"><div align=\"center\">MINIST\u00c9RIO DA EDUCA\u00c7\u00c3O<\/b><\/font><\/font><\/div><\/H1>\r\n<p><b><font color=\"0000blue\"><div align=\"center\">UNIVERSIDADE FEDERAL DE SANTA MARIA<\/b><\/font><\/div><\/p>\r\n\r\n<p><div align=\"center\"><b><a href=\"https:\/\/portal.ufsm.br\/documentos\/publico\/documento.html?id=5348826\"><font color=\"blue\">RESOLU\u00c7\u00c3O N. 014\/2012<\/font><\/a><\/b><\/div><\/p>\r\n<br>\r\n<p><div align=\"right\"><font color=\"800000\">Regulamenta o Programa de Mobilidade Acad\u00eamica nacional e internacional no \u00e2mbito da UFSM.<\/font><\/div><\/p>\r\n<br><div align=\"justify\">\r\n<p>O REITOR DA UNIVERSIDADE FEDERAL DE SANTA MARIA, no uso de suas atribui\u00e7\u00f5es legais e estatut\u00e1rias e considerando:<\/p>\r\n<p>- o Projeto Pol\u00edtico-Pedag\u00f3gico da UFSM;<\/p>\r\n<p>- a <a href=\"https:\/\/www.ufsm.br\/pro-reitorias\/proplan\/resolucao-n-013-2003\/\" target=\"_blank\"><font color=\"blue\"><u>Resolu\u00e7\u00e3o n. 013\/2003<\/u><\/font><\/a>;<\/p>\r\n<p>- a <a href=\"https:\/\/www.ufsm.br\/pro-reitorias\/proplan\/resolucao-n-011-2004\/\" target=\"_blank\"><font color=\"blue\"><u>Resolu\u00e7\u00e3o n. 011\/2004<\/u><\/font><\/a>;<\/p>\r\n<p>- a participa\u00e7\u00e3o da UFSM na Associa\u00e7\u00e3o de Universidades Grupo Montevid\u00e9o;<\/p>\r\n<p>- a participa\u00e7\u00e3o da UFSM no Grupo Coimbra de Universidades Brasileiras;<\/p>\r\n<p>- o Conv\u00eanio Andifes de Mobilidade Acad\u00eamica;<\/p>\r\n<p>- o Parecer n. 073\/2012, aprovado na 802\u00aa Sess\u00e3o do Conselho de Ensino Pesquisa e Extens\u00e3o, de 18.05.2012, e o Parecer n. 088\/2012, aprovado na 737\u00aa Sess\u00e3o do Conselho Universit\u00e1rio, de 29.06.2012, referente ao Processo n. <a href=\"https:\/\/portal.ufsm.br\/documentos\/publico\/processo\/documento.html?idDocumento=5064422\" target=\"_blank\"><font color=\"blue\"><u>23081.000665\/2012-16<\/u><\/font><\/a>.<\/p>\r\n<br>\r\n<p><b><div align=\"center\">RESOLVE:<\/b><\/div><\/p>\r\n<br>\r\n<p>Art. 1\u00ba Institucionalizar o Programa de Mobilidade Acad\u00eamica nacional e internacional na UFSM, visando incentivar a participa\u00e7\u00e3o acad\u00eamica entre as Institui\u00e7\u00f5es de Ensino Superior (IES), brasileiras e estrangeiras.<\/p>\r\n<p>Art. 2\u00ba Entende-se por Mobilidade Acad\u00eamica, o deslocamento de alunos para participar de atividades de ensino e\/ou pesquisa e extens\u00e3o em outra Institui\u00e7\u00e3o de Ensino Superior (IES), nacional ou estrangeira, com vistas \u00e0 complementa\u00e7\u00e3o curricular em outras IES para uma forma\u00e7\u00e3o profissional s\u00f3lida e de qualidade.<\/p>\r\n<p>Par\u00e1grafo \u00danico. A complementa\u00e7\u00e3o curricular pode ser realizada em curso equivalente ou afim.<\/p>\r\n\r\n<p>Art. 3\u00ba Para o aluno participar do Programa \u00e9 fundamental a elabora\u00e7\u00e3o de um plano de estudos apontando atividades e disciplinas a serem desenvolvidas. O Plano, com as devidas equival\u00eancias, deve ser autorizado pela coordena\u00e7\u00e3o do curso.<\/p>\r\n<p>Par\u00e1grafo \u00fanico: Para alunos da UFSM, este plano de estudos, juntamente com o Hist\u00f3rico Escolar emitido pela Institui\u00e7\u00e3o externa, assegura o aproveitamento curricular das disciplinas e das atividades desenvolvidas.<\/p>\r\n\r\n<p>Art. 4\u00ba O Programa de Mobilidade Acad\u00eamica abrange alunos matriculados regularmente em cursos de gradua\u00e7\u00e3o das IES conveniadas.<\/p>\r\n<p>\u00a7 1\u00ba Para participar da Mobilidade Nacional, o aluno j\u00e1 dever ter integralizado pelo menos 20% da matriz curricular do seu curso, sendo tamb\u00e9m levado em considera\u00e7\u00e3o os seguintes requisitos:<\/p>\r\n<p>I - n\u00e3o deve ter mais do que duas reprova\u00e7\u00f5es acumuladas nos dois per\u00edodos letivos que antecedem ao pedido de mobilidade;<\/p>\r\n<p>II - respeitar a grade de pr\u00e9-requisitos do curso de origem e do de destino.<\/p>\r\n<p>\u00a7 2\u00ba Para participar da Mobilidade Internacional, o aluno deve estar, pelo menos, no quarto semestre ou na metade do curso.<\/p>\r\n\r\n<p>Art. 5\u00ba Durante o per\u00edodo de Mobilidade, o aluno ficar\u00e1, obrigatoriamente, subordinado \u00e0s normas institucionais da IES receptora.<\/p>\r\n<p>Art. 6\u00ba No per\u00edodo de afastamento tempor\u00e1rio, o estudante da UFSM ter\u00e1 sua vaga assegurada no respectivo curso, com matr\u00edcula codificada que o identifique como integrante do Programa de Mobilidade Acad\u00eamica.<\/p>\r\n<p>Art. 7\u00ba O aluno de outra IES ter\u00e1 v\u00ednculo tempor\u00e1rio com a UFSM durante o per\u00edodo de participa\u00e7\u00e3o no Programa, tendo direito \u00e0 matr\u00edcula, acesso ao acervo da biblioteca e ao restaurante universit\u00e1rio.<\/p>\r\n<p>Par\u00e1grafo \u00fanico. Para a retirada de material bibliogr\u00e1fico o aluno dever\u00e1 assinar Termo de Responsabilidade e Devolu\u00e7\u00e3o, podendo a UFSM bloquear documentos no caso da n\u00e3o devolu\u00e7\u00e3o de materiais.<\/p>\r\n\r\n<p>Art. 8\u00ba O aluno poder\u00e1 manter o v\u00ednculo tempor\u00e1rio com a UFSM ou estar afastado por at\u00e9 dois semestres letivos, podendo, em car\u00e1ter excepcional e a crit\u00e9rio das Institui\u00e7\u00f5es envolvidas, ser prorrogado somente por mais um semestre.<\/p>\r\n<p>Art. 9\u00ba Para participar do Programa, o aluno deve providenciar a seguinte documenta\u00e7\u00e3o:<\/p>\r\n<p>I - Hist\u00f3rico escolar atualizado;<\/p>\r\n<p>II - Comprovante de matr\u00edcula no semestre da solicita\u00e7\u00e3o, fornecido pelo setor de registro competente;<\/p>\r\n<p>III - Plano de Estudos;<\/p>\r\n<p>IV - C\u00f3pia da carteira de identidade; e<\/p>\r\n<p>V - C\u00f3pia do CPF (para brasileiros).<\/p>\r\n<p>\u00a7 1\u00ba Para Mobilidade Internacional tamb\u00e9m s\u00e3o necess\u00e1rios:<\/p>\r\n<p>I - Passaporte;<\/p>\r\n<p>II - Visto, conforme exig\u00eancia do pa\u00eds ou da Institui\u00e7\u00e3o de destino;<\/p>\r\n<p>III - Carta de aceita\u00e7\u00e3o;<\/p>\r\n<p>IV - Sufici\u00eancia ou Profici\u00eancia em L\u00edngua Estrangeira, conforme exig\u00eancia da Institui\u00e7\u00e3o de destino; e<\/p>\r\n<p>V - Seguro de Vida e Sa\u00fade.<\/p>\r\n\r\n<p>Art. 10. O envio de documenta\u00e7\u00e3o para participar do Programa deve atender o calend\u00e1rio de cada IES.<\/p>\r\n<p>\u00a7 1\u00ba O prazo para solicita\u00e7\u00e3o de mobilidade acad\u00eamica nacional, para aluno de outras IES, ser\u00e1 definido no calend\u00e1rio acad\u00eamico da UFSM.<\/p>\r\n<p>\u00a7 2\u00ba O prazo para solicita\u00e7\u00e3o de mobilidade acad\u00eamica nacional, para alunos da UFSM, ser\u00e1 definido no calend\u00e1rio acad\u00eamico da IES de interesse.<\/p>\r\n<p>\u00a7 3\u00ba Para mobilidade acad\u00eamica internacional, os interessados devem atender aos editais espec\u00edficos ou ao calend\u00e1rio da Institui\u00e7\u00e3o escolhida.<\/p>\r\n\r\n<p>Art. 11. No Programa, a mobilidade nacional ser\u00e1 coordenada pela Pr\u00f3-Reitoria de Gradua\u00e7\u00e3o e a mobilidade internacional ser\u00e1 coordenada pela Secretaria de Apoio Internacional do Gabinete do Reitor.<\/p>\r\n<p>Art. 12. O Programa n\u00e3o se aplica a pedidos de transfer\u00eancia de alunos entre as IES. Estes pedidos devem atender a normas espec\u00edficas de cada IES.<\/p>\r\n<p>Art. 13. A UFSM se exime de qualquer responsabilidade relacionada \u00e0s despesas de manuten\u00e7\u00e3o do aluno, incluindo deslocamento, alimenta\u00e7\u00e3o, moradia e atendimento m\u00e9dico e hospitalar durante o per\u00edodo de participa\u00e7\u00e3o no Programa.<\/p>\r\n<p>Par\u00e1grafo \u00fanico. Alunos de outras IES n\u00e3o podem concorrer a bolsas das cotas institucionais dos Programas de bolsa da UFSM.<\/p>\r\n\r\n<p>Art. 14. Informa\u00e7\u00f5es diversas ser\u00e3o disponibilizadas no portal do Programa cujo sitio \u00e9 http:\/\/www.ufsm.br\/mobilidade.<\/p>\r\n<p>Art. 15. Os casos omissos ser\u00e3o dirimidos pela Pr\u00f3-Reitoria de Gradua\u00e7\u00e3o e pela Secretaria de Assuntos Internacionais, em grau de recurso.<\/p>\r\n<p>Art. 16. Fica revogada a <a href=\"https:\/\/www.ufsm.br\/pro-reitorias\/proplan\/resolucao-n-013-2003\/\" target=\"_blank\"><font color=\"blue\"><u>Resolu\u00e7\u00e3o 013\/2003<\/u><\/font><\/a>.<\/p>\r\n\r\n<p>GABINETE DO REITOR DA UNIVERSIDADE FEDERAL DE SANTA MARIA, aos dois do m\u00eas de julho do ano dois mil e doze.<\/p>\r\n<\/div>\r\n<p>Felipe Martins M\u00fcller,<\/p>\r\n<p>Reitor<\/p>\r\n\r\n<p><font color=\"red0000\">Este texto n\u00e3o substitui o documento original, publicado no Portal de Documentos.<\/font> Dispon\u00edvel em: <a href=\"https:\/\/portal.ufsm.br\/documentos\/publico\/documento.html?id=5348826\"><font color=\"blue\">https:\/\/portal.ufsm.br\/documentos\/publico\/documento.html?id=5348826<\/font><\/a>\r\n\r\n\t\t<\/div>\n\t\t\t\t<\/div>\n\t\t\t\t\t<\/div>\n\t\t<\/div>\n\t\t\t\t\t<\/div>\n\t\t<\/section>\n\t\t\t\t<\/div>\n\t\t","protected":false},"excerpt":{"rendered":"<p>RESOLU\u00c7\u00c3O N. 014\/2012 MINIST\u00c9RIO DA EDUCA\u00c7\u00c3O UNIVERSIDADE FEDERAL DE SANTA MARIA RESOLU\u00c7\u00c3O N. 014\/2012 Regulamenta o Programa de Mobilidade Acad\u00eamica nacional e internacional no \u00e2mbito da UFSM. O REITOR DA UNIVERSIDADE FEDERAL DE SANTA MARIA, no uso de suas atribui\u00e7\u00f5es legais e estatut\u00e1rias e considerando: &#8211; o Projeto Pol\u00edtico-Pedag\u00f3gico da UFSM; &#8211; a Resolu\u00e7\u00e3o n. [&hellip;]<\/p>\n","protected":false},"author":205,"featured_media":0,"parent":0,"menu_order":0,"comment_status":"closed","ping_status":"closed","template":"","meta":{"footnotes":""},"categories":[],"tags":[],"class_list":["post-2827","page","type-page","status-publish","hentry"],"acf":[],"_links":{"self":[{"href":"https:\/\/www.ufsm.br\/pro-reitorias\/proplan\/wp-json\/wp\/v2\/pages\/2827","targetHints":{"allow":["GET"]}}],"collection":[{"href":"https:\/\/www.ufsm.br\/pro-reitorias\/proplan\/wp-json\/wp\/v2\/pages"}],"about":[{"href":"https:\/\/www.ufsm.br\/pro-reitorias\/proplan\/wp-json\/wp\/v2\/types\/page"}],"author":[{"embeddable":true,"href":"https:\/\/www.ufsm.br\/pro-reitorias\/proplan\/wp-json\/wp\/v2\/users\/205"}],"replies":[{"embeddable":true,"href":"https:\/\/www.ufsm.br\/pro-reitorias\/proplan\/wp-json\/wp\/v2\/comments?post=2827"}],"version-history":[{"count":0,"href":"https:\/\/www.ufsm.br\/pro-reitorias\/proplan\/wp-json\/wp\/v2\/pages\/2827\/revisions"}],"wp:attachment":[{"href":"https:\/\/www.ufsm.br\/pro-reitorias\/proplan\/wp-json\/wp\/v2\/media?parent=2827"}],"wp:term":[{"taxonomy":"category","embeddable":true,"href":"https:\/\/www.ufsm.br\/pro-reitorias\/proplan\/wp-json\/wp\/v2\/categories?post=2827"},{"taxonomy":"post_tag","embeddable":true,"href":"https:\/\/www.ufsm.br\/pro-reitorias\/proplan\/wp-json\/wp\/v2\/tags?post=2827"}],"curies":[{"name":"wp","href":"https:\/\/api.w.org\/{rel}","templated":true}]}}