{"id":2875,"date":"2019-12-04T10:56:43","date_gmt":"2019-12-04T13:56:43","guid":{"rendered":"https:\/\/www.ufsm.br\/pro-reitorias\/proplan\/?page_id=2875"},"modified":"2023-10-02T13:55:21","modified_gmt":"2023-10-02T16:55:21","slug":"resolucao-n-040-2019","status":"publish","type":"page","link":"https:\/\/www.ufsm.br\/pro-reitorias\/proplan\/resolucao-n-040-2019","title":{"rendered":"Resolu\u00e7\u00e3o N. 040\/2019"},"content":{"rendered":"\t\t<div data-elementor-type=\"wp-page\" data-elementor-id=\"2875\" class=\"elementor elementor-2875\">\n\t\t\t\t\t\t<section class=\"elementor-section elementor-top-section elementor-element elementor-element-fe1dbe4 elementor-section-boxed elementor-section-height-default elementor-section-height-default\" data-id=\"fe1dbe4\" data-element_type=\"section\">\n\t\t\t\t\t\t<div class=\"elementor-container elementor-column-gap-default\">\n\t\t\t\t\t<div class=\"elementor-column elementor-col-100 elementor-top-column elementor-element elementor-element-7b691ad\" data-id=\"7b691ad\" data-element_type=\"column\">\n\t\t\t<div class=\"elementor-widget-wrap elementor-element-populated\">\n\t\t\t\t\t\t<div class=\"elementor-element elementor-element-ff6614f elementor-widget elementor-widget-html\" data-id=\"ff6614f\" data-element_type=\"widget\" data-widget_type=\"html.default\">\n\t\t\t\t<div class=\"elementor-widget-container\">\n\t\t\t\r\n\r\n\r\n<title><b>RESOLU\u00c7\u00c3O N. 040\/2019<\/b><\/title>\r\n\r\n\r\n<div align=\"center\"><img decoding=\"async\" src=\"https:\/\/www.ufsm.br\/pro-reitorias\/proplan\/wp-content\/uploads\/sites\/344\/2019\/09\/brasao-da-republica-do-brasil-logo.png\" alt=\"Bras\u00e3o Rep\u00fablica Federativa do Brasil\" width=\"6%\" height=\"6%\"><\/div>    \r\n<h1><font color=\"blue\"><font size=\"5\"><div align=\"center\">MINIST\u00c9RIO DA EDUCA\u00c7\u00c3O<\/b><\/font><\/font><\/div><\/H1>\r\n<p><b><font color=\"0000blue\"><div align=\"center\">UNIVERSIDADE FEDERAL DE SANTA MARIA<\/b><\/font><\/div><\/p>\r\n\r\n<p><div align=\"center\"><b><a href=\"https:\/\/portal.ufsm.br\/documentos\/publico\/documento.html?id=12849868\"><font color=\"blue\">RESOLU\u00c7\u00c3O N. 040\/2019<\/font><\/a><\/b><\/div><\/p>\r\n<br>\r\n<p><div align=\"right\"><font color=\"800000\"><s>Aprova a recria\u00e7\u00e3o das Comiss\u00f5es de Bolsas dos Programas de P\u00f3s-gradua\u00e7\u00e3o Stricto Sensu vinculados \u00e0 Pr\u00f3-Reitoria de P\u00f3s-Gradua\u00e7\u00e3o e Pesquisa (PRPGP) da Universidade Federal de Santa Maria (UFSM), condi\u00e7\u00e3o necess\u00e1ria \u00e0 participa\u00e7\u00e3o da Institui\u00e7\u00e3o no Programa de Bolsas de Demanda Social da Capes, e revoga disposi\u00e7\u00f5es em contr\u00e1rio.<\/s><\/font><\/div><\/p>\r\n<br>\r\n<p><a href=\"https:\/\/www.ufsm.br\/pro-reitorias\/proplan\/resolucao-ufsm-n-139-2023\" target=\"_blank\"><font color=\"blue\">Revogada pela Resolu\u00e7\u00e3o UFSM N\u00b0 139\/2023<\/font><\/a><\/p>\r\n<p><a href=\"https:\/\/www.ufsm.br\/pro-reitorias\/proplan\/resolucao-ufsm-n-092-2022\/\"><font color=\"blue\">Alterada pela Resolu\u00e7\u00e3o N. 092\/2022<\/font><\/a><\/p>\r\n<br><div align=\"justify\">\r\n<p><s>O REITOR DA UNIVERSIDADE FEDERAL DE SANTA MARIA, no uso de suas atribui\u00e7\u00f5es legais e estatut\u00e1rias e considerando:<\/p>\r\n<p>\u2013 o Art. 56 da <a href=\"http:\/\/www.planalto.gov.br\/ccivil_03\/leis\/l9394.htm\" target=\"_blank\"><font color=\"blue\"><u>Lei N. 9.394, de 20 de dezembro de 1996<\/u><\/font><\/a>, que estabelece as diretrizes e bases da educa\u00e7\u00e3o nacional;<\/p>\r\n<p>\u2013 o <a href=\"http:\/\/www.planalto.gov.br\/ccivil_03\/_ato2015-2018\/2017\/decreto\/D9191.htm\" target=\"_blank\"><font color=\"blue\"><u>Decreto N. 9.191, de 1\u00b0 de novembro de 2017<\/u><\/font><\/a>, que estabelece as normas e as diretrizes para elabora\u00e7\u00e3o, reda\u00e7\u00e3o, altera\u00e7\u00e3o, consolida\u00e7\u00e3o e encaminhamento de propostas de atos normativos ao Presidente da Rep\u00fablica pelos Ministros de Estado;<\/p>\r\n<p>\u2013 o <a href=\"http:\/\/www.planalto.gov.br\/ccivil_03\/_ato2019-2022\/2019\/decreto\/D9759.htm\" target=\"_blank\"><font color=\"blue\"><u>Decreto N. 9.759, de 11 de abril de 2019<\/u><\/font><\/a>, que extingue e estabelece diretrizes, regras e limita\u00e7\u00f5es para colegiados da administra\u00e7\u00e3o p\u00fablica federal;<\/p>\r\n<p>- a <a href=\"https:\/\/www.capes.gov.br\/images\/stories\/download\/legislacao\/Portaria_076_RegulamentoDS.pdf\" target=\"_blank\"><font color=\"blue\"><u>Portaria N. 76, de 14 de abril de 2010<\/u><\/font><\/a>, que aprova o novo Regulamento do Programa de Demanda Social;<\/p>\r\n<p>- a <a href=\"https:\/\/www.ufsm.br\/pro-reitorias\/proplan\/resolucao-n-015-2014\/\" target=\"_blank\"><font color=\"blue\"><u>Resolu\u00e7\u00e3o N. 015\/2014<\/u><\/font><\/a>, que aprova o <a href=\"https:\/\/www.ufsm.br\/pro-reitorias\/proplan\/regimento-geral-da-pos-graduacao-stricto-sensu-e-lato-sensu-da-ufsm\/\" target=\"_blank\"><font color=\"blue\"><u>Regimento Geral da P\u00f3s-Gradua\u00e7\u00e3o Stricto Sensu e Lato Sensu da Universidade Federal de Santa Maria<\/u><\/font><\/a>;<\/p>\r\n<p>- o Parecer N. 131\/2019 da Comiss\u00e3o de Legisla\u00e7\u00e3o e Normas (CLN), aprovado na 942\u00aa Sess\u00e3o do Conselho de Ensino, Pesquisa e Extens\u00e3o, de 01 de novembro de 2019, referente ao Processo N. <a href=\"https:\/\/portal.ufsm.br\/documentos\/publico\/processo\/documento.html?idDocumento=12669008\" target=\"_blank\"><font color=\"blue\"><u>23081.048883\/2019-08<\/u><\/font><\/a>; e,<\/p>\r\n<p>- o Parecer N. 158\/2019 da Comiss\u00e3o de Legisla\u00e7\u00e3o e Regimentos (CLR), aprovado na 824\u00aa Sess\u00e3o do Conselho Universit\u00e1rio, de 29 de novembro de 2019, referente ao Processo N. <a href=\"https:\/\/portal.ufsm.br\/documentos\/publico\/processo\/documento.html?idDocumento=12669008\" target=\"_blank\"><font color=\"blue\"><u>23081.048883\/2019-08<\/u><\/font><\/a>.<\/p>\r\n<br>\r\n<p><b><div align=\"center\">RESOLVE:<\/b><\/div><\/p>\r\n<br>\r\n<p>Art. 1\u00ba Aprovar a recria\u00e7\u00e3o das Comiss\u00f5es de Bolsas dos Programas de P\u00f3s-Gradua\u00e7\u00e3o Stricto Sensu, vinculadas \u00e0 Pr\u00f3-Reitoria de P\u00f3s-Gradua\u00e7\u00e3o e Pesquisa (PRPGP), da Universidade Federal de Santa Maria (UFSM), criadas na Institui\u00e7\u00e3o originalmente pela <a href=\"https:\/\/www.ufsm.br\/pro-reitorias\/proplan\/resolucao-n-015-2014\/\" target=\"_blank\"><font color=\"blue\"><u>Resolu\u00e7\u00e3o N. 015\/2014<\/u><\/font><\/a>, que aprova o <a href=\"https:\/\/www.ufsm.br\/pro-reitorias\/proplan\/regimento-geral-da-pos-graduacao-stricto-sensu-e-lato-sensu-da-ufsm\/\" target=\"_blank\"><font color=\"blue\"><u>Regimento Geral da P\u00f3s-Gradua\u00e7\u00e3o Stricto Sensu e Lato Sensu da Universidade Federal de Santa Maria<\/u><\/font><\/a>.<\/p>\r\n<p>Art. 2\u00ba Cada Programa de P\u00f3s-Gradua\u00e7\u00e3o constituir\u00e1 uma Comiss\u00e3o de Bolsas de car\u00e1ter consultivo e deliberativo no \u00e2mbito da sua compet\u00eancia, por meio de portaria expedida por \u00f3rg\u00e3o competente, em atendimento ao previsto no <a href=\"https:\/\/www.ufsm.br\/pro-reitorias\/proplan\/regimento-geral-da-pos-graduacao-stricto-sensu-e-lato-sensu-da-ufsm\/\" target=\"_blank\"><font color=\"blue\"><u>Regimento Geral da P\u00f3s-Gradua\u00e7\u00e3o<\/u><\/font><\/a>.<\/p>\r\n<p>\u00a7 1\u00ba A crit\u00e9rio do Programa, a Comiss\u00e3o de Bolsas poder\u00e1 ser o pr\u00f3prio colegiado do Programa de P\u00f3s-Gradua\u00e7\u00e3o, devendo constar no Regulamento do Programa.<\/p>\r\n<p>\u00a7 2\u00ba Somente os Programas com cursos de n\u00edvel acad\u00eamico poder\u00e3o constituir Comiss\u00e3o de Bolsas.<\/p>\r\n<br>\r\n<p><b><div align=\"center\">T\u00cdTULO I<\/b><\/div><\/p>\r\n<p><b><div align=\"center\">DAS COMPET\u00caNCIAS<\/b><\/div><\/p>\r\n<br>\r\n<p>Art. 3\u00ba S\u00e3o compet\u00eancias das Comiss\u00f5es de Bolsas:<\/p>\r\n<p>I - propor os crit\u00e9rios de concess\u00e3o e manuten\u00e7\u00e3o de bolsas, de acordo com cada normativa\/regulamento de programa de bolsa em quest\u00e3o, a serem homologados pelo colegiado do programa de p\u00f3s-gradua\u00e7\u00e3o;<\/p>\r\n<p>II - divulgar com anteced\u00eancia, junto ao corpo docente e discente e em diferentes meios (e-mail, p\u00e1gina, etc), os crit\u00e9rios vigentes para sele\u00e7\u00e3o, concess\u00e3o e manuten\u00e7\u00e3o de bolsas;<\/p>\r\n<p>III - selecionar os candidatos \u00e0s bolsas do Programa mediante os crit\u00e9rios estabelecidos conforme inciso I e II, comunicando \u00e0 Pr\u00f3-Reitoria ou \u00e0 Unidade competente os dados individuais dos alunos selecionados para implementa\u00e7\u00e3o das mesmas, al\u00e9m de propor manuten\u00e7\u00e3o, cancelamento ou suspens\u00e3o, de acordo com os crit\u00e9rios de vigentes;<\/p>\r\n<p>IV - responsabilizar-se pelos procedimentos relativos ao cadastramento, substitui\u00e7\u00e3o, suspens\u00e3o e cancelamento dos bolsistas, de acordo com os procedimentos adotados por cada Programa de Bolsa, al\u00e9m de manter a documenta\u00e7\u00e3o comprobat\u00f3ria da habilita\u00e7\u00e3o e sele\u00e7\u00e3o dos candidatos, bem como termo de compromisso do bolsista, conforme modelo disponibilizado por cada Programa de Bolsa, pelo per\u00edodo m\u00ednimo de 5 (cinco) anos ap\u00f3s o cancelamento ou t\u00e9rmino de vig\u00eancia da bolsa, respeitando os prazos estabelecidos no Regulamento do Programa de bolsa;<\/p>\r\n<p>V - avaliar e manter um sistema de acompanhamento dos bolsistas, com informa\u00e7\u00f5es administrativas e de desempenho acad\u00eamico individuais, estando apta a fornecer a qualquer momento diagn\u00f3stico do est\u00e1gio do desenvolvimento do trabalho dos bolsistas em rela\u00e7\u00e3o \u00e0 dura\u00e7\u00e3o das bolsas, para verifica\u00e7\u00e3o pela IES ou pelas ag\u00eancias de fomento;<\/p>\r\n<p>VI - registrar e avaliar o est\u00e1gio de doc\u00eancia para fins de cr\u00e9dito do p\u00f3s-graduando, bem como a defini\u00e7\u00e3o quanto \u00e0 supervis\u00e3o e o acompanhamento do est\u00e1gio; VII - analisar as solicita\u00e7\u00f5es de afastamento de bolsista para realizar est\u00e1gio em institui\u00e7\u00e3o nacional ou coletar dados necess\u00e1rios \u00e0 elabora\u00e7\u00e3o de sua disserta\u00e7\u00e3o ou tese, al\u00e9m de solicita\u00e7\u00f5es de regime de exerc\u00edcios domiciliares e licen\u00e7a-maternidade;<\/p>\r\n<p>VIII - comunicar imediatamente \u00e0 PRPGP ou \u00e0 Unidade competente sobre qualquer altera\u00e7\u00e3o da situa\u00e7\u00e3o relacionada ao v\u00ednculo empregat\u00edcio dos discentes bolsistas ou que figurarem na rela\u00e7\u00e3o de discentes candidatos a receber bolsa de estudos;<\/p>\r\n<p>IX - manter em meio digital, por no m\u00ednimo 5 (cinco) anos, os Relat\u00f3rios de Atividades dos bolsistas aprovados pelo Programa de P\u00f3s-Gradua\u00e7\u00e3o, referentes ao per\u00edodo de vig\u00eancia da bolsa; <\/p>\r\n<p>X - apurar eventuais infra\u00e7\u00f5es ocorridas e proceder junto ao discente bolsista ou ex-bolsista, nos casos de irregularidades constatadas de acordo com a normativa\/regulamento de cada Programa de Bolsa, \u00e0 restitui\u00e7\u00e3o integral e imediata dos recursos aplicados sem a observ\u00e2ncia das normativas de cada Programa de Bolsa, com cobran\u00e7a regressiva, quando couber, sendo resguardado amplo direito de defesa por parte do discente;<\/p>\r\n<p>XI - elaborar pareceres conclusivos quando solicitado pela PRPGP ou pela respectiva ag\u00eancia de fomento; e,<\/p>\r\n<p>XII - observar as normas dos Programas de Bolsas e zelar pelo seu cumprimento.<\/p>\r\n<br> \r\n<p><b><div align=\"center\">T\u00cdTULO II<\/b><\/div><\/p>\r\n<p><b><div align=\"center\">DA COMPOSI\u00c7\u00c3O E AUTORIDADE<\/b><\/div><\/p>\r\n<br> \r\n<p>Art. 4\u00ba O Colegiado de cada Programa de P\u00f3s-Gradua\u00e7\u00e3o constituir\u00e1 a Comiss\u00e3o de Bolsa com, no m\u00ednimo, 4 (quatro) membros, e no m\u00e1ximo 7 (sete) membros, composta pelo Coordenador do Programa, por, pelo menos, 2 (dois) representantes do corpo docente e por, pelo menos, 1 (um) representante do corpo discente, sendo este \u00faltimo escolhido por seus pares, respeitando os seguintes requisitos: <\/p>\r\n<p>I \u2013 o(s) representante(s) docente(s) dever\u00e1 (\u00e3o) fazer parte do quadro permanente de professores do programa; e<\/p>\r\n<p>II \u2013 o(s) representante(s) discente(s) dever\u00e1 (\u00e3o) estar matriculado(s) no programa h\u00e1, pelo menos, um ano, como discente regular.<\/p>\r\n<p>\u00a7 1\u00ba Cabe ao Coordenador do Programa a Presid\u00eancia da Comiss\u00e3o de Bolsas e, com a aprova\u00e7\u00e3o do Colegiado, a Comiss\u00e3o poder\u00e1 eleger outro membro \u00e0 Presid\u00eancia.<\/p>\r\n<p>\u00a7 2\u00ba A composi\u00e7\u00e3o dever\u00e1 respeitar o m\u00ednimo de 70% de membros docentes.<\/p>\r\n<p><s>Art. 5\u00ba Os representantes das Comiss\u00f5es de Bolsas ser\u00e3o nomeados por Portaria emitida pelo(a) Diretor(a) da respectiva Unidade de Ensino.<\/s><a href=\"https:\/\/www.ufsm.br\/pro-reitorias\/proplan\/resolucao-ufsm-n-092-2022\/\"><font color=\"blue\"> Reda\u00e7\u00e3o alterada pela Resolu\u00e7\u00e3o N. 092\/2022<\/font><\/a><\/p>\r\n<p><s>Par\u00e1grafo \u00fanico. O Programa de P\u00f3s-Gradua\u00e7\u00e3o deve manter em sua p\u00e1gina web os nomes dos integrantes atuais da Comiss\u00e3o de Bolsas.<\/s><\/p>\r\n<p>Art. 5\u00ba Os representantes das Comiss\u00f5es de Bolsas ser\u00e3o nomeados por Portaria emitida pelo(a) Diretor(a) da respectiva Unidade de Ensino.<a href=\"https:\/\/www.ufsm.br\/pro-reitorias\/proplan\/resolucao-ufsm-n-092-2022\/\"><font color=\"blue\"> Reda\u00e7\u00e3o dada pela Resolu\u00e7\u00e3o N. 092\/2022<\/font><\/a><\/p>\r\n<p>\u00a7 1\u00ba Caso algum integrante da Comiss\u00e3o de Bolsas possua parentes afins at\u00e9 o 3\u00ba (terceiro) grau com o acad\u00eamico contemplado com bolsa, este integrante deve declarar impedimento e solicitar o desligamento da Comiss\u00e3o de Bolsas.\r\n<p>\u00a7 2\u00ba A previs\u00e3o do par\u00e1grafo anterior n\u00e3o afasta o dever de declara\u00e7\u00e3o de suspei\u00e7\u00e3o ou impedimento de atua\u00e7\u00e3o dos representantes em decorr\u00eancias das demais situa\u00e7\u00f5es previstas na legisla\u00e7\u00e3o superior e lei que disp\u00f5e sobre o conflito de ingressos.\r\n<p>\u00a7 3\u00ba O Programa de P\u00f3s-Gradua\u00e7\u00e3o deve manter em sua p\u00e1gina <b>web<\/b> os nomes dos integrantes atuais da Comiss\u00e3o de Bolsas.\r\n<br> \r\n<p><b><div align=\"center\">T\u00cdTULO III<\/b><\/div><\/p>\r\n<p><b><div align=\"center\">DO QU\u00d3RUM DE REUNI\u00c3O E DE VOTA\u00c7\u00c3O<\/b><\/div><\/p>\r\n<br>\r\n<p>Art. 6\u00ba O qu\u00f3rum m\u00ednimo de reuni\u00e3o \u00e9 de 3 (tr\u00eas) membros e a vota\u00e7\u00e3o das Comiss\u00f5es de Bolsas ser\u00e1 de maioria simples.<\/p>\r\n<p>Par\u00e1grafo \u00fanico. Salvo normativa e\/ou regulamento de bolsa em contr\u00e1rio, a composi\u00e7\u00e3o m\u00ednima de cada reuni\u00e3o dever\u00e1 ser de 70% de membros docentes.<\/p>\r\n<p>Art. 7\u00ba As delibera\u00e7\u00f5es das Comiss\u00f5es de Bolsas ser\u00e3o registradas em ata, assinada pelos membros presentes.<\/p>\r\n<p>Par\u00e1grafo \u00fanico.  Das decis\u00f5es da Comiss\u00e3o de Bolsas caber\u00e1 recurso em primeira inst\u00e2ncia ao Colegiado do Programa e, em \u00faltima inst\u00e2ncia ao CEPE.<\/p>\r\n<br>\r\n<p><b><div align=\"center\">T\u00cdTULO IV<\/b><\/div><\/p>\r\n<p><b><div align=\"center\">DA PERIODICIDADE DAS REUNI\u00d5ES<\/b><\/div><\/p>\r\n<br>\r\n<p>Art. 8\u00ba A Comiss\u00e3o de Bolsas reunir-se-\u00e1 ordinariamente 2 (duas) vezes ao ano e, extraordinariamente, sempre que convocado pelo Presidente da Comiss\u00e3o, sendo que ao final de cada semestre letivo a Comiss\u00e3o de Bolsas encaminhar\u00e1 relat\u00f3rio de suas decis\u00f5es para aprecia\u00e7\u00e3o pelo Colegiado do Programa.<\/p>\r\n<p>\u00a7 1\u00ba as reuni\u00f5es deste \u00f3rg\u00e3o colegiado, cujos membros possu\u00edrem domic\u00edlio e\/ou resid\u00eancia legal ou estiverem em local diverso da realiza\u00e7\u00e3o da atividade ser\u00e3o realizadas por videoconfer\u00eancia.<\/p>\r\n<p>\u00a7 2\u00ba Na hip\u00f3tese de ser demonstrada, de modo fundamentado, a inviabilidade ou a inconveni\u00eancia de se realizar a reuni\u00e3o por videoconfer\u00eancia, ser\u00e3o estimados os gastos com di\u00e1rias e passagens dos membros deste colegiado, assim como, a comprova\u00e7\u00e3o da disponibilidade or\u00e7ament\u00e1ria e financeira para o exerc\u00edcio em curso.<\/p>\r\n<p>\u00a7 3\u00ba A participa\u00e7\u00e3o no colegiado ou nas reuni\u00f5es n\u00e3o poder\u00e1 gerar preju\u00edzo \u00e0s demais atividades p\u00fablicas desempenhadas pelo servidor part\u00edcipe.<\/p>\r\n<br>\r\n<p><b><div align=\"center\">T\u00cdTULO V<\/b><\/div><\/p>\r\n<p><b><div align=\"center\">DO \u00d3RG\u00c3O DE APOIO ADMINISTRATIVO<\/b><\/div><\/p>\r\n<br>\r\n<p>Art. 9\u00ba Para o cumprimento dos dispositivos descritos nesta resolu\u00e7\u00e3o, as Comiss\u00f5es de Bolsas contar\u00e3o com o apoio t\u00e9cnico-administrativo dos servidores vinculados \u00e0s secretarias dos cursos de P\u00f3s-Gradua\u00e7\u00e3o.<\/p>\r\n<br>\r\n<p><b><div align=\"center\">T\u00cdTULO VI<\/b><\/div><\/p>\r\n<p><b><div align=\"center\">DO REGIMENTO INTERNO<\/b><\/div><\/p>\r\n<br>\r\n<p>Art. 10 As atribui\u00e7\u00f5es, crit\u00e9rios de sele\u00e7\u00e3o e manuten\u00e7\u00e3o das bolsas, a composi\u00e7\u00e3o, qu\u00f3rum e periodicidade das reuni\u00f5es das Comiss\u00f5es devem ser definidas, observando as normativas espec\u00edficas de cada Programa de bolsa, nos Regulamentos de cada Programa\/Curso de P\u00f3s-Gradua\u00e7\u00e3o ou em Regulamento Espec\u00edfico da Comiss\u00e3o.<\/p>\r\n<p>Par\u00e1grafo \u00fanico.  Em atendimento a demandas espec\u00edficas de cada Programa de bolsa, a Comiss\u00e3o de Bolsas poder\u00e1 realizar suas atividades de acordo com o constante nas normativas e regulamentos da respectiva bolsa.<\/p>\r\n<br>\r\n<p><b><div align=\"center\">T\u00cdTULO VII<\/b><\/div><\/p>\r\n<p><b><div align=\"center\">DO MEMBROS N\u00c3O NATOS<\/b><\/div><\/p>\r\n<br>\r\n<p>Art. 11 Nas reuni\u00f5es das Comiss\u00f5es de Bolsas poder\u00e3o comparecer quando convidados pelos respectivos presidentes, servidores e\/ou discentes, a fim de prestarem esclarecimentos sobre assuntos que lhes forem pertinentes.<\/p>\r\n<p>Par\u00e1grafo \u00fanico. As reuni\u00f5es deste \u00f3rg\u00e3o colegiado, cujos membros n\u00e3o natos possu\u00edrem domic\u00edlio e\/ou resid\u00eancia legal ou estiverem em local diverso da realiza\u00e7\u00e3o da atividade ser\u00e3o realizadas por videoconfer\u00eancia.<\/p>\r\n<br>\r\n<p><b><div align=\"center\">T\u00cdTULO VIII<\/b><\/div><\/p>\r\n<p><b><div align=\"center\">DOS RELAT\u00d3RIOS PERI\u00d3DICOS E DO RELAT\u00d3RIO FINAL<\/b><\/div><\/p>\r\n<br>\r\n<p>Art. 12 Ao final de cada semestre letivo as Comiss\u00f5es de Bolsas encaminhar\u00e3o relat\u00f3rios de suas decis\u00f5es para aprecia\u00e7\u00e3o pelos Colegiados dos Programas.<\/p>\r\n<br>\r\n<p><b><div align=\"center\">CAP\u00cdTULO VII<\/b><\/div><\/p>\r\n<p><b><div align=\"center\">DAS DISPOSI\u00c7\u00d5ES GERAIS E TRANSIT\u00d3RIAS<\/b><\/div><\/p>\r\n<br>\r\n<p>Art. 13 \u00c9 vedada a divulga\u00e7\u00e3o de discuss\u00f5es em curso sem a pr\u00e9via anu\u00eancia do titular da Pr\u00f3-Reitoria de P\u00f3s-Gradua\u00e7\u00e3o e Pesquisa (PRPGP), unidade ao qual este \u00f3rg\u00e3o colegiado est\u00e1 vinculado.<\/p>\r\n<p>Art. 14 A participa\u00e7\u00e3o dos membros da Comiss\u00e3o de Bolsas ser\u00e1 considerada presta\u00e7\u00e3o de servi\u00e7o p\u00fablico relevante, e n\u00e3o ser\u00e1 remunerada.<\/p>\r\n<p>Art. 15 \u00c9 vedada a possibilidade de cria\u00e7\u00e3o de subcolegiados por ato deste colegiado, exceto se na presente Resolu\u00e7\u00e3o houver:<\/p>\r\n<p>I - limitado o n\u00famero m\u00e1ximo de seus membros;<\/p>\r\n<p>II - estabelecido car\u00e1ter tempor\u00e1rio e dura\u00e7\u00e3o n\u00e3o superior a um ano; e,<\/p>\r\n<p>III - fixado o n\u00famero m\u00e1ximo de subcolegiados que poder\u00e3o operar simultaneamente.<\/p>\r\n<p>Par\u00e1grafo \u00fanico.  A mera necessidade de reuni\u00f5es eventuais para debate, articula\u00e7\u00e3o ou trabalho que envolva agentes p\u00fablicos da administra\u00e7\u00e3o p\u00fablica federal n\u00e3o ser\u00e1 admitida como fundamento para as propostas de que trata o caput.<\/p>\r\n\r\n<p>Art. 16 As Comiss\u00f5es de Bolsas n\u00e3o t\u00eam responsabilidade sobre cotas de bolsas disponibilizadas a Docentes do Programa de P\u00f3s-Gradua\u00e7\u00e3o oriundas de projetos submetidos a Ag\u00eancias de Fomento, atrav\u00e9s de Editais Espec\u00edficos e\/ou bolsas de projetos ligados a empresas.<\/p>\r\n<p>Par\u00e1grafo \u00fanico.  Constatada a necessidade pelo Colegiado do Programa, a Comiss\u00e3o de Bolsas pode ser consultada a pedido do Coordenador do Projeto. <\/p>\r\n\r\n<p>Art. 17 Os casos omissos ser\u00e3o resolvidos por delibera\u00e7\u00e3o dos Colegiados Acad\u00eamicos dos Programas\/Cursos de P\u00f3s-Gradua\u00e7\u00e3o, em conformidade com o Regulamento da respectiva Bolsa e com o <a href=\"https:\/\/www.ufsm.br\/pro-reitorias\/proplan\/regimento-geral-da-pos-graduacao-stricto-sensu-e-lato-sensu-da-ufsm\/\" target=\"_blank\"><font color=\"blue\"><u>Regimento Geral de P\u00f3s-Gradua\u00e7\u00e3o da UFSM<\/u><\/font><\/a>.<\/p>\r\n<p>Art. 18 Esta Resolu\u00e7\u00e3o entra em vigor na data de sua assinatura, revogadas as disposi\u00e7\u00f5es em contr\u00e1rio, em especial os Art. 19, 20 e 21 da <a href=\"https:\/\/www.ufsm.br\/pro-reitorias\/proplan\/resolucao-n-015-2014\/\" target=\"_blank\"><font color=\"blue\"><u>Resolu\u00e7\u00e3o N. 015\/2014<\/u><\/font><\/a>.<\/p>\r\n\r\n<p>GABINETE DO REITOR DA UNIVERSIDADE FEDERAL DE SANTA MARIA, aos 02 dias do m\u00eas de dezembro do ano 2019.<\/p>\r\n<\/div>\r\n<p>Luciano Schuch,<\/p>\r\n<p>Vice-Reitor no exerc\u00edcio da Reitoria.<\/s><p \/>\r\n\r\n<p><font color=\"red0000\">Este texto n\u00e3o substitui o documento original, publicado no Portal de Documentos.<\/font> Dispon\u00edvel em: <a href=\"https:\/\/portal.ufsm.br\/documentos\/publico\/documento.html?id=12849868\"><font color=\"blue\">https:\/\/portal.ufsm.br\/documentos\/publico\/documento.html?id=12849868<\/font><\/a>\r\n\r\n\t\t<\/div>\n\t\t\t\t<\/div>\n\t\t\t\t\t<\/div>\n\t\t<\/div>\n\t\t\t\t\t<\/div>\n\t\t<\/section>\n\t\t\t\t<\/div>\n\t\t","protected":false},"excerpt":{"rendered":"<p>RESOLU\u00c7\u00c3O N. 040\/2019 MINIST\u00c9RIO DA EDUCA\u00c7\u00c3O UNIVERSIDADE FEDERAL DE SANTA MARIA RESOLU\u00c7\u00c3O N. 040\/2019 Aprova a recria\u00e7\u00e3o das Comiss\u00f5es de Bolsas dos Programas de P\u00f3s-gradua\u00e7\u00e3o Stricto Sensu vinculados \u00e0 Pr\u00f3-Reitoria de P\u00f3s-Gradua\u00e7\u00e3o e Pesquisa (PRPGP) da Universidade Federal de Santa Maria (UFSM), condi\u00e7\u00e3o necess\u00e1ria \u00e0 participa\u00e7\u00e3o da Institui\u00e7\u00e3o no Programa de Bolsas de Demanda Social [&hellip;]<\/p>\n","protected":false},"author":205,"featured_media":0,"parent":0,"menu_order":0,"comment_status":"closed","ping_status":"closed","template":"","meta":{"footnotes":""},"categories":[],"tags":[],"class_list":["post-2875","page","type-page","status-publish","hentry"],"acf":[],"_links":{"self":[{"href":"https:\/\/www.ufsm.br\/pro-reitorias\/proplan\/wp-json\/wp\/v2\/pages\/2875","targetHints":{"allow":["GET"]}}],"collection":[{"href":"https:\/\/www.ufsm.br\/pro-reitorias\/proplan\/wp-json\/wp\/v2\/pages"}],"about":[{"href":"https:\/\/www.ufsm.br\/pro-reitorias\/proplan\/wp-json\/wp\/v2\/types\/page"}],"author":[{"embeddable":true,"href":"https:\/\/www.ufsm.br\/pro-reitorias\/proplan\/wp-json\/wp\/v2\/users\/205"}],"replies":[{"embeddable":true,"href":"https:\/\/www.ufsm.br\/pro-reitorias\/proplan\/wp-json\/wp\/v2\/comments?post=2875"}],"version-history":[{"count":0,"href":"https:\/\/www.ufsm.br\/pro-reitorias\/proplan\/wp-json\/wp\/v2\/pages\/2875\/revisions"}],"wp:attachment":[{"href":"https:\/\/www.ufsm.br\/pro-reitorias\/proplan\/wp-json\/wp\/v2\/media?parent=2875"}],"wp:term":[{"taxonomy":"category","embeddable":true,"href":"https:\/\/www.ufsm.br\/pro-reitorias\/proplan\/wp-json\/wp\/v2\/categories?post=2875"},{"taxonomy":"post_tag","embeddable":true,"href":"https:\/\/www.ufsm.br\/pro-reitorias\/proplan\/wp-json\/wp\/v2\/tags?post=2875"}],"curies":[{"name":"wp","href":"https:\/\/api.w.org\/{rel}","templated":true}]}}