{"id":5182,"date":"2022-12-07T15:29:48","date_gmt":"2022-12-07T18:29:48","guid":{"rendered":"https:\/\/www.ufsm.br\/pro-reitorias\/proplan\/?page_id=5182"},"modified":"2026-01-09T12:12:30","modified_gmt":"2026-01-09T15:12:30","slug":"resolucao-ufsm-n-111-2022","status":"publish","type":"page","link":"https:\/\/www.ufsm.br\/pro-reitorias\/proplan\/resolucao-ufsm-n-111-2022","title":{"rendered":"RESOLU\u00c7\u00c3O UFSM N\u00b0 111\/2022"},"content":{"rendered":"\t\t<div data-elementor-type=\"wp-page\" data-elementor-id=\"5182\" class=\"elementor elementor-5182\">\n\t\t\t\t\t\t<section class=\"elementor-section elementor-top-section elementor-element elementor-element-b65b068 elementor-section-boxed elementor-section-height-default elementor-section-height-default\" data-id=\"b65b068\" data-element_type=\"section\">\n\t\t\t\t\t\t<div class=\"elementor-container elementor-column-gap-default\">\n\t\t\t\t\t<div class=\"elementor-column elementor-col-100 elementor-top-column elementor-element elementor-element-81d2289\" data-id=\"81d2289\" data-element_type=\"column\">\n\t\t\t<div class=\"elementor-widget-wrap elementor-element-populated\">\n\t\t\t\t\t\t<div class=\"elementor-element elementor-element-8f140b7 elementor-widget elementor-widget-html\" data-id=\"8f140b7\" data-element_type=\"widget\" data-widget_type=\"html.default\">\n\t\t\t\t<div class=\"elementor-widget-container\">\n\t\t\t\r\n\r\n\r\n<title><b>RESOLU\u00c7\u00c3O UFSM N. 111, DE 05 DE DEZEMBRO DE 2022<\/b><\/title>\r\n\r\n\r\n<div align=\"center\"><img decoding=\"async\" src=\"https:\/\/www.ufsm.br\/pro-reitorias\/proplan\/wp-content\/uploads\/sites\/344\/2019\/09\/brasao-da-republica-do-brasil-logo.png\" alt=\"Bras\u00e3o Rep\u00fablica Federativa do Brasil\" width=\"6%\" height=\"6%\"><\/div>  <h1><font color=\"blue\"><font size=\"5\"><div align=\"center\">MINIST\u00c9RIO DA EDUCA\u00c7\u00c3O<\/div><\/font><\/font><\/H1>\r\n<b><font color=\"0000blue\"><div align=\"center\">UNIVERSIDADE FEDERAL DE SANTA MARIA<\/div><\/font><\/b>\r\n<p><div align=\"center\"><b><a href=\"https:\/\/portal.ufsm.br\/documentos\/publico\/documento.html?id=14484183\" target=\"_blank\"><font color=\"blue\">RESOLU\u00c7\u00c3O UFSM N\u00b0 111, DE 05 DE DEZEMBRO DE 2022<\/font><\/a><\/b><\/div>\r\n<br>\r\n<p><div align=\"justify\"><font color=\"800000\"><ul><ul><ul><ul><ul><ul><ul><ul><ul><ul><ul><ul><ul><ul><ul><ul>Estabelece a estrutura organizacional da Pr\u00f3-Reitoria de Inova\u00e7\u00e3o e Empreendedorismo (PROINOVA) da Universidade Federal de Santa Maria (UFSM), suas compet\u00eancias e atribui\u00e7\u00f5es, extingue a Ag\u00eancia de Inova\u00e7\u00e3o e Transfer\u00eancia de Tecnologia (AGITTEC) e d\u00e1 outras provid\u00eancias.<\/font><\/div><\/ul>\r\n<br>\r\n<div align=\"justify\"><font color=\"black\">\r\n<p>O REITOR DA UNIVERSIDADE FEDERAL DE SANTA MARIA, no uso de suas atribui\u00e7\u00f5es legais e estatut\u00e1rias e considerando:<\/p>\r\n<p>- a <a href=\"http:\/\/www.planalto.gov.br\/ccivil_03\/constituicao\/constituicao.htm\" target=\"_blank\"><font color=\"blue\"><u>Constitui\u00e7\u00e3o da Rep\u00fablica Federativa do Brasil de 1988, de 05 de outubro de 1988<\/u><\/font><\/a>; \r\n<p>- a <a href=\"http:\/\/www.planalto.gov.br\/ccivil_03\/constituicao\/emendas\/emc\/emc85.htm\" target=\"_blank\"><font color=\"blue\"><u>Emenda Constitucional n\u00ba 85, de 26 de fevereiro de 2015<\/u><\/font><\/a>, que Altera e adiciona dispositivos na <a href=\"http:\/\/www.planalto.gov.br\/ccivil_03\/constituicao\/constituicao.htm\" target=\"_blank\"><font color=\"blue\"><u>Constitui\u00e7\u00e3o Federal<\/u><\/font><\/a> para atualizar o tratamento das atividades de ci\u00eancia, tecnologia e inova\u00e7\u00e3o;\r\n<p>- a <a href=\"http:\/\/www.planalto.gov.br\/ccivil_03\/leis\/l8112cons.htm\" target=\"_blank\"><font color=\"blue\"><u>Lei N. 8.112, de 11 de dezembro de 1990<\/u><\/font><\/a>, que disp\u00f5e sobre o regime jur\u00eddico dos servidores p\u00fablicos civis da Uni\u00e3o, das autarquias e das funda\u00e7\u00f5es p\u00fablicas federais;\r\n<p>- a <a href=\"https:\/\/www.planalto.gov.br\/ccivil_03\/leis\/l9279.htm\" target=\"_blank\"><font color=\"blue\"><u>Lei N. 9.279, de 14 de maio de 1996<\/u><\/font><\/a>, que regula direitos e obriga\u00e7\u00f5es relativos \u00e0 propriedade industrial;\r\n<p>- a <a href=\"https:\/\/www.planalto.gov.br\/ccivil_03\/leis\/l9394.htm\" target=\"_blank\"><font color=\"blue\"><u>Lei N. 9.394, de 20 de dezembro de 1996<\/u><\/font><\/a>, que estabelece as diretrizes e bases da educa\u00e7\u00e3o nacional e suas altera\u00e7\u00f5es; \r\n<p>- a <a href=\"http:\/\/www.planalto.gov.br\/ccivil_03\/leis\/lcp\/lcp95.htm\" target=\"_blank\"><font color=\"blue\"><u>Lei Complementar N. 95, de 26 de fevereiro de 1998<\/u><\/font><\/a>, que disp\u00f5e sobre a elabora\u00e7\u00e3o, a reda\u00e7\u00e3o, a altera\u00e7\u00e3o e a consolida\u00e7\u00e3o das leis, conforme determina o Par\u00e1grafo \u00danico do Art. 59 da Constitui\u00e7\u00e3o Federal, e estabelece normas para a consolida\u00e7\u00e3o dos atos normativos que menciona;\r\n<p>- a <a href=\"https:\/\/www.planalto.gov.br\/ccivil_03\/_ato2004-2006\/2004\/lei\/l10.973.htm\" target=\"_blank\"><font color=\"blue\"><u>Lei N. 10.973, de 2 de dezembro de 2004<\/u><\/font><\/a>, que disp\u00f5e sobre incentivos \u00e0 inova\u00e7\u00e3o e \u00e0 pesquisa cient\u00edfica e tecnol\u00f3gica no ambiente produtivo e d\u00e1 outras provid\u00eancias, e altera\u00e7\u00f5es subsequentes;\r\n<p>- a <a href=\"http:\/\/www.planalto.gov.br\/ccivil_03\/_ato2015-2018\/2016\/lei\/l13243.htm\" target=\"_blank\"><font color=\"blue\"><u>Lei N. 13.243, de 11 de janeiro de 2016<\/u><\/font><\/a>, que disp\u00f5e sobre est\u00edmulos ao desenvolvimento cient\u00edfico, \u00e0 pesquisa, \u00e0 capacita\u00e7\u00e3o cient\u00edfica e tecnol\u00f3gica e \u00e0 inova\u00e7\u00e3o e d\u00e1 outras provid\u00eancias, e altera\u00e7\u00f5es subsequentes;\r\n<p>- a <a href=\"http:\/\/www.planalto.gov.br\/ccivil_03\/_ato2019-2022\/2019\/lei\/l13800.htm\" target=\"_blank\"><font color=\"blue\"><u>Lei N. 13.800, de 04 de janeiro de 2019<\/u><\/font><\/a>, que autoriza a administra\u00e7\u00e3o p\u00fablica a firmar instrumentos de parceria e termos de execu\u00e7\u00e3o de programas, projetos e demais finalidades de interesse p\u00fablico com organiza\u00e7\u00f5es gestoras de fundos patrimoniais;\r\n<p>- a <a href=\"http:\/\/www.planalto.gov.br\/ccivil_03\/leis\/lcp\/Lcp182.htm\" target=\"_blank\"><font color=\"blue\"><u>Lei Complementar N. 182, de 1\u00ba de junho de 2021<\/u><\/font><\/a>, que institui o marco legal das startups e do empreendedorismo inovador e d\u00e1 outras provid\u00eancias, e altera\u00e7\u00f5es subsequentes;\r\n<p>- o <a href=\"https:\/\/www.planalto.gov.br\/ccivil_03\/_ato2015-2018\/2018\/decreto\/d9283.htm\" target=\"_blank\"><font color=\"blue\"><u>Decreto N. 9.283, de 7 fevereiro de 2018<\/u><\/font><\/a>, que regulamenta a <a href=\"https:\/\/www.planalto.gov.br\/ccivil_03\/_ato2004-2006\/2004\/lei\/l10.973.htm\" target=\"_blank\"><font color=\"blue\"><u>Lei N. 10.973, de 2 de dezembro de 2004<\/u><\/font><\/a>, a <a href=\"http:\/\/www.planalto.gov.br\/ccivil_03\/_ato2015-2018\/2016\/lei\/l13243.htm\" target=\"_blank\"><font color=\"blue\"><u>Lei N.13.243, de 11 de janeiro de 2016<\/u><\/font><\/a>, o art. 24, \u00a7 3\u00ba, e o art. 32, \u00a7 7\u00ba, da \r\n<a href=\"https:\/\/www.planalto.gov.br\/ccivil_03\/leis\/l8666cons.htm\" target=\"_blank\"><font color=\"blue\"><u>Lei N. 8.666, de 21 de junho de 1993<\/u><\/font><\/a>, o art. 1\u00ba da \r\n<a href=\"https:\/\/www2.camara.leg.br\/legin\/fed\/lei\/1990\/lei-8010-29-marco-1990-365089-norma-pl.html\" target=\"_blank\"><font color=\"blue\"><u>Lei N. 8.010, de 29 de mar\u00e7o de 1990<\/u><\/font><\/a>, e o art. 2\u00ba, caput, inciso I, al\u00ednea \"g\", da \r\n<a href=\"https:\/\/www.planalto.gov.br\/ccivil_03\/leis\/l8032.htm\" target=\"_blank\"><font color=\"blue\"><u>Lei N.8.032, de 12 de abril de 1990<\/u><\/font><\/a>, e altera o \r\n<a href=\"http:\/\/www.planalto.gov.br\/ccivil_03\/_ato2007-2010\/2009\/decreto\/d6759.htm\" target=\"_blank\"><font color=\"blue\"><u>Decreto N. 6.759, de 5 de fevereiro de 2009<\/u><\/font><\/a>, para estabelecer medidas de incentivo \u00e0 inova\u00e7\u00e3o e \u00e0 pesquisa cient\u00edfica e tecnol\u00f3gica no ambiente produtivo, com vistas \u00e0 capacita\u00e7\u00e3o tecnol\u00f3gica, ao alcance da autonomia tecnol\u00f3gica e ao desenvolvimento do sistema produtivo nacional e regional;\r\n<p>- o <a href=\"https:\/\/www.planalto.gov.br\/ccivil_03\/_ato2015-2018\/2017\/decreto\/D9191.htm\" target=\"_blank\"><font color=\"blue\"><u>Decreto N. 9.191, de 1\u00b0 de novembro de 2017<\/u><\/font><\/a>, que estabelece as normas e as diretrizes para elabora\u00e7\u00e3o, reda\u00e7\u00e3o, altera\u00e7\u00e3o, consolida\u00e7\u00e3o e encaminhamento de propostas de atos normativos ao Presidente da Rep\u00fablica pelos Ministros de Estado;\r\n<p>- o <a href=\"http:\/\/www.planalto.gov.br\/ccivil_03\/_ato2019-2022\/2019\/decreto\/D10139.htm\" target=\"_blank\"><font color=\"blue\"><u>Decreto N. 10.139, de 28 de novembro de 2019<\/u><\/font><\/a>, que disp\u00f5e sobre a revis\u00e3o e a consolida\u00e7\u00e3o de atos normativos inferiores a decreto;\r\n<p>- o <a href=\"http:\/\/www.planalto.gov.br\/ccivil_03\/_ato2019-2022\/2020\/decreto\/D10534.htm\" target=\"_blank\"><font color=\"blue\"><u>Decreto N. 10.534, de 28 de outubro de 2020<\/u><\/font><\/a>, que institui a Pol\u00edtica Nacional de Inova\u00e7\u00e3o e disp\u00f5e sobre a sua governan\u00e7a;\r\n<p>- o <a href=\"https:\/\/www.planalto.gov.br\/ccivil_03\/_ato2019-2022\/2021\/decreto\/D10886.htm\" target=\"_blank\"><font color=\"blue\"><u>Decreto N. 10.886, de 07 de dezembro de 2021<\/u><\/font><\/a>, que institui a Estrat\u00e9gia Nacional de Propriedade Intelectual - ENPI para o per\u00edodo de 2021 a 2030;\r\n<p>- a <a href=\"\/\/www.al.rs.gov.br\/filerepository\/replegis\/arquivos\/13.196.pdf\" target=\"_blank\"><font color=\"blue\"><u>Lei Estadual do Rio Grande do Sul N. 13.196, de 13 de julho de 2009<\/u><\/font><\/a>, que estabelece medidas de incentivo \u00e0 inova\u00e7\u00e3o e \u00e0 pesquisa cient\u00edfica e tecnol\u00f3gica, define mecanismos de gest\u00e3o aplic\u00e1veis \u00e0s institui\u00e7\u00f5es cient\u00edficas e tecnol\u00f3gicas do Estado do Rio Grande do Sul e d\u00e1 outras provid\u00eancias;\r\n<p>- o <a href=\"\/\/www.inova.rs.gov.br\/upload\/arquivos\/202203\/31100446-decreto-49-354-2012.pdf\" target=\"_blank\"><font color=\"blue\"><u>Decreto Estadual do Rio Grande do Sul N\u00ba 49.354, de 10 de julho de 2012<\/u><\/font><\/a>, que regulamenta o Cap\u00edtulo VII da <a href=\"\/\/www.al.rs.gov.br\/filerepository\/replegis\/arquivos\/13.196.pdf\" target=\"_blank\"><font color=\"blue\"><u>Lei n\u00b0 13.196, de 13 de julho de 2009<\/u><\/font><\/a>, que disp\u00f5e sobre os Parques Cient\u00edficos e Incubadoras de Empresas de Base Tecnol\u00f3gica, institui o Programa RS TECN\u00d3POLE de Apoio \u00e0s Incubadoras de Base Tecnol\u00f3gica e de Ind\u00fastria Criativa \u2013 RS INCUBADORAS e d\u00e1 outras provid\u00eancias;\r\n<p>- o <a href=\"https:\/\/www.ufsm.br\/pro-reitorias\/proplan\/estatuto-ufsm-2010\/\" target=\"_blank\"><font color=\"blue\"><u>Estatuto da Universidade Federal de Santa Maria<\/u><\/font><\/a> com as adequa\u00e7\u00f5es aprovadas pela <a href=\"https:\/\/www.ufsm.br\/pro-reitorias\/proplan\/resolucao-n-037-2010\/\" target=\"_blank\"><font color=\"blue\"><u>Resolu\u00e7\u00e3o UFSM N. 037, de 30 de novembro de 2010<\/u><\/font><\/a>, aprovado pela <a href=\"https:\/\/pesquisa.in.gov.br\/imprensa\/jsp\/visualiza\/index.jsp?data=13\/03\/2014&amp;jornal=1&amp;pagina=43&amp;totalArquivos=100\" target=\"_blank\"><font color=\"blue\"><u>Portaria N. 156, de 12 de mar\u00e7o de 2014<\/u><\/font><\/a>, e publicado no Di\u00e1rio Oficial da Uni\u00e3o em 13 de mar\u00e7o de 2014; \r\n<p>- o <a href=\"https:\/\/www.ufsm.br\/pro-reitorias\/proplan\/regimento-geral-da-ufsm-2011\" target=\"_blank\"><font color=\"blue\"><u>Regimento da UFSM<\/u><\/font><\/a>, disposto na <a href=\"https:\/\/www.ufsm.br\/pro-reitorias\/proplan\/resolucao-n-006-2011\/\" target=\"_blank\"><font color=\"blue\"><u>Resolu\u00e7\u00e3o UFSM N. 006, de 28 de abril de 2011<\/u><\/font><\/a>, atualizado pela <a href=\"https:\/\/www.ufsm.br\/pro-reitorias\/proplan\/resolucao-n-016-2019\/\" target=\"_blank\"><font color=\"blue\"><u>Resolu\u00e7\u00e3o UFSM N. 016, de 02 de julho de 2019<\/u><\/font><\/a>, e alterado pela <a href=\"https:\/\/www.ufsm.br\/pro-reitorias\/proplan\/resolucao-ufsm-n-041-2021\/\" target=\"_blank\"><font color=\"blue\"><u>Resolu\u00e7\u00e3o UFSM N. 041, de 05 de fevereiro de 2021<\/u><\/font><\/a>;  \r\n<p>- a <a href=\"https:\/\/www.ufsm.br\/pro-reitorias\/proplan\/resolucao-n-006-2009\/\" target=\"_blank\"><font color=\"blue\"><u>Resolu\u00e7\u00e3o UFSM N. 006, de 22 de julho de 2009<\/u><\/font><\/a>, que institui o Fundo de Incentivo \u00e0 Inova\u00e7\u00e3o Tecnol\u00f3gica (FIT), sob a responsabilidade da Pr\u00f3-Reitoria de P\u00f3s-Gradua\u00e7\u00e3o e Pesquisa;\r\n<p>- a <a href=\"https:\/\/www.ufsm.br\/pro-reitorias\/proplan\/resolucao-n-001-2015\/\" target=\"_blank\"><font color=\"blue\"><u>Resolu\u00e7\u00e3o UFSM N. 001, de 23 de mar\u00e7o de 2015<\/u><\/font><\/a>, que aprova a Cria\u00e7\u00e3o da Ag\u00eancia de Inova\u00e7\u00e3o e Transfer\u00eancia de Tecnologia da UFSM e d\u00e1 outras provid\u00eancias;\r\n<p>- a <a href=\"https:\/\/www.ufsm.br\/pro-reitorias\/proplan\/resolucao-n-016-2015\/\" target=\"_blank\"><font color=\"blue\"><u>Resolu\u00e7\u00e3o UFSM N. 016, de 23 de junho 2015<\/u><\/font><\/a>, que institui o <a href=\"https:\/\/www.ufsm.br\/pro-reitorias\/proplan\/regimento-interno-da-agittec\"><\/a><font color=\"blue\"><u>Regimento Interno da Ag\u00eancia de Inova\u00e7\u00e3o e Transfer\u00eancia de Tecnologia (AGITTEC)<\/u><\/font><\/a> no \u00e2mbito da Universidade Federal de Santa Maria, alterada pelas Resolu\u00e7\u00f5es \r\n<a href=\"https:\/\/www.ufsm.br\/pro-reitorias\/proplan\/resolucao-n-023-2017\"><\/a><font color=\"blue\"><u>N. 023, de 19 de dezembro de 2017<\/u><\/font><\/a>, <a href=\"https:\/\/www.ufsm.br\/pro-reitorias\/proplan\/resolucao-n-013-2019\"><\/a><font color=\"blue\"><u>N. 013, de 1\u00ba de julho de 2019<\/u><\/font><\/a>, e <a href=\"https:\/\/www.ufsm.br\/pro-reitorias\/proplan\/resolucao-ufsm-n-044-2021\"><\/a><font color=\"blue\"><u>N. 044, de 18 de fevereiro de 2021<\/u><\/font><\/a>;\r\n<p>- a <a href=\"https:\/\/www.ufsm.br\/pro-reitorias\/proplan\/resolucao-n-024-2015\/\" target=\"_blank\"><font color=\"blue\"><u>Resolu\u00e7\u00e3o UFSM N. 024, de 06 de outubro de 2015<\/u><\/font><\/a>, que aprova a Cria\u00e7\u00e3o da Incubadora de Empresas Pulsar e Institui seu Regimento Interno, alterada pelas Resolu\u00e7\u00f5es  <a href=\"https:\/\/www.ufsm.br\/pro-reitorias\/proplan\/resolucao-n-024-2017\"><\/a><font color=\"blue\"><u>N. 024, de 19 de dezembro de 2017<\/u><\/font><\/a>, e <a href=\"https:\/\/www.ufsm.br\/pro-reitorias\/proplan\/resolucao-n-006-2018\"><\/a><font color=\"blue\"><u>N. 006, de 16 de abril de 2018<\/u><\/font><\/a>;\r\n<p>- a <a href=\"https:\/\/www.ufsm.br\/pro-reitorias\/proplan\/resolucao-n-022-2016\/\" target=\"_blank\"><font color=\"blue\"><u>Resolu\u00e7\u00e3o UFSM N. 022, de 19 de maio de 2016<\/u><\/font><\/a>, que regulamenta a Pol\u00edtica de Prote\u00e7\u00e3o e Gest\u00e3o da Propriedade Intelectual no \u00e2mbito da UFSM;\r\n<p>- a <a href=\"https:\/\/www.ufsm.br\/pro-reitorias\/proplan\/resolucao-n-013-2018\/\" target=\"_blank\"><font color=\"blue\"><u>Resolu\u00e7\u00e3o UFSM N. 013, 03 de julho de 2018<\/u><\/font><\/a>, que aprova a cria\u00e7\u00e3o da Incubadora Tecnol\u00f3gica de Santa Maria \u2013 ITSM da Universidade Federal de Santa Maria e institui seu Regimento Interno;\r\n<p>- a <a href=\"https:\/\/www.ufsm.br\/pro-reitorias\/proplan\/resolucao-n-010-2020\/\" target=\"_blank\"><font color=\"blue\"><u>Resolu\u00e7\u00e3o UFSM N. 010, de 22 de abril de 2020<\/u><\/font><\/a>, que aprova a cria\u00e7\u00e3o do \u00f3rg\u00e3o colegiado denominado Comit\u00ea Institucional de Inicia\u00e7\u00e3o \u00e0 Inova\u00e7\u00e3o Tecnol\u00f3gica e Desenvolvimento - COMIT, vinculado \u00e0 Coordenadoria de Inicia\u00e7\u00e3o Cient\u00edfica da Pr\u00f3-Reitoria de P\u00f3s-Gradua\u00e7\u00e3o e Pesquisa da UFSM;\r\n<p>- a <a href=\"https:\/\/www.ufsm.br\/pro-reitorias\/proplan\/resolucao-n-002-2020\/\" target=\"_blank\"><font color=\"blue\"><u>Resolu\u00e7\u00e3o UFSM N. 002, de 10 de janeiro de 2020<\/u><\/font><\/a>, que aprova a cria\u00e7\u00e3o do Parque de Inova\u00e7\u00e3o, Ci\u00eancia e Tecnologia da Universidade Federal de Santa Maria (PICT-UFSM), vinculado \u00e0 estrutura organizacional da Ag\u00eancia de Inova\u00e7\u00e3o e Transfer\u00eancia de Tecnologia (AGITTEC);\r\n<p>- a <a href=\"https:\/\/www.ufsm.br\/pro-reitorias\/proplan\/resolucao-ufsm-n-044-2021\/\" target=\"_blank\"><font color=\"blue\"><u>Resolu\u00e7\u00e3o UFSM N. 044, de 18 de fevereiro de 2021<\/u><\/font><\/a>, que aprova a Pol\u00edtica de Inova\u00e7\u00e3o da Universidade Federal de Santa Maria, em conson\u00e2ncia com as diretrizes da Pol\u00edtica Nacional de Ci\u00eancia, Tecnologia e Inova\u00e7\u00e3o, bem como a cria\u00e7\u00e3o do Conselho Superior da Ag\u00eancia de Inova\u00e7\u00e3o e Transfer\u00eancia de Tecnologia (CSA-AGITTEC);\r\n<p>- a <a href=\"https:\/\/www.ufsm.br\/pro-reitorias\/proplan\/resolucao-ufsm-n-054-2021\/\" target=\"_blank\"><font color=\"blue\"><u>Resolu\u00e7\u00e3o UFSM N. 054, de 1\u00ba de junho de 2021<\/u><\/font><\/a>, que regulamenta a proposi\u00e7\u00e3o e a emiss\u00e3o de Atos Normativos no \u00e2mbito da Universidade Federal de Santa Maria;\r\n<p>- a <a href=\"https:\/\/www.ufsm.br\/pro-reitorias\/proplan\/resolucao-ufsm-n-078-2022\/\" target=\"_blank\"><font color=\"blue\"><u>Resolu\u00e7\u00e3o UFSM N. 078, de 09 de fevereiro de 2022<\/u><\/font><\/a>, que estabelece a estrutura organizacional do \u201cParque de Inova\u00e7\u00e3o, Ci\u00eancia e Tecnologia da Universidade Federal de Santa Maria (PICT-UFSM)\u201d, como \u00d3rg\u00e3o Suplementar vinculado \u00e0 Universidade Federal de Santa Maria (UFSM), suas compet\u00eancias e atribui\u00e7\u00f5es, alterando o Regimento Interno da AGITTEC, o <a href=\"https:\/\/www.ufsm.br\/pro-reitorias\/proplan\/regimento-geral-da-ufsm-2011\" target=\"_blank\"><font color=\"blue\"><u>Regimento Geral da UFSM<\/u><\/font><\/a> e revogando a <a href=\"https:\/\/www.ufsm.br\/pro-reitorias\/proplan\/resolucao-n-002-2020\/\" target=\"_blank\"><font color=\"blue\"><u>Resolu\u00e7\u00e3o UFSM N. 002\/2020<\/u><\/font><\/a>;\r\n<p>- a <a href=\"https:\/\/www.ufsm.br\/pro-reitorias\/proplan\/resolucao-ufsm-n-089-2022\/\" target=\"_blank\"><font color=\"blue\"><u>Resolu\u00e7\u00e3o UFSM N. 089, de 06 de maio de 2022<\/u><\/font><\/a>, que regulamenta a rela\u00e7\u00e3o entre a Universidade Federal de Santa Maria (UFSM) e funda\u00e7\u00f5es de apoio para a execu\u00e7\u00e3o de projetos de pesquisa, ensino, extens\u00e3o, desenvolvimento institucional, cient\u00edfico e tecnol\u00f3gico, est\u00edmulo \u00e0 inova\u00e7\u00e3o e presta\u00e7\u00e3o de servi\u00e7os;\r\n<p>- a necessidade de dotar a Pr\u00f3-Reitoria de Inova\u00e7\u00e3o e Empreendedorismo (PROINOVA) de uma estrutura organizacional compat\u00edvel com as demandas da Comunidade;\r\n<p>- a necessidade de fomentar as a\u00e7\u00f5es de inova\u00e7\u00e3o e empreendedorismo no \u00e2mbito da UFSM;\r\n<p>- a moderniza\u00e7\u00e3o administrativa, visando efici\u00eancia, efic\u00e1cia e efetividade da gest\u00e3o dos processos; e,\r\n<p>- o Parecer N. 144\/2022 da Comiss\u00e3o de Legisla\u00e7\u00e3o e Regimentos (CLR), aprovado na 857\u00aa Sess\u00e3o do Conselho Universit\u00e1rio (CONSU), de 25 de novembro de 2022, referente ao Processo N. <a href=\"https:\/\/portal.ufsm.br\/documentos\/publico\/processo\/documento.html?idDocumento=14132730\" target=\"_blank\"><font color=\"blue\"><u>23081.048243\/2022-95<\/u><\/font><\/a>.\r\n<br>\r\n<p>RESOLVE:<\/p>\r\n<br>\r\n<p>CAP\u00cdTULO I\r\n<p>DAS DISPOSI\u00c7\u00d5ES PRELIMINARES\r\n<\/p><br>\r\n<p>Art. 1\u00ba Fica estabelecida a estrutura organizacional, as compet\u00eancias das unidades e subunidades da Pr\u00f3-Reitoria de Inova\u00e7\u00e3o e Empreendedorismo (PROINOVA) da Universidade Federal de Santa Maria, e as atribui\u00e7\u00f5es m\u00ednimas das autoridades.\r\n<p>\u00a7 1\u00ba Fica extinta a Ag\u00eancia de Inova\u00e7\u00e3o e Transfer\u00eancia de Tecnologia (AGITTEC) e suas subunidades, as men\u00e7\u00f5es \u00e0 AGITTEC nos regulamentos e normas da institui\u00e7\u00e3o dever\u00e3o ser lidas como \u00e0 PROINOVA a partir de ent\u00e3o.\r\n<p>\u00a7 2\u00ba Transfere o Parque de Inova\u00e7\u00e3o, Ci\u00eancia e Tecnologia da Universidade Federal de Santa Maria (PICT-UFSM) e suas subunidades.\r\n<p>\u00a7 3\u00ba Transfere o Comit\u00ea Institucional de Inicia\u00e7\u00e3o \u00e0 Inova\u00e7\u00e3o Tecnol\u00f3gica e Desenvolvimento (COMIT-UFSM).\r\n<p>Art. 2\u00ba A Pr\u00f3-Reitoria de Inova\u00e7\u00e3o e Empreendedorismo \u00e9 dirigida pelo (a) Pr\u00f3-Reitor (a) e Pr\u00f3-Reitor (a) Adjunto (a), que n\u00e3o se configuram como unidades administrativas e sim como cargos de dire\u00e7\u00e3o, com atribui\u00e7\u00f5es definidas.\r\n<p>\u00a7 1\u00ba O Cargo de Dire\u00e7\u00e3o (CD 2) atribu\u00eddo ao (\u00e0) Pr\u00f3-Reitor (a) \u00e9 alocado como autoridade da Pr\u00f3-Reitoria de Inova\u00e7\u00e3o e Empreendedorismo, denominado \u201cPr\u00f3-Reitor (a)\u201d.\r\n<p>\u00a7 2\u00ba O Cargo de Dire\u00e7\u00e3o (CD 3) atribu\u00eddo ao (\u00e0) Pr\u00f3-Reitor (a) Adjunto (a) \u00e9 alocado como autoridade em uma das Coordenadorias da Pr\u00f3-Reitoria de Inova\u00e7\u00e3o e Empreendedorismo, com a denomina\u00e7\u00e3o de autoridade \u201cPr\u00f3-Reitor (a) Adjunto (a)\u201d.\r\n<p>I \u2013 as autoridades respons\u00e1veis pelas demais Coordenadorias vinculadas \u00e0 Pr\u00f3-Reitoria de Inova\u00e7\u00e3o e Empreendedorismo s\u00e3o atribu\u00eddos o Cargo de Dire\u00e7\u00e3o (CD4), com a denomina\u00e7\u00e3o de autoridade \u201cCoordenador (a)\u201d.\r\n<p>\u00a7 3\u00ba A autoridade respons\u00e1vel pelo Parque de Inova\u00e7\u00e3o, Ci\u00eancia e Tecnologia da UFSM \u00e9 atribu\u00eddo o Cargo de Dire\u00e7\u00e3o (CD 4), com a denomina\u00e7\u00e3o de autoridade \u201cGerente do Parque\u201d.\r\n<p>Art. 3\u00ba As autoridades respons\u00e1veis pelos N\u00facleos da estrutura da Pr\u00f3-Reitoria de Inova\u00e7\u00e3o e Empreendedorismo e do Parque de Inova\u00e7\u00e3o, Ci\u00eancia e Tecnologia da UFSM s\u00e3o atribu\u00eddas \u00e0 Fun\u00e7\u00e3o Gratificada (FG 1), com a denomina\u00e7\u00e3o da autoridade \u201cChefe de N\u00facleo\u201d.\r\n<p>Art. 4\u00ba As compet\u00eancias e as atribui\u00e7\u00f5es m\u00ednimas das unidades est\u00e3o detalhadas em cap\u00edtulos espec\u00edficos.\r\n<\/p><br>\r\n<p>CAP\u00cdTULO II\r\n<p>DA ESTRUTURA DA PR\u00d3-REITORIA DE INOVA\u00c7\u00c3O E EMPREENDEDORISMO DA UFSM\r\n<\/p><br>\r\n<p>Art. 5\u00ba Estabelece a estrutura da Pr\u00f3-Reitoria de Inova\u00e7\u00e3o e Empreendedorismo (PROINOVA), conforme o <a href=\"https:\/\/www.ufsm.br\/pro-reitorias\/proplan\/resolucao-ufsm-n-111-2022-anexo-i\"><\/a><font color=\"blue\"><u>Organograma do Anexo I<\/u><\/font><\/a>.\r\n<p>\u00a7 1\u00ba As Unidades de que trata o caput desse artigo s\u00e3o:\r\n<p>I - Pr\u00f3-Reitoria de Inova\u00e7\u00e3o e Empreendedorismo (PROINOVA);\r\n<p>II - Conselho Superior da PROINOVA (CS-PROINOVA);\r\n<p>III - Comit\u00ea Institucional de Inicia\u00e7\u00e3o \u00e0 Inova\u00e7\u00e3o Tecnol\u00f3gica e Desenvolvimento (COMIT-UFSM);\r\n<p>IV - Parque de Inova\u00e7\u00e3o, Ci\u00eancia e Tecnologia da UFSM (PICT-UFSM);\r\n<p>V - Conselho Estrat\u00e9gico do PICT (CEST-PICT-UFSM);\r\n<p>VI - Conselho Fiscal do PICT (CFISC-PICT-UFSM);\r\n<p>VII - N\u00facleo de Gest\u00e3o de Infraestrutura e Patrim\u00f4nio (NGIP-PICT-UFSM); \r\n<p>VIII - N\u00facleo de Gest\u00e3o de Incubadoras Tecnol\u00f3gicas (NGIT-PICT-UFSM);\r\n<p>IX - N\u00facleo de Apoio Administrativo-Or\u00e7ament\u00e1rio da PROINOVA (NAAO-PROINOVA);\r\n<p>X - Coordenadoria de Transfer\u00eancia de Tecnologia e Propriedade Intelectual (CTTPI-PROINOVA);\r\n<p>XI - N\u00facleo de Apoio a Projetos (NAP-PROINOVA);\r\n<p>XII - N\u00facleo de Prospec\u00e7\u00e3o e Valora\u00e7\u00e3o (NPV-PROINOVA);\r\n<p>XIII - N\u00facleo de Propriedade Intelectual (NPI-PROINOVA); e,\r\n<p>XIV - Coordenadoria de Empreendedorismo (CE-PROINOVA).\r\n<p>Art. 6\u00ba A Pr\u00f3-Reitoria de Inova\u00e7\u00e3o e Empreendedorismo (PROINOVA), como \u00d3rg\u00e3o de Dire\u00e7\u00e3o e Assessoria da Reitoria, vinculada \u00e0 Universidade Federal de Santa Maria (UFSM).\r\n<p>Art. 7\u00ba O Conselho Superior (CS-PROINOVA), como \u00d3rg\u00e3o Colegiado, vinculado \u00e0 Pr\u00f3-Reitoria de Inova\u00e7\u00e3o e Empreendedorismo (PROINOVA).\r\n<p>\u00a7 1\u00ba O Comit\u00ea Institucional de Inicia\u00e7\u00e3o \u00e0 Inova\u00e7\u00e3o Tecnol\u00f3gica e Desenvolvimento (COMIT-UFSM), como \u00d3rg\u00e3o Colegiado, vinculado \u00e0 Pr\u00f3-Reitoria de Inova\u00e7\u00e3o e Empreendedorismo (PROINOVA).\r\n<p>\u00a7 2\u00ba O Parque de Inova\u00e7\u00e3o, Ci\u00eancia e Tecnologia da UFSM (PICT-UFSM), como \u00d3rg\u00e3o de Apoio, vinculado \u00e0 Pr\u00f3-Reitoria de Inova\u00e7\u00e3o e Empreendedorismo (PROINOVA).\r\n<p>\u00a7 3\u00ba O Conselho Estrat\u00e9gico, como \u00d3rg\u00e3o Colegiado, vinculado ao Parque de Inova\u00e7\u00e3o, Ci\u00eancia e Tecnologia da UFSM (PICT-UFSM).\r\n<p>\u00a7 4\u00ba O Conselho Fiscal, como \u00d3rg\u00e3o Colegiado, vinculado ao Parque de Inova\u00e7\u00e3o, Ci\u00eancia e Tecnologia da UFSM (PICT-UFSM).\r\n<p>\u00a7 5\u00ba O N\u00facleo de Gest\u00e3o de Infraestrutura e Patrim\u00f4nio (NGIP-PICT-UFSM), como Subunidade Administrativa, vinculado ao Parque de Inova\u00e7\u00e3o, Ci\u00eancia e Tecnologia da UFSM (PICT-UFSM).\r\n<p>\u00a7 6\u00ba O N\u00facleo de Gest\u00e3o de Incubadoras Tecnol\u00f3gicas (NGIT-PICT-UFSM), como Subunidade Administrativa, vinculado ao Parque de Inova\u00e7\u00e3o, Ci\u00eancia e Tecnologia da UFSM (PICT-UFSM).\r\n<p>\u00a7 7\u00ba O N\u00facleo de Apoio Administrativo-Or\u00e7ament\u00e1rio da PROINOVA (NAAO-PROINOVA), como Subunidade Administrativa, vinculada \u00e0 Pr\u00f3-Reitoria de Inova\u00e7\u00e3o e Empreendedorismo (PROINOVA).\r\n<p>\u00a7 8\u00ba A Coordenadoria de Transfer\u00eancia de Tecnologia e Propriedade Intelectual (CTTPI-PROINOVA), como Subunidade Administrativa, vinculada \u00e0 Pr\u00f3-Reitoria de Inova\u00e7\u00e3o e Empreendedorismo (PROINOVA).\r\n<p>\u00a7 9\u00ba O N\u00facleo de Apoio a Projetos (NAP-PROINOVA), como Subunidade Administrativa, vinculado \u00e0 Coordenadoria de Transfer\u00eancia de Tecnologia e Propriedade Intelectual (CTTPI-PROINOVA).\r\n<p>\u00a7 10. O N\u00facleo de Prospec\u00e7\u00e3o e Valora\u00e7\u00e3o (NPV-PROINOVA), como Subunidade Administrativa, vinculado \u00e0 Coordenadoria de Transfer\u00eancia de Tecnologia e Propriedade Intelectual (CTTPI-PROINOVA).\r\n<p>\u00a7 11. O N\u00facleo de Propriedade Intelectual (NPI-PROINOVA), como Subunidade Administrativa, vinculado \u00e0 Coordenadoria de Transfer\u00eancia de Tecnologia e Propriedade Intelectual (CTTPI-PROINOVA).\r\n<p>\u00a7 12. A Coordenadoria de Empreendedorismo (CE-PROINOVA), como Subunidade Administrativa, vinculada \u00e0 Pr\u00f3-Reitoria de Inova\u00e7\u00e3o e Empreendedorismo (PROINOVA).\r\n<\/p><br>\r\n<p>CAP\u00cdTULO III\r\n<p>DAS COMPET\u00caNCIAS \r\n<\/p><br>\r\n<p>Art. 8\u00ba Compete \u00e0 Pr\u00f3-Reitoria de Inova\u00e7\u00e3o e Empreendedorismo (PROINOVA):\r\n<p>I - contribuir no desenvolvimento de pol\u00edticas e programas voltados \u00e0 Inova\u00e7\u00e3o e ao Empreendedorismo;\r\n<p>II - coordenar, supervisionar, dirigir, promover e divulgar as a\u00e7\u00f5es de Inova\u00e7\u00e3o e de Empreendedorismo na UFSM;\r\n<p>III - gerir e zelar pela pol\u00edtica de Prote\u00e7\u00e3o e Gest\u00e3o da Propriedade Intelectual no \u00e2mbito da UFSM, apoiando o registro e licenciamento de resultados de pesquisas junto ao Instituto Nacional de Propriedade Industrial (INPI) e, quando necess\u00e1rio, junto a outros institutos internacionais correlatos;\r\n<p>IV - gerir e zelar pela pol\u00edtica de Inova\u00e7\u00e3o no \u00e2mbito da UFSM, em conson\u00e2ncia com as diretrizes da Pol\u00edtica Nacional de Ci\u00eancia, Tecnologia e Inova\u00e7\u00e3o;\r\n<p>V \u2013 gerir, de acordo com a defini\u00e7\u00e3o do Conselho Superior da PROINOVA, os recursos oriundos das pol\u00edticas de Inova\u00e7\u00e3o e de Prote\u00e7\u00e3o e Gest\u00e3o da Propriedade Intelectual da UFSM;\r\n<p>VI -  identificar as demandas tecnol\u00f3gicas da sociedade, criando oportunidades de intera\u00e7\u00e3o com a UFSM por meio de projetos ou cria\u00e7\u00e3o de empreendimentos inovadores e sustent\u00e1veis;\r\n<p>VII - prospectar e estimular a transfer\u00eancia do conhecimento e das tecnologias geradas na UFSM para a sociedade, com foco nas organiza\u00e7\u00f5es e empreendimentos voltados ao desenvolvimento sustent\u00e1vel para a produ\u00e7\u00e3o de bens, processos e servi\u00e7os inovadores;\r\n<p>VIII - prospectar e estimular a intera\u00e7\u00e3o entre a UFSM e as organiza\u00e7\u00f5es de base tecnol\u00f3gica e de desenvolvimento econ\u00f4mico e social, fornecendo apoio t\u00e9cnico na constitui\u00e7\u00e3o de acordos e parcerias e criando oportunidades para a execu\u00e7\u00e3o de projetos inovadores;\r\n<p>IX - prospectar e estimular a conex\u00e3o e o crescimento dos ambientes e mecanismos promotores de empreendedorismo e inova\u00e7\u00e3o, por meio de a\u00e7\u00f5es articuladas com toda a Quadri-H\u00e9lice (academia, governo, empresas e sociedade civil organizada), que fomentam gera\u00e7\u00e3o de renda, novos produtos, empregos e sustentabilidade econ\u00f4mico-financeira;\r\n<p>X - incentivar o surgimento e o desenvolvimento de empreendimentos de base tecnol\u00f3gica, alinhados com o contexto da sustentabilidade em todas suas dimens\u00f5es;\r\n<p>XI - fomentar programas de est\u00edmulo \u00e0 cria\u00e7\u00e3o e acelera\u00e7\u00e3o de ideias, de neg\u00f3cios e de empresas;\r\n<p>XII - contribuir na consolida\u00e7\u00e3o do Parque de Inova\u00e7\u00e3o, Ci\u00eancia e Tecnologia da UFSM (PICT-UFSM), criando ambientes para prospec\u00e7\u00e3o de neg\u00f3cios e atra\u00e7\u00e3o de empresas e de investidores;\r\n<p>XIII - contribuir com a inova\u00e7\u00e3o aberta, criando espa\u00e7os abertos, colaborativos e de multiplataformas;\r\n<p>XIV - incentivar a difus\u00e3o do conhecimento empreendedor por meio de produ\u00e7\u00f5es cient\u00edficas e tecnol\u00f3gicas, com est\u00edmulo \u00e0 organiza\u00e7\u00e3o e participa\u00e7\u00e3o em eventos nacionais e internacionais com foco em inova\u00e7\u00e3o e empreendedorismo;\r\n<p>XV - gerir programas e projetos de fomento e forma\u00e7\u00e3o empreendedora e tecnol\u00f3gica para discentes e docentes;\r\n<p>XVI - prospectar e estimular a\u00e7\u00f5es de internacionaliza\u00e7\u00e3o no \u00e2mbito da inova\u00e7\u00e3o e empreendedorismo, em parceria com a Secretaria de Apoio Internacional ou outra que venha a substitu\u00ed-la;\r\n<p>XVII - fomentar a articula\u00e7\u00e3o com demais pr\u00f3-reitorias, unidades e subunidades da UFSM e funda\u00e7\u00f5es de apoio para constru\u00e7\u00e3o e aperfei\u00e7oamento de pol\u00edticas, normas, procedimentos e sistemas relacionadas \u00e0 inova\u00e7\u00e3o e ao empreendedorismo no \u00e2mbito da UFSM;\r\n<p>XVIII - elaborar seu plano anual de atividades e a parte que lhe competir no Plano de Desenvolvimento Institucional (PDI) da UFSM; e,\r\n<p>XIX - atuar enquanto N\u00facleo de Inova\u00e7\u00e3o Tecnol\u00f3gica (NIT) da UFSM, abrangendo, dentre outras, as compet\u00eancias previstas no artigo 16, \u00a7 1\u00ba, da <a href=\"https:\/\/www.planalto.gov.br\/ccivil_03\/_ato2004-2006\/2004\/lei\/l10.973.htm\" target=\"_blank\"><font color=\"blue\"><u>Lei n\u00ba 10.973\/2004<\/u><\/font><\/a>.\r\n<p>Art. 9\u00ba O Parque de Inova\u00e7\u00e3o, Ci\u00eancia e Tecnologia da UFSM (PICT-UFSM) \u00e9 respons\u00e1vel pela gest\u00e3o de um complexo planejado de desenvolvimento empresarial e tecnol\u00f3gico, promotor da cultura de inova\u00e7\u00e3o, da competitividade industrial, da capacita\u00e7\u00e3o empresarial e da promo\u00e7\u00e3o de sinergias em atividades de pesquisa cient\u00edfica, de desenvolvimento tecnol\u00f3gico e de inova\u00e7\u00e3o, entre empresas e uma ou mais ICTs (Institui\u00e7\u00f5es de Ci\u00eancia e Tecnologia), com ou sem v\u00ednculo entre si, sendo suas compet\u00eancias:\r\n<p>I - desenvolver a\u00e7\u00f5es voltadas \u00e0 inova\u00e7\u00e3o tecnol\u00f3gica, a transfer\u00eancia de tecnologia e a coopera\u00e7\u00e3o t\u00e9cnica e cient\u00edfica a partir da articula\u00e7\u00e3o entre UFSM e atores envolvidos no PICT-UFSM;\r\n<p>II - viabilizar a coopera\u00e7\u00e3o e sinergia de atores respons\u00e1veis pela inova\u00e7\u00e3o, atrav\u00e9s da aproxima\u00e7\u00e3o entre demandantes e ofertantes de conhecimento;\r\n<p>III - prover um ambiente que ofere\u00e7a condi\u00e7\u00f5es favor\u00e1veis para a transfer\u00eancia de tecnologia, desenvolvimento de neg\u00f3cios e intera\u00e7\u00f5es com benef\u00edcio m\u00fatuo entre os atores envolvidos no parque;\r\n<p>IV - consolidar o ecossistema de inova\u00e7\u00e3o e empreendedorismo da UFSM, com vistas ao desenvolvimento econ\u00f4mico e tecnol\u00f3gico e o fomento de empreendimentos baseados no conhecimento;\r\n<p>V - estabelecer diretrizes voltadas para formaliza\u00e7\u00e3o de parcerias na busca de consolida\u00e7\u00e3o do PICT-UFSM; e,\r\n<p>VI - estabelecer um complexo planejado de gera\u00e7\u00e3o e prospec\u00e7\u00e3o de neg\u00f3cios que abrigar\u00e1 centros de pesquisa cient\u00edfica e desenvolvimento tecnol\u00f3gico, incuba\u00e7\u00e3o e pr\u00e9-incuba\u00e7\u00e3o, empresas residentes, empresas associadas, setores e projetos de pesquisa, desenvolvimento e inova\u00e7\u00e3o (P&amp;DI) de empresas, espa\u00e7os tem\u00e1ticos de uso compartilhado (como hubs e coworkings), espa\u00e7os para treinamento e capacita\u00e7\u00e3o, prospec\u00e7\u00e3o e negocia\u00e7\u00e3o, apoio e servi\u00e7os, espa\u00e7o para feiras e exposi\u00e7\u00f5es, entre outros.\r\n<p>Art. 10. Compete ao N\u00facleo de Gest\u00e3o de Infraestrutura e Patrim\u00f4nio (NGIP-PICT-UFSM):\r\n<p>I - planejar e demandar junto \u00e0 PROINFRA ou demais unidades respons\u00e1veis a gest\u00e3o e acompanhamento de presta\u00e7\u00e3o de servi\u00e7os de infraestrutura como instala\u00e7\u00f5es, manuten\u00e7\u00f5es, reformas e obras no \u00e2mbito da \u00e1rea do PICT-UFSM;\r\n<p>II - administrar e zelar pelo espa\u00e7o-f\u00edsico onde est\u00e3o instaladas as empresas inovadoras nascentes de base tecnol\u00f3gica, empresas graduadas por Incubadoras Tecnol\u00f3gicas, empresas \u00e2ncoras e setores de P&amp;DI de empresas que tenham projetos em parceria com a UFSM;\r\n<p>III - prestar informa\u00e7\u00f5es e gerar relat\u00f3rios peri\u00f3dicos \u00e0s subunidades e \u00e0 Administra\u00e7\u00e3o quanto aos servi\u00e7os prestados pelo N\u00facleo, pela(s) unidade(s) respons\u00e1veis pela execu\u00e7\u00e3o dos servi\u00e7os e pelas empresas contratadas;\r\n<p>IV - elaborar relat\u00f3rios, planejamento e gest\u00e3o de informa\u00e7\u00f5es quanto \u00e0 infraestrutura existente no PICT-UFSM e apresentar planos de a\u00e7\u00e3o para espa\u00e7os comuns, \u00e1reas destinadas \u00e0 disponibiliza\u00e7\u00e3o atrav\u00e9s de editais, dentre outras a\u00e7\u00f5es correlatas;\r\n<p>V - realizar a gest\u00e3o e planejamento junto \u00e0s demais unidades competentes quanto ao Plano Diretor e de Urbaniza\u00e7\u00e3o do PICT-UFSM, tais como demandas de servi\u00e7os auxiliares e necessidade de aloca\u00e7\u00e3o de espa\u00e7os para servi\u00e7os de apoio e planejamento de \u00e1rea para esta finalidade, tais como postos banc\u00e1rios, unidades de servi\u00e7os de sa\u00fade, restaurantes, livrarias, creches, entre outros;\r\n<p>VI - receber, analisar e providenciar o atendimento junto \u00e0s demais unidades competentes, mediante anu\u00eancia ou solicita\u00e7\u00e3o do Gerente do Parque ou demais autoridades, \u00e0s demandas apresentadas pelas Empresas Residentes e Empresas de apoio e institui\u00e7\u00f5es parceiras;\r\n<p>VII - realizar o acompanhamento e gest\u00e3o de bens e patrim\u00f4nio da UFSM alocados nos espa\u00e7os f\u00edsicos que se encontrarem sob responsabilidade do PICT-UFSM, mesmo quando tais bens se localizarem em espa\u00e7os de uso compartilhado ou sob uso permitido para terceiros, realizando atividades de gest\u00e3o patrimonial, como a confer\u00eancia e o controle das transfer\u00eancias da carga patrimonial do PICT-UFSM e elaborar o relat\u00f3rio de carga patrimonial do PICT-UFSM; e,\r\n<p>VIII - propor ao Gerente do Parque medidas cab\u00edveis para regulamenta\u00e7\u00e3o e consolida\u00e7\u00e3o de diretrizes objetivas para gest\u00e3o quanto \u00e0 infraestrutura existente ou necess\u00e1ria quanto aos espa\u00e7os f\u00edsicos e bens permanentes para atendimento dos objetivos do PICT-UFSM.\r\n<p>Art. 11. Compete ao N\u00facleo de Gest\u00e3o de Incubadoras Tecnol\u00f3gicas (NGIT-PICT-UFSM):\r\n<p>I - elaborar, publicar, divulgar e operacionalizar os editais de sele\u00e7\u00e3o da(s) Incubadora(s) de base tecnol\u00f3gica da UFSM, bem como outros instrumentos cong\u00eaneres relacionados \u00e0 sele\u00e7\u00e3o de empreendimentos, e expedir normas administrativas e operacionais necess\u00e1rias \u00e0s atividades das Incubadoras e ao funcionamento dos empreendimentos a ela vinculados;\r\n<p>II - organizar, propor e apoiar a atua\u00e7\u00e3o e composi\u00e7\u00e3o de bancas de sele\u00e7\u00e3o de empreendimentos ou demais iniciativas, nos termos do(s) Regulamentos(s) Interno(s) das Incubadoras de base tecnol\u00f3gica da UFSM e demais normas aplic\u00e1veis; \r\n<p>III - supervisionar, gerenciar e acompanhar a execu\u00e7\u00e3o de contratos relacionados \u00e0s Incubadoras de base tecnol\u00f3gica da UFSM, providenciar eventuais dilig\u00eancias junto ao PICT-UFSM e demais unidades respons\u00e1veis da UFSM, e organizar o complexo t\u00e9cnico, administrativo e operacional dos programas de pr\u00e9-incuba\u00e7\u00e3o e incuba\u00e7\u00e3o, al\u00e9m de outros programas de compet\u00eancia da subunidade;\r\n<p>IV - elaborar e apresentar planos, projetos, programas e propostas necess\u00e1rios \u00e0 administra\u00e7\u00e3o das Incubadoras, submetendo-os \u00e0 aprova\u00e7\u00e3o da Administra\u00e7\u00e3o do PICT-UFSM e UFSM, quando for o caso, e fornecer subs\u00eddios e orienta\u00e7\u00f5es para sua operacionaliza\u00e7\u00e3o sempre que poss\u00edvel;\r\n<p>V - apresentar propostas e sugest\u00f5es de modifica\u00e7\u00f5es ao(s) regulamentos das Incubadoras e fazer cumprir as normas estabelecidas, bem como zelar constantemente para a manuten\u00e7\u00e3o de uma rela\u00e7\u00e3o interinstitucional construtiva entre os empreendimentos e as Incubadoras, o PICT-UFSM, a Administra\u00e7\u00e3o Superior da UFSM, e suas Unidades;\r\n<p>VI - estimular a conviv\u00eancia e a sinergia entre a UFSM e empreendedores, empreendimentos residentes, empresas associadas, spin-offs, seus colaboradores, e\/ou representantes da sociedade, pessoas f\u00edsicas ou jur\u00eddicas, que tenham por objetivo apoiar e consolidar a dissemina\u00e7\u00e3o da cultura empreendedora;\r\n<p>VII - idealizar, organizar, realizar e acompanhar atividades que resultem em melhorias na capacita\u00e7\u00e3o dos empres\u00e1rios e seus colaboradores, tais como cursos, palestras, treinamentos, visitas de especialistas, entre outros; e,\r\n<p>VIII - organizar a participa\u00e7\u00e3o dos empreendimentos em feiras, exposi\u00e7\u00f5es e assemelhados.\r\n<p>Par\u00e1grafo \u00danico. Fica estabelecido que as incubadoras de empreendimento de base tecnol\u00f3gica da UFSM, formalmente constitu\u00eddas ou que vierem a ser criadas, alteradas ou modificadas ficar\u00e3o sob a gest\u00e3o deste N\u00facleo.\r\n<p>Art. 12. Compete ao N\u00facleo de Apoio Administrativo-Or\u00e7ament\u00e1rio da PROINOVA (NAAO-PROINOVA):\r\n<p>I - consolidar o planejamento or\u00e7ament\u00e1rio anual da unidade;\r\n<p>II - administrar e controlar o or\u00e7amento da unidade;\r\n<p>III - gerenciar o processo de compras da unidade;\r\n<p>IV - apoiar a decis\u00e3o dos gestores na aloca\u00e7\u00e3o dos recursos da unidade;\r\n<p>V - dar suporte ao desenvolvimento de pol\u00edticas para o uso racional dos recursos da unidade; \r\n<p>VI - coordenar a execu\u00e7\u00e3o or\u00e7ament\u00e1ria oriunda das pol\u00edticas de Inova\u00e7\u00e3o e de Prote\u00e7\u00e3o e Gest\u00e3o da Propriedade Intelectual da UFSM;\r\n<p>VII - gerenciar e promover os canais de comunica\u00e7\u00e3o da unidade; e,\r\n<p>VIII - dar suporte \u00e0s atividades e rotinas administrativas no \u00e2mbito da Pr\u00f3-Reitoria.\r\n<p>Art. 13. Compete \u00e0 Coordenadoria de Transfer\u00eancia de Tecnologia e Propriedade Intelectual (CTTPI-PROINOVA):\r\n<p>I - realizar a gest\u00e3o da propriedade intelectual e da transfer\u00eancia de tecnologia na UFSM;\r\n<p>II - fomentar e difundir a cultura de propriedade intelectual e de transfer\u00eancia de tecnologia na UFSM;\r\n<p>III - prospectar e estimular parcerias para o desenvolvimento de tecnologias sustent\u00e1veis e a busca por financiamentos p\u00fablicos e privados, que possibilitem o desenvolvimento de inova\u00e7\u00f5es tecnol\u00f3gicas e sociais;  \r\n<p>IV - propor e avaliar acordos, conv\u00eanios ou contratos de parcerias a serem firmados pela UFSM no \u00e2mbito da inova\u00e7\u00e3o e transfer\u00eancia de tecnologia;  \r\n<p>V - emitir parecer visando a classifica\u00e7\u00e3o de projetos em pesquisa, desenvolvimento tecnol\u00f3gico e presta\u00e7\u00e3o de servi\u00e7o no que tange ao objetivo a que se destinam para aplica\u00e7\u00e3o da <a href=\"https:\/\/www.planalto.gov.br\/ccivil_03\/_ato2004-2006\/2004\/lei\/l10.973.htm\" target=\"_blank\"><font color=\"blue\"><u>Lei n\u00b0 10.973, de 2 de dezembro de 2004<\/u><\/font><\/a>;\r\n<p>VI - definir diretrizes para a prospec\u00e7\u00e3o e valora\u00e7\u00e3o tecnol\u00f3gica;\r\n<p>VII - gerir a propriedade intelectual no que diz respeito aos resultados das pesquisas realizadas no \u00e2mbito da UFSM ou em parceria com esta, visando a adequada utiliza\u00e7\u00e3o do conhecimento em prol da sociedade;\r\n<p>VIII - analisar a conveni\u00eancia de divulga\u00e7\u00e3o e promo\u00e7\u00e3o da prote\u00e7\u00e3o das inven\u00e7\u00f5es e cria\u00e7\u00f5es desenvolvidas no \u00e2mbito da UFSM, pass\u00edveis de prote\u00e7\u00e3o intelectual; e,\r\n<p>IX - contribuir na constru\u00e7\u00e3o e aperfei\u00e7oamento de pol\u00edticas, normas, procedimentos e sistemas relacionados \u00e0s atividades da coordenadoria no \u00e2mbito da Pr\u00f3-Reitoria.\r\n<p>Art. 14. Compete ao N\u00facleo de Apoio a Projetos (NAP-PROINOVA):\r\n<p>I - zelar pelo atendimento \u00e0 resolu\u00e7\u00e3o que regulamenta a rela\u00e7\u00e3o entre a UFSM e funda\u00e7\u00f5es de apoio para a execu\u00e7\u00e3o de projetos de pesquisa, ensino, extens\u00e3o, desenvolvimento institucional, cient\u00edfico e tecnol\u00f3gico, est\u00edmulo \u00e0 inova\u00e7\u00e3o e presta\u00e7\u00e3o de servi\u00e7os;\r\n<p>II - realizar trabalho integrado com as unidades e subunidades da UFSM e funda\u00e7\u00f5es de apoio para elabora\u00e7\u00e3o e melhoria de processos relacionados \u00e0 transfer\u00eancia de tecnologia na UFSM;\r\n<p>III - elaborar e publicar os editais de licenciamento e de transfer\u00eancia de tecnologia;   \r\n<p>IV - elaborar termos de sigilo, contratos de licenciamento, cess\u00e3o, know-how, conv\u00eanios de coopera\u00e7\u00e3o t\u00e9cnica, termos de parceria para o desenvolvimento tecnol\u00f3gico e presta\u00e7\u00e3o de servi\u00e7o em conjunto com empresas ou outras entidades;   \r\n<p>V - instruir e monitorar a tramita\u00e7\u00e3o interna de aprova\u00e7\u00e3o dos processos de transfer\u00eancia de tecnologia na UFSM;\r\n<p>VI - manter o registro dos projetos de transfer\u00eancia de tecnologia da UFSM; e,\r\n<p>VII - contribuir na elabora\u00e7\u00e3o, execu\u00e7\u00e3o e avalia\u00e7\u00e3o dos planejamentos estrat\u00e9gico, t\u00e1tico e operacional relacionados \u00e0s atividades do n\u00facleo no \u00e2mbito da Pr\u00f3-Reitoria.\r\n<p>Art. 15. Compete ao N\u00facleo de Prospec\u00e7\u00e3o e Valora\u00e7\u00e3o (NPV-PROINOVA):\r\n<p>I - organizar, categorizar e mapear as tecnologias da UFSM;  \r\n<p>II - prospectar as potencialidades tecnol\u00f3gicas e inovadoras da UFSM; \r\n<p>III - prospectar empresas para ofertar o portf\u00f3lio de inven\u00e7\u00f5es da UFSM; \r\n<p>IV - divulgar aos pesquisadores oportunidades em editais e desenvolvimentos em parcerias com empresas ou outras entidades;\r\n<p>V - captar, orientar e viabilizar projetos de pesquisa colaborativa com inventores independentes, empresas ou outras entidades, interagindo com o N\u00facleo de Apoio a Projetos (NAP-PROINOVA);\r\n<p>VI - apoiar a negocia\u00e7\u00e3o e avaliar os instrumentos jur\u00eddicos (contratos, conv\u00eanios, acordos, entre outros) a serem firmados pela UFSM;\r\n<p>VII - interagir com o N\u00facleo de Propriedade Intelectual (NPI-PROINOVA) para analisar os comunicados de inven\u00e7\u00e3o e verificar a estrat\u00e9gia mais adequada de prote\u00e7\u00e3o e transfer\u00eancia do invento;\r\n<p>VIII - avaliar o n\u00edvel de maturidade tecnol\u00f3gica das tecnologias e projetos em negocia\u00e7\u00e3o, visando identificar seu est\u00e1gio de desenvolvimento e suas potencialidades;\r\n<p>IX - atribuir valor, quantificar o resultado das pesquisas desenvolvidas e dos conhecimentos gerados no \u00e2mbito da UFSM ou em parceria com a institui\u00e7\u00e3o, visando a adequada utiliza\u00e7\u00e3o e transfer\u00eancia do conhecimento, em prol da sociedade;\r\n<p>X - mensurar os aspectos qualitativos que impactam no risco tecnol\u00f3gico e mercadol\u00f3gico das tecnologias e projetos em negocia\u00e7\u00e3o;\r\n<p>XI - elaborar pareceres conclusivos que deem suporte a decis\u00f5es da UFSM sobre cess\u00e3o, exclusividade ou n\u00e3o de licenciamentos ou transfer\u00eancias de tecnologias;\r\n<p>XII - negociar condi\u00e7\u00f5es e prioridades em contratos de transfer\u00eancia de tecnologia; e,\r\n<p>XIII - contribuir na elabora\u00e7\u00e3o, execu\u00e7\u00e3o e avalia\u00e7\u00e3o dos planejamentos estrat\u00e9gico, t\u00e1tico e operacional relacionados \u00e0s atividades do n\u00facleo no \u00e2mbito da Pr\u00f3-Reitoria.\r\n<p>Art. 16. Compete ao N\u00facleo de Propriedade Intelectual (NPI-PROINOVA):\r\n<p>I - proteger, monitorar e administrar o portf\u00f3lio de inven\u00e7\u00f5es da UFSM;\r\n<p>II - definir e implementar as normas operacionais necess\u00e1rias \u00e0 formaliza\u00e7\u00e3o, ao encaminhamento e ao acompanhamento dos processos de prote\u00e7\u00e3o da propriedade intelectual;\r\n<p>III - auxiliar na elabora\u00e7\u00e3o e preenchimento do comunicado de inven\u00e7\u00e3o e na busca de anterioridade das tecnologias a serem protegidas;\r\n<p>IV - interagir com o N\u00facleo de Prospec\u00e7\u00e3o e Valora\u00e7\u00e3o (NPV-PROINOVA) para analisar os comunicados de inven\u00e7\u00e3o e verificar a estrat\u00e9gia mais adequada de prote\u00e7\u00e3o e transfer\u00eancia do invento;\r\n<p>V - orientar e auxiliar na reda\u00e7\u00e3o dos pedidos de patentes e registros de pesquisadores da UFSM, podendo-se utilizar de consultorias especializadas nessas atividades;   \r\n<p>VI - atender os inventores internos e externos em temas relacionados \u00e0 prote\u00e7\u00e3o de propriedade intelectual;\r\n<p>VII - realizar os dep\u00f3sitos dos pedidos de propriedade intelectual junto ao INPI e, quando necess\u00e1rio, junto a outros institutos internacionais correlatos;  \r\n<p>VIII - realizar os dep\u00f3sitos de pedidos de prote\u00e7\u00e3o de cultivares junto ao Servi\u00e7o Nacional de Prote\u00e7\u00e3o de Cultivares (SNPC) do Minist\u00e9rio da Agricultura, Pecu\u00e1ria e Abastecimento (MAPA);  \r\n<p>IX - organizar e manter atualizado para divulga\u00e7\u00e3o o portf\u00f3lio das tecnologias protegidas\/patenteadas pela UFSM, interagindo com o N\u00facleo de Prospec\u00e7\u00e3o e Valora\u00e7\u00e3o (NPV-PROINOVA);  \r\n<p>X - acompanhar os pedidos de propriedade intelectual e monitorar as demandas, exig\u00eancias, despachos e taxas emitidas pelo INPI ou outro instituto internacional que venha a assegurar direitos \u00e0 UFSM;  \r\n<p>XI - acompanhar os pedidos de registro de novas cultivares, e monitorar as demandas, exig\u00eancias, despachos e taxas emitidas pelo SNPC\/MAPA; e,\r\n<p>XII - contribuir na elabora\u00e7\u00e3o, execu\u00e7\u00e3o e avalia\u00e7\u00e3o dos planejamentos estrat\u00e9gico, t\u00e1tico e operacional relacionados \u00e0s atividades do n\u00facleo no \u00e2mbito da Pr\u00f3-Reitoria.\r\n<p>Art. 17. Compete \u00e0 Coordenadoria de Empreendedorismo (CE-PROINOVA):\r\n<p>I - planejar e elaborar estrat\u00e9gias de difus\u00e3o do conhecimento empreendedor no \u00e2mbito da UFSM; \r\n<p>II - organizar a\u00e7\u00f5es que estimulem o desenvolvimento de habilidades, atitudes e a constru\u00e7\u00e3o do conhecimento empreendedor; \r\n<p>III - prospectar discentes, docentes, pesquisadores e empresas para que se fortale\u00e7a a cultura do empreendedorismo e inova\u00e7\u00e3o, estimulando a integra\u00e7\u00e3o com ensino, pesquisa e extens\u00e3o;\r\n<p>IV - prospectar e estimular programas de forma\u00e7\u00e3o empreendedora de discentes e docentes, de incentivo e apoio a bolsas de forma\u00e7\u00e3o empreendedora e tecnol\u00f3gica, e de acelera\u00e7\u00e3o de ideias, de neg\u00f3cios e de empresas; \r\n<p>V - coordenar e implementar a\u00e7\u00f5es que incentivem o estreitamento entre a pesquisa cient\u00edfica e a gera\u00e7\u00e3o de neg\u00f3cios inovadores;\r\n<p>VI - criar, estimular e auxiliar os processos da inova\u00e7\u00e3o aberta, por meio da amplia\u00e7\u00e3o, promo\u00e7\u00e3o e dissemina\u00e7\u00e3o de programas que estimulem a parceria entre universidades e empresas;  \r\n<p>VII - fomentar a cria\u00e7\u00e3o de disciplinas multidisciplinares com foco na gera\u00e7\u00e3o de neg\u00f3cios inovadores;\r\n<p>VIII -  fomentar a realiza\u00e7\u00e3o de eventos, desafios e maratonas de inova\u00e7\u00e3o e empreendedorismo;\r\n<p>IX - estimular a cria\u00e7\u00e3o de empreendimentos de base tecnol\u00f3gica como startups ou spin-off; e,\r\n<p>X - contribuir na constru\u00e7\u00e3o e aperfei\u00e7oamento de pol\u00edticas, normas, procedimentos e sistemas relacionados \u00e0s atividades da coordenadoria no \u00e2mbito da Pr\u00f3-Reitoria.\r\n<\/p><br>\r\n<p>CAP\u00cdTULO IV\r\n<p>DOS \u00d3RG\u00c3OS COLEGIADOS DA PROINOVA\r\n<\/p><br>\r\n<p>Art. 18. Os \u00f3rg\u00e3os colegiados vinculados \u00e0 Pr\u00f3-Reitoria de Inova\u00e7\u00e3o Empreendedorismo (PROINOVA) e ao Parque de Inova\u00e7\u00e3o, Ci\u00eancia e Tecnologia (PICT-UFSM), da Universidade Federal de Santa Maria (UFSM), s\u00e3o:\r\n<p>I - Conselho Superior da PROINOVA (CS-PROINOVA); \r\n<p>II - Comit\u00ea Institucional de Inicia\u00e7\u00e3o \u00e0 Inova\u00e7\u00e3o Tecnol\u00f3gica e Desenvolvimento (COMIT-UFSM);\r\n<p>III - Conselho Estrat\u00e9gico do PICT (CEST-PICT-UFSM); e,\r\n<p>IV - Conselho Fiscal do PICT (CFISC-PICT-UFSM).\r\n<p>Par\u00e1grafo \u00fanico. Fica transferido o Comit\u00ea Institucional de Inicia\u00e7\u00e3o \u00e0 Inova\u00e7\u00e3o Tecnol\u00f3gica e Desenvolvimento (COMIT-UFSM) vinculado \u00e0 Coordenadoria de Inicia\u00e7\u00e3o Cient\u00edfica (CIC) da Pr\u00f3-Reitoria de P\u00f3s-Gradua\u00e7\u00e3o e Pesquisa (PRPGP) para a Pr\u00f3-Reitoria de Inova\u00e7\u00e3o e Empreendedorismo (PROINOVA).\r\n<p>Art. 19. Caber\u00e1 ao N\u00facleo de Apoio Administrativo-Or\u00e7ament\u00e1rio da PROINOVA (NAAO-PROINOVA) da PROINOVA, a responsabilidade de realizar o apoio administrativo e demais encaminhamentos para o devido andamento dos trabalhos dos \u00f3rg\u00e3os Colegiados previstos no Art. 18, incisos I e II, desta Resolu\u00e7\u00e3o.\r\n<p>Art. 20. Nas reuni\u00f5es dos referidos \u00f3rg\u00e3os colegiados poder\u00e3o comparecer, quando convidados pelo respectivo presidente, servidores, discentes e\/ou comunidade externa, a fim de prestarem esclarecimentos sobre assuntos que lhes forem pertinentes.\r\n<p>Par\u00e1grafo \u00fanico. As reuni\u00f5es destes \u00f3rg\u00e3os colegiados cujos membros possu\u00edrem domic\u00edlio e\/ou resid\u00eancia legal ou estiverem em local diverso da realiza\u00e7\u00e3o da atividade ser\u00e3o realizadas por videoconfer\u00eancia, sem pagamento de di\u00e1rias e deslocamento.\r\n<p>Art. 21. A participa\u00e7\u00e3o dos membros destes \u00f3rg\u00e3os colegiados ser\u00e1 considerada presta\u00e7\u00e3o de servi\u00e7o p\u00fablico relevante, e n\u00e3o ser\u00e1 remunerada. \r\n<p>Par\u00e1grafo \u00fanico. As atividades dos colegiados e de seus membros n\u00e3o poder\u00e3o causar preju\u00edzo \u00e0 presta\u00e7\u00e3o do servi\u00e7o p\u00fablico pelo servidor membro do colegiado.\r\n<p>Art. 22. As reuni\u00f5es destes \u00f3rg\u00e3os colegiados cujos membros estejam em entes federativos diversos ser\u00e3o realizadas por videoconfer\u00eancia, sem pagamento de di\u00e1rias ou deslocamento.\r\n<p>Par\u00e1grafo \u00fanico. Na hip\u00f3tese de ser demonstrada, de modo fundamentado, a inviabilidade ou a inconveni\u00eancia de se realizar a reuni\u00e3o por videoconfer\u00eancia, ser\u00e3o estimados os gastos com di\u00e1rias e passagens dos membros deste colegiado, assim como, a comprova\u00e7\u00e3o da disponibilidade or\u00e7ament\u00e1ria e financeira para o exerc\u00edcio em curso.\r\n<p>Art. 23. \u00c9 vedada a possibilidade de cria\u00e7\u00e3o de subcolegiados por ato destes colegiados.\r\n<p>Par\u00e1grafo \u00fanico. A mera necessidade de reuni\u00f5es eventuais para debate, articula\u00e7\u00e3o ou trabalho que envolva agentes p\u00fablicos da administra\u00e7\u00e3o p\u00fablica federal n\u00e3o ser\u00e1 admitida como fundamento para as propostas de que trata o caput.\r\n<\/p><br>\r\n<p><b>Se\u00e7\u00e3o I\r\n<p>Do Conselho Superior da PROINOVA (CS-PROINOVA)<\/b>\r\n<\/p><br>\r\n<p><b>Subse\u00e7\u00e3o I\r\n<p>Das Compet\u00eancias<\/b>\r\n<\/p><br>\r\n<p>Art. 24. Compete ao Conselho Superior da PROINOVA (CS-PROINOVA):\r\n<p>I - analisar, emitir parecer e deliberar sobre demandas de interesse da PROINOVA;\r\n<p>II - avaliar e aprovar editais, chamadas e normas no \u00e2mbito da PROINOVA;\r\n<p>III - propor \u00e0s inst\u00e2ncias competentes \u00e0 cria\u00e7\u00e3o ou atualiza\u00e7\u00e3o de pol\u00edticas, resolu\u00e7\u00f5es, regimentos e regulamentos relacionadas \u00e0 Inova\u00e7\u00e3o e ao Empreendedorismo;\r\n<p>IV - estabelecer as pol\u00edticas e as estrat\u00e9gias de atua\u00e7\u00e3o da PROINOVA, alinhadas com o PDI da UFSM e com as pol\u00edticas nacionais para a educa\u00e7\u00e3o, ci\u00eancia, tecnologia e inova\u00e7\u00e3o;\r\n<p>V - avaliar o desempenho da PROINOVA;\r\n<p>VI - apreciar os relat\u00f3rios anuais da PROINOVA;\r\n<p>VII - propor os princ\u00edpios e diretrizes da Pol\u00edtica de Inova\u00e7\u00e3o e da Pol\u00edtica de Prote\u00e7\u00e3o e Gest\u00e3o da Propriedade Intelectual;\r\n<p>VIII - monitorar e acompanhar as a\u00e7\u00f5es elencadas na Pol\u00edtica de Inova\u00e7\u00e3o e da Pol\u00edtica de Prote\u00e7\u00e3o e Gest\u00e3o da Propriedade Intelectual; e,\r\n<p>IX - definir a aplica\u00e7\u00e3o do or\u00e7amento para a inova\u00e7\u00e3o, nos termos desta resolu\u00e7\u00e3o.\r\n<\/p><br>\r\n<p><b>Subse\u00e7\u00e3o II\r\n<p>Da Composi\u00e7\u00e3o e Autoridade<\/b>\r\n<\/p><br>\r\n<p>Art. 25. O Conselho Superior da PROINOVA (CSA-PROINOVA) ter\u00e1 a seguinte composi\u00e7\u00e3o:\r\n<p>I \u2013 Reitor (a) da UFSM, que presidir\u00e1 o Conselho;\r\n<p>II - Vice-Reitor (a) da UFSM;\r\n<p>III - Pr\u00f3-Reitor (a) de Inova\u00e7\u00e3o e Empreendedorismo;\r\n<p>IV - 5 (cinco) representantes da Reitoria da UFSM;\r\n<p>V - 3 (tr\u00eas) representantes das Unidades de Ensino da UFSM;\r\n<p>VI - 2 (dois) servidores da UFSM, com atua\u00e7\u00e3o em inova\u00e7\u00e3o e\/ou empreendedorismo, indicados pelo(a) Pr\u00f3-Reitor(a) de Inova\u00e7\u00e3o e Empreendedorismo; e,\r\n<p>VII - 2 (dois) membros externos \u00e0 UFSM, com not\u00f3ria contribui\u00e7\u00e3o ao desenvolvimento cient\u00edfico e tecnol\u00f3gico da cidade de Santa Maria e do pa\u00eds, indicados pelo(a) Pr\u00f3-Reitor(a) de Inova\u00e7\u00e3o e Empreendedorismo.\r\n<p>\u00a7 1\u00ba Na aus\u00eancia do(a) Reitor(a), o Conselho Superior da PROINOVA (CS-PROINOVA) ser\u00e1 presidido pelo(a) Vice-Reitor(a).\r\n<p>\u00a7 2\u00ba Os Diretores de unidades de ensino da UFSM escolher\u00e3o entre si os 3 (tr\u00eas) representantes que far\u00e3o parte do Conselho Superior da PROINOVA (CS-PROINOVA), previstos no inciso IX.\r\n<p>\u00a7 3\u00ba Os suplentes dos membros do Conselho Superior da PROINOVA (CS-PROINOVA) mencionados nos incisos III \u00e0 VIII ser\u00e3o indicados via memorando pela autoridade respons\u00e1vel pela respectiva unidade como seus substitutos nas respectivas \u00e1reas de atua\u00e7\u00e3o.\r\n<p>\u00a7 4\u00ba Os membros e os suplentes do Conselho Superior da PROINOVA (CS-PROINOVA) mencionados nos incisos X e XI ser\u00e3o indicados via memorando pelo(a) Pr\u00f3-Reitor(a) da Pr\u00f3-Reitoria de Inova\u00e7\u00e3o e Empreendedorismo (PROINOVA), sendo referendado pelo Conselho Superior da PROINOVA (CS-PROINOVA).\r\n<p>\u00a7 5\u00ba Os membros ter\u00e3o mandato de 2 (dois) anos, podendo ser reconduzidos pelo mesmo per\u00edodo.\r\n<p>\u00a7 6\u00ba Na composi\u00e7\u00e3o do referido \u00f3rg\u00e3o colegiado dever\u00e1 ser assegurado, pelo menos, 70% (setenta por cento) dos assentos para o segmento docente, conforme disposto no Art. 56 da <a href=\"https:\/\/www.planalto.gov.br\/ccivil_03\/leis\/l9394.htm\" target=\"_blank\"><font color=\"blue\"><u>LDB<\/u><\/font><\/a>.\r\n<p>\u00a7 7\u00ba Cada membro poder\u00e1 ser substitu\u00eddo em qualquer \u00e9poca, sempre que houver consenso da maioria e respeitadas as condi\u00e7\u00f5es previstas para indica\u00e7\u00f5es dos membros, por meio de solicita\u00e7\u00e3o escrita do respectivo segmento de representa\u00e7\u00e3o, ou se o pr\u00f3prio representante assim o desejar.\r\n<p>\u00a7 8\u00ba Justifica-se o quantitativo de membros integrantes do \u00f3rg\u00e3o colegiado em n\u00famero superior a 7 (sete) tendo em vista a necessidade de representa\u00e7\u00e3o de diversas \u00e1reas da institui\u00e7\u00e3o, tanto acad\u00eamicas como administrativas, bem como a necessidade de participa\u00e7\u00e3o de representantes da sociedade com not\u00f3ria contribui\u00e7\u00e3o desenvolvimento cient\u00edfico e tecnol\u00f3gico da cidade de Santa Maria e do pa\u00eds.\r\n<\/p><br>\r\n<p><b>Subse\u00e7\u00e3o III\r\n<p>Do Qu\u00f3rum de Reuni\u00e3o e de Vota\u00e7\u00e3o<\/b>\r\n<\/p><br>\r\n<p>Art. 26. O Conselho Superior da PROINOVA (CS-PROINOVA) far\u00e1 1 (uma) reuni\u00e3o ordin\u00e1ria semestral, por convoca\u00e7\u00e3o de seu Presidente ou do(a) Pr\u00f3-Reitor(a) de Inova\u00e7\u00e3o e Empreendedorismo ou a requerimento de, no m\u00ednimo, 51% (cinquenta e um por cento) de seus membros; ou extraordinariamente, desde que haja demanda para o referido \u00f3rg\u00e3o colegiado.\r\n<p>\u00a7 1\u00ba A reuni\u00e3o dever\u00e1 ser agendada com, no m\u00ednimo, 5 (cinco) dias \u00fateis de anteced\u00eancia via correio eletr\u00f4nico.\r\n<p>\u00a7 2\u00ba O qu\u00f3rum m\u00ednimo dever\u00e1 ser de 50% (cinquenta por cento) dos membros do Conselho Superior da PROINOVA (CS-PROINOVA) e confirmada a inexist\u00eancia de qu\u00f3rum para a instala\u00e7\u00e3o dos trabalhos, ser\u00e1 convocada nova reuni\u00e3o, que se realizar\u00e1 30 (trinta) minutos ap\u00f3s a hora da 1\u00aa (primeira) e, nessa situa\u00e7\u00e3o, o Conselho Superior da PROINOVA (CS-PROINOVA) funcionar\u00e1 com qualquer n\u00famero.\r\n<p>\u00a7 3\u00ba A mat\u00e9ria constante da pauta da reuni\u00e3o ser\u00e1 distribu\u00edda aos Conselheiros no momento do agendamento.\r\n<p>\u00a7 4\u00ba As reuni\u00f5es deste \u00f3rg\u00e3o colegiado poder\u00e3o ser realizadas por videoconfer\u00eancia, sem pagamento de di\u00e1rias e deslocamento.\r\n<p>Art. 27. Havendo n\u00famero legal e declarada aberta a sess\u00e3o, proceder-se-\u00e1 a discuss\u00e3o e posterior realiza\u00e7\u00e3o dos pareceres que dever\u00e3o embasar os processos a serem analisados pelo \u00f3rg\u00e3o colegiado em quest\u00e3o.\r\n<p>Par\u00e1grafo \u00fanico. Quando da ocorr\u00eancia de empate na vota\u00e7\u00e3o, caber\u00e1 ao(\u00e0) Presidente da sess\u00e3o o voto qualificado.\r\n<\/p><br>\r\n<p><b>Subse\u00e7\u00e3o IV\r\n<p>Do Regimento Interno, dos Relat\u00f3rios Peri\u00f3dicos e do Relat\u00f3rio Final<\/b>\r\n<\/p><br>\r\n<p>Art. 28. Em caso de conveni\u00eancia e oportunidade, para o melhor desenvolvimento das atividades deste conselho, poder\u00e1 ser elaborado e encaminhado Regimento Interno pr\u00f3prio para aprecia\u00e7\u00e3o e delibera\u00e7\u00e3o pelas inst\u00e2ncias competentes.\r\n<p>Art. 29. O Conselho Superior da PROINOVA (CS-PROINOVA), tornar\u00e1 p\u00fablica suas a\u00e7\u00f5es, reuni\u00f5es e materiais espec\u00edficos de sua \u00e1rea em s\u00edtio eletr\u00f4nico pr\u00f3prio, ressalvado o conte\u00fado sujeito a sigilo, n\u00e3o havendo necessidades de emitir relat\u00f3rios peri\u00f3dicos e anuais.\r\n<p>Art. 30. \u00c9 vedada a divulga\u00e7\u00e3o de discuss\u00f5es em curso sem a pr\u00e9via anu\u00eancia do titular da PROINOVA ao qual este \u00f3rg\u00e3o colegiado est\u00e1 vinculado. \r\n<\/p><br>\r\n<p><b>Se\u00e7\u00e3o II \r\n<p>Do Comit\u00ea Institucional de Inicia\u00e7\u00e3o \u00e0 Inova\u00e7\u00e3o Tecnol\u00f3gica e Desenvolvimento (COMIT-UFSM)\r\n<\/p><br>\r\n<p>Subse\u00e7\u00e3o I\r\n<p>Das Compet\u00eancias<\/b>\r\n<\/p><br>\r\n<p>Art. 31. Compete ao Comit\u00ea Institucional de Inicia\u00e7\u00e3o \u00e0 Inova\u00e7\u00e3o Tecnol\u00f3gica e Desenvolvimento (COMIT-UFSM):\r\n<p>I - propor, discutir e definir os crit\u00e9rios de avalia\u00e7\u00e3o a serem adotados nos processos de concess\u00e3o de bolsas e aux\u00edlios financeiros obtidos atrav\u00e9s dos editais institucionais de fomento a a\u00e7\u00f5es envolvendo a inicia\u00e7\u00e3o \u00e0 inova\u00e7\u00e3o tecnol\u00f3gica e desenvolvimento na UFSM;\r\n<p>II - homologar os resultados dos processos de concess\u00e3o de bolsas e aux\u00edlios financeiros dos editais institucionais de fomento a a\u00e7\u00f5es envolvendo a inicia\u00e7\u00e3o \u00e0 inova\u00e7\u00e3o tecnol\u00f3gica e desenvolvimento; e, \r\n<p>III - avaliar, discutir e emitir parecer sobre todas as demandas que envolvam a inicia\u00e7\u00e3o \u00e0 inova\u00e7\u00e3o tecnol\u00f3gica e desenvolvimento, quando assim solicitado pela Pr\u00f3-Reitoria de Inova\u00e7\u00e3o e Empreendedorismo (PROINOVA) da UFSM.\r\n<\/p><\/p><br>\r\n<p><b>Subse\u00e7\u00e3o II\r\n<p>Da Composi\u00e7\u00e3o e Autoridade<\/b>\r\n<\/p><br>\r\n<p>Art. 32. O Comit\u00ea Institucional de Inicia\u00e7\u00e3o \u00e0 Inova\u00e7\u00e3o Tecnol\u00f3gica e Desenvolvimento tem o(a) Pr\u00f3-Reitor(a) de Inova\u00e7\u00e3o e Empreendedorismo (PROINOVA) como seu Presidente e o(a) Coordenador(a) de Empreendedorismo da PROINOVA como seu substituto eventual na presid\u00eancia.\r\n<p>\u00a7 1\u00ba Este comit\u00ea ser\u00e1 formado pelo(a) Pr\u00f3-Reitor(a) de Inova\u00e7\u00e3o e Empreendedorismo (PROINOVA), Coordenador(a) de Empreendedorismo da PROINOVA, Pr\u00f3-Reitor(a) de P\u00f3s-Gradua\u00e7\u00e3o e Pesquisa (PRPGP), Coordenador(a) de Pesquisa da PRPGP, por 1 (um) representante de cada grande \u00e1rea do CNPq indicado pelo(a) Pr\u00f3-Reitor(a) de Inova\u00e7\u00e3o e Empreendedorismo entre os detentores de Bolsas de Desenvolvimento Tecnol\u00f3gico e Extens\u00e3o Inovadora ou em Produtividade em Pesquisa do CNPq, e 1 (um) membro indicado por cada uma das Unidades de Ensino da UFSM.\r\n<p>\u00a7 2\u00ba A composi\u00e7\u00e3o deste Comit\u00ea justifica-se pela necessidade de assegurar \u00e0 todas as unidades de ensino da institui\u00e7\u00e3o o direito a pelo menos 1 (um) representante, assim como assegurar que todas as \u00e1reas do conhecimento tenham suas particularidades representadas.\r\n<p>\u00a7 3\u00ba A aus\u00eancia n\u00e3o justificada previamente em 2 (duas) reuni\u00f5es, consecutivas ou n\u00e3o, durante o per\u00edodo de 1 (um) ano a partir da nomea\u00e7\u00e3o, implicar\u00e1 no autom\u00e1tico desligamento do membro do colegiado, sendo os respons\u00e1veis pela indica\u00e7\u00e3o notificados para que seja realizada a imediata substitui\u00e7\u00e3o.\r\n<p>\u00a7 4\u00ba Os membros indicados para compor este comit\u00ea, pelo(a) Pr\u00f3-Reitor(a) de Inova\u00e7\u00e3o e Empreendedorismo ou pelas Unidades de Ensino, ter\u00e3o um mandato de 2 (dois) anos, podendo ser reconduzidos por mais 2 (dois) anos, sempre que necess\u00e1rio ou substitu\u00eddo, em ambos os casos mediante nomea\u00e7\u00e3o formal emitida pelos respons\u00e1veis pela indica\u00e7\u00e3o.\r\n<\/p><br>\r\n<p><b>Subse\u00e7\u00e3o III\r\n<p>Do Qu\u00f3rum de Reuni\u00e3o e de Vota\u00e7\u00e3o<\/b>\r\n<\/p><br>\r\n<p>Art. 33. O qu\u00f3rum m\u00ednimo para as reuni\u00f5es do comit\u00ea \u00e9 de 8 (oito) presentes e para as vota\u00e7\u00f5es de 13 (treze) presentes.\r\n<p>Par\u00e1grafo \u00fanico. Quando da ocorr\u00eancia de empate na vota\u00e7\u00e3o, caber\u00e1 ao(\u00e0) Presidente da sess\u00e3o o voto qualificado.\r\n<p>Art. 34. Havendo n\u00famero legal e declarada aberta a sess\u00e3o, proceder-se-\u00e1 a discuss\u00e3o e posterior realiza\u00e7\u00e3o dos pareceres que dever\u00e3o embasar os processos a serem analisados pelo presente comit\u00ea.\r\n<p>Par\u00e1grafo \u00fanico. N\u00e3o havendo qu\u00f3rum, os membros ser\u00e3o convocados para nova reuni\u00e3o 48 (quarenta e oito) horas depois, com a mesma pauta.\r\n<\/p><br>\r\n<p><b>Subse\u00e7\u00e3o IV\r\n<p>Da Periodicidade das Reuni\u00f5es<\/b>\r\n<\/p><br>\r\n<p>Art. 35. As reuni\u00f5es ordin\u00e1rias acontecem semestralmente, em datas e locais a serem definidos pela Presid\u00eancia.\r\n<p>\u00a7 1\u00ba As reuni\u00f5es extraordin\u00e1rias acontecer\u00e3o sempre que necess\u00e1rias, seja por demandas da Presid\u00eancia, seja por solicita\u00e7\u00e3o de um dos membros ou por demandas provenientes da comunidade universit\u00e1ria.\r\n<p>\u00a7 2\u00ba As demais a\u00e7\u00f5es envolvendo o comit\u00ea ter\u00e3o seu cronograma determinado pelos editais de solicita\u00e7\u00f5es de bolsas e aux\u00edlios para projetos.\r\n<p>\u00a7 3\u00ba As convoca\u00e7\u00f5es ser\u00e3o feitas via correio eletr\u00f4nico, pelo(a) Presidente, com anteced\u00eancia m\u00ednima de 48 (quarenta e oito) horas, devendo constar da mesma a Ordem do Dia.\r\n<p>\u00a7 4\u00ba As reuni\u00f5es deste colegiado, ordin\u00e1rias ou extraordin\u00e1rias, cujos membros, convidados ou participantes estejam em munic\u00edpios diversos, ser\u00e3o realizadas por videoconfer\u00eancia, sem pagamento de di\u00e1rias e deslocamento.\r\n<\/p><br>\r\n<p><b>Subse\u00e7\u00e3o V\r\n<p>Do Regimento Interno, dos Relat\u00f3rios Peri\u00f3dicos e do Relat\u00f3rio Final<\/b>\r\n<\/p><br>\r\n<p>Art. 36. O Comit\u00ea Institucional de Inicia\u00e7\u00e3o \u00e0 Inova\u00e7\u00e3o Tecnol\u00f3gica e Desenvolvimento (COMIT), pautar\u00e1 suas decis\u00f5es respeitando os Regimentos Internos da UFSM, as Resolu\u00e7\u00f5es Normativas do Conselho Nacional de Pesquisa e Desenvolvimento (CNPq) e da Funda\u00e7\u00e3o de Amparo \u00e0 Pesquisa do Estado do Rio Grande do Sul (FAPERGS), dispensando a necessidade de regimento interno.\r\n<p>Art. 37. \u00c9 responsabilidade do Comit\u00ea Institucional de Inicia\u00e7\u00e3o \u00e0 Inova\u00e7\u00e3o Tecnol\u00f3gica e Desenvolvimento (COMIT) a emiss\u00e3o de relat\u00f3rio anual de atividades.\r\n<\/p><br>\r\n<p><b>Se\u00e7\u00e3o III\r\n<p>Conselhos Estrat\u00e9gico e Fiscal do PICT<\/b>\r\n<\/p><br>\r\n<p><b>Subse\u00e7\u00e3o I\r\n<p>Disposi\u00e7\u00f5es gerais sobre o funcionamento do Conselho Estrat\u00e9gico (CEST-PICT-UFSM) e do Conselho Fiscal do Parque (CFISC-PICT-UFSM)<\/b>\r\n<\/p><br>\r\n<p>Art. 38. As reuni\u00f5es de ambos os conselhos acontecer\u00e3o com a presen\u00e7a m\u00ednima da maioria absoluta dos seus membros, considerando-se esse o n\u00famero legal para vota\u00e7\u00e3o.\r\n<p>Par\u00e1grafo \u00fanico. Quando da ocorr\u00eancia de empate na vota\u00e7\u00e3o, caber\u00e1 ao(\u00e0) Presidente da sess\u00e3o o voto qualificado.\r\n<p>Art. 39. As convoca\u00e7\u00f5es dos conselhos ser\u00e3o feitas via correio eletr\u00f4nico, pelo(a) presidente, com anteced\u00eancia m\u00ednima de 48 (quarenta e oito) horas, devendo constar da mesma a Ordem do Dia.\r\n<p>Art. 40. Havendo n\u00fameros legal e declarada aberta a sess\u00e3o, proceder-se-\u00e1 a discuss\u00e3o e posterior realiza\u00e7\u00e3o dos pareceres referentes aos assuntos sob an\u00e1lise do \u00f3rg\u00e3o colegiado em quest\u00e3o.\r\n<p>Par\u00e1grafo \u00fanico. N\u00e3o havendo qu\u00f3rum, os membros ser\u00e3o convocados para nova reuni\u00e3o 48 (quarenta e oito) horas depois, com a mesma pauta.\r\n<p>Art. 41. Ambos os conselhos se reunir\u00e3o ordinariamente, por 1 (um) turno, 1 (uma) vez por ano ou extraordinariamente, sempre que convocados pelo seu presidente ou maioria de seus membros e desde que haja demanda para o referido \u00f3rg\u00e3o colegiado.\r\n<p>Par\u00e1grafo \u00fanico. As reuni\u00f5es destes \u00f3rg\u00e3os colegiados em que houver membros, convidados ou participantes que estejam em entes federativos diversos, ser\u00e3o realizadas por videoconfer\u00eancia, sem pagamento de di\u00e1rias e deslocamento.\r\n<p>Art. 42. Caber\u00e1 ao Parque de Inova\u00e7\u00e3o, Ci\u00eancia e Tecnologia da UFSM (PICT-UFSM), no que se refere ao funcionamento de ambos os conselhos, a responsabilidade de realizar o apoio administrativo e demais encaminhamentos para o devido andamento dos trabalhos.\r\n<p>Art. 43. Por se tratarem de \u00f3rg\u00e3os colegiados permanentes internos do Parque de Inova\u00e7\u00e3o, Ci\u00eancia e Tecnologia da Universidade Federal de Santa Maria (PICT-UFSM), o qual ser\u00e1 regulamentado por Regimento Interno, n\u00e3o h\u00e1 necessidade de regimento espec\u00edfico para estes conselhos.\r\n<p>Art. 44. Nas reuni\u00f5es de ambos os conselhos poder\u00e3o comparecer, quando convidados pelo Presidente, outros convidados, a fim de prestarem esclarecimentos sobre assuntos que lhes forem pertinentes.\r\n<p>Par\u00e1grafo \u00fanico. Quando estes convidados possu\u00edrem domic\u00edlio e\/ou resid\u00eancia legal ou estiverem em local diverso da realiza\u00e7\u00e3o da atividade, sua participa\u00e7\u00e3o se dar\u00e1 por videoconfer\u00eancia, sem pagamento de di\u00e1rias e deslocamento.\r\n<p>Art. 45. Ambos os conselhos emitir\u00e3o pareceres espec\u00edficos para os assuntos de sua \u00e1rea, n\u00e3o havendo necessidades de emitir relat\u00f3rios peri\u00f3dicos e anuais.\r\n<p>Art. 46. \u00c9 vedada, para ambos os conselhos, a divulga\u00e7\u00e3o de discuss\u00f5es em curso sem a pr\u00e9via anu\u00eancia do titular do PICT-UFSM, unidade \u00e0 qual os conselhos est\u00e3o vinculados.\r\n<p>Art. 47. A participa\u00e7\u00e3o dos membros de ambos os conselhos ser\u00e1 considerada presta\u00e7\u00e3o de servi\u00e7o p\u00fablico relevante, e n\u00e3o ser\u00e1 remunerada.\r\n<p>Par\u00e1grafo \u00fanico. As atividades dos conselhos e de seus membros n\u00e3o poder\u00e3o causar preju\u00edzo \u00e0 presta\u00e7\u00e3o do servi\u00e7o p\u00fablico pelo servidor membro do \u00f3rg\u00e3o do colegiado.\r\n<p>Art. 48. As reuni\u00f5es desses conselhos nas quais haja membros em entes federativos diversos ser\u00e3o realizadas por videoconfer\u00eancia.\r\n<p>Par\u00e1grafo \u00fanico. Na hip\u00f3tese de ser demonstrada, de modo fundamentado, a inviabilidade ou a inconveni\u00eancia de se realizar a reuni\u00e3o por videoconfer\u00eancia, ser\u00e3o estimados os gastos com di\u00e1rias e passagens dos membros deste colegiado, assim como, a comprova\u00e7\u00e3o da disponibilidade or\u00e7ament\u00e1ria e financeira para o exerc\u00edcio em curso.\r\n<p>Art. 49. \u00c9 vedada a possibilidade de cria\u00e7\u00e3o de subcolegiados por ato de qualquer destes conselhos.\r\n<p>Par\u00e1grafo \u00fanico. A mera necessidade de reuni\u00f5es eventuais para debate, articula\u00e7\u00e3o ou trabalho que envolva agentes p\u00fablicos da administra\u00e7\u00e3o p\u00fablica federal n\u00e3o ser\u00e1 admitida como fundamento para as propostas de que trata o caput.\r\n<\/p><br>\r\n<p><b>Subse\u00e7\u00e3o II\r\n<p>Do Conselho Estrat\u00e9gico (CEST-PICT-UFSM)<\/b>\r\n<\/p><br>\r\n<p>Art. 50. O Conselho Estrat\u00e9gico do Parque (CEST-PICT-UFSM) \u00e9 um \u00f3rg\u00e3o consultivo, indicado via memorando pelo(a) Gerente do Parque e oficialmente designados via portaria do(a) Reitor(a).\r\n<p>Art. 51. O Conselho Estrat\u00e9gico ser\u00e1 presidido pelo Gerente do Parque e ter\u00e1 12 (doze) membros, com a seguinte composi\u00e7\u00e3o:\r\n<p>I - 4 (quatro) membros internos da UFSM;\r\n<p>II - 6 (seis) membros externos \u00e0 UFSM, sendo, pelo menos 1 (um) representante das Empresas Residentes e 1 (um) representante da Entidade Gestora; \r\n<p>III \u2013 Chefe do N\u00facleo de Gest\u00e3o de Incubadoras Tecnol\u00f3gicas; e,\r\n<p>III - Gerente do Parque.\r\n<p>\u00a7 1\u00ba Na hip\u00f3tese de, por qualquer motivo, n\u00e3o haver Empresas Residentes ou Entidade Gestora homologada, seus respectivos assentos no Conselho Estrat\u00e9gico ficam vagos.\r\n<p>\u00a7 2\u00ba O Gerente do Parque poder\u00e1 deliberar pela forma\u00e7\u00e3o de Comit\u00eas T\u00e9cnicos espec\u00edficos, que ter\u00e3o suas compet\u00eancias e prazo de atua\u00e7\u00e3o definidos no momento de sua cria\u00e7\u00e3o.\r\n<p>\u00a7 3\u00ba Os pareceres emitidos pelo Conselho Estrat\u00e9gico ser\u00e3o aprovados entre os membros por maioria simples.\r\n<p>\u00a7 4\u00ba O Gerente do Parque ter\u00e1 direito a voto somente em caso de empate na vota\u00e7\u00e3o.\r\n<p>\u00a7 5\u00ba Os integrantes do Conselho Estrat\u00e9gico do Parque ter\u00e3o mandato de 2 (dois) anos, podendo ser reconduzidos pelo mesmo per\u00edodo.\r\n<p>\u00a7 6\u00ba Sempre que poss\u00edvel, a nomea\u00e7\u00e3o dos integrantes do Conselho Estrat\u00e9gico do Parque ser\u00e1 feita de maneira que a renova\u00e7\u00e3o dos seus integrantes mantenha metade dos membros que antes compunham o conselho, como forma de preservar o hist\u00f3rico e a mem\u00f3ria coletiva inerente \u00e0s atividades do conselho.\r\n<p>Art. 52. Compete ao Conselho Estrat\u00e9gico (CEST-PICT-UFSM):\r\n<p>I - propor as diretrizes para cria\u00e7\u00e3o e modifica\u00e7\u00e3o do Regimento do Interno do PICT-UFSM;\r\n<p>II - analisar e emitir parecer sobre o Regimento Interno do PICT-UFSM;\r\n<p>III - propor as diretrizes para o processo de sele\u00e7\u00e3o da Entidade Gestora;\r\n<p>IV - emitir parecer sobre o resultado do processo de sele\u00e7\u00e3o da Entidade Gestora, encaminhando-o ao Gerente do Parque para que seja enviado para aprecia\u00e7\u00e3o e aprova\u00e7\u00e3o do Conselho Universit\u00e1rio;\r\n<p>V - emitir parecer sobre as diretrizes do processo de sele\u00e7\u00e3o das Empresas Residentes e das Empresas de Apoio e Institui\u00e7\u00f5es Parceiras, bem como sobre a homologa\u00e7\u00e3o do resultado final dos processos de sele\u00e7\u00e3o realizados;\r\n<p>VI - propor linhas de atua\u00e7\u00e3o e as diretrizes de funcionamento do Parque;\r\n<p>VII - propor diretrizes para elabora\u00e7\u00e3o do Contrato ou Conv\u00eanio espec\u00edfico com a Entidade Gestora;\r\n<p>VIII - emitir parecer sobre Contrato ou Conv\u00eanio espec\u00edfico realizado com a Entidade Gestora, bem como as presta\u00e7\u00f5es de contas dele decorrentes;\r\n<p>IX - analisar e emitir parecer sobre os planos, programas e metas propostos para o desenvolvimento do Parque, bem como avaliar e acompanhar o seu andamento;\r\n<p>X - analisar e emitir parecer sobre as normas e procedimentos elaborados;\r\n<p>XI - analisar e emitir parecer sobre os relat\u00f3rios de desempenho do Parque;\r\n<p>XII - analisar e emitir parecer sobre a presta\u00e7\u00e3o de contas do Parque, mediante parecer pr\u00e9vio do Conselho Fiscal;\r\n<p>XIII - analisar e emitir parecer sobre assuntos omissos, sempre que solicitado pelo Gerente do Parque; e,\r\n<p>XIV \u2013 por meio de seus membros, emitir opini\u00f5es e manifestar-se sobre assuntos de interesse do parque sempre que solicitado pelo Gerente do Parque.\r\n<\/p><br>\r\n<p><b>Subse\u00e7\u00e3o III\r\n<p>Do Conselho Fiscal (CFISC-PICT-UFSM)<\/b>\r\n<\/p><br>\r\n<p>Art. 53. O Conselho Fiscal do Parque (CFISC-PICT-UFSM) \u00e9 um \u00f3rg\u00e3o consultivo, que ter\u00e1 3 (tr\u00eas) membros, todos indicados pelo Reitor.\r\n<p>\u00a7 1\u00ba O presidente do Conselho Fiscal ser\u00e1 eleito pelos seus membros por maioria simples.\r\n<p>\u00a7 2\u00ba No ato de sua constitui\u00e7\u00e3o e sempre que se fizer necess\u00e1rio devido a mudan\u00e7a nos membros do Conselho Fiscal, o Reitor indicar\u00e1 um presidente pr\u00f3-tempore.\r\n<p>\u00a7 3\u00ba Nas reuni\u00f5es convocadas pelo presidente pr\u00f3-tempore, o 1\u00ba (primeiro) item de pauta da ordem do dia ser\u00e1 a elei\u00e7\u00e3o do presidente do conselho.\r\n<p>Art. 54. Compete ao Conselho Fiscal do Parque (CFISC-PICT-UFSM):\r\n<p>I - fiscalizar a gest\u00e3o econ\u00f4mica e financeira do Parque, examinar suas contas, balan\u00e7os e documentos e emitir parecer que ser\u00e1 encaminhado ao Conselho Estrat\u00e9gico; e,\r\n<p>II - recomendar ao Gerente do Parque e ao seu Conselho Estrat\u00e9gico a realiza\u00e7\u00e3o de auditoria externa no Parque, quando julgar necess\u00e1rio.\r\n<\/p><br>\r\n<p>CAP\u00cdTULO V\r\n<p>DAS ATRIBUI\u00c7\u00d5ES M\u00cdNIMAS\r\n<\/p><br>\r\n<p>Art. 55. A Pr\u00f3-Reitoria de Inova\u00e7\u00e3o e Empreendedorismo (PROINOVA) \u00e9 representada pela autoridade denominada \u201cPr\u00f3-Reitor(a) de Inova\u00e7\u00e3o e Empreendedorismo\u201d, que possui como atribui\u00e7\u00f5es:\r\n<p>I - assessorar o(a) Reitor(a) no desenvolvimento de pol\u00edticas e programas voltados \u00e0 Inova\u00e7\u00e3o e ao Empreendedorismo;\r\n<p>II - regulamentar e zelar pela adequada execu\u00e7\u00e3o das diversas demandas da PROINOVA;\r\n<p>III - fazer cumprir as delibera\u00e7\u00f5es dos Conselhos Superiores relativas \u00e0 PROINOVA;\r\n<p>IV - promover e manter as articula\u00e7\u00f5es e inter-rela\u00e7\u00f5es da PROINOVA com os demais \u00f3rg\u00e3os da UFSM e com \u00f3rg\u00e3os externos de interesse;\r\n<p>V - submeter a quem couber todos os assuntos que requeiram a a\u00e7\u00e3o de \u00f3rg\u00e3os espec\u00edficos da Administra\u00e7\u00e3o da UFSM;\r\n<p>VI - planejar, coordenar e controlar as a\u00e7\u00f5es executivas da PROINOVA, responsabilizando-se pela preserva\u00e7\u00e3o do patrim\u00f4nio;\r\n<p>VII - assegurar a fiel observ\u00e2ncia quanto \u00e0 legisla\u00e7\u00e3o vigente relacionada \u00e0 PROINOVA;\r\n<p>VIII - coordenar debates e formula\u00e7\u00f5es que conduzam \u00e0 reflex\u00e3o e a\u00e7\u00e3o sobre os prop\u00f3sitos e significados da inova\u00e7\u00e3o e empreendedorismo no \u00e2mbito da UFSM;\r\n<p>IX - expedir portarias, avisos, instru\u00e7\u00f5es e normas de servi\u00e7o, no \u00e2mbito de sua compet\u00eancia;\r\n<p>X - detectar necessidades de capacita\u00e7\u00e3o e promover o aperfei\u00e7oamento de seu pessoal;\r\n<p>XI - encaminhar aos Conselhos Superiores os processos de compet\u00eancia da PROINOVA e de suas subunidades;\r\n<p>XII - baixar atos normativos na esfera de sua compet\u00eancia;\r\n<p>XIII - desempenhar as demais atribui\u00e7\u00f5es inerentes \u00e0 sua fun\u00e7\u00e3o, determinadas em Lei, <a href=\"https:\/\/www.ufsm.br\/pro-reitorias\/proplan\/estatuto-ufsm-2010\/\" target=\"_blank\"><font color=\"blue\"><u>Estatuto<\/u><\/font><\/a> ou pelo <a href=\"https:\/\/www.ufsm.br\/pro-reitorias\/proplan\/regimento-geral-da-ufsm-2011\" target=\"_blank\"><font color=\"blue\"><u>Regimento da UFSM<\/u><\/font><\/a>, na esfera de sua compet\u00eancia; e,\r\n<p>XIV - representar a PROINOVA sempre que se fizer necess\u00e1rio.\r\n<p>Art. 56. O PICT-UFSM \u00e9 representado pela autoridade denominada \u201cGerente do Parque\u201d, que possui como atribui\u00e7\u00f5es:\r\n<p>I - representar a UFSM junto a entidades externas interessadas no Parque;\r\n<p>II - participar ou delegar a participa\u00e7\u00e3o em eventos nacionais e internacionais visando a divulga\u00e7\u00e3o do Parque e da UFSM;\r\n<p>III - propor a\u00e7\u00f5es, estrat\u00e9gias e planos voltados para o desenvolvimento e consolida\u00e7\u00e3o do Parque, encaminhando para an\u00e1lise e aprova\u00e7\u00e3o do Conselho Estrat\u00e9gico;\r\n<p>IV - promover a integra\u00e7\u00e3o das atividades do PICT-UFSM com o ambiente acad\u00eamico institucional, divulgando o parque e criando sinergia entre os diferentes atores envolvidos;\r\n<p>V - articular e elaborar projetos para capta\u00e7\u00e3o de recursos financeiros para o Parque;\r\n<p>VI - realizar a articula\u00e7\u00e3o entre a Entidade Gestora, empresas residentes, pesquisadores e grupos de pesquisa da UFSM, identificando e promovendo as intera\u00e7\u00f5es com vista ao atendimento aos objetivos do PICT-UFSM;\r\n<p>VII - realizar a articula\u00e7\u00e3o entre a Entidade Gestora e os \u00f3rg\u00e3os administrativos da UFSM, que desempenham atividades relacionadas ao Parque;\r\n<p>VIII - presidir o Conselho Estrat\u00e9gico do Parque;\r\n<p>IX - conduzir, de forma harm\u00f4nica, o envolvimento dos membros do Conselho Estrat\u00e9gico, provendo informa\u00e7\u00f5es sobre o andamento do Parque e articulando para que os seus posicionamentos estejam de acordo com as diretrizes da pol\u00edtica de inova\u00e7\u00e3o, empreendedorismo e transfer\u00eancia de tecnologia;\r\n<p>X - analisar e deliberar sobre os assuntos que tenham sido objeto de parecer do Conselho Estrat\u00e9gico;\r\n<p>XI - exercer, junto \u00e0s subunidades do PICT-UFSM, as compet\u00eancias relativas \u00e0 Gest\u00e3o do Parque, at\u00e9 que ocorra sele\u00e7\u00e3o e contrata\u00e7\u00e3o de Entidade Gestora;\r\n<p>XII - definir as prioridades de apresenta\u00e7\u00e3o de propostas para implementa\u00e7\u00e3o de a\u00e7\u00f5es para operacionaliza\u00e7\u00e3o do PICT-UFSM;\r\n<p>XIII - propor, se presente os pressupostos de conveni\u00eancia e oportunidade, a contrata\u00e7\u00e3o de funda\u00e7\u00e3o de apoio para auxiliar na gest\u00e3o do PICT-UFSM; \r\n<p>XIV - analisar e deliberar sobre os assuntos omissos;\r\n<p>XV - coordenar a execu\u00e7\u00e3o dos planos, programas e metas propostos para o desenvolvimento do Parque, provendo as informa\u00e7\u00f5es necess\u00e1rias para o seu acompanhamento;\r\n<p>XVI - elaborar as normas e procedimentos necess\u00e1rios para o funcionamento do Parque e encaminh\u00e1-las para an\u00e1lise e aprova\u00e7\u00e3o do Conselho Estrat\u00e9gico;\r\n<p>XVII -  elaborar relat\u00f3rios de desempenho do Parque;\r\n<p>XVIII - interagir com as Empresas Residentes e com as Empresas e Institui\u00e7\u00f5es Parceiras de forma a fazer cumprir os instrumentos jur\u00eddicos firmados entre elas e o PICT-UFSM;\r\n<p>XIX -  prover os servi\u00e7os de infraestrutura necess\u00e1rios para o funcionamento do Parque;\r\n<p>XX -  coordenar o processo de sele\u00e7\u00e3o e contrata\u00e7\u00e3o das Empresas Residentes e Empresas e Institui\u00e7\u00f5es Parceiras, respeitando e implementando as diretrizes estabelecidas pelo Conselho Estrat\u00e9gico e pelo Regimento Interno;\r\n<p>XXI - fomentar a sinergia entre os integrantes do Parque;\r\n<p>XXII -  identificar e potencializar as oportunidades para desenvolvimento do Parque e do seu ecossistema, articulando-se em redes de coopera\u00e7\u00e3o local, regional, nacional e internacional;\r\n<p>XXIII -  constituir e manter bancos de dados e informa\u00e7\u00f5es sobre empresas, ICTs, programas de fomento e quaisquer outras informa\u00e7\u00f5es necess\u00e1rias \u00e0 elabora\u00e7\u00e3o, execu\u00e7\u00e3o e acompanhamento de estrat\u00e9gias para o desenvolvimento do Parque;\r\n<p>XXIV - ser o canal relacionamento das Empresas Residentes e das Empresas Institui\u00e7\u00f5es Parceiras com o Gerente do Parque e o Conselho Estrat\u00e9gico, levando a eles suas, reivindica\u00e7\u00f5es e propostas;\r\n<p>XXV -  coordenar e executar avalia\u00e7\u00f5es peri\u00f3dicas sobre o desempenho do Parque, mostrando, por meio de relat\u00f3rios gerenciais, os resultados obtidos; e,\r\n<p>XXVI - praticar os demais atos necess\u00e1rios \u00e0 gest\u00e3o do PICT-UFSM.\r\n<p>Par\u00e1grafo \u00fanico. Dever\u00e1 ser observada a compet\u00eancia do Magn\u00edfico Reitor da UFSM na celebra\u00e7\u00e3o de instrumentos jur\u00eddicos e representa\u00e7\u00e3o judicial e extrajudicial quando a legisla\u00e7\u00e3o o exigir.\r\n<p>Art. 57. O N\u00facleo de Gest\u00e3o de Infraestrutura e Patrim\u00f4nio (NGIP-PICT-UFSM) \u00e9 representado pela autoridade denominada \u201cChefe de N\u00facleo\u201d, que possui como atribui\u00e7\u00f5es:\r\n<p>I - assessorar o(a) Gerente do Parque em assuntos relativos \u00e0 Infraestrutura e Patrim\u00f4nio do Parque de Inova\u00e7\u00e3o, Ci\u00eancia e Tecnologia; \r\n<p>II - responsabilizar pela gest\u00e3o do patrim\u00f4nio e pela confer\u00eancia patrimonial anual;\r\n<p>III - verificar a necessidade de realiza\u00e7\u00e3o de projetos e execu\u00e7\u00e3o de obras na \u00e1rea do Parque de Inova\u00e7\u00e3o, Ci\u00eancia e Tecnologia, al\u00e9m de gerenciar a documenta\u00e7\u00e3o necess\u00e1ria e fazer o acompanhamento das a\u00e7\u00f5es pertinentes junto \u00e0 Pr\u00f3-Reitoria de Infraestrutura; \r\n<p>IV - acompanhar o servi\u00e7o de limpeza terceirizada e assinar os relat\u00f3rios mensais de verifica\u00e7\u00e3o no \u00e2mbito do Parque de Inova\u00e7\u00e3o, Ci\u00eancia e Tecnologia; \r\n<p>V - gerir as a\u00e7\u00f5es relativas ao plano de preven\u00e7\u00e3o e combate ao inc\u00eandio (PPCI) no \u00e2mbito do Parque de Inova\u00e7\u00e3o, Ci\u00eancia e Tecnologia; \r\n<p>VI - realizar a vistoria das \u00e1reas de incuba\u00e7\u00e3o de empresas, realizar a entrega e recebimento de chaves de \u00e1reas de incuba\u00e7\u00e3o e documentar os termos de responsabilidade dos incubados; e,\r\n<p>VII - representar o NGIP-PICT-UFSM sempre que se fizer necess\u00e1rio.\r\n<p>Art. 58. O N\u00facleo de Gest\u00e3o de Incubadoras Tecnol\u00f3gicas (NGIT-PICT-UFSM) \u00e9 representado pela autoridade denominada \u201cChefe de N\u00facleo\u201d, que possui como atribui\u00e7\u00f5es:\r\n<p>I - assessorar o(a) Gerente do Parque em assuntos relativos \u00e0s Incubadoras Tecnol\u00f3gicas do Parque de Inova\u00e7\u00e3o, Ci\u00eancia e Tecnologia; \r\n<p>II - acompanhar e monitorar as atividades das Incubadoras Tecnol\u00f3gicas;\r\n<p>III - ser agente articulador interno e externo dos empreendimentos abrigados nas Incubadoras Tecnol\u00f3gicas;\r\n<p>IV - elaborar estrat\u00e9gias, planos, programas, normas, crit\u00e9rios e outras propostas julgadas necess\u00e1rias \u00e0 gest\u00e3o das Incubadoras Tecnol\u00f3gicas;\r\n<p>V - conectar os empreendimentos residentes nas Incubadoras Tecnol\u00f3gicas com institui\u00e7\u00f5es que possam contribuir com o fomento de projetos por meio de editais, fundos de investimento, aceleradoras, entre outros;\r\n<p>VI - idealizar, organizar, realizar e acompanhar atividades que resultem em melhorias na capacita\u00e7\u00e3o, como cursos, palestras, treinamentos, visitas de especialistas, entre outros no \u00e2mbito das Incubadoras Tecnol\u00f3gicas;\r\n<p>VII - estimular e organizar a participa\u00e7\u00e3o dos empreendimentos incubados em imers\u00f5es, eventos, feiras e exposi\u00e7\u00f5es; e,\r\n<p>VIII - representar o NGIT-PICT-UFSM sempre que se fizer necess\u00e1rio.\r\n<p>Art. 59. O N\u00facleo de Apoio Administrativo-Or\u00e7ament\u00e1rio da PROINOVA \u00e9 representado pela autoridade denominada \u201cChefe de N\u00facleo\u201d, que possui como atribui\u00e7\u00f5es:\r\n<p>I - auxiliar na elabora\u00e7\u00e3o da Programa\u00e7\u00e3o Or\u00e7ament\u00e1ria e na execu\u00e7\u00e3o do or\u00e7amento da Pr\u00f3-reitoria;\r\n<p>II \u2013 prestar assessoria ao (a) Pr\u00f3-reitor (a);\r\n<p>III \u2013 controlar os registros de recursos or\u00e7ament\u00e1rios e os vinculados a conv\u00eanios da Pr\u00f3-reitoria e subunidades;\r\n<p>IV \u2013 prestar esclarecimentos aos dirigentes das subunidades quanto \u00e0 execu\u00e7\u00e3o dos recursos or\u00e7ament\u00e1rios, quando solicitado; e,\r\n<p>V \u2013 organizar as atividades de compet\u00eancia do N\u00facleo.\r\n<p>Art. 60. A Coordenadoria de Transfer\u00eancia de Tecnologia e Propriedade Intelectual (CTTPI-PROINOVA) \u00e9 representada pela autoridade denominada \u201cCoordenador(a)\u201d, que possui como atribui\u00e7\u00f5es:\r\n<p>I - assessorar o(a) Pr\u00f3-Reitor(a) de Inova\u00e7\u00e3o e Empreendedorismo em assuntos relativos \u00e0 Transfer\u00eancia de Tecnologia e Propriedade Intelectual;\r\n<p>II \u2013 propor regulamenta\u00e7\u00e3o e zelar pela adequada execu\u00e7\u00e3o das demandas da Coordenadoria de Transfer\u00eancia de Tecnologia e Propriedade Intelectual;\r\n<p>III -  coordenar a gest\u00e3o da propriedade intelectual e da transfer\u00eancia de tecnologia na UFSM;\r\n<p>IV - planejar e coordenar o fomento e a difus\u00e3o da cultura de propriedade intelectual e de transfer\u00eancia de tecnologia na UFSM;\r\n<p>V - planejar e coordenar a prospec\u00e7\u00e3o e o est\u00edmulo de parcerias para o desenvolvimento de tecnologias sustent\u00e1veis e a busca por financiamentos p\u00fablicos e privados, que possibilitem o desenvolvimento de inova\u00e7\u00f5es tecnol\u00f3gicas e sociais; e,\r\n<p>VI - representar a CTTPI-PROINOVA sempre que se fizer necess\u00e1rio.\r\n<p>Art. 61. O N\u00facleo de Apoio a Projetos (NAP-PROINOVA) \u00e9 representado pela autoridade denominada \u201cChefe de N\u00facleo\u201d, que possui como atribui\u00e7\u00f5es:\r\n<p>I - assessorar o(a) Coordenador(a) de Transfer\u00eancia de Tecnologia e Propriedade Intelectual em assuntos relativos aos Projetos;\r\n<p>II - gerenciar e acompanhar o fluxo dos processos referentes aos projetos e demais documentos instru\u00eddos pelo n\u00facleo, para que tenham a seguran\u00e7a jur\u00eddica e a celeridade necess\u00e1rias durante a tramita\u00e7\u00e3o;\r\n<p>III - realizar e gerenciar a interlocu\u00e7\u00e3o junto \u00e0s funda\u00e7\u00f5es de apoio cadastradas na institui\u00e7\u00e3o zelando pelo bom relacionamento; e, \r\n<p>IV - representar o NAP-PROINOVA sempre que se fizer necess\u00e1rio.\r\n<p>Art. 62. O N\u00facleo de Prospec\u00e7\u00e3o e Valora\u00e7\u00e3o (NPV-PROINOVA) \u00e9 representado pela autoridade denominada \u201cChefe de N\u00facleo\u201d, que possui como atribui\u00e7\u00f5es:\r\n<p>I - assessorar o(a) Coordenador(a) de Transfer\u00eancia de Tecnologia e Propriedade Intelectual em assuntos relativos \u00e0 Prospec\u00e7\u00e3o e Valora\u00e7\u00e3o;\r\n<p>II - contribuir no mapeamento dos potenciais tecnol\u00f3gicos da institui\u00e7\u00e3o;\r\n<p>III - promover e acompanhar o relacionamento do n\u00facleo com empresas e entidades externas;\r\n<p>IV - fomentar a rela\u00e7\u00e3o universidade-empresa;\r\n<p>V - mediar e acompanhar a formaliza\u00e7\u00e3o de parcerias entre pesquisadores, grupos de pesquisa, e empresas;\r\n<p>VI - acompanhar e divulgar os editais e demais oportunidades de fomento \u00e0 inova\u00e7\u00e3o e empreendedorismo; e,\r\n<p>VII - representar o NPV-PROINOVA sempre que se fizer necess\u00e1rio.\r\n<p>Art. 63. O N\u00facleo de Propriedade Intelectual (NPI-PROINOVA) \u00e9 representado pela autoridade denominada \u201cChefe de N\u00facleo\u201d, que possui como atribui\u00e7\u00f5es:\r\n<p>I - assessorar o(a) Coordenador(a) de Transfer\u00eancia de Tecnologia e Propriedade Intelectual em assuntos relativos \u00e0 Propriedade Intelectual;\r\n<p>II - representar a UFSM junto ao Instituto Nacional de Propriedade Industrial (INPI), para fins de obter, de acordo com as leis e regulamentos em vigor, a prote\u00e7\u00e3o dos direitos relativos \u00e0 propriedade intelectual das tecnologias desenvolvidas na institui\u00e7\u00e3o;\r\n<p>III - planejar, coordenar e controlar as a\u00e7\u00f5es executivas do n\u00facleo;\r\n<p>IV - promover e manter as articula\u00e7\u00f5es e inter-rela\u00e7\u00f5es do n\u00facleo com as demais unidades da institui\u00e7\u00e3o e entidades externas;\r\n<p>V - coordenar debates e formula\u00e7\u00f5es que conduzam \u00e0 reflex\u00e3o e a\u00e7\u00e3o sobre os prop\u00f3sitos e significados da propriedade intelectual no \u00e2mbito da UFSM; e,\r\n<p>VI - representar o NPI-PROINOVA sempre que se fizer necess\u00e1rio.\r\n<p>Art. 64. A Coordenadoria de Empreendedorismo (CE-PROINOVA) \u00e9 representada pela autoridade denominada \u201cCoordenador(a)\u201d, que possui como atribui\u00e7\u00f5es:\r\n<p>I - assessorar o(a) Pr\u00f3-Reitor(a) de Inova\u00e7\u00e3o e Empreendedorismo no desenvolvimento de pol\u00edticas e programas voltadas ao Empreendedorismo;\r\n<p>II \u2013 propor regulamenta\u00e7\u00e3o e zelar pela adequada execu\u00e7\u00e3o das demandas da Coordenadoria de Empreendedorismo;\r\n<p>III -  planejar e elaborar estrat\u00e9gias para difus\u00e3o do conhecimento empreendedor no \u00e2mbito da UFSM; \r\n<p>IV - planejar, coordenar e controlar as a\u00e7\u00f5es executivas da Coordenadoria de Empreendedorismo;\r\n<p>V - coordenar debates e formula\u00e7\u00f5es que conduzam \u00e0 reflex\u00e3o e a\u00e7\u00e3o sobre os prop\u00f3sitos e significados do empreendedorismo no \u00e2mbito da UFSM;\r\n<p>VI - coordenar e implementar a\u00e7\u00f5es que incentivem o estreitamento entre a pesquisa cient\u00edfica e a gera\u00e7\u00e3o de neg\u00f3cios inovadores; e,\r\n<p>VII - representar a CE-PROINOVA sempre que se fizer necess\u00e1rio.\r\n<\/p><br>\r\n<p>CAP\u00cdTULO VI\r\n<p>DISPOSI\u00c7\u00d5ES FINAIS E TRANSIT\u00d3RIAS\r\n<\/p><br>\r\n<p>Art. 65. Em caso de conveni\u00eancia e oportunidade, para o melhor desenvolvimento das atividades da PROINOVA, poder\u00e1 ser elaborado e encaminhado Regimento Interno pr\u00f3prio para aprecia\u00e7\u00e3o e delibera\u00e7\u00e3o pelas inst\u00e2ncias competentes.\r\n<p>Art. 66. Caber\u00e1:\r\n<p>I - \u00e0 Coordenadoria de Planejamento Administrativo (COPLAD-PROPLAN) proceder \u00e0s altera\u00e7\u00f5es nos Sistemas Estruturantes da Institui\u00e7\u00e3o;\r\n<p>II - \u00e0 Pr\u00f3-Reitoria de Gest\u00e3o de Pessoas (PROGEP) a remo\u00e7\u00e3o dos servidores e o remanejo das fun\u00e7\u00f5es de chefia; \r\n<p>III - ao Departamento de Material e Patrim\u00f4nio (DEMAPA) a adequa\u00e7\u00e3o dos registros dos m\u00f3veis e equipamentos;\r\n<p>IV - ao Departamento de Arquivo Geral (DAG) o tratamento dos documentos arquiv\u00edsticos; e,\r\n<p>V - ao Centro de Processamento de Dados (CPD) as adequa\u00e7\u00f5es necess\u00e1rias nos sistemas institucionais. \r\n<p>Par\u00e1grafo \u00fanico. \u00c9 de responsabilidade da Pr\u00f3-Reitoria de Inova\u00e7\u00e3o e Empreendedorismo (PROINOVA) disponibilizar, em tempo h\u00e1bil, as informa\u00e7\u00f5es necess\u00e1rias para os procedimentos previstos nos incisos II a V.\r\n<p>Art. 67. Quanto a movimenta\u00e7\u00e3o de cargos comissionados, fica definido:\r\n<p>\u00a7 1\u00ba As fun\u00e7\u00f5es de n\u00edvel 1, 2, 3 e 4 que j\u00e1 se encontram alocadas nas estruturas da Ag\u00eancia de Inova\u00e7\u00e3o e Transfer\u00eancia de Tecnologia e\/ou Parque de Inova\u00e7\u00e3o, Ci\u00eancia e Tecnologia da UFSM ficam automaticamente realocadas nas novas estruturas, conforme previsto nesta resolu\u00e7\u00e3o:\r\n<p>I \u2013 caso existam fun\u00e7\u00f5es excedentes as estruturas previstas nesta resolu\u00e7\u00e3o, ou seja, fun\u00e7\u00f5es livres, tais fun\u00e7\u00f5es passam automaticamente para uso no \u00e2mbito da Universidade Federal de Santa Maria.\r\n<p>\u00a7 2\u00ba O remanejamento\/aloca\u00e7\u00e3o de 1 (um) Cargo Comissionado, n\u00edvel 2, c\u00f3digo CD2, da Universidade Federal de Santa Maria para a Pr\u00f3-Reitoria de Inova\u00e7\u00e3o e Empreendedorismo.\r\n<p>\u00a7 3\u00ba Os Cargos de Dire\u00e7\u00e3o de n\u00edvel 3 e 4 que j\u00e1 se encontram alocados nas estruturas da Ag\u00eancia de Inova\u00e7\u00e3o e Transfer\u00eancia de Tecnologia e\/ou Parque de Inova\u00e7\u00e3o, Ci\u00eancia e Tecnologia da UFSM ficam automaticamente realocadas nas novas estruturas, conforme previsto nesta resolu\u00e7\u00e3o:\r\n<p>I \u2013 caso existam Cargos de Dire\u00e7\u00e3o excedentes as estruturas previstas nesta resolu\u00e7\u00e3o, ou seja, Cargos livres, tais Cargos passam automaticamente para uso no \u00e2mbito da Universidade Federal de Santa Maria.\r\n<p>\u00a7 4\u00ba O remanejamento de 1 (uma) fun\u00e7\u00e3o gratificada, n\u00edvel 1, c\u00f3digo FG1, da Coordenadoria de Educa\u00e7\u00e3o B\u00e1sica, T\u00e9cnica e Tecnol\u00f3gica.\r\n<p>\u00a7 5\u00ba O remanejamento de 1 (uma) fun\u00e7\u00e3o gratificada, n\u00edvel 1, c\u00f3digo FG1, do N\u00facleo de Acompanhamento de Cargos e Fun\u00e7\u00f5es da Coordenadoria de Concess\u00f5es e Registros da Pr\u00f3-Reitoria de Gest\u00e3o de Pessoas, ficando extinto o N\u00facleo de Acompanhamento de Cargos e Fun\u00e7\u00f5es e suas compet\u00eancias sendo absorvidas no \u00e2mbito da Coordenadoria de Concess\u00f5es e Registros.  \r\n<p>\u00a7 6\u00ba O remanejamento de 1 (uma) fun\u00e7\u00e3o gratificada, n\u00edvel 1, c\u00f3digo FG1, do N\u00facleo de Apoio T\u00e9cnico da Coordenadoria de Comunica\u00e7\u00e3o Social, ficando extinto o N\u00facleo de Apoio T\u00e9cnico da Coordenadoria de Comunica\u00e7\u00e3o Social e suas compet\u00eancias sendo absorvidas no \u00e2mbito da Coordenadoria de Comunica\u00e7\u00e3o Social.  \r\n<p>Art. 68. Esta Resolu\u00e7\u00e3o entra em vigor em 1\u00ba de fevereiro de 2023, de acordo com o que prev\u00ea o <a href=\"http:\/\/www.planalto.gov.br\/ccivil_03\/_ato2019-2022\/2019\/decreto\/D10139.htm\" target=\"_blank\"><font color=\"blue\"><u>Artigo 4\u00ba do Decreto N. 10.139, de 28 de novembro de 2019<\/u><\/font><\/a>.\r\n<p>\u00a71\u00ba Revogando:\r\n<p>I \u2013 do <a href=\"https:\/\/www.ufsm.br\/pro-reitorias\/proplan\/regimento-geral-da-ufsm-2011\" target=\"_blank\"><font color=\"blue\"><u>Regimento Geral da UFSM<\/u><\/font><\/a>:\r\n<p>a) o \u00a77\u00ba do Artigo 13;\r\n<p>b) o inciso X do Artigo 25;\r\n<p>c) o Artigo 39;\r\n<p>d) o inciso XII do Artigo 41; e,\r\n<p>e) o Artigo 51-B.\r\n<p>II - a <a href=\"https:\/\/www.ufsm.br\/pro-reitorias\/proplan\/resolucao-n-016-2015\/\" target=\"_blank\"><font color=\"blue\"><u>Resolu\u00e7\u00e3o UFSM N. 016, de 23 de junho 2015<\/u><\/font><\/a>, que institui o <a href=\"https:\/\/www.ufsm.br\/pro-reitorias\/proplan\/regimento-interno-da-agittec\"><\/a><font color=\"blue\"><u>Regimento Interno da Ag\u00eancia de Inova\u00e7\u00e3o e Transfer\u00eancia de Tecnologia (AGITTEC)<\/u><\/font><\/a> no \u00e2mbito da Universidade Federal de Santa Maria;\r\n<p>III - a <a href=\"https:\/\/www.ufsm.br\/pro-reitorias\/proplan\/resolucao-n-013-2019\/\" target=\"_blank\"><font color=\"blue\"><u>Resolu\u00e7\u00e3o UFSM N. 013, de 1\u00ba de julho de 2019<\/u><\/font><\/a>, que altera os artigos 2\u00ba e 5\u00ba do <a href=\"https:\/\/www.ufsm.br\/pro-reitorias\/proplan\/regimento-interno-da-agittec\"><\/a><font color=\"blue\"><u>Regimento Interno da Ag\u00eancia de Inova\u00e7\u00e3o e Transfer\u00eancia de Tecnologia (AGITTEC)<\/u><\/font><\/a> da Universidade Federal de Santa Maria, revogando a Resolu\u00e7\u00e3o N. 023\/2017;\r\n<p>IV - a <a href=\"https:\/\/www.ufsm.br\/pro-reitorias\/proplan\/resolucao-n-010-2020\/\" target=\"_blank\"><font color=\"blue\"><u>Resolu\u00e7\u00e3o UFSM N. 010, de 22 de abril de 2020<\/u><\/font><\/a>, que aprova a cria\u00e7\u00e3o do \u00f3rg\u00e3o colegiado denominado Comit\u00ea Institucional de Inicia\u00e7\u00e3o \u00e0 Inova\u00e7\u00e3o Tecnol\u00f3gica e Desenvolvimento - COMIT, vinculado \u00e0 Coordenadoria de Inicia\u00e7\u00e3o Cient\u00edfica da Pr\u00f3-Reitoria de P\u00f3s-Gradua\u00e7\u00e3o e Pesquisa da UFSM;\r\n<p>V \u2013 o \u00a7 2\u00ba, do Art. 5\u00ba e os Artigos 7\u00ba ao 17 da <a href=\"https:\/\/www.ufsm.br\/pro-reitorias\/proplan\/resolucao-ufsm-n-044-2021\/\" target=\"_blank\"><font color=\"blue\"><u>Resolu\u00e7\u00e3o UFSM N. 044, de 18 de fevereiro de 2021<\/u><\/font><\/a>, que aprova a Pol\u00edtica de Inova\u00e7\u00e3o da Universidade Federal de Santa Maria; e,\r\n<p>VI - os Artigos 1\u00ba, 3\u00ba ao 16, 22 ao 37 da <a href=\"https:\/\/www.ufsm.br\/pro-reitorias\/proplan\/resolucao-ufsm-n-078-2022\/\" target=\"_blank\"><font color=\"blue\"><u>Resolu\u00e7\u00e3o UFSM N. 078, de 09 de fevereiro de 2022<\/u><\/font><\/a>, que estabelece a estrutura organizacional do \u201cParque de Inova\u00e7\u00e3o, Ci\u00eancia e Tecnologia da Universidade Federal de Santa Maria (PICT-UFSM)\u201d.\r\n<p>\u00a72\u00ba Alterando:\r\n<p>I - incluir a \u201cPr\u00f3-Reitoria de Inova\u00e7\u00e3o e Empreendedorismo (PROINOVA)\u201d no Artigo 22, \u00a7 2\u00ba, do <a href=\"https:\/\/www.ufsm.br\/pro-reitorias\/proplan\/estatuto-ufsm-2010\/\" target=\"_blank\"><font color=\"blue\"><u>Estatuto da UFSM<\/u><\/font><\/a>, ficando o referido par\u00e1grafo com a seguinte reda\u00e7\u00e3o:\r\n<p>\u201c\u00a7 2\u00ba Para atender ao disposto neste artigo, a Reitoria contar\u00e1 com os seguintes \u00f3rg\u00e3os:\r\n<p>I - Gabinete do Reitor;\r\n<p>II - Gabinete do Vice-Reitor;\r\n<p>III - Pr\u00f3-Reitoria de Administra\u00e7\u00e3o;\r\n<p>IV - Pr\u00f3-Reitoria de Assuntos Estudantis;\r\n<p>V - Pr\u00f3-Reitoria de Extens\u00e3o;\r\n<p>VI - Pr\u00f3-Reitoria de Gradua\u00e7\u00e3o;\r\n<p>VII - Pr\u00f3-Reitoria de P\u00f3s-Gradua\u00e7\u00e3o e Pesquisa;\r\n<p>VIII - Pr\u00f3-Reitoria de Planejamento;\r\n<p>IX - Pr\u00f3-Reitoria de Infraestrutura;\r\n<p>X - Pr\u00f3-Reitoria de Gest\u00e3o de Pessoas;\r\n<p>XI \u2013 Pr\u00f3-Reitoria de Inova\u00e7\u00e3o e Empreendedorismo;\r\n<p>XII - \u00d3rg\u00e3os Executivos da Administra\u00e7\u00e3o Superior;\r\n<p>XIII - \u00d3rg\u00e3os Suplementares Centrais; e\r\n<p>XIV - Coordenadoria de Educa\u00e7\u00e3o B\u00e1sica, T\u00e9cnica e Tecnol\u00f3gica.\u201d (NR)\r\n<p>II - incluir a \u201cPr\u00f3-Reitoria de Inova\u00e7\u00e3o e Empreendedorismo (PROINOVA)\u201d no Artigo 15 do <a href=\"https:\/\/www.ufsm.br\/pro-reitorias\/proplan\/regimento-geral-da-ufsm-2011\" target=\"_blank\"><font color=\"blue\"><u>Regimento Geral da UFSM<\/u><\/font><\/a>;\r\n<p>III - incluir o Artigo 24A no <a href=\"https:\/\/www.ufsm.br\/pro-reitorias\/proplan\/regimento-geral-da-ufsm-2011\" target=\"_blank\"><font color=\"blue\"><u>Regimento Geral da UFSM<\/u><\/font><\/a> com as compet\u00eancias da Pr\u00f3-Reitoria de Inova\u00e7\u00e3o e Empreendedorismo (PROINOVA) previstas no Artigo 8\u00ba desta Resolu\u00e7\u00e3o.  \r\n<p>IV \u2013 na <a href=\"https:\/\/www.ufsm.br\/pro-reitorias\/proplan\/resolucao-ufsm-n-044-2021\"><\/a><font color=\"blue\"><u>Resolu\u00e7\u00e3o N. 044\/2021<\/u><\/font><\/a>:\r\n<p>a) de \u201cAGITTEC\u201d para \u201cPROINOVA\u201d nos Artigos 4\u00ba, 6\u00ba, 20, 21 e 22 e caput do Art. 5\u00ba;\r\n<p>b) de \u201cConselho Superior da AGITTEC (CSAAGITTEC)\u201d para \u201cConselho Superior da PROINOVA (CS-PROINOVA)\u201d, nos Artigos 5\u00ba, 19 e 20 ;\r\n<p>V - no Anexo da <a href=\"https:\/\/www.ufsm.br\/pro-reitorias\/proplan\/resolucao-n-022-2016\/\" target=\"_blank\"><font color=\"blue\"><u>Resolu\u00e7\u00e3o N. 022\/2016<\/u><\/font><\/a>:\r\n<p>a) nos Artigos 3\u00ba, 5\u00ba, 33, 34, 37 e 38 de \u201cAGITTEC\u201d para \u201cPROINOVA\u201d;\r\n<p>b) no Artigo 34 de \u201cna <a href=\"https:\/\/www.planalto.gov.br\/ccivil_03\/_ato2004-2006\/2004\/lei\/l10.973.htm\" target=\"_blank\"><font color=\"blue\"><u>Lei 10.973\/2004<\/u><\/font><\/a>\u201d para \"<a href=\"https:\/\/www.planalto.gov.br\/ccivil_03\/_ato2004-2006\/2004\/lei\/l10.973.htm\" target=\"_blank\"><font color=\"blue\"><u>na Lei 10.973\/2004<\/u><\/font><\/a> e no <a href=\"https:\/\/www.planalto.gov.br\/ccivil_03\/_ato2015-2018\/2018\/decreto\/d9283.htm\"><\/a><font color=\"blue\"><u>Decreto 9.283\/2018<\/u><\/font><\/a>\";\r\n<p>c)  no Artigo 40, de \u201cCoordenadoria de Propriedade Intelectual da AGITTEC\u201d para \u201cN\u00facleo de Propriedade Intelectual (NPI-PROINOVA)\u201d; e,\r\n<p>d) no Artigo 37 \u00a7 4\u00ba do Item III, de \u201cOs valores provenientes dos ganhos econ\u00f4micos obtidos pelos direitos de propriedade intelectual pela UFSM ser\u00e3o recolhidos \u00e0 conta \u00fanica do Tesouro Nacional\u201d para \u201cOs valores provenientes dos ganhos econ\u00f4micos obtidos pelos direitos de propriedade intelectual pela UFSM ser\u00e3o, sempre que poss\u00edveis, recolhidos \u00e0 funda\u00e7\u00e3o de apoio, mediante contratos e\/ou conv\u00eanios para a Gest\u00e3o da Pol\u00edtica de Prote\u00e7\u00e3o e da Propriedade Intelectual da UFSM.\u201d\r\n<p>VI \u2013 na <a href=\"https:\/\/www.ufsm.br\/pro-reitorias\/proplan\/resolucao-ufsm-n-089-2022\/\" target=\"_blank\"><font color=\"blue\"><u>Resolu\u00e7\u00e3o 089\/2022<\/u><\/font><\/a>, que Regulamenta a rela\u00e7\u00e3o entre a UFSM e funda\u00e7\u00f5es de apoio para a execu\u00e7\u00e3o de projetos de pesquisa, ensino, extens\u00e3o, desenvolvimento institucional, cient\u00edfico e tecnol\u00f3gico, est\u00edmulo \u00e0 inova\u00e7\u00e3o e presta\u00e7\u00e3o de servi\u00e7o:\r\n<p>a) de \u201cAGITTEC\u201d para \u201cPROINOVA\u201d, nos Artigos 5\u00ba e 8\u00ba; e,\r\n<p>b) de \u201cdiretor da AGITTEC\u201d para \u201cPr\u00f3-Reitor(a) da PROINOVA\u201d, no Artigo 9\u00ba.\r\n<p>\u00a7 3\u00ba Havendo qualquer modifica\u00e7\u00e3o legislativa, ou ainda, havendo qualquer situa\u00e7\u00e3o legal que impacte na legalidade da presente Resolu\u00e7\u00e3o, a mesma se aplica de imediato.\r\n<br>\r\n<BR>\r\n<p>Luciano Schuch,<\/p>\r\n<p>Reitor.<\/p>\r\n<br>\r\n<p><font color=\"red0000\">Este texto n\u00e3o substitui o documento original, publicado no DOU em 07\/12\/2022. Dispon\u00edvel em: <a href=\"https:\/\/www.in.gov.br\/en\/web\/dou\/-\/resolucao-ufsm-n-111-de-5-de-dezembro-de-2022-448586849\" target=\"_blank\"><font color=\"blue\">https:\/\/www.in.gov.br\/en\/web\/dou\/-\/resolucao-ufsm-n-111-de-5-de-dezembro-de-2022-448586849<\/font><\/a> e no Portal de Documentos.<\/font> Dispon\u00edvel em: <a href=\"https:\/\/portal.ufsm.br\/documentos\/publico\/documento.html?id=14484183\" target=\"_blank\"><font color=\"blue\">https:\/\/portal.ufsm.br\/documentos\/publico\/documento.html?id=14484183<\/font><\/a>\r\n\r\n \t\t<\/div>\n\t\t\t\t<\/div>\n\t\t\t\t\t<\/div>\n\t\t<\/div>\n\t\t\t\t\t<\/div>\n\t\t<\/section>\n\t\t\t\t<\/div>\n\t\t","protected":false},"excerpt":{"rendered":"<p>RESOLU\u00c7\u00c3O UFSM N. 111, DE 05 DE DEZEMBRO DE 2022 MINIST\u00c9RIO DA EDUCA\u00c7\u00c3O UNIVERSIDADE FEDERAL DE SANTA MARIA RESOLU\u00c7\u00c3O UFSM N\u00b0 111, DE 05 DE DEZEMBRO DE 2022 Estabelece a estrutura organizacional da Pr\u00f3-Reitoria de Inova\u00e7\u00e3o e Empreendedorismo (PROINOVA) da Universidade Federal de Santa Maria (UFSM), suas compet\u00eancias e atribui\u00e7\u00f5es, extingue a Ag\u00eancia de Inova\u00e7\u00e3o [&hellip;]<\/p>\n","protected":false},"author":230,"featured_media":0,"parent":0,"menu_order":0,"comment_status":"closed","ping_status":"closed","template":"","meta":{"footnotes":""},"categories":[],"tags":[],"class_list":["post-5182","page","type-page","status-publish","hentry"],"acf":[],"_links":{"self":[{"href":"https:\/\/www.ufsm.br\/pro-reitorias\/proplan\/wp-json\/wp\/v2\/pages\/5182","targetHints":{"allow":["GET"]}}],"collection":[{"href":"https:\/\/www.ufsm.br\/pro-reitorias\/proplan\/wp-json\/wp\/v2\/pages"}],"about":[{"href":"https:\/\/www.ufsm.br\/pro-reitorias\/proplan\/wp-json\/wp\/v2\/types\/page"}],"author":[{"embeddable":true,"href":"https:\/\/www.ufsm.br\/pro-reitorias\/proplan\/wp-json\/wp\/v2\/users\/230"}],"replies":[{"embeddable":true,"href":"https:\/\/www.ufsm.br\/pro-reitorias\/proplan\/wp-json\/wp\/v2\/comments?post=5182"}],"version-history":[{"count":0,"href":"https:\/\/www.ufsm.br\/pro-reitorias\/proplan\/wp-json\/wp\/v2\/pages\/5182\/revisions"}],"wp:attachment":[{"href":"https:\/\/www.ufsm.br\/pro-reitorias\/proplan\/wp-json\/wp\/v2\/media?parent=5182"}],"wp:term":[{"taxonomy":"category","embeddable":true,"href":"https:\/\/www.ufsm.br\/pro-reitorias\/proplan\/wp-json\/wp\/v2\/categories?post=5182"},{"taxonomy":"post_tag","embeddable":true,"href":"https:\/\/www.ufsm.br\/pro-reitorias\/proplan\/wp-json\/wp\/v2\/tags?post=5182"}],"curies":[{"name":"wp","href":"https:\/\/api.w.org\/{rel}","templated":true}]}}