{"id":5778,"date":"2024-04-02T11:22:34","date_gmt":"2024-04-02T14:22:34","guid":{"rendered":"https:\/\/www.ufsm.br\/pro-reitorias\/proplan\/?page_id=5778"},"modified":"2025-08-19T11:02:40","modified_gmt":"2025-08-19T14:02:40","slug":"resolucao-ufsm-n-152-2024","status":"publish","type":"page","link":"https:\/\/www.ufsm.br\/pro-reitorias\/proplan\/resolucao-ufsm-n-152-2024","title":{"rendered":"RESOLU\u00c7\u00c3O UFSM N\u00b0 152\/2024"},"content":{"rendered":"\t\t<div data-elementor-type=\"wp-page\" data-elementor-id=\"5778\" class=\"elementor elementor-5778\">\n\t\t\t\t\t\t<section class=\"elementor-section elementor-top-section elementor-element elementor-element-6365925 elementor-section-boxed elementor-section-height-default elementor-section-height-default\" data-id=\"6365925\" data-element_type=\"section\">\n\t\t\t\t\t\t<div class=\"elementor-container elementor-column-gap-default\">\n\t\t\t\t\t<div class=\"elementor-column elementor-col-100 elementor-top-column elementor-element elementor-element-8bae798\" data-id=\"8bae798\" data-element_type=\"column\">\n\t\t\t<div class=\"elementor-widget-wrap elementor-element-populated\">\n\t\t\t\t\t\t<div class=\"elementor-element elementor-element-43fdab4 elementor-widget elementor-widget-html\" data-id=\"43fdab4\" data-element_type=\"widget\" data-widget_type=\"html.default\">\n\t\t\t\t<div class=\"elementor-widget-container\">\n\t\t\t\r\n\r\n\r\n\r\n\r\n\r\n<title><b>RESOLU\u00c7\u00c3O N\u00b0 152\/2024<\/b><\/title>\r\n\r\n\r\n<div align=\"center\"><img decoding=\"async\" src=\"https:\/\/www.ufsm.br\/pro-reitorias\/proplan\/wp-content\/uploads\/sites\/344\/2019\/09\/brasao-da-republica-do-brasil-logo.png\" alt=\"Bras\u00e3o Rep\u00fablica Federativa do Brasil\" width=\"6%\" height=\"6%\"><\/div>    \r\n<h1><font color=\"blue\"><font size=\"5\"><div align=\"center\">MINIST\u00c9RIO DA EDUCA\u00c7\u00c3O<\/b><\/font><\/font><\/div><\/H1>\r\n<p><b><font color=\"0000blue\"><div align=\"center\">UNIVERSIDADE FEDERAL DE SANTA MARIA<\/b><\/font><\/div><\/p>\r\n\r\n<p><div align=\"center\"><b><a href=\"https:\/\/portal.ufsm.br\/documentos\/publico\/documento.html?id=14939322\" target=\"_blank\"><font color=\"blue\">RESOLU\u00c7\u00c3O UFSM N\u00b0 152, DE 27 DE MAR\u00c7O DE 2024<\/font><\/a><\/b><\/div><\/p>\r\n<br>\r\n<p><div align=\"justify\"><font color=\"800000\"><ul><ul><ul><ul><ul><ul><ul><ul><ul><ul><ul><ul><ul><ul>Altera dispositivos relacionados aos cursos de p\u00f3s-gradua\u00e7\u00e3o no que concerne aos crit\u00e9rios de exig\u00eancia e aprova\u00e7\u00e3o de regulamentos pr\u00f3prios, no \u00e2mbito da Universidade Federal de Santa Maria (UFSM).<\/font><\/div><\/p><ul>\r\n<br><div align=\"justify\"><font color=\"black\">\r\n<p>O REITOR DA UNIVERSIDADE FEDERAL DE SANTA MARIA, no uso de suas atribui\u00e7\u00f5es legais e estatut\u00e1rias e considerando:<\/p>\r\n<p>- a <a href=\"http:\/\/www.planalto.gov.br\/ccivil_03\/constituicao\/constituicao.htm\" target=\"_blank\"><font color=\"blue\"><u>Constitui\u00e7\u00e3o da Rep\u00fablica Federativa do Brasil de 1988<\/u><\/font><\/a>, de 05 de outubro de 1988, em especial o art. 215 que garante a todos o pleno exerc\u00edcio dos direitos culturais e acesso \u00e0s fontes da cultura nacional, e apoia e incentiva a valoriza\u00e7\u00e3o e a difus\u00e3o das manifesta\u00e7\u00f5es culturais; o art. 216 que menciona que ao patrim\u00f4nio cultural brasileiro \u00e9 constitu\u00eddo pelos bens de natureza material e imaterial, tomados individualmente ou em conjunto; e o art. 216-A que institui o Sistema Nacional de Cultura como um processo de gest\u00e3o e promo\u00e7\u00e3o das pol\u00edticas p\u00fablicas de cultura democr\u00e1ticas e permanentes<\/u><\/font><\/a>;<\/p><font color=\"black\">\r\n<p>- a <a href=\"http:\/\/www.planalto.gov.br\/ccivil_03\/leis\/l8112cons.htm\" target=\"_blank\"><font color=\"blue\"><u>Lei n\u00b0 8.112, de 11 de dezembro de 1990<\/u><\/font><\/a>, que disp\u00f5e sobre o regime jur\u00eddico dos servidores p\u00fablicos civis da Uni\u00e3o, das autarquias e das funda\u00e7\u00f5es p\u00fablicas federais;<\/p>\r\n<p>- a <a href=\"http:\/\/www.planalto.gov.br\/ccivil_03\/leis\/l9394.htm\" target=\"_blank\"><font color=\"blue\"><u>Lei n\u00b0 9.394, de 20 de dezembro de 1996<\/u><\/font><\/a>, que estabelece as diretrizes e bases da educa\u00e7\u00e3o nacional e suas altera\u00e7\u00f5es;<\/p>\r\n<p>- a <a href=\"http:\/\/www.planalto.gov.br\/ccivil_03\/leis\/lcp\/lcp95.htm\" target=\"_blank\"><font color=\"blue\"><u>Lei Complementar n\u00b0 95, de 26 de fevereiro de 1998<\/u><\/font><\/a>, que disp\u00f5e sobre a elabora\u00e7\u00e3o, a reda\u00e7\u00e3o, a altera\u00e7\u00e3o e a consolida\u00e7\u00e3o das leis, conforme determina o Par\u00e1grafo \u00danico do Art. 59 da <a href=\"http:\/\/www.planalto.gov.br\/ccivil_03\/constituicao\/constituicao.htm\" target=\"_blank\"><font color=\"blue\"><u>Constitui\u00e7\u00e3o Federal<\/u><\/font><\/a>, e estabelece normas para a consolida\u00e7\u00e3o dos atos normativos que menciona;<\/p>\r\n<p>- o <a href=\"https:\/\/www.planalto.gov.br\/ccivil_03\/_ato2015-2018\/2017\/decreto\/d9235.htm\" target=\"_blank\"><font color=\"blue\"><u>Decreto n\u00b0 9.235, de 15 de dezembro de 2017<\/u><\/font><\/a>, que disp\u00f5e sobre o exerc\u00edcio das fun\u00e7\u00f5es de regula\u00e7\u00e3o, supervis\u00e3o e avalia\u00e7\u00e3o das institui\u00e7\u00f5es de educa\u00e7\u00e3o superior e dos cursos superiores de Gradua\u00e7\u00e3o e de P\u00f3s-gradua\u00e7\u00e3o no sistema federal de ensino;\r\n<p>- o <a href=\"https:\/\/www.planalto.gov.br\/ccivil_03\/_ato2015-2018\/2017\/decreto\/d9191.htm\" target=\"_blank\"><font color=\"blue\"><u>Decreto n\u00b0 9.191, de 1\u00ba de novembro de 2017<\/u><\/font><\/a>, que estabelece as normas e as diretrizes para elabora\u00e7\u00e3o, reda\u00e7\u00e3o, altera\u00e7\u00e3o, consolida\u00e7\u00e3o e encaminhamento de propostas de atos normativos ao Presidente da Rep\u00fablica pelos Ministros de Estado;\r\n<p>- o <a href=\"https:\/\/www.planalto.gov.br\/ccivil_03\/_ato2019-2022\/2019\/decreto\/d9739.htm\" target=\"_blank\"><font color=\"blue\"><u>Decreto n\u00b0 9.739, de 28 de mar\u00e7o de 2019<\/u><\/font><\/a>, que estabelece medidas de efici\u00eancia organizacional para o aprimoramento da administra\u00e7\u00e3o p\u00fablica federal direta, aut\u00e1rquica e fundacional, estabelece normas sobre concursos p\u00fablicos e disp\u00f5e sobre o Sistema de Organiza\u00e7\u00e3o e Inova\u00e7\u00e3o Institucional do Governo Federal - SIORG;\r\n<p>- o <a href=\"https:\/\/www.planalto.gov.br\/ccivil_03\/_ato2019-2022\/2019\/decreto\/d10139.htm\" target=\"_blank\"><font color=\"blue\">Decreto n\u00b0 10.139, de 28 de novembro de 2019<\/u><\/font><\/a>, que disp\u00f5e sobre a revis\u00e3o e a consolida\u00e7\u00e3o de atos normativos inferiores a decreto;\r\n<p>- a <a href=\"http:\/\/portal.mec.gov.br\/index.php?option=com_docman&amp;view=download&amp;alias=85591-rces001-18&amp;category_slug=abril-2018-pdf&amp;Itemid=30192\" target=\"_blank\"><font color=\"blue\"><u>Resolu\u00e7\u00e3o n\u00b0 001, de 06 de abril de 2018<\/u><\/font><\/a>, do Conselho Nacional de Educa\u00e7\u00e3o, da C\u00e2mara de Educa\u00e7\u00e3o Superior, que estabelece diretrizes e normas para a oferta dos cursos de p\u00f3s-gradua\u00e7\u00e3o lato sensu denominados cursos de especializa\u00e7\u00e3o, no \u00e2mbito do Sistema Federal de Educa\u00e7\u00e3o Superior, conforme prev\u00ea o Art. 39, \u00a7 3\u00ba, da Lei n\u00b0 9.394\/1996, e d\u00e1 outras provid\u00eancias.\r\n<p>- a <a href=\"http:\/\/portal.mec.gov.br\/index.php?option=com_docman&amp;view=download&amp;alias=8824-rces007-11-pdf&amp;category_slug=setembro-2011-pdf&amp;Itemid=30192#:~:text=Disp%C3%B5e%20sobre%20a%20revoga%C3%A7%C3%A3o%20das,dist%C3%A2ncia%2C%20e%20d%C3%A1%20outras%20provid%C3%AAncias.\" target=\"_blank\"><font color=\"blue\"><u>Resolu\u00e7\u00e3o n\u00b0 007, de 08 de setembro de 2011<\/u><\/font><\/a>, do Conselho Nacional de Educa\u00e7\u00e3o, da C\u00e2mara de Educa\u00e7\u00e3o Superior, que disp\u00f5e sobre a revoga\u00e7\u00e3o das normas para o credenciamento especial de institui\u00e7\u00f5es n\u00e3o educacionais, na modalidade presencial e a dist\u00e2ncia, e d\u00e1 outras provid\u00eancias;\r\n<p>- a <a href=\"https:\/\/abmes.org.br\/arquivos\/legislacoes\/Res-CES-CNE-002-2014-02-12.pdf\" target=\"_blank\"><font color=\"blue\"><u>Resolu\u00e7\u00e3o n\u00b0 002, de 12 de fevereiro de 2014<\/u><\/font><\/a>, do Conselho Nacional de Educa\u00e7\u00e3o, da C\u00e2mara de Educa\u00e7\u00e3o Superior, que institui o cadastro nacional de oferta de Cursos de P\u00f3s-gradua\u00e7\u00e3o Lato Sensu (especializa\u00e7\u00e3o) das institui\u00e7\u00f5es credenciadas no Sistema Federal de Ensino;\r\n<p>- o <a href=\"https:\/\/www.ufsm.br\/pro-reitorias\/proplan\/instrucao-normativa-prpgp-ufsm-n-004-de-13-de-maio-de-2022\" target=\"_blank\"><font color=\"blue\"><u>Parecer n\u00b0 266, de 07 de novembro de 2013<\/u><\/font><\/a>, do Conselho Nacional de Educa\u00e7\u00e3o, da C\u00e2mara de Educa\u00e7\u00e3o Superior, homologado e publicado no Di\u00e1rio Oficial da Uni\u00e3o, de 31 de janeiro de 2014, Se\u00e7\u00e3o 1, p\u00e1g. 27, que trata da Institui\u00e7\u00e3o de cadastro nacional de oferta de cursos de p\u00f3s-gradua\u00e7\u00e3o Lato Sensu (especializa\u00e7\u00e3o) das institui\u00e7\u00f5es credenciadas no Sistema Federal de Ensino;\r\n<p>- o <a href=\"https:\/\/abmes.org.br\/arquivos\/legislacoes\/Parecer-cne-ces-245-2016-05-04.pdf\" target=\"_blank\"><font color=\"blue\"><u>Parecer n\u00b0 245, 4 de maio de 2016<\/u><\/font><\/a>, que trata das Diretrizes Nacionais dos Cursos de P\u00f3s-Gradua\u00e7\u00e3o Lato Sensu Especializa\u00e7\u00e3o (DNs Especializa\u00e7\u00e3o);\r\n<p>- o <a href=\"https:\/\/www.ufsm.br\/pro-reitorias\/proplan\/estatuto-ufsm-2010\/\" target=\"_blank\"><font color=\"blue\"><u>Estatuto da Universidade Federal de Santa Maria<\/u><\/font><\/a> com as adequa\u00e7\u00f5es aprovadas pela <a href=\"https:\/\/www.ufsm.br\/pro-reitorias\/proplan\/resolucao-n-037-2010\/\" target=\"_blank\"><font color=\"blue\"><u>Resolu\u00e7\u00e3o UFSM N. 037, de 30 de novembro de 2010<\/u><\/font><\/a>, aprovado pela <a href=\"https:\/\/pesquisa.in.gov.br\/imprensa\/jsp\/visualiza\/index.jsp?data=13\/03\/2014&amp;jornal=1&amp;pagina=43&amp;totalArquivos=100\" target=\"_blank\"><font color=\"blue\"><u>Portaria N. 156, de 12 de mar\u00e7o de 2014<\/u><\/font><\/a>, e publicado no Di\u00e1rio Oficial da Uni\u00e3o em 13 de mar\u00e7o de 2014;<\/p> \r\n<p>- o <a href=\"https:\/\/www.ufsm.br\/pro-reitorias\/proplan\/regimento-geral-da-ufsm-com-alteracoes-compiladas-pela-resolucao-n-016-2019\/\" target=\"_blank\"><font color=\"blue\"><u>Regimento Geral da UFSM<\/u><\/font><\/a>, disposto na <a href=\"https:\/\/www.ufsm.br\/pro-reitorias\/proplan\/resolucao-n-006-2011\" target=\"_blank\"><font color=\"blue\"><u>Resolu\u00e7\u00e3o UFSM n\u00b0 006, de 28 de abril de 2011<\/u><\/font><\/a>, atualizado pela <a href=\"https:\/\/www.ufsm.br\/pro-reitorias\/proplan\/resolucao-n-016-2019\" target=\"_blank\"><font color=\"blue\"><u>Resolu\u00e7\u00e3o UFSM n\u00b0 016, de 02 de julho de 2019<\/u><\/font><\/a>;<\/p>\r\n<p>- a <a href=\"https:\/\/www.ufsm.br\/pro-reitorias\/proplan\/resolucao-n-015-2014\" target=\"_blank\"><font color=\"blue\"><u>Resolu\u00e7\u00e3o UFSM n\u00b0 015, de 07 de julho de 2014<\/u><\/font><\/a>, que aprova o Regimento Geral da P\u00f3s-Gradua\u00e7\u00e3o Stricto Sensu e Lato Sensu da Universidade Federal de Santa Maria, e altera\u00e7\u00f5es subsequentes;\r\n<p>- a <a href=\"https:\/\/www.ufsm.br\/pro-reitorias\/proplan\/resolucao-n-037-2019#:~:text=Regula%20a%20estrutura%20e%20organiza%C3%A7%C3%A3o,Avalia%C3%A7%C3%A3o%20da%20Educa%C3%A7%C3%A3o%20Superior%20%E2%80%93%20SINAES.\" target=\"_blank\"><font color=\"blue\"><u>Resolu\u00e7\u00e3o UFSM n\u00b0 037, de 22 de novembro de 2019<\/u><\/font><\/a>, que regula a estrutura e organiza\u00e7\u00e3o da Educa\u00e7\u00e3o a Dist\u00e2ncia na UFSM e revoga as disposi\u00e7\u00f5es em contr\u00e1rio;\r\n<p>- a <a href=\"https:\/\/www.ufsm.br\/pro-reitorias\/proplan\/resolucao-ufsm-n-054-2021\" target=\"_blank\"><font color=\"blue\"><u>Resolu\u00e7\u00e3o UFSM n\u00b0 054, de 1\u00ba de junho de 2021<\/u><\/font><\/a>, que regulamenta a proposi\u00e7\u00e3o e a emiss\u00e3o de Atos Normativos no \u00e2mbito da Universidade Federal de Santa Maria; <\/p>\r\n<p>- a <a href=\"https:\/\/www.ufsm.br\/pro-reitorias\/proplan\/resolucao-n-072-2021\" target=\"_blank\"><font color=\"blue\"><u>Resolu\u00e7\u00e3o UFSM n\u00b0 072, de 20 de dezembro de 2021<\/u><\/font><\/a>, que estabelece as Diretrizes e Normas Institucionais para os Cursos de P\u00f3s-Gradua\u00e7\u00e3o Lato Sensu denominados Cursos de Especializa\u00e7\u00e3o e d\u00e1 outras provid\u00eancias;\r\n<p>- a <a href=\"https:\/\/www.ufsm.br\/pro-reitorias\/proplan\/resolucao-ufsm-n-076-2022\" target=\"_blank\"><font color=\"blue\"><u>Resolu\u00e7\u00e3o UFSM n\u00b0 076, de 31 de janeiro de 2022<\/u><\/font><\/a>, que consolida os Cursos de P\u00f3s-Gradua\u00e7\u00e3o (Especializa\u00e7\u00e3o, Mestrado e Doutorado), com situa\u00e7\u00e3o \u201cem atividade\u201d, em cada Unidade de Ensino, da Universidade Federal de Santa Maria (UFSM), em decorr\u00eancia do disposto no Decreto n\u00b0 10.139, de 28 de novembro de 2019;\r\n<p>- a <a href=\"https:\/\/www.ufsm.br\/pro-reitorias\/proplan\/resolucao-ufsm-n-139-2023\" target=\"_blank\"><font color=\"blue\"><u>Resolu\u00e7\u00e3o UFSM n\u00b0 139, de 29 de agosto de 2023<\/u><\/font><\/a>, que aprova o Regulamento Geral da P\u00f3s-gradua\u00e7\u00e3o Stricto sensu da UFSM;\r\n<p>- a <a href=\"https:\/\/www.ufsm.br\/pro-reitorias\/proplan\/instrucao-normativa-prpgp-ufsm-n-004-de-13-de-maio-de-2022#:~:text=INSTRU%C3%87%C3%83O%20NORMATIVA%20UFSM%20N.&amp;text=Instrui%20quanto%20%C3%A0s%20provid%C3%AAncias%20para,de%20Santa%20Maria%20(UFSM).\" target=\"_blank\"><font color=\"blue\"><u>Instru\u00e7\u00e3o Normativa PRPGP\/UFSM n\u00b0 004, de 13 de maio de 2022<\/u><\/font><\/a>, que instrui quanto \u00e0s provid\u00eancias para reestrutura\u00e7\u00e3o dos Cursos de P\u00f3s-Gradua\u00e7\u00e3o Lato Sensu, denominados de Cursos de Especializa\u00e7\u00e3o vigentes frente \u00e0 Resolu\u00e7\u00e3o UFSM n\u00b0 072\/2021 no \u00e2mbito da Universidade Federal de Santa Maria (UFSM);\r\n<p>- a necessidade de atualizar <a href=\"https:\/\/www.ufsm.br\/pro-reitorias\/proplan\/resolucao-ufsm-n-139-2023\" target=\"_blank\"><font color=\"blue\"><u>o Regimento Geral da UFSM<\/u><\/font><\/a> conforme o novo fluxo de aprecia\u00e7\u00e3o dos regulamentos internos dos programas de p\u00f3s-gradua\u00e7\u00e3o stricto sensu aprovado no Art. 9\u00b0 do Anexo I da <a href=\"https:\/\/www.ufsm.br\/pro-reitorias\/proplan\/resolucao-ufsm-n-139-2023-anexo-i\" target=\"_blank\" style=\"color: blue;text-decoration: underline\"><\/u><\/font><\/a>Resolu\u00e7\u00e3o UFSM n\u00b0 139\/2023;<\/a><\/p><font color=\"black\">\r\n<p>- a necessidade de simplificar os processos de cria\u00e7\u00e3o e funcionamento de cursos de p\u00f3s-gradua\u00e7\u00e3o Lato sensu, em especial no que diz respeito aos cursos de car\u00e1ter eventual;<\/p>\r\n<p>- o Parecer n\u00b0 002\/2024 da Comiss\u00e3o de Legisla\u00e7\u00e3o e Normas (CLN), aprovado na 995\u00aa Sess\u00e3o do Conselho de Ensino, Pesquisa e Extens\u00e3o (CEPE), de 15 de mar\u00e7o de 2024, referente ao Processo n\u00b0 <a href=\"https:\/\/portal.ufsm.br\/documentos\/publico\/processo\/documento.html?idDocumento=14913153\" target=\"_blank\"><font color=\"blue\"><u>23081.151213\/2023-46<\/u><\/font><\/a>.<\/p>\r\n<p>- o Parecer n\u00b0 002\/2024 da Comiss\u00e3o de Legisla\u00e7\u00e3o e Regimentos (CLR), aprovado na 869\u00aa Sess\u00e3o do Conselho Universit\u00e1rio (CONSU), de 22 de mar\u00e7o de 2024, referente ao Processo n\u00b0 <a href=\"https:\/\/portal.ufsm.br\/documentos\/publico\/processo\/documento.html?idDocumento=14913153\" target=\"_blank\"><font color=\"blue\"><u>23081.151213\/2023-46<\/u><\/font><\/a>.<\/p>\r\n<br>\r\n<p><div align=\"center\">RESOLVE:<\/div><\/p>\r\n<br>\r\n<div align=\"justify\"> \r\n<p>Art. 1\u00b0 Alterar dispositivos relacionados aos cursos de p\u00f3s-gradua\u00e7\u00e3o no que concerne \u00e0 exig\u00eancia e aos tr\u00e2mites de aprova\u00e7\u00e3o de regulamentos pr\u00f3prios, no \u00e2mbito da Universidade Federal de Santa Maria (UFSM).\r\n\r\n<p>Art. 2\u00b0 O Art. 132 do Regimento Geral da Universidade Federal de Santa Maria passa a vigorar com a seguinte reda\u00e7\u00e3o:\r\n<br>\r\n<br>\r\n<p style=\"margin-left: 2.5cm\">\u201c(...)\r\n<\/div>\r\n<p style=\"margin-left: 2.5cm\">Art. 132. Os programas de p\u00f3s-gradua\u00e7\u00e3o stricto sensu ter\u00e3o regulamento pr\u00f3prio aprovado como anexo de Portaria Normativa emitida pelo(a) Diretor(a) de Unidade de Ensino ao qual o Programa esteja vinculado, nos termos da \r\n<a href=\"https:\/\/www.ufsm.br\/pro-reitorias\/proplan\/resolucao-ufsm-n-054-2021\" style=\"text-decoration: none\">\r\n<font color=\"blue\">\r\n<u>Resolu\u00e7\u00e3o UFSM n\u00b0 054\/2021\r\n<\/u>\r\n<\/font>\r\n<\/a>, ap\u00f3s aprova\u00e7\u00e3o pr\u00e9via do referido Conselho da Unidade.\r\n<\/div>\r\n<div>\r\n\r\n<\/div>\r\n<p style=\"margin-left: 2.5cm\">(...)\u201d (NR)\r\n<br>\r\n<br>\r\n<p><\/p>Art. 3\u00b0 Incluir no Regimento Geral da Universidade Federal de Santa Maria o Art. 132-A com a seguinte reda\u00e7\u00e3o:\r\n<br>\r\n<br>\r\n\r\n<p style=\"margin-left: 2.5cm\">\u201c(...)\r\n\r\n<p style=\"margin-left: 2.5cm\">Art. 132-A. Os programas de p\u00f3s-gradua\u00e7\u00e3o lato sensu devem seguir as diretrizes gerais estabelecidas nas Resolu\u00e7\u00f5es \r\n<a href=\"https:\/\/www.ufsm.br\/pro-reitorias\/proplan\/resolucao-n-015-2014\" style=\"text-decoration: none\">\r\n<font color=\"blue\">\r\n<u>UFSM n\u00b0 015\/2014\r\n<\/u>\r\n<\/font>\r\n<\/a>, n\u00b0 \r\n<a href=\"https:\/\/www.ufsm.br\/pro-reitorias\/proplan\/resolucao-n-037-2019\" style=\"text-decoration: none\">\r\n<font color=\"blue\">\r\n<u>037\/2019\r\n<\/u>\r\n<\/font>\r\n<\/a> e n\u00b0 \r\n<a href=\"https:\/\/www.ufsm.br\/pro-reitorias\/proplan\/resolucao-n-072-2021\" style=\"text-decoration: none\">\r\n<font color=\"blue\">\r\n<u>072\/2021\r\n<\/u>\r\n<\/font>\r\n<\/a>, sendo que demais especificidades dever\u00e3o estar dispostas em seus editais, n\u00e3o havendo exig\u00eancia para a exist\u00eancia de regulamento pr\u00f3prio no caso dos cursos de car\u00e1ter eventual.\r\n\r\n<p style=\"margin-left: 2.5cm\">Par\u00e1grafo \u00fanico. Os cursos de p\u00f3s-gradua\u00e7\u00e3o lato sensu de car\u00e1ter permanente ter\u00e3o regulamento pr\u00f3prio aprovado como anexo de Portaria Normativa emitida pelo(a) Diretor(a) de Unidade de Ensino ao qual o Programa esteja vinculado, nos termos da \r\n<a href=\"https:\/\/www.ufsm.br\/pro-reitorias\/proplan\/resolucao-ufsm-n-054-2021\" style=\"text-decoration: none\">\r\n<font color=\"blue\">\r\n<u>Resolu\u00e7\u00e3o UFSM n\u00b0 054\/2021\r\n<\/u>\r\n<\/font>\r\n<\/a>, ap\u00f3s aprova\u00e7\u00e3o pr\u00e9via do referido Conselho da Unidade.\r\n\r\n<p style=\"margin-left: 2.5cm\">(...)\u201d\r\n<br>\r\n<br>\r\n<div>Art. 4\u00b0 O \u00a71\u00ba do Art. 88, T\u00edtulo II do Regimento Geral da P\u00f3s-Gradua\u00e7\u00e3o Stricto Sensu e Lato Sensu da Universidade Federal de Santa Maria, passa a vigorar com a seguinte reda\u00e7\u00e3o:\r\n<br>\r\n<br>\r\n<p style=\"margin-left: 2.5cm\">\u201cArt. 88...........................................................................................................................................................\r\n\r\n<p style=\"margin-left: 2.5cm\">\u00a7 1\u00ba Incluem-se na categoria de curso de p\u00f3s-gradua\u00e7\u00e3o lato sensu, os cursos de especializa\u00e7\u00e3o definidos pela Resolu\u00e7\u00e3o CNE\/CES n\u00b0 01\/2018, sendo que seu funcionamento e compet\u00eancias devem seguir as diretrizes gerais estabelecidas nas Resolu\u00e7\u00f5es&nbsp;\r\n<a href=\"https:\/\/www.ufsm.br\/pro-reitorias\/proplan\/resolucao-n-015-2014\">\r\n<font color=\"blue\">\r\n<u>UFSM n\u00b0 015\/2014\r\n<\/u>\r\n<\/font>\r\n<\/a>, n\u00b0&nbsp;\r\n<a href=\"https:\/\/www.ufsm.br\/pro-reitorias\/proplan\/resolucao-n-037-2019\">\r\n<font color=\"blue\">\r\n<u>037\/2019\r\n<\/u>\r\n<\/font>\r\n<\/a>&nbsp;e n\u00b0&nbsp;\r\n<a href=\"https:\/\/www.ufsm.br\/pro-reitorias\/proplan\/resolucao-n-072-2021\">\r\n<font color=\"blue\">\r\n<u>072\/2021\r\n<\/u>\r\n<\/font>\r\n<\/a>, ou outras que vierem a substitu\u00ed-las, sendo que demais especificidades dever\u00e3o estar dispostas em seus editais, n\u00e3o havendo exig\u00eancia para a exist\u00eancia de regulamento pr\u00f3prio no caso dos cursos de car\u00e1ter eventual, nos termos do art. 132-A do Regimento Geral da Universidade Federal de Santa Maria.\r\n\r\n<p style=\"margin-left: 2.5cm\">(...)\u201d (NR)\r\n<br>\r\n<br>\r\n<p>Art. 5\u00b0 Esta Resolu\u00e7\u00e3o entra em vigor em 02 de abril de 2024, por se tratar de urg\u00eancia justificada no expediente administrativo, de acordo com o que prev\u00ea o Artigo 4\u00ba do <a href=\"https:\/\/www.planalto.gov.br\/ccivil_03\/_ato2019-2022\/2019\/decreto\/d10139.htm\"><font color=\"blue\"><u>Decreto n\u00b0 10.139, de 28 de novembro de 2019<\/u><\/font><\/a>.\r\n\r\n\r\n<p>Par\u00e1grafo \u00fanico. Havendo qualquer modifica\u00e7\u00e3o legislativa, ou ainda, advindo qualquer situa\u00e7\u00e3o legal que impacte na legalidade da presente Resolu\u00e7\u00e3o, a mesma se aplica de imediato.\r\n<br>\r\n<br>\r\n<\/div>\r\n<p>Luciano Schuch<\/p>\r\n<p>Reitor<\/p>\r\n<br>\r\n<p><font color=\"red0000\">Este texto n\u00e3o substitui o documento original, publicado no Portal de Documentos.<\/font> Dispon\u00edvel em: <a href=\"https:\/\/portal.ufsm.br\/documentos\/publico\/documento.html?id=15036287\" target=\"_blank\"><font color=\"blue\">https:\/\/portal.ufsm.br\/documentos\/publico\/documento.html?id=15036287<\/font><\/a>\t\t<\/div>\n\t\t\t\t<\/div>\n\t\t\t\t\t<\/div>\n\t\t<\/div>\n\t\t\t\t\t<\/div>\n\t\t<\/section>\n\t\t\t\t<\/div>\n\t\t","protected":false},"excerpt":{"rendered":"<p>RESOLU\u00c7\u00c3O N\u00b0 152\/2024 MINIST\u00c9RIO DA EDUCA\u00c7\u00c3O UNIVERSIDADE FEDERAL DE SANTA MARIA RESOLU\u00c7\u00c3O UFSM N\u00b0 152, DE 27 DE MAR\u00c7O DE 2024 Altera dispositivos relacionados aos cursos de p\u00f3s-gradua\u00e7\u00e3o no que concerne aos crit\u00e9rios de exig\u00eancia e aprova\u00e7\u00e3o de regulamentos pr\u00f3prios, no \u00e2mbito da Universidade Federal de Santa Maria (UFSM). O REITOR DA UNIVERSIDADE FEDERAL DE [&hellip;]<\/p>\n","protected":false},"author":640,"featured_media":0,"parent":0,"menu_order":0,"comment_status":"closed","ping_status":"closed","template":"","meta":{"footnotes":""},"categories":[],"tags":[],"class_list":["post-5778","page","type-page","status-publish","hentry"],"acf":[],"_links":{"self":[{"href":"https:\/\/www.ufsm.br\/pro-reitorias\/proplan\/wp-json\/wp\/v2\/pages\/5778","targetHints":{"allow":["GET"]}}],"collection":[{"href":"https:\/\/www.ufsm.br\/pro-reitorias\/proplan\/wp-json\/wp\/v2\/pages"}],"about":[{"href":"https:\/\/www.ufsm.br\/pro-reitorias\/proplan\/wp-json\/wp\/v2\/types\/page"}],"author":[{"embeddable":true,"href":"https:\/\/www.ufsm.br\/pro-reitorias\/proplan\/wp-json\/wp\/v2\/users\/640"}],"replies":[{"embeddable":true,"href":"https:\/\/www.ufsm.br\/pro-reitorias\/proplan\/wp-json\/wp\/v2\/comments?post=5778"}],"version-history":[{"count":0,"href":"https:\/\/www.ufsm.br\/pro-reitorias\/proplan\/wp-json\/wp\/v2\/pages\/5778\/revisions"}],"wp:attachment":[{"href":"https:\/\/www.ufsm.br\/pro-reitorias\/proplan\/wp-json\/wp\/v2\/media?parent=5778"}],"wp:term":[{"taxonomy":"category","embeddable":true,"href":"https:\/\/www.ufsm.br\/pro-reitorias\/proplan\/wp-json\/wp\/v2\/categories?post=5778"},{"taxonomy":"post_tag","embeddable":true,"href":"https:\/\/www.ufsm.br\/pro-reitorias\/proplan\/wp-json\/wp\/v2\/tags?post=5778"}],"curies":[{"name":"wp","href":"https:\/\/api.w.org\/{rel}","templated":true}]}}