{"id":6553,"date":"2025-05-05T13:36:18","date_gmt":"2025-05-05T16:36:18","guid":{"rendered":"https:\/\/www.ufsm.br\/pro-reitorias\/proplan\/?page_id=6553"},"modified":"2025-05-05T14:01:19","modified_gmt":"2025-05-05T17:01:19","slug":"resolucao-ufsm-no-209-2025","status":"publish","type":"page","link":"https:\/\/www.ufsm.br\/pro-reitorias\/proplan\/resolucao-ufsm-no-209-2025","title":{"rendered":"RESOLU\u00c7\u00c3O UFSM N\u00ba 209\/2025"},"content":{"rendered":"\t\t<div data-elementor-type=\"wp-page\" data-elementor-id=\"6553\" class=\"elementor elementor-6553\">\n\t\t\t\t\t\t<section class=\"elementor-section elementor-top-section elementor-element elementor-element-43e832d elementor-section-boxed elementor-section-height-default elementor-section-height-default\" data-id=\"43e832d\" data-element_type=\"section\">\n\t\t\t\t\t\t<div class=\"elementor-container elementor-column-gap-default\">\n\t\t\t\t\t<div class=\"elementor-column elementor-col-100 elementor-top-column elementor-element elementor-element-ddc131c\" data-id=\"ddc131c\" data-element_type=\"column\">\n\t\t\t<div class=\"elementor-widget-wrap elementor-element-populated\">\n\t\t\t\t\t\t<div class=\"elementor-element elementor-element-342b573 elementor-widget elementor-widget-html\" data-id=\"342b573\" data-element_type=\"widget\" data-widget_type=\"html.default\">\n\t\t\t\t<div class=\"elementor-widget-container\">\n\t\t\t<br><div align=\"justify\"><font color=\"black\">\r\n<br>\r\n<div align=\"justify\">\r\n<font color=\"black\">\r\n<div align=\"center\">\r\n<img decoding=\"async\" src=\"https:\/\/www.ufsm.br\/pro-reitorias\/proplan\/wp-content\/uploads\/sites\/344\/2019\/09\/brasao-da-republica-do-brasil-logo.png\" alt=\"Bras\u00e3o Rep\u00fablica Federativa do Brasil\" width=\"6%\" height=\"6%\" style=\"text-align: justify\">\r\n<\/div>\r\n<h4 style=\"text-align: justify\">\r\n<font color=\"blue\">\r\n<font size=\"5\">\r\n<\/font>\r\n<\/font>\r\n<div align=\"center\">\r\n<font color=\"blue\" style=\"text-align: justify\">\r\n<font size=\"5\">MINIST\u00c9RIO DA EDUCA\u00c7\u00c3O<\/font>\r\n<\/font>\r\n<\/div>\r\n<\/h4>\r\n<p>\r\n<b>\r\n<font color=\"0000blue\">\r\n<\/font>\r\n<\/b>\r\n<\/p>\r\n<div align=\"center\">\r\n<b style=\"text-align: justify\">\r\n<font color=\"0000blue\">UNIVERSIDADE FEDERAL DE SANTA MARIA<\/font>\r\n<\/b>\r\n<\/div>\r\n<p>\r\n<\/p>\r\n\r\n\r\n\r\n\r\n\r\n\r\n\r\n\r\n\r\n\r\n\r\n\r\n\r\n\r\n<!--StartFragment-->\r\n\r\n<p align=\"center\">\r\n<b style=\"text-align: justify\">\r\n\r\n\r\n<a href=\"https:\/\/portal.ufsm.br\/documentos\/publico\/documento.html?id=15431105\" style=\"color: blue !important;text-decoration: underline !important\" data-elementor-preserved=\"true\">RESOLU\u00c7\u00c3O UFSM N\u00b0 209, DE 30 DE ABRIL DE 2025<\/a>\r\n<\/b>\r\n<span style=\"text-align: justify\">\r\n<\/span>\r\n<span style=\"text-align: justify\">\r\n<\/span>\r\n<\/p>\r\n\r\n<p>&nbsp;<\/p>\r\n\r\n<p>\r\n    <\/p>\r\n<div>\r\n      \r\n    <div style=\"color: #800000;width: 60%;margin-left: auto;margin-right: 0;text-align: justify;font-weight: normal\">\r\n      Regulamenta os processos de dispensa de disciplinas, aproveitamento de carga hor\u00e1ria de estudos e registro de atividades complementares de gradua\u00e7\u00e3o no \u00e2mbito dos cursos de gradua\u00e7\u00e3o da Universidade Federal de Santa Maria (UFSM).\r\n    <\/div>\r\n    <\/div>\r\n<p>\r\n<\/p>\r\n\r\n<p>&nbsp;<\/p>\r\n\r\n<p>O REITOR DA UNIVERSIDADE\r\nFEDERAL DE SANTA MARIA, no uso de suas atribui\u00e7\u00f5es legais que lhe confere o\r\nart. 30 do Estatuto da Universidade Federal de Santa Maria com as adequa\u00e7\u00f5es\r\naprovadas pela <a href=\"https:\/\/www.ufsm.br\/pro-reitorias\/proplan\/resolucao-n-037-2010#:~:text=Aprova%20a%20adequa%C3%A7%C3%A3o%20do%20Estatuto,Santa%20Maria%20%C3%A0%20legisla%C3%A7%C3%A3o%20vigente.&amp;text=%2D%20o%20Parecer%20n.,23081.007947%2F2008%2D50.\" style=\"color: blue !important;text-decoration: underline !important\" data-elementor-preserved=\"true\">Resolu\u00e7\u00e3o UFSM n\u00b0 037, de 30 de novembro de 2010<\/a>, aprovado pela\r\nPortaria n\u00b0 156, de 12 de mar\u00e7o de 2014, e publicado no Di\u00e1rio Oficial da Uni\u00e3o\r\nem 13 de mar\u00e7o de 2014, tendo em vista o disposto na <a href=\"https:\/\/www.planalto.gov.br\/ccivil_03\/leis\/l9394.htm\" style=\"color: blue !important;text-decoration: underline !important\" data-elementor-preserved=\"true\">Lei n\u00b0 9.394, de 20 de dezembro de 1996<\/a>, na <a href=\"https:\/\/www.ufsm.br\/pro-reitorias\/proplan\/resolucao-ufsm-n-125-2023\" style=\"color: blue !important;text-decoration: underline !important\" data-elementor-preserved=\"true\">Resolu\u00e7\u00e3o UFSM n\u00b0 125, de 19 de abril de 2023<\/a>, e o que\r\nconsta no Processo n\u00b0 <a href=\"https:\/\/portal.ufsm.br\/documentos\/usuario\/processo\/documento.html?idDocumento=15260620\" style=\"color: blue !important;text-decoration: underline !important\" data-elementor-preserved=\"true\">23081.140730\/2024-71<\/a>, resolve:<\/p>\r\n\r\n<p>&nbsp;<\/p>\r\n\r\n<p>\r\n<a name=\"_heading=h.gjdgxs\">\r\n<\/a>Art. 1\u00b0 &nbsp;Regulamentar os\r\nprocessos de dispensa de disciplinas, aproveitamento de carga hor\u00e1ria de\r\nestudos e registro de atividades complementares de gradua\u00e7\u00e3o no \u00e2mbito dos\r\ncursos de gradua\u00e7\u00e3o da Universidade Federal de Santa Maria (UFSM).<\/p>\r\n\r\n<p>&nbsp;<\/p>\r\n\r\n<p align=\"left\">\r\n<span style=\"text-align: justify\">CAP\u00cdTULO\r\nI<\/span>\r\n<span style=\"text-align: justify\">\r\n<\/span>\r\n<\/p>\r\n\r\n<p align=\"left\">\r\n<span style=\"text-align: justify\">DAS\r\nDISPOSI\u00c7\u00d5ES GERAIS<\/span>\r\n<span style=\"text-align: justify\">\r\n<\/span>\r\n<\/p>\r\n\r\n<p>&nbsp;<\/p>\r\n\r\n<p>Art. 2\u00b0 &nbsp;Para fins desta Resolu\u00e7\u00e3o, entende-se por:<\/p>\r\n\r\n<p>I - dispensa de disciplina:\r\nprocesso de aproveitamento de estudos, para fins de integraliza\u00e7\u00e3o curricular,\r\nmediante equival\u00eancia de carga hor\u00e1ria e conte\u00fado ou comprova\u00e7\u00e3o de\r\nconhecimentos por autodidatismo, aplic\u00e1vel a disciplinas obrigat\u00f3rias, eletivas\r\nou complementares do projeto pedag\u00f3gico do curso em que o(a) estudante est\u00e1\r\nregularmente matriculado(a);<\/p>\r\n\r\n<p>II - aproveitamento de\r\ncarga hor\u00e1ria de estudos: processo em que a carga hor\u00e1ria de disciplinas cursadas\r\ncom aprova\u00e7\u00e3o pelos(as) estudantes \u00e9 utilizada para dispensar horas do n\u00facleo\r\nflex\u00edvel do curso em que est\u00e3o regularmente matriculados(as), nos casos em que\r\nn\u00e3o h\u00e1 equival\u00eancia de conte\u00fados, mas relev\u00e2ncia e pertin\u00eancia dos\r\nconhecimentos para a forma\u00e7\u00e3o acad\u00eamica e profissional; <\/p>\r\n\r\n<p>III - atividade\r\ncomplementar de gradua\u00e7\u00e3o (ACG): conjunto de atividades que integra o\r\nitiner\u00e1rio formativo dos cursos, com o objetivo de proporcionar aos(\u00e0s)\r\nestudantes o aprofundamento e a diversifica\u00e7\u00e3o de conhecimentos e experi\u00eancias\r\npertinentes \u00e0 forma\u00e7\u00e3o acad\u00eamica e profissional; e<\/p>\r\n\r\n<p>IV - registro de atividades\r\ncomplementares de gradua\u00e7\u00e3o (ACG): processo de aproveitamento, para fins de\r\nintegraliza\u00e7\u00e3o curricular, de carga hor\u00e1ria relativa ao conjunto de atividades\r\nque integra o n\u00facleo flex\u00edvel do itiner\u00e1rio formativo dos cursos de gradua\u00e7\u00e3o. <\/p>\r\n\r\n<p>Art. 3\u00b0 &nbsp;A solicita\u00e7\u00e3o de dispensa de disciplinas,\r\naproveitamento de carga hor\u00e1ria de estudos e registro de atividades\r\ncomplementares de gradua\u00e7\u00e3o s\u00e3o de responsabilidade do(a) discente e dever\u00e3o\r\nseguir as normas constantes na presente Resolu\u00e7\u00e3o.<\/p>\r\n\r\n<p>Par\u00e1grafo \u00fanico. &nbsp;Procedimentos, fluxos e documentos necess\u00e1rios\r\naos processos previstos no <i>caput<\/i> deste\r\nartigo dever\u00e3o ser informados \u00e0 comunidade acad\u00eamica pela Pr\u00f3-Reitoria de\r\nGradua\u00e7\u00e3o (PROGRAD) em s\u00edtio institucional, podendo ser atualizados &nbsp;a qualquer tempo, conforme necessidade.<\/p>\r\n\r\n<p>Art. 4\u00b0 &nbsp;O teor, a integridade e a veracidade das\r\ninforma\u00e7\u00f5es e dos documentos apresentados nos processos regidos pela presente\r\nResolu\u00e7\u00e3o ser\u00e3o de inteira responsabilidade dos(as) estudantes demandantes, que\r\nresponder\u00e3o nos termos da legisla\u00e7\u00e3o aplicada por eventuais fraudes.<\/p>\r\n\r\n<p>Par\u00e1grafo \u00fanico. &nbsp;Os documentos digitalizados apresentados por\r\nmeio dos sistemas oficiais da UFSM t\u00eam valor de c\u00f3pia simples e seus originais\r\npoder\u00e3o ser requeridos no prazo de at\u00e9 5 (cinco) anos, ap\u00f3s a evas\u00e3o do(a)\r\ndemandante da UFSM.<\/p>\r\n\r\n<p>Art. 5\u00b0 &nbsp;Disciplinas n\u00e3o poder\u00e3o ser dispensadas a\r\npartir de atividades complementares, assim como as atividades complementares\r\nn\u00e3o poder\u00e3o ser utilizadas como horas de estudos para dispensa ou\r\naproveitamento de disciplinas.<\/p>\r\n\r\n<p>&nbsp;<\/p>\r\n\r\n<p align=\"left\">\r\n<span style=\"text-align: justify\">CAP\u00cdTULO\r\nII<\/span>\r\n<span style=\"text-align: justify\">\r\n<\/span>\r\n<\/p>\r\n\r\n<p align=\"left\">\r\n<span style=\"text-align: justify\">DA\r\nDISPENSA DE DISCIPLINAS E DO APROVEITAMENTO DE CARGA HOR\u00c1RIA DE ESTUDOS<\/span>\r\n<span style=\"text-align: justify\">\r\n<\/span>\r\n<\/p>\r\n\r\n<p>&nbsp;<\/p>\r\n\r\n<p align=\"left\">\r\n<b style=\"text-align: justify\">Se\u00e7\u00e3o I<\/b>\r\n<b style=\"text-align: justify\">\r\n<\/b>\r\n<\/p>\r\n\r\n<p align=\"left\">\r\n<b style=\"text-align: justify\">Dispensa de disciplina por\r\nequival\u00eancia de conte\u00fado e carga hor\u00e1ria<\/b>\r\n<b style=\"text-align: justify\">\r\n<\/b>\r\n<\/p>\r\n\r\n<p align=\"left\">\r\n<span style=\"text-align: justify\">&nbsp;<\/span>\r\n<\/p>\r\n\r\n<p>Art. 6\u00b0 &nbsp;As disciplinas que integram o curr\u00edculo dos\r\ncursos de gradua\u00e7\u00e3o poder\u00e3o ser dispensadas por equival\u00eancia de conte\u00fado e\r\ncarga hor\u00e1ria a partir de disciplinas de mesmo n\u00edvel ou de n\u00edvel superior,\r\nexceto casos previstos no par\u00e1grafo 3\u00b0 deste artigo, desde\r\nque tenham sido cursadas com aproveitamento pelo(a) estudante na UFSM ou em\r\noutras Institui\u00e7\u00f5es de Ensino Superior, conforme crit\u00e9rios estabelecidos no art.\r\n7\u00b0 desta Resolu\u00e7\u00e3o.<\/p>\r\n\r\n<p>\u00a7 1\u00b0 &nbsp;Ser\u00e1 facultada ao Colegiado de Curso a\r\navalia\u00e7\u00e3o da possibilidade de dispensa de disciplinas com componentes\r\ncurriculares pr\u00e1ticos, considerando-se a especificidade da \u00e1rea e desde que sem\r\ndescaracteriza\u00e7\u00e3o dos objetivos da aprendizagem.<\/p>\r\n\r\n<p>\u00a7 2\u00b0 &nbsp;Disciplinas com componentes te\u00f3ricos ou\r\npr\u00e1ticos de extens\u00e3o somente poder\u00e3o ser dispensadas por disciplinas que\r\ncontenham componentes extensionistas equivalentes, sendo vedada a dispensa nos\r\ncasos que envolvem disciplinas cursadas com aproveitamento em outras\r\ninstitui\u00e7\u00f5es.<\/p>\r\n\r\n<p>\u00a7 3\u00b0 &nbsp;Os cursos de gradua\u00e7\u00e3o poder\u00e3o dispensar\r\ndisciplinas dos cursos t\u00e9cnicos de n\u00edvel m\u00e9dio, considerando-se itiner\u00e1rios\r\nformativos, habilidades e compet\u00eancias previstos nos projetos pedag\u00f3gicos de\r\ncurso (PPC), em conson\u00e2ncia com a legisla\u00e7\u00e3o vigente. <\/p>\r\n\r\n<p>\u00a7 4\u00b0 &nbsp;O disposto no <i>caput<\/i> deste artigo n\u00e3o se aplica \u00e0s disciplinas de est\u00e1gio, cujas\r\nsitua\u00e7\u00f5es admitidas para dispensa est\u00e3o reguladas pela <a href=\"https:\/\/www.ufsm.br\/pro-reitorias\/proplan\/resolucao-ufsm-n-157-2024\" style=\"color: blue !important;text-decoration: underline !important\" data-elementor-preserved=\"true\">Resolu\u00e7\u00e3o UFSM n\u00b0 157, de 08 de abril de 2024<\/a>, ou outra que venha a substitu\u00ed-la, tampouco \u00e0s\r\ndisciplinas de trabalho de conclus\u00e3o de curso (TCC). <\/p>\r\n\r\n<p>Art. 7\u00b0 &nbsp;Os crit\u00e9rios para a concess\u00e3o de\r\ndispensa de disciplina s\u00e3o: <\/p>\r\n\r\n<p>I - a situa\u00e7\u00e3o final da\r\ndisciplina cursada dever\u00e1 ser de aprova\u00e7\u00e3o e a nota final dever\u00e1 ser igual ou\r\nsuperior a 5,0 (cinco), em conformidade com as normas de convers\u00e3o entre\r\ndiferentes sistemas de notas ou conceitos, previstas nos artigos 8\u00b0, 9\u00b0 e 10\r\ndesta Resolu\u00e7\u00e3o, se for o caso;<\/p>\r\n\r\n<p>II - a compatibilidade de\r\nconte\u00fado e carga hor\u00e1ria entre a disciplina cursada e a disciplina a ser\r\ndispensada deve ser de, no m\u00ednimo, 75% (setenta e cinco por cento) em cada um\r\ndesses requisitos, aplic\u00e1veis, quando for o caso, no mesmo percentual, aos\r\ncomponentes curriculares de extens\u00e3o entre a disciplina cursada e a disciplina\r\na ser dispensada;<\/p>\r\n\r\n<p>III - para disciplinas\r\ncursadas em institui\u00e7\u00f5es externas \u00e0 UFSM, a Institui\u00e7\u00e3o de Ensino Superior de\r\norigem da disciplina dever\u00e1 ter ato de (re)credenciamento vigente junto ao\r\nMinist\u00e9rio da Educa\u00e7\u00e3o (MEC); e<\/p>\r\n\r\n<p>IV - para disciplinas\r\ncursadas na modalidade a dist\u00e2ncia, a solicita\u00e7\u00e3o de dispensa somente poder\u00e1\r\nser concedida em cursos de gradua\u00e7\u00e3o presenciais se o projeto pedag\u00f3gico do\r\ncurso em que o(a) estudante est\u00e1 regularmente matriculado(a) previr percentual\r\nde carga hor\u00e1ria a ser ofertada na modalidade a dist\u00e2ncia, sendo vedada a\r\nconcess\u00e3o de dispensa de disciplinas vinculadas a cursos que n\u00e3o possuem tal\r\nprevis\u00e3o.<\/p>\r\n\r\n<p>Par\u00e1grafo \u00fanico. &nbsp;Na hip\u00f3tese do inciso IV deste artigo, a\r\ndispensa n\u00e3o poder\u00e1 ser concedida quando a soma da carga hor\u00e1ria total de\r\ndisciplinas integralizadas na modalidade a dist\u00e2ncia pelo(a) estudante\r\nultrapassar o limite de oferta de carga hor\u00e1ria a dist\u00e2ncia estabelecido no\r\nprojeto pedag\u00f3gico do curso presencial em que o(a) estudante est\u00e1 regularmente\r\nmatriculado(a).<\/p>\r\n\r\n<p>Art. 8\u00b0 &nbsp;Se a institui\u00e7\u00e3o ou curso de origem da\r\ndisciplina realizada com aproveitamento adotar sistema de notas diferente de 0\r\n(zero) a 10 (dez), o(a) estudante dever\u00e1, no ato de solicita\u00e7\u00e3o de dispensa:<\/p>\r\n\r\n<p>I - apresentar tabela de\r\nequival\u00eancia para o formato 0,0 (zero) a 10,0 (dez), ou declara\u00e7\u00e3o do sistema\r\nde notas, fornecida pela institui\u00e7\u00e3o de origem da disciplina, que permita o\r\nc\u00e1lculo de equival\u00eancia; e<\/p>\r\n\r\n<p>II - informar a nota\r\nequivalente, conforme a tabela fornecida, ou o c\u00e1lculo feito a partir da\r\ndeclara\u00e7\u00e3o da institui\u00e7\u00e3o.<\/p>\r\n\r\n<p>Art. 9\u00b0 &nbsp;Se a institui\u00e7\u00e3o ou curso de origem da\r\ndisciplina realizada com aproveitamento adotar sistema de conceitos, o(a)\r\nestudante dever\u00e1, no ato de solicita\u00e7\u00e3o de dispensa:<\/p>\r\n\r\n<p>I - apresentar tabela de\r\nequival\u00eancia entre conceitos e notas no formato 0,0 (zero) a 10,0 (dez),\r\nfornecida pela institui\u00e7\u00e3o de origem da disciplina; ou <\/p>\r\n\r\n<p>II - adotar a equival\u00eancia\r\nconforme previsto no <a href=\"https:\/\/www.ufsm.br\/pro-reitorias\/proplan\/resolucao-ufsm-n-139-2023-anexo-i\" style=\"color: blue !important;text-decoration: underline !important\" data-elementor-preserved=\"true\">Anexo I da Resolu\u00e7\u00e3o UFSM n\u00b0 139, de 29 de agosto de 2023<\/a>,\r\nart. 91, ou outra que venha a substitu\u00ed-la, sendo considerada a maior nota do\r\nintervalo.<\/p>\r\n\r\n<p>\u00a7 1\u00b0 &nbsp;Uma vez definida a equival\u00eancia de conceitos,\r\nconforme os incisos I ou II deste artigo, o(a) estudante dever\u00e1 informar no\r\nsistema de solicita\u00e7\u00e3o de dispensa de disciplina da UFSM a nota equivalente.<\/p>\r\n\r\n<p>\u00a7 2\u00b0 &nbsp;Para fins de diploma\u00e7\u00e3o, nos casos em que o\r\naproveitamento acad\u00eamico tenha se dado a partir de conceitos como \u201caprovado\u201d,\r\n\u201csuficiente\u201d, \u201capto\u201d ou semelhantes e, n\u00e3o havendo equival\u00eancia de notas\r\nconforme o inciso I deste artigo, dever\u00e1 ser atribu\u00edda a nota 7,0 (sete) \u00e0\r\ndisciplina do curr\u00edculo.<\/p>\r\n\r\n<p>Art. 10.&nbsp; Se a institui\u00e7\u00e3o de origem da disciplina\r\ncursada com aproveitamento adotar o sistema <i>European\r\nCredit Transfers and Acumulation<\/i> (ECT), o(a) estudante dever\u00e1, no ato de\r\nsolicita\u00e7\u00e3o de dispensa:<\/p>\r\n\r\n<p>I - apresentar tabela de\r\nequival\u00eancia entre cr\u00e9dito ECT e carga hor\u00e1ria, fornecida pela institui\u00e7\u00e3o de\r\norigem da disciplina; ou<\/p>\r\n\r\n<p>II - adotar 1 (um) ECT a\r\ncada 15 (quinze) horas-aula.<\/p>\r\n\r\n<p>Art. 11. &nbsp;Caso seja necess\u00e1ria a fus\u00e3o de disciplinas\r\npara dispensar uma \u00fanica disciplina da UFSM, ser\u00e1 considerada como nota final a\r\nm\u00e9dia ponderada entre todas as disciplinas apresentadas para a dispensa, a qual\r\nconsidera a carga hor\u00e1ria total da disciplina como peso e a nota obtida como\r\nvalor.<\/p>\r\n\r\n<p>Art. 12. &nbsp;No ato da solicita\u00e7\u00e3o da dispensa, o(a)\r\nestudante dever\u00e1 apresentar documentos que contenham as informa\u00e7\u00f5es\r\ncomprobat\u00f3rias de atendimento dos crit\u00e9rios previstos no art. 7\u00b0 e, se for o\r\ncaso, nos artigos 8\u00b0, 9\u00b0 e 10 desta Resolu\u00e7\u00e3o.<\/p>\r\n\r\n<p>Art.\r\n13. &nbsp;A avalia\u00e7\u00e3o de m\u00e9rito das\r\nsolicita\u00e7\u00f5es de dispensa \u00e9 prerrogativa da Coordena\u00e7\u00e3o de Curso, podendo,\r\nquando necess\u00e1rio, ser solicitado parecer de professores(as) da UFSM vinculados\r\n\u00e0 disciplina objeto da dispensa.<\/p>\r\n\r\n<p>Art.\r\n14. &nbsp;Nos casos de altera\u00e7\u00e3o curricular,\r\nnos termos da <a href=\"https:\/\/www.ufsm.br\/pro-reitorias\/proplan\/resolucao-ufsm-n-113-2022\" style=\"color: blue !important;text-decoration: underline !important\" data-elementor-preserved=\"true\">Resolu\u00e7\u00e3o UFSM n\u00b0 113, de 20 de dezembro de 2022<\/a>, ou outra que venha\r\na substitu\u00ed-la, a dispensa de disciplinas poder\u00e1 acontecer a partir de uma\r\nsistem\u00e1tica de adapta\u00e7\u00e3o curricular estabelecida pelo curso entre o curr\u00edculo\r\nvigente e o proposto, para a garantia da continuidade do processo formativo e\r\nvalida\u00e7\u00e3o de carga hor\u00e1ria de componentes curriculares j\u00e1 integralizados\r\npelos(as) estudantes.<\/p>\r\n\r\n<p>Par\u00e1grafo\r\n\u00fanico. &nbsp;Na hip\u00f3tese do <i>caput <\/i>deste artigo, os Colegiados ter\u00e3o autonomia\r\npara deliberar sobre a equival\u00eancia de conte\u00fados, excetuando-se os casos que\r\nenvolvem componentes curriculares de extens\u00e3o, est\u00e1gio e TCC, que seguem o\r\ndisposto nos par\u00e1grafos 2\u00b0 e 4\u00b0 do art. 6\u00b0 desta Resolu\u00e7\u00e3o.<\/p>\r\n\r\n<p>Art.\r\n15. &nbsp;Em um mesmo curso, disciplinas\r\nobrigat\u00f3rias n\u00e3o poder\u00e3o ser dispensadas a partir de disciplinas\r\ncomplementares, exceto em casos de adapta\u00e7\u00e3o curricular, conforme o disposto no\r\n<i>caput<\/i> do art. 14 desta Resolu\u00e7\u00e3o.<\/p>\r\n\r\n<p>&nbsp;<\/p>\r\n\r\n<p align=\"left\">\r\n<b style=\"text-align: justify\">Se\u00e7\u00e3o II<\/b>\r\n<b style=\"text-align: justify\">\r\n<\/b>\r\n<\/p>\r\n\r\n<p>\r\n<b>Dispensa de disciplina por autodidatismo<\/b>\r\n<b>\r\n<\/b>\r\n<\/p>\r\n\r\n<p>&nbsp;<\/p>\r\n\r\n<p>Art.\r\n16. &nbsp;As disciplinas que integram cursos\r\nde gradua\u00e7\u00e3o da UFSM poder\u00e3o ser dispensadas por autodidatismo aos(\u00e0s)\r\nestudantes que comprovarem extraordin\u00e1rio aproveitamento de estudos, a partir\r\nde avalia\u00e7\u00e3o aferida por banca examinadora especialmente constitu\u00edda para tal. <\/p>\r\n\r\n<p>\u00a7 1\u00b0 &nbsp;A dispensa por autodidatismo n\u00e3o se aplica \u00e0s\r\ndisciplinas:<\/p>\r\n\r\n<p>I - com componentes\r\ncurriculares de extens\u00e3o;<\/p>\r\n\r\n<p>II - de est\u00e1gio; e <\/p>\r\n\r\n<p>III - de trabalho de\r\nconclus\u00e3o de curso (TCC).<\/p>\r\n\r\n<p>\u00a7 2\u00b0 &nbsp;Ser\u00e1 facultada ao Colegiado de Curso a\r\navalia\u00e7\u00e3o da possibilidade de dispensa de disciplinas com componentes\r\ncurriculares pr\u00e1ticos, considerando-se a especificidade da \u00e1rea e desde que sem\r\ndescaracteriza\u00e7\u00e3o dos objetivos da aprendizagem.<\/p>\r\n\r\n<p>Art. 17. &nbsp;A solicita\u00e7\u00e3o de dispensa por autodidatismo\r\nsomente poder\u00e1 ser realizada pelo(a) estudante que n\u00e3o estiver matriculado(a)\r\nna disciplina objeto da dispensa e que n\u00e3o tiver hist\u00f3rico de v\u00ednculo de\r\nmatr\u00edcula com a mesma disciplina, com disciplina igual ou equivalente na UFSM.<\/p>\r\n\r\n<p>\u00a7 1\u00b0 &nbsp;A integraliza\u00e7\u00e3o de pr\u00e9-requisito(s) da\r\ndisciplina objeto da dispensa n\u00e3o se aplica aos processos de autodidatismo e\r\nn\u00e3o deve ser exigida pelos cursos para a abertura de processos relacionados.<\/p>\r\n\r\n<p>\u00a7\r\n2\u00b0 &nbsp;O(A) estudante somente poder\u00e1 requerer\r\naproveitamento de disciplinas como autodidata uma vez para cada disciplina do\r\ncurso em que est\u00e1 regularmente matriculado(a).<\/p>\r\n\r\n<p>\u00a7\r\n3\u00b0 &nbsp;O(A) estudante dever\u00e1 observar o\r\nprazo para a solicita\u00e7\u00e3o de dispensa de disciplina por autodidatismo previsto\r\nem Calend\u00e1rio Acad\u00eamico, para fins de avalia\u00e7\u00e3o do pedido no semestre vigente.<\/p>\r\n\r\n<p>Art.\r\n18. &nbsp;O departamento did\u00e1tico ao qual a\r\ndisciplina est\u00e1 vinculada ser\u00e1 respons\u00e1vel por constituir banca examinadora\r\npara o processo de dispensa por autodidatismo, a ser composta por 3 (tr\u00eas)\r\ndocentes e nomeada mediante portaria de pessoal.<\/p>\r\n\r\n<p>Art.\r\n19. &nbsp;A banca examinadora ser\u00e1 respons\u00e1vel\r\npela defini\u00e7\u00e3o de instrumentos ou crit\u00e9rios de avalia\u00e7\u00e3o, observados os\r\nobjetivos de aprendizagem e os componentes curriculares da disciplina objeto de\r\ndispensa.<\/p>\r\n\r\n<p>Par\u00e1grafo \u00fanico. &nbsp;N\u00e3o \u00e9 facultado \u00e0 banca examinadora exigir\r\ndo(a) estudante documenta\u00e7\u00e3o comprobat\u00f3ria de conhecimentos relacionados.<\/p>\r\n\r\n<p>Art.\r\n20. &nbsp;Estar\u00e1 aprovado(a) na avalia\u00e7\u00e3o e\r\napto \u00e0 dispensa de disciplina por autodidatismo o(a) estudante que obtiver nota\r\nigual ou superior a 7,0 (sete).<b>\r\n<\/b>\r\n<\/p>\r\n\r\n<p>&nbsp;<\/p>\r\n\r\n<p align=\"left\">\r\n<b style=\"text-align: justify\">Se\u00e7\u00e3o III<\/b>\r\n<b style=\"text-align: justify\">\r\n<\/b>\r\n<\/p>\r\n\r\n<p>\r\n<b>Aproveitamento de carga\r\nhor\u00e1ria de estudos<\/b>\r\n<b>\r\n<\/b>\r\n<\/p>\r\n\r\n<p>&nbsp;<\/p>\r\n\r\n<p>Art. 21. &nbsp;O aproveitamento de carga hor\u00e1ria de estudos,\r\npara fins de integraliza\u00e7\u00e3o curricular de disciplinas do n\u00facleo flex\u00edvel,\r\npoder\u00e1 ser concedido ao(\u00e0) estudante que comprovar, mediante apresenta\u00e7\u00e3o de\r\ndocumenta\u00e7\u00e3o comprobat\u00f3ria, ter realizado com aprova\u00e7\u00e3o, na UFSM ou em\r\ninstitui\u00e7\u00e3o de ensino externa, disciplina relevante \u00e0 forma\u00e7\u00e3o acad\u00eamica e\r\nprofissional do curso em que est\u00e1 regularmente matriculado(a).<\/p>\r\n\r\n<p>Par\u00e1grafo\r\n\u00fanico. &nbsp;O aproveitamento previsto no <i>caput<\/i> deste artigo n\u00e3o se aplica aos\r\ncasos em que h\u00e1 equival\u00eancia entre as disciplinas, bem como \u00e0s disciplinas\r\ncomplementares de extens\u00e3o (DCEx).<\/p>\r\n\r\n<p>Art.\r\n22. &nbsp;Os crit\u00e9rios para o aproveitamento\r\nde carga hor\u00e1ria de estudos seguem as disposi\u00e7\u00f5es do art. 7\u00b0 da presente\r\nResolu\u00e7\u00e3o.<\/p>\r\n\r\n<p>Art. 23. &nbsp;A avalia\u00e7\u00e3o de m\u00e9rito das solicita\u00e7\u00f5es de\r\naproveitamento de carga hor\u00e1ria de estudos \u00e9 prerrogativa da Coordena\u00e7\u00e3o de\r\nCurso, a partir de an\u00e1lise da rela\u00e7\u00e3o entre o programa da disciplina\r\napresentada pelo(a) estudante com o projeto pedag\u00f3gico do curso e o perfil\r\nesperado do(a) egresso(a).<\/p>\r\n\r\n<p>Par\u00e1grafo \u00fanico. &nbsp;No processo de an\u00e1lise e delibera\u00e7\u00e3o,\r\natendidos os crit\u00e9rios previstos no art. 7\u00b0 desta Resolu\u00e7\u00e3o aplic\u00e1veis ao aproveitamento\r\nde carga hor\u00e1ria de estudos, \u00e9 prerrogativa da Coordena\u00e7\u00e3o do Curso definir a\r\ncarga hor\u00e1ria a ser aproveitada para fins de integraliza\u00e7\u00e3o curricular.<\/p>\r\n\r\n<p>Art. 24. &nbsp;Para fins de registro do aproveitamento de\r\ncarga hor\u00e1ria de estudos no hist\u00f3rico acad\u00eamico, ser\u00e1 acrescentada uma\r\ndisciplina gen\u00e9rica ao rol de disciplinas complementares vinculadas ao curso,\r\nsem exig\u00eancia de carga hor\u00e1ria fixa e demais componentes obrigat\u00f3rios atinentes\r\nao programa de disciplina.<\/p>\r\n\r\n<p>\u00a7 1\u00b0 &nbsp;No ato de solicita\u00e7\u00e3o de aproveitamento, o(a)\r\nestudante dever\u00e1 indicar a disciplina gen\u00e9rica como objeto de dispensa.<\/p>\r\n\r\n<p>\u00a7 2\u00b0 &nbsp;Ser\u00e1 considerada como nota final no hist\u00f3rico\r\nacad\u00eamico a m\u00e9dia ponderada entre a carga hor\u00e1ria das disciplinas apresentadas\r\npara aproveitamento na(s) disciplina(s) gen\u00e9rica(s).<\/p>\r\n\r\n<p>&nbsp;<\/p>\r\n\r\n<p align=\"left\">\r\n<span style=\"text-align: justify\">CAP\u00cdTULO\r\nIII<\/span>\r\n<span style=\"text-align: justify\">\r\n<\/span>\r\n<\/p>\r\n\r\n<p align=\"left\">\r\n<span style=\"text-align: justify\">DO\r\nREGISTRO DE ATIVIDADES COMPLEMENTARES DE GRADUA\u00c7\u00c3O (ACG)<\/span>\r\n<span style=\"text-align: justify\">\r\n<\/span>\r\n<\/p>\r\n\r\n<p align=\"center\">\r\n<span style=\"text-align: justify\">&nbsp;<\/span>\r\n<\/p>\r\n\r\n<p>Art.\r\n25. &nbsp;S\u00e3o consideradas Atividades\r\nComplementares de Gradua\u00e7\u00e3o (ACG):<\/p>\r\n\r\n<p>I\r\n- organiza\u00e7\u00e3o ou participa\u00e7\u00e3o em eventos;<\/p>\r\n\r\n<p>II\r\n- participa\u00e7\u00e3o em programas e projetos de ensino, pesquisa, extens\u00e3o, inova\u00e7\u00e3o\r\ne desenvolvimento institucional, devidamente registrados;<\/p>\r\n\r\n<p>III\r\n- monitoria;<\/p>\r\n\r\n<p>IV\r\n- est\u00e1gio n\u00e3o obrigat\u00f3rio;<\/p>\r\n\r\n<p>V\r\n- organiza\u00e7\u00e3o de colet\u00e2nea ou publica\u00e7\u00e3o de trabalhos;<\/p>\r\n\r\n<p>VI\r\n- participa\u00e7\u00e3o em \u00f3rg\u00e3os colegiados;<\/p>\r\n\r\n<p>VII\r\n- participa\u00e7\u00e3o em Movimento Estudantil; e<\/p>\r\n\r\n<p>VIII\r\n- outras atividades a crit\u00e9rio do Colegiado.<\/p>\r\n\r\n<p>\u00a7\r\n1\u00b0 &nbsp;Os eventos abrangem semin\u00e1rios,\r\ncongressos, confer\u00eancias, encontros, cursos, semanas acad\u00eamicas, atividades\r\nart\u00edsticas e liter\u00e1rias, culturais, entre outras que, embora tenham denomina\u00e7\u00e3o\r\ndiversa, perten\u00e7am ao mesmo g\u00eanero.<\/p>\r\n\r\n<p>\u00a7\r\n2\u00b0 &nbsp;Produ\u00e7\u00f5es art\u00edsticas tamb\u00e9m poder\u00e3o\r\nintegrar o rol de atividades complementares de gradua\u00e7\u00e3o (ACG), sempre que\r\nforem voltadas aos objetivos da forma\u00e7\u00e3o acad\u00eamica e profissional dos cursos.<\/p>\r\n\r\n<p>Art.\r\n26. &nbsp;Considerando-se a carga hor\u00e1ria\r\nm\u00ednima total de atividades complementares de gradua\u00e7\u00e3o (ACG) estabelecida no\r\nprojeto pedag\u00f3gico de curso (PPC), ser\u00e1 prerrogativa do Colegiado de Curso a\r\ndefini\u00e7\u00e3o de carga hor\u00e1ria m\u00e1xima a ser aproveitada em cada modalidade ou\r\nconjunto de modalidades, observados os objetivos gerais de cada curso e o\r\nrespectivo perfil do(a) egresso(a).<\/p>\r\n\r\n<p>Art.\r\n27. &nbsp;A an\u00e1lise e delibera\u00e7\u00e3o das\r\nsolicita\u00e7\u00f5es de registro de atividades complementares de gradua\u00e7\u00e3o ser\u00e1\r\nrealizada pela Coordena\u00e7\u00e3o de Curso, com base nos documentos comprobat\u00f3rios\r\napresentados pelo(a) estudante e na rela\u00e7\u00e3o entre a atividade desenvolvida e o\r\nperfil esperado do(a) egresso(a).<\/p>\r\n\r\n<p>\u00a7\r\n1\u00b0 &nbsp;A crit\u00e9rio da Coordena\u00e7\u00e3o, ser\u00e1 facultada\r\na exig\u00eancia complementar ao(\u00e0) estudante de relat\u00f3rio detalhado da atividade\r\ndesenvolvida, assim como carta de recomenda\u00e7\u00e3o do(a) docente respons\u00e1vel pela\r\nexecu\u00e7\u00e3o das atividades, nos casos que envolvem programas e projetos, est\u00e1gios\r\nn\u00e3o obrigat\u00f3rios, monitorias, \u00f3rg\u00e3os colegiados e comiss\u00f5es.<\/p>\r\n\r\n<p>\u00a7\r\n2\u00b0 &nbsp;Poder\u00e3o ser aproveitadas como\r\natividades complementares de gradua\u00e7\u00e3o aquelas realizadas ap\u00f3s o ingresso no\r\nrespectivo Curso de Gradua\u00e7\u00e3o do(a) estudante ou, em situa\u00e7\u00e3o excepcional,\r\nconforme delibera\u00e7\u00e3o do Colegiado de Curso.<\/p>\r\n\r\n<p>&nbsp;<\/p>\r\n\r\n<p align=\"left\">\r\n<span style=\"text-align: justify\">CAP\u00cdTULO\r\nIV<\/span>\r\n<span style=\"text-align: justify\">\r\n<\/span>\r\n<\/p>\r\n\r\n<p>DAS DISPOSI\u00c7\u00d5ES FINAIS<\/p>\r\n\r\n<p>&nbsp;<\/p>\r\n\r\n<p>Art. 28. &nbsp;O disposto no par\u00e1grafo \u00fanico e inciso V do\r\nart. 7\u00ba n\u00e3o se aplica aos(\u00e0s) ingressantes em cursos de gradua\u00e7\u00e3o presenciais\r\npor interm\u00e9dio de editais de ingresso e reingresso ou transfer\u00eancia ex-off\u00edcio,\r\ndesde que todas as solicita\u00e7\u00f5es de dispensa de disciplina e aproveitamento de\r\ncarga hor\u00e1ria a partir de disciplinas que tenham sido cursadas a dist\u00e2ncia\r\nsejam formalizadas, impreterivelmente, at\u00e9 o final do semestre letivo de\r\ningresso na UFSM.<\/p>\r\n\r\n<p>Art. 29. &nbsp;Caso a solicita\u00e7\u00e3o de dispensa de disciplina, dispensa\r\nde disciplina por autodidatismo, ou registro de atividades complementares de\r\ngradua\u00e7\u00e3o ou de extens\u00e3o seja indeferida pela Coordena\u00e7\u00e3o do Curso, o processo\r\nser\u00e1 devolvido para o(a) estudante, que ter\u00e1 a op\u00e7\u00e3o de entrar com recurso,\r\ndando sequ\u00eancia ao processo.<\/p>\r\n\r\n<p>I - o(a) acad\u00eamico(a) ter\u00e1\r\no prazo de 05 (cinco) dias corridos, a contar da notifica\u00e7\u00e3o de indeferimento,\r\npara interpor recurso junto ao Colegiado de Curso;<\/p>\r\n\r\n<p>II - caso o recurso do\r\ninciso anterior seja indeferido, o(a) acad\u00eamico(a) ter\u00e1 o prazo de 05 (cinco)\r\ndias corridos, a contar da notifica\u00e7\u00e3o de negativa, para interpor novo recurso\r\nao Conselho da Unidade de Ensino; e<\/p>\r\n\r\n<p>III - caso o recurso do\r\ninciso anterior seja indeferido, o(a) acad\u00eamico(a) ter\u00e1 o prazo de 05 (cinco)\r\ndias corridos, a contar da notifica\u00e7\u00e3o de negativa, para interpor novo recurso\r\nao Conselho de Ensino, Pesquisa e Extens\u00e3o.<\/p>\r\n\r\n<p>\u00a7 1\u00b0 &nbsp;Os recursos, em todas as inst\u00e2ncias, devem ser\r\nelaborados contendo o destinat\u00e1rio, as raz\u00f5es de recurso e o pedido a ser\r\nrealizado, em conson\u00e2ncia com o estabelecido nos dispositivos da presente\r\nresolu\u00e7\u00e3o.<\/p>\r\n\r\n<p>\u00a7 2\u00b0 &nbsp;As atas com as decis\u00f5es em cada inst\u00e2ncia\r\nrecursiva devem ser anexadas ao processo de solicita\u00e7\u00e3o de dispensa ou de\r\nregistro de atividades do(a) acad\u00eamico(a).<\/p>\r\n\r\n<p>Art. 30. &nbsp;Caber\u00e1:<\/p>\r\n\r\n<p>I - \u00e0 Pr\u00f3-Reitoria de\r\nGradua\u00e7\u00e3o (PROGRAD), manter atualizado o s\u00edtio institucional, no que concerne\r\naos procedimentos, fluxos e documentos necess\u00e1rios aos processos de dispensa de\r\ndisciplinas, aproveitamento de estudos e registro de atividades complementares\r\nde gradua\u00e7\u00e3o, assim como o gerenciamento e a intermedia\u00e7\u00e3o de a\u00e7\u00f5es relativas \u00e0\r\ndispensa de disciplina;<\/p>\r\n\r\n<p>II - \u00e0s Coordena\u00e7\u00f5es de\r\nCurso, conferir os documentos apresentados pelos(as) estudantes e dar os\r\nencaminhamentos devidos aos processos regidos por esta Resolu\u00e7\u00e3o;<\/p>\r\n\r\n<p>III - ao Departamento de\r\nArquivo Geral (DAG), tratar os documentos constantes nos processos\r\nregulamentados por esta Resolu\u00e7\u00e3o e adequar fluxos e procedimentos necess\u00e1rios\r\nno PEN-SIE; e<\/p>\r\n\r\n<p>IV - ao Centro de\r\nProcessamento de Dados (CPD), adequar os sistemas institucionais para atender \u00e0\r\nlegisla\u00e7\u00e3o vigente e \u00e0s orienta\u00e7\u00f5es previstas nesta Resolu\u00e7\u00e3o.<\/p>\r\n\r\n<p>Art. 31. &nbsp;Os casos omissos ser\u00e3o avaliados pelo\r\nColegiado do Curso, em conjunto com a PROGRAD.<\/p>\r\n\r\n<p>Art. 32. &nbsp;Fica revogada a <a href=\"https:\/\/www.ufsm.br\/pro-reitorias\/proplan\/resolucao-n-025-2017\" style=\"color: blue !important;text-decoration: underline !important\" data-elementor-preserved=\"true\">Resolu\u00e7\u00e3o UFSM n\u00b0 025, de 19 de dezembro de 2017<\/a>.<\/p>\r\n\r\n<p>Art. 33. &nbsp;A\r\ninobserv\u00e2ncia ao disposto nesta Resolu\u00e7\u00e3o n\u00e3o constitui escusa v\u00e1lida para o\r\ndescumprimento da norma nem resulta em sua invalidade.<\/p>\r\n\r\n<p>Art. 34. &nbsp;Esta Resolu\u00e7\u00e3o entra em vigor na data\r\nde sua publica\u00e7\u00e3o, de acordo com o que prev\u00ea o par\u00e1grafo o <a href=\"https:\/\/www.planalto.gov.br\/ccivil_03\/_ato2023-2026\/2024\/decreto\/d12002.htm\" style=\"color: blue !important;text-decoration: underline !important\" data-elementor-preserved=\"true\">Decreto n\u00b0 12.002, de 22 de abril de 2024<\/a>, art. 18, inciso IV.<\/p>\r\n\r\n<p>&nbsp;<\/p>\r\n\r\n<p align=\"right\">\r\n<span style=\"text-align: justify\">Luciano\r\nSchuch<\/span>\r\n<span style=\"text-align: justify\">\r\n<\/span>\r\n<\/p>\r\n\r\n<p align=\"right\">\r\n<span style=\"text-align: justify\">Reitor<\/span>\r\n<span style=\"text-align: justify\">\r\n<\/span>\r\n<\/p>\r\n<p>\r\n<span style=\"color: red\">Este texto n\u00e3o substitui o documento original, publicado no Portal de Documentos.<\/span> Dispon\u00edvel em <a href=\"https:\/\/portal.ufsm.br\/documentos\/publico\/documento.html?id=15431105\" style=\"color: blue !important;text-decoration: underline !important\" data-elementor-preserved=\"true\">https:\/\/portal.ufsm.br\/documentos\/publico\/documento.html?id=15431105<\/a>\r\n<\/p>\r\n\r\n<!--EndFragment-->\r\n<div>\r\n<\/div>\r\n<div>\r\n<\/div>\r\n<\/font>\r\n<\/div>\r\n<\/font><\/div>\t\t<\/div>\n\t\t\t\t<\/div>\n\t\t\t\t\t<\/div>\n\t\t<\/div>\n\t\t\t\t\t<\/div>\n\t\t<\/section>\n\t\t\t\t<\/div>\n\t\t","protected":false},"excerpt":{"rendered":"<p>MINIST\u00c9RIO DA EDUCA\u00c7\u00c3O UNIVERSIDADE FEDERAL DE SANTA MARIA RESOLU\u00c7\u00c3O UFSM N\u00b0 209, DE 30 DE ABRIL DE 2025 &nbsp; Regulamenta os processos de dispensa de disciplinas, aproveitamento de carga hor\u00e1ria de estudos e registro de atividades complementares de gradua\u00e7\u00e3o no \u00e2mbito dos cursos de gradua\u00e7\u00e3o da Universidade Federal de Santa Maria (UFSM). &nbsp; O REITOR [&hellip;]<\/p>\n","protected":false},"author":8343,"featured_media":0,"parent":0,"menu_order":0,"comment_status":"closed","ping_status":"closed","template":"","meta":{"footnotes":""},"categories":[],"tags":[],"class_list":["post-6553","page","type-page","status-publish","hentry"],"acf":[],"_links":{"self":[{"href":"https:\/\/www.ufsm.br\/pro-reitorias\/proplan\/wp-json\/wp\/v2\/pages\/6553","targetHints":{"allow":["GET"]}}],"collection":[{"href":"https:\/\/www.ufsm.br\/pro-reitorias\/proplan\/wp-json\/wp\/v2\/pages"}],"about":[{"href":"https:\/\/www.ufsm.br\/pro-reitorias\/proplan\/wp-json\/wp\/v2\/types\/page"}],"author":[{"embeddable":true,"href":"https:\/\/www.ufsm.br\/pro-reitorias\/proplan\/wp-json\/wp\/v2\/users\/8343"}],"replies":[{"embeddable":true,"href":"https:\/\/www.ufsm.br\/pro-reitorias\/proplan\/wp-json\/wp\/v2\/comments?post=6553"}],"version-history":[{"count":0,"href":"https:\/\/www.ufsm.br\/pro-reitorias\/proplan\/wp-json\/wp\/v2\/pages\/6553\/revisions"}],"wp:attachment":[{"href":"https:\/\/www.ufsm.br\/pro-reitorias\/proplan\/wp-json\/wp\/v2\/media?parent=6553"}],"wp:term":[{"taxonomy":"category","embeddable":true,"href":"https:\/\/www.ufsm.br\/pro-reitorias\/proplan\/wp-json\/wp\/v2\/categories?post=6553"},{"taxonomy":"post_tag","embeddable":true,"href":"https:\/\/www.ufsm.br\/pro-reitorias\/proplan\/wp-json\/wp\/v2\/tags?post=6553"}],"curies":[{"name":"wp","href":"https:\/\/api.w.org\/{rel}","templated":true}]}}