{"id":7621,"date":"2026-08-19T09:05:46","date_gmt":"2026-08-19T12:05:46","guid":{"rendered":"https:\/\/www.ufsm.br\/pro-reitorias\/proplan\/?page_id=7621"},"modified":"2026-08-19T09:07:42","modified_gmt":"2026-08-19T12:07:42","slug":"portaria-normativa-ufsm-n-116-2026","status":"publish","type":"page","link":"https:\/\/www.ufsm.br\/pro-reitorias\/proplan\/portaria-normativa-ufsm-n-116-2026","title":{"rendered":"PORTARIA NORMATIVA UFSM N\u00b0 116\/2026"},"content":{"rendered":"\t\t<div data-elementor-type=\"wp-page\" data-elementor-id=\"7621\" class=\"elementor elementor-7621\">\n\t\t\t\t\t\t<section class=\"elementor-section elementor-top-section elementor-element elementor-element-cd5686d elementor-section-boxed elementor-section-height-default elementor-section-height-default\" data-id=\"cd5686d\" data-element_type=\"section\">\n\t\t\t\t\t\t<div class=\"elementor-container elementor-column-gap-default\">\n\t\t\t\t\t<div class=\"elementor-column elementor-col-100 elementor-top-column elementor-element elementor-element-113018c\" data-id=\"113018c\" data-element_type=\"column\">\n\t\t\t<div class=\"elementor-widget-wrap elementor-element-populated\">\n\t\t\t\t\t\t<div class=\"elementor-element elementor-element-d17c8ba elementor-widget elementor-widget-html\" data-id=\"d17c8ba\" data-element_type=\"widget\" data-widget_type=\"html.default\">\n\t\t\t\t<div class=\"elementor-widget-container\">\n\t\t\t<br><div align=\"justify\"><font color=\"black\">\r\n<div align=\"center\">\r\n<img decoding=\"async\" src=\"https:\/\/www.ufsm.br\/pro-reitorias\/proplan\/wp-content\/uploads\/sites\/344\/2019\/09\/brasao-da-republica-do-brasil-logo.png\" alt=\"Bras\u00e3o Rep\u00fablica Federativa do Brasil\" width=\"6%\" height=\"6%\">\r\n<\/div>\r\n<h4>\r\n<font color=\"blue\">\r\n<font size=\"5\">\r\n<\/font>\r\n<\/font>\r\n<div align=\"center\">\r\n<font color=\"blue\">\r\n<font size=\"5\">MINIST\u00c9RIO DA EDUCA\u00c7\u00c3O<\/font>\r\n<\/font>\r\n<\/div>\r\n<\/h4>\r\n<p>\r\n<b>\r\n<font color=\"0000blue\">\r\n<\/font>\r\n<\/b>\r\n<\/p>\r\n<div align=\"center\">\r\n<b>\r\n<font color=\"0000blue\">UNIVERSIDADE FEDERAL DE SANTA MARIA<\/font>\r\n<\/b>\r\n<\/div>\r\n<p>\r\n<\/p>\r\n<!--StartFragment-->\r\n<p>&nbsp;<\/p>\r\n<p style=\"text-align: center\">\r\n<a href=\"https:\/\/portal.ufsm.br\/documentos\/publico\/documento.html?idDocumento=15918501\" style=\"color: blue !important;text-decoration: underline !important\" data-elementor-preserved=\"true\">\r\n<b>PORTARIA NORMATIVA UFSM N\u00b0 116, DE 18 DE AGOSTO DE 2026<\/b>\r\n<\/a>\r\n<\/p>\r\n<p>&nbsp;<\/p>\r\n<p>\r\n    <div style=\"color: #800000;display: block;width: 60%;margin-left: auto;margin-right: 0;text-align: justify;font-weight: normal\">\r\n      Disp\u00f5e sobre crit\u00e9rios espec\u00edficos e complementares para an\u00e1lise socioecon\u00f4mica de estudantes estrangeiros no \u00e2mbito do Programa de Benef\u00edcio Socioecon\u00f4mico (PBSE) da Universidade Federal de Santa Maria (UFSM)\r\n    <\/div> <\/p>\r\n<p>&nbsp;<\/p>\r\n<p>A REITORA DA UNIVERSIDADE FEDERAL DE SANTA MARIA, no uso de suas atribui\u00e7\u00f5es legais e estatut\u00e1rias, conferidas pelo art. 30 do <a href=\"https:\/\/www.ufsm.br\/pro-reitorias\/proplan\/estatuto-ufsm-2010\" style=\"color: blue !important;text-decoration: underline !important\" data-elementor-preserved=\"true\">Estatuto da Universidade Federal de Santa Maria<\/a>, com as altera\u00e7\u00f5es aprovadas pela <a href=\"https:\/\/www.ufsm.br\/pro-reitorias\/proplan\/resolucao-n-037-2010\" style=\"color: blue !important;text-decoration: underline !important\" data-elementor-preserved=\"true\">Resolu\u00e7\u00e3o UFSM n\u00b0 037, de 30 de novembro de 2010<\/a>, e aprovado pela Portaria n\u00b0 156, de 12 de mar\u00e7o de 2014, publicada no Di\u00e1rio Oficial da Uni\u00e3o em 13 de mar\u00e7o de 2014, e tendo em vista o disposto na <a href=\"https:\/\/www.planalto.gov.br\/ccivil_03\/_ato2023-2026\/2024\/lei\/l14914.htm\" style=\"color: blue !important;text-decoration: underline !important\" data-elementor-preserved=\"true\">Lei n\u00b0 14.914, de 03 de julho de 2024<\/a>, no <a href=\"https:\/\/www.planalto.gov.br\/ccivil_03\/_ato2007-2010\/2010\/decreto\/d7234.htm\" style=\"color: blue !important;text-decoration: underline !important\" data-elementor-preserved=\"true\">Decreto n\u00b0 7.234, de 19 de julho de 2010<\/a>, nas <a href=\"https:\/\/www.ufsm.br\/pro-reitorias\/proplan\/resolucao-ufsm-n-142-2023\" style=\"color: blue !important;text-decoration: underline !important\" data-elementor-preserved=\"true\">Resolu\u00e7\u00f5es UFSM n\u00b0 142, de 29 de setembro de 2023<\/a>, e <a href=\"https:\/\/www.ufsm.br\/pro-reitorias\/proplan\/resolucao-ufsm-n-184-2024\" style=\"color: blue !important;text-decoration: underline !important\" data-elementor-preserved=\"true\">n\u00b0 184, de 23 de dezembro de 2024<\/a>, na <a href=\"https:\/\/www.ufsm.br\/pro-reitorias\/proplan\/instrucao-normativa-ufsm-n-008-2024\" style=\"color: blue !important;text-decoration: underline !important\" data-elementor-preserved=\"true\">Instru\u00e7\u00e3o Normativa UFSM n\u00b0 008, de 03 de setembro de 2024<\/a>, bem como o que consta no Processo n\u00b0 <a href=\"https:\/\/portal.ufsm.br\/documentos\/publico\/processo\/documento.html?idDocumento=15842551\" style=\"color: blue !important;text-decoration: underline !important\" data-elementor-preserved=\"true\">23081.073899\/2026-70<\/a>, resolve:<\/p>\r\n<p>&nbsp;<\/p>\r\n<p>Art. 1\u00b0&nbsp; Esta Portaria Normativa regulamenta os crit\u00e9rios para concess\u00e3o do Benef\u00edcio Socioecon\u00f4mico (BSE) aos(\u00e0s) estudantes estrangeiros(as) regularmente matriculados(as) na Universidade Federal de Santa Maria (UFSM), no \u00e2mbito do Programa de Benef\u00edcio Socioecon\u00f4mico (PBSE).<\/p>\r\n<p>Art. 2\u00b0&nbsp; A an\u00e1lise socioecon\u00f4mica de estudantes estrangeiros(as) observar\u00e1:<\/p>\r\n<p>I - as diretrizes do Programa Nacional de Assist\u00eancia Estudantil (PNAES);<\/p>\r\n<p>II - as especificidades legais decorrentes da condi\u00e7\u00e3o migrat\u00f3ria;<\/p>\r\n<p>III - o tipo de programa de ingresso na UFSM;<\/p>\r\n<p>IV - a sufici\u00eancia das condi\u00e7\u00f5es econ\u00f4micas de perman\u00eancia no Brasil; e<\/p>\r\n<p>V - a avalia\u00e7\u00e3o t\u00e9cnica fundamentada em an\u00e1lise documental e parecer social.<\/p>\r\n<p>Art. 3\u00b0&nbsp; Para fins exclusivos de an\u00e1lise socioecon\u00f4mica no \u00e2mbito do PBSE, os(as) estudantes estrangeiros(as) ser\u00e3o considerados(as) conforme a forma de ingresso, v\u00ednculo acad\u00eamico ou programa ao qual estejam vinculados(as), observada a <a href=\"https:\/\/www.ufsm.br\/pro-reitorias\/proplan\/resolucao-ufsm-n-184-2024\" style=\"color: blue !important;text-decoration: underline !important\" data-elementor-preserved=\"true\">Resolu\u00e7\u00e3o UFSM n\u00b0 184, de 23 de dezembro de 2024<\/a>, ou outra que venha a substitu\u00ed-la:<\/p>\r\n<p>I - programas de p\u00f3s-gradua\u00e7\u00e3o com bolsa obrigat\u00f3ria vinculada;<\/p>\r\n<p>II - programas de p\u00f3s-gradua\u00e7\u00e3o com declara\u00e7\u00e3o de autossufici\u00eancia econ\u00f4mica;<\/p>\r\n<p>III - programas de p\u00f3s-gradua\u00e7\u00e3o com possibilidade de bolsa n\u00e3o obrigat\u00f3ria;<\/p>\r\n<p>IV - programas de coopera\u00e7\u00e3o governamental para gradua\u00e7\u00e3o;<\/p>\r\n<p>V - programas de mobilidade acad\u00eamica internacional; e<\/p>\r\n<p>VI - outras formas de ingresso regular de estudantes estrangeiros(as) n\u00e3o contempladas nos incisos I a V do <i>caput<\/i>, conforme regulamenta\u00e7\u00e3o institucional vigente.<\/p>\r\n<p>Art. 4\u00b0&nbsp; Os(As) estudantes ingressantes por meio do Processo Seletivo para ingresso de refugiados(as) e imigrantes em situa\u00e7\u00e3o de vulnerabilidade, em conson\u00e2ncia com o fluxo de atendimento a refugiados(as) e imigrantes previsto no art. 3\u00b0 da <a href=\"https:\/\/www.ufsm.br\/pro-reitorias\/proplan\/instrucao-normativa-ufsm-n-008-2024\" style=\"color: blue !important;text-decoration: underline !important\" data-elementor-preserved=\"true\">Instru\u00e7\u00e3o Normativa UFSM n\u00b0 008, de 03 de setembro de 2024<\/a>, dever\u00e3o solicitar o Benef\u00edcio Socioecon\u00f4mico (BSE), nos termos da regulamenta\u00e7\u00e3o institucional vigente.<\/p>\r\n<p>\u00a7 1\u00b0&nbsp; Aos(\u00c0s) estudantes enquadrados(as) no<i> caput<\/i> ser\u00e1 assegurada a an\u00e1lise priorit\u00e1ria da solicita\u00e7\u00e3o, observados os crit\u00e9rios de elegibilidade do PBSE, a regulamenta\u00e7\u00e3o institucional vigente e os procedimentos administrativos necess\u00e1rios \u00e0 implementa\u00e7\u00e3o e manuten\u00e7\u00e3o dos benef\u00edcios.<\/p>\r\n<p>\u00a7 2\u00b0&nbsp; Aos(\u00c0s) estudantes enquadrados(as) no <i>caput<\/i> ser\u00e1 assegurada a concess\u00e3o do Benef\u00edcio Socioecon\u00f4mico (BSE), desde que preenchidos os seguintes requisitos:<\/p>\r\n<p>I - comprova\u00e7\u00e3o de ingresso conforme os programas referidos no art. 3\u00b0;<\/p>\r\n<p>II - matr\u00edcula ativa; e<\/p>\r\n<p>III - atendimento aos crit\u00e9rios de elegibilidade do PBSE. <\/p>\r\n<p>\u00a7 3\u00b0&nbsp; A concess\u00e3o do benef\u00edcio n\u00e3o dispensa o cumprimento dos demais procedimentos administrativos necess\u00e1rios \u00e0 sua implementa\u00e7\u00e3o e manuten\u00e7\u00e3o.<\/p>\r\n<p>Art. 5\u00b0&nbsp; N\u00e3o ser\u00e3o eleg\u00edveis ao Benef\u00edcio Socioecon\u00f4mico (BSE) os(as) estudantes estrangeiros(as) que:<\/p>\r\n<p>I - sejam benefici\u00e1rios(as) de bolsas integrais ou parciais vinculadas a programas institucionais, governamentais ou de coopera\u00e7\u00e3o internacional;<\/p>\r\n<p>II - recebam aux\u00edlio financeiro regular decorrente de conv\u00eanios, acordos ou programas de financiamento externo destinados \u00e0 sua manuten\u00e7\u00e3o no Brasil;<\/p>\r\n<p>III - tenham apresentado declara\u00e7\u00e3o de autossufici\u00eancia financeira que comprove capacidade de manuten\u00e7\u00e3o no Brasil em valor igual ou superior a 1 (um) sal\u00e1rio m\u00ednimo nacional vigente; e<\/p>\r\n<p>IV - tenham ingressado na UFSM por meio de programas de mobilidade acad\u00eamica internacional.<\/p>\r\n<p>\u00a7 1\u00b0&nbsp; Excepcionalmente, poder\u00e3o ser submetidos \u00e0 an\u00e1lise socioecon\u00f4mica os(as) estudantes cuja soma dos valores recebidos a t\u00edtulo de bolsa ou aux\u00edlio financeiro seja inferior a 1 (um) sal\u00e1rio m\u00ednimo nacional vigente.<\/p>\r\n<p>\u00a7 2\u00b0&nbsp; O(A) estudante dever\u00e1 comprovar o valor efetivamente recebido, bem como sua regularidade.<\/p>\r\n<p>\u00a7 3\u00b0&nbsp; Os aux\u00edlios relativos \u00e0 mobilidade acad\u00eamica ser\u00e3o concedidos conforme edital espec\u00edfico.<\/p>\r\n<p>Art. 6\u00b0&nbsp; Para fins de an\u00e1lise socioecon\u00f4mica dos(as) estudantes estrangeiros(as) no \u00e2mbito desta Portaria Normativa, ser\u00e3o observados os seguintes crit\u00e9rios:<\/p>\r\n<p>I - a an\u00e1lise considerar\u00e1 a renda efetivamente dispon\u00edvel ao(\u00e0) estudante nos 3 (tr\u00eas) meses anteriores \u00e0 solicita\u00e7\u00e3o, independentemente do pa\u00eds de origem dos recursos;<\/p>\r\n<p>II - o(a) estudante dever\u00e1 apresentar documenta\u00e7\u00e3o atualizada que comprove sua condi\u00e7\u00e3o socioecon\u00f4mica, incluindo, quando cab\u00edvel, comprovantes de rendimentos, extratos banc\u00e1rios, termo de responsabilidade financeira, comprovantes de movimenta\u00e7\u00e3o financeira internacional, bolsas ou outros aux\u00edlios financeiros;<\/p>\r\n<p>III - ser\u00e1 obrigat\u00f3ria a comprova\u00e7\u00e3o da renda mensal atualizada do(s) respons\u00e1vel(is) financeiro(s), ainda que residentes em outro pa\u00eds;<\/p>\r\n<p>IV - os valores expressos em moeda estrangeira ser\u00e3o convertidos em moeda nacional com base em cota\u00e7\u00e3o oficial do Banco Central do Brasil na data ou no per\u00edodo de refer\u00eancia da an\u00e1lise;<\/p>\r\n<p>V - para fins de c\u00e1lculo da renda familiar <i>per capita<\/i>, n\u00e3o ser\u00e3o considerados os integrantes do grupo familiar que residam em pa\u00eds diverso daquele em que o(a) estudante reside, podendo ser considerados apenas os(as) familiares que residam com o(a) estudante no Brasil, sejam seus(suas) parentes de 1\u00ba (primeiro) grau e possuam situa\u00e7\u00e3o de depend\u00eancia financeira;<\/p>\r\n<p>VI - poder\u00e3o ser consideradas outras informa\u00e7\u00f5es e documentos pertinentes \u00e0 avalia\u00e7\u00e3o da situa\u00e7\u00e3o econ\u00f4mica do(a) estudante; e<\/p>\r\n<p>VII - a entrevista social poder\u00e1 ser realizada, a crit\u00e9rio da equipe respons\u00e1vel, quando necess\u00e1ria \u00e0 complementa\u00e7\u00e3o ou confirma\u00e7\u00e3o das informa\u00e7\u00f5es apresentadas.<\/p>\r\n<p>Art. 7\u00b0&nbsp; Nos casos de perda de bolsa, interrup\u00e7\u00e3o de financiamento ou altera\u00e7\u00e3o relevante na fonte de renda do(a) estudante estrangeiro(a) enquadrado(a) nos incisos I, II e III do art. 5\u00b0, a an\u00e1lise socioecon\u00f4mica somente poder\u00e1 ser realizada ap\u00f3s comunica\u00e7\u00e3o \u00e0 Diretoria de Rela\u00e7\u00f5es Internacionais (DRI), que providenciar\u00e1 as atualiza\u00e7\u00f5es junto \u00e0 ag\u00eancia de fomento ou ao \u00f3rg\u00e3o competente do Governo Federal respons\u00e1vel pelo programa ou acordo internacional.<\/p>\r\n<p>\u00a7 1\u00b0&nbsp; Quando aplic\u00e1vel, o(a) estudante dever\u00e1 comprovar a regulariza\u00e7\u00e3o de sua situa\u00e7\u00e3o junto \u00e0 ag\u00eancia de fomento, \u00f3rg\u00e3o p\u00fablico ou entidade respons\u00e1vel pelo programa, pelo financiamento ou pela situa\u00e7\u00e3o migrat\u00f3ria previamente \u00e0 solicita\u00e7\u00e3o de avalia\u00e7\u00e3o socioecon\u00f4mica.<\/p>\r\n<p>\u00a7 2\u00b0&nbsp; Durante os tr\u00e2mites previstos, competir\u00e1 \u00e0 equipe t\u00e9cnica avaliar a necessidade de inclus\u00e3o provis\u00f3ria do(a) estudante nos aux\u00edlios e benef\u00edcios aos quais possa fazer jus.<\/p>\r\n<p>Art. 8\u00b0&nbsp; O processo de an\u00e1lise socioecon\u00f4mica ser\u00e1 realizado de forma articulada entre a Pr\u00f3-Reitoria de Assuntos Estudantis (PRAE) e a Diretoria de Rela\u00e7\u00f5es Internacionais (DRI), especialmente para verifica\u00e7\u00e3o das condi\u00e7\u00f5es de ingresso e das fontes de manuten\u00e7\u00e3o financeira do(a) estudante, observada a legisla\u00e7\u00e3o aplic\u00e1vel sobre prote\u00e7\u00e3o de dados pessoais, especialmente a <a href=\"https:\/\/www.planalto.gov.br\/ccivil_03\/_ato2015-2018\/2018\/lei\/l13709.htm\" style=\"color: blue !important;text-decoration: underline !important\" data-elementor-preserved=\"true\">Lei n\u00b0 13.709, de 14 de agosto de 2018<\/a>.<\/p>\r\n<p>\u00a7 1\u00b0&nbsp; Compete \u00e0 DRI, \u00e0 Coordenadoria de Educa\u00e7\u00e3o B\u00e1sica, T\u00e9cnica e Tecnol\u00f3gica (CEBTT), \u00e0 Pr\u00f3-Reitoria de Gradua\u00e7\u00e3o (PROGRAD) e \u00e0 Pr\u00f3-Reitoria de P\u00f3s-Gradua\u00e7\u00e3o e Pesquisa (PRPGP), quando demandadas, prestar informa\u00e7\u00f5es relativas:<\/p>\r\n<p>I - \u00e0 forma de ingresso do(a) estudante na UFSM;<\/p>\r\n<p>II - ao programa, edital ou acordo internacional ao qual esteja vinculado(a);<\/p>\r\n<p>III - \u00e0 exist\u00eancia de bolsas, aux\u00edlios ou declara\u00e7\u00f5es de autossufici\u00eancia financeira; e<\/p>\r\n<p>IV - a outras informa\u00e7\u00f5es institucionais relevantes constantes nos registros relacionados \u00e0 mobilidade ou coopera\u00e7\u00e3o internacional. <\/p>\r\n<p>\u00a7 2\u00b0&nbsp; Compete \u00e0 PRAE a an\u00e1lise socioecon\u00f4mica, com base nas informa\u00e7\u00f5es prestadas e na documenta\u00e7\u00e3o apresentada, observados os crit\u00e9rios desta Portaria Normativa&nbsp;e do PBSE.<\/p>\r\n<p>\u00a7 3\u00b0&nbsp; A an\u00e1lise poder\u00e1 ser condicionada \u00e0 complementa\u00e7\u00e3o de informa\u00e7\u00f5es junto aos \u00f3rg\u00e3os mencionados, quando necess\u00e1rio.<\/p>\r\n<p>Art. 9\u00b0&nbsp; A entrevista social poder\u00e1 ser realizada, conforme necessidade identificada pela equipe respons\u00e1vel pela an\u00e1lise socioecon\u00f4mica, especialmente quando:<\/p>\r\n<p>I - houver insufici\u00eancia documental; e<\/p>\r\n<p>II - existirem ind\u00edcios de vulnerabilidade n\u00e3o comprovada documentalmente.<\/p>\r\n<p>Par\u00e1grafo \u00fanico.&nbsp; A equipe de an\u00e1lise poder\u00e1 solicitar apoio de profissional tradutor-int\u00e9rprete, mediante assinatura de Termo de Confidencialidade (TC).<\/p>\r\n<p>Art. 10.&nbsp; A Pr\u00f3-Reitoria de Assuntos Estudantis (PRAE) poder\u00e1 editar atos complementares destinados \u00e0 execu\u00e7\u00e3o desta Portaria Normativa, especialmente para:<\/p>\r\n<p>I - fluxos operacionais complementares;<\/p>\r\n<p>II - instrumentos de avalia\u00e7\u00e3o espec\u00edficos;<\/p>\r\n<p>III - detalhamento de procedimentos e documentos exig\u00edveis nos editais, observados os crit\u00e9rios estabelecidos nesta&nbsp;Portaria Normativa;<\/p>\r\n<p>IV - documenta\u00e7\u00e3o complementar de renda; e<\/p>\r\n<p>V - consultas a \u00f3rg\u00e3os governamentais.<\/p>\r\n<p>Art. 11.&nbsp; Os casos omissos ser\u00e3o analisados pela PRAE, em articula\u00e7\u00e3o com a DRI, a PROGRAD e a PRPGP, quando necess\u00e1rio.<\/p>\r\n<p>Art. 12.&nbsp; A inobserv\u00e2ncia ao disposto nesta&nbsp;Portaria Normativa&nbsp;n\u00e3o constitui escusa v\u00e1lida para o descumprimento da norma, nem resulta em sua invalidade.<\/p>\r\n<p>Art. 13.&nbsp; Esta Portaria Normativa&nbsp;entra em vigor na data de sua publica\u00e7\u00e3o, de acordo com o que prev\u00ea o <a href=\"https:\/\/www.planalto.gov.br\/ccivil_03\/_ato2023-2026\/2024\/decreto\/d12002.htm\" style=\"color: blue !important;text-decoration: underline !important\" data-elementor-preserved=\"true\">Decreto n\u00b0 12.002, de 22 de abril de 2024<\/a>, art. 18, inciso IV.<\/p>\r\n<p>&nbsp;<\/p>\r\n<p style=\"text-align: right\">Martha Bohrer Adaime<\/p>\r\n<p style=\"text-align: right\">Reitora<\/p>\r\n<p>\r\n<span style=\"color: red\">Este texto n\u00e3o substitui o documento original, publicado no Portal de Documentos.<\/span> Dispon\u00edvel em <a href=\"https:\/\/portal.ufsm.br\/documentos\/publico\/documento.html?idDocumento=15918501\" style=\"color: blue !important;text-decoration: underline !important\" data-elementor-preserved=\"true\">https:\/\/portal.ufsm.br\/documentos\/publico\/documento.html?idDocumento=15918501<\/a>\r\n<\/p>\r\n<p>&nbsp;<\/p>\r\n<!--EndFragment-->\r\n<div class=\"normal-text\" style=\"text-align: center\">\r\n<\/div>\r\n<div class=\"normal-text\" style=\"text-align: center\">\r\n<\/div>\r\n<\/font><\/div>\t\t<\/div>\n\t\t\t\t<\/div>\n\t\t\t\t\t<\/div>\n\t\t<\/div>\n\t\t\t\t\t<\/div>\n\t\t<\/section>\n\t\t\t\t<\/div>\n\t\t","protected":false},"excerpt":{"rendered":"<p>MINIST\u00c9RIO DA EDUCA\u00c7\u00c3O UNIVERSIDADE FEDERAL DE SANTA MARIA &nbsp; PORTARIA NORMATIVA UFSM N\u00b0 116, DE 18 DE AGOSTO DE 2026 &nbsp; Disp\u00f5e sobre crit\u00e9rios espec\u00edficos e complementares para an\u00e1lise socioecon\u00f4mica de estudantes estrangeiros no \u00e2mbito do Programa de Benef\u00edcio Socioecon\u00f4mico (PBSE) da Universidade Federal de Santa Maria (UFSM) &nbsp; A REITORA DA UNIVERSIDADE FEDERAL DE [&hellip;]<\/p>\n","protected":false},"author":9609,"featured_media":0,"parent":0,"menu_order":0,"comment_status":"closed","ping_status":"closed","template":"","meta":{"footnotes":""},"categories":[],"tags":[],"class_list":["post-7621","page","type-page","status-publish","hentry"],"acf":[],"_links":{"self":[{"href":"https:\/\/www.ufsm.br\/pro-reitorias\/proplan\/wp-json\/wp\/v2\/pages\/7621","targetHints":{"allow":["GET"]}}],"collection":[{"href":"https:\/\/www.ufsm.br\/pro-reitorias\/proplan\/wp-json\/wp\/v2\/pages"}],"about":[{"href":"https:\/\/www.ufsm.br\/pro-reitorias\/proplan\/wp-json\/wp\/v2\/types\/page"}],"author":[{"embeddable":true,"href":"https:\/\/www.ufsm.br\/pro-reitorias\/proplan\/wp-json\/wp\/v2\/users\/9609"}],"replies":[{"embeddable":true,"href":"https:\/\/www.ufsm.br\/pro-reitorias\/proplan\/wp-json\/wp\/v2\/comments?post=7621"}],"version-history":[{"count":0,"href":"https:\/\/www.ufsm.br\/pro-reitorias\/proplan\/wp-json\/wp\/v2\/pages\/7621\/revisions"}],"wp:attachment":[{"href":"https:\/\/www.ufsm.br\/pro-reitorias\/proplan\/wp-json\/wp\/v2\/media?parent=7621"}],"wp:term":[{"taxonomy":"category","embeddable":true,"href":"https:\/\/www.ufsm.br\/pro-reitorias\/proplan\/wp-json\/wp\/v2\/categories?post=7621"},{"taxonomy":"post_tag","embeddable":true,"href":"https:\/\/www.ufsm.br\/pro-reitorias\/proplan\/wp-json\/wp\/v2\/tags?post=7621"}],"curies":[{"name":"wp","href":"https:\/\/api.w.org\/{rel}","templated":true}]}}