{"id":7637,"date":"2026-08-24T16:41:44","date_gmt":"2026-08-24T19:41:44","guid":{"rendered":"https:\/\/www.ufsm.br\/pro-reitorias\/proplan\/?page_id=7637"},"modified":"2026-08-25T15:17:15","modified_gmt":"2026-08-25T18:17:15","slug":"portaria-normativa-prae-ufsm-n-05-2026","status":"publish","type":"page","link":"https:\/\/www.ufsm.br\/pro-reitorias\/proplan\/portaria-normativa-prae-ufsm-n-05-2026","title":{"rendered":"PORTARIA NORMATIVA PRAE\/UFSM N\u00b0 05\/2026"},"content":{"rendered":"\t\t<div data-elementor-type=\"wp-page\" data-elementor-id=\"7637\" class=\"elementor elementor-7637\">\n\t\t\t\t\t\t<section class=\"elementor-section elementor-top-section elementor-element elementor-element-2cee40e elementor-section-boxed elementor-section-height-default elementor-section-height-default\" data-id=\"2cee40e\" data-element_type=\"section\">\n\t\t\t\t\t\t<div class=\"elementor-container elementor-column-gap-default\">\n\t\t\t\t\t<div class=\"elementor-column elementor-col-100 elementor-top-column elementor-element elementor-element-5fa15da\" data-id=\"5fa15da\" data-element_type=\"column\">\n\t\t\t<div class=\"elementor-widget-wrap elementor-element-populated\">\n\t\t\t\t\t\t<div class=\"elementor-element elementor-element-155af7a elementor-widget elementor-widget-html\" data-id=\"155af7a\" data-element_type=\"widget\" data-widget_type=\"html.default\">\n\t\t\t\t<div class=\"elementor-widget-container\">\n\t\t\t<br><div align=\"justify\"><font color=\"black\">\r\n<div align=\"center\">\r\n<img decoding=\"async\" src=\"https:\/\/www.ufsm.br\/pro-reitorias\/proplan\/wp-content\/uploads\/sites\/344\/2019\/09\/brasao-da-republica-do-brasil-logo.png\" alt=\"Bras\u00e3o Rep\u00fablica Federativa do Brasil\" width=\"6%\" height=\"6%\">\r\n<\/div>\r\n<h4>\r\n<font color=\"blue\">\r\n<font size=\"5\">\r\n<\/font>\r\n<\/font>\r\n<div align=\"center\">\r\n<font color=\"blue\">\r\n<font size=\"5\">MINIST\u00c9RIO DA EDUCA\u00c7\u00c3O<\/font>\r\n<\/font>\r\n<\/div>\r\n<\/h4>\r\n<p>\r\n<b>\r\n<font color=\"0000blue\">\r\n<\/font>\r\n<\/b>\r\n<\/p>\r\n<div align=\"center\">\r\n<b>\r\n<font color=\"0000blue\">UNIVERSIDADE FEDERAL DE SANTA MARIA<\/font>\r\n<\/b>\r\n<\/div>\r\n<p>\r\n<\/p>\r\n\r\n\r\n\r\n\r\n\r\n\r\n\r\n\r\n\r\n\r\n\r\n\r\n<!--StartFragment-->\r\n\r\n<p align=\"center\" style=\"text-align: center\">\r\n<span style=\"text-align: justify\">\r\n<a href=\"https:\/\/portal.ufsm.br\/documentos\/publico\/documento.html?idDocumento=15924912\" style=\"color: blue !important;text-decoration: underline !important\" data-elementor-preserved=\"true\">\r\n<b>PORTARIA NORMATIVA PRAE\/UFSM N\u00b0 05, DE 24 DE AGOSTO DE 2026<\/b>\r\n<\/a>\r\n<\/span>\r\n<\/p>\r\n<p style=\"text-align: justify\">\r\n<span style=\"text-align: justify\">&nbsp;<\/span>\r\n<\/p>\r\n<p style=\"text-align: justify\">\r\n<span style=\"text-align: justify\">\r\n<\/span>\r\n    <div style=\"color: #800000;display: block;width: 60%;margin-left: auto;margin-right: 0;text-align: justify;font-weight: normal\">\r\n      Revoga o art. 11 da Portaria Normativa PRAE\/UFSM n\u00b0 03, de 29 de agosto de 2024, e a Portaria Normativa PRAE\/UFSM n\u00b0 04, de 14 de julho de 2025.\r\n    <\/div>\r\n<span style=\"text-align: justify\">\r\n<span style=\"text-align: justify\">\r\n<\/span>\r\n<\/span>\r\n<\/p>\r\n<p style=\"text-align: justify\">\r\n<span style=\"text-align: justify\">&nbsp;<\/span>\r\n<\/p>\r\n<p style=\"text-align: justify\">\r\n<span style=\"text-align: justify\">A PR\u00d3-REITORA DE ASSUNTOS\r\nESTUDANTIS, no uso das atribui\u00e7\u00f5es legais e estatut\u00e1rias que lhe confere o item\r\n\"g\", art. 1\u00b0 da <\/span>\r\n<span lang=\"EN-US\" style=\"text-align: justify\">\r\n<a href=\"https:\/\/www.ufsm.br\/pro-reitorias\/proplan\/resolucao-n-059-1979\/\" style=\"color: blue !important;text-decoration: underline !important\" data-elementor-preserved=\"true\">\r\n<span lang=\"PT-BR\" style=\"text-align: justify\">\r\n<a href=\"https:\/\/www.ufsm.br\/pro-reitorias\/proplan\/resolucao-n-059-1979\" style=\"color: blue !important;text-decoration: underline !important\" data-elementor-preserved=\"true\">Resolu\u00e7\u00e3o UFSM n\u00b0 059\/1979<\/a>\r\n<\/span>\r\n<\/a>\r\n<\/span>\r\n<span style=\"text-align: justify\">, tendo em\r\nvista a <\/span>\r\n<span lang=\"EN-US\" style=\"text-align: justify\">\r\n<a href=\"https:\/\/www.planalto.gov.br\/ccivil_03\/_ato2023-2026\/2024\/lei\/L14914.htm\" style=\"color: blue !important;text-decoration: underline !important\" data-elementor-preserved=\"true\">\r\n<span lang=\"PT-BR\" style=\"text-align: justify\">\r\n<\/span>\r\n<\/a>\r\n<\/span>\r\n<a href=\"https:\/\/www.planalto.gov.br\/ccivil_03\/_ato2023-2026\/2024\/lei\/l14914.htm\" style=\"color: blue !important;text-decoration: underline !important\" data-elementor-preserved=\"true\">Lei n\u00b0 14.914, de 3 de julho de 2024<\/a>\r\n<span style=\"text-align: justify\">, o <\/span>\r\n<span lang=\"EN-US\" style=\"text-align: justify\">\r\n<a href=\"https:\/\/www.planalto.gov.br\/ccivil_03\/_ato2007-2010\/2010\/decreto\/d7234.htm\" style=\"color: blue !important;text-decoration: underline !important\" data-elementor-preserved=\"true\">\r\n<span lang=\"PT-BR\" style=\"text-align: justify\">\r\n<\/span>\r\n<\/a>\r\n<\/span>\r\n<a href=\"https:\/\/www.planalto.gov.br\/ccivil_03\/_ato2007-2010\/2010\/decreto\/d7234.htm\" style=\"color: blue !important;text-decoration: underline !important\" data-elementor-preserved=\"true\">Decreto n\u00b0 7.234, de 19 de julho de 2010<\/a>\r\n<span style=\"text-align: justify\">, a <\/span>\r\n<span lang=\"EN-US\" style=\"text-align: justify\">\r\n<a href=\"https:\/\/www.ufsm.br\/pro-reitorias\/proplan?page_id=5521\" style=\"color: blue !important;text-decoration: underline !important\" data-elementor-preserved=\"true\">\r\n<span lang=\"PT-BR\" style=\"text-align: justify\">\r\n<\/span>\r\n<\/a>\r\n<\/span>\r\n<a href=\"https:\/\/www.ufsm.br\/pro-reitorias\/proplan\/resolucao-ufsm-n-142-2023\" style=\"color: blue !important;text-decoration: underline !important\" data-elementor-preserved=\"true\">Resolu\u00e7\u00e3o UFSM n\u00b0 142, de 29 de setembro de 2023<\/a>\r\n<span style=\"text-align: justify\">,\r\ne o que consta no Processo n\u00b0 <\/span>\r\n<span style=\"text-align: justify\">\r\n<a href=\"https:\/\/portal.ufsm.br\/documentos\/publico\/processo\/documento.html?idDocumento=15907388\" style=\"color: blue !important;text-decoration: underline !important\" data-elementor-preserved=\"true\">23081.105196\/2026-18<\/a>,<span style=\"text-align: justify\"> resolve:<\/span>\r\n<\/span>\r\n<\/p>\r\n<p style=\"text-align: justify\">\r\n<span style=\"text-align: justify\">&nbsp;<\/span>\r\n<\/p>\r\n<p style=\"text-align: justify\">\r\n<span style=\"text-align: justify\">Art. 1\u00b0<span style=\"text-align: justify\">&nbsp; <\/span>\r\n<\/span>\r\n<span style=\"text-align: justify\">Esta Portaria Normativa revoga o art. 11 da <\/span>\r\n<span style=\"text-align: justify\">\r\n<a href=\"https:\/\/www.ufsm.br\/pro-reitorias\/proplan\/portaria-normativa-prae-ufsm-n-03-2024\" style=\"color: blue !important;text-decoration: underline !important\" data-elementor-preserved=\"true\">Portaria Normativa PRAE\/UFSM n\u00b0 03, de 29 de agosto de 2024<\/a>, e <span style=\"text-align: justify\">a <\/span>\r\n<\/span>\r\n<span style=\"text-align: justify\">\r\n<\/span>\r\n<a href=\"https:\/\/www.ufsm.br\/pro-reitorias\/proplan\/portaria-normativa-prae-ufsm-no-04-2025\" style=\"color: blue !important;text-decoration: underline !important\" data-elementor-preserved=\"true\">Portaria Normativa PRAE\/UFSM n\u00b0 04, de 14 de julho de 2025<\/a>\r\n<span style=\"text-align: justify\">.<span style=\"text-align: justify\">\r\n<\/span>\r\n<\/span>\r\n<\/p>\r\n<p style=\"text-align: justify\">\r\n<span style=\"text-align: justify\">Art. 2\u00b0 <span style=\"text-align: justify\">&nbsp;<\/span>A inobserv\u00e2ncia ao\r\ndisposto nesta Portaria Normativa n\u00e3o constitui escusa v\u00e1lida para o\r\ndescumprimento da norma nem resulta em sua invalidade.<\/span>\r\n<\/p>\r\n<p style=\"text-align: justify\">\r\n<span style=\"text-align: justify\">Art. 3\u00b0 <span style=\"text-align: justify\">&nbsp;<\/span>\r\n<\/span>\r\n<span style=\"text-align: justify\">Esta Portaria Normativa entra em\r\nvigor na data de sua publica\u00e7\u00e3o, de acordo com o que prev\u00ea o <a href=\"https:\/\/www.planalto.gov.br\/ccivil_03\/_ato2023-2026\/2024\/decreto\/d12002.htm\" style=\"color: blue !important;text-decoration: underline !important\" data-elementor-preserved=\"true\">Decreto n\u00b0 12.002, de 22 de abril de 2024<\/a>, art. 18, inciso IV.<\/span>\r\n<\/p>\r\n<p style=\"text-align: justify\">\r\n<span style=\"text-align: justify\">&nbsp;<\/span>\r\n<\/p>\r\n<p align=\"right\" style=\"text-align: right\">\r\n<span style=\"text-align: justify\">Jaciele Carine Vidor Sell<\/span>\r\n<\/p>\r\n<p align=\"center\">\r\n\r\n\r\n\r\n\r\n\r\n\r\n\r\n\r\n\r\n\r\n\r\n\r\n<!--StartFragment-->\r\n\r\n\r\n\r\n\r\n\r\n\r\n\r\n\r\n\r\n\r\n\r\n\r\n\r\n\r\n\r\n\r\n\r\n\r\n\r\n\r\n\r\n\r\n\r\n\r\n\r\n<!--EndFragment-->\r\n<\/p>\r\n<p align=\"right\" style=\"text-align: right\">\r\n<span style=\"text-align: justify\">Pr\u00f3-Reitora de Assuntos Estudantis<\/span>\r\n<\/p>\r\n<p align=\"right\" style=\"text-align: right\">\r\n<span style=\"text-align: justify\">\r\n<br>\r\n<\/span>\r\n<\/p>\r\n<p>\r\n<span style=\"color: red\">Este texto n\u00e3o substitui o documento original, publicado no Portal de Documentos.<\/span> Dispon\u00edvel em <a href=\"https:\/\/portal.ufsm.br\/documentos\/publico\/documento.html?idDocumento=15924912\" style=\"color: blue !important;text-decoration: underline !important\" data-elementor-preserved=\"true\">https:\/\/portal.ufsm.br\/documentos\/publico\/documento.html?idDocumento=15924912<\/a>\r\n<\/p>\r\n\r\n<!--EndFragment-->\r\n<div class=\"normal-text\" style=\"text-align: center\">\r\n<\/div>\r\n<div class=\"normal-text\" style=\"text-align: center\">\r\n<\/div>\r\n<\/font><\/div>\t\t<\/div>\n\t\t\t\t<\/div>\n\t\t\t\t\t<\/div>\n\t\t<\/div>\n\t\t\t\t\t<\/div>\n\t\t<\/section>\n\t\t\t\t<\/div>\n\t\t","protected":false},"excerpt":{"rendered":"<p>MINIST\u00c9RIO DA EDUCA\u00c7\u00c3O UNIVERSIDADE FEDERAL DE SANTA MARIA PORTARIA NORMATIVA PRAE\/UFSM N\u00b0 05, DE 24 DE AGOSTO DE 2026 &nbsp; Revoga o art. 11 da Portaria Normativa PRAE\/UFSM n\u00b0 03, de 29 de agosto de 2024, e a Portaria Normativa PRAE\/UFSM n\u00b0 04, de 14 de julho de 2025. &nbsp; A PR\u00d3-REITORA DE ASSUNTOS ESTUDANTIS, [&hellip;]<\/p>\n","protected":false},"author":1466,"featured_media":0,"parent":0,"menu_order":0,"comment_status":"closed","ping_status":"closed","template":"","meta":{"footnotes":""},"categories":[],"tags":[],"class_list":["post-7637","page","type-page","status-publish","hentry"],"acf":[],"_links":{"self":[{"href":"https:\/\/www.ufsm.br\/pro-reitorias\/proplan\/wp-json\/wp\/v2\/pages\/7637","targetHints":{"allow":["GET"]}}],"collection":[{"href":"https:\/\/www.ufsm.br\/pro-reitorias\/proplan\/wp-json\/wp\/v2\/pages"}],"about":[{"href":"https:\/\/www.ufsm.br\/pro-reitorias\/proplan\/wp-json\/wp\/v2\/types\/page"}],"author":[{"embeddable":true,"href":"https:\/\/www.ufsm.br\/pro-reitorias\/proplan\/wp-json\/wp\/v2\/users\/1466"}],"replies":[{"embeddable":true,"href":"https:\/\/www.ufsm.br\/pro-reitorias\/proplan\/wp-json\/wp\/v2\/comments?post=7637"}],"version-history":[{"count":0,"href":"https:\/\/www.ufsm.br\/pro-reitorias\/proplan\/wp-json\/wp\/v2\/pages\/7637\/revisions"}],"wp:attachment":[{"href":"https:\/\/www.ufsm.br\/pro-reitorias\/proplan\/wp-json\/wp\/v2\/media?parent=7637"}],"wp:term":[{"taxonomy":"category","embeddable":true,"href":"https:\/\/www.ufsm.br\/pro-reitorias\/proplan\/wp-json\/wp\/v2\/categories?post=7637"},{"taxonomy":"post_tag","embeddable":true,"href":"https:\/\/www.ufsm.br\/pro-reitorias\/proplan\/wp-json\/wp\/v2\/tags?post=7637"}],"curies":[{"name":"wp","href":"https:\/\/api.w.org\/{rel}","templated":true}]}}