{"id":7650,"date":"2026-08-31T10:17:20","date_gmt":"2026-08-31T13:17:20","guid":{"rendered":"https:\/\/www.ufsm.br\/pro-reitorias\/proplan\/?page_id=7650"},"modified":"2026-08-31T10:21:09","modified_gmt":"2026-08-31T13:21:09","slug":"resolucao-ufsm-n-274-2026","status":"publish","type":"page","link":"https:\/\/www.ufsm.br\/pro-reitorias\/proplan\/resolucao-ufsm-n-274-2026","title":{"rendered":"RESOLU\u00c7\u00c3O UFSM N\u00b0 274\/2026"},"content":{"rendered":"\t\t<div data-elementor-type=\"wp-page\" data-elementor-id=\"7650\" class=\"elementor elementor-7650\">\n\t\t\t\t\t\t<section class=\"elementor-section elementor-top-section elementor-element elementor-element-bcb2cd2 elementor-section-boxed elementor-section-height-default elementor-section-height-default\" data-id=\"bcb2cd2\" data-element_type=\"section\">\n\t\t\t\t\t\t<div class=\"elementor-container elementor-column-gap-default\">\n\t\t\t\t\t<div class=\"elementor-column elementor-col-100 elementor-top-column elementor-element elementor-element-2aa8d79\" data-id=\"2aa8d79\" data-element_type=\"column\">\n\t\t\t<div class=\"elementor-widget-wrap elementor-element-populated\">\n\t\t\t\t\t\t<div class=\"elementor-element elementor-element-037c830 elementor-widget elementor-widget-html\" data-id=\"037c830\" data-element_type=\"widget\" data-widget_type=\"html.default\">\n\t\t\t\t<div class=\"elementor-widget-container\">\n\t\t\t<br><div align=\"justify\"><font color=\"black\">\r\n<div align=\"center\">\r\n<img decoding=\"async\" src=\"https:\/\/www.ufsm.br\/pro-reitorias\/proplan\/wp-content\/uploads\/sites\/344\/2019\/09\/brasao-da-republica-do-brasil-logo.png\" alt=\"Bras\u00e3o Rep\u00fablica Federativa do Brasil\" width=\"6%\" height=\"6%\">\r\n<\/div>\r\n<h4>\r\n<font color=\"blue\">\r\n<font size=\"5\">\r\n<\/font>\r\n<\/font>\r\n<div align=\"center\">\r\n<font color=\"blue\">\r\n<font size=\"5\">MINIST\u00c9RIO DA EDUCA\u00c7\u00c3O<\/font>\r\n<\/font>\r\n<\/div>\r\n<\/h4>\r\n<p>\r\n<b>\r\n<font color=\"0000blue\">\r\n<\/font>\r\n<\/b>\r\n<\/p>\r\n<div align=\"center\">\r\n<b>\r\n<font color=\"0000blue\">UNIVERSIDADE FEDERAL DE SANTA MARIA<\/font>\r\n<\/b>\r\n<\/div>\r\n<p>\r\n<\/p>\r\n\r\n\r\n\r\n\r\n\r\n\r\n\r\n\r\n\r\n\r\n\r\n\r\n<!--StartFragment-->\r\n\r\n<p align=\"center\">\r\n<b>\r\n<span lang=\"PT\" style=\"text-align: justify\">\r\n<\/span>\r\n<a href=\"https:\/\/portal.ufsm.br\/documentos\/publico\/documento.html?idDocumento=15932201#\" style=\"color: blue !important;text-decoration: underline !important\" data-elementor-preserved=\"true\">RESOLU\u00c7\u00c3O UFSM N\u00b0 274, DE 28&nbsp;DE&nbsp;AGOSTO&nbsp;DE 2026<\/a>\r\n<\/b>\r\n<span lang=\"PT\" style=\"text-align: justify\">\r\n<\/span>\r\n<\/p>\r\n\r\n<p align=\"left\">\r\n<span lang=\"PT\" style=\"text-align: justify\">&nbsp;<\/span>\r\n<\/p>\r\n\r\n<p style=\"text-align: right\">\r\n<span lang=\"PT\">\r\n    <div style=\"color: #800000;display: block;width: 60%;margin-left: auto;margin-right: 0;text-align: justify;font-weight: normal\">\r\n      Altera dispositivos da Resolu\u00e7\u00e3o UFSM n\u00b0 236, de 03 de novembro de 2025, que regulamenta o reconhecimento do t\u00edtulo de Not\u00f3rio Saber e estabelece crit\u00e9rios para a sua concess\u00e3o, no \u00e2mbito da Universidade Federal de Santa Maria (UFSM).\r\n    <\/div>\r\n<\/span>\r\n<\/p>\r\n\r\n<p align=\"left\">\r\n<span lang=\"PT\" style=\"text-align: justify\">&nbsp;<\/span>\r\n<\/p>\r\n\r\n<p>\r\n<span lang=\"PT\">A REITORA\r\nDA UNIVERSIDADE FEDERAL\r\nDE SANTA MARIA, no uso de suas atribui\u00e7\u00f5es legais que lhe confere\r\no art. 30 do Estatuto da Universidade Federal de Santa Maria com as adequa\u00e7\u00f5es\r\naprovadas pela <a href=\"https:\/\/www.ufsm.br\/pro-reitorias\/proplan\/resolucao-n-037-2010\" style=\"color: blue !important;text-decoration: underline !important\" data-elementor-preserved=\"true\">Resolu\u00e7\u00e3o UFSM n\u00b0 037, de 30 de novembro de 2010<\/a>, aprovada pela\r\nPortaria n\u00b0 156, de 12 de mar\u00e7o de 2014, e publicada&nbsp;no Di\u00e1rio Oficial\r\nda Uni\u00e3o em 13 de mar\u00e7o de 2014, tendo\r\nem vista o disposto na <a href=\"https:\/\/www.planalto.gov.br\/ccivil_03\/_ato2007-2010\/2010\/lei\/l12343.htm\" style=\"color: blue !important;text-decoration: underline !important\" data-elementor-preserved=\"true\">Lei n\u00b0 12.343, de 02 de dezembro de 2010<\/a>, na\r\n<a href=\"https:\/\/www.ufsm.br\/pro-reitorias\/proplan\/resolucao-ufsm-no-236-2025\" style=\"color: blue !important;text-decoration: underline !important\" data-elementor-preserved=\"true\">Resolu\u00e7\u00e3o UFSM n\u00b0 236, de 03 de novembro de 2025<\/a>, e o que consta no Processo n\u00b0\r\n<a href=\"https:\/\/portal.ufsm.br\/documentos\/usuario\/processo\/documento.html?idDocumento=15853211\" style=\"color: blue !important;text-decoration: underline !important\" data-elementor-preserved=\"true\">23081.077614\/2026-70<\/a>, resolve:<\/span>\r\n<\/p>\r\n\r\n<p align=\"left\">\r\n<span lang=\"PT\" style=\"text-align: justify\">&nbsp;<\/span>\r\n<\/p>\r\n\r\n<p>\r\n<span lang=\"PT\">Art.\r\n1\u00b0 <\/span>Ficam alterados dispositivos da <a href=\"https:\/\/www.ufsm.br\/pro-reitorias\/proplan\/resolucao-ufsm-no-236-2025\" style=\"color: blue !important;text-decoration: underline !important\" data-elementor-preserved=\"true\">Resolu\u00e7\u00e3o UFSM n\u00b0 236, de 03 de novembro de 2025<\/a>, que regulamenta o reconhecimento do t\u00edtulo de Not\u00f3rio Saber e\r\nestabelece crit\u00e9rios para a sua concess\u00e3o, no \u00e2mbito da Universidade Federal de\r\nSanta Maria (UFSM).<span lang=\"PT\">\r\n<\/span>\r\n<\/p>\r\n\r\n<p>\r\n<span lang=\"PT\">Art.\r\n2\u00b0&nbsp; O par\u00e1grafo \u00fanico do art. 11 da\r\n<\/span>\r\n<a href=\"https:\/\/www.ufsm.br\/pro-reitorias\/proplan\/resolucao-ufsm-no-236-2025\" style=\"color: blue !important;text-decoration: underline !important\" data-elementor-preserved=\"true\">Resolu\u00e7\u00e3o UFSM n\u00b0 236, de 03 de novembro de 2025<\/a>,<a name=\"_Hlk233878723\">\r\n<span lang=\"PT\"> <\/span>\r\n<\/a>\r\n<span lang=\"PT\">passa a vigorar com a seguinte reda\u00e7\u00e3o:<\/span>\r\n<\/p>\r\n\r\n<p align=\"left\">\r\n<span lang=\"PT\" style=\"text-align: justify\">&nbsp;<\/span>\r\n<\/p>\r\n\r\n<p align=\"left\">\r\n<span lang=\"PT\" style=\"text-align: justify\">\u201c(...)<\/span>\r\n<\/p>\r\n<p align=\"left\">\r\n<span style=\"text-align: justify\">Art.\r\n11.<\/span>\r\n<span style=\"text-align: justify\"> <\/span>\r\n<span style=\"text-align: justify\">.....................................................................<\/span>\r\n<\/p>\r\n<p align=\"left\">\r\n<span lang=\"PT\" style=\"text-align: justify\">Par\u00e1grafo \u00fanico.\r\nA comiss\u00e3o examinadora ser\u00e1 integrada por 5 (cinco)\r\nmembros(as), todos(as) com o grau de&nbsp;<\/span>\r\n<span lang=\"PT\" style=\"text-align: justify\">Doutor(a)&nbsp;<\/span>\r\n<span style=\"text-align: justify\">da \u00e1rea <\/span>\r\n<span style=\"text-align: justify\">de<\/span>\r\n<span style=\"text-align: justify\"> <\/span>\r\n<span style=\"text-align: justify\">conhecimento<\/span>\r\n<span style=\"text-align: justify\"> <\/span>\r\n<span style=\"text-align: justify\">do<\/span>\r\n<span style=\"text-align: justify\"> <\/span>\r\n<span style=\"text-align: justify\">not\u00f3rio<\/span>\r\n<span style=\"text-align: justify\"> <\/span>\r\n<span style=\"text-align: justify\">saber<\/span>\r\n<span style=\"text-align: justify\">\r\n<\/span>\r\n<span style=\"text-align: justify\">ou<\/span>\r\n<span style=\"text-align: justify\"> <\/span>\r\n<span style=\"text-align: justify\">equivalente,<\/span>\r\n<span style=\"text-align: justify\"> <\/span>\r\n<span style=\"text-align: justify\">dos<\/span>\r\n<span style=\"text-align: justify\"> <\/span>\r\n<span style=\"text-align: justify\">quais,<\/span>\r\n<span style=\"text-align: justify\"> <\/span>\r\n<span style=\"text-align: justify\">no<\/span>\r\n<span style=\"text-align: justify\"> m\u00ednimo,\r\n2 (dois\/duas) ser\u00e3o doutores(as) externos(as) \u00e0 UFSM.<\/span>\r\n<\/p>\r\n<p align=\"left\">\r\n<span style=\"text-align: justify\">(...)\u201d<\/span>\r\n<\/p>\r\n<p align=\"left\">\r\n<span style=\"text-align: justify\">(NR)<\/span>\r\n<\/p>\r\n\r\n<p>\r\n<span lang=\"PT\">&nbsp;<\/span>\r\n<\/p>\r\n\r\n<p>\r\n<span lang=\"PT\">Art.\r\n3\u00b0&nbsp; O art. 12 da <\/span>\r\n<a href=\"https:\/\/www.ufsm.br\/pro-reitorias\/proplan\/resolucao-ufsm-no-236-2025\" style=\"color: blue !important;text-decoration: underline !important\" data-elementor-preserved=\"true\">Resolu\u00e7\u00e3o UFSM n\u00b0 236, de 03 de novembro de 2025<\/a>,<span lang=\"PT\"> passa a vigorar com a seguinte reda\u00e7\u00e3o:<\/span>\r\n<\/p>\r\n\r\n<p style=\"text-align: left\">\r\n<span lang=\"PT\">&nbsp;<\/span>\r\n<\/p>\r\n\r\n<p style=\"text-align: left\">\r\n<span lang=\"PT\">\u201c(...)<\/span>\r\n<\/p>\r\n<p style=\"text-align: left\">Art. 12. Caber\u00e1 \u00e0s Comiss\u00f5es Examinadoras:<\/p>\r\n<p style=\"text-align: left\">\r\n<span style=\"text-align: justify\">(...)<\/span>\r\n<\/p>\r\n\r\n<p style=\"text-align: left\">\r\n<span lang=\"PT\">IV - incluir nessas comiss\u00f5es\r\nexaminadoras membros(as) de institui\u00e7\u00f5es externas com reconhecido trabalho\r\nsobre a tem\u00e1tica de Not\u00f3rio\r\nSaber, bem como outros(as) Doutores(as) de Not\u00f3rios Saberes j\u00e1\r\nreconhecidos(as) por outras Institui\u00e7\u00f5es de Ensino Superior (IES).<\/span>\r\n<\/p>\r\n<p style=\"text-align: left\">(...)\u201d<\/p>\r\n<p style=\"text-align: left\">(NR)<\/p>\r\n<p style=\"text-align: left\">\r\n<br>\r\n<\/p>\r\n\r\n<p align=\"left\">\r\n<span style=\"text-align: justify\">Art.\r\n4\u00b0&nbsp; A inobserv\u00e2ncia ao disposto nesta\r\nResolu\u00e7\u00e3o n\u00e3o constitui escusa v\u00e1lida para o descumprimento da norma nem\r\nresulta em sua invalidade.<\/span>\r\n<span lang=\"PT\" style=\"text-align: justify\">\r\n<\/span>\r\n<\/p>\r\n\r\n<p align=\"left\">\r\n<span lang=\"PT\" style=\"text-align: justify\">Art. 5\u00b0&nbsp; Esta\r\nResolu\u00e7\u00e3o entra em vigor na data de sua publica\u00e7\u00e3o, de acordo com o que prev\u00ea o\r\n<a href=\"https:\/\/www.planalto.gov.br\/ccivil_03\/_ato2023-2026\/2024\/decreto\/d12002.htm\" style=\"color: blue !important;text-decoration: underline !important\" data-elementor-preserved=\"true\">Decreto n\u00b0 12.002, de 22 de abril de 2024, art. 18, inciso IV.<\/a>\r\n<\/span>\r\n<\/p>\r\n\r\n<p align=\"left\">\r\n<span lang=\"PT\" style=\"text-align: justify\">&nbsp;<\/span>\r\n<\/p>\r\n\r\n<p align=\"right\">\r\n<span lang=\"PT\" style=\"text-align: justify\">Martha Bohrer Adaime<\/span>\r\n<\/p>\r\n\r\n<p align=\"right\">\r\n<span lang=\"PT\" style=\"text-align: justify\">Reitora<\/span>\r\n<span lang=\"PT\" style=\"text-align: justify\">\r\n<\/span>\r\n<\/p>\r\n<p align=\"right\">\r\n<span lang=\"PT\" style=\"text-align: justify\">\r\n<\/span>\r\n<\/p>\r\n<p>\r\n<span style=\"color: red\">Este texto n\u00e3o substitui o documento original, publicado no Portal de Documentos.<\/span> Dispon\u00edvel em <a href=\"https:\/\/portal.ufsm.br\/documentos\/publico\/documento.html?idDocumento=15932201#\" style=\"color: blue !important;text-decoration: underline !important\" data-elementor-preserved=\"true\">https:\/\/portal.ufsm.br\/documentos\/publico\/documento.html?idDocumento=15932201#<\/a>\r\n<\/p>\r\n\r\n<!--EndFragment-->\r\n<div class=\"normal-text\" style=\"text-align: center\">\r\n<\/div>\r\n<div class=\"normal-text\" style=\"text-align: center\">\r\n<\/div>\r\n<\/font><\/div>\t\t<\/div>\n\t\t\t\t<\/div>\n\t\t\t\t\t<\/div>\n\t\t<\/div>\n\t\t\t\t\t<\/div>\n\t\t<\/section>\n\t\t\t\t<\/div>\n\t\t","protected":false},"excerpt":{"rendered":"<p>MINIST\u00c9RIO DA EDUCA\u00c7\u00c3O UNIVERSIDADE FEDERAL DE SANTA MARIA RESOLU\u00c7\u00c3O UFSM N\u00b0 274, DE 28&nbsp;DE&nbsp;AGOSTO&nbsp;DE 2026 &nbsp; Altera dispositivos da Resolu\u00e7\u00e3o UFSM n\u00b0 236, de 03 de novembro de 2025, que regulamenta o reconhecimento do t\u00edtulo de Not\u00f3rio Saber e estabelece crit\u00e9rios para a sua concess\u00e3o, no \u00e2mbito da Universidade Federal de Santa Maria (UFSM). &nbsp; [&hellip;]<\/p>\n","protected":false},"author":8863,"featured_media":0,"parent":0,"menu_order":0,"comment_status":"closed","ping_status":"closed","template":"","meta":{"footnotes":""},"categories":[],"tags":[],"class_list":["post-7650","page","type-page","status-publish","hentry"],"acf":[],"_links":{"self":[{"href":"https:\/\/www.ufsm.br\/pro-reitorias\/proplan\/wp-json\/wp\/v2\/pages\/7650","targetHints":{"allow":["GET"]}}],"collection":[{"href":"https:\/\/www.ufsm.br\/pro-reitorias\/proplan\/wp-json\/wp\/v2\/pages"}],"about":[{"href":"https:\/\/www.ufsm.br\/pro-reitorias\/proplan\/wp-json\/wp\/v2\/types\/page"}],"author":[{"embeddable":true,"href":"https:\/\/www.ufsm.br\/pro-reitorias\/proplan\/wp-json\/wp\/v2\/users\/8863"}],"replies":[{"embeddable":true,"href":"https:\/\/www.ufsm.br\/pro-reitorias\/proplan\/wp-json\/wp\/v2\/comments?post=7650"}],"version-history":[{"count":0,"href":"https:\/\/www.ufsm.br\/pro-reitorias\/proplan\/wp-json\/wp\/v2\/pages\/7650\/revisions"}],"wp:attachment":[{"href":"https:\/\/www.ufsm.br\/pro-reitorias\/proplan\/wp-json\/wp\/v2\/media?parent=7650"}],"wp:term":[{"taxonomy":"category","embeddable":true,"href":"https:\/\/www.ufsm.br\/pro-reitorias\/proplan\/wp-json\/wp\/v2\/categories?post=7650"},{"taxonomy":"post_tag","embeddable":true,"href":"https:\/\/www.ufsm.br\/pro-reitorias\/proplan\/wp-json\/wp\/v2\/tags?post=7650"}],"curies":[{"name":"wp","href":"https:\/\/api.w.org\/{rel}","templated":true}]}}