{"id":7653,"date":"2026-08-31T10:57:20","date_gmt":"2026-08-31T13:57:20","guid":{"rendered":"https:\/\/www.ufsm.br\/pro-reitorias\/proplan\/?page_id=7653"},"modified":"2026-08-31T10:57:49","modified_gmt":"2026-08-31T13:57:49","slug":"resolucao-ufsm-n-277-2026","status":"publish","type":"page","link":"https:\/\/www.ufsm.br\/pro-reitorias\/proplan\/resolucao-ufsm-n-277-2026","title":{"rendered":"RESOLU\u00c7\u00c3O UFSM N\u00b0 277\/2026"},"content":{"rendered":"\t\t<div data-elementor-type=\"wp-page\" data-elementor-id=\"7653\" class=\"elementor elementor-7653\">\n\t\t\t\t\t\t<section class=\"elementor-section elementor-top-section elementor-element elementor-element-2648a81 elementor-section-boxed elementor-section-height-default elementor-section-height-default\" data-id=\"2648a81\" data-element_type=\"section\">\n\t\t\t\t\t\t<div class=\"elementor-container elementor-column-gap-default\">\n\t\t\t\t\t<div class=\"elementor-column elementor-col-100 elementor-top-column elementor-element elementor-element-fb894bf\" data-id=\"fb894bf\" data-element_type=\"column\">\n\t\t\t<div class=\"elementor-widget-wrap elementor-element-populated\">\n\t\t\t\t\t\t<div class=\"elementor-element elementor-element-e867e26 elementor-widget elementor-widget-html\" data-id=\"e867e26\" data-element_type=\"widget\" data-widget_type=\"html.default\">\n\t\t\t\t<div class=\"elementor-widget-container\">\n\t\t\t<br><div align=\"justify\"><font color=\"black\">\r\n<div align=\"center\">\r\n<img decoding=\"async\" src=\"https:\/\/www.ufsm.br\/pro-reitorias\/proplan\/wp-content\/uploads\/sites\/344\/2019\/09\/brasao-da-republica-do-brasil-logo.png\" alt=\"Bras\u00e3o Rep\u00fablica Federativa do Brasil\" width=\"6%\" height=\"6%\">\r\n<\/div>\r\n<h4>\r\n<font color=\"blue\">\r\n<font size=\"5\">\r\n<\/font>\r\n<\/font>\r\n<div align=\"center\">\r\n<font color=\"blue\">\r\n<font size=\"5\">MINIST\u00c9RIO DA EDUCA\u00c7\u00c3O<\/font>\r\n<\/font>\r\n<\/div>\r\n<\/h4>\r\n<p>\r\n<b>\r\n<font color=\"0000blue\">\r\n<\/font>\r\n<\/b>\r\n<\/p>\r\n<div align=\"center\">\r\n<b>\r\n<font color=\"0000blue\">UNIVERSIDADE FEDERAL DE SANTA MARIA<\/font>\r\n<\/b>\r\n<\/div>\r\n<p>\r\n<\/p>\r\n<!--StartFragment-->\r\n<p style=\"text-align: center\">\r\n<a href=\"https:\/\/portal.ufsm.br\/documentos\/publico\/documento.html?idDocumento=15932321\" style=\"color: blue !important;text-decoration: underline !important\" data-elementor-preserved=\"true\">\r\n<b>RESOLU\u00c7\u00c3O UFSM N\u00b0 277, DE 31 DE AGOSTO DE 2026<\/b>\r\n<\/a>\r\n<\/p>\r\n<p>&nbsp;<\/p>\r\n<p>\r\n    <div style=\"color: #800000;display: block;width: 60%;margin-left: auto;margin-right: 0;text-align: justify;font-weight: normal\">\r\n      Transfere o Curso de Especializa\u00e7\u00e3o em Educa\u00e7\u00e3o Ambiental, sob coordena\u00e7\u00e3o do Programa de P\u00f3s-Gradua\u00e7\u00e3o em Pol\u00edticas P\u00fablicas e Gest\u00e3o Educacional, atualmente vinculado ao Centro de Educa\u00e7\u00e3o (CE), para o Centro de Ci\u00eancias Rurais (CCR) da Universidade Federal de Santa Maria (UFSM).\r\n    <\/div>\r\n<\/p>\r\n<p>&nbsp;<\/p>\r\n<p>A REITORA DA UNIVERSIDADE FEDERAL DE SANTA MARIA, no uso de suas atribui\u00e7\u00f5es legais que lhe confere o art. 30 do <a href=\"https:\/\/www.ufsm.br\/pro-reitorias\/proplan\/estatuto-ufsm-2010\" style=\"color: blue !important;text-decoration: underline !important\" data-elementor-preserved=\"true\">Estatuto da Universidade Federal de Santa Maria<\/a> com as adequa\u00e7\u00f5es aprovadas pela <a href=\"https:\/\/www.ufsm.br\/pro-reitorias\/proplan\/resolucao-n-037-2010\" style=\"color: blue !important;text-decoration: underline !important\" data-elementor-preserved=\"true\">Resolu\u00e7\u00e3o UFSM n\u00b0 037, de 30 de novembro de 2010<\/a>, aprovado pela Portaria n\u00b0 156, de 12 de mar\u00e7o de 2014, e publicado no Di\u00e1rio Oficial da Uni\u00e3o em 13 de mar\u00e7o de 2014, tendo em vista o disposto no <a href=\"https:\/\/www.planalto.gov.br\/ccivil_03\/_ato2015-2018\/2017\/decreto\/d9235.htm\" style=\"color: blue !important;text-decoration: underline !important\" data-elementor-preserved=\"true\">Decreto n\u00b0 9.235, de 15 de dezembro de 2017<\/a>, bem como nas <a href=\"https:\/\/www.ufsm.br\/pro-reitorias\/proplan\/resolucao-ufsm-n-076-2022\" style=\"color: blue !important;text-decoration: underline !important\" data-elementor-preserved=\"true\">Resolu\u00e7\u00f5es UFSM n\u00b0 076, de 31 de janeiro de 2022<\/a>, e<a href=\"https:\/\/www.ufsm.br\/pro-reitorias\/proplan\/resolucao-ufsm-n-172-2024\" style=\"color: blue !important;text-decoration: underline !important\" data-elementor-preserved=\"true\"> n\u00b0 172, de 19 de agosto de 2024<\/a>, al\u00e9m do que consta no Processo n\u00b0 <a href=\"https:\/\/portal.ufsm.br\/documentos\/publico\/processo\/documento.html?idDocumento=15655996\" style=\"color: blue !important;text-decoration: underline !important\" data-elementor-preserved=\"true\">23081.154128\/2025-00<\/a>, resolve:<\/p>\r\n<p>&nbsp;<\/p>\r\n<p>Art. 1\u00b0&nbsp; Fica transferido o curso de Especializa\u00e7\u00e3o em Educa\u00e7\u00e3o Ambiental, sob coordena\u00e7\u00e3o do Programa de P\u00f3s-Gradua\u00e7\u00e3o em Pol\u00edticas P\u00fablicas e Gest\u00e3o Educacional, atualmente vinculado ao Centro de Educa\u00e7\u00e3o (CE), para o Centro de Ci\u00eancias Rurais (CCR) da Universidade Federal de Santa Maria (UFSM).<\/p>\r\n<p>Art. 2\u00b0&nbsp; O curso de Especializa\u00e7\u00e3o em Educa\u00e7\u00e3o Ambiental ter\u00e1 coordena\u00e7\u00e3o pr\u00f3pria.<\/p>\r\n<p>Art. 3\u00b0&nbsp; Ficam acrescentados dispositivos nos artigos 3\u00b0 e 5\u00b0 da <a href=\"https:\/\/www.ufsm.br\/pro-reitorias\/proplan\/resolucao-ufsm-n-076-2022\" style=\"color: blue !important;text-decoration: underline !important\" data-elementor-preserved=\"true\">Resolu\u00e7\u00e3o UFSM n\u00b0 076, de 31 de janeiro de 2022<\/a>, passando a vigorarem com a seguinte reda\u00e7\u00e3o:<\/p>\r\n<p>&nbsp;<\/p>\r\n<blockquote style=\"margin: 0 0 0 40px;border: none;padding: 0px\">\r\n<blockquote style=\"margin: 0 0 0 40px;border: none;padding: 0px\">\r\n<blockquote style=\"margin: 0 0 0 40px;border: none;padding: 0px\">\r\n<blockquote style=\"margin: 0 0 0 40px;border: none;padding: 0px\">\r\n<blockquote style=\"margin: 0 0 0 40px;border: none;padding: 0px\">\r\n<p>\u201c(...)<\/p>\r\n<\/blockquote>\r\n<\/blockquote>\r\n<\/blockquote>\r\n<\/blockquote>\r\n<blockquote style=\"margin: 0 0 0 40px;border: none;padding: 0px\">\r\n<blockquote style=\"margin: 0 0 0 40px;border: none;padding: 0px\">\r\n<blockquote style=\"margin: 0 0 0 40px;border: none;padding: 0px\">\r\n<blockquote style=\"margin: 0 0 0 40px;border: none;padding: 0px\">\r\n<p>Art. 3\u00b0&nbsp; Os cursos de P\u00f3s-Gradua\u00e7\u00e3o, com situa\u00e7\u00e3o \u201cem atividade\u201d, do Centro de Ci\u00eancias Rurais (CCR), s\u00e3o: <\/p>\r\n<\/blockquote>\r\n<\/blockquote>\r\n<\/blockquote>\r\n<\/blockquote>\r\n<\/blockquote>\r\n<blockquote style=\"margin: 0 0 0 40px;border: none;padding: 0px\">\r\n<blockquote style=\"margin: 0 0 0 40px;border: none;padding: 0px\">\r\n<blockquote style=\"margin: 0 0 0 40px;border: none;padding: 0px\">\r\n<blockquote style=\"margin: 0 0 0 40px;border: none;padding: 0px\">\r\n<blockquote style=\"margin: 0 0 0 40px;border: none;padding: 0px\">\r\n<p>(...)<\/p>\r\n<\/blockquote>\r\n<\/blockquote>\r\n<\/blockquote>\r\n<\/blockquote>\r\n<blockquote style=\"margin: 0 0 0 40px;border: none;padding: 0px\">\r\n<blockquote style=\"margin: 0 0 0 40px;border: none;padding: 0px\">\r\n<blockquote style=\"margin: 0 0 0 40px;border: none;padding: 0px\">\r\n<blockquote style=\"margin: 0 0 0 40px;border: none;padding: 0px\">\r\n<p>XI - Educa\u00e7\u00e3o Ambiental, em n\u00edvel de Especializa\u00e7\u00e3o.<\/p>\r\n<\/blockquote>\r\n<\/blockquote>\r\n<\/blockquote>\r\n<\/blockquote>\r\n<blockquote style=\"margin: 0 0 0 40px;border: none;padding: 0px\">\r\n<blockquote style=\"margin: 0 0 0 40px;border: none;padding: 0px\">\r\n<blockquote style=\"margin: 0 0 0 40px;border: none;padding: 0px\">\r\n<blockquote style=\"margin: 0 0 0 40px;border: none;padding: 0px\">\r\n<p>(...)<\/p>\r\n<\/blockquote>\r\n<\/blockquote>\r\n<\/blockquote>\r\n<\/blockquote>\r\n<blockquote style=\"margin: 0 0 0 40px;border: none;padding: 0px\">\r\n<blockquote style=\"margin: 0 0 0 40px;border: none;padding: 0px\">\r\n<blockquote style=\"margin: 0 0 0 40px;border: none;padding: 0px\">\r\n<blockquote style=\"margin: 0 0 0 40px;border: none;padding: 0px\">\r\n<p>Art. 5\u00b0&nbsp; Os cursos de P\u00f3s-Gradua\u00e7\u00e3o, com situa\u00e7\u00e3o \u201cem atividade\u201d, do Centro de Educa\u00e7\u00e3o (CE), s\u00e3o:<\/p>\r\n<\/blockquote>\r\n<\/blockquote>\r\n<\/blockquote>\r\n<\/blockquote>\r\n<blockquote style=\"margin: 0 0 0 40px;border: none;padding: 0px\">\r\n<blockquote style=\"margin: 0 0 0 40px;border: none;padding: 0px\">\r\n<blockquote style=\"margin: 0 0 0 40px;border: none;padding: 0px\">\r\n<blockquote style=\"margin: 0 0 0 40px;border: none;padding: 0px\">\r\n<p>(...)<\/p>\r\n<\/blockquote>\r\n<\/blockquote>\r\n<\/blockquote>\r\n<\/blockquote>\r\n<blockquote style=\"margin: 0 0 0 40px;border: none;padding: 0px\">\r\n<blockquote style=\"margin: 0 0 0 40px;border: none;padding: 0px\">\r\n<blockquote style=\"margin: 0 0 0 40px;border: none;padding: 0px\">\r\n<blockquote style=\"margin: 0 0 0 40px;border: none;padding: 0px\">\r\n<p>Par\u00e1grafo \u00fanico.&nbsp; Consideram-se extintos os seguintes cursos:<\/p>\r\n<\/blockquote>\r\n<\/blockquote>\r\n<\/blockquote>\r\n<\/blockquote>\r\n<blockquote style=\"margin: 0 0 0 40px;border: none;padding: 0px\">\r\n<blockquote style=\"margin: 0 0 0 40px;border: none;padding: 0px\">\r\n<blockquote style=\"margin: 0 0 0 40px;border: none;padding: 0px\">\r\n<blockquote style=\"margin: 0 0 0 40px;border: none;padding: 0px\">\r\n<p>(...)<\/p>\r\n<\/blockquote>\r\n<\/blockquote>\r\n<\/blockquote>\r\n<\/blockquote>\r\n<blockquote style=\"margin: 0 0 0 40px;border: none;padding: 0px\">\r\n<blockquote style=\"margin: 0 0 0 40px;border: none;padding: 0px\">\r\n<blockquote style=\"margin: 0 0 0 40px;border: none;padding: 0px\">\r\n<blockquote style=\"margin: 0 0 0 40px;border: none;padding: 0px\">\r\n<p>VI - Educa\u00e7\u00e3o Ambiental, em n\u00edvel de especializa\u00e7\u00e3o, sob coordena\u00e7\u00e3o do Coordenador do Programa de Pol\u00edticas P\u00fablicas e Gest\u00e3o Educacional, do Centro de Educa\u00e7\u00e3o.<\/p>\r\n<\/blockquote>\r\n<\/blockquote>\r\n<\/blockquote>\r\n<\/blockquote>\r\n<blockquote style=\"margin: 0 0 0 40px;border: none;padding: 0px\">\r\n<blockquote style=\"margin: 0 0 0 40px;border: none;padding: 0px\">\r\n<blockquote style=\"margin: 0 0 0 40px;border: none;padding: 0px\">\r\n<blockquote style=\"margin: 0 0 0 40px;border: none;padding: 0px\">\r\n<p>(...)\u201d<\/p>\r\n<\/blockquote>\r\n<\/blockquote>\r\n<\/blockquote>\r\n<\/blockquote>\r\n<blockquote style=\"margin: 0 0 0 40px;border: none;padding: 0px\">\r\n<blockquote style=\"margin: 0 0 0 40px;border: none;padding: 0px\">\r\n<blockquote style=\"margin: 0 0 0 40px;border: none;padding: 0px\">\r\n<blockquote style=\"margin: 0 0 0 40px;border: none;padding: 0px\">\r\n<p>(NR)<\/p>\r\n<\/blockquote>\r\n<\/blockquote>\r\n<\/blockquote>\r\n<\/blockquote>\r\n<\/blockquote>\r\n<p>&nbsp;<\/p>\r\n<p>Art. 4\u00b0&nbsp; Ficam revogados os seguintes dispositivos da <a href=\"https:\/\/www.ufsm.br\/pro-reitorias\/proplan\/resolucao-ufsm-n-076-2022\" style=\"color: blue !important;text-decoration: underline !important\" data-elementor-preserved=\"true\">Resolu\u00e7\u00e3o UFSM n\u00b0 076, de 31 de janeiro de 2022<\/a>:<\/p>\r\n<p>&nbsp;<\/p>\r\n<blockquote style=\"margin: 0 0 0 40px;border: none;padding: 0px\">\r\n<blockquote style=\"margin: 0 0 0 40px;border: none;padding: 0px\">\r\n<blockquote style=\"margin: 0 0 0 40px;border: none;padding: 0px\">\r\n<blockquote style=\"margin: 0 0 0 40px;border: none;padding: 0px\">\r\n<blockquote style=\"margin: 0 0 0 40px;border: none;padding: 0px\">\r\n<p>\u201c(...)<\/p>\r\n<\/blockquote>\r\n<\/blockquote>\r\n<\/blockquote>\r\n<\/blockquote>\r\n<blockquote style=\"margin: 0 0 0 40px;border: none;padding: 0px\">\r\n<blockquote style=\"margin: 0 0 0 40px;border: none;padding: 0px\">\r\n<blockquote style=\"margin: 0 0 0 40px;border: none;padding: 0px\">\r\n<blockquote style=\"margin: 0 0 0 40px;border: none;padding: 0px\">\r\n<p>Art. 3\u00b0&nbsp; .............................................................<\/p>\r\n<\/blockquote>\r\n<\/blockquote>\r\n<\/blockquote>\r\n<\/blockquote>\r\n<blockquote style=\"margin: 0 0 0 40px;border: none;padding: 0px\">\r\n<blockquote style=\"margin: 0 0 0 40px;border: none;padding: 0px\">\r\n<blockquote style=\"margin: 0 0 0 40px;border: none;padding: 0px\">\r\n<blockquote style=\"margin: 0 0 0 40px;border: none;padding: 0px\">\r\n<p>(...)<\/p>\r\n<\/blockquote>\r\n<\/blockquote>\r\n<\/blockquote>\r\n<\/blockquote>\r\n<blockquote style=\"margin: 0 0 0 40px;border: none;padding: 0px\">\r\n<blockquote style=\"margin: 0 0 0 40px;border: none;padding: 0px\">\r\n<blockquote style=\"margin: 0 0 0 40px;border: none;padding: 0px\">\r\n<blockquote style=\"margin: 0 0 0 40px;border: none;padding: 0px\">\r\n<p>Par\u00e1grafo \u00fanico.&nbsp; ..............................................<\/p>\r\n<\/blockquote>\r\n<\/blockquote>\r\n<\/blockquote>\r\n<\/blockquote>\r\n<blockquote style=\"margin: 0 0 0 40px;border: none;padding: 0px\">\r\n<blockquote style=\"margin: 0 0 0 40px;border: none;padding: 0px\">\r\n<blockquote style=\"margin: 0 0 0 40px;border: none;padding: 0px\">\r\n<blockquote style=\"margin: 0 0 0 40px;border: none;padding: 0px\">\r\n<p>(...)<\/p>\r\n<\/blockquote>\r\n<\/blockquote>\r\n<\/blockquote>\r\n<\/blockquote>\r\n<blockquote style=\"margin: 0 0 0 40px;border: none;padding: 0px\">\r\n<blockquote style=\"margin: 0 0 0 40px;border: none;padding: 0px\">\r\n<blockquote style=\"margin: 0 0 0 40px;border: none;padding: 0px\">\r\n<blockquote style=\"margin: 0 0 0 40px;border: none;padding: 0px\">\r\n<p>III - Educa\u00e7\u00e3o Ambiental.<\/p>\r\n<\/blockquote>\r\n<\/blockquote>\r\n<\/blockquote>\r\n<\/blockquote>\r\n<blockquote style=\"margin: 0 0 0 40px;border: none;padding: 0px\">\r\n<blockquote style=\"margin: 0 0 0 40px;border: none;padding: 0px\">\r\n<blockquote style=\"margin: 0 0 0 40px;border: none;padding: 0px\">\r\n<blockquote style=\"margin: 0 0 0 40px;border: none;padding: 0px\">\r\n<p>(...)<\/p>\r\n<\/blockquote>\r\n<\/blockquote>\r\n<\/blockquote>\r\n<\/blockquote>\r\n<blockquote style=\"margin: 0 0 0 40px;border: none;padding: 0px\">\r\n<blockquote style=\"margin: 0 0 0 40px;border: none;padding: 0px\">\r\n<blockquote style=\"margin: 0 0 0 40px;border: none;padding: 0px\">\r\n<blockquote style=\"margin: 0 0 0 40px;border: none;padding: 0px\">\r\n<p>Art. 5\u00b0&nbsp; .............................................................<\/p>\r\n<\/blockquote>\r\n<\/blockquote>\r\n<\/blockquote>\r\n<\/blockquote>\r\n<blockquote style=\"margin: 0 0 0 40px;border: none;padding: 0px\">\r\n<blockquote style=\"margin: 0 0 0 40px;border: none;padding: 0px\">\r\n<blockquote style=\"margin: 0 0 0 40px;border: none;padding: 0px\">\r\n<blockquote style=\"margin: 0 0 0 40px;border: none;padding: 0px\">\r\n<p>(...)<\/p>\r\n<\/blockquote>\r\n<\/blockquote>\r\n<\/blockquote>\r\n<\/blockquote>\r\n<blockquote style=\"margin: 0 0 0 40px;border: none;padding: 0px\">\r\n<blockquote style=\"margin: 0 0 0 40px;border: none;padding: 0px\">\r\n<blockquote style=\"margin: 0 0 0 40px;border: none;padding: 0px\">\r\n<blockquote style=\"margin: 0 0 0 40px;border: none;padding: 0px\">\r\n<p>IX - Educa\u00e7\u00e3o Ambiental, em n\u00edvel de especializa\u00e7\u00e3o, sob coordena\u00e7\u00e3o do Coordenador do Programa de Pol\u00edticas P\u00fablicas e Gest\u00e3o Educacional, do Centro de Educa\u00e7\u00e3o.<\/p>\r\n<\/blockquote>\r\n<\/blockquote>\r\n<\/blockquote>\r\n<\/blockquote>\r\n<blockquote style=\"margin: 0 0 0 40px;border: none;padding: 0px\">\r\n<blockquote style=\"margin: 0 0 0 40px;border: none;padding: 0px\">\r\n<blockquote style=\"margin: 0 0 0 40px;border: none;padding: 0px\">\r\n<blockquote style=\"margin: 0 0 0 40px;border: none;padding: 0px\">\r\n<p>(...)\u201d<\/p>\r\n<\/blockquote>\r\n<\/blockquote>\r\n<\/blockquote>\r\n<\/blockquote>\r\n<\/blockquote>\r\n<p>&nbsp;<\/p>\r\n<p>Art. 5\u00b0&nbsp; Ficam revogados os seguintes dispositivos da <a href=\"https:\/\/www.ufsm.br\/pro-reitorias\/proplan\/resolucao-ufsm-n-103-2022\" style=\"color: blue !important;text-decoration: underline !important\" data-elementor-preserved=\"true\">Resolu\u00e7\u00e3o UFSM n\u00b0 103, de 03 de outubro de 2022<\/a>:<\/p>\r\n<p>&nbsp;<\/p>\r\n<blockquote style=\"margin: 0 0 0 40px;border: none;padding: 0px\">\r\n<blockquote style=\"margin: 0 0 0 40px;border: none;padding: 0px\">\r\n<blockquote style=\"margin: 0 0 0 40px;border: none;padding: 0px\">\r\n<blockquote style=\"margin: 0 0 0 40px;border: none;padding: 0px\">\r\n<blockquote style=\"margin: 0 0 0 40px;border: none;padding: 0px\">\r\n<p>\u201c(...)<\/p>\r\n<\/blockquote>\r\n<\/blockquote>\r\n<\/blockquote>\r\n<\/blockquote>\r\n<blockquote style=\"margin: 0 0 0 40px;border: none;padding: 0px\">\r\n<blockquote style=\"margin: 0 0 0 40px;border: none;padding: 0px\">\r\n<blockquote style=\"margin: 0 0 0 40px;border: none;padding: 0px\">\r\n<blockquote style=\"margin: 0 0 0 40px;border: none;padding: 0px\">\r\n<p>Art. 3\u00b0&nbsp; ..................................................................................<\/p>\r\n<\/blockquote>\r\n<\/blockquote>\r\n<\/blockquote>\r\n<\/blockquote>\r\n<blockquote style=\"margin: 0 0 0 40px;border: none;padding: 0px\">\r\n<blockquote style=\"margin: 0 0 0 40px;border: none;padding: 0px\">\r\n<blockquote style=\"margin: 0 0 0 40px;border: none;padding: 0px\">\r\n<blockquote style=\"margin: 0 0 0 40px;border: none;padding: 0px\">\r\n<p>(...)<\/p>\r\n<\/blockquote>\r\n<\/blockquote>\r\n<\/blockquote>\r\n<\/blockquote>\r\n<\/blockquote>\r\n<blockquote style=\"margin: 0 0 0 40px;border: none;padding: 0px\">\r\n<blockquote style=\"margin: 0 0 0 40px;border: none;padding: 0px\">\r\n<blockquote style=\"margin: 0 0 0 40px;border: none;padding: 0px\">\r\n<blockquote style=\"margin: 0 0 0 40px;border: none;padding: 0px\">\r\n<blockquote style=\"margin: 0 0 0 40px;border: none;padding: 0px\">\r\n<blockquote style=\"margin: 0 0 0 40px;border: none;padding: 0px\">\r\n<blockquote style=\"margin: 0 0 0 40px;border: none;padding: 0px\">\r\n<blockquote style=\"margin: 0 0 0 40px;border: none;padding: 0px\">\r\n<blockquote style=\"margin: 0 0 0 40px;border: none;padding: 0px\">\r\n<blockquote style=\"margin: 0 0 0 40px;border: none;padding: 0px\">\r\n<p>Art. 3\u00b0&nbsp; ................................................................................<\/p>\r\n<\/blockquote>\r\n<\/blockquote>\r\n<\/blockquote>\r\n<\/blockquote>\r\n<\/blockquote>\r\n<\/blockquote>\r\n<\/blockquote>\r\n<\/blockquote>\r\n<\/blockquote>\r\n<blockquote style=\"margin: 0 0 0 40px;border: none;padding: 0px\">\r\n<blockquote style=\"margin: 0 0 0 40px;border: none;padding: 0px\">\r\n<blockquote style=\"margin: 0 0 0 40px;border: none;padding: 0px\">\r\n<blockquote style=\"margin: 0 0 0 40px;border: none;padding: 0px\">\r\n<blockquote style=\"margin: 0 0 0 40px;border: none;padding: 0px\">\r\n<blockquote style=\"margin: 0 0 0 40px;border: none;padding: 0px\">\r\n<blockquote style=\"margin: 0 0 0 40px;border: none;padding: 0px\">\r\n<blockquote style=\"margin: 0 0 0 40px;border: none;padding: 0px\">\r\n<blockquote style=\"margin: 0 0 0 40px;border: none;padding: 0px\">\r\n<p>Par\u00e1grafo \u00fanico.&nbsp; ................................................................<\/p>\r\n<\/blockquote>\r\n<\/blockquote>\r\n<\/blockquote>\r\n<\/blockquote>\r\n<\/blockquote>\r\n<\/blockquote>\r\n<\/blockquote>\r\n<\/blockquote>\r\n<\/blockquote>\r\n<blockquote style=\"margin: 0 0 0 40px;border: none;padding: 0px\">\r\n<blockquote style=\"margin: 0 0 0 40px;border: none;padding: 0px\">\r\n<blockquote style=\"margin: 0 0 0 40px;border: none;padding: 0px\">\r\n<blockquote style=\"margin: 0 0 0 40px;border: none;padding: 0px\">\r\n<blockquote style=\"margin: 0 0 0 40px;border: none;padding: 0px\">\r\n<blockquote style=\"margin: 0 0 0 40px;border: none;padding: 0px\">\r\n<blockquote style=\"margin: 0 0 0 40px;border: none;padding: 0px\">\r\n<blockquote style=\"margin: 0 0 0 40px;border: none;padding: 0px\">\r\n<blockquote style=\"margin: 0 0 0 40px;border: none;padding: 0px\">\r\n<p>(...)<\/p>\r\n<\/blockquote>\r\n<\/blockquote>\r\n<\/blockquote>\r\n<\/blockquote>\r\n<\/blockquote>\r\n<\/blockquote>\r\n<\/blockquote>\r\n<\/blockquote>\r\n<\/blockquote>\r\n<blockquote style=\"margin: 0 0 0 40px;border: none;padding: 0px\">\r\n<blockquote style=\"margin: 0 0 0 40px;border: none;padding: 0px\">\r\n<blockquote style=\"margin: 0 0 0 40px;border: none;padding: 0px\">\r\n<blockquote style=\"margin: 0 0 0 40px;border: none;padding: 0px\">\r\n<blockquote style=\"margin: 0 0 0 40px;border: none;padding: 0px\">\r\n<blockquote style=\"margin: 0 0 0 40px;border: none;padding: 0px\">\r\n<blockquote style=\"margin: 0 0 0 40px;border: none;padding: 0px\">\r\n<blockquote style=\"margin: 0 0 0 40px;border: none;padding: 0px\">\r\n<blockquote style=\"margin: 0 0 0 40px;border: none;padding: 0px\">\r\n<p>III - Educa\u00e7\u00e3o Ambiental.<\/p>\r\n<\/blockquote>\r\n<\/blockquote>\r\n<\/blockquote>\r\n<\/blockquote>\r\n<\/blockquote>\r\n<\/blockquote>\r\n<\/blockquote>\r\n<\/blockquote>\r\n<\/blockquote>\r\n<blockquote style=\"margin: 0 0 0 40px;border: none;padding: 0px\">\r\n<blockquote style=\"margin: 0 0 0 40px;border: none;padding: 0px\">\r\n<blockquote style=\"margin: 0 0 0 40px;border: none;padding: 0px\">\r\n<blockquote style=\"margin: 0 0 0 40px;border: none;padding: 0px\">\r\n<blockquote style=\"margin: 0 0 0 40px;border: none;padding: 0px\">\r\n<blockquote style=\"margin: 0 0 0 40px;border: none;padding: 0px\">\r\n<blockquote style=\"margin: 0 0 0 40px;border: none;padding: 0px\">\r\n<blockquote style=\"margin: 0 0 0 40px;border: none;padding: 0px\">\r\n<blockquote style=\"margin: 0 0 0 40px;border: none;padding: 0px\">\r\n<p>Art. 5\u00b0&nbsp; ................................................................................<\/p>\r\n<\/blockquote>\r\n<\/blockquote>\r\n<\/blockquote>\r\n<\/blockquote>\r\n<\/blockquote>\r\n<\/blockquote>\r\n<\/blockquote>\r\n<\/blockquote>\r\n<\/blockquote>\r\n<blockquote style=\"margin: 0 0 0 40px;border: none;padding: 0px\">\r\n<blockquote style=\"margin: 0 0 0 40px;border: none;padding: 0px\">\r\n<blockquote style=\"margin: 0 0 0 40px;border: none;padding: 0px\">\r\n<blockquote style=\"margin: 0 0 0 40px;border: none;padding: 0px\">\r\n<blockquote style=\"margin: 0 0 0 40px;border: none;padding: 0px\">\r\n<blockquote style=\"margin: 0 0 0 40px;border: none;padding: 0px\">\r\n<blockquote style=\"margin: 0 0 0 40px;border: none;padding: 0px\">\r\n<blockquote style=\"margin: 0 0 0 40px;border: none;padding: 0px\">\r\n<blockquote style=\"margin: 0 0 0 40px;border: none;padding: 0px\">\r\n<p>(...)<\/p>\r\n<\/blockquote>\r\n<\/blockquote>\r\n<\/blockquote>\r\n<\/blockquote>\r\n<\/blockquote>\r\n<\/blockquote>\r\n<\/blockquote>\r\n<\/blockquote>\r\n<\/blockquote>\r\n<blockquote style=\"margin: 0 0 0 40px;border: none;padding: 0px\">\r\n<blockquote style=\"margin: 0 0 0 40px;border: none;padding: 0px\">\r\n<blockquote style=\"margin: 0 0 0 40px;border: none;padding: 0px\">\r\n<blockquote style=\"margin: 0 0 0 40px;border: none;padding: 0px\">\r\n<blockquote style=\"margin: 0 0 0 40px;border: none;padding: 0px\">\r\n<blockquote style=\"margin: 0 0 0 40px;border: none;padding: 0px\">\r\n<blockquote style=\"margin: 0 0 0 40px;border: none;padding: 0px\">\r\n<blockquote style=\"margin: 0 0 0 40px;border: none;padding: 0px\">\r\n<blockquote style=\"margin: 0 0 0 40px;border: none;padding: 0px\">\r\n<p>IX - Educa\u00e7\u00e3o Ambiental, em n\u00edvel de especializa\u00e7\u00e3o, sob coordena\u00e7\u00e3o do Coordenador do Programa de Pol\u00edticas P\u00fablicas e Gest\u00e3o Educacional, do Centro de Educa\u00e7\u00e3o.<\/p>\r\n<\/blockquote>\r\n<\/blockquote>\r\n<\/blockquote>\r\n<\/blockquote>\r\n<\/blockquote>\r\n<\/blockquote>\r\n<\/blockquote>\r\n<\/blockquote>\r\n<\/blockquote>\r\n<blockquote style=\"margin: 0 0 0 40px;border: none;padding: 0px\">\r\n<blockquote style=\"margin: 0 0 0 40px;border: none;padding: 0px\">\r\n<blockquote style=\"margin: 0 0 0 40px;border: none;padding: 0px\">\r\n<blockquote style=\"margin: 0 0 0 40px;border: none;padding: 0px\">\r\n<blockquote style=\"margin: 0 0 0 40px;border: none;padding: 0px\">\r\n<blockquote style=\"margin: 0 0 0 40px;border: none;padding: 0px\">\r\n<blockquote style=\"margin: 0 0 0 40px;border: none;padding: 0px\">\r\n<blockquote style=\"margin: 0 0 0 40px;border: none;padding: 0px\">\r\n<blockquote style=\"margin: 0 0 0 40px;border: none;padding: 0px\">\r\n<p>(...)<\/p>\r\n<\/blockquote>\r\n<\/blockquote>\r\n<\/blockquote>\r\n<\/blockquote>\r\n<\/blockquote>\r\n<\/blockquote>\r\n<\/blockquote>\r\n<\/blockquote>\r\n<\/blockquote>\r\n<\/blockquote>\r\n<blockquote style=\"margin: 0 0 0 40px;border: none;padding: 0px\">\r\n<blockquote style=\"margin: 0 0 0 40px;border: none;padding: 0px\">\r\n<blockquote style=\"margin: 0 0 0 40px;border: none;padding: 0px\">\r\n<blockquote style=\"margin: 0 0 0 40px;border: none;padding: 0px\">\r\n<blockquote style=\"margin: 0 0 0 40px;border: none;padding: 0px\">\r\n<p>(...)\u201d<\/p>\r\n<\/blockquote>\r\n<\/blockquote>\r\n<\/blockquote>\r\n<\/blockquote>\r\n<\/blockquote>\r\n<p>&nbsp;<\/p>\r\n<p>Art. 6\u00b0&nbsp; Caber\u00e1:<\/p>\r\n<p>I - \u00e0 Coordenadoria de Planejamento Administrativo (COPLAD\/PROPLAN) proceder \u00e0s altera\u00e7\u00f5es nos Sistemas Estruturantes da Institui\u00e7\u00e3o;<\/p>\r\n<p>II - \u00e0 Pr\u00f3-Reitoria de P\u00f3s-Gradua\u00e7\u00e3o e Pesquisa (PRPGP) realizar os ajustes acad\u00eamicos necess\u00e1rios, com a transfer\u00eancia das disciplinas para o Centro de Ci\u00eancias Rurais;<\/p>\r\n<p>III -&nbsp;\u00e0&nbsp;Pr\u00f3-Reitoria de Gest\u00e3o de Pessoas (PROGEP), adotar os procedimentos necess\u00e1rios \u00e0s designa\u00e7\u00f5es de chefia;<\/p>\r\n<p>IV - ao Departamento de Arquivo Geral (DAG), realizar o tratamento dos documentos arquiv\u00edsticos;<\/p>\r\n<p>V - ao Centro de Processamento de Dados (CPD), promover as adequa\u00e7\u00f5es necess\u00e1rias nos sistemas institucionais; e<\/p>\r\n<p>VI - ao Centro de Ci\u00eancias Rurais (CCR), organizar os espa\u00e7os f\u00edsicos para a aloca\u00e7\u00e3o das aulas do curso.<\/p>\r\n<p>Art. 7\u00b0&nbsp; Fica remanejada da Universidade Federal de Santa Maria para a Coordena\u00e7\u00e3o do Curso de Especializa\u00e7\u00e3o em Educa\u00e7\u00e3o Ambiental 1 (uma) Fun\u00e7\u00e3o Gratificada, n\u00edvel 7 (FG-7), para o(a) Coordenador(a) do curso.<\/p>\r\n<p>Art. 8\u00b0&nbsp; A inobserv\u00e2ncia ao disposto nesta Resolu\u00e7\u00e3o n\u00e3o constitui escusa v\u00e1lida para o descumprimento&nbsp;da norma nem resulta em sua invalidade.<\/p>\r\n<p>Art. 9\u00b0&nbsp; Esta Resolu\u00e7\u00e3o entra em vigor na data de sua publica\u00e7\u00e3o, de acordo com o que prev\u00ea o <a href=\"https:\/\/www.planalto.gov.br\/ccivil_03\/_ato2023-2026\/2024\/decreto\/d12002.htm\" style=\"color: blue !important;text-decoration: underline !important\" data-elementor-preserved=\"true\">Decreto n\u00b0 12.002, de 22 de abril de 2024<\/a>, art. 18, IV.<\/p>\r\n<p>&nbsp;<\/p>\r\n<p style=\"text-align: right\">Martha Bohrer Adaime<\/p>\r\n<p style=\"text-align: right\">Reitora<\/p>\r\n<p>\r\n<span style=\"color: red\">Este texto n\u00e3o substitui o documento original, publicado no Portal de Documentos.<\/span> Dispon\u00edvel em <a href=\"https:\/\/portal.ufsm.br\/documentos\/publico\/documento.html?idDocumento=15932321\" style=\"color: blue !important;text-decoration: underline !important\" data-elementor-preserved=\"true\">https:\/\/portal.ufsm.br\/documentos\/publico\/documento.html?idDocumento=15932321<\/a>\r\n<\/p>\r\n<!--EndFragment-->\r\n<div class=\"normal-text\" style=\"text-align: center\">\r\n<\/div>\r\n<div class=\"normal-text\" style=\"text-align: center\">\r\n<\/div>\r\n<\/font><\/div>\t\t<\/div>\n\t\t\t\t<\/div>\n\t\t\t\t\t<\/div>\n\t\t<\/div>\n\t\t\t\t\t<\/div>\n\t\t<\/section>\n\t\t\t\t<\/div>\n\t\t","protected":false},"excerpt":{"rendered":"<p>MINIST\u00c9RIO DA EDUCA\u00c7\u00c3O UNIVERSIDADE FEDERAL DE SANTA MARIA RESOLU\u00c7\u00c3O UFSM N\u00b0 277, DE 31 DE AGOSTO DE 2026 &nbsp; Transfere o Curso de Especializa\u00e7\u00e3o em Educa\u00e7\u00e3o Ambiental, sob coordena\u00e7\u00e3o do Programa de P\u00f3s-Gradua\u00e7\u00e3o em Pol\u00edticas P\u00fablicas e Gest\u00e3o Educacional, atualmente vinculado ao Centro de Educa\u00e7\u00e3o (CE), para o Centro de Ci\u00eancias Rurais (CCR) da Universidade [&hellip;]<\/p>\n","protected":false},"author":9609,"featured_media":0,"parent":0,"menu_order":0,"comment_status":"closed","ping_status":"closed","template":"","meta":{"footnotes":""},"categories":[],"tags":[],"class_list":["post-7653","page","type-page","status-publish","hentry"],"acf":[],"_links":{"self":[{"href":"https:\/\/www.ufsm.br\/pro-reitorias\/proplan\/wp-json\/wp\/v2\/pages\/7653","targetHints":{"allow":["GET"]}}],"collection":[{"href":"https:\/\/www.ufsm.br\/pro-reitorias\/proplan\/wp-json\/wp\/v2\/pages"}],"about":[{"href":"https:\/\/www.ufsm.br\/pro-reitorias\/proplan\/wp-json\/wp\/v2\/types\/page"}],"author":[{"embeddable":true,"href":"https:\/\/www.ufsm.br\/pro-reitorias\/proplan\/wp-json\/wp\/v2\/users\/9609"}],"replies":[{"embeddable":true,"href":"https:\/\/www.ufsm.br\/pro-reitorias\/proplan\/wp-json\/wp\/v2\/comments?post=7653"}],"version-history":[{"count":0,"href":"https:\/\/www.ufsm.br\/pro-reitorias\/proplan\/wp-json\/wp\/v2\/pages\/7653\/revisions"}],"wp:attachment":[{"href":"https:\/\/www.ufsm.br\/pro-reitorias\/proplan\/wp-json\/wp\/v2\/media?parent=7653"}],"wp:term":[{"taxonomy":"category","embeddable":true,"href":"https:\/\/www.ufsm.br\/pro-reitorias\/proplan\/wp-json\/wp\/v2\/categories?post=7653"},{"taxonomy":"post_tag","embeddable":true,"href":"https:\/\/www.ufsm.br\/pro-reitorias\/proplan\/wp-json\/wp\/v2\/tags?post=7653"}],"curies":[{"name":"wp","href":"https:\/\/api.w.org\/{rel}","templated":true}]}}