{"id":7654,"date":"2026-08-31T11:00:02","date_gmt":"2026-08-31T14:00:02","guid":{"rendered":"https:\/\/www.ufsm.br\/pro-reitorias\/proplan\/?page_id=7654"},"modified":"2026-08-31T11:00:35","modified_gmt":"2026-08-31T14:00:35","slug":"resolucao-ufsm-n-275-2026","status":"publish","type":"page","link":"https:\/\/www.ufsm.br\/pro-reitorias\/proplan\/resolucao-ufsm-n-275-2026","title":{"rendered":"RESOLU\u00c7\u00c3O UFSM N\u00b0 275\/2026"},"content":{"rendered":"\t\t<div data-elementor-type=\"wp-page\" data-elementor-id=\"7654\" class=\"elementor elementor-7654\">\n\t\t\t\t\t\t<section class=\"elementor-section elementor-top-section elementor-element elementor-element-20eda8a elementor-section-boxed elementor-section-height-default elementor-section-height-default\" data-id=\"20eda8a\" data-element_type=\"section\">\n\t\t\t\t\t\t<div class=\"elementor-container elementor-column-gap-default\">\n\t\t\t\t\t<div class=\"elementor-column elementor-col-100 elementor-top-column elementor-element elementor-element-774fac0\" data-id=\"774fac0\" data-element_type=\"column\">\n\t\t\t<div class=\"elementor-widget-wrap elementor-element-populated\">\n\t\t\t\t\t\t<div class=\"elementor-element elementor-element-97a230d elementor-widget elementor-widget-html\" data-id=\"97a230d\" data-element_type=\"widget\" data-widget_type=\"html.default\">\n\t\t\t\t<div class=\"elementor-widget-container\">\n\t\t\t<br><div align=\"justify\"><font color=\"black\">\r\n<div align=\"center\">\r\n<img decoding=\"async\" src=\"https:\/\/www.ufsm.br\/pro-reitorias\/proplan\/wp-content\/uploads\/sites\/344\/2019\/09\/brasao-da-republica-do-brasil-logo.png\" alt=\"Bras\u00e3o Rep\u00fablica Federativa do Brasil\" width=\"6%\" height=\"6%\">\r\n<\/div>\r\n<h4>\r\n<font color=\"blue\">\r\n<font size=\"5\">\r\n<\/font>\r\n<\/font>\r\n<div align=\"center\">\r\n<font color=\"blue\">\r\n<font size=\"5\">MINIST\u00c9RIO DA EDUCA\u00c7\u00c3O<\/font>\r\n<\/font>\r\n<\/div>\r\n<\/h4>\r\n<p>\r\n<b>\r\n<font color=\"0000blue\">\r\n<\/font>\r\n<\/b>\r\n<\/p>\r\n<div align=\"center\">\r\n<b>\r\n<font color=\"0000blue\">UNIVERSIDADE FEDERAL DE SANTA MARIA<\/font>\r\n<\/b>\r\n<\/div>\r\n<p>\r\n<\/p>\r\n\r\n\r\n\r\n\r\n\r\n\r\n\r\n\r\n\r\n\r\n\r\n\r\n\r\n\r\n<!--StartFragment-->\r\n\r\n<p align=\"center\">\r\n<b>\r\n<span style=\"text-align: justify\">\r\n<\/span>\r\n<a href=\"https:\/\/portal.ufsm.br\/documentos\/publico\/documento.html?idDocumento=15932340\" style=\"color: blue !important;text-decoration: underline !important\" data-elementor-preserved=\"true\">RESOLU\u00c7\u00c3O UFSM N\u00b0 275, DE 28 DE AGOSTO DE 2026<\/a>\r\n<\/b>\r\n<span style=\"text-align: justify\">\r\n<\/span>\r\n<\/p>\r\n\r\n<p align=\"center\">\r\n<span style=\"text-align: justify\">&nbsp;<\/span>\r\n<\/p>\r\n\r\n<p>\r\n    <div style=\"color: #800000;display: block;width: 60%;margin-left: auto;margin-right: 0;text-align: justify;font-weight: normal\">\r\n      Aprova a cria\u00e7\u00e3o do Curso de Seguran\u00e7a Cibern\u00e9tica, n\u00edvel de gradua\u00e7\u00e3o, grau de tecn\u00f3logo, modalidade presencial, na estrutura organizacional do Col\u00e9gio T\u00e9cnico Industrial de Santa Maria (CTISM) da Universidade Federal de Santa Maria (UFSM).\r\n    <\/div>\r\n<\/p>\r\n\r\n<p>&nbsp;<\/p>\r\n\r\n<p>A REITORA DA UNIVERSIDADE FEDERAL DE SANTA MARIA, no uso\r\nde suas atribui\u00e7\u00f5es legais que lhe confere o art. 30 do <a href=\"https:\/\/www.ufsm.br\/pro-reitorias\/proplan\/estatuto-ufsm-2010\" style=\"color: blue !important;text-decoration: underline !important\" data-elementor-preserved=\"true\">Estatuto da Universidade Federal de Santa Maria<\/a> com as adequa\u00e7\u00f5es aprovadas pela <a href=\"https:\/\/www.ufsm.br\/pro-reitorias\/proplan\/resolucao-n-037-2010\" style=\"color: blue !important;text-decoration: underline !important\" data-elementor-preserved=\"true\">Resolu\u00e7\u00e3o UFSM n\u00b0 037, de 30 de novembro de 2010<\/a>, aprovado pela Portaria n\u00b0 156, de 12 de\r\nmar\u00e7o de 2014, e publicado no Di\u00e1rio Oficial da Uni\u00e3o em 13 de mar\u00e7o de 2014,\r\ntendo em vista o disposto na<a href=\"https:\/\/www.planalto.gov.br\/ccivil_03\/leis\/l9394.htm\" style=\"color: blue !important;text-decoration: underline !important\" data-elementor-preserved=\"true\"> Lei n\u00b0 9.394, de 20 de dezembro de 1996<\/a>, no\r\n<a href=\"https:\/\/www.planalto.gov.br\/ccivil_03\/_ato2015-2018\/2017\/decreto\/d9235.htm\" style=\"color: blue !important;text-decoration: underline !important\" data-elementor-preserved=\"true\">Decreto n\u00b0 9.235, de 15 de dezembro de 2017<\/a>, bem como nas <a href=\"https:\/\/www.ufsm.br\/pro-reitorias\/proplan\/resolucao-n-029-2020\" style=\"color: blue !important;text-decoration: underline !important\" data-elementor-preserved=\"true\">Resolu\u00e7\u00f5es UFSM n\u00b0 029, de 05 de novembro de 2020<\/a>, e <a href=\"https:\/\/www.ufsm.br\/pro-reitorias\/proplan\/resolucao-ufsm-n-255-2026-2\" style=\"color: blue !important;text-decoration: underline !important\" data-elementor-preserved=\"true\">n\u00b0 255, de 31 de mar\u00e7o de 2026<\/a>, al\u00e9m do que consta\r\nno Processo n\u00b0 <a href=\"https:\/\/www.planalto.gov.br\/ccivil_03\/_ato2023-2026\/2024\/decreto\/d12002.htm\" style=\"color: blue !important;text-decoration: underline !important\" data-elementor-preserved=\"true\">23081.077847\/2025-91<\/a>, resolve:<\/p>\r\n\r\n<p>\r\n<b>&nbsp;<\/b>\r\n<\/p>\r\n\r\n<p>Art. 1\u00b0&nbsp; Esta\r\nResolu\u00e7\u00e3o disp\u00f5e sobre a cria\u00e7\u00e3o do Curso de Seguran\u00e7a\r\nCibern\u00e9tica, n\u00edvel de gradua\u00e7\u00e3o, grau de\r\ntecn\u00f3logo, modalidade presencial, na estrutura\r\norganizacional do Col\u00e9gio T\u00e9cnico Industrial de Santa Maria (CTISM) da Universidade Federal de Santa Maria (UFSM).<\/p>\r\n\r\n<p>\u00a7 1\u00b0&nbsp; O curso\r\nofertar\u00e1 40 (quarenta) vagas discentes anuais, com ingresso no 1\u00ba\r\n(primeiro) semestre e funcionamento em turno\r\nintegral.<\/p>\r\n\r\n<p>\u00a7&nbsp; 2\u00b0&nbsp; As vagas discentes\r\nser\u00e3o oriundas de redistribui\u00e7\u00e3o de vagas do Curso Superior de Tecnologia em\r\nRedes de Computadores, n\u00edvel de gradua\u00e7\u00e3o, grau de tecn\u00f3logo, lotado no Col\u00e9gio\r\nT\u00e9cnico Industrial de Santa Maria (CTISM).<\/p>\r\n\r\n<p>\u00a7&nbsp; 3\u00b0&nbsp; O Curso Superior de Tecnologia em Redes de\r\nComputadores passar\u00e1 a ofertar 40 (quarenta) vagas anuais, com ingresso no 1\u00ba\r\n(primeiro) semestre.<\/p>\r\n\r\n<p>Art. 2\u00b0&nbsp; Fica alocada uma Fun\u00e7\u00e3o\r\nComissionada de Coordena\u00e7\u00e3o de Curso (FCC) da UFSM para a Coordena\u00e7\u00e3o do Curso\r\nde Seguran\u00e7a Cibern\u00e9tica.<\/p>\r\n\r\n<p>Art. 3\u00b0&nbsp; O artigo 13 da\r\n<a href=\"https:\/\/www.ufsm.br\/pro-reitorias\/proplan\/resolucao-n-029-2020\" style=\"color: blue !important;text-decoration: underline !important\" data-elementor-preserved=\"true\">Resolu\u00e7\u00e3o UFSM n. 029, de 05 de novembro de 2020<\/a>, passa a vigorar com a\r\nseguinte reda\u00e7\u00e3o:<\/p>\r\n\r\n<p>&nbsp;<\/p>\r\n\r\n<blockquote style=\"margin: 0 0 0 40px;border: none;padding: 0px\">\r\n<blockquote style=\"margin: 0 0 0 40px;border: none;padding: 0px\">\r\n<blockquote style=\"margin: 0 0 0 40px;border: none;padding: 0px\">\r\n<p>\u201c(...)<\/p>\r\n<\/blockquote>\r\n<\/blockquote>\r\n<blockquote style=\"margin: 0 0 0 40px;border: none;padding: 0px\">\r\n<blockquote style=\"margin: 0 0 0 40px;border: none;padding: 0px\">\r\n<p>Art. 13. Os\r\ncursos de Gradua\u00e7\u00e3o, com situa\u00e7\u00e3o \u201cem atividade\u201d, do Col\u00e9gio T\u00e9cnico Industrial de Santa Maria (CTISM), s\u00e3o:<\/p>\r\n<\/blockquote>\r\n<\/blockquote>\r\n<blockquote style=\"margin: 0 0 0 40px;border: none;padding: 0px\">\r\n<blockquote style=\"margin: 0 0 0 40px;border: none;padding: 0px\">\r\n<p>(...)<\/p>\r\n<\/blockquote>\r\n<\/blockquote>\r\n<blockquote style=\"margin: 0 0 0 40px;border: none;padding: 0px\">\r\n<blockquote style=\"margin: 0 0 0 40px;border: none;padding: 0px\">\r\n<p>III - Curso Superior de Tecnologia em\r\nRedes de Computadores; e <\/p>\r\n<\/blockquote>\r\n<\/blockquote>\r\n<blockquote style=\"margin: 0 0 0 40px;border: none;padding: 0px\">\r\n<blockquote style=\"margin: 0 0 0 40px;border: none;padding: 0px\">\r\n<p>IV - Seguran\u00e7a Cibern\u00e9tica.<\/p>\r\n<\/blockquote>\r\n<\/blockquote>\r\n<blockquote style=\"margin: 0 0 0 40px;border: none;padding: 0px\">\r\n<blockquote style=\"margin: 0 0 0 40px;border: none;padding: 0px\">\r\n<p>(...)\u201d<\/p>\r\n<\/blockquote>\r\n<\/blockquote>\r\n<blockquote style=\"margin: 0 0 0 40px;border: none;padding: 0px\">\r\n<blockquote style=\"margin: 0 0 0 40px;border: none;padding: 0px\">\r\n<p>(NR)<\/p>\r\n<\/blockquote>\r\n<\/blockquote>\r\n<\/blockquote>\r\n\r\n\r\n\r\n\r\n\r\n\r\n\r\n\r\n\r\n\r\n\r\n<p>\r\n<br>\r\n<\/p>\r\n\r\n<p>Art.\r\n4\u00b0&nbsp; Caber\u00e1:<\/p>\r\n\r\n<p>I - \u00e0 Coordenadoria de\r\nPlanejamento Administrativo (COPLAD-PROPLAN) proceder \u00e0s altera\u00e7\u00f5es nos\r\nSistemas Estruturantes da Institui\u00e7\u00e3o;<\/p>\r\n\r\n<p>II - \u00e0 Pr\u00f3-Reitoria de Gest\u00e3o de\r\nPessoas (PROGEP) os procedimentos necess\u00e1rios \u00e0 designa\u00e7\u00e3o de chefia;<\/p>\r\n\r\n<p>III - ao Departamento de Arquivo\r\nGeral (DAG) o tratamento dos documentos arquiv\u00edsticos; e<\/p>\r\n\r\n<p>IV - ao Centro de Processamento\r\nde Dados (CPD) as adequa\u00e7\u00f5es necess\u00e1rias nos sistemas institucionais.<\/p>\r\n\r\n<p>Art. 5\u00b0&nbsp; Esta Resolu\u00e7\u00e3o entra em\r\nvigor na data de publica\u00e7\u00e3o, de acordo com o que prev\u00ea o <a href=\"https:\/\/www.planalto.gov.br\/ccivil_03\/_ato2023-2026\/2024\/decreto\/d12002.htm\" style=\"color: blue !important;text-decoration: underline !important\" data-elementor-preserved=\"true\">Decreto n\u00b0 12.002, de 22 de abril de 2024<\/a>, art. 18, inciso IV. &nbsp;<\/p>\r\n\r\n<p align=\"right\">\r\n<span style=\"text-align: justify\">&nbsp;<\/span>\r\n<\/p>\r\n\r\n<p align=\"right\">\r\n<span style=\"text-align: justify\">Martha Bohrer Adaime<\/span>\r\n<\/p>\r\n\r\n<p align=\"right\">\r\n<span style=\"text-align: justify\">Reitora<\/span>\r\n<\/p>\r\n<p align=\"right\">\r\n<span style=\"text-align: justify\">\r\n<br>\r\n<\/span>\r\n<\/p>\r\n<p>\r\n<span style=\"color: red\">Este texto n\u00e3o substitui o documento original, publicado no Portal de Documentos.<\/span> Dispon\u00edvel em <a href=\"https:\/\/portal.ufsm.br\/documentos\/publico\/documento.html?idDocumento=15932340\" style=\"color: blue !important;text-decoration: underline !important\" data-elementor-preserved=\"true\">https:\/\/portal.ufsm.br\/documentos\/publico\/documento.html?idDocumento=15932340<\/a>\r\n<\/p>\r\n\r\n<!--EndFragment-->\r\n<div class=\"normal-text\" style=\"text-align: center\">\r\n<\/div>\r\n<div class=\"normal-text\" style=\"text-align: center\">\r\n<\/div>\r\n<\/font><\/div>\t\t<\/div>\n\t\t\t\t<\/div>\n\t\t\t\t\t<\/div>\n\t\t<\/div>\n\t\t\t\t\t<\/div>\n\t\t<\/section>\n\t\t\t\t<\/div>\n\t\t","protected":false},"excerpt":{"rendered":"<p>MINIST\u00c9RIO DA EDUCA\u00c7\u00c3O UNIVERSIDADE FEDERAL DE SANTA MARIA RESOLU\u00c7\u00c3O UFSM N\u00b0 275, DE 28 DE AGOSTO DE 2026 &nbsp; Aprova a cria\u00e7\u00e3o do Curso de Seguran\u00e7a Cibern\u00e9tica, n\u00edvel de gradua\u00e7\u00e3o, grau de tecn\u00f3logo, modalidade presencial, na estrutura organizacional do Col\u00e9gio T\u00e9cnico Industrial de Santa Maria (CTISM) da Universidade Federal de Santa Maria (UFSM). &nbsp; A [&hellip;]<\/p>\n","protected":false},"author":1466,"featured_media":0,"parent":0,"menu_order":0,"comment_status":"closed","ping_status":"closed","template":"","meta":{"footnotes":""},"categories":[],"tags":[],"class_list":["post-7654","page","type-page","status-publish","hentry"],"acf":[],"_links":{"self":[{"href":"https:\/\/www.ufsm.br\/pro-reitorias\/proplan\/wp-json\/wp\/v2\/pages\/7654","targetHints":{"allow":["GET"]}}],"collection":[{"href":"https:\/\/www.ufsm.br\/pro-reitorias\/proplan\/wp-json\/wp\/v2\/pages"}],"about":[{"href":"https:\/\/www.ufsm.br\/pro-reitorias\/proplan\/wp-json\/wp\/v2\/types\/page"}],"author":[{"embeddable":true,"href":"https:\/\/www.ufsm.br\/pro-reitorias\/proplan\/wp-json\/wp\/v2\/users\/1466"}],"replies":[{"embeddable":true,"href":"https:\/\/www.ufsm.br\/pro-reitorias\/proplan\/wp-json\/wp\/v2\/comments?post=7654"}],"version-history":[{"count":0,"href":"https:\/\/www.ufsm.br\/pro-reitorias\/proplan\/wp-json\/wp\/v2\/pages\/7654\/revisions"}],"wp:attachment":[{"href":"https:\/\/www.ufsm.br\/pro-reitorias\/proplan\/wp-json\/wp\/v2\/media?parent=7654"}],"wp:term":[{"taxonomy":"category","embeddable":true,"href":"https:\/\/www.ufsm.br\/pro-reitorias\/proplan\/wp-json\/wp\/v2\/categories?post=7654"},{"taxonomy":"post_tag","embeddable":true,"href":"https:\/\/www.ufsm.br\/pro-reitorias\/proplan\/wp-json\/wp\/v2\/tags?post=7654"}],"curies":[{"name":"wp","href":"https:\/\/api.w.org\/{rel}","templated":true}]}}