{"id":7660,"date":"2026-08-31T20:19:04","date_gmt":"2026-08-31T23:19:04","guid":{"rendered":"https:\/\/www.ufsm.br\/pro-reitorias\/proplan\/?page_id=7660"},"modified":"2026-08-31T20:19:58","modified_gmt":"2026-08-31T23:19:58","slug":"regulamento-do-curso-de-especializacao-em-estatistica-e-modelagem-quantitativa-ccne-anexo-i-da-portaria-normativa-ccne-ufsm-n-002-2026","status":"publish","type":"page","link":"https:\/\/www.ufsm.br\/pro-reitorias\/proplan\/regulamento-do-curso-de-especializacao-em-estatistica-e-modelagem-quantitativa-ccne-anexo-i-da-portaria-normativa-ccne-ufsm-n-002-2026","title":{"rendered":"REGULAMENTO DO CURSO DE ESPECIALIZA\u00c7\u00c3O EM ESTAT\u00cdSTICA E MODELAGEM QUANTITATIVA\/CCNE &#8211; ANEXO I DA PORTARIA NORMATIVA CCNE\/UFSM N. 002\/2026"},"content":{"rendered":"\t\t<div data-elementor-type=\"wp-page\" data-elementor-id=\"7660\" class=\"elementor elementor-7660\">\n\t\t\t\t\t\t<section class=\"elementor-section elementor-top-section elementor-element elementor-element-72cc3a1 elementor-section-boxed elementor-section-height-default elementor-section-height-default\" data-id=\"72cc3a1\" data-element_type=\"section\">\n\t\t\t\t\t\t<div class=\"elementor-container elementor-column-gap-default\">\n\t\t\t\t\t<div class=\"elementor-column elementor-col-100 elementor-top-column elementor-element elementor-element-7f7b6e2\" data-id=\"7f7b6e2\" data-element_type=\"column\">\n\t\t\t<div class=\"elementor-widget-wrap elementor-element-populated\">\n\t\t\t\t\t\t<div class=\"elementor-element elementor-element-6505d4c elementor-widget elementor-widget-html\" data-id=\"6505d4c\" data-element_type=\"widget\" data-widget_type=\"html.default\">\n\t\t\t\t<div class=\"elementor-widget-container\">\n\t\t\t<br><div align=\"justify\"><font color=\"black\">\r\n<div align=\"center\">\r\n<img decoding=\"async\" src=\"https:\/\/www.ufsm.br\/pro-reitorias\/proplan\/wp-content\/uploads\/sites\/344\/2019\/09\/brasao-da-republica-do-brasil-logo.png\" alt=\"Bras\u00e3o Rep\u00fablica Federativa do Brasil\" width=\"6%\" height=\"6%\">\r\n<\/div>\r\n<h4>\r\n<font color=\"blue\">\r\n<font size=\"5\">\r\n<\/font>\r\n<\/font>\r\n<div align=\"center\">\r\n<font color=\"blue\">\r\n<font size=\"5\">MINIST\u00c9RIO DA EDUCA\u00c7\u00c3O<\/font>\r\n<\/font>\r\n<\/div>\r\n<\/h4>\r\n<p>\r\n<b>\r\n<font color=\"0000blue\">\r\n<\/font>\r\n<\/b>\r\n<\/p>\r\n<div align=\"center\">\r\n<b>\r\n<font color=\"0000blue\">UNIVERSIDADE FEDERAL DE SANTA MARIA<\/font>\r\n<\/b>\r\n<\/div>\r\n<div align=\"center\">\r\n<br>\r\n<\/div>\r\n<p>\r\n<\/p>\r\n\r\n\r\n\r\n\r\n\r\n\r\n\r\n\r\n\r\n\r\n\r\n\r\n<!--StartFragment-->\r\n\r\n<p align=\"center\" style=\"text-align: center\">\r\n<span style=\"text-align: justify\">\r\n<a href=\"https:\/\/portal.ufsm.br\/documentos\/publico\/documento.html?idDocumento=15914524\" style=\"color: blue !important;text-decoration: underline !important\" data-elementor-preserved=\"true\">\r\n<b>REGULAMENTO DO CURSO DE ESPECIALIZA\u00c7\u00c3O EM ESTAT\u00cdSTICA E&nbsp;<\/b>\r\n<\/a>\r\n<\/span>\r\n<\/p>\r\n<p align=\"center\" style=\"text-align: center\">\r\n<span style=\"text-align: justify\">\r\n<a href=\"https:\/\/portal.ufsm.br\/documentos\/publico\/documento.html?idDocumento=15914524\" style=\"color: blue !important;text-decoration: underline !important\" data-elementor-preserved=\"true\">\r\n<b>MODELAGEM QUANTITATIVA DO CENTRO DE CI\u00caNCIAS NATURAIS E EXATAS<\/b>\r\n<\/a> <\/span>\r\n<\/p>\r\n<p align=\"center\" style=\"text-align: center\">\r\n<br>\r\n<\/p>\r\n<p align=\"right\" style=\"text-align: justify\">\r\n<span style=\"text-align: justify\">\r\n<\/span>\r\n<\/p>\r\n    <div style=\"color: #800000;display: block;width: 60%;margin-left: auto;margin-right: 0;text-align: justify;font-weight: normal\">\r\n      \r\n    <div style=\"color: #800000;display: block;width: 60%;margin-left: auto;margin-right: 0;text-align: justify;font-weight: normal\">\r\n      Anexo I da Portaria Normativa CCNE\/UFSM n\u00b0 002,&nbsp; de 11 de Junho de 2026.\r\n    <\/div>\r\n    <\/div>\r\n<p align=\"right\" style=\"text-align: justify\">\r\n<span style=\"text-align: justify\"> <\/span>\r\n<\/p>\r\n<p style=\"text-align: justify\">\r\n<span style=\"text-align: justify\">CAP\u00cdTULO I <\/span>\r\n<\/p>\r\n<p style=\"text-align: justify\">\r\n<span style=\"text-align: justify\">OBJETIVOS E ORGANIZA\u00c7\u00c3O GERAL <\/span>\r\n<\/p>\r\n<p style=\"text-align: justify\">\r\n<b style=\"text-align: justify\">\r\n<span style=\"text-align: justify\">Se\u00e7\u00e3o I <\/span>\r\n<\/b>\r\n<\/p>\r\n<p style=\"text-align: justify\">\r\n<b style=\"text-align: justify\">\r\n<span style=\"text-align: justify\">Dos Objetivos <\/span>\r\n<\/b>\r\n<\/p>\r\n<p style=\"text-align: justify\">\r\n<span style=\"text-align: justify\">Art.\r\n1\u00b0 O Curso de Especializa\u00e7\u00e3o em Estat\u00edstica e Modelagem Quantitativa (CEEMQ) da\r\nUniversidade<span style=\"text-align: justify\">&nbsp; <\/span>Federal de Santa Maria,\r\naprovado pelos \u00f3rg\u00e3os colegiados competentes e definido pela <a href=\"https:\/\/www.gov.br\/mec\/pt-br\/cne\/resolucoes\/resolucoes-cne-ces-2018\" style=\"color: blue !important;text-decoration: underline !important\" data-elementor-preserved=\"true\">Resolu\u00e7\u00e3o CNE\/CES 01\/2018<\/a>, visa forma\u00e7\u00e3o e\r\naprimoramento de pessoal qualificado para o exerc\u00edcio das atividades<span style=\"text-align: justify\">&nbsp; <\/span>de ensino, pesquisa e extens\u00e3o na \u00e1rea de\r\nEstat\u00edstica e Modelagem Quantitativa. <\/span>\r\n<\/p>\r\n<p style=\"text-align: justify\">\r\n<span style=\"text-align: justify\">\u00a7\r\n1\u00b0 O CEEMQ est\u00e1 organizado de modo que as atividades de ensino e pesquisa de\r\nseu curso s\u00e3o<span style=\"text-align: justify\">&nbsp; <\/span>desenvolvidas objetivando\r\na forma\u00e7\u00e3o de profissionais de p\u00f3s-gradua\u00e7\u00e3o cujos trabalhos de conclus\u00e3o\r\nde<span style=\"text-align: justify\">&nbsp; <\/span>curso, lhes d\u00ea o direito \u00e0 obten\u00e7\u00e3o\r\nde Certificado de Especialista (cursos <i style=\"text-align: justify\">lato sensu<\/i>).<span style=\"text-align: justify\">&nbsp; <\/span>\r\n<\/span>\r\n<\/p>\r\n<p style=\"text-align: justify\">\r\n<span style=\"text-align: justify\">\u00a7\r\n2\u00b0 Caso o trabalho de final de curso n\u00e3o seja realizado, o(a) aluno(a) poder\u00e1\r\nsolicitar um atestado de<span style=\"text-align: justify\">&nbsp; <\/span>conclus\u00e3o dos\r\ncr\u00e9ditos, que ser\u00e1 expedido pela Coordena\u00e7\u00e3o. <\/span>\r\n<\/p>\r\n<p style=\"text-align: justify\">\r\n<b style=\"text-align: justify\">\r\n<span style=\"text-align: justify\">Se\u00e7\u00e3o II<span style=\"text-align: justify\">&nbsp; <\/span>\r\n<\/span>\r\n<\/b>\r\n<\/p>\r\n<p style=\"text-align: justify\">\r\n<b style=\"text-align: justify\">\r\n<span style=\"text-align: justify\">Da Organiza\u00e7\u00e3o Geral <\/span>\r\n<\/b>\r\n<\/p>\r\n<p style=\"text-align: justify\">\r\n<span style=\"text-align: justify\">Art.\r\n2\u00b0 O Curso de Especializa\u00e7\u00e3o em Estat\u00edstica e Modelagem Quantitativa tem\r\ncar\u00e1ter permanente ou<span style=\"text-align: justify\">&nbsp; <\/span>espor\u00e1dico,\r\nvoltado para profissionais com gradua\u00e7\u00e3o em n\u00edvel superior com, no m\u00ednimo, 360\r\n(trezentas<span style=\"text-align: justify\">&nbsp; <\/span>e sessenta) horas de dura\u00e7\u00e3o,\r\nn\u00e3o sendo computado nessas horas o tempo de estudo individual ou em<span style=\"text-align: justify\">&nbsp; <\/span>grupo, sem assist\u00eancia docente, e o\r\nreservado, obrigatoriamente, para elabora\u00e7\u00e3o individual do <span style=\"text-align: justify\">trabalho <\/span>\r\n<span style=\"text-align: justify\">&nbsp;<\/span>\r\n<span style=\"text-align: justify\">final da especializa\u00e7\u00e3o<\/span>, que consistir\u00e1 no <span style=\"text-align: justify\">trabalho escrito, em formato de\r\nartigo ou monografia, sobre um <\/span>\r\n<span style=\"text-align: justify\">&nbsp;<\/span>\r\n<span style=\"text-align: justify\">determinado conte\u00fado, referenciado\r\nna \u00e1rea ou sub\u00e1rea de conhecimento.<\/span> <\/span>\r\n<\/p>\r\n<p style=\"text-align: justify\">\r\n<span style=\"text-align: justify\">Art. 3\u00b0 Na organiza\u00e7\u00e3o do CEEMQ est\u00e3o observados os\r\nseguintes princ\u00edpios: <\/span>\r\n<\/p>\r\n<p style=\"text-align: justify\">\r\n<span style=\"text-align: justify\">I - qualidade das atividades de ensino, produ\u00e7\u00e3o\r\ncient\u00edfica e tecnol\u00f3gica; <\/span>\r\n<\/p>\r\n<p style=\"text-align: justify\">\r\n<span style=\"text-align: justify\">II - busca de atualiza\u00e7\u00e3o cont\u00ednua\r\nna \u00e1rea de Probabilidade e Estat\u00edstica Aplicada;&nbsp;<\/span>\r\n<\/p>\r\n<p style=\"text-align: justify\">\r\n<span style=\"text-align: justify\">III - flexibilidade curricular\r\npara atender a diversidade da aplica\u00e7\u00e3o dos M\u00e9todos Estat\u00edsticos; e<\/span>\r\n<\/p>\r\n<p style=\"text-align: justify\">\r\n<span style=\"text-align: justify\">IV\r\n- integra\u00e7\u00e3o entre a gradua\u00e7\u00e3o e a p\u00f3s-gradua\u00e7\u00e3o, por meio de programas de\r\ninicia\u00e7\u00e3o cient\u00edfica e<span style=\"text-align: justify\">&nbsp; <\/span>aperfei\u00e7oamento. <\/span>\r\n<\/p>\r\n<p style=\"text-align: justify\">\r\n<span style=\"text-align: justify\">Art. 4\u00b0 S\u00e3o aspectos comuns do CEEMQ: <\/span>\r\n<\/p>\r\n<p style=\"text-align: justify\">\r\n<span style=\"text-align: justify\">I - estrutura curricular flex\u00edvel em termos de disciplinas\r\ne seus conte\u00fados; <\/span>\r\n<\/p>\r\n<p style=\"text-align: justify\">\r\n<span style=\"text-align: justify\">II - sistema de cr\u00e9ditos; <\/span>\r\n<\/p>\r\n<p style=\"text-align: justify\">\r\n<span style=\"text-align: justify\">III - inscri\u00e7\u00e3o por disciplina, sob orienta\u00e7\u00e3o docente; <\/span>\r\n<\/p>\r\n<p style=\"text-align: justify\">\r\n<span style=\"text-align: justify\">IV\r\n- avalia\u00e7\u00e3o do aproveitamento acad\u00eamico e exig\u00eancia de trabalho de conclus\u00e3o de\r\ncurso; V - qualifica\u00e7\u00e3o do corpo docente credenciado pelo colegiado do curso; <\/span>\r\n<\/p>\r\n<p style=\"text-align: justify\">\r\n<span style=\"text-align: justify\">VI - exig\u00eancia de professor(a) orientador(a) e de trabalho\r\nde conclus\u00e3o de curso ao final do curso; e <\/span>\r\n<\/p>\r\n<p style=\"text-align: justify\">\r\n<span style=\"text-align: justify\">VII\r\n- disciplinas por semestre ou concentradas (em m\u00f3dulos), desde que garantidas a\r\ncarga hor\u00e1ria, a<span style=\"text-align: justify\">&nbsp; <\/span>qualidade e o conte\u00fado\r\nprogram\u00e1tico, mediante aprova\u00e7\u00e3o do colegiado do curso. <\/span>\r\n<\/p>\r\n<p style=\"text-align: justify\">\r\n<span style=\"text-align: justify\">CAP\u00cdTULO II <\/span>\r\n<\/p>\r\n<p style=\"text-align: justify\">\r\n<span style=\"text-align: justify\">DA ESTRUTURA B\u00c1SICA DO CEEMQ <\/span>\r\n<\/p>\r\n<p style=\"text-align: justify\">\r\n<span style=\"text-align: justify\">Art. 5\u00b0 O CEEMQ ter\u00e1 a seguinte estrutura m\u00ednima: <\/span>\r\n<\/p>\r\n<p style=\"text-align: justify\">\r\n<span style=\"text-align: justify\">I - Colegiado; <\/span>\r\n<\/p>\r\n<p style=\"text-align: justify\">\r\n<span style=\"text-align: justify\">II - Coordena\u00e7\u00e3o; e <\/span>\r\n<\/p>\r\n<p style=\"text-align: justify\">\r\n<span style=\"text-align: justify\">III - Secretaria\r\nIntegrada dos Cursos de P\u00f3s-Gradua\u00e7\u00e3o do CCNE (SIPG\/CCNE).<\/span>\r\n<span style=\"text-align: justify\"> <\/span>\r\n<\/p>\r\n<p style=\"text-align: justify\">\r\n<span style=\"text-align: justify\">\u00a7\r\n1\u00b0 Demandas espec\u00edficas n\u00e3o atendidas pela organiza\u00e7\u00e3o de I a III poder\u00e3o ser\r\ntratadas pelo colegiado<span style=\"text-align: justify\">&nbsp; <\/span>do curso ou por\r\nmeio da constitui\u00e7\u00e3o de grupos de trabalho em car\u00e1ter consultivo, os quais\r\ndever\u00e3o<span style=\"text-align: justify\">&nbsp; <\/span>atender o que consta na\r\nResolu\u00e7\u00e3o UFSM n\u00b0 054, de 1\u00b0 de junho de 2021, ou outra que venha a substitu\u00ed\r\nla, para sua constitui\u00e7\u00e3o formal como \u00f3rg\u00e3os colegiados, ficando a delibera\u00e7\u00e3o\r\na cargo do colegiado do<span style=\"text-align: justify\">&nbsp; <\/span>curso.<span style=\"text-align: justify\">&nbsp; <\/span>\r\n<\/span>\r\n<\/p>\r\n<p style=\"text-align: justify\">\r\n<span style=\"text-align: justify\">\u00a7\r\n2\u00b0 A participa\u00e7\u00e3o dos(as) membros(as) nos \u00f3rg\u00e3os colegiados previstos neste\r\nRegulamento ser\u00e1<span style=\"text-align: justify\">&nbsp; <\/span>considerada presta\u00e7\u00e3o\r\nde servi\u00e7o p\u00fablico relevante, e n\u00e3o ser\u00e1 remunerada.<span style=\"text-align: justify\">&nbsp; <\/span>\r\n<\/span>\r\n<\/p>\r\n<p style=\"text-align: justify\">\r\n<span style=\"text-align: justify\">\u00a7\r\n3\u00b0 As atividades dos \u00f3rg\u00e3os colegiados previstos neste Regulamento e de\r\nseus(uas) membros(as) n\u00e3o<span style=\"text-align: justify\">&nbsp; <\/span>poder\u00e3o causar\r\npreju\u00edzo \u00e0s demais atividades p\u00fablicas desempenhadas pelo(a) servidor(a)\r\npart\u00edcipe.<span style=\"text-align: justify\">&nbsp; <\/span>\r\n<\/span>\r\n<\/p>\r\n<p style=\"text-align: justify\">\r\n<span style=\"text-align: justify\">\u00a7\r\n4\u00b0 \u00c9 vedada a possibilidade de cria\u00e7\u00e3o de subcolegiados por ato dos colegiados\r\nprevistos neste<span style=\"text-align: justify\">&nbsp; <\/span>Regulamento, no que se\r\nrefere aos programas de p\u00f3s-gradua\u00e7\u00e3o, sendo que a mera necessidade de<span style=\"text-align: justify\">&nbsp; <\/span>reuni\u00f5es eventuais para debate, articula\u00e7\u00e3o\r\nou trabalho que envolva agentes p\u00fablicos(as) da<span style=\"text-align: justify\">&nbsp;\r\n<\/span>administra\u00e7\u00e3o p\u00fablica federal n\u00e3o ser\u00e1 admitida como fundamento para a\r\nsua institui\u00e7\u00e3o. <\/span>\r\n<\/p>\r\n<p style=\"text-align: justify\">\r\n<span style=\"text-align: justify\">Art.\r\n6\u00b0 O corpo docente do curso dever\u00e1 ser constitu\u00eddo por professores(as)\r\nespecialistas, ou de<span style=\"text-align: justify\">&nbsp; <\/span>reconhecida\r\ncapacidade t\u00e9cnico-profissional, sendo que 50% (cinquenta por cento) destes,\r\npelo menos,<span style=\"text-align: justify\">&nbsp; <\/span>dever\u00e3o apresentar titula\u00e7\u00e3o\r\nde mestre ou doutor, obtida em programa de p\u00f3s-gradua\u00e7\u00e3o <i style=\"text-align: justify\">stricto sensu<\/i>,<span style=\"text-align: justify\">&nbsp; <\/span>reconhecido em n\u00edvel nacional. <\/span>\r\n<\/p>\r\n<p style=\"text-align: justify\">\r\n<span style=\"text-align: justify\">\u00a7 1\u00b0 O corpo docente deve ser credenciado\r\nno curso e ser composto, pelo menos, por 2\/3 (dois ter\u00e7os) <\/span>\r\n<span style=\"text-align: justify\">\r\n<span style=\"text-align: justify\">&nbsp;<\/span>de docentes do quadro permanente da UFSM. <\/span>\r\n<\/p>\r\n<p style=\"text-align: justify\">\r\n<span style=\"text-align: justify\">\u00a7 2\u00b0 Os crit\u00e9rios de credenciamento s\u00e3o:<span style=\"text-align: justify\">&nbsp; <\/span>\r\n<\/span>\r\n<\/p>\r\n<p style=\"text-align: justify\">\r\n<span style=\"text-align: justify\">I - ter ministrado\r\ndisciplina por, pelo menos, 2 (dois) semestres no curso;<\/span>\r\n<\/p>\r\n<p style=\"text-align: justify\">\r\n<span style=\"text-align: justify\">II - ter disponibilidade para orientar; e <\/span>\r\n<\/p>\r\n<p style=\"text-align: justify\">\r\n<span style=\"text-align: justify\">III - ter solicita\u00e7\u00e3o aprovada pelo Colegiado. <\/span>\r\n<\/p>\r\n<p style=\"text-align: justify\">\r\n<span style=\"text-align: justify\">\u00a7 3\u00b0 Os crit\u00e9rios de descredenciamento s\u00e3o:<span style=\"text-align: justify\">&nbsp; <\/span>\r\n<\/span>\r\n<\/p>\r\n<p style=\"text-align: justify\">\r\n<span style=\"text-align: justify\">I - solicita\u00e7\u00e3o do docente; <\/span>\r\n<\/p>\r\n<p style=\"text-align: justify\">\r\n<span style=\"text-align: justify\">II - recusa comprovada para orienta\u00e7\u00e3o; ou<span style=\"text-align: justify\">&nbsp; <\/span>\r\n<\/span>\r\n<\/p>\r\n<p style=\"text-align: justify\">\r\n<span style=\"text-align: justify\">III - recusa comprovada para assumir encargos did\u00e1ticos no\r\ncurso. <\/span>\r\n<\/p>\r\n<p style=\"text-align: justify\">\r\n<span style=\"text-align: justify\">\u00a7\r\n4\u00b0 Para a pol\u00edtica de inclus\u00e3o de docentes no curso ser\u00e3o considerados os\r\nseguintes crit\u00e9rios:<span style=\"text-align: justify\">&nbsp; <\/span>I - incentivar\r\natividades conjuntas entre os(as) professores(as) credenciados(as) no curso;\r\ne<span style=\"text-align: justify\">&nbsp; <\/span>\r\n<\/span>\r\n<\/p>\r\n<p style=\"text-align: justify\">\r\n<span style=\"text-align: justify\">II - ampliar a participa\u00e7\u00e3o de\r\nprofessores(as) n\u00e3o credenciados(as) em bancas de defesa de trabalho final <\/span>\r\n<span style=\"text-align: justify\">\r\n<span style=\"text-align: justify\">&nbsp;<\/span>\r\n<span style=\"text-align: justify\">de especializa\u00e7\u00e3o.<\/span> <\/span>\r\n<\/p>\r\n<p style=\"text-align: justify\">\r\n<span style=\"text-align: justify\">Art.\r\n7\u00b0 A coordena\u00e7\u00e3o do curso ser\u00e1 conduzida pelo(a) coordenador(a) e pelo(a)\r\ncoordenador(a)<span style=\"text-align: justify\">&nbsp; <\/span>substituto(a) do curso de\r\ngradua\u00e7\u00e3o em Estat\u00edstica.<span style=\"text-align: justify\">&nbsp; <\/span>\r\n<\/span>\r\n<\/p>\r\n<p style=\"text-align: justify\">\r\n<span style=\"text-align: justify\">Par\u00e1grafo \u00fanico. O processo de elei\u00e7\u00e3o seguir\u00e1 o Regimento\r\nInterno do CCNE. <\/span>\r\n<\/p>\r\n<p style=\"text-align: justify\">\r\n<b style=\"text-align: justify\">\r\n<span style=\"text-align: justify\">Se\u00e7\u00e3o I <\/span>\r\n<\/b>\r\n<\/p>\r\n<p style=\"text-align: justify\">\r\n<b style=\"text-align: justify\">\r\n<span style=\"text-align: justify\">Do Colegiado <\/span>\r\n<\/b>\r\n<\/p>\r\n<p style=\"text-align: justify\">\r\n<span style=\"text-align: justify\">Art. 8\u00b0 A administra\u00e7\u00e3o e\r\ncoordena\u00e7\u00e3o das atividades did\u00e1ticas do Curso ficar\u00e3o a cargo de um Colegiado.\r\nArt. 9\u00b0 O colegiado do Curso ser\u00e1 constitu\u00eddo por: <\/span>\r\n<\/p>\r\n<p style=\"text-align: justify\">\r\n<span style=\"text-align: justify\">I - coordenador(a), como Presidente; <\/span>\r\n<\/p>\r\n<p style=\"text-align: justify\">\r\n<span style=\"text-align: justify\">II - coordenador(a) substituto(a);<span style=\"text-align: justify\">&nbsp; <\/span>\r\n<\/span>\r\n<\/p>\r\n<p style=\"text-align: justify\">\r\n<span style=\"text-align: justify\">III - 3 (tr\u00eas) representantes do corpo docente; e <\/span>\r\n<\/p>\r\n<p style=\"text-align: justify\">\r\n<span style=\"text-align: justify\">IV - 1 (um\/uma) representante do corpo discente. <\/span>\r\n<\/p>\r\n<p style=\"text-align: justify\">\r\n<span style=\"text-align: justify\">\u00a7 1\u00b0 A constitui\u00e7\u00e3o do colegiado ser\u00e1\r\nhomologada pelo Conselho de Centro e seus(uas) membros(as) <\/span>\r\n<span style=\"text-align: justify\">\r\n<span style=\"text-align: justify\">&nbsp;<\/span>ser\u00e3o nomeados(as) pelo(a) diretor(a) do CCNE,\r\nmediante portaria espec\u00edfica. <\/span>\r\n<\/p>\r\n<p style=\"text-align: justify\">\r\n<span style=\"text-align: justify\">\u00a7 2\u00b0 Os(As) membros(as) representantes\r\ndos corpos docente e discente ser\u00e3o eleitos(as) por seus pares. <\/span>\r\n<span style=\"text-align: justify\">\r\n<span style=\"text-align: justify\">&nbsp;<\/span>\r\n<span style=\"text-align: justify\">A elei\u00e7\u00e3o ser\u00e1 conduzida por uma comiss\u00e3o eleitoral, que publicar\u00e1\r\nedital para a inscri\u00e7\u00e3o dos <\/span>\r\n<span style=\"text-align: justify\">&nbsp;<\/span>representantes de cada segmento.<span style=\"text-align: justify\">&nbsp; <\/span>\r\n<\/span>\r\n<\/p>\r\n<p style=\"text-align: justify\">\r\n<span style=\"text-align: justify\">\u00a7 3\u00b0 O mandato do representante discente\r\nser\u00e1 de 1 (um) ano e do(s) representante(s) docente(s) ser\u00e1 <\/span>\r\n<span style=\"text-align: justify\">\r\n<span style=\"text-align: justify\">&nbsp;<\/span>\r\n<span style=\"text-align: justify\">de 2 (dois) anos, podendo haver recondu\u00e7\u00e3o.<\/span> <\/span>\r\n<\/p>\r\n<p style=\"text-align: justify\">\r\n<span style=\"text-align: justify\">Art. 10. Ao colegiado do curso compete: <\/span>\r\n<\/p>\r\n<p style=\"text-align: justify\">\r\n<span style=\"text-align: justify\">I - definir o regulamento do curso de p\u00f3s-gradua\u00e7\u00e3o e as\r\nsuas altera\u00e7\u00f5es; <\/span>\r\n<\/p>\r\n<p style=\"text-align: justify\">\r\n<span style=\"text-align: justify\">II - definir as atribui\u00e7\u00f5es das\r\ncomiss\u00f5es, comit\u00eas e conselhos, quando estes existirem; III - credenciar e\r\ndescredenciar os(as) professores(as) e orientadores(as); <\/span>\r\n<\/p>\r\n<p style=\"text-align: justify\">\r\n<span style=\"text-align: justify\">IV\r\n- definir as \u00e1reas de concentra\u00e7\u00e3o e linhas de pesquisa de atua\u00e7\u00e3o do Curso,\r\ncaso necess\u00e1rio; V - decidir sobre altera\u00e7\u00f5es nas disciplinas, suas cargas\r\nhor\u00e1rias e n\u00famero de cr\u00e9ditos; VI - definir o n\u00famero de vagas a serem\r\noferecidas e a periodicidade do Curso; <\/span>\r\n<\/p>\r\n<p style=\"text-align: justify\">\r\n<span style=\"text-align: justify\">VII - aprovar o\r\nedital de sele\u00e7\u00e3o de discentes para ingresso no Curso;<\/span>\r\n<\/p>\r\n<p style=\"text-align: justify\">\r\n<span style=\"text-align: justify\">VIII - aprovar as indica\u00e7\u00f5es de\r\ncoorientadores(as) ou dos(as) membros(as) do Comit\u00ea de Orienta\u00e7\u00e3o, <\/span>\r\n<span style=\"text-align: justify\">\r\n<span style=\"text-align: justify\">&nbsp;<\/span>quando solicitadas pelo(a) orientador(a) e\r\ndiscente; <\/span>\r\n<\/p>\r\n<p style=\"text-align: justify\">\r\n<span style=\"text-align: justify\">IX - aprovar os planos de estudos dos(as) discentes; <\/span>\r\n<\/p>\r\n<p style=\"text-align: justify\">\r\n<span style=\"text-align: justify\">X - aprovar a oferta de disciplinas, a\r\ncada semestre, acompanhada da indica\u00e7\u00e3o dos respectivos <\/span>\r\n<span style=\"text-align: justify\">\r\n<span style=\"text-align: justify\">&nbsp;<\/span>professores; <\/span>\r\n<\/p>\r\n<p style=\"text-align: justify\">\r\n<span style=\"text-align: justify\">XI - decidir sobre a aceita\u00e7\u00e3o de\r\ncr\u00e9ditos obtidos em outros programas ou cursos de p\u00f3s-gradua\u00e7\u00e3o; XII - aprovar\r\nas bancas examinadoras de defesas de trabalho <span style=\"text-align: justify\">final de especializa\u00e7\u00e3o<\/span>; <\/span>\r\n<\/p>\r\n<p style=\"text-align: justify\">\r\n<span style=\"text-align: justify\">XIII - decidir sobre a solicita\u00e7\u00e3o de\r\nprorroga\u00e7\u00e3o de prazo de conclus\u00e3o do curso, de acordo com as normas <\/span>\r\n<span style=\"text-align: justify\">\r\n<span style=\"text-align: justify\">&nbsp;<\/span>estabelecidas pela Institui\u00e7\u00e3o e por este\r\nregulamento; <\/span>\r\n<\/p>\r\n<p style=\"text-align: justify\">\r\n<span style=\"text-align: justify\">XIV - aprovar o plano de aplica\u00e7\u00e3o dos\r\nrecursos financeiros alocados no curso, considerando alocar parte <\/span>\r\n<span style=\"text-align: justify\">\r\n<span style=\"text-align: justify\">&nbsp;<\/span>do or\u00e7amento para: <\/span>\r\n<\/p>\r\n<p style=\"text-align: justify\">\r\n<span style=\"text-align: justify\">a) despesas de manuten\u00e7\u00e3o geral do curso; <\/span>\r\n<\/p>\r\n<p style=\"text-align: justify\">\r\n<span style=\"text-align: justify\">b) aux\u00edlio \u00e0s despesas dos(as) discentes e docentes com taxa de\r\ninscri\u00e7\u00e3o, di\u00e1rias e passagens para <\/span>\r\n<span style=\"text-align: justify\">\r\n<span style=\"text-align: justify\">&nbsp;<\/span>participa\u00e7\u00e3o em eventos na\r\n\u00e1rea do curso; e<span style=\"text-align: justify\">&nbsp; <\/span>\r\n<\/span>\r\n<\/p>\r\n<p style=\"text-align: justify\">\r\n<span style=\"text-align: justify\">c) fomento \u00e0s publica\u00e7\u00f5es cient\u00edficas em peri\u00f3dicos na\r\n\u00e1rea do curso. <\/span>\r\n<\/p>\r\n<p style=\"text-align: justify\">\r\n<span style=\"text-align: justify\">XV - julgar as decis\u00f5es do(a) coordenador(a), em grau de\r\nrecurso; <\/span>\r\n<\/p>\r\n<p style=\"text-align: justify\">\r\n<span style=\"text-align: justify\">XVI - deliberar sobre outras mat\u00e9rias que\r\nlhe sejam atribu\u00eddas por lei ou pelo Estatuto da UFSM, na esfera <\/span>\r\n<span style=\"text-align: justify\">\r\n<span style=\"text-align: justify\">&nbsp;<\/span>de sua compet\u00eancia; <\/span>\r\n<\/p>\r\n<p style=\"text-align: justify\">\r\n<span style=\"text-align: justify\">XVII - definir o\r\nhor\u00e1rio de funcionamento do Curso.<\/span>\r\n<span style=\"text-align: justify\"> <\/span>\r\n<\/p>\r\n<p style=\"text-align: justify\">\r\n<span style=\"text-align: justify\">Par\u00e1grafo\r\n\u00fanico. Das decis\u00f5es do colegiado caber\u00e1 recurso, em primeira inst\u00e2ncia, ao\r\nConselho de Centro<span style=\"text-align: justify\">&nbsp; <\/span>e, posteriormente, ao\r\nConselho de Ensino, Pesquisa e Extens\u00e3o. <\/span>\r\n<\/p>\r\n<p style=\"text-align: justify\">\r\n<span style=\"text-align: justify\">Art.\r\n11. As reuni\u00f5es do colegiado ser\u00e3o convocadas pelo(a) coordenador(a), por\r\niniciativa pr\u00f3pria ou<span style=\"text-align: justify\">&nbsp; <\/span>atendendo ao\r\npedido de membros(as) do colegiado, sendo obrigat\u00f3ria a convoca\u00e7\u00e3o de, no\r\nm\u00ednimo, 2<span style=\"text-align: justify\">&nbsp; <\/span>(duas) reuni\u00f5es semestrais. <\/span>\r\n<\/p>\r\n<p style=\"text-align: justify\">\r\n<b style=\"text-align: justify\">\r\n<span style=\"text-align: justify\">Se\u00e7\u00e3o II <\/span>\r\n<\/b>\r\n<\/p>\r\n<p style=\"text-align: justify\">\r\n<b style=\"text-align: justify\">\r\n<span style=\"text-align: justify\">Da Coordena\u00e7\u00e3o <\/span>\r\n<\/b>\r\n<\/p>\r\n<p style=\"text-align: justify\">\r\n<span style=\"text-align: justify\">Art. 12. Ao(\u00c0) coordenador(a) do curso incumbe: <\/span>\r\n<\/p>\r\n<p style=\"text-align: justify\">\r\n<span style=\"text-align: justify\">I - fazer cumprir o regulamento; <\/span>\r\n<\/p>\r\n<p style=\"text-align: justify\">\r\n<span style=\"text-align: justify\">II - convocar e presidir as reuni\u00f5es do colegiado do\r\ncurso; <\/span>\r\n<\/p>\r\n<p style=\"text-align: justify\">\r\n<span style=\"text-align: justify\">III - zelar pela\r\nrepresentatividade do colegiado do curso, de acordo com o regulamento; IV -\r\nrepresentar o curso, sempre que se fizer necess\u00e1rio; <\/span>\r\n<\/p>\r\n<p style=\"text-align: justify\">\r\n<span style=\"text-align: justify\">V - cumprir as decis\u00f5es do colegiado; <\/span>\r\n<\/p>\r\n<p style=\"text-align: justify\">\r\n<span style=\"text-align: justify\">VI - submeter ao Conselho de Centro os assuntos que\r\nrequeiram a\u00e7\u00e3o dos \u00f3rg\u00e3os superiores; <\/span>\r\n<\/p>\r\n<p style=\"text-align: justify\">\r\n<span style=\"text-align: justify\">VII - encaminhar ao \u00f3rg\u00e3o competente, via\r\nConselho de Centro, as propostas de altera\u00e7\u00f5es curriculares <\/span>\r\n<span style=\"text-align: justify\">\r\n<span style=\"text-align: justify\">&nbsp;<\/span>aprovadas pelo colegiado; <\/span>\r\n<\/p>\r\n<p style=\"text-align: justify\">\r\n<span style=\"text-align: justify\">VIII - gerir os recursos financeiros\r\nalocados no curso, de acordo com o plano de aplica\u00e7\u00e3o determinado <\/span>\r\n<span style=\"text-align: justify\">\r\n<span style=\"text-align: justify\">&nbsp;<\/span>\r\n<span style=\"text-align: justify\">pelo colegiado;<\/span>\r\n<\/span>\r\n<\/p>\r\n<p style=\"text-align: justify\">\r\n<span style=\"text-align: justify\">IX -solicitar \u00e0 Secretaria Integrada dos\r\nCursos de P\u00f3s-Gradua\u00e7\u00e3o do CCNE, a cada semestre letivo, a oferta <\/span>\r\n<span style=\"text-align: justify\">\r\n<span style=\"text-align: justify\">&nbsp;<\/span>das disciplinas e dos(as) docentes\r\nnecess\u00e1rios(as) ao desenvolvimento das atividades; <\/span>\r\n<\/p>\r\n<p style=\"text-align: justify\">\r\n<span style=\"text-align: justify\">X - fazer a consulta ao corpo docente do\r\ncurso e propor para an\u00e1lise e aprova\u00e7\u00e3o do colegiado o edital de <\/span>\r\n<span style=\"text-align: justify\">\r\n<span style=\"text-align: justify\">&nbsp;<\/span>sele\u00e7\u00e3o dos(as) discentes para ingresso no\r\ncurso; <\/span>\r\n<\/p>\r\n<p style=\"text-align: justify\">\r\n<span style=\"text-align: justify\">XI - dar conhecimento \u00e0s inst\u00e2ncias\r\nsuperiores nos casos de transgress\u00e3o disciplinar docente ou discente; <\/span>\r\n<span style=\"text-align: justify\">\r\n<span style=\"text-align: justify\">&nbsp;<\/span>e <\/span>\r\n<\/p>\r\n<p style=\"text-align: justify\">\r\n<span style=\"text-align: justify\">XII - desempenhar as demais atribui\u00e7\u00f5es\r\ninerentes \u00e0 sua fun\u00e7\u00e3o determinadas em lei ou pelo Estatuto da <\/span>\r\n<span style=\"text-align: justify\">\r\n<span style=\"text-align: justify\">&nbsp;<\/span>\r\n<span style=\"text-align: justify\">UFSM na esfera de sua compet\u00eancia.<\/span> <\/span>\r\n<\/p>\r\n<p style=\"text-align: justify\">\r\n<b style=\"text-align: justify\">\r\n<span style=\"text-align: justify\">Se\u00e7\u00e3o III <\/span>\r\n<\/b>\r\n<\/p>\r\n<p style=\"text-align: justify\">\r\n<b style=\"text-align: justify\">\r\n<span style=\"text-align: justify\">Da Secretaria de Apoio\r\nAdministrativo <\/span>\r\n<\/b>\r\n<\/p>\r\n<p style=\"text-align: justify\">\r\n<span style=\"text-align: justify\">Art.\r\n13. \u00c0 Secretaria Integrada dos Cursos de P\u00f3s-Gradua\u00e7\u00e3o do CCNE incumbe:&nbsp;<\/span>\r\n<\/p>\r\n<p style=\"text-align: justify\">\r\n<span style=\"text-align: justify\">I -\r\nsuperintender os servi\u00e7os administrativos da secretaria; <\/span>\r\n<\/p>\r\n<p style=\"text-align: justify\">\r\n<span style=\"text-align: justify\">II - manter o controle acad\u00eamico dos(as) discentes; <\/span>\r\n<\/p>\r\n<p style=\"text-align: justify\">\r\n<span style=\"text-align: justify\">III - receber, arquivar e distribuir documentos relativos\r\n\u00e0s atividades did\u00e1ticas e administrativas; <\/span>\r\n<\/p>\r\n<p style=\"text-align: justify\">\r\n<span style=\"text-align: justify\">IV - organizar e manter atualizada a\r\ncole\u00e7\u00e3o de leis, portarias, circulares e demais documentos que possam <\/span>\r\n<span style=\"text-align: justify\">\r\n<span style=\"text-align: justify\">&nbsp;<\/span>interessar ao curso; <\/span>\r\n<\/p>\r\n<p style=\"text-align: justify\">\r\n<span style=\"text-align: justify\">V - fornecer informa\u00e7\u00f5es e documentos relativos ao curso; <\/span>\r\n<\/p>\r\n<p style=\"text-align: justify\">\r\n<span style=\"text-align: justify\">VI - secretariar as reuni\u00f5es do colegiado; <\/span>\r\n<\/p>\r\n<p style=\"text-align: justify\">\r\n<span style=\"text-align: justify\">VII - manter atualizada a rela\u00e7\u00e3o de docentes e discentes\r\nem atividade no curso; <\/span>\r\n<\/p>\r\n<p style=\"text-align: justify\">\r\n<span style=\"text-align: justify\">VIII - proceder ao encaminhamento \u00e0 PRPGP\r\nda ata de defesa de trabalho final de especializa\u00e7\u00e3o com o <\/span>\r\n<span style=\"text-align: justify\">\r\n<span style=\"text-align: justify\">&nbsp;<\/span>despacho da coordena\u00e7\u00e3o do curso, acompanhada\r\nde memorando; e <\/span>\r\n<\/p>\r\n<p style=\"text-align: justify\">\r\n<span style=\"text-align: justify\">IX - orientar o corpo discente quanto aos\r\nprocedimentos para realiza\u00e7\u00e3o da matr\u00edcula e outras atividades <\/span>\r\n<span style=\"text-align: justify\">\r\n<span style=\"text-align: justify\">&nbsp;<\/span>\r\n<span style=\"text-align: justify\">do curso.<\/span> <\/span>\r\n<\/p>\r\n<p style=\"text-align: justify\">\r\n<b style=\"text-align: justify\">\r\n<span style=\"text-align: justify\">Se\u00e7\u00e3o IV<span style=\"text-align: justify\">&nbsp; <\/span>\r\n<\/span>\r\n<\/b>\r\n<\/p>\r\n<p style=\"text-align: justify\">\r\n<b style=\"text-align: justify\">\r\n<span style=\"text-align: justify\">Da Orienta\u00e7\u00e3o e da Coorienta\u00e7\u00e3o <\/span>\r\n<\/b>\r\n<\/p>\r\n<p style=\"text-align: justify\">\r\n<span style=\"text-align: justify\">Art. 14. Todo(a) discente dever\u00e1 ter um(a) orientador(a)\r\ndesde o primeiro semestre do curso. <\/span>\r\n<\/p>\r\n<p style=\"text-align: justify\">\r\n<span style=\"text-align: justify\">Art.\r\n15. O(A) professor(a) orientador(a) dever\u00e1 ser credenciado(a) no curso, estar\r\nem plena atividade de<span style=\"text-align: justify\">&nbsp; <\/span>pesquisa e ser\r\ndetentor(a), no m\u00ednimo, do t\u00edtulo de mestre. <\/span>\r\n<\/p>\r\n<p style=\"text-align: justify\">\r\n<span style=\"text-align: justify\">Art. 16. Ao(\u00c0) professor(a) orientador(a) incumbe: <\/span>\r\n<\/p>\r\n<p style=\"text-align: justify\">\r\n<span style=\"text-align: justify\">I\r\n- definir o plano de estudos e suas poss\u00edveis reformula\u00e7\u00f5es, juntamente com\r\no(a) discente, e<span style=\"text-align: justify\">&nbsp; <\/span>coorientador(a), quando\r\nfor o caso; <\/span>\r\n<\/p>\r\n<p style=\"text-align: justify\">\r\n<span style=\"text-align: justify\">II\r\n- orientar, juntamente com o(a) coorientador(a), quando for o caso, o tema do\r\ntrabalho final de<span style=\"text-align: justify\">&nbsp; <\/span>especializa\u00e7\u00e3o do(a)\r\ndiscente; <\/span>\r\n<\/p>\r\n<p style=\"text-align: justify\">\r\n<span style=\"text-align: justify\">III - supervisionar o trabalho de\r\nconclus\u00e3o, que deve ser redigido segundo as normas vigentes na UFSM;&nbsp;<\/span>\r\n<\/p>\r\n<p style=\"text-align: justify\">\r\n<span style=\"text-align: justify\">IV -\r\nintegrar, como presidente, a banca examinadora de defesa do trabalho final de\r\nespecializa\u00e7\u00e3o.<\/span>\r\n<\/p>\r\n<p style=\"text-align: justify\">\r\n<span style=\"text-align: justify\">V\r\n- comunicar ao colegiado, via coordena\u00e7\u00e3o de curso, sobre o insucesso ou\r\ndesist\u00eancia do(a) discente<span style=\"text-align: justify\">&nbsp; <\/span>para as\r\ndevidas provid\u00eancias. <\/span>\r\n<\/p>\r\n<p style=\"text-align: justify\">\r\n<span style=\"text-align: justify\">Art.\r\n17. O(A) orientador(a), em acordo com o(a) orientando(a), poder\u00e1 prever a\r\nfigura do(a)<span style=\"text-align: justify\">&nbsp; <\/span>coorientador(a), que dever\u00e1\r\nser aprovado pelo colegiado do curso. <\/span>\r\n<\/p>\r\n<p style=\"text-align: justify\">\r\n<span style=\"text-align: justify\">Par\u00e1grafo\r\n\u00fanico. O nome e a designa\u00e7\u00e3o de coorientador(a) dever\u00e3o constar na portaria de\r\ndesigna\u00e7\u00e3o<span style=\"text-align: justify\">&nbsp; <\/span>da Banca Examinadora de\r\nDefesa do trabalho final de especializa\u00e7\u00e3o, como membro(a) efetivo(a) ou<span style=\"text-align: justify\">&nbsp; <\/span>suplente. <\/span>\r\n<\/p>\r\n<p style=\"text-align: justify\">\r\n<span style=\"text-align: justify\">Art.\r\n18. Ao(\u00c0) coorientador(a) incumbe colaborar com o projeto de pesquisa do(a)\r\ndiscente, interagindo<span style=\"text-align: justify\">&nbsp; <\/span>com o(a)\r\norientador(a), no planejamento inicial, na implementa\u00e7\u00e3o e na reda\u00e7\u00e3o do\r\ntrabalho final de<span style=\"text-align: justify\">&nbsp; <\/span>especializa\u00e7\u00e3o, bem\r\ncomo dos artigos cient\u00edficos dele decorrentes. <\/span>\r\n<\/p>\r\n<p style=\"text-align: justify\">\r\n<span style=\"text-align: justify\">CAP\u00cdTULO III <\/span>\r\n<\/p>\r\n<p style=\"text-align: justify\">\r\n<span style=\"text-align: justify\">DA ESTRUTURA DID\u00c1TICA DO CURSO <\/span>\r\n<\/p>\r\n<p style=\"text-align: justify\">\r\n<span style=\"text-align: justify\">Art.\r\n19. O curso ter\u00e1 dura\u00e7\u00e3o de <span style=\"text-align: justify\">24\r\n(vinte e quatro) meses consecutivos, com possibilidade de <\/span>\r\n<span style=\"text-align: justify\">&nbsp;<\/span>\r\n<span style=\"text-align: justify\">prorroga\u00e7\u00e3o por mais 12 (doze) meses, que deve ser aprovada pelo\r\ncolegiado do curso e encaminhada <\/span>\r\n<span style=\"text-align: justify\">&nbsp;<\/span>\r\n<span style=\"text-align: justify\">para a Pr\u00f3-Reitoria de\r\nP\u00f3s-Gradua\u00e7\u00e3o e Pesquisa (PRPGP) para os ajustes no sistema acad\u00eamico da UFSM<\/span>.\r\n<\/span>\r\n<\/p>\r\n<p style=\"text-align: justify\">\r\n<span style=\"text-align: justify\">Par\u00e1grafo\r\n\u00fanico. Os(As) discentes poder\u00e3o usufruir das seguintes licen\u00e7as, conforme o\r\ncaso, com<span style=\"text-align: justify\">&nbsp; <\/span>suspens\u00e3o da contagem dos\r\nprazos constantes neste regulamento durante o per\u00edodo da licen\u00e7a: <\/span>\r\n<\/p>\r\n<p style=\"text-align: justify\">\r\n<span style=\"text-align: justify\">I - licen\u00e7a para tratamento de sa\u00fade; <\/span>\r\n<\/p>\r\n<p style=\"text-align: justify\">\r\n<span style=\"text-align: justify\">II - licen\u00e7a maternidade, de at\u00e9 180 (cento e oitenta)\r\ndias; e <\/span>\r\n<\/p>\r\n<p style=\"text-align: justify\">\r\n<span style=\"text-align: justify\">III - licen\u00e7a paternidade, de at\u00e9 20 (vinte) dias. <\/span>\r\n<\/p>\r\n<p style=\"text-align: justify\">\r\n<span style=\"text-align: justify\">Art.\r\n20. Os trabalhos acad\u00eamicos ser\u00e3o desenvolvidos por meio de disciplinas,\r\nsemin\u00e1rios, estudos<span style=\"text-align: justify\">&nbsp; <\/span>dirigidos e\r\natividades de ensino, pesquisa e extens\u00e3o, de forma integrada, podendo envolver<span style=\"text-align: justify\">&nbsp; <\/span>departamentos e unidades de ensino da UFSM,\r\nassim como outras institui\u00e7\u00f5es de ensino. <\/span>\r\n<\/p>\r\n<p style=\"text-align: justify\">\r\n<span style=\"text-align: justify\">Art.\r\n21. \u00c0 disciplina ser\u00e1 atribu\u00eddo um valor expresso em cr\u00e9ditos, de forma que a\r\ncada cr\u00e9dito<span style=\"text-align: justify\">&nbsp; <\/span>corresponder\u00e3o 15 (quinze)\r\nhoras de aula te\u00f3rica ou pr\u00e1tica. <\/span>\r\n<\/p>\r\n<p style=\"text-align: justify\">\r\n<span style=\"text-align: justify\">Art. 22. Os estudos e atividades\r\nconclu\u00eddas e excedentes em cursos de p\u00f3s-gradua\u00e7\u00e3o <i style=\"text-align: justify\">stricto sensu<\/i>, <\/span>\r\n<span style=\"text-align: justify\">\r\n<span style=\"text-align: justify\">&nbsp;<\/span>\r\n<span style=\"text-align: justify\">poder\u00e3o ser aproveitados nos cursos de especializa\u00e7\u00e3o, desde que na\r\nmesma \u00e1rea do conhecimento, a <\/span>\r\n<span style=\"text-align: justify\">&nbsp;<\/span>crit\u00e9rio do colegiado.<span style=\"text-align: justify\">&nbsp; <\/span>\r\n<\/span>\r\n<\/p>\r\n<p style=\"text-align: justify\">\r\n<span style=\"text-align: justify\">Par\u00e1grafo \u00fanico. O aproveitamento n\u00e3o poder\u00e1 exceder a 60\r\n(sessenta) horas.<span style=\"text-align: justify\">&nbsp; <\/span>\r\n<\/span>\r\n<\/p>\r\n<p style=\"text-align: justify\">\r\n<span style=\"text-align: justify\">Art. 23. A partir do ingresso, o v\u00ednculo\r\nno curso de especializa\u00e7\u00e3o ser\u00e1 mantido por meio de matr\u00edcula na <\/span>\r\n<span style=\"text-align: justify\">\r\n<span style=\"text-align: justify\">&nbsp;<\/span>\r\n<span style=\"text-align: justify\">disciplina de cr\u00e9dito n\u00e3o-comput\u00e1vel \u201cElabora\u00e7\u00e3o de Monografia (EDM)\u201d, que\r\nser\u00e1 renovada a cada <\/span>\r\n<span style=\"text-align: justify\">&nbsp;<\/span>\r\n<span style=\"text-align: justify\">per\u00edodo letivo, automaticamente,\r\npelo N\u00facleo de Controle Acad\u00eamico da PRPGP (NCAPG), at\u00e9 o prazo <\/span>\r\n<span style=\"text-align: justify\">&nbsp;<\/span>m\u00e1ximo de conclus\u00e3o do curso. <\/span>\r\n<\/p>\r\n<p style=\"text-align: justify\">\r\n<span style=\"text-align: justify\">Art. 24. A solicita\u00e7\u00e3o de matr\u00edcula nas\r\ndemais disciplinas e atividades relacionadas no plano de estudo \u00e9 <\/span>\r\n<span style=\"text-align: justify\">\r\n<span style=\"text-align: justify\">&nbsp;<\/span>de responsabilidade do(a) discente.<span style=\"text-align: justify\">&nbsp; <\/span>\r\n<\/span>\r\n<\/p>\r\n<p style=\"text-align: justify\">\r\n<span style=\"text-align: justify\">Art. 25. \u00c9 responsabilidade do(a)\r\ndiscente a abertura, on-line, do plano de estudos, bem como eventuais <\/span>\r\n<span style=\"text-align: justify\">\r\n<span style=\"text-align: justify\">&nbsp;<\/span>atualiza\u00e7\u00f5es.<span style=\"text-align: justify\">&nbsp;\r\n<\/span>\r\n<\/span>\r\n<\/p>\r\n<p style=\"text-align: justify\">\r\n<span style=\"text-align: justify\">Par\u00e1grafo \u00fanico. O plano de estudos deve\r\nser aprovado pelo colegiado do curso antes da realiza\u00e7\u00e3o da <\/span>\r\n<span style=\"text-align: justify\">\r\n<span style=\"text-align: justify\">&nbsp;<\/span>\r\n<span style=\"text-align: justify\">matr\u00edcula para o segundo semestre.<\/span>\r\n<\/span>\r\n<\/p>\r\n<p style=\"text-align: justify\">\r\n<span style=\"text-align: justify\">Art. 26. O(A) discente que obtiver o\r\nconceito \u201cNA\u201d (N\u00e3o-Aprovado) em EDM por um semestre ser\u00e1 <\/span>\r\n<span style=\"text-align: justify\">\r\n<span style=\"text-align: justify\">&nbsp;<\/span>desligado(a) do Curso. <\/span>\r\n<\/p>\r\n<p style=\"text-align: justify\">\r\n<span style=\"text-align: justify\">\u00a7 1\u00b0 \u00c9 responsabilidade do(a)\r\norientador(a) o acompanhamento do trabalho, da frequ\u00eancia e da <\/span>\r\n<span style=\"text-align: justify\">\r\n<span style=\"text-align: justify\">&nbsp;<\/span>atribui\u00e7\u00e3o do conceito ao(\u00e0) discente\r\nmatriculado(a) em EDM. <\/span>\r\n<\/p>\r\n<p style=\"text-align: justify\">\r\n<span style=\"text-align: justify\">\u00a7 2\u00b0 O(A) orientador(a) dever\u00e1 comunicar,\r\npor escrito, \u00e0 coordena\u00e7\u00e3o e esta levar ao colegiado do curso, <\/span>\r\n<span style=\"text-align: justify\">\r\n<span style=\"text-align: justify\">&nbsp;<\/span>se o(a) discente n\u00e3o desenvolver adequadamente\r\nos trabalhos de EDM. <\/span>\r\n<\/p>\r\n<p style=\"text-align: justify\">\r\n<span style=\"text-align: justify\">\u00a7 3\u00b0 O(A) discente que n\u00e3o desenvolver\r\nadequadamente os trabalhos de EDM poder\u00e1 ser desligado(a) do <\/span>\r\n<span style=\"text-align: justify\">\r\n<span style=\"text-align: justify\">&nbsp;<\/span>\r\n<span style=\"text-align: justify\">curso, com base em uma justificativa fundamentada do(a) orientador(a) \u00e0\r\ncoordena\u00e7\u00e3o, que ser\u00e1 avaliada <\/span>\r\n<span style=\"text-align: justify\">&nbsp;<\/span>pelo colegiado. <\/span>\r\n<\/p>\r\n<p style=\"text-align: justify\">\r\n<span style=\"text-align: justify\">\u00a7 4\u00b0 O Colegiado somente poder\u00e1 desligar\r\no(a) discente do programa ap\u00f3s julgar os argumentos, por <\/span>\r\n<span style=\"text-align: justify\">\r\n<span style=\"text-align: justify\">&nbsp;<\/span>escrito, do(a) orientador(a) e do(a) discente.\r\n<\/span>\r\n<\/p>\r\n<p style=\"text-align: justify\">\r\n<span style=\"text-align: justify\">Art. 27. Quando houver solicita\u00e7\u00e3o do(a)\r\ndiscente ou do orientador \u00e0 troca de orienta\u00e7\u00e3o, o colegiado <\/span>\r\n<span style=\"text-align: justify\">\r\n<span style=\"text-align: justify\">&nbsp;<\/span>\r\n<span style=\"text-align: justify\">dever\u00e1 se manifestar a respeito e, no caso da necessidade de nova\r\norienta\u00e7\u00e3o, esta dever\u00e1 ser <\/span>\r\n<span style=\"text-align: justify\">&nbsp;<\/span>homologada pelo colegiado, ap\u00f3s ci\u00eancia do(a)\r\ndiscente e do(a) novo(a) orientador(a).<span style=\"text-align: justify\">&nbsp; <\/span>\r\n<\/span>\r\n<\/p>\r\n<p style=\"text-align: justify\">\r\n<span style=\"text-align: justify\">Par\u00e1grafo \u00fanico. O Colegiado poder\u00e1\r\nindicar a transfer\u00eancia de orienta\u00e7\u00e3o, quando houver solicita\u00e7\u00e3o <\/span>\r\n<span style=\"text-align: justify\">\r\n<span style=\"text-align: justify\">&nbsp;<\/span>\r\n<span style=\"text-align: justify\">do(a) discente ou do(a) orientador(a) e a aceita\u00e7\u00e3o desse pedido por\r\noutro(a) orientador(a) do curso.<\/span> <\/span>\r\n<\/p>\r\n<p style=\"text-align: justify\">\r\n<span style=\"text-align: justify\">CAP\u00cdTULO IV <\/span>\r\n<\/p>\r\n<p style=\"text-align: justify\">\r\n<span style=\"text-align: justify\">DO ACESSO, DO INGRESSO E DA CONCLUS\u00c3O DO CURSO <\/span>\r\n<\/p>\r\n<p style=\"text-align: justify\">\r\n<b style=\"text-align: justify\">\r\n<span style=\"text-align: justify\">Se\u00e7\u00e3o I <\/span>\r\n<\/b>\r\n<\/p>\r\n<p style=\"text-align: justify\">\r\n<b style=\"text-align: justify\">\r\n<span style=\"text-align: justify\">Do Acesso \u00e0 P\u00f3s-Gradua\u00e7\u00e3o <\/span>\r\n<\/b>\r\n<\/p>\r\n<p style=\"text-align: justify\">\r\n<span style=\"text-align: justify\">Art.\r\n28. Para ingresso, o(a) candidato(a) deve ser portador(a) de diploma de curso\r\nsuperior obtido em<span style=\"text-align: justify\">&nbsp; <\/span>Institui\u00e7\u00e3o de Ensino\r\nSuperior reconhecida no Brasil ou no Exterior.<span style=\"text-align: justify\">&nbsp;\r\n<\/span>\r\n<\/span>\r\n<\/p>\r\n<p style=\"text-align: justify\">\r\n<span style=\"text-align: justify\">\u00a7\r\n1\u00b0 Os requisitos espec\u00edficos para a inscri\u00e7\u00e3o de candidatos(as) ao CEEMQ devem\r\nser observados no<span style=\"text-align: justify\">&nbsp; <\/span>respectivo edital de\r\nabertura de inscri\u00e7\u00e3o aos cursos de p\u00f3s-gradua\u00e7\u00e3o. <\/span>\r\n<\/p>\r\n<p style=\"text-align: justify\">\r\n<span style=\"text-align: justify\">\u00a7\r\n2\u00b0 Informa\u00e7\u00f5es gerais quanto ao processo seletivo para o ingresso dever\u00e3o\r\nconstar no respectivo edital,<span style=\"text-align: justify\">&nbsp; <\/span>dispon\u00edvel\r\nna p\u00e1gina eletr\u00f4nica do curso. <\/span>\r\n<\/p>\r\n<p style=\"text-align: justify\">\r\n<span style=\"text-align: justify\">\u00a7\r\n3\u00b0 Informa\u00e7\u00f5es sobre a possibilidade de isen\u00e7\u00e3o da taxa de inscri\u00e7\u00e3o e do\r\nprocedimento para tal s\u00e3o<span style=\"text-align: justify\">&nbsp; <\/span>descritos no\r\nrespectivo edital. <\/span>\r\n<\/p>\r\n<p style=\"text-align: justify\">\r\n<span style=\"text-align: justify\">\u00a7\r\n4\u00b0 O(A) discente portador(a) de necessidades especiais dever\u00e1 cadastrar-se na\r\nSubdivis\u00e3o de<span style=\"text-align: justify\">&nbsp; <\/span>Acessibilidade\r\n(SACE-PROGRAD) antes de efetuar a primeira matr\u00edcula. <\/span>\r\n<\/p>\r\n<p style=\"text-align: justify\">\r\n<b style=\"text-align: justify\">\r\n<span style=\"text-align: justify\">Se\u00e7\u00e3o II <\/span>\r\n<\/b>\r\n<\/p>\r\n<p style=\"text-align: justify\">\r\n<b style=\"text-align: justify\">\r\n<span style=\"text-align: justify\">Da Sele\u00e7\u00e3o de Candidatos(as) <\/span>\r\n<\/b>\r\n<\/p>\r\n<p style=\"text-align: justify\">\r\n<span style=\"text-align: justify\">Art.\r\n29. Os(AS) candidatos(as) inscritos(as) ser\u00e3o selecionados(as) por meio da\r\navalia\u00e7\u00e3o de uma<span style=\"text-align: justify\">&nbsp; <\/span>Comiss\u00e3o de Sele\u00e7\u00e3o,\r\nindicada pelo colegiado do curso e nomeada pela dire\u00e7\u00e3o do Centro de Ci\u00eancias<span style=\"text-align: justify\">&nbsp; <\/span>Naturais e Exatas. <\/span>\r\n<\/p>\r\n<p style=\"text-align: justify\">\r\n<span style=\"text-align: justify\">Art.\r\n30. Os crit\u00e9rios de sele\u00e7\u00e3o que poder\u00e3o ser considerados pela Comiss\u00e3o de\r\nSele\u00e7\u00e3o e aprovados pelo<span style=\"text-align: justify\">&nbsp; <\/span>colegiado s\u00e3o:<\/span>\r\n<\/p>\r\n<p style=\"text-align: justify\">\r\n<span style=\"text-align: justify\">I\r\n\u2013 prova; <\/span>\r\n<\/p>\r\n<p style=\"text-align: justify\">\r\n<span style=\"text-align: justify\">II \u2013 an\u00e1lise de pr\u00e9-projeto; <\/span>\r\n<\/p>\r\n<p style=\"text-align: justify\">\r\n<span style=\"text-align: justify\">III \u2013 an\u00e1lise de curr\u00edculo Lattes; <\/span>\r\n<\/p>\r\n<p style=\"text-align: justify\">\r\n<span style=\"text-align: justify\">IV \u2013 entrevista; <\/span>\r\n<\/p>\r\n<p style=\"text-align: justify\">\r\n<span style=\"text-align: justify\">V \u2013 cartas de recomenda\u00e7\u00e3o; <\/span>\r\n<\/p>\r\n<p style=\"text-align: justify\">\r\n<span style=\"text-align: justify\">VI \u2013 carta de aceite do(a) orientador(a); e <\/span>\r\n<\/p>\r\n<p style=\"text-align: justify\">\r\n<span style=\"text-align: justify\">VII \u2013 avalia\u00e7\u00e3o em curso de nivelamento oferecido pelo\r\ncurso. <\/span>\r\n<\/p>\r\n<p style=\"text-align: justify\">\r\n<span style=\"text-align: justify\">Art.\r\n31. A divulga\u00e7\u00e3o da nominata dos(as) candidatos(as) classificados(as) ser\u00e1\r\nrealizada pela PRPGP e<span style=\"text-align: justify\">&nbsp; <\/span>caber\u00e1 \u00e0 PRPGP a\r\nchamada de suplentes, quando for o caso. <\/span>\r\n<\/p>\r\n<p style=\"text-align: justify\">\r\n<span style=\"text-align: justify\">\u00a7\r\n1\u00b0 O(A) candidato(a) poder\u00e1 interpor recurso ao colegiado do curso, no prazo\r\nestabelecido no<span style=\"text-align: justify\">&nbsp; <\/span>respectivo edital de\r\nsele\u00e7\u00e3o, cujos dias ser\u00e3o contados a partir da divulga\u00e7\u00e3o dos resultados pela\r\nPRPGP. <\/span>\r\n<\/p>\r\n<p style=\"text-align: justify\">\r\n<span style=\"text-align: justify\">\u00a7\r\n2\u00b0 O colegiado do programa ter\u00e1 um prazo para decidir sobre os recursos\r\ninterpostos, conforme consta<span style=\"text-align: justify\">&nbsp; <\/span>no\r\nrespectivo edital de sele\u00e7\u00e3o. <\/span>\r\n<\/p>\r\n<p style=\"text-align: justify\">\r\n<span style=\"text-align: justify\">Art.\r\n32. \u00c9 vedado o ingresso \u00e0 p\u00f3s-gradua\u00e7\u00e3o da UFSM por meio de transfer\u00eancia de\r\noutra IES, ou de<span style=\"text-align: justify\">&nbsp; <\/span>outro programa de\r\np\u00f3s-gradua\u00e7\u00e3o da UFSM. <\/span>\r\n<\/p>\r\n<p style=\"text-align: justify\">\r\n<b style=\"text-align: justify\">\r\n<span style=\"text-align: justify\">Se\u00e7\u00e3o III <\/span>\r\n<\/b>\r\n<\/p>\r\n<p style=\"text-align: justify\">\r\n<b style=\"text-align: justify\">\r\n<span style=\"text-align: justify\">Da Matr\u00edcula <\/span>\r\n<\/b>\r\n<\/p>\r\n<p style=\"text-align: justify\">\r\n<span style=\"text-align: justify\">Art.\r\n33. A solicita\u00e7\u00e3o de matr\u00edcula via web em disciplinas e demais atividades\r\nrelacionadas no plano de<span style=\"text-align: justify\">&nbsp; <\/span>estudo \u00e9 de\r\nresponsabilidade do(a) discente e dever\u00e1 ser realizada nos prazos estabelecidos\r\npelo<span style=\"text-align: justify\">&nbsp; <\/span>calend\u00e1rio acad\u00eamico da UFSM. <\/span>\r\n<\/p>\r\n<p style=\"text-align: justify\">\r\n<span style=\"text-align: justify\">\u00a7\r\n1\u00b0 Excepcionalmente, a PRPGP poder\u00e1 autorizar a matr\u00edcula fora de prazo, quando\r\nsolicitada pela<span style=\"text-align: justify\">&nbsp; <\/span>coordena\u00e7\u00e3o do programa,\r\ncom uma exposi\u00e7\u00e3o de motivos, desde que seja garantida 75% (setenta e\r\ncinco<span style=\"text-align: justify\">&nbsp; <\/span>por cento) da carga hor\u00e1ria da\r\ndisciplina. <\/span>\r\n<\/p>\r\n<p style=\"text-align: justify\">\r\n<span style=\"text-align: justify\">\u00a7\r\n2\u00b0 N\u00e3o ser\u00e3o permitidos trancamentos de matr\u00edcula nos cursos de especializa\u00e7\u00e3o,\r\nsalvo os casos<span style=\"text-align: justify\">&nbsp; <\/span>previstos em Lei. <\/span>\r\n<\/p>\r\n<p style=\"text-align: justify\">\r\n<span style=\"text-align: justify\">\u00a7 3\u00b0 O(A) discente ter\u00e1 sua matr\u00edcula cancelada e ser\u00e1\r\ndesligado(a) do curso: <\/span>\r\n<\/p>\r\n<p style=\"text-align: justify\">\r\n<span style=\"text-align: justify\">I\r\n\u2013 quando esgotar o prazo m\u00e1ximo para a conclus\u00e3o do curso, cabendo \u00e0s\r\nrespectivas secretarias e<span style=\"text-align: justify\">&nbsp; <\/span>coordena\u00e7\u00f5es\r\nde programas\/cursos o monitoramento atrav\u00e9s do hist\u00f3rico escolar dos(as)\r\ndiscentes e ao<span style=\"text-align: justify\">&nbsp; <\/span>N\u00facleo de Controle\r\nAcad\u00eamico da P\u00f3s-Gradua\u00e7\u00e3o este acompanhamento; <\/span>\r\n<\/p>\r\n<p style=\"text-align: justify\">\r\n<span style=\"text-align: justify\">II\r\n\u2013 quando f<\/span>\r\n<span style=\"text-align: justify\">or\r\nreprovado (obter conceito igual ou inferior a \u201cC\u201d, NA ou R) em duas disciplinas\r\nou por duas<span style=\"text-align: justify\">&nbsp; <\/span>vezes na mesma disciplina <\/span>\r\n<\/p>\r\n<p style=\"text-align: justify\">\r\n<span style=\"text-align: justify\">III \u2013 <\/span>\r\n<span style=\"text-align: justify\">n\u00e3o\r\ndesenvolver adequadamente os trabalhos de EDM; <\/span>\r\n<span style=\"text-align: justify\">e <\/span>\r\n<\/p>\r\n<p style=\"text-align: justify\">\r\n<span style=\"text-align: justify\">IV - obtiver conceito \u201cNA\u201d na disciplina de EDM. <\/span>\r\n<\/p>\r\n<p style=\"text-align: justify\">\r\n<span style=\"text-align: justify\">Art.\r\n34. O(A) discente que n\u00e3o efetuar a matr\u00edcula regularmente ter\u00e1 sua situa\u00e7\u00e3o\r\ncaracterizada como<span style=\"text-align: justify\">&nbsp; <\/span>abandono do curso. <\/span>\r\n<\/p>\r\n<p style=\"text-align: justify\">\r\n<span style=\"text-align: justify\">Art.\r\n35. Os(As) discentes selecionados(as) para o curso ter\u00e3o direito \u00e0 matr\u00edcula\r\nregular em qualquer<span style=\"text-align: justify\">&nbsp; <\/span>disciplina oferecida\r\n\u00e0 p\u00f3s-gradua\u00e7\u00e3o na UFSM, desde que prevista no plano de estudo e com<span style=\"text-align: justify\">&nbsp; <\/span>disponibilidade de vaga.<\/span>\r\n<\/p>\r\n<p style=\"text-align: justify\">\r\n<span style=\"text-align: justify\">Art.\r\n36. Poder\u00e1 ser solicitado aproveitamento ou dispensa de cr\u00e9ditos obtidos em\r\ndisciplinas ou<span style=\"text-align: justify\">&nbsp; <\/span>atividades de cursos de\r\np\u00f3s-gradua\u00e7\u00e3o de outras institui\u00e7\u00f5es ao colegiado do curso, desde que n\u00e3o<span style=\"text-align: justify\">&nbsp; <\/span>ultrapasse 50% (cinquenta por cento) das\r\ndisciplinas exigidas no curso. <\/span>\r\n<\/p>\r\n<p style=\"text-align: justify\">\r\n<span style=\"text-align: justify\">Art.\r\n37. No ato de matr\u00edcula, o(a) discente dever\u00e1 declarar a nacionalidade e, se\r\nestrangeiro(a), satisfazer<span style=\"text-align: justify\">&nbsp; <\/span>os requisitos\r\nda legisla\u00e7\u00e3o vigente. <\/span>\r\n<\/p>\r\n<p style=\"text-align: justify\">\r\n<span style=\"text-align: justify\">Art. 38. A matr\u00edcula especial poder\u00e1 ser concedida nos\r\nseguintes casos: <\/span>\r\n<\/p>\r\n<p style=\"text-align: justify\">\r\n<span style=\"text-align: justify\">I\r\n- para discentes de gradua\u00e7\u00e3o de qualquer IES que tenham cursado, no m\u00ednimo,\r\n50% (cinquenta por<span style=\"text-align: justify\">&nbsp; <\/span>cento) dos cr\u00e9ditos\r\nnecess\u00e1rios \u00e0 conclus\u00e3o do seu curso;<span style=\"text-align: justify\">&nbsp; <\/span>\r\n<\/span>\r\n<\/p>\r\n<p style=\"text-align: justify\">\r\n<span style=\"text-align: justify\">II\r\n- para discentes vinculados(as) a cursos de p\u00f3s-gradua\u00e7\u00e3o <i style=\"text-align: justify\">stricto sensu <\/i>de\r\noutras IES nacionais ou<span style=\"text-align: justify\">&nbsp; <\/span>estrangeiras; <\/span>\r\n<\/p>\r\n<p style=\"text-align: justify\">\r\n<span style=\"text-align: justify\">III\r\n- para portadores(as) de diploma de curso superior obtido em Institui\u00e7\u00e3o de\r\nEnsino Superior<span style=\"text-align: justify\">&nbsp; <\/span>reconhecida no Brasil ou\r\nno Exterior; ou<span style=\"text-align: justify\">&nbsp; <\/span>\r\n<\/span>\r\n<\/p>\r\n<p style=\"text-align: justify\">\r\n<span style=\"text-align: justify\">IV\r\n- para participantes de projetos de extens\u00e3o devidamente registrados na UFSM,\r\nque sejam<span style=\"text-align: justify\">&nbsp; <\/span>portadores(as) de diploma ou\r\nestudantes de gradua\u00e7\u00e3o da UFSM. <\/span>\r\n<\/p>\r\n<p style=\"text-align: justify\">\r\n<span style=\"text-align: justify\">Art.\r\n39. A mobilidade acad\u00eamica na p\u00f3s-gradua\u00e7\u00e3o de discentes de outras IES\r\nnacionais, e p\u00f3s doutorandos(as), que venham a desenvolver atividades de\r\nensino, pesquisa e extens\u00e3o, por qualquer<span style=\"text-align: justify\">&nbsp;\r\n<\/span>per\u00edodo, ocorre em fluxo cont\u00ednuo e deve ser feito o registro no N\u00facleo\r\nde Controle Acad\u00eamico da P\u00f3s Gradua\u00e7\u00e3o.<span style=\"text-align: justify\">&nbsp; <\/span>\r\n<\/span>\r\n<\/p>\r\n<p style=\"text-align: justify\">\r\n<span style=\"text-align: justify\">Par\u00e1grafo\r\n\u00fanico. Discentes ou pesquisadores(as) estrangeiros(as) mant\u00eam o v\u00ednculo com a\r\nUFSM por<span style=\"text-align: justify\">&nbsp; <\/span>meio de interc\u00e2mbio. <\/span>\r\n<\/p>\r\n<p style=\"text-align: justify\">\r\n<b style=\"text-align: justify\">\r\n<span style=\"text-align: justify\">Se\u00e7\u00e3o IV <\/span>\r\n<\/b>\r\n<\/p>\r\n<p style=\"text-align: justify\">\r\n<b style=\"text-align: justify\">\r\n<span style=\"text-align: justify\">Da Frequ\u00eancia e Avalia\u00e7\u00e3o <\/span>\r\n<\/b>\r\n<\/p>\r\n<p style=\"text-align: justify\">\r\n<span style=\"text-align: justify\">Art.\r\n40. A frequ\u00eancia \u00e9 obrigat\u00f3ria e n\u00e3o poder\u00e1 ser inferior a 75% (setenta e cinco\r\npor cento) da carga<span style=\"text-align: justify\">&nbsp; <\/span>hor\u00e1ria programada\r\npor disciplina ou atividade. <\/span>\r\n<\/p>\r\n<p style=\"text-align: justify\">\r\n<span style=\"text-align: justify\">Art.\r\n41. O aproveitamento em cada disciplina ser\u00e1 avaliado pelo(a) professor(a)\r\nrespons\u00e1vel em raz\u00e3o do<span style=\"text-align: justify\">&nbsp; <\/span>desempenho\r\nrelativo do(a) discente em provas, semin\u00e1rios, trabalhos individuais ou\r\ncoletivos, e outros,<span style=\"text-align: justify\">&nbsp; <\/span>sendo atribu\u00eddo um\r\ndos seguintes conceitos: <\/span>\r\n<\/p>\r\n<p style=\"text-align: justify\">\r\n<span style=\"text-align: justify\">I \u2013 A (10,0 a 9,1); <\/span>\r\n<\/p>\r\n<p style=\"text-align: justify\">\r\n<span style=\"text-align: justify\">II \u2013 A- (9,0 a 8,1); <\/span>\r\n<\/p>\r\n<p style=\"text-align: justify\">\r\n<span style=\"text-align: justify\">III \u2013 B (8,0 a 7,1); <\/span>\r\n<\/p>\r\n<p style=\"text-align: justify\">\r\n<span style=\"text-align: justify\">IV \u2013 B- (7,0 a 6,1); <\/span>\r\n<\/p>\r\n<p style=\"text-align: justify\">\r\n<span style=\"text-align: justify\">V \u2013 C (6,0 a 5,1); <\/span>\r\n<\/p>\r\n<p style=\"text-align: justify\">\r\n<span style=\"text-align: justify\">VI \u2013 C- (5,0 a 4,1); <\/span>\r\n<\/p>\r\n<p style=\"text-align: justify\">\r\n<span style=\"text-align: justify\">VII \u2013 D (4,0 a 3,1); <\/span>\r\n<\/p>\r\n<p style=\"text-align: justify\">\r\n<span style=\"text-align: justify\">VIII \u2013 D- (3,0 a 2,1); <\/span>\r\n<\/p>\r\n<p style=\"text-align: justify\">\r\n<span style=\"text-align: justify\">IX \u2013 E (2,0 a 1,1); ou <\/span>\r\n<\/p>\r\n<p style=\"text-align: justify\">\r\n<span style=\"text-align: justify\">X \u2013 E- (1,0 a 0,0). <\/span>\r\n<\/p>\r\n<p align=\"center\" style=\"text-align: justify\">\r\n<span style=\"text-align: justify\">\u00a7 1\u00b0 \u00c0s disciplinas que n\u00e3o forem\r\ncomputados os conceitos acima, ser\u00e3o atribu\u00eddas as seguintes situa\u00e7\u00f5es:<\/span>\r\n<\/p>\r\n<p style=\"text-align: justify\">\r\n<span style=\"text-align: justify\">I \u2013 AP (Aprovado); <\/span>\r\n<\/p>\r\n<p style=\"text-align: justify\">\r\n<span style=\"text-align: justify\">II \u2013 NA (N\u00e3o-Aprovado); <\/span>\r\n<\/p>\r\n<p style=\"text-align: justify\">\r\n<span style=\"text-align: justify\">III \u2013 R (Reprovado por Frequ\u00eancia, com peso zero); ou <\/span>\r\n<\/p>\r\n<p style=\"text-align: justify\">\r\n<span style=\"text-align: justify\">IV \u2013 I (Situa\u00e7\u00e3o Incompleta). <\/span>\r\n<\/p>\r\n<p style=\"text-align: justify\">\r\n<span style=\"text-align: justify\">\u00a7 2\u00b0 As disciplinas de nivelamento dever\u00e3o ser repetidas\r\ncaso a situa\u00e7\u00e3o seja NA. <\/span>\r\n<\/p>\r\n<p style=\"text-align: justify\">\r\n<span style=\"text-align: justify\">\u00a7\r\n3\u00b0 A situa\u00e7\u00e3o \u201cI\u201d significa trabalho incompleto e ser\u00e1 atribu\u00edda somente quando\r\nn\u00e3o houver<span style=\"text-align: justify\">&nbsp; <\/span>possibilidade de registro no\r\nmesmo semestre letivo, o que ser\u00e1 comprovado por uma das seguintes<span style=\"text-align: justify\">&nbsp; <\/span>situa\u00e7\u00f5es: <\/span>\r\n<\/p>\r\n<p style=\"text-align: justify\">\r\n<span style=\"text-align: justify\">I \u2013 tratamento de sa\u00fade; <\/span>\r\n<\/p>\r\n<p style=\"text-align: justify\">\r\n<span style=\"text-align: justify\">II \u2013 licen\u00e7a gestante; <\/span>\r\n<\/p>\r\n<p style=\"text-align: justify\">\r\n<span style=\"text-align: justify\">III \u2013 suspens\u00e3o de registro por irregularidade\r\nadministrativa; ou <\/span>\r\n<\/p>\r\n<p style=\"text-align: justify\">\r\n<span style=\"text-align: justify\">IV\r\n\u2013 casos omissos ser\u00e3o decididos em comum acordo entre o colegiado do curso e a\r\nPr\u00f3-Reitoria de P\u00f3s Gradua\u00e7\u00e3o e Pesquisa. <\/span>\r\n<\/p>\r\n<p style=\"text-align: justify\">\r\n<span style=\"text-align: justify\">\u00a7 4\u00b0 A situa\u00e7\u00e3o \u201cI\u201d n\u00e3o poder\u00e1 ultrapassar o semestre\r\nletivo subsequente. <\/span>\r\n<\/p>\r\n<p align=\"right\" style=\"text-align: justify\">\r\n<span style=\"text-align: justify\">Art. 42. O(A) discente que obtiver\r\nconceito igual ou inferior a \"C\" em qualquer disciplina ser\u00e1\r\nreprovado(a). <\/span>\r\n<\/p>\r\n<p style=\"text-align: justify\">\r\n<span style=\"text-align: justify\">Art.\r\n43. Ser\u00e1 desligado(a) do curso o(a) discente que for reprovado(a) (obter\r\nconceito igual ou inferior a<span style=\"text-align: justify\">&nbsp; <\/span>\u201cC\u201d, NA ou\r\nR) em 2 (duas) disciplinas ou por duas vezes na mesma disciplina, cabendo \u00e0\r\nSecretaria e \u00e0<span style=\"text-align: justify\">&nbsp; <\/span>Coordena\u00e7\u00e3o do CEEMQ o\r\nmonitoramento do hist\u00f3rico escolar dos(as) discentes e ao N\u00facleo de\r\nControle<span style=\"text-align: justify\">&nbsp; <\/span>Acad\u00eamico da P\u00f3s-Gradua\u00e7\u00e3o o\r\ncontrole desta situa\u00e7\u00e3o. <\/span>\r\n<\/p>\r\n<p style=\"text-align: justify\">\r\n<span style=\"text-align: justify\">Art.\r\n44. Ser\u00e1 vedada a matr\u00edcula em disciplinas nas quais o(a) discente tenha\r\nlogrado aprova\u00e7\u00e3o nos<span style=\"text-align: justify\">&nbsp; <\/span>\u00faltimos 5 (cinco)\r\nanos. <\/span>\r\n<\/p>\r\n<p style=\"text-align: justify\">\r\n<b style=\"text-align: justify\">\r\n<span style=\"text-align: justify\">Se\u00e7\u00e3o V <\/span>\r\n<\/b>\r\n<\/p>\r\n<p style=\"text-align: justify\">\r\n<b style=\"text-align: justify\">\r\n<span style=\"text-align: justify\">Da Defesa de Trabalho Final de\r\nEspecializa\u00e7\u00e3o <\/span>\r\n<\/b>\r\n<\/p>\r\n<p style=\"text-align: justify\">\r\n<span style=\"text-align: justify\">Art.\r\n45. A reda\u00e7\u00e3o do trabalho final de especializa\u00e7\u00e3o deve respeitar o Manual de\r\nDisserta\u00e7\u00f5es e Teses<span style=\"text-align: justify\">&nbsp; <\/span>da UFSM <\/span>\r\n<span style=\"text-align: justify\">(MDT).<\/span>\r\n<span style=\"text-align: justify\"> <\/span>\r\n<\/p>\r\n<p style=\"text-align: justify\">\r\n<span style=\"text-align: justify\">Art.\r\n46. \u00c9 responsabilidade do(a) discente a abertura, on-line, do processo de\r\ndefesa de trabalho final de<span style=\"text-align: justify\">&nbsp;\r\n<\/span>especializa\u00e7\u00e3o sugerindo a composi\u00e7\u00e3o da banca examinadora e atendendo\r\nao protocolo \u00e0 tramita\u00e7\u00e3o<span style=\"text-align: justify\">&nbsp; <\/span>destes\r\nprocessos, cujas informa\u00e7\u00f5es podem ser obtidas junto \u00e0 secretaria. <\/span>\r\n<\/p>\r\n<p style=\"text-align: justify\">\r\n<span style=\"text-align: justify\">Par\u00e1grafo\r\n\u00fanico. Uma vez aberto o processo de defesa de trabalho final de especializa\u00e7\u00e3o,\r\neste \u00e9<span style=\"text-align: justify\">&nbsp; <\/span>direcionado ao(\u00e0) orientador(a)\r\npara anu\u00eancia e, posteriormente, enviado \u00e0 coordena\u00e7\u00e3o do curso para<span style=\"text-align: justify\">&nbsp; <\/span>submeter \u00e0 an\u00e1lise e aprova\u00e7\u00e3o da banca pelo\r\ncolegiado do curso. <\/span>\r\n<\/p>\r\n<p style=\"text-align: justify\">\r\n<span style=\"text-align: justify\">Art.\r\n47. A banca examinadora ser\u00e1 constitu\u00edda de 3 (tr\u00eas) membros(as) efetivos(as) e\r\n1 (um\/uma) suplente<span style=\"text-align: justify\">&nbsp; <\/span>para a defesa do\r\ntrabalho final de especializa\u00e7\u00e3o. <\/span>\r\n<\/p>\r\n<p align=\"center\" style=\"text-align: justify\">\r\n<span style=\"text-align: justify\">\u00a7 1\u00b0 A presid\u00eancia dos trabalhos\r\nna banca examinadora ser\u00e1 exercida pelo(a) professor(a) orientador(a). <\/span>\r\n<\/p>\r\n<p style=\"text-align: justify\">\r\n<span style=\"text-align: justify\">\u00a7\r\n2\u00b0 Na impossibilidade de participa\u00e7\u00e3o do(a) professor(a) orientador(a) na banca\r\nexaminadora da defesa<span style=\"text-align: justify\">&nbsp; <\/span>do trabalho final\r\nde especializa\u00e7\u00e3o, o(a) coorientador(a) poder\u00e1 presidir os trabalhos de defesa.\r\n<\/span>\r\n<\/p>\r\n<p style=\"text-align: justify\">\r\n<span style=\"text-align: justify\">\u00a7\r\n3\u00b0 Na impossibilidade do(a) orientador(a) participar da defesa do trabalho\r\nfinal de especializa\u00e7\u00e3o, assim<span style=\"text-align: justify\">&nbsp; <\/span>como sua\r\nsubstitui\u00e7\u00e3o pelo(a) coorientador(a), o(a) orientador(a) dever\u00e1 comunicar\r\noficialmente \u00e0<span style=\"text-align: justify\">&nbsp; <\/span>coordena\u00e7\u00e3o do curso,\r\nindicando os motivos e sugerindo o(a) seu(ua) substituto(a).<\/span>\r\n<\/p>\r\n<p style=\"text-align: justify\">\r\n<span style=\"text-align: justify\">\u00a7\r\n4\u00b0 O(A) professor(a) indicado(a) pelo colegiado do programa de p\u00f3s-gradua\u00e7\u00e3o\r\ndever\u00e1 presidir os<span style=\"text-align: justify\">&nbsp; <\/span>trabalhos de defesa. <\/span>\r\n<\/p>\r\n<p style=\"text-align: justify\">\r\n<span style=\"text-align: justify\">\u00a7\r\n5\u00b0 Quando o(a) orientador(a) e o(a) coorientador(a) estiverem presentes na\r\nbanca examinadora de<span style=\"text-align: justify\">&nbsp; <\/span>defesa do trabalho\r\nfinal de especializa\u00e7\u00e3o, esta banca contar\u00e1 com mais um(a) membro(a)\r\nefetivo(a), e<span style=\"text-align: justify\">&nbsp; <\/span>o(a) coorientador(a) n\u00e3o\r\nparticipar\u00e1 da atribui\u00e7\u00e3o do conceito final. <\/span>\r\n<\/p>\r\n<p style=\"text-align: justify\">\r\n<span style=\"text-align: justify\">\u00a7\r\n6\u00b0 Por solicita\u00e7\u00e3o do(a) presidente da banca examinadora, o(a) suplente poder\u00e1\r\nparticipar de forma<span style=\"text-align: justify\">&nbsp; <\/span>efetiva dos\r\ntrabalhos da banca examinadora, n\u00e3o tendo direito a voto quando da atribui\u00e7\u00e3o\r\ndo conceito<span style=\"text-align: justify\">&nbsp; <\/span>final. <\/span>\r\n<\/p>\r\n<p style=\"text-align: justify\">\r\n<span style=\"text-align: justify\">\u00a7\r\n7\u00b0 No caso do trabalho final de especializa\u00e7\u00e3o conter informa\u00e7\u00f5es sigilosas, a\r\ndefesa poder\u00e1 ser<span style=\"text-align: justify\">&nbsp; <\/span>fechadas ao p\u00fablico e\r\nos(as) membros(as) da banca examinadora externos(as) ao curso exercer\u00e3o\r\nsuas<span style=\"text-align: justify\">&nbsp; <\/span>atividades mediante assinatura do\r\ntermo de confidencialidade e sigilo, que ficar\u00e1 de posse da<span style=\"text-align: justify\">&nbsp; <\/span>coordena\u00e7\u00e3o do CEEMQ. <\/span>\r\n<\/p>\r\n<p style=\"text-align: justify\">\r\n<span style=\"text-align: justify\">Art.\r\n48. N\u00e3o poder\u00e3o fazer parte das bancas examinadora, o(a) c\u00f4njuge do\r\ncandidato(a) ou do(a)<span style=\"text-align: justify\">&nbsp; <\/span>orientador(a), bem\r\ncomo parentes afins do(a) candidato(a) at\u00e9 o 3\u00b0 (terceiro) grau inclusive.<span style=\"text-align: justify\">&nbsp; <\/span>\r\n<\/span>\r\n<\/p>\r\n<p style=\"text-align: justify\">\r\n<span style=\"text-align: justify\">Par\u00e1grafo\r\n\u00fanico. A previs\u00e3o do <i style=\"text-align: justify\">caput <\/i>n\u00e3o afasta o dever de declara\u00e7\u00e3o de suspei\u00e7\u00e3o\r\nou impedimento de<span style=\"text-align: justify\">&nbsp; <\/span>atua\u00e7\u00e3o dos(as)\r\nmembros(as) em decorr\u00eancia das demais situa\u00e7\u00f5es previstas na legisla\u00e7\u00e3o\r\nsuperior que<span style=\"text-align: justify\">&nbsp; <\/span>disp\u00f5e sobre o conflito de\r\ninteresses, Lei n\u00b0 9.784, de 29 de janeiro de 1999, e Lei n\u00b0 12.813, de 16\r\nde<span style=\"text-align: justify\">&nbsp; <\/span>maio de 2013, ou outras que venham a\r\nsubstitu\u00ed-las. <\/span>\r\n<\/p>\r\n<p style=\"text-align: justify\">\r\n<span style=\"text-align: justify\">Art. 49. A banca examinadora ser\u00e1 aprovada pelo colegiado\r\ndo curso. <\/span>\r\n<\/p>\r\n<p style=\"text-align: justify\">\r\n<span style=\"text-align: justify\">Art.\r\n50. A impugna\u00e7\u00e3o de qualquer membro(a) da banca examinadora poder\u00e1 ser\r\nsolicitada pelo(a)<span style=\"text-align: justify\">&nbsp; <\/span>candidato(a) no prazo\r\nde 5 (cinco) dias \u00fateis, contados a partir da data em que o(a) candidato(a)\r\ntomar<span style=\"text-align: justify\">&nbsp; <\/span>conhecimento oficial da banca\r\nexaminadora, definida no colegiado do curso, devendo constar de<span style=\"text-align: justify\">&nbsp; <\/span>exposi\u00e7\u00e3o circunstanciada dos motivos que\r\nfundamentam a solicita\u00e7\u00e3o de impugna\u00e7\u00e3o. <\/span>\r\n<\/p>\r\n<p style=\"text-align: justify\">\r\n<span style=\"text-align: justify\">Par\u00e1grafo\r\n\u00fanico. A solicita\u00e7\u00e3o de impugna\u00e7\u00e3o deve ser endere\u00e7ada ao(\u00e0) coordenador(a) do\r\ncurso que,<span style=\"text-align: justify\">&nbsp; <\/span>por sua vez, a encaminhar\u00e1 ao\r\ncolegiado a fim de serem tomadas as devidas provid\u00eancias. <\/span>\r\n<\/p>\r\n<p style=\"text-align: justify\">\r\n<span style=\"text-align: justify\">Art.\r\n51. No caso de aprova\u00e7\u00e3o do trabalho final de especializa\u00e7\u00e3o, o(a) candidato(a)\r\ndever\u00e1 apresentar as<span style=\"text-align: justify\">&nbsp; <\/span>c\u00f3pias definitivas\r\n\u00e0 coordena\u00e7\u00e3o do curso, de acordo com o prazo definido pela banca examinadora,<span style=\"text-align: justify\">&nbsp; <\/span>constante em ata de defesa, com as\r\nmodifica\u00e7\u00f5es sugeridas, ficando a verifica\u00e7\u00e3o das corre\u00e7\u00f5es sob a<span style=\"text-align: justify\">&nbsp; <\/span>responsabilidade do(a) professor(a)\r\norientador(a) a verifica\u00e7\u00e3o das corre\u00e7\u00f5es. <\/span>\r\n<\/p>\r\n<p style=\"text-align: justify\">\r\n<span style=\"text-align: justify\">\u00a7\r\n1\u00b0 O prazo m\u00e1ximo que poder\u00e1 ser concedido pela banca examinadora ser\u00e1 de 90\r\n(noventa) dias a<span style=\"text-align: justify\">&nbsp; <\/span>contar da data da\r\ndefesa. <\/span>\r\n<\/p>\r\n<p style=\"text-align: justify\">\r\n<span style=\"text-align: justify\">\u00a7\r\n2\u00b0 O(A) discente dever\u00e1 entregar o trabalho final de especializa\u00e7\u00e3o de forma\r\ndigital por meio do<span style=\"text-align: justify\">&nbsp; <\/span>Processo Eletr\u00f4nico\r\nNacional - PEN\/SIE da UFSM. <\/span>\r\n<\/p>\r\n<p style=\"text-align: justify\">\r\n<span style=\"text-align: justify\">\u00a7\r\n3\u00b0 O(A) candidato(a) dever\u00e1 entregar uma vers\u00e3o eletr\u00f4nica ou impressa do\r\ntrabalho final de<span style=\"text-align: justify\">&nbsp; <\/span>especializa\u00e7\u00e3o para\r\ncada um(a) dos(as) membros(as) da banca. <\/span>\r\n<\/p>\r\n<p style=\"text-align: justify\">\r\n<span style=\"text-align: justify\">Art.\r\n52. \u00c9 condi\u00e7\u00e3o para expedi\u00e7\u00e3o do certificado de conclus\u00e3o de curso de\r\np\u00f3s-gradua\u00e7\u00e3o <i style=\"text-align: justify\">lato sensu,<span style=\"text-align: justify\">&nbsp; <\/span>\r\n<\/i>n\u00edvel\r\nde especialista, a comprova\u00e7\u00e3o do cumprimento, pelo(a) discente, de todas as\r\nexig\u00eancias<span style=\"text-align: justify\">&nbsp; <\/span>regulamentares. <\/span>\r\n<\/p>\r\n<p style=\"text-align: justify\">\r\n<span style=\"text-align: justify\">Art.\r\n53. O N\u00facleo de Controle Acad\u00eamico da P\u00f3s-Gradua\u00e7\u00e3o expedir\u00e1 o certificado a\r\nque far\u00e3o jus os(as)<span style=\"text-align: justify\">&nbsp; <\/span>discentes que\r\ntiverem obtido aproveitamento, segundo os crit\u00e9rios de avalia\u00e7\u00e3o\r\npreviamente<span style=\"text-align: justify\">&nbsp; <\/span>estabelecidos, sendo obrigat\u00f3rio,\r\npelo menos, 75% (setenta e cinco por cento) de frequ\u00eancia. <\/span>\r\n<\/p>\r\n<p style=\"text-align: justify\">\r\n<span style=\"text-align: justify\">\u00a7\r\n1\u00b0 Os certificados de conclus\u00e3o de curso de p\u00f3s-gradua\u00e7\u00e3o <i style=\"text-align: justify\">lato sensu<\/i>, em\r\nn\u00edvel de especializa\u00e7\u00e3o,<span style=\"text-align: justify\">&nbsp; <\/span>devem mencionar\r\na \u00e1rea do conhecimento do curso e serem acompanhados do respectivo\r\nhist\u00f3rico<span style=\"text-align: justify\">&nbsp; <\/span>escolar, do qual devem constar\r\nobrigatoriamente:<\/span>\r\n<\/p>\r\n<p style=\"text-align: justify\">\r\n<span style=\"text-align: justify\">I\r\n\u2013 rela\u00e7\u00e3o das disciplinas, carga hor\u00e1ria, nota ou conceito obtido pelo(a)\r\ndiscente, nome e titula\u00e7\u00e3o dos(as)<span style=\"text-align: justify\">&nbsp;\r\n<\/span>professores(as) por elas respons\u00e1veis; <\/span>\r\n<\/p>\r\n<p align=\"center\" style=\"text-align: justify\">\r\n<span style=\"text-align: justify\">II \u2013 per\u00edodo em que o curso foi\r\nrealizado e a sua dura\u00e7\u00e3o total, em horas de efetivo trabalho acad\u00eamico; <\/span>\r\n<\/p>\r\n<p style=\"text-align: justify\">\r\n<span style=\"text-align: justify\">III\r\n\u2013 declara\u00e7\u00e3o da Institui\u00e7\u00e3o de que o curso cumpriu todas as disposi\u00e7\u00f5es da\r\nResolu\u00e7\u00e3o CNE\/CES 1\/2018;<span style=\"text-align: justify\">&nbsp; <\/span>e <\/span>\r\n<\/p>\r\n<p style=\"text-align: justify\">\r\n<span style=\"text-align: justify\">IV \u2013 cita\u00e7\u00e3o do ato legal de credenciamento da\r\nInstitui\u00e7\u00e3o. <\/span>\r\n<\/p>\r\n<p style=\"text-align: justify\">\r\n<span style=\"text-align: justify\">\u00a7\r\n2\u00b0 Os certificados de conclus\u00e3o de cursos de p\u00f3s-gradua\u00e7\u00e3o <i style=\"text-align: justify\">lato sensu, <\/i>em\r\nn\u00edvel de especializa\u00e7\u00e3o,<span style=\"text-align: justify\">&nbsp; <\/span>devem ser\r\nobrigatoriamente registrados na UFSM. <\/span>\r\n<\/p>\r\n<p style=\"text-align: justify\">\r\n<span style=\"text-align: justify\">\u00a7\r\n3\u00b0 Os certificados de conclus\u00e3o de cursos de p\u00f3s-gradua\u00e7\u00e3o <i style=\"text-align: justify\">lato sensu, <\/i>em\r\nn\u00edvel de especializa\u00e7\u00e3o, que<span style=\"text-align: justify\">&nbsp; <\/span>se\r\nenquadrem na Resolu\u00e7\u00e3o CNE\/CES 1\/2018, ter\u00e3o validade nacional. <\/span>\r\n<\/p>\r\n<p align=\"center\" style=\"text-align: justify\">\r\n<span style=\"text-align: justify\">\u00a7 4\u00b0 Os certificados obtidos em\r\ncursos de especializa\u00e7\u00e3o n\u00e3o equivalem a certificados de especialidade. <\/span>\r\n<\/p>\r\n<p style=\"text-align: justify\">\r\n<b style=\"text-align: justify\">\r\n<span style=\"text-align: justify\">Se\u00e7\u00e3o VI <\/span>\r\n<\/b>\r\n<\/p>\r\n<p style=\"text-align: justify\">\r\n<b style=\"text-align: justify\">\r\n<span style=\"text-align: justify\">Da Defesa de Trabalho Final de\r\nEspecializa\u00e7\u00e3o <\/span>\r\n<\/b>\r\n<\/p>\r\n<p style=\"text-align: justify\">\r\n<span style=\"text-align: justify\">Art.\r\n54. Por ocasi\u00e3o da defesa do trabalho final de especializa\u00e7\u00e3o, a banca\r\nexaminadora apreciar\u00e1 a<span style=\"text-align: justify\">&nbsp; <\/span>capacidade\r\nrevelada pelo(a) discente, notadamente, a maneira de conduzir a defesa de seu\r\ntrabalho. <\/span>\r\n<\/p>\r\n<p style=\"text-align: justify\">\r\n<span style=\"text-align: justify\">Art.\r\n55. O(A) discente ter\u00e1 um tempo m\u00e1ximo de 50 (cinquenta) minutos para fazer a\r\napresenta\u00e7\u00e3o geral<span style=\"text-align: justify\">&nbsp; <\/span>de seu trabalho. <\/span>\r\n<\/p>\r\n<p style=\"text-align: justify\">\r\n<span style=\"text-align: justify\">Art.\r\n56. Na realiza\u00e7\u00e3o da defesa do trabalho final de especializa\u00e7\u00e3o, cada um(a)\r\ndos(as) membros(as) da<span style=\"text-align: justify\">&nbsp; <\/span>banca examinadora\r\narguir\u00e1 o(a) discente por tempo necess\u00e1rio e este dispor\u00e1, no m\u00ednimo, de igual\r\ntempo<span style=\"text-align: justify\">&nbsp; <\/span>para responder a cada quest\u00e3o. <\/span>\r\n<\/p>\r\n<p style=\"text-align: justify\">\r\n<span style=\"text-align: justify\">Art.\r\n57. Conclu\u00edda a etapa de argui\u00e7\u00f5es, a banca examinadora far\u00e1 a atribui\u00e7\u00e3o do\r\nresultado final em<span style=\"text-align: justify\">&nbsp; <\/span>recinto fechado, que\r\nser\u00e1, na sequ\u00eancia, divulgado para o(a) discente e a comunidade interessada. <\/span>\r\n<\/p>\r\n<p style=\"text-align: justify\">\r\n<span style=\"text-align: justify\">Par\u00e1grafo\r\n\u00fanico. O conceito a ser atribu\u00eddo ao(\u00e0) discente deve ser \u201cAprovado\u201d ou\r\n\u201cN\u00e3o-Aprovado\u201d e<span style=\"text-align: justify\">&nbsp; <\/span>registrado na ata de\r\ndefesa. <\/span>\r\n<\/p>\r\n<p style=\"text-align: justify\">\r\n<span style=\"text-align: justify\">Art. 58. A defesa do trabalho final de especializa\u00e7\u00e3o\r\ndever\u00e1 ser aberta ao p\u00fablico. <\/span>\r\n<\/p>\r\n<p style=\"text-align: justify\">\r\n<span style=\"text-align: justify\">Par\u00e1grafo\r\n\u00fanico. No caso de o trabalho final de especializa\u00e7\u00e3o conter informa\u00e7\u00f5es\r\nsigilosas ou pass\u00edveis<span style=\"text-align: justify\">&nbsp; <\/span>de solicita\u00e7\u00e3o de\r\ndireitos de propriedade intelectual, com parecer favor\u00e1vel da PROINOVA, a\r\ndefesa<span style=\"text-align: justify\">&nbsp; <\/span>dever\u00e1 ser fechada ao p\u00fablico,\r\nconforme definido no art. 47. <\/span>\r\n<\/p>\r\n<p style=\"text-align: justify\">\r\n<span style=\"text-align: justify\">Art. 59. A defesa do trabalho final de especializa\u00e7\u00e3o pode\r\nser realizada por videoconfer\u00eancia. <\/span>\r\n<\/p>\r\n<p style=\"text-align: justify\">\r\n<span style=\"text-align: justify\">Art.\r\n60. Por motivo justificado cabe ao(\u00e0) coordenador(a) adiar a data da defesa do\r\ntrabalho final de<span style=\"text-align: justify\">&nbsp; <\/span>especializa\u00e7\u00e3o, desde\r\nque obede\u00e7a aos prazos estabelecidos neste regulamento. <\/span>\r\n<\/p>\r\n<p style=\"text-align: justify\">\r\n<span style=\"text-align: justify\">Art.\r\n61. No julgamento final, cada avaliador(a) atribuir\u00e1 o conceito ao trabalho\r\nfinal de especializa\u00e7\u00e3o e,<span style=\"text-align: justify\">&nbsp; <\/span>nos casos em\r\nque n\u00e3o houver consenso entre os(as) avaliadores(as), dever\u00e3o ser aplicadas\r\nas<span style=\"text-align: justify\">&nbsp; <\/span>regulamenta\u00e7\u00f5es estabelecidas nos\r\npar\u00e1grafos deste artigo. <\/span>\r\n<\/p>\r\n<p style=\"text-align: justify\">\r\n<span style=\"text-align: justify\">\u00a7\r\n1\u00b0 Ser\u00e1 considerado(a) aprovado(a), na defesa do trabalho final de\r\nespecializa\u00e7\u00e3o, o(a) candidato(a)<span style=\"text-align: justify\">&nbsp; <\/span>que\r\nobtiver aprova\u00e7\u00e3o por maioria simples dos(as) membros(as) da banca examinadora.\r\n<\/span>\r\n<\/p>\r\n<p style=\"text-align: justify\">\r\n<span style=\"text-align: justify\">\u00a7\r\n2\u00b0 O(A) candidato(a) reprovado(a) poder\u00e1 ter, a crit\u00e9rio da banca examinadora,\r\nprazo de at\u00e9 6 (seis)<span style=\"text-align: justify\">&nbsp; <\/span>meses para\r\nsubmeter-se a uma \u00fanica nova defesa do trabalho final de especializa\u00e7\u00e3o,\r\ndevendo o(a)<span style=\"text-align: justify\">&nbsp; <\/span>discente manter o v\u00ednculo\r\nmediante matr\u00edcula em EDM.<\/span>\r\n<\/p>\r\n<p style=\"text-align: justify\">\r\n<span style=\"text-align: justify\">CAP\u00cdTULO V <\/span>\r\n<\/p>\r\n<p style=\"text-align: justify\">\r\n<span style=\"text-align: justify\">DAS DISPOSI\u00c7\u00d5ES GERAIS <\/span>\r\n<\/p>\r\n<p style=\"text-align: justify\">\r\n<span style=\"text-align: justify\">Art.\r\n62. Os casos omissos e as d\u00favidas eventualmente surgidas da aplica\u00e7\u00e3o do\r\npresente Regulamento<span style=\"text-align: justify\">&nbsp; <\/span>Interno ser\u00e3o\r\nsolucionados pelo colegiado do curso, cabendo recurso da decis\u00e3o junto ao\r\nConselho do<span style=\"text-align: justify\">&nbsp; <\/span>Centro de Ci\u00eancias Naturais\r\ne Exatas e em \u00faltima inst\u00e2ncia ao Conselho de Ensino, Pesquisa e Extens\u00e3o<span style=\"text-align: justify\">&nbsp; <\/span>(CEPE\/UFSM).<span style=\"text-align: justify\">&nbsp;\r\n<\/span>\r\n<\/span>\r\n<\/p>\r\n<p style=\"text-align: justify\">\r\n<span style=\"text-align: justify\">Par\u00e1grafo\r\n\u00fanico. Ocorrendo altera\u00e7\u00e3o legislativa superior, ou de procedimentos pelos\r\nMinist\u00e9rios<span style=\"text-align: justify\">&nbsp; <\/span>competentes, que impactem na\r\npresente mat\u00e9ria, por for\u00e7a do princ\u00edpio da legalidade insculpido no art.<span style=\"text-align: justify\">&nbsp; <\/span>37, <i style=\"text-align: justify\">caput<\/i>, da CF\/1988, a mesma se\r\naplica de imediato, ressalvadas as hip\u00f3teses de ato jur\u00eddico perfeito,<span style=\"text-align: justify\">&nbsp; <\/span>coisa julgada e direito adquirido.<span style=\"text-align: justify\">&nbsp; <\/span>\r\n<\/span>\r\n<\/p>\r\n<p style=\"text-align: justify\">\r\n<span style=\"text-align: justify\">CAP\u00cdTULO VI<span style=\"text-align: justify\">&nbsp; <\/span>\r\n<\/span>\r\n<\/p>\r\n<p style=\"text-align: justify\">\r\n<span style=\"text-align: justify\">DAS DISPOSI\u00c7\u00d5ES TRANSIT\u00d3RIAS<span style=\"text-align: justify\">&nbsp; <\/span>\r\n<\/span>\r\n<\/p>\r\n<p style=\"text-align: justify\">\r\n<span style=\"text-align: justify\">Art. 63. O Regulamento do Curso de\r\nEspecializa\u00e7\u00e3o em Estat\u00edstica e Modelagem Quantitativa se aplica a<span style=\"text-align: justify\">&nbsp; <\/span>todos(as) os(as) estudantes do Programa que\r\ningressarem a partir da data de sua entrada em vigor.<span style=\"text-align: justify\">&nbsp; <\/span>\r\n<\/span>\r\n<\/p>\r\n<p align=\"center\" style=\"text-align: justify\">\r\n\r\n\r\n\r\n\r\n\r\n\r\n\r\n\r\n\r\n\r\n\r\n\r\n<!--StartFragment-->\r\n\r\n\r\n\r\n\r\n\r\n\r\n\r\n\r\n\r\n\r\n\r\n\r\n\r\n\r\n\r\n\r\n\r\n\r\n\r\n\r\n\r\n\r\n\r\n\r\n\r\n\r\n\r\n\r\n\r\n\r\n\r\n\r\n\r\n\r\n\r\n\r\n\r\n\r\n\r\n\r\n\r\n\r\n\r\n\r\n\r\n\r\n\r\n\r\n\r\n\r\n\r\n\r\n\r\n\r\n\r\n\r\n\r\n\r\n\r\n\r\n\r\n\r\n\r\n\r\n\r\n\r\n\r\n\r\n\r\n\r\n\r\n\r\n\r\n\r\n\r\n\r\n\r\n\r\n\r\n\r\n\r\n\r\n\r\n\r\n\r\n\r\n\r\n\r\n\r\n\r\n\r\n\r\n\r\n\r\n\r\n\r\n\r\n\r\n\r\n\r\n\r\n\r\n\r\n\r\n\r\n\r\n\r\n\r\n\r\n\r\n\r\n\r\n\r\n\r\n\r\n\r\n\r\n\r\n\r\n\r\n\r\n\r\n\r\n\r\n\r\n\r\n\r\n\r\n\r\n\r\n\r\n\r\n\r\n\r\n\r\n\r\n\r\n\r\n\r\n\r\n\r\n\r\n\r\n\r\n\r\n\r\n\r\n\r\n\r\n\r\n\r\n\r\n\r\n\r\n\r\n\r\n\r\n\r\n\r\n\r\n\r\n\r\n\r\n\r\n\r\n\r\n\r\n\r\n\r\n\r\n\r\n\r\n\r\n\r\n\r\n\r\n\r\n\r\n\r\n\r\n\r\n\r\n\r\n\r\n\r\n\r\n\r\n\r\n\r\n\r\n\r\n\r\n\r\n\r\n\r\n\r\n\r\n\r\n\r\n\r\n\r\n\r\n\r\n\r\n\r\n\r\n\r\n\r\n\r\n\r\n\r\n\r\n\r\n\r\n\r\n\r\n\r\n\r\n\r\n\r\n\r\n\r\n\r\n\r\n\r\n\r\n\r\n\r\n\r\n\r\n\r\n\r\n\r\n\r\n\r\n\r\n\r\n\r\n\r\n\r\n\r\n\r\n\r\n\r\n\r\n\r\n\r\n\r\n\r\n\r\n\r\n\r\n\r\n\r\n\r\n\r\n\r\n\r\n\r\n\r\n\r\n\r\n\r\n\r\n\r\n\r\n\r\n\r\n\r\n\r\n\r\n\r\n\r\n\r\n\r\n\r\n\r\n\r\n\r\n\r\n\r\n\r\n\r\n\r\n\r\n\r\n\r\n\r\n\r\n\r\n\r\n\r\n\r\n\r\n\r\n\r\n\r\n\r\n\r\n\r\n\r\n\r\n\r\n\r\n\r\n\r\n\r\n\r\n\r\n\r\n\r\n\r\n\r\n\r\n\r\n\r\n\r\n\r\n\r\n\r\n\r\n\r\n\r\n\r\n\r\n\r\n\r\n\r\n\r\n\r\n\r\n\r\n\r\n\r\n\r\n\r\n\r\n\r\n\r\n\r\n\r\n\r\n\r\n\r\n\r\n\r\n\r\n\r\n\r\n\r\n\r\n\r\n\r\n\r\n\r\n\r\n\r\n\r\n\r\n\r\n\r\n\r\n\r\n\r\n\r\n\r\n\r\n\r\n\r\n\r\n\r\n\r\n\r\n\r\n\r\n\r\n\r\n\r\n\r\n\r\n\r\n\r\n\r\n\r\n\r\n\r\n\r\n\r\n\r\n\r\n\r\n\r\n\r\n\r\n\r\n\r\n\r\n\r\n\r\n\r\n\r\n\r\n\r\n\r\n\r\n\r\n\r\n\r\n\r\n\r\n\r\n\r\n\r\n\r\n\r\n\r\n\r\n\r\n\r\n\r\n\r\n\r\n\r\n\r\n\r\n\r\n\r\n\r\n\r\n\r\n\r\n\r\n\r\n\r\n\r\n\r\n\r\n\r\n\r\n\r\n\r\n\r\n\r\n\r\n\r\n\r\n\r\n\r\n\r\n\r\n\r\n\r\n\r\n\r\n\r\n\r\n\r\n\r\n\r\n\r\n\r\n\r\n\r\n\r\n\r\n\r\n\r\n\r\n\r\n\r\n\r\n\r\n\r\n\r\n\r\n\r\n\r\n\r\n\r\n\r\n\r\n\r\n\r\n\r\n\r\n\r\n\r\n\r\n\r\n\r\n\r\n\r\n\r\n\r\n\r\n\r\n\r\n\r\n\r\n\r\n\r\n\r\n\r\n\r\n\r\n\r\n\r\n\r\n\r\n\r\n\r\n\r\n\r\n\r\n\r\n\r\n\r\n\r\n\r\n\r\n\r\n\r\n\r\n\r\n\r\n\r\n\r\n\r\n\r\n\r\n\r\n\r\n\r\n\r\n\r\n\r\n\r\n\r\n\r\n\r\n\r\n\r\n\r\n\r\n\r\n\r\n\r\n<!--EndFragment-->\r\n<\/p>\r\n<p style=\"text-align: justify\">\r\n<span style=\"text-align: justify\">Par\u00e1grafo\r\n\u00fanico. Os(As) estudantes j\u00e1 matriculados(as) at\u00e9 a data de publica\u00e7\u00e3o deste\r\nRegulamento<span style=\"text-align: justify\">&nbsp; <\/span>poder\u00e3o solicitar ao\r\ncolegiado do curso a sua sujei\u00e7\u00e3o integral \u00e0 nova norma no prazo de 6 (seis)\r\nmeses<span style=\"text-align: justify\">&nbsp; <\/span>ap\u00f3s a publica\u00e7\u00e3o. <\/span>\r\n<\/p>\r\n<p align=\"right\" style=\"text-align: right\">\r\n<span style=\"text-align: justify\">Felix Alexandre Antunes Soares <\/span>\r\n<\/p>\r\n<p align=\"right\" style=\"text-align: right\">\r\n<span style=\"text-align: justify\">\r\n<span style=\"text-align: justify\">&nbsp;<\/span>Diretor<\/span>\r\n<\/p>\r\n<p>\r\n<span style=\"color: red\">Este texto n\u00e3o substitui o documento original, publicado no Portal de Documentos.<\/span> Dispon\u00edvel em <a href=\"https:\/\/portal.ufsm.br\/documentos\/publico\/documento.html?idDocumento=15914524\" style=\"color: blue !important;text-decoration: underline !important\" data-elementor-preserved=\"true\">https:\/\/portal.ufsm.br\/documentos\/publico\/documento.html?idDocumento=15914524<\/a>\r\n<\/p>\r\n<p style=\"text-align: justify\">\r\n\r\n\r\n\r\n\r\n\r\n\r\n\r\n\r\n\r\n\r\n\r\n\r\n<!--StartFragment-->\r\n\r\n\r\n\r\n\r\n\r\n\r\n\r\n<!--EndFragment-->\r\n<\/p>\r\n<p style=\"text-align: justify\">\r\n<span style=\"text-align: justify\">&nbsp;<\/span>\r\n<\/p>\r\n\r\n<!--EndFragment-->\r\n<div class=\"normal-text\" style=\"text-align: center\">\r\n<\/div>\r\n<div class=\"normal-text\" style=\"text-align: center\">\r\n<\/div>\r\n<\/font><\/div>\t\t<\/div>\n\t\t\t\t<\/div>\n\t\t\t\t\t<\/div>\n\t\t<\/div>\n\t\t\t\t\t<\/div>\n\t\t<\/section>\n\t\t\t\t<\/div>\n\t\t","protected":false},"excerpt":{"rendered":"<p>MINIST\u00c9RIO DA EDUCA\u00c7\u00c3O UNIVERSIDADE FEDERAL DE SANTA MARIA REGULAMENTO DO CURSO DE ESPECIALIZA\u00c7\u00c3O EM ESTAT\u00cdSTICA E&nbsp; MODELAGEM QUANTITATIVA DO CENTRO DE CI\u00caNCIAS NATURAIS E EXATAS Anexo I da Portaria Normativa CCNE\/UFSM n\u00b0 002,&nbsp; de 11 de Junho de 2026. CAP\u00cdTULO I OBJETIVOS E ORGANIZA\u00c7\u00c3O GERAL Se\u00e7\u00e3o I Dos Objetivos Art. 1\u00b0 O Curso de Especializa\u00e7\u00e3o [&hellip;]<\/p>\n","protected":false},"author":8863,"featured_media":0,"parent":0,"menu_order":0,"comment_status":"closed","ping_status":"closed","template":"","meta":{"footnotes":""},"categories":[],"tags":[],"class_list":["post-7660","page","type-page","status-publish","hentry"],"acf":[],"_links":{"self":[{"href":"https:\/\/www.ufsm.br\/pro-reitorias\/proplan\/wp-json\/wp\/v2\/pages\/7660","targetHints":{"allow":["GET"]}}],"collection":[{"href":"https:\/\/www.ufsm.br\/pro-reitorias\/proplan\/wp-json\/wp\/v2\/pages"}],"about":[{"href":"https:\/\/www.ufsm.br\/pro-reitorias\/proplan\/wp-json\/wp\/v2\/types\/page"}],"author":[{"embeddable":true,"href":"https:\/\/www.ufsm.br\/pro-reitorias\/proplan\/wp-json\/wp\/v2\/users\/8863"}],"replies":[{"embeddable":true,"href":"https:\/\/www.ufsm.br\/pro-reitorias\/proplan\/wp-json\/wp\/v2\/comments?post=7660"}],"version-history":[{"count":0,"href":"https:\/\/www.ufsm.br\/pro-reitorias\/proplan\/wp-json\/wp\/v2\/pages\/7660\/revisions"}],"wp:attachment":[{"href":"https:\/\/www.ufsm.br\/pro-reitorias\/proplan\/wp-json\/wp\/v2\/media?parent=7660"}],"wp:term":[{"taxonomy":"category","embeddable":true,"href":"https:\/\/www.ufsm.br\/pro-reitorias\/proplan\/wp-json\/wp\/v2\/categories?post=7660"},{"taxonomy":"post_tag","embeddable":true,"href":"https:\/\/www.ufsm.br\/pro-reitorias\/proplan\/wp-json\/wp\/v2\/tags?post=7660"}],"curies":[{"name":"wp","href":"https:\/\/api.w.org\/{rel}","templated":true}]}}