{"id":7673,"date":"2026-09-02T10:39:16","date_gmt":"2026-09-02T13:39:16","guid":{"rendered":"https:\/\/www.ufsm.br\/pro-reitorias\/proplan\/?page_id=7673"},"modified":"2026-09-02T10:40:05","modified_gmt":"2026-09-02T13:40:05","slug":"resolucao-ufsm-n-278-2026","status":"publish","type":"page","link":"https:\/\/www.ufsm.br\/pro-reitorias\/proplan\/resolucao-ufsm-n-278-2026","title":{"rendered":"RESOLU\u00c7\u00c3O UFSM N\u00b0 278\/2026"},"content":{"rendered":"\t\t<div data-elementor-type=\"wp-page\" data-elementor-id=\"7673\" class=\"elementor elementor-7673\">\n\t\t\t\t\t\t<section class=\"elementor-section elementor-top-section elementor-element elementor-element-edcb7d9 elementor-section-boxed elementor-section-height-default elementor-section-height-default\" data-id=\"edcb7d9\" data-element_type=\"section\">\n\t\t\t\t\t\t<div class=\"elementor-container elementor-column-gap-default\">\n\t\t\t\t\t<div class=\"elementor-column elementor-col-100 elementor-top-column elementor-element elementor-element-3069a1b\" data-id=\"3069a1b\" data-element_type=\"column\">\n\t\t\t<div class=\"elementor-widget-wrap elementor-element-populated\">\n\t\t\t\t\t\t<div class=\"elementor-element elementor-element-fde6da6 elementor-widget elementor-widget-html\" data-id=\"fde6da6\" data-element_type=\"widget\" data-widget_type=\"html.default\">\n\t\t\t\t<div class=\"elementor-widget-container\">\n\t\t\t<br><div align=\"justify\"><font color=\"black\">\r\n<div align=\"center\">\r\n<img decoding=\"async\" src=\"https:\/\/www.ufsm.br\/pro-reitorias\/proplan\/wp-content\/uploads\/sites\/344\/2019\/09\/brasao-da-republica-do-brasil-logo.png\" alt=\"Bras\u00e3o Rep\u00fablica Federativa do Brasil\" width=\"6%\" height=\"6%\">\r\n<\/div>\r\n<h4>\r\n<font color=\"blue\">\r\n<font size=\"5\">\r\n<\/font>\r\n<\/font>\r\n<div align=\"center\">\r\n<font color=\"blue\">\r\n<font size=\"5\">MINIST\u00c9RIO DA EDUCA\u00c7\u00c3O<\/font>\r\n<\/font>\r\n<\/div>\r\n<\/h4>\r\n<p>\r\n<b>\r\n<font color=\"0000blue\">\r\n<\/font>\r\n<\/b>\r\n<\/p>\r\n<div align=\"center\">\r\n<b>\r\n<font color=\"0000blue\">UNIVERSIDADE FEDERAL DE SANTA MARIA<\/font>\r\n<\/b>\r\n<\/div>\r\n<p>\r\n<\/p>\r\n\r\n\r\n\r\n\r\n\r\n\r\n\r\n\r\n\r\n\r\n\r\n\r\n\r\n\r\n<!--StartFragment-->\r\n\r\n<p align=\"center\">\r\n<span style=\"text-align: justify\">\r\n<b>\r\n<a href=\"https:\/\/portal.ufsm.br\/documentos\/publico\/documento.html?id=15934978\" style=\"color: blue !important;text-decoration: underline !important\" data-elementor-preserved=\"true\">RESOLU\u00c7\u00c3O UFSM N\u00b0 278, DE 1\u00b0 DE SETEMBRO DE 2026<\/a>\r\n<\/b>\r\n<\/span>\r\n<\/p>\r\n\r\n<p>&nbsp;<\/p>\r\n\r\n<p>\r\n    <div style=\"color: #800000;display: block;width: 60%;margin-left: auto;margin-right: 0;text-align: justify;font-weight: normal\">\r\n      Aprova o Regimento Interno do Centro de Ci\u00eancias da Sa\u00fade (CCS), vinculado \u00e0 Universidade Federal de Santa Maria (UFSM), suas compet\u00eancias e atribui\u00e7\u00f5es.\r\n    <\/div>\r\n<\/p>\r\n\r\n<p>&nbsp;<\/p>\r\n\r\n<p>A REITORA DA UNIVERSIDADE FEDERAL DE SANTA MARIA, no uso de suas\r\natribui\u00e7\u00f5es legais que lhe confere o art. 30 do <a href=\"https:\/\/www.ufsm.br\/pro-reitorias\/proplan\/estatuto-ufsm-2010\" style=\"color: blue !important;text-decoration: underline !important\" data-elementor-preserved=\"true\">Estatuto da Universidade Federal de Santa Maria<\/a> com as adequa\u00e7\u00f5es aprovadas pela <a href=\"https:\/\/www.ufsm.br\/pro-reitorias\/proplan\/resolucao-n-037-2010\" style=\"color: blue !important;text-decoration: underline !important\" data-elementor-preserved=\"true\">Resolu\u00e7\u00e3o UFSM n\u00b0 037, de 30 de novembro de 2010<\/a>, aprovado pela Portaria n\u00b0 156, de 12 de mar\u00e7o de\r\n2014, e publicado no Di\u00e1rio Oficial da Uni\u00e3o em 13 de mar\u00e7o de 2014, tendo em\r\nvista a <a href=\"https:\/\/www.planalto.gov.br\/ccivil_03\/constituicao\/constituicao.htm\" style=\"color: blue !important;text-decoration: underline !important\" data-elementor-preserved=\"true\">Constitui\u00e7\u00e3o Federal de 1988 (art. 207, caput),<\/a> a <a href=\"https:\/\/www.planalto.gov.br\/ccivil_03\/leis\/l9394.htm\" style=\"color: blue !important;text-decoration: underline !important\" data-elementor-preserved=\"true\">Lei n\u00b0 9.394, de 20 de dezembro de 1996<\/a>, a <a href=\"https:\/\/www.ufsm.br\/pro-reitorias\/proplan\/resolucao-ufsm-no-219-2025\" style=\"color: blue !important;text-decoration: underline !important\" data-elementor-preserved=\"true\">Resolu\u00e7\u00e3o UFSM n\u00b0 219, de 1\u00b0 de agosto de 2025<\/a>, e o que\r\nconsta no Processo <a name=\"title3_anchor\">n\u00b0 <\/a>\r\n<a href=\"https:\/\/portal.ufsm.br\/documentos\/publico\/processo\/documento.html?idDocumento=15798034\" style=\"color: blue !important;text-decoration: underline !important\" data-elementor-preserved=\"true\">23081.054851\/2026-62<\/a>,\r\nresolve:<\/p>\r\n\r\n<p>&nbsp;<\/p>\r\n\r\n<p>Art. 1\u00b0&nbsp;\r\nFica aprovado o Regimento Interno do Centro de Ci\u00eancias da Sa\u00fade (CCS),\r\nvinculado \u00e0 Universidade Federal de Santa Maria (UFSM), suas compet\u00eancias e\r\natribui\u00e7\u00f5es.<\/p>\r\n\r\n<p>\u00a7 1\u00b0&nbsp; O Regimento Interno do Centro de\r\nCi\u00eancias da Sa\u00fade (CCS) se constitui como Anexo I desta Resolu\u00e7\u00e3o.<\/p>\r\n\r\n<p>\u00a7 2\u00b0&nbsp; O quadro\r\ndemonstrativo de fun\u00e7\u00f5es do Centro de Ci\u00eancias da\r\nSa\u00fade (CCS) se\r\nconstitui como Anexo II desta Resolu\u00e7\u00e3o.<\/p>\r\n\r\n<p>Art. 2\u00b0 &nbsp;A inobserv\u00e2ncia ao disposto nesta Resolu\u00e7\u00e3o\r\nn\u00e3o constitui escusa v\u00e1lida para o descumprimento da norma nem resulta em sua\r\ninvalidade.<\/p>\r\n\r\n<p>Art. 3\u00b0 &nbsp;Esta Resolu\u00e7\u00e3o entra em vigor na data de sua\r\npublica\u00e7\u00e3o, de acordo com o que prev\u00ea o <a href=\"https:\/\/www.planalto.gov.br\/ccivil_03\/_ato2023-2026\/2024\/decreto\/d12002.htm\" style=\"color: blue !important;text-decoration: underline !important\" data-elementor-preserved=\"true\">Decreto n\u00b0 12.002, de 22 de abril de 2024, art. 18, inciso IV<\/a>.<\/p>\r\n\r\n<p>&nbsp;<\/p>\r\n\r\n<p align=\"right\">\r\n<span style=\"text-align: justify\">Martha Bohrer Adaime<\/span>\r\n<\/p>\r\n\r\n<p align=\"right\">\r\n<span style=\"text-align: justify\">Reitora<\/span>\r\n<\/p>\r\n<p>\r\n<span style=\"color: red\">Este texto n\u00e3o substitui o documento original, publicado no Portal de Documentos.<\/span> Dispon\u00edvel em <a href=\"https:\/\/portal.ufsm.br\/documentos\/publico\/documento.html?id=15934978\" style=\"color: blue !important;text-decoration: underline !important\" data-elementor-preserved=\"true\">https:\/\/portal.ufsm.br\/documentos\/publico\/documento.html?id=15934978<\/a>\r\n<\/p>\r\n\r\n<!--EndFragment-->\r\n<div class=\"normal-text\" style=\"text-align: center\">\r\n<\/div>\r\n<div class=\"normal-text\" style=\"text-align: center\">\r\n<\/div>\r\n<\/font><\/div>\t\t<\/div>\n\t\t\t\t<\/div>\n\t\t\t\t\t<\/div>\n\t\t<\/div>\n\t\t\t\t\t<\/div>\n\t\t<\/section>\n\t\t\t\t<\/div>\n\t\t","protected":false},"excerpt":{"rendered":"<p>MINIST\u00c9RIO DA EDUCA\u00c7\u00c3O UNIVERSIDADE FEDERAL DE SANTA MARIA RESOLU\u00c7\u00c3O UFSM N\u00b0 278, DE 1\u00b0 DE SETEMBRO DE 2026 &nbsp; Aprova o Regimento Interno do Centro de Ci\u00eancias da Sa\u00fade (CCS), vinculado \u00e0 Universidade Federal de Santa Maria (UFSM), suas compet\u00eancias e atribui\u00e7\u00f5es. &nbsp; A REITORA DA UNIVERSIDADE FEDERAL DE SANTA MARIA, no uso de suas [&hellip;]<\/p>\n","protected":false},"author":8863,"featured_media":0,"parent":0,"menu_order":0,"comment_status":"closed","ping_status":"closed","template":"","meta":{"footnotes":""},"categories":[],"tags":[],"class_list":["post-7673","page","type-page","status-publish","hentry"],"acf":[],"_links":{"self":[{"href":"https:\/\/www.ufsm.br\/pro-reitorias\/proplan\/wp-json\/wp\/v2\/pages\/7673","targetHints":{"allow":["GET"]}}],"collection":[{"href":"https:\/\/www.ufsm.br\/pro-reitorias\/proplan\/wp-json\/wp\/v2\/pages"}],"about":[{"href":"https:\/\/www.ufsm.br\/pro-reitorias\/proplan\/wp-json\/wp\/v2\/types\/page"}],"author":[{"embeddable":true,"href":"https:\/\/www.ufsm.br\/pro-reitorias\/proplan\/wp-json\/wp\/v2\/users\/8863"}],"replies":[{"embeddable":true,"href":"https:\/\/www.ufsm.br\/pro-reitorias\/proplan\/wp-json\/wp\/v2\/comments?post=7673"}],"version-history":[{"count":0,"href":"https:\/\/www.ufsm.br\/pro-reitorias\/proplan\/wp-json\/wp\/v2\/pages\/7673\/revisions"}],"wp:attachment":[{"href":"https:\/\/www.ufsm.br\/pro-reitorias\/proplan\/wp-json\/wp\/v2\/media?parent=7673"}],"wp:term":[{"taxonomy":"category","embeddable":true,"href":"https:\/\/www.ufsm.br\/pro-reitorias\/proplan\/wp-json\/wp\/v2\/categories?post=7673"},{"taxonomy":"post_tag","embeddable":true,"href":"https:\/\/www.ufsm.br\/pro-reitorias\/proplan\/wp-json\/wp\/v2\/tags?post=7673"}],"curies":[{"name":"wp","href":"https:\/\/api.w.org\/{rel}","templated":true}]}}