{"id":7674,"date":"2026-09-02T10:42:21","date_gmt":"2026-09-02T13:42:21","guid":{"rendered":"https:\/\/www.ufsm.br\/pro-reitorias\/proplan\/?page_id=7674"},"modified":"2026-09-02T10:42:27","modified_gmt":"2026-09-02T13:42:27","slug":"anexo-i-da-resolucao-ufsm-n-278-2026","status":"publish","type":"page","link":"https:\/\/www.ufsm.br\/pro-reitorias\/proplan\/anexo-i-da-resolucao-ufsm-n-278-2026","title":{"rendered":"ANEXO I DA RESOLU\u00c7\u00c3O UFSM N\u00b0 278\/2026"},"content":{"rendered":"\t\t<div data-elementor-type=\"wp-page\" data-elementor-id=\"7674\" class=\"elementor elementor-7674\">\n\t\t\t\t\t\t<section class=\"elementor-section elementor-top-section elementor-element elementor-element-57536396 elementor-section-boxed elementor-section-height-default elementor-section-height-default\" data-id=\"57536396\" data-element_type=\"section\">\n\t\t\t\t\t\t<div class=\"elementor-container elementor-column-gap-default\">\n\t\t\t\t\t<div class=\"elementor-column elementor-col-100 elementor-top-column elementor-element elementor-element-54188cbf\" data-id=\"54188cbf\" data-element_type=\"column\">\n\t\t\t<div class=\"elementor-widget-wrap elementor-element-populated\">\n\t\t\t\t\t\t<div class=\"elementor-element elementor-element-227590b elementor-widget elementor-widget-text-editor\" data-id=\"227590b\" data-element_type=\"widget\" data-widget_type=\"text-editor.default\">\n\t\t\t\t<div class=\"elementor-widget-container\">\n\t\t\t\t\t\t\t<!-- wp:tadv\/classic-paragraph \/-->\t\t\t\t\t\t<\/div>\n\t\t\t\t<\/div>\n\t\t\t\t\t<\/div>\n\t\t<\/div>\n\t\t\t\t\t<\/div>\n\t\t<\/section>\n\t\t\t\t<section class=\"elementor-section elementor-top-section elementor-element elementor-element-d8945ac elementor-section-boxed elementor-section-height-default elementor-section-height-default\" data-id=\"d8945ac\" data-element_type=\"section\">\n\t\t\t\t\t\t<div class=\"elementor-container elementor-column-gap-default\">\n\t\t\t\t\t<div class=\"elementor-column elementor-col-100 elementor-top-column elementor-element elementor-element-f240039\" data-id=\"f240039\" data-element_type=\"column\">\n\t\t\t<div class=\"elementor-widget-wrap elementor-element-populated\">\n\t\t\t\t\t\t<div class=\"elementor-element elementor-element-7ab55ee elementor-widget elementor-widget-html\" data-id=\"7ab55ee\" data-element_type=\"widget\" data-widget_type=\"html.default\">\n\t\t\t\t<div class=\"elementor-widget-container\">\n\t\t\t<br><div align=\"justify\"><font color=\"black\">\r\n<div align=\"center\">\r\n<img decoding=\"async\" src=\"https:\/\/www.ufsm.br\/pro-reitorias\/proplan\/wp-content\/uploads\/sites\/344\/2019\/09\/brasao-da-republica-do-brasil-logo.png\" alt=\"Bras\u00e3o Rep\u00fablica Federativa do Brasil\" width=\"6%\" height=\"6%\">\r\n<\/div>\r\n<h4>\r\n<font color=\"blue\">\r\n<font size=\"5\">\r\n<\/font>\r\n<\/font>\r\n<div align=\"center\">\r\n<font color=\"blue\">\r\n<font size=\"5\">MINIST\u00c9RIO DA EDUCA\u00c7\u00c3O<\/font>\r\n<\/font>\r\n<\/div>\r\n<\/h4>\r\n<p>\r\n<b>\r\n<font color=\"0000blue\">\r\n<\/font>\r\n<\/b>\r\n<\/p>\r\n<div align=\"center\">\r\n<b>\r\n<font color=\"0000blue\">UNIVERSIDADE FEDERAL DE SANTA MARIA<\/font>\r\n<\/b>\r\n<\/div>\r\n<p>\r\n<\/p>\r\n\r\n\r\n\r\n\r\n\r\n\r\n\r\n\r\n\r\n\r\n\r\n\r\n\r\n\r\n<!--StartFragment-->\r\n\r\n<p align=\"center\">\r\n<span style=\"text-align: justify\">\r\n<a href=\"https:\/\/portal.ufsm.br\/documentos\/publico\/documento.html?id=15934980\" style=\"color: blue !important;text-decoration: underline !important\" data-elementor-preserved=\"true\">\r\n<b>REGIMENTO INTERNO DO CENTRO DE CI\u00caNCIAS DA SA\u00daDE (CCS)<\/b>\r\n<\/a>\r\n<\/span>\r\n<\/p>\r\n\r\n<p align=\"center\">\r\n<b style=\"text-align: justify\">&nbsp;<\/b>\r\n<\/p>\r\n\r\n<p>\r\n    <div style=\"color: #800000;display: block;width: 60%;margin-left: auto;margin-right: 0;text-align: justify;font-weight: normal\">\r\n      Anexo I da Resolu\u00e7\u00e3o UFSM n\u00b0 278, de 1\u00b0 de setembro de 2026.\r\n    <\/div>\r\n<\/p>\r\n\r\n<p>&nbsp;<\/p>\r\n\r\n<p>\r\n<a name=\"_heading=h.b3qk89z6a1vj\">\r\n<\/a>CAP\u00cdTULO I <b>\r\n<\/b>\r\n<\/p>\r\n\r\n<p>\r\n<a name=\"_heading=h.d0txby1g2t68\">\r\n<\/a>DAS\r\nDISPOSI\u00c7\u00d5ES PRELIMINARES<b>\r\n<\/b>\r\n<\/p>\r\n\r\n<p>&nbsp;<\/p>\r\n\r\n<p>Art.\r\n1\u00b0&nbsp; O presente regimento estabelece a\r\norganiza\u00e7\u00e3o e funcionamento do Centro de Ci\u00eancias da Sa\u00fade (CCS), em\r\nconformidade com a <a href=\"https:\/\/www.ufsm.br\/pro-reitorias\/proplan\/resolucao-ufsm-n-094-2022\" style=\"color: blue !important;text-decoration: underline !important\" data-elementor-preserved=\"true\" title=\"https:\/\/www.ufsm.br\/pro-reitorias\/proplan\/resolucao-ufsm-n-094-2022\">\r\n<\/a>\r\n<a href=\"https:\/\/www.ufsm.br\/pro-reitorias\/proplan\/resolucao-ufsm-no-219-2025\" style=\"color: blue !important;text-decoration: underline !important\" data-elementor-preserved=\"true\">Resolu\u00e7\u00e3o UFSM n\u00b0 219, de 1\u00b0 de agosto de 2025.<\/a>\r\n<\/p>\r\n\r\n<p>Art.\r\n2\u00b0&nbsp; O Centro de Ci\u00eancias da Sa\u00fade \u00e9 uma\r\nUnidade de Ensino vinculada \u00e0 Universidade Federal de Santa Maria (UFSM), <i>campus<\/i>\r\nsede, conforme o Estatuto da UFSM.<\/p>\r\n\r\n<p>Art.\r\n3\u00b0&nbsp; O Centro de Ci\u00eancias da Sa\u00fade tem por\r\nobjetivo incentivar e desenvolver o Ensino, a Pesquisa, a Extens\u00e3o e a\r\nInova\u00e7\u00e3o, e especificamente:<\/p>\r\n\r\n<p>I - formar profissionais qualificados(as) capazes de\r\ntransformar a sociedade em que est\u00e3o inseridos(as) em conson\u00e2ncia com o Plano\r\nde Desenvolvimento Institucional (PDI) da UFSM, com a Lei de Diretrizes e Bases\r\nda Educa\u00e7\u00e3o Nacional (LDB) e com as Diretrizes Curriculares Nacionais (DCN) dos\r\ncursos de gradua\u00e7\u00e3o;<\/p>\r\n\r\n<p>II -\r\ndesenvolver a\u00e7\u00f5es integradas com as demais Unidades da Universidade e com as\r\nInstitui\u00e7\u00f5es P\u00fablicas e Privadas regionais, nacionais e internacionais para o\r\ndesenvolvimento da sa\u00fade humana, social e para melhoria da qualidade de vida e\r\ndo meio ambiente; e<\/p>\r\n\r\n<p>III -\r\npromover e incentivar o desenvolvimento cient\u00edfico, a pesquisa, a extens\u00e3o e a\r\ninova\u00e7\u00e3o em todos os seus n\u00edveis de ensino com vistas \u00e0 forma\u00e7\u00e3o de\r\nprofissionais de sa\u00fade aut\u00f4nomos(as) e habilitados(as) para o desenvolvimento\r\ndo sistema de sa\u00fade regional e nacional.<\/p>\r\n\r\n<p>Art. 4\u00b0&nbsp; O\r\nCentro de Ci\u00eancias da Sa\u00fade promover\u00e1 a forma\u00e7\u00e3o acad\u00eamica, cient\u00edfica e\r\nprofissional, abrangendo cursos de gradua\u00e7\u00e3o, especializa\u00e7\u00e3o, resid\u00eancias,\r\nmestrado e doutorado, observando os princ\u00edpios e finalidades que norteiam as\r\natividades de ensino em cada n\u00edvel.<\/p>\r\n\r\n<p>\u00a7 1\u00b0&nbsp; O ensino ser\u00e1 ministrado com base nos\r\nseguintes princ\u00edpios:<\/p>\r\n\r\n<p>I -\r\nigualdade de condi\u00e7\u00f5es para o acesso e perman\u00eancia;<\/p>\r\n\r\n<p>II -\r\nliberdade de aprender, ensinar, pesquisar e divulgar a cultura, o pensamento, a\r\narte e o saber;<\/p>\r\n\r\n<p>III -\r\npluralismo de ideias e de concep\u00e7\u00f5es pedag\u00f3gicas;<\/p>\r\n\r\n<p>IV -\r\nrespeito \u00e0 liberdade e apre\u00e7o \u00e0 toler\u00e2ncia;<\/p>\r\n\r\n<p>V -\r\ngratuidade do ensino, ressalvadas as situa\u00e7\u00f5es previstas em legisla\u00e7\u00e3o\r\nespec\u00edfica;<\/p>\r\n\r\n<p>VI -\r\nvaloriza\u00e7\u00e3o do(a) servidor(a);<\/p>\r\n\r\n<p>VII -\r\nvaloriza\u00e7\u00e3o da experi\u00eancia extraclasse;<\/p>\r\n\r\n<p>VIII -\r\nvincula\u00e7\u00e3o entre a educa\u00e7\u00e3o, o trabalho e as pr\u00e1ticas sociais; <\/p>\r\n\r\n<p>IX - considera\u00e7\u00e3o com as diversidades \u00e9tnico-raciais, de g\u00eanero,\r\nculturais, sociais e territoriais, incluindo povos ind\u00edgenas, comunidades\r\ntradicionais e popula\u00e7\u00f5es em situa\u00e7\u00e3o de vulnerabilidade; e<\/p>\r\n\r\n<p>X - promo\u00e7\u00e3o da educa\u00e7\u00e3o para a sustentabilidade, responsabilidade\r\nsocioambiental e compromisso com o desenvolvimento regional e nacional.<\/p>\r\n\r\n<p>\u00a7 2\u00b0&nbsp; O ensino ser\u00e1\r\nministrado observando as seguintes finalidades:<\/p>\r\n\r\n<p>I - estimular o desenvolvimento do esp\u00edrito cient\u00edfico e do\r\npensamento cr\u00edtico e reflexivo;<\/p>\r\n\r\n<p>II - formar profissionais da sa\u00fade aptos(as) \u00e0 inser\u00e7\u00e3o em setores\r\nde sa\u00fade, com vis\u00e3o integral, human\u00edstica e \u00e9tica, comprometidos(as) com as\r\nnecessidades sociais e ambientais da popula\u00e7\u00e3o, bem como com sua forma\u00e7\u00e3o\r\ncont\u00ednua; <s>\r\n<\/s>\r\n<\/p>\r\n\r\n<p>III -\r\nincentivar a investiga\u00e7\u00e3o cient\u00edfica, visando o desenvolvimento da ci\u00eancia e da\r\nsa\u00fade, desse modo, desenvolver o entendimento do ser humano e do meio em que\r\nvive; e<\/p>\r\n\r\n<p>IV -\r\npromover a divulga\u00e7\u00e3o de conhecimentos de sa\u00fade, cient\u00edficos e t\u00e9cnicos que\r\nconstituem patrim\u00f4nio da humanidade e comunicar o saber por meio do ensino, de\r\npublica\u00e7\u00f5es ou de outras formas de comunica\u00e7\u00e3o.<\/p>\r\n\r\n<p>Art.\r\n5\u00b0&nbsp; O Centro de Ci\u00eancias da Sa\u00fade\r\npromover\u00e1 o incentivo \u00e0 inova\u00e7\u00e3o e \u00e0 pesquisa cient\u00edfica e tecnol\u00f3gica no\r\nambiente acad\u00eamico, com vistas \u00e0 capacita\u00e7\u00e3o profissional e ao desenvolvimento\r\ndo sistema de sa\u00fade regional e nacional, observando os seguintes princ\u00edpios:<\/p>\r\n\r\n<p>I -\r\npromover atividades cient\u00edficas e tecnol\u00f3gicas como estrat\u00e9gicas para o\r\ndesenvolvimento humano, social e sustent\u00e1vel;<\/p>\r\n\r\n<p>II -\r\ncontribuir para a redu\u00e7\u00e3o das desigualdades locais e regionais;<\/p>\r\n\r\n<p>III -\r\npromover e dar continuidade aos processos de forma\u00e7\u00e3o e capacita\u00e7\u00e3o cient\u00edfica\r\ne tecnol\u00f3gica;<\/p>\r\n\r\n<p>IV - buscar\r\no fortalecimento das capacidades operacional, cient\u00edfica, tecnol\u00f3gica e\r\nadministrativa do Centro de Ci\u00eancias da Sa\u00fade; e<\/p>\r\n\r\n<p>V -\r\nestimular a coopera\u00e7\u00e3o e intera\u00e7\u00e3o entre os entes p\u00fablicos, setor privado,\r\norganiza\u00e7\u00f5es da sociedade civil e institui\u00e7\u00f5es nacionais e internacionais.<\/p>\r\n\r\n<p>Art.\r\n6\u00b0&nbsp; O Centro de Ci\u00eancias da Sa\u00fade\r\npromover\u00e1 o incentivo \u00e0 extens\u00e3o, com vistas a formar profissionais para o\r\ndesenvolvimento do sistema de sa\u00fade regional e nacional, observando os\r\nseguintes princ\u00edpios:<\/p>\r\n\r\n<p>I -\r\nestimular o conhecimento dos problemas da sociedade, em particular os regionais\r\ne nacionais, estabelecendo com esta uma rela\u00e7\u00e3o de reciprocidade, com vistas \u00e0\r\npromo\u00e7\u00e3o do desenvolvimento social e \u00e0 melhoria das condi\u00e7\u00f5es de vida da\r\npopula\u00e7\u00e3o;<\/p>\r\n\r\n<p>II -\r\npromover a extens\u00e3o com a participa\u00e7\u00e3o da sociedade, visando \u00e0 difus\u00e3o e\r\naplica\u00e7\u00e3o das conquistas e benef\u00edcios resultantes da pesquisa cient\u00edfica gerada\r\nna Institui\u00e7\u00e3o;<\/p>\r\n\r\n<p>III -\r\nprestar servi\u00e7os especializados e qualificados, prezando o atendimento \u00e0s\r\nnecessidades da sociedade;<\/p>\r\n\r\n<p>IV - propiciar\r\naos(\u00e0s) discentes espa\u00e7os formais e n\u00e3o formais de aprofundamento e\r\naperfei\u00e7oamento t\u00e9cnico, profissional e human\u00edstico; e<\/p>\r\n\r\n<p>V - estimular a coopera\u00e7\u00e3o e a\r\nintera\u00e7\u00e3o t\u00e9cnica entre a Universidade, os entes p\u00fablicos e privados e as\r\norganiza\u00e7\u00f5es da sociedade civil.<\/p>\r\n\r\n<p>\r\n<b>&nbsp;<\/b>\r\n<\/p>\r\n\r\n<p>\r\n<a name=\"_heading=h.4o5uzywzb0r3\">\r\n<\/a>CAP\u00cdTULO II<b>\r\n<\/b>\r\n<\/p>\r\n\r\n<p>DA ESTRUTURA DO CENTRO DE\r\nCI\u00caNCIAS DA SA\u00daDE<\/p>\r\n\r\n<p>&nbsp;<\/p>\r\n\r\n<p>Art. 7\u00b0&nbsp; A estrutura do Centro de Ci\u00eancias da Sa\u00fade consiste nos seguintes elementos:<\/p>\r\n\r\n<p>I - o Centro de\r\nCi\u00eancias da Sa\u00fade (CCS), como Unidade de Ensino vinculada \u00e0 Universidade\r\nFederal de Santa Maria (UFSM);<\/p>\r\n\r\n<p>II - o Conselho do Centro de\r\nCi\u00eancias da Sa\u00fade (CONCCS), como \u00d3rg\u00e3o Colegiado m\u00e1ximo, vinculado ao Centro de\r\nCi\u00eancias da Sa\u00fade (CCS); <\/p>\r\n\r\n<p>III - a Comiss\u00e3o de\r\nLegisla\u00e7\u00e3o e Normas do CCS (CLN\/CCS), como \u00d3rg\u00e3o Colegiado, vinculado ao\r\nConselho do Centro de Ci\u00eancias da Sa\u00fade (CONCCS);<\/p>\r\n\r\n<p>IV - a Comiss\u00e3o de Extens\u00e3o\r\ndo CCS (ComEx\/CCS), como \u00d3rg\u00e3o Colegiado, vinculado ao Conselho do Centro de\r\nCi\u00eancias da Sa\u00fade (CONCCS);<\/p>\r\n\r\n<p>V - a Comiss\u00e3o de Ensino e\r\nPesquisa do CCS (ComEP\/CCS), como \u00d3rg\u00e3o Colegiado, vinculado ao Conselho do\r\nCentro de Ci\u00eancias da Sa\u00fade (CONCCS);<\/p>\r\n\r\n<p>VI - a Secretaria\r\nAdministrativa do CCS (Sec\/CCS), como \u201cSubunidade Administrativa\u201d, vinculada ao\r\nCentro de Ci\u00eancias da Sa\u00fade (CCS);<\/p>\r\n\r\n<p>VII - a Secretaria Integrada\r\nde Cursos de Gradua\u00e7\u00e3o I do CCS (SIN-I\/CCS), como \u201cSubunidade Administrativa\u201d,\r\nvinculada \u00e0 Secretaria Administrativa do CCS (Sec\/CCS);<\/p>\r\n\r\n<p>VIII - a Secretaria\r\nIntegrada de Cursos de Gradua\u00e7\u00e3o II do CCS (SIN-II\/CCS), como \u201cSubunidade\r\nAdministrativa\u201d, vinculada \u00e0 Secretaria Administrativa do CCS (Sec\/CCS);<\/p>\r\n\r\n<p>IX - a Secretaria Integrada\r\nde Cursos de P\u00f3s-gradua\u00e7\u00e3o do CCS (SIPOG\/CCS), como \u201cSubunidade\r\nAdministrativa\u201d, vinculada \u00e0 Secretaria Administrativa do CCS (Sec\/CCS);<\/p>\r\n\r\n<p>X - a Secretaria Integrada\r\nde Departamentos do CCS (SID\/CCS), como \u201cSubunidade Administrativa\u201d, vinculada\r\n\u00e0 Secretaria Administrativa do CCS (Sec\/CCS);&nbsp;<\/p>\r\n\r\n<p>XI - a Subdivis\u00e3o de\r\nComunica\u00e7\u00e3o do CCS (COM\/CCS), como \u201cSubunidade Administrativa\u201d, vinculada ao\r\nCentro de Ci\u00eancias da Sa\u00fade (CCS);<\/p>\r\n\r\n<p>XII - o N\u00facleo de Gest\u00e3o\r\nOr\u00e7ament\u00e1ria do CCS (NOR\/CCS), como \u201cSubunidade Administrativa\u201d, vinculada ao\r\nCentro de Ci\u00eancias da Sa\u00fade (CCS);<\/p>\r\n\r\n<p>XIII - o N\u00facleo de\r\nInfraestrutura do CCS (INFRA\/CCS), como \u201cSubunidade Administrativa\u201d, vinculada\r\nao Centro de Ci\u00eancias da Sa\u00fade (CCS);<\/p>\r\n\r\n<p>XIV - a Subdivis\u00e3o de\r\nPatrim\u00f4nio do CCS (PAT\/CCS), como \u201cSubunidade Administrativa\u201d, vinculada ao\r\nN\u00facleo de Infraestrutura do CCS (INFRA\/CCS);<\/p>\r\n\r\n<p>XV - a Subdivis\u00e3o de\r\nTecnologia da Informa\u00e7\u00e3o do CCS (TI\/CCS), como \u201cSubunidade Administrativa\u201d,\r\nvinculada ao N\u00facleo de Infraestrutura do CCS (INFRA\/CCS);<\/p>\r\n\r\n<p>XVI - o Setor de Apoio\r\nPedag\u00f3gico do CCS (SAP\/CCS), como \u201cSubunidade Administrativa\u201d, vinculada ao\r\nCentro de Ci\u00eancias da Sa\u00fade (CCS); <\/p>\r\n\r\n<p>XVII - a Subdivis\u00e3o de\r\nProjetos do CCS (SPROJ\/CCS), como \u201cSubunidade Administrativa\u201d, vinculada ao\r\nCentro de Ci\u00eancias da Sa\u00fade (CCS);<\/p>\r\n\r\n<p>XVIII - a Subdivis\u00e3o de\r\nAcompanhamento de Concursos e Apoio \u00e0 Gest\u00e3o de Pessoas do CCS (SACAGEP\/CCS),\r\ncomo \u201cSubunidade Administrativa\u201d, vinculada ao Centro de Ci\u00eancias da Sa\u00fade\r\n(CCS);<\/p>\r\n\r\n<p>XIX - a Farm\u00e1cia Escola\r\n(FE\/CCS), como \u201cSubunidade Administrativa\u201d, vinculada ao Centro de Ci\u00eancias da\r\nSa\u00fade (CCS);<\/p>\r\n\r\n<p>XX - a Cl\u00ednica de\r\nFonoaudiologia (CFon\/CCS), como \u201cSubunidade Administrativa\u201d, vinculada ao\r\nCentro de Ci\u00eancias da Sa\u00fade (CCS);<\/p>\r\n\r\n<p>XXI - a Cl\u00ednica de\r\nOdontologia (COdon\/CCS), como \u201cSubunidade Administrativa\u201d, vinculada ao Centro\r\nde Ci\u00eancias da Sa\u00fade (CCS);<\/p>\r\n\r\n<p>XXII - a Cl\u00ednica de Terapia\r\nOcupacional (CTO\/CCS), como \u201cSubunidade Administrativa\u201d, vinculada ao Centro de\r\nCi\u00eancias da Sa\u00fade (CCS);<\/p>\r\n\r\n<p>XXIII - a Subdivis\u00e3o de\r\nResid\u00eancias do CCS (SRes\/CCS), como \u201cSubunidade Administrativa\u201d, vinculada ao\r\nCentro de Ci\u00eancias da Sa\u00fade (CCS);<\/p>\r\n\r\n<p>XXIV - os Departamentos\r\nDid\u00e1ticos, \u201cSubunidade Administrativa\u201d, do Centro de Ci\u00eancias da Sa\u00fade (CCS),\r\ns\u00e3o:<\/p>\r\n\r\n<p>a) An\u00e1lises Cl\u00ednicas e\r\nToxicol\u00f3gicas (DACT);<\/p>\r\n\r\n<p>b) Cirurgia (DCRG);<\/p>\r\n\r\n<p>c) Cl\u00ednica M\u00e9dica (DCLM);<\/p>\r\n\r\n<p>d) Enfermagem (DENFE);<\/p>\r\n\r\n<p>e) Estomatologia (DSTT);<\/p>\r\n\r\n<p>f) Farm\u00e1cia Industrial\r\n(DFID);<\/p>\r\n\r\n<p>g) Fisiologia e Farmacologia\r\n(DFF);<\/p>\r\n\r\n<p>h) Fisioterapia e\r\nReabilita\u00e7\u00e3o (DFSR);<\/p>\r\n\r\n<p>i) Fonoaudiologia (DF);<\/p>\r\n\r\n<p>j) Ginecologia e Obstetr\u00edcia\r\n(DGOB);<\/p>\r\n\r\n<p>k) Microbiologia e\r\nParasitologia (DMIP);<\/p>\r\n\r\n<p>l) Morfologia (DMFG);<\/p>\r\n\r\n<p>m) Neuropsiquiatria (DNPS);<\/p>\r\n\r\n<p>n) Odontologia Restauradora\r\n(DORS);<\/p>\r\n\r\n<p>o) Patologia (DPTG);<\/p>\r\n\r\n<p>p) Pediatria e Puericultura\r\n(DPEP);<\/p>\r\n\r\n<p>q) Sa\u00fade Coletiva (DSC); e<\/p>\r\n\r\n<p>r) Terapia Ocupacional\r\n(DTO).<\/p>\r\n\r\n<p>XXV - Cursos de Gradua\u00e7\u00e3o,\r\ncom situa\u00e7\u00e3o \u201cem atividade\u201d, do Centro de Ci\u00eancias da Sa\u00fade (CCS), s\u00e3o os\r\nprevistos no art. 4\u00b0 da <a href=\"https:\/\/www.ufsm.br\/pro-reitorias\/proplan\/resolucao-n-029-2020\" style=\"color: blue !important;text-decoration: underline !important\" data-elementor-preserved=\"true\">Resolu\u00e7\u00e3o UFSM n. 029, de 05 de novembro de 2020<\/a>;<\/p>\r\n\r\n<p>XXVI - Comiss\u00e3o Permanente do Internato\r\nCurricular do Curso de Medicina (CPIC\/CCS), como \u00d3rg\u00e3o Colegiado, vinculada ao Colegiado do Curso de Medicina, do Centro de\r\nCi\u00eancias da Sa\u00fade (CCS); e<\/p>\r\n\r\n<p>XXVII - Cursos de P\u00f3s-Gradua\u00e7\u00e3o, com situa\u00e7\u00e3o\r\n\u201cem atividade\u201d, do Centro de Ci\u00eancias da Sa\u00fade (CCS), s\u00e3o os previstos no art.\r\n4\u00b0 da <a href=\"https:\/\/www.ufsm.br\/pro-reitorias\/proplan\/resolucao-ufsm-n-076-2022\" style=\"color: blue !important;text-decoration: underline !important\" data-elementor-preserved=\"true\">Resolu\u00e7\u00e3o UFSM n. 076, de 31 de janeiro de 2022.<\/a>\r\n<\/p>\r\n\r\n<p>Art. 8\u00b0&nbsp;\r\nO Centro de Ci\u00eancias\r\nda Sa\u00fade (CCS) \u00e9 dirigido por um(a) Diretor(a) e um(a) Vice-Diretor(a) e por\r\nchefes de subunidades com representa\u00e7\u00e3o no Conselho do CCS (CONCCS), conforme\r\nconsta na <a href=\"https:\/\/www.ufsm.br\/pro-reitorias\/proplan\/resolucao-ufsm-no-219-2025\" style=\"color: blue !important;text-decoration: underline !important\" data-elementor-preserved=\"true\">Resolu\u00e7\u00e3o UFSM n. 219, de 1\u00b0 de agosto de 2025<\/a>.<\/p>\r\n\r\n<p>Par\u00e1grafo \u00fanico.&nbsp; Os(As) ocupantes dos cargos e fun\u00e7\u00f5es\r\nprevistos no <i>caput<\/i> ser\u00e3o substitu\u00eddos(as) em suas faltas ou impedimentos\r\npor servidores(as) indicados(as) e previamente designados(as) na forma da\r\nlegisla\u00e7\u00e3o espec\u00edfica.<\/p>\r\n\r\n<p>Art.\r\n9\u00b0&nbsp; A Administra\u00e7\u00e3o do CCS \u00e9 exercida,\r\nnos termos do Regimento Geral da UFSM, pelo(a\/s):<\/p>\r\n\r\n<p>I -\r\nConselho do Centro de Ci\u00eancias da Sa\u00fade (CONCCS), como \u00f3rg\u00e3o colegiado de\r\nnatureza consultiva e deliberativa;<\/p>\r\n\r\n<p>II -\r\nDire\u00e7\u00e3o e Vice-Dire\u00e7\u00e3o do CCS, como autoridade de natureza singular;<\/p>\r\n\r\n<p>III -\r\nColegiados Departamentais, como \u00f3rg\u00e3os colegiados de natureza consultiva e\r\ndeliberativa das Subunidades Administrativas; e<\/p>\r\n\r\n<p>IV - Chefes\r\nde Departamentos Did\u00e1ticos, como autoridades de natureza singular das\r\nsubunidades administrativas.<\/p>\r\n\r\n<p>Par\u00e1grafo\r\n\u00fanico.&nbsp; A Dire\u00e7\u00e3o do CCS supervisiona e\r\ncoordena todas as atividades do CCS, exercendo, para isso, seu mandato em\r\nregime de tempo integral e, facultativamente, em dedica\u00e7\u00e3o exclusiva.<\/p>\r\n\r\n<p>&nbsp;<\/p>\r\n\r\n<p>\r\n<a name=\"_heading=h.m0wump8sbgz6\">\r\n<\/a>CAP\u00cdTULO III<b>\r\n<\/b>\r\n<\/p>\r\n\r\n<p>DA UNIDADE DE ENSINO<\/p>\r\n\r\n<p>&nbsp;<\/p>\r\n\r\n<p>Art. 10.&nbsp;\r\nAo Centro de Ci\u00eancias da Sa\u00fade (CCS), al\u00e9m das compet\u00eancias gerais\r\ncorrespondentes constantes no Regimento Geral da UFSM, compete:<\/p>\r\n\r\n<p>I - coordenar e supervisionar as\r\natividades de ensino, pesquisa, extens\u00e3o e desenvolvimento institucional no\r\n\u00e2mbito da unidade de ensino e juntamente \u00e0s demais subunidades;<\/p>\r\n\r\n<p>II - coordenar os procedimentos\r\nrelacionados \u00e0 gest\u00e3o dos(as) servidores(as) docentes e\r\nt\u00e9cnico-administrativos(as) em educa\u00e7\u00e3o lotados(as) na respectiva unidade;<\/p>\r\n\r\n<p>III - gerir os recursos or\u00e7ament\u00e1rios, nas\r\ndota\u00e7\u00f5es e programas espec\u00edficos da unidade;<\/p>\r\n\r\n<p>IV - gerir os espa\u00e7os f\u00edsicos no \u00e2mbito da\r\nsua unidade;<\/p>\r\n\r\n<p>V - elaborar seu plano anual de atividades\r\ne a parte que lhe competir nos Planos Institucionais da Universidade;<\/p>\r\n\r\n<p>VI - disponibilizar, em parceria com as\r\nunidades competentes, o apoio pedag\u00f3gico adequado aos(\u00e0s) discentes no \u00e2mbito\r\nda sua unidade;<\/p>\r\n\r\n<p>VII - regulamentar processos, rotinas\r\nadministrativas e procedimentos, no \u00e2mbito da sua unidade e de acordo com a\r\nlegisla\u00e7\u00e3o vigente;<\/p>\r\n\r\n<p>VIII - coordenar a inser\u00e7\u00e3o do CCS em\r\nconselhos\/\u00f3rg\u00e3os da gest\u00e3o municipal de pol\u00edticas p\u00fablicas do Sistema \u00danico de\r\nSa\u00fade (SUS);<\/p>\r\n\r\n<p>IX - desenvolver a\u00e7\u00f5es integradas com as\r\ndemais unidades da Universidade e com as institui\u00e7\u00f5es p\u00fablicas e privadas para\r\no desenvolvimento econ\u00f4mico e social e redu\u00e7\u00e3o das desigualdades regionais;<\/p>\r\n\r\n<p>X - promover e incentivar o\r\ndesenvolvimento cient\u00edfico, a pesquisa, a capacita\u00e7\u00e3o cient\u00edfica e tecnol\u00f3gica\r\ne a inova\u00e7\u00e3o em todos os seus n\u00edveis com vistas a melhorias na \u00e1rea da sa\u00fade; e<\/p>\r\n\r\n<p>XI - promover e incentivar as a\u00e7\u00f5es de\r\nextens\u00e3o no \u00e2mbito do CCS, promovendo a integra\u00e7\u00e3o da comunidade acad\u00eamica e\r\np\u00fablico externo, buscando solu\u00e7\u00e3o de problemas relacionados \u00e0 sa\u00fade da\r\ncomunidade, com vistas \u00e0 melhoria na qualidade de vida.<\/p>\r\n\r\n<p>Art. 11.&nbsp; S\u00e3o atribui\u00e7\u00f5es\r\ndo(a) Diretor(a) do CCS, al\u00e9m das constantes no Regimento Geral da UFSM:<\/p>\r\n\r\n<p>I - praticar atos de gest\u00e3o relativos \u00e0\r\nexecu\u00e7\u00e3o or\u00e7ament\u00e1ria nas dota\u00e7\u00f5es e programas espec\u00edficos da unidade;<\/p>\r\n\r\n<p>II - autorizar afastamento de\r\nservidores(as) t\u00e9cnico-administrativos(as) em educa\u00e7\u00e3o e docentes lotados(as)\r\nna respectiva unidade;<\/p>\r\n\r\n<p>III - encaminhar ao(\u00e0) Reitor(a) a\r\nsolicita\u00e7\u00e3o de prorroga\u00e7\u00e3o de hor\u00e1rio de trabalho dos(as) servidores(as)\r\nt\u00e9cnico-administrativos(as) em educa\u00e7\u00e3o, observando a exist\u00eancia de recursos\r\nor\u00e7ament\u00e1rios espec\u00edficos;<\/p>\r\n\r\n<p>IV - designar e dispensar chefes e\r\nchefes substitutos(as) de departamentos, coordenadores(as) e coordenadores(as)\r\nsubstitutos(as) de cursos de gradua\u00e7\u00e3o e de p\u00f3s-gradua\u00e7\u00e3o e dirigentes de\r\nsubunidades administrativas, encaminhando c\u00f3pias das portarias \u00e0 Pr\u00f3-Reitora de\r\nGest\u00e3o de Pessoas (PROGEP);<\/p>\r\n\r\n<p>V - emitir portaria homologando a\r\ncomposi\u00e7\u00e3o dos Colegiados Departamentais e de Cursos de Gradua\u00e7\u00e3o e de\r\nP\u00f3s-Gradua\u00e7\u00e3o;<\/p>\r\n\r\n<p>VI - emitir, mediante portaria, atos\r\nrelacionados com a ced\u00eancia, total ou parcial de horas de trabalho de docentes,\r\nentre departamentos da pr\u00f3pria unidade de ensino, com a devida concord\u00e2ncia\r\ndos(as) respectivos(as) chefes de departamentos e sem preju\u00edzo da for\u00e7a de\r\ntrabalho, encaminhando a respectiva portaria \u00e0s Pr\u00f3-Reitorias de Gradua\u00e7\u00e3o e de\r\nGest\u00e3o de Pessoas;<\/p>\r\n\r\n<p>VII - autorizar, no \u00e2mbito da unidade de\r\nensino, a realiza\u00e7\u00e3o de congressos, confer\u00eancias, simp\u00f3sios, semanas, encontros\r\ne promo\u00e7\u00f5es culturais, art\u00edsticas ou cient\u00edficas;<\/p>\r\n\r\n<p>VIII - promover, com o apoio dos \u00f3rg\u00e3os\r\ncompetentes, as formaturas dos cursos de gradua\u00e7\u00e3o, promo\u00e7\u00f5es culturais,\r\nart\u00edsticas ou cient\u00edficas, cursos extracurriculares, semin\u00e1rios, palestras e\r\noutros afins;<\/p>\r\n\r\n<p>IX - determinar, quando cab\u00edvel e no\r\n\u00e2mbito de sua compet\u00eancia, a instaura\u00e7\u00e3o de sindic\u00e2ncias e demais procedimentos\r\nadministrativos destinados \u00e0 apura\u00e7\u00e3o de responsabilidades, observadas a\r\nlegisla\u00e7\u00e3o federal e as normas institucionais da UFSM, bem como encaminhar \u00e0s\r\nautoridades competentes os processos cuja decis\u00e3o exceda sua compet\u00eancia legal;<\/p>\r\n\r\n<p>X - decidir, no \u00e2mbito da pr\u00f3pria\r\nunidade de ensino, sobre o uso e a destina\u00e7\u00e3o do espa\u00e7o f\u00edsico;<\/p>\r\n\r\n<p>XI - baixar atos normativos em sua\r\nesfera de compet\u00eancia;<\/p>\r\n\r\n<p>XII - determinar abertura de Processo\r\nAdministrativo Disciplinar Discente para apurar responsabilidades e aplicar\r\nsan\u00e7\u00f5es de acordo com o C\u00f3digo de \u00c9tica e Conviv\u00eancia Discente da UFSM a\r\ndiscentes do CCS, obedecidas as disposi\u00e7\u00f5es legais;<\/p>\r\n\r\n<p>XIII - encaminhar ao(\u00e0) Reitor(a) as\r\npropostas de admiss\u00e3o de servidores(as) docentes, ap\u00f3s aprova\u00e7\u00e3o em concursos\r\np\u00fablicos;<\/p>\r\n\r\n<p>XIV - coordenar e supervisionar o\r\nplanejamento e o desenvolvimento das a\u00e7\u00f5es institucionais da unidade de ensino;\r\ne<\/p>\r\n\r\n<p>XV - constituir eventuais grupos de\r\ntrabalho ou iniciativas voltadas \u00e0 inova\u00e7\u00e3o ou outros temas, conforme as\r\ndemandas institucionais.<\/p>\r\n\r\n<p>Art. 12.&nbsp;\r\nS\u00e3o atribui\u00e7\u00f5es do(a) Vice-Diretor(a) do CCS:<\/p>\r\n\r\n<p>I - substituir o(a) Diretor(a) nos seus\r\nimpedimentos legais e eventuais; e<\/p>\r\n\r\n<p>II - auxiliar o(a) Diretor(a) no\r\ndesenvolvimento das atividades administrativas da Unidade de Ensino.<\/p>\r\n\r\n<p>Art. 13.&nbsp;\r\nAo(\u00c0) Diretor(a) do CCS caber\u00e1 a indica\u00e7\u00e3o de Secret\u00e1rio(a)\r\nAdministrativo(a) para assessoramento imediato.<\/p>\r\n\r\n<p>Art. 14.&nbsp;\r\nO(A) Diretor(a) e o(a) Vice-Diretor(a) poder\u00e3o ser afastados de suas\r\nfun\u00e7\u00f5es por delibera\u00e7\u00e3o do Conselho do Centro de Ci\u00eancias da Sa\u00fade, por motivos\r\nconsiderados relevantes, em processo regular, tomada por 2\/3 (dois ter\u00e7os)\r\ndos(as) seus(uas) membros(as) e homologada pelo Conselho Universit\u00e1rio.<\/p>\r\n\r\n<p>Art. 15.&nbsp;\r\nO(A) Diretor(a) e o(a) Vice-Diretor(a), conforme a <a href=\"https:\/\/www.in.gov.br\/en\/web\/dou\/-\/lei-n-15.367-de-30-de-marco-de-2026-696676817\" style=\"color: blue !important;text-decoration: underline !important\" data-elementor-preserved=\"true\">Lei n\u00b0 15.367, de 30 de mar\u00e7o de 2026<\/a>, ser\u00e3o nomeados(as) pelo(a) Reitor(a), para mandato de 4\r\n(quatro) anos, permitida uma recondu\u00e7\u00e3o para o mesmo cargo, ap\u00f3s elei\u00e7\u00e3o direta\r\npor chapas para Diretor(a) e Vice-Diretor(a) pela comunidade acad\u00eamica,\r\ncomposta por servidores(as) docentes e t\u00e9cnico-administrativos(as) em educa\u00e7\u00e3o,\r\nocupantes de cargos efetivos e em exerc\u00edcio, bem como por discentes com\r\nmatr\u00edcula ativa em cursos regulares do CCS.<\/p>\r\n\r\n<p>\u00a7 1\u00b0&nbsp;\r\nO processo de elei\u00e7\u00e3o e a defini\u00e7\u00e3o do peso do voto de cada segmento da\r\ncomunidade acad\u00eamica ser\u00e3o regulamentados por um colegiado constitu\u00eddo\r\nespecificamente para esse fim, observadas a autonomia universit\u00e1ria e a\r\nlegisla\u00e7\u00e3o em vigor. <\/p>\r\n\r\n<p>\u00a7 2\u00b0&nbsp;\r\nCaber\u00e1 ao colegiado referido no \u00a7 1\u00b0 deste artigo homologar a elei\u00e7\u00e3o\r\nrealizada, atestando sua regularidade, e encaminhar ao(\u00e0) Reitor(a) da UFSM os\r\nnomes dos(as) integrantes da chapa escolhida.<b>\r\n<\/b>\r\n<\/p>\r\n\r\n<p>\u00a7 3\u00b0&nbsp;\r\nPoder\u00e3o candidatar-se ao cargo de Diretor(a) e Vice-Diretor(a) os(as)\r\ndocentes da unidade:<\/p>\r\n\r\n<p>I - ocupantes de cargo efetivo da\r\ncarreira de magist\u00e9rio superior, em exerc\u00edcio, que atendam aos seguintes\r\nrequisitos: <\/p>\r\n\r\n<p>a) possuam o t\u00edtulo de doutor(a); ou <\/p>\r\n\r\n<p>b) estejam posicionados(as) como\r\nProfessor(a) Titular ou Professor(a) Associado(a) 4; <\/p>\r\n\r\n<p>II - ocupantes de cargo efetivo isolado\r\nde Professor(a) Titular-Livre do Magist\u00e9rio Superior, em exerc\u00edcio.<\/p>\r\n\r\n<p>\u00a7 4\u00b0&nbsp;\r\nNo caso de vac\u00e2ncia dos cargos de Diretor(a) e Vice-Diretor(a) de\r\nUnidade Universit\u00e1ria, a elei\u00e7\u00e3o direta, conforme disposto no <i>caput<\/i>,\r\nser\u00e1 organizada no prazo m\u00e1ximo de 60 (sessenta) dias ap\u00f3s a abertura da vaga,\r\ne os mandatos dos(as) dirigentes que vierem a ser nomeados(as) ser\u00e3o de 4\r\n(quatro) anos.<\/p>\r\n\r\n<p>\u00a7 5\u00b0&nbsp;\r\nA destitui\u00e7\u00e3o do(a) Diretor(a) ou Vice-Diretor(a) poder\u00e1 ocorrer por\r\niniciativa do(a) Reitor(a) ou por solicita\u00e7\u00e3o do Conselho de Centro ou de\r\nunidade descentralizada, por motivos considerados relevantes, em processo\r\nregular, sempre que assim entenderem no m\u00ednimo 2\/3 (dois ter\u00e7os) dos(as)\r\nmembros(as) do Conselho de Centro ou de unidade descentralizada, com aprova\u00e7\u00e3o\r\ndo Conselho Universit\u00e1rio.<\/p>\r\n\r\n<p>\u00a7 6\u00b0&nbsp;\r\nA designa\u00e7\u00e3o de Diretor(a) e Vice-Diretor(a) <i>pro tempore<\/i> caber\u00e1\r\nao(\u00e0) Reitor(a), quando, por qualquer motivo, estiverem vagos os cargos\r\nrespectivos e n\u00e3o houver condi\u00e7\u00f5es para provimento regular imediato.<\/p>\r\n\r\n<p>\u00a7 7\u00b0&nbsp;\r\nO(A) Diretor(a) do CCS ser\u00e1 substitu\u00eddo(a), em seus afastamentos\r\ntempor\u00e1rios e impedimentos eventuais, pelo(a) Vice-Diretor(a), sendo que, nas\r\nfaltas ou impedimentos simult\u00e2neos do(a) Diretor(a) e do(a) Vice-Diretor(a), a\r\nDire\u00e7\u00e3o ser\u00e1 exercida pelo(a) coordenador(a) de curso mais antigo no magist\u00e9rio\r\nfederal da UFSM em exerc\u00edcio no CCS, desde que atenda as determina\u00e7\u00f5es\r\nprescritas na legisla\u00e7\u00e3o vigente.<\/p>\r\n\r\n<p>\u00a7 8\u00b0&nbsp;\r\nNo caso de n\u00e3o atendimento do \u00a7 7\u00b0, ser\u00e1 designado(a) o(a) professor(a)\r\nmais antigo(a) no magist\u00e9rio federal da UFSM, em exerc\u00edcio no CCS, desde que\r\natenda \u00e0s determina\u00e7\u00f5es prescritas na legisla\u00e7\u00e3o vigente.<\/p>\r\n<p>\r\n<br>\r\n<\/p>\r\n\r\n<p>CAP\u00cdTULO IV<\/p>\r\n\r\n<p>DAS SUBUNIDADES ADMINISTRATIVAS<\/p>\r\n<p>\r\n<span style=\"font-size: 15px;font-weight: bold\">Se\u00e7\u00e3o\r\nI<\/span>\r\n<\/p>\r\n\r\n<p>\r\n<b>Da Secretaria Administrativa do CCS\r\n(Sec\/CCS)<\/b>\r\n<\/p>\r\n\r\n<p>&nbsp;<\/p>\r\n\r\n<div>\r\n\r\n<p>Art.\r\n16.&nbsp; \u00c0 Secretaria Administrativa do CCS compete:<\/p>\r\n\r\n<p>I - elaborar e executar atos administrativos\r\ndeterminados pelo(a) Diretor(a) e Vice-Diretor(a) do\r\nCCS;<\/p>\r\n\r\n<\/div>\r\n\r\n<p>II - controlar o recebimento, a movimenta\u00e7\u00e3o e expedi\u00e7\u00e3o de\r\ndocumentos e correspond\u00eancias;<\/p>\r\n\r\n<p>III - dar publicidade a editais, ordens de servi\u00e7o, avisos e demais\r\ncomunica\u00e7\u00f5es oficiais; e<\/p>\r\n\r\n<p>IV- executar outras atividades inerentes \u00e0 sua \u00e1rea de\r\ncompet\u00eancia.<\/p>\r\n\r\n<p>Art. 17.&nbsp; A Secretaria\r\nAdministrativa do CCS ter\u00e1 1 (um\/uma) t\u00e9cnico(a)-administrativo(a) em educa\u00e7\u00e3o\r\ncomo Chefe da Secretaria, designado(a) pela Dire\u00e7\u00e3o da Unidade de Ensino.<\/p>\r\n\r\n<p>Art. 18.&nbsp; S\u00e3o atribui\u00e7\u00f5es\r\ndo(a) Secret\u00e1rio(a) Administrativo(a) da Unidade de Ensino, al\u00e9m do constante\r\nno Regimento Geral da UFSM:<\/p>\r\n\r\n<div>\r\n\r\n<p>I\r\n- prestar assessoria ao(\u00e0) Diretor(a) e Vice-Diretor(a);<\/p>\r\n\r\n<p>II - auxiliar nos estudos relativos ao\r\naperfei\u00e7oamento funcional do pessoal da secretaria, diagnosticando necessidades\r\nde treinamento;<\/p>\r\n\r\n<p>III - organizar as atividades de\r\ncompet\u00eancia da secretaria;<\/p>\r\n\r\n<p>IV - colaborar nos estudos referentes \u00e0\r\norganiza\u00e7\u00e3o do quadro de pessoal do CCS;<\/p>\r\n\r\n<p>V - determinar, em conson\u00e2ncia com a\r\nDire\u00e7\u00e3o da Unidade de Ensino, a din\u00e2mica das atividades de trabalho da\r\nsecretaria, divulgando-a em interc\u00e2mbio com as diversas subunidades do CCS e\r\ndemais unidades da Universidade;<\/p>\r\n\r\n<p>VI - representar a Secretaria no Centro e\r\nfora dele;<\/p>\r\n\r\n<p>VII - apresentar todo o expediente\r\ndirigido ao(\u00e0) Diretor(a) ou Vice-Diretor(a), fornecendo subs\u00eddios para as\r\ndecis\u00f5es da Dire\u00e7\u00e3o, quando solicitado;<\/p>\r\n\r\n<p>VIII - elaborar, assinar, autorizar e\r\nexpedir documentos e pap\u00e9is de acordo com a delega\u00e7\u00e3o de compet\u00eancia da\r\nDire\u00e7\u00e3o;<\/p>\r\n\r\n<p>IX - rever e ajustar a programa\u00e7\u00e3o de\r\ntrabalho, tendo em vista altera\u00e7\u00f5es de normas legais ou regulamentares ou de\r\nrecursos;<\/p>\r\n\r\n<p>X - supervisionar, coordenar e orientar as\r\natividades inerentes \u00e0s Secretarias Integradas de Cursos de Gradua\u00e7\u00e3o, \u00e0\r\nSecretaria Integrada de Cursos de P\u00f3s-Gradua\u00e7\u00e3o e \u00e0 Secretaria Integrada de\r\nDepartamentos;<\/p>\r\n\r\n<p>XI - organizar as escalas de f\u00e9rias, controlar a\r\nfrequ\u00eancia, as entregas e a movimenta\u00e7\u00e3o de servidores(as) lotados(as) na\r\nSecretaria e Dire\u00e7\u00e3o;<\/p>\r\n\r\n<p>XII - requisitar material permanente e de\r\nconsumo da Secretaria;<\/p>\r\n\r\n<p>XIII - secretariar as reuni\u00f5es do Conselho da Unidade de\r\nEnsino; e<\/p>\r\n\r\n<p>XIV - desempenhar os demais atos inerentes\r\nao exerc\u00edcio de suas atribui\u00e7\u00f5es.<\/p>\r\n\r\n<p>\r\n<br>\r\n<\/p>\r\n<p>\r\n<span style=\"font-size: 15px;font-weight: bold\">\r\n<font color=\"#000000\">Se\u00e7\u00e3o\r\nII<\/font>\r\n<\/span>\r\n<\/p>\r\n<\/div>\r\n\r\n<div>\r\n\r\n<p>\r\n<b>Das Secretarias Integradas de Cursos de Gradua\u00e7\u00e3o do\r\nCCS<\/b>\r\n<\/p>\r\n\r\n<\/div>\r\n\r\n<div>\r\n\r\n<p>&nbsp;<\/p>\r\n\r\n<\/div>\r\n\r\n<p>Art. 19.&nbsp; \u00c0s Secretarias Integradas de Cursos de\r\nGradua\u00e7\u00e3o do CCS, al\u00e9m das\r\ncompet\u00eancias gerais correspondentes constantes no Regimento Geral da UFSM, compete:<\/p>\r\n\r\n<p>I - elaborar e executar atos\r\ndeterminados ou autorizados pelo(a) Diretor(a) e Vice-Diretor(a) da Unidade de\r\nEnsino;<\/p>\r\n\r\n<p>II - controlar o recebimento,\r\nmovimenta\u00e7\u00e3o e expedi\u00e7\u00e3o de documentos e correspond\u00eancias;<\/p>\r\n\r\n<p>III - tornar p\u00fablicos os editais, ordens\r\nde servi\u00e7o, avisos e determina\u00e7\u00f5es que devem ser divulgadas;<\/p>\r\n\r\n<div>\r\n\r\n<p>IV - assessorar os(as) coordenadores(as)\r\nde curso em mat\u00e9ria de compet\u00eancia da Secretaria;<\/p>\r\n\r\n<\/div>\r\n\r\n<p>V - secretariar as reuni\u00f5es\r\ndos Colegiados dos Cursos de Gradua\u00e7\u00e3o, organizando todo o expediente, desde a\r\nconvoca\u00e7\u00e3o at\u00e9 a elabora\u00e7\u00e3o de atas;<\/p>\r\n\r\n<p>VI - apresentar aos(\u00e0s)\r\ncoordenadores(as) dos cursos de Gradua\u00e7\u00e3o todo o expediente a eles(as)\r\ndirigido, fornecendo subs\u00eddios para as decis\u00f5es, quando solicitado e\r\nnecess\u00e1rio;<\/p>\r\n\r\n<p>VII - orientar os(as) discentes quanto \u00e0s\r\nsolicita\u00e7\u00f5es de seus direitos e deveres legais, prestando informa\u00e7\u00f5es sobre\r\nassuntos afetos \u00e0 sua \u00e1rea de atua\u00e7\u00e3o;<\/p>\r\n\r\n<p>VIII - auxiliar na\r\nsolicita\u00e7\u00e3o, aos departamentos, da oferta de disciplinas, na adapta\u00e7\u00e3o\r\ncurricular dos(as) discentes, na montagem dos hor\u00e1rios das disciplinas e previs\u00e3o de\r\nvagas para cada semestre;<\/p>\r\n\r\n<p>IX - dar\r\nsuporte \u00e0s rotinas administrativas dos cursos de gradua\u00e7\u00e3o sob sua\r\nresponsabilidade e aos(\u00e0s) respectivos(as) coordenadores(as) de curso,\r\nrelacionadas \u00e0 oferta de disciplinas, matr\u00edcula, dispensa de disciplinas,\r\nadapta\u00e7\u00e3o curricular dos(as) discentes e no\r\nplanejamento de hor\u00e1rios e vagas para cada semestre, entre outras;<\/p>\r\n\r\n<p>X - executar as rotinas\r\nadministrativas, no \u00e2mbito da Secretaria Integrada de Cursos de Gradua\u00e7\u00e3o,\r\nobedecendo \u00e0s legisla\u00e7\u00f5es vigentes; <\/p>\r\n\r\n<p>XI - prestar apoio\r\nadministrativo nas rotinas dos colegiados dos cursos sob responsabilidade da\r\nSecretaria Integrada de Cursos de Gradua\u00e7\u00e3o;<\/p>\r\n\r\n<p>XII - gerenciar a manuten\u00e7\u00e3o e a\r\natualiza\u00e7\u00e3o dos s\u00edtios eletr\u00f4nicos dos cursos de gradua\u00e7\u00e3o, garantindo a\r\ndivulga\u00e7\u00e3o das informa\u00e7\u00f5es institucionais e acad\u00eamicas; e <\/p>\r\n\r\n<p>XIII - executar outras atividades\r\ninerentes a sua \u00e1rea de compet\u00eancia.<\/p>\r\n\r\n<p>Art. 20.&nbsp; Ser\u00e3o 2 (duas) secretarias integradas para os\r\ncursos de gradua\u00e7\u00e3o do CCS:<\/p>\r\n\r\n<div>\r\n\r\n<p>I - Secretaria Integrada de Cursos de Gradua\u00e7\u00e3o I do CCS\r\n(SIN-I\/CCS), que atender\u00e1 aos seguintes cursos:<\/p>\r\n\r\n<p>a) Enfermagem;<\/p>\r\n\r\n<p>b) Farm\u00e1cia; e<\/p>\r\n\r\n<p>c) Medicina; e<\/p>\r\n\r\n<p>II - Secretaria Integrada de\r\nCursos de Gradua\u00e7\u00e3o II do CCS (SIN-II\/CCS), que atender\u00e1 aos seguintes cursos:<\/p>\r\n\r\n<p>a) Fonoaudiologia;<\/p>\r\n\r\n<p>b) Fisioterapia;<\/p>\r\n\r\n<p>c) Nutri\u00e7\u00e3o;<\/p>\r\n\r\n<p>d) Odontologia; e <\/p>\r\n\r\n<p>e)\r\nTerapia Ocupacional.<\/p>\r\n\r\n<\/div>\r\n\r\n<p>Par\u00e1grafo \u00fanico.&nbsp; Cada Secretaria Integrada de Cursos de\r\nGradua\u00e7\u00e3o ter\u00e1 1 (um\/uma) t\u00e9cnico(a)-administrativo(a) em educa\u00e7\u00e3o como Chefe\r\nda Secretaria, designado(a) pela Dire\u00e7\u00e3o do CCS.<\/p>\r\n\r\n<p>Art. 21.&nbsp;\r\nS\u00e3o atribui\u00e7\u00f5es dos(as) chefes das secretarias\r\nintegradas de cursos de gradua\u00e7\u00e3o, al\u00e9m do previsto na Resolu\u00e7\u00e3o UFSM n\u00b0 219, de 1\u00b0 de agosto de 2025:<\/p>\r\n\r\n<p>I - coordenar e executar as\r\natividades de compet\u00eancia da secretaria;<\/p>\r\n\r\n<p>II - designar servidor(a)\r\npara secretariar as reuni\u00f5es dos Colegiados dos Cursos de Gradua\u00e7\u00e3o;<\/p>\r\n\r\n<p>III - providenciar a\r\napresenta\u00e7\u00e3o aos(\u00e0s) coordenadores(as) dos cursos de gradua\u00e7\u00e3o de todo o\r\nexpediente a eles(as) dirigido;<\/p>\r\n\r\n<p>IV - realizar os estudos relativos \u00e0 organiza\u00e7\u00e3o do quadro de pessoal e ao\r\naperfei\u00e7oamento funcional da equipe, identificando necessidades de capacita\u00e7\u00e3o;\r\n<s>\r\n<\/s>\r\n<\/p>\r\n\r\n<p>V - providenciar a elabora\u00e7\u00e3o,\r\nassinatura e expedi\u00e7\u00e3o de documentos no \u00e2mbito de sua compet\u00eancia;<s>\r\n<\/s>\r\n<\/p>\r\n\r\n<p>VI - rever e ajustar a\r\nprograma\u00e7\u00e3o de trabalho, tendo em vista altera\u00e7\u00f5es de normas legais ou\r\nregulamentares ou de recursos;<\/p>\r\n\r\n<p>VII - organizar as escalas de f\u00e9rias,\r\ncontrolar a frequ\u00eancia, as entregas e a movimenta\u00e7\u00e3o de servidores(as)\r\nlotados(as) na subunidade;<\/p>\r\n\r\n<p>VIII - requisitar material\r\npermanente e de consumo da secretaria;<\/p>\r\n\r\n<p>IX - orientar e\r\nsupervisionar a equipe de\r\ntrabalho vinculada \u00e0 secretaria integrada de gradua\u00e7\u00e3o;<\/p>\r\n\r\n<p>X - cumprir e fazer cumprir\r\nas determina\u00e7\u00f5es pertinentes aos servi\u00e7os da secretaria integrada de cursos de\r\ngradua\u00e7\u00e3o; e <\/p>\r\n\r\n<p>XI - desempenhar os demais\r\natos inerentes ao exerc\u00edcio de suas atribui\u00e7\u00f5es.<\/p>\r\n\r\n<p>\r\n<span style=\"font-size: 15px;font-weight: bold\">\r\n<br>\r\n<\/span>\r\n<\/p>\r\n<p>\r\n<span style=\"font-size: 15px;font-weight: bold\">Se\u00e7\u00e3o\r\nIII<\/span>\r\n<\/p>\r\n\r\n<p>\r\n<b>Da Secretaria Integrada de Cursos de\r\nP\u00f3s-gradua\u00e7\u00e3o do CCS (SIPOG\/CCS)<\/b>\r\n<\/p>\r\n\r\n<p>&nbsp;<\/p>\r\n\r\n<div>\r\n\r\n<p>Art.\r\n22.&nbsp; \u00c0 Secretaria Integrada de Cursos de\r\nP\u00f3s-gradua\u00e7\u00e3o do CCS, al\u00e9m\r\ndas compet\u00eancias gerais previstas no Regimento Geral da\r\nUFSM, compete:<\/p>\r\n\r\n<p>I - dar suporte \u00e0s rotinas administrativas\r\ndos Programas e Cursos de P\u00f3s-gradua\u00e7\u00e3o sob sua responsabilidade e aos(\u00e0s)\r\nrespectivos(as) coordenadores(as) dos programas e cursos, relacionados \u00e0 oferta de\r\ndisciplinas, matr\u00edculas, e no planejamento de hor\u00e1rios e vagas para cada\r\nsemestre, entre outras;<\/p>\r\n\r\n<p>II - executar as rotinas administrativas,\r\nno \u00e2mbito da Secretaria Integrada de P\u00f3s-gradua\u00e7\u00e3o, obedecendo \u00e0s legisla\u00e7\u00f5es\r\nvigentes; <\/p>\r\n\r\n<p>III - prestar apoio administrativo nas rotinas dos colegiados dos\r\nprogramas e cursos de p\u00f3s-gradua\u00e7\u00e3o sob responsabilidade da respectiva\r\nSecretaria Integrada;<\/p>\r\n\r\n<\/div>\r\n\r\n<p>IV - manter o controle acad\u00eamico dos(as)\r\ndiscentes;<\/p>\r\n\r\n<p>V - receber, arquivar e distribuir\r\ndocumentos relativos \u00e0s atividades did\u00e1ticas e administrativas;<\/p>\r\n\r\n<p>VI - preparar presta\u00e7\u00e3o de contas e\r\nrelat\u00f3rios;<\/p>\r\n\r\n<p>VII - organizar e manter atualizada a\r\ncole\u00e7\u00e3o de leis, portarias, circulares e demais documentos que possam\r\ninteressar aos programas;<\/p>\r\n\r\n<p>VIII - fornecer informa\u00e7\u00f5es e documentos\r\nrelativos aos programas;<\/p>\r\n\r\n<p>IX - secretariar as reuni\u00f5es dos\r\ncolegiados;<\/p>\r\n\r\n<p>X - manter atualizada a rela\u00e7\u00e3o de\r\ndocentes em atividade nos programas;<\/p>\r\n\r\n<p>XI - proceder ao encaminhamento da ata\r\ndo exame de qualifica\u00e7\u00e3o ao \u00f3rg\u00e3o competente;<\/p>\r\n\r\n<p>XII - proceder ao encaminhamento \u00e0 PRPGP\r\nda ata de defesa de disserta\u00e7\u00e3o, tese ou trabalho de conclus\u00e3o, com o despacho\r\nda Coordena\u00e7\u00e3o do Curso de P\u00f3s-gradua\u00e7\u00e3o, acompanhada de memorando;<\/p>\r\n\r\n<p>XIII - orientar o corpo discente quanto\r\naos procedimentos para realiza\u00e7\u00e3o da matr\u00edcula e outras atividades dos\r\nprogramas;<\/p>\r\n\r\n<p>XIV - executar as atividades inerentes ao uso de recursos financeiros aprovados\r\npelos colegiados dos programas;<\/p>\r\n\r\n<p>XV - auxiliar na requisi\u00e7\u00e3o de material\r\npermanente e de consumo, atuando no processo licitat\u00f3rio de aquisi\u00e7\u00e3o e\r\ncontrata\u00e7\u00e3o necess\u00e1rio \u00e0s atividades da subunidade; e<\/p>\r\n\r\n<div>\r\n\r\n<p>XVI - desempenhar os demais atos inerentes\r\nao exerc\u00edcio de suas atribui\u00e7\u00f5es.<\/p>\r\n\r\n<\/div>\r\n\r\n<p>Art. 23.&nbsp;\r\nA Secretaria Integrada de Cursos de P\u00f3s-gradua\u00e7\u00e3o ter\u00e1 1 (um\/uma)\r\nt\u00e9cnico(a)-administrativo(a) em educa\u00e7\u00e3o como Chefe da Secretaria, designado(a)\r\npela Dire\u00e7\u00e3o da Unidade de Ensino.<\/p>\r\n\r\n<p>Art. 24.&nbsp; S\u00e3o atribui\u00e7\u00f5es do(a) Chefe da Secretaria\r\nIntegrada de Cursos de P\u00f3s-gradua\u00e7\u00e3o:<\/p>\r\n\r\n<p>I - coordenar e executar as\r\natividades de compet\u00eancia da Secretaria Integrada de Cursos de P\u00f3s- gradua\u00e7\u00e3o; <\/p>\r\n\r\n<p>II - cumprir e fazer cumprir\r\nas determina\u00e7\u00f5es pertinentes aos servi\u00e7os da Secretaria Integrada de Cursos\r\nP\u00f3s-gradua\u00e7\u00e3o; <\/p>\r\n\r\n<p>III - orientar e\r\nsupervisionar a equipe de trabalho vinculada diretamente \u00e0 Secretaria Integrada\r\nde Cursos de P\u00f3s-Gradua\u00e7\u00e3o;<\/p>\r\n\r\n<p>IV - propor estrat\u00e9gias de governan\u00e7a\r\npara as atividades de compet\u00eancia da Secretaria;<\/p>\r\n\r\n<p>V - designar servidor(a) para\r\nsecretariar as reuni\u00f5es dos colegiados dos programas;<\/p>\r\n\r\n<p>VI - providenciar a apresenta\u00e7\u00e3o aos(\u00e0s)\r\ncoordenadores(as) dos cursos de p\u00f3s-gradua\u00e7\u00e3o de todo o expediente a eles(as)\r\ndirigido;<\/p>\r\n\r\n<p>VII - realizar os estudos relativos ao\r\naperfei\u00e7oamento funcional do pessoal da secretaria, diagnosticando necessidades\r\nde capacita\u00e7\u00e3o;<\/p>\r\n\r\n<p>VIII - realizar os estudos referentes \u00e0\r\norganiza\u00e7\u00e3o do quadro de pessoal da secretaria;<\/p>\r\n\r\n<p>IX - elaborar, assinar e autorizar e\r\nexpedir documentos e pap\u00e9is de acordo com a delega\u00e7\u00e3o de compet\u00eancia da\r\nsecretaria;<\/p>\r\n\r\n<p>X - rever e ajustar a programa\u00e7\u00e3o de\r\ntrabalho, tendo em vista altera\u00e7\u00f5es de normas legais ou regulamentares ou de\r\nrecursos;<\/p>\r\n\r\n<p>XI - organizar as escalas de f\u00e9rias,\r\ncontrolar a frequ\u00eancia, as entregas e a movimenta\u00e7\u00e3o de servidores(as)\r\nlotados(as) na subunidade;<\/p>\r\n\r\n<p>XII - requisitar material permanente e\r\nde consumo da secretaria;<\/p>\r\n\r\n<p>XIII - gerenciar a confer\u00eancia e o\r\ncontrole das movimenta\u00e7\u00f5es da carga patrimonial da secretaria; <\/p>\r\n\r\n<p>XIV - coordenar o levantamento das\r\nnecessidades de bens permanentes administrativos e educacionais da secretaria; <\/p>\r\n\r\n<p>XV - gerenciar a manuten\u00e7\u00e3o e a\r\natualiza\u00e7\u00e3o dos s\u00edtios eletr\u00f4nicos dos Programas de P\u00f3s-gradua\u00e7\u00e3o, garantindo a\r\ndivulga\u00e7\u00e3o das informa\u00e7\u00f5es institucionais e acad\u00eamicas; e <\/p>\r\n\r\n<p>XVI - desempenhar os demais atos\r\ninerentes ao exerc\u00edcio de suas atribui\u00e7\u00f5es.<\/p>\r\n\r\n<div>\r\n\r\n<p>\r\n<br>\r\n<\/p>\r\n<p>\r\n<b>S<span style=\"font-size: 15px\">e\u00e7\u00e3o\r\nIV<\/span>\r\n<\/b>\r\n<\/p>\r\n<p>\r\n<b>Da\r\nSecretaria Integrada de Departamentos do CCS (SID\/CCS)<\/b>\r\n<\/p>\r\n<\/div>\r\n<div>\r\n\r\n<p>&nbsp;<\/p>\r\n\r\n<\/div>\r\n\r\n<p>Art. 25.&nbsp;\r\n\u00c0 Secretaria Integrada de Departamentos do CCS compete, al\u00e9m do previsto\r\nna <a href=\"https:\/\/www.ufsm.br\/pro-reitorias\/proplan\/resolucao-ufsm-no-219-2025\" style=\"color: blue !important;text-decoration: underline !important\" data-elementor-preserved=\"true\">Resolu\u00e7\u00e3o UFSM n\u00b0 219, de 1\u00b0 de agosto de 2025<\/a>:<\/p>\r\n\r\n<p>I - prestar assessoria\r\ndireta aos(\u00e0s) chefes e aos(\u00e0s) chefes substitutos(as) dos departamentos,\r\napresentando todo o expediente a eles(as) dirigidos e fornecendo subs\u00eddios para\r\nas decis\u00f5es, quando necess\u00e1rio e solicitado;<\/p>\r\n\r\n<p>II - orientar os(as)\r\ndocentes quanto \u00e0s rotinas administrativas referente \u00e0s demandas dos\r\ndepartamentos did\u00e1ticos;<\/p>\r\n\r\n<p>III - auxiliar as chefias de departamentos na defini\u00e7\u00e3o\r\nde objetivos, planejamento administrativo e financeiro e planos de trabalhos do\r\ndepartamento did\u00e1tico;<\/p>\r\n\r\n<p>IV - secretariar as reuni\u00f5es dos\r\ncolegiados departamentais, organizando todo o expediente desde a convoca\u00e7\u00e3o,\r\nlavrando as respectivas atas e confer\u00eancia de assinaturas;<\/p>\r\n\r\n<p>V - executar servi\u00e7os de protocolo e\r\nencaminhar para arquivamento dos documentos a serem expedidos e arquivados;<\/p>\r\n\r\n<p>VI - auxiliar as chefias quanto \u00e0\r\nmarca\u00e7\u00e3o de f\u00e9rias dos(as) servidores(as) lotados(as) no departamento;<\/p>\r\n\r\n<p>VII - auxiliar na elabora\u00e7\u00e3o de editais\r\npara a bolsa de monitoria no \u00e2mbito dos departamentos did\u00e1ticos;<\/p>\r\n\r\n<p>VIII - auxiliar na requisi\u00e7\u00e3o de\r\nmaterial permanente e de consumo, atuando no processo\r\nlicitat\u00f3rio de aquisi\u00e7\u00e3o e contrata\u00e7\u00e3o necess\u00e1rio \u00e0s atividades dos\r\ndepartamentos;<\/p>\r\n\r\n<p>IX - auxiliar\r\nno registro da oferta de disciplinas no portal acad\u00eamico, encaminhadas pelo(a)\r\nchefe do departamento;<\/p>\r\n\r\n<p>X - tornar p\u00fablico os\r\neditais, as ordens de servi\u00e7o, os avisos, e as informa\u00e7\u00f5es, que devam ser\r\ndivulgadas;<\/p>\r\n\r\n<p>XI - auxiliar na prepara\u00e7\u00e3o\r\ne na realiza\u00e7\u00e3o\r\nde sele\u00e7\u00e3o e concurso p\u00fablico para docente; <\/p>\r\n\r\n<p>XII - gerenciar a manuten\u00e7\u00e3o e a\r\natualiza\u00e7\u00e3o dos s\u00edtios eletr\u00f4nicos dos departamentos, garantindo a divulga\u00e7\u00e3o\r\ndas informa\u00e7\u00f5es institucionais e acad\u00eamicas; e <\/p>\r\n\r\n<p>XIII - auxiliar na\r\nconfer\u00eancia e no controle das transfer\u00eancias da carga patrimonial dos\r\ndepartamentos.<\/p>\r\n\r\n<p>Art. 26. &nbsp;A Secretaria Integrada de Departamentos do CCS\r\nter\u00e1 1 (um\/uma) t\u00e9cnico(a)-administrativo(a)\r\nem educa\u00e7\u00e3o como Chefe da Secretaria, designado(a)\r\npela Dire\u00e7\u00e3o da Unidade de Ensino.<\/p>\r\n\r\n<p>Art. 27.&nbsp;\r\nS\u00e3o atribui\u00e7\u00f5es do(a) Chefe da Secretaria Integrada de Departamentos do\r\nCCS, al\u00e9m do previsto na <a href=\"https:\/\/www.ufsm.br\/pro-reitorias\/proplan\/resolucao-ufsm-no-219-2025\" style=\"color: blue !important;text-decoration: underline !important\" data-elementor-preserved=\"true\">Resolu\u00e7\u00e3o UFSM n\u00b0 219, de 1\u00b0 de agosto de 2025<\/a>:<\/p>\r\n\r\n<p>I - dirigir e coordenar as atividades de\r\ncompet\u00eancia da secretaria;<\/p>\r\n\r\n<p>II - cumprir e fazer cumprir as\r\ndetermina\u00e7\u00f5es pertinentes aos servi\u00e7os da Secretaria Integrada de\r\nDepartamentos;<\/p>\r\n\r\n<p>III - prestar assessoria aos(\u00e0s) chefes\r\nde departamento e a seus(uas) substitutos(as);<\/p>\r\n\r\n<p>IV - realizar os estudos relativos ao\r\naperfei\u00e7oamento funcional do pessoal da secretaria, diagnosticando necessidades\r\nde treinamento;<\/p>\r\n\r\n<p>V - realizar os estudos referentes \u00e0\r\norganiza\u00e7\u00e3o do quadro de pessoal da secretaria;<\/p>\r\n\r\n<p>VI - elaborar, assinar, autorizar e\r\nexpedir documentos de acordo com a delega\u00e7\u00e3o de compet\u00eancia da Secretaria;<\/p>\r\n\r\n<p>VII - rever e ajustar a programa\u00e7\u00e3o de\r\ntrabalho, tendo em vista altera\u00e7\u00f5es de normas legais ou regulamentares ou de\r\nrecursos;<\/p>\r\n\r\n<p>VIII - organizar as escalas de f\u00e9rias,\r\ncontrolar a frequ\u00eancia, as entregas e a movimenta\u00e7\u00e3o de servidores(as)\r\nlotados(as) na subunidade;<\/p>\r\n\r\n<p>IX - requisitar material permanente e de\r\nconsumo da Secretaria;<\/p>\r\n\r\n<p>X - designar servidor(a) para\r\nsecretariar as reuni\u00f5es dos colegiados dos departamentos;<\/p>\r\n\r\n<p>XI - orientar e supervisionar o trabalho\r\ndos(as) servidores(as) e bolsistas lotados(as) na secretaria; e<\/p>\r\n\r\n<p>XII - desempenhar os demais atos\r\ninerentes ao exerc\u00edcio de suas atribui\u00e7\u00f5es.<\/p>\r\n\r\n<p>&nbsp;<\/p>\r\n<div>\r\n<!--StartFragment-->\r\n<b>Se\u00e7\u00e3o V<\/b>\r\n<b>\r\n<\/b>\r\n<\/div>\r\n\r\n<div>\r\n\r\n<p>\r\n<b>Da\r\nSubdivis\u00e3o de Comunica\u00e7\u00e3o do CCS (COM\/CCS)<\/b>\r\n<\/p>\r\n\r\n<p>\r\n<b>&nbsp;<\/b>\r\n<\/p>\r\n\r\n<\/div>\r\n\r\n<p>Art. 28.&nbsp; \u00c0 Subdivis\u00e3o de Comunica\u00e7\u00e3o do CCS, compete:<\/p>\r\n\r\n<p>I - planejar e executar as a\u00e7\u00f5es de\r\ncomunica\u00e7\u00e3o institucional da Unidade, em conson\u00e2ncia com as diretrizes\r\ninstitucionais da UFSM;<\/p>\r\n\r\n<p>II - sistematizar, executar\r\ne articular a a\u00e7\u00e3o dos ve\u00edculos de comunica\u00e7\u00e3o e informa\u00e7\u00e3o internos e\r\nexternos, atuando intersetorialmente na gest\u00e3o universit\u00e1ria;<\/p>\r\n\r\n<p>III - produzir material\r\ninformativo da Unidade e outros programas de divulga\u00e7\u00e3o;<\/p>\r\n\r\n<p>IV - gerenciar os canais de\r\ncomunica\u00e7\u00e3o multim\u00eddia do CCS (correio eletr\u00f4nico, portal eletr\u00f4nico, redes\r\nsociais, entre outros);<\/p>\r\n\r\n<p>V - realizar a comunica\u00e7\u00e3o\r\nentre Dire\u00e7\u00e3o e as subunidades do CCS;<\/p>\r\n\r\n<p>VI - auxiliar na divulga\u00e7\u00e3o\r\nde eventos;<\/p>\r\n\r\n<p>VII - produzir as not\u00edcias e\r\ninforma\u00e7\u00f5es sobre as atividades que acontecem no CCS;<\/p>\r\n\r\n<p>VIII - promover campanhas\r\npara os p\u00fablicos da Unidade de Ensino;<\/p>\r\n\r\n<p>IX - gerenciar os murais do\r\nCCS;<\/p>\r\n\r\n<p>X - gerenciar o contato com\r\na m\u00eddia interna da UFSM e com a m\u00eddia externa;<\/p>\r\n\r\n<p>XI - elaborar programa\u00e7\u00e3o de\r\nvisita, recepcionar e acompanhar visitantes no \u00e2mbito da Unidade; e<\/p>\r\n\r\n<p>XII - executar outras\r\natividades que forem estabelecidas pela Dire\u00e7\u00e3o do CCS.<\/p>\r\n\r\n<p>Art. 29.&nbsp; A\r\nSubdivis\u00e3o de Comunica\u00e7\u00e3o ter\u00e1 1 (um\/uma)\r\nt\u00e9cnico(a)-administrativo(a) em educa\u00e7\u00e3o designado(a) como Chefe da Subdivis\u00e3o\r\npela Dire\u00e7\u00e3o do CCS.<\/p>\r\n\r\n<p>Art. 30.&nbsp;\r\nS\u00e3o atribui\u00e7\u00f5es do(a) Chefe da Subdivis\u00e3o de Comunica\u00e7\u00e3o, al\u00e9m do previsto\r\nna <a href=\"https:\/\/www.ufsm.br\/pro-reitorias\/proplan\/resolucao-ufsm-no-219-2025\" style=\"color: blue !important;text-decoration: underline !important\" data-elementor-preserved=\"true\">Resolu\u00e7\u00e3o UFSM n\u00b0 219, de 1\u00b0 de agosto de 2025<\/a>:<\/p>\r\n\r\n<p>I - planejar e organizar a\r\nprodu\u00e7\u00e3o de material informativo da Unidade e outros programas de divulga\u00e7\u00e3o;<\/p>\r\n\r\n<p>II - auxiliar na divulga\u00e7\u00e3o\r\nde eventos organizados no \u00e2mbito da Unidade;<\/p>\r\n\r\n<p>III - gerenciar os canais de\r\ncomunica\u00e7\u00e3o multim\u00eddia da Unidade (correio eletr\u00f4nico, portal eletr\u00f4nico, redes\r\nsociais, entre outros);<\/p>\r\n\r\n<p>IV - articular a comunica\u00e7\u00e3o\r\nentre a Dire\u00e7\u00e3o, subunidades e comunidade externa da UFSM; <\/p>\r\n\r\n<p>V - colaborar com unidades\r\nadministrativas da UFSM em atividades de comunica\u00e7\u00e3o de interesse do CCS;<\/p>\r\n\r\n<p>VI - dirigir, coordenar,\r\norientar e executar as atividades de compet\u00eancia da Subdivis\u00e3o;<\/p>\r\n\r\n<p>VII - propor medidas que\r\nvisem \u00e0 racionaliza\u00e7\u00e3o dos trabalhos afetos \u00e0 Subdivis\u00e3o;<\/p>\r\n\r\n<p>VIII - prestar assist\u00eancia\r\nao(\u00e0) dirigente a que estiver subordinado(a), em mat\u00e9ria de compet\u00eancia da\r\nSubdivis\u00e3o;<\/p>\r\n\r\n<p>IX - cumprir e fazer cumprir\r\nas determina\u00e7\u00f5es superiores pertinentes ao servi\u00e7o;<\/p>\r\n\r\n<p>X - organizar as escalas de\r\nf\u00e9rias, controlar a frequ\u00eancia, as entregas e a movimenta\u00e7\u00e3o de servidores(as)\r\nlotados(as) na subunidade; e<\/p>\r\n\r\n<p>XI - desempenhar os demais\r\natos inerentes ao exerc\u00edcio de suas atribui\u00e7\u00f5es.<\/p>\r\n\r\n<p>&nbsp;<\/p>\r\n<p>\r\n<!--StartFragment-->\r\n<b>Se\u00e7\u00e3o VI<\/b>\r\n<!--EndFragment-->\r\n<\/p>\r\n\r\n<div>\r\n\r\n<p>\r\n<b>Do N\u00facleo de Gest\u00e3o Or\u00e7ament\u00e1ria do CCS (NOR\/CCS)<\/b>\r\n<\/p>\r\n\r\n<\/div>\r\n\r\n<p>&nbsp;<\/p>\r\n\r\n<p>Art. 31.&nbsp; Ao N\u00facleo de Gest\u00e3o Or\u00e7ament\u00e1ria do CCS, compete:<\/p>\r\n\r\n<p>I - consolidar o\r\nplanejamento or\u00e7ament\u00e1rio anual da Unidade;<\/p>\r\n\r\n<p>II - administrar e controlar\r\no or\u00e7amento da Unidade;<\/p>\r\n\r\n<p>III - gerenciar os processos\r\nde compras da Unidade;<\/p>\r\n\r\n<p>IV - apoiar a decis\u00e3o\r\ndos(as) gestores(as) na aloca\u00e7\u00e3o dos recursos da Unidade;<\/p>\r\n\r\n<p>V - dar suporte ao\r\ndesenvolvimento de pol\u00edticas para o uso racional dos recursos da Unidade;<\/p>\r\n\r\n<p>VI - assessorar na\r\nelabora\u00e7\u00e3o da proposta or\u00e7ament\u00e1ria;<\/p>\r\n\r\n<p>VII - manter atualizado o\r\npainel de execu\u00e7\u00e3o or\u00e7ament\u00e1ria da Unidade de Ensino, a ser disponibilizado no\r\nportal eletr\u00f4nico do CCS;<\/p>\r\n\r\n<p>VIII - encaminhar presta\u00e7\u00f5es\r\nde contas de di\u00e1rias e passagens, bem como relat\u00f3rio de viagem, gerindo\r\nprovid\u00eancias junto ao proposto, assim como presta\u00e7\u00f5es de contas de taxas de\r\ninscri\u00e7\u00e3o e publica\u00e7\u00e3o, dentre outras;<\/p>\r\n\r\n<p>IX - manter atualizada a\r\nrela\u00e7\u00e3o dos(as) monitores(as), bolsistas e estagi\u00e1rios(as) da Unidade de\r\nEnsino, contendo dados de interesse institucional; e<\/p>\r\n\r\n<p>X - executar outras\r\natividades que forem estabelecidas pela Dire\u00e7\u00e3o do CCS.<\/p>\r\n\r\n<p>Art. 32.&nbsp; O\r\nN\u00facleo de Gest\u00e3o Or\u00e7ament\u00e1ria ter\u00e1 1 (um\/uma)\r\nt\u00e9cnico(a)-administrativo(a) em educa\u00e7\u00e3o como Chefe do N\u00facleo, designado(a) pela Dire\u00e7\u00e3o do CCS.<\/p>\r\n\r\n<p>Art. 33.&nbsp; S\u00e3o atribui\u00e7\u00f5es do(a) Chefe do N\u00facleo de\r\nGest\u00e3o Or\u00e7ament\u00e1ria:<\/p>\r\n\r\n<p>I - assessorar na elabora\u00e7\u00e3o\r\nda proposta or\u00e7ament\u00e1ria;<\/p>\r\n\r\n<p>II - controlar os recursos\r\nalocados para o Centro;<\/p>\r\n\r\n<p>III - controlar os registros\r\nde recursos or\u00e7ament\u00e1rios e os vinculados a conv\u00eanios das subunidades;<\/p>\r\n\r\n<p>IV - prestar apoio t\u00e9cnico\r\naos(\u00e0s) dirigentes das subunidades quanto \u00e0 execu\u00e7\u00e3o dos recursos\r\nor\u00e7ament\u00e1rios, quando solicitado; <\/p>\r\n\r\n<p>V - auxiliar no\r\ndesenvolvimento de pol\u00edticas de uso racional dos recursos da Unidade de Ensino;<\/p>\r\n\r\n<p>VI - organizar as escalas de\r\nf\u00e9rias, controlar a frequ\u00eancia, as entregas e a movimenta\u00e7\u00e3o de servidores(as)\r\nlotados(as) na subunidade; e<\/p>\r\n\r\n<p>VII - desempenhar outras\r\natribui\u00e7\u00f5es inerentes \u00e0 fun\u00e7\u00e3o.<\/p>\r\n\r\n<p>&nbsp;<\/p>\r\n<p>\r\n<!--StartFragment-->\r\n<b>Se\u00e7\u00e3o VII<\/b>\r\n<!--EndFragment-->\r\n<\/p>\r\n\r\n<div>\r\n\r\n<p>\r\n<b>Do N\u00facleo de Infraestrutura do CCS (INFRA\/CCS)<\/b>\r\n<\/p>\r\n\r\n<\/div>\r\n\r\n<p>&nbsp;<\/p>\r\n\r\n<p>Art.\r\n34.&nbsp; Ao N\u00facleo de Infraestrutura do CCS,\r\ncompete:<\/p>\r\n\r\n<p>I -\r\nplanejar, coordenar e supervisionar os servi\u00e7os de manuten\u00e7\u00e3o e de apoio \u00e0\r\ninfraestrutura da Unidade de Ensino;<\/p>\r\n\r\n<p>II\r\n- apoiar a organiza\u00e7\u00e3o e sistematiza\u00e7\u00e3o de informa\u00e7\u00f5es relativas \u00e0\r\ninfraestrutura e \u00e0 utiliza\u00e7\u00e3o dos espa\u00e7os f\u00edsicos da Unidade;<\/p>\r\n\r\n<p>III\r\n- acompanhar a execu\u00e7\u00e3o de obras e interven\u00e7\u00f5es na Unidade, em articula\u00e7\u00e3o com\r\nos \u00f3rg\u00e3os da Administra\u00e7\u00e3o Superior, como a Pr\u00f3-Reitoria de Infraestrutura\r\n(PROINFRA), a qual compete a fiscaliza\u00e7\u00e3o;<\/p>\r\n\r\n<p>IV\r\n- assessorar, planejar e prestar apoio administrativo \u00e0 Dire\u00e7\u00e3o e subunidades\r\ndo CCS em demandas relativas \u00e0 infraestrutura, e ao uso dos espa\u00e7os f\u00edsicos;<\/p>\r\n\r\n<p>V -\r\nsolicitar, gerenciar o recebimento, armazenamento e controle de materiais\r\ndestinados \u00e0 manuten\u00e7\u00e3o, reformas e servi\u00e7os gerais;<\/p>\r\n\r\n<p>VI\r\n- supervisionar a execu\u00e7\u00e3o dos servi\u00e7os de limpeza prestados pelas empresas\r\nterceirizadas;<\/p>\r\n\r\n<p>VII\r\n- solicitar, receber, armazenar e controlar os estoques de materiais de higiene\r\nde uso coletivo dos pr\u00e9dios do CCS; <\/p>\r\n\r\n<p>VIII\r\n- promover o uso adequado e eficiente dos espa\u00e7os e recursos de infraestrutura\r\ndo CCS; e<\/p>\r\n\r\n<p>IX\r\n- executar outras atividades inerentes a sua \u00e1rea de compet\u00eancia.<b>\r\n<\/b>\r\n<\/p>\r\n\r\n<p>Art. 35.&nbsp;\r\nO N\u00facleo de Infraestrutura ter\u00e1 1 (um\/uma) t\u00e9cnico(a)-administrativo(a)\r\nem educa\u00e7\u00e3o como Chefe do N\u00facleo, designado(a) pela Dire\u00e7\u00e3o do CCS.<\/p>\r\n\r\n<p>Art. 36.&nbsp; S\u00e3o atribui\u00e7\u00f5es\r\ndo(a) Chefe do N\u00facleo de Infraestrutura, al\u00e9m do previsto na <a href=\"https:\/\/www.ufsm.br\/pro-reitorias\/proplan\/resolucao-ufsm-no-219-2025\" style=\"color: blue !important;text-decoration: underline !important\" data-elementor-preserved=\"true\">Resolu\u00e7\u00e3o UFSM n\u00b0 219, de 1\u00b0 de agosto de 2025<\/a>:<\/p>\r\n\r\n<p>I - coordenar e supervisionar as atividades do N\u00facleo;<\/p>\r\n\r\n<p>II - assessorar a Dire\u00e7\u00e3o na gest\u00e3o dos espa\u00e7os f\u00edsicos da Unidade,\r\nem articula\u00e7\u00e3o com as subunidades;<\/p>\r\n\r\n<p>III - manter o controle e o registro das informa\u00e7\u00f5es relativas \u00e0\r\ninfraestrutura do CCS;<\/p>\r\n\r\n<p>IV - orientar as subunidades quanto aos servi\u00e7os prestados pela\r\nPROINFRA e por empresas terceirizadas;<\/p>\r\n\r\n<p>V - apoiar a organiza\u00e7\u00e3o e disponibiliza\u00e7\u00e3o de informa\u00e7\u00f5es sobre o\r\nuso e a ocupa\u00e7\u00e3o dos espa\u00e7os f\u00edsicos da Unidade;<\/p>\r\n\r\n<p>VI - promover pr\u00e1ticas voltadas ao uso adequado e racional dos\r\nespa\u00e7os e recursos de infraestrutura;<\/p>\r\n\r\n<p>VII -\r\nsupervisionar, coordenar e orientar as atividades inerentes \u00e0s Subdivis\u00f5es de\r\nPatrim\u00f4nio e de Tecnologia da Informa\u00e7\u00e3o do CCS;<\/p>\r\n\r\n<p>VIII - cumprir e fazer cumprir as determina\u00e7\u00f5es pertinentes ao\r\nservi\u00e7o;<\/p>\r\n\r\n<p>IX - organizar as escalas de f\u00e9rias,\r\ncontrolar a frequ\u00eancia, as entregas e a movimenta\u00e7\u00e3o de servidores(as)\r\nlotados(as) na subunidade; e<\/p>\r\n\r\n<p>X - desempenhar outras atribui\u00e7\u00f5es inerentes \u00e0 fun\u00e7\u00e3o.<\/p>\r\n\r\n<p>&nbsp;<\/p>\r\n<p>\r\n<!--StartFragment-->\r\n<b>Se\u00e7\u00e3o VIII<\/b>\r\n<!--EndFragment-->\r\n<\/p>\r\n\r\n<div>\r\n\r\n<p>\r\n<b>Da\r\nSubdivis\u00e3o de Patrim\u00f4nio do CCS (PAT\/CCS)<\/b>\r\n<\/p>\r\n\r\n<p>&nbsp;<\/p>\r\n\r\n<\/div>\r\n\r\n<p>Art. 37.&nbsp; \u00c0 Subdivis\u00e3o de Patrim\u00f4nio do CCS, al\u00e9m das compet\u00eancias gerais correspondentes constantes no Regimento Geral da UFSM, compete:<\/p>\r\n\r\n<p>I - realizar a confer\u00eancia e\r\no controle das transfer\u00eancias da carga patrimonial da Unidade de Ensino, exceto das subunidades; <\/p>\r\n\r\n<p>II - orientar quanto \u00e0\r\nretirada e devolu\u00e7\u00e3o dos bens patrimoniais das subunidades e orientar quanto \u00e0s\r\nsindic\u00e2ncias patrimoniais;<\/p>\r\n\r\n<p>III - orientar quanto \u00e0\r\ntransfer\u00eancia dos bens, para carga patrimonial da UFSM, adquiridos junto aos\r\nprojetos de pesquisa e a projetos via funda\u00e7\u00e3o de apoio;<\/p>\r\n\r\n<p>IV - gerenciar as doa\u00e7\u00f5es e\r\nbaixas de bens patrimoniais no \u00e2mbito da Unidade de Ensino;<\/p>\r\n\r\n<p>V - verificar a necessidade\r\nde compras de bens patrimoniais para a Unidade de Ensino;<\/p>\r\n\r\n<p>VI - orientar as subunidades\r\nno que se refere ao controle patrimonial, \u00e0 movimenta\u00e7\u00e3o e transfer\u00eancia de\r\nbens e ao invent\u00e1rio patrimonial;<\/p>\r\n\r\n<p>VII - desenvolver pol\u00edticas\r\nde uso racional dos bens do CCS; <\/p>\r\n\r\n<p>VIII - realizar o controle\r\nsobre transfer\u00eancia e baixa de material em desuso vinculado \u00e0 Unidade de\r\nEnsino;<\/p>\r\n\r\n<p>IX - executar as transfer\u00eancias patrimoniais e as solicita\u00e7\u00f5es de\r\nrecolhimento da carga patrimonial da Unidade de Ensino;<\/p>\r\n\r\n<p>X - auxiliar as subunidades e a Unidade de Ensino quanto \u00e0\r\naquisi\u00e7\u00e3o e doa\u00e7\u00e3o de bens permanentes;<\/p>\r\n\r\n<p>XI - auxiliar na certifica\u00e7\u00e3o e recebimento de bens permanentes da\r\nUnidade de Ensino; e<\/p>\r\n\r\n<p>XII - auxiliar no controle da carga patrimonial da Unidade de\r\nEnsino.<\/p>\r\n\r\n<p>Art. 38.&nbsp; A\r\nSubdivis\u00e3o de Patrim\u00f4nio ter\u00e1 1 (um\/uma)\r\nt\u00e9cnico(a)-administrativo(a) em educa\u00e7\u00e3o designado(a) como Chefe da Subdivis\u00e3o\r\npela Dire\u00e7\u00e3o do CCS.<\/p>\r\n\r\n<p>Art. 39.&nbsp;\r\nS\u00e3o atribui\u00e7\u00f5es do(a) Chefe da Subdivis\u00e3o de Patrim\u00f4nio:<\/p>\r\n\r\n<p>I - conferir os patrim\u00f4nios\r\nde responsabilidade direta da Dire\u00e7\u00e3o da Unidade de Ensino (patrim\u00f4nios n\u00e3o\r\nvinculados a subunidades) no invent\u00e1rio;<\/p>\r\n\r\n<p>II - emitir notas de\r\ntransporte no \u00e2mbito da unidade de Ensino;<\/p>\r\n\r\n<p>III - encaminhar\r\nrecolhimento e transfer\u00eancia de itens no \u00e2mbito da unidade de Ensino; <\/p>\r\n\r\n<p>IV - conferir itens\r\nrecebidos (novos) no \u00e2mbito da unidade de Ensino, auxiliar nas d\u00favidas e\r\ndemandas sobre patrim\u00f4nio dos demais setores da unidade; <b>\r\n<\/b>\r\n<\/p>\r\n\r\n<p>V - prestar apoio t\u00e9cnico \u00e0s subunidades em demandas\r\nrelacionadas \u00e0 gest\u00e3o patrimonial;<\/p>\r\n\r\n<p>VI - apoiar a organiza\u00e7\u00e3o e disponibiliza\u00e7\u00e3o de informa\u00e7\u00f5es\r\npatrimoniais relevantes \u00e0 gest\u00e3o da Unidade;<\/p>\r\n\r\n<p>VII - cumprir e fazer cumprir as determina\u00e7\u00f5es pertinentes\r\nao servi\u00e7o; <\/p>\r\n\r\n<p>VIII - organizar as escalas\r\nde f\u00e9rias, controlar a frequ\u00eancia, as entregas e a movimenta\u00e7\u00e3o de\r\nservidores(as) lotados(as) na subunidade; e<\/p>\r\n\r\n<p>IX - desempenhar outras atribui\u00e7\u00f5es inerentes \u00e0 fun\u00e7\u00e3o.<\/p>\r\n\r\n<p>&nbsp;<\/p>\r\n<p>\r\n<!--StartFragment-->\r\n<b>Se\u00e7\u00e3o IX<\/b>\r\n<!--EndFragment-->\r\n<\/p>\r\n\r\n<div>\r\n\r\n<p>\r\n<b>Da Subdivis\u00e3o de Tecnologia da Informa\u00e7\u00e3o do CCS\r\n(TI\/CCS)<\/b>\r\n<\/p>\r\n\r\n<\/div>\r\n\r\n<div>\r\n\r\n<p>&nbsp;<\/p>\r\n\r\n<\/div>\r\n\r\n<p>Art. 40.&nbsp; \u00c0 Subdivis\u00e3o de Tecnologia da Informa\u00e7\u00e3o (TI)\r\ndo CCS, compete:<\/p>\r\n\r\n<p>I - organizar e conduzir as\r\natividades de TI no \u00e2mbito do CCS;<\/p>\r\n\r\n<p>II - prestar \u00e0 comunidade do\r\nCCS servi\u00e7os de suporte relacionados \u00e0 utiliza\u00e7\u00e3o dos recursos computacionais e\r\nsistemas de informa\u00e7\u00e3o;<\/p>\r\n\r\n<p>III - executar atividades de\r\nmanuten\u00e7\u00e3o preventiva e corretiva visando a preserva\u00e7\u00e3o das condi\u00e7\u00f5es de uso\r\ndos ativos de TI;<\/p>\r\n\r\n<p>IV - assessorar a equipe de\r\ngest\u00e3o do CCS quanto aos assuntos que envolvam tecnologia da informa\u00e7\u00e3o;<\/p>\r\n\r\n<p>V - emitir parecer t\u00e9cnico\r\nrelacionado \u00e0 tecnologia da informa\u00e7\u00e3o;<\/p>\r\n\r\n<p>VI - propor, implementar e acompanhar a\u00e7\u00f5es de\r\ntecnologia da informa\u00e7\u00e3o no \u00e2mbito do CCS, observadas as pol\u00edticas\r\ninstitucionais;<\/p>\r\n\r\n<p>VII - gerenciar de forma\r\nconjunta com a Subdivis\u00e3o de Patrim\u00f4nio do CCS o ciclo de vida dos equipamentos\r\nde inform\u00e1tica e licen\u00e7as de <i>software<\/i> com base no princ\u00edpio da\r\neconomicidade, desde sua aquisi\u00e7\u00e3o at\u00e9 a desativa\u00e7\u00e3o; <\/p>\r\n\r\n<p>VIII - supervisionar a\r\nconformidade do uso de <i>softwares<\/i> com a legisla\u00e7\u00e3o vigente;<\/p>\r\n\r\n<p>IX - dar suporte a docentes\r\ne t\u00e9cnicos(as)-administrativos(as) em educa\u00e7\u00e3o na instala\u00e7\u00e3o de<i> softwares<\/i>;\r\n<\/p>\r\n\r\n<p>X - dar suporte de TI aos\r\nprojetos de ensino, pesquisa e extens\u00e3o do CCS; e<\/p>\r\n\r\n<p>XI - planejar junto \u00e0\r\nDire\u00e7\u00e3o da Unidade as aquisi\u00e7\u00f5es e melhoramentos a serem realizadas na TI da\r\nUnidade.<\/p>\r\n\r\n<p>Art. 41. &nbsp;A Subdivis\u00e3o de\r\nTecnologia de Informa\u00e7\u00e3o ter\u00e1 1 (um\/uma)\r\nt\u00e9cnico(a)-administrativo(a) em educa\u00e7\u00e3o como Chefe da Subdivis\u00e3o, designado(a) pela Dire\u00e7\u00e3o do CCS.<\/p>\r\n\r\n<p>Art. 42.&nbsp; S\u00e3o atribui\u00e7\u00f5es\r\ndo(a) Chefe da Subdivis\u00e3o de Tecnologia da Informa\u00e7\u00e3o do CCS, al\u00e9m do previsto\r\nna <a href=\"https:\/\/www.ufsm.br\/pro-reitorias\/proplan\/resolucao-ufsm-no-219-2025\" style=\"color: blue !important;text-decoration: underline !important\" data-elementor-preserved=\"true\">Resolu\u00e7\u00e3o UFSM n\u00b0 219, de 1\u00b0 de agosto de 2025<\/a>:<\/p>\r\n\r\n<p>I - coordenar, orientar e supervisionar as atividades da Subdivis\u00e3o;<\/p>\r\n\r\n<p>II - organizar e gerenciar o atendimento \u00e0s demandas de tecnologia da\r\ninforma\u00e7\u00e3o da Unidade e de suas subunidades;<\/p>\r\n\r\n<p>III - assessorar a Dire\u00e7\u00e3o e as subunidades em assuntos relacionados \u00e0\r\ntecnologia da informa\u00e7\u00e3o;<\/p>\r\n\r\n<p>IV - planejar e acompanhar as a\u00e7\u00f5es de manuten\u00e7\u00e3o, suporte e evolu\u00e7\u00e3o\r\ndos recursos de tecnologia da informa\u00e7\u00e3o;<\/p>\r\n\r\n<p>V - orientar a utiliza\u00e7\u00e3o adequada dos sistemas e recursos tecnol\u00f3gicos\r\ninstitucionais;<\/p>\r\n\r\n<p>VI - apoiar a organiza\u00e7\u00e3o e disponibiliza\u00e7\u00e3o de informa\u00e7\u00f5es\r\ninstitucionais por meio de solu\u00e7\u00f5es de tecnologia da informa\u00e7\u00e3o;<\/p>\r\n\r\n<p>VII - propor melhorias nos processos e fluxos relacionados \u00e0 tecnologia\r\nda informa\u00e7\u00e3o;<\/p>\r\n\r\n<p>VIII - cumprir e fazer cumprir as determina\u00e7\u00f5es pertinentes\r\nao servi\u00e7o; <\/p>\r\n\r\n<p>IX - organizar as escalas de\r\nf\u00e9rias, controlar a frequ\u00eancia, as entregas e a movimenta\u00e7\u00e3o de servidores(as)\r\nlotados(as) na subunidade; e<\/p>\r\n\r\n<p>X - desempenhar outras atribui\u00e7\u00f5es inerentes \u00e0 fun\u00e7\u00e3o.<\/p>\r\n\r\n<div>\r\n\r\n<p>&nbsp;<\/p>\r\n<p>\r\n<!--StartFragment-->\r\n<b>Se\u00e7\u00e3o X<\/b>\r\n<!--EndFragment-->\r\n<\/p>\r\n<\/div>\r\n\r\n<div>\r\n\r\n<p>\r\n<b>Do Setor de Apoio Pedag\u00f3gico do CCS (SAP\/CCS)<\/b>\r\n<\/p>\r\n\r\n<\/div>\r\n\r\n<div>\r\n\r\n<p>&nbsp;<\/p>\r\n\r\n<\/div>\r\n\r\n<p>Art. 43.&nbsp; Ao Setor de Apoio Pedag\u00f3gico do CCS, al\u00e9m das compet\u00eancias gerais\r\ncorrespondentes constantes no Regimento\r\nGeral da UFSM, compete:<\/p>\r\n\r\n<p>I - assessorar, no \u00e2mbito do\r\nensino de gradua\u00e7\u00e3o, os processos de cria\u00e7\u00e3o e altera\u00e7\u00e3o dos projetos\r\npedag\u00f3gicos de cursos do CCS, de acordo com as orienta\u00e7\u00f5es da Pr\u00f3-Reitoria de Gradua\u00e7\u00e3o\r\n(PROGRAD); <\/p>\r\n\r\n<p>II - apoiar a implanta\u00e7\u00e3o e\r\na avalia\u00e7\u00e3o das matrizes curriculares dos cursos;<\/p>\r\n\r\n<p>III - colaborar no\r\ndesenvolvimento dos projetos de ensino, pesquisa e extens\u00e3o implementados nos\r\ncursos da Unidade;<\/p>\r\n\r\n<p>IV - contribuir para a\r\nintegra\u00e7\u00e3o, acolhimento e media\u00e7\u00e3o entre discentes e docentes dos cursos de gradua\u00e7\u00e3o e p\u00f3s-gradua\u00e7\u00e3o no\r\n\u00e2mbito da Unidade;<\/p>\r\n\r\n<p>V - implementar orienta\u00e7\u00e3o\r\ndid\u00e1tico-pedag\u00f3gica aos(\u00e0s) docentes, aos(\u00e0s) t\u00e9cnicos(as)-administrativos(as)\r\nem educa\u00e7\u00e3o e aos(\u00e0s) discentes, propondo a\u00e7\u00f5es de forma\u00e7\u00e3o articuladas com as\r\nPol\u00edticas Institucionais;<\/p>\r\n\r\n<p>VI - fomentar a\r\ninterdisciplinaridade nas a\u00e7\u00f5es de forma\u00e7\u00e3o acad\u00eamica e profissional\r\ndesenvolvidas na Unidade;<\/p>\r\n\r\n<p>VII - orientar os(as)\r\ndocentes na utiliza\u00e7\u00e3o de metodologias, estrat\u00e9gias, t\u00e9cnicas e recursos nos\r\nprocessos de ensino-aprendizagem;<\/p>\r\n\r\n<p>VIII - apoiar, acolher e\r\norientar as diferentes demandas pedag\u00f3gicas dos(as) discentes no uso das\r\ndiversas ferramentas pedag\u00f3gicas;<\/p>\r\n\r\n<p>IX - auxiliar nas\r\norienta\u00e7\u00f5es dos procedimentos de avalia\u00e7\u00e3o da aprendizagem; <\/p>\r\n\r\n<p>X - participar dos processos\r\nde avalia\u00e7\u00e3o interna e acompanhar, quando necess\u00e1rio, a avalia\u00e7\u00e3o externa dos\r\ncursos;<\/p>\r\n\r\n<p>XI - contribuir com a Dire\u00e7\u00e3o do CCS, com os(as) coordenadores(as)\r\nde curso, com os colegiados e outros segmentos no planejamento e execu\u00e7\u00e3o de\r\na\u00e7\u00f5es voltadas \u00e0 melhoria da qualidade de ensino;<\/p>\r\n\r\n<p>XII - propor atividades para qualifica\u00e7\u00e3o das unidades a partir dos\r\nresultados da avalia\u00e7\u00e3o institucional do CCS;<\/p>\r\n\r\n<p>XIII - proporcionar orienta\u00e7\u00e3o e apoio institucional em rela\u00e7\u00e3o \u00e0s\r\ndificuldades da comunidade acad\u00eamica, no \u00e2mbito da aprendizagem te\u00f3rica e das\r\nviv\u00eancias pr\u00e1ticas dos cursos, providenciando os devidos encaminhamentos quando\r\nnecess\u00e1rio, bem como promovendo a inclus\u00e3o e a perman\u00eancia dos(as)\r\nacad\u00eamicos(as);<\/p>\r\n\r\n<p>XIV - atuar na organiza\u00e7\u00e3o e promo\u00e7\u00e3o de diferentes atividades\r\nenvolvendo a comunidade universit\u00e1ria;<\/p>\r\n\r\n<p>XV - estimular a constru\u00e7\u00e3o de um ambiente democr\u00e1tico e\r\nparticipativo, incentivando a produ\u00e7\u00e3o do conhecimento por parte da comunidade\r\nacad\u00eamica;<\/p>\r\n\r\n<p>XVI - articular a\u00e7\u00f5es educativas em parceria com os demais setores\r\nda universidade; e<\/p>\r\n\r\n<p>XVII - desenvolver outras atividades da \u00e1rea de sua compet\u00eancia,\r\nconforme as demandas e especificidades do CCS.<\/p>\r\n\r\n<p>Art. 44.&nbsp; O Setor\r\nde Apoio Pedag\u00f3gico ter\u00e1 1 (um\/uma)\r\nt\u00e9cnico(a)-administrativo(a) em educa\u00e7\u00e3o como Chefe do Setor, designado(a) pela Dire\u00e7\u00e3o do CCS.<\/p>\r\n\r\n<p>Art. 45.&nbsp;\r\nS\u00e3o atribui\u00e7\u00f5es do(a) Chefe do Setor de Apoio Pedag\u00f3gico:<\/p>\r\n\r\n<p>I - planejar, executar, coordenar e\r\nsupervisionar as atividades realizadas pelo Setor de Apoio Pedag\u00f3gico;<\/p>\r\n\r\n<p>II - detectar necessidades de capacita\u00e7\u00e3o e promover o\r\naperfei\u00e7oamento dos(as) servidores(as) lotados(as) no Setor de Apoio\r\nPedag\u00f3gico;<\/p>\r\n\r\n<p>III - representar o CCS em comiss\u00f5es e outras inst\u00e2ncias, quando\r\nsolicitado pela Dire\u00e7\u00e3o, assim como designar, em caso de necessidade,\r\nsubstituto(a) para tal fun\u00e7\u00e3o;<\/p>\r\n\r\n<p>IV - assessorar a Dire\u00e7\u00e3o e demais inst\u00e2ncias do CCS em assuntos de\r\nensino, emitindo parecer quando for de sua compet\u00eancia;&nbsp;<\/p>\r\n\r\n<p>V - representar o SAP, no \u00e2mbito do CCS, promovendo o seu\r\nrelacionamento com as demais unidades da UFSM;<\/p>\r\n\r\n<p>VI - organizar as escalas de f\u00e9rias,\r\ncontrolar a frequ\u00eancia, as entregas e a movimenta\u00e7\u00e3o de servidores(as)\r\nlotados(as) na subunidade;<\/p>\r\n\r\n<p>VII - guardar e conservar os bens m\u00f3veis e im\u00f3veis alocados no SAP;<\/p>\r\n\r\n<p>VIII - cumprir e fazer cumprir as normas regimentais estabelecidas,\r\nbem como toda a legisla\u00e7\u00e3o e normas internas afetas \u00e0 sua \u00e1rea de atua\u00e7\u00e3o;<\/p>\r\n\r\n<p>IX - promover reuni\u00f5es peri\u00f3dicas em \u00e2mbito interno para debater\r\nproblemas e assuntos de interesse do setor; e<\/p>\r\n\r\n<p>X - desempenhar os demais atos inerentes \u00e0 sua fun\u00e7\u00e3o.<\/p>\r\n\r\n<div>\r\n\r\n<p>\r\n<b>&nbsp;<\/b>\r\n<\/p>\r\n\r\n<p>\r\n<b>Se\u00e7\u00e3o XI<\/b>\r\n<\/p>\r\n\r\n<p>\r\n<b>Da Subdivis\u00e3o de Projetos do CCS (SPROJ\/CCS)<\/b>\r\n<\/p>\r\n\r\n<\/div>\r\n\r\n<p>&nbsp;<\/p>\r\n\r\n<p>Art. 46.&nbsp;\r\n\u00c0 Subdivis\u00e3o de Projetos do CCS, al\u00e9m do previsto na <a href=\"https:\/\/www.ufsm.br\/pro-reitorias\/proplan\/resolucao-ufsm-no-219-2025\" style=\"color: blue !important;text-decoration: underline !important\" data-elementor-preserved=\"true\">Resolu\u00e7\u00e3o UFSM n\u00b0 219, de 1\u00b0 de agosto de 2025<\/a>, compete:<\/p>\r\n\r\n<p>I - orientar docentes e\r\nt\u00e9cnicos(as)-administrativos(as) em educa\u00e7\u00e3o quanto ao registro, execu\u00e7\u00e3o e\r\nencerramento de projetos de ensino, pesquisa e extens\u00e3o;<\/p>\r\n\r\n<p>II - assessorar os(as) executores(as) e\r\ninteressados(as) quanto \u00e0s normas e procedimentos aplic\u00e1veis aos projetos;<\/p>\r\n\r\n<p>III - auxiliar na conformidade t\u00e9cnica\r\nnecess\u00e1ria ao registro e tramita\u00e7\u00e3o de projetos;<\/p>\r\n\r\n<p>IV - controlar o registro, a tramita\u00e7\u00e3o\r\ne o arquivamento de projetos no \u00e2mbito da Unidade;<\/p>\r\n\r\n<p>V - controlar a execu\u00e7\u00e3o t\u00e9cnica,\r\nf\u00edsica, or\u00e7ament\u00e1ria e financeira dos projetos com financiamento institucional\r\na que foram designados;<\/p>\r\n\r\n<p>VI - realizar a an\u00e1lise de encerramento\r\ndos projetos;<\/p>\r\n\r\n<p>VII - secretariar e prestar apoio \u00e0s\r\nComiss\u00f5es de Ensino e Pesquisa e de Extens\u00e3o da Unidade;<\/p>\r\n\r\n<p>VIII - distribuir \u00e0s Comiss\u00f5es\r\nPermanentes as propostas submetidas aos editais internos da UFSM, conforme\r\norienta\u00e7\u00f5es das Pr\u00f3-Reitorias;<\/p>\r\n\r\n<p>IX - colaborar na realiza\u00e7\u00e3o de\r\nconv\u00eanios e na capta\u00e7\u00e3o de recursos para projetos;<\/p>\r\n\r\n<p>X - controlar o recebimento, a\r\ntramita\u00e7\u00e3o e a expedi\u00e7\u00e3o de processos e correspond\u00eancias;<\/p>\r\n\r\n<p>XI - executar atividades de registro e\r\narquivo da Subdivis\u00e3o;<\/p>\r\n\r\n<p>XII - colaborar na divulga\u00e7\u00e3o de\r\noportunidades de financiamento e eventos relacionados a projetos;<\/p>\r\n\r\n<p>XIII - colaborar na indica\u00e7\u00e3o de\r\nprojetos, servidores(as) e discentes a pr\u00eamios institucionais;<\/p>\r\n\r\n<p>XIV - colaborar com a an\u00e1lise, sele\u00e7\u00e3o e\r\nindica\u00e7\u00e3o de candidatos(as) e trabalhos para pr\u00eamios, destaques e participa\u00e7\u00e3o\r\nem eventos acad\u00eamicos;<\/p>\r\n\r\n<p>XV - colaborar com o desenvolvimento e a\r\nexecu\u00e7\u00e3o de iniciativas institucionais relacionadas a projetos e planejamento;\r\ne<\/p>\r\n\r\n<p>XVI - desempenhar outras atividades\r\ninerentes \u00e0 sua \u00e1rea de atua\u00e7\u00e3o.<\/p>\r\n\r\n<p>Art. 47.&nbsp;\r\nA Subdivis\u00e3o de Projetos ter\u00e1 1 (um\/uma) t\u00e9cnico(a)-administrativo(a) em\r\neduca\u00e7\u00e3o como Chefe da Subdivis\u00e3o, designado(a) pela Dire\u00e7\u00e3o do CCS.<\/p>\r\n\r\n<p>Art. 48.&nbsp; S\u00e3o atribui\u00e7\u00f5es do(a) Chefe da Subdivis\u00e3o de\r\nProjetos do CCS:<\/p>\r\n\r\n<p>I - coordenar, orientar e supervisionar\r\nas atividades da Subdivis\u00e3o;<\/p>\r\n\r\n<p>II - apreciar preliminarmente os\r\nprojetos de ensino, pesquisa, extens\u00e3o e desenvolvimento institucional no\r\n\u00e2mbito da Unidade;<\/p>\r\n\r\n<p>III - encaminhar \u00e0s Comiss\u00f5es de Ensino\r\ne Pesquisa e de Extens\u00e3o as propostas submetidas aos editais internos da UFSM,\r\nap\u00f3s an\u00e1lise pr\u00e9via;<\/p>\r\n\r\n<p>IV - assessorar a Dire\u00e7\u00e3o e as\r\nsubunidades em assuntos relacionados \u00e0 gest\u00e3o de projetos; <\/p>\r\n\r\n<p>V - organizar as escalas de f\u00e9rias,\r\ncontrolar a frequ\u00eancia, as entregas e a movimenta\u00e7\u00e3o de servidores(as)\r\nlotados(as) na subunidade; e<\/p>\r\n\r\n<p>VI - desempenhar outras atribui\u00e7\u00f5es\r\ninerentes \u00e0 fun\u00e7\u00e3o.<\/p>\r\n\r\n<p>&nbsp;<\/p>\r\n\r\n<p>\r\n<b>Se\u00e7\u00e3o XII<\/b>\r\n<\/p>\r\n\r\n<div>\r\n\r\n<p>\r\n<b>Da Subdivis\u00e3o de Acompanhamento de\r\nConcursos e Apoio \u00e0 Gest\u00e3o de Pessoas do CCS (SACAGEP\/CCS)<\/b>\r\n<\/p>\r\n\r\n<\/div>\r\n\r\n<p>&nbsp;<\/p>\r\n\r\n<p>Art. 49.&nbsp; \u00c0 Subdivis\u00e3o de Acompanhamento de Concursos e\r\nApoio \u00e0 Gest\u00e3o de Pessoas compete:<\/p>\r\n\r\n<p>I - acompanhar junto \u00e0s subunidades da\r\nUnidade de Ensino as demandas de servidores(as), realizando, com o apoio das\r\nunidades competentes, a an\u00e1lise inicial de descri\u00e7\u00e3o de cargo demandado e as\r\ncompet\u00eancias das respectivas unidades, produzindo os relat\u00f3rios e instrumentos\r\nnecess\u00e1rios para dar suporte \u00e0s tomadas de decis\u00f5es referentes \u00e0 gest\u00e3o de\r\npessoas no CCS;<\/p>\r\n\r\n<p>II - propor, no \u00e2mbito do CCS, as\r\nadequa\u00e7\u00f5es necess\u00e1rias para a gest\u00e3o e acompanhamento eficiente, eficaz e\r\ntempestivo de servidores(as); <\/p>\r\n\r\n<p>III - realizar o apoio t\u00e9cnico\r\nnecess\u00e1rio \u00e0 realiza\u00e7\u00e3o de sele\u00e7\u00e3o p\u00fablica e concurso p\u00fablico docente no \u00e2mbito\r\nda Unidade de Ensino, em conson\u00e2ncia com as compet\u00eancias dos departamentos\r\ndid\u00e1ticos e da Secretaria Integrada de Departamentos;<\/p>\r\n\r\n<p>IV - prestar suporte administrativo \u00e0\r\nSecretaria Integrada de Departamentos, quando da abertura do processo\r\nadministrativo para sele\u00e7\u00e3o p\u00fablica ou concurso p\u00fablico para docente;<\/p>\r\n\r\n<p>V - auxiliar a Dire\u00e7\u00e3o do CCS, quando\r\nfor da compet\u00eancia desta, a execu\u00e7\u00e3o da sele\u00e7\u00e3o p\u00fablica e do concurso p\u00fablico,\r\nem virtude de eventual impedimento dos departamentos did\u00e1ticos;<\/p>\r\n\r\n<p>VI - secretariar, sempre que poss\u00edvel,\r\nas Comiss\u00f5es Examinadoras de sele\u00e7\u00e3o p\u00fablica e concurso p\u00fablico para docente no\r\n\u00e2mbito dos departamentos; e<\/p>\r\n\r\n<p>VII - secretariar, sempre que poss\u00edvel,\r\nas bancas de promo\u00e7\u00e3o\/progress\u00e3o dos(as) docentes do CCS.<\/p>\r\n\r\n<p>Art. 50.&nbsp; A\r\nSubdivis\u00e3o de Acompanhamento de Concursos e Apoio \u00e0 Gest\u00e3o de Pessoas ter\u00e1 1 (um\/uma) t\u00e9cnico(a)-administrativo(a) em educa\u00e7\u00e3o\r\ncomo Chefe da Subdivis\u00e3o, designado(a) pela\r\nDire\u00e7\u00e3o do CCS.<\/p>\r\n\r\n<p>Art. 51.&nbsp; S\u00e3o atribui\u00e7\u00f5es do(a) Chefe de Subdivis\u00e3o de\r\nAcompanhamento de Concursos e Apoio \u00e0 Gest\u00e3o de Pessoas (SACAGEP\/CCS):<\/p>\r\n\r\n<p>I - auxiliar a Dire\u00e7\u00e3o do\r\nCCS nos encaminhamentos relacionadas \u00e0 gest\u00e3o de pessoas, em parceria com\r\ndemais subunidades do CCS, sempre que necess\u00e1rio; <\/p>\r\n\r\n<p>II - orientar e auxiliar as\r\nsubunidades do CCS quanto \u00e0s pr\u00e1ticas de gest\u00e3o de pessoas; <\/p>\r\n\r\n<p>III - organizar as escalas\r\nde f\u00e9rias, controlar a frequ\u00eancia, as entregas e a movimenta\u00e7\u00e3o de servidores(as)\r\nlotados(as) na subunidade; e<\/p>\r\n\r\n<p>IV - planejar, executar,\r\ncoordenar e supervisionar as atividades realizadas pela Subdivis\u00e3o de\r\nAcompanhamento de Concursos e Apoio \u00e0 Gest\u00e3o de Pessoas.<\/p>\r\n\r\n<p>&nbsp;<\/p>\r\n\r\n<p>\r\n<b>Se\u00e7\u00e3o XIII<\/b>\r\n<\/p>\r\n\r\n<div>\r\n\r\n<p>\r\n<b>Da Farm\u00e1cia Escola do CCS (FE\/CCS)<\/b>\r\n<\/p>\r\n\r\n<\/div>\r\n\r\n<div>\r\n\r\n<p>&nbsp;<\/p>\r\n\r\n<p>Art. 52.&nbsp;\r\n\u00c0 Farm\u00e1cia Escola (FE\/CCS) compete:<\/p>\r\n\r\n<p>I - prestar apoio, em sua \u00e1rea de compet\u00eancia, \u00e0s atividades\r\nmultidisciplinares de \u00e2mbito pr\u00e1tico, aos cursos de gradua\u00e7\u00e3o e p\u00f3s-gradua\u00e7\u00e3o\r\nna \u00e1rea de Farm\u00e1cia, no \u00e2mbito do CCS;<\/p>\r\n\r\n<p>II - executar e controlar as atividades de\r\napoio administrativo necess\u00e1rias ao funcionamento da Farm\u00e1cia Escola;<\/p>\r\n\r\n<p>III - servir como cen\u00e1rio de pr\u00e1tica farmac\u00eautica para\r\no curso de Farm\u00e1cia do CCS; <\/p>\r\n\r\n<p>IV - executar o controle patrimonial da\r\nFarm\u00e1cia Escola; e<\/p>\r\n\r\n<p>V - prestar servi\u00e7os de apoio t\u00e9cnico\r\nespecializado \u00e0 comunidade, obedecendo \u00e0 legisla\u00e7\u00e3o vigente.<\/p>\r\n\r\n<p>Art. 53.&nbsp;\r\nA Farm\u00e1cia Escola do CCS ter\u00e1 1 (um\/uma) servidor(a), com forma\u00e7\u00e3o na \u00e1rea, legalmente habilitado(a), como Chefe da Farm\u00e1cia Escola, designado(a) pela Dire\u00e7\u00e3o do\r\nCCS.<\/p>\r\n\r\n<p>Art. 54.&nbsp;\r\nS\u00e3o atribui\u00e7\u00f5es do(a) Chefe da Farm\u00e1cia Escola (FE\/CCS):<\/p>\r\n\r\n<p>I - planejar a gest\u00e3o da Farm\u00e1cia Escola em conjunto com o curso de\r\nFarm\u00e1cia e a Dire\u00e7\u00e3o do CCS;<\/p>\r\n\r\n<p>II - participar, quando convidado(a), das reuni\u00f5es do\r\ncolegiado do curso de Farm\u00e1cia;<\/p>\r\n\r\n<p>III - coordenar e executar as atividades e\r\na\u00e7\u00f5es de compet\u00eancia da Farm\u00e1cia Escola;<\/p>\r\n\r\n<p>IV\r\n- cumprir e fazer cumprir as determina\u00e7\u00f5es pertinentes \u00e0 Farm\u00e1cia Escola; <\/p>\r\n\r\n<\/div>\r\n\r\n<p>V - organizar as escalas de f\u00e9rias,\r\ncontrolar a frequ\u00eancia, as entregas e a movimenta\u00e7\u00e3o de servidores(as)\r\nlotados(as) na subunidade; e<\/p>\r\n\r\n<div>\r\n\r\n<p>VI\r\n- orientar e supervisionar a(s) equipe(s) de trabalho vinculada(s) diretamente\r\n\u00e0 Farm\u00e1cia Escola.<\/p>\r\n\r\n<p>&nbsp;<\/p>\r\n\r\n<\/div>\r\n\r\n<p>\r\n<b>Se\u00e7\u00e3o XIV<\/b>\r\n<\/p>\r\n\r\n<p>\r\n<b>Das Cl\u00ednicas do CCS<\/b>\r\n<\/p>\r\n\r\n<div>\r\n\r\n<p>&nbsp;<\/p>\r\n\r\n<\/div>\r\n\r\n<p>Art. 55. &nbsp;\u00c0 Cl\u00ednica de Fonoaudiologia (CFon\/CCS)\r\ncompete:<\/p>\r\n\r\n<p>I - prestar apoio, em sua \u00e1rea de\r\ncompet\u00eancia, \u00e0s atividades multidisciplinares de \u00e2mbito pr\u00e1tico, aos cursos de\r\ngradua\u00e7\u00e3o e p\u00f3s-gradua\u00e7\u00e3o de Fonoaudiologia, da Universidade Federal de Santa\r\nMaria;<\/p>\r\n\r\n<p>II - executar e controlar as atividades\r\nde apoio administrativo necess\u00e1rias ao funcionamento da Cl\u00ednica de\r\nFonoaudiologia;<\/p>\r\n\r\n<div>\r\n\r\n<p>III - servir como cen\u00e1rio de pr\u00e1tica fonaudiol\u00f3gica\r\npara o curso de Fonoaudiologia do CCS; <\/p>\r\n\r\n<\/div>\r\n\r\n<p>IV - executar o controle patrimonial da\r\nCl\u00ednica de Fonoaudiologia; e<\/p>\r\n\r\n<p>V - prestar servi\u00e7os de apoio t\u00e9cnico\r\nespecializado \u00e0 comunidade, obedecendo \u00e0 legisla\u00e7\u00e3o vigente.<\/p>\r\n\r\n<p>Art. 56. &nbsp;A Cl\u00ednica de Fonoaudiologia do CCS ter\u00e1 1 (um\/uma) servidor(a), com forma\u00e7\u00e3o na \u00e1rea,\r\nlegalmente habilitado(a), como Chefe da Cl\u00ednica, designado(a) pela Dire\u00e7\u00e3o do CCS.<\/p>\r\n\r\n<p>Art. 57.&nbsp;\r\nS\u00e3o atribui\u00e7\u00f5es do(a) Chefe da Cl\u00ednica de\r\nFonoaudiologia (CFon\/CCS):<\/p>\r\n\r\n<p>I - planejar a gest\u00e3o da Cl\u00ednica de Fonoaudiologia em\r\nconjunto com o curso de Fonoaudiologia e a Dire\u00e7\u00e3o do CCS;<\/p>\r\n\r\n<p>II - participar, quando convidado(a),\r\ndas reuni\u00f5es do colegiado do curso de Fonoaudiologia;<\/p>\r\n\r\n<p>III - coordenar e executar as atividades\r\ne a\u00e7\u00f5es de compet\u00eancia da Cl\u00ednica de Fonoaudiologia;<\/p>\r\n\r\n<p>IV - cumprir e fazer cumprir as\r\ndetermina\u00e7\u00f5es pertinentes \u00e0 Cl\u00ednica de Fonoaudiologia; <\/p>\r\n\r\n<p>V - organizar as escalas de f\u00e9rias,\r\ncontrolar a frequ\u00eancia, as entregas e a movimenta\u00e7\u00e3o de servidores(as)\r\nlotados(as) na subunidade; e<\/p>\r\n\r\n<p>VI - orientar e supervisionar a(s)\r\nequipe(s) de trabalho vinculada(s) diretamente \u00e0 Cl\u00ednica de Fonoaudiologia.<\/p>\r\n\r\n<p>Art. 58.\r\n&nbsp;\u00c0 Cl\u00ednica de\r\nOdontologia (COdon\/CCS) compete:<\/p>\r\n\r\n<p>I - prestar apoio, em sua \u00e1rea de\r\ncompet\u00eancia, \u00e0s atividades multidisciplinares de \u00e2mbito pr\u00e1tico, aos cursos de\r\ngradua\u00e7\u00e3o e p\u00f3s-gradua\u00e7\u00e3o na \u00e1rea de Odontologia, no \u00e2mbito do CCS;<\/p>\r\n\r\n<p>II - executar e controlar as atividades\r\nde apoio administrativo necess\u00e1rias ao funcionamento da Cl\u00ednica de Odontologia;<\/p>\r\n\r\n<div>\r\n\r\n<p>III - servir como cen\u00e1rio de pr\u00e1tica odontol\u00f3gica para\r\no curso de Odontologia do CCS; <\/p>\r\n\r\n<\/div>\r\n\r\n<p>IV - executar o controle patrimonial da\r\nCl\u00ednica de Odontologia; e<\/p>\r\n\r\n<p>V - prestar servi\u00e7os de apoio t\u00e9cnico\r\nespecializado \u00e0 comunidade, obedecendo \u00e0 legisla\u00e7\u00e3o vigente.<\/p>\r\n\r\n<p>Art. 59. &nbsp;A Cl\u00ednica de Odontologia do CCS ter\u00e1 1 (um\/uma) servidor(a), com forma\u00e7\u00e3o na \u00e1rea,\r\nlegalmente habilitado(a), como Chefe da Cl\u00ednica, designado(a) pela Dire\u00e7\u00e3o do CCS.<\/p>\r\n\r\n<p>Art. 60.&nbsp;\r\nS\u00e3o atribui\u00e7\u00f5es do(a) Chefe da Cl\u00ednica de\r\nOdontologia (COdon\/CCS):<\/p>\r\n\r\n<p>I - planejar a gest\u00e3o da Cl\u00ednica de Odontologia em\r\nconjunto com o curso de Odontologia e a Dire\u00e7\u00e3o do CCS;<\/p>\r\n\r\n<p>II - participar, quando convidado(a),\r\ndas reuni\u00f5es do colegiado do curso de Odontologia;<\/p>\r\n\r\n<p>III - coordenar e executar as atividades\r\ne a\u00e7\u00f5es de compet\u00eancia da Cl\u00ednica de Odontologia;<\/p>\r\n\r\n<p>IV - cumprir e fazer cumprir as\r\ndetermina\u00e7\u00f5es pertinentes \u00e0 Cl\u00ednica de Odontologia; <\/p>\r\n\r\n<p>V - organizar as escalas de f\u00e9rias,\r\ncontrolar a frequ\u00eancia, as entregas e a movimenta\u00e7\u00e3o de servidores(as)\r\nlotados(as) na subunidade; e<\/p>\r\n\r\n<p>VI - orientar e supervisionar a(s)\r\nequipe(s) de trabalho vinculada(s) diretamente \u00e0 Cl\u00ednica de Odontologia.<\/p>\r\n\r\n<p>Art. 61. &nbsp;\u00c0 Cl\u00ednica de Terapia Ocupacional do CCS (CTO\/CCS) compete:<\/p>\r\n\r\n<p>I - prestar apoio, em sua \u00e1rea de\r\ncompet\u00eancia, \u00e0s atividades multidisciplinares de \u00e2mbito pr\u00e1tico, aos cursos de\r\ngradua\u00e7\u00e3o e p\u00f3s-gradua\u00e7\u00e3o na \u00e1rea de Terapia Ocupacional, no \u00e2mbito do CCS;<\/p>\r\n\r\n<p>II - executar e controlar as atividades\r\nde apoio administrativo necess\u00e1rias ao funcionamento da Cl\u00ednica de Terapia\r\nOcupacional;<\/p>\r\n\r\n<div>\r\n\r\n<p>III - servir como cen\u00e1rio de pr\u00e1tica para o curso de\r\nTerapia Ocupacional do CCS; <\/p>\r\n\r\n<\/div>\r\n\r\n<p>IV - executar o controle patrimonial da\r\nCl\u00ednica de Terapia Ocupacional; e<\/p>\r\n\r\n<p>V - prestar servi\u00e7os de apoio t\u00e9cnico\r\nespecializado \u00e0 comunidade, obedecendo \u00e0 legisla\u00e7\u00e3o vigente.<\/p>\r\n\r\n<div>\r\n\r\n<p>Art. 62.\r\n&nbsp;A Cl\u00ednica de\r\nTerapia Ocupacional do CCS (CTO\/CCS) ter\u00e1 1 (um\/uma) servidor(a), com\r\nforma\u00e7\u00e3o na \u00e1rea, legalmente habilitado(a), como\r\nChefe da Cl\u00ednica, designado(a) pela Dire\u00e7\u00e3o do\r\nCCS.<\/p>\r\n\r\n<\/div>\r\n\r\n<p>Art. 63.&nbsp;\r\nS\u00e3o atribui\u00e7\u00f5es do(a) Chefe da Cl\u00ednica de Terapia Ocupacional do CCS\r\n(CTO\/CCS):<\/p>\r\n\r\n<p>I - planejar a gest\u00e3o da Cl\u00ednica de Terapia Ocupacional\r\nem conjunto com o curso de Terapia Ocupacional e a Dire\u00e7\u00e3o do CCS;<\/p>\r\n\r\n<p>II - participar, quando convidado(a),\r\ndas reuni\u00f5es do colegiado do curso de Terapia Ocupacional;<\/p>\r\n\r\n<p>III - coordenar e executar as atividades\r\ne a\u00e7\u00f5es de compet\u00eancia da CTO\/CCS;<\/p>\r\n\r\n<p>IV - cumprir e fazer cumprir as\r\ndetermina\u00e7\u00f5es pertinentes \u00e0 CTO\/CCS; <\/p>\r\n\r\n<p>V - organizar as escalas de f\u00e9rias,\r\ncontrolar a frequ\u00eancia, as entregas e a movimenta\u00e7\u00e3o de servidores(as)\r\nlotados(as) na subunidade; e<\/p>\r\n\r\n<p>VI - orientar e supervisionar a(s)\r\nequipe(s) de trabalho vinculada(s) diretamente \u00e0 CTO\/CCS.<\/p>\r\n\r\n<p>&nbsp;<\/p>\r\n\r\n<p>\r\n<b>Se\u00e7\u00e3o XV<\/b>\r\n<\/p>\r\n\r\n<div>\r\n\r\n<p>\r\n<b>Da Subdivis\u00e3o de Resid\u00eancias do CCS (SRes\/CCS)<\/b>\r\n<\/p>\r\n\r\n<p>&nbsp;<\/p>\r\n\r\n<\/div>\r\n\r\n<div>\r\n\r\n<p>Art.\r\n64. &nbsp;\u00c0 Subdivis\u00e3o de Resid\u00eancias do CCS compete: <\/p>\r\n\r\n<p>I - auxiliar a gest\u00e3o das demandas acad\u00eamicas,\r\nrelacionadas \u00e0 matr\u00edcula, \u00e0 frequ\u00eancia, ao desligamento e \u00e0 suspens\u00e3o de\r\nresidentes e documentos relativos \u00e0s atividades did\u00e1ticas;<\/p>\r\n\r\n<p>II - prestar apoio \u00e0 gest\u00e3o de bolsa de ensino-servi\u00e7o\r\nde residentes, relativo a afastamentos e suspens\u00f5es, bem como preparar\r\npresta\u00e7\u00e3o de contas e relat\u00f3rios;<\/p>\r\n\r\n<p>III - prestar apoio administrativo nas rotinas dos\r\ncolegiados dos Programas de Resid\u00eancia sob responsabilidade da Subdivis\u00e3o;<\/p>\r\n\r\n<p>IV - manter atualizadas as plataformas espec\u00edficas com\r\nos dados cadastrais sobre residentes, tutores(as), preceptores(as) e\r\nsupervisores(as) vinculados(as) aos programas; e<\/p>\r\n\r\n<p>V -\r\nrealizar o controle de atestados, f\u00e9rias e carga hor\u00e1ria pr\u00e1tica de residentes\r\ndos programas.<\/p>\r\n\r\n<\/div>\r\n\r\n<div>\r\n\r\n<p>Art.\r\n65.&nbsp;\r\nA Subdivis\u00e3o de Resid\u00eancias do CCS ter\u00e1 1\r\n(um\/uma) t\u00e9cnico(a)-administrativo(a) em educa\u00e7\u00e3o como Chefe da Subdivis\u00e3o, designado(a) pela Dire\u00e7\u00e3o do CCS.<\/p>\r\n\r\n<p>Art. 66. &nbsp;S\u00e3o atribui\u00e7\u00f5es\r\ndo(a) Chefe da Subdivis\u00e3o de Resid\u00eancias (SRes\/CCS):<\/p>\r\n\r\n<\/div>\r\n\r\n<div>\r\n\r\n<p>I\r\n- coordenar e executar as atividades de compet\u00eancia da Subdivis\u00e3o de\r\nResid\u00eancias;<\/p>\r\n\r\n<p>II - cumprir e fazer cumprir as determina\u00e7\u00f5es pertinentes aos\r\nservi\u00e7os da Subdivis\u00e3o de Resid\u00eancias; <\/p>\r\n\r\n<\/div>\r\n\r\n<p>III - organizar as escalas de f\u00e9rias,\r\ncontrolar a frequ\u00eancia, as entregas e a movimenta\u00e7\u00e3o de servidores(as)\r\nlotados(as) na subunidade; e<\/p>\r\n\r\n<div>\r\n\r\n<p>IV\r\n- orientar e auxiliar a equipe de trabalho vinculada diretamente \u00e0 Subdivis\u00e3o\r\nde Resid\u00eancias.<\/p>\r\n\r\n<p>&nbsp;<\/p>\r\n\r\n<p>\r\n<b>Se\u00e7\u00e3o XVI<\/b>\r\n<\/p>\r\n\r\n<p>\r\n<b>Dos Departamentos Did\u00e1ticos<\/b>\r\n<\/p>\r\n\r\n<p>&nbsp;<\/p>\r\n\r\n<\/div>\r\n\r\n<p>Art. 67.&nbsp;\r\nA Administra\u00e7\u00e3o das atividades-fim na Universidade se dar\u00e1 pelos\r\ncolegiados departamentais e pelos departamentos did\u00e1ticos.<\/p>\r\n\r\n<p>Art. 68.&nbsp;\r\nA chefia e a chefia substituta de departamento ser\u00e3o exercidas por\r\ndocentes designados(as) pela Dire\u00e7\u00e3o do CCS, ap\u00f3s serem escolhidos(as) por\r\nprocesso eleitoral pelos(as) membros(as) do departamento.<\/p>\r\n\r\n<p>\u00a7 1\u00b0&nbsp;\r\nO processo eleitoral ser\u00e1 conduzido por uma comiss\u00e3o eleitoral,\r\nescolhida pelo colegiado do departamento e composta por:<\/p>\r\n\r\n<p>I - 1 (um\/a) docente lotado(a) no\r\ndepartamento, e seu(ua) suplente; <\/p>\r\n\r\n<p>II - 1 (um\/a) servidor(a)\r\nt\u00e9cnico-administrativo(a) em educa\u00e7\u00e3o, e seu(ua) suplente; e <\/p>\r\n\r\n<p>III - 1 (um\/a) representante discente em\r\nn\u00edvel de gradua\u00e7\u00e3o ou p\u00f3s-gradua\u00e7\u00e3o com matr\u00edcula ativa no CCS, e seu(ua)\r\nsuplente.<\/p>\r\n\r\n<p>\u00a7 2\u00b0&nbsp;\r\nNos impedimentos simult\u00e2neos do(a) chefe ou chefe substituto(a) do\r\ndepartamento, exercer\u00e1 a fun\u00e7\u00e3o de chefe o(a) docente mais antigo(a) no quadro\r\nde carreira do Magist\u00e9rio Federal lotado(a) no departamento.<\/p>\r\n\r\n<p>\u00a7 3\u00b0&nbsp; O(A) chefe\r\nde departamento dever\u00e1 ser docente do departamento em regime de trabalho de 40\r\n(quarenta) horas sem dedica\u00e7\u00e3o exclusiva (DE) ou em regime de trabalho de 40\r\n(quarenta) horas com DE.<\/p>\r\n\r\n<p>\u00a7 4\u00b0&nbsp;\r\nA chefia de departamento n\u00e3o poder\u00e1 ser exercida cumulativamente com a\r\nfun\u00e7\u00e3o de diretor(a) de unidade de ensino.&nbsp;<\/p>\r\n\r\n<p>\u00a7 5\u00b0&nbsp;\r\nO mandato de chefe de departamento ter\u00e1 a dura\u00e7\u00e3o de 2 (dois) anos,\r\npodendo haver uma recondu\u00e7\u00e3o consecutiva.&nbsp;<\/p>\r\n\r\n<p>Art. 69.&nbsp;\r\nS\u00e3o atribui\u00e7\u00f5es do(a) chefe do departamento did\u00e1tico:<\/p>\r\n\r\n<p>I - cumprir e fazer cumprir as\r\ndisposi\u00e7\u00f5es do estatuto, dos regimentos e as decis\u00f5es dos \u00f3rg\u00e3os deliberativos\r\nda Universidade;<\/p>\r\n\r\n<p>II - convocar, formalmente, e presidir\r\nas reuni\u00f5es departamentais;<\/p>\r\n\r\n<p>III - representar o departamento no\r\nconselho do CCS, na qualidade de membro(a) titular, bem como nas demais setores\r\nda Universidade;&nbsp;<\/p>\r\n\r\n<p>IV - supervisionar as atividades\r\ndid\u00e1ticas, cient\u00edficas e profissionais dos(as) servidores(as), particularmente\r\nquanto \u00e0 frequ\u00eancia e assiduidade, respondendo pelo desempenho global no \u00e2mbito\r\ndo departamento;<\/p>\r\n\r\n<p>V - coordenar e supervisionar as\r\natividades do departamento e suas depend\u00eancias;&nbsp;<\/p>\r\n\r\n<p>VI - encaminhar \u00e0 Dire\u00e7\u00e3o do CCS, dentro\r\ndos prazos exigidos, e sempre que solicitado, os dados e informa\u00e7\u00f5es relativos\r\nao departamento;<\/p>\r\n\r\n<p>VII - encaminhar proposi\u00e7\u00e3o de conv\u00eanios\r\ncom entidades p\u00fablicas e privadas do colegiado de departamento \u00e0 Dire\u00e7\u00e3o do\r\nCCS;<\/p>\r\n\r\n<p>VIII - encaminhar aos \u00f3rg\u00e3os\r\ncompetentes, dentro dos prazos previstos no Calend\u00e1rio Acad\u00eamico, as\r\ninforma\u00e7\u00f5es did\u00e1ticas relativas ao corpo discente;<\/p>\r\n\r\n<p>IX - exercer a\u00e7\u00e3o disciplinar no \u00e2mbito\r\ndo departamento;<\/p>\r\n\r\n<p>X - coordenar a elabora\u00e7\u00e3o do plano\r\nanual de atividades de departamento, atribuindo encargos de ensino, pesquisa e\r\nextens\u00e3o aos(\u00e0s) docentes e t\u00e9cnico-administrativos(as) em educa\u00e7\u00e3o, nele\r\nlotados(as);&nbsp;<\/p>\r\n\r\n<p>XI - propor a substitui\u00e7\u00e3o dos(as)\r\nservidores(as) lotados(as) no departamento;&nbsp;<\/p>\r\n\r\n<p>XII - opinar e encaminhar os pedidos de\r\nafastamento de docentes para fins de qualifica\u00e7\u00e3o, aperfei\u00e7oamento ou presta\u00e7\u00e3o\r\nde assist\u00eancia t\u00e9cnica;&nbsp;<\/p>\r\n\r\n<p>XIII - indicar, dentre os(as)\r\nprofessores(as) de departamento, os(as) que devam exercer encargos did\u00e1ticos em\r\nsubstitui\u00e7\u00e3o;&nbsp;<\/p>\r\n\r\n<p>XIV - designar bancas examinadoras de\r\navalia\u00e7\u00f5es finais, quando solicitadas pelo(a) professor(a) e discente;&nbsp;<\/p>\r\n\r\n<p>XV - compor comiss\u00f5es examinadoras para\r\nconcurso e sele\u00e7\u00e3o destinados ao provimento de cargos ou ao contrato de\r\nprofessores(as), desde que n\u00e3o apresente impedimento legal, podendo haver\r\nconsulta ao colegiado de curso;&nbsp;<\/p>\r\n\r\n<p>XVI - indicar \u00e0 Dire\u00e7\u00e3o do CCS o(a)\r\ncoordenador(a) de cursos de especializa\u00e7\u00e3o, aperfei\u00e7oamento e extens\u00e3o que se\r\nsituem no \u00e2mbito do departamento;&nbsp;<\/p>\r\n\r\n<p>XVII - encaminhar \u00e0 Dire\u00e7\u00e3o do CCS,\r\ndevidamente instru\u00eddos, os assuntos cujas solu\u00e7\u00f5es transcendam as suas\r\natribui\u00e7\u00f5es;&nbsp;<\/p>\r\n\r\n<p>XVIII - fazer o controle das dota\u00e7\u00f5es\r\nor\u00e7ament\u00e1rias vinculadas a conv\u00eanios;&nbsp;<\/p>\r\n\r\n<p>XIX - coordenar, no \u00e2mbito da\r\nsubunidade, as atividades de expedi\u00e7\u00e3o e arquivamento da documenta\u00e7\u00e3o referente\r\n\u00e0s fun\u00e7\u00f5es de monitoria (editais, inscri\u00e7\u00f5es, relat\u00f3rios de\r\ndiscente-monitor(a), vagas e atestados de conclus\u00e3o);&nbsp;<\/p>\r\n\r\n<p>XX - exercer quaisquer outras atividades\r\nque lhe sejam atribu\u00eddas por quem de direito, ou que sejam atinentes ao cargo;<\/p>\r\n\r\n<p>XXI - encaminhar, para publica\u00e7\u00e3o,\r\ntrabalhos did\u00e1ticos e cient\u00edficos de interesse do departamento;&nbsp;<\/p>\r\n\r\n<p>XXII - encaminhar ao(\u00e0) Diretor(a) do\r\nCCS proposi\u00e7\u00e3o do colegiado do departamento acerca de conv\u00eanios com institui\u00e7\u00f5es\r\nque ofere\u00e7am campo de aplica\u00e7\u00e3o \u00e0s atividades do departamento;&nbsp;<\/p>\r\n\r\n<p>XXIII - examinar, decidindo em 1\u00aa\r\n(primeira) inst\u00e2ncia, as quest\u00f5es suscitadas pelos corpos docente, discente e\r\nt\u00e9cnico-administrativo em educa\u00e7\u00e3o;&nbsp;<\/p>\r\n\r\n<p>XXIV - deliberar e coordenar a\r\nutiliza\u00e7\u00e3o dos equipamentos e instala\u00e7\u00f5es das oficinas e laborat\u00f3rios sob a\r\nresponsabilidade do departamento;<\/p>\r\n\r\n<p>XXV - indicar, para designa\u00e7\u00e3o, ao(\u00e0)\r\ndiretor(a) do CCS, os(as) representantes do departamento nos colegiados de\r\ncursos e em comiss\u00f5es;&nbsp;<\/p>\r\n\r\n<p>XXVI - encaminhar, no final de cada ano,\r\nao(\u00e0) diretor(a) do CCS, o relat\u00f3rio do seu departamento;&nbsp;<\/p>\r\n\r\n<p>XXVII - autorizar servidores(as), em\r\nregime de urg\u00eancia, para a realiza\u00e7\u00e3o de atividades especiais de extens\u00e3o, tais\r\ncomo o atendimento de assuntos que tratem de calamidades, de acidentes graves,\r\nservi\u00e7os emergenciais e outros que ensejam grande relev\u00e2ncia \u00e0 comunidade e,\r\nquando for o caso, submeter a decis\u00e3o ao colegiado departamental; <\/p>\r\n\r\n<p>XXVIII - em casos excepcionais, decidir\r\n\u201c<i>Ad Referendum\u201d<\/i> do colegiado sobre mat\u00e9ria de compet\u00eancia deste;<\/p>\r\n\r\n<p>XXIX - prestar apoio aos(\u00e0s)\r\ncoordenadores(as) de cursos;<\/p>\r\n\r\n<p>XXX - encaminhar ao(\u00e0) diretor(a) do\r\nCCS, dentro dos prazos exigidos, os dados relativos ao departamento necess\u00e1rios\r\n\u00e0 elabora\u00e7\u00e3o do or\u00e7amento e supervisionar sua execu\u00e7\u00e3o;&nbsp;<\/p>\r\n\r\n<p>XXXI\r\n- designar, quando necess\u00e1rio, servidores(as) como agentes patrimoniais para\r\nauxiliarem no processo de levantamento patrimonial; <\/p>\r\n\r\n<p>XXXII\r\n- responsabilizar-se e zelar pelo patrim\u00f4nio p\u00fablico lotado no departamento; e<\/p>\r\n\r\n<p>XXXIII - analisar os resultados da avalia\u00e7\u00e3o de\r\nensino-aprendizagem de docentes do respectivo departamento, e fazer cumprir as\r\nnormativas vigentes.<\/p>\r\n\r\n<p>Art. 70.&nbsp;\r\nS\u00e3o atribui\u00e7\u00f5es do(a) chefe substituto(a) do departamento did\u00e1tico:<\/p>\r\n\r\n<p>I - substituir o(a) chefe de\r\ndepartamento nos seus impedimentos legais e eventuais; e<\/p>\r\n\r\n<p>II - exercer outras atribui\u00e7\u00f5es que lhe\r\nforem expressamente delegadas pelo(a) chefe de departamento.&nbsp;<\/p>\r\n\r\n<p>Par\u00e1grafo \u00fanico.&nbsp; Nas aus\u00eancias legais, como afastamentos,\r\nlicen\u00e7as ou f\u00e9rias do(a) chefe de departamento, fica o(a) substituto(a)\r\nimpedido(a) de se ausentar no mesmo per\u00edodo, salvo quest\u00f5es de licen\u00e7as\r\nm\u00e9dicas, devendo, neste caso, assumir a chefia o(a) docente mais antigo(a) no\r\nquadro de carreira do Magist\u00e9rio Federal lotado(a) no departamento.<\/p>\r\n\r\n<p>Art. 71.&nbsp;\r\nS\u00e3o compet\u00eancias dos departamentos did\u00e1ticos:<\/p>\r\n\r\n<p>I - elaborar seu plano anual de\r\natividades e a parte que lhe competir no Plano de Desenvolvimento Institucional\r\n- PDI da Universidade;&nbsp;<\/p>\r\n\r\n<p>II - atribuir encargos de ensino,\r\npesquisa e extens\u00e3o ao pessoal docente que o integra;<\/p>\r\n\r\n<p>III - coordenar o trabalho do pessoal\r\ndocente, visando ao atendimento das demandas dos cursos de gradua\u00e7\u00e3o e\r\np\u00f3s-gradua\u00e7\u00e3o;&nbsp;<\/p>\r\n\r\n<p>IV - tomar as provid\u00eancias de ordem\r\ndid\u00e1tica, cient\u00edfica e administrativa que julgar necess\u00e1rias ao bom andamento\r\ndos trabalhos;&nbsp;<\/p>\r\n\r\n<p>V - elaborar a lista de oferta de\r\ndisciplina do departamento;&nbsp;<\/p>\r\n\r\n<p>VI - promover e incentivar o constante\r\naperfei\u00e7oamento e a capacita\u00e7\u00e3o cient\u00edfica e tecnol\u00f3gica de seus(uas)\r\nservidores(as);&nbsp;<\/p>\r\n\r\n<p>VII - propor ao colegiado a admiss\u00e3o de\r\npessoal docente, observadas as disposi\u00e7\u00f5es estatut\u00e1rias e regimentais;<\/p>\r\n\r\n<p>VIII - garantir a oferta das disciplinas\r\nque lhe forem pertinentes, sempre que solicitado pelos cursos, de acordo com os\r\nrecursos humanos e materiais dispon\u00edveis e com o projeto pedag\u00f3gico do\r\nrespectivo curso;<\/p>\r\n\r\n<p>IX - providenciar a tramita\u00e7\u00e3o de\r\nconv\u00eanios com entidades que ofere\u00e7am campo de aplica\u00e7\u00e3o \u00e0s atividades do\r\ndepartamento, ap\u00f3s aprova\u00e7\u00e3o do colegiado de departamento;<\/p>\r\n\r\n<p>X - propor ao colegiado de curso\r\naltera\u00e7\u00f5es nas ementas disciplinares, bem como as cargas hor\u00e1rias e\r\npr\u00e9-requisitos das disciplinas lotadas no departamento;<\/p>\r\n\r\n<p>XI - assessorar os cursos, quando\r\nsolicitado, especialmente por ocasi\u00e3o da elabora\u00e7\u00e3o da oferta de disciplinas,\r\nem cria\u00e7\u00f5es ou reformula\u00e7\u00f5es curriculares e aproveitamento de estudos;&nbsp;<\/p>\r\n\r\n<p>XII - zelar pela guarda e conserva\u00e7\u00e3o\r\ndos bens m\u00f3veis e im\u00f3veis sob a responsabilidade e administra\u00e7\u00e3o do\r\ndepartamento; e<\/p>\r\n\r\n<p>XIII - organizar e manter atualizado o\r\nregistro do patrim\u00f4nio do departamento, providenciando a baixa do material em\r\ndesuso.<\/p>\r\n\r\n<div>\r\n\r\n<p>&nbsp;<\/p>\r\n\r\n<p>CAP\u00cdTULO V<\/p>\r\n\r\n<p>DOS \u00d3RG\u00c3OS COLEGIADOS<\/p>\r\n\r\n<p>&nbsp;<\/p>\r\n\r\n<p>Art. 72.&nbsp; A Secretaria\r\nAdministrativa do Centro de Ci\u00eancias da Sa\u00fade ficar\u00e1 respons\u00e1vel pelas\r\natividades administrativas necess\u00e1rias para o andamento dos trabalhos do\r\nConselho do Centro de Ci\u00eancias da Sa\u00fade (CONCCS) e da Comiss\u00e3o de Legisla\u00e7\u00e3o e\r\nNormas (CLN\/CCS).<\/p>\r\n\r\n<\/div>\r\n\r\n<p>\u00a7 1\u00b0&nbsp; A Subdivis\u00e3o de Projetos do CCS (SPROJ\/CCS)\r\nficar\u00e1 respons\u00e1vel por realizar o apoio administrativo necess\u00e1rio para o\r\nandamento dos trabalhos da Comiss\u00e3o de Extens\u00e3o e da Comiss\u00e3o de Ensino e\r\nPesquisa do CCS.<\/p>\r\n\r\n<p>\u00a7 2\u00b0&nbsp; A Secretaria Integrada de Cursos de Gradua\u00e7\u00e3o\r\nque presta apoio ao Curso de Medicina ficar\u00e1 respons\u00e1vel por realizar o apoio\r\nadministrativo necess\u00e1rio para o andamento dos trabalhos da Comiss\u00e3o Permanente\r\ndo Internato Curricular do Curso de Medicina (CPIC\/CCS).<\/p>\r\n\r\n<p>Art.\r\n73.&nbsp; Nas reuni\u00f5es dos \u00f3rg\u00e3os colegiados\r\nmencionados nas Se\u00e7\u00f5es e Subse\u00e7\u00f5es deste Cap\u00edtulo, poder\u00e3o comparecer n\u00e3o\r\nmembros(as), quando convidados(as) pelos(as) respectivos(as) Presidentes, a fim\r\nde prestarem explica\u00e7\u00f5es sobre assuntos que lhes forem pertinentes.<\/p>\r\n\r\n<p>Art.\r\n74.&nbsp; As reuni\u00f5es destes \u00f3rg\u00e3os\r\ncolegiados, cujos(as) membros(as) possu\u00edrem domic\u00edlio, bem como resid\u00eancia\r\nlegal ou estiverem em local diverso da realiza\u00e7\u00e3o da atividade, ser\u00e3o\r\nrealizadas por videoconfer\u00eancia, sem pagamento de di\u00e1rias e deslocamento.<\/p>\r\n\r\n<p>Par\u00e1grafo\r\n\u00fanico.&nbsp; Na hip\u00f3tese de ser demonstrada,\r\nde modo fundamentado, a inviabilidade ou a inconveni\u00eancia de se realizar a\r\nreuni\u00e3o por videoconfer\u00eancia, ser\u00e3o estimados gastos com di\u00e1rias e passagens\r\ndos(as) membros(as) destes colegiados, assim como, a comprova\u00e7\u00e3o da\r\ndisponibilidade or\u00e7ament\u00e1ria e financeira para o exerc\u00edcio em curso.<\/p>\r\n\r\n<p>Art.\r\n75.&nbsp; Na composi\u00e7\u00e3o das Comiss\u00f5es\r\nPermanentes do Centro de Ci\u00eancias da Sa\u00fade dever\u00e1 ser assegurado, pelo menos,\r\n70% (setenta por cento) dos assentos para o segmento docente, conforme disposto\r\nno art. 56 da <a href=\"https:\/\/www.planalto.gov.br\/ccivil_03\/leis\/l9394.htm\" style=\"color: blue !important;text-decoration: underline !important\" data-elementor-preserved=\"true\">Lei n\u00b0 9.394, de 20 de dezembro de 1996<\/a>.<\/p>\r\n\r\n<p>Art.\r\n76.&nbsp; Todas as Comiss\u00f5es Permanentes do\r\nCCS ter\u00e3o regimento pr\u00f3prio, revisado sempre que necess\u00e1rio, analisado pela\r\nCLN\/CCS e aprovado em Conselho de Centro.<\/p>\r\n\r\n<p>Art.\r\n77.&nbsp; \u00c9 vedada a divulga\u00e7\u00e3o de discuss\u00f5es\r\nem curso sem a pr\u00e9via anu\u00eancia do(a) Presidente da Comiss\u00e3o.<\/p>\r\n\r\n<p>Art.\r\n78.&nbsp; As participa\u00e7\u00f5es dos(as) membros(as)\r\nnos \u00f3rg\u00e3os colegiados mencionados nas Se\u00e7\u00f5es e Subse\u00e7\u00f5es deste Cap\u00edtulo ser\u00e3o\r\nconsideradas presta\u00e7\u00e3o de servi\u00e7o p\u00fablico relevante, e n\u00e3o ser\u00e3o remuneradas.<\/p>\r\n\r\n<p>Par\u00e1grafo\r\n\u00fanico.&nbsp; As atividades dos \u00f3rg\u00e3os\r\ncolegiados mencionados nas Se\u00e7\u00f5es e Subse\u00e7\u00f5es deste Cap\u00edtulo e de seus membros\r\nn\u00e3o poder\u00e3o causar preju\u00edzo \u00e0 presta\u00e7\u00e3o do servi\u00e7o p\u00fablico pelo(a) servidor(a)\r\nmembro(a) do colegiado.<\/p>\r\n\r\n<p>Art.\r\n79.&nbsp; \u00c9 vedada a possibilidade de cria\u00e7\u00e3o\r\nde subcolegiados por ato destes colegiados.<\/p>\r\n\r\n<p>Par\u00e1grafo\r\n\u00fanico.&nbsp; A mera necessidade de reuni\u00f5es\r\neventuais para debate, articula\u00e7\u00e3o ou trabalho que envolva agentes p\u00fablicos(as)\r\nda administra\u00e7\u00e3o p\u00fablica federal n\u00e3o ser\u00e1 admitida como fundamento para as\r\npropostas de que trata o <i>caput<\/i>.<\/p>\r\n\r\n<div>\r\n\r\n<p>&nbsp;<\/p>\r\n<p>\r\n<span style=\"font-weight: bold\">Se\u00e7\u00e3o I<\/span>\r\n<\/p>\r\n<\/div>\r\n\r\n<p>\r\n<b>Do Conselho do Centro de Ci\u00eancias da\r\nSa\u00fade<\/b>\r\n<\/p>\r\n\r\n<p>\r\n<b>&nbsp;<\/b>\r\n<\/p>\r\n\r\n<div>\r\n\r\n<p>Art.\r\n80.&nbsp; O Conselho do Centro de Ci\u00eancias da\r\nSa\u00fade, \u00f3rg\u00e3o deliberativo e consultivo, conforme Estatuto da UFSM, comp\u00f5e-se\r\nde:<\/p>\r\n\r\n<p>I - diretor(a) da unidade de ensino, como\r\nPresidente;<\/p>\r\n\r\n<p>II - vice-diretor(a) da unidade de ensino;<\/p>\r\n\r\n<p>III - coordenadores(as) de cursos de\r\ngradua\u00e7\u00e3o;<\/p>\r\n\r\n<p>IV - coordenadores(as) de cursos de\r\np\u00f3s-gradua\u00e7\u00e3o;<\/p>\r\n\r\n<p>V - chefes de departamentos did\u00e1ticos;<\/p>\r\n\r\n<p>VI -<b>\r\n<\/b>representa\u00e7\u00e3o dos(as)\r\nservidores(as) t\u00e9cnico-administrativos(as) em educa\u00e7\u00e3o; e<\/p>\r\n\r\n<p>VII - representa\u00e7\u00e3o dos(as) discentes.<\/p>\r\n\r\n<p>\u00a7 1\u00b0&nbsp;\r\nO total de representantes dos(as) servidores(as)\r\nt\u00e9cnico-administrativos(as) em educa\u00e7\u00e3o ser\u00e1 de, no m\u00e1ximo, 15% (quinze por\r\ncento) dos(as) membros(as) que comp\u00f5em o Conselho do Centro.<\/p>\r\n\r\n<p>\u00a7 2\u00b0&nbsp;\r\nO total de representantes dos(as) discentes ser\u00e1 de, no m\u00e1ximo, 15% (quinze por cento) dos(as)\r\nmembros(as) que comp\u00f5em o Conselho do Centro.<\/p>\r\n\r\n<p>\u00a7 3\u00b0&nbsp;\r\nOs(As) representantes dos(as) servidores(as) t\u00e9cnico-administrativos(as)\r\nem educa\u00e7\u00e3o e do corpo discente e seus(suas) respectivos(as) suplentes ter\u00e3o\r\nmandato de 1 (um) ano, podendo ser reconduzidos(as) pelo mesmo per\u00edodo.<\/p>\r\n\r\n<p>\u00a7 4\u00b0&nbsp;\r\nOs(As) representantes dos(as) servidores(as) t\u00e9cnico-administrativos(as)\r\nem educa\u00e7\u00e3o ser\u00e3o indicados(as) por seus pares.<\/p>\r\n\r\n<p>\u00a7 5\u00b0&nbsp;\r\nOs(As) representantes dos(as) discentes ser\u00e3o indicados(as) pelos diret\u00f3rios acad\u00eamicos\r\nproporcionalmente ao n\u00famero de cursos que representam.<\/p>\r\n\r\n<p>\u00a7 6\u00b0&nbsp;\r\nSempre que necess\u00e1rio, e autorizado pelo Conselho, poder\u00e3o ser\r\nconvidados(as) membros(as) externos(as), como ouvinte, e estes(as) s\u00f3 poder\u00e3o\r\nse manifestar quando solicitado pelo(a) Presidente, n\u00e3o tendo direito a voto.<\/p>\r\n\r\n<p>\u00a7 7\u00b0&nbsp;\r\nNa composi\u00e7\u00e3o do referido \u00f3rg\u00e3o colegiado dever\u00e1 ser assegurado, pelo\r\nmenos, 70% (setenta por cento) dos assentos para o segmento docente, conforme\r\ndisposto no art. 56 Lei n\u00b0 9.394, de 20 de dezembro de 1996.<\/p>\r\n\r\n<p>Art. 81.&nbsp;\r\nO Conselho do Centro de Ci\u00eancias da Sa\u00fade ser\u00e1 presidido pelo(a)\r\ndiretor(a) do CCS e, na sua aus\u00eancia ou impedimento, pelo(a) vice-diretor(a) e,\r\nna falta deste, pelo(a) coordenador(a) de curso do CCS mais antigo no\r\nMagist\u00e9rio Federal da UFSM.<\/p>\r\n\r\n<p>Art. 82.&nbsp;\r\nAo Conselho do Centro de Ci\u00eancias da Sa\u00fade, em conformidade com o\r\ndisposto no art. 71 do Regimento Geral da UFSM, compete:<\/p>\r\n\r\n<p>I - exercer, como \u00f3rg\u00e3o consultivo e\r\ndeliberativo, a jurisdi\u00e7\u00e3o superior da unidade em mat\u00e9ria que n\u00e3o seja da\r\natribui\u00e7\u00e3o do(a) diretor(a);<\/p>\r\n\r\n<p>II - aprovar os programas de ensino\r\nelaborados pelos departamentos, encaminhando-os ao Conselho de Ensino, Pesquisa\r\ne Extens\u00e3o;<\/p>\r\n\r\n<p>III - analisar e aprovar o regimento da\r\nunidade ou suas modifica\u00e7\u00f5es e submet\u00ea-la ao Conselho Universit\u00e1rio;<\/p>\r\n\r\n<p>IV - aprovar e encaminhar sugest\u00f5es, ao\r\nConselho de Ensino, Pesquisa e Extens\u00e3o, da organiza\u00e7\u00e3o e funcionamento dos\r\ncursos de especializa\u00e7\u00e3o, aperfei\u00e7oamento, extens\u00e3o e p\u00f3s-gradua\u00e7\u00e3o;<\/p>\r\n\r\n<p>V - definir pol\u00edticas, bem como crit\u00e9rios\r\nde distribui\u00e7\u00e3o de vagas e contrata\u00e7\u00e3o de professores(as);<\/p>\r\n\r\n<p>VI - aprovar o plano de aplica\u00e7\u00e3o de\r\nrecursos da unidade com base nas propostas das subunidades, em prazo h\u00e1bil,\r\npara subsidiar a elabora\u00e7\u00e3o do or\u00e7amento geral da Universidade;<\/p>\r\n\r\n<p>VII - constituir e aprovar a comiss\u00e3o eleitoral para\r\nelei\u00e7\u00e3o direta para os cargos de diretor(a) e vice-diretor(a);<\/p>\r\n\r\n<p>VIII - decidir, em 1\u00aa\r\n(primeira) inst\u00e2ncia, sobre a destitui\u00e7\u00e3o de servidores(as) lotados(as) na\r\nunidade;<\/p>\r\n\r\n<p>IX - decidir, em 1\u00aa (primeira) inst\u00e2ncia,\r\nsobre as san\u00e7\u00f5es disciplinares previstas no Regimento Geral da UFSM;<\/p>\r\n\r\n<p>X - deliberar e resolver, em grau de\r\nrecursos, sobre assuntos de natureza administrativa da unidade;<\/p>\r\n\r\n<p>XI - deliberar sobre provid\u00eancias\r\nprevistas, corretivas ou repressivas de atos de indisciplina coletiva, no\r\n\u00e2mbito da unidade de ensino;<\/p>\r\n\r\n<p>XII - propor ao Conselho Universit\u00e1rio a\r\nconcess\u00e3o de t\u00edtulos de professor(a) em\u00e9rito(a) e professor(a) \u201c<i>Honoris Causa\u201d<\/i>;<\/p>\r\n\r\n<p>XIII - apreciar proposta sobre a cria\u00e7\u00e3o\r\nde novos cursos e departamentos bem como altera\u00e7\u00e3o na constitui\u00e7\u00e3o dos j\u00e1\r\nexistentes, encaminhando o parecer aos Conselhos Superiores da UFSM; <\/p>\r\n\r\n<p>XIV - propor a destitui\u00e7\u00e3o do(a)\r\ndiretor(a) e vice-diretor(a),\r\nna forma do art. 36, \u00a7 2\u00ba, do Estatuto da UFSM;<\/p>\r\n\r\n<p>XV - analisar, em grau de recurso,\r\nquest\u00f5es relativas \u00e0 movimenta\u00e7\u00e3o de servidores(as);<\/p>\r\n\r\n<p>XVI - aprovar e homologar quest\u00f5es\r\npertinentes aos concursos p\u00fablicos para ingresso na carreira do Magist\u00e9rio\r\nSuperior, em conformidade com as normas vigentes;<\/p>\r\n\r\n<p>XVII - aprovar as normas que regem a\r\nconsulta \u00e0 comunidade da unidade de ensino, com vistas \u00e0 indica\u00e7\u00e3o do(a)\r\ndiretor(a) e vice-diretor(a);<\/p>\r\n\r\n<p>XVIII - deliberar, em grau de recurso,\r\nquest\u00f5es oriundas dos colegiados de departamentos e colegiados de cursos;<\/p>\r\n\r\n<p>XIX - indicar seus(uas) representantes no\r\nConselho de Ensino, Pesquisa e Extens\u00e3o da UFSM;<\/p>\r\n\r\n<p>XX - delegar compet\u00eancias aos colegiados\r\nde departamentos e colegiados de cursos, no \u00e2mbito de suas atribui\u00e7\u00f5es;<\/p>\r\n\r\n<p>XXI - aprovar o relat\u00f3rio de presta\u00e7\u00e3o de\r\ncontas da unidade de ensino, referente ao ano anterior;<\/p>\r\n\r\n<p>XXII - apreciar e homologar pedidos de\r\nredu\u00e7\u00e3o de carga hor\u00e1ria e duplica\u00e7\u00e3o de v\u00ednculo, ap\u00f3s parecer dos colegiados de departamento; <\/p>\r\n\r\n<p>XXIII - exercer as demais atribui\u00e7\u00f5es\r\nconferidas por lei, Estatuto, Regimento Geral da UFSM e regimento interno do\r\nCCS; e<\/p>\r\n\r\n<p>XXIV - acompanhar e avaliar o desenvolvimento das\r\na\u00e7\u00f5es institucionais do CCS, em conson\u00e2ncia com o planejamento institucional.<\/p>\r\n\r\n<p>Art. 83.&nbsp;\r\nO comparecimento preferencial, no \u00e2mbito do CCS, \u00e0s reuni\u00f5es do Conselho\r\ndo Centro \u00e9 obrigat\u00f3rio a outra atividade administrativa, de ensino, pesquisa\r\nou extens\u00e3o.<\/p>\r\n\r\n<p>Par\u00e1grafo \u00fanico.&nbsp; O n\u00e3o comparecimento, sem justificativa ou\r\ncom justificativa n\u00e3o aceita pelo Conselho, a 3 (tr\u00eas) reuni\u00f5es consecutivas ou\r\n6 (seis) intercaladas implicar\u00e1 a perda do mandato para os(as) docentes e a\r\nrepresentatividade do(a) t\u00e9cnico(a)-administrativo(a)\r\nem educa\u00e7\u00e3o e do(a) discente por 1 (um) ano.<\/p>\r\n\r\n<p>Art. 84.&nbsp;\r\nAs reuni\u00f5es do Conselho do Centro ser\u00e3o realizadas mediante convoca\u00e7\u00e3o\r\nvia correio eletr\u00f4nico, com defini\u00e7\u00e3o da Ordem do Dia com, pelo menos, 48\r\n(quarenta e oito) horas de anteced\u00eancia.<\/p>\r\n\r\n<p>Par\u00e1grafo \u00fanico.&nbsp;\r\nAs atas do Conselho ser\u00e3o publicadas no portal eletr\u00f4nico do CCS, ap\u00f3s\r\nsua aprova\u00e7\u00e3o mediante assinatura dos presentes pelo Portal de Documentos.<\/p>\r\n\r\n<p>Art. 85.&nbsp;\r\nO(a) diretor(a) do CCS poder\u00e1, em caso de urg\u00eancia e no interesse do\r\nCentro, decidir \u201c<i>Ad Referendum\u201d<\/i> do\r\nConselho do Centro sobre mat\u00e9ria de compet\u00eancia deste.<\/p>\r\n\r\n<p>\u00a7 1\u00b0&nbsp;\r\nPara subsidiar sua decis\u00e3o, o(a) diretor(a) poder\u00e1 recorrer \u00e0s Comiss\u00f5es\r\nPermanentes.<\/p>\r\n\r\n<p>\u00a7 2\u00b0&nbsp; A decis\u00e3o via \u201c<i>Ad Referendum\u201d<\/i> dever\u00e1 ser submetida \u00e0 homologa\u00e7\u00e3o do Conselho do Centro\r\nem reuni\u00e3o ordin\u00e1ria.<\/p>\r\n\r\n<\/div>\r\n\r\n<div>\r\n\r\n<p>Art. 86.&nbsp;\r\nNos casos de aus\u00eancia ou impedimento do(a) membro(a) titular, este(a)\r\ndever\u00e1 encaminhar\r\na convoca\u00e7\u00e3o ao seu(sua) suplente\/substituto(a) imediato(a).<\/p>\r\n\r\n<\/div>\r\n\r\n<div>\r\n\r\n<p>\u00a7 1\u00b0&nbsp;\r\nO(A) suplente\/substituto(a) n\u00e3o poder\u00e1 participar das reuni\u00f5es do\r\nConselho quando o(a) titular estiver presente.<\/p>\r\n\r\n<\/div>\r\n\r\n<div>\r\n\r\n<p>\u00a7 2\u00b0&nbsp;\r\nN\u00e3o poder\u00e1 um(a) membro(a) do Conselho de Centro estar representando\r\nunidades\/subunidades diferentes, portanto, dever\u00e1 optar por apenas uma, tendo\r\ndireito apenas a um voto.<\/p>\r\n\r\n<\/div>\r\n\r\n<div>\r\n\r\n<p>Art. 87.&nbsp;\r\nDas delibera\u00e7\u00f5es do Conselho do Centro caber\u00e1 recurso, quando\r\nadministrativo, ao Conselho Universit\u00e1rio e, quando atinente ao Ensino, \u00e0\r\nPesquisa ou \u00e0 Extens\u00e3o, ao Conselho de Ensino, Pesquisa e Extens\u00e3o num prazo de\r\nat\u00e9 10 (dez) dias ap\u00f3s a divulga\u00e7\u00e3o da ata na p\u00e1gina do CCS.<\/p>\r\n\r\n<\/div>\r\n\r\n<div>\r\n\r\n<p>\r\n<b>&nbsp;<\/b>\r\n<\/p>\r\n<p>\r\n<!--StartFragment-->\r\n<b>Se\u00e7\u00e3o II<\/b>\r\n<!--EndFragment-->\r\n<\/p>\r\n<\/div>\r\n\r\n<p>\r\n<b>Das Comiss\u00f5es vinculadas ao Conselho\r\ndo Centro de Ci\u00eancias da Sa\u00fade (CONCCS)<\/b>\r\n<\/p>\r\n\r\n<p>&nbsp;<\/p>\r\n\r\n<p>Art. 88.&nbsp; O Conselho\r\ndo Centro de Ci\u00eancias da Sa\u00fade tem as seguintes comiss\u00f5es permanentes:<\/p>\r\n\r\n<div>\r\n\r\n<p>I - Comiss\u00e3o de Legisla\u00e7\u00e3o e Normas (CLN\/CCS);<\/p>\r\n\r\n<p>II - Comiss\u00e3o de Extens\u00e3o\r\n(ComEx\/CCS); e<\/p>\r\n\r\n<p>III - Comiss\u00e3o de Ensino e Pesquisa (ComEP\/CCS).<\/p>\r\n\r\n<\/div>\r\n\r\n<p>Art. 89.&nbsp; Os(As)\r\npresidentes, vice-presidentes e secret\u00e1rios(as) das Comiss\u00f5es Permanentes do\r\nConselho do Centro de Ci\u00eancias da Sa\u00fade (CONCCS) ser\u00e3o escolhidos(as) entre\r\nos(as) membros(as) de cada Comiss\u00e3o, na\r\nprimeira reuni\u00e3o ordin\u00e1ria, em decis\u00e3o registrada em\r\nata e notificada ao(\u00e0) diretor(a) do CCS.<\/p>\r\n\r\n<p>\u00a7 1\u00b0&nbsp; O(A)\r\nvice-presidente auxiliar\u00e1 o(a) presidente nos trabalhos da Comiss\u00e3o e o(a)\r\nsubstituir\u00e1 em eventuais impedimentos.<\/p>\r\n\r\n<p>\u00a7 2\u00b0&nbsp;\r\nO mandato das Comiss\u00f5es Permanentes do Conselho de Centro de Ci\u00eancias da\r\nSa\u00fade (CONCCS) ser\u00e1 de 24 (vinte e quatro) meses para servidores(as) e 12\r\n(doze) meses para discentes, a partir de sua indica\u00e7\u00e3o, podendo ser reconduzido(a) \u00e0\r\nfun\u00e7\u00e3o por mais um mandato.<\/p>\r\n\r\n<p>\u00a7 3\u00b0&nbsp; Poder\u00e1 haver uma \u00fanica recondu\u00e7\u00e3o para\r\nparticipa\u00e7\u00e3o de representantes em um per\u00edodo subsequente.<\/p>\r\n\r\n<p>Art. 90.&nbsp; O(A) secret\u00e1rio(a) das Comiss\u00f5es Permanentes\r\ndo Conselho do Centro de Ci\u00eancias da Sa\u00fade (CONCCS) ser\u00e1 o(a) servidor(a) lotado(a) na chefia da Subdivis\u00e3o de Projetos do CCS (SPROJ\/CCS).<\/p>\r\n\r\n<p>Par\u00e1grafo \u00fanico.&nbsp; A secretaria da CLN\/CCS ser\u00e1 exercida por\r\num(a) de seus(uas) membros(as), ficando dispensada de escolher um(a)\r\nsecret\u00e1rio(a).<\/p>\r\n\r\n<p>Art. 91.&nbsp; Para efeito de qu\u00f3rum, as reuni\u00f5es das\r\nComiss\u00f5es Permanentes do Conselho de Centro de Ci\u00eancias da Sa\u00fade (CONCCS)\r\nfuncionar\u00e3o com a presen\u00e7a m\u00ednima da maioria absoluta dos(as) seus(uas)\r\nmembros(as), considerando-se esse o\r\nn\u00famero legal para a delibera\u00e7\u00e3o e vota\u00e7\u00e3o.<\/p>\r\n\r\n<p>\u00a7 1\u00b0&nbsp;\r\nQuando da ocorr\u00eancia de empate na vota\u00e7\u00e3o, caber\u00e1 ao(\u00e0) Presidente da\r\ncomiss\u00e3o o voto de qualidade.<\/p>\r\n\r\n<p>\u00a7 2\u00b0&nbsp;\r\nOs(As) membros(as) afastados(as), em licen\u00e7a ou f\u00e9rias, n\u00e3o poder\u00e3o\r\nparticipar e nem votar.<\/p>\r\n\r\n<p>\u00a7 3\u00b0&nbsp;\r\nOs(As) membros(as) afastados(as), em licen\u00e7a ou f\u00e9rias e ausentes sem\r\njustificativas, devem ser registrados em ata.<\/p>\r\n\r\n<p>Art. 92.&nbsp; As reuni\u00f5es das Comiss\u00f5es Permanentes do CCS\r\ndever\u00e3o ser preferencialmente presenciais, registradas\r\nem ata, homologadas e dispon\u00edveis no Portal de Documentos da UFSM.<\/p>\r\n\r\n<p>\u00a7 1\u00b0&nbsp;\r\nA frequ\u00eancia dos(as) membros(as) ser\u00e1 controlada por meio de lista de\r\npresen\u00e7a e homologa\u00e7\u00e3o das atas, as quais dever\u00e3o ser observadas para apura\u00e7\u00e3o\r\nde qu\u00f3rum. <\/p>\r\n\r\n<p>\u00a7 2\u00b0&nbsp; Quando as faltas forem justificadas, dever\u00e1\r\nconstar em ata o motivo das aus\u00eancias, sendo considerados, para este fim, encargos e atividades\r\ndid\u00e1ticas regulares.<\/p>\r\n\r\n<p>\u00a7 3\u00b0&nbsp; Havendo 3 (tr\u00eas) faltas consecutivas ou 6\r\n(seis) alternadas, justificadas ou n\u00e3o, o(a) membro(a) dever\u00e1 ser\r\nsubstitu\u00eddo(a).<\/p>\r\n\r\n<p>\u00a7 4\u00b0&nbsp; Quando algum(a) membro(a) for dispensado(a) ou solicitar\r\nsa\u00edda de uma das Comiss\u00f5es Permanentes, o(a) Presidente da mesma oficiar\u00e1 ao(\u00e0)\r\ndiretor(a) do Centro de Ci\u00eancias da Sa\u00fade a solicita\u00e7\u00e3o de substitui\u00e7\u00e3o do(a)\r\nmembro(a).<\/p>\r\n\r\n<p>&nbsp;<\/p>\r\n<p>\r\n<b>Subse\u00e7\u00e3o I<\/b>\r\n<!--EndFragment-->\r\n<\/p>\r\n\r\n<p>\r\n<b>Da Comiss\u00e3o de Legisla\u00e7\u00e3o e Normas do\r\nCCS (CLN\/CCS)<\/b>\r\n<\/p>\r\n\r\n<p>&nbsp;<\/p>\r\n\r\n<p>Art. 93.&nbsp; Cabe \u00e0 Comiss\u00e3o de Legisla\u00e7\u00e3o e Normas do\r\nCCS:<\/p>\r\n\r\n<p>I - propor ao Conselho\r\nnormas de funcionamento, modifica\u00e7\u00f5es ou regimentos internos de unidades do CCS\r\nou do pr\u00f3prio Conselho;<\/p>\r\n\r\n<p>II - analisar minutas de\r\nRegimentos das subunidades do CCS e propostas de modifica\u00e7\u00f5es destes;<\/p>\r\n\r\n<p>III - analisar e emitir\r\nparecer sobre todos os processos encaminhados ao Conselho do Centro de Ci\u00eancias\r\nda Sa\u00fade que exijam interpreta\u00e7\u00e3o \u00e0 luz de leis, estatutos, regimentos, normas\r\ne outros documentos legais; e<\/p>\r\n\r\n<p>IV - analisar e emitir\r\nparecer sobre todos os processos referentes a concursos p\u00fablicos a serem\r\nrealizados no \u00e2mbito do Centro de Ci\u00eancias da Sa\u00fade.<\/p>\r\n\r\n<p>Par\u00e1grafo \u00fanico.&nbsp; Cabe \u00e0 autoridade do Centro de Ci\u00eancias da\r\nSa\u00fade encaminhar \u00e0 Comiss\u00e3o os processos para an\u00e1lise e parecer.<\/p>\r\n\r\n<p>Art. 94. &nbsp;A Comiss\u00e3o de Legisla\u00e7\u00e3o e Normas ser\u00e1\r\nconstitu\u00edda de, no m\u00ednimo, 10 (dez) membros(as) eleitos(as) em sess\u00e3o plen\u00e1ria\r\ndo Conselho do Centro de Ci\u00eancias da Sa\u00fade (CONCCS), sendo:<\/p>\r\n\r\n<p>I - 8 (oito) representantes\r\ndocentes, indicados(as):<\/p>\r\n\r\n<p>a) 6 (seis)\r\npelos departamentos do Centro;<\/p>\r\n\r\n<p>b) 2\r\n(dois\/duas) pelas coordena\u00e7\u00f5es de cursos; e<\/p>\r\n\r\n<p>II - 2 (dois\/duas)\r\nt\u00e9cnicos(as)-administrativos(as) em educa\u00e7\u00e3o.<\/p>\r\n\r\n<p>Par\u00e1grafo \u00fanico.&nbsp; Dentre os(as) docentes referidos(as) no\r\ninciso I do <i>caput<\/i> deste artigo, haver\u00e1, pelo menos:<\/p>\r\n\r\n<p>I - 1 (um\/uma) chefe de\r\ndepartamento; e<\/p>\r\n\r\n<p>II - 1 (um\/uma)\r\ncoordenador(a), ou coordenador(a) substituto(a), de curso de gradua\u00e7\u00e3o ou\r\np\u00f3s-gradua\u00e7\u00e3o.<\/p>\r\n\r\n<p>Art. 95.&nbsp; As reuni\u00f5es ordin\u00e1rias da Comiss\u00e3o de\r\nLegisla\u00e7\u00e3o e Normas ser\u00e3o realizadas na semana anterior \u00e0 reuni\u00e3o\r\ndo Conselho do Centro de Ci\u00eancias da Sa\u00fade.<\/p>\r\n\r\n<p>Par\u00e1grafo \u00fanico.&nbsp; Em situa\u00e7\u00f5es excepcionais, poder\u00e3o ser\r\nconvocadas reuni\u00f5es extraordin\u00e1rias pelo(a) Presidente da Comiss\u00e3o.<\/p>\r\n\r\n<p>&nbsp;<\/p>\r\n<p>\r\n<!--StartFragment-->\r\n<b>Subse\u00e7\u00e3o II<\/b>\r\n<!--EndFragment-->\r\n<\/p>\r\n\r\n<p>\r\n<b>Da Comiss\u00e3o de Extens\u00e3o (ComEX\/CCS)<\/b>\r\n<\/p>\r\n\r\n<p>\r\n<b>&nbsp;<\/b>\r\n<\/p>\r\n\r\n<p>Art. 96.&nbsp; Compete \u00e0 ComEx\/CCS, alinhada \u00e0 Pol\u00edtica de\r\nExtens\u00e3o da UFSM:<\/p>\r\n\r\n<p>I - coordenar as atividades\r\nrelativas \u00e0s a\u00e7\u00f5es de extens\u00e3o no \u00e2mbito do CCS;<\/p>\r\n\r\n<p>II - orientar os(as)\r\ndocentes, t\u00e9cnico-administrativos(as) em educa\u00e7\u00e3o e discentes do CCS sobre a\r\nestrutura\u00e7\u00e3o e condu\u00e7\u00e3o de a\u00e7\u00f5es extensionistas;<\/p>\r\n\r\n<p>III - elaborar normas e\r\ninstrumentos de registro e avalia\u00e7\u00e3o de a\u00e7\u00f5es de extens\u00e3o, seguindo as\r\ndiretrizes da UFSM;<\/p>\r\n\r\n<p>IV - classificar as a\u00e7\u00f5es de\r\nextens\u00e3o submetidas a editais de fomento e selecionar as eleg\u00edveis ao\r\nrecebimento de tais fomentos;<\/p>\r\n\r\n<p>V - avaliar o cumprimento\r\ndos indicadores previstos nas a\u00e7\u00f5es de extens\u00e3o e emitir pareceres sobre a\u00e7\u00f5es\r\nde extens\u00e3o em andamento no CCS;<\/p>\r\n\r\n<p>VI - difundir e acompanhar a\r\nexecu\u00e7\u00e3o da Pol\u00edtica de Extens\u00e3o da UFSM; e<\/p>\r\n\r\n<p>VII - indicar um(a)\r\nrepresentante e um(a) suplente para participar da C\u00e2mara de Extens\u00e3o da UFSM.<\/p>\r\n\r\n<p>Art. 97.&nbsp; A constitui\u00e7\u00e3o da ComEx\/CCS ter\u00e1:<\/p>\r\n\r\n<p>I - 1 (um\/uma) ou 2\r\n(dois\/duas) docente(s) representante(s) de cada curso de gradua\u00e7\u00e3o do CCS, que\r\nest\u00e3o previstos no art. 4\u00b0 da Resolu\u00e7\u00e3o UFSM n\u00b0 029, de 05 de novembro de 2020;<\/p>\r\n\r\n<p>II - 1 (um\/uma) ou 2\r\n(dois\/duas) docente(s) representante(s) dos departamentos de Fisiologia e\r\nFarmacologia, Microbiologia e Parasitologia, Morfologia e Patologia;<\/p>\r\n\r\n<p>III - 1 (um\/uma) ou 2\r\n(dois\/duas) docente(s) representante(s) do departamento de Sa\u00fade Coletiva;<\/p>\r\n\r\n<p>IV - 1 (um\/uma) ou 2\r\n(dois\/duas) t\u00e9cnico(a\/s)-administrativo(a\/s) em educa\u00e7\u00e3o do CCS;<\/p>\r\n\r\n<p>V - 1 (um\/uma) discente; e<\/p>\r\n\r\n<p>VI - 1 (um\/uma) membro da\r\nSubdivis\u00e3o de Projetos no \u00e2mbito do CCS (SPROJ\/CCS).<\/p>\r\n\r\n<p>\u00a7 1\u00b0&nbsp; Para fins deliberativos, todos(as) ter\u00e3o\r\ndireito a voto, exceto o(a) discente e\r\no(a) membro(a) da Subdivis\u00e3o de Projetos do CCS (SPROJ\/CCS).<\/p>\r\n\r\n<p>\u00a7 2\u00b0&nbsp; De acordo com a <a href=\"https:\/\/www.ufsm.br\/pro-reitorias\/proplan\/resolucao-n-006-2019\/\" style=\"color: blue !important;text-decoration: underline !important\" data-elementor-preserved=\"true\" title=\"https:\/\/www.ufsm.br\/pro-reitorias\/proplan\/resolucao-n-006-2019\/\">\r\n<a href=\"https:\/\/www.ufsm.br\/pro-reitorias\/proplan\/resolucao-n-006-2019\" style=\"color: blue !important;text-decoration: underline !important\" data-elementor-preserved=\"true\">Resolu\u00e7\u00e3o UFSM n. 006, de 29 de abril de 2019<\/a>\r\n<\/a>, as Comiss\u00f5es de Extens\u00e3o contam com 1 (um\/uma) membro(a) t\u00e9cnico-administrativo(a) em educa\u00e7\u00e3o e 1 (um\/uma) membro(a) discente.<\/p>\r\n\r\n<p>Art. 98.&nbsp; Os(As) docentes representantes dos cursos de\r\ngradua\u00e7\u00e3o dever\u00e3o ser eleitos(as) em reuni\u00e3o dos colegiados de cursos,\r\ncertificada por ata, e apresentados(as) \u00e0 presid\u00eancia da ComEx\/CCS pelo(a)\r\nseu(ua) respectivo(a) coordenador(a) de curso, por meio de memorando.<\/p>\r\n\r\n<p>\u00a7 1\u00b0&nbsp; Os(As) docentes representantes dos\r\ndepartamentos de Fisiologia e Farmacologia, Microbiologia e Parasitologia,\r\nMorfologia, Patologia e Sa\u00fade Coletiva, bem como o(a) representante da\r\nSubdivis\u00e3o de Projetos do CCS (SPROJ\/CCS) e do(a) t\u00e9cnico(a)-administrativo(a)\r\nem educa\u00e7\u00e3o, dever\u00e3o ser indicados(as) por seus pares e referendados(as) em\r\nreuni\u00e3o do Conselho do CCS, certificada por ata.<\/p>\r\n\r\n<p>\u00a7 2\u00b0&nbsp; O(A) discente dever\u00e1 ser graduando(a)\r\nmatriculado(a) nos cursos do CCS e ser indicado(a), por maioria, em reuni\u00e3o dos\r\nDiret\u00f3rios Acad\u00eamicos do CCS ou do Diret\u00f3rio Central dos discentes (DCE) da UFSM,\r\ncertificada por ata.<\/p>\r\n\r\n<p>Art. 99.&nbsp; A ComEx\/CCS, reunir-se-\u00e1, ordinariamente, 1\r\n(uma) vez por m\u00eas ou, extraordinariamente, sempre que convocada pelo(a)\r\npresidente ou pela maioria de seus(uas) membros(as), e desde que haja projetos\r\na serem analisados, bem como para atender aos editais de fomento \u00e0 extens\u00e3o no\r\n\u00e2mbito da UFSM.<\/p>\r\n\r\n<p>\u00a7 1\u00b0&nbsp; A convoca\u00e7\u00e3o das reuni\u00f5es ordin\u00e1rias ser\u00e1\r\nfeita pelo(a) Presidente da Comiss\u00e3o de Extens\u00e3o por correio eletr\u00f4nico, com\r\nanteced\u00eancia m\u00ednima de 48 (quarenta e oito) horas, juntamente com a pauta da\r\nreuni\u00e3o, indicando local, hor\u00e1rio de in\u00edcio e limite de t\u00e9rmino da reuni\u00e3o.<\/p>\r\n\r\n<p>\u00a7 2\u00b0&nbsp; Reuni\u00f5es extraordin\u00e1rias poder\u00e3o ser\r\ndefinidas pela referida comiss\u00e3o e convocadas pelo(a) Presidente da comiss\u00e3o,\r\ncom no m\u00ednimo 24 (vinte e quatro) horas de anteced\u00eancia, seguindo os mesmos\r\ntr\u00e2mites de convoca\u00e7\u00e3o, registro e frequ\u00eancia.<\/p>\r\n\r\n<p>&nbsp;<\/p>\r\n<p>\r\n<!--StartFragment-->\r\n<b>Subse\u00e7\u00e3o III<\/b>\r\n<!--EndFragment-->\r\n<\/p>\r\n\r\n<p>\r\n<b>Da Comiss\u00e3o de Ensino e Pesquisa\r\n(ComEP\/CCS)<\/b>\r\n<\/p>\r\n\r\n<p>&nbsp;<\/p>\r\n\r\n<p>Art. 100.&nbsp;\r\nA Comiss\u00e3o de Ensino e Pesquisa (ComEP\/CCS) tem por compet\u00eancia estimular, orientar, avaliar, aprovar,\r\nacompanhar e divulgar a execu\u00e7\u00e3o dos projetos de ensino e pesquisa no \u00e2mbito do\r\nCentro, al\u00e9m de atuar em quest\u00f5es pol\u00edticas, acad\u00eamicas, did\u00e1tico-pedag\u00f3gicas e\r\nadministrativas relacionadas ao ensino e \u00e0 pesquisa, observando as\r\ndiretrizes institucionais e o planejamento da unidade e especialmente:<\/p>\r\n\r\n<p>I - trabalhar em parceria com as\r\nPr\u00f3-Reitorias de Gradua\u00e7\u00e3o (PROGRAD) e de P\u00f3s-Gradua\u00e7\u00e3o (PRPGP) no\r\ndesenvolvimento de projetos de ensino e de pesquisa;<\/p>\r\n\r\n<p>II - analisar e emitir parecer dos\r\nprojetos de ensino e pesquisa encaminhados para registro;<\/p>\r\n\r\n<p>III - orientar, de forma integrada com a\r\nSubdivis\u00e3o de Projetos do CCS, os(as) servidores(as) docentes,\r\nt\u00e9cnico-administrativos(as) em educa\u00e7\u00e3o e discentes do CCS para a estrutura\u00e7\u00e3o\r\ne registro de projetos;<\/p>\r\n\r\n<p>IV - elaborar normas e instrumentos de\r\nregistro e avalia\u00e7\u00e3o de projetos de ensino e pesquisa seguindo as diretrizes da\r\nUFSM;<\/p>\r\n\r\n<p>V - auxiliar na elabora\u00e7\u00e3o de editais de\r\nfomento de ensino e de pesquisa no \u00e2mbito de sua compet\u00eancia;<\/p>\r\n\r\n<p>VI - avaliar e classificar os projetos de\r\nensino e de pesquisa submetidos a editais de fomento e eleger os aptos a\r\nreceberem financiamento;<\/p>\r\n\r\n<p>VII - deliberar sobre a distribui\u00e7\u00e3o de\r\nrecursos financeiros or\u00e7ament\u00e1rios destinados ao ensino e \u00e0 pesquisa atrav\u00e9s de\r\neditais no \u00e2mbito do CCS;<\/p>\r\n\r\n<p>VIII - analisar e dar parecer sobre\r\nrelat\u00f3rios de presta\u00e7\u00e3o de contas de edital de ensino e pesquisa vinculado ao\r\nCCS;<\/p>\r\n\r\n<p>IX - emitir outros pareceres em mat\u00e9ria de\r\nsua compet\u00eancia; e<\/p>\r\n\r\n<p>X - trabalhar de forma integrada com a\r\nSubdivis\u00e3o de Projetos do CCS.<\/p>\r\n\r\n<p>Art. 101.&nbsp; A Comiss\u00e3o\r\nde Ensino e Pesquisa ser\u00e1 composta por membros(as) servidores(as), docentes e\r\nt\u00e9cnicos(as)-administrativos(as) em educa\u00e7\u00e3o, escolhidos(as) entre os(as) pares\r\ndos cursos de gradua\u00e7\u00e3o e departamentos.<\/p>\r\n\r\n<p>Art. 102.&nbsp; A\r\nconstitui\u00e7\u00e3o da ComEP\/CCS compreender\u00e1:<\/p>\r\n\r\n<p>I - 1 (um\/uma) ou 2 (dois\/duas) representante(s) docente(s)\r\nde cada curso de gradua\u00e7\u00e3o do CCS, que est\u00e3o previstos no art. 4\u00b0 da <a href=\"https:\/\/www.ufsm.br\/pro-reitorias\/proplan\/resolucao-n-029-2020\" style=\"color: blue !important;text-decoration: underline !important\" data-elementor-preserved=\"true\">Resolu\u00e7\u00e3o UFSM n\u00b0 029, de 05 de novembro de 2020<\/a>;<\/p>\r\n\r\n<p>II - 1 (um\/uma) ou 2 (dois\/duas) representante(s)\r\ndocente(s) dos departamentos do eixo b\u00e1sico dos cursos de gradua\u00e7\u00e3o da \u00e1rea da\r\nsa\u00fade (Fisiologia e Farmacologia, Microbiologia e Parasitologia, Morfologia e\r\nPatologia) indicados(as) por cada departamento e escolhidos(as) em reuni\u00e3o do\r\nConselho do Centro;<\/p>\r\n\r\n<p>III - 1 (um\/uma) representante docente do departamento de\r\nSa\u00fade Coletiva, indicado(a) pela chefia do departamento;<\/p>\r\n\r\n<p>IV - 1 (um\/uma) representante docente dos cursos de\r\np\u00f3s-gradua\u00e7\u00e3o, indicado(a) em reuni\u00e3o do Conselho do Centro;<\/p>\r\n\r\n<p>V - 1 (um\/uma) ou 2 (dois\/duas) representante(s) dos(as)\r\nt\u00e9cnicos(as)-administrativos(as) em educa\u00e7\u00e3o indicado(s)\/(a\/s) entre seus\r\npares;<\/p>\r\n\r\n<p>VI - 1 (um\/uma) membro(a) da Subdivis\u00e3o de Projetos no\r\n\u00e2mbito do CCS (SPROJ\/CCS); e<\/p>\r\n\r\n<p>VII - 1 (um\/uma) representante discente.<\/p>\r\n\r\n<p>Art. 103.&nbsp; As\r\nreuni\u00f5es da Comiss\u00e3o de Ensino e Pesquisa de car\u00e1ter ordin\u00e1rio ser\u00e3o realizadas\r\nmensalmente.<\/p>\r\n\r\n<p>\u00a7 1\u00b0&nbsp; A convoca\u00e7\u00e3o\r\ndas reuni\u00f5es ordin\u00e1rias ser\u00e1 realizada pelo(a) Presidente da Comiss\u00e3o por meio\r\neletr\u00f4nico, com anteced\u00eancia m\u00ednima de 48 (quarenta e oito) horas, juntamente\r\ncom a pauta da reuni\u00e3o, indicando local, hor\u00e1rio de in\u00edcio e limite de t\u00e9rmino\r\nda reuni\u00e3o.<\/p>\r\n\r\n<p>\u00a7 2\u00b0&nbsp; As reuni\u00f5es\r\ndever\u00e3o ser registradas em ata.<\/p>\r\n\r\n<p>\u00a7 3\u00b0&nbsp; A frequ\u00eancia\r\ndos(as) membros(as) ser\u00e1 controlada por meio da assinatura em lista de\r\npresen\u00e7a.<\/p>\r\n\r\n<p>\u00a7 4\u00b0&nbsp; Reuni\u00f5es\r\nextraordin\u00e1rias poder\u00e3o ser definidas pela referida comiss\u00e3o e convocadas\r\npelo(a) Presidente da comiss\u00e3o, com no m\u00ednimo 24 (vinte e quatro) horas de\r\nanteced\u00eancia, seguindo os mesmos tr\u00e2mites de convoca\u00e7\u00e3o, registro e frequ\u00eancia.<\/p>\r\n\r\n<p>&nbsp;<\/p>\r\n\r\n<div>\r\n\r\n<p>\r\n<a name=\"_heading=h.vrtxvgrze3ya\">\r\n<\/a>\r\n<b>Se\u00e7\u00e3o\r\nIII<\/b>\r\n<\/p>\r\n\r\n<\/div>\r\n\r\n<p>\r\n<b>Da Comiss\u00e3o Permanente do Internato\r\nCurricular do Curso de Medicina (CPIC\/CCS)<\/b>\r\n<\/p>\r\n\r\n<p>&nbsp;<\/p>\r\n\r\n<p>Art. 104. &nbsp;A Comiss\u00e3o Permanente do Internato Curricular\r\ndo Curso de Medicina (CPIC\/CCS) \u00e9 vinculada ao Colegiado do Curso de Medicina,\r\ndo Centro de Ci\u00eancias da Sa\u00fade (CCS).<\/p>\r\n\r\n<p>Art. 105.&nbsp; Compete \u00e0 Comiss\u00e3o Permanente do Internato\r\nCurricular do Curso de Medicina (CPIC\/CCS):<\/p>\r\n\r\n<p>I - zelar pelo cumprimento\r\nda legisla\u00e7\u00e3o relativa ao Internato, do regimento do curso de Medicina da UFSM;<\/p>\r\n\r\n<p>II - aprovar os planos de\r\nensino das diversas \u00e1reas de internato;<\/p>\r\n\r\n<p>III - supervisionar,\r\nacompanhar e avaliar a execu\u00e7\u00e3o do plano de ensino;<\/p>\r\n\r\n<p>IV - identificar e\r\nsolucionar os problemas existentes no internato;<\/p>\r\n\r\n<p>V - apoiar os(as)\r\ncoordenadores(as) de \u00e1rea e os(as) preceptores(as) no exerc\u00edcio de suas\r\nfun\u00e7\u00f5es; e<\/p>\r\n\r\n<p>VI - propor medidas com a\r\nfinalidade de aperfei\u00e7oar o processo pedag\u00f3gico do Internato.<\/p>\r\n\r\n<p>Art. 106. &nbsp;A Comiss\u00e3o Permanente do Internato Curricular\r\ndo Curso de Medicina (CPIC\/CCS) \u00e9 composta pelos(as) seguintes membros(as):<\/p>\r\n\r\n<p>I - 1 (um\/uma) regente do\r\nInternato Curricular Obrigat\u00f3rio, como Presidente;<\/p>\r\n\r\n<p>II - 1 (um\/uma) docente\r\nsupervisor(a) da \u00e1rea da Aten\u00e7\u00e3o Prim\u00e1ria \u00e0 Sa\u00fade;<\/p>\r\n\r\n<p>III - 1 (um\/uma) docente\r\nsupervisor(a) da \u00e1rea de Cl\u00ednica M\u00e9dica;<\/p>\r\n\r\n<p>IV - 1 (um\/uma) docente\r\nsupervisor(a) da \u00e1rea de Cl\u00ednica Cir\u00fargica;<\/p>\r\n\r\n<p>V - 1 (um\/uma) docente\r\nsupervisor(a) da \u00e1rea de Sa\u00fade Coletiva;<\/p>\r\n\r\n<p>VI - 1 (um\/uma) docente\r\nsupervisor(a) da \u00e1rea de Pediatria;<\/p>\r\n\r\n<p>VII - 1 (um\/uma) docente\r\nsupervisor(a) da \u00e1rea de Ginecologia e Obstetr\u00edcia;<\/p>\r\n\r\n<p>VIII - 1 (um\/uma) docente\r\nsupervisor(a) da \u00e1rea de Urg\u00eancia e Emerg\u00eancia Cl\u00ednica;<\/p>\r\n\r\n<p>IX - 1 (um\/uma) docente\r\nsupervisor(a) da \u00e1rea de Urg\u00eancia e Emerg\u00eancia Cir\u00fargica;<\/p>\r\n\r\n<p>X - 1 (um\/uma) docente\r\nsupervisor(a) da \u00e1rea de Sa\u00fade Mental;<\/p>\r\n\r\n<p>XI - 2 (dois\/duas)\r\nrepresentantes discentes, sendo 1 (um\/uma) do 9\u00b0 (nono) e 1 (um\/uma) do 10\u00b0\r\n(d\u00e9cimo) semestre; e<\/p>\r\n\r\n<p>XII - 2 (dois\/duas)\r\nrepresentantes do N\u00facleo Docente Estruturante (NDE).<\/p>\r\n\r\n<p>Art. 107.&nbsp; O(A) regente do Internato ser\u00e1 escolhido(a)\r\nconcomitantemente com a escolha do(a) coordenador(a) e do(a) coordenador(a)\r\nsubstituto(a) do curso para um mandato de 2 (dois) anos, pelos(as) docentes,\r\ndiscentes e t\u00e9cnicos(as)-administrativos(as) do curso.<\/p>\r\n\r\n<p>\u00a7 1\u00b0&nbsp; Os(As) supervisores(as) de cada \u00e1rea ser\u00e3o\r\nindicados(as) pelo(a) chefe do departamento cujo est\u00e1gio est\u00e1 vinculado.<\/p>\r\n\r\n<p>\u00a7 2\u00b0&nbsp; Os(As) discentes indicados(as) ser\u00e3o:<\/p>\r\n\r\n<p>I - 1 (um\/uma) representante\r\npelos(as) discentes(as) do 9\u00b0 (nono) semestre; e<\/p>\r\n\r\n<p>II - 1 (um\/uma)\r\nrepresentante pelos(as) discentes(as) do 10\u00b0 (d\u00e9cimo) semestre.<\/p>\r\n\r\n<p>\u00a7 3\u00b0&nbsp; Os(As) representantes do NDE ser\u00e3o\r\nindicados(as) pelo N\u00facleo.<\/p>\r\n\r\n<p>Art. 108. &nbsp;A comiss\u00e3o se reunir\u00e1 com a maioria absoluta de seus(uas)\r\nmembros(as), e as vota\u00e7\u00f5es depender\u00e3o de maioria simples para a aprova\u00e7\u00e3o.<\/p>\r\n\r\n<p>Art. 109.&nbsp; A CPIC reunir-se-\u00e1, ordinariamente, 1 (uma)\r\nvez a cada 6 (seis) meses ou, em car\u00e1ter extraordin\u00e1rio, quando convocada\r\npelo(a) Presidente da Comiss\u00e3o Permanente do Internato.<\/p>\r\n\r\n<p>&nbsp;<\/p>\r\n\r\n<p>\r\n<b>Se\u00e7\u00e3o IV<\/b>\r\n<\/p>\r\n\r\n<p>\r\n<b>Dos Colegiados Departamentais<\/b>\r\n<\/p>\r\n\r\n<p>&nbsp;<\/p>\r\n\r\n<p>Art. 110.&nbsp; O colegiado departamental, \u00f3rg\u00e3o deliberativo\r\ne consultivo, ser\u00e1 composto por:<\/p>\r\n\r\n<p>I - chefe de departamento, como\r\npresidente;<\/p>\r\n\r\n<p>II - chefe substituto(a) do\r\ndepartamento, como vice-presidente;<\/p>\r\n\r\n<p>III - representa\u00e7\u00e3o docente;<\/p>\r\n\r\n<p>IV - representa\u00e7\u00e3o dos(as)\r\nt\u00e9cnicos(as)-administrativos(as) em educa\u00e7\u00e3o, quando lotados(as) no\r\ndepartamento; e<\/p>\r\n\r\n<p>V - 1 (um\/uma) representante discente,\r\nescolhido(a) dentre os(as) bolsistas e monitores(as) de disciplinas do\r\ndepartamento.<\/p>\r\n\r\n<p>\u00a7 1\u00b0&nbsp; O\r\ncolegiado departamental \u00e9 presidido pelo(a) chefe do departamento e, em sua\r\naus\u00eancia ou impedimento, pelo(a) chefe substituto(a) e, na eventual falta\r\ndeste(a), pelo(a) docente mais antigo(a) no Quadro do Magist\u00e9rio do Ensino\r\nSuperior lotado(a) no departamento.<\/p>\r\n\r\n<p>\u00a7 2\u00b0&nbsp; A\r\ncrit\u00e9rio do departamento, os(as) professores(as) substitutos(as) ou com\r\nexerc\u00edcio provis\u00f3rio no departamento podem fazer parte do qu\u00f3rum do colegiado\r\nde departamento, com direito a voz e voto.<\/p>\r\n\r\n<p>\u00a7 3\u00b0&nbsp; Na\r\ncomposi\u00e7\u00e3o do referido \u00f3rg\u00e3o colegiado dever\u00e1 ser assegurado, pelo menos, 70%\r\n(setenta por cento) dos assentos para o segmento docente, conforme disposto no\r\nart. 56 da Lei n\u00b0 9.394, de 20 de dezembro de 1996.<\/p>\r\n\r\n<p>\u00a7 4\u00b0&nbsp;\r\nAs representa\u00e7\u00f5es de que tratam os incisos III e IV do <i>caput<\/i>\r\ndeste artigo ser\u00e3o definidas por cada colegiado departamental e registradas em\r\nata.<\/p>\r\n\r\n<p>Art. 111.&nbsp; Compete ao colegiado do departamento:<\/p>\r\n\r\n<p>I - conhecer e deliberar sobre assuntos\r\nde natureza did\u00e1tica que n\u00e3o forem da compet\u00eancia dos colegiados de curso;<\/p>\r\n\r\n<p>II - aprovar a realiza\u00e7\u00e3o de cursos n\u00e3o\r\nregulares, semin\u00e1rios, jornadas e atividades similares;<\/p>\r\n\r\n<p>III - aprovar e propor ao Conselho do\r\nCCS a presta\u00e7\u00e3o de servi\u00e7os por parte do departamento;<\/p>\r\n\r\n<p>IV - aprovar o plano Departamental em\r\nconcord\u00e2ncia com o Plano de Desenvolvimento Institucional - PDI, da UFSM;<\/p>\r\n\r\n<p>V -&nbsp;\r\ndefinir os crit\u00e9rios relativos a concurso p\u00fablico para o preenchimento\r\nde vagas docentes, defini\u00e7\u00e3o de enquadramento de vagas, editais, programas,\r\nbancas examinadoras, em conson\u00e2ncia com as resolu\u00e7\u00f5es da UFSM;<\/p>\r\n\r\n<p>VI - aprovar, no \u00e2mbito de sua\r\ncompet\u00eancia, a sele\u00e7\u00e3o, admiss\u00e3o, ced\u00eancia ou afastamento de servidores(as),\r\nbem como o regime de trabalho a ser cumprido, de conformidade com as\r\nnecessidades do Plano Departamental;<\/p>\r\n\r\n<p>VII - aprovar a constitui\u00e7\u00e3o de bancas\r\nexaminadoras de revis\u00e3o e verifica\u00e7\u00f5es de conhecimento do corpo discente;<\/p>\r\n\r\n<p>VIII - aprovar a celebra\u00e7\u00e3o de conv\u00eanios\r\ndo departamento e encaminhar aos \u00f3rg\u00e3os competentes para an\u00e1lise;<\/p>\r\n\r\n<p>IX - elaborar e propor ao Conselho de\r\nUnidade de Ensino normas operacionais do pr\u00f3prio Colegiado;<\/p>\r\n\r\n<p>X - representar e apresentar aos \u00f3rg\u00e3os\r\ncompetentes em caso de infra\u00e7\u00e3o disciplinar de servidores(as) docentes e\r\nt\u00e9cnico-administrativos(as) em educa\u00e7\u00e3o Iotados(as) no departamento;<\/p>\r\n\r\n<p>XI - aprovar a realiza\u00e7\u00e3o de sele\u00e7\u00e3o\r\npara monitores(as) de ensino, respeitadas as normas vigentes, e definir a\r\nconstitui\u00e7\u00e3o das respectivas bancas examinadoras;<\/p>\r\n\r\n<p>XII - elaborar e aprovar o plano de\r\naplica\u00e7\u00e3o de recursos destinados ao departamento;<\/p>\r\n\r\n<p>XIII - prestar assessoria e informa\u00e7\u00f5es\r\naos cursos, especialmente por ocasi\u00e3o dos processos de reformula\u00e7\u00e3o curricular;<\/p>\r\n\r\n<p>XIV - deliberar sobre a utiliza\u00e7\u00e3o de\r\nequipamentos e das instala\u00e7\u00f5es e oficinas e laborat\u00f3rios sob a responsabilidade\r\ndo departamento;<\/p>\r\n\r\n<p>XV - convocar a reuni\u00e3o dos corpos\r\ndocentes e t\u00e9cnico-administrativos para propor a destitui\u00e7\u00e3o do(a) chefe e\r\ndo(a) chefe substituto(a), no caso de n\u00e3o cumprimento de suas atribui\u00e7\u00f5es,\r\nencaminhando a decis\u00e3o ao(\u00e0) diretor(a) para ser submetida \u00e0 homologa\u00e7\u00e3o do\r\nConselho do CCS;<\/p>\r\n\r\n<p>XVI - deliberar sobre a dispensa ou\r\nexonera\u00e7\u00e3o de servidores(as), na forma de lei;<\/p>\r\n\r\n<p>XVII - propor e aprovar adequa\u00e7\u00f5es nas\r\ndisciplinas relacionadas ao departamento, especialmente por ocasi\u00e3o de\r\nreformula\u00e7\u00e3o de projetos pedag\u00f3gicos; e<\/p>\r\n\r\n<p>XVIII - deliberar sobre outras mat\u00e9rias\r\nprevistas em lei ou estabelecidas pelos Conselhos Superiores.<\/p>\r\n\r\n<p>Par\u00e1grafo \u00fanico.&nbsp; Das delibera\u00e7\u00f5es do colegiado do\r\ndepartamento, caber\u00e1 recurso ao Conselho do Centro num prazo de 10 (dez) dias\r\nap\u00f3s a notifica\u00e7\u00e3o ao(\u00e0) interessado(a) pelo departamento.<\/p>\r\n\r\n<p>Art. 112.&nbsp; O colegiado departamental se reunir\u00e1,\r\nordinariamente, no m\u00ednimo, 2 (duas) vezes por semestre e, extraordinariamente,\r\nsempre que convocado pelo(a) seu(ua) Presidente ou por solicita\u00e7\u00e3o da maioria\r\ndos(as) seus(uas) membros(as).<\/p>\r\n\r\n<p>\u00a7 1\u00b0&nbsp;\r\nO colegiado departamental deliberar\u00e1 somente com a maioria simples de\r\nseus(uas) membros(as).<\/p>\r\n\r\n<p>\u00a7 2\u00b0 A aus\u00eancia injustificada de\r\nservidores(as) \u00e0s reuni\u00f5es do colegiado departamental acarretar\u00e1 o corte da\r\nefetividade referente aos dias de realiza\u00e7\u00e3o das sess\u00f5es. <\/p>\r\n\r\n<p>Art. 113.&nbsp; Ao(\u00c0) presidente do colegiado departamental\r\ncompete:<\/p>\r\n\r\n<p>I - convocar reuni\u00f5es ordin\u00e1rias e\r\nextraordin\u00e1rias;<\/p>\r\n\r\n<p>II - presidir e dirigir os trabalhos do\r\ncolegiado e organizar a ordem do dia das reuni\u00f5es;&nbsp;<\/p>\r\n\r\n<p>III - instituir comiss\u00f5es tempor\u00e1rias\r\nregulamentadas no \u00e2mbito da UFSM para emiss\u00e3o de pareceres a serem levados \u00e0\r\nconsidera\u00e7\u00e3o do colegiado;&nbsp;<\/p>\r\n\r\n<p>IV - exercer no colegiado departamental\r\no direito de voto e, nos casos de empate, o voto de qualidade;&nbsp;<\/p>\r\n\r\n<p>V - cumprir e fazer cumprir as decis\u00f5es\r\ndo colegiado departamental; <\/p>\r\n\r\n<p>VI - baixar, por ordem de servi\u00e7o, os\r\natos relativos \u00e0 administra\u00e7\u00e3o de decis\u00f5es do colegiado departamental; e<\/p>\r\n\r\n<p>VII - exercer qualquer outra atividade\r\natinente \u00e0 fun\u00e7\u00e3o.<\/p>\r\n\r\n<p>&nbsp;<\/p>\r\n\r\n<div>\r\n\r\n<p>\r\n<b>Se\u00e7\u00e3o V<\/b>\r\n<\/p>\r\n\r\n<p>\r\n<b>Dos Colegiados dos Cursos de Gradua\u00e7\u00e3o<\/b>\r\n<\/p>\r\n\r\n<\/div>\r\n\r\n<p>&nbsp;<\/p>\r\n\r\n<p>Art. 114.&nbsp; A administra\u00e7\u00e3o e a coordena\u00e7\u00e3o das\r\natividades did\u00e1ticas de cada curso de gradua\u00e7\u00e3o ficar\u00e3o a cargo de um\r\ncolegiado, constitu\u00eddo de representantes definidos(as) pelo Regimento Geral da\r\nUFSM, podendo ser estabelecido por habilita\u00e7\u00e3o ou modalidade, a crit\u00e9rio do\r\nConselho de Ensino, Pesquisa e Extens\u00e3o (CEPE-UFSM), nos termos do art. 91 do\r\nRegimento Geral da UFSM, entendendo-se por:<\/p>\r\n\r\n<p>I - habilita\u00e7\u00e3o: a forma\u00e7\u00e3o espec\u00edfica\r\nem uma determinada \u00e1rea de conhecimento, devidamente amparada pela Diretriz Curricular\r\nNacional (DCN); e<\/p>\r\n\r\n<p>II - modalidade: o regime de oferta de\r\ncurso, que pode ser presencial ou a dist\u00e2ncia.<\/p>\r\n\r\n<p>Art. 115.&nbsp; Os colegiados dos cursos de gradua\u00e7\u00e3o, \u00f3rg\u00e3o\r\nconsultivo e deliberativo, comp\u00f5em-se, nos termos do art. 92 do Regimento Geral\r\nda UFSM:<\/p>\r\n\r\n<p>I - do(a) coordenador(a) de curso, como\r\npresidente;<\/p>\r\n\r\n<p>II - do(a) coordenador(a) substituto(a),\r\ncomo vice-presidente;<\/p>\r\n\r\n<p>III - de, no m\u00ednimo, 3 (tr\u00eas) docentes\r\nde departamentos did\u00e1ticos que atendam ao curso, designados(as) pela chefia\r\ndepartamental, sendo que no caso de cursos que abrangem m\u00faltiplas \u00e1reas\r\nprofissionalizantes a composi\u00e7\u00e3o ser\u00e1 de, no m\u00ednimo, 1 (um\/uma) docente de cada\r\ndepartamento did\u00e1tico que ofere\u00e7a disciplinas profissionalizantes e de 1\r\n(um\/uma) docente representante do conjunto de departamentos que oferecem\r\ndisciplinas b\u00e1sicas;<\/p>\r\n\r\n<p>IV - de uma representa\u00e7\u00e3o discente na\r\npropor\u00e7\u00e3o de at\u00e9 1\/5 (um quinto) do total de seus(uas) membros(as);<\/p>\r\n\r\n<p>V - de um(a) representante do conselho\r\nda profiss\u00e3o, indicado(a) pelo respectivo conselho, quando existente; e<\/p>\r\n\r\n<p>VI - de um(a) representante da\r\nassocia\u00e7\u00e3o da profiss\u00e3o, quando existente.<\/p>\r\n\r\n<p>Par\u00e1grafo \u00fanico.&nbsp; Na composi\u00e7\u00e3o do referido \u00f3rg\u00e3o colegiado\r\ndever\u00e1 ser assegurado, pelo menos, 70% (setenta por cento) dos assentos para o\r\nsegmento docente, conforme disposto no art. 56 da <a href=\"https:\/\/www.planalto.gov.br\/ccivil_03\/leis\/l9394.htm\" style=\"color: blue !important;text-decoration: underline !important\" data-elementor-preserved=\"true\">Lei n\u00b0 9.394, de 20 de dezembro de 1996<\/a>.<\/p>\r\n\r\n<p>Art. 116.&nbsp; Aos colegiados de cursos de gradua\u00e7\u00e3o\r\ncompete, al\u00e9m do constante no art. 94 do Regimento Geral da UFSM:<\/p>\r\n\r\n<p>I - propor ao CEPE, por interm\u00e9dio do\r\nConselho do CCS, os Projetos Pedag\u00f3gicos de Curso, assim como as reformula\u00e7\u00f5es\r\ncurriculares;<\/p>\r\n\r\n<p>II - estabelecer a oferta de disciplina\r\nde cada per\u00edodo letivo, inclusive as Disciplinas Complementares de Gradua\u00e7\u00e3o\r\n(DCG);<\/p>\r\n\r\n<p>III - acompanhar a implementa\u00e7\u00e3o dos\r\nProjetos Pedag\u00f3gicos de Curso;<\/p>\r\n\r\n<p>IV - aprovar as Atividades\r\nComplementares de Gradua\u00e7\u00e3o (ACG);<\/p>\r\n\r\n<p>V - propor a substitui\u00e7\u00e3o ou\r\nqualifica\u00e7\u00e3o de professores(as) ou outras provid\u00eancias necess\u00e1rias \u00e0 melhoria\r\ndo ensino ministrado;<\/p>\r\n\r\n<p>VI - representar o curso junto aos\r\n\u00f3rg\u00e3os competentes em caso de infra\u00e7\u00e3o disciplinar discente;<\/p>\r\n\r\n<p>VII - deliberar sobre aproveitamento de\r\nestudo, consultado o departamento respectivo, se necess\u00e1rio;<\/p>\r\n\r\n<p>VIII - estabelecer, semestralmente, os\r\ncrit\u00e9rios de sele\u00e7\u00e3o para preenchimento de vagas destinadas a ingresso,\r\nreingresso e transfer\u00eancia internas e externas;<\/p>\r\n\r\n<p>IX- decidir sobre os aspectos da vida\r\nacad\u00eamica do corpo discente, tais como adapta\u00e7\u00e3o curricular, matr\u00edcula,\r\ntrancamento, op\u00e7\u00f5es, dispensas e cancelamento de matr\u00edcula, bem como\r\nestabelecer o controle da respectiva integra\u00e7\u00e3o curricular;<\/p>\r\n\r\n<p>X - zelar para que os hor\u00e1rios das\r\ndisciplinas sejam adequados a sua natureza e a do curso; e <\/p>\r\n\r\n<p>XI - exercer as demais atribui\u00e7\u00f5es que\r\nlhe sejam previstas em lei ou estabelecidas pelo CEPE.<\/p>\r\n\r\n<p>Par\u00e1grafo \u00fanico.&nbsp; Das decis\u00f5es do colegiado de curso caber\u00e1\r\nrecurso em 1\u00aa (primeira) inst\u00e2ncia ao Conselho da unidade de ensino e,\r\nposteriormente, ao Conselho de Ensino, Pesquisa e Extens\u00e3o.<\/p>\r\n\r\n<p>Art. 117.&nbsp; O colegiado de curso de gradua\u00e7\u00e3o se reunir\u00e1,\r\nordinariamente, no m\u00ednimo, 2 (duas) vezes por semestre e, extraordinariamente,\r\nsempre que convocado pelo(a) seu(ua) presidente ou por solicita\u00e7\u00e3o da maioria\r\ndos(as) seus(uas) membros(as).<\/p>\r\n\r\n<p>\u00a7 1\u00b0&nbsp;\r\nO colegiado de curso deliberar\u00e1 somente com a maioria simples de\r\nseus(uas) membros(as).<\/p>\r\n\r\n<p>\u00a7 2\u00b0 A aus\u00eancia injustificada de\r\nservidores(as) \u00e0s reuni\u00f5es do colegiado de curso acarretar\u00e1 o corte da\r\nefetividade referente aos dias de realiza\u00e7\u00e3o das sess\u00f5es. <\/p>\r\n\r\n<p>&nbsp;<\/p>\r\n\r\n<div>\r\n\r\n<p>\r\n<b>Se\u00e7\u00e3o VI<\/b>\r\n<\/p>\r\n\r\n<p>\r\n<b>Dos Colegiados dos Cursos\/Programas de P\u00f3s-gradua\u00e7\u00e3o<\/b>\r\n<\/p>\r\n\r\n<\/div>\r\n\r\n<p>\r\n<b>&nbsp;<\/b>\r\n<\/p>\r\n\r\n<p>Art. 118. &nbsp;O colegiado do programa de\r\np\u00f3s-gradua\u00e7\u00e3o, conforme o art. 12 do Anexo I da <a href=\"https:\/\/www.ufsm.br\/pro-reitorias\/proplan\/resolucao-ufsm-n-139-2023\" style=\"color: blue !important;text-decoration: underline !important\" data-elementor-preserved=\"true\">Resolu\u00e7\u00e3o UFSM n\u00b0 139, de 29 de agosto de 2023<\/a>, ser\u00e1 constitu\u00eddo por:<\/p>\r\n\r\n<p>I - coordenador(a) do programa, como\r\npresidente;<\/p>\r\n\r\n<p>II - coordenador(a) substituto(a) do\r\nprograma; e,<\/p>\r\n\r\n<p>III - representa\u00e7\u00f5es docente e discente,\r\nconforme definido no regulamento de cada programa de p\u00f3s-gradua\u00e7\u00e3o.<\/p>\r\n\r\n<p>\u00a7 1\u00b0&nbsp;\r\nA constitui\u00e7\u00e3o do colegiado ser\u00e1 homologada pelo(a) diretor(a) da\r\nunidade de ensino a qual perten\u00e7a o programa, mediante portaria de Pessoal\r\nespec\u00edfica.<\/p>\r\n\r\n<p>\u00a7 2\u00b0&nbsp;\r\nOs(As) membros(as) representantes do corpo docente e discente ser\u00e3o\r\neleitos(as) por seus pares, seguindo sistem\u00e1tica definida no regulamento de\r\ncada programa de p\u00f3s-gradua\u00e7\u00e3o.<\/p>\r\n\r\n<p>\u00a7 3\u00b0&nbsp;\r\nO mandato dos(as) membros(as) do colegiado ser\u00e1 de 2 (dois) anos,\r\npodendo haver recondu\u00e7\u00e3o.<\/p>\r\n\r\n<p>\u00a7 4\u00b0&nbsp;\r\nNa aus\u00eancia do(a) presidente em uma reuni\u00e3o, ela ser\u00e1\r\nconduzida\/presidida pelo coordenador(a) substituto(a).<\/p>\r\n\r\n<p>\u00a7 5\u00b0&nbsp;\r\nOs(As) representantes previstos(as) no inciso III poder\u00e3o ser\r\nsubstitu\u00eddos(as) em qualquer \u00e9poca, por iniciativa do(a) pr\u00f3prio(a)\r\nrepresentante ou nos casos de perda da condi\u00e7\u00e3o de v\u00ednculo docente ou discente\r\nno curso.<\/p>\r\n\r\n<p>\u00a7 6\u00b0&nbsp;\r\nNa composi\u00e7\u00e3o do referido \u00f3rg\u00e3o colegiado dever\u00e1 ser assegurado, pelo\r\nmenos, 70% (setenta por cento) dos assentos para o segmento docente, conforme\r\ndisposto no art. 56 da Lei n\u00b0 9.394, de 20 de dezembro de 1996.<\/p>\r\n\r\n<p>Art. 119.&nbsp; Aos colegiados do curso de p\u00f3s-gradua\u00e7\u00e3o, conforme a <a href=\"https:\/\/www.ufsm.br\/pro-reitorias\/proplan\/resolucao-ufsm-n-139-2023\" style=\"color: blue !important;text-decoration: underline !important\" data-elementor-preserved=\"true\">Resolu\u00e7\u00e3o UFSM n\u00b0 139, de 29 de agosto de 2023<\/a>, compete:&nbsp;<\/p>\r\n\r\n<p>I - aprovar e acompanhar a execu\u00e7\u00e3o da\r\npol\u00edtica de p\u00f3s-gradua\u00e7\u00e3o do programa, em conson\u00e2ncia com os desafios\r\nestabelecidos no Plano de Desenvolvimento Institucional da UFSM (PDI) e com as\r\ncrit\u00e9rios de avalia\u00e7\u00e3o do SNPG;<\/p>\r\n\r\n<p>II - propor o regulamento do programa de\r\np\u00f3s-gradua\u00e7\u00e3o e as suas altera\u00e7\u00f5es, e encaminhar \u00e0 autoridade competente para\r\nemiss\u00e3o de acordo com o previsto na Resolu\u00e7\u00e3o UFSM n\u00b0 054, de 1\u00b0 de junho de\r\n2021;<\/p>\r\n\r\n<p>III - organizar e encaminhar \u00e0s\r\nautoridades competentes demanda de novos colegiados, conforme necessidade\r\nidentificada e fundamentada, observado o que consta na Resolu\u00e7\u00e3o UFSM n\u00b0 054,\r\nde 1\u00b0 de junho de 2021;<\/p>\r\n\r\n<p>IV - organizar, atrav\u00e9s de edital\r\np\u00fablico, o processo de consulta \u00e0 comunidade docente, discente e de\r\nservidores(as) t\u00e9cnico-administrativos(as) em educa\u00e7\u00e3o, vinculados(as) ao\r\nprograma, visando \u00e0 escolha do(a) coordenador(a) e do(a) coordenador(a) substituto(a);<\/p>\r\n\r\n<p>V - definir os crit\u00e9rios de\r\ncredenciamento, recredenciamento e descredenciamento docente;<\/p>\r\n\r\n<p>VI - credenciar, recredenciar e\r\ndescredenciar docentes, aprovando sua categoria de atua\u00e7\u00e3o;<\/p>\r\n\r\n<p>VII - definir as \u00e1reas de concentra\u00e7\u00e3o e\r\nlinhas de pesquisa de atua\u00e7\u00e3o do programa de p\u00f3s-gradua\u00e7\u00e3o;<\/p>\r\n\r\n<p>VIII - decidir sobre altera\u00e7\u00f5es nas\r\ndisciplinas, suas cargas hor\u00e1rias e n\u00famero de cr\u00e9ditos;<\/p>\r\n\r\n<p>IX - definir os requisitos a serem\r\ncumpridos para obten\u00e7\u00e3o da titula\u00e7\u00e3o bem como suas altera\u00e7\u00f5es;<\/p>\r\n\r\n<p>X - definir o n\u00famero de vagas a serem\r\noferecidas e a periodicidade de ingresso no(s) curso(s);<\/p>\r\n\r\n<p>XI - aprovar o edital de sele\u00e7\u00e3o de\r\ndiscentes para ingresso no programa;<\/p>\r\n\r\n<p>XII - aprovar as indica\u00e7\u00f5es dos(as)\r\nco-orientadores(as) externos(as) ao programa, quando solicitadas pelo(a)\r\norientador(a) e discente;<\/p>\r\n\r\n<p>XIII - homologar os planos de estudos\r\ndos(as) discentes(as);<\/p>\r\n\r\n<p>XIV - aprovar a oferta de disciplinas,\r\nacompanhada da indica\u00e7\u00e3o dos(as) respectivos(as) professores(as);<\/p>\r\n\r\n<p>XV - decidir sobre a aceita\u00e7\u00e3o de\r\ncr\u00e9ditos obtidos em outros programas de p\u00f3s-gradua\u00e7\u00e3o;<\/p>\r\n\r\n<p>XVI - aprovar os planos de trabalho\r\nsolicitados em \"Est\u00e1gio de Doc\u00eancia\";<\/p>\r\n\r\n<p>XVII - aprovar as bancas examinadoras de\r\ndefesa de disserta\u00e7\u00e3o, exame de qualifica\u00e7\u00e3o e tese;<\/p>\r\n\r\n<p>XVIII - decidir sobre a solicita\u00e7\u00e3o de\r\nprorroga\u00e7\u00e3o de prazo de conclus\u00e3o do curso de acordo com as normas\r\nestabelecidas pela Institui\u00e7\u00e3o e pelo regulamento do programa de p\u00f3s-gradua\u00e7\u00e3o;<\/p>\r\n\r\n<p>XIX - aprovar os crit\u00e9rios para\r\nconcess\u00e3o e manuten\u00e7\u00e3o de bolsas propostos pela comiss\u00e3o de bolsas ou de gest\u00e3o\r\ndo programa;<\/p>\r\n\r\n<p>XX - estabelecer crit\u00e9rios para analisar\r\nsolicita\u00e7\u00f5es de passagem direta de n\u00edvel da p\u00f3s-gradua\u00e7\u00e3o;<\/p>\r\n\r\n<p>XXI - aprovar o plano de aplica\u00e7\u00e3o dos\r\nrecursos financeiros alocados ao programa de p\u00f3s-gradua\u00e7\u00e3o;<\/p>\r\n\r\n<p>XXII - aprovar os conv\u00eanios de interesse\r\npara as atividades do programa;<\/p>\r\n\r\n<p>XXIII - realizar anualmente atividades\r\n(semin\u00e1rios) de autoavalia\u00e7\u00e3o com vistas \u00e0 melhoria do programa de\r\np\u00f3s-gradua\u00e7\u00e3o, com acompanhamento e revis\u00e3o sistem\u00e1tica de seu planejamento\r\nestrat\u00e9gico;<\/p>\r\n\r\n<p>XXIV - julgar as decis\u00f5es do(a)\r\ncoordenador(a), em grau de recurso; e,<\/p>\r\n\r\n<p>XXV - deliberar sobre outras mat\u00e9rias\r\nque lhe sejam atribu\u00eddas por lei, ou pelo Estatuto da UFSM, na esfera de sua\r\ncompet\u00eancia.<\/p>\r\n\r\n<div>\r\n\r\n<p>Art.\r\n120.&nbsp; O colegiado do programa de p\u00f3s-gradua\u00e7\u00e3o\r\nreunir-se-\u00e1, ordinariamente, no m\u00ednimo 2 (duas) vezes por semestre e,\r\nextraordinariamente, sempre que convocado pelo(a) presidente ou maioria de\r\nseus(uas) membros(as). <\/p>\r\n\r\n<p>\u00a7 1\u00b0&nbsp; As reuni\u00f5es\r\ndo colegiado acontecer\u00e3o com a presen\u00e7a m\u00ednima da maioria absoluta dos\r\nseus(uas) membros(as), considerando-se esse o n\u00famero legal para a delibera\u00e7\u00e3o e\r\nvota\u00e7\u00e3o.<\/p>\r\n\r\n<\/div>\r\n\r\n<p>\u00a7 2\u00b0 A aus\u00eancia injustificada de\r\nservidores(as) \u00e0s reuni\u00f5es do colegiado do programa acarretar\u00e1 o corte da\r\nefetividade referente aos dias de realiza\u00e7\u00e3o das sess\u00f5es. <\/p>\r\n\r\n<div>\r\n\r\n<p>Art.\r\n121. &nbsp;Aos colegiados dos programas de p\u00f3s-gradua\u00e7\u00e3o\r\naplicam-se as defini\u00e7\u00f5es constantes do Regimento Geral da P\u00f3s-Gradua\u00e7\u00e3o da\r\nUFSM.<\/p>\r\n\r\n<p>&nbsp;<\/p>\r\n\r\n<p>CAP\u00cdTULO VI<\/p>\r\n\r\n<p>DO ENSINO, DA PESQUISA E DA EXTENS\u00c3O<\/p>\r\n\r\n<p>&nbsp;<\/p>\r\n\r\n<p>\r\n<b>Se\u00e7\u00e3o I<\/b>\r\n<\/p>\r\n\r\n<p>\r\n<b>Do Ensino<\/b>\r\n<\/p>\r\n\r\n<p>&nbsp;<\/p>\r\n\r\n<p>Art. 122.&nbsp; O ensino no CCS\r\nser\u00e1 ministrado por meio de cursos de gradua\u00e7\u00e3o e p\u00f3s-gradua\u00e7\u00e3o em diferentes\r\nn\u00edveis, em conformidade com o Estatuto da UFSM, com o Regimento Geral da UFSM,\r\ncom o Regulamento Geral da P\u00f3s-Gradua\u00e7\u00e3o <i>Stricto Sensu<\/i> da UFSM, com o\r\nRegulamento Geral da P\u00f3s-Gradua\u00e7\u00e3o <i>Lato Sensu<\/i> da UFSM e com este\r\nRegimento Interno.<\/p>\r\n\r\n<\/div>\r\n\r\n<p>&nbsp;<\/p>\r\n\r\n<p>\r\n<b>Subse\u00e7\u00e3o I<\/b>\r\n<\/p>\r\n\r\n<p>\r\n<b>Do Ensino de Gradua\u00e7\u00e3o<\/b>\r\n<\/p>\r\n\r\n<p>&nbsp;<\/p>\r\n\r\n<p>Art. 123.&nbsp; Os cursos de\r\ngradua\u00e7\u00e3o, com situa\u00e7\u00e3o \u201cem atividade\u201d, do Centro de Ci\u00eancias da Sa\u00fade (CCS), s\u00e3o os previstos no\r\nart. 4\u00b0 da <a href=\"https:\/\/www.ufsm.br\/pro-reitorias\/proplan\/resolucao-n-029-2020\" style=\"color: blue !important;text-decoration: underline !important\" data-elementor-preserved=\"true\">Resolu\u00e7\u00e3o UFSM n\u00b0 029, de 05 de novembro de 2020<\/a>.<\/p>\r\n\r\n<p>Art. 124.&nbsp; Cada curso de gradua\u00e7\u00e3o ter\u00e1 um(a)\r\ncoordenador(a) e um(a) coordenador(a) substituto(a).<\/p>\r\n\r\n<p>Art. 125.&nbsp; Os(As) coordenadores(as) dos cursos ser\u00e3o\r\neleitos(as) pela comunidade do curso e designados(as) pelo(a) diretor(a) da\r\nunidade, e exercer\u00e3o mandatos de 2 (dois) anos, podendo haver at\u00e9 duas\r\nrecondu\u00e7\u00f5es consecutivas, pelo mesmo per\u00edodo, garantida a realiza\u00e7\u00e3o de\r\nprocesso eleitoral.<\/p>\r\n\r\n<p>\u00a7 1\u00b0&nbsp;\r\nSalvo casos especiais, os(as) coordenadores(as) dos cursos dever\u00e3o ter\r\ngradua\u00e7\u00e3o correspondente \u00e0s carreiras a serem coordenadas.<\/p>\r\n\r\n<p>\u00a7 2\u00b0&nbsp;\r\nOs(As) coordenadores(as) de curso ser\u00e3o eleitos(as) pela comunidade do\r\ncurso, a saber:<\/p>\r\n\r\n<p>I - discentes com matr\u00edcula ativa no\r\nrespectivo curso;<\/p>\r\n\r\n<p>II - docentes que ministram aula no\r\nrespectivo curso; e<\/p>\r\n\r\n<p>III - t\u00e9cnicos(as)-administrativos(as)\r\nem educa\u00e7\u00e3o com exerc\u00edcio na Secretaria Integrada a que o curso est\u00e1 vinculado.<\/p>\r\n\r\n<p>\u00a7 3\u00b0&nbsp;\r\nPara organiza\u00e7\u00e3o da elei\u00e7\u00e3o dos(as) coordenadores(as), ser\u00e1 designada\r\npelo(a) diretor(a) uma comiss\u00e3o eleitoral que definir\u00e1 as datas e regras da\r\nelei\u00e7\u00e3o, respeitando as especificidades de cada curso.<\/p>\r\n\r\n<p>Art. 126.&nbsp; S\u00e3o atribui\u00e7\u00f5es dos(as) coordenadores(as) dos\r\ncursos de gradua\u00e7\u00e3o, al\u00e9m do constante na <a href=\"https:\/\/www.ufsm.br\/pro-reitorias\/proplan\/resolucao-ufsm-no-219-2025\" style=\"color: blue !important;text-decoration: underline !important\" data-elementor-preserved=\"true\">Resolu\u00e7\u00e3o UFSM n\u00b0 219, de 1\u00b0 de agosto de 2025<\/a>:<\/p>\r\n\r\n<p>I - integrar o Conselho do Centro, na\r\nqualidade de membro(a) nato(a);<\/p>\r\n\r\n<p>II - elaborar proposta para a\r\nprograma\u00e7\u00e3o acad\u00eamica a ser desenvolvida e submet\u00ea-la ao colegiado do curso\r\ndentro dos prazos previstos no calend\u00e1rio acad\u00eamico;<\/p>\r\n\r\n<p>III - convocar, por escrito, e presidir\r\nas reuni\u00f5es do colegiado do curso;<\/p>\r\n\r\n<p>IV - providenciar a obten\u00e7\u00e3o da nominata\r\ndos(as) representantes e zelar para que a representatividade do colegiado do\r\ncurso esteja de acordo com a legisla\u00e7\u00e3o vigente;<\/p>\r\n\r\n<p>V - representar o colegiado de curso\r\nsempre que se fizer necess\u00e1rio;<\/p>\r\n\r\n<p>VI - cumprir ou promover a efetiva\u00e7\u00e3o\r\ndas decis\u00f5es do colegiado de curso;<\/p>\r\n\r\n<p>VII - promover as articula\u00e7\u00f5es e\r\ninter-rela\u00e7\u00f5es que o colegiado de curso dever\u00e1 manter com os diversos \u00f3rg\u00e3os da\r\nadministra\u00e7\u00e3o acad\u00eamica;<\/p>\r\n\r\n<p>VIII - submeter ao(\u00e0) diretor(a) da\r\nunidade os assuntos que requeiram a\u00e7\u00e3o dos \u00f3rg\u00e3os superiores;<\/p>\r\n\r\n<p>IX - assegurar a fiel observ\u00e2ncia dos\r\nprogramas e do regime did\u00e1tico, propondo, nos casos de infra\u00e7\u00e3o, as medidas\r\ncorretivas adequadas;<\/p>\r\n\r\n<p>X - encaminhar ao \u00f3rg\u00e3o competente, por\r\ninterm\u00e9dio do(a) diretor(a) da unidade, as propostas de altera\u00e7\u00e3o curricular\r\naprovadas pelo colegiado do curso;<\/p>\r\n\r\n<p>XI - orientar, coordenar e fiscalizar as\r\natividades do curso e, quando de interesse, representar junto aos departamentos\r\nsobre a conveni\u00eancia de substituir docente;<\/p>\r\n\r\n<p>XII - solicitar aos departamentos, a\r\ncada semestre letivo, a oferta das disciplinas necess\u00e1rias ao desenvolvimento\r\ndo curso;<\/p>\r\n\r\n<p>XIII - promover a adapta\u00e7\u00e3o curricular\r\ndos(as) discentes, quer nos casos de transfer\u00eancia, quer nos demais casos\r\nprevistos na legisla\u00e7\u00e3o vigente;<\/p>\r\n\r\n<p>XIV - exercer a coordena\u00e7\u00e3o da matr\u00edcula\r\ndos(as) discentes, no \u00e2mbito do curso, em colabora\u00e7\u00e3o com o \u00f3rg\u00e3o central de\r\nmatr\u00edcula;<\/p>\r\n\r\n<p>XV - representar o curso, junto ao(\u00e0)\r\ndiretor(a) da unidade e ao(\u00e0) chefe do departamento, nos casos de transgress\u00e3o\r\ndisciplinar docente e discente;<\/p>\r\n\r\n<p>XVI - preservar os interesses\r\nindividuais e dados pessoais de desempenho acad\u00eamico dos(as) discentes, diante\r\nde demandas externas n\u00e3o autorizadas;<\/p>\r\n\r\n<p>XVII - sempre que entender necess\u00e1rio,\r\norientar e encaminhar os(as) discentes ao Setor de Apoio Pedag\u00f3gico do CCS ou\r\naos servi\u00e7os de atendimento aos(\u00e0s) discentes da UFSM;<\/p>\r\n\r\n<p>XVIII - examinar, decidindo em 1\u00aa\r\n(primeira) inst\u00e2ncia, as quest\u00f5es suscitadas pelos(as) discentes; e<\/p>\r\n\r\n<p>XIX - em casos excepcionais, decidir\r\n\"<i>Ad Referendum<\/i>\" do Colegiado sobre mat\u00e9ria de compet\u00eancia\r\ndeste.<\/p>\r\n\r\n<p>Art. 127.&nbsp; S\u00e3o atribui\u00e7\u00f5es do(a) coordenador(a)\r\nsubstituto(a) de curso de gradua\u00e7\u00e3o:<\/p>\r\n\r\n<p>I - substituir o(a) coordenador(a) de\r\ncurso nos seus impedimentos legais e eventuais; e<\/p>\r\n\r\n<p>II - exercer outras atribui\u00e7\u00f5es que lhe\r\nforem expressamente delegadas pelo(a) coordenador(a) de curso.<\/p>\r\n\r\n<p>Par\u00e1grafo \u00fanico.&nbsp; Nas aus\u00eancias legais do(a) coordenador(a) de\r\ncurso, fica o(a) substituto(a) impedido(a) de solicitar afastamento no mesmo\r\nper\u00edodo, salvo quest\u00f5es de licen\u00e7as m\u00e9dicas, devendo, neste caso, assumir a coordena\u00e7\u00e3o\r\no(a) docente mais antigo(a) no magist\u00e9rio federal da UFSM, em exerc\u00edcio no\r\ncurso, desde que atenda \u00e0s determina\u00e7\u00f5es prescritas na legisla\u00e7\u00e3o vigente. <\/p>\r\n\r\n<p>Art. 128.&nbsp; Os cursos de gradua\u00e7\u00e3o\r\ncontar\u00e3o com um N\u00facleo Docente Estruturante (NDE), respons\u00e1vel pela concep\u00e7\u00e3o,\r\nacompanhamento, consolida\u00e7\u00e3o e avalia\u00e7\u00e3o do Projeto Pedag\u00f3gico do Curso (PPC),\r\nnos termos da <a href=\"https:\/\/www.ufsm.br\/pro-reitorias\/proplan\/resolucao-n-043-2019\" style=\"color: blue !important;text-decoration: underline !important\" data-elementor-preserved=\"true\">Resolu\u00e7\u00e3o UFSM n. 043, de 13 de dezembro de 2019<\/a>, ou outra que venha a substitu\u00ed-la.<\/p>\r\n\r\n<p>&nbsp;<\/p>\r\n\r\n<p>\r\n<b>Subse\u00e7\u00e3o II<\/b>\r\n<\/p>\r\n\r\n<p>\r\n<b>Do Ensino de P\u00f3s-Gradua\u00e7\u00e3o<\/b>\r\n<\/p>\r\n\r\n<p>&nbsp;<\/p>\r\n\r\n<p>Art. 129.&nbsp; Os cursos de p\u00f3s-gradua\u00e7\u00e3o, com situa\u00e7\u00e3o \u201cem atividade\u201d, do Centro de Ci\u00eancias da Sa\u00fade (CCS), s\u00e3o os previstos no\r\nart. 4\u00b0 da <a href=\"https:\/\/www.ufsm.br\/pro-reitorias\/proplan\/resolucao-ufsm-n-076-2022\" style=\"color: blue !important;text-decoration: underline !important\" data-elementor-preserved=\"true\">Resolu\u00e7\u00e3o UFSM n\u00b0 076, de 31 de janeiro de 2022<\/a>.<\/p>\r\n\r\n<p>Art. 130.&nbsp; Cada curso de p\u00f3s-gradua\u00e7\u00e3o ter\u00e1 um(a)\r\ncoordenador(a) e um(a) coordenador(a) substituto(a).<\/p>\r\n\r\n<p>Art. 131.&nbsp; Os(as) coordenadores(as) dos cursos de\r\np\u00f3s-gradua\u00e7\u00e3o ser\u00e3o eleitos(as) pela comunidade do curso e designados(as)\r\npelo(a) diretor(a) da unidade, e exercer\u00e3o mandatos de 2 (dois) anos.<\/p>\r\n\r\n<p>Par\u00e1grafo \u00fanico.&nbsp; Para organiza\u00e7\u00e3o da elei\u00e7\u00e3o dos(as)\r\ncoordenadores(as) de p\u00f3s-gradua\u00e7\u00e3o ser\u00e1 designada, pelo(a) Diretor(a) do CCS,\r\numa comiss\u00e3o eleitoral que definir\u00e1 as datas e regras da elei\u00e7\u00e3o, respeitando\r\nas especificidades de cada curso de p\u00f3s-gradua\u00e7\u00e3o.<\/p>\r\n\r\n<p>Art. 132.&nbsp; S\u00e3o atribui\u00e7\u00f5es do(a) coordenador(a) do\r\nprograma de p\u00f3s-gradua\u00e7\u00e3o, conforme a <a href=\"https:\/\/www.ufsm.br\/pro-reitorias\/proplan\/resolucao-ufsm-n-139-2023\" style=\"color: blue !important;text-decoration: underline !important\" data-elementor-preserved=\"true\">Resolu\u00e7\u00e3o UFSM n\u00b0 139, de 29 de agosto de 2023<\/a>:<\/p>\r\n\r\n<p>I - fazer cumprir o regulamento do\r\nprograma de p\u00f3s-gradua\u00e7\u00e3o e as decis\u00f5es de seu colegiado;<\/p>\r\n\r\n<p>II - convocar e presidir as reuni\u00f5es do\r\ncolegiado do programa de p\u00f3s-gradua\u00e7\u00e3o;<\/p>\r\n\r\n<p>III - representar o programa de\r\np\u00f3s-gradua\u00e7\u00e3o, sempre que se fizer necess\u00e1rio;<\/p>\r\n\r\n<p>IV - submeter ao conselho da unidade de\r\nensino os assuntos que requeiram a\u00e7\u00e3o dos \u00f3rg\u00e3os superiores;<\/p>\r\n\r\n<p>V - encaminhar ao \u00f3rg\u00e3o competente as\r\naltera\u00e7\u00f5es curriculares aprovadas pelo colegiado do programa de p\u00f3s-gradua\u00e7\u00e3o;<\/p>\r\n\r\n<p>VI - elaborar o plano de aplica\u00e7\u00e3o de\r\nrecursos financeiros do programa que ser\u00e1 submetido \u00e0 aprova\u00e7\u00e3o do colegiado;<\/p>\r\n\r\n<p>VII - programar a oferta das disciplinas\r\ne dos(das) docentes necess\u00e1rios(as) ao desenvolvimento das atividades e dar\r\nencaminhamento \u00e0s outras quest\u00f5es acad\u00eamicas junto aos \u00f3rg\u00e3os competentes;<\/p>\r\n\r\n<p>VIII - encaminhar \u00e0 comiss\u00e3o de sele\u00e7\u00e3o\r\na demanda de consulta ao corpo docente e proposi\u00e7\u00e3o do edital de sele\u00e7\u00e3o\r\ndos(as) discentes para ingresso no programa de p\u00f3s-gradua\u00e7\u00e3o, com posterior\r\nan\u00e1lise e aprova\u00e7\u00e3o do colegiado;<\/p>\r\n\r\n<p>IX - dar conhecimento \u00e0s inst\u00e2ncias\r\nsuperiores dos casos de transgress\u00e3o disciplinar docente, bem como discente;<\/p>\r\n\r\n<p>X - submeter \u00e0 aprova\u00e7\u00e3o do colegiado os\r\nnomes dos(as) professores(as) que integrar\u00e3o as comiss\u00f5es de sele\u00e7\u00e3o e de\r\nbolsas ou de gest\u00e3o; e<\/p>\r\n\r\n<p>XI - desempenhar as demais atribui\u00e7\u00f5es\r\ninerentes \u00e0 sua fun\u00e7\u00e3o determinada em lei ou pelo Estatuto da UFSM, na esfera\r\nde sua compet\u00eancia.<\/p>\r\n\r\n<p>Art. 133.&nbsp; S\u00e3o atribui\u00e7\u00f5es do(a) coordenador(a)\r\nsubstituto(a) do curso:<\/p>\r\n\r\n<p>I - substituir o(a) coordenador(a) de\r\ncurso nos seus impedimentos legais e eventuais; e<\/p>\r\n\r\n<p>II - exercer outras atribui\u00e7\u00f5es que lhe\r\nforem expressamente delegadas pelo(a) coordenador(a) de curso.<\/p>\r\n\r\n<p>Par\u00e1grafo \u00fanico.&nbsp; Nas aus\u00eancias legais do(a) coordenador(a) de\r\ncurso, fica o(a) substituto(a) impedido(a) de solicitar afastamento no mesmo\r\nper\u00edodo, salvo quest\u00f5es de licen\u00e7as m\u00e9dicas, devendo, neste caso, assumir a coordena\u00e7\u00e3o\r\no(a) docente mais antigo(a) no magist\u00e9rio federal da UFSM, em exerc\u00edcio no\r\ncurso, desde que atenda \u00e0s determina\u00e7\u00f5es prescritas na legisla\u00e7\u00e3o vigente.<\/p>\r\n\r\n<p>&nbsp;<\/p>\r\n\r\n<p>\r\n<b>Se\u00e7\u00e3o II<\/b>\r\n<\/p>\r\n\r\n<p>\r\n<b>Da Pesquisa<\/b>\r\n<\/p>\r\n\r\n<p>&nbsp;<\/p>\r\n\r\n<p>Art. 134.&nbsp; As atividades de pesquisa do CCS emanam das\r\nlinhas de pesquisa nas quais os(as) pesquisadores(as) da unidade est\u00e3o\r\ninseridos(as), e visam gerar conhecimento cient\u00edfico e tecnol\u00f3gico voltado \u00e0\r\ncapacita\u00e7\u00e3o profissional e ao desenvolvimento do sistema de sa\u00fade local e\r\nnacional.<\/p>\r\n\r\n<p>&nbsp;<\/p>\r\n\r\n<p>\r\n<b>Se\u00e7\u00e3o III<\/b>\r\n<\/p>\r\n\r\n<p>\r\n<b>Da Extens\u00e3o<\/b>\r\n<\/p>\r\n\r\n<p>&nbsp;<\/p>\r\n\r\n<p>Art. 135.&nbsp; O CCS desenvolver\u00e1 a\u00e7\u00f5es de extens\u00e3o\r\nfundamentadas nas \u00e1reas de conhecimento abrangidas pelo Centro, observando o\r\nque consta na Pol\u00edtica de Extens\u00e3o da UFSM \u2013 Anexo da<a href=\"https:\/\/www.ufsm.br\/pro-reitorias\/proplan\/resolucao-n-006-2019\" style=\"color: blue !important;text-decoration: underline !important\" data-elementor-preserved=\"true\"> Resolu\u00e7\u00e3o UFSM n. 006, de 29 de abril de 2019<\/a>.<\/p>\r\n\r\n<p>&nbsp;<\/p>\r\n\r\n<p>CAP\u00cdTULO VII<\/p>\r\n\r\n<p>DAS DISPOSI\u00c7\u00d5ES GERAIS E TRANSIT\u00d3RIAS<\/p>\r\n\r\n<p>&nbsp;<\/p>\r\n\r\n<p>Art. 136.&nbsp; As altera\u00e7\u00f5es do presente Regimento ser\u00e3o\r\npropostas ao Conselho do Centro e, ap\u00f3s, submetidas \u00e0 aprova\u00e7\u00e3o do Conselho\r\nUniversit\u00e1rio na forma do Regimento Geral da UFSM.<\/p>\r\n\r\n<p>Art. 137.&nbsp; Os casos omissos neste Regimento e n\u00e3o\r\ncontemplados nas demais legisla\u00e7\u00f5es vigentes ser\u00e3o dirimidos pelo Conselho do\r\nCCS em 1\u00aa (primeira) inst\u00e2ncia e pelos Conselhos Superiores da UFSM em 2\u00aa\r\n(segunda) inst\u00e2ncia.<\/p>\r\n\r\n<!--EndFragment-->\r\n<div class=\"normal-text\" style=\"text-align: center\">\r\n<\/div>\r\n<div class=\"normal-text\" style=\"text-align: center\">\r\n<\/div>\r\n<\/font><\/div>\t\t<\/div>\n\t\t\t\t<\/div>\n\t\t\t\t\t<\/div>\n\t\t<\/div>\n\t\t\t\t\t<\/div>\n\t\t<\/section>\n\t\t\t\t<\/div>\n\t\t","protected":false},"excerpt":{"rendered":"<p>MINIST\u00c9RIO DA EDUCA\u00c7\u00c3O UNIVERSIDADE FEDERAL DE SANTA MARIA REGIMENTO INTERNO DO CENTRO DE CI\u00caNCIAS DA SA\u00daDE (CCS) &nbsp; Anexo I da Resolu\u00e7\u00e3o UFSM n\u00b0 278, de 1\u00b0 de setembro de 2026. &nbsp; CAP\u00cdTULO I DAS DISPOSI\u00c7\u00d5ES PRELIMINARES &nbsp; Art. 1\u00b0&nbsp; O presente regimento estabelece a organiza\u00e7\u00e3o e funcionamento do Centro de Ci\u00eancias da Sa\u00fade (CCS), [&hellip;]<\/p>\n","protected":false},"author":8863,"featured_media":0,"parent":0,"menu_order":0,"comment_status":"closed","ping_status":"closed","template":"","meta":{"footnotes":""},"categories":[],"tags":[],"class_list":["post-7674","page","type-page","status-publish","hentry"],"acf":[],"_links":{"self":[{"href":"https:\/\/www.ufsm.br\/pro-reitorias\/proplan\/wp-json\/wp\/v2\/pages\/7674","targetHints":{"allow":["GET"]}}],"collection":[{"href":"https:\/\/www.ufsm.br\/pro-reitorias\/proplan\/wp-json\/wp\/v2\/pages"}],"about":[{"href":"https:\/\/www.ufsm.br\/pro-reitorias\/proplan\/wp-json\/wp\/v2\/types\/page"}],"author":[{"embeddable":true,"href":"https:\/\/www.ufsm.br\/pro-reitorias\/proplan\/wp-json\/wp\/v2\/users\/8863"}],"replies":[{"embeddable":true,"href":"https:\/\/www.ufsm.br\/pro-reitorias\/proplan\/wp-json\/wp\/v2\/comments?post=7674"}],"version-history":[{"count":0,"href":"https:\/\/www.ufsm.br\/pro-reitorias\/proplan\/wp-json\/wp\/v2\/pages\/7674\/revisions"}],"wp:attachment":[{"href":"https:\/\/www.ufsm.br\/pro-reitorias\/proplan\/wp-json\/wp\/v2\/media?parent=7674"}],"wp:term":[{"taxonomy":"category","embeddable":true,"href":"https:\/\/www.ufsm.br\/pro-reitorias\/proplan\/wp-json\/wp\/v2\/categories?post=7674"},{"taxonomy":"post_tag","embeddable":true,"href":"https:\/\/www.ufsm.br\/pro-reitorias\/proplan\/wp-json\/wp\/v2\/tags?post=7674"}],"curies":[{"name":"wp","href":"https:\/\/api.w.org\/{rel}","templated":true}]}}