{"id":998,"date":"2018-07-03T14:30:20","date_gmt":"2018-07-03T17:30:20","guid":{"rendered":"https:\/\/www.ufsm.br\/pro-reitorias\/proplan\/?page_id=998"},"modified":"2026-01-08T12:44:09","modified_gmt":"2026-01-08T15:44:09","slug":"contato","status":"publish","type":"page","link":"https:\/\/www.ufsm.br\/pro-reitorias\/proplan\/contato","title":{"rendered":"Equipe"},"content":{"rendered":"\t\t<div data-elementor-type=\"wp-post\" data-elementor-id=\"998\" class=\"elementor elementor-998\">\n\t\t\t\t\t\t<section class=\"elementor-section elementor-top-section elementor-element elementor-element-3680a44e elementor-section-boxed elementor-section-height-default elementor-section-height-default\" data-id=\"3680a44e\" data-element_type=\"section\">\n\t\t\t\t\t\t<div class=\"elementor-container elementor-column-gap-default\">\n\t\t\t\t\t<div class=\"elementor-column elementor-col-100 elementor-top-column elementor-element elementor-element-9c57e10\" data-id=\"9c57e10\" data-element_type=\"column\">\n\t\t\t<div class=\"elementor-widget-wrap elementor-element-populated\">\n\t\t\t\t\t\t<div class=\"elementor-element elementor-element-179a0989 elementor-widget elementor-widget-text-editor\" data-id=\"179a0989\" data-element_type=\"widget\" data-widget_type=\"text-editor.default\">\n\t\t\t\t<div class=\"elementor-widget-container\">\n\t\t\t\t\t\t\t<p><span style=\"font-family: verdana, geneva, sans-serif;font-size: 12pt\">A <strong>Pr\u00f3-Reitoria de Planejamento (PROPLAN)<\/strong> atende no terceiro andar do pr\u00e9dio da Reitoria, no Campus Sede.<\/span><\/p><table style=\"height: 147px;width: 101%\" width=\"101%\"><tbody><tr style=\"height: 10px\"><td style=\"text-align: center;height: 10px;width: 58.2026%\" width=\"47%\"><span style=\"font-family: verdana, geneva, sans-serif;font-size: 12pt;color: #000000\"><strong>Setor<\/strong><\/span><\/td><td style=\"text-align: center;height: 10px;width: 22.7974%\" width=\"34%\"><span style=\"font-family: verdana, geneva, sans-serif;font-size: 12pt;color: #000000\"><strong>Email<\/strong><\/span><\/td><td style=\"text-align: center;height: 10px;width: 17%\" width=\"17%\"><span style=\"font-family: verdana, geneva, sans-serif;font-size: 12pt;color: #000000\"><strong>Telefone<\/strong><\/span><\/td><\/tr><tr style=\"height: 26px\"><td style=\"height: 26px;width: 58.2026%;text-align: center\" width=\"47%\"><span style=\"font-family: verdana, geneva, sans-serif;font-size: 12pt;color: #000000\"><b>Pr\u00f3-Reitor de Planejamento<\/b><br \/>Prof. Vin\u00edcius Jacques Garcia<br \/><\/span><\/td><td style=\"text-align: center;height: 26px;width: 22.7974%\" width=\"34%\">viniciusjg@ufsm.br<\/td><td style=\"text-align: center;height: 26px;width: 17%\" width=\"17%\"><p><span style=\"font-family: verdana, geneva, sans-serif;font-size: 12pt\">3220 8750<\/span><\/p><\/td><\/tr><tr style=\"height: 40px\"><td style=\"height: 40px;width: 58.2026%;text-align: center\" width=\"47%\"><span style=\"font-family: verdana, geneva, sans-serif;font-size: 12pt;color: #000000\"><b>Pr\u00f3-Reitor Substituto<br \/><\/b>Adm. Carlo Alessandro Castellanelli<\/span><\/td><td style=\"text-align: center;height: 40px;width: 22.7974%\" width=\"34%\">carlo.castellanelli@ufsm.br<\/td><td style=\"text-align: center;height: 40px;width: 17%\" width=\"17%\"><p><span style=\"font-family: verdana, geneva, sans-serif;font-size: 12pt\">3220 8333<\/span><\/p><\/td><\/tr><tr style=\"height: 25px\"><td style=\"height: 25px;width: 58.2026%;text-align: center\" width=\"47%\"><span style=\"font-family: verdana, geneva, sans-serif;font-size: 12pt;color: #000000\"><strong>Assistente PROPLAN<\/strong><\/span><\/td><td style=\"text-align: center;height: 25px;width: 22.7974%\" width=\"34%\"><p>proplan@ufsm.br<\/p><\/td><td style=\"text-align: center;height: 25px;width: 17%\" width=\"17%\"><p><span style=\"font-family: verdana, geneva, sans-serif;font-size: 12pt\">3220 8492<\/span><\/p><\/td><\/tr><tr style=\"height: 13px\"><td style=\"height: 13px;width: 58.2026%;text-align: center\" width=\"47%\"><span style=\"font-family: verdana, geneva, sans-serif;font-size: 12pt;color: #000000\"><strong>Secretaria Geral<\/strong><\/span><\/td><td style=\"text-align: center;height: 13px;width: 22.7974%\" width=\"34%\"><p><span style=\"font-family: verdana, geneva, sans-serif;font-size: 12pt\"><a href=\"mailto:proplan@ufsm.br\">proplan@ufsm.br<\/a><\/span><\/p><\/td><td style=\"text-align: center;height: 13px;width: 17%\" width=\"17%\"><p><span style=\"font-family: verdana, geneva, sans-serif;font-size: 12pt\">3220 8292<\/span><\/p><\/td><\/tr><tr style=\"height: 33px\"><td style=\"height: 33px;width: 58.2026%;text-align: center\" width=\"47%\"><span style=\"font-family: verdana, geneva, sans-serif;font-size: 12pt;color: #000000\"><strong>Unidade de Comunica\u00e7\u00e3o Integrada<\/strong><\/span><\/td><td style=\"text-align: center;height: 33px;width: 22.7974%\" width=\"34%\"><p><span style=\"font-family: verdana, geneva, sans-serif;font-size: 12pt\">unicom<a href=\"mailto:comunicacaointegrada@ufsm.br\">@ufsm.br<\/a><\/span><\/p><\/td><td style=\"text-align: center;height: 33px;width: 17%\" width=\"17%\"><p><span style=\"font-family: verdana, geneva, sans-serif;font-size: 12pt\">3220 8962<\/span><\/p><\/td><\/tr><\/tbody><\/table><p><span style=\"font-size: 12pt\"><strong><span style=\"font-family: verdana, geneva, sans-serif\">\u00a0<\/span><\/strong><\/span><\/p><p><span style=\"font-size: 12pt;font-family: verdana, geneva, sans-serif\"><strong>Coordenadorias ligadas \u00e0 PROPLAN:<\/strong><\/span><\/p><table style=\"height: 219px;width: 101%\" width=\"101%\"><tbody><tr style=\"height: 10px\"><td style=\"text-align: center;height: 10px;width: 70.3938%\" width=\"47%\"><span style=\"font-size: 12pt;font-family: verdana, geneva, sans-serif;color: #000000\"><strong>Setor<\/strong><\/span><\/td><td style=\"text-align: center;height: 10px;width: 14.5601%\" width=\"34%\"><span style=\"font-size: 12pt;font-family: verdana, geneva, sans-serif;color: #000000\"><strong>Email<\/strong><\/span><\/td><td style=\"text-align: center;height: 10px;width: 14.0461%\" width=\"18%\"><span style=\"font-size: 12pt;font-family: verdana, geneva, sans-serif;color: #000000\"><strong>Telefone<\/strong><\/span><\/td><\/tr><tr style=\"height: 26px\"><td style=\"height: 26px;text-align: center;width: 70.3938%\" width=\"47%\"><span style=\"font-family: verdana, geneva, sans-serif;color: #000000\"><strong><span style=\"font-size: 12pt\">Coordenadoria de Planejamento Econ\u00f4mico (COPLEC)<\/span><\/strong><\/span><\/td><td style=\"text-align: center;height: 26px;width: 14.5601%\" width=\"34%\"><p style=\"text-align: center\"><span style=\"font-size: 12pt;font-family: verdana, geneva, sans-serif\"><a href=\"mailto:orcamento@ufsm.br\">orcamento@ufsm.br<\/a><\/span><\/p><\/td><td style=\"text-align: center;height: 26px;width: 14.0461%\" width=\"18%\"><p><span style=\"font-size: 12pt;font-family: verdana, geneva, sans-serif\">3220 8334<\/span><\/p><\/td><\/tr><tr style=\"height: 47px\"><td style=\"height: 47px;text-align: center;width: 70.3938%\" width=\"47%\"><span style=\"font-family: verdana, geneva, sans-serif;color: #000000\"><strong><span style=\"font-size: 12pt\">Coordenadoria de Planejamento Informacional (COPLIN)<\/span><\/strong><\/span><\/td><td style=\"text-align: center;height: 47px;width: 14.5601%\" width=\"34%\"><p><span style=\"font-size: 12pt;font-family: verdana, geneva, sans-serif\"><a href=\"mailto:coplin@ufsm.br\">coplin@ufsm.br<\/a><\/span><\/p><\/td><td style=\"text-align: center;height: 47px;width: 14.0461%\" width=\"18%\"><p><span style=\"font-size: 12pt;font-family: verdana, geneva, sans-serif\">3220 8133<\/span><\/p><\/td><\/tr><tr style=\"height: 58px\"><td style=\"height: 58px;text-align: center;width: 70.3938%\" width=\"47%\"><span style=\"font-family: verdana, geneva, sans-serif;color: #000000\"><strong><span style=\"font-size: 12pt\">Coordenadoria de Planejamento Administrativo (COPLAD)<\/span><\/strong><\/span><\/td><td style=\"text-align: center;height: 58px;width: 14.5601%\" width=\"34%\"><p><span style=\"font-size: 12pt;font-family: verdana, geneva, sans-serif\"><a href=\"mailto:coplad.proplan@ufsm.br\">coplad.proplan@ufsm.br<\/a><\/span><\/p><\/td><td style=\"text-align: center;height: 58px;width: 14.0461%\" width=\"18%\"><p><span style=\"font-size: 12pt;font-family: verdana, geneva, sans-serif\">3220 8333<\/span><\/p><\/td><\/tr><tr style=\"height: 68px\"><td style=\"height: 68px;text-align: center;width: 70.3938%\" width=\"47%\"><span style=\"font-family: verdana, geneva, sans-serif;color: #000000\"><strong><span style=\"font-size: 12pt\">Coordenadoria de Planejamento e Avalia\u00e7\u00e3o Institucional (COPLAI)<\/span><\/strong><\/span><\/td><td style=\"text-align: center;height: 68px;width: 14.5601%\" width=\"34%\"><p><span style=\"font-size: 12pt;font-family: verdana, geneva, sans-serif\"><a href=\"mailto:coplaiufsm@gmail.com\">coplai@ufsm.br<\/a><\/span><\/p><\/td><td style=\"text-align: center;height: 68px;width: 14.0461%\" width=\"18%\"><p><span style=\"font-size: 12pt;font-family: verdana, geneva, sans-serif\">3220 8182<\/span><\/p><\/td><\/tr><tr style=\"height: 10px\"><td style=\"height: 10px;text-align: center;width: 70.3938%\" width=\"47%\"><span style=\"font-family: verdana, geneva, sans-serif;color: #000000\"><strong><span style=\"font-size: 12pt\">Coordenadoria de Projetos e Conv\u00eanios (COPROC)<\/span><\/strong><\/span><\/td><td style=\"text-align: center;height: 10px;width: 14.5601%\" width=\"34%\"><p><span style=\"font-size: 12pt;font-family: verdana, geneva, sans-serif\"><a href=\"mailto:coproc@ufsm.br\">coproc@ufsm.br<\/a><\/span><\/p><\/td><td style=\"text-align: center;height: 10px;width: 14.0461%\" width=\"18%\"><p><span style=\"font-family: verdana, geneva, sans-serif\"><span style=\"font-size: 12pt\">3220 8492<\/span><br \/><\/span><\/p><\/td><\/tr><\/tbody><\/table>\t\t\t\t\t\t<\/div>\n\t\t\t\t<\/div>\n\t\t\t\t\t<\/div>\n\t\t<\/div>\n\t\t\t\t\t<\/div>\n\t\t<\/section>\n\t\t\t\t<\/div>\n\t\t","protected":false},"excerpt":{"rendered":"<p>A Pr\u00f3-Reitoria de Planejamento (PROPLAN) atende no terceiro andar do pr\u00e9dio da Reitoria, no Campus Sede. Setor Email Telefone Pr\u00f3-Reitor de PlanejamentoProf. Vin\u00edcius Jacques Garcia viniciusjg@ufsm.br 3220 8750 Pr\u00f3-Reitor SubstitutoAdm. Carlo Alessandro Castellanelli carlo.castellanelli@ufsm.br 3220 8333 Assistente PROPLAN proplan@ufsm.br 3220 8492 Secretaria Geral proplan@ufsm.br 3220 8292 Unidade de Comunica\u00e7\u00e3o Integrada unicom@ufsm.br 3220 8962 \u00a0 Coordenadorias [&hellip;]<\/p>\n","protected":false},"author":119,"featured_media":0,"parent":0,"menu_order":0,"comment_status":"closed","ping_status":"closed","template":"","meta":{"footnotes":""},"categories":[],"tags":[],"class_list":["post-998","page","type-page","status-publish","hentry"],"acf":[],"_links":{"self":[{"href":"https:\/\/www.ufsm.br\/pro-reitorias\/proplan\/wp-json\/wp\/v2\/pages\/998","targetHints":{"allow":["GET"]}}],"collection":[{"href":"https:\/\/www.ufsm.br\/pro-reitorias\/proplan\/wp-json\/wp\/v2\/pages"}],"about":[{"href":"https:\/\/www.ufsm.br\/pro-reitorias\/proplan\/wp-json\/wp\/v2\/types\/page"}],"author":[{"embeddable":true,"href":"https:\/\/www.ufsm.br\/pro-reitorias\/proplan\/wp-json\/wp\/v2\/users\/119"}],"replies":[{"embeddable":true,"href":"https:\/\/www.ufsm.br\/pro-reitorias\/proplan\/wp-json\/wp\/v2\/comments?post=998"}],"version-history":[{"count":0,"href":"https:\/\/www.ufsm.br\/pro-reitorias\/proplan\/wp-json\/wp\/v2\/pages\/998\/revisions"}],"wp:attachment":[{"href":"https:\/\/www.ufsm.br\/pro-reitorias\/proplan\/wp-json\/wp\/v2\/media?parent=998"}],"wp:term":[{"taxonomy":"category","embeddable":true,"href":"https:\/\/www.ufsm.br\/pro-reitorias\/proplan\/wp-json\/wp\/v2\/categories?post=998"},{"taxonomy":"post_tag","embeddable":true,"href":"https:\/\/www.ufsm.br\/pro-reitorias\/proplan\/wp-json\/wp\/v2\/tags?post=998"}],"curies":[{"name":"wp","href":"https:\/\/api.w.org\/{rel}","templated":true}]}}