{"id":175,"date":"2021-03-26T12:27:52","date_gmt":"2021-03-26T15:27:52","guid":{"rendered":"https:\/\/www.ufsm.br\/projetos\/ensino\/isf\/?page_id=175"},"modified":"2021-07-28T15:24:11","modified_gmt":"2021-07-28T18:24:11","slug":"ingles","status":"publish","type":"page","link":"https:\/\/www.ufsm.br\/projetos\/ensino\/isf\/ingles","title":{"rendered":"Ingl\u00eas"},"content":{"rendered":"\t\t<div data-elementor-type=\"wp-page\" data-elementor-id=\"175\" class=\"elementor elementor-175\">\n\t\t\t\t\t\t<section class=\"elementor-section elementor-top-section elementor-element elementor-element-643f0f89 elementor-section-boxed elementor-section-height-default elementor-section-height-default\" data-id=\"643f0f89\" data-element_type=\"section\">\n\t\t\t\t\t\t<div class=\"elementor-container elementor-column-gap-default\">\n\t\t\t\t\t<div class=\"elementor-column elementor-col-100 elementor-top-column elementor-element elementor-element-6a407857\" data-id=\"6a407857\" data-element_type=\"column\">\n\t\t\t<div class=\"elementor-widget-wrap elementor-element-populated\">\n\t\t\t\t\t\t<div class=\"elementor-element elementor-element-7d7c61b6 elementor-widget elementor-widget-text-editor\" data-id=\"7d7c61b6\" data-element_type=\"widget\" data-widget_type=\"text-editor.default\">\n\t\t\t\t<div class=\"elementor-widget-container\">\n\t\t\t\t\t\t\t<!-- wp:tadv\/classic-paragraph -->\n<p>A Rede Andifes \u2013 Idioma sem Fronteiras, atrav\u00e9s do N\u00facleo de L\u00ednguas, oferece cursos de ingl\u00eas aos servidores e estudantes da UFSM visando promover a capacita\u00e7\u00e3o do p\u00fablico em l\u00edngua e cultura inglesa com o objetivo de promover a internacionaliza\u00e7\u00e3o e uso da l\u00edngua inglesa em contexto acad\u00eamico.<\/p>\n<p>Nesta nova fase do Programa Idiomas sem Fronteiras e na nossa atual realidade \u00e0 dist\u00e2ncia, faz-se necess\u00e1rio o uso de plataformas virtuais como o Google Meet, Google Classroom ou o Moodle para o ensino-aprendizagem de l\u00edngua adicional, bem como para o registro dessas aulas, que anteriormente eram certificadas pelo Sistema ISF-Aluno e ISF-Gest\u00e3o. Dessa forma, os cursos de ingl\u00eas s\u00e3o organizados considerando plataformas acess\u00edveis para o acompanhamento dos cursos durante o per\u00edodo emergencial de pandemia, bem como permitir a inclus\u00e3o de pessoas externas \u00e0 UFSM nessas turmas criadas em cada oferta.<\/p>\n<p>Em 2020, o IsF-Ingl\u00eas da UFSM ofertou tr\u00eas cursos: Produ\u00e7\u00e3o Oral &#8211; Intera\u00e7\u00f5es Acad\u00eamicas (n\u00edvel A2); Produ\u00e7\u00e3o Oral &#8211; Intera\u00e7\u00f5es Acad\u00eamicas (n\u00edvel B2); e Produ\u00e7\u00e3o Escrita &#8211; Par\u00e1grafos (n\u00edvel B1). Este ano, o programa est\u00e1 com tr\u00eas turmas\u00a0 (n\u00edveis b\u00e1sico, intermedi\u00e1rio e avan\u00e7ado) para um curso preparat\u00f3rio para o TOEFL iBT, prova de profici\u00eancia de l\u00edngua inglesa.<\/p>\n<p>\u00a0<\/p>\n<p>Contato: <strong>isf.ingles.ufsm@gmail.com<\/strong>.<\/p>\n<p>\u00a0<\/p>\n<!-- \/wp:tadv\/classic-paragraph -->\t\t\t\t\t\t<\/div>\n\t\t\t\t<\/div>\n\t\t\t\t\t<\/div>\n\t\t<\/div>\n\t\t\t\t\t<\/div>\n\t\t<\/section>\n\t\t\t\t<section class=\"elementor-section elementor-top-section elementor-element elementor-element-a0b0182 elementor-section-boxed elementor-section-height-default elementor-section-height-default\" data-id=\"a0b0182\" data-element_type=\"section\">\n\t\t\t\t\t\t<div class=\"elementor-container elementor-column-gap-default\">\n\t\t\t\t\t<div class=\"elementor-column elementor-col-100 elementor-top-column elementor-element elementor-element-41978f4\" data-id=\"41978f4\" data-element_type=\"column\">\n\t\t\t<div class=\"elementor-widget-wrap elementor-element-populated\">\n\t\t\t\t\t\t<div class=\"elementor-element elementor-element-b33ebab elementor-widget elementor-widget-wp-widget-ufsm_noticias_widget\" data-id=\"b33ebab\" data-element_type=\"widget\" data-widget_type=\"wp-widget-ufsm_noticias_widget.default\">\n\t\t\t\t<div class=\"elementor-widget-container\">\n\t\t\t<h5 class='titulo-conteudos'>Cursos e not\u00edcias<\/h5><div class='widget-noticias-inside'>\n                        <div class=\"row\">\n                                    <div class=\"col-12 col-lg-12 pb-4\">\n                                        \n                                        \n                    \n                    <a class=\"noticias-widget-title d-block \"  title=\"INSCRI\u00c7\u00d5ES ABERTAS: CURSOS DE INGL\u00caS ONLINE E PRESENCIAIS do IsF-UFSM &#8211; 1\/2023\" href=\"https:\/\/www.ufsm.br\/projetos\/ensino\/isf\/2023\/04\/26\/inscricoes-abertas-cursos-de-ingles-online-e-presenciais-do-isf-ufsm-1-2023\">\n                                                INSCRI\u00c7\u00d5ES ABERTAS: CURSOS DE INGL\u00caS ONLINE E PRESENCIAIS do IsF-UFSM &#8211; 1\/2023                    <\/a>\n                    \n                                            <div class=\"noticias-widget-introtext\">\n                            A Rede ANDIFES \u2013 Idiomas Sem Fronteiras est\u00e1 com inscri\u00e7\u00f5es abertas do dia 25\/04 at\u00e9 a meia-noite do dia 02\/05 para 6 cursos de ingl\u00eas, do n\u00edvel A2 (b\u00e1sico) e B2 (intermedi\u00e1rio-avan\u00e7ado). As vagas s\u00e3o exclusivas para servidores(as) e estudantes&hellip;                        <\/div>\n                    \n                                        \n                                        \n                                            \n                                                    <div title=\"Publicado em 26\/04\/2023 - 10:58\" class=\"data-publicacao-widget\">\n                                <i  class=\"far fa-clock\"><\/i>\n                                26\/04\/2023 - 10:58                            <\/div>\n                                                                <\/div>\n                            <\/div>\n                    <div class=\"row\">\n                                    <div class=\"col-12 col-lg-12 pb-4\">\n                                        \n                                        \n                    \n                    <a class=\"noticias-widget-title d-block \"  title=\"Inscri\u00e7\u00f5es abertas: cursos de ingl\u00eas online do IsF 2021-2\" href=\"https:\/\/www.ufsm.br\/projetos\/ensino\/isf\/2021\/10\/20\/inscricoes-abertas-cursos-de-ingles-online-do-isf-ufsm-2021-2\">\n                                                Inscri\u00e7\u00f5es abertas: cursos de ingl\u00eas online do IsF 2021-2                    <\/a>\n                    \n                                            <div class=\"noticias-widget-introtext\">\n                            A Rede ANDIFES \u2013 Idiomas Sem Fronteiras est\u00e1 com inscri\u00e7\u00f5es abertas para 3 cursos de ingl\u00eas de forma remota. Cada turma tem 20 vagas exclusivas para servidores(as) e estudantes da UFSM de todos os campi e professores(as) da rede b\u00e1sica&hellip;                        <\/div>\n                    \n                                        \n                                        \n                                            \n                                                    <div title=\"Publicado em 20\/10\/2021 - 09:32\" class=\"data-publicacao-widget\">\n                                <i  class=\"far fa-clock\"><\/i>\n                                20\/10\/2021 - 09:32                            <\/div>\n                                                                <\/div>\n                            <\/div>\n                    <div class=\"row\">\n                                    <div class=\"col-12 col-lg-12 pb-4\">\n                                        \n                                        \n                    \n                    <a class=\"noticias-widget-title d-block \"  title=\"Divulga\u00e7\u00e3o: TOEFL com desconto para estudantes e servidores da UFSM\" href=\"https:\/\/www.ufsm.br\/projetos\/ensino\/isf\/2021\/05\/10\/divulgacao-toefl-com-desconto-para-estudantes-e-servidores-da-ufsm\">\n                                                Divulga\u00e7\u00e3o: TOEFL com desconto para estudantes e servidores da UFSM                    <\/a>\n                    \n                                            <div class=\"noticias-widget-introtext\">\n                            A Mastertest, empresa que realiza os testes TOEFL no Brasil, divulga desconto de 20% para estudantes e servidores docentes e administrativos da UFSM. Confira a nota divulgada abaixo.\u00a0 Descontos v\u00e1lidos at\u00e9 31\/05\/2021\u00a0Aproveite seu tempo e se prepare para participar dos&hellip;                        <\/div>\n                    \n                                        \n                                        \n                                            \n                                                    <div title=\"Publicado em 10\/05\/2021 - 13:53\" class=\"data-publicacao-widget\">\n                                <i  class=\"far fa-clock\"><\/i>\n                                10\/05\/2021 - 13:53                            <\/div>\n                                                                <\/div>\n                            <\/div>\n            <\/div>\n<div class=\"leia-mais p-1\">\n                <a href=\"https:\/\/www.ufsm.br\/projetos\/ensino\/isf\/busca\/?q=&area=post&orderby=date&sites%5B%5D=853&tags=isf-ingles\">\n            LEIA MAIS            <span class=\"icon-box\">\n                <span class=\"bg-ufsm-widget-icon\">\n                    <i class=\"fas fa-chevron-right\" aria-hidden=\"true\"><\/i>\n                <\/span>\n            <\/span>\n        <\/a>\n    <\/div>\n\t\t<\/div>\n\t\t\t\t<\/div>\n\t\t\t\t\t<\/div>\n\t\t<\/div>\n\t\t\t\t\t<\/div>\n\t\t<\/section>\n\t\t\t\t<\/div>\n\t\t","protected":false},"excerpt":{"rendered":"<p>A Rede Andifes \u2013 Idioma sem Fronteiras, atrav\u00e9s do N\u00facleo de L\u00ednguas, oferece cursos de ingl\u00eas aos servidores e estudantes da UFSM visando promover a capacita\u00e7\u00e3o do p\u00fablico em l\u00edngua e cultura inglesa com o objetivo de promover a internacionaliza\u00e7\u00e3o e uso da l\u00edngua inglesa em contexto acad\u00eamico. Nesta nova fase do Programa Idiomas sem [&hellip;]<\/p>\n","protected":false},"author":4212,"featured_media":0,"parent":0,"menu_order":0,"comment_status":"closed","ping_status":"closed","template":"","meta":{"footnotes":""},"categories":[28,29],"tags":[36,27,34,19],"class_list":["post-175","page","type-page","status-publish","hentry","category-cursos","category-linguas","tag-curso-de-ingles","tag-cursos-de-lingua-estrangeira","tag-ingles","tag-isf"],"acf":[],"_links":{"self":[{"href":"https:\/\/www.ufsm.br\/projetos\/ensino\/isf\/wp-json\/wp\/v2\/pages\/175","targetHints":{"allow":["GET"]}}],"collection":[{"href":"https:\/\/www.ufsm.br\/projetos\/ensino\/isf\/wp-json\/wp\/v2\/pages"}],"about":[{"href":"https:\/\/www.ufsm.br\/projetos\/ensino\/isf\/wp-json\/wp\/v2\/types\/page"}],"author":[{"embeddable":true,"href":"https:\/\/www.ufsm.br\/projetos\/ensino\/isf\/wp-json\/wp\/v2\/users\/4212"}],"replies":[{"embeddable":true,"href":"https:\/\/www.ufsm.br\/projetos\/ensino\/isf\/wp-json\/wp\/v2\/comments?post=175"}],"version-history":[{"count":0,"href":"https:\/\/www.ufsm.br\/projetos\/ensino\/isf\/wp-json\/wp\/v2\/pages\/175\/revisions"}],"wp:attachment":[{"href":"https:\/\/www.ufsm.br\/projetos\/ensino\/isf\/wp-json\/wp\/v2\/media?parent=175"}],"wp:term":[{"taxonomy":"category","embeddable":true,"href":"https:\/\/www.ufsm.br\/projetos\/ensino\/isf\/wp-json\/wp\/v2\/categories?post=175"},{"taxonomy":"post_tag","embeddable":true,"href":"https:\/\/www.ufsm.br\/projetos\/ensino\/isf\/wp-json\/wp\/v2\/tags?post=175"}],"curies":[{"name":"wp","href":"https:\/\/api.w.org\/{rel}","templated":true}]}}