{"id":176,"date":"2021-03-26T12:30:03","date_gmt":"2021-03-26T15:30:03","guid":{"rendered":"https:\/\/www.ufsm.br\/projetos\/ensino\/isf\/?page_id=176"},"modified":"2026-08-29T19:49:15","modified_gmt":"2026-08-29T22:49:15","slug":"italiano","status":"publish","type":"page","link":"https:\/\/www.ufsm.br\/projetos\/ensino\/isf\/italiano","title":{"rendered":"Italiano"},"content":{"rendered":"\t\t<div data-elementor-type=\"wp-page\" data-elementor-id=\"176\" class=\"elementor elementor-176\">\n\t\t\t\t\t\t<section class=\"elementor-section elementor-top-section elementor-element elementor-element-1f746a0 elementor-section-boxed elementor-section-height-default elementor-section-height-default\" data-id=\"1f746a0\" data-element_type=\"section\">\n\t\t\t\t\t\t<div class=\"elementor-container elementor-column-gap-default\">\n\t\t\t\t\t<div class=\"elementor-column elementor-col-100 elementor-top-column elementor-element elementor-element-e649cd7\" data-id=\"e649cd7\" data-element_type=\"column\">\n\t\t\t<div class=\"elementor-widget-wrap elementor-element-populated\">\n\t\t\t\t\t\t<div class=\"elementor-element elementor-element-2abf98b elementor-widget elementor-widget-image\" data-id=\"2abf98b\" data-element_type=\"widget\" data-widget_type=\"image.default\">\n\t\t\t\t<div class=\"elementor-widget-container\">\n\t\t\t\t\t\t\t\t\t\t\t\t\t<img fetchpriority=\"high\" decoding=\"async\" width=\"1024\" height=\"324\" src=\"https:\/\/www.ufsm.br\/app\/uploads\/sites\/853\/2023\/03\/Copia-de-IsF-Italiano-1-3-1024x324.jpg\" class=\"attachment-large size-large wp-image-557\" alt=\"\" srcset=\"https:\/\/www.ufsm.br\/app\/uploads\/sites\/853\/2023\/03\/Copia-de-IsF-Italiano-1-3-1024x324.jpg 1024w, https:\/\/www.ufsm.br\/app\/uploads\/sites\/853\/2023\/03\/Copia-de-IsF-Italiano-1-3-300x95.jpg 300w, https:\/\/www.ufsm.br\/app\/uploads\/sites\/853\/2023\/03\/Copia-de-IsF-Italiano-1-3-768x243.jpg 768w, https:\/\/www.ufsm.br\/app\/uploads\/sites\/853\/2023\/03\/Copia-de-IsF-Italiano-1-3.jpg 1038w\" sizes=\"(max-width: 1024px) 100vw, 1024px\" \/>\t\t\t\t\t\t\t\t\t\t\t\t\t<\/div>\n\t\t\t\t<\/div>\n\t\t\t\t<div class=\"elementor-element elementor-element-f68e9e1 elementor-widget elementor-widget-spacer\" data-id=\"f68e9e1\" data-element_type=\"widget\" data-widget_type=\"spacer.default\">\n\t\t\t\t<div class=\"elementor-widget-container\">\n\t\t\t\t\t<div class=\"elementor-spacer\">\n\t\t\t<div class=\"elementor-spacer-inner\"><\/div>\n\t\t<\/div>\n\t\t\t\t<\/div>\n\t\t\t\t<\/div>\n\t\t\t\t<div class=\"elementor-element elementor-element-89a60e0 elementor-widget-divider--view-line elementor-widget elementor-widget-divider\" data-id=\"89a60e0\" data-element_type=\"widget\" data-widget_type=\"divider.default\">\n\t\t\t\t<div class=\"elementor-widget-container\">\n\t\t\t\t\t<div class=\"elementor-divider\">\n\t\t\t<span class=\"elementor-divider-separator\">\n\t\t\t\t\t\t<\/span>\n\t\t<\/div>\n\t\t\t\t<\/div>\n\t\t\t\t<\/div>\n\t\t\t\t<section class=\"elementor-section elementor-inner-section elementor-element elementor-element-58376cb elementor-section-boxed elementor-section-height-default elementor-section-height-default\" data-id=\"58376cb\" data-element_type=\"section\">\n\t\t\t\t\t\t<div class=\"elementor-container elementor-column-gap-default\">\n\t\t\t\t\t<div class=\"elementor-column elementor-col-100 elementor-inner-column elementor-element elementor-element-ad22e61\" data-id=\"ad22e61\" data-element_type=\"column\">\n\t\t\t<div class=\"elementor-widget-wrap elementor-element-populated\">\n\t\t\t\t\t\t<div class=\"elementor-element elementor-element-a312b23 elementor-widget elementor-widget-heading\" data-id=\"a312b23\" data-element_type=\"widget\" data-widget_type=\"heading.default\">\n\t\t\t\t<div class=\"elementor-widget-container\">\n\t\t\t<h2 class=\"elementor-heading-title elementor-size-default\">CURSO DE EXTENS\u00c3O EM L\u00cdNGUA ITALIANA E CULTURA ITALIANAS - AGOSTO\/SETEMBRO 2026<\/h2>\t\t<\/div>\n\t\t\t\t<\/div>\n\t\t\t\t<div class=\"elementor-element elementor-element-f406552 elementor-widget-divider--view-line elementor-widget elementor-widget-divider\" data-id=\"f406552\" data-element_type=\"widget\" data-widget_type=\"divider.default\">\n\t\t\t\t<div class=\"elementor-widget-container\">\n\t\t\t\t\t<div class=\"elementor-divider\">\n\t\t\t<span class=\"elementor-divider-separator\">\n\t\t\t\t\t\t<\/span>\n\t\t<\/div>\n\t\t\t\t<\/div>\n\t\t\t\t<\/div>\n\t\t\t\t<div class=\"elementor-element elementor-element-fb88084 elementor-widget elementor-widget-text-editor\" data-id=\"fb88084\" data-element_type=\"widget\" data-widget_type=\"text-editor.default\">\n\t\t\t\t<div class=\"elementor-widget-container\">\n\t\t\t\t\t\t\t<div style=\"text-align: left\">\n<p data-start=\"57\" data-end=\"77\"><strong data-start=\"57\" data-end=\"75\">Ciao, come stai?<\/strong><\/p>\n<p data-path-to-node=\"6,1\">A Rede Andifes Idiomas sem Fronteiras (IsF), por meio do N\u00facleo de L\u00ednguas da UFSM, oferece cursos de extens\u00e3o na modalidade <b data-path-to-node=\"6,1\" data-index-in-node=\"125\">online<\/b> com foco em l\u00edngua e cultura italiana.\u00a0<b data-path-to-node=\"6,2\" data-index-in-node=\"0\">Inscri\u00e7\u00f5es <\/b><b>at\u00e9<\/b> <b>10\/09.<\/b>\u00a0<\/p>\n<p data-path-to-node=\"6,1\"><b data-path-to-node=\"6,2\" data-index-in-node=\"33\">P\u00fablico-alvo:<\/b> Servidores e estudantes da UFSM, residentes do HUSM, professores da educa\u00e7\u00e3o b\u00e1sica de Santa Maria e Quarta Col\u00f4nia e ex-alunos da Rede Andifes IsF.<\/p>\n<p data-path-to-node=\"6,3\"><img decoding=\"async\" class=\"emoji\" role=\"img\" src=\"https:\/\/s.w.org\/images\/core\/emoji\/17.0.2\/svg\/1f4e7.svg\" alt=\"\ud83d\udce7\" \/> <b data-path-to-node=\"6,3\" data-index-in-node=\"3\">Aten\u00e7\u00e3o Professores da Rede B\u00e1sica:<\/b> Em caso de convoca\u00e7\u00e3o para o curso, ser\u00e1 necess\u00e1rio o envio de comprovante de v\u00ednculo para o e-mail: <b data-path-to-node=\"6,3\" data-index-in-node=\"140\">isf.italiano@ufsm.br<\/b>. Certifique-se de selecionar uma turma compat\u00edvel com sua disponibilidade.<\/p>\n<p data-path-to-node=\"7\"><strong><span style=\"font-size: 12pt\">Processo Seletivo e Sorteio<\/span><\/strong><\/p>\n<p data-path-to-node=\"8\">\u00c9 importante destacar que a inscri\u00e7\u00e3o no formul\u00e1rio n\u00e3o garante a vaga imediata, mas sim a participa\u00e7\u00e3o no processo seletivo. Devido \u00e0 alta procura, a sele\u00e7\u00e3o ser\u00e1 realizada por meio de <b data-path-to-node=\"8\" data-index-in-node=\"186\">sorteio eletr\u00f4nico.<\/b><\/p>\n<p data-path-to-node=\"9\">Os candidatos n\u00e3o contemplados no primeiro sorteio compor\u00e3o uma <b data-path-to-node=\"9\" data-index-in-node=\"64\">lista de segunda chamada<\/b>. Caso ocorram desist\u00eancias ou n\u00e3o confirma\u00e7\u00f5es de matr\u00edcula, um novo sorteio ser\u00e1 realizado para preencher as vagas remanescentes. Esta lista ter\u00e1 validade apenas at\u00e9 a v\u00e9spera da segunda aula de cada turma.<\/p>\n<\/div>\t\t\t\t\t\t<\/div>\n\t\t\t\t<\/div>\n\t\t\t\t<div class=\"elementor-element elementor-element-a400d86 elementor-widget-divider--view-line elementor-widget elementor-widget-divider\" data-id=\"a400d86\" data-element_type=\"widget\" data-widget_type=\"divider.default\">\n\t\t\t\t<div class=\"elementor-widget-container\">\n\t\t\t\t\t<div class=\"elementor-divider\">\n\t\t\t<span class=\"elementor-divider-separator\">\n\t\t\t\t\t\t<\/span>\n\t\t<\/div>\n\t\t\t\t<\/div>\n\t\t\t\t<\/div>\n\t\t\t\t<div class=\"elementor-element elementor-element-350641d elementor-widget elementor-widget-text-editor\" data-id=\"350641d\" data-element_type=\"widget\" data-widget_type=\"text-editor.default\">\n\t\t\t\t<div class=\"elementor-widget-container\">\n\t\t\t\t\t\t\t<table style=\"border-collapse: collapse;width: 100.831%;height: 293px\">\n<tbody>\n<tr style=\"height: 56px\">\n<td style=\"width: 66.7885%;height: 14px;text-align: center\"><strong>Inscri\u00e7\u00f5es abertas at\u00e9 21\/06<\/strong><\/td>\n<td style=\"width: 16.3581%;height: 14px\">\n<p style=\"text-align: center\"><strong>Dias e hor\u00e1rios<\/strong><\/p>\n<\/td>\n<td style=\"width: 15.4957%;height: 14px;text-align: center\"><strong>Per\u00edodo<\/strong><\/td>\n<\/tr>\n<tr style=\"height: 103px\">\n<td style=\"width: 66.7885%;height: 103px\">\n<p style=\"font-size: 16px\"><strong style=\"color: #1f1f1f;font-family: docs-Roboto;font-size: 14.6667px\">INTRODU\u00c7\u00c3O \u00c0 L\u00cdNGUA E \u00c0 CULTURA ITALIANAS 1 &#8211; N<\/strong><b style=\"color: #1f1f1f;font-family: docs-Roboto;font-size: 14.6667px\">\u00cdVEL A1<\/b><\/p>\n<p style=\"font-size: 16px\"><b style=\"color: #1f1f1f;font-family: docs-Roboto;font-size: 14.6667px\">CURSO REMOTO\/ONLINE&nbsp;<\/b><\/p>\n<p style=\"font-size: 16px\"><span style=\"font-family: docs-Roboto;font-size: 11pt;letter-spacing: 0px\"><strong>Ementa:<\/strong>&nbsp;<\/span><span style=\"color: #1f1f1f;font-family: docs-Roboto;font-size: 14.6667px\">Introdu\u00e7\u00e3o \u00e0 compreens\u00e3o e \u00e0 produ\u00e7\u00e3o de textos orais e escritos em l\u00edngua italiana, em situa\u00e7\u00f5es quotidianas habituais e acad\u00eamicas. Aprendendo a falar de si mesmo e do outro, o estudante desenvolver\u00e1 a capacidade de compreender e descrever acontecimentos presentes, passados e futuros, ampliando sua capacidade cr\u00edtica e se sensibilizando para as quest\u00f5es interculturais, em diferentes &nbsp; &nbsp;contextos, em especial, no universo acad\u00eamico.&nbsp;<\/span><span style=\"font-family: docs-Roboto;font-size: 11pt;letter-spacing: 0px\"><b>C<\/b><strong>arga hor\u00e1ria total:<\/strong><b>&nbsp;16 horas.<\/b><\/span><span style=\"font-family: docs-Roboto;font-size: 11pt;letter-spacing: 0px\"><br><\/span><\/p>\n<\/td>\n<td style=\"width: 16.3581%;height: 103px\"><b><span style=\"font-size: 16px\">SEG\/QUA:<\/span><span style=\"font-size: 16px\">&nbsp;<br>DAS 14:00 \u00c0S 16:00.<br>(Tarde)<\/span><\/b><\/td>\n<td style=\"width: 15.4957%;height: 103px\"><b style=\"color: #1f1f1f;font-family: docs-Roboto;font-size: 14.6667px\">DE <\/b><b style=\"color: #1f1f1f;font-family: docs-Roboto;font-size: 11pt;letter-spacing: 0px\">14\/09 A 07\/10.<\/b><\/td>\n<\/tr>\n<tr style=\"height: 82px\">\n<td style=\"width: 66.7885%;height: 82px\">\n<p style=\"font-size: 16px\"><strong style=\"color: #1f1f1f;font-family: docs-Roboto;font-size: 14.6667px\">L\u00cdNGUA E DIFEREN\u00c7AS CULTURAIS: SCOPRIRE L&#8217;ITALIA&nbsp;<\/strong><span style=\"color: #1f1f1f;font-family: docs-Roboto;font-size: 14.6667px\">&nbsp;<\/span><b style=\"color: #1f1f1f;font-family: docs-Roboto;font-size: 14.6667px\">2 &#8211; <\/b><b style=\"color: #1f1f1f;font-family: docs-Roboto;font-size: 14.6667px\">N\u00cdVEL A2<i>&nbsp;<\/i><\/b><\/p>\n<p style=\"font-size: 16px\"><span style=\"font-weight: bold;font-family: docs-Roboto;color: #1f1f1f;font-size: 14.6667px\">CURSO REMOTO\/ONLINE&nbsp;<\/span><b style=\"color: #1f1f1f;font-family: docs-Roboto;font-size: 14.6667px\"><i><\/i><\/b><\/p>\n<p style=\"font-size: 16px\"><span style=\"font-family: docs-Roboto;font-size: 11pt;letter-spacing: 0px\"><strong>Ementa:&nbsp;<\/strong><\/span><span style=\"color: #1f1f1f;font-family: docs-Roboto;font-size: 14.6667px\">Promover o contato e o aperfei\u00e7oamento na l\u00edngua e cultura italiana para melhorar as rela\u00e7\u00f5es profissionais e pessoais. O curso aborda temas que aprofundam os conhecimentos adquiridos no n\u00edvel A1, despertando o interesse em futuras pesquisas e estudos em universidades italianas, seja em parcerias ou integralmente<\/span>.<span style=\"font-family: docs-Roboto;font-size: 11pt;letter-spacing: 0px\">&nbsp;<b>C<\/b><strong>arga hor\u00e1ria total:<\/strong>&nbsp;<b>16 horas.<\/b><\/span><\/p>\n<\/td>\n<td style=\"width: 16.3581%;height: 82px\"><span style=\"font-size: 16px\"><span style=\"color: #000000;font-size: 16px\">&nbsp;<\/span><\/span><span style=\"font-weight: bold;color: #000000;font-size: 16px\"><span style=\"font-size: 16px\">SEG\/QUA:<\/span><span style=\"font-size: 16px\">&nbsp;<br>DAS 16:30 \u00c0S 18:30.<br><\/span><\/span><span style=\"color: #000000;font-size: 16px;font-weight: bold\">(Tarde\/Noite)<\/span><\/td>\n<td style=\"width: 15.4957%;height: 82px\"><span style=\"font-weight: bold;font-family: docs-Roboto;color: #1f1f1f;font-size: 14.6667px\">DE <\/span><span style=\"font-weight: bold;font-family: docs-Roboto;color: #1f1f1f;font-size: 11pt;letter-spacing: 0px\">14\/09 A 07\/10.<\/span><\/td>\n<\/tr>\n<tr>\n<td style=\"width: 66.7885%\">\n<p style=\"font-size: 16px\"><strong style=\"color: #1f1f1f;font-family: docs-Roboto;font-size: 14.6667px\">&nbsp;<\/strong><i style=\"font-size: 14.6667px;color: #1f1f1f;font-family: docs-Roboto\"><span style=\"font-weight: bolder\">MOBILIDADE ACAD\u00caMICA: COMO E ONDE ESTUDAR NA IT\u00c1LIA 2 &#8211; N<\/span><span style=\"font-weight: bold\">\u00cdVEL A2<\/span><\/i><\/p>\n<p style=\"color: #000000;font-size: 16px\"><span style=\"font-family: docs-Roboto;color: #1f1f1f;font-size: 14.6667px;font-weight: bold\">CURSO REMOTO\/ONLINE&nbsp;<\/span><i><\/i><\/p>\n<p style=\"color: #000000;font-size: 16px\"><span style=\"font-family: docs-Roboto;font-size: 11pt;letter-spacing: 0px\"><span style=\"font-weight: bolder\">Ementa:&nbsp;<\/span><\/span><span style=\"color: #1f1f1f;font-family: docs-Roboto;font-size: 14.6667px;white-space: pre-wrap\">Aprendendo <\/span><span style=\"color: #1f1f1f;font-family: docs-Roboto;font-size: 14.6667px;white-space: pre-wrap\">a compreender e produzir g\u00eaneros textuais essenciais para uma <\/span><span style=\"color: #1f1f1f;font-family: docs-Roboto;font-size: 14.6667px;white-space: pre-wrap\">mobilidade acad\u00eamica, o estudante ampliar\u00e1 seus conhecimentos,<\/span><span style=\"color: #1f1f1f;font-family: docs-Roboto;font-size: 14.6667px\"> exercitar\u00e1 a descri\u00e7\u00e3o de<\/span><span style=\"color: #1f1f1f;font-family: docs-Roboto;font-size: 14.6667px\"> acontecimentos no presente, passado e futuro, ampliando sua capacidade cr\u00edtica e se sensibilizando<\/span><span style=\"color: #1f1f1f;font-family: docs-Roboto;font-size: 14.6667px;white-space: pre-wrap\"> para as rela\u00e7\u00f5es interculturais entre It\u00e1lia e Brasil<\/span><span style=\"color: #1f1f1f;font-family: docs-Roboto;font-size: 14.6667px\">, em diferentes contextos, em especial, no universo acad\u00eamico.&nbsp;<\/span><span style=\"font-family: docs-Roboto;font-size: 14.6667px;color: #1f1f1f\">&nbsp;<\/span><span style=\"color: #000000;font-family: docs-Roboto;font-size: 11pt;letter-spacing: 0px\"><span style=\"font-weight: bold\">C<\/span><span style=\"font-weight: bolder\">arga hor\u00e1ria total:<\/span><b> 16 horas.<\/b><\/span><\/p>\n<\/td>\n<td style=\"width: 16.3581%\"><span style=\"font-weight: bold;color: #000000;font-size: 16px\"><span style=\"font-size: 16px\">SEG\/QUA:<\/span><span style=\"font-size: 16px\">&nbsp;<br>DAS 09:00 \u00c0S 11:00.<br>(Manh\u00e3)<\/span><\/span><\/td>\n<td style=\"width: 15.4957%\"><span style=\"font-family: docs-Roboto;font-size: 14.6667px;font-weight: bold\">DE <\/span><span style=\"font-family: docs-Roboto;font-size: 11pt;letter-spacing: 0px;font-weight: bold\">14\/09 A 07\/10.<\/span><\/td>\n<\/tr>\n<tr>\n<td style=\"width: 98.6423%\" colspan=\"3\">\n<p><b>&nbsp;<\/b><b style=\"font-size: 14pt\">ATEN\u00c7\u00c3O:&nbsp;<\/b><\/p>\n<p data-start=\"86\" data-end=\"266\"><strong data-start=\"86\" data-end=\"101\">Convoca\u00e7\u00e3o:<\/strong> O e-mail de convoca\u00e7\u00e3o (ou de lista de espera) ser\u00e1 enviado aos candidatos selecionados. \u00c9 importante verificar regularmente a caixa de entrada e a pasta de spam.<\/p>\n<p data-start=\"273\" data-end=\"448\"><strong data-start=\"273\" data-end=\"301\">Confirma\u00e7\u00e3o obrigat\u00f3ria:<\/strong> Ap\u00f3s o recebimento do e-mail, o candidato dever\u00e1 acessar o link do Google Classroom e preencher o Termo de Compromisso dentro do prazo indicado.<\/p>\n<p data-start=\"455\" data-end=\"609\"><strong data-start=\"455\" data-end=\"483\">Desligamento autom\u00e1tico:<\/strong> A n\u00e3o confirma\u00e7\u00e3o no prazo estabelecido implicar\u00e1 na perda da vaga, com a convoca\u00e7\u00e3o do pr\u00f3ximo candidato da lista de espera.<\/p>\n<\/td>\n<\/tr>\n<\/tbody>\n<\/table>\t\t\t\t\t\t<\/div>\n\t\t\t\t<\/div>\n\t\t\t\t<div class=\"elementor-element elementor-element-0f7290c elementor-widget-divider--view-line elementor-widget elementor-widget-divider\" data-id=\"0f7290c\" data-element_type=\"widget\" data-widget_type=\"divider.default\">\n\t\t\t\t<div class=\"elementor-widget-container\">\n\t\t\t\t\t<div class=\"elementor-divider\">\n\t\t\t<span class=\"elementor-divider-separator\">\n\t\t\t\t\t\t<\/span>\n\t\t<\/div>\n\t\t\t\t<\/div>\n\t\t\t\t<\/div>\n\t\t\t\t<div class=\"elementor-element elementor-element-84bbf68 elementor-align-right elementor-button-success elementor-widget elementor-widget-button\" data-id=\"84bbf68\" data-element_type=\"widget\" data-widget_type=\"button.default\">\n\t\t\t\t<div class=\"elementor-widget-container\">\n\t\t\t\t\t\t\t<div class=\"elementor-button-wrapper\">\n\t\t\t\t\t<a class=\"elementor-button elementor-button-link elementor-size-sm\" href=\"https:\/\/forms.gle\/aS2zewf3x8CN4HMn8\">\n\t\t\t\t\t\t<span class=\"elementor-button-content-wrapper\">\n\t\t\t\t\t\t\t\t\t<span class=\"elementor-button-text\">INSCREVA-SE AQUI<\/span>\n\t\t\t\t\t<\/span>\n\t\t\t\t\t<\/a>\n\t\t\t\t<\/div>\n\t\t\t\t\t\t<\/div>\n\t\t\t\t<\/div>\n\t\t\t\t<div class=\"elementor-element elementor-element-c23bf27 elementor-widget-divider--view-line elementor-widget elementor-widget-divider\" data-id=\"c23bf27\" data-element_type=\"widget\" data-widget_type=\"divider.default\">\n\t\t\t\t<div class=\"elementor-widget-container\">\n\t\t\t\t\t<div class=\"elementor-divider\">\n\t\t\t<span class=\"elementor-divider-separator\">\n\t\t\t\t\t\t<\/span>\n\t\t<\/div>\n\t\t\t\t<\/div>\n\t\t\t\t<\/div>\n\t\t\t\t<div class=\"elementor-element elementor-element-b857c29 elementor-widget elementor-widget-text-editor\" data-id=\"b857c29\" data-element_type=\"widget\" data-widget_type=\"text-editor.default\">\n\t\t\t\t<div class=\"elementor-widget-container\">\n\t\t\t\t\t\t\t<div>OBSERVA\u00c7\u00d5ES:<\/div>\n<div>\n<table style=\"border-collapse: collapse;width: 100%\">\n<tbody>\n<tr>\n<td style=\"width: 100%\">\n<ul>\n<li>No processo de sele\u00e7\u00e3o ser\u00e1 considerado apenas <strong>uma \u00fanica inscri\u00e7\u00e3o por curso e n\u00e3o ser\u00e1 aceita ap\u00f3s o per\u00edodo informado.<\/strong>\u00a0<\/li>\n<\/ul>\n<\/td>\n<\/tr>\n<tr>\n<td style=\"width: 100%\">\n<ul>\n<li><span style=\"color: #000000\">Para o caso de haver vagas remanescentes nos cursos: ser\u00e3o considerados &#8220;candidatos&#8221; APENAS os inscritos que realizaram a inscri\u00e7\u00e3o durante o per\u00edodo divulgado, sempre de acordo com a lista de segunda chamada de cada turma e obedecendo o crit\u00e9rio de sorteio.<\/span><\/li>\n<\/ul>\n<\/td>\n<\/tr>\n<\/tbody>\n<\/table>\n<\/div>\n<p><span style=\"font-size: 12pt\"><strong>Plataformas utilizadas:<\/strong>\u00a0Google Classroom (para os cursos presenciais e remoto) e\u00a0<\/span><span style=\"color: #000000;font-size: 16px;font-weight: var( --e-global-typography-text-font-weight );text-align: var(--bs-body-text-align)\">Google Meet (para cursos remotos)<\/span><span style=\"font-size: 12pt;font-weight: var( --e-global-typography-text-font-weight );text-align: var(--bs-body-text-align)\">.<\/span><\/p>\n<p><span style=\"font-size: 12pt\"><strong>Para em caso de d\u00favidas escrever para:<\/strong>\u00a0 <span style=\"color: #0000ff\"><strong><a style=\"color: #0000ff\" href=\"mailto:isf.italiano@ufsm.br\">isf.italiano@ufsm.br<\/a><\/strong><\/span><\/span><\/p>\n<p>\u00a0<\/p>\t\t\t\t\t\t<\/div>\n\t\t\t\t<\/div>\n\t\t\t\t<div class=\"elementor-element elementor-element-cd2dcca elementor-widget elementor-widget-wp-widget-ufsm_noticias_widget\" data-id=\"cd2dcca\" data-element_type=\"widget\" data-widget_type=\"wp-widget-ufsm_noticias_widget.default\">\n\t\t\t\t<div class=\"elementor-widget-container\">\n\t\t\t<h5 class='titulo-conteudos'>Cursos e not\u00edcias<\/h5><div class='widget-noticias-inside'>\n                        <div class=\"row\">\n                                    <div class=\"col-12 col-lg-12 pb-4\">\n                                        \n                                        \n                    \n                    <a class=\"noticias-widget-title d-block \"  title=\"IsF-Italiano abre nova\u00a0Oferta Local\u00a0de cursos de l\u00edngua e cultura italianas na UFSM\" href=\"https:\/\/www.ufsm.br\/projetos\/ensino\/isf\/2026\/08\/30\/isf-italiano-abre-nova-oferta-local-de-cursos-de-lingua-e-cultura-italianas-na-ufsm\">\n                                                IsF-Italiano abre nova\u00a0Oferta Local\u00a0de cursos de l\u00edngua e cultura italianas na UFSM                    <\/a>\n                    \n                                            <div class=\"noticias-widget-introtext\">\n                            A Rede Andifes Idiomas sem Fronteiras (IsF), em parceria com o N\u00facleo de L\u00ednguas da Universidade Federal de Santa Maria (UFSM), est\u00e1 com inscri\u00e7\u00f5es abertas para novos cursos gratuitos de l\u00edngua italiana. Se voc\u00ea deseja iniciar ou aprofundar seus conhecimentos&hellip;                        <\/div>\n                    \n                                        \n                                        \n                                            \n                                                    <div title=\"Publicado em 30\/08\/2026 - 12:08\" class=\"data-publicacao-widget\">\n                                <i  class=\"far fa-clock\"><\/i>\n                                30\/08\/2026 - 12:08                            <\/div>\n                                                                <\/div>\n                            <\/div>\n                    <div class=\"row\">\n                                    <div class=\"col-12 col-lg-12 pb-4\">\n                                        \n                                        \n                    \n                    <a class=\"noticias-widget-title d-block \"  title=\"IsF-Italiano: oferta de cursos de junho a julho\" href=\"https:\/\/www.ufsm.br\/projetos\/ensino\/isf\/2026\/06\/15\/isf-italiano-oferta-de-cursos-de-junho-a-julho\">\n                                                IsF-Italiano: oferta de cursos de junho a julho                    <\/a>\n                    \n                                            <div class=\"noticias-widget-introtext\">\n                            A Rede Andifes Idiomas sem Fronteiras (IsF), em parceria com o N\u00facleo de L\u00ednguas da UFSM, est\u00e1 com inscri\u00e7\u00f5es abertas para novos cursos gratuitos de l\u00edngua italiana. Se voc\u00ea deseja iniciar ou aprofundar seus conhecimentos na l\u00edngua e cultura italianas,&hellip;                        <\/div>\n                    \n                                        \n                                        \n                                            \n                                                    <div title=\"Publicado em 15\/06\/2026 - 12:18\" class=\"data-publicacao-widget\">\n                                <i  class=\"far fa-clock\"><\/i>\n                                15\/06\/2026 - 12:18                            <\/div>\n                                                                <\/div>\n                            <\/div>\n                    <div class=\"row\">\n                                    <div class=\"col-12 col-lg-12 pb-4\">\n                                        \n                                        \n                    \n                    <a class=\"noticias-widget-title d-block \"  title=\"N\u00facleo de L\u00ednguas da UFSM abre inscri\u00e7\u00f5es para cursos gratuitos de Italiano Online (N\u00edveis A1 e A2)\" href=\"https:\/\/www.ufsm.br\/projetos\/ensino\/isf\/2026\/04\/17\/nucleo-de-linguas-da-ufsm-abre-inscricoes-para-cursos-gratuitos-de-italiano-online-niveis-a1-e-a2\">\n                                                N\u00facleo de L\u00ednguas da UFSM abre inscri\u00e7\u00f5es para cursos gratuitos de Italiano Online (N\u00edveis A1 e A2)                    <\/a>\n                    \n                                            <div class=\"noticias-widget-introtext\">\n                            A Rede Andifes Idiomas sem Fronteiras (IsF), por meio do N\u00facleo de L\u00ednguas da UFSM, divulga a abertura de inscri\u00e7\u00f5es para a nova oferta de 2026 dos cursos de l\u00edngua italiana. Esta edi\u00e7\u00e3o amplia o atendimento com duas frentes: o&hellip;                        <\/div>\n                    \n                                        \n                                        \n                                            \n                                                    <div title=\"Publicado em 17\/04\/2026 - 09:31\" class=\"data-publicacao-widget\">\n                                <i  class=\"far fa-clock\"><\/i>\n                                17\/04\/2026 - 09:31                            <\/div>\n                                                                <\/div>\n                            <\/div>\n                    <div class=\"row\">\n                                    <div class=\"col-12 col-lg-12 pb-4\">\n                                        \n                                        \n                    \n                    <a class=\"noticias-widget-title d-block \"  title=\"N\u00facleo de L\u00ednguas da UFSM abre inscri\u00e7\u00f5es para cursos gratuitos de Italiano Online (N\u00edvel A1)\" href=\"https:\/\/www.ufsm.br\/projetos\/ensino\/isf\/2026\/02\/10\/nucleo-de-linguas-da-ufsm-abre-inscricoes-para-cursos-gratuitos-de-italiano-online-nivel-a1\">\n                                                N\u00facleo de L\u00ednguas da UFSM abre inscri\u00e7\u00f5es para cursos gratuitos de Italiano Online (N\u00edvel A1)                    <\/a>\n                    \n                                            <div class=\"noticias-widget-introtext\">\n                            As vagas ser\u00e3o preenchidas por meio de sorteio eletr\u00f4nico. Interessados podem se inscrever at\u00e9 o dia 20 de fevereiro. A Rede Andifes Idiomas sem Fronteiras (IsF), por meio do N\u00facleo de L\u00ednguas da UFSM, divulga a abertura de inscri\u00e7\u00f5es para&hellip;                        <\/div>\n                    \n                                        \n                                        \n                                            \n                                                    <div title=\"Publicado em 10\/02\/2026 - 16:42\" class=\"data-publicacao-widget\">\n                                <i  class=\"far fa-clock\"><\/i>\n                                10\/02\/2026 - 16:42                            <\/div>\n                                                                <\/div>\n                            <\/div>\n                    <div class=\"row\">\n                                    <div class=\"col-12 col-lg-12 pb-4\">\n                                        \n                                        \n                    \n                    <a class=\"noticias-widget-title d-block \"  title=\"IsF-Italiano abre inscri\u00e7\u00f5es para cursos regulares em outubro de 2025\" href=\"https:\/\/www.ufsm.br\/projetos\/ensino\/isf\/2025\/09\/23\/isf-italiano-abre-inscricoes-para-cursos-regulares-em-outubro-de-2025\">\n                                                IsF-Italiano abre inscri\u00e7\u00f5es para cursos regulares em outubro de 2025                    <\/a>\n                    \n                                            <div class=\"noticias-widget-introtext\">\n                            A Rede Andifes Idiomas sem Fronteiras (IsF), por meio do N\u00facleo de L\u00ednguas da UFSM, est\u00e1 com inscri\u00e7\u00f5es abertas, at\u00e9\u00a029 de setembro, para novos cursos de extens\u00e3o em l\u00edngua e cultura italiana. Podem se inscrever servidores e estudantes da UFSM,&hellip;                        <\/div>\n                    \n                                        \n                                        \n                                            \n                                                    <div title=\"Publicado em 23\/09\/2025 - 23:28\" class=\"data-publicacao-widget\">\n                                <i  class=\"far fa-clock\"><\/i>\n                                23\/09\/2025 - 23:28                            <\/div>\n                                                                <\/div>\n                            <\/div>\n            <\/div>\n<div class=\"leia-mais p-1\">\n                <a href=\"https:\/\/www.ufsm.br\/projetos\/ensino\/isf\/busca\/?q=&area=post&orderby=date&sites%5B%5D=853&tags=italiano,isf-italiano\">\n            LEIA MAIS            <span class=\"icon-box\">\n                <span class=\"bg-ufsm-widget-icon\">\n                    <i class=\"fas fa-chevron-right\" aria-hidden=\"true\"><\/i>\n                <\/span>\n            <\/span>\n        <\/a>\n    <\/div>\n\t\t<\/div>\n\t\t\t\t<\/div>\n\t\t\t\t<div class=\"elementor-element elementor-element-822a264 elementor-widget-divider--view-line elementor-widget elementor-widget-divider\" data-id=\"822a264\" data-element_type=\"widget\" data-widget_type=\"divider.default\">\n\t\t\t\t<div class=\"elementor-widget-container\">\n\t\t\t\t\t<div class=\"elementor-divider\">\n\t\t\t<span class=\"elementor-divider-separator\">\n\t\t\t\t\t\t<\/span>\n\t\t<\/div>\n\t\t\t\t<\/div>\n\t\t\t\t<\/div>\n\t\t\t\t<div class=\"elementor-element elementor-element-54278f4 elementor-tabs-view-vertical elementor-widget elementor-widget-tabs\" data-id=\"54278f4\" data-element_type=\"widget\" data-widget_type=\"tabs.default\">\n\t\t\t\t<div class=\"elementor-widget-container\">\n\t\t\t\t\t<div class=\"elementor-tabs\">\n\t\t\t<div class=\"elementor-tabs-wrapper\" role=\"tablist\" >\n\t\t\t\t\t\t\t\t\t<div id=\"elementor-tab-title-8821\" class=\"elementor-tab-title elementor-tab-desktop-title\" aria-selected=\"true\" data-tab=\"1\" role=\"tab\" tabindex=\"0\" aria-controls=\"elementor-tab-content-8821\" aria-expanded=\"false\">Sobre o IsF-Italiano<\/div>\n\t\t\t\t\t\t\t\t\t<div id=\"elementor-tab-title-8822\" class=\"elementor-tab-title elementor-tab-desktop-title\" aria-selected=\"false\" data-tab=\"2\" role=\"tab\" tabindex=\"-1\" aria-controls=\"elementor-tab-content-8822\" aria-expanded=\"false\">Informa\u00e7\u00f5es gerais sobre os cursos e certificados<\/div>\n\t\t\t\t\t\t\t\t\t<div id=\"elementor-tab-title-8823\" class=\"elementor-tab-title elementor-tab-desktop-title\" aria-selected=\"false\" data-tab=\"3\" role=\"tab\" tabindex=\"-1\" aria-controls=\"elementor-tab-content-8823\" aria-expanded=\"false\">Queremos ouvir  voc\u00eas!<\/div>\n\t\t\t\t\t\t\t<\/div>\n\t\t\t<div class=\"elementor-tabs-content-wrapper\" role=\"tablist\" aria-orientation=\"vertical\">\n\t\t\t\t\t\t\t\t\t<div class=\"elementor-tab-title elementor-tab-mobile-title\" aria-selected=\"true\" data-tab=\"1\" role=\"tab\" tabindex=\"0\" aria-controls=\"elementor-tab-content-8821\" aria-expanded=\"false\">Sobre o IsF-Italiano<\/div>\n\t\t\t\t\t<div id=\"elementor-tab-content-8821\" class=\"elementor-tab-content elementor-clearfix\" data-tab=\"1\" role=\"tabpanel\" aria-labelledby=\"elementor-tab-title-8821\" tabindex=\"0\" hidden=\"false\"><h2 style=\"font-size: 39px;color: #000000\" data-elementor-setting-key=\"title\" data-pen-placeholder=\"Type Here...\">Rede Andifes &#8211; Idioma sem Fronteiras &#8211; Italiano<\/h2>\n<table style=\"color: #000000;width: 908px;font-size: 16px;height: 220px\">\n<tbody>\n<tr style=\"height: 48px\">\n<td style=\"width: 907.2px;height: 48px\">\n<p><span style=\"font-family: georgia, palatino, serif;font-size: 14pt\">A Rede Andifes IsF &#8211; Idiomas sem Fronteiras, atrav\u00e9s do N\u00facleo de L\u00ednguas, oferece regularmente cursos gratuitos de italiano para toda a comunidade da universidade e tamb\u00e9m para aqueles que n\u00e3o possuem v\u00ednculo com a UFSM.\u00a0<\/span><span style=\"color: #000000;font-size: 16px;font-weight: var( --e-global-typography-text-font-weight )\">Os cursos presenciais e remotos do IsF-Italiano s\u00e3o organizados considerando plataformas acess\u00edveis para o desenvolvimento do curso e participa\u00e7\u00e3o de toda a comunidade acad\u00eamica e da comunidade externa \u00e0 UFSM.<\/span><\/p>\n<\/td>\n<\/tr>\n<\/tbody>\n<\/table>\n<p style=\"color: #000000;font-size: 16px\">\u00a0<\/p>\n<div><span style=\"font-family: &apos;times new roman&apos;, times, serif;font-size: 14pt\">\u00a0<\/span><\/div><\/div>\n\t\t\t\t\t\t\t\t\t<div class=\"elementor-tab-title elementor-tab-mobile-title\" aria-selected=\"false\" data-tab=\"2\" role=\"tab\" tabindex=\"-1\" aria-controls=\"elementor-tab-content-8822\" aria-expanded=\"false\">Informa\u00e7\u00f5es gerais sobre os cursos e certificados<\/div>\n\t\t\t\t\t<div id=\"elementor-tab-content-8822\" class=\"elementor-tab-content elementor-clearfix\" data-tab=\"2\" role=\"tabpanel\" aria-labelledby=\"elementor-tab-title-8822\" tabindex=\"0\" hidden=\"hidden\"><p><span style=\"font-family: georgia, palatino, serif;color: #000000\"><strong>INFORMA\u00c7\u00d5ES IMPORTANTES SOBRE AS INSCRI\u00c7\u00d5ES E CERTIFICADOS<\/strong><\/span><\/p>\n<p><span style=\"color: #000000;font-size: 16px;font-family: georgia, palatino, serif\">&#8211; Devido a grande procura, as vagas para os nossos cursos ser\u00e3o preenchidas por meio de <strong>SORTEIO <\/strong>entre os inscritos.<\/span><\/p>\n<p><span style=\"color: #000000;font-size: 16px;font-family: georgia, palatino, serif\">&#8211; Os inscritos selecionados receber\u00e3o um convite por <strong>E-MAIL<\/strong>\u00a0para acessar a plataforma Classroom, sendo obrigat\u00e1ria a inscri\u00e7\u00e3o no Classroom por meio do convite fornecido.<\/span><\/p>\n<p><span style=\"font-family: georgia, palatino, serif;color: #000000\">&#8211; <strong>\u00c9 de inteira responsabilidade dos selecionados<\/strong> verificarem o recebimento do <strong>e-mail de convoca\u00e7\u00e3o<\/strong> para as turmas e tamb\u00e9m a\u00a0 <strong>inscri\u00e7\u00e3o na plataforma Classroom<\/strong>\u00a0utilizada para organiza\u00e7\u00e3o dos cursos.<\/span><\/p>\n<p><span style=\"font-family: georgia, palatino, serif;color: #000000\">&#8211; O inscrito,\u00a0<span style=\"font-size: 14px;background-color: var(--bs-body-bg);text-align: var(--bs-body-text-align)\">que\u00a0<\/span><span style=\"font-size: 14px;background-color: var(--bs-body-bg);text-align: var(--bs-body-text-align);font-weight: bold\">n\u00e3o<\/span><span style=\"font-size: 14px;background-color: var(--bs-body-bg);text-align: var(--bs-body-text-align)\">\u00a0for pr\u00e9-<\/span><span style=\"font-size: 14px;background-color: var(--bs-body-bg);text-align: var(--bs-body-text-align);font-weight: bold\">selecionado<\/span><span style=\"font-size: 14px;background-color: var(--bs-body-bg);text-align: var(--bs-body-text-align)\">\u00a0na primeira chamada, ir\u00e1 compor a <strong>lista de segunda chamada e ser\u00e1 avisado por e-mail.<\/strong>\u00a0<\/span><\/span><\/p>\n<p><span style=\"font-family: georgia, palatino, serif;color: #000000\">&#8211; <strong>Caso ocorra desist\u00eancias,<\/strong> somente durante <strong>a primeira semana de aula<\/strong> ser\u00e1 realizado um novo sorteio a partir da lista de segunda chamada.\u00a0<\/span><\/p>\n<p><span style=\"color: #000000;font-size: 16px\"><span style=\"font-family: georgia, palatino, serif\">&#8211; A lista de segunda chamada <strong>ser\u00e1 mantida<\/strong> apenas entre a primeira aula e v\u00e9spera da segunda aula de cada curso.<\/span>\u00a0<\/span><\/p>\n<p><span style=\"color: #000000;font-size: 16px\">&#8211; Os certificados de participa\u00e7\u00e3o nos cursos s\u00e3o disponibilizados aos concluintes no portal de certificados da UFSM:\u00a0<\/span><em><span style=\"background-color: var(--bs-body-bg);text-align: var(--bs-body-text-align)\"><a href=\"https:\/\/portal.ufsm.br\/certificados\/mainMenu.html\"><b>https:\/\/portal.ufsm.br\/certificados\/mainMenu.html<\/b><\/a>\u00a0<\/span><\/em><span style=\"color: #000000;font-size: 16px;background-color: var(--bs-body-bg);text-align: var(--bs-body-text-align)\">\u00a0<\/span><\/p>\n<p><em><strong><a href=\"https:\/\/docs.google.com\/document\/d\/1t8TD-fn5Z_1Yi0GEwWhWNWyZ66vzmQ2LABCi6Lcjbi0\/edit?usp=sharing\">EMENTAS DOS CURSOS<\/a><\/strong><\/em><\/p>\n<p><span style=\"color: #000000;font-size: 16px;background-color: var(--bs-body-bg);text-align: var(--bs-body-text-align)\">D\u00favidas? Escreva para:\u00a0<\/span><em><strong><span style=\"color: #000000;font-size: 16px;background-color: var(--bs-body-bg);text-align: var(--bs-body-text-align)\">isf.italiano@ufsm.br<\/span><\/strong><\/em><\/p><\/div>\n\t\t\t\t\t\t\t\t\t<div class=\"elementor-tab-title elementor-tab-mobile-title\" aria-selected=\"false\" data-tab=\"3\" role=\"tab\" tabindex=\"-1\" aria-controls=\"elementor-tab-content-8823\" aria-expanded=\"false\">Queremos ouvir  voc\u00eas!<\/div>\n\t\t\t\t\t<div id=\"elementor-tab-content-8823\" class=\"elementor-tab-content elementor-clearfix\" data-tab=\"3\" role=\"tabpanel\" aria-labelledby=\"elementor-tab-title-8823\" tabindex=\"0\" hidden=\"hidden\"><p style=\"color: #1c1c1c;font-size: 16px\"><strong>QUEREMOS OUVIR VOC\u00caS!<\/strong><\/p>\n<p style=\"color: #1c1c1c;font-size: 16px\">A Rede Andifes \u2013 Idioma sem Fronteiras \u2013 Italiano da UFSM, por meio do N\u00facleo de L\u00ednguas da UFSM visa conhecer melhor os interesses e experi\u00eancias do nosso p\u00fablico para ampliarmos a atua\u00e7\u00e3o do IsF-Italiano.<\/p>\n<p>Os cursos oferecidos pela Rede s\u00e3o focados no uso da l\u00edngua italiana em contexto acad\u00eamico, para permitir a internacionaliza\u00e7\u00e3o universit\u00e1ria, capacitando estudantes e servidores para a mobilidade acad\u00eamica e tamb\u00e9m para criar um espa\u00e7o que possa melhor receber estrangeiros em nosso contexto universit\u00e1rio.<\/p>\n<p style=\"color: #1c1c1c;font-size: 16px\">Acesse e responda a nossa pesquisa de interesse para ajudar a escolher os pr\u00f3ximos cursos de l\u00edngua italiana.\u00a0<span style=\"color: #1c1c1c;font-size: 16px;background-color: var(--bs-body-bg);text-align: var(--bs-body-text-align)\">N\u00e3o \u00e9 necess\u00e1rio identificar-se para preencher o presente formul\u00e1rio, sua identifica\u00e7\u00e3o \u00e9 opcional: deixe seu nome e e-mail para ser atualizado sobre os cursos que ofereceremos a partir de fevereiro.<\/span><\/p>\n<p style=\"color: #1c1c1c;font-size: 16px\">Agradecemos sua participa\u00e7\u00e3o!<\/p>\n<p><a href=\"https:\/\/forms.gle\/Nc3LYfvFcjjX7aDV6\"><strong><u>LINK: PESQUISA DE INTERESSE: IsF\u00a0 ITALIANO<\/u><\/strong><\/a><\/p>\n<p>Equipe da Rede Andifes \u2013 Idiomas sem Fronteiras \u2013 Italiano da UFSM.<\/p><\/div>\n\t\t\t\t\t\t\t<\/div>\n\t\t<\/div>\n\t\t\t\t<\/div>\n\t\t\t\t<\/div>\n\t\t\t\t\t<\/div>\n\t\t<\/div>\n\t\t\t\t\t<\/div>\n\t\t<\/section>\n\t\t\t\t<div class=\"elementor-element elementor-element-d59487b elementor-shape-rounded elementor-grid-0 e-grid-align-center elementor-widget elementor-widget-social-icons\" data-id=\"d59487b\" data-element_type=\"widget\" data-widget_type=\"social-icons.default\">\n\t\t\t\t<div class=\"elementor-widget-container\">\n\t\t\t\t\t<div class=\"elementor-social-icons-wrapper elementor-grid\">\n\t\t\t\t\t\t\t<span class=\"elementor-grid-item\">\n\t\t\t\t\t<a class=\"elementor-icon elementor-social-icon elementor-social-icon-facebook elementor-repeater-item-79501b1\" href=\"https:\/\/www.facebook.com\/isfidiomasufsm\" target=\"_blank\">\n\t\t\t\t\t\t<span class=\"elementor-screen-only\">Facebook<\/span>\n\t\t\t\t\t\t<i class=\"fab fa-facebook\"><\/i>\t\t\t\t\t<\/a>\n\t\t\t\t<\/span>\n\t\t\t\t\t\t\t<span class=\"elementor-grid-item\">\n\t\t\t\t\t<a class=\"elementor-icon elementor-social-icon elementor-social-icon-instagram elementor-repeater-item-f4085c1\" href=\"https:\/\/www.instagram.com\/isf_ufsm\/?hl=it\" target=\"_blank\">\n\t\t\t\t\t\t<span class=\"elementor-screen-only\">Instagram<\/span>\n\t\t\t\t\t\t<i class=\"fab fa-instagram\"><\/i>\t\t\t\t\t<\/a>\n\t\t\t\t<\/span>\n\t\t\t\t\t<\/div>\n\t\t\t\t<\/div>\n\t\t\t\t<\/div>\n\t\t\t\t<div class=\"elementor-element elementor-element-db0e371 elementor-widget-divider--view-line elementor-widget elementor-widget-divider\" data-id=\"db0e371\" data-element_type=\"widget\" data-widget_type=\"divider.default\">\n\t\t\t\t<div class=\"elementor-widget-container\">\n\t\t\t\t\t<div class=\"elementor-divider\">\n\t\t\t<span class=\"elementor-divider-separator\">\n\t\t\t\t\t\t<\/span>\n\t\t<\/div>\n\t\t\t\t<\/div>\n\t\t\t\t<\/div>\n\t\t\t\t\t<\/div>\n\t\t<\/div>\n\t\t\t\t\t<\/div>\n\t\t<\/section>\n\t\t\t\t<section class=\"elementor-section elementor-top-section elementor-element elementor-element-2f38a67 elementor-section-boxed elementor-section-height-default elementor-section-height-default\" data-id=\"2f38a67\" data-element_type=\"section\">\n\t\t\t\t\t\t<div class=\"elementor-container elementor-column-gap-default\">\n\t\t\t\t\t<div class=\"elementor-column elementor-col-100 elementor-top-column elementor-element elementor-element-aec494e\" data-id=\"aec494e\" data-element_type=\"column\">\n\t\t\t<div class=\"elementor-widget-wrap\">\n\t\t\t\t\t\t\t<\/div>\n\t\t<\/div>\n\t\t\t\t\t<\/div>\n\t\t<\/section>\n\t\t\t\t<section class=\"elementor-section elementor-top-section elementor-element elementor-element-4edc28c elementor-section-boxed elementor-section-height-default elementor-section-height-default\" data-id=\"4edc28c\" data-element_type=\"section\">\n\t\t\t\t\t\t<div class=\"elementor-container elementor-column-gap-default\">\n\t\t\t\t\t<div class=\"elementor-column elementor-col-100 elementor-top-column elementor-element elementor-element-af15e58\" data-id=\"af15e58\" data-element_type=\"column\">\n\t\t\t<div class=\"elementor-widget-wrap elementor-element-populated\">\n\t\t\t\t\t\t<div class=\"elementor-element elementor-element-3d22a60 elementor-shape-circle elementor-grid-3 e-grid-align-center elementor-widget elementor-widget-social-icons\" data-id=\"3d22a60\" data-element_type=\"widget\" data-widget_type=\"social-icons.default\">\n\t\t\t\t<div class=\"elementor-widget-container\">\n\t\t\t\t\t<div class=\"elementor-social-icons-wrapper elementor-grid\">\n\t\t\t\t\t\t\t<span class=\"elementor-grid-item\">\n\t\t\t\t\t<a class=\"elementor-icon elementor-social-icon elementor-social-icon-facebook elementor-repeater-item-3ed3d05\" href=\"https:\/\/www.facebook.com\/isfidiomasufsm\" target=\"_blank\">\n\t\t\t\t\t\t<span class=\"elementor-screen-only\">Facebook<\/span>\n\t\t\t\t\t\t<i class=\"fab fa-facebook\"><\/i>\t\t\t\t\t<\/a>\n\t\t\t\t<\/span>\n\t\t\t\t\t\t\t<span class=\"elementor-grid-item\">\n\t\t\t\t\t<a class=\"elementor-icon elementor-social-icon elementor-social-icon-instagram elementor-repeater-item-cbf413e\" href=\"https:\/\/instagram.com\/isf_ufsm?igshid=a9gztk265pqq\" target=\"_blank\">\n\t\t\t\t\t\t<span class=\"elementor-screen-only\">Instagram<\/span>\n\t\t\t\t\t\t<i class=\"fab fa-instagram\"><\/i>\t\t\t\t\t<\/a>\n\t\t\t\t<\/span>\n\t\t\t\t\t<\/div>\n\t\t\t\t<\/div>\n\t\t\t\t<\/div>\n\t\t\t\t<div class=\"elementor-element elementor-element-f7838ce elementor-widget elementor-widget-wp-widget-ufsm_eventos_widget\" data-id=\"f7838ce\" data-element_type=\"widget\" data-widget_type=\"wp-widget-ufsm_eventos_widget.default\">\n\t\t\t\t<div class=\"elementor-widget-container\">\n\t\t\t<H2 class='titulo-conteudos'>Eventos<\/H2>\n          <div class='d-flex flex-column align-items-center justify-content-center py-4'>\n        <span class='text-muted fs-5 mb-2 d-flex align-items-center'>\n          <i class='fas fa-calendar-times fa-2x me-2'><\/i>\n          Nenhum evento futuro encontrado.\n        <\/span>\n        <a class='btn btn-outline-primary mt-2' href='https:\/\/www.ufsm.br\/projetos\/ensino\/isf\/busca\/?q=&orderby=date&order=DESC&perpage=15&area=eventos&sites%5B%5D=853'>\n          Confira os eventos j\u00e1 realizados\n          <i class='fas fa-arrow-right ms-2'><\/i>\n        <\/a>\n          <\/div>\n        \t\t<\/div>\n\t\t\t\t<\/div>\n\t\t\t\t\t<\/div>\n\t\t<\/div>\n\t\t\t\t\t<\/div>\n\t\t<\/section>\n\t\t\t\t<\/div>\n\t\t","protected":false},"excerpt":{"rendered":"<p>CURSO DE EXTENS\u00c3O EM L\u00cdNGUA ITALIANA E CULTURA ITALIANAS &#8211; AGOSTO\/SETEMBRO 2026 Ciao, come stai? A Rede Andifes Idiomas sem Fronteiras (IsF), por meio do N\u00facleo de L\u00ednguas da UFSM, oferece cursos de extens\u00e3o na modalidade online com foco em l\u00edngua e cultura italiana.\u00a0Inscri\u00e7\u00f5es at\u00e9 10\/09.\u00a0 P\u00fablico-alvo: Servidores e estudantes da UFSM, residentes do HUSM, [&hellip;]<\/p>\n","protected":false},"author":3933,"featured_media":0,"parent":0,"menu_order":0,"comment_status":"closed","ping_status":"closed","template":"","meta":{"footnotes":""},"categories":[28,29,2,45],"tags":[48,27,19,24,20],"class_list":["post-176","page","type-page","status-publish","hentry","category-cursos","category-linguas","category-noticias","category-selecoes","tag-bolsa","tag-cursos-de-lingua-estrangeira","tag-isf","tag-isf-italiano","tag-italiano"],"acf":[],"_links":{"self":[{"href":"https:\/\/www.ufsm.br\/projetos\/ensino\/isf\/wp-json\/wp\/v2\/pages\/176","targetHints":{"allow":["GET"]}}],"collection":[{"href":"https:\/\/www.ufsm.br\/projetos\/ensino\/isf\/wp-json\/wp\/v2\/pages"}],"about":[{"href":"https:\/\/www.ufsm.br\/projetos\/ensino\/isf\/wp-json\/wp\/v2\/types\/page"}],"author":[{"embeddable":true,"href":"https:\/\/www.ufsm.br\/projetos\/ensino\/isf\/wp-json\/wp\/v2\/users\/3933"}],"replies":[{"embeddable":true,"href":"https:\/\/www.ufsm.br\/projetos\/ensino\/isf\/wp-json\/wp\/v2\/comments?post=176"}],"version-history":[{"count":0,"href":"https:\/\/www.ufsm.br\/projetos\/ensino\/isf\/wp-json\/wp\/v2\/pages\/176\/revisions"}],"wp:attachment":[{"href":"https:\/\/www.ufsm.br\/projetos\/ensino\/isf\/wp-json\/wp\/v2\/media?parent=176"}],"wp:term":[{"taxonomy":"category","embeddable":true,"href":"https:\/\/www.ufsm.br\/projetos\/ensino\/isf\/wp-json\/wp\/v2\/categories?post=176"},{"taxonomy":"post_tag","embeddable":true,"href":"https:\/\/www.ufsm.br\/projetos\/ensino\/isf\/wp-json\/wp\/v2\/tags?post=176"}],"curies":[{"name":"wp","href":"https:\/\/api.w.org\/{rel}","templated":true}]}}