{"id":5,"date":"2018-01-18T08:39:17","date_gmt":"2018-01-18T10:39:17","guid":{"rendered":"https:\/\/www.ufsm.br\/cursos\/graduacao\/nutricao\/12352\/?page_id=5"},"modified":"2025-09-23T10:59:09","modified_gmt":"2025-09-23T13:59:09","slug":"pagina-inicial","status":"publish","type":"page","link":"https:\/\/www.ufsm.br\/projetos\/ensino\/prh52\/","title":{"rendered":"P\u00e1gina Inicial"},"content":{"rendered":"\t\t<div data-elementor-type=\"wp-page\" data-elementor-id=\"5\" class=\"elementor elementor-5\">\n\t\t\t\t\t\t<section class=\"elementor-section elementor-top-section elementor-element elementor-element-deeca1e elementor-section-boxed elementor-section-height-default elementor-section-height-default\" data-id=\"deeca1e\" data-element_type=\"section\">\n\t\t\t\t\t\t<div class=\"elementor-container elementor-column-gap-default\">\n\t\t\t\t\t<div class=\"elementor-column elementor-col-100 elementor-top-column elementor-element elementor-element-2e06b35\" data-id=\"2e06b35\" data-element_type=\"column\">\n\t\t\t<div class=\"elementor-widget-wrap elementor-element-populated\">\n\t\t\t\t\t\t<div class=\"elementor-element elementor-element-d196024 elementor-widget elementor-widget-image\" data-id=\"d196024\" data-element_type=\"widget\" data-widget_type=\"image.default\">\n\t\t\t\t<div class=\"elementor-widget-container\">\n\t\t\t\t\t\t\t\t\t\t\t\t\t<img fetchpriority=\"high\" decoding=\"async\" width=\"722\" height=\"284\" src=\"https:\/\/www.ufsm.br\/app\/uploads\/sites\/833\/2025\/09\/PRH-52.png\" class=\"attachment-large size-large wp-image-493\" alt=\"\" srcset=\"https:\/\/www.ufsm.br\/app\/uploads\/sites\/833\/2025\/09\/PRH-52.png 722w, https:\/\/www.ufsm.br\/app\/uploads\/sites\/833\/2025\/09\/PRH-52-300x118.png 300w\" sizes=\"(max-width: 722px) 100vw, 722px\" \/>\t\t\t\t\t\t\t\t\t\t\t\t\t<\/div>\n\t\t\t\t<\/div>\n\t\t\t\t\t<\/div>\n\t\t<\/div>\n\t\t\t\t\t<\/div>\n\t\t<\/section>\n\t\t\t\t<section class=\"elementor-section elementor-top-section elementor-element elementor-element-b7f70cc elementor-section-boxed elementor-section-height-default elementor-section-height-default\" data-id=\"b7f70cc\" data-element_type=\"section\">\n\t\t\t\t\t\t<div class=\"elementor-container elementor-column-gap-default\">\n\t\t\t\t\t<div class=\"elementor-column elementor-col-100 elementor-top-column elementor-element elementor-element-be1a1ed\" data-id=\"be1a1ed\" data-element_type=\"column\">\n\t\t\t<div class=\"elementor-widget-wrap elementor-element-populated\">\n\t\t\t\t\t\t<div class=\"elementor-element elementor-element-876e0d1 elementor-widget elementor-widget-heading\" data-id=\"876e0d1\" data-element_type=\"widget\" data-widget_type=\"heading.default\">\n\t\t\t\t<div class=\"elementor-widget-container\">\n\t\t\t<h5 class=\"elementor-heading-title elementor-size-default\">Utilidades<\/h5>\t\t<\/div>\n\t\t\t\t<\/div>\n\t\t\t\t\t<\/div>\n\t\t<\/div>\n\t\t\t\t\t<\/div>\n\t\t<\/section>\n\t\t\t\t<section class=\"elementor-section elementor-top-section elementor-element elementor-element-02806eb elementor-section-boxed elementor-section-height-default elementor-section-height-default\" data-id=\"02806eb\" data-element_type=\"section\">\n\t\t\t\t\t\t<div class=\"elementor-container elementor-column-gap-default\">\n\t\t\t\t\t<div class=\"elementor-column elementor-col-16 elementor-top-column elementor-element elementor-element-8c2e1e1\" data-id=\"8c2e1e1\" data-element_type=\"column\">\n\t\t\t<div class=\"elementor-widget-wrap elementor-element-populated\">\n\t\t\t\t\t\t<div class=\"elementor-element elementor-element-c3a073d elementor-view-default elementor-position-top elementor-mobile-position-top elementor-widget elementor-widget-icon-box\" data-id=\"c3a073d\" data-element_type=\"widget\" data-widget_type=\"icon-box.default\">\n\t\t\t\t<div class=\"elementor-widget-container\">\n\t\t\t\t\t<div class=\"elementor-icon-box-wrapper\">\n\n\t\t\t\t\t\t<div class=\"elementor-icon-box-icon\">\n\t\t\t\t<a href=\"https:\/\/www.ufsm.br\/projetos\/ensino\/prh52\/oferta-de-disciplinas-1o-semestre-2020\/\" class=\"elementor-icon elementor-animation-\" tabindex=\"-1\">\n\t\t\t\t<i aria-hidden=\"true\" class=\"fas fa-pencil-alt\"><\/i>\t\t\t\t<\/a>\n\t\t\t<\/div>\n\t\t\t\n\t\t\t\t\t\t<div class=\"elementor-icon-box-content\">\n\n\t\t\t\t\t\t\t\t\t<h3 class=\"elementor-icon-box-title\">\n\t\t\t\t\t\t<a href=\"https:\/\/www.ufsm.br\/projetos\/ensino\/prh52\/oferta-de-disciplinas-1o-semestre-2020\/\" >\n\t\t\t\t\t\t\tOferta de Disciplinas\t\t\t\t\t\t<\/a>\n\t\t\t\t\t<\/h3>\n\t\t\t\t\n\t\t\t\t\n\t\t\t<\/div>\n\t\t\t\n\t\t<\/div>\n\t\t\t\t<\/div>\n\t\t\t\t<\/div>\n\t\t\t\t\t<\/div>\n\t\t<\/div>\n\t\t\t\t<div class=\"elementor-column elementor-col-16 elementor-top-column elementor-element elementor-element-7f3071e\" data-id=\"7f3071e\" data-element_type=\"column\">\n\t\t\t<div class=\"elementor-widget-wrap elementor-element-populated\">\n\t\t\t\t\t\t<div class=\"elementor-element elementor-element-9900f55 elementor-view-default elementor-position-top elementor-mobile-position-top elementor-widget elementor-widget-icon-box\" data-id=\"9900f55\" data-element_type=\"widget\" data-widget_type=\"icon-box.default\">\n\t\t\t\t<div class=\"elementor-widget-container\">\n\t\t\t\t\t<div class=\"elementor-icon-box-wrapper\">\n\n\t\t\t\t\t\t<div class=\"elementor-icon-box-icon\">\n\t\t\t\t<a href=\"https:\/\/portal.ufsm.br\/aluno\" class=\"elementor-icon elementor-animation-\" tabindex=\"-1\">\n\t\t\t\t<i aria-hidden=\"true\" class=\"fas fa-user\"><\/i>\t\t\t\t<\/a>\n\t\t\t<\/div>\n\t\t\t\n\t\t\t\t\t\t<div class=\"elementor-icon-box-content\">\n\n\t\t\t\t\t\t\t\t\t<h3 class=\"elementor-icon-box-title\">\n\t\t\t\t\t\t<a href=\"https:\/\/portal.ufsm.br\/aluno\" >\n\t\t\t\t\t\t\tPortal do Aluno\t\t\t\t\t\t<\/a>\n\t\t\t\t\t<\/h3>\n\t\t\t\t\n\t\t\t\t\n\t\t\t<\/div>\n\t\t\t\n\t\t<\/div>\n\t\t\t\t<\/div>\n\t\t\t\t<\/div>\n\t\t\t\t\t<\/div>\n\t\t<\/div>\n\t\t\t\t<div class=\"elementor-column elementor-col-16 elementor-top-column elementor-element elementor-element-2e74f9b\" data-id=\"2e74f9b\" data-element_type=\"column\">\n\t\t\t<div class=\"elementor-widget-wrap elementor-element-populated\">\n\t\t\t\t\t\t<div class=\"elementor-element elementor-element-2494dc1 elementor-view-default elementor-position-top elementor-mobile-position-top elementor-widget elementor-widget-icon-box\" data-id=\"2494dc1\" data-element_type=\"widget\" data-widget_type=\"icon-box.default\">\n\t\t\t\t<div class=\"elementor-widget-container\">\n\t\t\t\t\t<div class=\"elementor-icon-box-wrapper\">\n\n\t\t\t\t\t\t<div class=\"elementor-icon-box-icon\">\n\t\t\t\t<a href=\"https:\/\/www.ufsm.br\/projetos\/ensino\/prh52\/corpo-docente\/\" class=\"elementor-icon elementor-animation-\" tabindex=\"-1\">\n\t\t\t\t<i aria-hidden=\"true\" class=\"fas fa-users\"><\/i>\t\t\t\t<\/a>\n\t\t\t<\/div>\n\t\t\t\n\t\t\t\t\t\t<div class=\"elementor-icon-box-content\">\n\n\t\t\t\t\t\t\t\t\t<h3 class=\"elementor-icon-box-title\">\n\t\t\t\t\t\t<a href=\"https:\/\/www.ufsm.br\/projetos\/ensino\/prh52\/corpo-docente\/\" >\n\t\t\t\t\t\t\tCorpo Docente PRH52\t\t\t\t\t\t<\/a>\n\t\t\t\t\t<\/h3>\n\t\t\t\t\n\t\t\t\t\n\t\t\t<\/div>\n\t\t\t\n\t\t<\/div>\n\t\t\t\t<\/div>\n\t\t\t\t<\/div>\n\t\t\t\t\t<\/div>\n\t\t<\/div>\n\t\t\t\t<div class=\"elementor-column elementor-col-16 elementor-top-column elementor-element elementor-element-41cd6a2\" data-id=\"41cd6a2\" data-element_type=\"column\">\n\t\t\t<div class=\"elementor-widget-wrap elementor-element-populated\">\n\t\t\t\t\t\t<div class=\"elementor-element elementor-element-3d30917 elementor-view-default elementor-position-top elementor-mobile-position-top elementor-widget elementor-widget-icon-box\" data-id=\"3d30917\" data-element_type=\"widget\" data-widget_type=\"icon-box.default\">\n\t\t\t\t<div class=\"elementor-widget-container\">\n\t\t\t\t\t<div class=\"elementor-icon-box-wrapper\">\n\n\t\t\t\t\t\t<div class=\"elementor-icon-box-icon\">\n\t\t\t\t<a href=\"https:\/\/www.ufsm.br\/cursos\/pos-graduacao\/santa-maria\/ppgeq\/busca\/?q=&#038;sites%5B%5D=536&#038;area=editais&#038;orderby=modified&#038;order=DESC\" editais=\"\" class=\"elementor-icon elementor-animation-\" tabindex=\"-1\">\n\t\t\t\t<i aria-hidden=\"true\" class=\"far fa-copy\"><\/i>\t\t\t\t<\/a>\n\t\t\t<\/div>\n\t\t\t\n\t\t\t\t\t\t<div class=\"elementor-icon-box-content\">\n\n\t\t\t\t\t\t\t\t\t<h3 class=\"elementor-icon-box-title\">\n\t\t\t\t\t\t<a href=\"https:\/\/www.ufsm.br\/cursos\/pos-graduacao\/santa-maria\/ppgeq\/busca\/?q=&#038;sites%5B%5D=536&#038;area=editais&#038;orderby=modified&#038;order=DESC\" editais=\"\" >\n\t\t\t\t\t\t\tEditais\t\t\t\t\t\t<\/a>\n\t\t\t\t\t<\/h3>\n\t\t\t\t\n\t\t\t\t\n\t\t\t<\/div>\n\t\t\t\n\t\t<\/div>\n\t\t\t\t<\/div>\n\t\t\t\t<\/div>\n\t\t\t\t\t<\/div>\n\t\t<\/div>\n\t\t\t\t<div class=\"elementor-column elementor-col-16 elementor-top-column elementor-element elementor-element-8dbf79c\" data-id=\"8dbf79c\" data-element_type=\"column\">\n\t\t\t<div class=\"elementor-widget-wrap elementor-element-populated\">\n\t\t\t\t\t\t<div class=\"elementor-element elementor-element-d06e13f elementor-view-default elementor-position-top elementor-mobile-position-top elementor-widget elementor-widget-icon-box\" data-id=\"d06e13f\" data-element_type=\"widget\" data-widget_type=\"icon-box.default\">\n\t\t\t\t<div class=\"elementor-widget-container\">\n\t\t\t\t\t<div class=\"elementor-icon-box-wrapper\">\n\n\t\t\t\t\t\t<div class=\"elementor-icon-box-icon\">\n\t\t\t\t<a href=\"https:\/\/www.ufsm.br\/projetos\/ensino\/prh52\/informacoes-curriculares\/\" class=\"elementor-icon elementor-animation-\" tabindex=\"-1\">\n\t\t\t\t<i aria-hidden=\"true\" class=\"far fa-clipboard\"><\/i>\t\t\t\t<\/a>\n\t\t\t<\/div>\n\t\t\t\n\t\t\t\t\t\t<div class=\"elementor-icon-box-content\">\n\n\t\t\t\t\t\t\t\t\t<h3 class=\"elementor-icon-box-title\">\n\t\t\t\t\t\t<a href=\"https:\/\/www.ufsm.br\/projetos\/ensino\/prh52\/informacoes-curriculares\/\" >\n\t\t\t\t\t\t\tInforma\u00e7\u00f5es Curriculares\t\t\t\t\t\t<\/a>\n\t\t\t\t\t<\/h3>\n\t\t\t\t\n\t\t\t\t\n\t\t\t<\/div>\n\t\t\t\n\t\t<\/div>\n\t\t\t\t<\/div>\n\t\t\t\t<\/div>\n\t\t\t\t\t<\/div>\n\t\t<\/div>\n\t\t\t\t<div class=\"elementor-column elementor-col-16 elementor-top-column elementor-element elementor-element-e7d8725\" data-id=\"e7d8725\" data-element_type=\"column\">\n\t\t\t<div class=\"elementor-widget-wrap elementor-element-populated\">\n\t\t\t\t\t\t<div class=\"elementor-element elementor-element-c23e850 elementor-view-default elementor-position-top elementor-mobile-position-top elementor-widget elementor-widget-icon-box\" data-id=\"c23e850\" data-element_type=\"widget\" data-widget_type=\"icon-box.default\">\n\t\t\t\t<div class=\"elementor-widget-container\">\n\t\t\t\t\t<div class=\"elementor-icon-box-wrapper\">\n\n\t\t\t\t\t\t<div class=\"elementor-icon-box-icon\">\n\t\t\t\t<a href=\"https:\/\/www.ufsm.br\/projetos\/ensino\/prh52\/documentos-e-manuais\/\" class=\"elementor-icon elementor-animation-\" tabindex=\"-1\">\n\t\t\t\t<i aria-hidden=\"true\" class=\"far fa-file-alt\"><\/i>\t\t\t\t<\/a>\n\t\t\t<\/div>\n\t\t\t\n\t\t\t\t\t\t<div class=\"elementor-icon-box-content\">\n\n\t\t\t\t\t\t\t\t\t<h3 class=\"elementor-icon-box-title\">\n\t\t\t\t\t\t<a href=\"https:\/\/www.ufsm.br\/projetos\/ensino\/prh52\/documentos-e-manuais\/\" >\n\t\t\t\t\t\t\tDocumentos e Manuais\t\t\t\t\t\t<\/a>\n\t\t\t\t\t<\/h3>\n\t\t\t\t\n\t\t\t\t\n\t\t\t<\/div>\n\t\t\t\n\t\t<\/div>\n\t\t\t\t<\/div>\n\t\t\t\t<\/div>\n\t\t\t\t\t<\/div>\n\t\t<\/div>\n\t\t\t\t\t<\/div>\n\t\t<\/section>\n\t\t\t\t<section class=\"elementor-section elementor-top-section elementor-element elementor-element-ac97805 elementor-section-boxed elementor-section-height-default elementor-section-height-default\" data-id=\"ac97805\" data-element_type=\"section\">\n\t\t\t\t\t\t<div class=\"elementor-container elementor-column-gap-default\">\n\t\t\t\t\t<div class=\"elementor-column elementor-col-100 elementor-top-column elementor-element elementor-element-388fef8\" data-id=\"388fef8\" data-element_type=\"column\">\n\t\t\t<div class=\"elementor-widget-wrap elementor-element-populated\">\n\t\t\t\t\t\t<div class=\"elementor-element elementor-element-0700dd5 elementor-widget elementor-widget-heading\" data-id=\"0700dd5\" data-element_type=\"widget\" data-widget_type=\"heading.default\">\n\t\t\t\t<div class=\"elementor-widget-container\">\n\t\t\t<h5 class=\"elementor-heading-title elementor-size-default\">Cursos Participantes<\/h5>\t\t<\/div>\n\t\t\t\t<\/div>\n\t\t\t\t<div class=\"elementor-element elementor-element-3ee25d2 elementor-widget elementor-widget-toggle\" data-id=\"3ee25d2\" data-element_type=\"widget\" data-widget_type=\"toggle.default\">\n\t\t\t\t<div class=\"elementor-widget-container\">\n\t\t\t\t\t<div class=\"elementor-toggle\">\n\t\t\t\t\t\t\t<div class=\"elementor-toggle-item\">\n\t\t\t\t\t<div id=\"elementor-tab-title-6591\" class=\"elementor-tab-title\" data-tab=\"1\" role=\"button\" aria-controls=\"elementor-tab-content-6591\" aria-expanded=\"false\">\n\t\t\t\t\t\t\t\t\t\t\t\t<span class=\"elementor-toggle-icon elementor-toggle-icon-left\" aria-hidden=\"true\">\n\t\t\t\t\t\t\t\t\t\t\t\t\t\t\t<span class=\"elementor-toggle-icon-closed\"><i class=\"fas fa-caret-right\"><\/i><\/span>\n\t\t\t\t\t\t\t\t<span class=\"elementor-toggle-icon-opened\"><i class=\"elementor-toggle-icon-opened fas fa-caret-up\"><\/i><\/span>\n\t\t\t\t\t\t\t\t\t\t\t\t\t<\/span>\n\t\t\t\t\t\t\t\t\t\t\t\t<a class=\"elementor-toggle-title\" tabindex=\"0\">  Tecnologia em Processos Qu\u00edmicos<\/a>\n\t\t\t\t\t<\/div>\n\n\t\t\t\t\t<div id=\"elementor-tab-content-6591\" class=\"elementor-tab-content elementor-clearfix\" data-tab=\"1\" role=\"region\" aria-labelledby=\"elementor-tab-title-6591\"><p>O curso de\u00a0<b>Processos Qu\u00edmicos<\/b>\u00a0est\u00e1 localizado em\u00a0<b>Campus Camobi \u2013 UFSM<\/b>\u00a0na modalidade\u00a0<b>Tecnol\u00f3gico \u2013 Presencial<\/b>\u00a0sendo\u00a0<b>Diurno<\/b>\u00a0o seu turno de funcionamento. A \u00e1rea de conhecimento do curso \u00e9 classificada como\u00a0<b>CI\u00caNCIAS EXATAS E DA TERRA<\/b>. Atualmente, a coordena\u00e7\u00e3o \u00e9 de responsabilidade de\u00a0<b>JUSSIANE SOUZA DA SILVA<\/b>, a coordena\u00e7\u00e3o substituta de\u00a0<b>DARLIANA MELLO SOUZA<\/b>\u00a0e a secretaria de\u00a0<b>GUSTAVO BESSAUER NAKASHIMA<\/b>.<\/p>\n<p>O curso \u00e9 ofertado em per\u00edodo\u00a0<b>Semestral<\/b>, sendo\u00a0<b>7<\/b>\u00a0o n\u00famero de per\u00edodos indicados para sua conclus\u00e3o.<\/p>\n<p class=\"mt-3\">Reconhecido pela Portaria n. 496\/2015\/MEC, publicada no DOU, de 30\/06\/2015.<\/p><\/div>\n\t\t\t\t<\/div>\n\t\t\t\t\t\t\t<div class=\"elementor-toggle-item\">\n\t\t\t\t\t<div id=\"elementor-tab-title-6592\" class=\"elementor-tab-title\" data-tab=\"2\" role=\"button\" aria-controls=\"elementor-tab-content-6592\" aria-expanded=\"false\">\n\t\t\t\t\t\t\t\t\t\t\t\t<span class=\"elementor-toggle-icon elementor-toggle-icon-left\" aria-hidden=\"true\">\n\t\t\t\t\t\t\t\t\t\t\t\t\t\t\t<span class=\"elementor-toggle-icon-closed\"><i class=\"fas fa-caret-right\"><\/i><\/span>\n\t\t\t\t\t\t\t\t<span class=\"elementor-toggle-icon-opened\"><i class=\"elementor-toggle-icon-opened fas fa-caret-up\"><\/i><\/span>\n\t\t\t\t\t\t\t\t\t\t\t\t\t<\/span>\n\t\t\t\t\t\t\t\t\t\t\t\t<a class=\"elementor-toggle-title\" tabindex=\"0\">  Engenharia Qu\u00edmica<\/a>\n\t\t\t\t\t<\/div>\n\n\t\t\t\t\t<div id=\"elementor-tab-content-6592\" class=\"elementor-tab-content elementor-clearfix\" data-tab=\"2\" role=\"region\" aria-labelledby=\"elementor-tab-title-6592\"><p>O curso de\u00a0<b>Engenharia Qu\u00edmica<\/b>\u00a0est\u00e1 localizado em\u00a0<b>Campus Camobi \u2013 UFSM<\/b>\u00a0na modalidade\u00a0<b>Bacharelado \u2013 Presencial<\/b>\u00a0sendo\u00a0<b>Diurno<\/b>\u00a0o seu turno de funcionamento. A \u00e1rea de conhecimento do curso \u00e9 classificada como\u00a0<b>ENGENHARIAS<\/b>. Atualmente, a coordena\u00e7\u00e3o \u00e9 de responsabilidade de\u00a0<b>RODOLFO RODRIGUES<\/b>, a coordena\u00e7\u00e3o substituta de\u00a0<b>GABRIELA CARVALHO COLLAZZO<\/b>\u00a0e a secretaria de\u00a0<b>C\u00edNTIA SCHAUN DE BARROS<\/b>.<\/p>\n<p>O curso \u00e9 ofertado em per\u00edodo\u00a0<b>Semestral<\/b>, sendo\u00a0<b>10<\/b>\u00a0o n\u00famero de per\u00edodos indicados para sua conclus\u00e3o.<\/p>\n<p class=\"mt-3\">Reconhecido pela Portaria n. 80\/1982\/MEC, publicada no DOU, de 18\/02\/1982 e Portaria n. 111\/2021\/MEC, publicada no DOU, de 05\/02\/2021.<\/p><\/div>\n\t\t\t\t<\/div>\n\t\t\t\t\t\t\t<div class=\"elementor-toggle-item\">\n\t\t\t\t\t<div id=\"elementor-tab-title-6593\" class=\"elementor-tab-title\" data-tab=\"3\" role=\"button\" aria-controls=\"elementor-tab-content-6593\" aria-expanded=\"false\">\n\t\t\t\t\t\t\t\t\t\t\t\t<span class=\"elementor-toggle-icon elementor-toggle-icon-left\" aria-hidden=\"true\">\n\t\t\t\t\t\t\t\t\t\t\t\t\t\t\t<span class=\"elementor-toggle-icon-closed\"><i class=\"fas fa-caret-right\"><\/i><\/span>\n\t\t\t\t\t\t\t\t<span class=\"elementor-toggle-icon-opened\"><i class=\"elementor-toggle-icon-opened fas fa-caret-up\"><\/i><\/span>\n\t\t\t\t\t\t\t\t\t\t\t\t\t<\/span>\n\t\t\t\t\t\t\t\t\t\t\t\t<a class=\"elementor-toggle-title\" tabindex=\"0\">PG em Engenharia Qu\u00edmica - Mestrado<\/a>\n\t\t\t\t\t<\/div>\n\n\t\t\t\t\t<div id=\"elementor-tab-content-6593\" class=\"elementor-tab-content elementor-clearfix\" data-tab=\"3\" role=\"region\" aria-labelledby=\"elementor-tab-title-6593\"><p>O curso de\u00a0<b>P\u00f3s-Gradua\u00e7\u00e3o em Engenharia Qu\u00edmica<\/b>\u00a0est\u00e1 localizado em\u00a0<b>Campus Camobi \u2013 UFSM<\/b>\u00a0na modalidade\u00a0<b>Mestrado \u2013 Presencial<\/b>\u00a0sendo\u00a0<b>Integral<\/b>\u00a0o seu turno de funcionamento. A \u00e1rea de conhecimento do curso \u00e9 classificada como\u00a0<b>ENGENHARIA QU\u00cdMICA<\/b>. Atualmente, a coordena\u00e7\u00e3o \u00e9 de responsabilidade de\u00a0<b>EDERSON ROSSI ABAIDE<\/b>, a coordena\u00e7\u00e3o substituta de\u00a0<b>FERNANDA DE CASTILHOS<\/b>\u00a0e a secretaria de\u00a0<b>GUILHERME ALVES ELWANGER<\/b>.<\/p>\n<p>O curso \u00e9 ofertado em per\u00edodo\u00a0<b>Semestral<\/b>, sendo\u00a0<b>4<\/b>\u00a0o n\u00famero de per\u00edodos indicados para sua conclus\u00e3o.<\/p>\n<p class=\"mt-3\">Reconhecido pelo Minist\u00e9rio da Educa\u00e7\u00e3o \u2013 Portaria n. 609\/2019<\/p><\/div>\n\t\t\t\t<\/div>\n\t\t\t\t\t\t\t<div class=\"elementor-toggle-item\">\n\t\t\t\t\t<div id=\"elementor-tab-title-6594\" class=\"elementor-tab-title\" data-tab=\"4\" role=\"button\" aria-controls=\"elementor-tab-content-6594\" aria-expanded=\"false\">\n\t\t\t\t\t\t\t\t\t\t\t\t<span class=\"elementor-toggle-icon elementor-toggle-icon-left\" aria-hidden=\"true\">\n\t\t\t\t\t\t\t\t\t\t\t\t\t\t\t<span class=\"elementor-toggle-icon-closed\"><i class=\"fas fa-caret-right\"><\/i><\/span>\n\t\t\t\t\t\t\t\t<span class=\"elementor-toggle-icon-opened\"><i class=\"elementor-toggle-icon-opened fas fa-caret-up\"><\/i><\/span>\n\t\t\t\t\t\t\t\t\t\t\t\t\t<\/span>\n\t\t\t\t\t\t\t\t\t\t\t\t<a class=\"elementor-toggle-title\" tabindex=\"0\">PG em Engenharia Qu\u00edmica - Doutorado<\/a>\n\t\t\t\t\t<\/div>\n\n\t\t\t\t\t<div id=\"elementor-tab-content-6594\" class=\"elementor-tab-content elementor-clearfix\" data-tab=\"4\" role=\"region\" aria-labelledby=\"elementor-tab-title-6594\"><p>O curso de\u00a0<b>P\u00f3s-Gradua\u00e7\u00e3o em Engenharia Qu\u00edmica<\/b>\u00a0est\u00e1 localizado em\u00a0<b>Campus Camobi \u2013 UFSM<\/b>\u00a0na modalidade\u00a0<b>Doutorado \u2013 Presencial<\/b>\u00a0sendo\u00a0<b>Integral<\/b>\u00a0o seu turno de funcionamento. A \u00e1rea de conhecimento do curso \u00e9 classificada como\u00a0<b>Desenvolvimento de Processos Agroindustriais e Ambientais<\/b>. Atualmente, a coordena\u00e7\u00e3o \u00e9 de responsabilidade de\u00a0<b>EDERSON ROSSI ABAIDE<\/b>, a coordena\u00e7\u00e3o substituta de\u00a0<b>FERNANDA DE CASTILHOS<\/b>\u00a0e a secretaria de\u00a0<b>GUILHERME ALVES ELWANGER<\/b>.<\/p>\n<p>O curso \u00e9 ofertado em per\u00edodo\u00a0<b>Semestral<\/b>, sendo\u00a0<b>8<\/b>\u00a0o n\u00famero de per\u00edodos indicados para sua conclus\u00e3o.<\/p>\n<p class=\"mt-3\">Reconhecido pelo Minist\u00e9rio da Educa\u00e7\u00e3o \u2013 Portaria n. 609\/2019<\/p><\/div>\n\t\t\t\t<\/div>\n\t\t\t\t\t\t\t<div class=\"elementor-toggle-item\">\n\t\t\t\t\t<div id=\"elementor-tab-title-6595\" class=\"elementor-tab-title\" data-tab=\"5\" role=\"button\" aria-controls=\"elementor-tab-content-6595\" aria-expanded=\"false\">\n\t\t\t\t\t\t\t\t\t\t\t\t<span class=\"elementor-toggle-icon elementor-toggle-icon-left\" aria-hidden=\"true\">\n\t\t\t\t\t\t\t\t\t\t\t\t\t\t\t<span class=\"elementor-toggle-icon-closed\"><i class=\"fas fa-caret-right\"><\/i><\/span>\n\t\t\t\t\t\t\t\t<span class=\"elementor-toggle-icon-opened\"><i class=\"elementor-toggle-icon-opened fas fa-caret-up\"><\/i><\/span>\n\t\t\t\t\t\t\t\t\t\t\t\t\t<\/span>\n\t\t\t\t\t\t\t\t\t\t\t\t<a class=\"elementor-toggle-title\" tabindex=\"0\">PG em Qu\u00edmica - Mestrado<\/a>\n\t\t\t\t\t<\/div>\n\n\t\t\t\t\t<div id=\"elementor-tab-content-6595\" class=\"elementor-tab-content elementor-clearfix\" data-tab=\"5\" role=\"region\" aria-labelledby=\"elementor-tab-title-6595\"><p>O curso de\u00a0<b>P\u00f3s-Gradua\u00e7\u00e3o em Qu\u00edmica<\/b>\u00a0est\u00e1 localizado em\u00a0<b>Campus Camobi \u2013 UFSM<\/b>\u00a0na modalidade\u00a0<b>Mestrado \u2013 Presencial<\/b>\u00a0sendo\u00a0<b>Diurno<\/b>\u00a0o seu turno de funcionamento. A \u00e1rea de conhecimento do curso \u00e9 classificada como\u00a0<b>Qu\u00edmica Inorg\u00e2nica*****<\/b>. Atualmente, a coordena\u00e7\u00e3o \u00e9 de responsabilidade de\u00a0<b>F\u00c1BIO ANDREI DUARTE<\/b>, a coordena\u00e7\u00e3o substituta de\u00a0<b>GUILHERME LUIZ DOTTO<\/b>\u00a0e a secretaria de\u00a0<b>ANITA DA SILVA HERDINA<\/b>.<\/p>\n<p>O curso \u00e9 ofertado em per\u00edodo\u00a0<b>Semestral<\/b>, sendo\u00a0<b>4<\/b>\u00a0o n\u00famero de per\u00edodos indicados para sua conclus\u00e3o.<\/p>\n<p class=\"mt-3\">Reconhecido pelo Minist\u00e9rio da Educa\u00e7\u00e3o \u2013 Portaria n. 609\/2019<\/p><\/div>\n\t\t\t\t<\/div>\n\t\t\t\t\t\t\t<div class=\"elementor-toggle-item\">\n\t\t\t\t\t<div id=\"elementor-tab-title-6596\" class=\"elementor-tab-title\" data-tab=\"6\" role=\"button\" aria-controls=\"elementor-tab-content-6596\" aria-expanded=\"false\">\n\t\t\t\t\t\t\t\t\t\t\t\t<span class=\"elementor-toggle-icon elementor-toggle-icon-left\" aria-hidden=\"true\">\n\t\t\t\t\t\t\t\t\t\t\t\t\t\t\t<span class=\"elementor-toggle-icon-closed\"><i class=\"fas fa-caret-right\"><\/i><\/span>\n\t\t\t\t\t\t\t\t<span class=\"elementor-toggle-icon-opened\"><i class=\"elementor-toggle-icon-opened fas fa-caret-up\"><\/i><\/span>\n\t\t\t\t\t\t\t\t\t\t\t\t\t<\/span>\n\t\t\t\t\t\t\t\t\t\t\t\t<a class=\"elementor-toggle-title\" tabindex=\"0\">PG em Qu\u00edmica - Doutorado<\/a>\n\t\t\t\t\t<\/div>\n\n\t\t\t\t\t<div id=\"elementor-tab-content-6596\" class=\"elementor-tab-content elementor-clearfix\" data-tab=\"6\" role=\"region\" aria-labelledby=\"elementor-tab-title-6596\"><p>O curso de\u00a0<b>P\u00f3s-Gradua\u00e7\u00e3o em Qu\u00edmica<\/b>\u00a0est\u00e1 localizado em\u00a0<b>Campus Camobi \u2013 UFSM<\/b>\u00a0na modalidade\u00a0<b>Doutorado \u2013 Presencial<\/b>\u00a0sendo\u00a0<b>Diurno<\/b>\u00a0o seu turno de funcionamento. A \u00e1rea de conhecimento do curso \u00e9 classificada como\u00a0<b>Qu\u00edmica Inorg\u00e2nica*****<\/b>. Atualmente, a coordena\u00e7\u00e3o \u00e9 de responsabilidade de\u00a0<b>F\u00c1BIO ANDREI DUARTE<\/b>, a coordena\u00e7\u00e3o substituta de\u00a0<b>GUILHERME LUIZ DOTTO<\/b>\u00a0e a secretaria de\u00a0<b>ANITA DA SILVA HERDINA<\/b>.<\/p>\n<p>O curso \u00e9 ofertado em per\u00edodo\u00a0<b>Semestral<\/b>, sendo\u00a0<b>8<\/b>\u00a0o n\u00famero de per\u00edodos indicados para sua conclus\u00e3o.<\/p>\n<p class=\"mt-3\">Reconhecido pelo Minist\u00e9rio da Educa\u00e7\u00e3o \u2013 Portaria n. 609\/2019<\/p><\/div>\n\t\t\t\t<\/div>\n\t\t\t\t\t\t\t\t<\/div>\n\t\t\t\t<\/div>\n\t\t\t\t<\/div>\n\t\t\t\t\t<\/div>\n\t\t<\/div>\n\t\t\t\t\t<\/div>\n\t\t<\/section>\n\t\t\t\t<section class=\"elementor-section elementor-top-section elementor-element elementor-element-9bd70bd elementor-section-boxed elementor-section-height-default elementor-section-height-default\" data-id=\"9bd70bd\" data-element_type=\"section\">\n\t\t\t\t\t\t<div class=\"elementor-container elementor-column-gap-default\">\n\t\t\t\t\t<div class=\"elementor-column elementor-col-100 elementor-top-column elementor-element elementor-element-b61ab50\" data-id=\"b61ab50\" data-element_type=\"column\">\n\t\t\t<div class=\"elementor-widget-wrap elementor-element-populated\">\n\t\t\t\t\t\t<div class=\"elementor-element elementor-element-154e847 elementor-widget elementor-widget-wp-widget-ufsm_noticias_widget\" data-id=\"154e847\" data-element_type=\"widget\" data-widget_type=\"wp-widget-ufsm_noticias_widget.default\">\n\t\t\t\t<div class=\"elementor-widget-container\">\n\t\t\t<h5 class='titulo-conteudos'>Not\u00edcias<\/h5><div class='widget-noticias-inside'>\n                        <div class=\"row\">\n                                    <div class=\"col-12 col-lg-12 pb-4\">\n                                        \n                                        \n                    \n                    <a class=\"noticias-widget-title d-block \"  title=\"Edital n\u00b0 01\/2026 PRH\/UFSM &#8211; Sele\u00e7\u00e3o de Bolsista de Interc\u00e2mbio Internacional PRH-ANP\" href=\"https:\/\/www.ufsm.br\/projetos\/ensino\/prh52\/2026\/04\/23\/edital-n-01-2026-prh-ufsm-selecao-de-bolsista-de-intercambio-internacional-prh-anp\">\n                                                Edital n\u00b0 01\/2026 PRH\/UFSM &#8211; Sele\u00e7\u00e3o de Bolsista de Interc\u00e2mbio Internacional PRH-ANP                    <\/a>\n                    \n                                            <div class=\"noticias-widget-introtext\">\n                            O Programa PRH-52\/UFSM torna p\u00fablica a abertura de inscri\u00e7\u00f5es para a sele\u00e7\u00e3o de 01 (um) bolsista titular e 01 (um) suplente para serem indicados pelo PRH 52\/UFSM ao Edital de Interc\u00e2mbio Internacional PRH-ANP (BEPE ANP) 2026, conforme previsto no item&hellip;                        <\/div>\n                    \n                                        \n                                        \n                                        <\/div>\n                            <\/div>\n                    <div class=\"row\">\n                                    <div class=\"col-12 col-lg-12 pb-4\">\n                                        \n                                        \n                    \n                    <a class=\"noticias-widget-title d-block \"  title=\"Resultado FINAL da Sele\u00e7\u00e3o de Novos(as) Bolsistas de Mestrado do PRH 52\/UFSM (PPGQ)\" href=\"https:\/\/www.ufsm.br\/projetos\/ensino\/prh52\/2025\/10\/10\/resultado-final-da-selecao-de-novosas-bolsista-de-mestrado-do-prh-52-ufsm-ppgq\">\n                                                Resultado FINAL da Sele\u00e7\u00e3o de Novos(as) Bolsistas de Mestrado do PRH 52\/UFSM (PPGQ)                    <\/a>\n                    \n                                            <div class=\"noticias-widget-introtext\">\n                            A Coordena\u00e7\u00e3o do Programa de Forma\u00e7\u00e3o de Recursos Humanos em Processamento e Controle de Qualidade de Petr\u00f3leo e Combust\u00edveis Renov\u00e1veis da Universidade Federal de Santa Maria, torna p\u00fablico o resultado FINAL da Sele\u00e7\u00e3o de Bolsista de Mestrado, referente ao Edital&hellip;                        <\/div>\n                    \n                                        \n                                        \n                                        <\/div>\n                            <\/div>\n                    <div class=\"row\">\n                                    <div class=\"col-12 col-lg-12 pb-4\">\n                                        \n                                        \n                    \n                    <a class=\"noticias-widget-title d-block \"  title=\"Resultado Preliminar da Sele\u00e7\u00e3o de Novo(a) Bolsista de Mestrado do PRH 52\/UFSM (PPGQ)\" href=\"https:\/\/www.ufsm.br\/projetos\/ensino\/prh52\/2025\/10\/08\/resultado-preliminar-da-selecao-de-novoa-bolsista-de-mestrado-do-prh-52-ufsm-ppgq\">\n                                                Resultado Preliminar da Sele\u00e7\u00e3o de Novo(a) Bolsista de Mestrado do PRH 52\/UFSM (PPGQ)                    <\/a>\n                    \n                                            <div class=\"noticias-widget-introtext\">\n                            A Coordena\u00e7\u00e3o do Programa de Forma\u00e7\u00e3o de Recursos Humanos em Processamento e Controle de Qualidade de Petr\u00f3leo e Combust\u00edveis Renov\u00e1veis da Universidade Federal de Santa Maria, torna p\u00fablico o resultado preliminar da Sele\u00e7\u00e3o de Bolsista de Mestrado, referente ao Edital&hellip;                        <\/div>\n                    \n                                        \n                                        \n                                        <\/div>\n                            <\/div>\n                    <div class=\"row\">\n                                    <div class=\"col-12 col-lg-12 pb-4\">\n                                        \n                                        \n                    \n                    <a class=\"noticias-widget-title d-block \"  title=\"Resultado FINAL da Sele\u00e7\u00e3o de Novo(a) Bolsista de P\u00f3s-Doutorado do PRH 52\/UFSM\" href=\"https:\/\/www.ufsm.br\/projetos\/ensino\/prh52\/2025\/10\/08\/resultado-final-da-selecao-de-novoa-bolsista-de-pos-doutorado-do-prh-52-ufsm\">\n                                                Resultado FINAL da Sele\u00e7\u00e3o de Novo(a) Bolsista de P\u00f3s-Doutorado do PRH 52\/UFSM                    <\/a>\n                    \n                                            <div class=\"noticias-widget-introtext\">\n                            A Coordena\u00e7\u00e3o do Programa de Forma\u00e7\u00e3o de Recursos Humanos em Processamento e Controle de Qualidade de Petr\u00f3leo e Combust\u00edveis Renov\u00e1veis da Universidade Federal de Santa Maria, torna p\u00fablico o resultado FINAL da Sele\u00e7\u00e3o de Bolsista de P\u00f3s-Doutorado, referente ao Edital&hellip;                        <\/div>\n                    \n                                        \n                                        \n                                        <\/div>\n                            <\/div>\n                    <div class=\"row\">\n                                    <div class=\"col-12 col-lg-12 pb-4\">\n                                        \n                                        \n                    \n                    <a class=\"noticias-widget-title d-block \"  title=\"Resultado Final da Sele\u00e7\u00e3o de Novos(as) Bolsistas de Mestrado do PRH 52\/UFSM\" href=\"https:\/\/www.ufsm.br\/projetos\/ensino\/prh52\/2025\/10\/07\/resultado-final-da-selecao-de-novosas-bolsistas-de-mestrado-do-prh-52-ufsm\">\n                                                Resultado Final da Sele\u00e7\u00e3o de Novos(as) Bolsistas de Mestrado do PRH 52\/UFSM                    <\/a>\n                    \n                                            <div class=\"noticias-widget-introtext\">\n                            Final A Coordena\u00e7\u00e3o do Programa de Forma\u00e7\u00e3o de Recursos Humanos em Processamento e Controle de Qualidade de Petr\u00f3leo e Combust\u00edveis Renov\u00e1veis da Universidade Federal de Santa Maria, torna p\u00fablico o resultado FINAL da Sele\u00e7\u00e3o de Bolsistas de\u00a0Mestrado, referente ao Edital&hellip;                        <\/div>\n                    \n                                        \n                                        \n                                        <\/div>\n                            <\/div>\n                    <div class=\"row\">\n                                    <div class=\"col-12 col-lg-12 pb-4\">\n                                        \n                                        \n                    \n                    <a class=\"noticias-widget-title d-block \"  title=\"Resultado Preliminar da Sele\u00e7\u00e3o de Novo(a) Bolsista de P\u00f3s-Doutorado do PRH 52\/UFSM\" href=\"https:\/\/www.ufsm.br\/projetos\/ensino\/prh52\/2025\/10\/06\/resultado-preliminar-da-selecao-de-novoa-bolsista-de-pos-doutorado-do-prh-52-ufsm\">\n                                                Resultado Preliminar da Sele\u00e7\u00e3o de Novo(a) Bolsista de P\u00f3s-Doutorado do PRH 52\/UFSM                    <\/a>\n                    \n                                            <div class=\"noticias-widget-introtext\">\n                            A Coordena\u00e7\u00e3o do Programa de Forma\u00e7\u00e3o de Recursos Humanos em Processamento e Controle de Qualidade de Petr\u00f3leo e Combust\u00edveis Renov\u00e1veis da Universidade Federal de Santa Maria, torna p\u00fablico o resultado preliminar da Sele\u00e7\u00e3o de Bolsista de&nbsp;P\u00f3s-Doutorado, referente ao Edital N\u00ba&hellip;                        <\/div>\n                    \n                                        \n                                        \n                                        <\/div>\n                            <\/div>\n                    <div class=\"row\">\n                                    <div class=\"col-12 col-lg-12 pb-4\">\n                                        \n                                        \n                    \n                    <a class=\"noticias-widget-title d-block \"  title=\"Edital n\u00b0 16\/2025 PRH\/UFSM &#8211; Sele\u00e7\u00e3o de Bolsistas de Mestrado\" href=\"https:\/\/www.ufsm.br\/projetos\/ensino\/prh52\/2025\/10\/03\/edital-n-13-2025-prh-ufsm-selecao-de-bolsistas-de-mestrado\">\n                                                Edital n\u00b0 16\/2025 PRH\/UFSM &#8211; Sele\u00e7\u00e3o de Bolsistas de Mestrado                    <\/a>\n                    \n                                            <div class=\"noticias-widget-introtext\">\n                            A Coordena\u00e7\u00e3o do&nbsp;Programa de Forma\u00e7\u00e3o de Recursos Humanos em Processamento e Controle de Qualidade de Petr\u00f3leo e Combust\u00edveis Renov\u00e1veis&nbsp;\u2013 PRH52\/UFSM torna p\u00fablico o Edital n\u00b0 16\/2025 PRH\/UFSM \u2013 Sele\u00e7\u00e3o de Bolsista de Mestrado. Clique aqui e acesse o Edital                        <\/div>\n                    \n                                        \n                                        \n                                        <\/div>\n                            <\/div>\n            <\/div>\n\t\t<\/div>\n\t\t\t\t<\/div>\n\t\t\t\t\t<\/div>\n\t\t<\/div>\n\t\t\t\t\t<\/div>\n\t\t<\/section>\n\t\t\t\t<section class=\"elementor-section elementor-top-section elementor-element elementor-element-ea6c61a elementor-section-boxed elementor-section-height-default elementor-section-height-default\" data-id=\"ea6c61a\" data-element_type=\"section\">\n\t\t\t\t\t\t<div class=\"elementor-container elementor-column-gap-default\">\n\t\t\t\t\t<div class=\"elementor-column elementor-col-100 elementor-top-column elementor-element elementor-element-73c3f6b\" data-id=\"73c3f6b\" data-element_type=\"column\">\n\t\t\t<div class=\"elementor-widget-wrap elementor-element-populated\">\n\t\t\t\t\t\t<div class=\"elementor-element elementor-element-7b92039 elementor-widget elementor-widget-heading\" data-id=\"7b92039\" data-element_type=\"widget\" data-widget_type=\"heading.default\">\n\t\t\t\t<div class=\"elementor-widget-container\">\n\t\t\t<h5 class=\"elementor-heading-title elementor-size-default\">PRH 52.1 nas Redes Sociais <\/h5>\t\t<\/div>\n\t\t\t\t<\/div>\n\t\t\t\t\t<\/div>\n\t\t<\/div>\n\t\t\t\t\t<\/div>\n\t\t<\/section>\n\t\t\t\t<section class=\"elementor-section elementor-top-section elementor-element elementor-element-5a22da2 elementor-section-boxed elementor-section-height-default elementor-section-height-default\" data-id=\"5a22da2\" data-element_type=\"section\">\n\t\t\t\t\t\t<div class=\"elementor-container elementor-column-gap-default\">\n\t\t\t\t\t<div class=\"elementor-column elementor-col-100 elementor-top-column elementor-element elementor-element-ddc3c16\" data-id=\"ddc3c16\" data-element_type=\"column\">\n\t\t\t<div class=\"elementor-widget-wrap elementor-element-populated\">\n\t\t\t\t\t\t<div class=\"elementor-element elementor-element-7827140 elementor-shape-rounded elementor-grid-0 e-grid-align-center elementor-widget elementor-widget-social-icons\" data-id=\"7827140\" data-element_type=\"widget\" data-widget_type=\"social-icons.default\">\n\t\t\t\t<div class=\"elementor-widget-container\">\n\t\t\t\t\t<div class=\"elementor-social-icons-wrapper elementor-grid\">\n\t\t\t\t\t\t\t<span class=\"elementor-grid-item\">\n\t\t\t\t\t<a class=\"elementor-icon elementor-social-icon elementor-social-icon-youtube elementor-repeater-item-bf59566\" href=\"https:\/\/www.youtube.com\/@prh52.1ufsm\" target=\"_blank\">\n\t\t\t\t\t\t<span class=\"elementor-screen-only\">Youtube<\/span>\n\t\t\t\t\t\t<i class=\"fab fa-youtube\"><\/i>\t\t\t\t\t<\/a>\n\t\t\t\t<\/span>\n\t\t\t\t\t\t\t<span class=\"elementor-grid-item\">\n\t\t\t\t\t<a class=\"elementor-icon elementor-social-icon elementor-social-icon-instagram elementor-repeater-item-a379242\" href=\"https:\/\/www.instagram.com\/prh52ufsm\/\" target=\"_blank\">\n\t\t\t\t\t\t<span class=\"elementor-screen-only\">Instagram<\/span>\n\t\t\t\t\t\t<i class=\"fab fa-instagram\"><\/i>\t\t\t\t\t<\/a>\n\t\t\t\t<\/span>\n\t\t\t\t\t<\/div>\n\t\t\t\t<\/div>\n\t\t\t\t<\/div>\n\t\t\t\t\t<\/div>\n\t\t<\/div>\n\t\t\t\t\t<\/div>\n\t\t<\/section>\n\t\t\t\t<\/div>\n\t\t","protected":false},"excerpt":{"rendered":"<p>Utilidades Oferta de Disciplinas Portal do Aluno Corpo Docente PRH52 Editais Informa\u00e7\u00f5es Curriculares Documentos e Manuais Cursos Participantes Tecnologia em Processos Qu\u00edmicos O curso de\u00a0Processos Qu\u00edmicos\u00a0est\u00e1 localizado em\u00a0Campus Camobi \u2013 UFSM\u00a0na modalidade\u00a0Tecnol\u00f3gico \u2013 Presencial\u00a0sendo\u00a0Diurno\u00a0o seu turno de funcionamento. A \u00e1rea de conhecimento do curso \u00e9 classificada como\u00a0CI\u00caNCIAS EXATAS E DA TERRA. Atualmente, a coordena\u00e7\u00e3o \u00e9 [&hellip;]<\/p>\n","protected":false},"author":8,"featured_media":0,"parent":0,"menu_order":0,"comment_status":"closed","ping_status":"closed","template":"","meta":{"footnotes":""},"categories":[],"tags":[],"class_list":["post-5","page","type-page","status-publish","hentry"],"acf":[],"_links":{"self":[{"href":"https:\/\/www.ufsm.br\/projetos\/ensino\/prh52\/wp-json\/wp\/v2\/pages\/5","targetHints":{"allow":["GET"]}}],"collection":[{"href":"https:\/\/www.ufsm.br\/projetos\/ensino\/prh52\/wp-json\/wp\/v2\/pages"}],"about":[{"href":"https:\/\/www.ufsm.br\/projetos\/ensino\/prh52\/wp-json\/wp\/v2\/types\/page"}],"author":[{"embeddable":true,"href":"https:\/\/www.ufsm.br\/projetos\/ensino\/prh52\/wp-json\/wp\/v2\/users\/8"}],"replies":[{"embeddable":true,"href":"https:\/\/www.ufsm.br\/projetos\/ensino\/prh52\/wp-json\/wp\/v2\/comments?post=5"}],"version-history":[{"count":0,"href":"https:\/\/www.ufsm.br\/projetos\/ensino\/prh52\/wp-json\/wp\/v2\/pages\/5\/revisions"}],"wp:attachment":[{"href":"https:\/\/www.ufsm.br\/projetos\/ensino\/prh52\/wp-json\/wp\/v2\/media?parent=5"}],"wp:term":[{"taxonomy":"category","embeddable":true,"href":"https:\/\/www.ufsm.br\/projetos\/ensino\/prh52\/wp-json\/wp\/v2\/categories?post=5"},{"taxonomy":"post_tag","embeddable":true,"href":"https:\/\/www.ufsm.br\/projetos\/ensino\/prh52\/wp-json\/wp\/v2\/tags?post=5"}],"curies":[{"name":"wp","href":"https:\/\/api.w.org\/{rel}","templated":true}]}}