{"id":5,"date":"2018-01-18T08:39:17","date_gmt":"2018-01-18T10:39:17","guid":{"rendered":"https:\/\/www.ufsm.br\/cursos\/graduacao\/nutricao\/12352\/?page_id=5"},"modified":"2023-03-16T19:10:15","modified_gmt":"2023-03-16T22:10:15","slug":"pagina-inicial","status":"publish","type":"page","link":"https:\/\/www.ufsm.br\/projetos\/extensao\/nieems\/","title":{"rendered":"P\u00e1gina Inicial"},"content":{"rendered":"\t\t<div data-elementor-type=\"wp-post\" data-elementor-id=\"5\" class=\"elementor elementor-5\">\n\t\t\t\t\t\t<section class=\"elementor-section elementor-top-section elementor-element elementor-element-f6a61e1 elementor-section-boxed elementor-section-height-default elementor-section-height-default\" data-id=\"f6a61e1\" data-element_type=\"section\">\n\t\t\t\t\t\t<div class=\"elementor-container elementor-column-gap-default\">\n\t\t\t\t\t<div class=\"elementor-column elementor-col-100 elementor-top-column elementor-element elementor-element-81ce27f\" data-id=\"81ce27f\" data-element_type=\"column\">\n\t\t\t<div class=\"elementor-widget-wrap elementor-element-populated\">\n\t\t\t\t\t\t<div class=\"elementor-element elementor-element-8d1f660 elementor-widget elementor-widget-wp-widget-ufsm_noticias_widget\" data-id=\"8d1f660\" data-element_type=\"widget\" data-widget_type=\"wp-widget-ufsm_noticias_widget.default\">\n\t\t\t\t<div class=\"elementor-widget-container\">\n\t\t\t<div id='ufsm-carousel-1777532180-1470937747' class='carousel slide carousel-ufsm' data-bs-ride='carousel' aria-hidden='true'>\n    <div class='carousel-inner'>\n                    \n\n            <div class='carousel-item active' data-bs-interval='4000'>\n                                    <!-- Link && Slider Image -->\n                    <a href='https:\/\/www.ufsm.br\/projetos\/extensao\/nieems\/2020\/06\/01\/banner-1'>\n                        <img class='w-100' style='max-height:250px; object-fit:cover;' alt=\"\" srcset=\"https:\/\/www.ufsm.br\/app\/uploads\/sites\/826\/2020\/06\/banner-300x169.jpg 300w, https:\/\/www.ufsm.br\/app\/uploads\/sites\/826\/2020\/06\/banner-1024x576.jpg 1024w, https:\/\/www.ufsm.br\/app\/uploads\/sites\/826\/2020\/06\/banner-768x432.jpg 768w, https:\/\/www.ufsm.br\/app\/uploads\/sites\/826\/2020\/06\/banner.jpg 1200w\">\n                    <\/a>\n                \n                \n                                                            <\/div>\n                    <!-- Exibi Indicadores -->\n            <\/div>\n<\/div>\n<!-- Acessibilidade, apenas leitor de tela -->\n<ul class='visually-hidden'>\n    <li><a href='https:\/\/www.ufsm.br\/projetos\/extensao\/nieems\/2020\/06\/01\/banner-1'>Banner 1<\/a><\/li><\/ul>\n\t\t<\/div>\n\t\t\t\t<\/div>\n\t\t\t\t\t<\/div>\n\t\t<\/div>\n\t\t\t\t\t<\/div>\n\t\t<\/section>\n\t\t\t\t<section class=\"elementor-section elementor-top-section elementor-element elementor-element-0ddbb5b elementor-section-boxed elementor-section-height-default elementor-section-height-default\" data-id=\"0ddbb5b\" data-element_type=\"section\">\n\t\t\t\t\t\t<div class=\"elementor-container elementor-column-gap-default\">\n\t\t\t\t\t<div class=\"elementor-column elementor-col-100 elementor-top-column elementor-element elementor-element-cdae1d4\" data-id=\"cdae1d4\" data-element_type=\"column\">\n\t\t\t<div class=\"elementor-widget-wrap elementor-element-populated\">\n\t\t\t\t\t\t<div class=\"elementor-element elementor-element-0ce57f4 elementor-widget elementor-widget-text-editor\" data-id=\"0ce57f4\" data-element_type=\"widget\" data-widget_type=\"text-editor.default\">\n\t\t\t\t<div class=\"elementor-widget-container\">\n\t\t\t\t\t\t\t<h5>Apresenta\u00e7\u00e3o<\/h5>\t\t\t\t\t\t<\/div>\n\t\t\t\t<\/div>\n\t\t\t\t\t<\/div>\n\t\t<\/div>\n\t\t\t\t\t<\/div>\n\t\t<\/section>\n\t\t\t\t<section class=\"elementor-section elementor-top-section elementor-element elementor-element-b51b7b1 elementor-section-boxed elementor-section-height-default elementor-section-height-default\" data-id=\"b51b7b1\" data-element_type=\"section\">\n\t\t\t\t\t\t<div class=\"elementor-container elementor-column-gap-default\">\n\t\t\t\t\t<div class=\"elementor-column elementor-col-100 elementor-top-column elementor-element elementor-element-65cbdec\" data-id=\"65cbdec\" data-element_type=\"column\">\n\t\t\t<div class=\"elementor-widget-wrap elementor-element-populated\">\n\t\t\t\t\t\t<div class=\"elementor-element elementor-element-60760f4 elementor-widget elementor-widget-text-editor\" data-id=\"60760f4\" data-element_type=\"widget\" data-widget_type=\"text-editor.default\">\n\t\t\t\t<div class=\"elementor-widget-container\">\n\t\t\t\t\t\t\t<p>O N\u00facleo de Implementa\u00e7\u00e3o da Excel\u00eancia Esportiva e Manuten\u00e7\u00e3o da Sa\u00fade (NIEEMS) surgiu ao final de 2017 com a miss\u00e3o de oportunizar o esporte e suas vertentes nos mais diversos \u00e2mbitos da sociedade, visto isso, h\u00e1 o empenho diuturno em integrar, do l\u00fadico ao rendimento, todas as possibilidades que permeiam a atividade f\u00edsica e a qualidade de vida.<\/p>\n<p>Junto \u00e0 UFSM, o NIEEMS tem como intuito realizar o desenvolvimento de atividades que abarquem toda a comunidade e propiciem viv\u00eancias \u00edmpares aos envolvidos.<\/p>\t\t\t\t\t\t<\/div>\n\t\t\t\t<\/div>\n\t\t\t\t\t<\/div>\n\t\t<\/div>\n\t\t\t\t\t<\/div>\n\t\t<\/section>\n\t\t\t\t<section class=\"elementor-section elementor-top-section elementor-element elementor-element-06842b9 elementor-section-content-bottom elementor-section-boxed elementor-section-height-default elementor-section-height-default\" data-id=\"06842b9\" data-element_type=\"section\">\n\t\t\t\t\t\t<div class=\"elementor-container elementor-column-gap-default\">\n\t\t\t\t\t<div class=\"elementor-column elementor-col-100 elementor-top-column elementor-element elementor-element-ef69cc5\" data-id=\"ef69cc5\" data-element_type=\"column\">\n\t\t\t<div class=\"elementor-widget-wrap elementor-element-populated\">\n\t\t\t\t\t\t<div class=\"elementor-element elementor-element-eb832d6 elementor-widget elementor-widget-wp-widget-ufsm_noticias_widget\" data-id=\"eb832d6\" data-element_type=\"widget\" data-widget_type=\"wp-widget-ufsm_noticias_widget.default\">\n\t\t\t\t<div class=\"elementor-widget-container\">\n\t\t\t<h5 class='titulo-conteudos'>Not\u00edcias<\/h5><div class='widget-noticias-inside'>\n                        <div class=\"row\">\n                                    <div class=\"col-12 col-lg-12 pb-4\">\n                                        \n                                        \n                    \n                    <a class=\"noticias-widget-title d-block \"  title=\"Nicole Cruz da Rosa garante a medalha de Bronze nos JUBs 2023\" href=\"https:\/\/www.ufsm.br\/projetos\/extensao\/nieems\/2023\/10\/13\/nicole-cruz-da-rosa-garante-a-medalha-de-bronze-nos-jubs-2023\">\n                                                Nicole Cruz da Rosa garante a medalha de Bronze nos JUBs 2023                    <\/a>\n                    \n                    \n                                        \n                                        \n                                            \n                                                    <div title=\"Publicado em 13\/10\/2023 - 14:04\" class=\"data-publicacao-widget\">\n                                <i  class=\"far fa-clock\"><\/i>\n                                13\/10\/2023 - 14:04                            <\/div>\n                                                                <\/div>\n                            <\/div>\n                    <div class=\"row\">\n                                    <div class=\"col-12 col-lg-12 pb-4\">\n                                        \n                                        \n                    \n                    <a class=\"noticias-widget-title d-block \"  title=\"Gabriel Pozzo e Adriano Velozo conquistam o Campeonato Ga\u00facho de Atletismo\" href=\"https:\/\/www.ufsm.br\/projetos\/extensao\/nieems\/2023\/10\/08\/gabriel-pozzo-e-adriano-velozo-conquistam-o-campeonato-gaucho-de-atletismo\">\n                                                Gabriel Pozzo e Adriano Velozo conquistam o Campeonato Ga\u00facho de Atletismo                    <\/a>\n                    \n                    \n                                        \n                                        \n                                            \n                                                    <div title=\"Publicado em 08\/10\/2023 - 16:45\" class=\"data-publicacao-widget\">\n                                <i  class=\"far fa-clock\"><\/i>\n                                08\/10\/2023 - 16:45                            <\/div>\n                                                                <\/div>\n                            <\/div>\n                    <div class=\"row\">\n                                    <div class=\"col-12 col-lg-12 pb-4\">\n                                        \n                                        \n                    \n                    <a class=\"noticias-widget-title d-block \"  title=\"Vem a\u00ed o curso de arbitragem de atletismo da FAERGS e CBAt\" href=\"https:\/\/www.ufsm.br\/projetos\/extensao\/nieems\/2023\/10\/05\/vem-ai-o-curso-de-arbitragem-de-atletismo-da-faergs-e-cbat\">\n                                                Vem a\u00ed o curso de arbitragem de atletismo da FAERGS e CBAt                    <\/a>\n                    \n                    \n                                        \n                                        \n                                            \n                                                    <div title=\"Publicado em 05\/10\/2023 - 17:09\" class=\"data-publicacao-widget\">\n                                <i  class=\"far fa-clock\"><\/i>\n                                05\/10\/2023 - 17:09                            <\/div>\n                                                                <\/div>\n                            <\/div>\n                    <div class=\"row\">\n                                    <div class=\"col-12 col-lg-12 pb-4\">\n                                        \n                                        \n                    \n                    <a class=\"noticias-widget-title d-block \"  title=\"Atletas da UFSM participaram do Campeonato Brasileiro de Atletismo Sub20\" href=\"https:\/\/www.ufsm.br\/projetos\/extensao\/nieems\/2023\/04\/11\/atletas-da-ufsm-participaram-do-campeonato-brasileiro-de-atletismo-sub20\">\n                                                Atletas da UFSM participaram do Campeonato Brasileiro de Atletismo Sub20                    <\/a>\n                    \n                    \n                                        \n                                        \n                                            \n                                                    <div title=\"Publicado em 11\/04\/2023 - 22:03\" class=\"data-publicacao-widget\">\n                                <i  class=\"far fa-clock\"><\/i>\n                                11\/04\/2023 - 22:03                            <\/div>\n                                                                <\/div>\n                            <\/div>\n                    <div class=\"row\">\n                                    <div class=\"col-12 col-lg-12 pb-4\">\n                                        \n                                        \n                    \n                    <a class=\"noticias-widget-title d-block \"  title=\"Atletismo UFSM: Gabriel Pozzo vence e quebra recorde na 9\u00aa edi\u00e7\u00e3o do Desafio das Coxilhas\" href=\"https:\/\/www.ufsm.br\/projetos\/extensao\/nieems\/2023\/04\/09\/atletismo-ufsm-gabriel-pozzo-vence-e-quebra-recorde-na-9a-edicao-do-desafio-das-coxilhas\">\n                                                Atletismo UFSM: Gabriel Pozzo vence e quebra recorde na 9\u00aa edi\u00e7\u00e3o do Desafio das Coxilhas                    <\/a>\n                    \n                    \n                                        \n                                        \n                                            \n                                                    <div title=\"Publicado em 09\/04\/2023 - 10:40\" class=\"data-publicacao-widget\">\n                                <i  class=\"far fa-clock\"><\/i>\n                                09\/04\/2023 - 10:40                            <\/div>\n                                                                <\/div>\n                            <\/div>\n            <\/div>\n\t\t<\/div>\n\t\t\t\t<\/div>\n\t\t\t\t\t<\/div>\n\t\t<\/div>\n\t\t\t\t\t<\/div>\n\t\t<\/section>\n\t\t\t\t<section class=\"elementor-section elementor-top-section elementor-element elementor-element-7a9d9cf elementor-section-boxed elementor-section-height-default elementor-section-height-default\" data-id=\"7a9d9cf\" data-element_type=\"section\">\n\t\t\t\t\t\t<div class=\"elementor-container elementor-column-gap-default\">\n\t\t\t\t\t<div class=\"elementor-column elementor-col-100 elementor-top-column elementor-element elementor-element-b64b82e\" data-id=\"b64b82e\" data-element_type=\"column\">\n\t\t\t<div class=\"elementor-widget-wrap elementor-element-populated\">\n\t\t\t\t\t\t<div class=\"elementor-element elementor-element-6a4969c elementor-widget elementor-widget-wp-widget-ufsm_noticias_widget\" data-id=\"6a4969c\" data-element_type=\"widget\" data-widget_type=\"wp-widget-ufsm_noticias_widget.default\">\n\t\t\t\t<div class=\"elementor-widget-container\">\n\t\t\t<div class='widget-noticias-inside'>\n                        <div class=\"row\">\n                                    <div class=\"col-12 col-lg-12 pb-4\">\n                                        \n                                        \n                    \n                    <a class=\"noticias-widget-title d-block \"  title=\"Est\u00e3o abertas as inscri\u00e7\u00f5es para a 2\u00aa Corrida da Causa Animal de Santa Maria\" href=\"https:\/\/www.ufsm.br\/2026\/04\/10\/estao-abertas-as-inscricoes-para-a-2a-corrida-da-causa-animal-de-santa-maria\">\n                                                Est\u00e3o abertas as inscri\u00e7\u00f5es para a 2\u00aa Corrida da Causa Animal de Santa Maria                    <\/a>\n                    \n                    \n                                        \n                                        \n                                            \n                                                    <div title=\"Publicado em 10\/04\/2026 - 08:15\" class=\"data-publicacao-widget\">\n                                <i  class=\"far fa-clock\"><\/i>\n                                10\/04\/2026 - 08:15                            <\/div>\n                                                                <\/div>\n                            <\/div>\n                    <div class=\"row\">\n                                    <div class=\"col-12 col-lg-12 pb-4\">\n                                        \n                                        \n                    \n                    <a class=\"noticias-widget-title d-block \"  title=\"Atleta da UFSM conquista ouro no Trof\u00e9u Mau\u00e1 de Atletismo\" href=\"https:\/\/www.ufsm.br\/2025\/11\/03\/atleta-da-ufsm-conquista-ouro-no-trofeu-maua-de-atletismo\">\n                                                Atleta da UFSM conquista ouro no Trof\u00e9u Mau\u00e1 de Atletismo                    <\/a>\n                    \n                    \n                                        \n                                        \n                                            \n                                                    <div title=\"Publicado em 03\/11\/2025 - 07:51\" class=\"data-publicacao-widget\">\n                                <i  class=\"far fa-clock\"><\/i>\n                                03\/11\/2025 - 07:51                            <\/div>\n                                                                <\/div>\n                            <\/div>\n                    <div class=\"row\">\n                                    <div class=\"col-12 col-lg-12 pb-4\">\n                                        \n                                        \n                    \n                    <a class=\"noticias-widget-title d-block \"  title=\"Pioneira no pa\u00eds, UFSM tem disciplina voltada ao esporte orienta\u00e7\u00e3o\u00a0\" href=\"https:\/\/www.ufsm.br\/2025\/10\/03\/pioneira-no-pais-ufsm-tem-disciplina-voltada-ao-esporte-orientacao\">\n                                                Pioneira no pa\u00eds, UFSM tem disciplina voltada ao esporte orienta\u00e7\u00e3o\u00a0                    <\/a>\n                    \n                    \n                                        \n                                        \n                                            \n                                                    <div title=\"Publicado em 03\/10\/2025 - 08:57\" class=\"data-publicacao-widget\">\n                                <i  class=\"far fa-clock\"><\/i>\n                                03\/10\/2025 - 08:57                            <\/div>\n                                                                <\/div>\n                            <\/div>\n                    <div class=\"row\">\n                                    <div class=\"col-12 col-lg-12 pb-4\">\n                                        \n                                        \n                    \n                    <a class=\"noticias-widget-title d-block \"  title=\"Entrada de Pains ser\u00e1 fechada na manh\u00e3 de domingo (15)\" href=\"https:\/\/www.ufsm.br\/2025\/06\/13\/entrada-de-pains-sera-fechada-na-manha-de-domingo-15\">\n                                                Entrada de Pains ser\u00e1 fechada na manh\u00e3 de domingo (15)                    <\/a>\n                    \n                    \n                                        \n                                        \n                                            \n                                                    <div title=\"Publicado em 13\/06\/2025 - 12:35\" class=\"data-publicacao-widget\">\n                                <i  class=\"far fa-clock\"><\/i>\n                                13\/06\/2025 - 12:35                            <\/div>\n                                                                <\/div>\n                            <\/div>\n            <\/div>\n<div class=\"leia-mais p-1\">\n                <a href=\"https:\/\/www.ufsm.br\/projetos\/extensao\/nieems\/busca\/?q=&area=post&orderby=date&sites%5B%5D=1&sites%5B%5D=374&tags=semana-nieems,nieems\">\n            LEIA MAIS            <span class=\"icon-box\">\n                <span class=\"bg-ufsm-widget-icon\">\n                    <i class=\"fas fa-chevron-right\" aria-hidden=\"true\"><\/i>\n                <\/span>\n            <\/span>\n        <\/a>\n    <\/div>\n\t\t<\/div>\n\t\t\t\t<\/div>\n\t\t\t\t\t<\/div>\n\t\t<\/div>\n\t\t\t\t\t<\/div>\n\t\t<\/section>\n\t\t\t\t<section class=\"elementor-section elementor-top-section elementor-element elementor-element-b35d1e8 elementor-section-boxed elementor-section-height-default elementor-section-height-default\" data-id=\"b35d1e8\" data-element_type=\"section\">\n\t\t\t\t\t\t<div class=\"elementor-container elementor-column-gap-default\">\n\t\t\t\t\t<div class=\"elementor-column elementor-col-100 elementor-top-column elementor-element elementor-element-08378dc\" data-id=\"08378dc\" data-element_type=\"column\">\n\t\t\t<div class=\"elementor-widget-wrap elementor-element-populated\">\n\t\t\t\t\t\t<div class=\"elementor-element elementor-element-3916f30 elementor-widget elementor-widget-text-editor\" data-id=\"3916f30\" data-element_type=\"widget\" data-widget_type=\"text-editor.default\">\n\t\t\t\t<div class=\"elementor-widget-container\">\n\t\t\t\t\t\t\t<h5>Utilidades<\/h5>\t\t\t\t\t\t<\/div>\n\t\t\t\t<\/div>\n\t\t\t\t\t<\/div>\n\t\t<\/div>\n\t\t\t\t\t<\/div>\n\t\t<\/section>\n\t\t\t\t<section class=\"elementor-section elementor-top-section elementor-element elementor-element-d791be6 elementor-section-boxed elementor-section-height-default elementor-section-height-default\" data-id=\"d791be6\" data-element_type=\"section\">\n\t\t\t\t\t\t<div class=\"elementor-container elementor-column-gap-default\">\n\t\t\t\t\t<div class=\"elementor-column elementor-col-25 elementor-top-column elementor-element elementor-element-6f33c55\" data-id=\"6f33c55\" data-element_type=\"column\">\n\t\t\t<div class=\"elementor-widget-wrap elementor-element-populated\">\n\t\t\t\t\t\t<div class=\"elementor-element elementor-element-a198b86 elementor-view-default elementor-position-top elementor-mobile-position-top elementor-widget elementor-widget-icon-box\" data-id=\"a198b86\" data-element_type=\"widget\" data-widget_type=\"icon-box.default\">\n\t\t\t\t<div class=\"elementor-widget-container\">\n\t\t\t\t\t<div class=\"elementor-icon-box-wrapper\">\n\n\t\t\t\t\t\t<div class=\"elementor-icon-box-icon\">\n\t\t\t\t<a href=\"https:\/\/www.ufsm.br\/projetos\/extensao\/nieems\/geeems\" class=\"elementor-icon elementor-animation-\" tabindex=\"-1\">\n\t\t\t\t<i aria-hidden=\"true\" class=\"fas fa-search\"><\/i>\t\t\t\t<\/a>\n\t\t\t<\/div>\n\t\t\t\n\t\t\t\t\t\t<div class=\"elementor-icon-box-content\">\n\n\t\t\t\t\t\t\t\t\t<h3 class=\"elementor-icon-box-title\">\n\t\t\t\t\t\t<a href=\"https:\/\/www.ufsm.br\/projetos\/extensao\/nieems\/geeems\" >\n\t\t\t\t\t\t\tGrupo de estudos em excel\u00eancia esportiva e manuten\u00e7\u00e3o da sa\u00fade\n\t\t\t\t\t\t<\/a>\n\t\t\t\t\t<\/h3>\n\t\t\t\t\n\t\t\t\t\n\t\t\t<\/div>\n\t\t\t\n\t\t<\/div>\n\t\t\t\t<\/div>\n\t\t\t\t<\/div>\n\t\t\t\t\t<\/div>\n\t\t<\/div>\n\t\t\t\t<div class=\"elementor-column elementor-col-25 elementor-top-column elementor-element elementor-element-6859cda\" data-id=\"6859cda\" data-element_type=\"column\">\n\t\t\t<div class=\"elementor-widget-wrap elementor-element-populated\">\n\t\t\t\t\t\t<div class=\"elementor-element elementor-element-bd66971 elementor-view-default elementor-position-top elementor-mobile-position-top elementor-widget elementor-widget-icon-box\" data-id=\"bd66971\" data-element_type=\"widget\" data-widget_type=\"icon-box.default\">\n\t\t\t\t<div class=\"elementor-widget-container\">\n\t\t\t\t\t<div class=\"elementor-icon-box-wrapper\">\n\n\t\t\t\t\t\t<div class=\"elementor-icon-box-icon\">\n\t\t\t\t<a href=\"https:\/\/www.ufsm.br\/projetos\/extensao\/nieems\/projetos-de-extensao\/\" class=\"elementor-icon elementor-animation-\" tabindex=\"-1\">\n\t\t\t\t<i aria-hidden=\"true\" class=\"fas fa-project-diagram\"><\/i>\t\t\t\t<\/a>\n\t\t\t<\/div>\n\t\t\t\n\t\t\t\t\t\t<div class=\"elementor-icon-box-content\">\n\n\t\t\t\t\t\t\t\t\t<h3 class=\"elementor-icon-box-title\">\n\t\t\t\t\t\t<a href=\"https:\/\/www.ufsm.br\/projetos\/extensao\/nieems\/projetos-de-extensao\/\" >\n\t\t\t\t\t\t\tProjetos\t\t\t\t\t\t<\/a>\n\t\t\t\t\t<\/h3>\n\t\t\t\t\n\t\t\t\t\n\t\t\t<\/div>\n\t\t\t\n\t\t<\/div>\n\t\t\t\t<\/div>\n\t\t\t\t<\/div>\n\t\t\t\t\t<\/div>\n\t\t<\/div>\n\t\t\t\t<div class=\"elementor-column elementor-col-25 elementor-top-column elementor-element elementor-element-869e44c\" data-id=\"869e44c\" data-element_type=\"column\">\n\t\t\t<div class=\"elementor-widget-wrap elementor-element-populated\">\n\t\t\t\t\t\t<div class=\"elementor-element elementor-element-23b7c23 elementor-view-default elementor-position-top elementor-mobile-position-top elementor-widget elementor-widget-icon-box\" data-id=\"23b7c23\" data-element_type=\"widget\" data-widget_type=\"icon-box.default\">\n\t\t\t\t<div class=\"elementor-widget-container\">\n\t\t\t\t\t<div class=\"elementor-icon-box-wrapper\">\n\n\t\t\t\t\t\t<div class=\"elementor-icon-box-icon\">\n\t\t\t\t<a href=\"https:\/\/www.ufsm.br\/projetos\/extensao\/nieems\/eventos\" class=\"elementor-icon elementor-animation-\" tabindex=\"-1\">\n\t\t\t\t<i aria-hidden=\"true\" class=\"fas fa-bullhorn\"><\/i>\t\t\t\t<\/a>\n\t\t\t<\/div>\n\t\t\t\n\t\t\t\t\t\t<div class=\"elementor-icon-box-content\">\n\n\t\t\t\t\t\t\t\t\t<h3 class=\"elementor-icon-box-title\">\n\t\t\t\t\t\t<a href=\"https:\/\/www.ufsm.br\/projetos\/extensao\/nieems\/eventos\" >\n\t\t\t\t\t\t\tDivulga\u00e7\u00e3o de Eventos\t\t\t\t\t\t<\/a>\n\t\t\t\t\t<\/h3>\n\t\t\t\t\n\t\t\t\t\n\t\t\t<\/div>\n\t\t\t\n\t\t<\/div>\n\t\t\t\t<\/div>\n\t\t\t\t<\/div>\n\t\t\t\t\t<\/div>\n\t\t<\/div>\n\t\t\t\t<div class=\"elementor-column elementor-col-25 elementor-top-column elementor-element elementor-element-8f09511\" data-id=\"8f09511\" data-element_type=\"column\">\n\t\t\t<div class=\"elementor-widget-wrap elementor-element-populated\">\n\t\t\t\t\t\t<div class=\"elementor-element elementor-element-6357ce2 elementor-view-default elementor-position-top elementor-mobile-position-top elementor-widget elementor-widget-icon-box\" data-id=\"6357ce2\" data-element_type=\"widget\" data-widget_type=\"icon-box.default\">\n\t\t\t\t<div class=\"elementor-widget-container\">\n\t\t\t\t\t<div class=\"elementor-icon-box-wrapper\">\n\n\t\t\t\t\t\t<div class=\"elementor-icon-box-icon\">\n\t\t\t\t<a href=\"https:\/\/www.ufsm.br\/projetos\/extensao\/nieems\/busca\/?q=edital&#038;sites%5B%5D=826&#038;tags=&#038;orderby=date&#038;order=DESC&#038;perpage=15&#038;area=editais&#038;tipo_edital=&#038;licitacao_edital=&#038;concurso_edital_mod=&#038;concurso_edital_cat=&#038;outro_edital=\" class=\"elementor-icon elementor-animation-\" tabindex=\"-1\">\n\t\t\t\t<i aria-hidden=\"true\" class=\"far fa-file\"><\/i>\t\t\t\t<\/a>\n\t\t\t<\/div>\n\t\t\t\n\t\t\t\t\t\t<div class=\"elementor-icon-box-content\">\n\n\t\t\t\t\t\t\t\t\t<h3 class=\"elementor-icon-box-title\">\n\t\t\t\t\t\t<a href=\"https:\/\/www.ufsm.br\/projetos\/extensao\/nieems\/busca\/?q=edital&#038;sites%5B%5D=826&#038;tags=&#038;orderby=date&#038;order=DESC&#038;perpage=15&#038;area=editais&#038;tipo_edital=&#038;licitacao_edital=&#038;concurso_edital_mod=&#038;concurso_edital_cat=&#038;outro_edital=\" >\n\t\t\t\t\t\t\tEditais\t\t\t\t\t\t<\/a>\n\t\t\t\t\t<\/h3>\n\t\t\t\t\n\t\t\t\t\n\t\t\t<\/div>\n\t\t\t\n\t\t<\/div>\n\t\t\t\t<\/div>\n\t\t\t\t<\/div>\n\t\t\t\t\t<\/div>\n\t\t<\/div>\n\t\t\t\t\t<\/div>\n\t\t<\/section>\n\t\t\t\t<\/div>\n\t\t","protected":false},"excerpt":{"rendered":"<p>Apresenta\u00e7\u00e3o O N\u00facleo de Implementa\u00e7\u00e3o da Excel\u00eancia Esportiva e Manuten\u00e7\u00e3o da Sa\u00fade (NIEEMS) surgiu ao final de 2017 com a miss\u00e3o de oportunizar o esporte e suas vertentes nos mais diversos \u00e2mbitos da sociedade, visto isso, h\u00e1 o empenho diuturno em integrar, do l\u00fadico ao rendimento, todas as possibilidades que permeiam a atividade f\u00edsica e [&hellip;]<\/p>\n","protected":false},"author":2805,"featured_media":0,"parent":0,"menu_order":0,"comment_status":"closed","ping_status":"closed","template":"","meta":{"footnotes":""},"categories":[],"tags":[],"class_list":["post-5","page","type-page","status-publish","hentry"],"acf":[],"_links":{"self":[{"href":"https:\/\/www.ufsm.br\/projetos\/extensao\/nieems\/wp-json\/wp\/v2\/pages\/5","targetHints":{"allow":["GET"]}}],"collection":[{"href":"https:\/\/www.ufsm.br\/projetos\/extensao\/nieems\/wp-json\/wp\/v2\/pages"}],"about":[{"href":"https:\/\/www.ufsm.br\/projetos\/extensao\/nieems\/wp-json\/wp\/v2\/types\/page"}],"author":[{"embeddable":true,"href":"https:\/\/www.ufsm.br\/projetos\/extensao\/nieems\/wp-json\/wp\/v2\/users\/2805"}],"replies":[{"embeddable":true,"href":"https:\/\/www.ufsm.br\/projetos\/extensao\/nieems\/wp-json\/wp\/v2\/comments?post=5"}],"version-history":[{"count":0,"href":"https:\/\/www.ufsm.br\/projetos\/extensao\/nieems\/wp-json\/wp\/v2\/pages\/5\/revisions"}],"wp:attachment":[{"href":"https:\/\/www.ufsm.br\/projetos\/extensao\/nieems\/wp-json\/wp\/v2\/media?parent=5"}],"wp:term":[{"taxonomy":"category","embeddable":true,"href":"https:\/\/www.ufsm.br\/projetos\/extensao\/nieems\/wp-json\/wp\/v2\/categories?post=5"},{"taxonomy":"post_tag","embeddable":true,"href":"https:\/\/www.ufsm.br\/projetos\/extensao\/nieems\/wp-json\/wp\/v2\/tags?post=5"}],"curies":[{"name":"wp","href":"https:\/\/api.w.org\/{rel}","templated":true}]}}