{"id":155,"date":"2019-05-20T13:27:18","date_gmt":"2019-05-20T16:27:18","guid":{"rendered":"https:\/\/www.ufsm.br\/projetos-extensao-proext-pg\/?page_id=155"},"modified":"2026-04-07T09:48:12","modified_gmt":"2026-04-07T12:48:12","slug":"comite-gestor","status":"publish","type":"page","link":"https:\/\/www.ufsm.br\/projetos\/extensao\/proext-pg\/comite-gestor","title":{"rendered":"Comit\u00ea Gestor PROEXT-PG UFSM (CGPROEXT-PG)"},"content":{"rendered":"\t\t<div data-elementor-type=\"wp-page\" data-elementor-id=\"155\" class=\"elementor elementor-155\">\n\t\t\t\t\t\t<section class=\"elementor-section elementor-top-section elementor-element elementor-element-8a58fec elementor-section-boxed elementor-section-height-default elementor-section-height-default\" data-id=\"8a58fec\" data-element_type=\"section\">\n\t\t\t\t\t\t<div class=\"elementor-container elementor-column-gap-default\">\n\t\t\t\t\t<div class=\"elementor-column elementor-col-100 elementor-top-column elementor-element elementor-element-4c1eb8f0\" data-id=\"4c1eb8f0\" data-element_type=\"column\">\n\t\t\t<div class=\"elementor-widget-wrap elementor-element-populated\">\n\t\t\t\t\t\t<div class=\"elementor-element elementor-element-2f70dc45 elementor-widget elementor-widget-text-editor\" data-id=\"2f70dc45\" data-element_type=\"widget\" data-widget_type=\"text-editor.default\">\n\t\t\t\t<div class=\"elementor-widget-container\">\n\t\t\t\t\t\t\t<p><strong>Composi\u00e7\u00e3o:<\/strong><\/p>\n<table style=\"border-collapse: collapse;width: 100%\">\n<tbody>\n<tr>\n<td style=\"width: 50%\"><b>Presidente do Comit\u00ea<\/b><\/td>\n<td style=\"width: 50%\">Prof.\u00aa Cristina Wayne Nogueira<\/td>\n<\/tr>\n<tr>\n<td style=\"width: 50%\"><b>Representantes da PRPGP<\/b><\/td>\n<td style=\"width: 50%\">Prof. Leandro Souza da Silva (Titular)<br>Prof.\u00aa Tatiana Emanuelli (Titular)<br>Prof.\u00aa Cristiane de Bona da Silva (Suplente)<br>TAE Andr\u00e9 dos Santos Leandro (Suplente)<\/td>\n<\/tr>\n<tr>\n<td style=\"width: 50%\"><b>Representantes da PRE<\/b><\/td>\n<td style=\"width: 50%\"><span style=\"font-size: 16px\">Prof.\u00aa Milena Carvalho Bezerra Freire de Oliveira-Cruz (Titular)<\/span><br style=\"font-size: 16px\"><span style=\"font-size: 16px\">Prof.\u00aa Angela Weber Righi (Titular)<\/span><br style=\"font-size: 16px\"><span style=\"font-size: 16px\">TAE Lauren Kleinert Londero Saldanha (Suplente)<\/span><br style=\"font-size: 16px\"><span style=\"font-size: 16px\">TAE Ana Carolina Cherobini Bortolin (Suplente)<\/span><\/td>\n<\/tr>\n<tr>\n<td style=\"width: 50%\"><b>Representante dos Projetos Institucionais<\/b><\/td>\n<td style=\"width: 50%\">Prof.\u00aa Rosani Marisa Spanevello (titular)<br>Prof. Rafael Lazzari (suplente)<\/td>\n<\/tr>\n<\/tbody>\n<\/table>\n<h6 style=\"text-align: center\">Conforme <a href=\"https:\/\/www.ufsm.br\/pro-reitorias\/proplan\/portaria-normativa-ufsm-n-077-2024\">Portaria Normativa UFSM N. 077\/2024<\/a> e <a href=\"https:\/\/portal.ufsm.br\/documentos\/publico\/documento.html?id=15032165\">Portaria de Pessoal UFSM N. 742\/2024 e apostilas.<\/a><\/h6>\n<p><!-- \/wp:tadv\/classic-paragraph --><!-- wp:tadv\/classic-paragraph --><\/p>\n<p><strong>Atas de Reuni\u00f5es:<\/strong><\/p>\n<p><a href=\"https:\/\/portal.ufsm.br\/documentos\/publico\/documento.html?id=15130468\">Ata n\u00ba 01 do Comit\u00ea Gestor PROEXT-PG UFSM<\/a><\/p>\n<p><a href=\"https:\/\/portal.ufsm.br\/documentos\/publico\/documento.html?id=15149566\">Ata n\u00ba 02 do Comit\u00ea Gestor PROEXT-PG UFSM<\/a><\/p>\n<p><a href=\"https:\/\/portal.ufsm.br\/documentos\/publico\/documento.html?id=15149594\">Ata n\u00ba 03 do Comit\u00ea Gestor PROEXT-PG UFSM<\/a><\/p>\n<p><a href=\"https:\/\/portal.ufsm.br\/documentos\/publico\/documento.html?id=15136418\">Ata n\u00ba 04 do Comit\u00ea Gestor PROEXT-PG UFSM<\/a><\/p>\n<p>Ata n\u00ba 05 do Comit\u00ea Gestor PROEXT-PG UFSM<\/p>\n<p>Ata n\u00ba 06 do Comit\u00ea Gestor PROEXT-PG UFSM<\/p>\n<p><!-- \/wp:tadv\/classic-paragraph --><\/p>\t\t\t\t\t\t<\/div>\n\t\t\t\t<\/div>\n\t\t\t\t\t<\/div>\n\t\t<\/div>\n\t\t\t\t\t<\/div>\n\t\t<\/section>\n\t\t\t\t<\/div>\n\t\t","protected":false},"excerpt":{"rendered":"<p>Composi\u00e7\u00e3o: Presidente do Comit\u00ea Prof.\u00aa Cristina Wayne Nogueira Representantes da PRPGP Prof. Leandro Souza da Silva (Titular)Prof.\u00aa Tatiana Emanuelli (Titular)Prof.\u00aa Cristiane de Bona da Silva (Suplente)TAE Andr\u00e9 dos Santos Leandro (Suplente) Representantes da PRE Prof.\u00aa Milena Carvalho Bezerra Freire de Oliveira-Cruz (Titular)Prof.\u00aa Angela Weber Righi (Titular)TAE Lauren Kleinert Londero Saldanha (Suplente)TAE Ana Carolina Cherobini Bortolin [&hellip;]<\/p>\n","protected":false},"author":25,"featured_media":0,"parent":0,"menu_order":0,"comment_status":"closed","ping_status":"closed","template":"","meta":{"footnotes":""},"categories":[],"tags":[],"class_list":["post-155","page","type-page","status-publish","hentry"],"acf":[],"_links":{"self":[{"href":"https:\/\/www.ufsm.br\/projetos\/extensao\/proext-pg\/wp-json\/wp\/v2\/pages\/155","targetHints":{"allow":["GET"]}}],"collection":[{"href":"https:\/\/www.ufsm.br\/projetos\/extensao\/proext-pg\/wp-json\/wp\/v2\/pages"}],"about":[{"href":"https:\/\/www.ufsm.br\/projetos\/extensao\/proext-pg\/wp-json\/wp\/v2\/types\/page"}],"author":[{"embeddable":true,"href":"https:\/\/www.ufsm.br\/projetos\/extensao\/proext-pg\/wp-json\/wp\/v2\/users\/25"}],"replies":[{"embeddable":true,"href":"https:\/\/www.ufsm.br\/projetos\/extensao\/proext-pg\/wp-json\/wp\/v2\/comments?post=155"}],"version-history":[{"count":0,"href":"https:\/\/www.ufsm.br\/projetos\/extensao\/proext-pg\/wp-json\/wp\/v2\/pages\/155\/revisions"}],"wp:attachment":[{"href":"https:\/\/www.ufsm.br\/projetos\/extensao\/proext-pg\/wp-json\/wp\/v2\/media?parent=155"}],"wp:term":[{"taxonomy":"category","embeddable":true,"href":"https:\/\/www.ufsm.br\/projetos\/extensao\/proext-pg\/wp-json\/wp\/v2\/categories?post=155"},{"taxonomy":"post_tag","embeddable":true,"href":"https:\/\/www.ufsm.br\/projetos\/extensao\/proext-pg\/wp-json\/wp\/v2\/tags?post=155"}],"curies":[{"name":"wp","href":"https:\/\/api.w.org\/{rel}","templated":true}]}}