{"id":194,"date":"2022-01-31T17:54:18","date_gmt":"2022-01-31T20:54:18","guid":{"rendered":"https:\/\/www.ufsm.br\/projetos\/institucional\/ovan\/?page_id=194"},"modified":"2022-05-10T12:04:46","modified_gmt":"2022-05-10T15:04:46","slug":"equipe","status":"publish","type":"page","link":"https:\/\/www.ufsm.br\/projetos\/institucional\/ovan\/equipe","title":{"rendered":"Equipe"},"content":{"rendered":"\t\t<div data-elementor-type=\"wp-page\" data-elementor-id=\"194\" class=\"elementor elementor-194\">\n\t\t\t\t\t\t<section class=\"elementor-section elementor-top-section elementor-element elementor-element-f64fd24 elementor-section-boxed elementor-section-height-default elementor-section-height-default\" data-id=\"f64fd24\" data-element_type=\"section\">\n\t\t\t\t\t\t<div class=\"elementor-container elementor-column-gap-default\">\n\t\t\t\t\t<div class=\"elementor-column elementor-col-100 elementor-top-column elementor-element elementor-element-7af748f\" data-id=\"7af748f\" data-element_type=\"column\">\n\t\t\t<div class=\"elementor-widget-wrap elementor-element-populated\">\n\t\t\t\t\t\t<div class=\"elementor-element elementor-element-a7b4b25 elementor-widget elementor-widget-text-editor\" data-id=\"a7b4b25\" data-element_type=\"widget\" data-widget_type=\"text-editor.default\">\n\t\t\t\t<div class=\"elementor-widget-container\">\n\t\t\t\t\t\t\t<p style=\"text-align: center\"><strong>Docentes da UFSM:<\/strong><\/p>\n<p><strong>Vanessa Ramos Kirsten:&nbsp; <\/strong><span style=\"color: #000000;font-size: 1rem;background-color: var(--bs-body-bg);text-align: var(--bs-body-text-align)\">Docente (UFSM) e coordenadora- <\/span><a href=\"http:\/\/lattes.cnpq.br\/3910334578555570\"><span style=\"font-size: 12pt;font-family: georgia, palatino, serif;color: #000000;background-color: transparent;vertical-align: baseline\">http:\/\/lattes.cnpq.br\/3910334578555570<\/span><\/a><\/p>\n<p><b>Greisse Viero da Silva Leal<\/b>: Docente (UFSM) e vice-coordenadora &#8211; <a href=\"http:\/\/lattes.cnpq.br\/3520973955022819\"><span style=\"font-size: 12pt;font-family: georgia, palatino, serif;color: #000000\"><span style=\"background-color: transparent;vertical-align: baseline\">http:\/\/lattes.cnpq.br\/3520973955022819<\/span><\/span><\/a><\/p>\n<p><strong>Darielli Gindri Resta Fontana:&nbsp;<\/strong>Docente enfermagem (UFSM) e colaboradora &#8211;<a href=\"http:\/\/lattes.cnpq.br\/3313403564756284\">http:\/\/lattes.cnpq.br\/3313403564756284<\/a><\/p>\n<p><strong>Adriane Cervi Bl\u00fcmke:&nbsp;<\/strong>Docente (UFSM) e colaboradora &#8211; <a href=\"http:\/\/lattes.cnpq.br\/5658490336057131\">http:\/\/lattes.cnpq.br\/5658490336057131<\/a><\/p>\n<p><\/p>\n<p style=\"text-align: center\"><strong>Estudantes de P\u00f3s-gradua\u00e7\u00e3o:<\/strong><\/p>\n<p><strong>Laura Virgili Claro: <span style=\"font-weight: 400\">Estudante de P\u00f3s-gradua\u00e7\u00e3o em Gerontologia (UFSM), Nutricionista&nbsp; e colaboradora-<a href=\"http:\/\/lattes.cnpq.br\/1165508243129609\">http:\/\/lattes.cnpq.br\/1165508243129609&nbsp;<\/a><\/span><\/strong><\/p>\n<p><strong>Andr\u00e9ia Silva de Oliveira: <\/strong>Estudante de P\u00f3s-gradua\u00e7\u00e3o em Gerontologia (UFSM), Nutricionista e colaboradora &#8211; <a href=\"http:\/\/lattes.cnpq.br\/7386011344730979\">http:\/\/lattes.cnpq.br\/7386011344730979<\/a><\/p>\n<p><strong>Eliza Sella Battisti: <\/strong>Estudante de P\u00f3s-gradua\u00e7\u00e3o em Gerontologia (UFSM), Nutricionista e colaboradora &#8211;&nbsp;<a href=\"http:\/\/lattes.cnpq.br\/0361496587616464\">http:\/\/lattes.cnpq.br\/0361496587616464<\/a><\/p>\n<p style=\"text-align: center\"><strong>&nbsp;<\/strong><\/p>\n<p style=\"text-align: center\"><strong>Bolsistas:<\/strong><\/p>\n<p><strong>Laura Gabriela de Oliveira: <\/strong>Acad\u00eamica de Nutri\u00e7\u00e3o (UFSM) e bolsista &#8211; <a href=\"http:\/\/lattes.cnpq.br\/1758507722728382\">http:\/\/lattes.cnpq.br\/1758507722728382<\/a>&nbsp;<\/p>\n<p><strong>Lisiane Vecchi:&nbsp;<\/strong>Acad\u00eamica de Nutri\u00e7\u00e3o (UFSM) e bolsista&nbsp; &#8211; <a href=\"http:\/\/lattes.cnpq.br\/2658720895544230\">http:\/\/lattes.cnpq.br\/2658720895544230<\/a><\/p>\n<p style=\"text-align: center\"><strong>&nbsp;<\/strong><\/p>\n<p style=\"text-align: center\"><strong>Participantes externos:<\/strong><\/p>\n<p><strong>Ana Carolina Bertoletti de Marchi:&nbsp;<\/strong>Docente (UPF) e participante externo &#8211; <a href=\"http:\/\/lattes.cnpq.br\/4180557886735944\">http:\/\/lattes.cnpq.br\/4180557886735944<\/a><\/p>\n<p><strong>Deise Val\u00e9rio Vetromilla:&nbsp;<\/strong>Nutricionista e participante externo (PAN &#8211; SES)<\/p>\n<p><strong>Maristela Borin Busnello:&nbsp;<\/strong>Docente (UNIJUI) e participante externo &#8211; <a href=\"http:\/\/lattes.cnpq.br\/8714407732834941\">http:\/\/lattes.cnpq.br\/8714407732834941<\/a><\/p>\n<p><strong>Lana Carneiro Almeida:&nbsp;<\/strong>Docente (UNIPAMPA) e participante externo &#8211; <a href=\"http:\/\/lattes.cnpq.br\/2175446899455748\">http:\/\/lattes.cnpq.br\/2175446899455748<\/a><\/p>\n<p><strong>Ma\u00edsa Beltrame Pedroso:&nbsp;<\/strong>Nutricionista e participante externo (PAN-SES) &#8211;&nbsp; <a href=\"http:\/\/lattes.cnpq.br\/1430078159524726\">http:\/\/lattes.cnpq.br\/1430078159524726<\/a><\/p>\n<p><strong> Maria Alice Vieira Lantmann: <\/strong>Nutricionista e participante externo (PAN-SES) &#8211; <a href=\"http:\/\/lattes.cnpq.br\/7989418232206331\">http:\/\/lattes.cnpq.br\/7989418232206331<\/a><\/p>\t\t\t\t\t\t<\/div>\n\t\t\t\t<\/div>\n\t\t\t\t\t<\/div>\n\t\t<\/div>\n\t\t\t\t\t<\/div>\n\t\t<\/section>\n\t\t\t\t<\/div>\n\t\t","protected":false},"excerpt":{"rendered":"<p>Docentes da UFSM: Vanessa Ramos Kirsten:&nbsp; Docente (UFSM) e coordenadora- http:\/\/lattes.cnpq.br\/3910334578555570 Greisse Viero da Silva Leal: Docente (UFSM) e vice-coordenadora &#8211; http:\/\/lattes.cnpq.br\/3520973955022819 Darielli Gindri Resta Fontana:&nbsp;Docente enfermagem (UFSM) e colaboradora &#8211;http:\/\/lattes.cnpq.br\/3313403564756284 Adriane Cervi Bl\u00fcmke:&nbsp;Docente (UFSM) e colaboradora &#8211; http:\/\/lattes.cnpq.br\/5658490336057131 Estudantes de P\u00f3s-gradua\u00e7\u00e3o: Laura Virgili Claro: Estudante de P\u00f3s-gradua\u00e7\u00e3o em Gerontologia (UFSM), Nutricionista&nbsp; e colaboradora-http:\/\/lattes.cnpq.br\/1165508243129609&nbsp; Andr\u00e9ia [&hellip;]<\/p>\n","protected":false},"author":5135,"featured_media":0,"parent":0,"menu_order":0,"comment_status":"closed","ping_status":"closed","template":"","meta":{"footnotes":""},"categories":[],"tags":[],"class_list":["post-194","page","type-page","status-publish","hentry"],"acf":[],"_links":{"self":[{"href":"https:\/\/www.ufsm.br\/projetos\/institucional\/ovan\/wp-json\/wp\/v2\/pages\/194","targetHints":{"allow":["GET"]}}],"collection":[{"href":"https:\/\/www.ufsm.br\/projetos\/institucional\/ovan\/wp-json\/wp\/v2\/pages"}],"about":[{"href":"https:\/\/www.ufsm.br\/projetos\/institucional\/ovan\/wp-json\/wp\/v2\/types\/page"}],"author":[{"embeddable":true,"href":"https:\/\/www.ufsm.br\/projetos\/institucional\/ovan\/wp-json\/wp\/v2\/users\/5135"}],"replies":[{"embeddable":true,"href":"https:\/\/www.ufsm.br\/projetos\/institucional\/ovan\/wp-json\/wp\/v2\/comments?post=194"}],"version-history":[{"count":0,"href":"https:\/\/www.ufsm.br\/projetos\/institucional\/ovan\/wp-json\/wp\/v2\/pages\/194\/revisions"}],"wp:attachment":[{"href":"https:\/\/www.ufsm.br\/projetos\/institucional\/ovan\/wp-json\/wp\/v2\/media?parent=194"}],"wp:term":[{"taxonomy":"category","embeddable":true,"href":"https:\/\/www.ufsm.br\/projetos\/institucional\/ovan\/wp-json\/wp\/v2\/categories?post=194"},{"taxonomy":"post_tag","embeddable":true,"href":"https:\/\/www.ufsm.br\/projetos\/institucional\/ovan\/wp-json\/wp\/v2\/tags?post=194"}],"curies":[{"name":"wp","href":"https:\/\/api.w.org\/{rel}","templated":true}]}}