{"id":199,"date":"2022-01-31T18:16:02","date_gmt":"2022-01-31T21:16:02","guid":{"rendered":"https:\/\/www.ufsm.br\/projetos\/institucional\/ovan\/?page_id=199"},"modified":"2022-11-29T20:16:44","modified_gmt":"2022-11-29T23:16:44","slug":"materiais","status":"publish","type":"page","link":"https:\/\/www.ufsm.br\/projetos\/institucional\/ovan\/materiais","title":{"rendered":"Materiais de apoio para organiza\u00e7\u00e3o da VAN"},"content":{"rendered":"\t\t<div data-elementor-type=\"wp-page\" data-elementor-id=\"199\" class=\"elementor elementor-199\">\n\t\t\t\t\t\t<section class=\"elementor-section elementor-top-section elementor-element elementor-element-70bb71a elementor-section-boxed elementor-section-height-default elementor-section-height-default\" data-id=\"70bb71a\" data-element_type=\"section\">\n\t\t\t\t\t\t<div class=\"elementor-container elementor-column-gap-default\">\n\t\t\t\t\t<div class=\"elementor-column elementor-col-100 elementor-top-column elementor-element elementor-element-3f9b5c3\" data-id=\"3f9b5c3\" data-element_type=\"column\">\n\t\t\t<div class=\"elementor-widget-wrap elementor-element-populated\">\n\t\t\t\t\t\t<div class=\"elementor-element elementor-element-c50cfd1 elementor-widget elementor-widget-text-editor\" data-id=\"c50cfd1\" data-element_type=\"widget\" data-widget_type=\"text-editor.default\">\n\t\t\t\t<div class=\"elementor-widget-container\">\n\t\t\t\t\t\t\t<p style=\"text-align: left\"><span style=\"font-size: 18pt\"><b>Organiza\u00e7\u00e3o da Vigil\u00e2ncia Alimentar e Nutricional:<\/b><\/span><\/p><ul><li><span style=\"font-weight: 400\">Protocolos do Sistema de Vigil\u00e2ncia Alimentar e Nutricional &#8211; SISVAN na Assist\u00eancia \u00e0 Sa\u00fade <\/span><a href=\"http:\/\/189.28.128.100\/dab\/docs\/portaldab\/publicacoes\/protocolo_sisvan.pdf\"><span style=\"font-weight: 400\">http:\/\/189.28.128.100\/dab\/docs\/portaldab\/publicacoes\/protocolo_sisvan.pdf<\/span><\/a><\/li><li><span style=\"font-weight: 400\">Vigil\u00e2ncia Alimentar e Nutricional &#8211; Sisvan &#8211; Orienta\u00e7\u00f5es B\u00e1sicas para a Coleta, Processamento, An\u00e1lise de Dados e Informa\u00e7\u00e3o em Servi\u00e7os de Sa\u00fade <\/span><a href=\"http:\/\/189.28.128.100\/nutricao\/docs\/geral\/orientacoes_basicas_sisvan.pdf\"><span style=\"font-weight: 400\">http:\/\/189.28.128.100\/nutricao\/docs\/geral\/orientacoes_basicas_sisvan.pdf<\/span><\/a><\/li><li><span style=\"font-weight: 400\">Orienta\u00e7\u00f5es para coleta e an\u00e1lise de dados antropom\u00e9tricos em servi\u00e7os de sa\u00fade: norma t\u00e9cnica do sistema de Vigil\u00e2ncia Alimentar e Nutricional &#8211; SISVAN <\/span><a href=\"https:\/\/bvsms.saude.gov.br\/bvs\/publicacoes\/orientacoes_coleta_analise_dados_antropometricos.pdf\"><span style=\"font-weight: 400\">https:\/\/bvsms.saude.gov.br\/bvs\/publicacoes\/orientacoes_coleta_analise_dados_antropometricos.pdf<\/span><\/a><\/li><li><span style=\"font-weight: 400\">Pol\u00edtica Nacional de Alimenta\u00e7\u00e3o e Nutri\u00e7\u00e3o <\/span><a href=\"https:\/\/bvsms.saude.gov.br\/bvs\/publicacoes\/politica_nacional_alimentacao_nutricao.pdf\"><span style=\"font-weight: 400\">https:\/\/bvsms.saude.gov.br\/bvs\/publicacoes\/politica_nacional_alimentacao_nutricao.pdf<\/span><\/a><\/li><li><span style=\"font-weight: 400\">Manual orientador para aquisi\u00e7\u00e3o de equipamentos antropom\u00e9tricos <\/span><a href=\"http:\/\/189.28.128.100\/dab\/docs\/portaldab\/publicacoes\/manual_equipamentos_2012_1201.pdf\">http:\/\/189.28.128.100\/dab\/docs\/portaldab\/publicacoes\/manual_equipamentos_2012_1201.pdf<\/a><\/li><li><span style=\"font-weight: 400\">Orienta\u00e7\u00f5es para Avalia\u00e7\u00e3o de Marcadores de Consumo Alimentar na Aten\u00e7\u00e3o B\u00e1sica <\/span><a href=\"http:\/\/189.28.128.100\/dab\/docs\/portaldab\/publicacoes\/marcadores_consumo_alimentar_atencao_basica.pdf\"><span style=\"font-weight: 400\">http:\/\/189.28.128.100\/dab\/docs\/portaldab\/publicacoes\/marcadores_consumo_alimentar_atencao_basica.pdf<\/span><\/a><\/li><li><span style=\"font-weight: 400\">Marco de Refer\u00eancia da Vigil\u00e2ncia Alimentar e Nutricional na Aten\u00e7\u00e3o B\u00e1sica <\/span><a href=\"http:\/\/189.28.128.100\/dab\/docs\/portaldab\/publicacoes\/marco_referencia_vigilancia_alimentar.pdf\"><span style=\"font-weight: 400\">http:\/\/189.28.128.100\/dab\/docs\/portaldab\/publicacoes\/marco_referencia_vigilancia_alimentar.pdf<\/span><\/a><\/li><li><span style=\"font-weight: 400\">Situa\u00e7\u00e3o alimentar e nutricional da popula\u00e7\u00e3o idosa na aten\u00e7\u00e3o prim\u00e1ria \u00e0 sa\u00fade no Brasil <\/span><a href=\"http:\/\/189.28.128.100\/dab\/docs\/portaldab\/publicacoes\/situacao_alimentar_populacao_idosa.pdf\"><span style=\"font-weight: 400\">http:\/\/189.28.128.100\/dab\/docs\/portaldab\/publicacoes\/situacao_alimentar_populacao_idosa.pdf<\/span><\/a><\/li><li><span style=\"font-weight: 400\">Matriz para Organiza\u00e7\u00e3o dos Cuidados em Alimenta\u00e7\u00e3o e Nutri\u00e7\u00e3o na Aten\u00e7\u00e3o Prim\u00e1ria \u00e0 Sa\u00fade <\/span><a href=\"http:\/\/189.28.128.100\/dab\/docs\/portaldab\/publicacoes\/matriz_organizacao_cuidados_nutricao_aps.pdf\"><span style=\"font-weight: 400\">http:\/\/189.28.128.100\/dab\/docs\/portaldab\/publicacoes\/matriz_organizacao_cuidados_nutricao_aps.pdf<\/span><\/a><\/li><li><span style=\"font-weight: 400\">Matriz de A\u00e7\u00f5es de Alimenta\u00e7\u00e3o e Nutri\u00e7\u00e3o <\/span><a href=\"https:\/\/bvsms.saude.gov.br\/bvs\/publicacoes\/matriz_alimentacao_nutricao.pdf\"><span style=\"font-weight: 400\">https:\/\/bvsms.saude.gov.br\/bvs\/publicacoes\/matriz_alimentacao_nutricao.pdf<\/span><\/a><\/li><li>Situa\u00e7\u00e3o alimentar e nutricional de gestantes na Aten\u00e7\u00e3o Prim\u00e1ria \u00e0 Sa\u00fade no Brasil &#8211; Vers\u00e3o Preliminar<br \/><a href=\"http:\/\/189.28.128.100\/dab\/docs\/portaldab\/publicacoes\/situacao_nutricional_gestantes_aps.pdf\">http:\/\/189.28.128.100\/dab\/docs\/portaldab\/publicacoes\/situacao_nutricional_gestantes_aps.pdf<\/a><\/li><li>Manual instrutivo das oficinas de qualifica\u00e7\u00e3o de profissionais da APS: vigil\u00e2ncia alimentar e nutricional <a href=\"http:\/\/colecoes.sibi.usp.br\/fsp\/items\/show\/3630#?c=0&amp;m=0&amp;s=0&amp;cv=0\">http:\/\/colecoes.sibi.usp.br\/fsp\/items\/show\/3630#?c=0&amp;m=0&amp;s=0&amp;cv=0<\/a><\/li><li>Situa\u00e7\u00e3o alimentar e nutricional de crian\u00e7as na Aten\u00e7\u00e3o Prim\u00e1ria \u00e0 Sa\u00fade no Brasil <a href=\"https:\/\/aps.saude.gov.br\/biblioteca\/visualizar\/MjEyOQ==\">https:\/\/aps.saude.gov.br\/biblioteca\/visualizar\/MjEyOQ==<\/a><\/li><li>Manual de Estrutura F\u00edsica das Unidades B\u00e1sicas de Sa\u00fade: sa\u00fade da fam\u00edlia <a href=\"https:\/\/bvsms.saude.gov.br\/bvs\/publicacoes\/manual_estrutura_fisica_ubs.pdf\">https:\/\/bvsms.saude.gov.br\/bvs\/publicacoes\/manual_estrutura_fisica_ubs.pdf<\/a><\/li><li>Guia para a Organiza\u00e7\u00e3o da Vigil\u00e2ncia Alimentar e Nutricional na Aten\u00e7\u00e3o Prim\u00e1ria \u00e0 Sa\u00fade <a href=\"https:\/\/bvsms.saude.gov.br\/bvs\/publicacoes\/guia_organizacao_vigilancia_alimentar_nutricional.pdf\">https:\/\/bvsms.saude.gov.br\/bvs\/publicacoes\/guia_organizacao_vigilancia_alimentar_nutricional.pdf<\/a><\/li><\/ul><p style=\"text-align: center\"><b>\u00a0Seguran\u00e7a Alimentar e Nutricional (SAN):<\/b><\/p><ul><li>Inseguran\u00e7a Alimentar e Nutricional e o Covid-19 no Brasil <a href=\"https:\/\/olheparaafome.com.br\/wp-content\/uploads\/2022\/06\/Relatorio-II-VIGISAN-2022.pdf\">https:\/\/olheparaafome.com.br\/wp-content\/uploads\/2022\/06\/Relatorio-II-VIGISAN-2022.pdf<\/a><\/li><li>Inseguran\u00e7a Alimentar na Aten\u00e7\u00e3o Prim\u00e1ria \u00e0 Sa\u00fade: Manual de Identifica\u00e7\u00e3o dos Domic\u00edlios e Organiza\u00e7\u00e3o da Rede\u00a0<span style=\"color: #204c90\">http:\/\/189.28.128.100\/dab\/docs\/portaldab\/publicacoes\/instrutivo_inseguranca_alimentar_aps.pdf<\/span><\/li><\/ul><p style=\"text-align: center\"><b>Guia Alimentar:<\/b><\/p><ul><li><span style=\"font-weight: 400\">Guia alimentar para a popula\u00e7\u00e3o brasileira Promovendo a Alimenta\u00e7\u00e3o Saud\u00e1vel <\/span><a href=\"http:\/\/189.28.128.100\/dab\/docs\/portaldab\/publicacoes\/miolo_guia_ajustado2019_2.pdf\"><span style=\"font-weight: 400\">http:\/\/189.28.128.100\/dab\/docs\/portaldab\/publicacoes\/miolo_guia_ajustado2019_2.pdf<\/span><\/a><\/li><li><span style=\"font-weight: 400\">Guia Alimentar para a popula\u00e7\u00e3o brasileira (vers\u00e3o resumida) <\/span><a href=\"http:\/\/189.28.128.100\/dab\/docs\/portaldab\/publicacoes\/guiadebolso2018.pdf\"><span style=\"font-weight: 400\">http:\/\/189.28.128.100\/dab\/docs\/portaldab\/publicacoes\/guiadebolso2018.pdf<\/span><\/a><\/li><li><span style=\"font-weight: 400\">Guia alimentar para crian\u00e7as brasileiras menores de dois anos <\/span><a href=\"http:\/\/189.28.128.100\/dab\/docs\/portaldab\/publicacoes\/guia_da_crianca_2019.pdf\"><span style=\"font-weight: 400\">http:\/\/189.28.128.100\/dab\/docs\/portaldab\/publicacoes\/guia_da_crianca_2019.pdf<\/span><\/a><\/li><li><span style=\"font-weight: 400\">Guia alimentar para crian\u00e7as brasileiras menores de 2 anos vers\u00e3o resumida <\/span><a href=\"http:\/\/189.28.128.100\/dab\/docs\/portaldab\/publicacoes\/guia_alimentar_2anos.pdf\"><span style=\"font-weight: 400\">http:\/\/189.28.128.100\/dab\/docs\/portaldab\/publicacoes\/guia_alimentar_2anos.pdf<\/span><\/a><\/li><li><span style=\"font-weight: 400\">Manual instrutivo: Implementando o guia alimentar para a popula\u00e7\u00e3o brasileira em equipes que atuam na Aten\u00e7\u00e3o Prim\u00e1ria \u00e0 Sa\u00fade\u00a0 <\/span><a href=\"http:\/\/189.28.128.100\/dab\/docs\/portaldab\/publicacoes\/manual_instrutivo_guia_alimentar_pop_brasileira.pdf\"><span style=\"font-weight: 400\">http:\/\/189.28.128.100\/dab\/docs\/portaldab\/publicacoes\/manual_instrutivo_guia_alimentar_pop_brasileira.pdf<\/span><\/a><\/li><li><span style=\"font-weight: 400\">\u00a0<\/span>Fasc\u00edculo 1: Protocolos de uso do guia alimentar para a popula\u00e7\u00e3o brasileira na orienta\u00e7\u00e3o alimentar: bases\u00a0 te\u00f3ricas e metodol\u00f3gicas e protocolo para a popula\u00e7\u00e3o adulta <a style=\"font-size: 1rem;background-color: var(--bs-body-bg);text-align: var(--bs-body-text-align)\" href=\"https:\/\/bvsms.saude.gov.br\/bvs\/publicacoes\/protocolos_guia_alimentar_fasciculo1.pdf\">https:\/\/bvsms.saude.gov.br\/bvs\/publicacoes\/protocolos_guia_alimentar_fasciculo1.pdf<\/a><\/li><li><span style=\"font-weight: 400\">Fasc\u00edculo 2: Protocolos de uso do Guia Alimentar para a popula\u00e7\u00e3o brasileira na orienta\u00e7\u00e3o alimentar da popula\u00e7\u00e3o idosa <\/span><a href=\"https:\/\/bvsms.saude.gov.br\/bvs\/publicacoes\/protocolos_guia_alimentar_fasciculo2.pdf\"><span style=\"font-weight: 400\">https:\/\/bvsms.saude.gov.br\/bvs\/publicacoes\/protocolos_guia_alimentar_fasciculo2.pdf<\/span><\/a><\/li><li><span style=\"font-weight: 400\">Fasc\u00edculo 3: Protocolos de uso do Guia Alimentar para a popula\u00e7\u00e3o brasileira na orienta\u00e7\u00e3o alimentar de gestantes <\/span><a href=\"http:\/\/189.28.128.100\/dab\/docs\/portaldab\/publicacoes\/protocolo_guia_alimentar_fasciculo3.pdf\"><span style=\"font-weight: 400\">http:\/\/189.28.128.100\/dab\/docs\/portaldab\/publicacoes\/protocolo_guia_alimentar_fasciculo3.pdf<\/span><\/a><\/li><li><span style=\"font-weight: 400\">Fasc\u00edculo 4: Protocolos de uso do guia alimentar para a popula\u00e7\u00e3o brasileira na orienta\u00e7\u00e3o alimentar de crian\u00e7as de 2 a 10 anos <\/span><a href=\"http:\/\/189.28.128.100\/dab\/docs\/portaldab\/publicacoes\/protocolo_guia_alimentar_fasciculo_4.pdf\"><span style=\"font-weight: 400\">http:\/\/189.28.128.100\/dab\/docs\/portaldab\/publicacoes\/protocolo_guia_alimentar_fasciculo_4.pdf<\/span><\/a><\/li><li><span style=\"font-weight: 400\">Fasc\u00edculo 5: Protocolos de uso do guia alimentar para a popula\u00e7\u00e3o brasileira na orienta\u00e7\u00e3o alimentar da pessoa na adolesc\u00eancia <\/span><a href=\"http:\/\/189.28.128.100\/dab\/docs\/portaldab\/publicacoes\/protocolo_guia_alimentar_fasciculo5.pdf\"><span style=\"font-weight: 400\">http:\/\/189.28.128.100\/dab\/docs\/portaldab\/publicacoes\/protocolo_guia_alimentar_fasciculo5.pdf<\/span><\/a><\/li><li><span style=\"font-weight: 400\">Fasc\u00edculo 1: Protocolos de Uso do Guia Alimentar para a Popula\u00e7\u00e3o Brasileira na orienta\u00e7\u00e3o alimentar de pessoas adultas com obesidade, hipertens\u00e3o arterial e diabetes mellitus: bases te\u00f3ricas e metodol\u00f3gicas &#8211; Vers\u00e3o Preliminar <\/span><a href=\"http:\/\/189.28.128.100\/dab\/docs\/portaldab\/publicacoes\/protocolos_guia_obesidade_fasciculo1.pdf\"><span style=\"font-weight: 400\">http:\/\/189.28.128.100\/dab\/docs\/portaldab\/publicacoes\/protocolos_guia_obesidade_fasciculo1.pdf<\/span><\/a><\/li><li><span style=\"font-weight: 400\">Fasc\u00edculo 2: Protocolo de Uso do Guia Alimentar para a Popula\u00e7\u00e3o Brasileira na orienta\u00e7\u00e3o alimentar de pessoas adultas com obesidade &#8211; Vers\u00e3o Preliminar <\/span><a href=\"http:\/\/http:\/\/189.28.128.100\/dab\/docs\/portaldab\/publicacoes\/protocolos_guia_obesidade_fasciculo2.pdf\"><span style=\"font-weight: 400\">http:\/\/http:\/\/189.28.128.100\/dab\/docs\/portaldab\/publicacoes\/protocolos_guia_obesidade_fasciculo2.pdf<\/span><\/a><\/li><li>Guia de bolso do Programa Sa\u00fade na Escola: Alimenta\u00e7\u00e3o Saud\u00e1vel e Preven\u00e7\u00e3o da Obesidade <a href=\"https:\/\/bvsms.saude.gov.br\/bvs\/publicacoes\/guia_bolso_pse_alimentacao_saudavel.pdf\">https:\/\/bvsms.saude.gov.br\/bvs\/publicacoes\/guia_bolso_pse_alimentacao_saudavel.pdf<\/a><\/li><\/ul><p style=\"text-align: center\"><b>Suplementa\u00e7\u00e3o de Micronutrientes:<\/b><\/p><ul><li><span style=\"font-weight: 400\">Manual T\u00e9cnico e Operacional do Pr\u00f3-Iodo: Programa Nacional para a Preven\u00e7\u00e3o e Controle dos Dist\u00farbios por Defici\u00eancia de Iodo\u00a0 <\/span><a href=\"https:\/\/bvsms.saude.gov.br\/bvs\/publicacoes\/manual_tecnico_operacional_proiodo.pdf\"><span style=\"font-weight: 400\">https:\/\/bvsms.saude.gov.br\/bvs\/publicacoes\/manual_tecnico_operacional_proiodo.pdf<\/span><\/a><\/li><li><span style=\"font-weight: 400\">Programa Nacional de Suplementa\u00e7\u00e3o de Ferro: manual de condutas gerais\u00a0 <\/span><a href=\"https:\/\/bvsms.saude.gov.br\/bvs\/publicacoes\/manual_suplementacao_ferro_condutas_gerais.pdf\"><span style=\"font-weight: 400\">https:\/\/bvsms.saude.gov.br\/bvs\/publicacoes\/manual_suplementacao_ferro_condutas_gerais.pdf<\/span><\/a><\/li><li><span style=\"font-weight: 400\">Manual de condutas gerais do Programa Nacional de Suplementa\u00e7\u00e3o de Vitamina A\u00a0 <\/span><a href=\"https:\/\/bvsms.saude.gov.br\/bvs\/publicacoes\/manual_condutas_suplementacao_vitamina_a.pdf\"><span style=\"font-weight: 400\">https:\/\/bvsms.saude.gov.br\/bvs\/publicacoes\/manual_condutas_suplementacao_vitamina_a.pdf<\/span><\/a><\/li><li><span style=\"font-weight: 400\">\u00a0NutriSUS: Estrat\u00e9gia de fortifica\u00e7\u00e3o da alimenta\u00e7\u00e3o infantil com micronutrientes (vitaminas e minerais) em p\u00f3: caderno de orienta\u00e7\u00f5es <\/span><a href=\"http:\/\/189.28.128.100\/dab\/docs\/portaldab\/publicacoes\/caderno_orientacoes_nutrisus.pdf\"><span style=\"font-weight: 400\">http:\/\/189.28.128.100\/dab\/docs\/portaldab\/publicacoes\/caderno_orientacoes_nutrisus.pdf<\/span><\/a><\/li><li><span style=\"font-weight: 400\">NutriSUS: Estrat\u00e9gia de fortifica\u00e7\u00e3o da alimenta\u00e7\u00e3o infantil com micronutrientes (vitaminas e minerais) em p\u00f3: manual operacional <\/span><a href=\"http:\/\/189.28.128.100\/dab\/docs\/portaldab\/publicacoes\/manual_operacional_nutrisus.pdf\"><span style=\"font-weight: 400\">http:\/\/189.28.128.100\/dab\/docs\/portaldab\/publicacoes\/manual_operacional_nutrisus.pdf<\/span><\/a><\/li><li><span style=\"font-weight: 400\">NutriSUS: Estrat\u00e9gia de fortifica\u00e7\u00e3o da alimenta\u00e7\u00e3o infantil com micronutrientes (vitaminas e minerais) em p\u00f3: guia de evid\u00eancias <\/span><a href=\"http:\/\/189.28.128.100\/dab\/docs\/portaldab\/publicacoes\/guia_evidencias_nutrisus.pdf\"><span style=\"font-weight: 400\">http:\/\/189.28.128.100\/dab\/docs\/portaldab\/publicacoes\/guia_evidencias_nutrisus.pdf<\/span><\/a><\/li><li><span style=\"font-weight: 400\">Instrutivo da estrat\u00e9gia de fortifica\u00e7\u00e3o da alimenta\u00e7\u00e3o infantil com micronutrientes em p\u00f3 \u2013 NutriSUS <\/span><a href=\"http:\/\/189.28.128.100\/dab\/docs\/portaldab\/publicacoes\/guia_evidencias_nutrisus.pdf\"><span style=\"font-weight: 400\">http:\/\/189.28.128.100\/dab\/docs\/portaldab\/publicacoes\/instrutivo_nutrisus.pdf<\/span><\/a><\/li><li><span style=\"font-weight: 400\">Caderno dos programas nacionais de suplementa\u00e7\u00e3o de micronutrientes <\/span><a href=\"http:\/\/189.28.128.100\/dab\/docs\/portaldab\/publicacoes\/caderno_suplementacao_micronutrientes.pdf\"><span style=\"font-weight: 400\">http:\/\/189.28.128.100\/dab\/docs\/portaldab\/publicacoes\/caderno_suplementacao_micronutrientes.pdf<\/span><\/a><\/li><\/ul><p style=\"text-align: center\"><b>\u00a0Aten\u00e7\u00e3o Nutricional para o p\u00fablico Materno-Infantil e de pessoas na adolesc\u00eancia:<\/b><\/p><ul><li><span style=\"font-weight: 400\">Manual instrutivo para implementa\u00e7\u00e3o da Agenda para Intensifica\u00e7\u00e3o da Aten\u00e7\u00e3o Nutricional Infantil: portaria n\u00ba 2.387, de 18 de outubro de 2012 <\/span><a href=\"http:\/\/189.28.128.100\/dab\/docs\/portaldab\/publicacoes\/manual_andi.pdf\"><span style=\"font-weight: 400\">http:\/\/189.28.128.100\/dab\/docs\/portaldab\/publicacoes\/manual_andi.pdf<\/span><\/a><\/li><li><span style=\"font-weight: 400\">Perspectivas e desafios no cuidado \u00e0s pessoas com obesidade no SUS <\/span><a href=\"http:\/\/189.28.128.100\/dab\/docs\/portaldab\/publicacoes\/perspectivas_desafios_cuidado_pessoas_obesidade.pdf\"><span style=\"font-weight: 400\">http:\/\/189.28.128.100\/dab\/docs\/portaldab\/publicacoes\/perspectivas_desafios_cuidado_pessoas_obesidade.pdf<\/span><\/a><\/li><li><span style=\"font-weight: 400\">Guia r\u00e1pido para o acompanhamento de gestantes e crian\u00e7as com desnutri\u00e7\u00e3o na Aten\u00e7\u00e3o Prim\u00e1ria \u00e0 Sa\u00fade <\/span><a href=\"http:\/\/189.28.128.100\/dab\/docs\/portaldab\/publicacoes\/guia_rapido_acompanhamento_gestantes_criancas_desnutricao_aps.pdf\"><span style=\"font-weight: 400\">http:\/\/189.28.128.100\/dab\/docs\/portaldab\/publicacoes\/guia_rapido_acompanhamento_gestantes_criancas_desnutricao_aps.pdf<\/span><\/a><\/li><li><span style=\"font-weight: 400\">\u00a0Instrutivo para o cuidado da crian\u00e7a e do adolescente com sobrepeso e obesidade no \u00e2mbito da Aten\u00e7\u00e3o prim\u00e1ria \u00e0 Sa\u00fade <\/span><a href=\"http:\/\/189.28.128.100\/dab\/docs\/portaldab\/publicacoes\/instrutivo_crianca_adolescente.pdf\"><span style=\"font-weight: 400\">http:\/\/189.28.128.100\/dab\/docs\/portaldab\/publicacoes\/instrutivo_crianca_adolescente.pdf<\/span><\/a><\/li><li><span style=\"font-weight: 400\">PROTEJA: Estrat\u00e9gia Nacional para preven\u00e7\u00e3o e aten\u00e7\u00e3o \u00e0 obesidade infantil. <\/span><a href=\"http:\/\/189.28.128.100\/dab\/docs\/portaldab\/publicacoes\/orienta_proteja.pdf\"><span style=\"font-weight: 400\">http:\/\/189.28.128.100\/dab\/docs\/portaldab\/publicacoes\/orienta_proteja.pdf<\/span><\/a><\/li><li>Atlas da Obesidade Infantil no Brasil<a href=\"http:\/\/Atlas da Obesidade Infantil no Brasil http:\/\/189.28.128.100\/dab\/docs\/portaldab\/publicacoes\/dados_atlas_obesidade.pdf\">\u00a0<span style=\"color: #204c90\">http:\/\/189.28.128.100\/dab\/docs\/portaldab\/publicacoes\/dados_atlas_obesidade.pdf<\/span><\/a><\/li><\/ul><p style=\"text-align: center\"><b>Enfrentamento do Excesso de Peso e demais Doen\u00e7as Cr\u00f4nicas N\u00e3o-transmiss\u00edveis:<\/b><\/p><ul><li>Situa\u00e7\u00e3o alimentar e nutricional no Brasil: excesso de peso e obesidade da popula\u00e7\u00e3o adulta na Aten\u00e7\u00e3o Prim\u00e1ria \u00e0 Sa\u00fade\u00a0<span style=\"color: #204c90\"><a href=\"http:\/\/Situa\u00e7\u00e3o alimentar e nutricional no Brasil: excesso de peso e obesidade da popula\u00e7\u00e3o adulta na Aten\u00e7\u00e3o Prim\u00e1ria \u00e0 Sa\u00fade http:\/\/189.28.128.100\/dab\/docs\/\/portaldab\/documentos\/atlas_situacao_alimentar_nutricional.pdf\">http:\/\/189.28.128.100\/dab\/docs\/\/portaldab\/documentos\/atlas_situacao_alimentar_nutricional.pdf<\/a><\/span><\/li><li><span style=\"color: #000000;font-size: 16px\">Manual instrutivo das oficinas de qualifica\u00e7\u00e3o de profissionais da APS:\u00a0 manejo da obesidade por abordagem coletiva na APS\u00a0\u00a0<\/span><a href=\"http:\/\/colecoes.sibi.usp.br\/fsp\/items\/show\/3631#?c=0&amp;m=0&amp;s=0&amp;cv=0\">http:\/\/colecoes.sibi.usp.br\/fsp\/items\/show\/3631#?c=0&amp;m=0&amp;s=0&amp;cv=0<span style=\"color: #000000;font-size: 1rem;text-align: var(--bs-body-text-align);background-color: var(--bs-body-bg)\">\u00a0 \u00a0<\/span><\/a><\/li><li><span style=\"font-weight: 400\">Plano de a\u00e7\u00f5es estrat\u00e9gicas para o enfrentamento das doen\u00e7as cr\u00f4nicas e agravos n\u00e3o transmiss\u00edveis no Brasil <\/span><a href=\"https:\/\/www.gov.br\/saude\/pt-br\/centrais-de-conteudo\/publicacoes\/publicacoes-svs\/doencas-cronicas-nao-transmissiveis-dcnt\/09-plano-de-dant-2022_2030.pdf\/\"><span style=\"font-weight: 400\">https:\/\/www.gov.br\/saude\/pt-br\/centrais-de-conteudo\/publicacoes\/publicacoes-svs\/doencas-cronicas-nao-transmissiveis-dcnt\/09-plano-de-dant-2022_2030.pdf\/<\/span><\/a><\/li><li><span style=\"font-weight: 400\">Manual de aten\u00e7\u00e3o \u00e0s pessoas com obesidade e sobrepeso no \u00e2mbito da Aten\u00e7\u00e3o Prim\u00e1ria \u00e0 Sa\u00fade do Sistema \u00danico de Sa\u00fade. <\/span><a href=\"http:\/\/189.28.128.100\/dab\/docs\/portaldab\/publicacoes\/manual_pessoas_sobrepeso.pdf\"><span style=\"font-weight: 400\">http:\/\/189.28.128.100\/dab\/docs\/portaldab\/publicacoes\/manual_pessoas_sobrepeso.pdf<\/span><\/a><\/li><li><span style=\"font-weight: 400\">Instrutivo de abordagem coletiva para o manejo da obesidade no SUS <\/span><a href=\"http:\/\/189.28.128.100\/dab\/docs\/portaldab\/publicacoes\/instrutivo_abordagem_coletiva.pdf\"><span style=\"font-weight: 400\">http:\/\/189.28.128.100\/dab\/docs\/portaldab\/publicacoes\/instrutivo_abordagem_coletiva.pdf<\/span><\/a><\/li><li><span style=\"font-weight: 400\">INSTRUTIVO DE ABORDAGEM COLETIVA PARA MANEJO DA OBESIDADE NO SUS &#8211; CADERNO DE ATIVIDADES EDUCATIVAS <\/span><a href=\"http:\/\/189.28.128.100\/dab\/docs\/portaldab\/publicacoes\/instrutivo_manejo_obesidade.pdf\"><span style=\"font-weight: 400\">http:\/\/189.28.128.100\/dab\/docs\/portaldab\/publicacoes\/instrutivo_manejo_obesidade.pdf<\/span><\/a><\/li><li><span style=\"font-weight: 400\">MATERIAL TE\u00d3RICO PARA SUPORTE AO MANEJO DA OBESIDADE NO SISTEMA \u00daNICO DE SA\u00daDE <\/span><a href=\"http:\/\/189.28.128.100\/dab\/docs\/portaldab\/publicacoes\/material_teorico_suporte_manejo_obesidade.pdf\"><span style=\"font-weight: 400\">http:\/\/189.28.128.100\/dab\/docs\/portaldab\/publicacoes\/material_teorico_suporte_manejo_obesidade.pdf<\/span><\/a><\/li><\/ul><p style=\"text-align: center\"><b>\u00a0Promo\u00e7\u00e3o da Alimenta\u00e7\u00e3o Adequada e Saud\u00e1vel:<\/b><\/p><ul><li>Manual instrutivo das oficinas de qualifica\u00e7\u00e3o de profissionais da APS: promo\u00e7\u00e3o da alimenta\u00e7\u00e3o adequada e saud\u00e1vel e da atividade f\u00edsica e pr\u00e1ticas corporais\u00a0 <a href=\"http:\/\/colecoes.sibi.usp.br\/fsp\/items\/show\/3629#?c=0&amp;m=0&amp;s=0&amp;cv=0\">http:\/\/colecoes.sibi.usp.br\/fsp\/items\/show\/3629#?c=0&amp;m=0&amp;s=0&amp;cv=0<\/a><\/li><li><span style=\"font-weight: 400\">Manual do aluno: promovendo a alimenta\u00e7\u00e3o saud\u00e1vel <\/span><a href=\"http:\/\/189.28.128.100\/dab\/docs\/portaldab\/documentos\/manual_do_aluno.pdf\"><span style=\"font-weight: 400\">http:\/\/189.28.128.100\/dab\/docs\/portaldab\/documentos\/manual_do_aluno.pdf<\/span><\/a><\/li><li><span style=\"font-weight: 400\">Instrutivo: metodologia de trabalho em grupos para a\u00e7\u00f5es de alimenta\u00e7\u00e3o e nutri\u00e7\u00e3o na aten\u00e7\u00e3o b\u00e1sica <\/span><a href=\"http:\/\/189.28.128.100\/dab\/docs\/portaldab\/publicacoes\/instrutivo_metodologia_trabalho_nutricao_ab.pdf\"><span style=\"font-weight: 400\">http:\/\/189.28.128.100\/dab\/docs\/portaldab\/publicacoes\/instrutivo_metodologia_trabalho_nutricao_ab.pdf<\/span><\/a><\/li><li><span style=\"font-weight: 400\">Desmistificando d\u00favidas sobre alimenta\u00e7\u00e3o e nutri\u00e7\u00e3o &#8211; material de apoio para profissionais de sa\u00fade\u00a0\u00a0 <\/span><a href=\"http:\/\/189.28.128.100\/dab\/docs\/portaldab\/publicacoes\/instrutivo_metodologia_trabalho_nutricao_ab.pdf\"><span style=\"font-weight: 400\">http:\/\/189.28.128.100\/dab\/docs\/portaldab\/publicacoes\/instrutivo_metodologia_trabalho_nutricao_ab.pdf<\/span><\/a><\/li><li><span style=\"font-weight: 400\">Contribui\u00e7\u00f5es dos N\u00facleos de Apoio \u00e0 Sa\u00fade da Fam\u00edlia para a Aten\u00e7\u00e3o Nutricional <\/span><a href=\"http:\/\/189.28.128.100\/dab\/docs\/portaldab\/publicacoes\/contribuicoes_nasf_para_atencao_nutricional.pdf\"><span style=\"font-weight: 400\">http:\/\/189.28.128.100\/dab\/docs\/portaldab\/publicacoes\/contribuicoes_nasf_para_atencao_nutricional.pdf<\/span><\/a><\/li><li><span style=\"font-weight: 400\">Alimenta\u00e7\u00e3o Cardioprotetora: Manual de orienta\u00e7\u00f5es para profissionais de Sa\u00fade da Aten\u00e7\u00e3o B\u00e1sica <\/span><a href=\"https:\/\/bvsms.saude.gov.br\/bvs\/publicacoes\/alimentacao_cardioprotetora.pdf\"><span style=\"font-weight: 400\">https:\/\/bvsms.saude.gov.br\/bvs\/publicacoes\/alimentacao_cardioprotetora.pdf<\/span><\/a><\/li><li><span style=\"font-weight: 400\">Cartilha &#8211; Alimenta\u00e7\u00e3o Cardioprotetora <\/span><a href=\"https:\/\/bvsms.saude.gov.br\/bvs\/publicacoes\/alimentacao_cardioprotetora.pdf\"><span style=\"font-weight: 400\">https:\/\/bvsms.saude.gov.br\/bvs\/publicacoes\/alimentacao_cardioprotetora.pdf<\/span><\/a><\/li><li><span style=\"font-weight: 400\">Caderno de Atividades &#8211; Promo\u00e7\u00e3o da Alimenta\u00e7\u00e3o Adequada e Saud\u00e1vel &#8211; Educa\u00e7\u00e3o Infantil <\/span><a href=\"http:\/\/189.28.128.100\/dab\/docs\/portaldab\/publicacoes\/caderno_atividades_educacao_infantil.pdf\"><span style=\"font-weight: 400\">http:\/\/189.28.128.100\/dab\/docs\/portaldab\/publicacoes\/caderno_atividades_educacao_infantil.pdf<\/span><\/a><\/li><li><span style=\"font-weight: 400\">Caderno de Atividades &#8211; Promo\u00e7\u00e3o da Alimenta\u00e7\u00e3o Adequada e Saud\u00e1vel &#8211; Ensino Fundamental <\/span><a href=\"http:\/\/189.28.128.100\/dab\/docs\/portaldab\/publicacoes\/caderno_atividades_ensino_fundamental_I.pdf\"><span style=\"font-weight: 400\">http:\/\/189.28.128.100\/dab\/docs\/portaldab\/publicacoes\/caderno_atividades_ensino_fundamental_I.pdf<\/span><\/a><\/li><li><span style=\"font-weight: 400\">A creche como promotora da amamenta\u00e7\u00e3o e da alimenta\u00e7\u00e3o adequada e saud\u00e1vel &#8211; Livreto para gestores <\/span><a href=\"http:\/\/189.28.128.100\/dab\/docs\/portaldab\/publicacoes\/a_creche_promotora_amamentacao_livreto_gestores.pdf\"><span style=\"font-weight: 400\">http:\/\/189.28.128.100\/dab\/docs\/portaldab\/publicacoes\/a_creche_promotora_amamentacao_livreto_gestores.pdf<\/span><\/a><\/li><li><span style=\"font-weight: 400\">A\u00e7\u00f5es de enfrentamento da m\u00e1 nutri\u00e7\u00e3o no contexto da pandemia : Portaria GM\/MS n\u00ba 894, de 11 de maio de 2021 &#8211; Cap\u00edtulo III <\/span><a href=\"http:\/\/189.28.128.100\/dab\/docs\/portaldab\/publicacoes\/instrutivo_acoes_frentamento_ma_nutricao_no%20contexto_pandemia.pdf\"><span style=\"font-weight: 400\">http:\/\/189.28.128.100\/dab\/docs\/portaldab\/publicacoes\/instrutivo_acoes_frentamento_ma_nutricao_no%20contexto_pandemia.pdf<\/span><\/a>\u00a0<\/li><li>Caderno tem\u00e1tico do Programa Sa\u00fade na Escola : alimenta\u00e7\u00e3o saud\u00e1vel e preven\u00e7\u00e3o da obesidade: https:\/\/aps.saude.gov.br\/biblioteca\/visualizar\/MjEzNw==<\/li><\/ul><p style=\"text-align: center\"><strong>Pol\u00edticas<\/strong><\/p><ul><li>Pol\u00edtica Nacional de Alimenta\u00e7\u00e3o e Nutri\u00e7\u00e3o <a href=\"https:\/\/bvsms.saude.gov.br\/bvs\/publicacoes\/politica_nacional_alimentacao_nutricao.pdf\">https:\/\/bvsms.saude.gov.br\/bvs\/publicacoes\/politica_nacional_alimentacao_nutricao.pdf<\/a><\/li><li>Pol\u00edtica Nacional de Aten\u00e7\u00e3o B\u00e1sica <a href=\"http:\/\/189.28.128.100\/dab\/docs\/publicacoes\/geral\/pnab.pdf\">http:\/\/189.28.128.100\/dab\/docs\/publicacoes\/geral\/pnab.pdf<\/a><\/li><li>Pol\u00edtica Nacional de Promo\u00e7\u00e3o da Sa\u00fade (PNPS) <a href=\"http:\/\/189.28.128.100\/dab\/docs\/portaldab\/publicacoes\/pnps.pdf\">http:\/\/189.28.128.100\/dab\/docs\/portaldab\/publicacoes\/pnps.pdf<\/a><\/li><li>Pol\u00edtica Nacional de Pr\u00e1ticas Integrativas e Complementares no SUS &#8211; PNPIC-SUS: atitude de amplia\u00e7\u00e3o de acesso <a href=\"https:\/\/bvsms.saude.gov.br\/bvs\/publicacoes\/politica_nacional_praticas_integrativas_complementares_2ed.pdf\">https:\/\/bvsms.saude.gov.br\/bvs\/publicacoes\/politica_nacional_praticas_integrativas_complementares_2ed.pdf<\/a><\/li><\/ul><p style=\"text-align: center\"><strong>\u00a0<\/strong><\/p>\t\t\t\t\t\t<\/div>\n\t\t\t\t<\/div>\n\t\t\t\t\t<\/div>\n\t\t<\/div>\n\t\t\t\t\t<\/div>\n\t\t<\/section>\n\t\t\t\t<\/div>\n\t\t","protected":false},"excerpt":{"rendered":"<p>Organiza\u00e7\u00e3o da Vigil\u00e2ncia Alimentar e Nutricional: Protocolos do Sistema de Vigil\u00e2ncia Alimentar e Nutricional &#8211; SISVAN na Assist\u00eancia \u00e0 Sa\u00fade http:\/\/189.28.128.100\/dab\/docs\/portaldab\/publicacoes\/protocolo_sisvan.pdf Vigil\u00e2ncia Alimentar e Nutricional &#8211; Sisvan &#8211; Orienta\u00e7\u00f5es B\u00e1sicas para a Coleta, Processamento, An\u00e1lise de Dados e Informa\u00e7\u00e3o em Servi\u00e7os de Sa\u00fade http:\/\/189.28.128.100\/nutricao\/docs\/geral\/orientacoes_basicas_sisvan.pdf Orienta\u00e7\u00f5es para coleta e an\u00e1lise de dados antropom\u00e9tricos em servi\u00e7os de [&hellip;]<\/p>\n","protected":false},"author":5135,"featured_media":0,"parent":0,"menu_order":0,"comment_status":"closed","ping_status":"closed","template":"","meta":{"footnotes":""},"categories":[],"tags":[],"class_list":["post-199","page","type-page","status-publish","hentry"],"acf":[],"_links":{"self":[{"href":"https:\/\/www.ufsm.br\/projetos\/institucional\/ovan\/wp-json\/wp\/v2\/pages\/199","targetHints":{"allow":["GET"]}}],"collection":[{"href":"https:\/\/www.ufsm.br\/projetos\/institucional\/ovan\/wp-json\/wp\/v2\/pages"}],"about":[{"href":"https:\/\/www.ufsm.br\/projetos\/institucional\/ovan\/wp-json\/wp\/v2\/types\/page"}],"author":[{"embeddable":true,"href":"https:\/\/www.ufsm.br\/projetos\/institucional\/ovan\/wp-json\/wp\/v2\/users\/5135"}],"replies":[{"embeddable":true,"href":"https:\/\/www.ufsm.br\/projetos\/institucional\/ovan\/wp-json\/wp\/v2\/comments?post=199"}],"version-history":[{"count":0,"href":"https:\/\/www.ufsm.br\/projetos\/institucional\/ovan\/wp-json\/wp\/v2\/pages\/199\/revisions"}],"wp:attachment":[{"href":"https:\/\/www.ufsm.br\/projetos\/institucional\/ovan\/wp-json\/wp\/v2\/media?parent=199"}],"wp:term":[{"taxonomy":"category","embeddable":true,"href":"https:\/\/www.ufsm.br\/projetos\/institucional\/ovan\/wp-json\/wp\/v2\/categories?post=199"},{"taxonomy":"post_tag","embeddable":true,"href":"https:\/\/www.ufsm.br\/projetos\/institucional\/ovan\/wp-json\/wp\/v2\/tags?post=199"}],"curies":[{"name":"wp","href":"https:\/\/api.w.org\/{rel}","templated":true}]}}