{"id":5,"date":"2018-01-18T08:39:17","date_gmt":"2018-01-18T10:39:17","guid":{"rendered":"https:\/\/www.ufsm.br\/cursos\/graduacao\/nutricao\/12352\/?page_id=5"},"modified":"2023-10-24T17:57:54","modified_gmt":"2023-10-24T20:57:54","slug":"pagina-inicial","status":"publish","type":"page","link":"https:\/\/www.ufsm.br\/projetos\/institucional\/ovan\/","title":{"rendered":"P\u00e1gina Inicial"},"content":{"rendered":"\t\t<div data-elementor-type=\"wp-post\" data-elementor-id=\"5\" class=\"elementor elementor-5\">\n\t\t\t\t\t\t<section class=\"elementor-section elementor-top-section elementor-element elementor-element-d707e7d elementor-section-boxed elementor-section-height-default elementor-section-height-default\" data-id=\"d707e7d\" data-element_type=\"section\">\n\t\t\t\t\t\t<div class=\"elementor-container elementor-column-gap-default\">\n\t\t\t\t\t<div class=\"elementor-column elementor-col-100 elementor-top-column elementor-element elementor-element-42d5626\" data-id=\"42d5626\" data-element_type=\"column\">\n\t\t\t<div class=\"elementor-widget-wrap elementor-element-populated\">\n\t\t\t\t\t\t<div class=\"elementor-element elementor-element-caeb632 elementor-arrows-position-inside elementor-pagination-position-outside elementor-widget elementor-widget-image-carousel\" data-id=\"caeb632\" data-element_type=\"widget\" data-settings=\"{&quot;slides_to_show&quot;:&quot;1&quot;,&quot;navigation&quot;:&quot;both&quot;,&quot;autoplay&quot;:&quot;yes&quot;,&quot;pause_on_hover&quot;:&quot;yes&quot;,&quot;pause_on_interaction&quot;:&quot;yes&quot;,&quot;autoplay_speed&quot;:5000,&quot;infinite&quot;:&quot;yes&quot;,&quot;effect&quot;:&quot;slide&quot;,&quot;speed&quot;:500}\" data-widget_type=\"image-carousel.default\">\n\t\t\t\t<div class=\"elementor-widget-container\">\n\t\t\t\t\t<div class=\"elementor-image-carousel-wrapper swiper\" dir=\"ltr\">\n\t\t\t<div class=\"elementor-image-carousel swiper-wrapper\" aria-live=\"off\">\n\t\t\t\t\t\t\t\t<div class=\"swiper-slide\" role=\"group\" aria-roledescription=\"slide\" aria-label=\"1 of 3\"><figure class=\"swiper-slide-inner\"><img decoding=\"async\" class=\"swiper-slide-image\" src=\"https:\/\/www.ufsm.br\/app\/uploads\/sites\/869\/2023\/03\/OVAN_H_2CORES_NEG_ROX-768x302.jpg\" alt=\"OVAN_H_2CORES_NEG_ROX\" \/><\/figure><\/div><div class=\"swiper-slide\" role=\"group\" aria-roledescription=\"slide\" aria-label=\"2 of 3\"><figure class=\"swiper-slide-inner\"><img decoding=\"async\" class=\"swiper-slide-image\" src=\"https:\/\/www.ufsm.br\/app\/uploads\/sites\/869\/2023\/03\/OVAN_H_2CORES_NEG_LAR-768x302.jpg\" alt=\"OVAN_H_2CORES_NEG_LAR\" \/><\/figure><\/div><div class=\"swiper-slide\" role=\"group\" aria-roledescription=\"slide\" aria-label=\"3 of 3\"><figure class=\"swiper-slide-inner\"><img decoding=\"async\" class=\"swiper-slide-image\" src=\"https:\/\/www.ufsm.br\/app\/uploads\/sites\/869\/2023\/03\/OVAN_H_2CORES_POS_TRANSP-768x302.png\" alt=\"OVAN_H_2CORES_POS_TRANSP\" \/><\/figure><\/div>\t\t\t<\/div>\n\t\t\t\t\t\t\t\t\t\t\t\t<div class=\"elementor-swiper-button elementor-swiper-button-prev\" role=\"button\" tabindex=\"0\">\n\t\t\t\t\t\t<i aria-hidden=\"true\" class=\"eicon-chevron-left\"><\/i>\t\t\t\t\t<\/div>\n\t\t\t\t\t<div class=\"elementor-swiper-button elementor-swiper-button-next\" role=\"button\" tabindex=\"0\">\n\t\t\t\t\t\t<i aria-hidden=\"true\" class=\"eicon-chevron-right\"><\/i>\t\t\t\t\t<\/div>\n\t\t\t\t\n\t\t\t\t\t\t\t\t\t<div class=\"swiper-pagination\"><\/div>\n\t\t\t\t\t\t\t\t\t<\/div>\n\t\t\t\t<\/div>\n\t\t\t\t<\/div>\n\t\t\t\t\t<\/div>\n\t\t<\/div>\n\t\t\t\t\t<\/div>\n\t\t<\/section>\n\t\t\t\t<section class=\"elementor-section elementor-top-section elementor-element elementor-element-0a82b6d elementor-section-boxed elementor-section-height-default elementor-section-height-default\" data-id=\"0a82b6d\" data-element_type=\"section\">\n\t\t\t\t\t\t<div class=\"elementor-container elementor-column-gap-wider\">\n\t\t\t\t\t<div class=\"elementor-column elementor-col-100 elementor-top-column elementor-element elementor-element-90304a6\" data-id=\"90304a6\" data-element_type=\"column\">\n\t\t\t<div class=\"elementor-widget-wrap elementor-element-populated\">\n\t\t\t\t\t\t<div class=\"elementor-element elementor-element-08f2012 elementor-widget elementor-widget-text-editor\" data-id=\"08f2012\" data-element_type=\"widget\" data-widget_type=\"text-editor.default\">\n\t\t\t\t<div class=\"elementor-widget-container\">\n\t\t\t\t\t\t\t<section style=\"font-size: 16px\" data-id=\"bd87bcd\" data-element_type=\"section\">\n<div style=\"width: 1176px\">\n<div style=\"width: 1176px\" data-id=\"ce7356f\" data-element_type=\"column\">\n<div style=\"width: 1176px\">\n<div style=\"width: 1162px\">\n<div style=\"width: 1162px;font-size: 1rem !important\" data-id=\"6b025d2\" data-element_type=\"widget\" data-widget_type=\"text-editor.default\">\n<p><span style=\"font-size: 10pt;line-height: 18.4px;background-image: initial;background-position: initial;background-size: initial;background-attachment: initial\">O Observat\u00f3rio de Vigil\u00e2ncia Alimentar e Nutricional (OVAN) \u00e9 um espa\u00e7o que visa proporcionar conhecimento e auxiliar os profissionais e gestores da Aten\u00e7\u00e3o Prim\u00e1ria \u00e0&nbsp;<\/span><span style=\"background-color: var(--bs-body-bg);font-size: 10pt;text-align: var(--bs-body-text-align)\">Sa\u00fade (APS) por meio de conte\u00fados, cursos e eventos sobre Vigil\u00e2ncia Alimentar e Nutricional (VAN) como forma de qualificar sua operacionaliza\u00e7\u00e3o e organiza\u00e7\u00e3o e fortalecer as pol\u00edticas p\u00fablicas de alimenta\u00e7\u00e3o e nutri\u00e7\u00e3o.<\/span><\/p>\n<\/div>\n<\/div>\n<\/div>\n<\/div>\n<\/div>\n<\/section>\t\t\t\t\t\t<\/div>\n\t\t\t\t<\/div>\n\t\t\t\t\t<\/div>\n\t\t<\/div>\n\t\t\t\t\t<\/div>\n\t\t<\/section>\n\t\t\t\t<section class=\"elementor-section elementor-top-section elementor-element elementor-element-a8a70f9 elementor-section-boxed elementor-section-height-default elementor-section-height-default\" data-id=\"a8a70f9\" data-element_type=\"section\">\n\t\t\t\t\t\t<div class=\"elementor-container elementor-column-gap-default\">\n\t\t\t\t\t<div class=\"elementor-column elementor-col-100 elementor-top-column elementor-element elementor-element-a4d02ac\" data-id=\"a4d02ac\" data-element_type=\"column\">\n\t\t\t<div class=\"elementor-widget-wrap elementor-element-populated\">\n\t\t\t\t\t\t<div class=\"elementor-element elementor-element-b10f65c elementor-widget elementor-widget-heading\" data-id=\"b10f65c\" data-element_type=\"widget\" data-widget_type=\"heading.default\">\n\t\t\t\t<div class=\"elementor-widget-container\">\n\t\t\t<h5 class=\"elementor-heading-title elementor-size-default\">Eventos<\/h5>\t\t<\/div>\n\t\t\t\t<\/div>\n\t\t\t\t\t<\/div>\n\t\t<\/div>\n\t\t\t\t\t<\/div>\n\t\t<\/section>\n\t\t\t\t<section class=\"elementor-section elementor-top-section elementor-element elementor-element-e298ceb elementor-section-boxed elementor-section-height-default elementor-section-height-default\" data-id=\"e298ceb\" data-element_type=\"section\">\n\t\t\t\t\t\t<div class=\"elementor-container elementor-column-gap-default\">\n\t\t\t\t\t<div class=\"elementor-column elementor-col-50 elementor-top-column elementor-element elementor-element-8817fa2\" data-id=\"8817fa2\" data-element_type=\"column\">\n\t\t\t<div class=\"elementor-widget-wrap elementor-element-populated\">\n\t\t\t\t\t\t<div class=\"elementor-element elementor-element-5ec4e16 elementor-widget elementor-widget-image\" data-id=\"5ec4e16\" data-element_type=\"widget\" data-widget_type=\"image.default\">\n\t\t\t\t<div class=\"elementor-widget-container\">\n\t\t\t\t\t\t\t\t\t\t\t\t\t<img fetchpriority=\"high\" decoding=\"async\" width=\"1024\" height=\"768\" src=\"https:\/\/www.ufsm.br\/app\/uploads\/sites\/869\/2023\/10\/foto-evento-1024x768.jpg\" class=\"attachment-large size-large wp-image-433\" alt=\"\" srcset=\"https:\/\/www.ufsm.br\/app\/uploads\/sites\/869\/2023\/10\/foto-evento-1024x768.jpg 1024w, https:\/\/www.ufsm.br\/app\/uploads\/sites\/869\/2023\/10\/foto-evento-300x225.jpg 300w, https:\/\/www.ufsm.br\/app\/uploads\/sites\/869\/2023\/10\/foto-evento-768x576.jpg 768w, https:\/\/www.ufsm.br\/app\/uploads\/sites\/869\/2023\/10\/foto-evento.jpg 1190w\" sizes=\"(max-width: 1024px) 100vw, 1024px\" \/>\t\t\t\t\t\t\t\t\t\t\t\t\t<\/div>\n\t\t\t\t<\/div>\n\t\t\t\t\t<\/div>\n\t\t<\/div>\n\t\t\t\t<div class=\"elementor-column elementor-col-50 elementor-top-column elementor-element elementor-element-1980d25\" data-id=\"1980d25\" data-element_type=\"column\">\n\t\t\t<div class=\"elementor-widget-wrap elementor-element-populated\">\n\t\t\t\t\t\t<div class=\"elementor-element elementor-element-3468f01 elementor-widget elementor-widget-text-editor\" data-id=\"3468f01\" data-element_type=\"widget\" data-widget_type=\"text-editor.default\">\n\t\t\t\t<div class=\"elementor-widget-container\">\n\t\t\t\t\t\t\t<p class=\"MsoNormal\" style=\"margin: 0cm 0cm 8pt;line-height: 15.6933px;font-size: 11pt;font-family: Calibri, sans-serif\"><span style=\"font-family: Arial, sans-serif\">Nos dias 18 e 19 de outubro de 2023 ocorreu o II Encontro Estadual de A\u00e7\u00f5es de Alimenta\u00e7\u00e3o e Nutri\u00e7\u00e3o na Aten\u00e7\u00e3o Prim\u00e1ria \u00e0 Sa\u00fade no audit\u00f3rio Wilson Aita no Centro de Tecnologia da Universidade Federal de Santa Maria.<\/span><\/p><p class=\"MsoNormal\" style=\"margin: 0cm 0cm 8pt;text-align: justify;line-height: 15.6933px;font-size: 11pt;font-family: Calibri, sans-serif\"><span style=\"font-family: Arial, sans-serif\">O evento, que foi organizado pelo Observat\u00f3rio de Vigil\u00e2ncia Alimentar e Nutricional, teve parceria da Secretaria Estadual de Sa\u00fade e dos Programas de P\u00f3s-Gradua\u00e7\u00e3o da UFSM (Gerontologia e Sa\u00fade e Ruralidade) e financiamento da FAPERGS. De acordo com a Professora Vanessa Ramos Kirsten, coordenadora do evento, o encontro contou com a participa\u00e7\u00e3o de mais de 170 profissionais de sa\u00fade de todo estado do Rio Grande do Sul representando em torno de 60 munic\u00edpios ga\u00fachos para a discuss\u00e3o de abordagens para o manejo da obesidade no RS. Al\u00e9m disso, o ponto central do evento foi a participa\u00e7\u00e3o de palestrantes com renome nacional (UFMG, UFMS, UFRGS e UFSM), respons\u00e1veis pela elabora\u00e7\u00e3o de instrutivos do Minist\u00e9rio da Sa\u00fade sobre a tem\u00e1tica, bem como a apresenta\u00e7\u00e3o de experi\u00eancias exitosas nos munic\u00edpios ga\u00fachos.<\/span><\/p><p class=\"MsoNormal\" style=\"margin: 0cm 0cm 8pt;text-align: justify;line-height: 15.6933px;font-size: 11pt;font-family: Calibri, sans-serif\"><span style=\"font-family: Arial, sans-serif;background-image: initial;background-position: initial;background-size: initial\">O encontro, que j\u00e1 est\u00e1 na sua segunda edi\u00e7\u00e3o, tem o grande objetivo de qualificar a atua\u00e7\u00e3o dos profissionais da Aten\u00e7\u00e3o Prim\u00e1ria \u00e0 Sa\u00fade nas a\u00e7\u00f5es de alimenta\u00e7\u00e3o e nutri\u00e7\u00e3o, bem como compartilhar experi\u00eancias realizadas pelos profissionais de sa\u00fade na aten\u00e7\u00e3o prim\u00e1ria. Foi um momento tamb\u00e9m de muitos reencontros entre colegas do estado. Tivemos a participa\u00e7\u00e3o efetiva da Pol\u00edtica Estadual de Alimenta\u00e7\u00e3o e Nutri\u00e7\u00e3o com a distribui\u00e7\u00e3o gratuita para todos os participantes de documentos orientativos, assim como das regionais de sa\u00fade.<\/span><\/p><p class=\"MsoNormal\" style=\"margin: 0cm 0cm 8pt;text-align: justify;line-height: 15.6933px;font-size: 11pt;font-family: Calibri, sans-serif\"><span style=\"font-family: Arial, sans-serif;background-image: initial;background-position: initial;background-size: initial\">A&nbsp;Comiss\u00e3o Organizadora do Evento foi composta por do Curso de Nutri\u00e7\u00e3o do Campus Palmeira das Miss\u00f5es, bem como dos alunos dos Programas de P\u00f3s-Gradua\u00e7\u00e3o em Gerontologia e de Sa\u00fade e Ruralidade.<\/span><\/p>\t\t\t\t\t\t<\/div>\n\t\t\t\t<\/div>\n\t\t\t\t\t<\/div>\n\t\t<\/div>\n\t\t\t\t\t<\/div>\n\t\t<\/section>\n\t\t\t\t<section class=\"elementor-section elementor-top-section elementor-element elementor-element-264a871 elementor-section-boxed elementor-section-height-default elementor-section-height-default\" data-id=\"264a871\" data-element_type=\"section\">\n\t\t\t\t\t\t<div class=\"elementor-container elementor-column-gap-default\">\n\t\t\t\t\t<div class=\"elementor-column elementor-col-100 elementor-top-column elementor-element elementor-element-8748581\" data-id=\"8748581\" data-element_type=\"column\">\n\t\t\t<div class=\"elementor-widget-wrap elementor-element-populated\">\n\t\t\t\t\t\t<div class=\"elementor-element elementor-element-d4c6ff6 elementor-widget elementor-widget-heading\" data-id=\"d4c6ff6\" data-element_type=\"widget\" data-widget_type=\"heading.default\">\n\t\t\t\t<div class=\"elementor-widget-container\">\n\t\t\t<h5 class=\"elementor-heading-title elementor-size-default\">Not\u00edcias <\/h5>\t\t<\/div>\n\t\t\t\t<\/div>\n\t\t\t\t\t<\/div>\n\t\t<\/div>\n\t\t\t\t\t<\/div>\n\t\t<\/section>\n\t\t\t\t<section class=\"elementor-section elementor-top-section elementor-element elementor-element-9c171ae elementor-section-boxed elementor-section-height-default elementor-section-height-default\" data-id=\"9c171ae\" data-element_type=\"section\">\n\t\t\t\t\t\t<div class=\"elementor-container elementor-column-gap-default\">\n\t\t\t\t\t<div class=\"elementor-column elementor-col-100 elementor-top-column elementor-element elementor-element-2913f3e\" data-id=\"2913f3e\" data-element_type=\"column\">\n\t\t\t<div class=\"elementor-widget-wrap elementor-element-populated\">\n\t\t\t\t\t\t<div class=\"elementor-element elementor-element-de21fdc elementor-widget elementor-widget-heading\" data-id=\"de21fdc\" data-element_type=\"widget\" data-widget_type=\"heading.default\">\n\t\t\t\t<div class=\"elementor-widget-container\">\n\t\t\t<h2 class=\"elementor-heading-title elementor-size-default\">E-book dispon\u00edvel!<\/h2>\t\t<\/div>\n\t\t\t\t<\/div>\n\t\t\t\t\t<\/div>\n\t\t<\/div>\n\t\t\t\t\t<\/div>\n\t\t<\/section>\n\t\t\t\t<section class=\"elementor-section elementor-top-section elementor-element elementor-element-92d9512 elementor-section-boxed elementor-section-height-default elementor-section-height-default\" data-id=\"92d9512\" data-element_type=\"section\">\n\t\t\t\t\t\t<div class=\"elementor-container elementor-column-gap-default\">\n\t\t\t\t\t<div class=\"elementor-column elementor-col-50 elementor-top-column elementor-element elementor-element-ee77b1b\" data-id=\"ee77b1b\" data-element_type=\"column\">\n\t\t\t<div class=\"elementor-widget-wrap elementor-element-populated\">\n\t\t\t\t\t\t<div class=\"elementor-element elementor-element-2eec605 elementor-widget elementor-widget-image\" data-id=\"2eec605\" data-element_type=\"widget\" data-widget_type=\"image.default\">\n\t\t\t\t<div class=\"elementor-widget-container\">\n\t\t\t\t\t\t\t\t\t\t\t\t\t<img decoding=\"async\" width=\"727\" height=\"1024\" src=\"https:\/\/www.ufsm.br\/app\/uploads\/sites\/869\/2023\/04\/WhatsApp-Image-2023-04-10-at-16.06.07-727x1024.jpeg\" class=\"attachment-large size-large wp-image-414\" alt=\"\" srcset=\"https:\/\/www.ufsm.br\/app\/uploads\/sites\/869\/2023\/04\/WhatsApp-Image-2023-04-10-at-16.06.07-727x1024.jpeg 727w, https:\/\/www.ufsm.br\/app\/uploads\/sites\/869\/2023\/04\/WhatsApp-Image-2023-04-10-at-16.06.07-213x300.jpeg 213w, https:\/\/www.ufsm.br\/app\/uploads\/sites\/869\/2023\/04\/WhatsApp-Image-2023-04-10-at-16.06.07-768x1082.jpeg 768w, https:\/\/www.ufsm.br\/app\/uploads\/sites\/869\/2023\/04\/WhatsApp-Image-2023-04-10-at-16.06.07-1091x1536.jpeg 1091w, https:\/\/www.ufsm.br\/app\/uploads\/sites\/869\/2023\/04\/WhatsApp-Image-2023-04-10-at-16.06.07.jpeg 1136w\" sizes=\"(max-width: 727px) 100vw, 727px\" \/>\t\t\t\t\t\t\t\t\t\t\t\t\t<\/div>\n\t\t\t\t<\/div>\n\t\t\t\t<div class=\"elementor-element elementor-element-5c7e3a4 elementor-widget elementor-widget-spacer\" data-id=\"5c7e3a4\" data-element_type=\"widget\" data-widget_type=\"spacer.default\">\n\t\t\t\t<div class=\"elementor-widget-container\">\n\t\t\t\t\t<div class=\"elementor-spacer\">\n\t\t\t<div class=\"elementor-spacer-inner\"><\/div>\n\t\t<\/div>\n\t\t\t\t<\/div>\n\t\t\t\t<\/div>\n\t\t\t\t\t<\/div>\n\t\t<\/div>\n\t\t\t\t<div class=\"elementor-column elementor-col-50 elementor-top-column elementor-element elementor-element-d6bb15a\" data-id=\"d6bb15a\" data-element_type=\"column\">\n\t\t\t<div class=\"elementor-widget-wrap elementor-element-populated\">\n\t\t\t\t\t\t<div class=\"elementor-element elementor-element-9db2478 elementor-widget elementor-widget-text-editor\" data-id=\"9db2478\" data-element_type=\"widget\" data-widget_type=\"text-editor.default\">\n\t\t\t\t<div class=\"elementor-widget-container\">\n\t\t\t\t\t\t\t<p>O e-book de A\u00e7\u00f5es de alimenta\u00e7\u00e3o e nutri\u00e7\u00e3o na Aten\u00e7\u00e3o Prim\u00e1ria \u00e0 Sa\u00fade foi lan\u00e7ado e est\u00e1 dispon\u00edvel na biblioteca do Observat\u00f3rio de Vigil\u00e2ncia Alimentar e Nutricional. Para acess\u00e1-lo v\u00e1 at\u00e9 o menu e clique na p\u00e1gina &#8220;Ebook: A\u00e7\u00f5es de Alimenta\u00e7\u00e3o e Nutri\u00e7\u00e3o na Aten\u00e7\u00e3o Prim\u00e1ria \u00e0 Sa\u00fade: Relatos de Experi\u00eancias de munic\u00edpios ga\u00fachos&#8221;.<\/p>\t\t\t\t\t\t<\/div>\n\t\t\t\t<\/div>\n\t\t\t\t\t<\/div>\n\t\t<\/div>\n\t\t\t\t\t<\/div>\n\t\t<\/section>\n\t\t\t\t<section class=\"elementor-section elementor-top-section elementor-element elementor-element-ca1fdde elementor-section-boxed elementor-section-height-default elementor-section-height-default\" data-id=\"ca1fdde\" data-element_type=\"section\">\n\t\t\t\t\t\t<div class=\"elementor-container elementor-column-gap-default\">\n\t\t\t\t\t<div class=\"elementor-column elementor-col-100 elementor-top-column elementor-element elementor-element-d0f0235\" data-id=\"d0f0235\" data-element_type=\"column\">\n\t\t\t<div class=\"elementor-widget-wrap elementor-element-populated\">\n\t\t\t\t\t\t<div class=\"elementor-element elementor-element-a31e0e0 elementor-widget elementor-widget-heading\" data-id=\"a31e0e0\" data-element_type=\"widget\" data-widget_type=\"heading.default\">\n\t\t\t\t<div class=\"elementor-widget-container\">\n\t\t\t<h2 class=\"elementor-heading-title elementor-size-default\">OVAN recebe men\u00e7\u00e3o honrosa do Minist\u00e9rio da Sa\u00fade<\/h2>\t\t<\/div>\n\t\t\t\t<\/div>\n\t\t\t\t\t<\/div>\n\t\t<\/div>\n\t\t\t\t\t<\/div>\n\t\t<\/section>\n\t\t\t\t<section class=\"elementor-section elementor-top-section elementor-element elementor-element-ed19430 elementor-section-boxed elementor-section-height-default elementor-section-height-default\" data-id=\"ed19430\" data-element_type=\"section\">\n\t\t\t\t\t\t<div class=\"elementor-container elementor-column-gap-default\">\n\t\t\t\t\t<div class=\"elementor-column elementor-col-50 elementor-top-column elementor-element elementor-element-d388261\" data-id=\"d388261\" data-element_type=\"column\">\n\t\t\t<div class=\"elementor-widget-wrap elementor-element-populated\">\n\t\t\t\t\t\t<div class=\"elementor-element elementor-element-30737fc elementor-widget elementor-widget-image\" data-id=\"30737fc\" data-element_type=\"widget\" data-widget_type=\"image.default\">\n\t\t\t\t<div class=\"elementor-widget-container\">\n\t\t\t\t\t\t\t\t\t\t\t\t\t<img decoding=\"async\" width=\"1003\" height=\"690\" src=\"https:\/\/www.ufsm.br\/app\/uploads\/sites\/869\/2023\/03\/8fcf21dd-6f1f-4fc4-92d2-4eac0661e21b.jpg\" class=\"attachment-large size-large wp-image-401\" alt=\"\" srcset=\"https:\/\/www.ufsm.br\/app\/uploads\/sites\/869\/2023\/03\/8fcf21dd-6f1f-4fc4-92d2-4eac0661e21b.jpg 1003w, https:\/\/www.ufsm.br\/app\/uploads\/sites\/869\/2023\/03\/8fcf21dd-6f1f-4fc4-92d2-4eac0661e21b-300x206.jpg 300w, https:\/\/www.ufsm.br\/app\/uploads\/sites\/869\/2023\/03\/8fcf21dd-6f1f-4fc4-92d2-4eac0661e21b-768x528.jpg 768w\" sizes=\"(max-width: 1003px) 100vw, 1003px\" \/>\t\t\t\t\t\t\t\t\t\t\t\t\t<\/div>\n\t\t\t\t<\/div>\n\t\t\t\t\t<\/div>\n\t\t<\/div>\n\t\t\t\t<div class=\"elementor-column elementor-col-50 elementor-top-column elementor-element elementor-element-0b17320\" data-id=\"0b17320\" data-element_type=\"column\">\n\t\t\t<div class=\"elementor-widget-wrap elementor-element-populated\">\n\t\t\t\t\t\t<div class=\"elementor-element elementor-element-01f5b29 elementor-widget elementor-widget-image\" data-id=\"01f5b29\" data-element_type=\"widget\" data-widget_type=\"image.default\">\n\t\t\t\t<div class=\"elementor-widget-container\">\n\t\t\t\t\t\t\t\t\t\t\t\t\t<img loading=\"lazy\" decoding=\"async\" width=\"1024\" height=\"545\" src=\"https:\/\/www.ufsm.br\/app\/uploads\/sites\/869\/2023\/03\/1cbadc58-87ec-4989-819e-b109b6ed4839-1024x545.jpg\" class=\"attachment-large size-large wp-image-402\" alt=\"\" srcset=\"https:\/\/www.ufsm.br\/app\/uploads\/sites\/869\/2023\/03\/1cbadc58-87ec-4989-819e-b109b6ed4839-1024x545.jpg 1024w, https:\/\/www.ufsm.br\/app\/uploads\/sites\/869\/2023\/03\/1cbadc58-87ec-4989-819e-b109b6ed4839-300x160.jpg 300w, https:\/\/www.ufsm.br\/app\/uploads\/sites\/869\/2023\/03\/1cbadc58-87ec-4989-819e-b109b6ed4839-768x409.jpg 768w, https:\/\/www.ufsm.br\/app\/uploads\/sites\/869\/2023\/03\/1cbadc58-87ec-4989-819e-b109b6ed4839.jpg 1327w\" sizes=\"(max-width: 1024px) 100vw, 1024px\" \/>\t\t\t\t\t\t\t\t\t\t\t\t\t<\/div>\n\t\t\t\t<\/div>\n\t\t\t\t\t<\/div>\n\t\t<\/div>\n\t\t\t\t\t<\/div>\n\t\t<\/section>\n\t\t\t\t<section class=\"elementor-section elementor-top-section elementor-element elementor-element-58c52fb elementor-section-boxed elementor-section-height-default elementor-section-height-default\" data-id=\"58c52fb\" data-element_type=\"section\">\n\t\t\t\t\t\t<div class=\"elementor-container elementor-column-gap-default\">\n\t\t\t\t\t<div class=\"elementor-column elementor-col-100 elementor-top-column elementor-element elementor-element-894bef2\" data-id=\"894bef2\" data-element_type=\"column\">\n\t\t\t<div class=\"elementor-widget-wrap elementor-element-populated\">\n\t\t\t\t\t\t<div class=\"elementor-element elementor-element-d82e760 elementor-widget elementor-widget-text-editor\" data-id=\"d82e760\" data-element_type=\"widget\" data-widget_type=\"text-editor.default\">\n\t\t\t\t<div class=\"elementor-widget-container\">\n\t\t\t\t\t\t\t<p>Men\u00e7\u00e3o honrosa recebida do Minist\u00e9rio da Sa\u00fade na V Mostra de Experi\u00eancias de Alimenta\u00e7\u00e3o e Nutri\u00e7\u00e3o no SUS, realizado no CONBRAN 2022 j\u00e1 est\u00e1 dispon\u00edvel para acesso nos anais.<br \/><br \/>Vale a pena conferir os maravilhosos trabalhos de todo o Brasil!<br \/><br \/>Acesse os Anais pelo link: <a href=\"https:\/\/bvsms.saude.gov.br\/bvs\/publicacoes\/anais_v_mostra_alimentacao_nutricao.pdf\">https:\/\/bvsms.saude.gov.br\/bvs\/publicacoes\/anais_v_mostra_alimentacao_nutricao.pdf<\/a><\/p>\t\t\t\t\t\t<\/div>\n\t\t\t\t<\/div>\n\t\t\t\t\t<\/div>\n\t\t<\/div>\n\t\t\t\t\t<\/div>\n\t\t<\/section>\n\t\t\t\t<section class=\"elementor-section elementor-top-section elementor-element elementor-element-39d002b elementor-section-boxed elementor-section-height-default elementor-section-height-default\" data-id=\"39d002b\" data-element_type=\"section\">\n\t\t\t\t\t\t<div class=\"elementor-container elementor-column-gap-default\">\n\t\t\t\t\t<div class=\"elementor-column elementor-col-100 elementor-top-column elementor-element elementor-element-de55548\" data-id=\"de55548\" data-element_type=\"column\">\n\t\t\t<div class=\"elementor-widget-wrap elementor-element-populated\">\n\t\t\t\t\t\t<div class=\"elementor-element elementor-element-76346c4 elementor-widget-divider--view-line elementor-widget elementor-widget-divider\" data-id=\"76346c4\" data-element_type=\"widget\" data-widget_type=\"divider.default\">\n\t\t\t\t<div class=\"elementor-widget-container\">\n\t\t\t\t\t<div class=\"elementor-divider\">\n\t\t\t<span class=\"elementor-divider-separator\">\n\t\t\t\t\t\t<\/span>\n\t\t<\/div>\n\t\t\t\t<\/div>\n\t\t\t\t<\/div>\n\t\t\t\t\t<\/div>\n\t\t<\/div>\n\t\t\t\t\t<\/div>\n\t\t<\/section>\n\t\t\t\t<section class=\"elementor-section elementor-top-section elementor-element elementor-element-2c8968d elementor-section-boxed elementor-section-height-default elementor-section-height-default\" data-id=\"2c8968d\" data-element_type=\"section\">\n\t\t\t\t\t\t<div class=\"elementor-container elementor-column-gap-default\">\n\t\t\t\t\t<div class=\"elementor-column elementor-col-100 elementor-top-column elementor-element elementor-element-cb30009\" data-id=\"cb30009\" data-element_type=\"column\">\n\t\t\t<div class=\"elementor-widget-wrap elementor-element-populated\">\n\t\t\t\t\t\t<div class=\"elementor-element elementor-element-9a437fd elementor-widget elementor-widget-heading\" data-id=\"9a437fd\" data-element_type=\"widget\" data-widget_type=\"heading.default\">\n\t\t\t\t<div class=\"elementor-widget-container\">\n\t\t\t<h5 class=\"elementor-heading-title elementor-size-default\">Utilidades<\/h5>\t\t<\/div>\n\t\t\t\t<\/div>\n\t\t\t\t<div class=\"elementor-element elementor-element-a1adc3e elementor-widget elementor-widget-spacer\" data-id=\"a1adc3e\" data-element_type=\"widget\" data-widget_type=\"spacer.default\">\n\t\t\t\t<div class=\"elementor-widget-container\">\n\t\t\t\t\t<div class=\"elementor-spacer\">\n\t\t\t<div class=\"elementor-spacer-inner\"><\/div>\n\t\t<\/div>\n\t\t\t\t<\/div>\n\t\t\t\t<\/div>\n\t\t\t\t<div class=\"elementor-element elementor-element-8a39441 elementor-widget elementor-widget-text-editor\" data-id=\"8a39441\" data-element_type=\"widget\" data-widget_type=\"text-editor.default\">\n\t\t\t\t<div class=\"elementor-widget-container\">\n\t\t\t\t\t\t\t<p><span style=\"color: #0d0d0d;font-family: 'Helvetica Neue', Helvetica, Arial, sans-serif;font-size: 16px\">A Vigil\u00e2ncia Alimentar e Nutricional (VAN) consiste na descri\u00e7\u00e3o cont\u00ednua e na predi\u00e7\u00e3o de tend\u00eancias das condi\u00e7\u00f5es de alimenta\u00e7\u00e3o e nutri\u00e7\u00e3o da popula\u00e7\u00e3o e seus fatores determinantes. A sua operacionaliza\u00e7\u00e3o pelos profissionais de sa\u00fade enfrenta dificuldades e a capacita\u00e7\u00e3o desses \u00e9 uma barreira na execu\u00e7\u00e3o e organiza\u00e7\u00e3o da VAN. A constru\u00e7\u00e3o de espa\u00e7os de di\u00e1logo entre atores da VAN, como a cria\u00e7\u00e3o de um observat\u00f3rio, pode ser uma estrat\u00e9gia para melhorar a sua operacionaliza\u00e7\u00e3o e organiza\u00e7\u00e3o.<\/span><\/p>\n<p><span style=\"color: #0d0d0d;font-family: 'Helvetica Neue', Helvetica, Arial, sans-serif;font-size: 16px\">Assim, d<\/span><span style=\"color: #0d0d0d;font-family: 'Helvetica Neue', Helvetica, Arial, sans-serif;font-size: 16px;background-color: var(--bs-body-bg);text-align: var(--bs-body-text-align)\">esenvolver e disponibilizar esse Observat\u00f3rio, que \u00e9 um espa\u00e7o online de discuss\u00e3o, capacita\u00e7\u00e3o, aprendizagem e troca de experi\u00eancias sobre a&nbsp;<\/span><span style=\"font-family: 'Helvetica Neue', Helvetica, Arial, sans-serif;color: #0d0d0d;font-size: 16px;text-align: var(--bs-body-text-align);background-color: var(--bs-body-bg)\">organiza\u00e7\u00e3o e execu\u00e7\u00e3o da Vigil\u00e2ncia Alimentar e Nutricional (VAN), \u00e9 um meio de&nbsp;<\/span><span style=\"font-family: 'Helvetica Neue', Helvetica, Arial, sans-serif;color: #0d0d0d;font-size: 16px;text-align: var(--bs-body-text-align);background-color: var(--bs-body-bg)\">fortalecimento das pol\u00edticas p\u00fablicas de alimenta\u00e7\u00e3o e nutri\u00e7\u00e3o,<\/span><span style=\"font-family: 'Helvetica Neue', Helvetica, Arial, sans-serif;color: #0d0d0d;font-size: 16px;text-align: var(--bs-body-text-align);background-color: var(--bs-body-bg)\">&nbsp;direcionado \u00e0s necessidades dos profissionais e gestores dos servi\u00e7os de sa\u00fade da Aten\u00e7\u00e3o Prim\u00e1ria dos munic\u00edpios do Rio Grande do Sul (RS).&nbsp;<\/span><\/p>\n<p><span style=\"font-family: 'Helvetica Neue', Helvetica, Arial, sans-serif;color: #0d0d0d;font-size: 16px;text-align: var(--bs-body-text-align);background-color: var(--bs-body-bg)\">Ent\u00e3o voc\u00ea, profissional de sa\u00fade da aten\u00e7\u00e3o prim\u00e1ria\/gestor que necessite de suporte para operacionaliza\u00e7\u00e3o da VAN no seu munic\u00edpio, entre em contato conosco.<\/span><\/p>\n<p><span style=\"font-family: 'Helvetica Neue', Helvetica, Arial, sans-serif;color: #0d0d0d;font-size: 16px;text-align: var(--bs-body-text-align);background-color: var(--bs-body-bg)\">Para acessar <strong>materiais, sites e cursos<\/strong> importantes sobre a tem\u00e1tica da VAN, v\u00e1 at\u00e9 o<strong> menu<\/strong>, no topo desta p\u00e1gina<\/span><\/p>\t\t\t\t\t\t<\/div>\n\t\t\t\t<\/div>\n\t\t\t\t\t<\/div>\n\t\t<\/div>\n\t\t\t\t\t<\/div>\n\t\t<\/section>\n\t\t\t\t<section class=\"elementor-section elementor-top-section elementor-element elementor-element-7c6d161 elementor-section-boxed elementor-section-height-default elementor-section-height-default\" data-id=\"7c6d161\" data-element_type=\"section\">\n\t\t\t\t\t\t<div class=\"elementor-container elementor-column-gap-default\">\n\t\t\t\t\t<div class=\"elementor-column elementor-col-100 elementor-top-column elementor-element elementor-element-912bf05\" data-id=\"912bf05\" data-element_type=\"column\">\n\t\t\t<div class=\"elementor-widget-wrap elementor-element-populated\">\n\t\t\t\t\t\t<div class=\"elementor-element elementor-element-f5c843f elementor-widget elementor-widget-heading\" data-id=\"f5c843f\" data-element_type=\"widget\" data-widget_type=\"heading.default\">\n\t\t\t\t<div class=\"elementor-widget-container\">\n\t\t\t<h5 class=\"elementor-heading-title elementor-size-default\">Conhe\u00e7a<\/h5>\t\t<\/div>\n\t\t\t\t<\/div>\n\t\t\t\t\t<\/div>\n\t\t<\/div>\n\t\t\t\t\t<\/div>\n\t\t<\/section>\n\t\t\t\t<section class=\"elementor-section elementor-top-section elementor-element elementor-element-489b37b elementor-section-boxed elementor-section-height-default elementor-section-height-default\" data-id=\"489b37b\" data-element_type=\"section\">\n\t\t\t\t\t\t<div class=\"elementor-container elementor-column-gap-default\">\n\t\t\t\t\t<div class=\"elementor-column elementor-col-100 elementor-top-column elementor-element elementor-element-b4d8b70\" data-id=\"b4d8b70\" data-element_type=\"column\">\n\t\t\t<div class=\"elementor-widget-wrap elementor-element-populated\">\n\t\t\t\t\t\t<div class=\"elementor-element elementor-element-09961b8 elementor-widget elementor-widget-heading\" data-id=\"09961b8\" data-element_type=\"widget\" data-widget_type=\"heading.default\">\n\t\t\t\t<div class=\"elementor-widget-container\">\n\t\t\t<div class=\"elementor-heading-title elementor-size-default\">Protocolos de uso do Guia Alimentar para a Popula\u00e7\u00e3o Brasileira<\/div>\t\t<\/div>\n\t\t\t\t<\/div>\n\t\t\t\t\t<\/div>\n\t\t<\/div>\n\t\t\t\t\t<\/div>\n\t\t<\/section>\n\t\t\t\t<section class=\"elementor-section elementor-top-section elementor-element elementor-element-9991c0c elementor-section-boxed elementor-section-height-default elementor-section-height-default\" data-id=\"9991c0c\" data-element_type=\"section\">\n\t\t\t\t\t\t<div class=\"elementor-container elementor-column-gap-default\">\n\t\t\t\t\t<div class=\"elementor-column elementor-col-100 elementor-top-column elementor-element elementor-element-0a85c2e\" data-id=\"0a85c2e\" data-element_type=\"column\">\n\t\t\t<div class=\"elementor-widget-wrap elementor-element-populated\">\n\t\t\t\t\t\t<div class=\"elementor-element elementor-element-2f86900 elementor-widget elementor-widget-video\" data-id=\"2f86900\" data-element_type=\"widget\" data-settings=\"{&quot;youtube_url&quot;:&quot;https:\\\/\\\/www.youtube.com\\\/watch?v=5NpM46wFDdM&quot;,&quot;video_type&quot;:&quot;youtube&quot;,&quot;controls&quot;:&quot;yes&quot;}\" data-widget_type=\"video.default\">\n\t\t\t\t<div class=\"elementor-widget-container\">\n\t\t\t\t\t<div class=\"elementor-wrapper elementor-open-inline\">\n\t\t\t<div class=\"elementor-video\"><\/div>\t\t<\/div>\n\t\t\t\t<\/div>\n\t\t\t\t<\/div>\n\t\t\t\t\t<\/div>\n\t\t<\/div>\n\t\t\t\t\t<\/div>\n\t\t<\/section>\n\t\t\t\t<section class=\"elementor-section elementor-top-section elementor-element elementor-element-f1cf74c elementor-section-boxed elementor-section-height-default elementor-section-height-default\" data-id=\"f1cf74c\" data-element_type=\"section\">\n\t\t\t\t\t\t<div class=\"elementor-container elementor-column-gap-default\">\n\t\t\t\t\t<div class=\"elementor-column elementor-col-100 elementor-top-column elementor-element elementor-element-c10fbe8\" data-id=\"c10fbe8\" data-element_type=\"column\">\n\t\t\t<div class=\"elementor-widget-wrap elementor-element-populated\">\n\t\t\t\t\t\t<div class=\"elementor-element elementor-element-e294fba elementor-widget-divider--view-line elementor-widget elementor-widget-divider\" data-id=\"e294fba\" data-element_type=\"widget\" data-widget_type=\"divider.default\">\n\t\t\t\t<div class=\"elementor-widget-container\">\n\t\t\t\t\t<div class=\"elementor-divider\">\n\t\t\t<span class=\"elementor-divider-separator\">\n\t\t\t\t\t\t<\/span>\n\t\t<\/div>\n\t\t\t\t<\/div>\n\t\t\t\t<\/div>\n\t\t\t\t\t<\/div>\n\t\t<\/div>\n\t\t\t\t\t<\/div>\n\t\t<\/section>\n\t\t\t\t<section class=\"elementor-section elementor-top-section elementor-element elementor-element-7a9d9cf elementor-section-boxed elementor-section-height-default elementor-section-height-default\" data-id=\"7a9d9cf\" data-element_type=\"section\">\n\t\t\t\t\t\t<div class=\"elementor-container elementor-column-gap-default\">\n\t\t\t\t\t<div class=\"elementor-column elementor-col-33 elementor-top-column elementor-element elementor-element-752df47\" data-id=\"752df47\" data-element_type=\"column\">\n\t\t\t<div class=\"elementor-widget-wrap elementor-element-populated\">\n\t\t\t\t\t\t<div class=\"elementor-element elementor-element-f744e5c elementor-view-default elementor-position-top elementor-mobile-position-top elementor-widget elementor-widget-icon-box\" data-id=\"f744e5c\" data-element_type=\"widget\" data-widget_type=\"icon-box.default\">\n\t\t\t\t<div class=\"elementor-widget-container\">\n\t\t\t\t\t<div class=\"elementor-icon-box-wrapper\">\n\n\t\t\t\t\t\t<div class=\"elementor-icon-box-icon\">\n\t\t\t\t<a href=\"https:\/\/www.ufsm.br\/projetos\/institucional\/ovan\/informacoes-gerais\" class=\"elementor-icon elementor-animation-bounce-in\" tabindex=\"-1\">\n\t\t\t\t<i aria-hidden=\"true\" class=\"far fa-clipboard\"><\/i>\t\t\t\t<\/a>\n\t\t\t<\/div>\n\t\t\t\n\t\t\t\t\t\t<div class=\"elementor-icon-box-content\">\n\n\t\t\t\t\t\t\t\t\t<h3 class=\"elementor-icon-box-title\">\n\t\t\t\t\t\t<a href=\"https:\/\/www.ufsm.br\/projetos\/institucional\/ovan\/informacoes-gerais\" >\n\t\t\t\t\t\t\tSobre\t\t\t\t\t\t<\/a>\n\t\t\t\t\t<\/h3>\n\t\t\t\t\n\t\t\t\t\n\t\t\t<\/div>\n\t\t\t\n\t\t<\/div>\n\t\t\t\t<\/div>\n\t\t\t\t<\/div>\n\t\t\t\t\t<\/div>\n\t\t<\/div>\n\t\t\t\t<div class=\"elementor-column elementor-col-33 elementor-top-column elementor-element elementor-element-d147184\" data-id=\"d147184\" data-element_type=\"column\">\n\t\t\t<div class=\"elementor-widget-wrap elementor-element-populated\">\n\t\t\t\t\t\t<div class=\"elementor-element elementor-element-c77345a elementor-view-default elementor-position-top elementor-mobile-position-top elementor-widget elementor-widget-icon-box\" data-id=\"c77345a\" data-element_type=\"widget\" data-widget_type=\"icon-box.default\">\n\t\t\t\t<div class=\"elementor-widget-container\">\n\t\t\t\t\t<div class=\"elementor-icon-box-wrapper\">\n\n\t\t\t\t\t\t<div class=\"elementor-icon-box-icon\">\n\t\t\t\t<a href=\"https:\/\/www.ufsm.br\/projetos\/institucional\/ovan\/orgaos\/\" class=\"elementor-icon elementor-animation-bounce-in\" tabindex=\"-1\">\n\t\t\t\t<i aria-hidden=\"true\" class=\"fas fa-handshake\"><\/i>\t\t\t\t<\/a>\n\t\t\t<\/div>\n\t\t\t\n\t\t\t\t\t\t<div class=\"elementor-icon-box-content\">\n\n\t\t\t\t\t\t\t\t\t<h3 class=\"elementor-icon-box-title\">\n\t\t\t\t\t\t<a href=\"https:\/\/www.ufsm.br\/projetos\/institucional\/ovan\/orgaos\/\" >\n\t\t\t\t\t\t\tInstitui\u00e7\u00f5es parceiras\t\t\t\t\t\t<\/a>\n\t\t\t\t\t<\/h3>\n\t\t\t\t\n\t\t\t\t\n\t\t\t<\/div>\n\t\t\t\n\t\t<\/div>\n\t\t\t\t<\/div>\n\t\t\t\t<\/div>\n\t\t\t\t\t<\/div>\n\t\t<\/div>\n\t\t\t\t<div class=\"elementor-column elementor-col-33 elementor-top-column elementor-element elementor-element-9615275\" data-id=\"9615275\" data-element_type=\"column\">\n\t\t\t<div class=\"elementor-widget-wrap elementor-element-populated\">\n\t\t\t\t\t\t<div class=\"elementor-element elementor-element-6a060cf elementor-view-default elementor-position-top elementor-mobile-position-top elementor-widget elementor-widget-icon-box\" data-id=\"6a060cf\" data-element_type=\"widget\" data-widget_type=\"icon-box.default\">\n\t\t\t\t<div class=\"elementor-widget-container\">\n\t\t\t\t\t<div class=\"elementor-icon-box-wrapper\">\n\n\t\t\t\t\t\t<div class=\"elementor-icon-box-icon\">\n\t\t\t\t<a href=\"https:\/\/www.ufsm.br\/projetos\/institucional\/ovan\/equipe\/\" class=\"elementor-icon elementor-animation-bounce-in\" tabindex=\"-1\">\n\t\t\t\t<i aria-hidden=\"true\" class=\"fas fa-users\"><\/i>\t\t\t\t<\/a>\n\t\t\t<\/div>\n\t\t\t\n\t\t\t\t\t\t<div class=\"elementor-icon-box-content\">\n\n\t\t\t\t\t\t\t\t\t<h3 class=\"elementor-icon-box-title\">\n\t\t\t\t\t\t<a href=\"https:\/\/www.ufsm.br\/projetos\/institucional\/ovan\/equipe\/\" >\n\t\t\t\t\t\t\tParticipantes\t\t\t\t\t\t<\/a>\n\t\t\t\t\t<\/h3>\n\t\t\t\t\n\t\t\t\t\n\t\t\t<\/div>\n\t\t\t\n\t\t<\/div>\n\t\t\t\t<\/div>\n\t\t\t\t<\/div>\n\t\t\t\t\t<\/div>\n\t\t<\/div>\n\t\t\t\t\t<\/div>\n\t\t<\/section>\n\t\t\t\t<section class=\"elementor-section elementor-top-section elementor-element elementor-element-0dbf624 elementor-section-boxed elementor-section-height-default elementor-section-height-default\" data-id=\"0dbf624\" data-element_type=\"section\">\n\t\t\t\t\t\t<div class=\"elementor-container elementor-column-gap-default\">\n\t\t\t\t\t<div class=\"elementor-column elementor-col-100 elementor-top-column elementor-element elementor-element-587f546\" data-id=\"587f546\" data-element_type=\"column\">\n\t\t\t<div class=\"elementor-widget-wrap elementor-element-populated\">\n\t\t\t\t\t\t<div class=\"elementor-element elementor-element-a58953e elementor-widget-divider--view-line elementor-widget elementor-widget-divider\" data-id=\"a58953e\" data-element_type=\"widget\" data-widget_type=\"divider.default\">\n\t\t\t\t<div class=\"elementor-widget-container\">\n\t\t\t\t\t<div class=\"elementor-divider\">\n\t\t\t<span class=\"elementor-divider-separator\">\n\t\t\t\t\t\t<\/span>\n\t\t<\/div>\n\t\t\t\t<\/div>\n\t\t\t\t<\/div>\n\t\t\t\t\t<\/div>\n\t\t<\/div>\n\t\t\t\t\t<\/div>\n\t\t<\/section>\n\t\t\t\t<section class=\"elementor-section elementor-top-section elementor-element elementor-element-1618488 elementor-section-boxed elementor-section-height-default elementor-section-height-default\" data-id=\"1618488\" data-element_type=\"section\">\n\t\t\t\t\t\t<div class=\"elementor-container elementor-column-gap-default\">\n\t\t\t\t\t<div class=\"elementor-column elementor-col-100 elementor-top-column elementor-element elementor-element-b9cf967\" data-id=\"b9cf967\" data-element_type=\"column\">\n\t\t\t<div class=\"elementor-widget-wrap elementor-element-populated\">\n\t\t\t\t\t\t<div class=\"elementor-element elementor-element-d338135 elementor-shape-rounded elementor-grid-0 e-grid-align-center elementor-widget elementor-widget-social-icons\" data-id=\"d338135\" data-element_type=\"widget\" data-widget_type=\"social-icons.default\">\n\t\t\t\t<div class=\"elementor-widget-container\">\n\t\t\t\t\t<div class=\"elementor-social-icons-wrapper elementor-grid\">\n\t\t\t\t\t\t\t<span class=\"elementor-grid-item\">\n\t\t\t\t\t<a class=\"elementor-icon elementor-social-icon elementor-social-icon-youtube elementor-repeater-item-163c07f\" href=\"https:\/\/www.youtube.com\/channel\/UCFh21UuRjd3-e7xVH7hq7sA\" target=\"_blank\">\n\t\t\t\t\t\t<span class=\"elementor-screen-only\">Youtube<\/span>\n\t\t\t\t\t\t<i class=\"fab fa-youtube\"><\/i>\t\t\t\t\t<\/a>\n\t\t\t\t<\/span>\n\t\t\t\t\t\t\t<span class=\"elementor-grid-item\">\n\t\t\t\t\t<a class=\"elementor-icon elementor-social-icon elementor-social-icon-instagram elementor-repeater-item-f20b4f5\" href=\"https:\/\/www.instagram.com\/ovan_observatorio\/\" target=\"_blank\">\n\t\t\t\t\t\t<span class=\"elementor-screen-only\">Instagram<\/span>\n\t\t\t\t\t\t<i class=\"fab fa-instagram\"><\/i>\t\t\t\t\t<\/a>\n\t\t\t\t<\/span>\n\t\t\t\t\t<\/div>\n\t\t\t\t<\/div>\n\t\t\t\t<\/div>\n\t\t\t\t\t<\/div>\n\t\t<\/div>\n\t\t\t\t\t<\/div>\n\t\t<\/section>\n\t\t\t\t<\/div>\n\t\t","protected":false},"excerpt":{"rendered":"<p>Previous image Next image O Observat\u00f3rio de Vigil\u00e2ncia Alimentar e Nutricional (OVAN) \u00e9 um espa\u00e7o que visa proporcionar conhecimento e auxiliar os profissionais e gestores da Aten\u00e7\u00e3o Prim\u00e1ria \u00e0&nbsp;Sa\u00fade (APS) por meio de conte\u00fados, cursos e eventos sobre Vigil\u00e2ncia Alimentar e Nutricional (VAN) como forma de qualificar sua operacionaliza\u00e7\u00e3o e organiza\u00e7\u00e3o e fortalecer as pol\u00edticas [&hellip;]<\/p>\n","protected":false},"author":8,"featured_media":0,"parent":0,"menu_order":0,"comment_status":"closed","ping_status":"closed","template":"","meta":{"footnotes":""},"categories":[],"tags":[],"class_list":["post-5","page","type-page","status-publish","hentry"],"acf":[],"_links":{"self":[{"href":"https:\/\/www.ufsm.br\/projetos\/institucional\/ovan\/wp-json\/wp\/v2\/pages\/5","targetHints":{"allow":["GET"]}}],"collection":[{"href":"https:\/\/www.ufsm.br\/projetos\/institucional\/ovan\/wp-json\/wp\/v2\/pages"}],"about":[{"href":"https:\/\/www.ufsm.br\/projetos\/institucional\/ovan\/wp-json\/wp\/v2\/types\/page"}],"author":[{"embeddable":true,"href":"https:\/\/www.ufsm.br\/projetos\/institucional\/ovan\/wp-json\/wp\/v2\/users\/8"}],"replies":[{"embeddable":true,"href":"https:\/\/www.ufsm.br\/projetos\/institucional\/ovan\/wp-json\/wp\/v2\/comments?post=5"}],"version-history":[{"count":0,"href":"https:\/\/www.ufsm.br\/projetos\/institucional\/ovan\/wp-json\/wp\/v2\/pages\/5\/revisions"}],"wp:attachment":[{"href":"https:\/\/www.ufsm.br\/projetos\/institucional\/ovan\/wp-json\/wp\/v2\/media?parent=5"}],"wp:term":[{"taxonomy":"category","embeddable":true,"href":"https:\/\/www.ufsm.br\/projetos\/institucional\/ovan\/wp-json\/wp\/v2\/categories?post=5"},{"taxonomy":"post_tag","embeddable":true,"href":"https:\/\/www.ufsm.br\/projetos\/institucional\/ovan\/wp-json\/wp\/v2\/tags?post=5"}],"curies":[{"name":"wp","href":"https:\/\/api.w.org\/{rel}","templated":true}]}}