{"id":2,"date":"2019-05-14T15:59:30","date_gmt":"2019-05-14T18:59:30","guid":{"rendered":"https:\/\/www.ufsm.br\/laboratorios-larp\/?page_id=2"},"modified":"2025-02-12T09:52:57","modified_gmt":"2025-02-12T12:52:57","slug":"pagina-inicial","status":"publish","type":"page","link":"https:\/\/www.ufsm.br\/reitoria\/avaliacao\/csacs\/","title":{"rendered":"P\u00e1gina inicial"},"content":{"rendered":"\t\t<div data-elementor-type=\"wp-post\" data-elementor-id=\"2\" class=\"elementor elementor-2\">\n\t\t\t\t\t\t<section class=\"elementor-section elementor-top-section elementor-element elementor-element-6e6b627 elementor-section-boxed elementor-section-height-default elementor-section-height-default\" data-id=\"6e6b627\" data-element_type=\"section\">\n\t\t\t\t\t\t<div class=\"elementor-container elementor-column-gap-default\">\n\t\t\t\t\t<div class=\"elementor-column elementor-col-100 elementor-top-column elementor-element elementor-element-e6a3f8d\" data-id=\"e6a3f8d\" data-element_type=\"column\">\n\t\t\t<div class=\"elementor-widget-wrap elementor-element-populated\">\n\t\t\t\t\t\t<div class=\"elementor-element elementor-element-f1b73f6 elementor-widget elementor-widget-image\" data-id=\"f1b73f6\" data-element_type=\"widget\" data-widget_type=\"image.default\">\n\t\t\t\t<div class=\"elementor-widget-container\">\n\t\t\t\t\t\t\t\t\t\t\t\t\t<img fetchpriority=\"high\" decoding=\"async\" width=\"1024\" height=\"273\" src=\"https:\/\/www.ufsm.br\/app\/uploads\/sites\/743\/2025\/02\/AV24.2-Banner-1-1024x273.jpg\" class=\"attachment-large size-large wp-image-464\" alt=\"\" srcset=\"https:\/\/www.ufsm.br\/app\/uploads\/sites\/743\/2025\/02\/AV24.2-Banner-1-1024x273.jpg 1024w, https:\/\/www.ufsm.br\/app\/uploads\/sites\/743\/2025\/02\/AV24.2-Banner-1-300x80.jpg 300w, https:\/\/www.ufsm.br\/app\/uploads\/sites\/743\/2025\/02\/AV24.2-Banner-1-768x205.jpg 768w, https:\/\/www.ufsm.br\/app\/uploads\/sites\/743\/2025\/02\/AV24.2-Banner-1-1536x410.jpg 1536w, https:\/\/www.ufsm.br\/app\/uploads\/sites\/743\/2025\/02\/AV24.2-Banner-1.jpg 1920w\" sizes=\"(max-width: 1024px) 100vw, 1024px\" \/>\t\t\t\t\t\t\t\t\t\t\t\t\t<\/div>\n\t\t\t\t<\/div>\n\t\t\t\t\t<\/div>\n\t\t<\/div>\n\t\t\t\t\t<\/div>\n\t\t<\/section>\n\t\t\t\t<section class=\"elementor-section elementor-top-section elementor-element elementor-element-31fda3f1 elementor-section-boxed elementor-section-height-default elementor-section-height-default\" data-id=\"31fda3f1\" data-element_type=\"section\">\n\t\t\t\t\t\t<div class=\"elementor-container elementor-column-gap-default\">\n\t\t\t\t\t<div class=\"elementor-column elementor-col-100 elementor-top-column elementor-element elementor-element-7c1b024\" data-id=\"7c1b024\" data-element_type=\"column\">\n\t\t\t<div class=\"elementor-widget-wrap elementor-element-populated\">\n\t\t\t\t\t\t<div class=\"elementor-element elementor-element-8d9b83a elementor-widget elementor-widget-heading\" data-id=\"8d9b83a\" data-element_type=\"widget\" data-widget_type=\"heading.default\">\n\t\t\t\t<div class=\"elementor-widget-container\">\n\t\t\t<h5 class=\"elementor-heading-title elementor-size-default\">Apresenta\u00e7\u00e3o<\/h5>\t\t<\/div>\n\t\t\t\t<\/div>\n\t\t\t\t<div class=\"elementor-element elementor-element-c8da605 elementor-widget elementor-widget-text-editor\" data-id=\"c8da605\" data-element_type=\"widget\" data-widget_type=\"text-editor.default\">\n\t\t\t\t<div class=\"elementor-widget-container\">\n\t\t\t\t\t\t\t<p>Comiss\u00e3o Setorial de Avalia\u00e7\u00e3o (CSA) exerce um trabalho na Universidade Federal de Santa Maria de intercomunica\u00e7\u00e3o da Comiss\u00e3o Pr\u00f3pria de Avalia\u00e7\u00e3o (CPA) com um n\u00facleo de cada Centro, onde seus colaboradores incluem representantes do corpo docente, TAE, e corpo discente, tendo como principais fun\u00e7\u00f5es sensibilizar a comunidade universit\u00e1ria para os processos de avalia\u00e7\u00e3o institucional, desenvolve o processo de autoavalia\u00e7\u00e3o no campus, e tamb\u00e9m acompanha os processos de avalia\u00e7\u00f5es internas e externas dos cursos que comp\u00f5em a unidade universit\u00e1ria.<\/p>\t\t\t\t\t\t<\/div>\n\t\t\t\t<\/div>\n\t\t\t\t\t<\/div>\n\t\t<\/div>\n\t\t\t\t\t<\/div>\n\t\t<\/section>\n\t\t\t\t<section class=\"elementor-section elementor-top-section elementor-element elementor-element-866b5ea elementor-section-boxed elementor-section-height-default elementor-section-height-default\" data-id=\"866b5ea\" data-element_type=\"section\">\n\t\t\t\t\t\t<div class=\"elementor-container elementor-column-gap-default\">\n\t\t\t\t\t<div class=\"elementor-column elementor-col-100 elementor-top-column elementor-element elementor-element-e37179c\" data-id=\"e37179c\" data-element_type=\"column\">\n\t\t\t<div class=\"elementor-widget-wrap elementor-element-populated\">\n\t\t\t\t\t\t<div class=\"elementor-element elementor-element-89c009d elementor-widget elementor-widget-heading\" data-id=\"89c009d\" data-element_type=\"widget\" data-widget_type=\"heading.default\">\n\t\t\t\t<div class=\"elementor-widget-container\">\n\t\t\t<h5 class=\"elementor-heading-title elementor-size-default\">Utilidades<\/h5>\t\t<\/div>\n\t\t\t\t<\/div>\n\t\t\t\t\t<\/div>\n\t\t<\/div>\n\t\t\t\t\t<\/div>\n\t\t<\/section>\n\t\t\t\t<section class=\"elementor-section elementor-top-section elementor-element elementor-element-f861d4c elementor-section-boxed elementor-section-height-default elementor-section-height-default\" data-id=\"f861d4c\" data-element_type=\"section\">\n\t\t\t\t\t\t<div class=\"elementor-container elementor-column-gap-default\">\n\t\t\t\t\t<div class=\"elementor-column elementor-col-25 elementor-top-column elementor-element elementor-element-a782f1c\" data-id=\"a782f1c\" data-element_type=\"column\">\n\t\t\t<div class=\"elementor-widget-wrap elementor-element-populated\">\n\t\t\t\t\t\t<div class=\"elementor-element elementor-element-ada24e4 elementor-view-default elementor-position-top elementor-mobile-position-top elementor-widget elementor-widget-icon-box\" data-id=\"ada24e4\" data-element_type=\"widget\" data-settings=\"{&quot;_animation&quot;:&quot;none&quot;}\" data-widget_type=\"icon-box.default\">\n\t\t\t\t<div class=\"elementor-widget-container\">\n\t\t\t\t\t<div class=\"elementor-icon-box-wrapper\">\n\n\t\t\t\t\t\t<div class=\"elementor-icon-box-icon\">\n\t\t\t\t<a href=\"http:\/\/editais\/\" class=\"elementor-icon elementor-animation-bounce-in\" tabindex=\"-1\">\n\t\t\t\t<i aria-hidden=\"true\" class=\"far fa-file-alt\"><\/i>\t\t\t\t<\/a>\n\t\t\t<\/div>\n\t\t\t\n\t\t\t\t\t\t<div class=\"elementor-icon-box-content\">\n\n\t\t\t\t\t\t\t\t\t<h3 class=\"elementor-icon-box-title\">\n\t\t\t\t\t\t<a href=\"http:\/\/editais\/\" >\n\t\t\t\t\t\t\tEditais\t\t\t\t\t\t<\/a>\n\t\t\t\t\t<\/h3>\n\t\t\t\t\n\t\t\t\t\n\t\t\t<\/div>\n\t\t\t\n\t\t<\/div>\n\t\t\t\t<\/div>\n\t\t\t\t<\/div>\n\t\t\t\t\t<\/div>\n\t\t<\/div>\n\t\t\t\t<div class=\"elementor-column elementor-col-25 elementor-top-column elementor-element elementor-element-9ca1590\" data-id=\"9ca1590\" data-element_type=\"column\">\n\t\t\t<div class=\"elementor-widget-wrap elementor-element-populated\">\n\t\t\t\t\t\t<div class=\"elementor-element elementor-element-df8cac4 elementor-view-default elementor-position-top elementor-mobile-position-top elementor-widget elementor-widget-icon-box\" data-id=\"df8cac4\" data-element_type=\"widget\" data-widget_type=\"icon-box.default\">\n\t\t\t\t<div class=\"elementor-widget-container\">\n\t\t\t\t\t<div class=\"elementor-icon-box-wrapper\">\n\n\t\t\t\t\t\t<div class=\"elementor-icon-box-icon\">\n\t\t\t\t<a href=\"https:\/\/www.ufsm.br\/reitoria\/avaliacao\/csacs\/relatorios-e-portarias\" class=\"elementor-icon elementor-animation-bounce-in\" tabindex=\"-1\">\n\t\t\t\t<i aria-hidden=\"true\" class=\"far fa-folder-open\"><\/i>\t\t\t\t<\/a>\n\t\t\t<\/div>\n\t\t\t\n\t\t\t\t\t\t<div class=\"elementor-icon-box-content\">\n\n\t\t\t\t\t\t\t\t\t<h3 class=\"elementor-icon-box-title\">\n\t\t\t\t\t\t<a href=\"https:\/\/www.ufsm.br\/reitoria\/avaliacao\/csacs\/relatorios-e-portarias\" >\n\t\t\t\t\t\t\tRelat\u00f3rios e Portarias\t\t\t\t\t\t<\/a>\n\t\t\t\t\t<\/h3>\n\t\t\t\t\n\t\t\t\t\n\t\t\t<\/div>\n\t\t\t\n\t\t<\/div>\n\t\t\t\t<\/div>\n\t\t\t\t<\/div>\n\t\t\t\t\t<\/div>\n\t\t<\/div>\n\t\t\t\t<div class=\"elementor-column elementor-col-25 elementor-top-column elementor-element elementor-element-4a2e32e\" data-id=\"4a2e32e\" data-element_type=\"column\">\n\t\t\t<div class=\"elementor-widget-wrap elementor-element-populated\">\n\t\t\t\t\t\t<div class=\"elementor-element elementor-element-8a4d409 elementor-view-default elementor-position-top elementor-mobile-position-top elementor-widget elementor-widget-icon-box\" data-id=\"8a4d409\" data-element_type=\"widget\" data-widget_type=\"icon-box.default\">\n\t\t\t\t<div class=\"elementor-widget-container\">\n\t\t\t\t\t<div class=\"elementor-icon-box-wrapper\">\n\n\t\t\t\t\t\t<div class=\"elementor-icon-box-icon\">\n\t\t\t\t<a href=\"http:\/\/formularios\/\" class=\"elementor-icon elementor-animation-bounce-in\" tabindex=\"-1\">\n\t\t\t\t<i aria-hidden=\"true\" class=\"fab fa-wpforms\"><\/i>\t\t\t\t<\/a>\n\t\t\t<\/div>\n\t\t\t\n\t\t\t\t\t\t<div class=\"elementor-icon-box-content\">\n\n\t\t\t\t\t\t\t\t\t<h3 class=\"elementor-icon-box-title\">\n\t\t\t\t\t\t<a href=\"http:\/\/formularios\/\" >\n\t\t\t\t\t\t\tFormul\u00e1rios\t\t\t\t\t\t<\/a>\n\t\t\t\t\t<\/h3>\n\t\t\t\t\n\t\t\t\t\n\t\t\t<\/div>\n\t\t\t\n\t\t<\/div>\n\t\t\t\t<\/div>\n\t\t\t\t<\/div>\n\t\t\t\t\t<\/div>\n\t\t<\/div>\n\t\t\t\t<div class=\"elementor-column elementor-col-25 elementor-top-column elementor-element elementor-element-d2d0280\" data-id=\"d2d0280\" data-element_type=\"column\">\n\t\t\t<div class=\"elementor-widget-wrap elementor-element-populated\">\n\t\t\t\t\t\t<div class=\"elementor-element elementor-element-e422007 elementor-view-default elementor-position-top elementor-mobile-position-top elementor-widget elementor-widget-icon-box\" data-id=\"e422007\" data-element_type=\"widget\" data-widget_type=\"icon-box.default\">\n\t\t\t\t<div class=\"elementor-widget-container\">\n\t\t\t\t\t<div class=\"elementor-icon-box-wrapper\">\n\n\t\t\t\t\t\t<div class=\"elementor-icon-box-icon\">\n\t\t\t\t<a href=\"http:\/\/cadernos-de-avaliacao\/\" class=\"elementor-icon elementor-animation-bounce-in\" tabindex=\"-1\">\n\t\t\t\t<i aria-hidden=\"true\" class=\"fas fa-book\"><\/i>\t\t\t\t<\/a>\n\t\t\t<\/div>\n\t\t\t\n\t\t\t\t\t\t<div class=\"elementor-icon-box-content\">\n\n\t\t\t\t\t\t\t\t\t<h3 class=\"elementor-icon-box-title\">\n\t\t\t\t\t\t<a href=\"http:\/\/cadernos-de-avaliacao\/\" >\n\t\t\t\t\t\t\tCadernos de Avalia\u00e7\u00e3o\t\t\t\t\t\t<\/a>\n\t\t\t\t\t<\/h3>\n\t\t\t\t\n\t\t\t\t\n\t\t\t<\/div>\n\t\t\t\n\t\t<\/div>\n\t\t\t\t<\/div>\n\t\t\t\t<\/div>\n\t\t\t\t\t<\/div>\n\t\t<\/div>\n\t\t\t\t\t<\/div>\n\t\t<\/section>\n\t\t\t\t<section class=\"elementor-section elementor-top-section elementor-element elementor-element-399195b elementor-section-boxed elementor-section-height-default elementor-section-height-default\" data-id=\"399195b\" data-element_type=\"section\">\n\t\t\t\t\t\t<div class=\"elementor-container elementor-column-gap-default\">\n\t\t\t\t\t<div class=\"elementor-column elementor-col-100 elementor-top-column elementor-element elementor-element-8759219\" data-id=\"8759219\" data-element_type=\"column\">\n\t\t\t<div class=\"elementor-widget-wrap elementor-element-populated\">\n\t\t\t\t\t\t<div class=\"elementor-element elementor-element-b327021 elementor-widget elementor-widget-wp-widget-ufsm_noticias_widget\" data-id=\"b327021\" data-element_type=\"widget\" data-widget_type=\"wp-widget-ufsm_noticias_widget.default\">\n\t\t\t\t<div class=\"elementor-widget-container\">\n\t\t\t<h5 class='titulo-conteudos'>Not\u00edcias<\/h5><div class='widget-noticias-inside'>\n                        <div class=\"row\">\n                                    <div class=\"col-12 col-lg-4 pb-4\">\n                                        \n                                        \n                    \n                    <a class=\"noticias-widget-title d-block \"  title=\"Avalia\u00e7\u00e3o Ensino-Aprendizagem do segundo semestre de 2025 dispon\u00edvel at\u00e9 16\/03\" href=\"https:\/\/www.ufsm.br\/unidades-universitarias\/cachoeira-do-sul\/2026\/03\/04\/avaliacao-ensino-aprendizagem-do-segundo-semestre-de-2025-disponivel-ate-16-03\">\n                                                Avalia\u00e7\u00e3o Ensino-Aprendizagem do segundo semestre de 2025 dispon\u00edvel at\u00e9 16\/03                    <\/a>\n                    \n                                            <div class=\"noticias-widget-introtext\">\n                            Est\u00e1 na reta final o per\u00edodo de Avalia\u00e7\u00e3o Ensino-Aprendizagem referente ao segundo semestre de 2025. Estudantes que cursaram disciplinas em&hellip;                        <\/div>\n                    \n                                        \n                                        \n                                            \n                                                    <div title=\"Publicado em 04\/03\/2026 \" class=\"data-publicacao-widget\">\n                                <i  class=\"far fa-clock\"><\/i>\n                                04\/03\/2026                             <\/div>\n                                                                <\/div>\n                                    <div class=\"col-12 col-lg-4 pb-4\">\n                                        \n                                        \n                    \n                    <a class=\"noticias-widget-title d-block \"  title=\"Avalia\u00e7\u00e3o Geral da UFSM 2025 segue aberta at\u00e9 31 de outubro\" href=\"https:\/\/www.ufsm.br\/unidades-universitarias\/cachoeira-do-sul\/2025\/09\/09\/avaliacao-geral-da-ufsm-2025-segue-aberta-ate-31-de-outubro\">\n                                                Avalia\u00e7\u00e3o Geral da UFSM 2025 segue aberta at\u00e9 31 de outubro                    <\/a>\n                    \n                                            <div class=\"noticias-widget-introtext\">\n                            A Universidade Federal de Santa Maria (UFSM) est\u00e1 com a Pesquisa de Avalia\u00e7\u00e3o Geral 2025 dispon\u00edvel para resposta at\u00e9 o&hellip;                        <\/div>\n                    \n                                        \n                                        \n                                            \n                                                    <div title=\"Publicado em 09\/09\/2025 \" class=\"data-publicacao-widget\">\n                                <i  class=\"far fa-clock\"><\/i>\n                                09\/09\/2025                             <\/div>\n                                                                <\/div>\n                                    <div class=\"col-12 col-lg-4 pb-4\">\n                                        \n                                        \n                    \n                    <a class=\"noticias-widget-title d-block \"  title=\"UFSM prorroga prazo para participa\u00e7\u00e3o na Avalia\u00e7\u00e3o Ensino-Aprendizagem at\u00e9 29 de mar\u00e7o de 2025\" href=\"https:\/\/www.ufsm.br\/unidades-universitarias\/cachoeira-do-sul\/2025\/03\/24\/ufsm-prorroga-prazo-para-participacao-na-avaliacao-ensino-aprendizagem-ate-29-de-marco-de-2025\">\n                                                UFSM prorroga prazo para participa\u00e7\u00e3o na Avalia\u00e7\u00e3o Ensino-Aprendizagem at\u00e9 29 de mar\u00e7o de 2025                    <\/a>\n                    \n                                            <div class=\"noticias-widget-introtext\">\n                            Prazo para preenchimento dos question\u00e1rios foi estendido com o objetivo de ampliar a participa\u00e7\u00e3o da comunidade acad\u00eamica                        <\/div>\n                    \n                                        \n                                        \n                                            \n                                                    <div title=\"Publicado em 24\/03\/2025 \" class=\"data-publicacao-widget\">\n                                <i  class=\"far fa-clock\"><\/i>\n                                24\/03\/2025                             <\/div>\n                                                                <\/div>\n                            <\/div>\n                    <div class=\"row\">\n                                    <div class=\"col-12 col-lg-4 pb-4\">\n                                        \n                                        \n                    \n                    <a class=\"noticias-widget-title d-block \"  title=\"Avalia\u00e7\u00e3o Ensino-Aprendizagem 2024\/2 entra na reta final na UFSM-CS\" href=\"https:\/\/www.ufsm.br\/unidades-universitarias\/cachoeira-do-sul\/2025\/03\/12\/avaliacao-ensino-aprendizagem-2024-2-entra-na-reta-final-na-ufsm-cs\">\n                                                Avalia\u00e7\u00e3o Ensino-Aprendizagem 2024\/2 entra na reta final na UFSM-CS                    <\/a>\n                    \n                                            <div class=\"noticias-widget-introtext\">\n                            UFSM-CS est\u00e1 na segunda posi\u00e7\u00e3o do ranking, alcan\u00e7ando 34,5% de participa\u00e7\u00e3o a 10 dias do fim da pesquisa                        <\/div>\n                    \n                                        \n                                        \n                                            \n                                                    <div title=\"Publicado em 12\/03\/2025 \" class=\"data-publicacao-widget\">\n                                <i  class=\"far fa-clock\"><\/i>\n                                12\/03\/2025                             <\/div>\n                                                                <\/div>\n                                    <div class=\"col-12 col-lg-4 pb-4\">\n                                        \n                                        \n                    \n                    <a class=\"noticias-widget-title d-block \"  title=\"Avalia\u00e7\u00e3o Ensino-Aprendizagem 2024\/2 segue aberta at\u00e9 mar\u00e7o\" href=\"https:\/\/www.ufsm.br\/unidades-universitarias\/cachoeira-do-sul\/2025\/02\/12\/avaliacao-ensino-aprendizagem-2024-2-segue-aberta-ate-marco\">\n                                                Avalia\u00e7\u00e3o Ensino-Aprendizagem 2024\/2 segue aberta at\u00e9 mar\u00e7o                    <\/a>\n                    \n                                            <div class=\"noticias-widget-introtext\">\n                            Dispon\u00edvel desde o dia 18 de novembro de 2024, a Avalia\u00e7\u00e3o Ensino-Aprendizagem 2024\/2 pode ser respondida at\u00e9 o dia 22&hellip;                        <\/div>\n                    \n                                        \n                                        \n                                            \n                                                    <div title=\"Publicado em 12\/02\/2025 \" class=\"data-publicacao-widget\">\n                                <i  class=\"far fa-clock\"><\/i>\n                                12\/02\/2025                             <\/div>\n                                                                <\/div>\n                                    <div class=\"col-12 col-lg-4 pb-4\">\n                                        \n                                        \n                    \n                    <a class=\"noticias-widget-title d-block \"  title=\"Comiss\u00e3o Setorial de Avalia\u00e7\u00e3o da UFSM-CS divulga resultado da Pesquisa de Egressos\" href=\"https:\/\/www.ufsm.br\/unidades-universitarias\/cachoeira-do-sul\/2024\/10\/17\/comissao-setorial-de-avaliacao-da-ufsm-cs-divulga-resultado-da-pesquisa-de-egressos\">\n                                                Comiss\u00e3o Setorial de Avalia\u00e7\u00e3o da UFSM-CS divulga resultado da Pesquisa de Egressos                    <\/a>\n                    \n                                            <div class=\"noticias-widget-introtext\">\n                            A Comiss\u00e3o Setorial de Avalia\u00e7\u00e3o (CSA) da UFSM em Cachoeira do Sul divulgou o resultado da Pesquisa de Egressos. A&hellip;                        <\/div>\n                    \n                                        \n                                        \n                                            \n                                                    <div title=\"Publicado em 17\/10\/2024 \" class=\"data-publicacao-widget\">\n                                <i  class=\"far fa-clock\"><\/i>\n                                17\/10\/2024                             <\/div>\n                                                                <\/div>\n                            <\/div>\n            <\/div>\n<div class=\"leia-mais p-1\">\n                <a href=\"https:\/\/www.ufsm.br\/reitoria\/avaliacao\/csacs\/busca\/?q=&area=post&orderby=date&sites%5B%5D=376&tags=csacs\">\n            LEIA MAIS            <span class=\"icon-box\">\n                <span class=\"bg-ufsm-widget-icon\">\n                    <i class=\"fas fa-chevron-right\" aria-hidden=\"true\"><\/i>\n                <\/span>\n            <\/span>\n        <\/a>\n    <\/div>\n\t\t<\/div>\n\t\t\t\t<\/div>\n\t\t\t\t\t<\/div>\n\t\t<\/div>\n\t\t\t\t\t<\/div>\n\t\t<\/section>\n\t\t\t\t<\/div>\n\t\t","protected":false},"excerpt":{"rendered":"<p>Apresenta\u00e7\u00e3o Comiss\u00e3o Setorial de Avalia\u00e7\u00e3o (CSA) exerce um trabalho na Universidade Federal de Santa Maria de intercomunica\u00e7\u00e3o da Comiss\u00e3o Pr\u00f3pria de Avalia\u00e7\u00e3o (CPA) com um n\u00facleo de cada Centro, onde seus colaboradores incluem representantes do corpo docente, TAE, e corpo discente, tendo como principais fun\u00e7\u00f5es sensibilizar a comunidade universit\u00e1ria para os processos de avalia\u00e7\u00e3o institucional, [&hellip;]<\/p>\n","protected":false},"author":26,"featured_media":0,"parent":0,"menu_order":0,"comment_status":"closed","ping_status":"open","template":"","meta":{"footnotes":""},"categories":[],"tags":[],"class_list":["post-2","page","type-page","status-publish","hentry"],"acf":[],"_links":{"self":[{"href":"https:\/\/www.ufsm.br\/reitoria\/avaliacao\/csacs\/wp-json\/wp\/v2\/pages\/2","targetHints":{"allow":["GET"]}}],"collection":[{"href":"https:\/\/www.ufsm.br\/reitoria\/avaliacao\/csacs\/wp-json\/wp\/v2\/pages"}],"about":[{"href":"https:\/\/www.ufsm.br\/reitoria\/avaliacao\/csacs\/wp-json\/wp\/v2\/types\/page"}],"author":[{"embeddable":true,"href":"https:\/\/www.ufsm.br\/reitoria\/avaliacao\/csacs\/wp-json\/wp\/v2\/users\/26"}],"replies":[{"embeddable":true,"href":"https:\/\/www.ufsm.br\/reitoria\/avaliacao\/csacs\/wp-json\/wp\/v2\/comments?post=2"}],"version-history":[{"count":0,"href":"https:\/\/www.ufsm.br\/reitoria\/avaliacao\/csacs\/wp-json\/wp\/v2\/pages\/2\/revisions"}],"wp:attachment":[{"href":"https:\/\/www.ufsm.br\/reitoria\/avaliacao\/csacs\/wp-json\/wp\/v2\/media?parent=2"}],"wp:term":[{"taxonomy":"category","embeddable":true,"href":"https:\/\/www.ufsm.br\/reitoria\/avaliacao\/csacs\/wp-json\/wp\/v2\/categories?post=2"},{"taxonomy":"post_tag","embeddable":true,"href":"https:\/\/www.ufsm.br\/reitoria\/avaliacao\/csacs\/wp-json\/wp\/v2\/tags?post=2"}],"curies":[{"name":"wp","href":"https:\/\/api.w.org\/{rel}","templated":true}]}}