{"id":18,"date":"2023-08-29T10:16:19","date_gmt":"2023-08-29T13:16:19","guid":{"rendered":"https:\/\/www.ufsm.br\/reitoria\/gabinete-do-reitor\/cosame\/?page_id=18"},"modified":"2026-06-16T15:01:26","modified_gmt":"2026-06-16T18:01:26","slug":"atendimento-psicoeducativo","status":"publish","type":"page","link":"https:\/\/www.ufsm.br\/reitoria\/gabinete\/cosame\/atendimento-psicoeducativo","title":{"rendered":"Redes de Apoio"},"content":{"rendered":"\t\t<div data-elementor-type=\"wp-page\" data-elementor-id=\"18\" class=\"elementor elementor-18\">\n\t\t\t\t\t\t<section class=\"elementor-section elementor-top-section elementor-element elementor-element-39807ee elementor-section-boxed elementor-section-height-default elementor-section-height-default\" data-id=\"39807ee\" data-element_type=\"section\">\n\t\t\t\t\t\t<div class=\"elementor-container elementor-column-gap-default\">\n\t\t\t\t\t<div class=\"elementor-column elementor-col-50 elementor-top-column elementor-element elementor-element-2dbb296\" data-id=\"2dbb296\" data-element_type=\"column\">\n\t\t\t<div class=\"elementor-widget-wrap elementor-element-populated\">\n\t\t\t\t\t\t<div class=\"elementor-element elementor-element-e92af4e elementor-widget elementor-widget-heading\" data-id=\"e92af4e\" data-element_type=\"widget\" data-widget_type=\"heading.default\">\n\t\t\t\t<div class=\"elementor-widget-container\">\n\t\t\t<h3 class=\"elementor-heading-title elementor-size-default\">Campus Sede<\/h3>\t\t<\/div>\n\t\t\t\t<\/div>\n\t\t\t\t<div class=\"elementor-element elementor-element-92de82a elementor-widget elementor-widget-text-editor\" data-id=\"92de82a\" data-element_type=\"widget\" data-widget_type=\"text-editor.default\">\n\t\t\t\t<div class=\"elementor-widget-container\">\n\t\t\t\t\t\t\t<ul><li style=\"list-style-type: none\"><ul><li><a href=\"https:\/\/www.ufsm.br\/pro-reitorias\/prae\/nucleo-de-atencao-ao-estudante-nae\">N\u00facleo de Aten\u00e7\u00e3o ao Estudante (PRAE)<\/a><\/li><li><a href=\"https:\/\/www.ufsm.br\/unidades-universitarias\/cal\/unidade-de-apoio-pedagogico-uap-cal\">Centro de Artes e Letras (CAL) &#8211; Apoio Pedag\u00f3gico <\/a><\/li><li><a href=\"https:\/\/www.ufsm.br\/unidades-universitarias\/ccne\/apoio-pedagogico\" target=\"_blank\" rel=\"noopener\">Centro de Ci\u00eancias Naturais e Exatas (CCNE) &#8211; Apoio Pegag\u00f3gico<\/a><\/li><li><a href=\"https:\/\/www.ufsm.br\/unidades-universitarias\/ccr\/setor-de-apoio-pedagogico-sap\" target=\"_blank\" rel=\"noopener\">Centro de Ci\u00eancias Rurais (CCR) &#8211; Apoio Pedag\u00f3gico<\/a><\/li><li><a href=\"https:\/\/www.ufsm.br\/unidades-universitarias\/ccs\/setor-de-apoio-pedagogico\" target=\"_blank\" rel=\"noopener\">Centro de Ci\u00eancias da Sa\u00fade (CCS) &#8211; Apoio Pedag\u00f3gico<\/a><\/li><li><a href=\"https:\/\/www.ufsm.br\/unidades-universitarias\/ccsh\/unidade-de-apoio-pedagogico\" target=\"_blank\" rel=\"noopener\">Centro de Ci\u00eancias Sociais e Humanas (CCSH) &#8211; Apoio Pedag\u00f3gico<\/a><\/li><li><a href=\"https:\/\/www.ufsm.br\/unidades-universitarias\/ce\/uap-rede-integrare-unidade-de-apoio-pedagogico\" target=\"_blank\" rel=\"noopener\">Centro de Educa\u00e7\u00e3o (CE) &#8211; Apoio Pedag\u00f3gico<\/a><\/li><li><a href=\"https:\/\/www.ufsm.br\/unidades-universitarias\/cefd\/unidade-de-apoio-pedagogico\" target=\"_blank\" rel=\"noopener\">Centro de Educa\u00e7\u00e3o F\u00edsica e Desportos (CEFD) &#8211; Apoio Pedag\u00f3gico<\/a><\/li><li><a href=\"https:\/\/www.ufsm.br\/unidades-universitarias\/ct\/unidade-de-apoio-pedagogico-uap-ct\" target=\"_blank\" rel=\"noopener\">Centro de Tecnologia (CT) &#8211; Apoio Pedag\u00f3gico<\/a><\/li><li><a href=\"https:\/\/www.ufsm.br\/unidades-universitarias\/politecnico\/contatos\">Col\u00e9gio Polit\u00e9cnico\u00a0&#8211; Apoio Pedag\u00f3gico<\/a><\/li><li><a href=\"https:\/\/www.ufsm.br\/unidades-universitarias\/ctism\/apoio-pedagogico\">Col\u00e9gio T\u00e9cnico Industrial de Santa Maria (CTISM) &#8211; Apoio Pedag\u00f3gico<\/a><\/li><li>Unidade de Educa\u00e7\u00e3o Infantil Ip\u00ea Amarelo<\/li><\/ul><\/li><\/ul><p>\u00a0<\/p>\t\t\t\t\t\t<\/div>\n\t\t\t\t<\/div>\n\t\t\t\t\t<\/div>\n\t\t<\/div>\n\t\t\t\t<div class=\"elementor-column elementor-col-50 elementor-top-column elementor-element elementor-element-324c058\" data-id=\"324c058\" data-element_type=\"column\">\n\t\t\t<div class=\"elementor-widget-wrap elementor-element-populated\">\n\t\t\t\t\t\t<div class=\"elementor-element elementor-element-cdcc626 elementor-widget elementor-widget-heading\" data-id=\"cdcc626\" data-element_type=\"widget\" data-widget_type=\"heading.default\">\n\t\t\t\t<div class=\"elementor-widget-container\">\n\t\t\t<h3 class=\"elementor-heading-title elementor-size-default\">Campi fora de Sede<\/h3>\t\t<\/div>\n\t\t\t\t<\/div>\n\t\t\t\t<div class=\"elementor-element elementor-element-d12ea0c elementor-widget elementor-widget-text-editor\" data-id=\"d12ea0c\" data-element_type=\"widget\" data-widget_type=\"text-editor.default\">\n\t\t\t\t<div class=\"elementor-widget-container\">\n\t\t\t\t\t\t\t<ul><li>Cachoeira do Sul<ul><li><a href=\"https:\/\/www.ufsm.br\/unidades-universitarias\/cachoeira-do-sul\/nucleo-de-assistencia-aos-estudantes-e-servidores\">N\u00facleo de Assist\u00eancia Estudantil &#8211; atendimento psicol\u00f3gico e atendimento social<\/a><\/li><li><a href=\"https:\/\/www.ufsm.br\/unidades-universitarias\/cachoeira-do-sul\/divisao-de-apoio-pedagogico\">Divis\u00e3o de Apoio Pedag\u00f3gico &#8211; apoio pedag\u00f3gico\u00a0<\/a><\/li><\/ul><\/li><li>Frederico Westphalen<ul><li>N\u00facleo de Assist\u00eancia Estudantil (NAE)<ul><li><a href=\"https:\/\/www.ufsm.br\/unidades-universitarias\/frederico-westphalen\/servicos\/atendimento-psicologico\">Atendimento Psicol\u00f3gico<\/a><\/li><li><a href=\"https:\/\/www.ufsm.br\/unidades-universitarias\/frederico-westphalen\/servicos\/atendimento-social\">Atendimento Social<\/a><\/li><\/ul><\/li><li><a href=\"https:\/\/www.ufsm.br\/unidades-universitarias\/frederico-westphalen\/servicos\/atendimento-pedagogico\">Divis\u00e3o de Apoio Pedag\u00f3gico (DAP) &#8211; atendimento pedag\u00f3gico\u00a0<\/a><\/li><\/ul><\/li><li>Palmeira das Miss\u00f5es &#8211; Apoio Pedag\u00f3gico<ul><li><a href=\"https:\/\/www.ufsm.br\/unidades-universitarias\/palmeira-das-missoes\/nap-nucleo-de-apoio-pedagogico\">N\u00facleo de Assist\u00eancia Estudantil (NAE): atendimento Psicol\u00f3gico e atendimento social.<\/a>\u00a0<br \/><a href=\"https:\/\/www.ufsm.br\/unidades-universitarias\/palmeira-das-missoes\/unidade-de-apoio-pedagogico-uap\">Divis\u00e3o de apoio pedag\u00f3gico (DAP): atendimento pedag\u00f3gico<\/a><br \/><br \/><\/li><\/ul><\/li><\/ul>\t\t\t\t\t\t<\/div>\n\t\t\t\t<\/div>\n\t\t\t\t\t<\/div>\n\t\t<\/div>\n\t\t\t\t\t<\/div>\n\t\t<\/section>\n\t\t\t\t<\/div>\n\t\t","protected":false},"excerpt":{"rendered":"<p>Campus Sede N\u00facleo de Aten\u00e7\u00e3o ao Estudante (PRAE) Centro de Artes e Letras (CAL) &#8211; Apoio Pedag\u00f3gico Centro de Ci\u00eancias Naturais e Exatas (CCNE) &#8211; Apoio Pegag\u00f3gico Centro de Ci\u00eancias Rurais (CCR) &#8211; Apoio Pedag\u00f3gico Centro de Ci\u00eancias da Sa\u00fade (CCS) &#8211; Apoio Pedag\u00f3gico Centro de Ci\u00eancias Sociais e Humanas (CCSH) &#8211; Apoio Pedag\u00f3gico Centro [&hellip;]<\/p>\n","protected":false},"author":25,"featured_media":0,"parent":0,"menu_order":0,"comment_status":"closed","ping_status":"closed","template":"","meta":{"footnotes":""},"categories":[],"tags":[],"class_list":["post-18","page","type-page","status-publish","hentry"],"acf":[],"_links":{"self":[{"href":"https:\/\/www.ufsm.br\/reitoria\/gabinete\/cosame\/wp-json\/wp\/v2\/pages\/18","targetHints":{"allow":["GET"]}}],"collection":[{"href":"https:\/\/www.ufsm.br\/reitoria\/gabinete\/cosame\/wp-json\/wp\/v2\/pages"}],"about":[{"href":"https:\/\/www.ufsm.br\/reitoria\/gabinete\/cosame\/wp-json\/wp\/v2\/types\/page"}],"author":[{"embeddable":true,"href":"https:\/\/www.ufsm.br\/reitoria\/gabinete\/cosame\/wp-json\/wp\/v2\/users\/25"}],"replies":[{"embeddable":true,"href":"https:\/\/www.ufsm.br\/reitoria\/gabinete\/cosame\/wp-json\/wp\/v2\/comments?post=18"}],"version-history":[{"count":0,"href":"https:\/\/www.ufsm.br\/reitoria\/gabinete\/cosame\/wp-json\/wp\/v2\/pages\/18\/revisions"}],"wp:attachment":[{"href":"https:\/\/www.ufsm.br\/reitoria\/gabinete\/cosame\/wp-json\/wp\/v2\/media?parent=18"}],"wp:term":[{"taxonomy":"category","embeddable":true,"href":"https:\/\/www.ufsm.br\/reitoria\/gabinete\/cosame\/wp-json\/wp\/v2\/categories?post=18"},{"taxonomy":"post_tag","embeddable":true,"href":"https:\/\/www.ufsm.br\/reitoria\/gabinete\/cosame\/wp-json\/wp\/v2\/tags?post=18"}],"curies":[{"name":"wp","href":"https:\/\/api.w.org\/{rel}","templated":true}]}}