{"id":6711,"date":"2026-08-24T14:54:37","date_gmt":"2026-08-24T17:54:37","guid":{"rendered":"https:\/\/www.ufsm.br\/unidades-universitarias\/cal\/?page_id=6711"},"modified":"2026-09-02T14:49:49","modified_gmt":"2026-09-02T17:49:49","slug":"consulta-a-comunidade-processo-eleitoral-cal-2026","status":"publish","type":"page","link":"https:\/\/www.ufsm.br\/unidades-universitarias\/cal\/consulta-a-comunidade-processo-eleitoral-cal-2026","title":{"rendered":"Elei\u00e7\u00e3o para a Dire\u00e7\u00e3o\/ViceDire\u00e7\u00e3o do Centro de Artes e Letras da UFSM &#8211; 2026"},"content":{"rendered":"\t\t<div data-elementor-type=\"wp-page\" data-elementor-id=\"6711\" class=\"elementor elementor-6711\">\n\t\t\t\t\t\t<section class=\"elementor-section elementor-top-section elementor-element elementor-element-58265767 elementor-section-boxed elementor-section-height-default elementor-section-height-default\" data-id=\"58265767\" data-element_type=\"section\">\n\t\t\t\t\t\t<div class=\"elementor-container elementor-column-gap-default\">\n\t\t\t\t\t<div class=\"elementor-column elementor-col-100 elementor-top-column elementor-element elementor-element-190ed0fa\" data-id=\"190ed0fa\" data-element_type=\"column\">\n\t\t\t<div class=\"elementor-widget-wrap elementor-element-populated\">\n\t\t\t\t\t\t<div class=\"elementor-element elementor-element-ab9a3d elementor-widget__width-initial elementor-widget elementor-widget-text-editor\" data-id=\"ab9a3d\" data-element_type=\"widget\" data-widget_type=\"text-editor.default\">\n\t\t\t\t<div class=\"elementor-widget-container\">\n\t\t\t\t\t\t\t<h3>Calend\u00e1rio da Elei\u00e7\u00e3o para a Dire\u00e7\u00e3o\/ViceDire\u00e7\u00e3o do Centro de Artes e Letras da UFSM &#8211; 2026<\/h3>\n<ul>\n<li>Deflagra\u00e7\u00e3o do processo eleitoral e in\u00edcio do trabalho da Comiss\u00e3o Eleitoral<strong>: 10 de agosto de 2026;<\/strong><\/li>\n<li>Publica\u00e7\u00e3o do edital de abertura das inscri\u00e7\u00f5es<strong>: 26 de agosto de 2026;<\/strong><\/li>\n<li>Per\u00edodo de inscri\u00e7\u00e3o dos candidatos<strong>: 26 at\u00e9 28 de agosto de 2026 (3 dias);<\/strong><\/li>\n<li>Publica\u00e7\u00e3o das inscri\u00e7\u00f5es no s\u00edtio eletr\u00f4nico da CAL<strong>: 31 de agosto de 2026;<\/strong><\/li>\n<li>Prazo para interposi\u00e7\u00e3o de recursos<strong>: 01 de setembro de 2026 (das 07 \u00e0s 13 horas);<br \/><\/strong><\/li>\n<li>Julgamento dos recursos<strong>: 01 de setembro de 2026 (das 14 \u00e0s 18 horas);<\/strong><\/li>\n<li>Homologa\u00e7\u00e3o das inscri\u00e7\u00f5es: <strong>02 de setembro de 2026 <\/strong>(n\u00famero de chapa conforme ordem de inscri\u00e7\u00e3o)<\/li>\n<li>Per\u00edodo de campanha eleitoral<strong>: 03 at\u00e9 14 de setembro (12 dias);<\/strong><\/li>\n<li>Divulga\u00e7\u00e3o lista de votantes<strong>: 03 de setembro;<\/strong><\/li>\n<li>Prazo para impugna\u00e7\u00e3o da lista de votantes<strong>: 04 de setembro de 2026 (08 \u00e1s 12 horas);<br \/><\/strong><\/li>\n<li>Prazo para recursos da lista de votantes<strong>: 04 de setembro de 2026 (13 \u00e1s 18 horas);<\/strong><\/li>\n<li>Julgamento de Recursos da lista de votantes: <strong>08 de setembro (08 \u00e0s 12 horas)<\/strong><\/li>\n<li>Divulga\u00e7\u00e3o lista definitiva de votantes<strong>: 08 de setembro (ap\u00f3s 13 horas)<\/strong><\/li>\n<li>Elei\u00e7\u00e3o para a Dire\u00e7\u00e3o\/Vice Dire\u00e7\u00e3o do CAL com vota\u00e7\u00e3o online<strong>: 16 de setembro de 2026 (das 07 \u00e0s 22 horas)<\/strong><\/li>\n<li>Apura\u00e7\u00e3o da vota\u00e7\u00e3o: 1<strong>6 de setembro de 2026 (ap\u00f3s 22 horas)<\/strong><\/li>\n<li>Divulga\u00e7\u00e3o dos resultados da elei\u00e7\u00e3o: <strong>17 de setembro de 2026<\/strong><\/li>\n<li>Prazo para interposi\u00e7\u00e3o de recurso relativo ao resultado da elei\u00e7\u00e3o: <strong>18 de setembro de 2026 (08 \u00e0s 12 horas)<\/strong><\/li>\n<li>Julgamento de recursos relativos ao resultado da elei\u00e7\u00e3o: <strong>18 de setembro de 2026 (13 \u00e0s 17 horas)<\/strong><\/li>\n<li>Entrega do resultado oficial e documenta\u00e7\u00e3o ao presidente do Conselho do CAL: <strong>21 de setembro de 2026<\/strong><\/li>\n<\/ul>\n<p><span style=\"font-size: 10pt\">* Todos os hor\u00e1rios aqui mencionados referem-se ao hor\u00e1rio oficial de Bras\u00edlia.\u00a0<\/span><\/p>\n<p><span style=\"font-size: 10pt\">* O cronograma completo pode ser acessado no edital da Elei\u00e7\u00e3o<\/span>.<\/p>\n<p><!-- \/wp:tadv\/classic-paragraph --><!-- wp:tadv\/classic-paragraph \/--><\/p>\t\t\t\t\t\t<\/div>\n\t\t\t\t<\/div>\n\t\t\t\t\t<\/div>\n\t\t<\/div>\n\t\t\t\t\t<\/div>\n\t\t<\/section>\n\t\t\t\t<section class=\"elementor-section elementor-top-section elementor-element elementor-element-b259d41 elementor-section-boxed elementor-section-height-default elementor-section-height-default\" data-id=\"b259d41\" data-element_type=\"section\">\n\t\t\t\t\t\t<div class=\"elementor-container elementor-column-gap-default\">\n\t\t\t\t\t<div class=\"elementor-column elementor-col-100 elementor-top-column elementor-element elementor-element-c2a5862\" data-id=\"c2a5862\" data-element_type=\"column\">\n\t\t\t<div class=\"elementor-widget-wrap elementor-element-populated\">\n\t\t\t\t\t\t<div class=\"elementor-element elementor-element-73ee124 elementor-widget elementor-widget-text-editor\" data-id=\"73ee124\" data-element_type=\"widget\" data-widget_type=\"text-editor.default\">\n\t\t\t\t<div class=\"elementor-widget-container\">\n\t\t\t\t\t\t\t<h3>Comiss\u00e3o da Elei\u00e7\u00e3o para a Dire\u00e7\u00e3o\/ViceDire\u00e7\u00e3o do Centro de Artes e Letras da UFSM<\/h3>\n<p><span style=\"color: #000000;font-size: 16px\">Foi composta a Comiss\u00e3o da Elei\u00e7\u00e3o para a Dire\u00e7\u00e3o\/ViceDire\u00e7\u00e3o do Centro de Artes e Letras da UFSM, designada conforme aprovada no Conselho do Centro pela <\/span><a style=\"color: #204c90;font-size: 16px\" href=\"https:\/\/www.ufsm.br\/app\/uploads\/sites\/368\/2026\/08\/OS_2026_009.pdf\">Ordem de servi\u00e7o 009 &#8211; CAL\/UFSM<\/a><\/p>\t\t\t\t\t\t<\/div>\n\t\t\t\t<\/div>\n\t\t\t\t\t<\/div>\n\t\t<\/div>\n\t\t\t\t\t<\/div>\n\t\t<\/section>\n\t\t\t\t<section class=\"elementor-section elementor-top-section elementor-element elementor-element-3e01367 elementor-section-boxed elementor-section-height-default elementor-section-height-default\" data-id=\"3e01367\" data-element_type=\"section\">\n\t\t\t\t\t\t<div class=\"elementor-container elementor-column-gap-default\">\n\t\t\t\t\t<div class=\"elementor-column elementor-col-100 elementor-top-column elementor-element elementor-element-2dab33a\" data-id=\"2dab33a\" data-element_type=\"column\">\n\t\t\t<div class=\"elementor-widget-wrap elementor-element-populated\">\n\t\t\t\t\t\t<div class=\"elementor-element elementor-element-5ca5e22 elementor-widget elementor-widget-heading\" data-id=\"5ca5e22\" data-element_type=\"widget\" data-widget_type=\"heading.default\">\n\t\t\t\t<div class=\"elementor-widget-container\">\n\t\t\t<h3 class=\"elementor-heading-title elementor-size-default\">Documentos <\/h3>\t\t<\/div>\n\t\t\t\t<\/div>\n\t\t\t\t\t<\/div>\n\t\t<\/div>\n\t\t\t\t\t<\/div>\n\t\t<\/section>\n\t\t\t\t<section class=\"elementor-section elementor-top-section elementor-element elementor-element-24801c3 elementor-section-boxed elementor-section-height-default elementor-section-height-default\" data-id=\"24801c3\" data-element_type=\"section\">\n\t\t\t\t\t\t<div class=\"elementor-container elementor-column-gap-default\">\n\t\t\t\t\t<div class=\"elementor-column elementor-col-25 elementor-top-column elementor-element elementor-element-e0435bf\" data-id=\"e0435bf\" data-element_type=\"column\">\n\t\t\t<div class=\"elementor-widget-wrap elementor-element-populated\">\n\t\t\t\t\t\t<div class=\"elementor-element elementor-element-cd6aa98 elementor-align-center elementor-widget elementor-widget-button\" data-id=\"cd6aa98\" data-element_type=\"widget\" data-widget_type=\"button.default\">\n\t\t\t\t<div class=\"elementor-widget-container\">\n\t\t\t\t\t\t\t<div class=\"elementor-button-wrapper\">\n\t\t\t\t\t<a class=\"elementor-button elementor-button-link elementor-size-sm\" href=\"https:\/\/www.ufsm.br\/unidades-universitarias\/cal\/editais\/001-2026-43\">\n\t\t\t\t\t\t<span class=\"elementor-button-content-wrapper\">\n\t\t\t\t\t\t\t\t\t<span class=\"elementor-button-text\">Edital<\/span>\n\t\t\t\t\t<\/span>\n\t\t\t\t\t<\/a>\n\t\t\t\t<\/div>\n\t\t\t\t\t\t<\/div>\n\t\t\t\t<\/div>\n\t\t\t\t\t<\/div>\n\t\t<\/div>\n\t\t\t\t<div class=\"elementor-column elementor-col-25 elementor-top-column elementor-element elementor-element-f9d88e7\" data-id=\"f9d88e7\" data-element_type=\"column\">\n\t\t\t<div class=\"elementor-widget-wrap elementor-element-populated\">\n\t\t\t\t\t\t<div class=\"elementor-element elementor-element-e35ffd4 elementor-align-center elementor-widget elementor-widget-button\" data-id=\"e35ffd4\" data-element_type=\"widget\" data-widget_type=\"button.default\">\n\t\t\t\t<div class=\"elementor-widget-container\">\n\t\t\t\t\t\t\t<div class=\"elementor-button-wrapper\">\n\t\t\t\t\t<a class=\"elementor-button elementor-button-link elementor-size-sm\" href=\"https:\/\/www.ufsm.br\/app\/uploads\/sites\/368\/2026\/08\/EDITAL-01_2026-ELEIO-DIREO-CAL_Retificao-1.pdf\">\n\t\t\t\t\t\t<span class=\"elementor-button-content-wrapper\">\n\t\t\t\t\t\t\t\t\t<span class=\"elementor-button-text\">Regimento Interno <\/span>\n\t\t\t\t\t<\/span>\n\t\t\t\t\t<\/a>\n\t\t\t\t<\/div>\n\t\t\t\t\t\t<\/div>\n\t\t\t\t<\/div>\n\t\t\t\t\t<\/div>\n\t\t<\/div>\n\t\t\t\t<div class=\"elementor-column elementor-col-25 elementor-top-column elementor-element elementor-element-b9ba42f\" data-id=\"b9ba42f\" data-element_type=\"column\">\n\t\t\t<div class=\"elementor-widget-wrap elementor-element-populated\">\n\t\t\t\t\t\t<div class=\"elementor-element elementor-element-215640d elementor-align-center elementor-widget elementor-widget-button\" data-id=\"215640d\" data-element_type=\"widget\" data-widget_type=\"button.default\">\n\t\t\t\t<div class=\"elementor-widget-container\">\n\t\t\t\t\t\t\t<div class=\"elementor-button-wrapper\">\n\t\t\t\t\t<a class=\"elementor-button elementor-button-link elementor-size-sm\" href=\"https:\/\/www.ufsm.br\/app\/uploads\/sites\/368\/2026\/08\/inscricao-eleicao.pdf\">\n\t\t\t\t\t\t<span class=\"elementor-button-content-wrapper\">\n\t\t\t\t\t\t\t\t\t<span class=\"elementor-button-text\">Ficha de inscri\u00e7\u00e3o<\/span>\n\t\t\t\t\t<\/span>\n\t\t\t\t\t<\/a>\n\t\t\t\t<\/div>\n\t\t\t\t\t\t<\/div>\n\t\t\t\t<\/div>\n\t\t\t\t\t<\/div>\n\t\t<\/div>\n\t\t\t\t<div class=\"elementor-column elementor-col-25 elementor-top-column elementor-element elementor-element-cb5d37a\" data-id=\"cb5d37a\" data-element_type=\"column\">\n\t\t\t<div class=\"elementor-widget-wrap elementor-element-populated\">\n\t\t\t\t\t\t<div class=\"elementor-element elementor-element-3be06a3 elementor-align-center elementor-widget elementor-widget-button\" data-id=\"3be06a3\" data-element_type=\"widget\" data-widget_type=\"button.default\">\n\t\t\t\t<div class=\"elementor-widget-container\">\n\t\t\t\t\t\t\t<div class=\"elementor-button-wrapper\">\n\t\t\t\t\t<a class=\"elementor-button elementor-button-link elementor-size-sm\" href=\"https:\/\/www.ufsm.br\/app\/uploads\/sites\/368\/2026\/08\/PUBLICAO-DE-INSCRIES-CHAPAS.pdf\">\n\t\t\t\t\t\t<span class=\"elementor-button-content-wrapper\">\n\t\t\t\t\t\t\t\t\t<span class=\"elementor-button-text\">Listagem de inscritos<\/span>\n\t\t\t\t\t<\/span>\n\t\t\t\t\t<\/a>\n\t\t\t\t<\/div>\n\t\t\t\t\t\t<\/div>\n\t\t\t\t<\/div>\n\t\t\t\t\t<\/div>\n\t\t<\/div>\n\t\t\t\t\t<\/div>\n\t\t<\/section>\n\t\t\t\t<section class=\"elementor-section elementor-top-section elementor-element elementor-element-17f6116 elementor-section-boxed elementor-section-height-default elementor-section-height-default\" data-id=\"17f6116\" data-element_type=\"section\">\n\t\t\t\t\t\t<div class=\"elementor-container elementor-column-gap-default\">\n\t\t\t\t\t<div class=\"elementor-column elementor-col-25 elementor-top-column elementor-element elementor-element-7881595\" data-id=\"7881595\" data-element_type=\"column\">\n\t\t\t<div class=\"elementor-widget-wrap elementor-element-populated\">\n\t\t\t\t\t\t<div class=\"elementor-element elementor-element-f5f3e42 elementor-align-center elementor-widget elementor-widget-button\" data-id=\"f5f3e42\" data-element_type=\"widget\" data-widget_type=\"button.default\">\n\t\t\t\t<div class=\"elementor-widget-container\">\n\t\t\t\t\t\t\t<div class=\"elementor-button-wrapper\">\n\t\t\t\t\t<a class=\"elementor-button elementor-button-link elementor-size-sm\" href=\"https:\/\/www.ufsm.br\/app\/uploads\/sites\/368\/2026\/09\/HOMOLOGAO-INSCRIES-EDITAL-01_2026-CAL-CHAPAS.pdf\">\n\t\t\t\t\t\t<span class=\"elementor-button-content-wrapper\">\n\t\t\t\t\t\t\t\t\t<span class=\"elementor-button-text\">Homologa\u00e7\u00e3o das chapas<\/span>\n\t\t\t\t\t<\/span>\n\t\t\t\t\t<\/a>\n\t\t\t\t<\/div>\n\t\t\t\t\t\t<\/div>\n\t\t\t\t<\/div>\n\t\t\t\t\t<\/div>\n\t\t<\/div>\n\t\t\t\t<div class=\"elementor-column elementor-col-25 elementor-top-column elementor-element elementor-element-0daa726\" data-id=\"0daa726\" data-element_type=\"column\">\n\t\t\t<div class=\"elementor-widget-wrap\">\n\t\t\t\t\t\t\t<\/div>\n\t\t<\/div>\n\t\t\t\t<div class=\"elementor-column elementor-col-25 elementor-top-column elementor-element elementor-element-6359ae7\" data-id=\"6359ae7\" data-element_type=\"column\">\n\t\t\t<div class=\"elementor-widget-wrap\">\n\t\t\t\t\t\t\t<\/div>\n\t\t<\/div>\n\t\t\t\t<div class=\"elementor-column elementor-col-25 elementor-top-column elementor-element elementor-element-65b8f80\" data-id=\"65b8f80\" data-element_type=\"column\">\n\t\t\t<div class=\"elementor-widget-wrap\">\n\t\t\t\t\t\t\t<\/div>\n\t\t<\/div>\n\t\t\t\t\t<\/div>\n\t\t<\/section>\n\t\t\t\t<\/div>\n\t\t","protected":false},"excerpt":{"rendered":"<p>Calend\u00e1rio da Elei\u00e7\u00e3o para a Dire\u00e7\u00e3o\/ViceDire\u00e7\u00e3o do Centro de Artes e Letras da UFSM &#8211; 2026 Deflagra\u00e7\u00e3o do processo eleitoral e in\u00edcio do trabalho da Comiss\u00e3o Eleitoral: 10 de agosto de 2026; Publica\u00e7\u00e3o do edital de abertura das inscri\u00e7\u00f5es: 26 de agosto de 2026; Per\u00edodo de inscri\u00e7\u00e3o dos candidatos: 26 at\u00e9 28 de agosto de [&hellip;]<\/p>\n","protected":false},"author":7764,"featured_media":0,"parent":0,"menu_order":0,"comment_status":"closed","ping_status":"closed","template":"","meta":{"footnotes":""},"categories":[],"tags":[],"class_list":["post-6711","page","type-page","status-publish","hentry"],"acf":[],"_links":{"self":[{"href":"https:\/\/www.ufsm.br\/unidades-universitarias\/cal\/wp-json\/wp\/v2\/pages\/6711","targetHints":{"allow":["GET"]}}],"collection":[{"href":"https:\/\/www.ufsm.br\/unidades-universitarias\/cal\/wp-json\/wp\/v2\/pages"}],"about":[{"href":"https:\/\/www.ufsm.br\/unidades-universitarias\/cal\/wp-json\/wp\/v2\/types\/page"}],"author":[{"embeddable":true,"href":"https:\/\/www.ufsm.br\/unidades-universitarias\/cal\/wp-json\/wp\/v2\/users\/7764"}],"replies":[{"embeddable":true,"href":"https:\/\/www.ufsm.br\/unidades-universitarias\/cal\/wp-json\/wp\/v2\/comments?post=6711"}],"version-history":[{"count":0,"href":"https:\/\/www.ufsm.br\/unidades-universitarias\/cal\/wp-json\/wp\/v2\/pages\/6711\/revisions"}],"wp:attachment":[{"href":"https:\/\/www.ufsm.br\/unidades-universitarias\/cal\/wp-json\/wp\/v2\/media?parent=6711"}],"wp:term":[{"taxonomy":"category","embeddable":true,"href":"https:\/\/www.ufsm.br\/unidades-universitarias\/cal\/wp-json\/wp\/v2\/categories?post=6711"},{"taxonomy":"post_tag","embeddable":true,"href":"https:\/\/www.ufsm.br\/unidades-universitarias\/cal\/wp-json\/wp\/v2\/tags?post=6711"}],"curies":[{"name":"wp","href":"https:\/\/api.w.org\/{rel}","templated":true}]}}