{"id":680,"date":"2017-05-24T17:07:40","date_gmt":"2017-05-24T20:07:40","guid":{"rendered":"https:\/\/www.ufsm.br\/unidades-universitarias\/ccs\/?post_type=eventos&#038;p=680"},"modified":"2019-09-12T15:21:57","modified_gmt":"2019-09-12T18:21:57","slug":"sisenf","status":"publish","type":"eventos","link":"https:\/\/www.ufsm.br\/unidades-universitarias\/ccs\/eventos\/sisenf","parent":0,"template":"","tags":[],"class_list":["post-680","eventos","type-eventos","status-publish","has-post-thumbnail","hentry"],"acf":{"evento_nome":"III Semin\u00e1rio Internacional: Tecendo redes na Enfermagem e na Sa\u00fade &amp; X Semana de Enfermagem","evento_inicio":"24\/05\/2017 00:00","evento_termino":"26\/05\/2017 00:00","evento_banner":{"ID":681,"id":681,"title":"banner-xsemanaenf","filename":"banner-xsemanaenf.png","filesize":70830,"url":"https:\/\/www.ufsm.br\/app\/uploads\/sites\/371\/2018\/08\/banner-xsemanaenf.png","link":"https:\/\/www.ufsm.br\/unidades-universitarias\/ccs\/eventos\/sisenf\/banner-xsemanaenf","alt":"","author":"124","description":"","caption":"","name":"banner-xsemanaenf","status":"inherit","uploaded_to":680,"date":"2018-08-01 20:02:22","modified":"2018-08-01 20:02:22","menu_order":0,"mime_type":"image\/png","type":"image","subtype":"png","icon":"https:\/\/www.ufsm.br\/unidades-universitarias\/ccs\/wp-includes\/images\/media\/default.png","width":1092,"height":237,"sizes":{"thumbnail":"https:\/\/www.ufsm.br\/app\/uploads\/sites\/371\/2018\/08\/banner-xsemanaenf-150x150.png","thumbnail-width":150,"thumbnail-height":150,"medium":"https:\/\/www.ufsm.br\/app\/uploads\/sites\/371\/2018\/08\/banner-xsemanaenf-300x65.png","medium-width":300,"medium-height":65,"medium_large":"https:\/\/www.ufsm.br\/app\/uploads\/sites\/371\/2018\/08\/banner-xsemanaenf-768x167.png","medium_large-width":768,"medium_large-height":167,"large":"https:\/\/www.ufsm.br\/app\/uploads\/sites\/371\/2018\/08\/banner-xsemanaenf-1024x222.png","large-width":1024,"large-height":222,"1536x1536":"https:\/\/www.ufsm.br\/app\/uploads\/sites\/371\/2018\/08\/banner-xsemanaenf.png","1536x1536-width":1092,"1536x1536-height":237,"2048x2048":"https:\/\/www.ufsm.br\/app\/uploads\/sites\/371\/2018\/08\/banner-xsemanaenf.png","2048x2048-width":1092,"2048x2048-height":237,"sow-carousel-default":"https:\/\/www.ufsm.br\/app\/uploads\/sites\/371\/2018\/08\/banner-xsemanaenf-272x182.png","sow-carousel-default-width":272,"sow-carousel-default-height":182}},"endereco_url":"sisenf","evento_categoria":"T\u00c9CNICO-CIENT\u00cdFICOS","evento_descricao":"<p>O III Semin\u00e1rio Internacional: Tecendo redes na Enfermagem e na Sa\u00fade, X Semana de Enfermagem da Universidade Federal de Santa Maria \u00e9 uma iniciativa conjunta do Programa de P\u00f3s-gradua\u00e7\u00e3o em Enfermagem (PPGEnf\/UFSM), dos Cursos de Gradua\u00e7\u00e3o em Enfermagem do\u00a0Centro de Ci\u00eancias da Sa\u00fade\u00a0e do\u00a0Campus Palmeira\u00a0da Universidade Federal de Santa Maria e do Hospital Universit\u00e1rio de Santa Maria\u00a0(<a href=\"http:\/\/www.ebserh.gov.br\/web\/husm-ufsm\">HUSM<\/a>).<\/p>\n<p>Nessa edi\u00e7\u00e3o, al\u00e9m da presen\u00e7a de\u00a0<strong>importantes palestrantes nacionais<\/strong>, contaremos com\u00a0a participa\u00e7\u00e3o de\u00a0<strong>pesquisadores internacionais<\/strong>\u00a0de reconhecido destaque em suas \u00e1reas de atua\u00e7\u00e3o! Essa experi\u00eancia possibilitar\u00e1 o compartilhamento de saberes, instigando discuss\u00f5es e a\u00e7\u00f5es de organiza\u00e7\u00e3o de redes de pesquisa em enfermagem e sa\u00fade, bem como estabelecer estrat\u00e9gias para a organiza\u00e7\u00e3o, amplia\u00e7\u00e3o e consolida\u00e7\u00e3o destas. Confira!<\/p>\n<p>&nbsp;<\/p>\n<p><strong>LINK PARA ACESSAR AS FOTOS DO EVENTO:\u00a0<a href=\"http:\/\/grauformaturas.clicster.com\/gallery\/2CkR93\">CLIQUE AQUI<\/a><\/strong><\/p>\n<p>Certificados dos Mini-Cursos:\u00a0<a href=\"https:\/\/portal.ufsm.br\/certificados\/mainMenu.html;jsessionid=6d6eadd2b22b8c9ef081fa773782\">Clique Aqui<\/a><\/p>\n<p>&nbsp;<\/p>\n<p><strong>Os anais do eventos est\u00e3o dispon\u00edveis nos links a seguir:<\/strong><\/p>\n<p><a href=\"https:\/\/www.ufsm.br\/unidades-universitarias\/ccs\/wp-content\/uploads\/sites\/371\/2019\/09\/Anais_Evento_ABERTURA_marco_2018.docx\">\u00a0ANAIS ABERTURA<\/a><\/p>\n<p><a href=\"https:\/\/www.ufsm.br\/unidades-universitarias\/ccs\/wp-content\/uploads\/sites\/371\/2019\/09\/ANAIS_Trabalhos_Premios.pdf\"><strong>ANAIS TRABALHOS QUE CONCORRERAM A PR\u00caMIOS<\/strong><\/a><\/p>\n<p><strong><a href=\"https:\/\/www.ufsm.br\/unidades-universitarias\/ccs\/wp-content\/uploads\/sites\/371\/2019\/09\/ANAIS_25_MAIO_MANH\u00c3.pdf\">ANAIS TRABALHOS 25 DE MAIO MANH\u00c3<\/a><\/strong><\/p>\n<p><strong><a href=\"https:\/\/www.ufsm.br\/unidades-universitarias\/ccs\/wp-content\/uploads\/sites\/371\/2019\/09\/ANAIS_25_MAIO_TARDE.pdf\">ANAIS TRABALHOS 25 DE MAIO TARDE<\/a><\/strong><\/p>\n<p><a href=\"https:\/\/www.ufsm.br\/unidades-universitarias\/ccs\/wp-content\/uploads\/sites\/371\/2019\/09\/ANAIS_26_MAIO_MANHA.pdf\"><strong>ANAIS TRABALHOS 26 D<\/strong><strong>E MAIO MANH\u00c3<\/strong><\/a><\/p>\n<p>&nbsp;<\/p>\n<p><strong>Programa\u00e7\u00e3o dos cursos Pr\u00e9-Evento<\/strong><\/p>\n<p>Programa\u00e7\u00e3o dos cursos Pr\u00e9-Evento<\/p>\n<p><strong>24 de maio de 2017\u2013 Quarta-Feira<\/strong><br \/>\n<strong>Manh\u00e3<\/strong>\u00a0<strong>\u2013 8:00 \u00e0s 12:00 \u2013 13:30 \u2013 17:30<\/strong><br \/>\n<strong>Cursos Pr\u00e9-Evento<\/strong>\u00a0&#8211; Carga Hor\u00e1ria &#8211; 6h<\/p>\n<p><strong>Locais e hor\u00e1rios dos cursos pr\u00e9-evento:\u00a0<a href=\"https:\/\/www.ufsm.br\/unidades-universitarias\/ccs\/wp-content\/uploads\/sites\/371\/2019\/09\/Tabela_Minicursos_Evento___Internacional_Definitivo.pdf\">clique aqui<\/a><\/strong><\/p>\n<hr \/>\n<p><strong>&#8211; Curso 1: \u00c9TICA E BIO\u00c9TICA<\/strong><\/p>\n<p>Prof\u00aa. Ms. Carmen Paz Astete (Universidad del Desarrollo- Santiago\/Chile)<br \/>\nVagas: 60<\/p>\n<p><strong>&#8211; Curso 2: REDES DE ATEN\u00c7\u00c3O \u00c0 SA\u00daDE<\/strong><\/p>\n<p>Prof\u00aa. Dr\u00aa. Liane Righi (UFSM)<br \/>\nVagas: 50<\/p>\n<p><strong>&#8211; Curso 3: PREVEN\u00c7\u00c3O DE LES\u00d5ES POR PRESS\u00c3O\u00a0(CANCELADO)<\/strong><\/p>\n<p>Prof. Dr. Paulo Jorge Pereira Alves (Universidade Cat\u00f3lica Portuguesa- Porto\/Portugal)<br \/>\nVagas:100<\/p>\n<p><strong>&#8211; Curso 4: PRODU\u00c7\u00c3O DE ARTIGOS<\/strong><\/p>\n<p>Prof\u00aa Dra Maria Ribeiro Lacerda (UFPR)<br \/>\nProf\u00aa Dra. Ana L\u00facia Kirchoff (UFSC)<br \/>\nVagas:100<\/p>\n<p><strong>&#8211; Curso 5: PROMO\u00c7\u00c3O DA SA\u00daDE \u2013 CARDIOLOGIA PREVENTIVA\u00a0(CANCELADO)<\/strong><\/p>\n<p>Enf\u00aa Esp. Claudiane Botolli (Hospital Universit\u00e1rio de Santa Maria- HUSM)<br \/>\nVagas: 50 lugares<\/p>\n<p><strong>&#8211; Curso 6: CUIDADOS NA TERAPIA INTRAVENOSA PEDI\u00c1TRICA E NEONATAL<\/strong><\/p>\n<p>Enf. Ddo Leonardo Bigolin Jantsch (Hospital Universit\u00e1rio de Santa Maria- HUSM)<br \/>\nVagas: 50<\/p>\n<p><strong>&#8211; Curso 7: SUPORTE B\u00c1SICO DE VIDA<\/strong><\/p>\n<p>Enfa. Md\u00aa Simone Kroll Rabelo (Hospital Universit\u00e1rio de Santa Maria- HUSM)<br \/>\nVagas: 30<\/p>\n<p><strong>&#8211; Curso 8: POL\u00cdTICA P\u00daBLICA NA ATEN\u00c7\u00c3O AO IDOSO: N\u00c3O-CONTEN\u00c7\u00c3O<\/strong><\/p>\n<p>Enf. Ms. F\u00e1bio Cimador- (ENAIP &#8211; Trieste\/It\u00e1lia)<br \/>\nVagas: 50<\/p>\n<p><strong>&#8211; Curso 9:\u00a0O USO DO NVIVO PARA AN\u00c1LISE DE DADOS QUALITATIVOS NA PESQUISA EM ENFERMAGEM\/SA\u00daDE<\/strong><\/p>\n<p>Prof. Dr. Jos\u00e9 Lu\u00eds Guedes dos Santos (UFSC)<\/p>\n<p>Vagas: 25<\/p>\n<p><strong>&#8211; Curso 10 &#8211; PR\u00c1TICA BASEADA EM EVID\u00caNCIA: A BUSCA PELA EVID\u00caNCIA PARA TOMADA DE DECIS\u00c3O NA PR\u00c1TICA EM SA\u00daDE<\/strong><\/p>\n<p>Profa. Dra. Cristiane Cardoso de Paula e Profa. Dra. Stela Maris de Mello Padoin (UFSM)<\/p>\n<p>Vagas: 30<\/p>\n<p><strong>&#8211; Curso 11 \u2013 A PR\u00c1TICA DO BRINQUEDO TERAP\u00caUTICO: IMPLICA\u00c7\u00d5ES PARA A ENFERMAGEM PEDI\u00c1TRICA<\/strong><\/p>\n<p>Profa. Dra. Neila Santini de Souza (UFSM),\u00a0Enfa. Ana Eliza Beliz\u00e1rio Rodrigues (UFSM),\u00a0Enfa. Hilda Freitas (EBSERH\/HUSM\/UFSM)<\/p>\n<p>Vagas: 20<\/p>\n<p><strong>OBS: outros cursos poder\u00e3o ser ofertados conforme demanda da comunidade acad\u00eamica e de profissionais.<\/strong><\/p>\n<p>&nbsp;<\/p>\n<p><strong>Regulamento dos Pr\u00eamios<\/strong><\/p>\n<div class=\"item-page\">\n<div>Art. 1\u00ba &#8211; O\u00a0<strong>Pr\u00eamio \u201cProfessora Leopoldina Vieira da Silva\u201d<\/strong>, foi institu\u00eddo em 2013 pelo Curso de Enfermagem do Centro de Ci\u00eancias da Sa\u00fade da UFSM.Art. 2\u00ba &#8211; Os trabalhos inscritos para o\u00a0<strong>Pr\u00eamio \u201cProfessora Leopoldina Vieira da Silva\u201d<\/strong>\u00a0dever\u00e3o versar sobre o Eixo tem\u00e1tico \u201cForma\u00e7\u00e3o e Educa\u00e7\u00e3o em Sa\u00fade e Enfermagem\u201d; ter car\u00e1ter in\u00e9dito, atestado por seus autores; concorrer \u00fanica e especificamente a este Pr\u00eamio e, como condi\u00e7\u00e3o\u00a0<em>sine qua non<\/em>, ser apresentados por seus autores em Sess\u00e3o de Comunica\u00e7\u00e3o Oral no\u00a0<em>III Semin\u00e1rio Internacional: Tecendo redes na Enfermagem e na Sa\u00fade X Semana de Enfermagem da Universidade Federal de Santa Maria.<\/em>Par\u00e1grafo 1\u00ba &#8211; Os trabalhos ser\u00e3o avaliados previamente pela Comiss\u00e3o cient\u00edfica do\u00a0<em>III Semin\u00e1rio Internacional: Tecendo redes na Enfermagem e na Sa\u00fade X Semana de Enfermagem da Universidade Federal de Santa Maria<\/em>, para que se verifique sua adequa\u00e7\u00e3o \u00e0s normas gerais de inscri\u00e7\u00e3o de trabalhos aprovadas para o evento.Par\u00e1grafo 2\u00ba &#8211; Ser\u00e3o aceitos trabalhos elaborados individualmente ou em grupo de, no m\u00e1ximo, seis autores.Par\u00e1grafo 3\u00ba &#8211; \u00c9 exigido que o artigo original siga as normas da Revista de Enfermagem da UFSM (REUFSM) (site:\u00a0<a href=\"http:\/\/cascavel.ufsm.br\/revistas\/ojs-2.2.2\/index.php\/reufsm\">http:\/\/cascavel.ufsm.br\/revistas\/ojs-2.2.2\/index.php\/reufsm<\/a>). O nome do Pr\u00eamio ao qual est\u00e1 sendo submetido o trabalho dever\u00e1 ser indicado ao final do Corpo do Texto. Os artigos selecionados para premia\u00e7\u00e3o ser\u00e3o apresentados em modalidade oral, em sess\u00e3o espec\u00edfica para tal, constante na programa\u00e7\u00e3o do evento.Art. 3\u00ba &#8211; A Comiss\u00e3o Cient\u00edfica reserva-se o direito de constituir a Comiss\u00e3oJulgadora do Pr\u00eamio, a ser composta por tr\u00eas membros, todos efetivos.Par\u00e1grafo 1\u00ba &#8211; A presid\u00eancia da Comiss\u00e3o Julgadora do Pr\u00eamio ser\u00e1 indicada pela Comiss\u00e3o Geral do evento.Par\u00e1grafo 2\u00ba &#8211; Os componentes da Comiss\u00e3o Geral do evento e da Comiss\u00e3oJulgadora do Pr\u00eamio n\u00e3o poder\u00e3o concorrer ao mesmo.Par\u00e1grafo 3\u00ba &#8211; A Comiss\u00e3o Julgadora do Pr\u00eamio formalizar\u00e1, em relat\u00f3rio, o processo de avalia\u00e7\u00e3o dos trabalhos, relacionando os concorrentes e justificando a escolha dos tr\u00eas primeiros classificados.Par\u00e1grafo 4\u00ba &#8211; N\u00e3o caber\u00e1 recurso das decis\u00f5es da Comiss\u00e3o Julgadora do Pr\u00eamio.Art. 4\u00ba &#8211; Os trabalhos classificados nos tr\u00eas primeiros lugares ser\u00e3o contemplados com Diploma de Honra ao M\u00e9rito assinado pela assinado pela Coordena\u00e7\u00e3o do\u00a0<em>III Semin\u00e1rio Internacional: Tecendo redes na Enfermagem e na Sa\u00fade X Semana de Enfermagem da Universidade Federal de Santa Maria<\/em>. O trabalho classificado em primeiro lugar far\u00e1 jus, tamb\u00e9m, a uma placa de condecora\u00e7\u00e3o, alusiva ao pr\u00eamio, concedida pelo Curso de Enfermagem do Centro de Ci\u00eancias da Sa\u00fade da UFSM.Par\u00e1grafo \u00danico &#8211; Todos os autores dos tr\u00eas trabalhos premiados receber\u00e3o Diploma de Honra ao M\u00e9rito, de que constar\u00e1 o nome do Pr\u00eamio e da entidade que o patrocina, o t\u00edtulo do trabalho, a classifica\u00e7\u00e3o alcan\u00e7ada, o nome do(s) autor(es), e a cidade, ano e evento em que o Pr\u00eamio lhes foi outorgado.Par\u00e1grafo 2\u00ba &#8211; O enfermeiro(s) docente(s) ou assistencial(is) respons\u00e1vel(is) pela orienta\u00e7\u00e3o dos discentes de Gradua\u00e7\u00e3o em Enfermagem na elabora\u00e7\u00e3o do trabalho far\u00e1 jus a Men\u00e7\u00e3o Honrosa.Art. 5\u00ba &#8211; A proclama\u00e7\u00e3o dos trabalhos classificados nos tr\u00eas primeiros lugares ser\u00e1 realizada em Sess\u00e3o Solene de Premia\u00e7\u00e3o no\u00a0<em>III Semin\u00e1rio Internacional: Tecendo redes na Enfermagem e na Sa\u00fade X Semana de Enfermagem da Universidade Federal de Santa Maria<\/em>.Art. 6\u00ba &#8211; Compete \u00e0 Comiss\u00e3o de Pr\u00eamios, dirimir as d\u00favidas surgidas na interpreta\u00e7\u00e3o deste Regulamento, bem como sugerir as modifica\u00e7\u00f5es necess\u00e1rias, as quais ser\u00e3o alvo de discuss\u00e3o e aprova\u00e7\u00e3o na Comiss\u00e3o geral do\u00a0<em>III Semin\u00e1rio Internacional: Tecendo redes na Enfermagem e na Sa\u00fade X Semana de Enfermagem da Universidade Federal de Santa Maria<\/em>.<\/p>\n<p><strong>\u201cPR\u00caMIO PROFESSORA LIA RAUBER\u201d<\/strong><br \/>\nArt. 1\u00ba &#8211; O\u00a0<strong>Pr\u00eamio \u201cProfessora Lia Rauber\u201d<\/strong>, institu\u00eddo em 2013, pelo Programa de P\u00f3s-Gradua\u00e7\u00e3o em Enfermagem\/UFSM<strong>.<\/strong>Art. 2\u00ba &#8211; Os trabalhos inscritos para o\u00a0<strong>Pr\u00eamio \u201cProfessora Lia Rauber\u201d<\/strong>\u00a0dever\u00e3o versar sobre o Eixo tem\u00e1tico \u201c\u00a0\u00a0\u00a0\u00a0\u00a0 Processos de Cuidado em Sa\u00fade e Enfermagem\u201d; ter car\u00e1ter in\u00e9dito, atestado por seus autores; concorrer \u00fanica e especificamente a este Pr\u00eamio e, como condi\u00e7\u00e3o\u00a0<em>sine qua non<\/em>, ser apresentados por seus autores em Sess\u00e3o de Comunica\u00e7\u00e3o Oral no\u00a0<em>III Semin\u00e1rio Internacional: Tecendo redes na Enfermagem e na Sa\u00fade X Semana de Enfermagem da Universidade Federal de Santa Maria.<\/em>Par\u00e1grafo 1\u00ba &#8211; Os trabalhos ser\u00e3o avaliados previamente pela Comiss\u00e3o cient\u00edfica do\u00a0<em>III Semin\u00e1rio Internacional: Tecendo redes na Enfermagem e na Sa\u00fade X Semana de Enfermagem da Universidade Federal de Santa Maria<\/em>, para que se verifique sua adequa\u00e7\u00e3o \u00e0s normas gerais de inscri\u00e7\u00e3o de trabalhos aprovadas para o evento.Par\u00e1grafo 2\u00ba &#8211; Ser\u00e3o aceitos trabalhos elaborados individualmente ou em grupo de, no m\u00e1ximo, seis autores.Par\u00e1grafo 3\u00ba &#8211; \u00c9 exigido que o artigo original siga as normas da Revista de Enfermagem da UFSM (REUFSM) (site:\u00a0<a href=\"http:\/\/cascavel.ufsm.br\/revistas\/ojs-2.2.2\/index.php\/reufsm\">http:\/\/cascavel.ufsm.br\/revistas\/ojs-2.2.2\/index.php\/reufsm<\/a>). O nome do Pr\u00eamio ao qual est\u00e1 sendo submetido o trabalho dever\u00e1 ser indicado ao final do Corpo do Texto. Os artigos selecionados para premia\u00e7\u00e3o ser\u00e3o apresentados em modalidade oral, em sess\u00e3o espec\u00edfica para tal, constante na programa\u00e7\u00e3o do evento.Art. 3\u00ba &#8211; A Comiss\u00e3o Cient\u00edfica reserva-se o direito de constituir a Comiss\u00e3oJulgadora do Pr\u00eamio, a ser composta por tr\u00eas membros, todos efetivos.Par\u00e1grafo 1\u00ba &#8211; A presid\u00eancia da Comiss\u00e3o Julgadora do Pr\u00eamio ser\u00e1 indicada pela Comiss\u00e3o Geral do evento.Par\u00e1grafo 2\u00ba &#8211; Os componentes da Comiss\u00e3o Geral do evento e da Comiss\u00e3oJulgadora do Pr\u00eamio n\u00e3o poder\u00e3o concorrer ao mesmo.Par\u00e1grafo 3\u00ba &#8211; A Comiss\u00e3o Julgadora do Pr\u00eamio formalizar\u00e1, em relat\u00f3rio, o processo de avalia\u00e7\u00e3o dos trabalhos, relacionando os concorrentes e justificando a escolha dos tr\u00eas primeiros classificados.Par\u00e1grafo 4\u00ba &#8211; N\u00e3o caber\u00e1 recurso das decis\u00f5es da Comiss\u00e3o Julgadora do Pr\u00eamio.Art. 4\u00ba &#8211; Os trabalhos classificados nos tr\u00eas primeiros lugares ser\u00e3o contemplados com Diploma de Honra ao M\u00e9rito assinado pela Coordena\u00e7\u00e3o do\u00a0<em>III Semin\u00e1rio Internacional: Tecendo redes na Enfermagem e na Sa\u00fade X Semana de Enfermagem da Universidade Federal de Santa Maria<\/em>. O trabalho classificado em primeiro lugar far\u00e1 jus, tamb\u00e9m, a uma placa de condecora\u00e7\u00e3o, alusiva ao pr\u00eamio, concedida pelo Programa de P\u00f3s-Gradua\u00e7\u00e3o em Enfermagem\/UFSMPar\u00e1grafo \u00danico &#8211; Todos os autores dos tr\u00eas trabalhos premiados receber\u00e3o Diploma de Honra ao M\u00e9rito, de que constar\u00e1 o nome do Pr\u00eamio e da entidade que o patrocina, o t\u00edtulo do trabalho, a classifica\u00e7\u00e3o alcan\u00e7ada, o nome do(s) autor(es), e a cidade, ano e evento em que o Pr\u00eamio lhes foi outorgado.Art. 5\u00ba &#8211; A proclama\u00e7\u00e3o dos trabalhos classificados nos tr\u00eas primeiros lugares ser\u00e1 realizada em Sess\u00e3o Solene de Premia\u00e7\u00e3o no\u00a0<em>III Semin\u00e1rio Internacional: Tecendo redes na Enfermagem e na Sa\u00fade X Semana de Enfermagem da Universidade Federal de Santa Maria<\/em>.Art. 6\u00ba &#8211; Compete \u00e0 Comiss\u00e3o de Pr\u00eamios, dirimir as d\u00favidas surgidas na interpreta\u00e7\u00e3o deste Regulamento, bem como sugerir as modifica\u00e7\u00f5es necess\u00e1rias, as quais ser\u00e3o alvo de discuss\u00e3o e aprova\u00e7\u00e3o na Comiss\u00e3o geral do\u00a0<em>III Semin\u00e1rio Internacional: Tecendo redes na Enfermagem e na Sa\u00fade X Semana de Enfermagem da Universidade Federal de Santa Maria<\/em>.<\/p>\n<p><strong>PR\u00caMIO \u201cENFERMEIRA IONE ROCHA LOBATO&#8221;<\/strong><br \/>\nArt. 1\u00ba &#8211; O\u00a0<strong>Pr\u00eamio \u201cEnfermeira Ione Rocha Lobato&#8221;<\/strong>, foi institu\u00eddo em 2013 pela Diretora de Enfermagem do HUSM\/UFSM.Art. 2\u00ba &#8211; Os trabalhos inscritos para o\u00a0<strong>Pr\u00eamio \u201cEnfermeira Ione Rocha Lobato&#8221;<\/strong>, dever\u00e3o versar sobre o Eixo tem\u00e1tico \u201cProcesso de Trabalho e Gest\u00e3o em Sa\u00fade e Enfermagem\u201d; ter car\u00e1ter in\u00e9dito, atestado por seus autores; concorrer \u00fanica e especificamente a este Pr\u00eamio e, como condi\u00e7\u00e3o\u00a0<em>sine qua non<\/em>, ser apresentados por seus autores em Sess\u00e3o de Comunica\u00e7\u00e3o Oral no\u00a0<em>III Semin\u00e1rio Internacional: Tecendo redes na Enfermagem e na Sa\u00fade X Semana de Enfermagem da Universidade Federal de Santa Maria.<\/em>Par\u00e1grafo 1\u00ba &#8211; Os trabalhos ser\u00e3o avaliados previamente pela Comiss\u00e3o cient\u00edfica do\u00a0<em>III Semin\u00e1rio Internacional: Tecendo redes na Enfermagem e na Sa\u00fade X Semana de Enfermagem da Universidade Federal de Santa Maria<\/em>, para que se verifique sua adequa\u00e7\u00e3o \u00e0s normas gerais de inscri\u00e7\u00e3o de trabalhos aprovadas para o evento.Par\u00e1grafo 2\u00ba &#8211; Ser\u00e3o aceitos trabalhos elaborados individualmente ou em grupo de, no m\u00e1ximo, seis autores.Par\u00e1grafo 3\u00ba &#8211; \u00c9 exigido que o artigo original siga as normas da Revista de Enfermagem da UFSM (REUFSM) (site:\u00a0<a href=\"http:\/\/cascavel.ufsm.br\/revistas\/ojs-2.2.2\/index.php\/reufsm\">http:\/\/cascavel.ufsm.br\/revistas\/ojs-2.2.2\/index.php\/reufsm<\/a>). O nome do Pr\u00eamio ao qual est\u00e1 sendo submetido o trabalho dever\u00e1 ser indicado ao final do Corpo do Texto. Os artigos selecionados para premia\u00e7\u00e3o ser\u00e3o apresentados em modalidade oral, em sess\u00e3o espec\u00edfica para tal, constante na programa\u00e7\u00e3o do evento.Art. 3\u00ba &#8211; A Comiss\u00e3o Cient\u00edfica reserva-se o direito de constituir a Comiss\u00e3oJulgadora do Pr\u00eamio, a ser composta por tr\u00eas membros, todos efetivos.Par\u00e1grafo 1\u00ba &#8211; A presid\u00eancia da Comiss\u00e3o Julgadora do Pr\u00eamio ser\u00e1 indicada pela Comiss\u00e3o Geral do evento.Par\u00e1grafo 2\u00ba &#8211; Os componentes da Comiss\u00e3o Geral do evento e da Comiss\u00e3oJulgadora do Pr\u00eamio n\u00e3o poder\u00e3o concorrer ao mesmo.Par\u00e1grafo 3\u00ba &#8211; A Comiss\u00e3o Julgadora do Pr\u00eamio formalizar\u00e1, em relat\u00f3rio, o processo de avalia\u00e7\u00e3o dos trabalhos, relacionando os concorrentes e justificando a escolha dos tr\u00eas primeiros classificados.Par\u00e1grafo 4\u00ba &#8211; N\u00e3o caber\u00e1 recurso das decis\u00f5es da Comiss\u00e3o Julgadora do Pr\u00eamio.Art. 4\u00ba &#8211; Os trabalhos classificados nos tr\u00eas primeiros lugares ser\u00e3o contemplados com Diploma de Honra ao M\u00e9rito assinado pela Coordena\u00e7\u00e3o do\u00a0<em>III Semin\u00e1rio Internacional: Tecendo redes na Enfermagem e na Sa\u00fade X Semana de Enfermagem da Universidade Federal de Santa Maria<\/em>. O trabalho classificado em primeiro lugar far\u00e1 jus, tamb\u00e9m, a uma placa de condecora\u00e7\u00e3o, alusiva ao pr\u00eamio, concedida pelo Programa de P\u00f3s-Gradua\u00e7\u00e3o em Enfermagem\/UFSMPar\u00e1grafo \u00danico &#8211; Todos os autores dos tr\u00eas trabalhos premiados receber\u00e3o Diploma de Honra ao M\u00e9rito, de que constar\u00e1 o nome do Pr\u00eamio e da entidade que o patrocina, o t\u00edtulo do trabalho, a classifica\u00e7\u00e3o alcan\u00e7ada, o nome do(s) autor(es), e a cidade, ano e evento em que o Pr\u00eamio lhes foi outorgado.Art. 5\u00ba &#8211; A proclama\u00e7\u00e3o dos trabalhos classificados nos tr\u00eas primeiros lugares ser\u00e1 realizada em Sess\u00e3o Solene de Premia\u00e7\u00e3o no\u00a0<em>III Semin\u00e1rio Internacional: Tecendo redes na Enfermagem e na Sa\u00fade X Semana de Enfermagem da Universidade Federal de Santa Maria<\/em>.Art. 6\u00ba &#8211; Compete \u00e0 Comiss\u00e3o de Pr\u00eamios, dirimir as d\u00favidas surgidas na interpreta\u00e7\u00e3o deste Regulamento, bem como sugerir as modifica\u00e7\u00f5es necess\u00e1rias, as quais ser\u00e3o alvo de discuss\u00e3o e aprova\u00e7\u00e3o na Comiss\u00e3o geral do\u00a0<em>III Semin\u00e1rio Internacional: Tecendo redes na Enfermagem e na Sa\u00fade X Semana de Enfermagem da Universidade Federal de Santa Maria<\/em>.<\/div>\n<\/div>\n<p>&nbsp;<\/p>\n<p><strong>Normas para Confec\u00e7\u00e3o dos Banners\/P\u00f4sters<\/strong><\/p>\n<p>Dimens\u00f5es do p\u00f4ster &#8211; sugerimos aten\u00e7\u00e3o:<\/p>\n<p><strong>largura<\/strong>: m\u00ednima 50cm e m\u00e1xima 90cm<\/p>\n<p><strong>altura<\/strong>: m\u00ednima 80cm e m\u00e1xima 120cm<\/p>\n<p>&nbsp;<\/p>\n<p>O p\u00f4ster dever\u00e1:<\/p>\n<ul>\n<li>Conter t\u00edtulo do trabalho id\u00eantico ao resumo aceito<\/li>\n<li>Ter os nomes e institui\u00e7\u00f5es dos autores<\/li>\n<li>Utilizar o m\u00ednimo de texto e o m\u00e1ximo de figuras, fotos, tabelas e recursos gr\u00e1ficos poss\u00edveis.<\/li>\n<\/ul>\n<p>Solicita-se que os autores organizem as informa\u00e7\u00f5es, de modo que as ideias centrais do trabalho sejam facilmente compreendidas.<\/p>\n<p>O p\u00f4ster dever\u00e1 ser confeccionado com cord\u00e3o para pendurar.<\/p>\n<p>&nbsp;<\/p>\n<p><strong>Submiss\u00e3o de Trabalhos<\/strong><\/p>\n<p><strong>Categorias dos Trabalhos<\/strong><\/p>\n<ul>\n<li>Poder\u00e3o ser submetidos Trabalhos Completos e Resumos Expandidos (Pesquisa, Nota pr\u00e9via, Relato de Experi\u00eancia)<\/li>\n<\/ul>\n<p><strong>Eixos Tem\u00e1ticos para o envio de trabalhos:<\/strong><\/p>\n<ul>\n<li>Processos de Cuidado em Sa\u00fade e Enfermagem<\/li>\n<li>Forma\u00e7\u00e3o e Educa\u00e7\u00e3o em Sa\u00fade e Enfermagem<\/li>\n<li>Processo de Trabalho e Gest\u00e3o em Sa\u00fade e Enfermagem<\/li>\n<\/ul>\n<p><strong>\u00a0<\/strong><\/p>\n<p><strong>Formas de apresenta\u00e7\u00e3o dos trabalhos completos e resumos expandidos<\/strong><\/p>\n<ul>\n<li>P\u00f4ster dialogado<\/li>\n<\/ul>\n<h2><\/h2>\n<h3><strong>SER\u00c1 ACEITA A INSCRI\u00c7\u00c3O DE, NO M\u00c1XIMO, DOIS (02) TRABALHOS POR RELATOR.\u00a0<\/strong><\/h3>\n<p>SOMENTE SER\u00c3O AVALIADOS OS TRABALHOS EM QUE TODOS OS AUTORES ESTIVEREM INSCRITOS NO EVENTO E COM O PAGAMENTO EFETIVADO AT\u00c9 17 DE ABRIL DE 2017.<\/p>\n<p>&nbsp;<\/p>\n<h2>NORMAS PARA TRABALHO COMPLETO<\/h2>\n<p><strong>O trabalho completo\u00a0dever\u00e1 conter no m\u00ednimo seis e m\u00e1ximo nove laudas.\u00a0T\u00edtulo<\/strong>: em caixa alta, o tamanho da fonte \u00e9 12, negrito e centralizado, no m\u00e1ximo 15 palavras. O trabalho ser\u00e1 identificado pelo seu T\u00cdTULO.\u00a0<strong>Credenciais dos autores:<\/strong>\u00a0O nome completo do(s) autor(s) dever\u00e1 localizar-se logo abaixo do t\u00edtulo, em alinhamento \u00e0 direita e com entrada pelo sobrenome.\u00a0<strong>O nome do relator deve estar sublinhado<\/strong>. Em nota de rodap\u00e9, dever\u00e3o estar indicados a categoria profissional, maior titula\u00e7\u00e3o, cargo e institui\u00e7\u00e3o de trabalho do relator e de todos os autores,\u00a0<strong>com endere\u00e7o eletr\u00f4nico do relator para contato.<\/strong>\u00a0O nome de cada autor ser\u00e1 colocado na ordem SOBRENOME e NOME POR EXTENSO. Por exemplo, o nome Jorge Silveira ser\u00e1 escrito SILVEIRA, Jorge<strong>. Resumo\u00a0(m\u00e1ximo 150 palavras):<\/strong>\u00a0com introdu\u00e7\u00e3o, objetivos, metodologia, resultados\/discuss\u00e3o, conclus\u00f5es redigido em espa\u00e7amento simples e em par\u00e1grafo \u00fanico. Ap\u00f3s o\u00a0<strong>Resumo<\/strong>\u00a0dever\u00e3o constar tr\u00eas a cinco descritores, separados por ponto e v\u00edrgula. Para cit\u00e1-los, consultar DeCS no site: www.decs.bvs.br. O\u00a0<strong>texto\u00a0<\/strong>dever\u00e1 estar\u00a0no formato padr\u00e3o do programa Word for Windows 2003, em par\u00e1grafo com recuo de 1,25 cm, espa\u00e7amento entre linhas 1,5*, corpo 12 e fonte Times New Roman, sem numera\u00e7\u00e3o de p\u00e1ginas e todas as margens iguais a 2,0 cm. Deve conter: Introdu\u00e7\u00e3o; Metodologia; Resultados\/Discuss\u00e3o e Considera\u00e7\u00f5es Finais\/Conclus\u00e3o. O\u00a0<strong>eixo tem\u00e1tico<\/strong>\u00a0dever\u00e1 ser indicado ao final do<strong>\u00a0Corpo do Texto<\/strong>.<br \/>\n<strong>Refer\u00eancias:<\/strong>\u00a0at\u00e9 20, de acordo com as normas Vancouver.<\/p>\n<p>&nbsp;<\/p>\n<p>Modelo para trabalho completo\u00a0<a href=\"http:\/\/coral.ufsm.br\/sisenf\/images\/modelo-trabalho-completo.doc\">clique aqui<\/a>.<\/p>\n<p>&nbsp;<\/p>\n<div>*Aten\u00e7\u00e3o:<\/div>\n<div><\/div>\n<div><strong>O n\u00famero de autores para as modalidades Resumo Expandido e Trabalho Completo \u00e9 ilimitado.\u00a0<\/strong><\/div>\n<div><\/div>\n<div><strong>Errata<\/strong>\u00a0realizada no dia 08.03.2017 sobre as normas para trabalho completo:<\/div>\n<div>Ao inv\u00e9s de par\u00e1grafo sem recuo no\u00a0<strong>corpo do texto<\/strong>\u00a0foi readequado para recuo de 1,25 cm.<\/div>\n<div>Readequado espa\u00e7amento simples no corpo do texto para espa\u00e7amento entre linhas de 1,5.\u00a0No\u00a0<strong>resumo do trabalho\u00a0<\/strong>manteve-se espa\u00e7amento simples.<\/div>\n<div>Devido a essas modifica\u00e7\u00f5es, o n\u00famero m\u00e1ximo de laudas para o trabalho completo passou de oito a nove laudas -m\u00e1ximo-.<\/div>\n<p>&nbsp;<\/p>\n<p>NOTAS IMPORTANTES:<\/p>\n<p>&#8211; O trabalho em portugu\u00eas requer obrigatoriamente que o resumo seja apresentado nas vers\u00f5es inglesa e espanhola, bem como a vers\u00e3o do t\u00edtulo e palavras-chave. O trabalho em espanhol ou ingl\u00eas requer a tradu\u00e7\u00e3o do resumo, do t\u00edtulo e palavras-chave para o portugu\u00eas e para o ingl\u00eas ou espanhol.<\/p>\n<hr \/>\n<p><strong>NORMAS PARA RESUMO EXPANDIDO<\/strong><\/p>\n<p>O trabalho dever\u00e1 apresentar\u00a0<strong>introdu\u00e7\u00e3o, objetivos, metodologia, resultados, conclus\u00f5es e refer\u00eancias.<\/strong>\u00a0<strong>T\u00edtulo:<\/strong>\u00a0em caixa alta, o tamanho da fonte \u00e9 12, negrito e centralizado, no m\u00e1ximo 15 palavras. O trabalho ser\u00e1 identificado pelo seu T\u00cdTULO. O trabalho em portugu\u00eas requer obrigatoriamente que o T\u00cdTULO seja apresentado nas vers\u00f5es inglesa e espanhola bem como palavras-chave.\u00a0<strong>Credenciais dos autores:<\/strong>\u00a0O nome completo do(s) autor(s) dever\u00e1 localizar-se logo abaixo do t\u00edtulo, em alinhamento \u00e0 direita e com entrada pelo sobrenome. O nome de cada autor ser\u00e1 colocado na ordem SOBRENOME e NOME POR EXTENSO. Por exemplo, o nome Jorge Silveira ser\u00e1 escrito SILVEIRA, Jorge.\u00a0<strong>O nome do relator deve estar sublinhado<\/strong>. Em nota de rodap\u00e9, dever\u00e3o estar indicados a categoria profissional, maior titula\u00e7\u00e3o, cargo e institui\u00e7\u00e3o de trabalho do relator e de todos os autores,\u00a0<strong>com endere\u00e7o eletr\u00f4nico do relator para contato<\/strong>.\u00a0<strong>O corpo do texto<\/strong>\u00a0dever\u00e1 conter no m\u00ednimo 1000 e no m\u00e1ximo 1500 palavras, no formato padr\u00e3o do programa Word for Windows 2003, em par\u00e1grafo \u00fanico sem recuo, espa\u00e7amento simples, corpo 12 e fonte Times New Roman, sem numera\u00e7\u00e3o de p\u00e1ginas e todas as margens iguais a 2,0 cm. O<strong>\u00a0eixo tem\u00e1tico<\/strong>\u00a0dever\u00e1 ser indicado ao final do\u00a0<strong>Corpo do Texto<\/strong>. Ap\u00f3s o final do corpo do texto, dever\u00e3o constar tr\u00eas a cinco descritores, separados por ponto e v\u00edrgula. Para cit\u00e1-los, consultar DeCS no site: www.decs.bvs.br. N\u00e3o deve conter gr\u00e1ficos, tabelas, desenhos e depoimentos dos participantes da pesquisa.\u00a0<strong>Refer\u00eancias<\/strong>: utilizar de tr\u00eas a cinco, de acordo com as normas Vancouver.<br \/>\n<strong>N\u00e3o ser\u00e3o aceitos trabalhos que n\u00e3o contemplem essas normas.<\/strong><\/p>\n<h4>NOTAS IMPORTANTES:<\/h4>\n<p>&#8211; O resumo expandido em portugu\u00eas requer obrigatoriamente a tradu\u00e7\u00e3o do t\u00edtulo e palavras-chave na vers\u00e3o inglesa e espanhola.<br \/>\n&#8211; O resumo expandido em espanhol ou ingl\u00eas requer a tradu\u00e7\u00e3o do t\u00edtulo e palavras-chave para o portugu\u00eas e para o ingl\u00eas ou espanhol.<\/p>\n<h4>Forma de Apresenta\u00e7\u00e3o:<\/h4>\n<p>1. O\u00a0<strong>eixo tem\u00e1tico<\/strong>\u00a0dos trabalhos dever\u00e1 ser indicado ao final do\u00a0<strong>Corpo do Texto<\/strong>.<br \/>\n2. Os trabalhos que envolverem pesquisas com seres humanos dever\u00e3o apresentar o N\u00famero do Protocolo de Aprova\u00e7\u00e3o pelo Comit\u00ea de \u00c9tica em Pesquisa com Seres Humanos &#8211; CEP.<\/p>\n<hr \/>\n<p><strong>APRESENTA\u00c7\u00c3O DE TRABALHOS COMPLETOS E RESUMO EXPANDIDO<\/strong><\/p>\n<p>1. Os trabalhos ser\u00e3o apresentados na modalidade de p\u00f4ster dialogado, divididos em sess\u00f5es, conforme eixos tem\u00e1ticos.<br \/>\n2. A Comiss\u00e3o Organizadora determinar\u00e1 a data, hor\u00e1rio e local de apresenta\u00e7\u00e3o de cada p\u00f4ster. Essas informa\u00e7\u00f5es ser\u00e3o previamente informadas no site do evento.<\/p>\n<hr \/>\n<p><strong>TRABALHOS QUE CONCORRER\u00c3O A PR\u00caMIOS<\/strong><\/p>\n<p>A submiss\u00e3o do artigo original para concorrer a pr\u00eamio dever\u00e1 seguir as normas da Revista de Enfermagem da UFSM\u00a0<strong>(REUFSM)<\/strong>\u00a0(site: http:\/\/cascavel.ufsm.br\/revistas\/ojs-2.2.2\/index.php\/reufsm). O nome do\u00a0<strong>Pr\u00eamio<\/strong>\u00a0ao qual est\u00e1 sendo submetido o trabalho dever\u00e1 ser indicado ao final do\u00a0<strong>Corpo do Texto<\/strong>. Os artigos selecionados para\u00a0<strong>premia\u00e7\u00e3o<\/strong>\u00a0ser\u00e3o apresentados em modalidade oral, em sess\u00e3o espec\u00edfica para tal, constante na programa\u00e7\u00e3o do evento.<br \/>\nOs artigos premiados poder\u00e3o ser publicados na REUFSM, conforme a avalia\u00e7\u00e3o feita pelos consultores Ad Hoc.<\/p>\n<p>&#8211; Os artigos originais estar\u00e3o concorrendo \u00e0 premia\u00e7\u00e3o de acordo com normas e regulamento pr\u00f3prio. Os Pr\u00eamios oferecidos ser\u00e3o os seguintes:<\/p>\n<p>&#8211;<strong>\u00a0Pr\u00eamio \u201cProfessora Leopoldina Vieira da Silva\u201d<\/strong>, que foi a primeira coordenadora do Curso de Enfermagem da UFSM. Este Pr\u00eamio foi institu\u00eddo em 2013 e \u00e9 conferido pelo Curso de Enfermagem do Centro de Ci\u00eancias da Sa\u00fade da UFSM.<\/p>\n<p>&#8211;\u00a0<strong>Pr\u00eamio &#8220;Professora Lia Rauber&#8221;<\/strong>, que foi a primeira coordenadora do P\u00f3s-Gradua\u00e7\u00e3o em Enfermagem ESPENSUL\/REPENSUL. Este Pr\u00eamio foi institu\u00eddo em 2013 e \u00e9 conferido pelo Programa de P\u00f3s-Gradua\u00e7\u00e3o em Enfermagem\/UFSM.<\/p>\n<p>&#8211;\u00a0<strong>Pr\u00eamio \u201cEnfermeira Ione Rocha Lobato&#8221;<\/strong>\u00a0que foi a primeira Diretora de Enfermagem do HUSM\/UFSM. Este Pr\u00eamio foi institu\u00eddo em 2013 e \u00e9 conferido pelo Hospital Universit\u00e1rio de Santa Maria.<\/p>\n<p>Os artigos selecionados ser\u00e3o apresentados em dia e hor\u00e1rio previamente agendados pela Comiss\u00e3o Julgadora dos Pr\u00eamios.<\/p>\n<p>&nbsp;<\/p>\n<p><a href=\"https:\/\/www.ufsm.br\/unidades-universitarias\/ccs\/social\/\"><strong>Social<\/strong><\/a><\/p>\n","evento_programacao":"<h4><strong>Dia 24 de maio de 2017 \u2013 Quarta-feira<\/strong><\/h4>\n<h4><strong>Cursos Pr\u00e9-Evento:<\/strong><\/h4>\n<p><strong>Manh\u00e3<\/strong>\u00a0&#8211; 8:00 \u00e0s 12:00<br \/>\n<strong>Tarde<\/strong>\u00a0&#8211; 13:30 \u2013 17:30<\/p>\n<p><strong>14h &#8211;\u00a0<\/strong>Reuni\u00e3o da Red\u00a0Internacional y la Cubana de Enfermer\u00eda en Salud Infantil (RED-ENSI)<\/p>\n<p>Coordena\u00e7\u00e3o: Julia Maricela Torres Esper\u00f3n<\/p>\n<p><strong>Noite<\/strong><\/p>\n<p><strong><em>Abertura oficial do evento<\/em><\/strong><\/p>\n<p><strong>Local:<\/strong>\u00a0Centro de Evento do Park Hotel Morotin<\/p>\n<p><strong>18h \u00e0s 19h<\/strong>\u00a0&#8211; Credenciamento e entrega do material<\/p>\n<p><strong>19h \u00e0s 19h30<\/strong>\u00a0&#8211; Solenidade de Abertura do Evento<\/p>\n<p><strong>19h30 \u00e0s 20h30<\/strong>\u00a0&#8211; Confer\u00eancia de Abertura: Tecendo Redes na Enfermagem e na Sa\u00fade Conferencista:\u00a0Julia Maricela Torres Esper\u00f3n<\/p>\n<p><strong>20h30 \u00e0s 21h<\/strong>\u00a0&#8211; Momento Art\u00edstico-Cultural<\/p>\n<p><strong>21h<\/strong>\u00a0&#8211; Coquetel de Abertura<\/p>\n<p>&nbsp;<\/p>\n<h4><strong>25 de maio de 2017 &#8211; Quinta-Feira<\/strong><\/h4>\n<h4><strong>Manh\u00e3<\/strong><\/h4>\n<p><strong>8:30 \u00e0s 10:30<\/strong>\u00a0\u2013 Mesa Redonda: Bio\u00e9tica e o cuidado com o bem-estar humano<br \/>\nConferencistas:<br \/>\nProf\u00aa. Dr\u00aa. Carmen Paz Astete (Universidad del Desarrollo- Santiago\/Chile)<br \/>\nEnf\u00aa. Dr\u00aa. Franciele Roberta Cordeiro (Universidade Federal de Pelotas\/Brasil)<br \/>\nProf. Dr. Jos\u00e9 Roque Junges (UNISINOS\/Brasil)<\/p>\n<p><strong>10:30 \u2013 10:45<\/strong>\u00a0&#8211; Intervalo<\/p>\n<p><strong>10:45\u201311:45<\/strong>\u00a0\u2013 Confer\u00eancia: Desafios \u00e0 forma\u00e7\u00e3o em sa\u00fade e Enfermagem<br \/>\nConferencista: Prof\u00aa Dr\u00aa Elizabeth Teixeira (UERJ \u2013 Diretora de Educa\u00e7\u00e3o da ABEn)<\/p>\n<p><strong>12:00 \u2013 14:00<\/strong>\u00a0\u2013 Intervalo para o almo\u00e7o<\/p>\n<p>&nbsp;<\/p>\n<h4>Tarde<\/h4>\n<p><strong>14:00 \u00e0s 15:00<\/strong>\u00a0\u2013 Confer\u00eancia: Cuidados a longo prazo e a cultura da n\u00e3o conten\u00e7\u00e3o de idosos<br \/>\nConferencista: Enf. Ms. F\u00e1bio Cimador &#8211; (Azienda Sanitaria Universitaria Integrata di Trieste \u00a0&#8211; ASUITS &#8211; Trieste\/It\u00e1lia)<\/p>\n<p><strong>15:00 \u00e0s 16:00<\/strong>\u00a0\u2013 Confer\u00eancia: Preven\u00e7\u00e3o de les\u00f5es por press\u00e3o: perspectivas e diretrizes internacionais<\/p>\n<p>Conferencista: Prof. Dr. Paulo Jorge Pereira Alves (Universidade Cat\u00f3lica Portuguesa &#8211; Porto\/Portugal)<\/p>\n<p><strong>16:00 \u00e0s 16:30<\/strong>\u00a0\u2013 Intervalo<\/p>\n<p><strong>16:30<\/strong>\u00a0&#8211;\u00a0<strong>17:30<\/strong>\u00a0&#8211; Confer\u00eancia:\u00a0Sistematiza\u00e7\u00e3o da Assist\u00eancia de Enfermagem: Avan\u00e7os e perspectivas<\/p>\n<p>Conferencista: Dr\u00aa Alba L\u00facia Bottura Leite de Barros (UNIFESP\/SP)<\/p>\n<p><strong>18:00<\/strong>\u00a0&#8211; Sess\u00f5es de Apresenta\u00e7\u00e3o de trabalhos que concorrem a pr\u00eamios: Apresenta\u00e7\u00f5es dos trabalhos selecionados para concorrer a Pr\u00eamio na modalidade oral &#8211; Local: sala de apoio do Park Hotel Morotin<\/p>\n<p><strong>18:00<\/strong>\u00a0Reuni\u00f5es de Interesse<\/p>\n<p><strong>Reuni\u00e3o 1:<\/strong>\u00a0Discutindo redes de pesquisa e internacionaliza\u00e7\u00e3o.<\/p>\n<p><strong>Reuni\u00e3o 2:<\/strong>\u00a0Conselho Consultivo das escolas de Gradua\u00e7\u00e3o em Enfermagem (ABEN-RS)<\/p>\n<p>OBS: as reuni\u00f5es de interesse dever\u00e3o ser agendadas durante o credenciamento, at\u00e9 as 12h do dia 25\/05.<\/p>\n<p>&nbsp;<\/p>\n<p><strong>26 de maio de 2017 &#8211; Sexta-Feira<\/strong><\/p>\n<p><strong>Manh\u00e3<\/strong><\/p>\n<p><strong>8:30 \u00e0s 9:45<\/strong>\u00a0\u2013 Confer\u00eancia:\u00a0Seguran\u00e7a do paciente: avan\u00e7os e desafios no Brasil e no mundo<br \/>\nConferencista: Prof\u00aa Dr\u00aa Janete de Souza Urbanetto &#8211; Grupo Coordenador Nacional da REBRAENSP (PUC\/RS)<\/p>\n<p><strong>9:45 \u2013 10:00<\/strong>\u00a0Intervalo<\/p>\n<div><strong>10:00 \u00e0s 11:45<\/strong>\u00a0&#8211; Mesa Redonda: Desafios no cuidado \u00e0 fam\u00edlia na contemporaneidade<br \/>\nProf\u00aa Dr\u00aa Ana Izabel Jatob\u00e1 de Souza (Universidade Federal de Santa Catarina\/Brasil)<\/div>\n<div>Prof\u00aa Dr\u00aa Margareth \u00c2ngelo (Escola de Enfermagem\/USP\/SP)<\/div>\n<div>Prof\u00aa Dr\u00aa Sonia Silva Marcon (<span id=\"yui_3_16_0_ym19_1_1488980765144_8273\">Universidade Estadual de Maring\u00e1)\u00a0<\/span><\/div>\n<p><strong>12:00- 14:00<\/strong>\u00a0\u2013 Intervalo para almo\u00e7o<\/p>\n<h4>Tarde<\/h4>\n<div>\n<p><strong>14:00 \u00e0s 15:45<\/strong>\u00a0\u2013 Mesa Redonda: Processo de trabalho e Gest\u00e3o em Enfermagem em Sa\u00fade: desafios na contemporaneidade<\/p>\n<div>Prof\u00aa Dr\u00aa Julia Maricela Torres Esper\u00f3n (Escuela Nacional de Salud P\u00fablica\/Cuba)<\/div>\n<p>Prof. Dr. Edison Luiz Devos Barlem (FURG\/RS)<br \/>\nProf. Dr. Jos\u00e9 Lu\u00eds Guedes dos Santos (UFSC\/SC)<\/p>\n<\/div>\n<div>\n<p><strong>16:00 &#8211; Sess\u00e3o de Premia\u00e7\u00e3o de Trabalhos e Encerramento<\/strong><\/p>\n<p>Coordenadoras: Presid\u00eancia do Evento e Comiss\u00e3o de Pr\u00eamios<\/p>\n<p><strong>16:30 &#8211; Momento art\u00edstico cultural<\/strong><\/p>\n<p><strong>17:00 \u2013\u00a0<\/strong><strong>Cocktail de encerramento<\/strong><\/p>\n<\/div>\n","evento_inscricao":"<table style=\"font-weight: 400\">\n<thead>\n<tr>\n<th><b><strong>Categorias de Participantes<\/strong><\/b><\/th>\n<th><b><strong>25\/11\/2016<\/strong><\/b><br \/>\n<b><strong>a<\/strong><\/b><br \/>\n<b><strong>31\/01\/2017<\/strong><\/b><\/th>\n<th><b><strong>01\/02\/2017<\/strong><\/b><br \/>\n<b><strong>a<\/strong><\/b><br \/>\n<b><strong>15\/04\/2017<\/strong><\/b><\/th>\n<th><b><strong>16\/04\/2017<\/strong><\/b><br \/>\n<b><strong>a<\/strong><\/b><br \/>\n<b><strong>15\/05\/2017<\/strong><\/b><\/th>\n<th><b><strong>16\/05\/2017<\/strong><\/b><br \/>\n<b><strong>a<\/strong><\/b><br \/>\n<b><strong>24\/05\/2017<\/strong><\/b><\/th>\n<\/tr>\n<\/thead>\n<tbody>\n<tr>\n<th>Profissionais<\/th>\n<td>R$ 200,00<\/td>\n<td>R$ 230,00<\/td>\n<td>R$ 260,00<\/td>\n<td>R$ 290,00<\/td>\n<\/tr>\n<tr>\n<th>Estudantes de P\u00f3s-Gradua\u00e7\u00e3o<\/th>\n<td>R$ 160,00<\/td>\n<td>R$ 190,00<\/td>\n<td>R$ 220,00<\/td>\n<td>R$ 250,00<\/td>\n<\/tr>\n<tr>\n<th>Estudantes de Gradua\u00e7\u00e3o e n\u00edvel m\u00e9dio.<\/th>\n<td>R$ 120,00<\/td>\n<td>R$ 150,00<\/td>\n<td>R$ 180,00<\/td>\n<td>R$ 180,00<\/td>\n<\/tr>\n<tr>\n<th>T\u00e9cnicos e auxiliares de Enfermagem<\/th>\n<td>R$ 130,00<\/td>\n<td>R$ 160,00<\/td>\n<td>R$ 190,00<\/td>\n<td>R$ 220,00<\/td>\n<\/tr>\n<tr>\n<th>Curso pr\u00e9-evento<\/th>\n<td>R$ 30,00<\/td>\n<td>R$ 40,00<\/td>\n<td>R$ 50,00<\/td>\n<td>R$ 60,00<\/td>\n<\/tr>\n<\/tbody>\n<\/table>\n<ul style=\"font-weight: 400\">\n<li>Salienta-se que o per\u00edodo de envio de trabalhos \u00e9 de\u00a0<b><strong>25\/11\/2016 \u00e0 31\/03\/2017.<\/strong><\/b><\/li>\n<\/ul>\n<ul style=\"font-weight: 400\">\n<li><b><strong>N\u00e3o haver\u00e1 ressarcimento do valor da inscri\u00e7\u00e3o caso haja desist\u00eancia da participa\u00e7\u00e3o no evento, nem transfer\u00eancia de inscri\u00e7\u00e3o.<\/strong><\/b><\/li>\n<\/ul>\n<p style=\"font-weight: 400\">_______________________________________________________________________________________________________________________________________________<\/p>\n<p style=\"font-weight: 400\"><b><strong>INSTRU\u00c7\u00d5ES PARA PAGAMENTO DA INSCRI\u00c7\u00c3O DO III SEMIN\u00c1RIO INTERNACIONAL E X SEMANA DE ENFERMAGEM<\/strong><\/b><\/p>\n<p style=\"font-weight: 400\">A fim de facilitar o processo de inscri\u00e7\u00e3o e pagamento constru\u00edmos esse guia. Esclarecemos que:<\/p>\n<p style=\"font-weight: 400\">&#8211; Primeiramente voc\u00ea dever\u00e1 realizar sua inscri\u00e7\u00e3o no site do evento. A inscri\u00e7\u00e3o dever\u00e1 ser realizada uma \u00fanica vez, pois o controle do sistema \u00e9 pelo n\u00famero do CPF.<\/p>\n<p style=\"font-weight: 400\">&#8211; Ap\u00f3s realizar sua inscri\u00e7\u00e3o, dever\u00e1 efetuar um\u00a0<b><strong>dep\u00f3sito identificado<\/strong><\/b>\u00a0na Conta do evento. O valor para dep\u00f3sito modifica-se de acordo com sua categoria profissional e tamb\u00e9m de acordo com a data da realiza\u00e7\u00e3o do dep\u00f3sito. Assim, previamente a realiza\u00e7\u00e3o do dep\u00f3sito dever\u00e1s consultar no site do evento os valores vigentes para a data e para sua categoria profissional.<\/p>\n<p style=\"font-weight: 400\">&#8211; A identifica\u00e7\u00e3o (IDENTIFICADOR 1) ser\u00e1 o n\u00famero do seu CPF.<\/p>\n<p style=\"font-weight: 400\">&#8211; Reiteramos que o sistema de inscri\u00e7\u00e3o funciona via dep\u00f3sito, sendo assim, n\u00e3o h\u00e1 emiss\u00e3o de boletos banc\u00e1rios.<\/p>\n<p style=\"font-weight: 400\"><b><strong>DADOS DA CONTA PARA DEP\u00d3SITO IDENTIFICADO:<\/strong><\/b><\/p>\n<p style=\"font-weight: 400\"><b><strong>BANCO DO BRASIL<\/strong><\/b><\/p>\n<p style=\"font-weight: 400\">AG\u00caNCIA: 1484-2<br \/>\nCONTA CORRENTE: 38.492-5<\/p>\n<p style=\"font-weight: 400\">IDENTIFICADOR: N\u00ba. do seu CPF<\/p>\n<p style=\"font-weight: 400\"><b><strong>\u00a0PARA CORRENTISTAS BANCO DO BRASIL:<\/strong><\/b><\/p>\n<p style=\"font-weight: 400\">Se voc\u00ea possui conta na ag\u00eancia Banco do Brasil, poder\u00e1s realizar o dep\u00f3sito em caixa eletr\u00f4nico (<b><strong>via dep\u00f3sito ou transfer\u00eancia<\/strong><\/b>), por aplicativo ou diretamente no caixa de atendimento do Banco.<\/p>\n<p style=\"font-weight: 400\">Voc\u00ea poder\u00e1 optar por realizar transfer\u00eancia entre contas-correntes. No entanto, caso voc\u00ea optar por fazer no caixa eletr\u00f4nico (dep\u00f3sito), descrevemos as instru\u00e7\u00f5es para tal opera\u00e7\u00e3o:<\/p>\n<ol style=\"font-weight: 400\">\n<li>O caixa eletr\u00f4nico deve possuir a op\u00e7\u00e3o dep\u00f3sito.<\/li>\n<li>Clique na op\u00e7\u00e3o DEP\u00d3SITO\u00a0\u00e0\u00a0 DEP\u00d3SITO IDENTIFICADO\u00e0\u00a0OP\u00c7\u00c3O \u2018DINHEIRO OU CHEQUE\u2019\u00a0\u00e0\u00a0INFORMAR OS DADOS DA CONTA E O VALOR DO DEP\u00d3SITO\u00a0\u00e0\u00a0INSERIR NO IDENTIFICADOR 1, O N\u00daMERO DE SEU CPF (o identificador 2 pode ser deixado sem preenchimento)\u00a0\u00e0\u00a0CONFIRMAR OS DADOS DA CONTA\u00a0\u00e0\u00a0INSERIR O ENVELOPE.<\/li>\n<\/ol>\n<p style=\"font-weight: 400\"><b><strong>PARA PESSOAS QUE N\u00c3O POSSUEM CONTA EM AG\u00caNCIA DO BANCO DO BRASIL:<\/strong><\/b><\/p>\n<p style=\"font-weight: 400\">Voc\u00ea pode efetuar seu dep\u00f3sito identificado diretamente em caixa eletr\u00f4nico ou no caixa de atendimento.<\/p>\n<p style=\"font-weight: 400\">Ao optar fazer no caixa eletr\u00f4nico, abaixo encontram-se as instru\u00e7\u00f5es:<\/p>\n<ol style=\"font-weight: 400\">\n<li>Deve-se escrever no envelope as informa\u00e7\u00f5es referentes ao dep\u00f3sito (valor, telefone para contato e CPF)<\/li>\n<li>Clique no \u00edcone OP\u00c7\u00d5ES SEM CART\u00c3O\u00a0\u00e0\u00a0DEP\u00d3SITO\u00a0\u00e0\u00a0DEP\u00d3SITO IDENTIFICADO\u00a0\u00e0\u00a0OP\u00c7\u00c3O \u2018DINHEIRO OU CHEQUE\u2019\u00a0\u00e0\u00a0INFORMAR OS DADOS DA CONTA E O VALOR DO DEP\u00d3SITO\u00a0\u00e0\u00a0INSERIR NO IDENTIFICADOR 1, O N\u00daMERO DE SEU CPF (o identificador 2 pode ser deixado sem preenchimento)\u00a0\u00e0\u00a0CONFIRMAR OS DADOS DA CONTA\u00a0\u00e0\u00a0INSERIR O ENVELOPE<\/li>\n<\/ol>\n<table style=\"font-weight: 400\">\n<tbody>\n<tr>\n<td width=\"277\"><\/td>\n<\/tr>\n<tr>\n<td><\/td>\n<td width=\"302\">\n<table>\n<tbody>\n<tr>\n<td><b><strong>BANCO DO BRASIL<\/strong><\/b><br \/>\nAG\u00caNCIA: 1484-2<br \/>\nCONTA CORRENTE: 38.492-5 IDENTIFICADOR: N\u00ba. do seu CPF<\/td>\n<\/tr>\n<\/tbody>\n<\/table>\n<\/td>\n<\/tr>\n<\/tbody>\n<\/table>\n<p>&nbsp;<\/p>\n<p>\u2022 As inscri\u00e7\u00f5es ser\u00e3o realizadas somente pelo site do evento, no per\u00edodo de<strong>\u00a025\/11\/2016 \u00e0 24\/05\/2017<\/strong>\u00a0ou enquanto houver vaga. O per\u00edodo de inscri\u00e7\u00e3o ser\u00e1 encerrado no momento em que as vagas forem preenchidas.<\/p>\n<p>\u2022 A inscri\u00e7\u00e3o somente ser\u00e1 confirmada mediante o pagamento da inscri\u00e7\u00e3o mediante dep\u00f3sito identificado (atente que o c\u00f3digo identificador \u00e9 o n\u00famero do CPF do participante).\u00a0No momento da inscri\u00e7\u00e3o o participante dever\u00e1 enviar em anexo a comprova\u00e7\u00e3o de sua condi\u00e7\u00e3o acad\u00eamica (alunos de curso t\u00e9cnico de enfermagem e gradua\u00e7\u00e3o em enfermagem).<\/p>\n<p>\u2022 N\u00e3o haver\u00e1 ressarcimento do valor da inscri\u00e7\u00e3o caso haja desist\u00eancia da participa\u00e7\u00e3o no evento, nem transfer\u00eancia de inscri\u00e7\u00e3o.<\/p>\n<p>\u2022 Cada inscrito ter\u00e1 direito a participar do evento, da programa\u00e7\u00e3o cient\u00edfico-cultural e receber certificado de 30 horas.<br \/>\nOs participantes que desejarem se inscrever nos cursos pr\u00e9-evento dever\u00e3o realizar inscri\u00e7\u00e3o pr\u00e9via, garantindo com a sua participa\u00e7\u00e3o, um certificado de 8 ou 4 horas, dependendo do Curso.<\/p>\n<p>\u2022 Os anais ser\u00e3o divulgados no site ap\u00f3s o t\u00e9rmino do evento.<\/p>\n<p>&nbsp;<\/p>\n<h3>Informa\u00e7\u00f5es sobre envio e normas de publica\u00e7\u00e3o de trabalho cient\u00edfico:<\/h3>\n<ul>\n<li>Per\u00edodo de inscri\u00e7\u00e3o de trabalho:\u00a0<strong>25\/11\/2016<\/strong>\u00a0\u00e0\u00a0<strong>17\/04\/2017<\/strong>.<\/li>\n<li>Os trabalhos ser\u00e3o avaliados conforme o fluxo cont\u00ednuo.<\/li>\n<li>Os trabalhos aprovados ser\u00e3o divulgados no site do evento at\u00e9 o dia 03\/05\/2017.<\/li>\n<li>Informa\u00e7\u00f5es, programa\u00e7\u00e3o, inscri\u00e7\u00f5es e envio dos trabalhos acessar no site do evento.<\/li>\n<li>As informa\u00e7\u00f5es contidas nos trabalhos e os dados de identifica\u00e7\u00e3o s\u00e3o de inteira responsabilidade dos autores. Os certificados ser\u00e3o emitidos de acordo com os dados informados pelos autores.<\/li>\n<li>Os resumos expandidos e os trabalhos completos ser\u00e3o apresentados em forma de p\u00f4ster dialogado.<\/li>\n<li>Os interessados em apresentar trabalhos dever\u00e3o enviar textos n\u00e3o publicados e n\u00e3o apresentados em outros eventos. Cada inscri\u00e7\u00e3o dar\u00e1 direito \u00e0 submiss\u00e3o de dois trabalhos, sendo que todos os autores dever\u00e3o estar inscritos no evento. Os acad\u00eamicos dever\u00e3o ter um professor orientador e\/ou um profissional da sa\u00fade respons\u00e1vel inserido no trabalho e o mesmo tamb\u00e9m dever\u00e1 estar inscrito no evento.<\/li>\n<li><strong>O trabalho n\u00e3o ser\u00e1 avaliado se todos os autores n\u00e3o estiverem inscritos no evento.<\/strong><\/li>\n<li>Os trabalhos enviados ser\u00e3o analisados pela Comiss\u00e3o Cient\u00edfica do evento, de acordo com crit\u00e9rios previamente definidos. Os trabalhos selecionados ser\u00e3o apresentados em dia e hor\u00e1rio previamente agendados pela Comiss\u00e3o Organizadora e o respons\u00e1vel deve estar dispon\u00edvel no per\u00edodo designado para exposi\u00e7\u00e3o do banner.<\/li>\n<li>Os trabalhos completos e resumos n\u00e3o ter\u00e3o limite de autores e os artigos originais dever\u00e3o conter no m\u00e1ximo seis (06) autores;<\/li>\n<li>A comiss\u00e3o organizadora n\u00e3o se responsabilizar\u00e1 no caso de nomes dos autores enviados com erros ortogr\u00e1ficos ou incompletos.<\/li>\n<\/ul>\n<p>&nbsp;<\/p>\n<h3>Categorias dos Trabalhos<\/h3>\n<ul>\n<li>Trabalhos Completos e Resumos Expandidos (Pesquisa, Nota pr\u00e9via, Relato de Experi\u00eancia).<\/li>\n<\/ul>\n<p>&nbsp;<\/p>\n<h3>Eixos Tem\u00e1ticos para o envio dos trabalhos<\/h3>\n<ul>\n<li>Processos de Cuidado em Sa\u00fade e Enfermagem<\/li>\n<li>Forma\u00e7\u00e3o e Educa\u00e7\u00e3o em Sa\u00fade e Enfermagem<\/li>\n<li>Processo de Trabalho e Gest\u00e3o em Sa\u00fade e Enfermagem<\/li>\n<\/ul>\n<p>&nbsp;<\/p>\n<h3>Formas de apresenta\u00e7\u00e3o dos trabalhos completos e resumos expandidos<\/h3>\n<ul>\n<li>P\u00f4ster dialogado<\/li>\n<\/ul>\n","evento_local":"UFSM - Universidade Federal de Santa Maria","evento_contato":"<p>Atrav\u00e9s do e-mail.<\/p>\n"},"_links":{"self":[{"href":"https:\/\/www.ufsm.br\/unidades-universitarias\/ccs\/wp-json\/wp\/v2\/eventos\/680","targetHints":{"allow":["GET"]}}],"collection":[{"href":"https:\/\/www.ufsm.br\/unidades-universitarias\/ccs\/wp-json\/wp\/v2\/eventos"}],"about":[{"href":"https:\/\/www.ufsm.br\/unidades-universitarias\/ccs\/wp-json\/wp\/v2\/types\/eventos"}],"wp:featuredmedia":[{"embeddable":true,"href":"https:\/\/www.ufsm.br\/unidades-universitarias\/ccs\/wp-json\/wp\/v2\/media\/681"}],"wp:attachment":[{"href":"https:\/\/www.ufsm.br\/unidades-universitarias\/ccs\/wp-json\/wp\/v2\/media?parent=680"}],"wp:term":[{"taxonomy":"post_tag","embeddable":true,"href":"https:\/\/www.ufsm.br\/unidades-universitarias\/ccs\/wp-json\/wp\/v2\/tags?post=680"}],"curies":[{"name":"wp","href":"https:\/\/api.w.org\/{rel}","templated":true}]}}